{"id":8187,"date":"2018-05-31T18:08:51","date_gmt":"2018-05-31T16:08:51","guid":{"rendered":"http:\/\/www.vsveicolispeciali.com\/new-vintage-food-truck\/"},"modified":"2020-03-13T02:16:58","modified_gmt":"2020-03-13T01:16:58","slug":"nouveau-food-truck-vintage-2","status":"publish","type":"page","link":"https:\/\/www.vsveicolispeciali.com\/fr\/nouveau-food-truck-vintage-2\/","title":{"rendered":"Nouveau Food Truck Vintage"},"content":{"rendered":"<div class=\"wpb-content-wrapper\"><div class=\"vc_row wpb_row section vc_row-fluid \" style=' padding-bottom:30px; text-align:left;'><div class=\" full_section_inner clearfix\"><div class=\"wpb_column vc_column_container vc_col-sm-12\"><div class=\"vc_column-inner\"><div class=\"wpb_wrapper\">\n\t<div class=\"wpb_single_image wpb_content_element vc_align_center\">\n\t\t<div class=\"wpb_wrapper\">\n\t\t\t\n\t\t\t<div class=\"vc_single_image-wrapper   vc_box_border_grey\"><img loading=\"lazy\" decoding=\"async\" width=\"1920\" height=\"704\" src=\"https:\/\/www.vsveicolispeciali.com\/wp-content\/uploads\/2018\/10\/new_vintage_food_truck_top-banner_06_FR.jpg\" class=\"vc_single_image-img attachment-full\" alt=\"\" title=\"new_vintage_food_truck_top-banner_06_FR\" srcset=\"https:\/\/www.vsveicolispeciali.com\/wp-content\/uploads\/2018\/10\/new_vintage_food_truck_top-banner_06_FR.jpg 1920w, https:\/\/www.vsveicolispeciali.com\/wp-content\/uploads\/2018\/10\/new_vintage_food_truck_top-banner_06_FR-300x110.jpg 300w, https:\/\/www.vsveicolispeciali.com\/wp-content\/uploads\/2018\/10\/new_vintage_food_truck_top-banner_06_FR-768x282.jpg 768w, https:\/\/www.vsveicolispeciali.com\/wp-content\/uploads\/2018\/10\/new_vintage_food_truck_top-banner_06_FR-1024x375.jpg 1024w, https:\/\/www.vsveicolispeciali.com\/wp-content\/uploads\/2018\/10\/new_vintage_food_truck_top-banner_06_FR-700x257.jpg 700w\" sizes=\"auto, (max-width: 1920px) 100vw, 1920px\" \/><\/div>\n\t\t<\/div>\n\t<\/div>\n<\/div><\/div><\/div><\/div><\/div><div      class=\"vc_row wpb_row section vc_row-fluid  grid_section\" style=' padding-top:60px; padding-bottom:90px; text-align:left;'><div class=\" section_inner clearfix\"><div class='section_inner_margin clearfix'><div class=\"wpb_column vc_column_container vc_col-sm-12\"><div class=\"vc_column-inner\"><div class=\"wpb_wrapper\"><div class=\"custom_font_holder\" style=\" font-size: 26px; line-height: 44px; font-style: normal; font-weight: 300; color: #006aa7; text-decoration: none; text-align: center;\">\n<h1>L\u2019\u00c9VOCATION HISTORIQUE PARFAITE DU PASS\u00c9<\/h1>\n<\/div><div class=\"separator  small center  \" style=\"background-color: IL PRIMO VIAGGIO SULLA RETE TESLA ALLA SCOPERTA DELLE ECCELLENZE DEL NOSTRO PAESE;\"><\/div>\n<div class=\"custom_font_holder\" style=\" font-size: 20px; line-height: 34px; font-style: normal; font-weight: 300; text-decoration: none; text-align: center;\">\n<p class=\"p1\"><span class=\"s1\">Le premier food truck vintage que vous pouvez acheter neuf. Ce n\u2019est pas un v\u00e9hicule d\u2019\u00e9poque \u00e0 restaurer. Le nouveau food truck vintage est la version contemporaine de la Citro\u00ebn Type H qui \u00e9tait si populaire dans les ann\u00e9es 1970. Du style vintage et des fonctionnalit\u00e9s \u00e0 la page.<\/span><\/p>\n<\/div>\t<div class=\"vc_empty_space\"  style=\"height: 32px\" ><span\n\t\t\tclass=\"vc_empty_space_inner\">\n\t\t\t<span class=\"empty_space_image\"  ><\/span>\n\t\t<\/span><\/div>\n\n<div class=\"animated_icons_with_text clearfix four_columns\"><div class=\"animated_icon_with_text_holder\"><div class=\"animated_icon_with_text_inner\"><div class=\"animated_icon_holder\"><div class=\"animated_icon\"><div class=\"animated_icon_inner\"><span class=\"animated_icon_front\"><i class='fa fa-eye'><\/i><\/span><span class=\"animated_icon_back\"><i class='fa fa-eye'><\/i><\/span><\/div><\/div><\/div><div class=\"animated_text_holder\"><div class=\"animated_text_holder_wrap\"><div class=\"animated_text_holder_wrap_inner\"><div class=\"animated_text_holder_inner\"><div class=\"animated_title\"><div class=\"animated_title_inner\"><h5>Top appeal<\/h5><\/div><\/div><div class=\"animated_text\"><p><span>V\u00e9hicule unique et original.<\/span><\/p><\/div><\/div><\/div><\/div><\/div><\/div><\/div><div class=\"animated_icon_with_text_holder\"><div class=\"animated_icon_with_text_inner\"><div class=\"animated_icon_holder\"><div class=\"animated_icon\"><div class=\"animated_icon_inner\"><span class=\"animated_icon_front\"><i class='fa fa-address-card'><\/i><\/span><span class=\"animated_icon_back\"><i class='fa fa-address-card'><\/i><\/span><\/div><\/div><\/div><div class=\"animated_text_holder\"><div class=\"animated_text_holder_wrap\"><div class=\"animated_text_holder_wrap_inner\"><div class=\"animated_text_holder_inner\"><div class=\"animated_title\"><div class=\"animated_title_inner\"><h5>PERMIS DE CONDUIRE B<\/h5><\/div><\/div><div class=\"animated_text\"><p><span>Vous pouvez le conduire avec votre permis de conduire de voiture.<\/span><\/p><\/div><\/div><\/div><\/div><\/div><\/div><\/div><div class=\"animated_icon_with_text_holder\"><div class=\"animated_icon_with_text_inner\"><div class=\"animated_icon_holder\"><div class=\"animated_icon\"><div class=\"animated_icon_inner\"><span class=\"animated_icon_front\"><i class='fa fa-get-pocket'><\/i><\/span><span class=\"animated_icon_back\"><i class='fa fa-get-pocket'><\/i><\/span><\/div><\/div><\/div><div class=\"animated_text_holder\"><div class=\"animated_text_holder_wrap\"><div class=\"animated_text_holder_wrap_inner\"><div class=\"animated_text_holder_inner\"><div class=\"animated_title\"><div class=\"animated_title_inner\"><h5>Ergonomics<\/h5><\/div><\/div><div class=\"animated_text\"><p><span>M\u00eame s\u2019il est vintage, il poss\u00e8de la plus grande ergonomie<\/span><\/p><\/div><\/div><\/div><\/div><\/div><\/div><\/div><div class=\"animated_icon_with_text_holder\"><div class=\"animated_icon_with_text_inner\"><div class=\"animated_icon_holder\"><div class=\"animated_icon\"><div class=\"animated_icon_inner\"><span class=\"animated_icon_front\"><i class='fa fa-paint-brush'><\/i><\/span><span class=\"animated_icon_back\"><i class='fa fa-paint-brush'><\/i><\/span><\/div><\/div><\/div><div class=\"animated_text_holder\"><div class=\"animated_text_holder_wrap\"><div class=\"animated_text_holder_wrap_inner\"><div class=\"animated_text_holder_inner\"><div class=\"animated_title\"><div class=\"animated_title_inner\"><h5>CUSTOMIZABLE<\/h5><\/div><\/div><div class=\"animated_text\"><p><span>Vous pouvez personnaliser ses couleurs, ses mat\u00e9riaux, son \u00e9clairage, ses accessoires\u2026<\/span><\/p><\/div><\/div><\/div><\/div><\/div><\/div><\/div><div class=\"animated_icon_with_text_holder\"><div class=\"animated_icon_with_text_inner\"><div class=\"animated_icon_holder\"><div class=\"animated_icon\"><div class=\"animated_icon_inner\"><span class=\"animated_icon_front\"><i class='fa fa-battery-full'><\/i><\/span><span class=\"animated_icon_back\"><i class='fa fa-battery-full'><\/i><\/span><\/div><\/div><\/div><div class=\"animated_text_holder\"><div class=\"animated_text_holder_wrap\"><div class=\"animated_text_holder_wrap_inner\"><div class=\"animated_text_holder_inner\"><div class=\"animated_title\"><div class=\"animated_title_inner\"><h5>Autonomy and manteniance<\/h5><\/div><\/div><div class=\"animated_text\"><p><span>100% autonome et entretien simplifi\u00e9<\/span><\/p><\/div><\/div><\/div><\/div><\/div><\/div><\/div><div class=\"animated_icon_with_text_holder\"><div class=\"animated_icon_with_text_inner\"><div class=\"animated_icon_holder\"><div class=\"animated_icon\"><div class=\"animated_icon_inner\"><span class=\"animated_icon_front\"><i class='fa fa-arrows-v'><\/i><\/span><span class=\"animated_icon_back\"><i class='fa fa-arrows-v'><\/i><\/span><\/div><\/div><\/div><div class=\"animated_text_holder\"><div class=\"animated_text_holder_wrap\"><div class=\"animated_text_holder_wrap_inner\"><div class=\"animated_text_holder_inner\"><div class=\"animated_title\"><div class=\"animated_title_inner\"><h5>LOW CHASSIS<\/h5><\/div><\/div><div class=\"animated_text\"><p><span>Surface de marche interne \u00e0 moins de 40 cm du sol.<\/span><\/p><\/div><\/div><\/div><\/div><\/div><\/div><\/div><div class=\"animated_icon_with_text_holder\"><div class=\"animated_icon_with_text_inner\"><div class=\"animated_icon_holder\"><div class=\"animated_icon\"><div class=\"animated_icon_inner\"><span class=\"animated_icon_front\"><i class='fa fa-truck'><\/i><\/span><span class=\"animated_icon_back\"><i class='fa fa-truck'><\/i><\/span><\/div><\/div><\/div><div class=\"animated_text_holder\"><div class=\"animated_text_holder_wrap\"><div class=\"animated_text_holder_wrap_inner\"><div class=\"animated_text_holder_inner\"><div class=\"animated_title\"><div class=\"animated_title_inner\"><h5>BIG LOAD<\/h5><\/div><\/div><div class=\"animated_text\"><p><span>Tellement l\u00e9ger qu\u2019il arrive \u00e0 peine \u00e0 une capacit\u00e9 allant de 500 \u00e0 700 kg.<\/span><\/p><\/div><\/div><\/div><\/div><\/div><\/div><\/div><div class=\"animated_icon_with_text_holder\"><div class=\"animated_icon_with_text_inner\"><div class=\"animated_icon_holder\"><div class=\"animated_icon\"><div class=\"animated_icon_inner\"><span class=\"animated_icon_front\"><i class='fa fa-road'><\/i><\/span><span class=\"animated_icon_back\"><i class='fa fa-road'><\/i><\/span><\/div><\/div><\/div><div class=\"animated_text_holder\"><div class=\"animated_text_holder_wrap\"><div class=\"animated_text_holder_wrap_inner\"><div class=\"animated_text_holder_inner\"><div class=\"animated_title\"><div class=\"animated_title_inner\"><h5>LOGISTIC<\/h5><\/div><\/div><div class=\"animated_text\"><p><span>\u00c9tant donn\u00e9 que c\u2019est un v\u00e9hicule neuf, il peut m\u00eame voyager sur de longues distances.<\/span><\/p><\/div><\/div><\/div><\/div><\/div><\/div><\/div><\/div><\/div><\/div><\/div><\/div><\/div><\/div><div      class=\"vc_row wpb_row section vc_row-fluid \" style=' padding-bottom:90px; text-align:left;'><div class=\" full_section_inner clearfix\"><div class=\"wpb_column vc_column_container vc_col-sm-12\"><div class=\"vc_column-inner\"><div class=\"wpb_wrapper\"><div class='q_elements_holder two_columns eh_two_columns_66_33 responsive_mode_from_1000' ><div class='q_elements_item ' data-animation='no' data-item-class='q_elements_holder_custom_242928' style='vertical-align:middle;'><div class='q_elements_item_inner'><div class='q_elements_item_content q_elements_holder_custom_242928' style='padding:0 5px 0 0'><div class=\"wpb_gallery wpb_content_element vc_clearfix\"><div class=\"wpb_wrapper\"><div class=\"wpb_gallery_slides drag_enabled wpb_flexslider flexslider_fade flexslider\" data-interval=\"3\" data-flex_fx=\"fade\"data-control=\"false\"data-direction=\"false\"data-pasue-on-hover=\"true\"data-drag=\"true\"><ul class=\"slides\"><li><img loading=\"lazy\" decoding=\"async\" width=\"1600\" height=\"900\" src=\"https:\/\/www.vsveicolispeciali.com\/wp-content\/uploads\/2018\/10\/new_vintage_food_truck_pers_01_FR.jpg\" class=\"attachment-full\" alt=\"\" title=\"new_vintage_food_truck_pers_01_FR\" srcset=\"https:\/\/www.vsveicolispeciali.com\/wp-content\/uploads\/2018\/10\/new_vintage_food_truck_pers_01_FR.jpg 1600w, https:\/\/www.vsveicolispeciali.com\/wp-content\/uploads\/2018\/10\/new_vintage_food_truck_pers_01_FR-300x169.jpg 300w, https:\/\/www.vsveicolispeciali.com\/wp-content\/uploads\/2018\/10\/new_vintage_food_truck_pers_01_FR-768x432.jpg 768w, https:\/\/www.vsveicolispeciali.com\/wp-content\/uploads\/2018\/10\/new_vintage_food_truck_pers_01_FR-1024x576.jpg 1024w, https:\/\/www.vsveicolispeciali.com\/wp-content\/uploads\/2018\/10\/new_vintage_food_truck_pers_01_FR-700x394.jpg 700w, https:\/\/www.vsveicolispeciali.com\/wp-content\/uploads\/2018\/10\/new_vintage_food_truck_pers_01_FR-539x303.jpg 539w\" sizes=\"auto, (max-width: 1600px) 100vw, 1600px\" \/><\/li><li><img loading=\"lazy\" decoding=\"async\" width=\"1600\" height=\"900\" src=\"https:\/\/www.vsveicolispeciali.com\/wp-content\/uploads\/2018\/10\/new_vintage_food_truck_pers_02_FR.jpg\" class=\"attachment-full\" alt=\"\" title=\"new_vintage_food_truck_pers_02_FR\" srcset=\"https:\/\/www.vsveicolispeciali.com\/wp-content\/uploads\/2018\/10\/new_vintage_food_truck_pers_02_FR.jpg 1600w, https:\/\/www.vsveicolispeciali.com\/wp-content\/uploads\/2018\/10\/new_vintage_food_truck_pers_02_FR-300x169.jpg 300w, https:\/\/www.vsveicolispeciali.com\/wp-content\/uploads\/2018\/10\/new_vintage_food_truck_pers_02_FR-768x432.jpg 768w, https:\/\/www.vsveicolispeciali.com\/wp-content\/uploads\/2018\/10\/new_vintage_food_truck_pers_02_FR-1024x576.jpg 1024w, https:\/\/www.vsveicolispeciali.com\/wp-content\/uploads\/2018\/10\/new_vintage_food_truck_pers_02_FR-700x394.jpg 700w, https:\/\/www.vsveicolispeciali.com\/wp-content\/uploads\/2018\/10\/new_vintage_food_truck_pers_02_FR-539x303.jpg 539w\" sizes=\"auto, (max-width: 1600px) 100vw, 1600px\" \/><\/li><li><img loading=\"lazy\" decoding=\"async\" width=\"1600\" height=\"900\" src=\"https:\/\/www.vsveicolispeciali.com\/wp-content\/uploads\/2018\/10\/new_vintage_food_truck_pers_03_FR.jpg\" class=\"attachment-full\" alt=\"\" title=\"new_vintage_food_truck_pers_03_FR\" srcset=\"https:\/\/www.vsveicolispeciali.com\/wp-content\/uploads\/2018\/10\/new_vintage_food_truck_pers_03_FR.jpg 1600w, https:\/\/www.vsveicolispeciali.com\/wp-content\/uploads\/2018\/10\/new_vintage_food_truck_pers_03_FR-300x169.jpg 300w, https:\/\/www.vsveicolispeciali.com\/wp-content\/uploads\/2018\/10\/new_vintage_food_truck_pers_03_FR-768x432.jpg 768w, https:\/\/www.vsveicolispeciali.com\/wp-content\/uploads\/2018\/10\/new_vintage_food_truck_pers_03_FR-1024x576.jpg 1024w, https:\/\/www.vsveicolispeciali.com\/wp-content\/uploads\/2018\/10\/new_vintage_food_truck_pers_03_FR-700x394.jpg 700w, https:\/\/www.vsveicolispeciali.com\/wp-content\/uploads\/2018\/10\/new_vintage_food_truck_pers_03_FR-539x303.jpg 539w\" sizes=\"auto, (max-width: 1600px) 100vw, 1600px\" \/><\/li><\/ul><\/div><\/div><\/div><\/div><\/div><\/div><div class='q_elements_item car-tecniche' data-animation='yes' data-item-class='q_elements_holder_custom_568967' data-bottom='' data-center='' style='background-color:#f1f1f1;background-image: url(https:\/\/www.vsveicolispeciali.com\/wp-content\/uploads\/2018\/06\/Dettagli-tecnici.jpg);background-position: center;background-size: cover;vertical-align:top;text-align:left;'><div class='q_elements_item_inner'><div class='q_elements_item_content q_elements_holder_custom_568967' style='padding:5% 10%'><div class=\"qode-specification-list\">\n\t\t<div class=\"qode-specification-list-text-holder\">\n\t\t<h3 class=\"qode-specification-list-title\">\n\t\t\tCARACT\u00c9RISTIQUES TECHNIQUES\t\t<\/h3>\n\t\t<div class=\"qode-specification-list-items\">\n\t\t\t\t\t\t\t<div class=\"qode-specification-list-item\">\n\t\t\t\t\t<span class=\"qode-specification-list-item-label\">\n\t\t\t\t\t\tDIMENSIONS ET POIDS\u00a0: 5,80 L x 2,10 l x 2,55 H du sol\t\t\t\t\t<\/span>\n\t\t\t\t\t<span class=\"qode-specification-list-item-value\">\n\t\t\t\t\t\t\t\t\t\t\t<\/span>\n\t\t\t\t<\/div>\n\t\t\t\t\t\t\t<div class=\"qode-specification-list-item\">\n\t\t\t\t\t<span class=\"qode-specification-list-item-label\">\n\t\t\t\t\t\tSTRUCTURE AUTOPORTANTE AVEC PEINTURE D\u00c9DI\u00c9E, ET SYST\u00c8ME D\u2019\u00c9CLAIRAGE ENCASTR\u00c9\t\t\t\t\t<\/span>\n\t\t\t\t\t<span class=\"qode-specification-list-item-value\">\n\t\t\t\t\t\t\t\t\t\t\t<\/span>\n\t\t\t\t<\/div>\n\t\t\t\t\t\t\t<div class=\"qode-specification-list-item\">\n\t\t\t\t\t<span class=\"qode-specification-list-item-label\">\n\t\t\t\t\t\t4 PIEDS DE STATIONNEMENT\t\t\t\t\t<\/span>\n\t\t\t\t\t<span class=\"qode-specification-list-item-value\">\n\t\t\t\t\t\t\t\t\t\t\t<\/span>\n\t\t\t\t<\/div>\n\t\t\t\t\t\t\t<div class=\"qode-specification-list-item\">\n\t\t\t\t\t<span class=\"qode-specification-list-item-label\">\n\t\t\t\t\t\tCAPTEURS DE STATIONNEMENT \/ CAM\u00c9RA\t\t\t\t\t<\/span>\n\t\t\t\t\t<span class=\"qode-specification-list-item-value\">\n\t\t\t\t\t\t\t\t\t\t\t<\/span>\n\t\t\t\t<\/div>\n\t\t\t\t\t\t\t<div class=\"qode-specification-list-item\">\n\t\t\t\t\t<span class=\"qode-specification-list-item-label\">\n\t\t\t\t\t\tSOL ANTIBACT\u00c9RIEN ET ANTID\u00c9RAPANT\t\t\t\t\t<\/span>\n\t\t\t\t\t<span class=\"qode-specification-list-item-value\">\n\t\t\t\t\t\t\t\t\t\t\t<\/span>\n\t\t\t\t<\/div>\n\t\t\t\t\t\t\t<div class=\"qode-specification-list-item\">\n\t\t\t\t\t<span class=\"qode-specification-list-item-label\">\n\t\t\t\t\t\tFERMETURE DE LA PORTE LAT\u00c9RALE AVEC SYST\u00c8ME EASY LOCK, SANS SERRURE EXT\u00c9RIEURE\t\t\t\t\t<\/span>\n\t\t\t\t\t<span class=\"qode-specification-list-item-value\">\n\t\t\t\t\t\t\t\t\t\t\t<\/span>\n\t\t\t\t<\/div>\n\t\t\t\t\t\t\t<div class=\"qode-specification-list-item\">\n\t\t\t\t\t<span class=\"qode-specification-list-item-label\">\n\t\t\t\t\t\tINSTALLATION D\u2019EAU AUTONOME AVEC R\u00c9SERVOIR DE CHARGEMENT ET DE D\u00c9CHARGEMENT, ET EAU CHAUDE\t\t\t\t\t<\/span>\n\t\t\t\t\t<span class=\"qode-specification-list-item-value\">\n\t\t\t\t\t\t\t\t\t\t\t<\/span>\n\t\t\t\t<\/div>\n\t\t\t\t\t\t\t<div class=\"qode-specification-list-item\">\n\t\t\t\t\t<span class=\"qode-specification-list-item-label\">\n\t\t\t\t\t\t\u00c9CLAIRAGE INT\u00c9RIEUR FULL LED\t\t\t\t\t<\/span>\n\t\t\t\t\t<span class=\"qode-specification-list-item-value\">\n\t\t\t\t\t\t\t\t\t\t\t<\/span>\n\t\t\t\t<\/div>\n\t\t\t\t\t\t\t<div class=\"qode-specification-list-item\">\n\t\t\t\t\t<span class=\"qode-specification-list-item-label\">\n\t\t\t\t\t\tINSTALLATION \u00c9LECTRIQUE PROT\u00c9G\u00c9E PAR UN DISJONCTEUR\t\t\t\t\t<\/span>\n\t\t\t\t\t<span class=\"qode-specification-list-item-value\">\n\t\t\t\t\t\t\t\t\t\t\t<\/span>\n\t\t\t\t<\/div>\n\t\t\t\t\t<\/div>\n\t<\/div>\n\t<\/div><\/div><\/div><\/div><\/div><\/div><\/div><\/div><\/div><\/div><div      class=\"vc_row wpb_row section vc_row-fluid  grid_section\" style=' padding-bottom:60px; text-align:center;'><div class=\" section_inner clearfix\"><div class='section_inner_margin clearfix'><div class=\"wpb_column vc_column_container vc_col-sm-12\"><div class=\"vc_column-inner\"><div class=\"wpb_wrapper\"><div class=\"custom_font_holder\" style=\" font-size: 26px; line-height: 44px; font-style: normal; font-weight: 300; color: #006aa7; text-decoration: none; text-align: center;\">\n<h2>FAITES EN SORTE QUE VOTRE MARQUE SOIT UNIQUE AVEC LE FOOD TRUCK<br \/>\nLE PLUS ORIGINEL SUR LE MARCH\u00c9<\/h2>\n<\/div><div class=\"separator  small center  \" style=\"background-color: IL PRIMO VIAGGIO SULLA RETE TESLA ALLA SCOPERTA DELLE ECCELLENZE DEL NOSTRO PAESE;\"><\/div>\n<div class=\"custom_font_holder\" style=\" font-size: 20px; line-height: 34px; font-style: normal; font-weight: 300; text-decoration: none; text-align: center;\">\n<p class=\"p1\"><span class=\"s1\">La personnalisation de votre food truck ou de votre promo truck est essentielle pour vous d\u00e9marquer et faire conna\u00eetre au mieux votre marque et votre produit, nous le savons bien. C\u2019est pourquoi nous suivrons votre projet avec vous, en parcourant ce chemin qui m\u00e8ne \u00e0 la cr\u00e9ation ensemble, avec vous, m\u00eame une fois que nous vous aurons livr\u00e9 le v\u00e9hicule.<\/span><\/p>\n<\/div><a  itemprop=\"url\" href=\"http:\/\/vsveicolispeciali.com\/wp-content\/uploads\/2020\/03\/NV-FOOD-TRUCK_FR-compressed.pdf\" target=\"_blank\"  class=\"qbutton  large default\" style=\"margin: 30px 0px 0px 0px; \">T\u00e9l\u00e9charger le PDF<\/a><\/div><\/div><\/div><\/div><\/div><\/div><div      class=\"vc_row wpb_row section vc_row-fluid \" style=' padding-bottom:90px; text-align:left;'><div class=\" full_section_inner clearfix\" style='padding: 0% 4%'><div class=\"wpb_column vc_column_container vc_col-sm-12\"><div class=\"vc_column-inner\"><div class=\"wpb_wrapper\"><div class='q_elements_holder three_columns responsive_mode_from_768' ><div class='q_elements_item ' data-animation='no' data-item-class='q_elements_holder_custom_533976' style='vertical-align:top;'><div class='q_elements_item_inner'><div class='q_elements_item_content q_elements_holder_custom_533976' style='padding:0 3px 0 0'><div class=\"wpb_gallery wpb_content_element vc_clearfix\"><div class=\"wpb_wrapper\"><div class=\"wpb_gallery_slides has_control_nav drag_enabled wpb_flexslider flexslider_slide flexslider\" data-interval=\"0\" data-flex_fx=\"slide\"data-control=\"true\"data-direction=\"false\"data-pasue-on-hover=\"true\"data-drag=\"true\"><ul class=\"slides\"><li><img loading=\"lazy\" decoding=\"async\" width=\"1000\" height=\"563\" src=\"https:\/\/www.vsveicolispeciali.com\/wp-content\/uploads\/2018\/06\/Int001.jpg\" class=\"attachment-full\" alt=\"\" title=\"Int001\" srcset=\"https:\/\/www.vsveicolispeciali.com\/wp-content\/uploads\/2018\/06\/Int001.jpg 1000w, https:\/\/www.vsveicolispeciali.com\/wp-content\/uploads\/2018\/06\/Int001-300x169.jpg 300w, https:\/\/www.vsveicolispeciali.com\/wp-content\/uploads\/2018\/06\/Int001-768x432.jpg 768w, https:\/\/www.vsveicolispeciali.com\/wp-content\/uploads\/2018\/06\/Int001-700x394.jpg 700w, https:\/\/www.vsveicolispeciali.com\/wp-content\/uploads\/2018\/06\/Int001-539x303.jpg 539w\" sizes=\"auto, (max-width: 1000px) 100vw, 1000px\" \/><\/li><li><img loading=\"lazy\" decoding=\"async\" width=\"1000\" height=\"563\" src=\"https:\/\/www.vsveicolispeciali.com\/wp-content\/uploads\/2018\/06\/Int002.jpg\" class=\"attachment-full\" alt=\"\" title=\"Int002\" srcset=\"https:\/\/www.vsveicolispeciali.com\/wp-content\/uploads\/2018\/06\/Int002.jpg 1000w, https:\/\/www.vsveicolispeciali.com\/wp-content\/uploads\/2018\/06\/Int002-300x169.jpg 300w, https:\/\/www.vsveicolispeciali.com\/wp-content\/uploads\/2018\/06\/Int002-768x432.jpg 768w, https:\/\/www.vsveicolispeciali.com\/wp-content\/uploads\/2018\/06\/Int002-700x394.jpg 700w, https:\/\/www.vsveicolispeciali.com\/wp-content\/uploads\/2018\/06\/Int002-539x303.jpg 539w\" sizes=\"auto, (max-width: 1000px) 100vw, 1000px\" \/><\/li><\/ul><\/div><\/div><\/div>\n\t<div class=\"wpb_text_column wpb_content_element  vc_custom_1581728078976\">\n\t\t<div class=\"wpb_wrapper\">\n\t\t\t<h3>INT\u00c9RIEURS<\/h3>\n<ul style=\"list-style-type: disc;\">\n<li style=\"list-style-type: none;\">\n<ul style=\"list-style-type: disc;\">\n<li>Ergonomie des espaces et des \u00e9quipements<\/li>\n<li>Facile \u00e0 nettoyer<\/li>\n<li>Int\u00e9rieurs solides<\/li>\n<li>Int\u00e9gration des installations<\/li>\n<li>Hotte et panneau mural<\/li>\n<li>Entretien<\/li>\n<li>Installations int\u00e9gr\u00e9es conformes aux normes en vigueur<\/li>\n<li>4 postes de travail<\/li>\n<\/ul>\n<\/li>\n<\/ul>\n<p><span style=\"color: #f1f1f1;\">i<\/span><\/p>\n\n\t\t<\/div> \n\t<\/div> <\/div><\/div><\/div><div class='q_elements_item ' data-animation='no' data-item-class='q_elements_holder_custom_184379' style='vertical-align:top;'><div class='q_elements_item_inner'><div class='q_elements_item_content q_elements_holder_custom_184379' style='padding:0 3px 0 3px'><div class=\"wpb_gallery wpb_content_element vc_clearfix\"><div class=\"wpb_wrapper\"><div class=\"wpb_gallery_slides has_control_nav drag_enabled wpb_flexslider flexslider_slide flexslider\" data-interval=\"0\" data-flex_fx=\"slide\"data-control=\"true\"data-direction=\"false\"data-pasue-on-hover=\"true\"data-drag=\"true\"><ul class=\"slides\"><li><img loading=\"lazy\" decoding=\"async\" width=\"1000\" height=\"563\" src=\"https:\/\/www.vsveicolispeciali.com\/wp-content\/uploads\/2018\/06\/new_vintage_food_truck_accessori_01.png\" class=\"attachment-full\" alt=\"\" title=\"new_vintage_food_truck_accessori_01\" srcset=\"https:\/\/www.vsveicolispeciali.com\/wp-content\/uploads\/2018\/06\/new_vintage_food_truck_accessori_01.png 1000w, https:\/\/www.vsveicolispeciali.com\/wp-content\/uploads\/2018\/06\/new_vintage_food_truck_accessori_01-300x169.png 300w, https:\/\/www.vsveicolispeciali.com\/wp-content\/uploads\/2018\/06\/new_vintage_food_truck_accessori_01-768x432.png 768w, https:\/\/www.vsveicolispeciali.com\/wp-content\/uploads\/2018\/06\/new_vintage_food_truck_accessori_01-700x394.png 700w, https:\/\/www.vsveicolispeciali.com\/wp-content\/uploads\/2018\/06\/new_vintage_food_truck_accessori_01-539x303.png 539w\" sizes=\"auto, (max-width: 1000px) 100vw, 1000px\" \/><\/li><li><img loading=\"lazy\" decoding=\"async\" width=\"1000\" height=\"563\" src=\"https:\/\/www.vsveicolispeciali.com\/wp-content\/uploads\/2018\/06\/new_vintage_food_truck_accessori_02.png\" class=\"attachment-full\" alt=\"\" title=\"new_vintage_food_truck_accessori_02\" srcset=\"https:\/\/www.vsveicolispeciali.com\/wp-content\/uploads\/2018\/06\/new_vintage_food_truck_accessori_02.png 1000w, https:\/\/www.vsveicolispeciali.com\/wp-content\/uploads\/2018\/06\/new_vintage_food_truck_accessori_02-300x169.png 300w, https:\/\/www.vsveicolispeciali.com\/wp-content\/uploads\/2018\/06\/new_vintage_food_truck_accessori_02-768x432.png 768w, https:\/\/www.vsveicolispeciali.com\/wp-content\/uploads\/2018\/06\/new_vintage_food_truck_accessori_02-700x394.png 700w, https:\/\/www.vsveicolispeciali.com\/wp-content\/uploads\/2018\/06\/new_vintage_food_truck_accessori_02-539x303.png 539w\" sizes=\"auto, (max-width: 1000px) 100vw, 1000px\" \/><\/li><li><img loading=\"lazy\" decoding=\"async\" width=\"1000\" height=\"563\" src=\"https:\/\/www.vsveicolispeciali.com\/wp-content\/uploads\/2018\/06\/new_vintage_food_truck_accessori_03.png\" class=\"attachment-full\" alt=\"\" title=\"new_vintage_food_truck_accessori_03\" srcset=\"https:\/\/www.vsveicolispeciali.com\/wp-content\/uploads\/2018\/06\/new_vintage_food_truck_accessori_03.png 1000w, https:\/\/www.vsveicolispeciali.com\/wp-content\/uploads\/2018\/06\/new_vintage_food_truck_accessori_03-300x169.png 300w, https:\/\/www.vsveicolispeciali.com\/wp-content\/uploads\/2018\/06\/new_vintage_food_truck_accessori_03-768x432.png 768w, https:\/\/www.vsveicolispeciali.com\/wp-content\/uploads\/2018\/06\/new_vintage_food_truck_accessori_03-700x394.png 700w, https:\/\/www.vsveicolispeciali.com\/wp-content\/uploads\/2018\/06\/new_vintage_food_truck_accessori_03-539x303.png 539w\" sizes=\"auto, (max-width: 1000px) 100vw, 1000px\" \/><\/li><li><img loading=\"lazy\" decoding=\"async\" width=\"1000\" height=\"563\" src=\"https:\/\/www.vsveicolispeciali.com\/wp-content\/uploads\/2018\/06\/Acc004-.jpg\" class=\"attachment-full\" alt=\"\" title=\"Acc004-\" srcset=\"https:\/\/www.vsveicolispeciali.com\/wp-content\/uploads\/2018\/06\/Acc004-.jpg 1000w, https:\/\/www.vsveicolispeciali.com\/wp-content\/uploads\/2018\/06\/Acc004--300x169.jpg 300w, https:\/\/www.vsveicolispeciali.com\/wp-content\/uploads\/2018\/06\/Acc004--768x432.jpg 768w, https:\/\/www.vsveicolispeciali.com\/wp-content\/uploads\/2018\/06\/Acc004--700x394.jpg 700w, https:\/\/www.vsveicolispeciali.com\/wp-content\/uploads\/2018\/06\/Acc004--539x303.jpg 539w\" sizes=\"auto, (max-width: 1000px) 100vw, 1000px\" \/><\/li><li><img loading=\"lazy\" decoding=\"async\" width=\"1000\" height=\"563\" src=\"https:\/\/www.vsveicolispeciali.com\/wp-content\/uploads\/2018\/06\/Acc005-.jpg\" class=\"attachment-full\" alt=\"\" title=\"Acc005-\" srcset=\"https:\/\/www.vsveicolispeciali.com\/wp-content\/uploads\/2018\/06\/Acc005-.jpg 1000w, https:\/\/www.vsveicolispeciali.com\/wp-content\/uploads\/2018\/06\/Acc005--300x169.jpg 300w, https:\/\/www.vsveicolispeciali.com\/wp-content\/uploads\/2018\/06\/Acc005--768x432.jpg 768w, https:\/\/www.vsveicolispeciali.com\/wp-content\/uploads\/2018\/06\/Acc005--700x394.jpg 700w, https:\/\/www.vsveicolispeciali.com\/wp-content\/uploads\/2018\/06\/Acc005--539x303.jpg 539w\" sizes=\"auto, (max-width: 1000px) 100vw, 1000px\" \/><\/li><li><img loading=\"lazy\" decoding=\"async\" width=\"1000\" height=\"563\" src=\"https:\/\/www.vsveicolispeciali.com\/wp-content\/uploads\/2018\/06\/Acc006-.jpg\" class=\"attachment-full\" alt=\"\" title=\"Acc006-\" srcset=\"https:\/\/www.vsveicolispeciali.com\/wp-content\/uploads\/2018\/06\/Acc006-.jpg 1000w, https:\/\/www.vsveicolispeciali.com\/wp-content\/uploads\/2018\/06\/Acc006--300x169.jpg 300w, https:\/\/www.vsveicolispeciali.com\/wp-content\/uploads\/2018\/06\/Acc006--768x432.jpg 768w, https:\/\/www.vsveicolispeciali.com\/wp-content\/uploads\/2018\/06\/Acc006--700x394.jpg 700w, https:\/\/www.vsveicolispeciali.com\/wp-content\/uploads\/2018\/06\/Acc006--539x303.jpg 539w\" sizes=\"auto, (max-width: 1000px) 100vw, 1000px\" \/><\/li><\/ul><\/div><\/div><\/div>\n\t<div class=\"wpb_text_column wpb_content_element  vc_custom_1540571051505\">\n\t\t<div class=\"wpb_wrapper\">\n\t\t\t<h3>ACCESSOIRES<\/h3>\n<ul>\n<li>Cam\u00e9ra<\/li>\n<li>Plinthe<\/li>\n<li>Plateau lavable<\/li>\n<li>Fraisage du logo<\/li>\n<li>Enseignes<\/li>\n<li>\u00c9tag\u00e8res<\/li>\n<li>Tableaux noirs<\/li>\n<li>\u00c9clairage ext\u00e9rieur<\/li>\n<li>\u00c9l\u00e9ments graphiques adh\u00e9sifs personnalis\u00e9s<\/li>\n<\/ul>\n\n\t\t<\/div> \n\t<\/div> <\/div><\/div><\/div><div class='q_elements_item ' data-animation='no' data-item-class='q_elements_holder_custom_408802' style='vertical-align:top;'><div class='q_elements_item_inner'><div class='q_elements_item_content q_elements_holder_custom_408802' style='padding:0 0px 0 3px'><div class=\"wpb_gallery wpb_content_element vc_clearfix\"><div class=\"wpb_wrapper\"><div class=\"wpb_gallery_slides has_control_nav drag_enabled wpb_flexslider flexslider_slide flexslider\" data-interval=\"0\" data-flex_fx=\"slide\"data-control=\"true\"data-direction=\"false\"data-pasue-on-hover=\"true\"data-drag=\"true\"><ul class=\"slides\"><li><img loading=\"lazy\" decoding=\"async\" width=\"1000\" height=\"563\" src=\"https:\/\/www.vsveicolispeciali.com\/wp-content\/uploads\/2018\/06\/Dett001.jpg\" class=\"attachment-full\" alt=\"\" title=\"Dett001\" srcset=\"https:\/\/www.vsveicolispeciali.com\/wp-content\/uploads\/2018\/06\/Dett001.jpg 1000w, https:\/\/www.vsveicolispeciali.com\/wp-content\/uploads\/2018\/06\/Dett001-300x169.jpg 300w, https:\/\/www.vsveicolispeciali.com\/wp-content\/uploads\/2018\/06\/Dett001-768x432.jpg 768w, https:\/\/www.vsveicolispeciali.com\/wp-content\/uploads\/2018\/06\/Dett001-700x394.jpg 700w, https:\/\/www.vsveicolispeciali.com\/wp-content\/uploads\/2018\/06\/Dett001-539x303.jpg 539w\" sizes=\"auto, (max-width: 1000px) 100vw, 1000px\" \/><\/li><li><img loading=\"lazy\" decoding=\"async\" width=\"1000\" height=\"563\" src=\"https:\/\/www.vsveicolispeciali.com\/wp-content\/uploads\/2018\/06\/new_vintage_food_truck_dettagli_02.png\" class=\"attachment-full\" alt=\"\" title=\"new_vintage_food_truck_dettagli_02\" srcset=\"https:\/\/www.vsveicolispeciali.com\/wp-content\/uploads\/2018\/06\/new_vintage_food_truck_dettagli_02.png 1000w, https:\/\/www.vsveicolispeciali.com\/wp-content\/uploads\/2018\/06\/new_vintage_food_truck_dettagli_02-300x169.png 300w, https:\/\/www.vsveicolispeciali.com\/wp-content\/uploads\/2018\/06\/new_vintage_food_truck_dettagli_02-768x432.png 768w, https:\/\/www.vsveicolispeciali.com\/wp-content\/uploads\/2018\/06\/new_vintage_food_truck_dettagli_02-700x394.png 700w, https:\/\/www.vsveicolispeciali.com\/wp-content\/uploads\/2018\/06\/new_vintage_food_truck_dettagli_02-539x303.png 539w\" sizes=\"auto, (max-width: 1000px) 100vw, 1000px\" \/><\/li><li><img loading=\"lazy\" decoding=\"async\" width=\"1000\" height=\"563\" src=\"https:\/\/www.vsveicolispeciali.com\/wp-content\/uploads\/2018\/06\/Dett003.jpg\" class=\"attachment-full\" alt=\"\" title=\"Dett003\" srcset=\"https:\/\/www.vsveicolispeciali.com\/wp-content\/uploads\/2018\/06\/Dett003.jpg 1000w, https:\/\/www.vsveicolispeciali.com\/wp-content\/uploads\/2018\/06\/Dett003-300x169.jpg 300w, https:\/\/www.vsveicolispeciali.com\/wp-content\/uploads\/2018\/06\/Dett003-768x432.jpg 768w, https:\/\/www.vsveicolispeciali.com\/wp-content\/uploads\/2018\/06\/Dett003-700x394.jpg 700w, https:\/\/www.vsveicolispeciali.com\/wp-content\/uploads\/2018\/06\/Dett003-539x303.jpg 539w\" sizes=\"auto, (max-width: 1000px) 100vw, 1000px\" \/><\/li><\/ul><\/div><\/div><\/div>\n\t<div class=\"wpb_text_column wpb_content_element  vc_custom_1581728096131\">\n\t\t<div class=\"wpb_wrapper\">\n\t\t\t<h3>D\u00c9TAILS<\/h3>\n<ul>\n<li>Carrosserie<\/li>\n<li>Ouverture\/fermeture<\/li>\n<li>Petits projecteurs<\/li>\n<li>Carrosserie avec profil\u00e9s et coque de passages de roue de la m\u00eame couleur<\/li>\n<li>Plinthe de protection en acier inoxydable dans le couloir int\u00e9rieur<\/li>\n<li>Tableau \u00e9lectrique encastr\u00e9<\/li>\n<li>Thermostats des r\u00e9frig\u00e9rateurs encastr\u00e9s<br \/>\n<span style=\"color: #f1f1f1;\">i<\/span><br \/>\n<span style=\"color: #f1f1f1;\">i<\/span><\/li>\n<\/ul>\n\n\t\t<\/div> \n\t<\/div> <\/div><\/div><\/div><\/div><\/div><\/div><\/div><\/div><\/div><div      class=\"vc_row wpb_row section vc_row-fluid  grid_section\" style='background-color:#f1f1f1; padding-top:60px; padding-bottom:60px; text-align:center;'><div class=\" section_inner clearfix\"><div class='section_inner_margin clearfix'><div class=\"wpb_column vc_column_container vc_col-sm-12\"><div class=\"vc_column-inner\"><div class=\"wpb_wrapper\"><div class=\"custom_font_holder\" style=\" font-size: 26px; line-height: 44px; font-style: normal; font-weight: 300; color: #006aa7; text-decoration: none; text-align: center;\">\n<h2>PERSONNALISEZ VOTRE FOOD TRUCK VINTAGE ET DEMANDEZ UN DEVIS<\/h2>\n<\/div><div class=\"separator  small center  \" style=\"background-color: IL PRIMO VIAGGIO SULLA RETE TESLA ALLA SCOPERTA DELLE ECCELLENZE DEL NOSTRO PAESE;\"><\/div>\n<div class=\"custom_font_holder\" style=\" font-size: 20px; line-height: 34px; font-style: normal; font-weight: 300; text-decoration: none; text-align: center;\">Vous pouvez personnaliser le nouveau food truck d\u2019\u00e9poque\u00a0am\u00e9nag\u00e9e en cuisine mobile dans les moindres d\u00e9tails pour mieux faire conna\u00eetre vos caract\u00e9ristiques distinctives et les qualit\u00e9s de votre entreprise. Voici certaines des caract\u00e9ristiques que vous pouvez choisir:\u00a0la couleur, les mat\u00e9riaux, l\u2019\u00e9clairage, les \u00e9l\u00e9ments graphiques, les accessoires. Vous nous dites ce dont vous avez besoin et ce que vous aimez, et nous le r\u00e9aliserons.<\/div>\t<div class=\"vc_empty_space\"  style=\"height: 40px\" ><span\n\t\t\tclass=\"vc_empty_space_inner\">\n\t\t\t<span class=\"empty_space_image\"  ><\/span>\n\t\t<\/span><\/div>\n\n<a  itemprop=\"url\" href=\"http:\/\/www.vsveicolispeciali.com\/fr\/contacts_vs\/\" target=\"_self\"  class=\"qbutton  default\" style=\"\">Entrer en contact avec nous<\/a><\/div><\/div><\/div><\/div><\/div><\/div><div      class=\"vc_row wpb_row section vc_row-fluid \" style=' text-align:left;'><div class=\" full_section_inner clearfix\"><div class=\"wpb_column vc_column_container vc_col-sm-12\"><div class=\"vc_column-inner\"><div class=\"wpb_wrapper\">\n\t<div class=\"wpb_single_image wpb_content_element vc_align_center\">\n\t\t<div class=\"wpb_wrapper\">\n\t\t\t\n\t\t\t<div class=\"vc_single_image-wrapper   vc_box_border_grey\"><img loading=\"lazy\" decoding=\"async\" width=\"1920\" height=\"354\" src=\"https:\/\/www.vsveicolispeciali.com\/wp-content\/uploads\/2017\/11\/vs-composit.jpg\" class=\"vc_single_image-img attachment-full\" alt=\"\" title=\"vs-composit\" srcset=\"https:\/\/www.vsveicolispeciali.com\/wp-content\/uploads\/2017\/11\/vs-composit.jpg 1920w, https:\/\/www.vsveicolispeciali.com\/wp-content\/uploads\/2017\/11\/vs-composit-300x55.jpg 300w, https:\/\/www.vsveicolispeciali.com\/wp-content\/uploads\/2017\/11\/vs-composit-768x142.jpg 768w, https:\/\/www.vsveicolispeciali.com\/wp-content\/uploads\/2017\/11\/vs-composit-1024x189.jpg 1024w, https:\/\/www.vsveicolispeciali.com\/wp-content\/uploads\/2017\/11\/vs-composit-700x129.jpg 700w\" sizes=\"auto, (max-width: 1920px) 100vw, 1920px\" \/><\/div>\n\t\t<\/div>\n\t<\/div>\n<\/div><\/div><\/div><\/div><\/div>\n<\/div>","protected":false},"excerpt":{"rendered":"L\u2019\u00c9VOCATION HISTORIQUE PARFAITE DU PASS\u00c9 Le premier food truck vintage que vous pouvez acheter neuf. Ce n\u2019est pas un v\u00e9hicule d\u2019\u00e9poque \u00e0 restaurer. Le nouveau food truck vintage est la version contemporaine de la Citro\u00ebn Type H qui \u00e9tait si populaire dans les ann\u00e9es 1970....","protected":false},"author":1001012,"featured_media":0,"parent":0,"menu_order":0,"comment_status":"closed","ping_status":"closed","template":"full_width.php","meta":{"_acf_changed":false,"rs_blank_template":"","rs_page_bg_color":"","slide_template_v7":"","footnotes":""},"class_list":["post-8187","page","type-page","status-publish","hentry"],"acf":[],"yoast_head":"<!-- This site is optimized with the Yoast SEO plugin v28.2 - https:\/\/yoast.com\/product\/yoast-seo-wordpress\/ -->\n<title>Nouveau Food Truck Vintage - Restaurant mobile pour entreprises et agences \u00e9v\u00e9nementielles<\/title>\n<meta name=\"description\" content=\"Acheter la nouvelle Citroen Type H, au lieu d&#039;un v\u00e9hicule d&#039;\u00e9poque restaur\u00e9. Retour d&#039;image du style vintage et fonctionnalit\u00e9 contemporaine. Cuisine mobile \u00e0 personnaliser &gt;\" \/>\n<meta name=\"robots\" content=\"index, follow, max-snippet:-1, max-image-preview:large, max-video-preview:-1\" \/>\n<link rel=\"canonical\" href=\"https:\/\/www.vsveicolispeciali.com\/fr\/nouveau-food-truck-vintage-2\/\" \/>\n<meta property=\"og:locale\" content=\"fr_FR\" \/>\n<meta property=\"og:type\" content=\"article\" \/>\n<meta property=\"og:title\" content=\"Nouveau Food Truck Vintage - Restaurant mobile pour entreprises et agences \u00e9v\u00e9nementielles\" \/>\n<meta property=\"og:description\" content=\"Acheter la nouvelle Citroen Type H, au lieu d&#039;un v\u00e9hicule d&#039;\u00e9poque restaur\u00e9. Retour d&#039;image du style vintage et fonctionnalit\u00e9 contemporaine. Cuisine mobile \u00e0 personnaliser &gt;\" \/>\n<meta property=\"og:url\" content=\"https:\/\/www.vsveicolispeciali.com\/fr\/nouveau-food-truck-vintage-2\/\" \/>\n<meta property=\"og:site_name\" content=\"VS Veicoli Speciali\" \/>\n<meta property=\"article:publisher\" content=\"https:\/\/www.facebook.com\/VSVeicoliSpeciali.Food.Trucks\/\" \/>\n<meta property=\"article:modified_time\" content=\"2020-03-13T01:16:58+00:00\" \/>\n<meta name=\"twitter:card\" content=\"summary_large_image\" \/>\n<meta name=\"twitter:site\" content=\"@veicolispeciali\" \/>\n<meta name=\"twitter:label1\" content=\"Dur\u00e9e de lecture estim\u00e9e\" \/>\n\t<meta name=\"twitter:data1\" content=\"8 minutes\" \/>\n<!-- \/ Yoast SEO plugin. -->","yoast_head_json":{"title":"Nouveau Food Truck Vintage - Restaurant mobile pour entreprises et agences \u00e9v\u00e9nementielles","description":"Acheter la nouvelle Citroen Type H, au lieu d'un v\u00e9hicule d'\u00e9poque restaur\u00e9. Retour d'image du style vintage et fonctionnalit\u00e9 contemporaine. Cuisine mobile \u00e0 personnaliser >","robots":{"index":"index","follow":"follow","max-snippet":"max-snippet:-1","max-image-preview":"max-image-preview:large","max-video-preview":"max-video-preview:-1"},"canonical":"https:\/\/www.vsveicolispeciali.com\/fr\/nouveau-food-truck-vintage-2\/","og_locale":"fr_FR","og_type":"article","og_title":"Nouveau Food Truck Vintage - Restaurant mobile pour entreprises et agences \u00e9v\u00e9nementielles","og_description":"Acheter la nouvelle Citroen Type H, au lieu d'un v\u00e9hicule d'\u00e9poque restaur\u00e9. Retour d'image du style vintage et fonctionnalit\u00e9 contemporaine. Cuisine mobile \u00e0 personnaliser >","og_url":"https:\/\/www.vsveicolispeciali.com\/fr\/nouveau-food-truck-vintage-2\/","og_site_name":"VS Veicoli Speciali","article_publisher":"https:\/\/www.facebook.com\/VSVeicoliSpeciali.Food.Trucks\/","article_modified_time":"2020-03-13T01:16:58+00:00","twitter_card":"summary_large_image","twitter_site":"@veicolispeciali","twitter_misc":{"Dur\u00e9e de lecture estim\u00e9e":"8 minutes"},"schema":{"@context":"https:\/\/schema.org","@graph":[{"@type":"WebPage","@id":"https:\/\/www.vsveicolispeciali.com\/fr\/nouveau-food-truck-vintage-2\/","url":"https:\/\/www.vsveicolispeciali.com\/fr\/nouveau-food-truck-vintage-2\/","name":"Nouveau Food Truck Vintage - Restaurant mobile pour entreprises et agences \u00e9v\u00e9nementielles","isPartOf":{"@id":"https:\/\/www.vsveicolispeciali.com\/fr\/#website"},"datePublished":"2018-05-31T16:08:51+00:00","dateModified":"2020-03-13T01:16:58+00:00","description":"Acheter la nouvelle Citroen Type H, au lieu d'un v\u00e9hicule d'\u00e9poque restaur\u00e9. Retour d'image du style vintage et fonctionnalit\u00e9 contemporaine. Cuisine mobile \u00e0 personnaliser >","breadcrumb":{"@id":"https:\/\/www.vsveicolispeciali.com\/fr\/nouveau-food-truck-vintage-2\/#breadcrumb"},"inLanguage":"fr-FR","potentialAction":[{"@type":"ReadAction","target":["https:\/\/www.vsveicolispeciali.com\/fr\/nouveau-food-truck-vintage-2\/"]}]},{"@type":"BreadcrumbList","@id":"https:\/\/www.vsveicolispeciali.com\/fr\/nouveau-food-truck-vintage-2\/#breadcrumb","itemListElement":[{"@type":"ListItem","position":1,"name":"Home","item":"https:\/\/www.vsveicolispeciali.com\/fr\/"},{"@type":"ListItem","position":2,"name":"Nouveau Food Truck Vintage"}]},{"@type":"WebSite","@id":"https:\/\/www.vsveicolispeciali.com\/fr\/#website","url":"https:\/\/www.vsveicolispeciali.com\/fr\/","name":"VS Veicoli Speciali","description":"","potentialAction":[{"@type":"SearchAction","target":{"@type":"EntryPoint","urlTemplate":"https:\/\/www.vsveicolispeciali.com\/fr\/?s={search_term_string}"},"query-input":{"@type":"PropertyValueSpecification","valueRequired":true,"valueName":"search_term_string"}}],"inLanguage":"fr-FR"}]}},"_links":{"self":[{"href":"https:\/\/www.vsveicolispeciali.com\/fr\/wp-json\/wp\/v2\/pages\/8187","targetHints":{"allow":["GET"]}}],"collection":[{"href":"https:\/\/www.vsveicolispeciali.com\/fr\/wp-json\/wp\/v2\/pages"}],"about":[{"href":"https:\/\/www.vsveicolispeciali.com\/fr\/wp-json\/wp\/v2\/types\/page"}],"author":[{"embeddable":true,"href":"https:\/\/www.vsveicolispeciali.com\/fr\/wp-json\/wp\/v2\/users\/1001012"}],"replies":[{"embeddable":true,"href":"https:\/\/www.vsveicolispeciali.com\/fr\/wp-json\/wp\/v2\/comments?post=8187"}],"version-history":[{"count":6,"href":"https:\/\/www.vsveicolispeciali.com\/fr\/wp-json\/wp\/v2\/pages\/8187\/revisions"}],"predecessor-version":[{"id":12286,"href":"https:\/\/www.vsveicolispeciali.com\/fr\/wp-json\/wp\/v2\/pages\/8187\/revisions\/12286"}],"wp:attachment":[{"href":"https:\/\/www.vsveicolispeciali.com\/fr\/wp-json\/wp\/v2\/media?parent=8187"}],"curies":[{"name":"wp","href":"https:\/\/api.w.org\/{rel}","templated":true}]}}