{"id":5696,"date":"2017-11-03T12:02:14","date_gmt":"2017-11-03T11:02:14","guid":{"rendered":"http:\/\/www.vsveicolispeciali.com\/noleggio-food-truck-affitto-autonegozio\/"},"modified":"2024-09-19T22:01:10","modified_gmt":"2024-09-19T20:01:10","slug":"location-food-truck-triporteur","status":"publish","type":"page","link":"https:\/\/www.vsveicolispeciali.com\/fr\/location-food-truck-triporteur\/","title":{"rendered":"Location food truck"},"content":{"rendered":"<div class=\"wpb-content-wrapper\"><p>[vc_row css_animation=\u00a0\u00bb\u00a0\u00bb row_type=\u00a0\u00bbrow\u00a0\u00bb use_row_as_full_screen_section=\u00a0\u00bbno\u00a0\u00bb type=\u00a0\u00bbgrid\u00a0\u00bb angled_section=\u00a0\u00bbno\u00a0\u00bb text_align=\u00a0\u00bbleft\u00a0\u00bb background_image_as_pattern=\u00a0\u00bbwithout_pattern\u00a0\u00bb][vc_column][vc_empty_space height=\u00a0\u00bb90px\u00a0\u00bb][vc_row_inner row_type=\u00a0\u00bbrow\u00a0\u00bb type=\u00a0\u00bbgrid\u00a0\u00bb text_align=\u00a0\u00bbleft\u00a0\u00bb row_negative_margin=\u00a0\u00bbdisable_negative_margin\u00a0\u00bb css_animation=\u00a0\u00bb\u00a0\u00bb][vc_column_inner]<div class=\"custom_font_holder\" style=\" font-size: 26px; line-height: 44px; font-style: normal; font-weight: 300; color: #006aa7; text-decoration: none; text-align: center;\">\n<h2>LOUER UN FOOD TRUCK: TRIPORTEUR OU REMORQUE<\/h2>\n<\/div>[vc_separator type=\u00a0\u00bbsmall\u00a0\u00bb position=\u00a0\u00bbcenter\u00a0\u00bb]<div class=\"custom_font_holder\" style=\" font-size: 20px; line-height: 34px; font-style: normal; font-weight: 300; text-decoration: none; text-align: center;\">VS Veicoli Speciali vous offre la possibilit\u00e9 de louer triporteurs \u00e9v\u00e9nementiels et remorques food truck<span class=\"HwtZe\" lang=\"fr\"><span class=\"jCAhz ChMk0b\"><span class=\"ryNqvb\">. <\/span><\/span><\/span>Vous pouvez louer un ou plusieurs v\u00e9hicules pour la p\u00e9riode que vous pr\u00e9f\u00e8rez. De nombreuses entreprises ont d\u00e9j\u00e0 opt\u00e9 pour la location de Triporteur Ape V-Curve et Remorque Aircrome.<\/div>[\/vc_column_inner][\/vc_row_inner][vc_empty_space height=\u00a0\u00bb60px\u00a0\u00bb][vc_text_separator title=\u00a0\u00bbCHOISISSEZ VOTRE FOOD TRUCK\u00a0\u00bb i_icon_monosocial=\u00a0\u00bbvc-mono vc-mono-heart\u00a0\u00bb css_animation=\u00a0\u00bbbounceInDown\u00a0\u00bb border=\u00a0\u00bbyes\u00a0\u00bb border_color=\u00a0\u00bb#ececec\u00a0\u00bb title_color=\u00a0\u00bb#006aa7&Prime; background_color=\u00a0\u00bb#ffffff\u00a0\u00bb][vc_empty_space height=\u00a0\u00bb20px\u00a0\u00bb][vc_row_inner row_type=\u00a0\u00bbrow\u00a0\u00bb type=\u00a0\u00bbgrid\u00a0\u00bb text_align=\u00a0\u00bbcenter\u00a0\u00bb css_animation=\u00a0\u00bb\u00a0\u00bb el_class=\u00a0\u00bbnascondi\u00a0\u00bb][vc_column_inner width=\u00a0\u00bb1\/3&Prime;]<div class='q_icon_with_title large normal_icon center '><div class=\"icon_holder q_icon_animation\" style=\" \"><span data-icon-type=\"normal\"   style=\"\" class=\"qode_iwt_icon_holder q_font_awsome_icon fa-4x  \"><i class=\"qode_icon_font_awesome fa fa-clock-o qode_iwt_icon_element\" style=\"\" ><\/i><\/span><\/div><div class=\"icon_text_holder\" style=\"\"><div class=\"icon_text_inner\" style=\"\"><h5 class=\"icon_title\" style=\"color: #818181;\">Location Quotidien<\/h5><p style=''><\/p><\/div><\/div><\/div>[vc_empty_space height=\u00a0\u00bb40px\u00a0\u00bb][\/vc_column_inner][vc_column_inner width=\u00a0\u00bb1\/3&Prime;]<div class='q_icon_with_title large normal_icon center '><div class=\"icon_holder q_icon_animation\" style=\" \"><span data-icon-type=\"normal\"   style=\"\" class=\"qode_iwt_icon_holder q_font_awsome_icon fa-4x  \"><i class=\"qode_icon_font_awesome fa fa-calendar-o qode_iwt_icon_element\" style=\"\" ><\/i><\/span><\/div><div class=\"icon_text_holder\" style=\"\"><div class=\"icon_text_inner\" style=\"\"><h5 class=\"icon_title\" style=\"color: #818181;\">Location \u00e0 la Semaine<\/h5><p style=''><\/p><\/div><\/div><\/div>[vc_empty_space height=\u00a0\u00bb40px\u00a0\u00bb][\/vc_column_inner][vc_column_inner width=\u00a0\u00bb1\/3&Prime;]<div class='q_icon_with_title large normal_icon center '><div class=\"icon_holder q_icon_animation\" style=\" \"><span data-icon-type=\"normal\"   style=\"\" class=\"qode_iwt_icon_holder q_font_awsome_icon fa-4x  \"><i class=\"qode_icon_font_awesome fa fa-calendar qode_iwt_icon_element\" style=\"\" ><\/i><\/span><\/div><div class=\"icon_text_holder\" style=\"\"><div class=\"icon_text_inner\" style=\"\"><h5 class=\"icon_title\" style=\"color: #818181;\">Location mensuelle<\/h5><p style=''><\/p><\/div><\/div><\/div>[vc_empty_space height=\u00a0\u00bb40px\u00a0\u00bb][\/vc_column_inner][\/vc_row_inner][\/vc_column][\/vc_row][vc_row css_animation=\u00a0\u00bb\u00a0\u00bb row_type=\u00a0\u00bbrow\u00a0\u00bb use_row_as_full_screen_section=\u00a0\u00bbno\u00a0\u00bb type=\u00a0\u00bbgrid\u00a0\u00bb angled_section=\u00a0\u00bbno\u00a0\u00bb text_align=\u00a0\u00bbleft\u00a0\u00bb background_image_as_pattern=\u00a0\u00bbwithout_pattern\u00a0\u00bb row_negative_margin=\u00a0\u00bbdisable_negative_margin\u00a0\u00bb][vc_column width=\u00a0\u00bb1\/2&Prime;][vc_gallery type=\u00a0\u00bbflexslider_slide\u00a0\u00bb interval=\u00a0\u00bb0&Prime; images=\u00a0\u00bb5568,5577,5574&Prime; img_size=\u00a0\u00bbfull\u00a0\u00bb css_animation=\u00a0\u00bbnone\u00a0\u00bb direction_nav=\u00a0\u00bbno\u00a0\u00bb control_nav=\u00a0\u00bbyes\u00a0\u00bb]<div class=\"custom_font_holder\" style=\" font-size: 26px; line-height: 44px; font-style: normal; font-weight: 300; color: #006aa7; text-decoration: none; text-align: left;\">APE V-CURVE<\/div>[vc_column_text]L\u2019<strong>Ape V-Curve<\/strong> \u00e9quip\u00e9 pour le service traiteur est un v\u00e9hicule de grand charme avec une saveur r\u00e8tro, tr\u00e8s recherch\u00e9 non seulement pour ses qualit\u00e9s esth\u00e9tiques, mais aussi pour son \u00e9quipement technique et sa flexibilit\u00e9. Il peut \u00eatre utilis\u00e9 dans les contextes les plus vari\u00e9s: festivals, street marketing, \u00e9v\u00e9nements publics et priv\u00e9s.[\/vc_column_text][vc_separator type=\u00a0\u00bbtransparent\u00a0\u00bb up=\u00a0\u00bb20&Prime; down=\u00a0\u00bb20&Prime;]<div class=\"qode-accordion-holder clearfix qode-toggle qode-initial \">\n\t<h3 class=\"clearfix qode-title-holder\">\n<span class=\"qode-tab-title\">\n\t\t\t<span class=\"qode-tab-title-icon\">\n\t\t\t<i class=\"qode_icon_font_awesome fa fa-cogs \" ><\/i>\t\t<\/span>\n\t    <span class=\"qode-tab-title-inner\">\n        Caract\u00e9ristiques techniques    <\/span>\n<\/span>\n<span class=\"qode-accordion-mark\">\n    <span class=\"qode-accordion-mark-icon\">\n        <span class=\"icon_plus\"><\/span>\n        <span class=\"icon_minus-06\"><\/span>\n    <\/span>\n<\/span>\n<\/h3>\n<div  class=\"qode-accordion-content qode-acc-title-with-icon\" style=\"background-image: url(https:\/\/www.vsveicolispeciali.com\/wp-content\/uploads\/2015\/05\/vs_veicoli-speciali_brevetto_t-curve.png)\">\n    <div class=\"qode-accordion-content-inner\">\n        [vc_column_text][vc_separator type=&rsquo;normal&rsquo; position=&rsquo;center&rsquo; color=\u00a0\u00bb thickness=&rsquo;1&prime; up=&rsquo;0&prime; down=&rsquo;0&prime;]<\/p>\n<p>Couleur blanche<\/p>\n<p>[vc_separator type=&rsquo;normal&rsquo; position=&rsquo;center&rsquo; color=\u00a0\u00bb thickness=&rsquo;1&prime; up=&rsquo;0&prime; down=&rsquo;0&prime;]<\/p>\n<p>Zone cuisine\u00a0<span id=\"result_box\" class=\"short_text\" lang=\"fr\"><span class=\"\">avec hotte<\/span><\/span><\/p>\n<p>[vc_separator type=&rsquo;normal&rsquo; position=&rsquo;center&rsquo; color=\u00a0\u00bb thickness=&rsquo;1&prime; up=&rsquo;0&prime; down=&rsquo;0&prime;]<\/p>\n<p>n\u00b02 r\u00e9frig\u00e9rateurs <span id=\"result_box\" class=\"short_text\" lang=\"fr\"><span class=\"\">de 150 litres chacun<\/span><\/span> (1 porte)<\/p>\n<p>[vc_separator type=&rsquo;normal&rsquo; position=&rsquo;center&rsquo; color=\u00a0\u00bb thickness=&rsquo;1&prime; up=&rsquo;0&prime; down=&rsquo;0&prime;]<\/p>\n<p><span id=\"result_box\" class=\"short_text\" lang=\"fr\"><span class=\"\">\u00c9vier int\u00e9gr\u00e9 avec syst\u00e8me d&rsquo;eau ind\u00e9pendant<\/span><\/span> (eau chaude)<\/p>\n<p>[vc_separator type=&rsquo;normal&rsquo; position=&rsquo;center&rsquo; color=\u00a0\u00bb thickness=&rsquo;1&prime; up=&rsquo;0&prime; down=&rsquo;0&prime;]<\/p>\n<p>Syst\u00e8me \u00e9lectrique 220V 32A<\/p>\n<p>[vc_separator type=&rsquo;normal&rsquo; position=&rsquo;center&rsquo; color=\u00a0\u00bb thickness=&rsquo;1&prime; up=&rsquo;0&prime; down=&rsquo;0&prime;]<\/p>\n<p>Eclairage a LED<\/p>\n<p>[vc_separator type=&rsquo;normal&rsquo; position=&rsquo;center&rsquo; color=\u00a0\u00bb thickness=&rsquo;1&prime; up=&rsquo;0&prime; down=&rsquo;0&prime;][\/vc_column_text]    <\/div>\n<\/div><\/div>[\/vc_column][vc_column width=\u00a0\u00bb1\/2&Prime;][vc_gallery type=\u00a0\u00bbflexslider_slide\u00a0\u00bb interval=\u00a0\u00bb0&Prime; images=\u00a0\u00bb26443,26439&Prime; img_size=\u00a0\u00bbfull\u00a0\u00bb css_animation=\u00a0\u00bbnone\u00a0\u00bb direction_nav=\u00a0\u00bbno\u00a0\u00bb control_nav=\u00a0\u00bbyes\u00a0\u00bb]<div class=\"custom_font_holder\" style=\" font-size: 26px; line-height: 44px; font-style: normal; font-weight: 300; color: #006aa7; text-decoration: none; text-align: left;\">REMORQUE AIRCROME<\/div>[vc_column_text]L&rsquo;<strong>Aircrome<\/strong> est une remorque am\u00e9nag\u00e9e en cuisine mobile, avec un design inspir\u00e9 de l&rsquo;<a href=\"https:\/\/www.vsveicolispeciali.com\/fr\/street-food-truck\/transformation-airstream-en-remorque-cafeteria-mobile-lavazza\/\" target=\"_blank\" rel=\"noopener\">Airstream<\/a>, la l\u00e9gendaire caravane am\u00e9ricaine cr\u00e9\u00e9e dans les ann\u00e9es 1930. \u00c9quip\u00e9e d&rsquo;une cuisine <span class=\"HwtZe\" lang=\"fr\"><span class=\"jCAhz ChMk0b\"><span class=\"ryNqvb\">compl\u00e8te<\/span><\/span><\/span>, elle peut \u00eatre tract\u00e9e par une voiture pour offrir un service de bar et de restauration dans des \u00e9v\u00e9nements priv\u00e9s et publics.[\/vc_column_text][vc_separator type=\u00a0\u00bbtransparent\u00a0\u00bb up=\u00a0\u00bb20&Prime; down=\u00a0\u00bb20&Prime;]<div class=\"qode-accordion-holder clearfix qode-toggle qode-initial \">\n\t<h3 class=\"clearfix qode-title-holder\">\n<span class=\"qode-tab-title\">\n\t\t\t<span class=\"qode-tab-title-icon\">\n\t\t\t<i class=\"qode_icon_font_awesome fa fa-cogs \" ><\/i>\t\t<\/span>\n\t    <span class=\"qode-tab-title-inner\">\n        Caract\u00e9ristiques techniques    <\/span>\n<\/span>\n<span class=\"qode-accordion-mark\">\n    <span class=\"qode-accordion-mark-icon\">\n        <span class=\"icon_plus\"><\/span>\n        <span class=\"icon_minus-06\"><\/span>\n    <\/span>\n<\/span>\n<\/h3>\n<div  class=\"qode-accordion-content qode-acc-title-with-icon\" >\n    <div class=\"qode-accordion-content-inner\">\n        [vc_column_text][vc_separator type=&rsquo;normal&rsquo; position=&rsquo;center&rsquo; color=\u00a0\u00bb thickness=&rsquo;1&prime; up=&rsquo;0&prime; down=&rsquo;0&prime;]<\/p>\n<p>Aircrome \u00e0 double essieu<\/p>\n<p>[vc_separator type=&rsquo;normal&rsquo; position=&rsquo;center&rsquo; color=\u00a0\u00bb thickness=&rsquo;1&prime; up=&rsquo;0&prime; down=&rsquo;0&prime;]<\/p>\n<p>Double \u00e9vier avec syst\u00e8me d&rsquo;eau ind\u00e9pendant et eau chaude<\/p>\n<p>[vc_separator type=&rsquo;normal&rsquo; position=&rsquo;center&rsquo; color=\u00a0\u00bb thickness=&rsquo;1&prime; up=&rsquo;0&prime; down=&rsquo;0&prime;]<\/p>\n<p><span id=\"result_box\" class=\"short_text\" lang=\"fr\"><\/span>R\u00e9frig\u00e9rateur trois portes<\/p>\n<p>[vc_separator type=&rsquo;normal&rsquo; position=&rsquo;center&rsquo; color=\u00a0\u00bb thickness=&rsquo;1&prime; up=&rsquo;0&prime; down=&rsquo;0&prime;]<\/p>\n<p><span id=\"result_box\" class=\"short_text\" lang=\"fr\"><\/span>Syst\u00e8me \u00e9lectrique 220V 32A prot\u00e9g\u00e9 par un disjoncteur<\/p>\n<p>[vc_separator type=&rsquo;normal&rsquo; position=&rsquo;center&rsquo; color=\u00a0\u00bb thickness=&rsquo;1&prime; up=&rsquo;0&prime; down=&rsquo;0&prime;]<\/p>\n<p><span id=\"result_box\" class=\"short_text\" lang=\"fr\"><\/span>\u00c9clairage LED sur 4 lignes<\/p>\n<p>[vc_separator type=&rsquo;normal&rsquo; position=&rsquo;center&rsquo; color=\u00a0\u00bb thickness=&rsquo;1&prime; up=&rsquo;0&prime; down=&rsquo;0&prime;]<\/p>\n<p><span id=\"result_box\" class=\"short_text\" lang=\"fr\"><\/span>Zone cuisine avec hotte de 1,8 m\u00e8tre<\/p>\n<p>[vc_separator type=&rsquo;normal&rsquo; position=&rsquo;center&rsquo; color=\u00a0\u00bb thickness=&rsquo;1&prime; up=&rsquo;0&prime; down=&rsquo;0&prime;]<\/p>\n<p><span id=\"result_box\" class=\"short_text\" lang=\"fr\"><\/span>Syst\u00e8me \u00e0 gaz[\/vc_column_text]    <\/div>\n<\/div><\/div>[\/vc_column][\/vc_row][vc_row css_animation=\u00a0\u00bb\u00a0\u00bb row_type=\u00a0\u00bbrow\u00a0\u00bb use_row_as_full_screen_section=\u00a0\u00bbno\u00a0\u00bb type=\u00a0\u00bbgrid\u00a0\u00bb angled_section=\u00a0\u00bbno\u00a0\u00bb text_align=\u00a0\u00bbcenter\u00a0\u00bb background_image_as_pattern=\u00a0\u00bbwithout_pattern\u00a0\u00bb row_negative_margin=\u00a0\u00bbdisable_negative_margin\u00a0\u00bb][vc_column][vc_empty_space height=\u00a0\u00bb100px\u00a0\u00bb][vc_text_separator title=\u00a0\u00bbCOMMENT LOUER UN FOOD TRUCK\u00a0\u00bb i_icon_monosocial=\u00a0\u00bbvc-mono vc-mono-heart\u00a0\u00bb css_animation=\u00a0\u00bbbounceInDown\u00a0\u00bb border=\u00a0\u00bbyes\u00a0\u00bb border_color=\u00a0\u00bb#ececec\u00a0\u00bb title_color=\u00a0\u00bb#006aa7&Prime; background_color=\u00a0\u00bb#ffffff\u00a0\u00bb][vc_empty_space height=\u00a0\u00bb20px\u00a0\u00bb]<div class=\"custom_font_holder\" style=\" font-size: 20px; line-height: 34px; font-style: normal; font-weight: 300; text-decoration: none; text-align: center;\">La <strong>location de votre food truck<\/strong> est tr\u00e8s simple et rapide. Remplissez le formulaire indiquant <span class=\"HwtZe\" lang=\"fr\"><span class=\"jCAhz ChMk0b\"><span class=\"ryNqvb\">le type de v\u00e9hicule<\/span><\/span><\/span> que vous voulez et la p\u00e9riode exacte de la demande, nous vous r\u00e9pondrons rapidement en vous donnant la <strong>disponibilit\u00e9 et l&rsquo;estimation des co\u00fbts<\/strong>.<\/div>[vc_empty_space height=\u00a0\u00bb60px\u00a0\u00bb][vc_row_inner row_type=\u00a0\u00bbrow\u00a0\u00bb type=\u00a0\u00bbfull_width\u00a0\u00bb text_align=\u00a0\u00bbleft\u00a0\u00bb css_animation=\u00a0\u00bb\u00a0\u00bb][vc_column_inner offset=\u00a0\u00bbvc_col-lg-offset-2 vc_col-lg-8&Prime;]\n<div class=\"wpcf7 no-js\" id=\"wpcf7-f5761-o1\" lang=\"it-IT\" dir=\"ltr\">\n<div class=\"screen-reader-response\"><p role=\"status\" aria-live=\"polite\" aria-atomic=\"true\"><\/p> <ul><\/ul><\/div>\n<form action=\"\/fr\/wp-json\/wp\/v2\/pages\/5696#wpcf7-f5761-o1\" method=\"post\" class=\"wpcf7-form init cf7_custom_style_1\" aria-label=\"Modulo di contatto\" novalidate=\"novalidate\" data-status=\"init\">\n<div style=\"display: none;\">\n<input type=\"hidden\" name=\"_wpcf7\" value=\"5761\" \/>\n<input type=\"hidden\" name=\"_wpcf7_version\" value=\"5.9.8\" \/>\n<input type=\"hidden\" name=\"_wpcf7_locale\" value=\"it_IT\" \/>\n<input type=\"hidden\" name=\"_wpcf7_unit_tag\" value=\"wpcf7-f5761-o1\" \/>\n<input type=\"hidden\" name=\"_wpcf7_container_post\" value=\"0\" \/>\n<input type=\"hidden\" name=\"_wpcf7_posted_data_hash\" value=\"\" \/>\n<input type=\"hidden\" name=\"_wpcf7_recaptcha_response\" value=\"\" \/>\n<\/div>\n<p class=\"input-p\"><span class=\"wpcf7-form-control-wrap\" data-name=\"your-name\"><input size=\"40\" maxlength=\"400\" class=\"wpcf7-form-control wpcf7-text wpcf7-validates-as-required input-vs\" aria-required=\"true\" aria-invalid=\"false\" placeholder=\"Nom et Pr\u00e8nom*\" value=\"\" type=\"text\" name=\"your-name\" \/><\/span>\n<\/p>\n<p class=\"input-p\"><span class=\"wpcf7-form-control-wrap\" data-name=\"your-email\"><input size=\"40\" maxlength=\"400\" class=\"wpcf7-form-control wpcf7-email wpcf7-validates-as-required wpcf7-text wpcf7-validates-as-email input-vs\" aria-required=\"true\" aria-invalid=\"false\" placeholder=\"E-mail*\" value=\"\" type=\"email\" name=\"your-email\" \/><\/span>\n<\/p>\n<p class=\"input-p\"><span class=\"wpcf7-form-control-wrap\" data-name=\"your-vat\"><input size=\"40\" maxlength=\"400\" class=\"wpcf7-form-control wpcf7-text wpcf7-validates-as-required input-vs\" aria-required=\"true\" aria-invalid=\"false\" placeholder=\"T.V.A \/ C.F.*\" value=\"\" type=\"text\" name=\"your-vat\" \/><\/span>\n<\/p>\n<p class=\"input-p\"><span class=\"wpcf7-form-control-wrap\" data-name=\"your-location\"><input size=\"40\" maxlength=\"400\" class=\"wpcf7-form-control wpcf7-text wpcf7-validates-as-required input-vs\" aria-required=\"true\" aria-invalid=\"false\" placeholder=\"Ville et\/ou \u00e9v\u00e9nement*\" value=\"\" type=\"text\" name=\"your-location\" \/><\/span>\n<\/p>\n<p class=\"input-p\"><span class=\"wpcf7-form-control-wrap\" data-name=\"date-690\"><input class=\"wpcf7-form-control wpcf7-date wpcf7-validates-as-required wpcf7-validates-as-date input-vs\" aria-required=\"true\" aria-invalid=\"false\" placeholder=\"\u00e0 partir de*\" value=\"\" type=\"date\" name=\"date-690\" \/><\/span>\n<\/p>\n<p class=\"input-p\"><span class=\"wpcf7-form-control-wrap\" data-name=\"date-691\"><input class=\"wpcf7-form-control wpcf7-date wpcf7-validates-as-required wpcf7-validates-as-date input-vs\" aria-required=\"true\" aria-invalid=\"false\" placeholder=\"jusqu&#039;au*\" value=\"\" type=\"date\" name=\"date-691\" \/><\/span>\n<\/p>\n<p class=\"input-p\"><span class=\"wpcf7-form-control-wrap\" data-name=\"menu-746\"><select class=\"wpcf7-form-control wpcf7-select wpcf7-validates-as-required input-vs\" aria-required=\"true\" aria-invalid=\"false\" name=\"menu-746\"><option value=\"S\u00e9lectionnez l\u2019ape*\">S\u00e9lectionnez l\u2019ape*<\/option><option value=\"Ape V-Curve\">Ape V-Curve<\/option><option value=\"Ape Calessino\">Ape Calessino<\/option><\/select><\/span>\n<\/p>\n<p class=\"input-p\"><span class=\"wpcf7-form-control-wrap\" data-name=\"number-25\"><input class=\"wpcf7-form-control wpcf7-number wpcf7-validates-as-required wpcf7-validates-as-number input-vs\" min=\"1\" aria-required=\"true\" aria-invalid=\"false\" placeholder=\"Num\u00e9ro de ape\" value=\"\" type=\"number\" name=\"number-25\" \/><\/span>\n<\/p>\n<p class=\"input-p\" style=\"width: 100% !important;\"><span class=\"wpcf7-form-control-wrap\" data-name=\"menu-747\"><select class=\"wpcf7-form-control wpcf7-select wpcf7-validates-as-required input-vs\" aria-required=\"true\" aria-invalid=\"false\" name=\"menu-747\"><option value=\"Transport inclus?*\">Transport inclus?*<\/option><option value=\"OUI\">OUI<\/option><option value=\"NO\">NO<\/option><\/select><\/span>\n<\/p>\n<p><span class=\"wpcf7-form-control-wrap\" data-name=\"your-message\"><textarea cols=\"40\" rows=\"10\" maxlength=\"2000\" class=\"wpcf7-form-control wpcf7-textarea textarea-vs\" aria-invalid=\"false\" placeholder=\"Message\" name=\"your-message\"><\/textarea><\/span>\n<\/p>\n<p>\n<span class=\"wpcf7-form-control-wrap recaptcha\" data-name=\"recaptcha\"><span data-sitekey=\"6LeIiZwiAAAAACd2pPtYD2wU4T4tbozMDQosefFn\" class=\"wpcf7-form-control wpcf7-recaptcha g-recaptcha\"><\/span>\r\n<noscript>\r\n\t<div class=\"grecaptcha-noscript\">\r\n\t\t<iframe loading=\"lazy\" src=\"https:\/\/www.google.com\/recaptcha\/api\/fallback?k=6LeIiZwiAAAAACd2pPtYD2wU4T4tbozMDQosefFn\" frameborder=\"0\" scrolling=\"no\" width=\"310\" height=\"430\">\r\n\t\t<\/iframe>\r\n\t\t<textarea name=\"g-recaptcha-response\" rows=\"3\" cols=\"40\" placeholder=\"reCaptcha Response Here\">\r\n\t\t<\/textarea>\r\n\t<\/div>\r\n<\/noscript>\r\n<\/span>\n<\/p>\n<p><span class=\"wpcf7-form-control-wrap\" data-name=\"trattamentodati\"><span class=\"wpcf7-form-control wpcf7-acceptance\"><span class=\"wpcf7-list-item\"><label><input type=\"checkbox\" name=\"trattamentodati\" value=\"1\" class=\"privacy-p\" aria-invalid=\"false\" \/><span class=\"wpcf7-list-item-label\">J\u2019accepte le traitement de mes donn\u00e9es personnelles comme indiqu\u00e9 dans la <a href=\"\/fr\/politique-de-confidentialite\/\" target=\"_blank\" rel=\"noopener\">politique de confidentialit\u00e9<\/a>.<\/span><\/label><\/span><\/span><\/span>\n<\/p>\n<p><input class=\"wpcf7-form-control wpcf7-submit has-spinner submit-invia\" type=\"submit\" value=\"Envoi\" \/>\n<\/p><div class=\"wpcf7-response-output\" aria-hidden=\"true\"><\/div>\n<\/form>\n<\/div>\n[\/vc_column_inner][\/vc_row_inner]<a  itemprop=\"url\" href=\"http:\/\/www.vsveicolispeciali.com\/wp-content\/uploads\/2017\/11\/Condizioni-noleggio-VS-Veicoli-Speciali_.pdf\" target=\"_blank\"  class=\"qbutton  center default\" style=\"margin: 50px 0 0 0; \">Pour Plus d'informations sur les conditions de location cliquez ici<i class=\"qode_icon_font_awesome fa fa-download qode_button_icon_element\" style=\"\" ><\/i><\/a>[vc_empty_space height=\u00a0\u00bb120px\u00a0\u00bb][\/vc_column][\/vc_row][vc_row css_animation=\u00a0\u00bb\u00a0\u00bb row_type=\u00a0\u00bbrow\u00a0\u00bb use_row_as_full_screen_section=\u00a0\u00bbno\u00a0\u00bb type=\u00a0\u00bbfull_width\u00a0\u00bb angled_section=\u00a0\u00bbno\u00a0\u00bb text_align=\u00a0\u00bbleft\u00a0\u00bb background_image_as_pattern=\u00a0\u00bbwithout_pattern\u00a0\u00bb el_class=\u00a0\u00bbnascondi\u00a0\u00bb][vc_column]<div class=\"call_to_action normal\" style=\"padding-top: 40px;padding-bottom: 40px;\"><div class=\"container_inner\"><div class=\"two_columns_75_25 clearfix\"><div class=\"text_wrapper column1\"><div class=\"call_to_action_text  font_size_inherit font_weight_inherit\" style=\"font-size:18px;font-weight: 300;\">Pour plus d&rsquo;informations sur les co\u00fbts et la disponibilit\u00e9, contactez-nous &gt; <a style=\"color: #ffffff; text-decoration: none;\" href=\"mailto:noleggio@vsveicolispeciali.com\">noleggio@vsveicolispeciali.com<\/a><\/div><\/div><div class=\"button_wrapper column2\"><a itemprop=\"url\" href=\"mailto:noleggio@vsveicolispeciali.com\" class=\"qbutton white \" target=\"\" style=\"\">Contattaci<\/a><\/div><\/div><\/div><\/div>[\/vc_column][\/vc_row]<\/p>\n<\/div>","protected":false},"excerpt":{"rendered":"<p>[vc_row css_animation=\u00a0\u00bb\u00a0\u00bb row_type=\u00a0\u00bbrow\u00a0\u00bb use_row_as_full_screen_section=\u00a0\u00bbno\u00a0\u00bb type=\u00a0\u00bbgrid\u00a0\u00bb angled_section=\u00a0\u00bbno\u00a0\u00bb text_align=\u00a0\u00bbleft\u00a0\u00bb background_image_as_pattern=\u00a0\u00bbwithout_pattern\u00a0\u00bb][vc_column][vc_empty_space height=\u00a0\u00bb90px\u00a0\u00bb][vc_row_inner row_type=\u00a0\u00bbrow\u00a0\u00bb type=\u00a0\u00bbgrid\u00a0\u00bb text_align=\u00a0\u00bbleft\u00a0\u00bb row_negative_margin=\u00a0\u00bbdisable_negative_margin\u00a0\u00bb css_animation=\u00a0\u00bb\u00a0\u00bb][vc_column_inner][vc_separator type=\u00a0\u00bbsmall\u00a0\u00bb position=\u00a0\u00bbcenter\u00a0\u00bb][\/vc_column_inner][\/vc_row_inner][vc_empty_space height=\u00a0\u00bb60px\u00a0\u00bb][vc_text_separator title=\u00a0\u00bbCHOISISSEZ VOTRE FOOD TRUCK\u00a0\u00bb i_icon_monosocial=\u00a0\u00bbvc-mono vc-mono-heart\u00a0\u00bb css_animation=\u00a0\u00bbbounceInDown\u00a0\u00bb border=\u00a0\u00bbyes\u00a0\u00bb border_color=\u00a0\u00bb#ececec\u00a0\u00bb title_color=\u00a0\u00bb#006aa7&Prime; background_color=\u00a0\u00bb#ffffff\u00a0\u00bb][vc_empty_space height=\u00a0\u00bb20px\u00a0\u00bb][vc_row_inner row_type=\u00a0\u00bbrow\u00a0\u00bb type=\u00a0\u00bbgrid\u00a0\u00bb text_align=\u00a0\u00bbcenter\u00a0\u00bb css_animation=\u00a0\u00bb\u00a0\u00bb el_class=\u00a0\u00bbnascondi\u00a0\u00bb][vc_column_inner width=\u00a0\u00bb1\/3&Prime;][vc_empty_space height=\u00a0\u00bb40px\u00a0\u00bb][\/vc_column_inner][vc_column_inner width=\u00a0\u00bb1\/3&Prime;][vc_empty_space height=\u00a0\u00bb40px\u00a0\u00bb][\/vc_column_inner][vc_column_inner width=\u00a0\u00bb1\/3&Prime;][vc_empty_space height=\u00a0\u00bb40px\u00a0\u00bb][\/vc_column_inner][\/vc_row_inner][\/vc_column][\/vc_row][vc_row css_animation=\u00a0\u00bb\u00a0\u00bb row_type=\u00a0\u00bbrow\u00a0\u00bb use_row_as_full_screen_section=\u00a0\u00bbno\u00a0\u00bb type=\u00a0\u00bbgrid\u00a0\u00bb angled_section=\u00a0\u00bbno\u00a0\u00bb&#8230;<\/p>\n","protected":false},"author":1001012,"featured_media":0,"parent":0,"menu_order":4,"comment_status":"closed","ping_status":"closed","template":"full_width.php","meta":{"footnotes":""},"class_list":["post-5696","page","type-page","status-publish","hentry"],"yoast_head":"<!-- This site is optimized with the Yoast SEO plugin v25.4 - https:\/\/yoast.com\/wordpress\/plugins\/seo\/ -->\n<title>Location Food Trucks pour \u00c9v\u00e9nements et Street Marketing<\/title>\n<meta name=\"description\" content=\"Location de triporteurs \u00e9v\u00e9nementiels et remorques food truck. Louer un ou plusieurs v\u00e9hicules pour la p\u00e9riode que vous pr\u00e9f\u00e8rez \u00e0 des prix raisonnables\" \/>\n<meta name=\"robots\" content=\"index, follow, max-snippet:-1, max-image-preview:large, max-video-preview:-1\" \/>\n<link rel=\"canonical\" href=\"https:\/\/www.vsveicolispeciali.com\/fr\/location-food-truck-triporteur\/\" \/>\n<meta property=\"og:locale\" content=\"fr_FR\" \/>\n<meta property=\"og:type\" content=\"article\" \/>\n<meta property=\"og:title\" content=\"Location Food Trucks pour \u00c9v\u00e9nements et Street Marketing\" \/>\n<meta property=\"og:description\" content=\"Location de triporteurs \u00e9v\u00e9nementiels et remorques food truck. Louer un ou plusieurs v\u00e9hicules pour la p\u00e9riode que vous pr\u00e9f\u00e8rez \u00e0 des prix raisonnables\" \/>\n<meta property=\"og:url\" content=\"https:\/\/www.vsveicolispeciali.com\/fr\/location-food-truck-triporteur\/\" \/>\n<meta property=\"og:site_name\" content=\"VS Veicoli Speciali\" \/>\n<meta property=\"article:publisher\" content=\"https:\/\/www.facebook.com\/VSVeicoliSpeciali.Food.Trucks\/\" \/>\n<meta property=\"article:modified_time\" content=\"2024-09-19T20:01:10+00:00\" \/>\n<meta name=\"twitter:card\" content=\"summary_large_image\" \/>\n<meta name=\"twitter:site\" content=\"@veicolispeciali\" \/>\n<meta name=\"twitter:label1\" content=\"Dur\u00e9e de lecture estim\u00e9e\" \/>\n\t<meta name=\"twitter:data1\" content=\"5 minutes\" \/>\n<script type=\"application\/ld+json\" class=\"yoast-schema-graph\">{\"@context\":\"https:\/\/schema.org\",\"@graph\":[{\"@type\":\"WebPage\",\"@id\":\"https:\/\/www.vsveicolispeciali.com\/fr\/location-food-truck-triporteur\/\",\"url\":\"https:\/\/www.vsveicolispeciali.com\/fr\/location-food-truck-triporteur\/\",\"name\":\"Location Food Trucks pour \u00c9v\u00e9nements et Street Marketing\",\"isPartOf\":{\"@id\":\"https:\/\/www.vsveicolispeciali.com\/fr\/#website\"},\"datePublished\":\"2017-11-03T11:02:14+00:00\",\"dateModified\":\"2024-09-19T20:01:10+00:00\",\"description\":\"Location de triporteurs \u00e9v\u00e9nementiels et remorques food truck. Louer un ou plusieurs v\u00e9hicules pour la p\u00e9riode que vous pr\u00e9f\u00e8rez \u00e0 des prix raisonnables\",\"breadcrumb\":{\"@id\":\"https:\/\/www.vsveicolispeciali.com\/fr\/location-food-truck-triporteur\/#breadcrumb\"},\"inLanguage\":\"fr-FR\",\"potentialAction\":[{\"@type\":\"ReadAction\",\"target\":[\"https:\/\/www.vsveicolispeciali.com\/fr\/location-food-truck-triporteur\/\"]}]},{\"@type\":\"BreadcrumbList\",\"@id\":\"https:\/\/www.vsveicolispeciali.com\/fr\/location-food-truck-triporteur\/#breadcrumb\",\"itemListElement\":[{\"@type\":\"ListItem\",\"position\":1,\"name\":\"Home\",\"item\":\"https:\/\/www.vsveicolispeciali.com\/fr\/\"},{\"@type\":\"ListItem\",\"position\":2,\"name\":\"Location food truck\"}]},{\"@type\":\"WebSite\",\"@id\":\"https:\/\/www.vsveicolispeciali.com\/fr\/#website\",\"url\":\"https:\/\/www.vsveicolispeciali.com\/fr\/\",\"name\":\"VS Veicoli Speciali\",\"description\":\"\",\"publisher\":{\"@id\":\"https:\/\/www.vsveicolispeciali.com\/fr\/#organization\"},\"potentialAction\":[{\"@type\":\"SearchAction\",\"target\":{\"@type\":\"EntryPoint\",\"urlTemplate\":\"https:\/\/www.vsveicolispeciali.com\/fr\/?s={search_term_string}\"},\"query-input\":{\"@type\":\"PropertyValueSpecification\",\"valueRequired\":true,\"valueName\":\"search_term_string\"}}],\"inLanguage\":\"fr-FR\"},{\"@type\":\"Organization\",\"@id\":\"https:\/\/www.vsveicolispeciali.com\/fr\/#organization\",\"name\":\"VS Veicoli Speciali\",\"url\":\"https:\/\/www.vsveicolispeciali.com\/fr\/\",\"logo\":{\"@type\":\"ImageObject\",\"inLanguage\":\"fr-FR\",\"@id\":\"https:\/\/www.vsveicolispeciali.com\/fr\/#\/schema\/logo\/image\/\",\"url\":\"http:\/\/www.vsveicolispeciali.com\/wp-content\/uploads\/2015\/05\/vs_veicoli_speciali-logo.png\",\"contentUrl\":\"http:\/\/www.vsveicolispeciali.com\/wp-content\/uploads\/2015\/05\/vs_veicoli_speciali-logo.png\",\"width\":252,\"height\":134,\"caption\":\"VS Veicoli Speciali\"},\"image\":{\"@id\":\"https:\/\/www.vsveicolispeciali.com\/fr\/#\/schema\/logo\/image\/\"},\"sameAs\":[\"https:\/\/www.facebook.com\/VSVeicoliSpeciali.Food.Trucks\/\",\"https:\/\/x.com\/veicolispeciali\",\"https:\/\/www.instagram.com\/vs_veicolispeciali\/\",\"https:\/\/www.linkedin.com\/company\/2811960\/\",\"https:\/\/www.pinterest.com\/streetfoodtruck\/\",\"https:\/\/www.youtube.com\/user\/veicolispeciali\"]}]}<\/script>\n<!-- \/ Yoast SEO plugin. -->","yoast_head_json":{"title":"Location Food Trucks pour \u00c9v\u00e9nements et Street Marketing","description":"Location de triporteurs \u00e9v\u00e9nementiels et remorques food truck. Louer un ou plusieurs v\u00e9hicules pour la p\u00e9riode que vous pr\u00e9f\u00e8rez \u00e0 des prix raisonnables","robots":{"index":"index","follow":"follow","max-snippet":"max-snippet:-1","max-image-preview":"max-image-preview:large","max-video-preview":"max-video-preview:-1"},"canonical":"https:\/\/www.vsveicolispeciali.com\/fr\/location-food-truck-triporteur\/","og_locale":"fr_FR","og_type":"article","og_title":"Location Food Trucks pour \u00c9v\u00e9nements et Street Marketing","og_description":"Location de triporteurs \u00e9v\u00e9nementiels et remorques food truck. Louer un ou plusieurs v\u00e9hicules pour la p\u00e9riode que vous pr\u00e9f\u00e8rez \u00e0 des prix raisonnables","og_url":"https:\/\/www.vsveicolispeciali.com\/fr\/location-food-truck-triporteur\/","og_site_name":"VS Veicoli Speciali","article_publisher":"https:\/\/www.facebook.com\/VSVeicoliSpeciali.Food.Trucks\/","article_modified_time":"2024-09-19T20:01:10+00:00","twitter_card":"summary_large_image","twitter_site":"@veicolispeciali","twitter_misc":{"Dur\u00e9e de lecture estim\u00e9e":"5 minutes"},"schema":{"@context":"https:\/\/schema.org","@graph":[{"@type":"WebPage","@id":"https:\/\/www.vsveicolispeciali.com\/fr\/location-food-truck-triporteur\/","url":"https:\/\/www.vsveicolispeciali.com\/fr\/location-food-truck-triporteur\/","name":"Location Food Trucks pour \u00c9v\u00e9nements et Street Marketing","isPartOf":{"@id":"https:\/\/www.vsveicolispeciali.com\/fr\/#website"},"datePublished":"2017-11-03T11:02:14+00:00","dateModified":"2024-09-19T20:01:10+00:00","description":"Location de triporteurs \u00e9v\u00e9nementiels et remorques food truck. Louer un ou plusieurs v\u00e9hicules pour la p\u00e9riode que vous pr\u00e9f\u00e8rez \u00e0 des prix raisonnables","breadcrumb":{"@id":"https:\/\/www.vsveicolispeciali.com\/fr\/location-food-truck-triporteur\/#breadcrumb"},"inLanguage":"fr-FR","potentialAction":[{"@type":"ReadAction","target":["https:\/\/www.vsveicolispeciali.com\/fr\/location-food-truck-triporteur\/"]}]},{"@type":"BreadcrumbList","@id":"https:\/\/www.vsveicolispeciali.com\/fr\/location-food-truck-triporteur\/#breadcrumb","itemListElement":[{"@type":"ListItem","position":1,"name":"Home","item":"https:\/\/www.vsveicolispeciali.com\/fr\/"},{"@type":"ListItem","position":2,"name":"Location food truck"}]},{"@type":"WebSite","@id":"https:\/\/www.vsveicolispeciali.com\/fr\/#website","url":"https:\/\/www.vsveicolispeciali.com\/fr\/","name":"VS Veicoli Speciali","description":"","publisher":{"@id":"https:\/\/www.vsveicolispeciali.com\/fr\/#organization"},"potentialAction":[{"@type":"SearchAction","target":{"@type":"EntryPoint","urlTemplate":"https:\/\/www.vsveicolispeciali.com\/fr\/?s={search_term_string}"},"query-input":{"@type":"PropertyValueSpecification","valueRequired":true,"valueName":"search_term_string"}}],"inLanguage":"fr-FR"},{"@type":"Organization","@id":"https:\/\/www.vsveicolispeciali.com\/fr\/#organization","name":"VS Veicoli Speciali","url":"https:\/\/www.vsveicolispeciali.com\/fr\/","logo":{"@type":"ImageObject","inLanguage":"fr-FR","@id":"https:\/\/www.vsveicolispeciali.com\/fr\/#\/schema\/logo\/image\/","url":"http:\/\/www.vsveicolispeciali.com\/wp-content\/uploads\/2015\/05\/vs_veicoli_speciali-logo.png","contentUrl":"http:\/\/www.vsveicolispeciali.com\/wp-content\/uploads\/2015\/05\/vs_veicoli_speciali-logo.png","width":252,"height":134,"caption":"VS Veicoli Speciali"},"image":{"@id":"https:\/\/www.vsveicolispeciali.com\/fr\/#\/schema\/logo\/image\/"},"sameAs":["https:\/\/www.facebook.com\/VSVeicoliSpeciali.Food.Trucks\/","https:\/\/x.com\/veicolispeciali","https:\/\/www.instagram.com\/vs_veicolispeciali\/","https:\/\/www.linkedin.com\/company\/2811960\/","https:\/\/www.pinterest.com\/streetfoodtruck\/","https:\/\/www.youtube.com\/user\/veicolispeciali"]}]}},"_links":{"self":[{"href":"https:\/\/www.vsveicolispeciali.com\/fr\/wp-json\/wp\/v2\/pages\/5696"}],"collection":[{"href":"https:\/\/www.vsveicolispeciali.com\/fr\/wp-json\/wp\/v2\/pages"}],"about":[{"href":"https:\/\/www.vsveicolispeciali.com\/fr\/wp-json\/wp\/v2\/types\/page"}],"author":[{"embeddable":true,"href":"https:\/\/www.vsveicolispeciali.com\/fr\/wp-json\/wp\/v2\/users\/1001012"}],"replies":[{"embeddable":true,"href":"https:\/\/www.vsveicolispeciali.com\/fr\/wp-json\/wp\/v2\/comments?post=5696"}],"version-history":[{"count":5,"href":"https:\/\/www.vsveicolispeciali.com\/fr\/wp-json\/wp\/v2\/pages\/5696\/revisions"}],"predecessor-version":[{"id":26467,"href":"https:\/\/www.vsveicolispeciali.com\/fr\/wp-json\/wp\/v2\/pages\/5696\/revisions\/26467"}],"wp:attachment":[{"href":"https:\/\/www.vsveicolispeciali.com\/fr\/wp-json\/wp\/v2\/media?parent=5696"}],"curies":[{"name":"wp","href":"https:\/\/api.w.org\/{rel}","templated":true}]}}