{"id":3722,"date":"2015-11-20T01:13:17","date_gmt":"2015-11-20T00:13:17","guid":{"rendered":"http:\/\/www.vsveicolispeciali.com\/allestimenti-street-food\/veicoli-pubblicitari-promozionali-e-commerciali\/"},"modified":"2023-03-12T17:31:27","modified_gmt":"2023-03-12T16:31:27","slug":"boutique-nomade-camion-evenementiel","status":"publish","type":"page","link":"https:\/\/www.vsveicolispeciali.com\/fr\/amenagement-vehicules-magasin-commerce-ambulant\/boutique-nomade-camion-evenementiel\/","title":{"rendered":"Camions-boutiques et v\u00e9hicules \u00e9v\u00e9nementiels"},"content":{"rendered":"<div class=\"wpb-content-wrapper\"><p>[vc_row css_animation=\u00a0\u00bb\u00a0\u00bb row_type=\u00a0\u00bbrow\u00a0\u00bb use_row_as_full_screen_section=\u00a0\u00bbno\u00a0\u00bb type=\u00a0\u00bbgrid\u00a0\u00bb angled_section=\u00a0\u00bbno\u00a0\u00bb text_align=\u00a0\u00bbleft\u00a0\u00bb background_image_as_pattern=\u00a0\u00bbwithout_pattern\u00a0\u00bb][vc_column][vc_separator type=\u00a0\u00bbtransparent\u00a0\u00bb thickness=\u00a0\u00bb90&Prime; up=\u00a0\u00bb0&Prime; down=\u00a0\u00bb0&Prime;][vc_column_text]<\/p>\n<h2 style=\"text-align: center;\">Am\u00e9nagement de PROMO TRUCKS<\/h2>\n<p>[\/vc_column_text][vc_separator type=\u00a0\u00bbsmall\u00a0\u00bb position=\u00a0\u00bbcenter\u00a0\u00bb][vc_row_inner row_type=\u00a0\u00bbrow\u00a0\u00bb type=\u00a0\u00bbfull_width\u00a0\u00bb text_align=\u00a0\u00bbleft\u00a0\u00bb css_animation=\u00a0\u00bb\u00a0\u00bb][vc_column_inner width=\u00a0\u00bb1\/2&Prime;][vc_column_text]Le secteur des\u00a0<strong>v\u00e9hicules promotionnels<\/strong> et des <strong>camions-boutiques<\/strong>\u00a0sont en grande expansion et montrent une tendance \u00e0 converger l\u2019un vers l\u2019autre. La vente de produits et la promotion de marques vont de pair, pensez aux camions \u00e9v\u00e9nementiels ou\u00a0PROMO TRUCKS.\u00a0L\u2019am\u00e9nagement de boutiques nomades pour\u00a0vente au d\u00e9tail et promotion dans les \u00e9v\u00e9nements repose sur la connaissance des[\/vc_column_text][\/vc_column_inner][vc_column_inner width=\u00a0\u00bb1\/2&Prime;][vc_column_text]probl\u00e8mes auxquels les marchands ambulants sont confront\u00e9s dans la r\u00e9alisation de <a href=\"http:\/\/www.vsveicolispeciali.com\/fr\/amenagement-vehicules-magasin-commerce-ambulant\/\" target=\"_blank\" rel=\"noopener noreferrer\">camions-magasins<\/a> non seulement confortables, fonctionnels mais chics. En parall\u00e8le, les v\u00e9hicules commerciaux requi\u00e8rent une conception qui en exalte les qualit\u00e9s esth\u00e9tiques et de communication sans pour autant n\u00e9gliger le c\u00f4t\u00e9 pratique. D\u00e9crivez-nous vos besoins et demandez toute de suite votre\u00a0<strong>devis personnalis\u00e9<\/strong>.[\/vc_column_text][\/vc_column_inner][\/vc_row_inner][vc_separator type=\u00a0\u00bbtransparent\u00a0\u00bb thickness=\u00a0\u00bb90&Prime; up=\u00a0\u00bb0&Prime; down=\u00a0\u00bb0&Prime;][\/vc_column][\/vc_row][vc_row css_animation=\u00a0\u00bb\u00a0\u00bb row_type=\u00a0\u00bbrow\u00a0\u00bb use_row_as_full_screen_section=\u00a0\u00bbno\u00a0\u00bb type=\u00a0\u00bbfull_width\u00a0\u00bb angled_section=\u00a0\u00bbno\u00a0\u00bb text_align=\u00a0\u00bbleft\u00a0\u00bb background_image_as_pattern=\u00a0\u00bbwithout_pattern\u00a0\u00bb][vc_column]<div class='projects_holder_outer v5 portfolio_with_space portfolio_with_hover_text'><div class='projects_holder portfolio_main_holder clearfix v5 hover_text portfolio_full_image portfolio_one_by_one'>\n<article class='mix portfolio_category_35 ' style=''><div class='image_holder'><a itemprop='url' class='portfolio_link_for_touch' href='https:\/\/www.vsveicolispeciali.com\/fr\/street-food-truck\/camion-bureau-mobile-blois-chambord\/' target='_self'><span class='image'><img loading=\"lazy\" decoding=\"async\" width=\"1000\" height=\"800\" src=\"https:\/\/www.vsveicolispeciali.com\/wp-content\/uploads\/2025\/05\/veicolo-promozionale-blois-chambord.jpg\" class=\"attachment-full size-full wp-post-image\" alt=\"Camion Bureau Mobile Blois Chambord Ch\u00e2teaux de la Loire\" srcset=\"https:\/\/www.vsveicolispeciali.com\/wp-content\/uploads\/2025\/05\/veicolo-promozionale-blois-chambord.jpg 1000w, https:\/\/www.vsveicolispeciali.com\/wp-content\/uploads\/2025\/05\/veicolo-promozionale-blois-chambord-300x240.jpg 300w, https:\/\/www.vsveicolispeciali.com\/wp-content\/uploads\/2025\/05\/veicolo-promozionale-blois-chambord-768x614.jpg 768w, https:\/\/www.vsveicolispeciali.com\/wp-content\/uploads\/2025\/05\/veicolo-promozionale-blois-chambord-700x560.jpg 700w\" sizes=\"(max-width: 1000px) 100vw, 1000px\" \/><\/span><\/a><span class='text_holder'><span class='text_outer'><span class='text_inner'><div class=\"hover_feature_holder_title\"><div class=\"hover_feature_holder_title_inner\"><h5 itemprop=\"name\" class=\"portfolio_title entry_title\"><a itemprop=\"url\" href=\"https:\/\/www.vsveicolispeciali.com\/fr\/street-food-truck\/camion-bureau-mobile-blois-chambord\/\"  target=\"_self\">Camion Bureau Mobile Blois Chambord<\/a><\/h5><div  class=\"portfolio_separator separator  small center\"><\/div><span class=\"project_category\" >Camions Boutique et Promo<\/span><\/div><\/div><span class='feature_holder'><span class=\"feature_holder_icons\"><a itemprop='url' class='preview qbutton small white' href='https:\/\/www.vsveicolispeciali.com\/fr\/street-food-truck\/camion-bureau-mobile-blois-chambord\/' target='_self'>view<\/a><span class='portfolio_like qbutton small white'><a  href=\"#\" class=\"qode-like\" id=\"qode-like-27971\" title=\"Like this\">4<span>  Likes<\/span><\/a><\/span><\/span><\/span><\/span><\/span><\/span><\/div><\/article>\n<article class='mix portfolio_category_35 ' style=''><div class='image_holder'><a itemprop='url' class='portfolio_link_for_touch' href='https:\/\/www.vsveicolispeciali.com\/fr\/street-food-truck\/event-truck-dolce-gabbana\/' target='_self'><span class='image'><img loading=\"lazy\" decoding=\"async\" width=\"1000\" height=\"800\" src=\"https:\/\/www.vsveicolispeciali.com\/wp-content\/uploads\/2024\/10\/Event-Truck-Dolce-e-Gabbana.jpg\" class=\"attachment-full size-full wp-post-image\" alt=\"Event Truck Dolce &amp; Gabbana une Configuration de Luxe\" srcset=\"https:\/\/www.vsveicolispeciali.com\/wp-content\/uploads\/2024\/10\/Event-Truck-Dolce-e-Gabbana.jpg 1000w, https:\/\/www.vsveicolispeciali.com\/wp-content\/uploads\/2024\/10\/Event-Truck-Dolce-e-Gabbana-300x240.jpg 300w, https:\/\/www.vsveicolispeciali.com\/wp-content\/uploads\/2024\/10\/Event-Truck-Dolce-e-Gabbana-768x614.jpg 768w, https:\/\/www.vsveicolispeciali.com\/wp-content\/uploads\/2024\/10\/Event-Truck-Dolce-e-Gabbana-700x560.jpg 700w\" sizes=\"(max-width: 1000px) 100vw, 1000px\" \/><\/span><\/a><span class='text_holder'><span class='text_outer'><span class='text_inner'><div class=\"hover_feature_holder_title\"><div class=\"hover_feature_holder_title_inner\"><h5 itemprop=\"name\" class=\"portfolio_title entry_title\"><a itemprop=\"url\" href=\"https:\/\/www.vsveicolispeciali.com\/fr\/street-food-truck\/event-truck-dolce-gabbana\/\"  target=\"_self\">Event Truck Dolce &#038; Gabbana<\/a><\/h5><div  class=\"portfolio_separator separator  small center\"><\/div><span class=\"project_category\" >Camions Boutique et Promo<\/span><\/div><\/div><span class='feature_holder'><span class=\"feature_holder_icons\"><a itemprop='url' class='preview qbutton small white' href='https:\/\/www.vsveicolispeciali.com\/fr\/street-food-truck\/event-truck-dolce-gabbana\/' target='_self'>view<\/a><span class='portfolio_like qbutton small white'><a  href=\"#\" class=\"qode-like\" id=\"qode-like-26861\" title=\"Like this\">6<span>  Likes<\/span><\/a><\/span><\/span><\/span><\/span><\/span><\/span><\/div><\/article>\n<article class='mix portfolio_category_32 portfolio_category_35 portfolio_category_83 ' style=''><div class='image_holder'><a itemprop='url' class='portfolio_link_for_touch' href='https:\/\/www.vsveicolispeciali.com\/fr\/street-food-truck\/camion-evenementiel-grohe\/' target='_self'><span class='image'><img loading=\"lazy\" decoding=\"async\" width=\"1000\" height=\"800\" src=\"https:\/\/www.vsveicolispeciali.com\/wp-content\/uploads\/2024\/08\/veicolo-espositivo-pubblicitario-grohe.jpg\" class=\"attachment-full size-full wp-post-image\" alt=\"\" srcset=\"https:\/\/www.vsveicolispeciali.com\/wp-content\/uploads\/2024\/08\/veicolo-espositivo-pubblicitario-grohe.jpg 1000w, https:\/\/www.vsveicolispeciali.com\/wp-content\/uploads\/2024\/08\/veicolo-espositivo-pubblicitario-grohe-300x240.jpg 300w, https:\/\/www.vsveicolispeciali.com\/wp-content\/uploads\/2024\/08\/veicolo-espositivo-pubblicitario-grohe-768x614.jpg 768w, https:\/\/www.vsveicolispeciali.com\/wp-content\/uploads\/2024\/08\/veicolo-espositivo-pubblicitario-grohe-700x560.jpg 700w\" sizes=\"(max-width: 1000px) 100vw, 1000px\" \/><\/span><\/a><span class='text_holder'><span class='text_outer'><span class='text_inner'><div class=\"hover_feature_holder_title\"><div class=\"hover_feature_holder_title_inner\"><h5 itemprop=\"name\" class=\"portfolio_title entry_title\"><a itemprop=\"url\" href=\"https:\/\/www.vsveicolispeciali.com\/fr\/street-food-truck\/camion-evenementiel-grohe\/\"  target=\"_self\">Camion \u00c9v\u00e9nementiel GROHE<\/a><\/h5><div  class=\"portfolio_separator separator  small center\"><\/div><span class=\"project_category\" >Piaggio triporteur, Camions Boutique et Promo, Ape Smart &amp; V-Smart\u00ae<\/span><\/div><\/div><span class='feature_holder'><span class=\"feature_holder_icons\"><a itemprop='url' class='preview qbutton small white' href='https:\/\/www.vsveicolispeciali.com\/fr\/street-food-truck\/camion-evenementiel-grohe\/' target='_self'>view<\/a><span class='portfolio_like qbutton small white'><a  href=\"#\" class=\"qode-like\" id=\"qode-like-26225\" title=\"Like this\">7<span>  Likes<\/span><\/a><\/span><\/span><\/span><\/span><\/span><\/span><\/div><\/article>\n<article class='mix portfolio_category_32 portfolio_category_35 portfolio_category_83 ' style=''><div class='image_holder'><a itemprop='url' class='portfolio_link_for_touch' href='https:\/\/www.vsveicolispeciali.com\/fr\/street-food-truck\/triporteur-magasin-ambulant-puy-du-fou\/' target='_self'><span class='image'><img loading=\"lazy\" decoding=\"async\" width=\"1000\" height=\"800\" src=\"https:\/\/www.vsveicolispeciali.com\/wp-content\/uploads\/2024\/07\/ape-negozio-triporteur-la-motocyclette.jpg\" class=\"attachment-full size-full wp-post-image\" alt=\"Triporteur Magasin Ambulant PUY DU FOU\" srcset=\"https:\/\/www.vsveicolispeciali.com\/wp-content\/uploads\/2024\/07\/ape-negozio-triporteur-la-motocyclette.jpg 1000w, https:\/\/www.vsveicolispeciali.com\/wp-content\/uploads\/2024\/07\/ape-negozio-triporteur-la-motocyclette-300x240.jpg 300w, https:\/\/www.vsveicolispeciali.com\/wp-content\/uploads\/2024\/07\/ape-negozio-triporteur-la-motocyclette-768x614.jpg 768w, https:\/\/www.vsveicolispeciali.com\/wp-content\/uploads\/2024\/07\/ape-negozio-triporteur-la-motocyclette-700x560.jpg 700w\" sizes=\"(max-width: 1000px) 100vw, 1000px\" \/><\/span><\/a><span class='text_holder'><span class='text_outer'><span class='text_inner'><div class=\"hover_feature_holder_title\"><div class=\"hover_feature_holder_title_inner\"><h5 itemprop=\"name\" class=\"portfolio_title entry_title\"><a itemprop=\"url\" href=\"https:\/\/www.vsveicolispeciali.com\/fr\/street-food-truck\/triporteur-magasin-ambulant-puy-du-fou\/\"  target=\"_self\">Triporteur Magasin Ambulant PUY DU FOU<\/a><\/h5><div  class=\"portfolio_separator separator  small center\"><\/div><span class=\"project_category\" >Piaggio triporteur, Camions Boutique et Promo, Ape Smart &amp; V-Smart\u00ae<\/span><\/div><\/div><span class='feature_holder'><span class=\"feature_holder_icons\"><a itemprop='url' class='preview qbutton small white' href='https:\/\/www.vsveicolispeciali.com\/fr\/street-food-truck\/triporteur-magasin-ambulant-puy-du-fou\/' target='_self'>view<\/a><span class='portfolio_like qbutton small white'><a  href=\"#\" class=\"qode-like\" id=\"qode-like-26013\" title=\"Like this\">5<span>  Likes<\/span><\/a><\/span><\/span><\/span><\/span><\/span><\/span><\/div><\/article>\n<article class='mix portfolio_category_34 portfolio_category_35 portfolio_category_103 ' style=''><div class='image_holder'><a itemprop='url' class='portfolio_link_for_touch' href='https:\/\/www.vsveicolispeciali.com\/fr\/street-food-truck\/camion-restaurant-rulli-food\/' target='_self'><span class='image'><img loading=\"lazy\" decoding=\"async\" width=\"1000\" height=\"800\" src=\"https:\/\/www.vsveicolispeciali.com\/wp-content\/uploads\/2024\/07\/Food-Truck-Bar-Cucina-Rulli-Food.jpg\" class=\"attachment-full size-full wp-post-image\" alt=\"Camion Restaurant et Bar Rulli Food\" srcset=\"https:\/\/www.vsveicolispeciali.com\/wp-content\/uploads\/2024\/07\/Food-Truck-Bar-Cucina-Rulli-Food.jpg 1000w, https:\/\/www.vsveicolispeciali.com\/wp-content\/uploads\/2024\/07\/Food-Truck-Bar-Cucina-Rulli-Food-300x240.jpg 300w, https:\/\/www.vsveicolispeciali.com\/wp-content\/uploads\/2024\/07\/Food-Truck-Bar-Cucina-Rulli-Food-768x614.jpg 768w, https:\/\/www.vsveicolispeciali.com\/wp-content\/uploads\/2024\/07\/Food-Truck-Bar-Cucina-Rulli-Food-700x560.jpg 700w\" sizes=\"(max-width: 1000px) 100vw, 1000px\" \/><\/span><\/a><span class='text_holder'><span class='text_outer'><span class='text_inner'><div class=\"hover_feature_holder_title\"><div class=\"hover_feature_holder_title_inner\"><h5 itemprop=\"name\" class=\"portfolio_title entry_title\"><a itemprop=\"url\" href=\"https:\/\/www.vsveicolispeciali.com\/fr\/street-food-truck\/camion-restaurant-rulli-food\/\"  target=\"_self\">Camion Restaurant &#8211; Rulli Food<\/a><\/h5><div  class=\"portfolio_separator separator  small center\"><\/div><span class=\"project_category\" >Food trucks, Camions Boutique et Promo, Eco Food Truck<\/span><\/div><\/div><span class='feature_holder'><span class=\"feature_holder_icons\"><a itemprop='url' class='preview qbutton small white' href='https:\/\/www.vsveicolispeciali.com\/fr\/street-food-truck\/camion-restaurant-rulli-food\/' target='_self'>view<\/a><span class='portfolio_like qbutton small white'><a  href=\"#\" class=\"qode-like\" id=\"qode-like-26008\" title=\"Like this\">8<span>  Likes<\/span><\/a><\/span><\/span><\/span><\/span><\/span><\/span><\/div><\/article>\n<article class='mix portfolio_category_35 ' style=''><div class='image_holder'><a itemprop='url' class='portfolio_link_for_touch' href='https:\/\/www.vsveicolispeciali.com\/fr\/street-food-truck\/ape-triporteur-publicitaire-jugenddienst-bozen-land\/' target='_self'><span class='image'><img loading=\"lazy\" decoding=\"async\" width=\"1000\" height=\"800\" src=\"https:\/\/www.vsveicolispeciali.com\/wp-content\/uploads\/2023\/10\/Ape-Pubblicitaria-Jugenddienst-Bozen-Land.jpg\" class=\"attachment-full size-full wp-post-image\" alt=\"Ape Pubblicitaria Jugenddienst Bozen-Land\" srcset=\"https:\/\/www.vsveicolispeciali.com\/wp-content\/uploads\/2023\/10\/Ape-Pubblicitaria-Jugenddienst-Bozen-Land.jpg 1000w, https:\/\/www.vsveicolispeciali.com\/wp-content\/uploads\/2023\/10\/Ape-Pubblicitaria-Jugenddienst-Bozen-Land-300x240.jpg 300w, https:\/\/www.vsveicolispeciali.com\/wp-content\/uploads\/2023\/10\/Ape-Pubblicitaria-Jugenddienst-Bozen-Land-768x614.jpg 768w, https:\/\/www.vsveicolispeciali.com\/wp-content\/uploads\/2023\/10\/Ape-Pubblicitaria-Jugenddienst-Bozen-Land-700x560.jpg 700w\" sizes=\"(max-width: 1000px) 100vw, 1000px\" \/><\/span><\/a><span class='text_holder'><span class='text_outer'><span class='text_inner'><div class=\"hover_feature_holder_title\"><div class=\"hover_feature_holder_title_inner\"><h5 itemprop=\"name\" class=\"portfolio_title entry_title\"><a itemprop=\"url\" href=\"https:\/\/www.vsveicolispeciali.com\/fr\/street-food-truck\/ape-triporteur-publicitaire-jugenddienst-bozen-land\/\"  target=\"_self\">Ape Triporteur Publicitaire JUGENDDIENST BOZEN-LAND<\/a><\/h5><div  class=\"portfolio_separator separator  small center\"><\/div><span class=\"project_category\" >Camions Boutique et Promo<\/span><\/div><\/div><span class='feature_holder'><span class=\"feature_holder_icons\"><a itemprop='url' class='preview qbutton small white' href='https:\/\/www.vsveicolispeciali.com\/fr\/street-food-truck\/ape-triporteur-publicitaire-jugenddienst-bozen-land\/' target='_self'>view<\/a><span class='portfolio_like qbutton small white'><a  href=\"#\" class=\"qode-like\" id=\"qode-like-24639\" title=\"Like this\">4<span>  Likes<\/span><\/a><\/span><\/span><\/span><\/span><\/span><\/span><\/div><\/article>\n<article class='mix portfolio_category_35 ' style=''><div class='image_holder'><a itemprop='url' class='portfolio_link_for_touch' href='https:\/\/www.vsveicolispeciali.com\/fr\/street-food-truck\/fashion-truck-vintage-christian-dior\/' target='_self'><span class='image'><img loading=\"lazy\" decoding=\"async\" width=\"1000\" height=\"800\" src=\"https:\/\/www.vsveicolispeciali.com\/wp-content\/uploads\/2023\/10\/fashion-truck-vintage-christian-dior.jpg\" class=\"attachment-full size-full wp-post-image\" alt=\"fashion truck vintage christian dior\" srcset=\"https:\/\/www.vsveicolispeciali.com\/wp-content\/uploads\/2023\/10\/fashion-truck-vintage-christian-dior.jpg 1000w, https:\/\/www.vsveicolispeciali.com\/wp-content\/uploads\/2023\/10\/fashion-truck-vintage-christian-dior-300x240.jpg 300w, https:\/\/www.vsveicolispeciali.com\/wp-content\/uploads\/2023\/10\/fashion-truck-vintage-christian-dior-768x614.jpg 768w, https:\/\/www.vsveicolispeciali.com\/wp-content\/uploads\/2023\/10\/fashion-truck-vintage-christian-dior-700x560.jpg 700w\" sizes=\"(max-width: 1000px) 100vw, 1000px\" \/><\/span><\/a><span class='text_holder'><span class='text_outer'><span class='text_inner'><div class=\"hover_feature_holder_title\"><div class=\"hover_feature_holder_title_inner\"><h5 itemprop=\"name\" class=\"portfolio_title entry_title\"><a itemprop=\"url\" href=\"https:\/\/www.vsveicolispeciali.com\/fr\/street-food-truck\/fashion-truck-vintage-christian-dior\/\"  target=\"_self\">Fashion Truck Vintage Christian Dior<\/a><\/h5><div  class=\"portfolio_separator separator  small center\"><\/div><span class=\"project_category\" >Camions Boutique et Promo<\/span><\/div><\/div><span class='feature_holder'><span class=\"feature_holder_icons\"><a itemprop='url' class='preview qbutton small white' href='https:\/\/www.vsveicolispeciali.com\/fr\/street-food-truck\/fashion-truck-vintage-christian-dior\/' target='_self'>view<\/a><span class='portfolio_like qbutton small white'><a  href=\"#\" class=\"qode-like\" id=\"qode-like-24634\" title=\"Like this\">5<span>  Likes<\/span><\/a><\/span><\/span><\/span><\/span><\/span><\/span><\/div><\/article>\n<article class='mix portfolio_category_32 portfolio_category_35 portfolio_category_36 portfolio_category_66 portfolio_category_124 ' style=''><div class='image_holder'><a itemprop='url' class='portfolio_link_for_touch' href='https:\/\/www.vsveicolispeciali.com\/fr\/street-food-truck\/food-truck-evenementiel-armani\/' target='_self'><span class='image'><img loading=\"lazy\" decoding=\"async\" width=\"1000\" height=\"800\" src=\"https:\/\/www.vsveicolispeciali.com\/wp-content\/uploads\/2023\/10\/ape-catering-armani.jpg\" class=\"attachment-full size-full wp-post-image\" alt=\"Food Truck \u00c9v\u00e9nementiel Armani\" srcset=\"https:\/\/www.vsveicolispeciali.com\/wp-content\/uploads\/2023\/10\/ape-catering-armani.jpg 1000w, https:\/\/www.vsveicolispeciali.com\/wp-content\/uploads\/2023\/10\/ape-catering-armani-300x240.jpg 300w, https:\/\/www.vsveicolispeciali.com\/wp-content\/uploads\/2023\/10\/ape-catering-armani-768x614.jpg 768w, https:\/\/www.vsveicolispeciali.com\/wp-content\/uploads\/2023\/10\/ape-catering-armani-700x560.jpg 700w\" sizes=\"(max-width: 1000px) 100vw, 1000px\" \/><\/span><\/a><span class='text_holder'><span class='text_outer'><span class='text_inner'><div class=\"hover_feature_holder_title\"><div class=\"hover_feature_holder_title_inner\"><h5 itemprop=\"name\" class=\"portfolio_title entry_title\"><a itemprop=\"url\" href=\"https:\/\/www.vsveicolispeciali.com\/fr\/street-food-truck\/food-truck-evenementiel-armani\/\"  target=\"_self\">Food Truck \u00c9v\u00e9nementiel Armani<\/a><\/h5><div  class=\"portfolio_separator separator  small center\"><\/div><span class=\"project_category\" >Piaggio triporteur, Camions Boutique et Promo, V\u00e9hicules \u00e9lectriques, Ape V-Curve\u00ae, Street Food<\/span><\/div><\/div><span class='feature_holder'><span class=\"feature_holder_icons\"><a itemprop='url' class='preview qbutton small white' href='https:\/\/www.vsveicolispeciali.com\/fr\/street-food-truck\/food-truck-evenementiel-armani\/' target='_self'>view<\/a><span class='portfolio_like qbutton small white'><a  href=\"#\" class=\"qode-like\" id=\"qode-like-24632\" title=\"Like this\">7<span>  Likes<\/span><\/a><\/span><\/span><\/span><\/span><\/span><\/span><\/div><\/article>\n<article class='mix portfolio_category_33 portfolio_category_35 ' style=''><div class='image_holder'><a itemprop='url' class='portfolio_link_for_touch' href='https:\/\/www.vsveicolispeciali.com\/fr\/street-food-truck\/remorque-boutique-de-vetements-robe-di-kappa\/' target='_self'><span class='image'><img loading=\"lazy\" decoding=\"async\" width=\"1000\" height=\"800\" src=\"https:\/\/www.vsveicolispeciali.com\/wp-content\/uploads\/2023\/07\/rimorchio-autonegozio-abbigliamento-robe-di-kappa.jpg\" class=\"attachment-full size-full wp-post-image\" alt=\"Remorque Boutique de V\u00eatements robe di kappa de couleur verte\" srcset=\"https:\/\/www.vsveicolispeciali.com\/wp-content\/uploads\/2023\/07\/rimorchio-autonegozio-abbigliamento-robe-di-kappa.jpg 1000w, https:\/\/www.vsveicolispeciali.com\/wp-content\/uploads\/2023\/07\/rimorchio-autonegozio-abbigliamento-robe-di-kappa-300x240.jpg 300w, https:\/\/www.vsveicolispeciali.com\/wp-content\/uploads\/2023\/07\/rimorchio-autonegozio-abbigliamento-robe-di-kappa-768x614.jpg 768w, https:\/\/www.vsveicolispeciali.com\/wp-content\/uploads\/2023\/07\/rimorchio-autonegozio-abbigliamento-robe-di-kappa-700x560.jpg 700w\" sizes=\"(max-width: 1000px) 100vw, 1000px\" \/><\/span><\/a><span class='text_holder'><span class='text_outer'><span class='text_inner'><div class=\"hover_feature_holder_title\"><div class=\"hover_feature_holder_title_inner\"><h5 itemprop=\"name\" class=\"portfolio_title entry_title\"><a itemprop=\"url\" href=\"https:\/\/www.vsveicolispeciali.com\/fr\/street-food-truck\/remorque-boutique-de-vetements-robe-di-kappa\/\"  target=\"_self\">Remorque Boutique de V\u00eatements Robe di Kappa<\/a><\/h5><div  class=\"portfolio_separator separator  small center\"><\/div><span class=\"project_category\" >Remorques, Camions Boutique et Promo<\/span><\/div><\/div><span class='feature_holder'><span class=\"feature_holder_icons\"><a itemprop='url' class='preview qbutton small white' href='https:\/\/www.vsveicolispeciali.com\/fr\/street-food-truck\/remorque-boutique-de-vetements-robe-di-kappa\/' target='_self'>view<\/a><span class='portfolio_like qbutton small white'><a  href=\"#\" class=\"qode-like\" id=\"qode-like-23720\" title=\"Like this\">14<span>  Likes<\/span><\/a><\/span><\/span><\/span><\/span><\/span><\/span><\/div><\/article>\n<article class='mix portfolio_category_83 portfolio_category_32 portfolio_category_35 ' style=''><div class='image_holder'><a itemprop='url' class='portfolio_link_for_touch' href='https:\/\/www.vsveicolispeciali.com\/fr\/street-food-truck\/fashion-truck-boutique-de-vetements-ambulante-caramelo-milan\/' target='_self'><span class='image'><img loading=\"lazy\" decoding=\"async\" width=\"1000\" height=\"800\" src=\"https:\/\/www.vsveicolispeciali.com\/wp-content\/uploads\/2019\/11\/fashion-truck-promozionale-caramelo-milano.jpg\" class=\"attachment-full size-full wp-post-image\" alt=\"\" srcset=\"https:\/\/www.vsveicolispeciali.com\/wp-content\/uploads\/2019\/11\/fashion-truck-promozionale-caramelo-milano.jpg 1000w, https:\/\/www.vsveicolispeciali.com\/wp-content\/uploads\/2019\/11\/fashion-truck-promozionale-caramelo-milano-300x240.jpg 300w, https:\/\/www.vsveicolispeciali.com\/wp-content\/uploads\/2019\/11\/fashion-truck-promozionale-caramelo-milano-768x614.jpg 768w, https:\/\/www.vsveicolispeciali.com\/wp-content\/uploads\/2019\/11\/fashion-truck-promozionale-caramelo-milano-700x560.jpg 700w\" sizes=\"(max-width: 1000px) 100vw, 1000px\" \/><\/span><\/a><span class='text_holder'><span class='text_outer'><span class='text_inner'><div class=\"hover_feature_holder_title\"><div class=\"hover_feature_holder_title_inner\"><h5 itemprop=\"name\" class=\"portfolio_title entry_title\"><a itemprop=\"url\" href=\"https:\/\/www.vsveicolispeciali.com\/fr\/street-food-truck\/fashion-truck-boutique-de-vetements-ambulante-caramelo-milan\/\"  target=\"_self\">Fashion Truck CARAMELO<\/a><\/h5><div  class=\"portfolio_separator separator  small center\"><\/div><span class=\"project_category\" >Ape Smart &amp; V-Smart\u00ae, Piaggio triporteur, Camions Boutique et Promo<\/span><\/div><\/div><span class='feature_holder'><span class=\"feature_holder_icons\"><a itemprop='url' class='preview qbutton small white' href='https:\/\/www.vsveicolispeciali.com\/fr\/street-food-truck\/fashion-truck-boutique-de-vetements-ambulante-caramelo-milan\/' target='_self'>view<\/a><span class='portfolio_like qbutton small white'><a  href=\"#\" class=\"qode-like\" id=\"qode-like-11237\" title=\"Like this\">9<span>  Likes<\/span><\/a><\/span><\/span><\/span><\/span><\/span><\/span><\/div><\/article>\n<article class='mix portfolio_category_74 portfolio_category_128 portfolio_category_34 portfolio_category_35 ' style=''><div class='image_holder'><a itemprop='url' class='portfolio_link_for_touch' href='https:\/\/www.vsveicolispeciali.com\/fr\/street-food-truck\/porter-piaggio-transforme-en-cafeteria-mobile-pour-promotion-marque-selle-royal\/' target='_self'><span class='image'><img loading=\"lazy\" decoding=\"async\" width=\"1000\" height=\"800\" src=\"https:\/\/www.vsveicolispeciali.com\/wp-content\/uploads\/2019\/01\/porter-piaggio-convertito-in-caffetteria-mobile.jpg\" class=\"attachment-full size-full wp-post-image\" alt=\"Vehicule Piaggio am\u00e9nag\u00e9 comme caf\u00e9t\u00e9ria mobile pour Selle Royal\" srcset=\"https:\/\/www.vsveicolispeciali.com\/wp-content\/uploads\/2019\/01\/porter-piaggio-convertito-in-caffetteria-mobile.jpg 1000w, https:\/\/www.vsveicolispeciali.com\/wp-content\/uploads\/2019\/01\/porter-piaggio-convertito-in-caffetteria-mobile-300x240.jpg 300w, https:\/\/www.vsveicolispeciali.com\/wp-content\/uploads\/2019\/01\/porter-piaggio-convertito-in-caffetteria-mobile-768x614.jpg 768w, https:\/\/www.vsveicolispeciali.com\/wp-content\/uploads\/2019\/01\/porter-piaggio-convertito-in-caffetteria-mobile-700x560.jpg 700w\" sizes=\"(max-width: 1000px) 100vw, 1000px\" \/><\/span><\/a><span class='text_holder'><span class='text_outer'><span class='text_inner'><div class=\"hover_feature_holder_title\"><div class=\"hover_feature_holder_title_inner\"><h5 itemprop=\"name\" class=\"portfolio_title entry_title\"><a itemprop=\"url\" href=\"https:\/\/www.vsveicolispeciali.com\/fr\/street-food-truck\/porter-piaggio-transforme-en-cafeteria-mobile-pour-promotion-marque-selle-royal\/\"  target=\"_self\">Cafe Piaggio Porter Selle Royal<\/a><\/h5><div  class=\"portfolio_separator separator  small center\"><\/div><span class=\"project_category\" >Professional Food Truck, Caf\u00e9, Food trucks, Camions Boutique et Promo<\/span><\/div><\/div><span class='feature_holder'><span class=\"feature_holder_icons\"><a itemprop='url' class='preview qbutton small white' href='https:\/\/www.vsveicolispeciali.com\/fr\/street-food-truck\/porter-piaggio-transforme-en-cafeteria-mobile-pour-promotion-marque-selle-royal\/' target='_self'>view<\/a><span class='portfolio_like qbutton small white'><a  href=\"#\" class=\"qode-like\" id=\"qode-like-9883\" title=\"Like this\">21<span>  Likes<\/span><\/a><\/span><\/span><\/span><\/span><\/span><\/span><\/div><\/article>\n<article class='mix portfolio_category_35 ' style=''><div class='image_holder'><a itemprop='url' class='portfolio_link_for_touch' href='https:\/\/www.vsveicolispeciali.com\/fr\/street-food-truck\/triporteur-boutique-pour-promouvoir-une-marque-de-cosmetique\/' target='_self'><span class='image'><img loading=\"lazy\" decoding=\"async\" width=\"1000\" height=\"800\" src=\"https:\/\/www.vsveicolispeciali.com\/wp-content\/uploads\/2018\/05\/promo-truck-boutique-mobile-cosmetica.jpg\" class=\"attachment-full size-full wp-post-image\" alt=\"ape triporteur boutique pour Promouvoir une Marque de Cosm\u00e9tique\" srcset=\"https:\/\/www.vsveicolispeciali.com\/wp-content\/uploads\/2018\/05\/promo-truck-boutique-mobile-cosmetica.jpg 1000w, https:\/\/www.vsveicolispeciali.com\/wp-content\/uploads\/2018\/05\/promo-truck-boutique-mobile-cosmetica-300x240.jpg 300w, https:\/\/www.vsveicolispeciali.com\/wp-content\/uploads\/2018\/05\/promo-truck-boutique-mobile-cosmetica-768x614.jpg 768w, https:\/\/www.vsveicolispeciali.com\/wp-content\/uploads\/2018\/05\/promo-truck-boutique-mobile-cosmetica-700x560.jpg 700w\" sizes=\"(max-width: 1000px) 100vw, 1000px\" \/><\/span><\/a><span class='text_holder'><span class='text_outer'><span class='text_inner'><div class=\"hover_feature_holder_title\"><div class=\"hover_feature_holder_title_inner\"><h5 itemprop=\"name\" class=\"portfolio_title entry_title\"><a itemprop=\"url\" href=\"https:\/\/www.vsveicolispeciali.com\/fr\/street-food-truck\/triporteur-boutique-pour-promouvoir-une-marque-de-cosmetique\/\"  target=\"_self\">Triporteur Boutique Cosm\u00e9tique OFFICINA COSMETICA<\/a><\/h5><div  class=\"portfolio_separator separator  small center\"><\/div><span class=\"project_category\" >Camions Boutique et Promo<\/span><\/div><\/div><span class='feature_holder'><span class=\"feature_holder_icons\"><a itemprop='url' class='preview qbutton small white' href='https:\/\/www.vsveicolispeciali.com\/fr\/street-food-truck\/triporteur-boutique-pour-promouvoir-une-marque-de-cosmetique\/' target='_self'>view<\/a><span class='portfolio_like qbutton small white'><a  href=\"#\" class=\"qode-like\" id=\"qode-like-7244\" title=\"Like this\">8<span>  Likes<\/span><\/a><\/span><\/span><\/span><\/span><\/span><\/span><\/div><\/article>\n<article class='mix portfolio_category_35 ' style=''><div class='image_holder'><a itemprop='url' class='portfolio_link_for_touch' href='https:\/\/www.vsveicolispeciali.com\/fr\/street-food-truck\/camion-cinema-itinerant-triporteur-nomade-cineape\/' target='_self'><span class='image'><img loading=\"lazy\" decoding=\"async\" width=\"1000\" height=\"800\" src=\"https:\/\/www.vsveicolispeciali.com\/wp-content\/uploads\/2018\/04\/promo-truck-ape-piaggio-cinema-itinerante.jpg\" class=\"attachment-full size-full wp-post-image\" alt=\"triporteur am\u00e9nag\u00e9 a Cin\u00e9ma Itin\u00e9rant CINEAPE\" srcset=\"https:\/\/www.vsveicolispeciali.com\/wp-content\/uploads\/2018\/04\/promo-truck-ape-piaggio-cinema-itinerante.jpg 1000w, https:\/\/www.vsveicolispeciali.com\/wp-content\/uploads\/2018\/04\/promo-truck-ape-piaggio-cinema-itinerante-300x240.jpg 300w, https:\/\/www.vsveicolispeciali.com\/wp-content\/uploads\/2018\/04\/promo-truck-ape-piaggio-cinema-itinerante-768x614.jpg 768w, https:\/\/www.vsveicolispeciali.com\/wp-content\/uploads\/2018\/04\/promo-truck-ape-piaggio-cinema-itinerante-700x560.jpg 700w\" sizes=\"(max-width: 1000px) 100vw, 1000px\" \/><\/span><\/a><span class='text_holder'><span class='text_outer'><span class='text_inner'><div class=\"hover_feature_holder_title\"><div class=\"hover_feature_holder_title_inner\"><h5 itemprop=\"name\" class=\"portfolio_title entry_title\"><a itemprop=\"url\" href=\"https:\/\/www.vsveicolispeciali.com\/fr\/street-food-truck\/camion-cinema-itinerant-triporteur-nomade-cineape\/\"  target=\"_self\">Cin\u00e9ma Itin\u00e9rant Cineape<\/a><\/h5><div  class=\"portfolio_separator separator  small center\"><\/div><span class=\"project_category\" >Camions Boutique et Promo<\/span><\/div><\/div><span class='feature_holder'><span class=\"feature_holder_icons\"><a itemprop='url' class='preview qbutton small white' href='https:\/\/www.vsveicolispeciali.com\/fr\/street-food-truck\/camion-cinema-itinerant-triporteur-nomade-cineape\/' target='_self'>view<\/a><span class='portfolio_like qbutton small white'><a  href=\"#\" class=\"qode-like\" id=\"qode-like-13321\" title=\"Like this\">13<span>  Likes<\/span><\/a><\/span><\/span><\/span><\/span><\/span><\/span><\/div><\/article>\n<article class='mix portfolio_category_34 portfolio_category_35 portfolio_category_74 ' style=''><div class='image_holder'><a itemprop='url' class='portfolio_link_for_touch' href='https:\/\/www.vsveicolispeciali.com\/fr\/street-food-truck\/camion-de-nourriture-biraghi-camionnette-vitrine-alimentaire\/' target='_self'><span class='image'><img loading=\"lazy\" decoding=\"async\" width=\"1000\" height=\"680\" src=\"https:\/\/www.vsveicolispeciali.com\/wp-content\/uploads\/2017\/12\/Food-Truck-Renault-Biraghi.jpg\" class=\"attachment-full size-full wp-post-image\" alt=\"Camion Fromagerie Biraghi Renault Master avec Vitrine Alimentaire\" srcset=\"https:\/\/www.vsveicolispeciali.com\/wp-content\/uploads\/2017\/12\/Food-Truck-Renault-Biraghi.jpg 1000w, https:\/\/www.vsveicolispeciali.com\/wp-content\/uploads\/2017\/12\/Food-Truck-Renault-Biraghi-300x204.jpg 300w, https:\/\/www.vsveicolispeciali.com\/wp-content\/uploads\/2017\/12\/Food-Truck-Renault-Biraghi-768x522.jpg 768w, https:\/\/www.vsveicolispeciali.com\/wp-content\/uploads\/2017\/12\/Food-Truck-Renault-Biraghi-700x476.jpg 700w\" sizes=\"(max-width: 1000px) 100vw, 1000px\" \/><\/span><\/a><span class='text_holder'><span class='text_outer'><span class='text_inner'><div class=\"hover_feature_holder_title\"><div class=\"hover_feature_holder_title_inner\"><h5 itemprop=\"name\" class=\"portfolio_title entry_title\"><a itemprop=\"url\" href=\"https:\/\/www.vsveicolispeciali.com\/fr\/street-food-truck\/camion-de-nourriture-biraghi-camionnette-vitrine-alimentaire\/\"  target=\"_self\">Camion Fromagerie Biraghi<\/a><\/h5><div  class=\"portfolio_separator separator  small center\"><\/div><span class=\"project_category\" >Food trucks, Camions Boutique et Promo, Professional Food Truck<\/span><\/div><\/div><span class='feature_holder'><span class=\"feature_holder_icons\"><a itemprop='url' class='preview qbutton small white' href='https:\/\/www.vsveicolispeciali.com\/fr\/street-food-truck\/camion-de-nourriture-biraghi-camionnette-vitrine-alimentaire\/' target='_self'>view<\/a><span class='portfolio_like qbutton small white'><a  href=\"#\" class=\"qode-like\" id=\"qode-like-12408\" title=\"Like this\">21<span>  Likes<\/span><\/a><\/span><\/span><\/span><\/span><\/span><\/span><\/div><\/article>\n<article class='mix portfolio_category_34 portfolio_category_35 portfolio_category_74 ' style=''><div class='image_holder'><a itemprop='url' class='portfolio_link_for_touch' href='https:\/\/www.vsveicolispeciali.com\/fr\/street-food-truck\/camion-boutique-renault-hugo-reitzel\/' target='_self'><span class='image'><img loading=\"lazy\" decoding=\"async\" width=\"1000\" height=\"800\" src=\"https:\/\/www.vsveicolispeciali.com\/wp-content\/uploads\/2016\/08\/Food_Truck_Street_Food_Hugo_Reitzel_01.jpg\" class=\"attachment-full size-full wp-post-image\" alt=\"\" srcset=\"https:\/\/www.vsveicolispeciali.com\/wp-content\/uploads\/2016\/08\/Food_Truck_Street_Food_Hugo_Reitzel_01.jpg 1000w, https:\/\/www.vsveicolispeciali.com\/wp-content\/uploads\/2016\/08\/Food_Truck_Street_Food_Hugo_Reitzel_01-300x240.jpg 300w, https:\/\/www.vsveicolispeciali.com\/wp-content\/uploads\/2016\/08\/Food_Truck_Street_Food_Hugo_Reitzel_01-768x614.jpg 768w, https:\/\/www.vsveicolispeciali.com\/wp-content\/uploads\/2016\/08\/Food_Truck_Street_Food_Hugo_Reitzel_01-700x560.jpg 700w\" sizes=\"(max-width: 1000px) 100vw, 1000px\" \/><\/span><\/a><span class='text_holder'><span class='text_outer'><span class='text_inner'><div class=\"hover_feature_holder_title\"><div class=\"hover_feature_holder_title_inner\"><h5 itemprop=\"name\" class=\"portfolio_title entry_title\"><a itemprop=\"url\" href=\"https:\/\/www.vsveicolispeciali.com\/fr\/street-food-truck\/camion-boutique-renault-hugo-reitzel\/\"  target=\"_self\">Camion Boutique Hugo Reitzel<\/a><\/h5><div  class=\"portfolio_separator separator  small center\"><\/div><span class=\"project_category\" >Food trucks, Camions Boutique et Promo, Professional Food Truck<\/span><\/div><\/div><span class='feature_holder'><span class=\"feature_holder_icons\"><a itemprop='url' class='preview qbutton small white' href='https:\/\/www.vsveicolispeciali.com\/fr\/street-food-truck\/camion-boutique-renault-hugo-reitzel\/' target='_self'>view<\/a><span class='portfolio_like qbutton small white'><a  href=\"#\" class=\"qode-like\" id=\"qode-like-3799\" title=\"Like this\">51<span>  Likes<\/span><\/a><\/span><\/span><\/span><\/span><\/span><\/span><\/div><\/article>\n<article class='mix portfolio_category_35 ' style=''><div class='image_holder'><a itemprop='url' class='portfolio_link_for_touch' href='https:\/\/www.vsveicolispeciali.com\/fr\/street-food-truck\/camion-promotionnel-ape-piaggio-mamige-human-milk-link\/' target='_self'><span class='image'><img loading=\"lazy\" decoding=\"async\" width=\"1000\" height=\"800\" src=\"https:\/\/www.vsveicolispeciali.com\/wp-content\/uploads\/2015\/11\/RetailPromo_Street_Food_Mamige_1.jpg\" class=\"attachment-full size-full wp-post-image\" alt=\"Camion Promotionnel Piaggio | Mamige (Human Milk Link)\" srcset=\"https:\/\/www.vsveicolispeciali.com\/wp-content\/uploads\/2015\/11\/RetailPromo_Street_Food_Mamige_1.jpg 1000w, https:\/\/www.vsveicolispeciali.com\/wp-content\/uploads\/2015\/11\/RetailPromo_Street_Food_Mamige_1-300x240.jpg 300w, https:\/\/www.vsveicolispeciali.com\/wp-content\/uploads\/2015\/11\/RetailPromo_Street_Food_Mamige_1-768x614.jpg 768w, https:\/\/www.vsveicolispeciali.com\/wp-content\/uploads\/2015\/11\/RetailPromo_Street_Food_Mamige_1-700x560.jpg 700w\" sizes=\"(max-width: 1000px) 100vw, 1000px\" \/><\/span><\/a><span class='text_holder'><span class='text_outer'><span class='text_inner'><div class=\"hover_feature_holder_title\"><div class=\"hover_feature_holder_title_inner\"><h5 itemprop=\"name\" class=\"portfolio_title entry_title\"><a itemprop=\"url\" href=\"https:\/\/www.vsveicolispeciali.com\/fr\/street-food-truck\/camion-promotionnel-ape-piaggio-mamige-human-milk-link\/\"  target=\"_self\">Promo Truck Mamige<\/a><\/h5><div  class=\"portfolio_separator separator  small center\"><\/div><span class=\"project_category\" >Camions Boutique et Promo<\/span><\/div><\/div><span class='feature_holder'><span class=\"feature_holder_icons\"><a itemprop='url' class='preview qbutton small white' href='https:\/\/www.vsveicolispeciali.com\/fr\/street-food-truck\/camion-promotionnel-ape-piaggio-mamige-human-milk-link\/' target='_self'>view<\/a><span class='portfolio_like qbutton small white'><a  href=\"#\" class=\"qode-like\" id=\"qode-like-4037\" title=\"Like this\">14<span>  Likes<\/span><\/a><\/span><\/span><\/span><\/span><\/span><\/span><\/div><\/article>\n<article class='mix portfolio_category_35 portfolio_category_128 ' style=''><div class='image_holder'><a itemprop='url' class='portfolio_link_for_touch' href='https:\/\/www.vsveicolispeciali.com\/fr\/street-food-truck\/vehicule-promotionnel-piaggio-ape-cafe-dorhouse\/' target='_self'><span class='image'><img loading=\"lazy\" decoding=\"async\" width=\"1000\" height=\"800\" src=\"https:\/\/www.vsveicolispeciali.com\/wp-content\/uploads\/2015\/11\/veicolo-promozionale-ape-dorhouse.jpg\" class=\"attachment-full size-full wp-post-image\" alt=\"V\u00e9hicule Promotionnel Piaggio Ape Caf\u00e9 | Triporteur Dorhouse\" srcset=\"https:\/\/www.vsveicolispeciali.com\/wp-content\/uploads\/2015\/11\/veicolo-promozionale-ape-dorhouse.jpg 1000w, https:\/\/www.vsveicolispeciali.com\/wp-content\/uploads\/2015\/11\/veicolo-promozionale-ape-dorhouse-300x240.jpg 300w, https:\/\/www.vsveicolispeciali.com\/wp-content\/uploads\/2015\/11\/veicolo-promozionale-ape-dorhouse-768x614.jpg 768w, https:\/\/www.vsveicolispeciali.com\/wp-content\/uploads\/2015\/11\/veicolo-promozionale-ape-dorhouse-700x560.jpg 700w\" sizes=\"(max-width: 1000px) 100vw, 1000px\" \/><\/span><\/a><span class='text_holder'><span class='text_outer'><span class='text_inner'><div class=\"hover_feature_holder_title\"><div class=\"hover_feature_holder_title_inner\"><h5 itemprop=\"name\" class=\"portfolio_title entry_title\"><a itemprop=\"url\" href=\"https:\/\/www.vsveicolispeciali.com\/fr\/street-food-truck\/vehicule-promotionnel-piaggio-ape-cafe-dorhouse\/\"  target=\"_self\">Expresso Boutique Ambulante Dorhouse<\/a><\/h5><div  class=\"portfolio_separator separator  small center\"><\/div><span class=\"project_category\" >Camions Boutique et Promo, Caf\u00e9<\/span><\/div><\/div><span class='feature_holder'><span class=\"feature_holder_icons\"><a itemprop='url' class='preview qbutton small white' href='https:\/\/www.vsveicolispeciali.com\/fr\/street-food-truck\/vehicule-promotionnel-piaggio-ape-cafe-dorhouse\/' target='_self'>view<\/a><span class='portfolio_like qbutton small white'><a  href=\"#\" class=\"qode-like\" id=\"qode-like-4047\" title=\"Like this\">18<span>  Likes<\/span><\/a><\/span><\/span><\/span><\/span><\/span><\/span><\/div><\/article>\n<article class='mix portfolio_category_35 ' style=''><div class='image_holder'><a itemprop='url' class='portfolio_link_for_touch' href='https:\/\/www.vsveicolispeciali.com\/fr\/street-food-truck\/vehicule-publicitaire-ape-car-douglas-makeup\/' target='_self'><span class='image'><img loading=\"lazy\" decoding=\"async\" width=\"1000\" height=\"800\" src=\"https:\/\/www.vsveicolispeciali.com\/wp-content\/uploads\/2015\/11\/allestimenti-veicoli-pubblicitari-douglas-make-up.jpg\" class=\"attachment-full size-full wp-post-image\" alt=\"V\u00e9hicule Publicitaire | Piaggio Ape Car | Douglas Make-Up\" srcset=\"https:\/\/www.vsveicolispeciali.com\/wp-content\/uploads\/2015\/11\/allestimenti-veicoli-pubblicitari-douglas-make-up.jpg 1000w, https:\/\/www.vsveicolispeciali.com\/wp-content\/uploads\/2015\/11\/allestimenti-veicoli-pubblicitari-douglas-make-up-300x240.jpg 300w, https:\/\/www.vsveicolispeciali.com\/wp-content\/uploads\/2015\/11\/allestimenti-veicoli-pubblicitari-douglas-make-up-768x614.jpg 768w, https:\/\/www.vsveicolispeciali.com\/wp-content\/uploads\/2015\/11\/allestimenti-veicoli-pubblicitari-douglas-make-up-700x560.jpg 700w\" sizes=\"(max-width: 1000px) 100vw, 1000px\" \/><\/span><\/a><span class='text_holder'><span class='text_outer'><span class='text_inner'><div class=\"hover_feature_holder_title\"><div class=\"hover_feature_holder_title_inner\"><h5 itemprop=\"name\" class=\"portfolio_title entry_title\"><a itemprop=\"url\" href=\"https:\/\/www.vsveicolispeciali.com\/fr\/street-food-truck\/vehicule-publicitaire-ape-car-douglas-makeup\/\"  target=\"_self\">Vehicule Publicitaire Douglas<\/a><\/h5><div  class=\"portfolio_separator separator  small center\"><\/div><span class=\"project_category\" >Camions Boutique et Promo<\/span><\/div><\/div><span class='feature_holder'><span class=\"feature_holder_icons\"><a itemprop='url' class='preview qbutton small white' href='https:\/\/www.vsveicolispeciali.com\/fr\/street-food-truck\/vehicule-publicitaire-ape-car-douglas-makeup\/' target='_self'>view<\/a><span class='portfolio_like qbutton small white'><a  href=\"#\" class=\"qode-like\" id=\"qode-like-4055\" title=\"Like this\">23<span>  Likes<\/span><\/a><\/span><\/span><\/span><\/span><\/span><\/span><\/div><\/article>\n<article class='mix portfolio_category_35 ' style=''><div class='image_holder'><a itemprop='url' class='portfolio_link_for_touch' href='https:\/\/www.vsveicolispeciali.com\/fr\/street-food-truck\/piaggio-ape-boutique-zip-and-zip\/' target='_self'><span class='image'><img loading=\"lazy\" decoding=\"async\" width=\"1000\" height=\"800\" src=\"https:\/\/www.vsveicolispeciali.com\/wp-content\/uploads\/2015\/11\/ape-shop-zip-and-zip.jpg\" class=\"attachment-full size-full wp-post-image\" alt=\"Petit Camion Boutique pour commerce ambulant Triporteur Ape Piaggio\" srcset=\"https:\/\/www.vsveicolispeciali.com\/wp-content\/uploads\/2015\/11\/ape-shop-zip-and-zip.jpg 1000w, https:\/\/www.vsveicolispeciali.com\/wp-content\/uploads\/2015\/11\/ape-shop-zip-and-zip-300x240.jpg 300w, https:\/\/www.vsveicolispeciali.com\/wp-content\/uploads\/2015\/11\/ape-shop-zip-and-zip-768x614.jpg 768w, https:\/\/www.vsveicolispeciali.com\/wp-content\/uploads\/2015\/11\/ape-shop-zip-and-zip-700x560.jpg 700w\" sizes=\"(max-width: 1000px) 100vw, 1000px\" \/><\/span><\/a><span class='text_holder'><span class='text_outer'><span class='text_inner'><div class=\"hover_feature_holder_title\"><div class=\"hover_feature_holder_title_inner\"><h5 itemprop=\"name\" class=\"portfolio_title entry_title\"><a itemprop=\"url\" href=\"https:\/\/www.vsveicolispeciali.com\/fr\/street-food-truck\/piaggio-ape-boutique-zip-and-zip\/\"  target=\"_self\">Petit Camion Boutique Zip And Zip<\/a><\/h5><div  class=\"portfolio_separator separator  small center\"><\/div><span class=\"project_category\" >Camions Boutique et Promo<\/span><\/div><\/div><span class='feature_holder'><span class=\"feature_holder_icons\"><a itemprop='url' class='preview qbutton small white' href='https:\/\/www.vsveicolispeciali.com\/fr\/street-food-truck\/piaggio-ape-boutique-zip-and-zip\/' target='_self'>view<\/a><span class='portfolio_like qbutton small white'><a  href=\"#\" class=\"qode-like\" id=\"qode-like-4132\" title=\"Like this\">4<span>  Likes<\/span><\/a><\/span><\/span><\/span><\/span><\/span><\/span><\/div><\/article>\n<article class='mix portfolio_category_35 ' style=''><div class='image_holder'><a itemprop='url' class='portfolio_link_for_touch' href='https:\/\/www.vsveicolispeciali.com\/fr\/street-food-truck\/camion-vitrine-pour-la-vente-de-vetement-milan\/' target='_self'><span class='image'><img loading=\"lazy\" decoding=\"async\" width=\"1000\" height=\"800\" src=\"https:\/\/www.vsveicolispeciali.com\/wp-content\/uploads\/2015\/11\/ape-negozio-abbigliamento-rosa-clandestino.jpg\" class=\"attachment-full size-full wp-post-image\" alt=\"Camion Magasin pour la vente de V\u00eatement Boutique Rosa Clandestino\" srcset=\"https:\/\/www.vsveicolispeciali.com\/wp-content\/uploads\/2015\/11\/ape-negozio-abbigliamento-rosa-clandestino.jpg 1000w, https:\/\/www.vsveicolispeciali.com\/wp-content\/uploads\/2015\/11\/ape-negozio-abbigliamento-rosa-clandestino-300x240.jpg 300w, https:\/\/www.vsveicolispeciali.com\/wp-content\/uploads\/2015\/11\/ape-negozio-abbigliamento-rosa-clandestino-768x614.jpg 768w, https:\/\/www.vsveicolispeciali.com\/wp-content\/uploads\/2015\/11\/ape-negozio-abbigliamento-rosa-clandestino-700x560.jpg 700w\" sizes=\"(max-width: 1000px) 100vw, 1000px\" \/><\/span><\/a><span class='text_holder'><span class='text_outer'><span class='text_inner'><div class=\"hover_feature_holder_title\"><div class=\"hover_feature_holder_title_inner\"><h5 itemprop=\"name\" class=\"portfolio_title entry_title\"><a itemprop=\"url\" href=\"https:\/\/www.vsveicolispeciali.com\/fr\/street-food-truck\/camion-vitrine-pour-la-vente-de-vetement-milan\/\"  target=\"_self\">Camion Magasin V\u00eatement Rosa Clandestino<\/a><\/h5><div  class=\"portfolio_separator separator  small center\"><\/div><span class=\"project_category\" >Camions Boutique et Promo<\/span><\/div><\/div><span class='feature_holder'><span class=\"feature_holder_icons\"><a itemprop='url' class='preview qbutton small white' href='https:\/\/www.vsveicolispeciali.com\/fr\/street-food-truck\/camion-vitrine-pour-la-vente-de-vetement-milan\/' target='_self'>view<\/a><span class='portfolio_like qbutton small white'><a  href=\"#\" class=\"qode-like\" id=\"qode-like-4137\" title=\"Like this\">20<span>  Likes<\/span><\/a><\/span><\/span><\/span><\/span><\/span><\/span><\/div><\/article>\n<article class='mix portfolio_category_35 ' style=''><div class='image_holder'><a itemprop='url' class='portfolio_link_for_touch' href='https:\/\/www.vsveicolispeciali.com\/fr\/street-food-truck\/triporteur-boutique-nomade-martignon\/' target='_self'><span class='image'><img loading=\"lazy\" decoding=\"async\" width=\"1000\" height=\"800\" src=\"https:\/\/www.vsveicolispeciali.com\/wp-content\/uploads\/2015\/11\/ape-negozio-lottica-a-padova.jpg\" class=\"attachment-full size-full wp-post-image\" alt=\"Boutique Nomade pour exposition de lunettes et montures L&#039;Ottica Martignon\" srcset=\"https:\/\/www.vsveicolispeciali.com\/wp-content\/uploads\/2015\/11\/ape-negozio-lottica-a-padova.jpg 1000w, https:\/\/www.vsveicolispeciali.com\/wp-content\/uploads\/2015\/11\/ape-negozio-lottica-a-padova-300x240.jpg 300w, https:\/\/www.vsveicolispeciali.com\/wp-content\/uploads\/2015\/11\/ape-negozio-lottica-a-padova-768x614.jpg 768w, https:\/\/www.vsveicolispeciali.com\/wp-content\/uploads\/2015\/11\/ape-negozio-lottica-a-padova-700x560.jpg 700w\" sizes=\"(max-width: 1000px) 100vw, 1000px\" \/><\/span><\/a><span class='text_holder'><span class='text_outer'><span class='text_inner'><div class=\"hover_feature_holder_title\"><div class=\"hover_feature_holder_title_inner\"><h5 itemprop=\"name\" class=\"portfolio_title entry_title\"><a itemprop=\"url\" href=\"https:\/\/www.vsveicolispeciali.com\/fr\/street-food-truck\/triporteur-boutique-nomade-martignon\/\"  target=\"_self\">Boutique Nomade L&rsquo;Ottica Martignon<\/a><\/h5><div  class=\"portfolio_separator separator  small center\"><\/div><span class=\"project_category\" >Camions Boutique et Promo<\/span><\/div><\/div><span class='feature_holder'><span class=\"feature_holder_icons\"><a itemprop='url' class='preview qbutton small white' href='https:\/\/www.vsveicolispeciali.com\/fr\/street-food-truck\/triporteur-boutique-nomade-martignon\/' target='_self'>view<\/a><span class='portfolio_like qbutton small white'><a  href=\"#\" class=\"qode-like\" id=\"qode-like-4277\" title=\"Like this\">30<span>  Likes<\/span><\/a><\/span><\/span><\/span><\/span><\/span><\/span><\/div><\/article>\n<article class='mix portfolio_category_32 portfolio_category_35 portfolio_category_66 ' style=''><div class='image_holder'><a itemprop='url' class='portfolio_link_for_touch' href='https:\/\/www.vsveicolispeciali.com\/fr\/street-food-truck\/triporteur-publicitaire-pour-promotion-ambulante-pentole-agnelli\/' target='_self'><span class='image'><img loading=\"lazy\" decoding=\"async\" width=\"1000\" height=\"800\" src=\"https:\/\/www.vsveicolispeciali.com\/wp-content\/uploads\/2015\/11\/veicolo-promozionale-pentole-agnelli.jpg\" class=\"attachment-full size-full wp-post-image\" alt=\"Food Truck \u00c9v\u00e8nementiel Pentole Agnelli sur Ape Piaggio V-Curve\u00ae pour d\u00e9monstrations culinaires et promotion de marque\" srcset=\"https:\/\/www.vsveicolispeciali.com\/wp-content\/uploads\/2015\/11\/veicolo-promozionale-pentole-agnelli.jpg 1000w, https:\/\/www.vsveicolispeciali.com\/wp-content\/uploads\/2015\/11\/veicolo-promozionale-pentole-agnelli-300x240.jpg 300w, https:\/\/www.vsveicolispeciali.com\/wp-content\/uploads\/2015\/11\/veicolo-promozionale-pentole-agnelli-768x614.jpg 768w, https:\/\/www.vsveicolispeciali.com\/wp-content\/uploads\/2015\/11\/veicolo-promozionale-pentole-agnelli-700x560.jpg 700w\" sizes=\"(max-width: 1000px) 100vw, 1000px\" \/><\/span><\/a><span class='text_holder'><span class='text_outer'><span class='text_inner'><div class=\"hover_feature_holder_title\"><div class=\"hover_feature_holder_title_inner\"><h5 itemprop=\"name\" class=\"portfolio_title entry_title\"><a itemprop=\"url\" href=\"https:\/\/www.vsveicolispeciali.com\/fr\/street-food-truck\/triporteur-publicitaire-pour-promotion-ambulante-pentole-agnelli\/\"  target=\"_self\">Food Truck \u00c9v\u00e8nementiel Pentole Agnelli<\/a><\/h5><div  class=\"portfolio_separator separator  small center\"><\/div><span class=\"project_category\" >Piaggio triporteur, Camions Boutique et Promo, Ape V-Curve\u00ae<\/span><\/div><\/div><span class='feature_holder'><span class=\"feature_holder_icons\"><a itemprop='url' class='preview qbutton small white' href='https:\/\/www.vsveicolispeciali.com\/fr\/street-food-truck\/triporteur-publicitaire-pour-promotion-ambulante-pentole-agnelli\/' target='_self'>view<\/a><span class='portfolio_like qbutton small white'><a  href=\"#\" class=\"qode-like\" id=\"qode-like-4283\" title=\"Like this\">28<span>  Likes<\/span><\/a><\/span><\/span><\/span><\/span><\/span><\/span><\/div><\/article>\n<div class='filler'><\/div>\n<div class='filler'><\/div>\n<div class='filler'><\/div>\n<div class='filler'><\/div>\n<div class='filler'><\/div>\n<\/div><\/div>[vc_separator type=\u00a0\u00bbtransparent\u00a0\u00bb thickness=\u00a0\u00bb120&Prime;][\/vc_column][\/vc_row][vc_row css_animation=\u00a0\u00bb\u00a0\u00bb row_type=\u00a0\u00bbrow\u00a0\u00bb use_row_as_full_screen_section=\u00a0\u00bbno\u00a0\u00bb type=\u00a0\u00bbfull_width\u00a0\u00bb angled_section=\u00a0\u00bbno\u00a0\u00bb text_align=\u00a0\u00bbleft\u00a0\u00bb background_image_as_pattern=\u00a0\u00bbwithout_pattern\u00a0\u00bb z_index=\u00a0\u00bb\u00a0\u00bb][vc_column][vc_single_image image=\u00a0\u00bb17061&Prime; img_size=\u00a0\u00bbfull\u00a0\u00bb alignment=\u00a0\u00bbcenter\u00a0\u00bb qode_css_animation=\u00a0\u00bb\u00a0\u00bb][\/vc_column][\/vc_row]<\/p>\n<\/div>","protected":false},"excerpt":{"rendered":"<p>[vc_row css_animation=\u00a0\u00bb\u00a0\u00bb row_type=\u00a0\u00bbrow\u00a0\u00bb use_row_as_full_screen_section=\u00a0\u00bbno\u00a0\u00bb type=\u00a0\u00bbgrid\u00a0\u00bb angled_section=\u00a0\u00bbno\u00a0\u00bb text_align=\u00a0\u00bbleft\u00a0\u00bb background_image_as_pattern=\u00a0\u00bbwithout_pattern\u00a0\u00bb][vc_column][vc_separator type=\u00a0\u00bbtransparent\u00a0\u00bb thickness=\u00a0\u00bb90&Prime; up=\u00a0\u00bb0&Prime; down=\u00a0\u00bb0&Prime;][vc_column_text] Am\u00e9nagement de PROMO TRUCKS [\/vc_column_text][vc_separator type=\u00a0\u00bbsmall\u00a0\u00bb position=\u00a0\u00bbcenter\u00a0\u00bb][vc_row_inner row_type=\u00a0\u00bbrow\u00a0\u00bb type=\u00a0\u00bbfull_width\u00a0\u00bb text_align=\u00a0\u00bbleft\u00a0\u00bb css_animation=\u00a0\u00bb\u00a0\u00bb][vc_column_inner width=\u00a0\u00bb1\/2&Prime;][vc_column_text]Le secteur des\u00a0v\u00e9hicules promotionnels et des camions-boutiques\u00a0sont en grande expansion et montrent une tendance \u00e0 converger l\u2019un vers l\u2019autre. La vente de&#8230;<\/p>\n","protected":false},"author":1001012,"featured_media":0,"parent":3709,"menu_order":3,"comment_status":"closed","ping_status":"closed","template":"full_width.php","meta":{"footnotes":""},"class_list":["post-3722","page","type-page","status-publish","hentry"],"yoast_head":"<!-- This site is optimized with the Yoast SEO plugin v25.4 - https:\/\/yoast.com\/wordpress\/plugins\/seo\/ -->\n<title>Am\u00e9nagement de Camions-Boutiques et V\u00e9hicules \u00c9v\u00e9nementiels<\/title>\n<meta name=\"description\" content=\"Conception de v\u00e9hicules pour la promotion et la vente : boutique mobile, fashion truck, camion boutique de v\u00eatements et articles textiles &gt;\" \/>\n<meta name=\"robots\" content=\"index, follow, max-snippet:-1, max-image-preview:large, max-video-preview:-1\" \/>\n<link rel=\"canonical\" href=\"https:\/\/www.vsveicolispeciali.com\/fr\/amenagement-vehicules-magasin-commerce-ambulant\/boutique-nomade-camion-evenementiel\/\" \/>\n<meta property=\"og:locale\" content=\"fr_FR\" \/>\n<meta property=\"og:type\" content=\"article\" \/>\n<meta property=\"og:title\" content=\"Am\u00e9nagement de Camions-Boutiques et V\u00e9hicules \u00c9v\u00e9nementiels\" \/>\n<meta property=\"og:description\" content=\"Conception de v\u00e9hicules pour la promotion et la vente : boutique mobile, fashion truck, camion boutique de v\u00eatements et articles textiles &gt;\" \/>\n<meta property=\"og:url\" content=\"https:\/\/www.vsveicolispeciali.com\/fr\/amenagement-vehicules-magasin-commerce-ambulant\/boutique-nomade-camion-evenementiel\/\" \/>\n<meta property=\"og:site_name\" content=\"VS Veicoli Speciali\" \/>\n<meta property=\"article:publisher\" content=\"https:\/\/www.facebook.com\/VSVeicoliSpeciali.Food.Trucks\/\" \/>\n<meta property=\"article:modified_time\" content=\"2023-03-12T16:31:27+00:00\" \/>\n<meta name=\"twitter:card\" content=\"summary_large_image\" \/>\n<meta name=\"twitter:site\" content=\"@veicolispeciali\" \/>\n<meta name=\"twitter:label1\" content=\"Dur\u00e9e de lecture estim\u00e9e\" \/>\n\t<meta name=\"twitter:data1\" content=\"1 minute\" \/>\n<script type=\"application\/ld+json\" class=\"yoast-schema-graph\">{\"@context\":\"https:\/\/schema.org\",\"@graph\":[{\"@type\":\"WebPage\",\"@id\":\"https:\/\/www.vsveicolispeciali.com\/fr\/amenagement-vehicules-magasin-commerce-ambulant\/boutique-nomade-camion-evenementiel\/\",\"url\":\"https:\/\/www.vsveicolispeciali.com\/fr\/amenagement-vehicules-magasin-commerce-ambulant\/boutique-nomade-camion-evenementiel\/\",\"name\":\"Am\u00e9nagement de Camions-Boutiques et V\u00e9hicules \u00c9v\u00e9nementiels\",\"isPartOf\":{\"@id\":\"https:\/\/www.vsveicolispeciali.com\/fr\/#website\"},\"datePublished\":\"2015-11-20T00:13:17+00:00\",\"dateModified\":\"2023-03-12T16:31:27+00:00\",\"description\":\"Conception de v\u00e9hicules pour la promotion et la vente : boutique mobile, fashion truck, camion boutique de v\u00eatements et articles textiles >\",\"breadcrumb\":{\"@id\":\"https:\/\/www.vsveicolispeciali.com\/fr\/amenagement-vehicules-magasin-commerce-ambulant\/boutique-nomade-camion-evenementiel\/#breadcrumb\"},\"inLanguage\":\"fr-FR\",\"potentialAction\":[{\"@type\":\"ReadAction\",\"target\":[\"https:\/\/www.vsveicolispeciali.com\/fr\/amenagement-vehicules-magasin-commerce-ambulant\/boutique-nomade-camion-evenementiel\/\"]}]},{\"@type\":\"BreadcrumbList\",\"@id\":\"https:\/\/www.vsveicolispeciali.com\/fr\/amenagement-vehicules-magasin-commerce-ambulant\/boutique-nomade-camion-evenementiel\/#breadcrumb\",\"itemListElement\":[{\"@type\":\"ListItem\",\"position\":1,\"name\":\"Home\",\"item\":\"https:\/\/www.vsveicolispeciali.com\/fr\/\"},{\"@type\":\"ListItem\",\"position\":2,\"name\":\"Camions magasins pour commerce ambulant\",\"item\":\"https:\/\/www.vsveicolispeciali.com\/fr\/amenagement-vehicules-magasin-commerce-ambulant\/\"},{\"@type\":\"ListItem\",\"position\":3,\"name\":\"Camions-boutiques et v\u00e9hicules \u00e9v\u00e9nementiels\"}]},{\"@type\":\"WebSite\",\"@id\":\"https:\/\/www.vsveicolispeciali.com\/fr\/#website\",\"url\":\"https:\/\/www.vsveicolispeciali.com\/fr\/\",\"name\":\"VS Veicoli Speciali\",\"description\":\"\",\"publisher\":{\"@id\":\"https:\/\/www.vsveicolispeciali.com\/fr\/#organization\"},\"potentialAction\":[{\"@type\":\"SearchAction\",\"target\":{\"@type\":\"EntryPoint\",\"urlTemplate\":\"https:\/\/www.vsveicolispeciali.com\/fr\/?s={search_term_string}\"},\"query-input\":{\"@type\":\"PropertyValueSpecification\",\"valueRequired\":true,\"valueName\":\"search_term_string\"}}],\"inLanguage\":\"fr-FR\"},{\"@type\":\"Organization\",\"@id\":\"https:\/\/www.vsveicolispeciali.com\/fr\/#organization\",\"name\":\"VS Veicoli Speciali\",\"url\":\"https:\/\/www.vsveicolispeciali.com\/fr\/\",\"logo\":{\"@type\":\"ImageObject\",\"inLanguage\":\"fr-FR\",\"@id\":\"https:\/\/www.vsveicolispeciali.com\/fr\/#\/schema\/logo\/image\/\",\"url\":\"http:\/\/www.vsveicolispeciali.com\/wp-content\/uploads\/2015\/05\/vs_veicoli_speciali-logo.png\",\"contentUrl\":\"http:\/\/www.vsveicolispeciali.com\/wp-content\/uploads\/2015\/05\/vs_veicoli_speciali-logo.png\",\"width\":252,\"height\":134,\"caption\":\"VS Veicoli Speciali\"},\"image\":{\"@id\":\"https:\/\/www.vsveicolispeciali.com\/fr\/#\/schema\/logo\/image\/\"},\"sameAs\":[\"https:\/\/www.facebook.com\/VSVeicoliSpeciali.Food.Trucks\/\",\"https:\/\/x.com\/veicolispeciali\",\"https:\/\/www.instagram.com\/vs_veicolispeciali\/\",\"https:\/\/www.linkedin.com\/company\/2811960\/\",\"https:\/\/www.pinterest.com\/streetfoodtruck\/\",\"https:\/\/www.youtube.com\/user\/veicolispeciali\"]}]}<\/script>\n<!-- \/ Yoast SEO plugin. -->","yoast_head_json":{"title":"Am\u00e9nagement de Camions-Boutiques et V\u00e9hicules \u00c9v\u00e9nementiels","description":"Conception de v\u00e9hicules pour la promotion et la vente : boutique mobile, fashion truck, camion boutique de v\u00eatements et articles textiles >","robots":{"index":"index","follow":"follow","max-snippet":"max-snippet:-1","max-image-preview":"max-image-preview:large","max-video-preview":"max-video-preview:-1"},"canonical":"https:\/\/www.vsveicolispeciali.com\/fr\/amenagement-vehicules-magasin-commerce-ambulant\/boutique-nomade-camion-evenementiel\/","og_locale":"fr_FR","og_type":"article","og_title":"Am\u00e9nagement de Camions-Boutiques et V\u00e9hicules \u00c9v\u00e9nementiels","og_description":"Conception de v\u00e9hicules pour la promotion et la vente : boutique mobile, fashion truck, camion boutique de v\u00eatements et articles textiles >","og_url":"https:\/\/www.vsveicolispeciali.com\/fr\/amenagement-vehicules-magasin-commerce-ambulant\/boutique-nomade-camion-evenementiel\/","og_site_name":"VS Veicoli Speciali","article_publisher":"https:\/\/www.facebook.com\/VSVeicoliSpeciali.Food.Trucks\/","article_modified_time":"2023-03-12T16:31:27+00:00","twitter_card":"summary_large_image","twitter_site":"@veicolispeciali","twitter_misc":{"Dur\u00e9e de lecture estim\u00e9e":"1 minute"},"schema":{"@context":"https:\/\/schema.org","@graph":[{"@type":"WebPage","@id":"https:\/\/www.vsveicolispeciali.com\/fr\/amenagement-vehicules-magasin-commerce-ambulant\/boutique-nomade-camion-evenementiel\/","url":"https:\/\/www.vsveicolispeciali.com\/fr\/amenagement-vehicules-magasin-commerce-ambulant\/boutique-nomade-camion-evenementiel\/","name":"Am\u00e9nagement de Camions-Boutiques et V\u00e9hicules \u00c9v\u00e9nementiels","isPartOf":{"@id":"https:\/\/www.vsveicolispeciali.com\/fr\/#website"},"datePublished":"2015-11-20T00:13:17+00:00","dateModified":"2023-03-12T16:31:27+00:00","description":"Conception de v\u00e9hicules pour la promotion et la vente : boutique mobile, fashion truck, camion boutique de v\u00eatements et articles textiles >","breadcrumb":{"@id":"https:\/\/www.vsveicolispeciali.com\/fr\/amenagement-vehicules-magasin-commerce-ambulant\/boutique-nomade-camion-evenementiel\/#breadcrumb"},"inLanguage":"fr-FR","potentialAction":[{"@type":"ReadAction","target":["https:\/\/www.vsveicolispeciali.com\/fr\/amenagement-vehicules-magasin-commerce-ambulant\/boutique-nomade-camion-evenementiel\/"]}]},{"@type":"BreadcrumbList","@id":"https:\/\/www.vsveicolispeciali.com\/fr\/amenagement-vehicules-magasin-commerce-ambulant\/boutique-nomade-camion-evenementiel\/#breadcrumb","itemListElement":[{"@type":"ListItem","position":1,"name":"Home","item":"https:\/\/www.vsveicolispeciali.com\/fr\/"},{"@type":"ListItem","position":2,"name":"Camions magasins pour commerce ambulant","item":"https:\/\/www.vsveicolispeciali.com\/fr\/amenagement-vehicules-magasin-commerce-ambulant\/"},{"@type":"ListItem","position":3,"name":"Camions-boutiques et v\u00e9hicules \u00e9v\u00e9nementiels"}]},{"@type":"WebSite","@id":"https:\/\/www.vsveicolispeciali.com\/fr\/#website","url":"https:\/\/www.vsveicolispeciali.com\/fr\/","name":"VS Veicoli Speciali","description":"","publisher":{"@id":"https:\/\/www.vsveicolispeciali.com\/fr\/#organization"},"potentialAction":[{"@type":"SearchAction","target":{"@type":"EntryPoint","urlTemplate":"https:\/\/www.vsveicolispeciali.com\/fr\/?s={search_term_string}"},"query-input":{"@type":"PropertyValueSpecification","valueRequired":true,"valueName":"search_term_string"}}],"inLanguage":"fr-FR"},{"@type":"Organization","@id":"https:\/\/www.vsveicolispeciali.com\/fr\/#organization","name":"VS Veicoli Speciali","url":"https:\/\/www.vsveicolispeciali.com\/fr\/","logo":{"@type":"ImageObject","inLanguage":"fr-FR","@id":"https:\/\/www.vsveicolispeciali.com\/fr\/#\/schema\/logo\/image\/","url":"http:\/\/www.vsveicolispeciali.com\/wp-content\/uploads\/2015\/05\/vs_veicoli_speciali-logo.png","contentUrl":"http:\/\/www.vsveicolispeciali.com\/wp-content\/uploads\/2015\/05\/vs_veicoli_speciali-logo.png","width":252,"height":134,"caption":"VS Veicoli Speciali"},"image":{"@id":"https:\/\/www.vsveicolispeciali.com\/fr\/#\/schema\/logo\/image\/"},"sameAs":["https:\/\/www.facebook.com\/VSVeicoliSpeciali.Food.Trucks\/","https:\/\/x.com\/veicolispeciali","https:\/\/www.instagram.com\/vs_veicolispeciali\/","https:\/\/www.linkedin.com\/company\/2811960\/","https:\/\/www.pinterest.com\/streetfoodtruck\/","https:\/\/www.youtube.com\/user\/veicolispeciali"]}]}},"_links":{"self":[{"href":"https:\/\/www.vsveicolispeciali.com\/fr\/wp-json\/wp\/v2\/pages\/3722"}],"collection":[{"href":"https:\/\/www.vsveicolispeciali.com\/fr\/wp-json\/wp\/v2\/pages"}],"about":[{"href":"https:\/\/www.vsveicolispeciali.com\/fr\/wp-json\/wp\/v2\/types\/page"}],"author":[{"embeddable":true,"href":"https:\/\/www.vsveicolispeciali.com\/fr\/wp-json\/wp\/v2\/users\/1001012"}],"replies":[{"embeddable":true,"href":"https:\/\/www.vsveicolispeciali.com\/fr\/wp-json\/wp\/v2\/comments?post=3722"}],"version-history":[{"count":8,"href":"https:\/\/www.vsveicolispeciali.com\/fr\/wp-json\/wp\/v2\/pages\/3722\/revisions"}],"predecessor-version":[{"id":22042,"href":"https:\/\/www.vsveicolispeciali.com\/fr\/wp-json\/wp\/v2\/pages\/3722\/revisions\/22042"}],"up":[{"embeddable":true,"href":"https:\/\/www.vsveicolispeciali.com\/fr\/wp-json\/wp\/v2\/pages\/3709"}],"wp:attachment":[{"href":"https:\/\/www.vsveicolispeciali.com\/fr\/wp-json\/wp\/v2\/media?parent=3722"}],"curies":[{"name":"wp","href":"https:\/\/api.w.org\/{rel}","templated":true}]}}