{"id":3716,"date":"2015-11-20T01:15:28","date_gmt":"2015-11-20T00:15:28","guid":{"rendered":"http:\/\/www.vsveicolispeciali.com\/allestimenti-street-food\/carrello-autonegozio-rimorchio-per-ambulanti\/"},"modified":"2025-01-15T11:05:22","modified_gmt":"2025-01-15T10:05:22","slug":"remorque-amenagee-cuisine-et-caravane-food-truck","status":"publish","type":"page","link":"https:\/\/www.vsveicolispeciali.com\/fr\/amenagement-vehicules-magasin-commerce-ambulant\/remorque-amenagee-cuisine-et-caravane-food-truck\/","title":{"rendered":"Fabricant de remorques food truck"},"content":{"rendered":"<div class=\"wpb-content-wrapper\"><p>[vc_row css_animation=\u00a0\u00bb\u00a0\u00bb row_type=\u00a0\u00bbrow\u00a0\u00bb use_row_as_full_screen_section=\u00a0\u00bbno\u00a0\u00bb type=\u00a0\u00bbgrid\u00a0\u00bb angled_section=\u00a0\u00bbno\u00a0\u00bb text_align=\u00a0\u00bbleft\u00a0\u00bb background_image_as_pattern=\u00a0\u00bbwithout_pattern\u00a0\u00bb][vc_column][vc_separator type=\u00a0\u00bbtransparent\u00a0\u00bb thickness=\u00a0\u00bb90&Prime; up=\u00a0\u00bb0&Prime; down=\u00a0\u00bb0&Prime;][vc_column_text]<\/p>\n<h2 style=\"text-align: center;\">remorque am\u00e9nag\u00e9e en food truck ou magasin ambulant<\/h2>\n<p>[\/vc_column_text][vc_separator type=\u00a0\u00bbsmall\u00a0\u00bb position=\u00a0\u00bbcenter\u00a0\u00bb][vc_row_inner row_type=\u00a0\u00bbrow\u00a0\u00bb type=\u00a0\u00bbfull_width\u00a0\u00bb text_align=\u00a0\u00bbleft\u00a0\u00bb css_animation=\u00a0\u00bb\u00a0\u00bb][vc_column_inner width=\u00a0\u00bb1\/2&Prime;][vc_column_text css=\u00a0\u00bb\u00a0\u00bb]La\u00a0<strong>remorque food truck<\/strong> a une longue et glorieuse histoire perp\u00e9tu\u00e9e depuis des g\u00e9n\u00e9rations par les marchands ambulants. L\u2019utilisation de remorques-magasins s\u2019av\u00e8re avantageuse dans plusieurs domaines, comme par exemple la\u00a0<strong>restauration ambulante<\/strong>, la\u00a0promotion de marques\u00a0lors de foires et d\u2019\u00e9v\u00e8nements divers, la <strong>vente au d\u00e9tail<\/strong>\u00a0de v\u00eatements et autres produits dans les march\u00e9s et festivals.[\/vc_column_text][\/vc_column_inner][vc_column_inner width=\u00a0\u00bb1\/2&Prime;][vc_column_text]Nous am\u00e9nageons des <a href=\"http:\/\/www.vsveicolispeciali.com\/fr\/amenagement-vehicules-magasin-commerce-ambulant\/\" target=\"_blank\" rel=\"noopener noreferrer\">camions-magasins<\/a> haut de gamme, en les adaptant aux go\u00fbts et aux besoins des clients. Les <strong>caravanes food trucks<\/strong> sont une alternative avantageuse pour toutes les entreprises et les vendeurs qui ne sont pas int\u00e9ress\u00e9s par les v\u00e9hicules amovibles. La conception et la fabrication de <strong>airstream et remorques<\/strong> <a href=\"https:\/\/vsveicolispeciali.com\/fr\/amenagement-vehicules-magasin-commerce-ambulant\/food-truck-camion-magasin-pour-vente-ambulante\/\" target=\"_blank\" rel=\"noopener noreferrer\">food trucks<\/a> sont r\u00e9alis\u00e9es selon les besoins du client.\u2028 Contactez-nous pour toute information concernant les am\u00e9nagements et pour un <strong>devis personnalis\u00e9<\/strong>.[\/vc_column_text][\/vc_column_inner][\/vc_row_inner][vc_separator type=\u00a0\u00bbtransparent\u00a0\u00bb thickness=\u00a0\u00bb90&Prime; up=\u00a0\u00bb0&Prime; down=\u00a0\u00bb0&Prime;][\/vc_column][\/vc_row][vc_row css_animation=\u00a0\u00bb\u00a0\u00bb row_type=\u00a0\u00bbrow\u00a0\u00bb use_row_as_full_screen_section=\u00a0\u00bbno\u00a0\u00bb type=\u00a0\u00bbfull_width\u00a0\u00bb angled_section=\u00a0\u00bbno\u00a0\u00bb text_align=\u00a0\u00bbleft\u00a0\u00bb background_image_as_pattern=\u00a0\u00bbwithout_pattern\u00a0\u00bb][vc_column]<div class='projects_holder_outer v5 portfolio_with_space portfolio_with_hover_text'><div class='projects_holder portfolio_main_holder clearfix v5 hover_text portfolio_full_image portfolio_one_by_one'>\n<article class='mix portfolio_category_33 portfolio_category_36 portfolio_category_124 portfolio_category_407 ' style=''><div class='image_holder'><a itemprop='url' class='portfolio_link_for_touch' href='https:\/\/www.vsveicolispeciali.com\/fr\/street-food-truck\/remorque-food-truck-hibou\/' target='_self'><span class='image'><img loading=\"lazy\" decoding=\"async\" width=\"1000\" height=\"800\" src=\"https:\/\/www.vsveicolispeciali.com\/wp-content\/uploads\/2024\/02\/Rimorchio-Street-Food-HIBOU-1.jpg\" class=\"attachment-full size-full wp-post-image\" alt=\"Remorque Food Truck HIBOU\" srcset=\"https:\/\/www.vsveicolispeciali.com\/wp-content\/uploads\/2024\/02\/Rimorchio-Street-Food-HIBOU-1.jpg 1000w, https:\/\/www.vsveicolispeciali.com\/wp-content\/uploads\/2024\/02\/Rimorchio-Street-Food-HIBOU-1-300x240.jpg 300w, https:\/\/www.vsveicolispeciali.com\/wp-content\/uploads\/2024\/02\/Rimorchio-Street-Food-HIBOU-1-768x614.jpg 768w, https:\/\/www.vsveicolispeciali.com\/wp-content\/uploads\/2024\/02\/Rimorchio-Street-Food-HIBOU-1-700x560.jpg 700w\" sizes=\"(max-width: 1000px) 100vw, 1000px\" \/><\/span><\/a><span class='text_holder'><span class='text_outer'><span class='text_inner'><div class=\"hover_feature_holder_title\"><div class=\"hover_feature_holder_title_inner\"><h5 itemprop=\"name\" class=\"portfolio_title entry_title\"><a itemprop=\"url\" href=\"https:\/\/www.vsveicolispeciali.com\/fr\/street-food-truck\/remorque-food-truck-hibou\/\"  target=\"_self\">Remorque Food Truck HIBOU<\/a><\/h5><div  class=\"portfolio_separator separator  small center\"><\/div><span class=\"project_category\" >Remorques, V\u00e9hicules \u00e9lectriques, Street Food, Sandwich<\/span><\/div><\/div><span class='feature_holder'><span class=\"feature_holder_icons\"><a itemprop='url' class='preview qbutton small white' href='https:\/\/www.vsveicolispeciali.com\/fr\/street-food-truck\/remorque-food-truck-hibou\/' target='_self'>view<\/a><span class='portfolio_like qbutton small white'><a  href=\"#\" class=\"qode-like\" id=\"qode-like-25172\" title=\"Like this\">13<span>  Likes<\/span><\/a><\/span><\/span><\/span><\/span><\/span><\/span><\/div><\/article>\n<article class='mix portfolio_category_33 portfolio_category_35 ' style=''><div class='image_holder'><a itemprop='url' class='portfolio_link_for_touch' href='https:\/\/www.vsveicolispeciali.com\/fr\/street-food-truck\/remorque-boutique-de-vetements-robe-di-kappa\/' target='_self'><span class='image'><img loading=\"lazy\" decoding=\"async\" width=\"1000\" height=\"800\" src=\"https:\/\/www.vsveicolispeciali.com\/wp-content\/uploads\/2023\/07\/rimorchio-autonegozio-abbigliamento-robe-di-kappa.jpg\" class=\"attachment-full size-full wp-post-image\" alt=\"Remorque Boutique de V\u00eatements robe di kappa de couleur verte\" srcset=\"https:\/\/www.vsveicolispeciali.com\/wp-content\/uploads\/2023\/07\/rimorchio-autonegozio-abbigliamento-robe-di-kappa.jpg 1000w, https:\/\/www.vsveicolispeciali.com\/wp-content\/uploads\/2023\/07\/rimorchio-autonegozio-abbigliamento-robe-di-kappa-300x240.jpg 300w, https:\/\/www.vsveicolispeciali.com\/wp-content\/uploads\/2023\/07\/rimorchio-autonegozio-abbigliamento-robe-di-kappa-768x614.jpg 768w, https:\/\/www.vsveicolispeciali.com\/wp-content\/uploads\/2023\/07\/rimorchio-autonegozio-abbigliamento-robe-di-kappa-700x560.jpg 700w\" sizes=\"(max-width: 1000px) 100vw, 1000px\" \/><\/span><\/a><span class='text_holder'><span class='text_outer'><span class='text_inner'><div class=\"hover_feature_holder_title\"><div class=\"hover_feature_holder_title_inner\"><h5 itemprop=\"name\" class=\"portfolio_title entry_title\"><a itemprop=\"url\" href=\"https:\/\/www.vsveicolispeciali.com\/fr\/street-food-truck\/remorque-boutique-de-vetements-robe-di-kappa\/\"  target=\"_self\">Remorque Boutique de V\u00eatements Robe di Kappa<\/a><\/h5><div  class=\"portfolio_separator separator  small center\"><\/div><span class=\"project_category\" >Remorques, Camions Boutique et Promo<\/span><\/div><\/div><span class='feature_holder'><span class=\"feature_holder_icons\"><a itemprop='url' class='preview qbutton small white' href='https:\/\/www.vsveicolispeciali.com\/fr\/street-food-truck\/remorque-boutique-de-vetements-robe-di-kappa\/' target='_self'>view<\/a><span class='portfolio_like qbutton small white'><a  href=\"#\" class=\"qode-like\" id=\"qode-like-23720\" title=\"Like this\">14<span>  Likes<\/span><\/a><\/span><\/span><\/span><\/span><\/span><\/span><\/div><\/article>\n<article class='mix portfolio_category_33 ' style=''><div class='image_holder'><a itemprop='url' class='portfolio_link_for_touch' href='https:\/\/www.vsveicolispeciali.com\/fr\/street-food-truck\/remorque-charcuterie-rapelli\/' target='_self'><span class='image'><img loading=\"lazy\" decoding=\"async\" width=\"1200\" height=\"800\" src=\"https:\/\/www.vsveicolispeciali.com\/wp-content\/uploads\/2022\/03\/rimorchio-food-truck-rapelli.jpg\" class=\"attachment-full size-full wp-post-image\" alt=\"remorque charcuterie rapelli\" srcset=\"https:\/\/www.vsveicolispeciali.com\/wp-content\/uploads\/2022\/03\/rimorchio-food-truck-rapelli.jpg 1200w, https:\/\/www.vsveicolispeciali.com\/wp-content\/uploads\/2022\/03\/rimorchio-food-truck-rapelli-300x200.jpg 300w, https:\/\/www.vsveicolispeciali.com\/wp-content\/uploads\/2022\/03\/rimorchio-food-truck-rapelli-1024x683.jpg 1024w, https:\/\/www.vsveicolispeciali.com\/wp-content\/uploads\/2022\/03\/rimorchio-food-truck-rapelli-768x512.jpg 768w, https:\/\/www.vsveicolispeciali.com\/wp-content\/uploads\/2022\/03\/rimorchio-food-truck-rapelli-700x467.jpg 700w\" sizes=\"(max-width: 1200px) 100vw, 1200px\" \/><\/span><\/a><span class='text_holder'><span class='text_outer'><span class='text_inner'><div class=\"hover_feature_holder_title\"><div class=\"hover_feature_holder_title_inner\"><h5 itemprop=\"name\" class=\"portfolio_title entry_title\"><a itemprop=\"url\" href=\"https:\/\/www.vsveicolispeciali.com\/fr\/street-food-truck\/remorque-charcuterie-rapelli\/\"  target=\"_self\">Remorque R\u00e9frig\u00e9r\u00e9e Charcuterie Rapelli<\/a><\/h5><div  class=\"portfolio_separator separator  small center\"><\/div><span class=\"project_category\" >Remorques<\/span><\/div><\/div><span class='feature_holder'><span class=\"feature_holder_icons\"><a itemprop='url' class='preview qbutton small white' href='https:\/\/www.vsveicolispeciali.com\/fr\/street-food-truck\/remorque-charcuterie-rapelli\/' target='_self'>view<\/a><span class='portfolio_like qbutton small white'><a  href=\"#\" class=\"qode-like\" id=\"qode-like-15923\" title=\"Like this\">11<span>  Likes<\/span><\/a><\/span><\/span><\/span><\/span><\/span><\/span><\/div><\/article>\n<article class='mix portfolio_category_33 portfolio_category_124 portfolio_category_129 portfolio_category_130 ' style=''><div class='image_holder'><a itemprop='url' class='portfolio_link_for_touch' href='https:\/\/www.vsveicolispeciali.com\/fr\/street-food-truck\/remorque-brasserie-itinerante-lowengrube-biere-bavaroise\/' target='_self'><span class='image'><img loading=\"lazy\" decoding=\"async\" width=\"1000\" height=\"800\" src=\"https:\/\/www.vsveicolispeciali.com\/wp-content\/uploads\/2021\/07\/rimorchio-birreria-mobile-lowengrube.jpg\" class=\"attachment-full size-full wp-post-image\" alt=\"remorque brasserie mobile lowengrube\" srcset=\"https:\/\/www.vsveicolispeciali.com\/wp-content\/uploads\/2021\/07\/rimorchio-birreria-mobile-lowengrube.jpg 1000w, https:\/\/www.vsveicolispeciali.com\/wp-content\/uploads\/2021\/07\/rimorchio-birreria-mobile-lowengrube-300x240.jpg 300w, https:\/\/www.vsveicolispeciali.com\/wp-content\/uploads\/2021\/07\/rimorchio-birreria-mobile-lowengrube-768x614.jpg 768w, https:\/\/www.vsveicolispeciali.com\/wp-content\/uploads\/2021\/07\/rimorchio-birreria-mobile-lowengrube-700x560.jpg 700w\" sizes=\"(max-width: 1000px) 100vw, 1000px\" \/><\/span><\/a><span class='text_holder'><span class='text_outer'><span class='text_inner'><div class=\"hover_feature_holder_title\"><div class=\"hover_feature_holder_title_inner\"><h5 itemprop=\"name\" class=\"portfolio_title entry_title\"><a itemprop=\"url\" href=\"https:\/\/www.vsveicolispeciali.com\/fr\/street-food-truck\/remorque-brasserie-itinerante-lowengrube-biere-bavaroise\/\"  target=\"_self\">Remorque Brasserie Itin\u00e9rante &#8211; L\u00f6wengrube<\/a><\/h5><div  class=\"portfolio_separator separator  small center\"><\/div><span class=\"project_category\" >Remorques, Street Food, Bi\u00e8re, BBQ \/ GRILL<\/span><\/div><\/div><span class='feature_holder'><span class=\"feature_holder_icons\"><a itemprop='url' class='preview qbutton small white' href='https:\/\/www.vsveicolispeciali.com\/fr\/street-food-truck\/remorque-brasserie-itinerante-lowengrube-biere-bavaroise\/' target='_self'>view<\/a><span class='portfolio_like qbutton small white'><a  href=\"#\" class=\"qode-like\" id=\"qode-like-14853\" title=\"Like this\">19<span>  Likes<\/span><\/a><\/span><\/span><\/span><\/span><\/span><\/span><\/div><\/article>\n<article class='mix portfolio_category_33 portfolio_category_124 ' style=''><div class='image_holder'><a itemprop='url' class='portfolio_link_for_touch' href='https:\/\/www.vsveicolispeciali.com\/fr\/street-food-truck\/remorque-cuisine-mobile-vente-plats-poisson-godfish\/' target='_self'><span class='image'><img loading=\"lazy\" decoding=\"async\" width=\"1000\" height=\"800\" src=\"https:\/\/www.vsveicolispeciali.com\/wp-content\/uploads\/2018\/10\/godfish-carrello-street-food.jpg\" class=\"attachment-full size-full wp-post-image\" alt=\"godfish remorque street food pour vente de plats de poisson\" srcset=\"https:\/\/www.vsveicolispeciali.com\/wp-content\/uploads\/2018\/10\/godfish-carrello-street-food.jpg 1000w, https:\/\/www.vsveicolispeciali.com\/wp-content\/uploads\/2018\/10\/godfish-carrello-street-food-300x240.jpg 300w, https:\/\/www.vsveicolispeciali.com\/wp-content\/uploads\/2018\/10\/godfish-carrello-street-food-768x614.jpg 768w, https:\/\/www.vsveicolispeciali.com\/wp-content\/uploads\/2018\/10\/godfish-carrello-street-food-700x560.jpg 700w\" sizes=\"(max-width: 1000px) 100vw, 1000px\" \/><\/span><\/a><span class='text_holder'><span class='text_outer'><span class='text_inner'><div class=\"hover_feature_holder_title\"><div class=\"hover_feature_holder_title_inner\"><h5 itemprop=\"name\" class=\"portfolio_title entry_title\"><a itemprop=\"url\" href=\"https:\/\/www.vsveicolispeciali.com\/fr\/street-food-truck\/remorque-cuisine-mobile-vente-plats-poisson-godfish\/\"  target=\"_self\">Remorque Cuisine Mobile GODFISH<\/a><\/h5><div  class=\"portfolio_separator separator  small center\"><\/div><span class=\"project_category\" >Remorques, Street Food<\/span><\/div><\/div><span class='feature_holder'><span class=\"feature_holder_icons\"><a itemprop='url' class='preview qbutton small white' href='https:\/\/www.vsveicolispeciali.com\/fr\/street-food-truck\/remorque-cuisine-mobile-vente-plats-poisson-godfish\/' target='_self'>view<\/a><span class='portfolio_like qbutton small white'><a  href=\"#\" class=\"qode-like\" id=\"qode-like-9896\" title=\"Like this\">53<span>  Likes<\/span><\/a><\/span><\/span><\/span><\/span><\/span><\/span><\/div><\/article>\n<article class='mix portfolio_category_33 portfolio_category_128 ' style=''><div class='image_holder'><a itemprop='url' class='portfolio_link_for_touch' href='https:\/\/www.vsveicolispeciali.com\/fr\/street-food-truck\/transformation-airstream-en-remorque-cafeteria-mobile-lavazza\/' target='_self'><span class='image'><img loading=\"lazy\" decoding=\"async\" width=\"1000\" height=\"800\" src=\"https:\/\/www.vsveicolispeciali.com\/wp-content\/uploads\/2018\/09\/carrello-rimorchio-food-airstream-lavazza.jpg\" class=\"attachment-full size-full wp-post-image\" alt=\"remorque amenagee pour le street food airstream lavazza. V\u00e9hicule vintage des ann\u00e9es 70 r\u00e9nov\u00e9 et modernis\u00e9 comme indiqu\u00e9 sur la photo\" srcset=\"https:\/\/www.vsveicolispeciali.com\/wp-content\/uploads\/2018\/09\/carrello-rimorchio-food-airstream-lavazza.jpg 1000w, https:\/\/www.vsveicolispeciali.com\/wp-content\/uploads\/2018\/09\/carrello-rimorchio-food-airstream-lavazza-300x240.jpg 300w, https:\/\/www.vsveicolispeciali.com\/wp-content\/uploads\/2018\/09\/carrello-rimorchio-food-airstream-lavazza-768x614.jpg 768w, https:\/\/www.vsveicolispeciali.com\/wp-content\/uploads\/2018\/09\/carrello-rimorchio-food-airstream-lavazza-700x560.jpg 700w\" sizes=\"(max-width: 1000px) 100vw, 1000px\" \/><\/span><\/a><span class='text_holder'><span class='text_outer'><span class='text_inner'><div class=\"hover_feature_holder_title\"><div class=\"hover_feature_holder_title_inner\"><h5 itemprop=\"name\" class=\"portfolio_title entry_title\"><a itemprop=\"url\" href=\"https:\/\/www.vsveicolispeciali.com\/fr\/street-food-truck\/transformation-airstream-en-remorque-cafeteria-mobile-lavazza\/\"  target=\"_self\">Remorque Airstream Caf\u00e9 LAVAZZA<\/a><\/h5><div  class=\"portfolio_separator separator  small center\"><\/div><span class=\"project_category\" >Remorques, Caf\u00e9<\/span><\/div><\/div><span class='feature_holder'><span class=\"feature_holder_icons\"><a itemprop='url' class='preview qbutton small white' href='https:\/\/www.vsveicolispeciali.com\/fr\/street-food-truck\/transformation-airstream-en-remorque-cafeteria-mobile-lavazza\/' target='_self'>view<\/a><span class='portfolio_like qbutton small white'><a  href=\"#\" class=\"qode-like\" id=\"qode-like-9900\" title=\"Like this\">87<span>  Likes<\/span><\/a><\/span><\/span><\/span><\/span><\/span><\/span><\/div><\/article>\n<article class='mix portfolio_category_33 portfolio_category_124 ' style=''><div class='image_holder'><a itemprop='url' class='portfolio_link_for_touch' href='https:\/\/www.vsveicolispeciali.com\/fr\/street-food-truck\/remorque-cuisine-pour-tournee-promotionnelle-ftrailer-prototype-tesla\/' target='_self'><span class='image'><img loading=\"lazy\" decoding=\"async\" width=\"1000\" height=\"800\" src=\"https:\/\/www.vsveicolispeciali.com\/wp-content\/uploads\/2018\/04\/carrello-street-food-f-trailer.jpg\" class=\"attachment-full size-full wp-post-image\" alt=\"\" srcset=\"https:\/\/www.vsveicolispeciali.com\/wp-content\/uploads\/2018\/04\/carrello-street-food-f-trailer.jpg 1000w, https:\/\/www.vsveicolispeciali.com\/wp-content\/uploads\/2018\/04\/carrello-street-food-f-trailer-300x240.jpg 300w, https:\/\/www.vsveicolispeciali.com\/wp-content\/uploads\/2018\/04\/carrello-street-food-f-trailer-768x614.jpg 768w, https:\/\/www.vsveicolispeciali.com\/wp-content\/uploads\/2018\/04\/carrello-street-food-f-trailer-700x560.jpg 700w\" sizes=\"(max-width: 1000px) 100vw, 1000px\" \/><\/span><\/a><span class='text_holder'><span class='text_outer'><span class='text_inner'><div class=\"hover_feature_holder_title\"><div class=\"hover_feature_holder_title_inner\"><h5 itemprop=\"name\" class=\"portfolio_title entry_title\"><a itemprop=\"url\" href=\"https:\/\/www.vsveicolispeciali.com\/fr\/street-food-truck\/remorque-cuisine-pour-tournee-promotionnelle-ftrailer-prototype-tesla\/\"  target=\"_self\">Remorque Cuisine &#8211; Tesla Owners (Prototype)<\/a><\/h5><div  class=\"portfolio_separator separator  small center\"><\/div><span class=\"project_category\" >Remorques, Street Food<\/span><\/div><\/div><span class='feature_holder'><span class=\"feature_holder_icons\"><a itemprop='url' class='preview qbutton small white' href='https:\/\/www.vsveicolispeciali.com\/fr\/street-food-truck\/remorque-cuisine-pour-tournee-promotionnelle-ftrailer-prototype-tesla\/' target='_self'>view<\/a><span class='portfolio_like qbutton small white'><a  href=\"#\" class=\"qode-like\" id=\"qode-like-9909\" title=\"Like this\">33<span>  Likes<\/span><\/a><\/span><\/span><\/span><\/span><\/span><\/span><\/div><\/article>\n<article class='mix portfolio_category_33 portfolio_category_124 ' style=''><div class='image_holder'><a itemprop='url' class='portfolio_link_for_touch' href='https:\/\/www.vsveicolispeciali.com\/fr\/street-food-truck\/fabricant-remorque-magasin-cuisine-de-rue-icr\/' target='_self'><span class='image'><img loading=\"lazy\" decoding=\"async\" width=\"1000\" height=\"800\" src=\"https:\/\/www.vsveicolispeciali.com\/wp-content\/uploads\/2017\/06\/Rimorchio_Street_Food_ICR_01.jpg\" class=\"attachment-full size-full wp-post-image\" alt=\"Remorque Magasin pour Cuisine de Rue | Frytop et Friteuse | ICR G\u00e9orgie\" srcset=\"https:\/\/www.vsveicolispeciali.com\/wp-content\/uploads\/2017\/06\/Rimorchio_Street_Food_ICR_01.jpg 1000w, https:\/\/www.vsveicolispeciali.com\/wp-content\/uploads\/2017\/06\/Rimorchio_Street_Food_ICR_01-300x240.jpg 300w, https:\/\/www.vsveicolispeciali.com\/wp-content\/uploads\/2017\/06\/Rimorchio_Street_Food_ICR_01-768x614.jpg 768w, https:\/\/www.vsveicolispeciali.com\/wp-content\/uploads\/2017\/06\/Rimorchio_Street_Food_ICR_01-700x560.jpg 700w\" sizes=\"(max-width: 1000px) 100vw, 1000px\" \/><\/span><\/a><span class='text_holder'><span class='text_outer'><span class='text_inner'><div class=\"hover_feature_holder_title\"><div class=\"hover_feature_holder_title_inner\"><h5 itemprop=\"name\" class=\"portfolio_title entry_title\"><a itemprop=\"url\" href=\"https:\/\/www.vsveicolispeciali.com\/fr\/street-food-truck\/fabricant-remorque-magasin-cuisine-de-rue-icr\/\"  target=\"_self\">Remorque Magasin &#8211; ICR<\/a><\/h5><div  class=\"portfolio_separator separator  small center\"><\/div><span class=\"project_category\" >Remorques, Street Food<\/span><\/div><\/div><span class='feature_holder'><span class=\"feature_holder_icons\"><a itemprop='url' class='preview qbutton small white' href='https:\/\/www.vsveicolispeciali.com\/fr\/street-food-truck\/fabricant-remorque-magasin-cuisine-de-rue-icr\/' target='_self'>view<\/a><span class='portfolio_like qbutton small white'><a  href=\"#\" class=\"qode-like\" id=\"qode-like-4651\" title=\"Like this\">64<span>  Likes<\/span><\/a><\/span><\/span><\/span><\/span><\/span><\/span><\/div><\/article>\n<article class='mix portfolio_category_33 portfolio_category_124 portfolio_category_127 ' style=''><div class='image_holder'><a itemprop='url' class='portfolio_link_for_touch' href='https:\/\/www.vsveicolispeciali.com\/fr\/street-food-truck\/remorque-food-truck-a-vendre-glace-la-cremeria\/' target='_self'><span class='image'><img loading=\"lazy\" decoding=\"async\" width=\"1000\" height=\"800\" src=\"https:\/\/www.vsveicolispeciali.com\/wp-content\/uploads\/2017\/01\/Rimorchio_LaCremeria_01.jpg\" class=\"attachment-full size-full wp-post-image\" alt=\"Remorque Food Truck \u00e1 vendre glaces \u00e0 l\u2019italienne - La Tua Cremeria\" srcset=\"https:\/\/www.vsveicolispeciali.com\/wp-content\/uploads\/2017\/01\/Rimorchio_LaCremeria_01.jpg 1000w, https:\/\/www.vsveicolispeciali.com\/wp-content\/uploads\/2017\/01\/Rimorchio_LaCremeria_01-300x240.jpg 300w, https:\/\/www.vsveicolispeciali.com\/wp-content\/uploads\/2017\/01\/Rimorchio_LaCremeria_01-768x614.jpg 768w, https:\/\/www.vsveicolispeciali.com\/wp-content\/uploads\/2017\/01\/Rimorchio_LaCremeria_01-700x560.jpg 700w\" sizes=\"(max-width: 1000px) 100vw, 1000px\" \/><\/span><\/a><span class='text_holder'><span class='text_outer'><span class='text_inner'><div class=\"hover_feature_holder_title\"><div class=\"hover_feature_holder_title_inner\"><h5 itemprop=\"name\" class=\"portfolio_title entry_title\"><a itemprop=\"url\" href=\"https:\/\/www.vsveicolispeciali.com\/fr\/street-food-truck\/remorque-food-truck-a-vendre-glace-la-cremeria\/\"  target=\"_self\">Remorque Glace Italienne La Cremeria<\/a><\/h5><div  class=\"portfolio_separator separator  small center\"><\/div><span class=\"project_category\" >Remorques, Street Food, Glac\u00e9<\/span><\/div><\/div><span class='feature_holder'><span class=\"feature_holder_icons\"><a itemprop='url' class='preview qbutton small white' href='https:\/\/www.vsveicolispeciali.com\/fr\/street-food-truck\/remorque-food-truck-a-vendre-glace-la-cremeria\/' target='_self'>view<\/a><span class='portfolio_like qbutton small white'><a  href=\"#\" class=\"qode-like\" id=\"qode-like-3787\" title=\"Like this\">43<span>  Likes<\/span><\/a><\/span><\/span><\/span><\/span><\/span><\/span><\/div><\/article>\n<article class='mix portfolio_category_33 portfolio_category_124 ' style=''><div class='image_holder'><a itemprop='url' class='portfolio_link_for_touch' href='https:\/\/www.vsveicolispeciali.com\/fr\/street-food-truck\/caravane-food-truck-roulotte\/' target='_self'><span class='image'><img loading=\"lazy\" decoding=\"async\" width=\"1000\" height=\"800\" src=\"https:\/\/www.vsveicolispeciali.com\/wp-content\/uploads\/2016\/09\/Trailer_StreetFood_Lander_ZOE_03-1.jpg\" class=\"attachment-full size-full wp-post-image\" alt=\"\" srcset=\"https:\/\/www.vsveicolispeciali.com\/wp-content\/uploads\/2016\/09\/Trailer_StreetFood_Lander_ZOE_03-1.jpg 1000w, https:\/\/www.vsveicolispeciali.com\/wp-content\/uploads\/2016\/09\/Trailer_StreetFood_Lander_ZOE_03-1-300x240.jpg 300w, https:\/\/www.vsveicolispeciali.com\/wp-content\/uploads\/2016\/09\/Trailer_StreetFood_Lander_ZOE_03-1-768x614.jpg 768w, https:\/\/www.vsveicolispeciali.com\/wp-content\/uploads\/2016\/09\/Trailer_StreetFood_Lander_ZOE_03-1-700x560.jpg 700w\" sizes=\"(max-width: 1000px) 100vw, 1000px\" \/><\/span><\/a><span class='text_holder'><span class='text_outer'><span class='text_inner'><div class=\"hover_feature_holder_title\"><div class=\"hover_feature_holder_title_inner\"><h5 itemprop=\"name\" class=\"portfolio_title entry_title\"><a itemprop=\"url\" href=\"https:\/\/www.vsveicolispeciali.com\/fr\/street-food-truck\/caravane-food-truck-roulotte\/\"  target=\"_self\">Roulotte Food Truck ZOE<\/a><\/h5><div  class=\"portfolio_separator separator  small center\"><\/div><span class=\"project_category\" >Remorques, Street Food<\/span><\/div><\/div><span class='feature_holder'><span class=\"feature_holder_icons\"><a itemprop='url' class='preview qbutton small white' href='https:\/\/www.vsveicolispeciali.com\/fr\/street-food-truck\/caravane-food-truck-roulotte\/' target='_self'>view<\/a><span class='portfolio_like qbutton small white'><a  href=\"#\" class=\"qode-like\" id=\"qode-like-4693\" title=\"Like this\">33<span>  Likes<\/span><\/a><\/span><\/span><\/span><\/span><\/span><\/span><\/div><\/article>\n<article class='mix portfolio_category_33 portfolio_category_126 ' style=''><div class='image_holder'><a itemprop='url' class='portfolio_link_for_touch' href='https:\/\/www.vsveicolispeciali.com\/fr\/street-food-truck\/remorque-alimentaire-fiat-500-vintage\/' target='_self'><span class='image'><img loading=\"lazy\" decoding=\"async\" width=\"1000\" height=\"800\" src=\"https:\/\/www.vsveicolispeciali.com\/wp-content\/uploads\/2015\/11\/veicoli-depoca-per-street-food-fiat-500.jpg\" class=\"attachment-full size-full wp-post-image\" alt=\"Remorque hamburger Fiat 500 vintage au style am\u00e9ricain pour restauration mobile \u00e0 fort impact visuel\" srcset=\"https:\/\/www.vsveicolispeciali.com\/wp-content\/uploads\/2015\/11\/veicoli-depoca-per-street-food-fiat-500.jpg 1000w, https:\/\/www.vsveicolispeciali.com\/wp-content\/uploads\/2015\/11\/veicoli-depoca-per-street-food-fiat-500-300x240.jpg 300w, https:\/\/www.vsveicolispeciali.com\/wp-content\/uploads\/2015\/11\/veicoli-depoca-per-street-food-fiat-500-768x614.jpg 768w, https:\/\/www.vsveicolispeciali.com\/wp-content\/uploads\/2015\/11\/veicoli-depoca-per-street-food-fiat-500-700x560.jpg 700w\" sizes=\"(max-width: 1000px) 100vw, 1000px\" \/><\/span><\/a><span class='text_holder'><span class='text_outer'><span class='text_inner'><div class=\"hover_feature_holder_title\"><div class=\"hover_feature_holder_title_inner\"><h5 itemprop=\"name\" class=\"portfolio_title entry_title\"><a itemprop=\"url\" href=\"https:\/\/www.vsveicolispeciali.com\/fr\/street-food-truck\/remorque-alimentaire-fiat-500-vintage\/\"  target=\"_self\">Remorque Hamburger Fiat 500<\/a><\/h5><div  class=\"portfolio_separator separator  small center\"><\/div><span class=\"project_category\" >Remorques, Burger \/ Hamburger<\/span><\/div><\/div><span class='feature_holder'><span class=\"feature_holder_icons\"><a itemprop='url' class='preview qbutton small white' href='https:\/\/www.vsveicolispeciali.com\/fr\/street-food-truck\/remorque-alimentaire-fiat-500-vintage\/' target='_self'>view<\/a><span class='portfolio_like qbutton small white'><a  href=\"#\" class=\"qode-like\" id=\"qode-like-4259\" title=\"Like this\">69<span>  Likes<\/span><\/a><\/span><\/span><\/span><\/span><\/span><\/span><\/div><\/article>\n<article class='mix portfolio_category_33 portfolio_category_126 ' style=''><div class='image_holder'><a itemprop='url' class='portfolio_link_for_touch' href='https:\/\/www.vsveicolispeciali.com\/fr\/street-food-truck\/remorque-cuisine-hamburger-foundation-thf\/' target='_self'><span class='image'><img loading=\"lazy\" decoding=\"async\" width=\"1000\" height=\"800\" src=\"https:\/\/www.vsveicolispeciali.com\/wp-content\/uploads\/2015\/11\/allestimento-autonegozio-rimorchio-thf.jpg\" class=\"attachment-full size-full wp-post-image\" alt=\"Remorque burger THF am\u00e9nag\u00e9e pour la vente ambulante d\u2019hamburgers en Suisse\" srcset=\"https:\/\/www.vsveicolispeciali.com\/wp-content\/uploads\/2015\/11\/allestimento-autonegozio-rimorchio-thf.jpg 1000w, https:\/\/www.vsveicolispeciali.com\/wp-content\/uploads\/2015\/11\/allestimento-autonegozio-rimorchio-thf-300x240.jpg 300w, https:\/\/www.vsveicolispeciali.com\/wp-content\/uploads\/2015\/11\/allestimento-autonegozio-rimorchio-thf-768x614.jpg 768w, https:\/\/www.vsveicolispeciali.com\/wp-content\/uploads\/2015\/11\/allestimento-autonegozio-rimorchio-thf-700x560.jpg 700w\" sizes=\"(max-width: 1000px) 100vw, 1000px\" \/><\/span><\/a><span class='text_holder'><span class='text_outer'><span class='text_inner'><div class=\"hover_feature_holder_title\"><div class=\"hover_feature_holder_title_inner\"><h5 itemprop=\"name\" class=\"portfolio_title entry_title\"><a itemprop=\"url\" href=\"https:\/\/www.vsveicolispeciali.com\/fr\/street-food-truck\/remorque-cuisine-hamburger-foundation-thf\/\"  target=\"_self\">Remorque Burger THF<\/a><\/h5><div  class=\"portfolio_separator separator  small center\"><\/div><span class=\"project_category\" >Remorques, Burger \/ Hamburger<\/span><\/div><\/div><span class='feature_holder'><span class=\"feature_holder_icons\"><a itemprop='url' class='preview qbutton small white' href='https:\/\/www.vsveicolispeciali.com\/fr\/street-food-truck\/remorque-cuisine-hamburger-foundation-thf\/' target='_self'>view<\/a><span class='portfolio_like qbutton small white'><a  href=\"#\" class=\"qode-like\" id=\"qode-like-4263\" title=\"Like this\">157<span>  Likes<\/span><\/a><\/span><\/span><\/span><\/span><\/span><\/span><\/div><\/article>\n<article class='mix portfolio_category_33 portfolio_category_124 portfolio_category_617 ' style=''><div class='image_holder'><a itemprop='url' class='portfolio_link_for_touch' href='https:\/\/www.vsveicolispeciali.com\/fr\/street-food-truck\/remorque-food-restaurant-ristolucitta\/' target='_self'><span class='image'><img loading=\"lazy\" decoding=\"async\" width=\"1000\" height=\"800\" src=\"https:\/\/www.vsveicolispeciali.com\/wp-content\/uploads\/2015\/11\/autonegozio-rimorchio-lucitta.jpg\" class=\"attachment-full size-full wp-post-image\" alt=\"Remorque restaurant am\u00e9nag\u00e9e pour restauration itin\u00e9rante avec vitrine r\u00e9frig\u00e9r\u00e9e et espace cuisson\" srcset=\"https:\/\/www.vsveicolispeciali.com\/wp-content\/uploads\/2015\/11\/autonegozio-rimorchio-lucitta.jpg 1000w, https:\/\/www.vsveicolispeciali.com\/wp-content\/uploads\/2015\/11\/autonegozio-rimorchio-lucitta-300x240.jpg 300w, https:\/\/www.vsveicolispeciali.com\/wp-content\/uploads\/2015\/11\/autonegozio-rimorchio-lucitta-768x614.jpg 768w, https:\/\/www.vsveicolispeciali.com\/wp-content\/uploads\/2015\/11\/autonegozio-rimorchio-lucitta-700x560.jpg 700w\" sizes=\"(max-width: 1000px) 100vw, 1000px\" \/><\/span><\/a><span class='text_holder'><span class='text_outer'><span class='text_inner'><div class=\"hover_feature_holder_title\"><div class=\"hover_feature_holder_title_inner\"><h5 itemprop=\"name\" class=\"portfolio_title entry_title\"><a itemprop=\"url\" href=\"https:\/\/www.vsveicolispeciali.com\/fr\/street-food-truck\/remorque-food-restaurant-ristolucitta\/\"  target=\"_self\">Remorque Restaurant Ristolucitta<\/a><\/h5><div  class=\"portfolio_separator separator  small center\"><\/div><span class=\"project_category\" >Remorques, Street Food, Chef<\/span><\/div><\/div><span class='feature_holder'><span class=\"feature_holder_icons\"><a itemprop='url' class='preview qbutton small white' href='https:\/\/www.vsveicolispeciali.com\/fr\/street-food-truck\/remorque-food-restaurant-ristolucitta\/' target='_self'>view<\/a><span class='portfolio_like qbutton small white'><a  href=\"#\" class=\"qode-like\" id=\"qode-like-4267\" title=\"Like this\">207<span>  Likes<\/span><\/a><\/span><\/span><\/span><\/span><\/span><\/span><\/div><\/article>\n<article class='mix portfolio_category_33 portfolio_category_124 ' style=''><div class='image_holder'><a itemprop='url' class='portfolio_link_for_touch' href='https:\/\/www.vsveicolispeciali.com\/fr\/street-food-truck\/remorque-restaurant-ambulant-be-typical\/' target='_self'><span class='image'><img loading=\"lazy\" decoding=\"async\" width=\"1000\" height=\"800\" src=\"https:\/\/www.vsveicolispeciali.com\/wp-content\/uploads\/2015\/11\/rimorchio-autonegozio-be-typical.jpg\" class=\"attachment-full size-full wp-post-image\" alt=\"Remorque ambulante \u00e9quip\u00e9e pour cuisson et vente de polenta grill\u00e9e en street food\" srcset=\"https:\/\/www.vsveicolispeciali.com\/wp-content\/uploads\/2015\/11\/rimorchio-autonegozio-be-typical.jpg 1000w, https:\/\/www.vsveicolispeciali.com\/wp-content\/uploads\/2015\/11\/rimorchio-autonegozio-be-typical-300x240.jpg 300w, https:\/\/www.vsveicolispeciali.com\/wp-content\/uploads\/2015\/11\/rimorchio-autonegozio-be-typical-768x614.jpg 768w, https:\/\/www.vsveicolispeciali.com\/wp-content\/uploads\/2015\/11\/rimorchio-autonegozio-be-typical-700x560.jpg 700w\" sizes=\"(max-width: 1000px) 100vw, 1000px\" \/><\/span><\/a><span class='text_holder'><span class='text_outer'><span class='text_inner'><div class=\"hover_feature_holder_title\"><div class=\"hover_feature_holder_title_inner\"><h5 itemprop=\"name\" class=\"portfolio_title entry_title\"><a itemprop=\"url\" href=\"https:\/\/www.vsveicolispeciali.com\/fr\/street-food-truck\/remorque-restaurant-ambulant-be-typical\/\"  target=\"_self\">Remorque Ambulante Be Typical<\/a><\/h5><div  class=\"portfolio_separator separator  small center\"><\/div><span class=\"project_category\" >Remorques, Street Food<\/span><\/div><\/div><span class='feature_holder'><span class=\"feature_holder_icons\"><a itemprop='url' class='preview qbutton small white' href='https:\/\/www.vsveicolispeciali.com\/fr\/street-food-truck\/remorque-restaurant-ambulant-be-typical\/' target='_self'>view<\/a><span class='portfolio_like qbutton small white'><a  href=\"#\" class=\"qode-like\" id=\"qode-like-4272\" title=\"Like this\">95<span>  Likes<\/span><\/a><\/span><\/span><\/span><\/span><\/span><\/span><\/div><\/article>\n<div class='filler'><\/div>\n<div class='filler'><\/div>\n<div class='filler'><\/div>\n<div class='filler'><\/div>\n<div class='filler'><\/div>\n<\/div><\/div>[vc_separator type=\u00a0\u00bbtransparent\u00a0\u00bb thickness=\u00a0\u00bb70&Prime;][\/vc_column][\/vc_row][vc_row css_animation=\u00a0\u00bb\u00a0\u00bb row_type=\u00a0\u00bbrow\u00a0\u00bb use_row_as_full_screen_section=\u00a0\u00bbno\u00a0\u00bb type=\u00a0\u00bbfull_width\u00a0\u00bb angled_section=\u00a0\u00bbno\u00a0\u00bb text_align=\u00a0\u00bbleft\u00a0\u00bb background_image_as_pattern=\u00a0\u00bbwithout_pattern\u00a0\u00bb el_id=\u00a0\u00bbmodelli-aircrome\u00a0\u00bb z_index=\u00a0\u00bb\u00a0\u00bb][vc_column][vc_separator type=\u00a0\u00bbtransparent\u00a0\u00bb thickness=\u00a0\u00bb70&Prime;][\/vc_column][\/vc_row][vc_row css_animation=\u00a0\u00bb\u00a0\u00bb row_type=\u00a0\u00bbrow\u00a0\u00bb use_row_as_full_screen_section=\u00a0\u00bbno\u00a0\u00bb type=\u00a0\u00bbgrid\u00a0\u00bb angled_section=\u00a0\u00bbno\u00a0\u00bb text_align=\u00a0\u00bbleft\u00a0\u00bb background_image_as_pattern=\u00a0\u00bbwithout_pattern\u00a0\u00bb z_index=\u00a0\u00bb\u00a0\u00bb][vc_column][vc_column_text css=\u00a0\u00bb\u00a0\u00bb]<\/p>\n<h2 style=\"text-align: center;\">Remorque Aircrome<\/h2>\n<p>[\/vc_column_text][vc_separator type=\u00a0\u00bbsmall\u00a0\u00bb position=\u00a0\u00bbcenter\u00a0\u00bb][vc_row_inner row_type=\u00a0\u00bbrow\u00a0\u00bb type=\u00a0\u00bbfull_width\u00a0\u00bb text_align=\u00a0\u00bbleft\u00a0\u00bb css_animation=\u00a0\u00bb\u00a0\u00bb][vc_column_inner][vc_column_text css=\u00a0\u00bb\u00a0\u00bb]Inspir\u00e9e par l&#8217;embl\u00e9matique <a href=\"https:\/\/www.vsveicolispeciali.com\/fr\/street-food-truck\/transformation-airstream-en-remorque-cafeteria-mobile-lavazza\/\" target=\"_blank\" rel=\"noopener\">Airstream<\/a>, une remorque con\u00e7ue dans les ann\u00e9es 1930 dans l&rsquo;Ohio, aux \u00c9tats-Unis, caract\u00e9ris\u00e9e par une carrosserie en aluminium, brillante et arrondie.<\/p>\n<p>La <strong>remorque Aircrome<\/strong>, tractable par n&rsquo;importe quelle voiture, est \u00e9quip\u00e9e d&rsquo;une cuisine incluant les \u00e9quipements essentiels pour offrir un <strong>service de restauration et de bar<\/strong> efficace. Sur demande, des \u00e9quipements suppl\u00e9mentaires sur mesure peuvent \u00eatre install\u00e9s pour r\u00e9pondre aux besoins sp\u00e9cifiques de votre activit\u00e9.[\/vc_column_text][\/vc_column_inner][\/vc_row_inner][vc_separator type=\u00a0\u00bbtransparent\u00a0\u00bb thickness=\u00a0\u00bb20&Prime;][vc_separator type=\u00a0\u00bbsmall\u00a0\u00bb position=\u00a0\u00bbcenter\u00a0\u00bb][vc_row_inner row_type=\u00a0\u00bbrow\u00a0\u00bb type=\u00a0\u00bbfull_width\u00a0\u00bb text_align=\u00a0\u00bbleft\u00a0\u00bb css_animation=\u00a0\u00bb\u00a0\u00bb][vc_column_inner][vc_column_text css=\u00a0\u00bb\u00a0\u00bb]<\/p>\n<p style=\"text-align: center;\">Aircrome est disponible en cinq tailles : 3,5m, 4m, 5m, 6m, 7m<\/p>\n<p>[\/vc_column_text][\/vc_column_inner][\/vc_row_inner][vc_row_inner row_type=\u00a0\u00bbrow\u00a0\u00bb type=\u00a0\u00bbfull_width\u00a0\u00bb text_align=\u00a0\u00bbleft\u00a0\u00bb css_animation=\u00a0\u00bb\u00a0\u00bb][vc_column_inner width=\u00a0\u00bb1\/5&Prime;][vc_single_image image=\u00a0\u00bb26702&Prime; img_size=\u00a0\u00bb640&#215;480&Prime; css=\u00a0\u00bb\u00a0\u00bb qode_css_animation=\u00a0\u00bb\u00a0\u00bb][\/vc_column_inner][vc_column_inner width=\u00a0\u00bb1\/5&Prime;][vc_single_image image=\u00a0\u00bb26706&Prime; img_size=\u00a0\u00bb640&#215;480&Prime; css=\u00a0\u00bb\u00a0\u00bb qode_css_animation=\u00a0\u00bb\u00a0\u00bb][\/vc_column_inner][vc_column_inner width=\u00a0\u00bb1\/5&Prime;][vc_single_image image=\u00a0\u00bb26710&Prime; img_size=\u00a0\u00bb640&#215;480&Prime; css=\u00a0\u00bb\u00a0\u00bb qode_css_animation=\u00a0\u00bb\u00a0\u00bb][\/vc_column_inner][vc_column_inner width=\u00a0\u00bb1\/5&Prime;][vc_single_image image=\u00a0\u00bb26714&Prime; img_size=\u00a0\u00bb640&#215;480&Prime; css=\u00a0\u00bb\u00a0\u00bb qode_css_animation=\u00a0\u00bb\u00a0\u00bb][\/vc_column_inner][vc_column_inner width=\u00a0\u00bb1\/5&Prime;][vc_single_image image=\u00a0\u00bb26718&Prime; img_size=\u00a0\u00bb640&#215;480&Prime; css=\u00a0\u00bb\u00a0\u00bb qode_css_animation=\u00a0\u00bb\u00a0\u00bb][\/vc_column_inner][\/vc_row_inner][vc_row_inner row_type=\u00a0\u00bbrow\u00a0\u00bb type=\u00a0\u00bbfull_width\u00a0\u00bb text_align=\u00a0\u00bbleft\u00a0\u00bb css_animation=\u00a0\u00bb\u00a0\u00bb][vc_column_inner][vc_column_text css=\u00a0\u00bb\u00a0\u00bb]L&rsquo;<strong>am\u00e9nagement Aircrome<\/strong> transforme la remorque en un food truck pr\u00eat \u00e0 servir des repas et des boissons dans les rues et les places, devant les centres commerciaux, \u00e0 proximit\u00e9 des parcs urbains, lors de foires, festivals, \u00e9v\u00e9nements et congr\u00e8s, ainsi que dans des cours et espaces priv\u00e9s.<\/p>\n<p>L&rsquo;<strong>Aircrome<\/strong> est parfaite pour proposer un <a href=\"https:\/\/www.vsveicolispeciali.com\/street-food\/\" target=\"_blank\" rel=\"noopener\">service de street food<\/a>, \u00e9voquant un style nomade, aventureux et boh\u00e8me.[\/vc_column_text][\/vc_column_inner][\/vc_row_inner][vc_separator type=\u00a0\u00bbtransparent\u00a0\u00bb thickness=\u00a0\u00bb120&Prime;][\/vc_column][\/vc_row][vc_row css_animation=\u00a0\u00bb\u00a0\u00bb row_type=\u00a0\u00bbrow\u00a0\u00bb use_row_as_full_screen_section=\u00a0\u00bbno\u00a0\u00bb type=\u00a0\u00bbfull_width\u00a0\u00bb angled_section=\u00a0\u00bbno\u00a0\u00bb text_align=\u00a0\u00bbleft\u00a0\u00bb background_image_as_pattern=\u00a0\u00bbwithout_pattern\u00a0\u00bb z_index=\u00a0\u00bb\u00a0\u00bb][vc_column]<div class='projects_holder_outer v5 portfolio_with_space portfolio_with_hover_text'><div class='projects_holder portfolio_main_holder clearfix v5 hover_text portfolio_full_image portfolio_one_by_one'>\n<article class='mix portfolio_category_497 ' style=''><div class='image_holder'><a itemprop='url' class='portfolio_link_for_touch' href='https:\/\/www.vsveicolispeciali.com\/fr\/street-food-truck\/remorque-food-truck-galbusera\/' target='_self'><span class='image'><img loading=\"lazy\" decoding=\"async\" width=\"800\" height=\"600\" src=\"https:\/\/www.vsveicolispeciali.com\/wp-content\/uploads\/2026\/04\/rimorchio-autonegozio-galbusera.jpg\" class=\"attachment-full size-full wp-post-image\" alt=\"Remorque Food Truck Galbusera sur Aircrome 4 m\" srcset=\"https:\/\/www.vsveicolispeciali.com\/wp-content\/uploads\/2026\/04\/rimorchio-autonegozio-galbusera.jpg 800w, https:\/\/www.vsveicolispeciali.com\/wp-content\/uploads\/2026\/04\/rimorchio-autonegozio-galbusera-300x225.jpg 300w, https:\/\/www.vsveicolispeciali.com\/wp-content\/uploads\/2026\/04\/rimorchio-autonegozio-galbusera-768x576.jpg 768w, https:\/\/www.vsveicolispeciali.com\/wp-content\/uploads\/2026\/04\/rimorchio-autonegozio-galbusera-700x525.jpg 700w\" sizes=\"(max-width: 800px) 100vw, 800px\" \/><\/span><\/a><span class='text_holder'><span class='text_outer'><span class='text_inner'><div class=\"hover_feature_holder_title\"><div class=\"hover_feature_holder_title_inner\"><h5 itemprop=\"name\" class=\"portfolio_title entry_title\"><a itemprop=\"url\" href=\"https:\/\/www.vsveicolispeciali.com\/fr\/street-food-truck\/remorque-food-truck-galbusera\/\"  target=\"_self\">Remorque Food Truck Galbusera<\/a><\/h5><div  class=\"portfolio_separator separator  small center\"><\/div><span class=\"project_category\" >Aircrome<\/span><\/div><\/div><span class='feature_holder'><span class=\"feature_holder_icons\"><a itemprop='url' class='preview qbutton small white' href='https:\/\/www.vsveicolispeciali.com\/fr\/street-food-truck\/remorque-food-truck-galbusera\/' target='_self'>view<\/a><span class='portfolio_like qbutton small white'><a  href=\"#\" class=\"qode-like\" id=\"qode-like-29581\" title=\"Like this\">1<span>  Like<\/span><\/a><\/span><\/span><\/span><\/span><\/span><\/span><\/div><\/article>\n<article class='mix portfolio_category_396 portfolio_category_497 ' style=''><div class='image_holder'><a itemprop='url' class='portfolio_link_for_touch' href='https:\/\/www.vsveicolispeciali.com\/fr\/street-food-truck\/remorque-cuisine-nomad-ba-bar\/' target='_self'><span class='image'><img loading=\"lazy\" decoding=\"async\" width=\"1000\" height=\"800\" src=\"https:\/\/www.vsveicolispeciali.com\/wp-content\/uploads\/2024\/10\/rimorchio-cucina-nomad-ba-bar.jpg\" class=\"attachment-full size-full wp-post-image\" alt=\"remorque cuisine nomad-ba-bar \u00e9quip\u00e9e d&#039;une cuisine robuste capable de cuisiner un grand nombre de plats lors d&#039;\u00e9v\u00e9nements\" srcset=\"https:\/\/www.vsveicolispeciali.com\/wp-content\/uploads\/2024\/10\/rimorchio-cucina-nomad-ba-bar.jpg 1000w, https:\/\/www.vsveicolispeciali.com\/wp-content\/uploads\/2024\/10\/rimorchio-cucina-nomad-ba-bar-300x240.jpg 300w, https:\/\/www.vsveicolispeciali.com\/wp-content\/uploads\/2024\/10\/rimorchio-cucina-nomad-ba-bar-768x614.jpg 768w, https:\/\/www.vsveicolispeciali.com\/wp-content\/uploads\/2024\/10\/rimorchio-cucina-nomad-ba-bar-700x560.jpg 700w\" sizes=\"(max-width: 1000px) 100vw, 1000px\" \/><\/span><\/a><span class='text_holder'><span class='text_outer'><span class='text_inner'><div class=\"hover_feature_holder_title\"><div class=\"hover_feature_holder_title_inner\"><h5 itemprop=\"name\" class=\"portfolio_title entry_title\"><a itemprop=\"url\" href=\"https:\/\/www.vsveicolispeciali.com\/fr\/street-food-truck\/remorque-cuisine-nomad-ba-bar\/\"  target=\"_self\">Remorque Cuisine Nomad Ba-Bar<\/a><\/h5><div  class=\"portfolio_separator separator  small center\"><\/div><span class=\"project_category\" >Cocktail-Bar, Aircrome<\/span><\/div><\/div><span class='feature_holder'><span class=\"feature_holder_icons\"><a itemprop='url' class='preview qbutton small white' href='https:\/\/www.vsveicolispeciali.com\/fr\/street-food-truck\/remorque-cuisine-nomad-ba-bar\/' target='_self'>view<\/a><span class='portfolio_like qbutton small white'><a  href=\"#\" class=\"qode-like\" id=\"qode-like-26751\" title=\"Like this\">3<span>  Likes<\/span><\/a><\/span><\/span><\/span><\/span><\/span><\/span><\/div><\/article>\n<article class='mix portfolio_category_129 portfolio_category_396 portfolio_category_497 ' style=''><div class='image_holder'><a itemprop='url' class='portfolio_link_for_touch' href='https:\/\/www.vsveicolispeciali.com\/fr\/street-food-truck\/remorque-bar-bivio\/' target='_self'><span class='image'><img loading=\"lazy\" decoding=\"async\" width=\"1000\" height=\"800\" src=\"https:\/\/www.vsveicolispeciali.com\/wp-content\/uploads\/2024\/10\/rimorchio-bar-bivio-1.jpg\" class=\"attachment-full size-full wp-post-image\" alt=\"L&#039;h\u00f4tel Bivio utilise la remorque bar pour proposer des boissons et des ap\u00e9ritifs \u00e0 ses clients. Le service bar est install\u00e9 sur la remorque Aircrome\" srcset=\"https:\/\/www.vsveicolispeciali.com\/wp-content\/uploads\/2024\/10\/rimorchio-bar-bivio-1.jpg 1000w, https:\/\/www.vsveicolispeciali.com\/wp-content\/uploads\/2024\/10\/rimorchio-bar-bivio-1-300x240.jpg 300w, https:\/\/www.vsveicolispeciali.com\/wp-content\/uploads\/2024\/10\/rimorchio-bar-bivio-1-768x614.jpg 768w, https:\/\/www.vsveicolispeciali.com\/wp-content\/uploads\/2024\/10\/rimorchio-bar-bivio-1-700x560.jpg 700w\" sizes=\"(max-width: 1000px) 100vw, 1000px\" \/><\/span><\/a><span class='text_holder'><span class='text_outer'><span class='text_inner'><div class=\"hover_feature_holder_title\"><div class=\"hover_feature_holder_title_inner\"><h5 itemprop=\"name\" class=\"portfolio_title entry_title\"><a itemprop=\"url\" href=\"https:\/\/www.vsveicolispeciali.com\/fr\/street-food-truck\/remorque-bar-bivio\/\"  target=\"_self\">Remorque Bar Bivio<\/a><\/h5><div  class=\"portfolio_separator separator  small center\"><\/div><span class=\"project_category\" >Bi\u00e8re, Cocktail-Bar, Aircrome<\/span><\/div><\/div><span class='feature_holder'><span class=\"feature_holder_icons\"><a itemprop='url' class='preview qbutton small white' href='https:\/\/www.vsveicolispeciali.com\/fr\/street-food-truck\/remorque-bar-bivio\/' target='_self'>view<\/a><span class='portfolio_like qbutton small white'><a  href=\"#\" class=\"qode-like\" id=\"qode-like-26749\" title=\"Like this\">2<span>  Likes<\/span><\/a><\/span><\/span><\/span><\/span><\/span><\/span><\/div><\/article>\n<article class='mix portfolio_category_124 portfolio_category_407 portfolio_category_497 ' style=''><div class='image_holder'><a itemprop='url' class='portfolio_link_for_touch' href='https:\/\/www.vsveicolispeciali.com\/fr\/street-food-truck\/food-trailer-fancytoast\/' target='_self'><span class='image'><img loading=\"lazy\" decoding=\"async\" width=\"1000\" height=\"800\" src=\"https:\/\/www.vsveicolispeciali.com\/wp-content\/uploads\/2024\/10\/Food-Trailer-FancyToast.jpg\" class=\"attachment-full size-full wp-post-image\" alt=\"Food Trailer FancyToast toasts californiens pour brunch \u00e0 Milan\" srcset=\"https:\/\/www.vsveicolispeciali.com\/wp-content\/uploads\/2024\/10\/Food-Trailer-FancyToast.jpg 1000w, https:\/\/www.vsveicolispeciali.com\/wp-content\/uploads\/2024\/10\/Food-Trailer-FancyToast-300x240.jpg 300w, https:\/\/www.vsveicolispeciali.com\/wp-content\/uploads\/2024\/10\/Food-Trailer-FancyToast-768x614.jpg 768w, https:\/\/www.vsveicolispeciali.com\/wp-content\/uploads\/2024\/10\/Food-Trailer-FancyToast-700x560.jpg 700w\" sizes=\"(max-width: 1000px) 100vw, 1000px\" \/><\/span><\/a><span class='text_holder'><span class='text_outer'><span class='text_inner'><div class=\"hover_feature_holder_title\"><div class=\"hover_feature_holder_title_inner\"><h5 itemprop=\"name\" class=\"portfolio_title entry_title\"><a itemprop=\"url\" href=\"https:\/\/www.vsveicolispeciali.com\/fr\/street-food-truck\/food-trailer-fancytoast\/\"  target=\"_self\">Food Trailer FancyToast<\/a><\/h5><div  class=\"portfolio_separator separator  small center\"><\/div><span class=\"project_category\" >Street Food, Sandwich, Aircrome<\/span><\/div><\/div><span class='feature_holder'><span class=\"feature_holder_icons\"><a itemprop='url' class='preview qbutton small white' href='https:\/\/www.vsveicolispeciali.com\/fr\/street-food-truck\/food-trailer-fancytoast\/' target='_self'>view<\/a><span class='portfolio_like qbutton small white'><a  href=\"#\" class=\"qode-like\" id=\"qode-like-26747\" title=\"Like this\">3<span>  Likes<\/span><\/a><\/span><\/span><\/span><\/span><\/span><\/span><\/div><\/article>\n<article class='mix portfolio_category_124 portfolio_category_497 ' style=''><div class='image_holder'><a itemprop='url' class='portfolio_link_for_touch' href='https:\/\/www.vsveicolispeciali.com\/fr\/street-food-truck\/remorque-street-food-hnh\/' target='_self'><span class='image'><img loading=\"lazy\" decoding=\"async\" width=\"1000\" height=\"800\" src=\"https:\/\/www.vsveicolispeciali.com\/wp-content\/uploads\/2024\/10\/rimorchio-street-food-hotel-hnh.jpg\" class=\"attachment-full size-full wp-post-image\" alt=\"\" srcset=\"https:\/\/www.vsveicolispeciali.com\/wp-content\/uploads\/2024\/10\/rimorchio-street-food-hotel-hnh.jpg 1000w, https:\/\/www.vsveicolispeciali.com\/wp-content\/uploads\/2024\/10\/rimorchio-street-food-hotel-hnh-300x240.jpg 300w, https:\/\/www.vsveicolispeciali.com\/wp-content\/uploads\/2024\/10\/rimorchio-street-food-hotel-hnh-768x614.jpg 768w, https:\/\/www.vsveicolispeciali.com\/wp-content\/uploads\/2024\/10\/rimorchio-street-food-hotel-hnh-700x560.jpg 700w\" sizes=\"(max-width: 1000px) 100vw, 1000px\" \/><\/span><\/a><span class='text_holder'><span class='text_outer'><span class='text_inner'><div class=\"hover_feature_holder_title\"><div class=\"hover_feature_holder_title_inner\"><h5 itemprop=\"name\" class=\"portfolio_title entry_title\"><a itemprop=\"url\" href=\"https:\/\/www.vsveicolispeciali.com\/fr\/street-food-truck\/remorque-street-food-hnh\/\"  target=\"_self\">Remorque Street Food HNH<\/a><\/h5><div  class=\"portfolio_separator separator  small center\"><\/div><span class=\"project_category\" >Street Food, Aircrome<\/span><\/div><\/div><span class='feature_holder'><span class=\"feature_holder_icons\"><a itemprop='url' class='preview qbutton small white' href='https:\/\/www.vsveicolispeciali.com\/fr\/street-food-truck\/remorque-street-food-hnh\/' target='_self'>view<\/a><span class='portfolio_like qbutton small white'><a  href=\"#\" class=\"qode-like\" id=\"qode-like-26741\" title=\"Like this\">3<span>  Likes<\/span><\/a><\/span><\/span><\/span><\/span><\/span><\/span><\/div><\/article>\n<article class='mix portfolio_category_497 portfolio_category_124 portfolio_category_396 ' style=''><div class='image_holder'><a itemprop='url' class='portfolio_link_for_touch' href='https:\/\/www.vsveicolispeciali.com\/fr\/street-food-truck\/airstream-cocktail-bar-martini\/' target='_self'><span class='image'><img loading=\"lazy\" decoding=\"async\" width=\"1000\" height=\"800\" src=\"https:\/\/www.vsveicolispeciali.com\/wp-content\/uploads\/2023\/07\/airstream-cocktail-bar-martini.jpg\" class=\"attachment-full size-full wp-post-image\" alt=\"airstream cocktail-bar martini\" srcset=\"https:\/\/www.vsveicolispeciali.com\/wp-content\/uploads\/2023\/07\/airstream-cocktail-bar-martini.jpg 1000w, https:\/\/www.vsveicolispeciali.com\/wp-content\/uploads\/2023\/07\/airstream-cocktail-bar-martini-300x240.jpg 300w, https:\/\/www.vsveicolispeciali.com\/wp-content\/uploads\/2023\/07\/airstream-cocktail-bar-martini-768x614.jpg 768w, https:\/\/www.vsveicolispeciali.com\/wp-content\/uploads\/2023\/07\/airstream-cocktail-bar-martini-700x560.jpg 700w\" sizes=\"(max-width: 1000px) 100vw, 1000px\" \/><\/span><\/a><span class='text_holder'><span class='text_outer'><span class='text_inner'><div class=\"hover_feature_holder_title\"><div class=\"hover_feature_holder_title_inner\"><h5 itemprop=\"name\" class=\"portfolio_title entry_title\"><a itemprop=\"url\" href=\"https:\/\/www.vsveicolispeciali.com\/fr\/street-food-truck\/airstream-cocktail-bar-martini\/\"  target=\"_self\">Remorque Cocktail-Bar MARTINI<\/a><\/h5><div  class=\"portfolio_separator separator  small center\"><\/div><span class=\"project_category\" >Aircrome, Street Food, Cocktail-Bar<\/span><\/div><\/div><span class='feature_holder'><span class=\"feature_holder_icons\"><a itemprop='url' class='preview qbutton small white' href='https:\/\/www.vsveicolispeciali.com\/fr\/street-food-truck\/airstream-cocktail-bar-martini\/' target='_self'>view<\/a><span class='portfolio_like qbutton small white'><a  href=\"#\" class=\"qode-like\" id=\"qode-like-23873\" title=\"Like this\">7<span>  Likes<\/span><\/a><\/span><\/span><\/span><\/span><\/span><\/span><\/div><\/article>\n<div class='filler'><\/div>\n<div class='filler'><\/div>\n<div class='filler'><\/div>\n<div class='filler'><\/div>\n<div class='filler'><\/div>\n<\/div><\/div>[vc_separator type=\u00a0\u00bbtransparent\u00a0\u00bb thickness=\u00a0\u00bb120&Prime;][\/vc_column][\/vc_row][vc_row css_animation=\u00a0\u00bb\u00a0\u00bb row_type=\u00a0\u00bbrow\u00a0\u00bb use_row_as_full_screen_section=\u00a0\u00bbno\u00a0\u00bb type=\u00a0\u00bbfull_width\u00a0\u00bb angled_section=\u00a0\u00bbno\u00a0\u00bb text_align=\u00a0\u00bbleft\u00a0\u00bb background_image_as_pattern=\u00a0\u00bbwithout_pattern\u00a0\u00bb z_index=\u00a0\u00bb\u00a0\u00bb][vc_column][vc_single_image image=\u00a0\u00bb17061&Prime; img_size=\u00a0\u00bbfull\u00a0\u00bb alignment=\u00a0\u00bbcenter\u00a0\u00bb qode_css_animation=\u00a0\u00bb\u00a0\u00bb][\/vc_column][\/vc_row]<\/p>\n<\/div>","protected":false},"excerpt":{"rendered":"<p>[vc_row css_animation=\u00a0\u00bb\u00a0\u00bb row_type=\u00a0\u00bbrow\u00a0\u00bb use_row_as_full_screen_section=\u00a0\u00bbno\u00a0\u00bb type=\u00a0\u00bbgrid\u00a0\u00bb angled_section=\u00a0\u00bbno\u00a0\u00bb text_align=\u00a0\u00bbleft\u00a0\u00bb background_image_as_pattern=\u00a0\u00bbwithout_pattern\u00a0\u00bb][vc_column][vc_separator type=\u00a0\u00bbtransparent\u00a0\u00bb thickness=\u00a0\u00bb90&Prime; up=\u00a0\u00bb0&Prime; down=\u00a0\u00bb0&Prime;][vc_column_text] remorque am\u00e9nag\u00e9e en food truck ou magasin ambulant [\/vc_column_text][vc_separator type=\u00a0\u00bbsmall\u00a0\u00bb position=\u00a0\u00bbcenter\u00a0\u00bb][vc_row_inner row_type=\u00a0\u00bbrow\u00a0\u00bb type=\u00a0\u00bbfull_width\u00a0\u00bb text_align=\u00a0\u00bbleft\u00a0\u00bb css_animation=\u00a0\u00bb\u00a0\u00bb][vc_column_inner width=\u00a0\u00bb1\/2&Prime;][vc_column_text css=\u00a0\u00bb\u00a0\u00bb]La\u00a0remorque food truck a une longue et glorieuse histoire perp\u00e9tu\u00e9e depuis des g\u00e9n\u00e9rations par les marchands ambulants&#8230;.<\/p>\n","protected":false},"author":1001012,"featured_media":0,"parent":3709,"menu_order":3,"comment_status":"closed","ping_status":"closed","template":"full_width.php","meta":{"footnotes":""},"class_list":["post-3716","page","type-page","status-publish","hentry"],"yoast_head":"<!-- This site is optimized with the Yoast SEO plugin v25.4 - https:\/\/yoast.com\/wordpress\/plugins\/seo\/ -->\n<title>Fabricant de Remorques Food Truck<\/title>\n<meta name=\"description\" content=\"Am\u00e9nagement d&#039;une remorque food truck ou remorque magasin pour la vente ambulante et le march\u00e9, r\u00e9alis\u00e9es selon les besoins du client &gt;\" \/>\n<meta name=\"robots\" content=\"index, follow, max-snippet:-1, max-image-preview:large, max-video-preview:-1\" \/>\n<link rel=\"canonical\" href=\"https:\/\/www.vsveicolispeciali.com\/fr\/amenagement-vehicules-magasin-commerce-ambulant\/remorque-amenagee-cuisine-et-caravane-food-truck\/\" \/>\n<meta property=\"og:locale\" content=\"fr_FR\" \/>\n<meta property=\"og:type\" content=\"article\" \/>\n<meta property=\"og:title\" content=\"Fabricant de Remorques Food Truck\" \/>\n<meta property=\"og:description\" content=\"Am\u00e9nagement d&#039;une remorque food truck ou remorque magasin pour la vente ambulante et le march\u00e9, r\u00e9alis\u00e9es selon les besoins du client &gt;\" \/>\n<meta property=\"og:url\" content=\"https:\/\/www.vsveicolispeciali.com\/fr\/amenagement-vehicules-magasin-commerce-ambulant\/remorque-amenagee-cuisine-et-caravane-food-truck\/\" \/>\n<meta property=\"og:site_name\" content=\"VS Veicoli Speciali\" \/>\n<meta property=\"article:publisher\" content=\"https:\/\/www.facebook.com\/VSVeicoliSpeciali.Food.Trucks\/\" \/>\n<meta property=\"article:modified_time\" content=\"2025-01-15T10:05:22+00:00\" \/>\n<meta name=\"twitter:card\" content=\"summary_large_image\" \/>\n<meta name=\"twitter:site\" content=\"@veicolispeciali\" \/>\n<meta name=\"twitter:label1\" content=\"Dur\u00e9e de lecture estim\u00e9e\" \/>\n\t<meta name=\"twitter:data1\" content=\"3 minutes\" \/>\n<script type=\"application\/ld+json\" class=\"yoast-schema-graph\">{\"@context\":\"https:\/\/schema.org\",\"@graph\":[{\"@type\":\"WebPage\",\"@id\":\"https:\/\/www.vsveicolispeciali.com\/fr\/amenagement-vehicules-magasin-commerce-ambulant\/remorque-amenagee-cuisine-et-caravane-food-truck\/\",\"url\":\"https:\/\/www.vsveicolispeciali.com\/fr\/amenagement-vehicules-magasin-commerce-ambulant\/remorque-amenagee-cuisine-et-caravane-food-truck\/\",\"name\":\"Fabricant de Remorques Food Truck\",\"isPartOf\":{\"@id\":\"https:\/\/www.vsveicolispeciali.com\/fr\/#website\"},\"datePublished\":\"2015-11-20T00:15:28+00:00\",\"dateModified\":\"2025-01-15T10:05:22+00:00\",\"description\":\"Am\u00e9nagement d'une remorque food truck ou remorque magasin pour la vente ambulante et le march\u00e9, r\u00e9alis\u00e9es selon les besoins du client >\",\"breadcrumb\":{\"@id\":\"https:\/\/www.vsveicolispeciali.com\/fr\/amenagement-vehicules-magasin-commerce-ambulant\/remorque-amenagee-cuisine-et-caravane-food-truck\/#breadcrumb\"},\"inLanguage\":\"fr-FR\",\"potentialAction\":[{\"@type\":\"ReadAction\",\"target\":[\"https:\/\/www.vsveicolispeciali.com\/fr\/amenagement-vehicules-magasin-commerce-ambulant\/remorque-amenagee-cuisine-et-caravane-food-truck\/\"]}]},{\"@type\":\"BreadcrumbList\",\"@id\":\"https:\/\/www.vsveicolispeciali.com\/fr\/amenagement-vehicules-magasin-commerce-ambulant\/remorque-amenagee-cuisine-et-caravane-food-truck\/#breadcrumb\",\"itemListElement\":[{\"@type\":\"ListItem\",\"position\":1,\"name\":\"Home\",\"item\":\"https:\/\/www.vsveicolispeciali.com\/fr\/\"},{\"@type\":\"ListItem\",\"position\":2,\"name\":\"Camions magasins pour commerce ambulant\",\"item\":\"https:\/\/www.vsveicolispeciali.com\/fr\/amenagement-vehicules-magasin-commerce-ambulant\/\"},{\"@type\":\"ListItem\",\"position\":3,\"name\":\"Fabricant de remorques food truck\"}]},{\"@type\":\"WebSite\",\"@id\":\"https:\/\/www.vsveicolispeciali.com\/fr\/#website\",\"url\":\"https:\/\/www.vsveicolispeciali.com\/fr\/\",\"name\":\"VS Veicoli Speciali\",\"description\":\"\",\"publisher\":{\"@id\":\"https:\/\/www.vsveicolispeciali.com\/fr\/#organization\"},\"potentialAction\":[{\"@type\":\"SearchAction\",\"target\":{\"@type\":\"EntryPoint\",\"urlTemplate\":\"https:\/\/www.vsveicolispeciali.com\/fr\/?s={search_term_string}\"},\"query-input\":{\"@type\":\"PropertyValueSpecification\",\"valueRequired\":true,\"valueName\":\"search_term_string\"}}],\"inLanguage\":\"fr-FR\"},{\"@type\":\"Organization\",\"@id\":\"https:\/\/www.vsveicolispeciali.com\/fr\/#organization\",\"name\":\"VS Veicoli Speciali\",\"url\":\"https:\/\/www.vsveicolispeciali.com\/fr\/\",\"logo\":{\"@type\":\"ImageObject\",\"inLanguage\":\"fr-FR\",\"@id\":\"https:\/\/www.vsveicolispeciali.com\/fr\/#\/schema\/logo\/image\/\",\"url\":\"http:\/\/www.vsveicolispeciali.com\/wp-content\/uploads\/2015\/05\/vs_veicoli_speciali-logo.png\",\"contentUrl\":\"http:\/\/www.vsveicolispeciali.com\/wp-content\/uploads\/2015\/05\/vs_veicoli_speciali-logo.png\",\"width\":252,\"height\":134,\"caption\":\"VS Veicoli Speciali\"},\"image\":{\"@id\":\"https:\/\/www.vsveicolispeciali.com\/fr\/#\/schema\/logo\/image\/\"},\"sameAs\":[\"https:\/\/www.facebook.com\/VSVeicoliSpeciali.Food.Trucks\/\",\"https:\/\/x.com\/veicolispeciali\",\"https:\/\/www.instagram.com\/vs_veicolispeciali\/\",\"https:\/\/www.linkedin.com\/company\/2811960\/\",\"https:\/\/www.pinterest.com\/streetfoodtruck\/\",\"https:\/\/www.youtube.com\/user\/veicolispeciali\"]}]}<\/script>\n<!-- \/ Yoast SEO plugin. -->","yoast_head_json":{"title":"Fabricant de Remorques Food Truck","description":"Am\u00e9nagement d'une remorque food truck ou remorque magasin pour la vente ambulante et le march\u00e9, r\u00e9alis\u00e9es selon les besoins du client >","robots":{"index":"index","follow":"follow","max-snippet":"max-snippet:-1","max-image-preview":"max-image-preview:large","max-video-preview":"max-video-preview:-1"},"canonical":"https:\/\/www.vsveicolispeciali.com\/fr\/amenagement-vehicules-magasin-commerce-ambulant\/remorque-amenagee-cuisine-et-caravane-food-truck\/","og_locale":"fr_FR","og_type":"article","og_title":"Fabricant de Remorques Food Truck","og_description":"Am\u00e9nagement d'une remorque food truck ou remorque magasin pour la vente ambulante et le march\u00e9, r\u00e9alis\u00e9es selon les besoins du client >","og_url":"https:\/\/www.vsveicolispeciali.com\/fr\/amenagement-vehicules-magasin-commerce-ambulant\/remorque-amenagee-cuisine-et-caravane-food-truck\/","og_site_name":"VS Veicoli Speciali","article_publisher":"https:\/\/www.facebook.com\/VSVeicoliSpeciali.Food.Trucks\/","article_modified_time":"2025-01-15T10:05:22+00:00","twitter_card":"summary_large_image","twitter_site":"@veicolispeciali","twitter_misc":{"Dur\u00e9e de lecture estim\u00e9e":"3 minutes"},"schema":{"@context":"https:\/\/schema.org","@graph":[{"@type":"WebPage","@id":"https:\/\/www.vsveicolispeciali.com\/fr\/amenagement-vehicules-magasin-commerce-ambulant\/remorque-amenagee-cuisine-et-caravane-food-truck\/","url":"https:\/\/www.vsveicolispeciali.com\/fr\/amenagement-vehicules-magasin-commerce-ambulant\/remorque-amenagee-cuisine-et-caravane-food-truck\/","name":"Fabricant de Remorques Food Truck","isPartOf":{"@id":"https:\/\/www.vsveicolispeciali.com\/fr\/#website"},"datePublished":"2015-11-20T00:15:28+00:00","dateModified":"2025-01-15T10:05:22+00:00","description":"Am\u00e9nagement d'une remorque food truck ou remorque magasin pour la vente ambulante et le march\u00e9, r\u00e9alis\u00e9es selon les besoins du client >","breadcrumb":{"@id":"https:\/\/www.vsveicolispeciali.com\/fr\/amenagement-vehicules-magasin-commerce-ambulant\/remorque-amenagee-cuisine-et-caravane-food-truck\/#breadcrumb"},"inLanguage":"fr-FR","potentialAction":[{"@type":"ReadAction","target":["https:\/\/www.vsveicolispeciali.com\/fr\/amenagement-vehicules-magasin-commerce-ambulant\/remorque-amenagee-cuisine-et-caravane-food-truck\/"]}]},{"@type":"BreadcrumbList","@id":"https:\/\/www.vsveicolispeciali.com\/fr\/amenagement-vehicules-magasin-commerce-ambulant\/remorque-amenagee-cuisine-et-caravane-food-truck\/#breadcrumb","itemListElement":[{"@type":"ListItem","position":1,"name":"Home","item":"https:\/\/www.vsveicolispeciali.com\/fr\/"},{"@type":"ListItem","position":2,"name":"Camions magasins pour commerce ambulant","item":"https:\/\/www.vsveicolispeciali.com\/fr\/amenagement-vehicules-magasin-commerce-ambulant\/"},{"@type":"ListItem","position":3,"name":"Fabricant de remorques food truck"}]},{"@type":"WebSite","@id":"https:\/\/www.vsveicolispeciali.com\/fr\/#website","url":"https:\/\/www.vsveicolispeciali.com\/fr\/","name":"VS Veicoli Speciali","description":"","publisher":{"@id":"https:\/\/www.vsveicolispeciali.com\/fr\/#organization"},"potentialAction":[{"@type":"SearchAction","target":{"@type":"EntryPoint","urlTemplate":"https:\/\/www.vsveicolispeciali.com\/fr\/?s={search_term_string}"},"query-input":{"@type":"PropertyValueSpecification","valueRequired":true,"valueName":"search_term_string"}}],"inLanguage":"fr-FR"},{"@type":"Organization","@id":"https:\/\/www.vsveicolispeciali.com\/fr\/#organization","name":"VS Veicoli Speciali","url":"https:\/\/www.vsveicolispeciali.com\/fr\/","logo":{"@type":"ImageObject","inLanguage":"fr-FR","@id":"https:\/\/www.vsveicolispeciali.com\/fr\/#\/schema\/logo\/image\/","url":"http:\/\/www.vsveicolispeciali.com\/wp-content\/uploads\/2015\/05\/vs_veicoli_speciali-logo.png","contentUrl":"http:\/\/www.vsveicolispeciali.com\/wp-content\/uploads\/2015\/05\/vs_veicoli_speciali-logo.png","width":252,"height":134,"caption":"VS Veicoli Speciali"},"image":{"@id":"https:\/\/www.vsveicolispeciali.com\/fr\/#\/schema\/logo\/image\/"},"sameAs":["https:\/\/www.facebook.com\/VSVeicoliSpeciali.Food.Trucks\/","https:\/\/x.com\/veicolispeciali","https:\/\/www.instagram.com\/vs_veicolispeciali\/","https:\/\/www.linkedin.com\/company\/2811960\/","https:\/\/www.pinterest.com\/streetfoodtruck\/","https:\/\/www.youtube.com\/user\/veicolispeciali"]}]}},"_links":{"self":[{"href":"https:\/\/www.vsveicolispeciali.com\/fr\/wp-json\/wp\/v2\/pages\/3716"}],"collection":[{"href":"https:\/\/www.vsveicolispeciali.com\/fr\/wp-json\/wp\/v2\/pages"}],"about":[{"href":"https:\/\/www.vsveicolispeciali.com\/fr\/wp-json\/wp\/v2\/types\/page"}],"author":[{"embeddable":true,"href":"https:\/\/www.vsveicolispeciali.com\/fr\/wp-json\/wp\/v2\/users\/1001012"}],"replies":[{"embeddable":true,"href":"https:\/\/www.vsveicolispeciali.com\/fr\/wp-json\/wp\/v2\/comments?post=3716"}],"version-history":[{"count":12,"href":"https:\/\/www.vsveicolispeciali.com\/fr\/wp-json\/wp\/v2\/pages\/3716\/revisions"}],"predecessor-version":[{"id":27529,"href":"https:\/\/www.vsveicolispeciali.com\/fr\/wp-json\/wp\/v2\/pages\/3716\/revisions\/27529"}],"up":[{"embeddable":true,"href":"https:\/\/www.vsveicolispeciali.com\/fr\/wp-json\/wp\/v2\/pages\/3709"}],"wp:attachment":[{"href":"https:\/\/www.vsveicolispeciali.com\/fr\/wp-json\/wp\/v2\/media?parent=3716"}],"curies":[{"name":"wp","href":"https:\/\/api.w.org\/{rel}","templated":true}]}}