{"id":3714,"date":"2015-11-20T01:09:36","date_gmt":"2015-11-20T00:09:36","guid":{"rendered":"http:\/\/www.vsveicolispeciali.com\/allestimenti-street-food\/vendita-furgoni-food-truck-italia\/"},"modified":"2024-11-11T15:52:34","modified_gmt":"2024-11-11T14:52:34","slug":"food-truck-camion-magasin-pour-vente-ambulante","status":"publish","type":"page","link":"https:\/\/www.vsveicolispeciali.com\/fr\/amenagement-vehicules-magasin-commerce-ambulant\/food-truck-camion-magasin-pour-vente-ambulante\/","title":{"rendered":"Food trucks pour restaurantion, vente ambulante et \u00e9v\u00e9nements"},"content":{"rendered":"<div class=\"wpb-content-wrapper\"><p>[vc_row css_animation=\u00a0\u00bb\u00a0\u00bb row_type=\u00a0\u00bbrow\u00a0\u00bb use_row_as_full_screen_section=\u00a0\u00bbno\u00a0\u00bb type=\u00a0\u00bbgrid\u00a0\u00bb angled_section=\u00a0\u00bbno\u00a0\u00bb text_align=\u00a0\u00bbleft\u00a0\u00bb background_image_as_pattern=\u00a0\u00bbwithout_pattern\u00a0\u00bb][vc_column][vc_separator type=\u00a0\u00bbtransparent\u00a0\u00bb thickness=\u00a0\u00bb90&Prime; up=\u00a0\u00bb0&Prime; down=\u00a0\u00bb0&Prime;][vc_column_text]<\/p>\n<h2 style=\"text-align: center;\">Fabricant de food trucks<\/h2>\n<p>[\/vc_column_text][vc_separator type=\u00a0\u00bbsmall\u00a0\u00bb position=\u00a0\u00bbcenter\u00a0\u00bb][vc_row_inner row_type=\u00a0\u00bbrow\u00a0\u00bb type=\u00a0\u00bbfull_width\u00a0\u00bb text_align=\u00a0\u00bbleft\u00a0\u00bb css_animation=\u00a0\u00bb\u00a0\u00bb][vc_column_inner width=\u00a0\u00bb1\/2&Prime;][vc_column_text css=\u00a0\u00bb\u00a0\u00bb]<span lang=\"FR\">Nous fabriquons des\u00a0<strong>food trucks<\/strong>\u00a0pour le commerce ambulant et la promotion de marques sur les routes d\u2019Italie et du monde entier. L\u2019<strong>am\u00e9nagement d\u2019un food truck<\/strong>\u00a0doit garantir mobilit\u00e9 et robustesse face aux conditions parfois peu optimales rencontr\u00e9es sur la route.\u00a0<strong>Nous les construisons et les \u00e9quipons sur mesure<\/strong> en modifiant des camionnettes et <a title=\"Remorques magasin pour restauration et vente ambulante\" href=\"https:\/\/vsveicolispeciali.com\/fr\/amenagement-vehicules-magasin-commerce-ambulant\/remorque-amenagee-cuisine-et-caravane-food-truck\/\" target=\"_blank\" rel=\"noopener noreferrer\">remorques<\/a>. Des <a href=\"http:\/\/www.vsveicolispeciali.com\/fr\/amenagement-vehicules-magasin-commerce-ambulant\/fabricant-camion-vitrine-et-food-truck-electrique\/\" target=\"_blank\" rel=\"noopener\">food trucks \u00e9quip\u00e9s d&rsquo;un moteur \u00e9lectrique<\/a> <span class=\"HwtZe\" lang=\"fr\"><span class=\"jCAhz ChMk0b\"><span class=\"ryNqvb\">sont \u00e9galement disponibles<\/span><\/span><\/span> pour <strong>la promotion et la vente ambulante<\/strong>.<\/span>[\/vc_column_text][\/vc_column_inner][vc_column_inner width=\u00a0\u00bb1\/2&Prime;][vc_column_text css=\u00a0\u00bb\u00a0\u00bb]Nous concevons nos <strong>food trucks<\/strong> pour leur assurer la plus grande durabilit\u00e9: des mat\u00e9riaux en passant par l\u2019ergonomie, le design et l\u2019aspect pratique des \u00e9quipements, chaque d\u00e9tail est con\u00e7u pour faciliter le travail \u00e0 bord.\u00a0Nous personnalisons les \u00e9quipements et les espaces pour cuisiner et servir au mieux les \u00ab plats de la cuisine de rue \u00bb. Demandez un <strong>devis pour l\u2019am\u00e9nagement de votre nouveau food truck<\/strong>. D\u00e9couvrez pourquoi nos <a href=\"https:\/\/vsveicolispeciali.com\/fr\/amenagement-vehicules-magasin-commerce-ambulant\/\" target=\"_blank\" rel=\"noopener noreferrer\">camions-magasins<\/a> sont appr\u00e9ci\u00e9s dans le monde entier.[\/vc_column_text][\/vc_column_inner][\/vc_row_inner][\/vc_column][\/vc_row][vc_row css_animation=\u00a0\u00bb\u00a0\u00bb row_type=\u00a0\u00bbrow\u00a0\u00bb use_row_as_full_screen_section=\u00a0\u00bbno\u00a0\u00bb type=\u00a0\u00bbgrid\u00a0\u00bb angled_section=\u00a0\u00bbno\u00a0\u00bb text_align=\u00a0\u00bbleft\u00a0\u00bb background_image_as_pattern=\u00a0\u00bbwithout_pattern\u00a0\u00bb][vc_column][vc_separator type=\u00a0\u00bbtransparent\u00a0\u00bb thickness=\u00a0\u00bb90&Prime; up=\u00a0\u00bb0&Prime; down=\u00a0\u00bb0&Prime;][vc_row_inner row_type=\u00a0\u00bbrow\u00a0\u00bb type=\u00a0\u00bbfull_width\u00a0\u00bb text_align=\u00a0\u00bbleft\u00a0\u00bb css_animation=\u00a0\u00bb\u00a0\u00bb][vc_column_inner width=\u00a0\u00bb1\/2&Prime;][vc_column_text]<a href=\"http:\/\/www.vsveicolispeciali.com\/fr\/amenagement-vehicules-magasin-commerce-ambulant\/food-truck-camion-magasin-pour-vente-ambulante\/pro-x-food-truck\/\"><img loading=\"lazy\" decoding=\"async\" class=\"size-full wp-image-11181 aligncenter\" src=\"https:\/\/www.vsveicolispeciali.com\/wp-content\/uploads\/2022\/04\/pro-x-food-truck-prezzi.jpg\" alt=\"Food Truck Pro X\" width=\"900\" height=\"600\" \/><\/a>[\/vc_column_text][\/vc_column_inner][vc_column_inner width=\u00a0\u00bb1\/2&Prime;][vc_column_text css=\u00a0\u00bb\u00a0\u00bb]<\/p>\n<h3 class=\"qbutton titolos\"><a style=\"color: #006aa7;\" href=\"https:\/\/www.vsveicolispeciali.com\/fr\/amenagement-vehicules-magasin-commerce-ambulant\/food-truck-camion-magasin-pour-vente-ambulante\/pro-x-food-truck\/\">\u00bb Pro X Food Truck<\/a><\/h3>\n<p>[\/vc_column_text][vc_column_text]<\/p>\n<h6 class=\"stileh6s\">UN FOOD TRUCK \u00c0 PROGRAMMER AVEC UNE APPLICATION MOBILE<\/h6>\n<p>[\/vc_column_text][vc_column_text]<\/p>\n<p class=\"stileps\">eXtra, voici le nom du syst\u00e8me de gestion num\u00e9rique des principales fonctions du food truck Pro X\u00a0: de la climatisation \u00e0 la temp\u00e9rature du r\u00e9frig\u00e9rateur en passant par l\u2019\u00e9clairage et le suivi des consommations d\u2019\u00e9nergie, vous pourrez tout r\u00e9gler ais\u00e9ment via une application mobile qui simplifiera votre travail \u00e0 bord et vous fera gagner du temps. L\u2019ensemble de l\u2019\u00e9quipement du food truck peut \u00eatre aliment\u00e9 par de l\u2019\u00e9nergie solaire, qui charge des batteries au lithium tr\u00e8s performantes. Avec le Pro X, des volumes de production exceptionnels coexistent avec une approche \u00e9co-responsable et la s\u00e9curit\u00e9 d\u2019un am\u00e9nagement o\u00f9 vous aurez constamment tout sous contr\u00f4le.<\/p>\n<p>[\/vc_column_text]<a  itemprop=\"url\" href=\"https:\/\/www.vsveicolispeciali.com\/fr\/amenagement-vehicules-magasin-commerce-ambulant\/food-truck-camion-magasin-pour-vente-ambulante\/pro-x-food-truck\/\" target=\"_blank\"  class=\"qbutton  medium center default qbuttonscopri\" style=\"font-style: normal; font-weight: 400; text-transform: uppercase; font-size: 16px; margin: 30px 0px 0px 0px; \">EN SAVOIR PLUS<\/a>[\/vc_column_inner][\/vc_row_inner][vc_separator type=\u00a0\u00bbnormal\u00a0\u00bb thickness=\u00a0\u00bb1&Prime; up=\u00a0\u00bb40&Prime; down=\u00a0\u00bb20&Prime; color=\u00a0\u00bb#006aa7&Prime;][vc_row_inner row_type=\u00a0\u00bbrow\u00a0\u00bb type=\u00a0\u00bbfull_width\u00a0\u00bb text_align=\u00a0\u00bbleft\u00a0\u00bb css_animation=\u00a0\u00bb\u00a0\u00bb][vc_column_inner width=\u00a0\u00bb1\/2&Prime;][vc_column_text]<a href=\"https:\/\/vsveicolispeciali.com\/fr\/amenagement-vehicules-magasin-commerce-ambulant\/food-truck-camion-magasin-pour-vente-ambulante\/acheter-un-food-truck-personnalise\/\"><img loading=\"lazy\" decoding=\"async\" class=\"size-full wp-image-11181 aligncenter\" src=\"https:\/\/vsveicolispeciali.com\/wp-content\/uploads\/2019\/11\/FoodTruck-Trevor_A.jpg\" alt=\"Food Truck Professional\" width=\"900\" height=\"600\" srcset=\"https:\/\/www.vsveicolispeciali.com\/wp-content\/uploads\/2019\/11\/FoodTruck-Trevor_A.jpg 900w, https:\/\/www.vsveicolispeciali.com\/wp-content\/uploads\/2019\/11\/FoodTruck-Trevor_A-300x200.jpg 300w, https:\/\/www.vsveicolispeciali.com\/wp-content\/uploads\/2019\/11\/FoodTruck-Trevor_A-768x512.jpg 768w, https:\/\/www.vsveicolispeciali.com\/wp-content\/uploads\/2019\/11\/FoodTruck-Trevor_A-700x467.jpg 700w\" sizes=\"(max-width: 900px) 100vw, 900px\" \/><\/a>[\/vc_column_text][\/vc_column_inner][vc_column_inner width=\u00a0\u00bb1\/2&Prime;][vc_column_text css=\u00a0\u00bb\u00a0\u00bb]<\/p>\n<h3 class=\"qbutton titolos\"><a style=\"color: #006aa7;\" href=\"https:\/\/vsveicolispeciali.com\/fr\/amenagement-vehicules-magasin-commerce-ambulant\/food-truck-camion-magasin-pour-vente-ambulante\/acheter-un-food-truck-personnalise\/\">\u00bb Professional Food Truck<\/a><\/h3>\n<p>[\/vc_column_text][vc_column_text]<\/p>\n<h6 class=\"stileh6s\">VOTRE CAMION RESTAURANT MOBILE<\/h6>\n<p>[\/vc_column_text][vc_column_text]<\/p>\n<p class=\"stileps\">Le VS Food Truck est con\u00e7u pour \u00eatre autonome, ergonomique et fonctionnel. Cet am\u00e9nagement garantit une productivit\u00e9 sup\u00e9rieure par rapport \u00e0 celle de n\u2019importe quel autre food truck sur le march\u00e9. Restaurants, pizzerias, restaurants de burgers, caf\u00e9t\u00e9rias, marchands de glaces, cha\u00eenes de fast food : ce ne sont l\u00e0 que quelques exemples d\u2019entreprises du secteur de la restauration qui ach\u00e8tent des food trucks enti\u00e8rement personnalis\u00e9s.<\/p>\n<p>[\/vc_column_text]<a  itemprop=\"url\" href=\"https:\/\/vsveicolispeciali.com\/fr\/amenagement-vehicules-magasin-commerce-ambulant\/food-truck-camion-magasin-pour-vente-ambulante\/acheter-un-food-truck-personnalise\/\" target=\"_blank\"  class=\"qbutton  medium center default qbuttonscopri\" style=\"font-style: normal; font-weight: 400; text-transform: uppercase; font-size: 16px; margin: 30px 0px 0px 0px; \">EN SAVOIR PLUS<\/a>[\/vc_column_inner][\/vc_row_inner][vc_separator type=\u00a0\u00bbnormal\u00a0\u00bb thickness=\u00a0\u00bb1&Prime; up=\u00a0\u00bb40&Prime; down=\u00a0\u00bb20&Prime; color=\u00a0\u00bb#006aa7&Prime;][vc_row_inner row_type=\u00a0\u00bbrow\u00a0\u00bb type=\u00a0\u00bbfull_width\u00a0\u00bb text_align=\u00a0\u00bbleft\u00a0\u00bb css_animation=\u00a0\u00bb\u00a0\u00bb][vc_column_inner width=\u00a0\u00bb1\/2&Prime;][vc_column_text]<a href=\"https:\/\/vsveicolispeciali.com\/fr\/amenagement-vehicules-magasin-commerce-ambulant\/food-truck-camion-magasin-pour-vente-ambulante\/citroen-jumper-food-truck-neuf-innovant\/\"><img loading=\"lazy\" decoding=\"async\" class=\"size-full wp-image-11185 aligncenter\" src=\"https:\/\/vsveicolispeciali.com\/wp-content\/uploads\/2019\/11\/Food-Truck-NV-Kostina_A.jpg\" alt=\"Food Truck NV\" width=\"900\" height=\"600\" srcset=\"https:\/\/www.vsveicolispeciali.com\/wp-content\/uploads\/2019\/11\/Food-Truck-NV-Kostina_A.jpg 900w, https:\/\/www.vsveicolispeciali.com\/wp-content\/uploads\/2019\/11\/Food-Truck-NV-Kostina_A-300x200.jpg 300w, https:\/\/www.vsveicolispeciali.com\/wp-content\/uploads\/2019\/11\/Food-Truck-NV-Kostina_A-768x512.jpg 768w, https:\/\/www.vsveicolispeciali.com\/wp-content\/uploads\/2019\/11\/Food-Truck-NV-Kostina_A-700x467.jpg 700w\" sizes=\"(max-width: 900px) 100vw, 900px\" \/><\/a>[\/vc_column_text][\/vc_column_inner][vc_column_inner width=\u00a0\u00bb1\/2&Prime;][vc_column_text css=\u00a0\u00bb\u00a0\u00bb]<\/p>\n<h3 class=\"qbutton titolos\"><a style=\"color: #006aa7;\" href=\"https:\/\/vsveicolispeciali.com\/fr\/amenagement-vehicules-magasin-commerce-ambulant\/food-truck-camion-magasin-pour-vente-ambulante\/citroen-jumper-food-truck-neuf-innovant\/\">\u00bb New Vintage Food Truck<\/a><\/h3>\n<p>[\/vc_column_text][vc_column_text]<\/p>\n<h6 class=\"stileh6s\">CITRO\u00cbN JUMPER \u00c9QUIP\u00c9 POUR LA CUISINE DE RUE<\/h6>\n<p>[\/vc_column_text][vc_column_text]<\/p>\n<p class=\"stileps\">Le style rappelle le Citro\u00ebn Type H, un v\u00e9hicule d\u2019\u00e9poque des ann\u00e9es 1960 et 1970 au design extraordinairement r\u00e9ussi ; sur le plan technique, par contre, c\u2019est un v\u00e9hicule tr\u00e8s moderne, particuli\u00e8rement adapt\u00e9 \u00e0 la street food. Une fois transform\u00e9 en NVFT, il n\u2019y a pas d\u2019\u00e9v\u00e9nements, de festivals ou de contextes commerciaux o\u00f9 ce v\u00e9hicule ne soit pas la vedette incontest\u00e9e. Dot\u00e9 d\u2019un maximum de confort pour le travail \u00e0 bord, un concept nouveau et innovant, cette camionnette food truck produit des volumes exceptionnels de plats, pouvant accueillir une cuisine enti\u00e8rement \u00e9quip\u00e9e de tr\u00e8s haut niveau.<\/p>\n<p>[\/vc_column_text]<a  itemprop=\"url\" href=\"https:\/\/vsveicolispeciali.com\/fr\/amenagement-vehicules-magasin-commerce-ambulant\/food-truck-camion-magasin-pour-vente-ambulante\/citroen-jumper-food-truck-neuf-innovant\/\" target=\"_blank\"  class=\"qbutton  medium center default qbuttonscopri\" style=\"font-style: normal; font-weight: 400; text-transform: uppercase; font-size: 16px; margin: 30px 0px 0px 0px; \">EN SAVOIR PLUS<\/a>[\/vc_column_inner][\/vc_row_inner][vc_separator type=\u00a0\u00bbnormal\u00a0\u00bb thickness=\u00a0\u00bb1&Prime; up=\u00a0\u00bb40&Prime; down=\u00a0\u00bb20&Prime; color=\u00a0\u00bb#006aa7&Prime;][vc_row_inner row_type=\u00a0\u00bbrow\u00a0\u00bb type=\u00a0\u00bbfull_width\u00a0\u00bb text_align=\u00a0\u00bbleft\u00a0\u00bb css_animation=\u00a0\u00bb\u00a0\u00bb][vc_column_inner width=\u00a0\u00bb1\/2&Prime;][vc_column_text]<a href=\"https:\/\/www.vsveicolispeciali.com\/wp-content\/uploads\/2022\/06\/ECO-Food-Truck-economico-300x200.jpg\"><img loading=\"lazy\" decoding=\"async\" class=\"alignnone size-medium wp-image-17118\" src=\"https:\/\/www.vsveicolispeciali.com\/wp-content\/uploads\/2022\/06\/ECO-Food-Truck-economico-300x200.jpg\" alt=\"\u00e9conomique food truck pour les entreprises \u00e9quip\u00e9es pour la restauration et la livraison\" width=\"900\" height=\"600\" srcset=\"https:\/\/www.vsveicolispeciali.com\/wp-content\/uploads\/2022\/06\/ECO-Food-Truck-economico-300x200.jpg 300w, https:\/\/www.vsveicolispeciali.com\/wp-content\/uploads\/2022\/06\/ECO-Food-Truck-economico-768x512.jpg 768w, https:\/\/www.vsveicolispeciali.com\/wp-content\/uploads\/2022\/06\/ECO-Food-Truck-economico-700x467.jpg 700w, https:\/\/www.vsveicolispeciali.com\/wp-content\/uploads\/2022\/06\/ECO-Food-Truck-economico.jpg 900w\" sizes=\"(max-width: 900px) 100vw, 900px\" \/><\/a><\/p>\n<p>[\/vc_column_text][\/vc_column_inner][vc_column_inner width=\u00a0\u00bb1\/2&Prime;][vc_column_text css=\u00a0\u00bb\u00a0\u00bb]<\/p>\n<h3 class=\"qbutton titolos\"><a style=\"color: #006aa7;\" href=\"https:\/\/vsveicolispeciali.com\/fr\/amenagement-vehicules-magasin-commerce-ambulant\/food-truck-camion-magasin-pour-vente-ambulante\/food-truck-economique\/\">\u00bb Eco Food Truck<\/a><\/h3>\n<p>[\/vc_column_text][vc_column_text]<\/p>\n<h6 class=\"stileh6s\">UN FOOD TRUCK \u00c9CONOMIQUE ET INDISPENSABLE POUR VOTRE SECTEUR COMMERCIAL<\/h6>\n<p>[\/vc_column_text][vc_column_text]<\/p>\n<p class=\"stileps\">Dans certaines situations, un food truck n\u2019a pas besoin d\u2019\u00eatre particuli\u00e8rement soign\u00e9 en termes esth\u00e9tiques et de finitions car la seule chose importante, c\u2019est qu\u2019il soit capable de supporter des cadences de travail et des volumes de vente \u00e9lev\u00e9s. L\u2019eco food truck est un am\u00e9nagement con\u00e7u avec ces caract\u00e9ristiques, disposant d\u2019\u00e9quipements professionnels tels que les mod\u00e8les haut de gamme, blanc, pratique et fonctionnel, laissant la place \u00e0 une personnalisation future, vous permettant de vendre et de livrer de grandes quantit\u00e9s de pizzas, de p\u00e2tes, de hamburgers, de glaces, de sushis, de bi\u00e8re, de vin&#8230;<\/p>\n<p>[\/vc_column_text]<a  itemprop=\"url\" href=\"https:\/\/vsveicolispeciali.com\/fr\/amenagement-vehicules-magasin-commerce-ambulant\/food-truck-camion-magasin-pour-vente-ambulante\/food-truck-economique\/\" target=\"_blank\"  class=\"qbutton  medium center default qbuttonscopri\" style=\"font-style: normal; font-weight: 400; text-transform: uppercase; font-size: 16px; margin: 30px 0px 0px 0px; \">EN SAVOIR PLUS<\/a>[\/vc_column_inner][\/vc_row_inner][vc_separator type=\u00a0\u00bbnormal\u00a0\u00bb thickness=\u00a0\u00bb1&Prime; up=\u00a0\u00bb40&Prime; down=\u00a0\u00bb20&Prime; color=\u00a0\u00bb#006aa7&Prime;][vc_row_inner row_type=\u00a0\u00bbrow\u00a0\u00bb type=\u00a0\u00bbfull_width\u00a0\u00bb text_align=\u00a0\u00bbleft\u00a0\u00bb css_animation=\u00a0\u00bb\u00a0\u00bb][vc_column_inner width=\u00a0\u00bb1\/2&Prime;][vc_column_text]<a href=\"http:\/\/www.vsveicolispeciali.com\/fr\/amenagement-vehicules-magasin-commerce-ambulant\/food-truck-camion-magasin-pour-vente-ambulante\/piaggio-porter-craft-x\/\"><img loading=\"lazy\" decoding=\"async\" class=\"alignnone size-full wp-image-19980\" src=\"https:\/\/www.vsveicolispeciali.com\/wp-content\/uploads\/2022\/11\/costo-food-truck-Porter-Craft-X.jpg\" alt=\"prix food truck Porter Craft X\" width=\"900\" height=\"600\" srcset=\"https:\/\/www.vsveicolispeciali.com\/wp-content\/uploads\/2022\/11\/costo-food-truck-Porter-Craft-X.jpg 900w, https:\/\/www.vsveicolispeciali.com\/wp-content\/uploads\/2022\/11\/costo-food-truck-Porter-Craft-X-300x200.jpg 300w, https:\/\/www.vsveicolispeciali.com\/wp-content\/uploads\/2022\/11\/costo-food-truck-Porter-Craft-X-768x512.jpg 768w, https:\/\/www.vsveicolispeciali.com\/wp-content\/uploads\/2022\/11\/costo-food-truck-Porter-Craft-X-700x467.jpg 700w\" sizes=\"(max-width: 900px) 100vw, 900px\" \/><\/a>[\/vc_column_text][\/vc_column_inner][vc_column_inner width=\u00a0\u00bb1\/2&Prime;][vc_column_text css=\u00a0\u00bb\u00a0\u00bb]<\/p>\n<h3 class=\"qbutton titolos\"><a style=\"color: #006aa7;\" href=\"https:\/\/www.vsveicolispeciali.com\/fr\/amenagement-vehicules-magasin-commerce-ambulant\/food-truck-camion-magasin-pour-vente-ambulante\/piaggio-porter-craft-x\/\">\u00bb Piaggio Porter Craft X<\/a><\/h3>\n<p>[\/vc_column_text][vc_column_text]<\/p>\n<h6 class=\"stileh6s\">UN FOOD TRUCK QUE VOUS POUVEZ CONFIGURER AU GR\u00c9 DE VOS BESOINS<\/h6>\n<p>[\/vc_column_text][vc_column_text]<\/p>\n<p class=\"stileps\">Porter Craft X est un am\u00e9nagement mettant en vedette la grande polyvalence du nouveau Porter de Piaggio, en optimisant l\u2019espace int\u00e9rieur et en l\u2019organisant pour acc\u00e9l\u00e9rer le travail du personnel \u00e0 bord. Esth\u00e9tique, il affiche un attrait ind\u00e9niable et se d\u00e9place facilement dans les villes et les centres-villes. Capable de parcourir de longues distances avec une faible consommation de carburant, vous pouvez l\u2019\u00e9quiper pour une grande vari\u00e9t\u00e9 de domaines, \u00e0 commencer par le street food. En option, nous pouvons lui int\u00e9grer eXtra, le syst\u00e8me num\u00e9rique de contr\u00f4le \u00e0 distance de ses fonctionnalit\u00e9s.<\/p>\n<p>[\/vc_column_text]<a  itemprop=\"url\" href=\"https:\/\/www.vsveicolispeciali.com\/fr\/amenagement-vehicules-magasin-commerce-ambulant\/food-truck-camion-magasin-pour-vente-ambulante\/piaggio-porter-craft-x\/\" target=\"_blank\"  class=\"qbutton  medium center default qbuttonscopri\" style=\"font-style: normal; font-weight: 400; text-transform: uppercase; font-size: 16px; margin: 30px 0px 0px 0px; \">EN SAVOIR PLUS<\/a>[\/vc_column_inner][\/vc_row_inner][vc_separator type=\u00a0\u00bbnormal\u00a0\u00bb thickness=\u00a0\u00bb1&Prime; up=\u00a0\u00bb40&Prime; down=\u00a0\u00bb20&Prime; color=\u00a0\u00bb#006aa7&Prime;][vc_row_inner row_type=\u00a0\u00bbrow\u00a0\u00bb type=\u00a0\u00bbfull_width\u00a0\u00bb text_align=\u00a0\u00bbleft\u00a0\u00bb css_animation=\u00a0\u00bb\u00a0\u00bb][vc_column_inner width=\u00a0\u00bb1\/2&Prime;][vc_column_text]<a href=\"https:\/\/vsveicolispeciali.com\/fr\/amenagement-vehicules-magasin-commerce-ambulant\/food-truck-camion-magasin-pour-vente-ambulante\/food-truck-vintage-a-vendre\/\"><img loading=\"lazy\" decoding=\"async\" class=\"size-full wp-image-11323 aligncenter\" src=\"https:\/\/vsveicolispeciali.com\/wp-content\/uploads\/2019\/11\/FoodTruck-OV-Lavazza-616.jpg\" alt=\"Food Truck Vintage\" width=\"900\" height=\"600\" srcset=\"https:\/\/www.vsveicolispeciali.com\/wp-content\/uploads\/2019\/11\/FoodTruck-OV-Lavazza-616.jpg 900w, https:\/\/www.vsveicolispeciali.com\/wp-content\/uploads\/2019\/11\/FoodTruck-OV-Lavazza-616-300x200.jpg 300w, https:\/\/www.vsveicolispeciali.com\/wp-content\/uploads\/2019\/11\/FoodTruck-OV-Lavazza-616-768x512.jpg 768w, https:\/\/www.vsveicolispeciali.com\/wp-content\/uploads\/2019\/11\/FoodTruck-OV-Lavazza-616-700x467.jpg 700w\" sizes=\"(max-width: 900px) 100vw, 900px\" \/><\/a>[\/vc_column_text][\/vc_column_inner][vc_column_inner width=\u00a0\u00bb1\/2&Prime;][vc_column_text css=\u00a0\u00bb\u00a0\u00bb]<\/p>\n<h3 class=\"qbutton titolos\"><a style=\"color: #006aa7;\" href=\"https:\/\/vsveicolispeciali.com\/fr\/amenagement-vehicules-magasin-commerce-ambulant\/food-truck-camion-magasin-pour-vente-ambulante\/food-truck-vintage-a-vendre\/\">\u00bb Vintage Food Truck<\/a><\/h3>\n<p>[\/vc_column_text][vc_column_text]<\/p>\n<h6 class=\"stileh6s\">V\u00c9HICULES D\u2019\u00c9POQUE R\u00c9NOV\u00c9S ET TRANSFORM\u00c9S EN CUISINES MOBILES<\/h6>\n<p>[\/vc_column_text][vc_column_text]<\/p>\n<p class=\"stileps\">Les food trucks vintage sont des bijoux de design con\u00e7us pour mettre en valeur les marques qu\u2019ils repr\u00e9sentent. Transform\u00e9s en points de restauration mobile pour la vente d\u2019en-cas et de boissons, en bar-caf\u00e9t\u00e9rias fonctionnant lors d\u2019\u00e9v\u00e9nements ou en petits camions-restaurants avec un service traiteur, ils deviennent des outils de street marketing et de promotion extraordinaires, capables de produire imm\u00e9diatement des revenus \u00e0 travers la vente au d\u00e9tail. Un food truck vintage de cette qualit\u00e9 sera le fleuron de votre entreprise.<\/p>\n<p>[\/vc_column_text]<a  itemprop=\"url\" href=\"https:\/\/vsveicolispeciali.com\/fr\/amenagement-vehicules-magasin-commerce-ambulant\/food-truck-camion-magasin-pour-vente-ambulante\/food-truck-vintage-a-vendre\/\" target=\"_blank\"  class=\"qbutton  medium center default qbuttonscopri\" style=\"font-style: normal; font-weight: 400; text-transform: uppercase; font-size: 16px; margin: 30px 0px 0px 0px; \">EN SAVOIR PLUS<\/a>[\/vc_column_inner][\/vc_row_inner][vc_separator type=\u00a0\u00bbnormal\u00a0\u00bb thickness=\u00a0\u00bb1&Prime; up=\u00a0\u00bb40&Prime; down=\u00a0\u00bb20&Prime; color=\u00a0\u00bb#006aa7&Prime;][vc_separator type=\u00a0\u00bbtransparent\u00a0\u00bb thickness=\u00a0\u00bb90&Prime; up=\u00a0\u00bb0&Prime; down=\u00a0\u00bb0&Prime;][vc_column_text css=\u00a0\u00bb\u00a0\u00bb]<\/p>\n<h2 style=\"text-align: center;\">Contactez-nous pour une estimation des co\u00fbts<\/h2>\n<p>[\/vc_column_text]\n<div class=\"wpcf7 no-js\" id=\"wpcf7-f3770-o1\" lang=\"it-IT\" dir=\"ltr\">\n<div class=\"screen-reader-response\"><p role=\"status\" aria-live=\"polite\" aria-atomic=\"true\"><\/p> <ul><\/ul><\/div>\n<form action=\"\/fr\/wp-json\/wp\/v2\/pages\/3714#wpcf7-f3770-o1\" method=\"post\" class=\"wpcf7-form init default\" aria-label=\"Modulo di contatto\" novalidate=\"novalidate\" data-status=\"init\">\n<div style=\"display: none;\">\n<input type=\"hidden\" name=\"_wpcf7\" value=\"3770\" \/>\n<input type=\"hidden\" name=\"_wpcf7_version\" value=\"5.9.8\" \/>\n<input type=\"hidden\" name=\"_wpcf7_locale\" value=\"it_IT\" \/>\n<input type=\"hidden\" name=\"_wpcf7_unit_tag\" value=\"wpcf7-f3770-o1\" \/>\n<input type=\"hidden\" name=\"_wpcf7_container_post\" value=\"0\" \/>\n<input type=\"hidden\" name=\"_wpcf7_posted_data_hash\" value=\"\" \/>\n<input type=\"hidden\" name=\"_wpcf7_recaptcha_response\" value=\"\" \/>\n<\/div>\n<p class=\"input-p\"><span class=\"wpcf7-form-control-wrap\" data-name=\"your-name\"><input size=\"40\" maxlength=\"400\" class=\"wpcf7-form-control wpcf7-text wpcf7-validates-as-required input-vs\" aria-required=\"true\" aria-invalid=\"false\" placeholder=\"Nom et Pr\u00e9nom*\" value=\"\" type=\"text\" name=\"your-name\" \/><\/span>\n<\/p>\n<p class=\"input-p\"><span class=\"wpcf7-form-control-wrap\" data-name=\"your-email\"><input size=\"40\" maxlength=\"400\" class=\"wpcf7-form-control wpcf7-email wpcf7-validates-as-required wpcf7-text wpcf7-validates-as-email input-vs\" aria-required=\"true\" aria-invalid=\"false\" placeholder=\"E-mail*\" value=\"\" type=\"email\" name=\"your-email\" \/><\/span>\n<\/p>\n<p class=\"input-p\"><span class=\"wpcf7-form-control-wrap\" data-name=\"your-business\"><input size=\"40\" maxlength=\"400\" class=\"wpcf7-form-control wpcf7-text wpcf7-validates-as-required input-vs\" aria-required=\"true\" aria-invalid=\"false\" placeholder=\"Nom de la soci\u00e9t\u00e9*\" value=\"\" type=\"text\" name=\"your-business\" \/><\/span>\n<\/p>\n<p class=\"input-p\"><span class=\"wpcf7-form-control-wrap\" data-name=\"tel-430\"><input size=\"40\" maxlength=\"400\" class=\"wpcf7-form-control wpcf7-tel wpcf7-validates-as-required wpcf7-text wpcf7-validates-as-tel input-vs\" aria-required=\"true\" aria-invalid=\"false\" placeholder=\"T\u00e9l\u00e9phone*\" value=\"\" type=\"tel\" name=\"tel-430\" \/><\/span>\n<\/p>\n<p><span class=\"wpcf7-form-control-wrap\" data-name=\"your-message\"><textarea cols=\"40\" rows=\"10\" maxlength=\"2000\" class=\"wpcf7-form-control wpcf7-textarea textarea-vs\" aria-invalid=\"false\" placeholder=\"Message\" name=\"your-message\"><\/textarea><\/span>\n<\/p>\n<p>\n<span class=\"wpcf7-form-control-wrap recaptcha\" data-name=\"recaptcha\"><span data-sitekey=\"6LeIiZwiAAAAACd2pPtYD2wU4T4tbozMDQosefFn\" class=\"wpcf7-form-control wpcf7-recaptcha g-recaptcha\"><\/span>\r\n<noscript>\r\n\t<div class=\"grecaptcha-noscript\">\r\n\t\t<iframe loading=\"lazy\" src=\"https:\/\/www.google.com\/recaptcha\/api\/fallback?k=6LeIiZwiAAAAACd2pPtYD2wU4T4tbozMDQosefFn\" frameborder=\"0\" scrolling=\"no\" width=\"310\" height=\"430\">\r\n\t\t<\/iframe>\r\n\t\t<textarea name=\"g-recaptcha-response\" rows=\"3\" cols=\"40\" placeholder=\"reCaptcha Response Here\">\r\n\t\t<\/textarea>\r\n\t<\/div>\r\n<\/noscript>\r\n<\/span>\n<\/p>\n<p><span class=\"wpcf7-form-control-wrap\" data-name=\"trattamentodati\"><span class=\"wpcf7-form-control wpcf7-acceptance\"><span class=\"wpcf7-list-item\"><label><input type=\"checkbox\" name=\"trattamentodati\" value=\"1\" class=\"privacy-p\" aria-invalid=\"false\" \/><span class=\"wpcf7-list-item-label\">J\u2019accepte le traitement de mes donn\u00e9es personnelles comme indiqu\u00e9 dans la <a href=\"\/fr\/politique-de-confidentialite\/\" target=\"_blank\" rel=\"noopener\">politique de confidentialit\u00e9<\/a>.<\/span><\/label><\/span><\/span><\/span>\n<\/p>\n<p><input class=\"wpcf7-form-control wpcf7-submit has-spinner submit-invia\" type=\"submit\" value=\"Envoyer\" \/>\n<\/p><div class=\"wpcf7-response-output\" aria-hidden=\"true\"><\/div>\n<\/form>\n<\/div>\n[vc_separator type=\u00a0\u00bbtransparent\u00a0\u00bb thickness=\u00a0\u00bb90&Prime; up=\u00a0\u00bb0&Prime; down=\u00a0\u00bb0&Prime;][\/vc_column][\/vc_row][vc_row css_animation=\u00a0\u00bb\u00a0\u00bb row_type=\u00a0\u00bbrow\u00a0\u00bb use_row_as_full_screen_section=\u00a0\u00bbno\u00a0\u00bb type=\u00a0\u00bbfull_width\u00a0\u00bb angled_section=\u00a0\u00bbno\u00a0\u00bb text_align=\u00a0\u00bbleft\u00a0\u00bb background_image_as_pattern=\u00a0\u00bbwithout_pattern\u00a0\u00bb z_index=\u00a0\u00bb\u00a0\u00bb][vc_column][vc_single_image image=\u00a0\u00bb17061&Prime; img_size=\u00a0\u00bbfull\u00a0\u00bb alignment=\u00a0\u00bbcenter\u00a0\u00bb qode_css_animation=\u00a0\u00bb\u00a0\u00bb][\/vc_column][\/vc_row]<\/p>\n<\/div>","protected":false},"excerpt":{"rendered":"<p>[vc_row css_animation=\u00a0\u00bb\u00a0\u00bb row_type=\u00a0\u00bbrow\u00a0\u00bb use_row_as_full_screen_section=\u00a0\u00bbno\u00a0\u00bb type=\u00a0\u00bbgrid\u00a0\u00bb angled_section=\u00a0\u00bbno\u00a0\u00bb text_align=\u00a0\u00bbleft\u00a0\u00bb background_image_as_pattern=\u00a0\u00bbwithout_pattern\u00a0\u00bb][vc_column][vc_separator type=\u00a0\u00bbtransparent\u00a0\u00bb thickness=\u00a0\u00bb90&Prime; up=\u00a0\u00bb0&Prime; down=\u00a0\u00bb0&Prime;][vc_column_text] Fabricant de food trucks [\/vc_column_text][vc_separator type=\u00a0\u00bbsmall\u00a0\u00bb position=\u00a0\u00bbcenter\u00a0\u00bb][vc_row_inner row_type=\u00a0\u00bbrow\u00a0\u00bb type=\u00a0\u00bbfull_width\u00a0\u00bb text_align=\u00a0\u00bbleft\u00a0\u00bb css_animation=\u00a0\u00bb\u00a0\u00bb][vc_column_inner width=\u00a0\u00bb1\/2&Prime;][vc_column_text css=\u00a0\u00bb\u00a0\u00bb]Nous fabriquons des\u00a0food trucks\u00a0pour le commerce ambulant et la promotion de marques sur les routes d\u2019Italie et du monde entier. L\u2019am\u00e9nagement&#8230;<\/p>\n","protected":false},"author":1001012,"featured_media":0,"parent":3709,"menu_order":3,"comment_status":"closed","ping_status":"closed","template":"full_width.php","meta":{"footnotes":""},"class_list":["post-3714","page","type-page","status-publish","hentry"],"yoast_head":"<!-- This site is optimized with the Yoast SEO plugin v25.4 - https:\/\/yoast.com\/wordpress\/plugins\/seo\/ -->\n<title>Food Trucks pour Restauration Ambulante | Fabricant Italien<\/title>\n<meta name=\"description\" content=\"Am\u00e9nagement de food trucks pour vente ambulante et \u00e9v\u00e9nements. Achat un food truck neuf avec \u00e9quipement professionnel. Camion cuisine con\u00e7u pour votre entreprise &gt;\" \/>\n<meta name=\"robots\" content=\"index, follow, max-snippet:-1, max-image-preview:large, max-video-preview:-1\" \/>\n<link rel=\"canonical\" href=\"https:\/\/www.vsveicolispeciali.com\/fr\/amenagement-vehicules-magasin-commerce-ambulant\/food-truck-camion-magasin-pour-vente-ambulante\/\" \/>\n<meta property=\"og:locale\" content=\"fr_FR\" \/>\n<meta property=\"og:type\" content=\"article\" \/>\n<meta property=\"og:title\" content=\"Food Trucks pour Restauration Ambulante | Fabricant Italien\" \/>\n<meta property=\"og:description\" content=\"Am\u00e9nagement de food trucks pour vente ambulante et \u00e9v\u00e9nements. Achat un food truck neuf avec \u00e9quipement professionnel. Camion cuisine con\u00e7u pour votre entreprise &gt;\" \/>\n<meta property=\"og:url\" content=\"https:\/\/www.vsveicolispeciali.com\/fr\/amenagement-vehicules-magasin-commerce-ambulant\/food-truck-camion-magasin-pour-vente-ambulante\/\" \/>\n<meta property=\"og:site_name\" content=\"VS Veicoli Speciali\" \/>\n<meta property=\"article:publisher\" content=\"https:\/\/www.facebook.com\/VSVeicoliSpeciali.Food.Trucks\/\" \/>\n<meta property=\"article:modified_time\" content=\"2024-11-11T14:52:34+00:00\" \/>\n<meta property=\"og:image\" content=\"https:\/\/www.vsveicolispeciali.com\/wp-content\/uploads\/2019\/11\/FoodTruck-Trevor_A.jpg\" \/>\n\t<meta property=\"og:image:width\" content=\"900\" \/>\n\t<meta property=\"og:image:height\" content=\"600\" \/>\n\t<meta property=\"og:image:type\" content=\"image\/jpeg\" \/>\n<meta name=\"twitter:card\" content=\"summary_large_image\" \/>\n<meta name=\"twitter:site\" content=\"@veicolispeciali\" \/>\n<meta name=\"twitter:label1\" content=\"Dur\u00e9e de lecture estim\u00e9e\" \/>\n\t<meta name=\"twitter:data1\" content=\"7 minutes\" \/>\n<script type=\"application\/ld+json\" class=\"yoast-schema-graph\">{\"@context\":\"https:\/\/schema.org\",\"@graph\":[{\"@type\":\"WebPage\",\"@id\":\"https:\/\/www.vsveicolispeciali.com\/fr\/amenagement-vehicules-magasin-commerce-ambulant\/food-truck-camion-magasin-pour-vente-ambulante\/\",\"url\":\"https:\/\/www.vsveicolispeciali.com\/fr\/amenagement-vehicules-magasin-commerce-ambulant\/food-truck-camion-magasin-pour-vente-ambulante\/\",\"name\":\"Food Trucks pour Restauration Ambulante | Fabricant Italien\",\"isPartOf\":{\"@id\":\"https:\/\/www.vsveicolispeciali.com\/fr\/#website\"},\"primaryImageOfPage\":{\"@id\":\"https:\/\/www.vsveicolispeciali.com\/fr\/amenagement-vehicules-magasin-commerce-ambulant\/food-truck-camion-magasin-pour-vente-ambulante\/#primaryimage\"},\"image\":{\"@id\":\"https:\/\/www.vsveicolispeciali.com\/fr\/amenagement-vehicules-magasin-commerce-ambulant\/food-truck-camion-magasin-pour-vente-ambulante\/#primaryimage\"},\"thumbnailUrl\":\"https:\/\/www.vsveicolispeciali.com\/wp-content\/uploads\/2022\/04\/pro-x-food-truck-prezzi.jpg\",\"datePublished\":\"2015-11-20T00:09:36+00:00\",\"dateModified\":\"2024-11-11T14:52:34+00:00\",\"description\":\"Am\u00e9nagement de food trucks pour vente ambulante et \u00e9v\u00e9nements. Achat un food truck neuf avec \u00e9quipement professionnel. Camion cuisine con\u00e7u pour votre entreprise >\",\"breadcrumb\":{\"@id\":\"https:\/\/www.vsveicolispeciali.com\/fr\/amenagement-vehicules-magasin-commerce-ambulant\/food-truck-camion-magasin-pour-vente-ambulante\/#breadcrumb\"},\"inLanguage\":\"fr-FR\",\"potentialAction\":[{\"@type\":\"ReadAction\",\"target\":[\"https:\/\/www.vsveicolispeciali.com\/fr\/amenagement-vehicules-magasin-commerce-ambulant\/food-truck-camion-magasin-pour-vente-ambulante\/\"]}]},{\"@type\":\"ImageObject\",\"inLanguage\":\"fr-FR\",\"@id\":\"https:\/\/www.vsveicolispeciali.com\/fr\/amenagement-vehicules-magasin-commerce-ambulant\/food-truck-camion-magasin-pour-vente-ambulante\/#primaryimage\",\"url\":\"https:\/\/www.vsveicolispeciali.com\/wp-content\/uploads\/2022\/04\/pro-x-food-truck-prezzi.jpg\",\"contentUrl\":\"https:\/\/www.vsveicolispeciali.com\/wp-content\/uploads\/2022\/04\/pro-x-food-truck-prezzi.jpg\"},{\"@type\":\"BreadcrumbList\",\"@id\":\"https:\/\/www.vsveicolispeciali.com\/fr\/amenagement-vehicules-magasin-commerce-ambulant\/food-truck-camion-magasin-pour-vente-ambulante\/#breadcrumb\",\"itemListElement\":[{\"@type\":\"ListItem\",\"position\":1,\"name\":\"Home\",\"item\":\"https:\/\/www.vsveicolispeciali.com\/fr\/\"},{\"@type\":\"ListItem\",\"position\":2,\"name\":\"Camions magasins pour commerce ambulant\",\"item\":\"https:\/\/www.vsveicolispeciali.com\/fr\/amenagement-vehicules-magasin-commerce-ambulant\/\"},{\"@type\":\"ListItem\",\"position\":3,\"name\":\"Food trucks pour restaurantion, vente ambulante et \u00e9v\u00e9nements\"}]},{\"@type\":\"WebSite\",\"@id\":\"https:\/\/www.vsveicolispeciali.com\/fr\/#website\",\"url\":\"https:\/\/www.vsveicolispeciali.com\/fr\/\",\"name\":\"VS Veicoli Speciali\",\"description\":\"\",\"publisher\":{\"@id\":\"https:\/\/www.vsveicolispeciali.com\/fr\/#organization\"},\"potentialAction\":[{\"@type\":\"SearchAction\",\"target\":{\"@type\":\"EntryPoint\",\"urlTemplate\":\"https:\/\/www.vsveicolispeciali.com\/fr\/?s={search_term_string}\"},\"query-input\":{\"@type\":\"PropertyValueSpecification\",\"valueRequired\":true,\"valueName\":\"search_term_string\"}}],\"inLanguage\":\"fr-FR\"},{\"@type\":\"Organization\",\"@id\":\"https:\/\/www.vsveicolispeciali.com\/fr\/#organization\",\"name\":\"VS Veicoli Speciali\",\"url\":\"https:\/\/www.vsveicolispeciali.com\/fr\/\",\"logo\":{\"@type\":\"ImageObject\",\"inLanguage\":\"fr-FR\",\"@id\":\"https:\/\/www.vsveicolispeciali.com\/fr\/#\/schema\/logo\/image\/\",\"url\":\"http:\/\/www.vsveicolispeciali.com\/wp-content\/uploads\/2015\/05\/vs_veicoli_speciali-logo.png\",\"contentUrl\":\"http:\/\/www.vsveicolispeciali.com\/wp-content\/uploads\/2015\/05\/vs_veicoli_speciali-logo.png\",\"width\":252,\"height\":134,\"caption\":\"VS Veicoli Speciali\"},\"image\":{\"@id\":\"https:\/\/www.vsveicolispeciali.com\/fr\/#\/schema\/logo\/image\/\"},\"sameAs\":[\"https:\/\/www.facebook.com\/VSVeicoliSpeciali.Food.Trucks\/\",\"https:\/\/x.com\/veicolispeciali\",\"https:\/\/www.instagram.com\/vs_veicolispeciali\/\",\"https:\/\/www.linkedin.com\/company\/2811960\/\",\"https:\/\/www.pinterest.com\/streetfoodtruck\/\",\"https:\/\/www.youtube.com\/user\/veicolispeciali\"]}]}<\/script>\n<!-- \/ Yoast SEO plugin. -->","yoast_head_json":{"title":"Food Trucks pour Restauration Ambulante | Fabricant Italien","description":"Am\u00e9nagement de food trucks pour vente ambulante et \u00e9v\u00e9nements. Achat un food truck neuf avec \u00e9quipement professionnel. Camion cuisine con\u00e7u pour votre entreprise >","robots":{"index":"index","follow":"follow","max-snippet":"max-snippet:-1","max-image-preview":"max-image-preview:large","max-video-preview":"max-video-preview:-1"},"canonical":"https:\/\/www.vsveicolispeciali.com\/fr\/amenagement-vehicules-magasin-commerce-ambulant\/food-truck-camion-magasin-pour-vente-ambulante\/","og_locale":"fr_FR","og_type":"article","og_title":"Food Trucks pour Restauration Ambulante | Fabricant Italien","og_description":"Am\u00e9nagement de food trucks pour vente ambulante et \u00e9v\u00e9nements. Achat un food truck neuf avec \u00e9quipement professionnel. Camion cuisine con\u00e7u pour votre entreprise >","og_url":"https:\/\/www.vsveicolispeciali.com\/fr\/amenagement-vehicules-magasin-commerce-ambulant\/food-truck-camion-magasin-pour-vente-ambulante\/","og_site_name":"VS Veicoli Speciali","article_publisher":"https:\/\/www.facebook.com\/VSVeicoliSpeciali.Food.Trucks\/","article_modified_time":"2024-11-11T14:52:34+00:00","og_image":[{"width":900,"height":600,"url":"https:\/\/www.vsveicolispeciali.com\/wp-content\/uploads\/2019\/11\/FoodTruck-Trevor_A.jpg","type":"image\/jpeg"}],"twitter_card":"summary_large_image","twitter_site":"@veicolispeciali","twitter_misc":{"Dur\u00e9e de lecture estim\u00e9e":"7 minutes"},"schema":{"@context":"https:\/\/schema.org","@graph":[{"@type":"WebPage","@id":"https:\/\/www.vsveicolispeciali.com\/fr\/amenagement-vehicules-magasin-commerce-ambulant\/food-truck-camion-magasin-pour-vente-ambulante\/","url":"https:\/\/www.vsveicolispeciali.com\/fr\/amenagement-vehicules-magasin-commerce-ambulant\/food-truck-camion-magasin-pour-vente-ambulante\/","name":"Food Trucks pour Restauration Ambulante | Fabricant Italien","isPartOf":{"@id":"https:\/\/www.vsveicolispeciali.com\/fr\/#website"},"primaryImageOfPage":{"@id":"https:\/\/www.vsveicolispeciali.com\/fr\/amenagement-vehicules-magasin-commerce-ambulant\/food-truck-camion-magasin-pour-vente-ambulante\/#primaryimage"},"image":{"@id":"https:\/\/www.vsveicolispeciali.com\/fr\/amenagement-vehicules-magasin-commerce-ambulant\/food-truck-camion-magasin-pour-vente-ambulante\/#primaryimage"},"thumbnailUrl":"https:\/\/www.vsveicolispeciali.com\/wp-content\/uploads\/2022\/04\/pro-x-food-truck-prezzi.jpg","datePublished":"2015-11-20T00:09:36+00:00","dateModified":"2024-11-11T14:52:34+00:00","description":"Am\u00e9nagement de food trucks pour vente ambulante et \u00e9v\u00e9nements. Achat un food truck neuf avec \u00e9quipement professionnel. Camion cuisine con\u00e7u pour votre entreprise >","breadcrumb":{"@id":"https:\/\/www.vsveicolispeciali.com\/fr\/amenagement-vehicules-magasin-commerce-ambulant\/food-truck-camion-magasin-pour-vente-ambulante\/#breadcrumb"},"inLanguage":"fr-FR","potentialAction":[{"@type":"ReadAction","target":["https:\/\/www.vsveicolispeciali.com\/fr\/amenagement-vehicules-magasin-commerce-ambulant\/food-truck-camion-magasin-pour-vente-ambulante\/"]}]},{"@type":"ImageObject","inLanguage":"fr-FR","@id":"https:\/\/www.vsveicolispeciali.com\/fr\/amenagement-vehicules-magasin-commerce-ambulant\/food-truck-camion-magasin-pour-vente-ambulante\/#primaryimage","url":"https:\/\/www.vsveicolispeciali.com\/wp-content\/uploads\/2022\/04\/pro-x-food-truck-prezzi.jpg","contentUrl":"https:\/\/www.vsveicolispeciali.com\/wp-content\/uploads\/2022\/04\/pro-x-food-truck-prezzi.jpg"},{"@type":"BreadcrumbList","@id":"https:\/\/www.vsveicolispeciali.com\/fr\/amenagement-vehicules-magasin-commerce-ambulant\/food-truck-camion-magasin-pour-vente-ambulante\/#breadcrumb","itemListElement":[{"@type":"ListItem","position":1,"name":"Home","item":"https:\/\/www.vsveicolispeciali.com\/fr\/"},{"@type":"ListItem","position":2,"name":"Camions magasins pour commerce ambulant","item":"https:\/\/www.vsveicolispeciali.com\/fr\/amenagement-vehicules-magasin-commerce-ambulant\/"},{"@type":"ListItem","position":3,"name":"Food trucks pour restaurantion, vente ambulante et \u00e9v\u00e9nements"}]},{"@type":"WebSite","@id":"https:\/\/www.vsveicolispeciali.com\/fr\/#website","url":"https:\/\/www.vsveicolispeciali.com\/fr\/","name":"VS Veicoli Speciali","description":"","publisher":{"@id":"https:\/\/www.vsveicolispeciali.com\/fr\/#organization"},"potentialAction":[{"@type":"SearchAction","target":{"@type":"EntryPoint","urlTemplate":"https:\/\/www.vsveicolispeciali.com\/fr\/?s={search_term_string}"},"query-input":{"@type":"PropertyValueSpecification","valueRequired":true,"valueName":"search_term_string"}}],"inLanguage":"fr-FR"},{"@type":"Organization","@id":"https:\/\/www.vsveicolispeciali.com\/fr\/#organization","name":"VS Veicoli Speciali","url":"https:\/\/www.vsveicolispeciali.com\/fr\/","logo":{"@type":"ImageObject","inLanguage":"fr-FR","@id":"https:\/\/www.vsveicolispeciali.com\/fr\/#\/schema\/logo\/image\/","url":"http:\/\/www.vsveicolispeciali.com\/wp-content\/uploads\/2015\/05\/vs_veicoli_speciali-logo.png","contentUrl":"http:\/\/www.vsveicolispeciali.com\/wp-content\/uploads\/2015\/05\/vs_veicoli_speciali-logo.png","width":252,"height":134,"caption":"VS Veicoli Speciali"},"image":{"@id":"https:\/\/www.vsveicolispeciali.com\/fr\/#\/schema\/logo\/image\/"},"sameAs":["https:\/\/www.facebook.com\/VSVeicoliSpeciali.Food.Trucks\/","https:\/\/x.com\/veicolispeciali","https:\/\/www.instagram.com\/vs_veicolispeciali\/","https:\/\/www.linkedin.com\/company\/2811960\/","https:\/\/www.pinterest.com\/streetfoodtruck\/","https:\/\/www.youtube.com\/user\/veicolispeciali"]}]}},"_links":{"self":[{"href":"https:\/\/www.vsveicolispeciali.com\/fr\/wp-json\/wp\/v2\/pages\/3714"}],"collection":[{"href":"https:\/\/www.vsveicolispeciali.com\/fr\/wp-json\/wp\/v2\/pages"}],"about":[{"href":"https:\/\/www.vsveicolispeciali.com\/fr\/wp-json\/wp\/v2\/types\/page"}],"author":[{"embeddable":true,"href":"https:\/\/www.vsveicolispeciali.com\/fr\/wp-json\/wp\/v2\/users\/1001012"}],"replies":[{"embeddable":true,"href":"https:\/\/www.vsveicolispeciali.com\/fr\/wp-json\/wp\/v2\/comments?post=3714"}],"version-history":[{"count":29,"href":"https:\/\/www.vsveicolispeciali.com\/fr\/wp-json\/wp\/v2\/pages\/3714\/revisions"}],"predecessor-version":[{"id":27003,"href":"https:\/\/www.vsveicolispeciali.com\/fr\/wp-json\/wp\/v2\/pages\/3714\/revisions\/27003"}],"up":[{"embeddable":true,"href":"https:\/\/www.vsveicolispeciali.com\/fr\/wp-json\/wp\/v2\/pages\/3709"}],"wp:attachment":[{"href":"https:\/\/www.vsveicolispeciali.com\/fr\/wp-json\/wp\/v2\/media?parent=3714"}],"curies":[{"name":"wp","href":"https:\/\/api.w.org\/{rel}","templated":true}]}}