{"id":18992,"date":"2022-11-21T14:27:07","date_gmt":"2022-11-21T13:27:07","guid":{"rendered":"http:\/\/www.vsveicolispeciali.com\/?page_id=18992"},"modified":"2026-01-11T22:24:27","modified_gmt":"2026-01-11T21:24:27","slug":"home","status":"publish","type":"page","link":"https:\/\/www.vsveicolispeciali.com\/fr\/","title":{"rendered":"Home"},"content":{"rendered":"<div class=\"wpb-content-wrapper\"><p>[vc_row css_animation=\u00a0\u00bb\u00a0\u00bb row_type=\u00a0\u00bbrow\u00a0\u00bb use_row_as_full_screen_section=\u00a0\u00bbno\u00a0\u00bb type=\u00a0\u00bbgrid\u00a0\u00bb angled_section=\u00a0\u00bbno\u00a0\u00bb text_align=\u00a0\u00bbleft\u00a0\u00bb background_image_as_pattern=\u00a0\u00bbwithout_pattern\u00a0\u00bb background_color=\u00a0\u00bb#006aa7&Prime; z_index=\u00a0\u00bb\u00a0\u00bb css=\u00a0\u00bb.vc_custom_1668437207248{padding-top: 45px !important;padding-bottom: 25px !important;background-image: url(http:\/\/www.vsveicolispeciali.com\/wp-content\/uploads\/2022\/11\/1_immagine-di-testata.jpg?id=19238) !important;background-position: center !important;background-repeat: no-repeat !important;background-size: cover !important;}\u00a0\u00bb el_class=\u00a0\u00bbrigaprincipale\u00a0\u00bb][vc_column width=\u00a0\u00bb1\/3&Prime;][vc_column_text el_class=\u00a0\u00bbsfondop\u00a0\u00bb]<\/p>\n<p style=\"font-size: 16px !important;\"><strong>LES AM\u00c9NAGEMENTS VS SONT:<\/strong><\/p>\n<p>[\/vc_column_text][vc_column_text]<a href=\"#quality\"><img loading=\"lazy\" decoding=\"async\" class=\"alignnone wp-image-19242 size-full\" src=\"https:\/\/www.vsveicolispeciali.com\/wp-content\/uploads\/2022\/11\/ecologiques.png\" alt=\"\" width=\"300\" height=\"193\" \/><\/a>[\/vc_column_text][vc_column_text el_class=\u00a0\u00bbsfondop\u00a0\u00bb]<em>\u201cPour minimiser leur impact sur l\u2019environnement!\u201d<\/em>[\/vc_column_text][vc_column_text]<a href=\"http:\/\/www.vsveicolispeciali.com\/fr\/vs-innovation-lab\/extra-pour-votre-food-truck\/ \"><img loading=\"lazy\" decoding=\"async\" class=\"alignnone wp-image-19246 size-full\" src=\"https:\/\/www.vsveicolispeciali.com\/wp-content\/uploads\/2022\/11\/connectes.png\" alt=\"\" width=\"300\" height=\"193\" \/><\/a>[\/vc_column_text][vc_column_text el_class=\u00a0\u00bbsfondop\u00a0\u00bb]<em>\u201cPour pouvoir les g\u00e9rer de mani\u00e8re pratique via l\u2019application!\u201d<\/em>[\/vc_column_text][vc_column_text]<a href=\"#quality\"><img loading=\"lazy\" decoding=\"async\" class=\"alignnone wp-image-19250 size-full\" src=\"https:\/\/www.vsveicolispeciali.com\/wp-content\/uploads\/2022\/11\/personnalises.png\" alt=\"\" width=\"300\" height=\"193\" \/><\/a>[\/vc_column_text][vc_column_text el_class=\u00a0\u00bbsfondop\u00a0\u00bb]<em>\u201cAvec une identit\u00e9 forte, en fonction de vos objectifs!\u201d<\/em>[\/vc_column_text][vc_column_text]<a href=\"#quality\"><img loading=\"lazy\" decoding=\"async\" class=\"alignnone wp-image-19254 size-full\" src=\"https:\/\/www.vsveicolispeciali.com\/wp-content\/uploads\/2022\/11\/ergonomiques.png\" alt=\"\" width=\"300\" height=\"193\" \/><\/a>[\/vc_column_text][vc_column_text el_class=\u00a0\u00bbsfondop\u00a0\u00bb]<em>\u201cPour pouvoir travailler mieux et produire plus!\u201d<\/em>[\/vc_column_text][\/vc_column][vc_column width=\u00a0\u00bb2\/3&Prime;][\/vc_column][\/vc_row][vc_row css_animation=\u00a0\u00bb\u00a0\u00bb row_type=\u00a0\u00bbrow\u00a0\u00bb use_row_as_full_screen_section=\u00a0\u00bbno\u00a0\u00bb type=\u00a0\u00bbfull_width\u00a0\u00bb angled_section=\u00a0\u00bbno\u00a0\u00bb text_align=\u00a0\u00bbleft\u00a0\u00bb background_image_as_pattern=\u00a0\u00bbwithout_pattern\u00a0\u00bb background_color=\u00a0\u00bb#006aa7&Prime;][vc_column]<div class=\"call_to_action normal\" style=\"padding-top: 20px;padding-bottom: 20px;\"><div class=\"container_inner\"><div class=\"two_columns_75_25 clearfix\"><div class=\"text_wrapper column1\"><div class=\"call_to_action_text  font_size_inherit font_weight_inherit letter_spacing_inherit\" style=\"font-size:22px;font-weight: 700;letter-spacing: 0px;\">\n<p style=\"text-align: center;\"><em>\u201cChaque entreprise a quelque chose \u00e0 raconter, et nous leur fournissons un v\u00e9hicule pour le faire!\u201d<\/em><\/p>\n<\/div><\/div><div class=\"button_wrapper column2\"><a itemprop=\"url\" href=\"http:\/\/www.vsveicolispeciali.com\/fr\/contacts_vs\/\" class=\"qbutton white large\" target=\"_self\" style=\"color: #006aa7;border-color: #006aa7;background-color: #ffffff;\"data-hover-background-color=#006aa7 data-hover-border-color=#ffffff data-hover-color=#ffffff>Contactez-nous<\/a><\/div><\/div><\/div><\/div>[\/vc_column][\/vc_row][vc_row css_animation=\u00a0\u00bb\u00a0\u00bb row_type=\u00a0\u00bbrow\u00a0\u00bb use_row_as_full_screen_section=\u00a0\u00bbno\u00a0\u00bb type=\u00a0\u00bbgrid\u00a0\u00bb angled_section=\u00a0\u00bbno\u00a0\u00bb text_align=\u00a0\u00bbleft\u00a0\u00bb background_image_as_pattern=\u00a0\u00bbwithout_pattern\u00a0\u00bb css=\u00a0\u00bb.vc_custom_1668591254956{padding-bottom: 20px !important;background-color: #f1f1f1 !important;}\u00a0\u00bb z_index=\u00a0\u00bb\u00a0\u00bb][vc_column][vc_empty_space height=\u00a0\u00bb70px\u00a0\u00bb]<div class=\"custom_font_holder\" style=\" font-size: 24px; line-height: 34px; font-style: normal; font-weight: 400; color: #006aa7; text-decoration: none; text-align: center;\">\n<h1>Nous fabriquons des food trucks, des camions magasins et des v\u00e9hicules promotionnels<\/h1>\n<\/div>[vc_separator type=\u00a0\u00bbsmall\u00a0\u00bb position=\u00a0\u00bbcenter\u00a0\u00bb color=\u00a0\u00bb#006aa7&Prime;][vc_column_text]<\/p>\n<p style=\"text-align: center;\">Votre projet en <strong>4 \u00e9tapes simples<\/strong>.<\/p>\n<p>[\/vc_column_text][vc_row_inner row_type=\u00a0\u00bbrow\u00a0\u00bb type=\u00a0\u00bbfull_width\u00a0\u00bb text_align=\u00a0\u00bbcenter\u00a0\u00bb css_animation=\u00a0\u00bb\u00a0\u00bb el_class=\u00a0\u00bbriga4block\u00a0\u00bb][vc_column_inner el_class=\u00a0\u00bbriqblushadowsoluzione\u00a0\u00bb width=\u00a0\u00bb1\/4&Prime;]<div class=\"custom_font_holder\" style=\" font-size: 24px; line-height: 34px; font-style: normal; font-weight: 400; color: #006aa7; text-decoration: none; text-align: center;\">1. LE CONSEIL<\/div>[vc_column_text el_class=\u00a0\u00bbriqblushadow\u00a0\u00bb]<\/p>\n<p style=\"text-align: center;\">Nous analysons vos besoins et vous proposons une solution sur mesure.<\/p>\n<p><img loading=\"lazy\" decoding=\"async\" class=\"size-full icona4block iconaitalia aligncenter\" src=\"https:\/\/www.vsveicolispeciali.com\/wp-content\/uploads\/2022\/11\/6_realizziamo-food-truck-CONSULENZA.png\" alt=\"\" width=\"300\" height=\"300\" \/><\/p>\n<p style=\"text-align: center;\"><strong> Rendez-vous au si\u00e8ge de la soci\u00e9t\u00e9!<\/strong><\/p>\n<p>[\/vc_column_text][\/vc_column_inner][vc_column_inner el_class=\u00a0\u00bbriqblushadowsoluzione\u00a0\u00bb width=\u00a0\u00bb1\/4&Prime;]<div class=\"custom_font_holder\" style=\" font-size: 24px; line-height: 34px; font-style: normal; font-weight: 400; color: #006aa7; text-decoration: none; text-align: center;\">2. LE DEVIS<\/div>[vc_column_text el_class=\u00a0\u00bbriqblushadow\u00a0\u00bb]<\/p>\n<p style=\"text-align: center;\">Nous vous fournissons un devis transparent et d\u00e9taill\u00e9 dans la langue de votre choix.<\/p>\n<p><img loading=\"lazy\" decoding=\"async\" class=\"size-full icona4block iconaprev aligncenter\" src=\"https:\/\/www.vsveicolispeciali.com\/wp-content\/uploads\/2022\/11\/7_realizzazione-fod-truck-PREVENTIVO.png\" alt=\"\" width=\"300\" height=\"300\" \/><\/p>\n<p style=\"text-align: center;\"><strong>N\u2019h\u00e9sitez pas \u00e0 nous demander des pr\u00e9cisions !<\/strong><\/p>\n<p>[\/vc_column_text][\/vc_column_inner][vc_column_inner el_class=\u00a0\u00bbriqblushadowsoluzione\u00a0\u00bb width=\u00a0\u00bb1\/4&Prime;]<div class=\"custom_font_holder\" style=\" font-size: 24px; line-height: 34px; font-style: normal; font-weight: 400; color: #006aa7; text-decoration: none; text-align: center;\">3. LA CONCEPTION<\/div>[vc_column_text el_class=\u00a0\u00bbriqblushadow\u00a0\u00bb]<\/p>\n<p style=\"text-align: center;\">Nous travaillons sur votre projet en vous expliquant les solutions que nous choisissons pour r\u00e9pondre \u00e0 vos besoins.<\/p>\n<p><img loading=\"lazy\" decoding=\"async\" class=\"size-full icona4block iconaprog aligncenter\" src=\"https:\/\/www.vsveicolispeciali.com\/wp-content\/uploads\/2022\/11\/8_realizzazione-fod-truck-PROGETTAZIONE-1.png\" alt=\"\" width=\"300\" height=\"300\" \/><\/p>\n<p style=\"text-align: center;\"><strong>Aidez-nous \u00e0 bien comprendre vos exigences!<\/strong><\/p>\n<p>[\/vc_column_text][\/vc_column_inner][vc_column_inner el_class=\u00a0\u00bbriqblushadow4soluzione\u00a0\u00bb width=\u00a0\u00bb1\/4&Prime; css=\u00a0\u00bb.vc_custom_1668174266843{margin-right: 0px !important;}\u00a0\u00bb]<div class=\"custom_font_holder\" style=\" font-size: 24px; line-height: 34px; font-style: normal; font-weight: 400; color: #006aa7; text-decoration: none; text-align: center;\">4. LA LIVRAISON<\/div>[vc_column_text el_class=\u00a0\u00bbriqblushadow\u00a0\u00bb]<\/p>\n<p style=\"text-align: center;\">Nous r\u00e9alisons le travail dans les d\u00e9lais convenus et nous nous occupons de tous les d\u00e9tails pour que vous puissiez retirer votre marchandise en toute simplicit\u00e9.<\/p>\n<p><img loading=\"lazy\" decoding=\"async\" class=\"size-full icona4block aligncenter\" src=\"https:\/\/www.vsveicolispeciali.com\/wp-content\/uploads\/2022\/11\/9_realizzazione-food-truck-CONSEGNA-1-1.png\" alt=\"\" width=\"300\" height=\"300\" \/><\/p>\n<p style=\"text-align: center;\"><strong> Vous recevrez toutes les certifications requises!<\/strong><\/p>\n<p>[\/vc_column_text][\/vc_column_inner][\/vc_row_inner][vc_empty_space height=\u00a0\u00bb20px\u00a0\u00bb][\/vc_column][\/vc_row][vc_row css_animation=\u00a0\u00bb\u00a0\u00bb row_type=\u00a0\u00bbrow\u00a0\u00bb use_row_as_full_screen_section=\u00a0\u00bbno\u00a0\u00bb type=\u00a0\u00bbgrid\u00a0\u00bb angled_section=\u00a0\u00bbno\u00a0\u00bb text_align=\u00a0\u00bbleft\u00a0\u00bb background_image_as_pattern=\u00a0\u00bbwithout_pattern\u00a0\u00bb css=\u00a0\u00bb.vc_custom_1668167288502{padding-bottom: 20px !important;}\u00a0\u00bb z_index=\u00a0\u00bb\u00a0\u00bb][vc_column][vc_empty_space height=\u00a0\u00bb70px\u00a0\u00bb]<div class=\"custom_font_holder\" style=\" font-size: 24px; line-height: 34px; font-style: normal; font-weight: 400; color: #006aa7; text-decoration: none; text-align: center;\">\n<h2>Choisissez la solution la plus fonctionnelle pour votre activit\u00e9<\/h2>\n<\/div>[vc_separator type=\u00a0\u00bbsmall\u00a0\u00bb position=\u00a0\u00bbcenter\u00a0\u00bb color=\u00a0\u00bb#006aa7&Prime;][vc_column_text]<\/p>\n<p style=\"text-align: center;\">Food trucks, remorques-magasins et boutiques nomades pour le commerce ambulant et l&rsquo;activit\u00e9 promotionnelle<\/p>\n<p>[\/vc_column_text][vc_row_inner row_type=\u00a0\u00bbrow\u00a0\u00bb type=\u00a0\u00bbfull_width\u00a0\u00bb text_align=\u00a0\u00bbcenter\u00a0\u00bb css_animation=\u00a0\u00bb\u00a0\u00bb el_class=\u00a0\u00bbrigasoluz\u00a0\u00bb][vc_column_inner el_class=\u00a0\u00bbriqblushadowsoluzione\u00a0\u00bb width=\u00a0\u00bb1\/4&Prime;][vc_column_text]<\/p>\n<h3 style=\"text-align: center;\">FOOD TRUCKS<\/h3>\n<p><a href=\"http:\/\/www.vsveicolispeciali.com\/fr\/amenagement-vehicules-magasin-commerce-ambulant\/food-truck-camion-magasin-pour-vente-ambulante\/\"><img loading=\"lazy\" decoding=\"async\" class=\"alignnone size-full wp-image-19685\" src=\"https:\/\/www.vsveicolispeciali.com\/wp-content\/uploads\/2022\/11\/10_scegli-la-soluzione-piu-funzionale-FOOD-TRUCK-fr.jpg\" alt=\"\" width=\"1000\" height=\"711\" srcset=\"https:\/\/www.vsveicolispeciali.com\/wp-content\/uploads\/2022\/11\/10_scegli-la-soluzione-piu-funzionale-FOOD-TRUCK-fr.jpg 1000w, https:\/\/www.vsveicolispeciali.com\/wp-content\/uploads\/2022\/11\/10_scegli-la-soluzione-piu-funzionale-FOOD-TRUCK-fr-300x213.jpg 300w, https:\/\/www.vsveicolispeciali.com\/wp-content\/uploads\/2022\/11\/10_scegli-la-soluzione-piu-funzionale-FOOD-TRUCK-fr-768x546.jpg 768w, https:\/\/www.vsveicolispeciali.com\/wp-content\/uploads\/2022\/11\/10_scegli-la-soluzione-piu-funzionale-FOOD-TRUCK-fr-700x498.jpg 700w\" sizes=\"(max-width: 1000px) 100vw, 1000px\" \/><\/a><\/p>\n<p style=\"text-align: center;\">Nous fabriquons des am\u00e9nagements de food trucks dans le respect des r\u00e9glementations routi\u00e8res, de sant\u00e9 et d\u2019hygi\u00e8ne des pays de destination.<br \/>\nChacun de nos camions est unique et nous les fabriquons tous avec une forte identit\u00e9 de marque et de produit.<br \/>\nNous concevons le projet en tenant compte des besoins de nos clients.<\/p>\n<p>[\/vc_column_text]<a  itemprop=\"url\" href=\"http:\/\/www.vsveicolispeciali.com\/fr\/amenagement-vehicules-magasin-commerce-ambulant\/food-truck-camion-magasin-pour-vente-ambulante\/\" target=\"_self\"  class=\"qbutton  center default buttons buttonuno\" style=\"margin: 15px; \">D\u00c9COUVREZ-LES<\/a>[\/vc_column_inner][vc_column_inner el_class=\u00a0\u00bbriqblushadowsoluzione\u00a0\u00bb width=\u00a0\u00bb1\/4&Prime;][vc_column_text]<\/p>\n<h3 style=\"text-align: center;\">APE TRIPORTEURS<\/h3>\n<p><a href=\"http:\/\/www.vsveicolispeciali.com\/fr\/amenagement-vehicules-magasin-commerce-ambulant\/triporteur-ape-piaggio-food-truck-et-vespacar-a-vendre\/\"><img loading=\"lazy\" decoding=\"async\" class=\"alignnone size-full wp-image-19689\" src=\"https:\/\/www.vsveicolispeciali.com\/wp-content\/uploads\/2022\/11\/11_scegli-la-soluzione-piu-funzionale-APE-PIAGGIO-fr.jpg\" alt=\"\" width=\"1000\" height=\"711\" srcset=\"https:\/\/www.vsveicolispeciali.com\/wp-content\/uploads\/2022\/11\/11_scegli-la-soluzione-piu-funzionale-APE-PIAGGIO-fr.jpg 1000w, https:\/\/www.vsveicolispeciali.com\/wp-content\/uploads\/2022\/11\/11_scegli-la-soluzione-piu-funzionale-APE-PIAGGIO-fr-300x213.jpg 300w, https:\/\/www.vsveicolispeciali.com\/wp-content\/uploads\/2022\/11\/11_scegli-la-soluzione-piu-funzionale-APE-PIAGGIO-fr-768x546.jpg 768w, https:\/\/www.vsveicolispeciali.com\/wp-content\/uploads\/2022\/11\/11_scegli-la-soluzione-piu-funzionale-APE-PIAGGIO-fr-700x498.jpg 700w\" sizes=\"(max-width: 1000px) 100vw, 1000px\" \/><\/a><\/p>\n<p style=\"text-align: center;\">Un v\u00e9hicule iconique d\u00e9clin\u00e9 en diff\u00e9rentes versions, dont certaines disposent d\u2019un design brevet\u00e9.<br \/>\nLe moteur \u00e9lectrique et les batteries rechargeables haute performance permettent au Triporteur Piaggio d\u2019aller partout tout en respectant l\u2019environnement.<br \/>\nGrand espace de stockage, petite taille, tr\u00e8s souple, ce v\u00e9hicule s\u2019adapte \u00e0 tous produits (alimentaire et vente au d\u00e9tail).<\/p>\n<p>[\/vc_column_text]<a  itemprop=\"url\" href=\"http:\/\/www.vsveicolispeciali.com\/fr\/amenagement-vehicules-magasin-commerce-ambulant\/triporteur-ape-piaggio-food-truck-et-vespacar-a-vendre\/\" target=\"_self\"  class=\"qbutton  center default buttons\" style=\"margin: 15px; \">D\u00c9COUVREZ-LES<\/a>[\/vc_column_inner][vc_column_inner el_class=\u00a0\u00bbriqblushadowsoluzione\u00a0\u00bb width=\u00a0\u00bb1\/4&Prime;][vc_column_text]<\/p>\n<h3 style=\"text-align: center;\">REMORQUES<\/h3>\n<p><a href=\"http:\/\/www.vsveicolispeciali.com\/fr\/amenagement-vehicules-magasin-commerce-ambulant\/remorque-amenagee-cuisine-et-caravane-food-truck\/\"><img loading=\"lazy\" decoding=\"async\" class=\"alignnone size-full wp-image-19693\" src=\"https:\/\/www.vsveicolispeciali.com\/wp-content\/uploads\/2022\/11\/12_scegli-la-soluzione-piu-funzionale-RIMORCHI-fr.jpg\" alt=\"\" width=\"1000\" height=\"711\" srcset=\"https:\/\/www.vsveicolispeciali.com\/wp-content\/uploads\/2022\/11\/12_scegli-la-soluzione-piu-funzionale-RIMORCHI-fr.jpg 1000w, https:\/\/www.vsveicolispeciali.com\/wp-content\/uploads\/2022\/11\/12_scegli-la-soluzione-piu-funzionale-RIMORCHI-fr-300x213.jpg 300w, https:\/\/www.vsveicolispeciali.com\/wp-content\/uploads\/2022\/11\/12_scegli-la-soluzione-piu-funzionale-RIMORCHI-fr-768x546.jpg 768w, https:\/\/www.vsveicolispeciali.com\/wp-content\/uploads\/2022\/11\/12_scegli-la-soluzione-piu-funzionale-RIMORCHI-fr-700x498.jpg 700w\" sizes=\"(max-width: 1000px) 100vw, 1000px\" \/><\/a><\/p>\n<p style=\"text-align: center;\">Des remorques am\u00e9nag\u00e9es pour la street food et \u00e9quip\u00e9es d\u2019une cuisine professionnelle, aux chariots transform\u00e9s pour l\u2019exposition et la vente de v\u00eatements, d\u2019accessoires et d\u2019autres marchandises.<br \/>\nNous construisons tout sur mesure.\u2028 Et puis il y a notre Yield Trailer, la premi\u00e8re remorque-magasin \u00e0 \u00e9nergie solaire, autonome gr\u00e2ce \u00e0 un syst\u00e8me de batteries et de cellules photovolta\u00efques.<\/p>\n<p>[\/vc_column_text]<a  itemprop=\"url\" href=\"http:\/\/www.vsveicolispeciali.com\/fr\/amenagement-vehicules-magasin-commerce-ambulant\/remorque-amenagee-cuisine-et-caravane-food-truck\/\" target=\"_self\"  class=\"qbutton  center default buttons\" style=\"margin: 15px; \">D\u00c9COUVREZ-LES<\/a>[\/vc_column_inner][vc_column_inner el_class=\u00a0\u00bbriqblushadow4soluzione\u00a0\u00bb width=\u00a0\u00bb1\/4&Prime; css=\u00a0\u00bb.vc_custom_1668174266843{margin-right: 0px !important;}\u00a0\u00bb][vc_column_text]<\/p>\n<h3 style=\"text-align: center;\">PROMO TRUCKS<\/h3>\n<p><a href=\"http:\/\/www.vsveicolispeciali.com\/fr\/amenagement-vehicules-magasin-commerce-ambulant\/boutique-nomade-camion-evenementiel\/\"><img loading=\"lazy\" decoding=\"async\" class=\"alignnone size-full wp-image-19697\" src=\"https:\/\/www.vsveicolispeciali.com\/wp-content\/uploads\/2022\/11\/13_scegli-la-soluzione-piu-funzionale-PROMO-TRUCK-fr.jpg\" alt=\"\" width=\"1000\" height=\"711\" srcset=\"https:\/\/www.vsveicolispeciali.com\/wp-content\/uploads\/2022\/11\/13_scegli-la-soluzione-piu-funzionale-PROMO-TRUCK-fr.jpg 1000w, https:\/\/www.vsveicolispeciali.com\/wp-content\/uploads\/2022\/11\/13_scegli-la-soluzione-piu-funzionale-PROMO-TRUCK-fr-300x213.jpg 300w, https:\/\/www.vsveicolispeciali.com\/wp-content\/uploads\/2022\/11\/13_scegli-la-soluzione-piu-funzionale-PROMO-TRUCK-fr-768x546.jpg 768w, https:\/\/www.vsveicolispeciali.com\/wp-content\/uploads\/2022\/11\/13_scegli-la-soluzione-piu-funzionale-PROMO-TRUCK-fr-700x498.jpg 700w\" sizes=\"(max-width: 1000px) 100vw, 1000px\" \/><\/a><\/p>\n<p style=\"text-align: center;\">Il s\u2019agit de v\u00e9hicules con\u00e7us pour promouvoir des marques et des produits. Nous pouvons les fabriquer sur n\u2019importe quel mod\u00e8le (y compris les v\u00e9hicules d\u2019\u00e9poque) et les \u00e9quiper pour remplir les fonctions dont vous avez besoin. Avec un promo truck, vous pourrez proposer un service de restauration, exposer et vendre des produits, communiquer et promouvoir des services lors de tourn\u00e9es promotionnelles, de salons et d\u2019\u00e9v\u00e9nements.<\/p>\n<p>[\/vc_column_text]<a  itemprop=\"url\" href=\"http:\/\/www.vsveicolispeciali.com\/fr\/amenagement-vehicules-magasin-commerce-ambulant\/boutique-nomade-camion-evenementiel\/\" target=\"_self\"  class=\"qbutton  center default buttons\" style=\"margin: 15px; \">D\u00c9COUVREZ-LES<\/a>[\/vc_column_inner][\/vc_row_inner][\/vc_column][\/vc_row][vc_row css_animation=\u00a0\u00bb\u00a0\u00bb row_type=\u00a0\u00bbrow\u00a0\u00bb use_row_as_full_screen_section=\u00a0\u00bbno\u00a0\u00bb type=\u00a0\u00bbfull_width\u00a0\u00bb angled_section=\u00a0\u00bbno\u00a0\u00bb text_align=\u00a0\u00bbleft\u00a0\u00bb background_image_as_pattern=\u00a0\u00bbwithout_pattern\u00a0\u00bb el_id=\u00a0\u00bbquality\u00a0\u00bb background_color=\u00a0\u00bb#006aa7&Prime;][vc_column]<div class=\"call_to_action normal\" style=\"padding-top: 20px;padding-bottom: 20px;\"><div class=\"container_inner\"><div class=\"two_columns_75_25 clearfix\"><div class=\"text_wrapper column1\"><div class=\"call_to_action_text  font_size_inherit font_weight_inherit letter_spacing_inherit\" style=\"font-size:22px;font-weight: 700;letter-spacing: 0px;\">\n<p style=\"text-align: center;\"><em>\u201cOn n\u2019ach\u00e8te pas un food truck tous les jours, il vaut mieux que vous en choisissiez un qui soit sp\u00e9cial!\u201d<\/em><\/p>\n<\/div><\/div><div class=\"button_wrapper column2\"><a itemprop=\"url\" href=\"http:\/\/www.vsveicolispeciali.com\/fr\/contacts_vs\/\" class=\"qbutton white large\" target=\"_self\" style=\"color: #006aa7;border-color: #006aa7;background-color: #ffffff;\"data-hover-background-color=#006aa7 data-hover-border-color=#ffffff data-hover-color=#ffffff>Contactez-nous<\/a><\/div><\/div><\/div><\/div>[\/vc_column][\/vc_row][vc_row css_animation=\u00a0\u00bb\u00a0\u00bb row_type=\u00a0\u00bbrow\u00a0\u00bb use_row_as_full_screen_section=\u00a0\u00bbno\u00a0\u00bb type=\u00a0\u00bbgrid\u00a0\u00bb angled_section=\u00a0\u00bbno\u00a0\u00bb text_align=\u00a0\u00bbleft\u00a0\u00bb background_image_as_pattern=\u00a0\u00bbwithout_pattern\u00a0\u00bb css=\u00a0\u00bb.vc_custom_1668605989007{padding-bottom: 20px !important;background-color: #f1f1f1 !important;}\u00a0\u00bb z_index=\u00a0\u00bb\u00a0\u00bb][vc_column][vc_empty_space height=\u00a0\u00bb70px\u00a0\u00bb]<div class=\"custom_font_holder\" style=\" font-size: 24px; line-height: 34px; font-style: normal; font-weight: 400; color: #006aa7; text-decoration: none; text-align: center;\">\n<h2>LES \u00c9l\u00c9ments DISTINCTIfS DE NOS AM\u00c9NAGEMENTS<\/h2>\n<\/div>[vc_separator type=\u00a0\u00bbsmall\u00a0\u00bb position=\u00a0\u00bbcenter\u00a0\u00bb color=\u00a0\u00bb#006aa7&Prime;][vc_column_text]<\/p>\n<p style=\"text-align: center;\">Les 4 piliers \u00e0 la base de notre production de food trucks et d\u2019autres v\u00e9hicules sp\u00e9ciaux.<\/p>\n<p>[\/vc_column_text][vc_row_inner row_type=\u00a0\u00bbrow\u00a0\u00bb type=\u00a0\u00bbfull_width\u00a0\u00bb text_align=\u00a0\u00bbcenter\u00a0\u00bb css_animation=\u00a0\u00bb\u00a0\u00bb el_class=\u00a0\u00bbrigariqsfondoblushadow\u00a0\u00bb][vc_column_inner el_class=\u00a0\u00bbriqsfondoblushadow\u00a0\u00bb width=\u00a0\u00bb1\/4&Prime;]<div class=\"custom_font_holder\" style=\" font-size: 24px; line-height: 34px; font-style: normal; font-weight: 400; color: #ffffff; text-decoration: none; text-align: center;\">\u00c9COLOGIQUES<\/div>[vc_column_text]<img loading=\"lazy\" decoding=\"async\" class=\"size-full icona4block aligncenter\" src=\"https:\/\/www.vsveicolispeciali.com\/wp-content\/uploads\/2022\/11\/14_le-qualita-distintivie-Ecologici-fr.png\" alt=\"\" width=\"300\" height=\"300\" \/><\/p>\n<p style=\"text-align: center;\">Nous r\u00e9alisons des projets qui respectent l\u2019environnement. Pour ce faire, nous choisissons des solutions \u00e0 faible consommation et nous int\u00e9grons l\u2019\u00e9nergie solaire aux ressources d\u2019alimentation de nos v\u00e9hicules.<\/p>\n<p>[\/vc_column_text][\/vc_column_inner][vc_column_inner el_class=\u00a0\u00bbriqsfondoblushadow\u00a0\u00bb width=\u00a0\u00bb1\/4&Prime;]<div class=\"custom_font_holder\" style=\" font-size: 24px; line-height: 34px; font-style: normal; font-weight: 400; color: #ffffff; text-decoration: none; text-align: center;\">CONNECT\u00c9S<\/div>[vc_column_text]<img loading=\"lazy\" decoding=\"async\" class=\"size-full icona4block aligncenter\" src=\"https:\/\/www.vsveicolispeciali.com\/wp-content\/uploads\/2022\/11\/15_le-qualita-distintivie-Connessi-fr.png\" alt=\"\" width=\"300\" height=\"300\" \/><\/p>\n<p style=\"text-align: center;\">Avec notre application eXtra\u00ae, vous pourrez communiquer directement et de fa\u00e7on moderne avec toutes les installations embarqu\u00e9es sur nos v\u00e9hicules.<\/p>\n<p>[\/vc_column_text][\/vc_column_inner][vc_column_inner el_class=\u00a0\u00bbriqsfondoblushadow\u00a0\u00bb width=\u00a0\u00bb1\/4&Prime;]<div class=\"custom_font_holder\" style=\" font-size: 24px; line-height: 34px; font-style: normal; font-weight: 400; color: #ffffff; text-decoration: none; text-align: center;\">PERSONNALIS\u00c9S<\/div>[vc_column_text]<img loading=\"lazy\" decoding=\"async\" class=\"size-full icona4block aligncenter\" src=\"https:\/\/www.vsveicolispeciali.com\/wp-content\/uploads\/2022\/11\/16_le-qualita-distintivie-Personalizzati-fr.png\" alt=\"\" width=\"300\" height=\"300\" \/><\/p>\n<p style=\"text-align: center;\">Nous concevons les am\u00e9nagements avec une approche fine et sur mesure. Vous pourrez personnaliser chaque \u00e9l\u00e9ment du v\u00e9hicule et le modifier selon vos besoins.<\/p>\n<p>[\/vc_column_text][\/vc_column_inner][vc_column_inner el_class=\u00a0\u00bbriq4sfondoblushadow\u00a0\u00bb width=\u00a0\u00bb1\/4&Prime;]<div class=\"custom_font_holder\" style=\" font-size: 24px; line-height: 34px; font-style: normal; font-weight: 400; color: #ffffff; text-decoration: none; text-align: center;\">ERGONOMIQUES<\/div>[vc_column_text]<img loading=\"lazy\" decoding=\"async\" class=\"size-full icona4block aligncenter\" src=\"https:\/\/www.vsveicolispeciali.com\/wp-content\/uploads\/2022\/11\/17_le-qualita-distintivie-Ergonomici-fr.png\" alt=\"\" width=\"300\" height=\"300\" \/><\/p>\n<p style=\"text-align: center;\">Nous \u00e9tudions en d\u00e9tail la zone de travail et ses espaces, les \u00e9quipements et chaque aspect du design pour faciliter votre travail et augmenter votre productivit\u00e9.<\/p>\n<p>[\/vc_column_text][\/vc_column_inner][\/vc_row_inner][\/vc_column][\/vc_row][vc_row css_animation=\u00a0\u00bb\u00a0\u00bb row_type=\u00a0\u00bbrow\u00a0\u00bb use_row_as_full_screen_section=\u00a0\u00bbno\u00a0\u00bb type=\u00a0\u00bbgrid\u00a0\u00bb angled_section=\u00a0\u00bbno\u00a0\u00bb text_align=\u00a0\u00bbleft\u00a0\u00bb background_image_as_pattern=\u00a0\u00bbwithout_pattern\u00a0\u00bb css=\u00a0\u00bb.vc_custom_1668415546081{padding-bottom: 20px !important;}\u00a0\u00bb z_index=\u00a0\u00bb\u00a0\u00bb el_class=\u00a0\u00bbrigaprofessionisti\u00a0\u00bb][vc_column][vc_empty_space height=\u00a0\u00bb70px\u00a0\u00bb]<div class=\"custom_font_holder\" style=\" font-size: 24px; line-height: 34px; font-style: normal; font-weight: 400; color: #006aa7; text-decoration: none; text-align: center;\">\n<h2>DES PROFESSIONNELS SP\u00c9CIALIS\u00c9S DANS LA CONSTRUCTION DE FOOD TRUCKS<\/h2>\n<\/div>[vc_separator type=\u00a0\u00bbsmall\u00a0\u00bb position=\u00a0\u00bbcenter\u00a0\u00bb color=\u00a0\u00bb#006aa7&Prime;][vc_row_inner row_type=\u00a0\u00bbrow\u00a0\u00bb type=\u00a0\u00bbfull_width\u00a0\u00bb text_align=\u00a0\u00bbleft\u00a0\u00bb css_animation=\u00a0\u00bb\u00a0\u00bb][vc_column_inner width=\u00a0\u00bb1\/4&Prime;][\/vc_column_inner][vc_column_inner width=\u00a0\u00bb1\/2&Prime;][vc_column_text]<\/p>\n<p style=\"text-align: center;\">Nous nous engageons \u00e0 comprendre vos besoins afin de les d\u00e9cliner dans\u00a0<strong>des am\u00e9nagements qui r\u00e9pondent \u00e0 vos objectifs commerciaux<\/strong><\/p>\n<p>[\/vc_column_text][\/vc_column_inner][vc_column_inner width=\u00a0\u00bb1\/4&Prime;][\/vc_column_inner][\/vc_row_inner][vc_row_inner row_type=\u00a0\u00bbrow\u00a0\u00bb type=\u00a0\u00bbfull_width\u00a0\u00bb text_align=\u00a0\u00bbcenter\u00a0\u00bb css_animation=\u00a0\u00bb\u00a0\u00bb el_class=\u00a0\u00bbriga5blockprof\u00a0\u00bb][vc_column_inner el_class=\u00a0\u00bbriqblushadowrigaprof\u00a0\u00bb width=\u00a0\u00bb1\/5&Prime;][vc_column_text]<\/p>\n<h3 style=\"text-align: center;\">PRO X FOOD TRUCK<\/h3>\n<p><a href=\"http:\/\/www.vsveicolispeciali.com\/fr\/amenagement-vehicules-magasin-commerce-ambulant\/food-truck-camion-magasin-pour-vente-ambulante\/pro-x-food-truck\/\"><img loading=\"lazy\" decoding=\"async\" class=\"size-medium icona5block aligncenter\" src=\"https:\/\/www.vsveicolispeciali.com\/wp-content\/uploads\/2022\/11\/18_professionisti-specializzati-pro-x-food-truck.jpg\" width=\"300\" height=\"240\" \/><\/a><\/p>\n<p style=\"text-align: center;\">Un food truck innovant con\u00e7u pour augmenter les marges b\u00e9n\u00e9ficiaires des entreprises en am\u00e9liorant le rendement \u00e9nerg\u00e9tique, ainsi que les processus de production.<\/p>\n<p>[\/vc_column_text]<a  itemprop=\"url\" href=\"http:\/\/www.vsveicolispeciali.com\/fr\/amenagement-vehicules-magasin-commerce-ambulant\/food-truck-camion-magasin-pour-vente-ambulante\/pro-x-food-truck\/\" target=\"_self\"  class=\"qbutton  center default buttons buttonpro\" style=\"margin: 15px; \">D\u00c9COUVREZ-LE<\/a>[\/vc_column_inner][vc_column_inner el_class=\u00a0\u00bbriqblushadowrigaprof\u00a0\u00bb width=\u00a0\u00bb1\/5&Prime;][vc_column_text]<\/p>\n<h3 style=\"text-align: center;\">PROFESSIONAL FOOD TRUCK<\/h3>\n<p><a href=\"http:\/\/www.vsveicolispeciali.com\/fr\/amenagement-vehicules-magasin-commerce-ambulant\/food-truck-camion-magasin-pour-vente-ambulante\/acheter-un-food-truck-personnalise\/\"><img decoding=\"async\" class=\"aligncenter icona5block size-full\" src=\"https:\/\/www.vsveicolispeciali.com\/wp-content\/uploads\/2022\/11\/19_professionisti-specializzati-professional-food-truck.jpg\" \/><\/a><\/p>\n<p style=\"text-align: center;\">Un food truck tr\u00e8s personnalisable, r\u00e9solument robuste et ergonomique, \u00e9quip\u00e9 d\u2019espaces de travail int\u00e9rieur cons\u00e9quents. Parfait pour le service traiteur, les foires, les salons et les \u00e9v\u00e9nements.<\/p>\n<p>[\/vc_column_text]<a  itemprop=\"url\" href=\"http:\/\/www.vsveicolispeciali.com\/fr\/amenagement-vehicules-magasin-commerce-ambulant\/food-truck-camion-magasin-pour-vente-ambulante\/acheter-un-food-truck-personnalise\/\" target=\"_self\"  class=\"qbutton  center default buttons\" style=\"margin: 15px; \">D\u00c9COUVREZ-LE<\/a>[\/vc_column_inner][vc_column_inner el_class=\u00a0\u00bbriqblushadowrigaprof\u00a0\u00bb width=\u00a0\u00bb1\/5&Prime;][vc_column_text]<\/p>\n<h3 style=\"text-align: center;\">NV FOOD TRUCK<\/h3>\n<p><a href=\"http:\/\/www.vsveicolispeciali.com\/fr\/amenagement-vehicules-magasin-commerce-ambulant\/food-truck-camion-magasin-pour-vente-ambulante\/citroen-jumper-food-truck-neuf-innovant\/\"><img loading=\"lazy\" decoding=\"async\" class=\"aligncenter size-medium icona5block\" src=\"https:\/\/www.vsveicolispeciali.com\/wp-content\/uploads\/2022\/11\/20_professionisti-specializzati-nv-food-truck.jpg\" width=\"300\" height=\"240\" \/><\/a><\/p>\n<p style=\"text-align: center;\">Il b\u00e9n\u00e9ficie d\u2019une esth\u00e9tique hors du commun avec son style vintage \u00e9voquant le Citro\u00ebn Type H des ann\u00e9es 1960\/1970.<\/p>\n<p>[\/vc_column_text]<a  itemprop=\"url\" href=\"http:\/\/www.vsveicolispeciali.com\/fr\/amenagement-vehicules-magasin-commerce-ambulant\/food-truck-camion-magasin-pour-vente-ambulante\/citroen-jumper-food-truck-neuf-innovant\/\" target=\"_self\"  class=\"qbutton  center default buttons buttonnv\" style=\"margin: 15px; \">D\u00c9COUVREZ-LE<\/a>[\/vc_column_inner][vc_column_inner el_class=\u00a0\u00bbriqblushadowrigaprof\u00a0\u00bb width=\u00a0\u00bb1\/5&Prime; css=\u00a0\u00bb.vc_custom_1668176608903{margin-right: 0px !important;}\u00a0\u00bb][vc_column_text]<\/p>\n<h3 style=\"text-align: center;\">\u00c9CO FOOD TRUCK<\/h3>\n<p><a href=\"http:\/\/www.vsveicolispeciali.com\/fr\/amenagement-vehicules-magasin-commerce-ambulant\/food-truck-camion-magasin-pour-vente-ambulante\/food-truck-economique\/\"><img decoding=\"async\" class=\"aligncenter size-medium icona5block\" src=\"https:\/\/www.vsveicolispeciali.com\/wp-content\/uploads\/2022\/11\/21_professionisti-specializzati-eco-food-truck.jpg\" \/><\/a><\/p>\n<p style=\"text-align: center;\">La solution la plus \u00c9COnomique du parc automobile dans la cat\u00e9gorie \u00ab food trucks \u00bb, un am\u00e9nagement \u00e9pur\u00e9 qui ne renonce pas aux normes de construction les plus exigeantes.<\/p>\n<p>[\/vc_column_text]<a  itemprop=\"url\" href=\"http:\/\/www.vsveicolispeciali.com\/fr\/amenagement-vehicules-magasin-commerce-ambulant\/food-truck-camion-magasin-pour-vente-ambulante\/food-truck-economique\/\" target=\"_self\"  class=\"qbutton  center default buttons buttoneco\" style=\"margin: 15px; \">D\u00c9COUVREZ-LE<\/a>[\/vc_column_inner][vc_column_inner el_class=\u00a0\u00bbriqblu5shadowrigaprof\u00a0\u00bb width=\u00a0\u00bb1\/5&Prime;][vc_column_text]<\/p>\n<h3 style=\"text-align: center;\">PORTER CRAFT X<\/h3>\n<p><a href=\"http:\/\/www.vsveicolispeciali.com\/fr\/amenagement-vehicules-magasin-commerce-ambulant\/food-truck-camion-magasin-pour-vente-ambulante\/piaggio-porter-craft-x\/\"><img decoding=\"async\" class=\"aligncenter size-medium icona5block\" src=\"https:\/\/www.vsveicolispeciali.com\/wp-content\/uploads\/2022\/11\/22_professionisti-specializzati-porter-craft-x.jpg\" \/><\/a><\/p>\n<p style=\"text-align: center;\">Une r\u00e9interpr\u00e9tation moderne du Piaggio Porter classique, qui le transforme en un food truck extr\u00eamement agile pour la ville et \u00e0 la capacit\u00e9 de stockage excellente.<\/p>\n<p>[\/vc_column_text]<a  itemprop=\"url\" href=\"http:\/\/www.vsveicolispeciali.com\/fr\/amenagement-vehicules-magasin-commerce-ambulant\/food-truck-camion-magasin-pour-vente-ambulante\/piaggio-porter-craft-x\/\" target=\"_self\"  class=\"qbutton  center default buttons buttonporter\" style=\"margin: 15px; \">D\u00c9COUVREZ-LE<\/a>[\/vc_column_inner][\/vc_row_inner][\/vc_column][\/vc_row][vc_row css_animation=\u00a0\u00bb\u00a0\u00bb row_type=\u00a0\u00bbrow\u00a0\u00bb use_row_as_full_screen_section=\u00a0\u00bbno\u00a0\u00bb type=\u00a0\u00bbfull_width\u00a0\u00bb angled_section=\u00a0\u00bbno\u00a0\u00bb text_align=\u00a0\u00bbleft\u00a0\u00bb background_image_as_pattern=\u00a0\u00bbwithout_pattern\u00a0\u00bb background_color=\u00a0\u00bb#006aa7&Prime;][vc_column]<div class=\"call_to_action normal\" style=\"padding-top: 20px;padding-bottom: 20px;\"><div class=\"container_inner\"><div class=\"two_columns_75_25 clearfix\"><div class=\"text_wrapper column1\"><div class=\"call_to_action_text  font_size_inherit font_weight_inherit letter_spacing_inherit\" style=\"font-size:22px;font-weight: 700;letter-spacing: 0px;\">\n<p style=\"text-align: center;\"><em>\u201cNous travaillons pour vous et avec vous, en mettant notre savoir-faire \u00e0 votre disposition!\u201d<\/em><\/p>\n<\/div><\/div><div class=\"button_wrapper column2\"><a itemprop=\"url\" href=\"http:\/\/www.vsveicolispeciali.com\/fr\/contacts_vs\/\" class=\"qbutton white large\" target=\"_self\" style=\"color: #006aa7;border-color: #006aa7;background-color: #ffffff;\"data-hover-background-color=#006aa7 data-hover-border-color=#ffffff data-hover-color=#ffffff>Contactez-nous<\/a><\/div><\/div><\/div><\/div>[\/vc_column][\/vc_row][vc_row css_animation=\u00a0\u00bb\u00a0\u00bb row_type=\u00a0\u00bbrow\u00a0\u00bb use_row_as_full_screen_section=\u00a0\u00bbno\u00a0\u00bb type=\u00a0\u00bbgrid\u00a0\u00bb angled_section=\u00a0\u00bbno\u00a0\u00bb text_align=\u00a0\u00bbleft\u00a0\u00bb background_image_as_pattern=\u00a0\u00bbwithout_pattern\u00a0\u00bb css=\u00a0\u00bb.vc_custom_1668417950273{padding-bottom: 20px !important;background-color: #f1f1f1 !important;}\u00a0\u00bb z_index=\u00a0\u00bb\u00a0\u00bb][vc_column][vc_empty_space height=\u00a0\u00bb70px\u00a0\u00bb]<div class=\"custom_font_holder\" style=\" font-size: 24px; line-height: 34px; font-style: normal; font-weight: 400; color: #006aa7; text-decoration: none; text-align: center;\">\n<h2>DE LA STREET FOOD \u00c0 VOTRE FOOD TRUCK<\/h2>\n<\/div>[vc_separator type=\u00a0\u00bbsmall\u00a0\u00bb position=\u00a0\u00bbcenter\u00a0\u00bb color=\u00a0\u00bb#006aa7&Prime;][vc_column_text]<\/p>\n<p style=\"text-align: center;\">Nous avons construit des food trucks pour des entreprises de toutes tailles et de tous types.<br \/>\nD\u00e9couvrez-les en acc\u00e9dant aux cat\u00e9gories de produits <strong><a href=\"http:\/\/www.vsveicolispeciali.com\/fr\/street-food\/\"><span style=\"color: #006aa7; font-weight: 600;\">STREET FOOD<\/span><\/a><\/strong>.<\/p>\n<p>[\/vc_column_text][vc_row_inner row_type=\u00a0\u00bbrow\u00a0\u00bb type=\u00a0\u00bbfull_width\u00a0\u00bb text_align=\u00a0\u00bbcenter\u00a0\u00bb css_animation=\u00a0\u00bb\u00a0\u00bb el_class=\u00a0\u00bbrigafood\u00a0\u00bb][vc_column_inner width=\u00a0\u00bb1\/6&Prime;]<div class=\"custom_font_holder\" style=\" font-size: 19px; line-height: 24px; font-style: normal; font-weight: 400; color: #006aa7; text-decoration: none; text-align: center;\"><a href=\"https:\/\/www.vsveicolispeciali.com\/fr\/street-food\/food-truck-pizza-camion\/\">LES PIZZAS<\/a><\/div>[vc_separator type=\u00a0\u00bbsmall\u00a0\u00bb position=\u00a0\u00bbcenter\u00a0\u00bb color=\u00a0\u00bb#006aa7&Prime; el_class=\u00a0\u00bbsepfood\u00a0\u00bb][vc_column_text]<a href=\"http:\/\/www.vsveicolispeciali.com\/fr\/street-food\/food-truck-pizza-camion\/\"><img loading=\"lazy\" decoding=\"async\" class=\"aligncenter wp-image-19176 size-full\" src=\"https:\/\/www.vsveicolispeciali.com\/wp-content\/uploads\/2022\/11\/23_dallo-street-fod_pizza.jpg\" alt=\"\" width=\"300\" height=\"300\" srcset=\"https:\/\/www.vsveicolispeciali.com\/wp-content\/uploads\/2022\/11\/23_dallo-street-fod_pizza.jpg 300w, https:\/\/www.vsveicolispeciali.com\/wp-content\/uploads\/2022\/11\/23_dallo-street-fod_pizza-150x150.jpg 150w\" sizes=\"(max-width: 300px) 100vw, 300px\" \/><\/a>[\/vc_column_text][\/vc_column_inner][vc_column_inner width=\u00a0\u00bb1\/6&Prime;]<div class=\"custom_font_holder\" style=\" font-size: 19px; line-height: 24px; font-style: normal; font-weight: 400; color: #006aa7; text-decoration: none; text-align: center;\"><a href=\"https:\/\/www.vsveicolispeciali.com\/fr\/street-food\/glacier-food-truck-glace\/\">LES GLACES<\/a><\/div>[vc_separator type=\u00a0\u00bbsmall\u00a0\u00bb position=\u00a0\u00bbcenter\u00a0\u00bb color=\u00a0\u00bb#006aa7&Prime; el_class=\u00a0\u00bbsepfood\u00a0\u00bb][vc_column_text]<a href=\"http:\/\/www.vsveicolispeciali.com\/fr\/street-food\/glacier-food-truck-glace\/\"><img loading=\"lazy\" decoding=\"async\" class=\"aligncenter wp-image-19180 size-full\" src=\"https:\/\/www.vsveicolispeciali.com\/wp-content\/uploads\/2022\/11\/24_dallo-street-fod_gelato.jpg\" alt=\"\" width=\"300\" height=\"300\" srcset=\"https:\/\/www.vsveicolispeciali.com\/wp-content\/uploads\/2022\/11\/24_dallo-street-fod_gelato.jpg 300w, https:\/\/www.vsveicolispeciali.com\/wp-content\/uploads\/2022\/11\/24_dallo-street-fod_gelato-150x150.jpg 150w\" sizes=\"(max-width: 300px) 100vw, 300px\" \/><\/a>[\/vc_column_text][\/vc_column_inner][vc_column_inner width=\u00a0\u00bb1\/6&Prime;]<div class=\"custom_font_holder\" style=\" font-size: 19px; line-height: 24px; font-style: normal; font-weight: 400; color: #006aa7; text-decoration: none; text-align: center;\"><a href=\"https:\/\/www.vsveicolispeciali.com\/fr\/street-food\/biere-truck\/\">LA BI\u00c8RE<\/a><\/div>[vc_separator type=\u00a0\u00bbsmall\u00a0\u00bb position=\u00a0\u00bbcenter\u00a0\u00bb color=\u00a0\u00bb#006aa7&Prime; el_class=\u00a0\u00bbsepfood\u00a0\u00bb][vc_column_text]<a href=\"http:\/\/www.vsveicolispeciali.com\/fr\/street-food\/biere-truck\/\"><img loading=\"lazy\" decoding=\"async\" class=\"aligncenter wp-image-19184 size-full\" src=\"https:\/\/www.vsveicolispeciali.com\/wp-content\/uploads\/2022\/11\/25_dallo-street-fod_birra.jpg\" alt=\"\" width=\"300\" height=\"300\" srcset=\"https:\/\/www.vsveicolispeciali.com\/wp-content\/uploads\/2022\/11\/25_dallo-street-fod_birra.jpg 300w, https:\/\/www.vsveicolispeciali.com\/wp-content\/uploads\/2022\/11\/25_dallo-street-fod_birra-150x150.jpg 150w\" sizes=\"(max-width: 300px) 100vw, 300px\" \/><\/a>[\/vc_column_text][\/vc_column_inner][vc_column_inner width=\u00a0\u00bb1\/6&Prime;]<div class=\"custom_font_holder\" style=\" font-size: 19px; line-height: 24px; font-style: normal; font-weight: 400; color: #006aa7; text-decoration: none; text-align: center;\"><a href=\"https:\/\/www.vsveicolispeciali.com\/fr\/street-food\/coffee-food-truck-cafe\/\">LE CAF\u00c9<\/a><\/div>[vc_separator type=\u00a0\u00bbsmall\u00a0\u00bb position=\u00a0\u00bbcenter\u00a0\u00bb color=\u00a0\u00bb#006aa7&Prime; el_class=\u00a0\u00bbsepfood\u00a0\u00bb][vc_column_text]<a href=\"http:\/\/www.vsveicolispeciali.com\/fr\/street-food\/coffee-food-truck-cafe\/\"><img loading=\"lazy\" decoding=\"async\" class=\"aligncenter wp-image-19188 size-full\" src=\"https:\/\/www.vsveicolispeciali.com\/wp-content\/uploads\/2022\/11\/26_dallo-street-fod_caffe.jpg\" alt=\"\" width=\"300\" height=\"300\" srcset=\"https:\/\/www.vsveicolispeciali.com\/wp-content\/uploads\/2022\/11\/26_dallo-street-fod_caffe.jpg 300w, https:\/\/www.vsveicolispeciali.com\/wp-content\/uploads\/2022\/11\/26_dallo-street-fod_caffe-150x150.jpg 150w\" sizes=\"(max-width: 300px) 100vw, 300px\" \/><\/a>[\/vc_column_text][\/vc_column_inner][vc_column_inner width=\u00a0\u00bb1\/6&Prime;]<div class=\"custom_font_holder\" style=\" font-size: 19px; line-height: 24px; font-style: normal; font-weight: 400; color: #006aa7; text-decoration: none; text-align: center;\"><a href=\"https:\/\/www.vsveicolispeciali.com\/fr\/street-food\/bbq-food-truck-barbecue\/\">LE BBQ\/GRILL<\/a><\/div>[vc_separator type=\u00a0\u00bbsmall\u00a0\u00bb position=\u00a0\u00bbcenter\u00a0\u00bb color=\u00a0\u00bb#006aa7&Prime; el_class=\u00a0\u00bbsepfood\u00a0\u00bb][vc_column_text]<a href=\"http:\/\/www.vsveicolispeciali.com\/fr\/street-food\/bbq-food-truck-barbecue\/\"><img loading=\"lazy\" decoding=\"async\" class=\"aligncenter wp-image-19192 size-full\" src=\"https:\/\/www.vsveicolispeciali.com\/wp-content\/uploads\/2022\/11\/27_dallo-street-fod_bbq_grill.jpg\" alt=\"\" width=\"300\" height=\"300\" srcset=\"https:\/\/www.vsveicolispeciali.com\/wp-content\/uploads\/2022\/11\/27_dallo-street-fod_bbq_grill.jpg 300w, https:\/\/www.vsveicolispeciali.com\/wp-content\/uploads\/2022\/11\/27_dallo-street-fod_bbq_grill-150x150.jpg 150w\" sizes=\"(max-width: 300px) 100vw, 300px\" \/><\/a>[\/vc_column_text][\/vc_column_inner][vc_column_inner width=\u00a0\u00bb1\/6&Prime;]<div class=\"custom_font_holder\" style=\" font-size: 19px; line-height: 24px; font-style: normal; font-weight: 400; color: #006aa7; text-decoration: none; text-align: center;\"><a href=\"https:\/\/www.vsveicolispeciali.com\/fr\/street-food\/camion-burger-food-truck\/\">LES BURGERS<\/a><\/div>[vc_separator type=\u00a0\u00bbsmall\u00a0\u00bb position=\u00a0\u00bbcenter\u00a0\u00bb color=\u00a0\u00bb#006aa7&Prime; el_class=\u00a0\u00bbsepfood\u00a0\u00bb][vc_column_text]<a href=\"http:\/\/www.vsveicolispeciali.com\/fr\/street-food\/camion-burger-food-truck\/\"><img loading=\"lazy\" decoding=\"async\" class=\"aligncenter wp-image-19196 size-full\" src=\"https:\/\/www.vsveicolispeciali.com\/wp-content\/uploads\/2022\/11\/28_dallo-street-fod_burger_hamburger.jpg\" alt=\"\" width=\"300\" height=\"300\" srcset=\"https:\/\/www.vsveicolispeciali.com\/wp-content\/uploads\/2022\/11\/28_dallo-street-fod_burger_hamburger.jpg 300w, https:\/\/www.vsveicolispeciali.com\/wp-content\/uploads\/2022\/11\/28_dallo-street-fod_burger_hamburger-150x150.jpg 150w\" sizes=\"(max-width: 300px) 100vw, 300px\" \/><\/a>[\/vc_column_text][\/vc_column_inner][\/vc_row_inner][\/vc_column][\/vc_row][vc_row css_animation=\u00a0\u00bb\u00a0\u00bb row_type=\u00a0\u00bbrow\u00a0\u00bb use_row_as_full_screen_section=\u00a0\u00bbno\u00a0\u00bb type=\u00a0\u00bbfull_width\u00a0\u00bb angled_section=\u00a0\u00bbno\u00a0\u00bb text_align=\u00a0\u00bbleft\u00a0\u00bb background_image_as_pattern=\u00a0\u00bbwithout_pattern\u00a0\u00bb][vc_column][vc_column_text]<\/p>\n<p>[\/vc_column_text][\/vc_column][\/vc_row][vc_row css_animation=\u00a0\u00bb\u00a0\u00bb row_type=\u00a0\u00bbrow\u00a0\u00bb use_row_as_full_screen_section=\u00a0\u00bbno\u00a0\u00bb type=\u00a0\u00bbgrid\u00a0\u00bb angled_section=\u00a0\u00bbno\u00a0\u00bb text_align=\u00a0\u00bbleft\u00a0\u00bb background_image_as_pattern=\u00a0\u00bbwithout_pattern\u00a0\u00bb css=\u00a0\u00bb.vc_custom_1767957444124{padding-bottom: 20px !important;}\u00a0\u00bb z_index=\u00a0\u00bb\u00a0\u00bb el_class=\u00a0\u00bbrigagestisci\u00a0\u00bb][vc_column][vc_empty_space height=\u00a0\u00bb70px\u00a0\u00bb]<div class=\"custom_font_holder\" style=\" font-size: 24px; line-height: 34px; font-style: normal; font-weight: 400; color: #006aa7; text-decoration: none; text-align: center;\">\n<h2>Food Truck Chef Edition<\/h2>\n<\/div>[vc_separator type=\u00a0\u00bbsmall\u00a0\u00bb position=\u00a0\u00bbcenter\u00a0\u00bb color=\u00a0\u00bb#006aa7&Prime;][vc_row_inner row_type=\u00a0\u00bbrow\u00a0\u00bb type=\u00a0\u00bbfull_width\u00a0\u00bb text_align=\u00a0\u00bbleft\u00a0\u00bb css_animation=\u00a0\u00bb\u00a0\u00bb][vc_column_inner][vc_column_text css=\u00a0\u00bb\u00a0\u00bb]<\/p>\n<p style=\"text-align: center;\">Votre cuisine, hors du restaurant. Sans compromis.<\/p>\n<p>[\/vc_column_text][\/vc_column_inner][\/vc_row_inner][vc_row_inner row_type=\u00a0\u00bbrow\u00a0\u00bb type=\u00a0\u00bbfull_width\u00a0\u00bb text_align=\u00a0\u00bbcenter\u00a0\u00bb css_animation=\u00a0\u00bb\u00a0\u00bb el_class=\u00a0\u00bbriga3blockgestisci\u00a0\u00bb][vc_column_inner width=\u00a0\u00bb1\/2&Prime;][vc_column_text css=\u00a0\u00bb\u00a0\u00bb]<img loading=\"lazy\" decoding=\"async\" class=\"size-full riqblugestisci aligncenter\" src=\"https:\/\/www.vsveicolispeciali.com\/wp-content\/uploads\/2026\/01\/vs-food-truck-chef-michelin.jpg\" alt=\"food truck chef michelin, programma di vendita per chef stellati e famosi che vogliono entrare nello street food\" width=\"1000\" height=\"572\" \/>[\/vc_column_text][\/vc_column_inner][vc_column_inner el_class=\u00a0\u00bbriqblugestiscibot\u00a0\u00bb width=\u00a0\u00bb1\/2&Prime;][vc_column_text css=\u00a0\u00bb.vc_custom_1768164788683{padding-top: 14px !important;padding-bottom: 10px !important;}\u00a0\u00bb]Si vous \u00eates un chef confirm\u00e9 et que vous envisagez de vous lancer dans le street food, il vous faut une cuisine mobile con\u00e7ue comme un v\u00eatement sur mesure et construite pour r\u00e9pondre aux standards de la haute cuisine.[\/vc_column_text]<div class=\"custom_font_holder\" style=\" font-size: 18px; line-height: 23px; font-style: italic; font-weight: 600; color: #afb0af; text-decoration: none; padding: 12px; text-align: center;\">Avec le programme Chef Edition, nous vous accompagnons du concept aux essais : implantation, installations, \u00e9quipements et design sont d\u00e9finis \u00e0 partir de votre fa\u00e7on de travailler et du service que vous souhaitez proposer.<\/div><a  itemprop=\"url\" href=\"https:\/\/www.vsveicolispeciali.com\/fr\/food-truck-chef-edition\/\" target=\"_self\"  class=\"qbutton  center default buttons\" style=\"margin: 14px; \">D\u00c9COUVRIR CHEF EDITION<\/a>[\/vc_column_inner][\/vc_row_inner][\/vc_column][\/vc_row][vc_row css_animation=\u00a0\u00bb\u00a0\u00bb row_type=\u00a0\u00bbrow\u00a0\u00bb use_row_as_full_screen_section=\u00a0\u00bbno\u00a0\u00bb type=\u00a0\u00bbfull_width\u00a0\u00bb angled_section=\u00a0\u00bbno\u00a0\u00bb text_align=\u00a0\u00bbleft\u00a0\u00bb background_image_as_pattern=\u00a0\u00bbwithout_pattern\u00a0\u00bb][vc_column][vc_column_text]<\/p>\n<p>[\/vc_column_text][\/vc_column][\/vc_row][vc_row css_animation=\u00a0\u00bb\u00a0\u00bb row_type=\u00a0\u00bbrow\u00a0\u00bb use_row_as_full_screen_section=\u00a0\u00bbno\u00a0\u00bb type=\u00a0\u00bbgrid\u00a0\u00bb angled_section=\u00a0\u00bbno\u00a0\u00bb text_align=\u00a0\u00bbleft\u00a0\u00bb background_image_as_pattern=\u00a0\u00bbwithout_pattern\u00a0\u00bb css=\u00a0\u00bb.vc_custom_1668421380228{padding-bottom: 20px !important;}\u00a0\u00bb z_index=\u00a0\u00bb\u00a0\u00bb el_class=\u00a0\u00bbrigagestisci\u00a0\u00bb][vc_column][vc_empty_space height=\u00a0\u00bb70px\u00a0\u00bb]<div class=\"custom_font_holder\" style=\" font-size: 24px; line-height: 34px; font-style: normal; font-weight: 400; color: #006aa7; text-decoration: none; text-align: center;\">\n<h2>G\u00e9rez votre v\u00e9hicule via l\u2019application<\/h2>\n<\/div>[vc_separator type=\u00a0\u00bbsmall\u00a0\u00bb position=\u00a0\u00bbcenter\u00a0\u00bb color=\u00a0\u00bb#006aa7&Prime;][vc_row_inner row_type=\u00a0\u00bbrow\u00a0\u00bb type=\u00a0\u00bbfull_width\u00a0\u00bb text_align=\u00a0\u00bbleft\u00a0\u00bb css_animation=\u00a0\u00bb\u00a0\u00bb][vc_column_inner][vc_column_text]<\/p>\n<p style=\"text-align: center;\">eXtra\u00ae est l\u2019application mobile qui vous permet de g\u00e9rer \u00e0 distance chaque composante de votre installation.<\/p>\n<p>[\/vc_column_text][\/vc_column_inner][\/vc_row_inner][vc_row_inner row_type=\u00a0\u00bbrow\u00a0\u00bb type=\u00a0\u00bbfull_width\u00a0\u00bb text_align=\u00a0\u00bbcenter\u00a0\u00bb css_animation=\u00a0\u00bb\u00a0\u00bb el_class=\u00a0\u00bbriga3blockgestisci\u00a0\u00bb][vc_column_inner width=\u00a0\u00bb3\/12&Prime;][vc_column_text css=\u00a0\u00bb.vc_custom_1668434051704{padding-top: 10px !important;}\u00a0\u00bb]<img decoding=\"async\" class=\"alignnone size-full riqblugestisci\" src=\"https:\/\/www.vsveicolispeciali.com\/wp-content\/uploads\/2022\/11\/29_extra_verticale-1.jpg\" alt=\"\" \/>[\/vc_column_text][\/vc_column_inner][vc_column_inner el_class=\u00a0\u00bbriqblugestiscibot\u00a0\u00bb width=\u00a0\u00bb3\/12&Prime;]<div class=\"custom_font_holder\" style=\" font-size: 18px; line-height: 23px; font-style: italic; font-weight: 600; color: #afb0af; text-decoration: none; padding: 6px 0 14px 0; text-align: center;\">Avec eXtra\u00ae, vous vous connectez \u00e0 votre food truck et vous gardez tout sous contr\u00f4le!<\/div>[vc_column_text css=\u00a0\u00bb.vc_custom_1768166602898{padding-top: 18px !important;padding-bottom: 18px !important;}\u00a0\u00bb]<\/p>\n<p style=\"text-align: center;\">Ce syst\u00e8me num\u00e9rique int\u00e9gr\u00e9 vous permet d\u2019acc\u00e9der aux r\u00e9glages de votre \u00e9quipement.<\/p>\n<p>[\/vc_column_text]<a  itemprop=\"url\" href=\"https:\/\/www.vsveicolispeciali.com\/fr\/vs-innovation-lab\/extra-pour-votre-food-truck\/\" target=\"_self\"  class=\"qbutton  center default buttons\" style=\"margin: 10px; \">D\u00c9COUVREZ-LA<\/a>[\/vc_column_inner][vc_column_inner width=\u00a0\u00bb6\/12&Prime;][vc_column_text]<img loading=\"lazy\" decoding=\"async\" class=\"size-full riqblugestisci aligncenter\" src=\"https:\/\/www.vsveicolispeciali.com\/wp-content\/uploads\/2022\/11\/31_food-truck-extra.jpg\" alt=\"\" width=\"1000\" height=\"572\" \/>[\/vc_column_text][\/vc_column_inner][\/vc_row_inner][\/vc_column][\/vc_row][vc_row css_animation=\u00a0\u00bb\u00a0\u00bb row_type=\u00a0\u00bbrow\u00a0\u00bb use_row_as_full_screen_section=\u00a0\u00bbno\u00a0\u00bb type=\u00a0\u00bbfull_width\u00a0\u00bb angled_section=\u00a0\u00bbno\u00a0\u00bb text_align=\u00a0\u00bbleft\u00a0\u00bb background_image_as_pattern=\u00a0\u00bbwithout_pattern\u00a0\u00bb background_color=\u00a0\u00bb#006aa7&Prime;][vc_column]<div class=\"call_to_action normal\" style=\"padding-top: 20px;padding-bottom: 20px;\"><div class=\"container_inner\"><div class=\"two_columns_75_25 clearfix\"><div class=\"text_wrapper column1\"><div class=\"call_to_action_text  font_size_inherit font_weight_inherit letter_spacing_inherit\" style=\"font-size:22px;font-weight: 700;letter-spacing: 0px;\">\n<p style=\"text-align: center;\">VASP &#8211; Comment immatriculer un food truck en France<\/p>\n<\/div><\/div><div class=\"button_wrapper column2\"><a itemprop=\"url\" href=\"https:\/\/www.vsveicolispeciali.com\/wp-content\/uploads\/2025\/09\/comme-immatriculer-un-food-truck-en-france.pdf\" class=\"qbutton white large\" target=\"_blank\" style=\"color: #006aa7;border-color: #006aa7;background-color: #ffffff;\"data-hover-background-color=#006aa7 data-hover-border-color=#ffffff data-hover-color=#ffffff>T\u00e9l\u00e9charger le PDF<\/a><\/div><\/div><\/div><\/div>[\/vc_column][\/vc_row][vc_row css_animation=\u00a0\u00bb\u00a0\u00bb row_type=\u00a0\u00bbrow\u00a0\u00bb use_row_as_full_screen_section=\u00a0\u00bbno\u00a0\u00bb type=\u00a0\u00bbgrid\u00a0\u00bb angled_section=\u00a0\u00bbno\u00a0\u00bb text_align=\u00a0\u00bbleft\u00a0\u00bb background_image_as_pattern=\u00a0\u00bbwithout_pattern\u00a0\u00bb css=\u00a0\u00bb.vc_custom_1668428373272{padding-bottom: 20px !important;background-color: #f1f1f1 !important;}\u00a0\u00bb z_index=\u00a0\u00bb\u00a0\u00bb][vc_column][vc_empty_space height=\u00a0\u00bb70px\u00a0\u00bb]<div class=\"custom_font_holder\" style=\" font-size: 24px; line-height: 34px; font-style: normal; font-weight: 400; color: #006aa7; text-decoration: none; text-align: center;\">\n<h3>Les avis de nos clients<\/h3>\n<\/div>[vc_separator type=\u00a0\u00bbsmall\u00a0\u00bb position=\u00a0\u00bbcenter\u00a0\u00bb color=\u00a0\u00bb#006aa7&Prime;][vc_column_text]<\/p>\n<p style=\"text-align: center;\">Tous les commentaires sont publi\u00e9s avec l\u2019autorisation des auteurs correspondants.<\/p>\n<p>[\/vc_column_text][vc_column_text]<\/p>\n<p style=\"text-align: center;\">Ci-dessous, quelques-uns des commentaires laiss\u00e9s <a href=\"https:\/\/www.google.com\/search?q=vs+veicoli+speciali&amp;rlz=1C1CHBF_itIT917IT917&amp;oq=VS&amp;aqs=chrome.0.69i59j69i57j0i131i433i512l4j0i433i512j0i512j0i433i512j0i131i433.1688j0j15&amp;sourceid=chrome&amp;ie=UTF-8#lrd=0x47886ffe1836c587:0xd0ae06a889634c6b,1\" target=\"_blank\" rel=\"noopener\"><span style=\"color: ##006aa7; font-weight: 600;\">en ligne<\/span><\/a> par nos clients.<\/p>\n<p>[\/vc_column_text][vc_row_inner row_type=\u00a0\u00bbrow\u00a0\u00bb type=\u00a0\u00bbfull_width\u00a0\u00bb text_align=\u00a0\u00bbcenter\u00a0\u00bb css_animation=\u00a0\u00bb\u00a0\u00bb el_class=\u00a0\u00bbrigarecensioni\u00a0\u00bb][vc_column_inner]<div class='testimonials_c_holder clearfix dark'><div class=\"testimonials_c testimonials_c_carousel\" data-show-navigation=\"yes\" data-animation-speed=\"\" data-auto-rotate-slides=\"15\" data-number-per-slide=\"4\"><ul class=\"slides\"><li id=\"testimonials-c-19582\" class=\"testimonial_content\"><div class=\"testimonial_content_inner\"><div class=\"testimonial_title_holder\"><h4>Kate O&rsquo;Riordan<\/h4><\/div><div class=\"testimonial_text_holder\"><div class=\"testimonial_text_inner\" style=\"\"><p>Abbiamo acquistato il nostro Ape car friggitoria Small Fry ormai 10 anni fa. \u00c8 ancora operativo e perfettamente funzionante. L'allestimento ha retto ad ogni tipo di sollecitazione ed intemperia essendo sempre stato parcheggiato all'aperto.<\/p><p class=\"testimonial_author\" style=\"\">Kate O'Riordan<\/p><\/div><\/div><\/div><\/li><li id=\"testimonials-c-19581\" class=\"testimonial_content\"><div class=\"testimonial_content_inner\"><div class=\"testimonial_title_holder\"><h4>Anna Zawilinska<\/h4><\/div><div class=\"testimonial_text_holder\"><div class=\"testimonial_text_inner\" style=\"\"><p>Very beautiful and stylish food trucks. Thank you!<\/p><p class=\"testimonial_author\" style=\"\">Anna Zawilinska<\/p><\/div><\/div><\/div><\/li><li id=\"testimonials-c-19577\" class=\"testimonial_content\"><div class=\"testimonial_content_inner\"><div class=\"testimonial_title_holder\"><h4>Mickael Kania<\/h4><\/div><div class=\"testimonial_text_holder\"><div class=\"testimonial_text_inner\" style=\"\"><p>Une super \u00e9quipe tr\u00e8s dynamique, \u00e0 l\u2019\u00e9coute, qui r\u00e9pond rapidement \u00e0 toutes les demandes! Malgr\u00e9 la complexit\u00e9 d\u2019un achat \u00e0 distance et post COVID, nous avons \u00e9t\u00e9 conseill\u00e9 et accompagn\u00e9 par VS de la meilleure des fa\u00e7ons ! Merci. Nous recommandons sans h\u00e9siter cette entreprise Micka\u00ebl et Aur\u00e9lie, le concoctable.<\/p><p class=\"testimonial_author\" style=\"\">Mickael Kania<\/p><\/div><\/div><\/div><\/li><li id=\"testimonials-c-19572\" class=\"testimonial_content\"><div class=\"testimonial_content_inner\"><div class=\"testimonial_title_holder\"><h4>NH<\/h4><\/div><div class=\"testimonial_text_holder\"><div class=\"testimonial_text_inner\" style=\"\"><p>Der APE SMART wurde f\u00fcr uns gebaut und die die Schweiz geliefert. Es hat alles wunderbar funktioniert und wir sind sehr zufrieden.  Gerne wieder!<\/p><p class=\"testimonial_author\" style=\"\">NH<\/p><\/div><\/div><\/div><\/li><li id=\"testimonials-c-19568\" class=\"testimonial_content\"><div class=\"testimonial_content_inner\"><div class=\"testimonial_title_holder\"><h4>Chiara Capello<\/h4><\/div><div class=\"testimonial_text_holder\"><div class=\"testimonial_text_inner\" style=\"\"><p>Ho scelto la VS per il mio nuovo food truck perch\u00e9 sapevo che avrei avuto il top di gamma. La qualit\u00e0 \u00e8 eccellente, le rifiniture perfette e le attrezzature anche. La disponibilit\u00e0 del personale, nel mio caso FILIPPO, non \u00e8 mai mancata e la gentilezza \u00e8 stata una costante in ogni passaggio. Dalle trattative fino alla consegna del mezzo. Ovviamente consiglio.<\/p><p class=\"testimonial_author\" style=\"\">Chiara Capello<\/p><\/div><\/div><\/div><\/li><li id=\"testimonials-c-19565\" class=\"testimonial_content\"><div class=\"testimonial_content_inner\"><div class=\"testimonial_title_holder\"><h4>Marina Maric<\/h4><\/div><div class=\"testimonial_text_holder\"><div class=\"testimonial_text_inner\" style=\"\"><p>Big thanks to team Veicoli Speciali to made my dream come true. Especially to Elisabetta!!! She was very helpfull, responsive on email, patient, she anwered on my 1001 questions, she guided me from the begining to the end so my Porter looks like from a dream. And Porter is done perfectly, no one single mistake. I made my choise right when i decided to buy a foodtruck from this firm.<\/p><p class=\"testimonial_author\" style=\"\">Marina Maric<\/p><\/div><\/div><\/div><\/li><li id=\"testimonials-c-19561\" class=\"testimonial_content\"><div class=\"testimonial_content_inner\"><div class=\"testimonial_title_holder\"><h4>Histoire De Famille<\/h4><\/div><div class=\"testimonial_text_holder\"><div class=\"testimonial_text_inner\" style=\"\"><p>C\u2019est Parfait. Tr\u00e8s bon mat\u00e9riel, bel am\u00e9nagement. Magnifique foodtruck et de haute qualit\u00e9. Tr\u00e8s beau travail \u00e0 toute l\u2019\u00e9quipe VS. Excellente communication et r\u00e9actif. Merci beaucoup. Nous recommandons vivement cette soci\u00e9t\u00e9. Stella et Pascal<\/p><p class=\"testimonial_author\" style=\"\">Histoire De Famille<\/p><\/div><\/div><\/div><\/li><li id=\"testimonials-c-19558\" class=\"testimonial_content\"><div class=\"testimonial_content_inner\"><div class=\"testimonial_title_holder\"><h4>S. Z\u00fcrcher<\/h4><\/div><div class=\"testimonial_text_holder\"><div class=\"testimonial_text_inner\" style=\"\"><p>Wir haben unsere PIAGGIO APE von VS bauen lassen und sind sehr zufrieden. Elisabetta hat uns freundlich und kompetent beraten und sich auch um Verzollung und Lieferung in die Schweiz gek\u00fcmmert. Kosten und Termine wurden eingehalten, die Qualit\u00e4t stimmt soweit auch. Ich kann VS auf jeden Fall empfehlen.<\/p><p class=\"testimonial_author\" style=\"\">S. Z\u00fcrcher<\/p><\/div><\/div><\/div><\/li><\/ul><\/div><\/div>[\/vc_column_inner][\/vc_row_inner][\/vc_column][\/vc_row][vc_row css_animation=\u00a0\u00bb\u00a0\u00bb row_type=\u00a0\u00bbrow\u00a0\u00bb use_row_as_full_screen_section=\u00a0\u00bbno\u00a0\u00bb type=\u00a0\u00bbgrid\u00a0\u00bb angled_section=\u00a0\u00bbno\u00a0\u00bb text_align=\u00a0\u00bbleft\u00a0\u00bb background_image_as_pattern=\u00a0\u00bbwithout_pattern\u00a0\u00bb css=\u00a0\u00bb.vc_custom_1668167288502{padding-bottom: 20px !important;}\u00a0\u00bb z_index=\u00a0\u00bb\u00a0\u00bb][vc_column][vc_empty_space height=\u00a0\u00bb70px\u00a0\u00bb][\/vc_column][\/vc_row][vc_row css_animation=\u00a0\u00bb\u00a0\u00bb row_type=\u00a0\u00bbrow\u00a0\u00bb use_row_as_full_screen_section=\u00a0\u00bbno\u00a0\u00bb type=\u00a0\u00bbgrid\u00a0\u00bb angled_section=\u00a0\u00bbno\u00a0\u00bb text_align=\u00a0\u00bbleft\u00a0\u00bb background_image_as_pattern=\u00a0\u00bbwithout_pattern\u00a0\u00bb css=\u00a0\u00bb.vc_custom_1668167288502{padding-bottom: 20px !important;}\u00a0\u00bb z_index=\u00a0\u00bb\u00a0\u00bb][vc_column width=\u00a0\u00bb5\/12&Prime;]<div class=\"custom_font_holder\" style=\" font-size: 24px; line-height: 34px; font-style: normal; font-weight: 400; color: #006aa7; text-decoration: none; text-align: center;\">\n<h3>VOUS AVEZ ENVIE DE R\u00c9ALISER UN PROJET? Contactez-nous maintenant!<\/h3>\n<\/div>[vc_separator type=\u00a0\u00bbsmall\u00a0\u00bb position=\u00a0\u00bbcenter\u00a0\u00bb color=\u00a0\u00bb#006aa7&Prime;][vc_column_text]<\/p>\n<p style=\"text-align: center;\">Vous avez une id\u00e9e qui est \u00e0 peine esquiss\u00e9e ou un projet ? N\u2019h\u00e9sitez pas \u00e0 nous communiquer vos besoins et \u00e0 nous demander un devis.<\/p>\n<p>[\/vc_column_text][vc_column_text]<\/p>\n<p style=\"text-align: center; margin-top: 30px; margin-bottom: 20px;\"><strong>VS Veicoli Speciali vous assistera de plusieurs mani\u00e8res:<\/strong><\/p>\n<p>[\/vc_column_text][vc_column_text]<\/p>\n<p style=\"text-align: center;\"><strong>1.<\/strong> En communiquant avec vous dans la langue de votre choix\u00a0: italien, anglais, fran\u00e7ais et allemand;<\/p>\n<p>&nbsp;<\/p>\n<p style=\"text-align: center;\"><strong>2.<\/strong> En partageant avec vous des connaissances et des informations sur le secteur;<\/p>\n<p>&nbsp;<\/p>\n<p style=\"text-align: center;\"><strong>3.<\/strong> En vous accompagnant tout au long du processus avec un conseiller d\u00e9di\u00e9;<\/p>\n<p>&nbsp;<\/p>\n<p style=\"text-align: center;\"><strong>4.<\/strong> En vous montrant comment nous travaillons et \u00e9claircissant tous vos doutes;<\/p>\n<p>&nbsp;<\/p>\n<p style=\"text-align: center;\"><strong>5.<\/strong> En respectant les d\u00e9lais convenus;<\/p>\n<p>&nbsp;<\/p>\n<p style=\"text-align: center;\"><strong>6.<\/strong> En vous fournissant un service apr\u00e8s-vente.<\/p>\n<p>[\/vc_column_text][vc_empty_space height=\u00a0\u00bb30px\u00a0\u00bb][\/vc_column][vc_column width=\u00a0\u00bb1\/12&Prime;][\/vc_column][vc_column width=\u00a0\u00bb6\/12&Prime;]\n<div class=\"wpcf7 no-js\" id=\"wpcf7-f3770-o1\" lang=\"it-IT\" dir=\"ltr\">\n<div class=\"screen-reader-response\"><p role=\"status\" aria-live=\"polite\" aria-atomic=\"true\"><\/p> <ul><\/ul><\/div>\n<form action=\"\/fr\/wp-json\/wp\/v2\/pages\/18992#wpcf7-f3770-o1\" method=\"post\" class=\"wpcf7-form init default\" aria-label=\"Modulo di contatto\" novalidate=\"novalidate\" data-status=\"init\">\n<div style=\"display: none;\">\n<input type=\"hidden\" name=\"_wpcf7\" value=\"3770\" \/>\n<input type=\"hidden\" name=\"_wpcf7_version\" value=\"5.9.8\" \/>\n<input type=\"hidden\" name=\"_wpcf7_locale\" value=\"it_IT\" \/>\n<input type=\"hidden\" name=\"_wpcf7_unit_tag\" value=\"wpcf7-f3770-o1\" \/>\n<input type=\"hidden\" name=\"_wpcf7_container_post\" value=\"0\" \/>\n<input type=\"hidden\" name=\"_wpcf7_posted_data_hash\" value=\"\" \/>\n<input type=\"hidden\" name=\"_wpcf7_recaptcha_response\" value=\"\" \/>\n<\/div>\n<p class=\"input-p\"><span class=\"wpcf7-form-control-wrap\" data-name=\"your-name\"><input size=\"40\" maxlength=\"400\" class=\"wpcf7-form-control wpcf7-text wpcf7-validates-as-required input-vs\" aria-required=\"true\" aria-invalid=\"false\" placeholder=\"Nom et Pr\u00e9nom*\" value=\"\" type=\"text\" name=\"your-name\" \/><\/span>\n<\/p>\n<p class=\"input-p\"><span class=\"wpcf7-form-control-wrap\" data-name=\"your-email\"><input size=\"40\" maxlength=\"400\" class=\"wpcf7-form-control wpcf7-email wpcf7-validates-as-required wpcf7-text wpcf7-validates-as-email input-vs\" aria-required=\"true\" aria-invalid=\"false\" placeholder=\"E-mail*\" value=\"\" type=\"email\" name=\"your-email\" \/><\/span>\n<\/p>\n<p class=\"input-p\"><span class=\"wpcf7-form-control-wrap\" data-name=\"your-business\"><input size=\"40\" maxlength=\"400\" class=\"wpcf7-form-control wpcf7-text wpcf7-validates-as-required input-vs\" aria-required=\"true\" aria-invalid=\"false\" placeholder=\"Nom de la soci\u00e9t\u00e9*\" value=\"\" type=\"text\" name=\"your-business\" \/><\/span>\n<\/p>\n<p class=\"input-p\"><span class=\"wpcf7-form-control-wrap\" data-name=\"tel-430\"><input size=\"40\" maxlength=\"400\" class=\"wpcf7-form-control wpcf7-tel wpcf7-validates-as-required wpcf7-text wpcf7-validates-as-tel input-vs\" aria-required=\"true\" aria-invalid=\"false\" placeholder=\"T\u00e9l\u00e9phone*\" value=\"\" type=\"tel\" name=\"tel-430\" \/><\/span>\n<\/p>\n<p><span class=\"wpcf7-form-control-wrap\" data-name=\"your-message\"><textarea cols=\"40\" rows=\"10\" maxlength=\"2000\" class=\"wpcf7-form-control wpcf7-textarea textarea-vs\" aria-invalid=\"false\" placeholder=\"Message\" name=\"your-message\"><\/textarea><\/span>\n<\/p>\n<p>\n<span class=\"wpcf7-form-control-wrap recaptcha\" data-name=\"recaptcha\"><span data-sitekey=\"6LeIiZwiAAAAACd2pPtYD2wU4T4tbozMDQosefFn\" class=\"wpcf7-form-control wpcf7-recaptcha g-recaptcha\"><\/span>\r\n<noscript>\r\n\t<div class=\"grecaptcha-noscript\">\r\n\t\t<iframe loading=\"lazy\" src=\"https:\/\/www.google.com\/recaptcha\/api\/fallback?k=6LeIiZwiAAAAACd2pPtYD2wU4T4tbozMDQosefFn\" frameborder=\"0\" scrolling=\"no\" width=\"310\" height=\"430\">\r\n\t\t<\/iframe>\r\n\t\t<textarea name=\"g-recaptcha-response\" rows=\"3\" cols=\"40\" placeholder=\"reCaptcha Response Here\">\r\n\t\t<\/textarea>\r\n\t<\/div>\r\n<\/noscript>\r\n<\/span>\n<\/p>\n<p><span class=\"wpcf7-form-control-wrap\" data-name=\"trattamentodati\"><span class=\"wpcf7-form-control wpcf7-acceptance\"><span class=\"wpcf7-list-item\"><label><input type=\"checkbox\" name=\"trattamentodati\" value=\"1\" class=\"privacy-p\" aria-invalid=\"false\" \/><span class=\"wpcf7-list-item-label\">J\u2019accepte le traitement de mes donn\u00e9es personnelles comme indiqu\u00e9 dans la <a href=\"\/fr\/politique-de-confidentialite\/\" target=\"_blank\" rel=\"noopener\">politique de confidentialit\u00e9<\/a>.<\/span><\/label><\/span><\/span><\/span>\n<\/p>\n<p><input class=\"wpcf7-form-control wpcf7-submit has-spinner submit-invia\" type=\"submit\" value=\"Envoyer\" \/>\n<\/p><div class=\"wpcf7-response-output\" aria-hidden=\"true\"><\/div>\n<\/form>\n<\/div>\n[vc_empty_space height=\u00a0\u00bb30px\u00a0\u00bb][\/vc_column][\/vc_row][vc_row css_animation=\u00a0\u00bb\u00a0\u00bb row_type=\u00a0\u00bbrow\u00a0\u00bb use_row_as_full_screen_section=\u00a0\u00bbno\u00a0\u00bb type=\u00a0\u00bbfull_width\u00a0\u00bb angled_section=\u00a0\u00bbno\u00a0\u00bb text_align=\u00a0\u00bbleft\u00a0\u00bb background_image_as_pattern=\u00a0\u00bbwithout_pattern\u00a0\u00bb background_color=\u00a0\u00bb#006aa7&Prime;][vc_column]<div class=\"call_to_action normal\" style=\"padding-top: 20px;padding-bottom: 20px;\"><div class=\"container_inner\"><div class=\"two_columns_75_25 clearfix\"><div class=\"text_wrapper column1\"><div class=\"call_to_action_text  font_size_inherit font_weight_inherit letter_spacing_inherit\" style=\"font-size:22px;font-weight: 700;letter-spacing: 0px;\">\n<p style=\"text-align: center;\"><em>\u201cNous serons \u00e0 vos c\u00f4t\u00e9s de la phase de conception \u00e0 l\u2019apr\u00e8s-vente !\u201d<\/em><\/p>\n<\/div><\/div><div class=\"button_wrapper column2\"><a itemprop=\"url\" href=\"http:\/\/www.vsveicolispeciali.com\/fr\/contacts_vs\/\" class=\"qbutton white large\" target=\"_self\" style=\"color: #006aa7;border-color: #006aa7;background-color: #ffffff;\"data-hover-background-color=#006aa7 data-hover-border-color=#ffffff data-hover-color=#ffffff>Contactez-nous<\/a><\/div><\/div><\/div><\/div>[\/vc_column][\/vc_row][vc_row css_animation=\u00a0\u00bb\u00a0\u00bb row_type=\u00a0\u00bbrow\u00a0\u00bb use_row_as_full_screen_section=\u00a0\u00bbno\u00a0\u00bb type=\u00a0\u00bbfull_width\u00a0\u00bb angled_section=\u00a0\u00bbno\u00a0\u00bb text_align=\u00a0\u00bbleft\u00a0\u00bb background_image_as_pattern=\u00a0\u00bbwithout_pattern\u00a0\u00bb css=\u00a0\u00bb.vc_custom_1589804264935{margin-top: 50px !important;}\u00a0\u00bb z_index=\u00a0\u00bb\u00a0\u00bb][vc_column][vc_column_text css=\u00a0\u00bb\u00a0\u00bb]<\/p>\n<h4 style=\"text-align: center; font-size: 26px;\">SUIVEZ-NOUS SUR INSTAGRAM<\/h4>\n<p><a name=\"news\"><\/a><br \/>\n\n<div id=\"sb_instagram\"  class=\"sbi sbi_mob_col_1 sbi_tab_col_2 sbi_col_5\" style=\"padding-bottom: 10px; width: 100%;\"\t data-feedid=\"*1\"  data-res=\"auto\" data-cols=\"5\" data-colsmobile=\"1\" data-colstablet=\"2\" data-num=\"5\" data-nummobile=\"2\" data-item-padding=\"5\"\t data-shortcode-atts=\"{&quot;feed&quot;:&quot;1&quot;}\"  data-postid=\"19558\" data-locatornonce=\"135cf628b5\" data-imageaspectratio=\"1:1\" data-sbi-flags=\"favorLocal,gdpr\">\n\t\n\t<div id=\"sbi_images\"  style=\"gap: 10px;\">\n\t\t<div class=\"sbi_item sbi_type_video sbi_new sbi_transition\"\n\tid=\"sbi_18092676550945886\" data-date=\"1777039438\">\n\t<div class=\"sbi_photo_wrap\">\n\t\t<a class=\"sbi_photo\" href=\"https:\/\/www.instagram.com\/reel\/DXhFk77jL50\/\" target=\"_blank\" rel=\"noopener nofollow\"\n\t\t\tdata-full-res=\"https:\/\/scontent-fra5-1.cdninstagram.com\/v\/t51.82787-15\/672392087_18524740336072544_4716382254436493390_n.jpg?stp=dst-jpg_e35_tt6&#038;_nc_cat=100&#038;ccb=7-5&#038;_nc_sid=18de74&#038;efg=eyJlZmdfdGFnIjoiQ0xJUFMuYmVzdF9pbWFnZV91cmxnZW4uQzMifQ%3D%3D&#038;_nc_ohc=mQzRLhKgAmEQ7kNvwEkRG7d&#038;_nc_oc=AdpC0rw6jI0pOceKsgLbkbI7e9eLrwyrtn8i6YZkI2McpgM6c3vi9xPxKKpkKggxfKQ&#038;_nc_zt=23&#038;_nc_ht=scontent-fra5-1.cdninstagram.com&#038;edm=ANo9K5cEAAAA&#038;_nc_gid=3NKmIu1sm9s2NwqSj1L2JA&#038;_nc_tpa=Q5bMBQE7_OpPt0CoMUxn59SwUsSM1Cp_mPlfCwcerRi7VSUa-PPWS-ztpSUKK_i7lpuinXbEgbz9k2xgwA&#038;oh=00_Af1-sQtHkSipv-14PddqOtifby-2WK7Qd0i8ZgleHB2PzA&#038;oe=69F6E601\"\n\t\t\tdata-img-src-set=\"{&quot;d&quot;:&quot;https:\\\/\\\/scontent-fra5-1.cdninstagram.com\\\/v\\\/t51.82787-15\\\/672392087_18524740336072544_4716382254436493390_n.jpg?stp=dst-jpg_e35_tt6&amp;_nc_cat=100&amp;ccb=7-5&amp;_nc_sid=18de74&amp;efg=eyJlZmdfdGFnIjoiQ0xJUFMuYmVzdF9pbWFnZV91cmxnZW4uQzMifQ%3D%3D&amp;_nc_ohc=mQzRLhKgAmEQ7kNvwEkRG7d&amp;_nc_oc=AdpC0rw6jI0pOceKsgLbkbI7e9eLrwyrtn8i6YZkI2McpgM6c3vi9xPxKKpkKggxfKQ&amp;_nc_zt=23&amp;_nc_ht=scontent-fra5-1.cdninstagram.com&amp;edm=ANo9K5cEAAAA&amp;_nc_gid=3NKmIu1sm9s2NwqSj1L2JA&amp;_nc_tpa=Q5bMBQE7_OpPt0CoMUxn59SwUsSM1Cp_mPlfCwcerRi7VSUa-PPWS-ztpSUKK_i7lpuinXbEgbz9k2xgwA&amp;oh=00_Af1-sQtHkSipv-14PddqOtifby-2WK7Qd0i8ZgleHB2PzA&amp;oe=69F6E601&quot;,&quot;150&quot;:&quot;https:\\\/\\\/scontent-fra5-1.cdninstagram.com\\\/v\\\/t51.82787-15\\\/672392087_18524740336072544_4716382254436493390_n.jpg?stp=dst-jpg_e35_tt6&amp;_nc_cat=100&amp;ccb=7-5&amp;_nc_sid=18de74&amp;efg=eyJlZmdfdGFnIjoiQ0xJUFMuYmVzdF9pbWFnZV91cmxnZW4uQzMifQ%3D%3D&amp;_nc_ohc=mQzRLhKgAmEQ7kNvwEkRG7d&amp;_nc_oc=AdpC0rw6jI0pOceKsgLbkbI7e9eLrwyrtn8i6YZkI2McpgM6c3vi9xPxKKpkKggxfKQ&amp;_nc_zt=23&amp;_nc_ht=scontent-fra5-1.cdninstagram.com&amp;edm=ANo9K5cEAAAA&amp;_nc_gid=3NKmIu1sm9s2NwqSj1L2JA&amp;_nc_tpa=Q5bMBQE7_OpPt0CoMUxn59SwUsSM1Cp_mPlfCwcerRi7VSUa-PPWS-ztpSUKK_i7lpuinXbEgbz9k2xgwA&amp;oh=00_Af1-sQtHkSipv-14PddqOtifby-2WK7Qd0i8ZgleHB2PzA&amp;oe=69F6E601&quot;,&quot;320&quot;:&quot;https:\\\/\\\/scontent-fra5-1.cdninstagram.com\\\/v\\\/t51.82787-15\\\/672392087_18524740336072544_4716382254436493390_n.jpg?stp=dst-jpg_e35_tt6&amp;_nc_cat=100&amp;ccb=7-5&amp;_nc_sid=18de74&amp;efg=eyJlZmdfdGFnIjoiQ0xJUFMuYmVzdF9pbWFnZV91cmxnZW4uQzMifQ%3D%3D&amp;_nc_ohc=mQzRLhKgAmEQ7kNvwEkRG7d&amp;_nc_oc=AdpC0rw6jI0pOceKsgLbkbI7e9eLrwyrtn8i6YZkI2McpgM6c3vi9xPxKKpkKggxfKQ&amp;_nc_zt=23&amp;_nc_ht=scontent-fra5-1.cdninstagram.com&amp;edm=ANo9K5cEAAAA&amp;_nc_gid=3NKmIu1sm9s2NwqSj1L2JA&amp;_nc_tpa=Q5bMBQE7_OpPt0CoMUxn59SwUsSM1Cp_mPlfCwcerRi7VSUa-PPWS-ztpSUKK_i7lpuinXbEgbz9k2xgwA&amp;oh=00_Af1-sQtHkSipv-14PddqOtifby-2WK7Qd0i8ZgleHB2PzA&amp;oe=69F6E601&quot;,&quot;640&quot;:&quot;https:\\\/\\\/scontent-fra5-1.cdninstagram.com\\\/v\\\/t51.82787-15\\\/672392087_18524740336072544_4716382254436493390_n.jpg?stp=dst-jpg_e35_tt6&amp;_nc_cat=100&amp;ccb=7-5&amp;_nc_sid=18de74&amp;efg=eyJlZmdfdGFnIjoiQ0xJUFMuYmVzdF9pbWFnZV91cmxnZW4uQzMifQ%3D%3D&amp;_nc_ohc=mQzRLhKgAmEQ7kNvwEkRG7d&amp;_nc_oc=AdpC0rw6jI0pOceKsgLbkbI7e9eLrwyrtn8i6YZkI2McpgM6c3vi9xPxKKpkKggxfKQ&amp;_nc_zt=23&amp;_nc_ht=scontent-fra5-1.cdninstagram.com&amp;edm=ANo9K5cEAAAA&amp;_nc_gid=3NKmIu1sm9s2NwqSj1L2JA&amp;_nc_tpa=Q5bMBQE7_OpPt0CoMUxn59SwUsSM1Cp_mPlfCwcerRi7VSUa-PPWS-ztpSUKK_i7lpuinXbEgbz9k2xgwA&amp;oh=00_Af1-sQtHkSipv-14PddqOtifby-2WK7Qd0i8ZgleHB2PzA&amp;oe=69F6E601&quot;}\">\n\t\t\t<span class=\"sbi-screenreader\">Retro on the outside, innovation on the inside.\n\nO<\/span>\n\t\t\t\t\t\t<svg style=\"color: rgba(255,255,255,1)\" class=\"svg-inline--fa fa-play fa-w-14 sbi_playbtn\" aria-label=\"Play\" aria-hidden=\"true\" data-fa-processed=\"\" data-prefix=\"fa\" data-icon=\"play\" role=\"presentation\" xmlns=\"http:\/\/www.w3.org\/2000\/svg\" viewBox=\"0 0 448 512\"><path fill=\"currentColor\" d=\"M424.4 214.7L72.4 6.6C43.8-10.3 0 6.1 0 47.9V464c0 37.5 40.7 60.1 72.4 41.3l352-208c31.4-18.5 31.5-64.1 0-82.6z\"><\/path><\/svg>\t\t\t<img decoding=\"async\" src=\"https:\/\/www.vsveicolispeciali.com\/wp-content\/plugins\/instagram-feed\/img\/placeholder.png\" alt=\"Retro on the outside, innovation on the inside.\n\nOur NV Truck blends 60s\/70s-inspired design with the full functionality of a professional cocktail bar: dishwasher, hot &amp; cold sink, fridge, large storage space, and maximum comfort.\n\nBuilt for the German market as an official Lillet cocktail bar: iconic style, uncompromising quality.\n\n#foodtruckdesign #mobilebar #vsveicolispeciali #beverageexperience #customvehicles\" aria-hidden=\"true\">\n\t\t<\/a>\n\t<\/div>\n<\/div><div class=\"sbi_item sbi_type_video sbi_new sbi_transition\"\n\tid=\"sbi_17936273277213187\" data-date=\"1776333358\">\n\t<div class=\"sbi_photo_wrap\">\n\t\t<a class=\"sbi_photo\" href=\"https:\/\/www.instagram.com\/reel\/DXMCdisDJNl\/\" target=\"_blank\" rel=\"noopener nofollow\"\n\t\t\tdata-full-res=\"https:\/\/scontent-fra3-1.cdninstagram.com\/v\/t51.82787-15\/670279903_18523081714072544_6648228734878469273_n.jpg?stp=dst-jpg_e35_tt6&#038;_nc_cat=101&#038;ccb=7-5&#038;_nc_sid=18de74&#038;efg=eyJlZmdfdGFnIjoiQ0xJUFMuYmVzdF9pbWFnZV91cmxnZW4uQzMifQ%3D%3D&#038;_nc_ohc=5T0yNSyDUO4Q7kNvwEzk5YD&#038;_nc_oc=AdoQCTMH68QrUkEry-LPmqeMgktsP3uZJjmlu8jeoKVUps9pPMJZpMgX5UUlD9Dqq_Q&#038;_nc_zt=23&#038;_nc_ht=scontent-fra3-1.cdninstagram.com&#038;edm=ANo9K5cEAAAA&#038;_nc_gid=3NKmIu1sm9s2NwqSj1L2JA&#038;_nc_tpa=Q5bMBQGtX3Dl8gHTKv2hFrEOTaX4TjrJ2Rrxw073nA_0Z0QoRjA3ObIaY9OticQUYdnXxynTinNdKHK7xw&#038;oh=00_Af1RSEt4y2KmpBmHfmTJn9gk7NcnkEzbTk3H78VikNEGig&#038;oe=69F6D0E8\"\n\t\t\tdata-img-src-set=\"{&quot;d&quot;:&quot;https:\\\/\\\/scontent-fra3-1.cdninstagram.com\\\/v\\\/t51.82787-15\\\/670279903_18523081714072544_6648228734878469273_n.jpg?stp=dst-jpg_e35_tt6&amp;_nc_cat=101&amp;ccb=7-5&amp;_nc_sid=18de74&amp;efg=eyJlZmdfdGFnIjoiQ0xJUFMuYmVzdF9pbWFnZV91cmxnZW4uQzMifQ%3D%3D&amp;_nc_ohc=5T0yNSyDUO4Q7kNvwEzk5YD&amp;_nc_oc=AdoQCTMH68QrUkEry-LPmqeMgktsP3uZJjmlu8jeoKVUps9pPMJZpMgX5UUlD9Dqq_Q&amp;_nc_zt=23&amp;_nc_ht=scontent-fra3-1.cdninstagram.com&amp;edm=ANo9K5cEAAAA&amp;_nc_gid=3NKmIu1sm9s2NwqSj1L2JA&amp;_nc_tpa=Q5bMBQGtX3Dl8gHTKv2hFrEOTaX4TjrJ2Rrxw073nA_0Z0QoRjA3ObIaY9OticQUYdnXxynTinNdKHK7xw&amp;oh=00_Af1RSEt4y2KmpBmHfmTJn9gk7NcnkEzbTk3H78VikNEGig&amp;oe=69F6D0E8&quot;,&quot;150&quot;:&quot;https:\\\/\\\/scontent-fra3-1.cdninstagram.com\\\/v\\\/t51.82787-15\\\/670279903_18523081714072544_6648228734878469273_n.jpg?stp=dst-jpg_e35_tt6&amp;_nc_cat=101&amp;ccb=7-5&amp;_nc_sid=18de74&amp;efg=eyJlZmdfdGFnIjoiQ0xJUFMuYmVzdF9pbWFnZV91cmxnZW4uQzMifQ%3D%3D&amp;_nc_ohc=5T0yNSyDUO4Q7kNvwEzk5YD&amp;_nc_oc=AdoQCTMH68QrUkEry-LPmqeMgktsP3uZJjmlu8jeoKVUps9pPMJZpMgX5UUlD9Dqq_Q&amp;_nc_zt=23&amp;_nc_ht=scontent-fra3-1.cdninstagram.com&amp;edm=ANo9K5cEAAAA&amp;_nc_gid=3NKmIu1sm9s2NwqSj1L2JA&amp;_nc_tpa=Q5bMBQGtX3Dl8gHTKv2hFrEOTaX4TjrJ2Rrxw073nA_0Z0QoRjA3ObIaY9OticQUYdnXxynTinNdKHK7xw&amp;oh=00_Af1RSEt4y2KmpBmHfmTJn9gk7NcnkEzbTk3H78VikNEGig&amp;oe=69F6D0E8&quot;,&quot;320&quot;:&quot;https:\\\/\\\/scontent-fra3-1.cdninstagram.com\\\/v\\\/t51.82787-15\\\/670279903_18523081714072544_6648228734878469273_n.jpg?stp=dst-jpg_e35_tt6&amp;_nc_cat=101&amp;ccb=7-5&amp;_nc_sid=18de74&amp;efg=eyJlZmdfdGFnIjoiQ0xJUFMuYmVzdF9pbWFnZV91cmxnZW4uQzMifQ%3D%3D&amp;_nc_ohc=5T0yNSyDUO4Q7kNvwEzk5YD&amp;_nc_oc=AdoQCTMH68QrUkEry-LPmqeMgktsP3uZJjmlu8jeoKVUps9pPMJZpMgX5UUlD9Dqq_Q&amp;_nc_zt=23&amp;_nc_ht=scontent-fra3-1.cdninstagram.com&amp;edm=ANo9K5cEAAAA&amp;_nc_gid=3NKmIu1sm9s2NwqSj1L2JA&amp;_nc_tpa=Q5bMBQGtX3Dl8gHTKv2hFrEOTaX4TjrJ2Rrxw073nA_0Z0QoRjA3ObIaY9OticQUYdnXxynTinNdKHK7xw&amp;oh=00_Af1RSEt4y2KmpBmHfmTJn9gk7NcnkEzbTk3H78VikNEGig&amp;oe=69F6D0E8&quot;,&quot;640&quot;:&quot;https:\\\/\\\/scontent-fra3-1.cdninstagram.com\\\/v\\\/t51.82787-15\\\/670279903_18523081714072544_6648228734878469273_n.jpg?stp=dst-jpg_e35_tt6&amp;_nc_cat=101&amp;ccb=7-5&amp;_nc_sid=18de74&amp;efg=eyJlZmdfdGFnIjoiQ0xJUFMuYmVzdF9pbWFnZV91cmxnZW4uQzMifQ%3D%3D&amp;_nc_ohc=5T0yNSyDUO4Q7kNvwEzk5YD&amp;_nc_oc=AdoQCTMH68QrUkEry-LPmqeMgktsP3uZJjmlu8jeoKVUps9pPMJZpMgX5UUlD9Dqq_Q&amp;_nc_zt=23&amp;_nc_ht=scontent-fra3-1.cdninstagram.com&amp;edm=ANo9K5cEAAAA&amp;_nc_gid=3NKmIu1sm9s2NwqSj1L2JA&amp;_nc_tpa=Q5bMBQGtX3Dl8gHTKv2hFrEOTaX4TjrJ2Rrxw073nA_0Z0QoRjA3ObIaY9OticQUYdnXxynTinNdKHK7xw&amp;oh=00_Af1RSEt4y2KmpBmHfmTJn9gk7NcnkEzbTk3H78VikNEGig&amp;oe=69F6D0E8&quot;}\">\n\t\t\t<span class=\"sbi-screenreader\">Quando ogni secondo conta, avere il mezzo giusto f<\/span>\n\t\t\t\t\t\t<svg style=\"color: rgba(255,255,255,1)\" class=\"svg-inline--fa fa-play fa-w-14 sbi_playbtn\" aria-label=\"Play\" aria-hidden=\"true\" data-fa-processed=\"\" data-prefix=\"fa\" data-icon=\"play\" role=\"presentation\" xmlns=\"http:\/\/www.w3.org\/2000\/svg\" viewBox=\"0 0 448 512\"><path fill=\"currentColor\" d=\"M424.4 214.7L72.4 6.6C43.8-10.3 0 6.1 0 47.9V464c0 37.5 40.7 60.1 72.4 41.3l352-208c31.4-18.5 31.5-64.1 0-82.6z\"><\/path><\/svg>\t\t\t<img decoding=\"async\" src=\"https:\/\/www.vsveicolispeciali.com\/wp-content\/plugins\/instagram-feed\/img\/placeholder.png\" alt=\"Quando ogni secondo conta, avere il mezzo giusto fa la differenza. \ud83d\udea8\n\nRealizzato per la Protezione Civile di Como, questo truck \u00e8 progettato per essere sempre pronto all\u2019intervento, garantendo rapidit\u00e0, efficienza e massima operativit\u00e0 in ogni situazione di emergenza.\n\nUno spazio studiato per offrire soluzioni concrete di supporto, pensato sia per gli operatori impegnati sul campo, sia per le persone che stanno affrontando un momento di difficolt\u00e0.\n\nPerch\u00e9 nelle emergenze non serve solo intervenire in fretta: serve farlo con un mezzo capace di rispondere davvero alle esigenze del momento.\n\n#vsveicolispeciali #customfoodvehicles  #foodtruckinnovation #protezionecivile\" aria-hidden=\"true\">\n\t\t<\/a>\n\t<\/div>\n<\/div><div class=\"sbi_item sbi_type_video sbi_new sbi_transition\"\n\tid=\"sbi_17992422236777768\" data-date=\"1775815520\">\n\t<div class=\"sbi_photo_wrap\">\n\t\t<a class=\"sbi_photo\" href=\"https:\/\/www.instagram.com\/reel\/DW8nbDTDI7T\/\" target=\"_blank\" rel=\"noopener nofollow\"\n\t\t\tdata-full-res=\"https:\/\/scontent-fra3-2.cdninstagram.com\/v\/t51.82787-15\/669080134_18522036793072544_9120289268498079832_n.jpg?stp=dst-jpg_e35_tt6&#038;_nc_cat=111&#038;ccb=7-5&#038;_nc_sid=18de74&#038;efg=eyJlZmdfdGFnIjoiQ0xJUFMuYmVzdF9pbWFnZV91cmxnZW4uQzMifQ%3D%3D&#038;_nc_ohc=p0RLvWBvMagQ7kNvwFHIulo&#038;_nc_oc=Adopu-v9XB3fmHMG6eaP6pSttu63YEvkumWdhkYLE_89DmaS0di7-4DIZZmIMrqLwL8&#038;_nc_zt=23&#038;_nc_ht=scontent-fra3-2.cdninstagram.com&#038;edm=ANo9K5cEAAAA&#038;_nc_gid=3NKmIu1sm9s2NwqSj1L2JA&#038;_nc_tpa=Q5bMBQFtfEqEt2ThSfmLNyAkhi26f7pVFnb48GOsNVxOhb6Jkp0BJaRO_bgQzLH1MbBHKX94Syl9nwIrWQ&#038;oh=00_Af3VnPlF9PJygbRUjmGma5ApxH5xn_7fYYBU1HiteE7JMw&#038;oe=69F6F84D\"\n\t\t\tdata-img-src-set=\"{&quot;d&quot;:&quot;https:\\\/\\\/scontent-fra3-2.cdninstagram.com\\\/v\\\/t51.82787-15\\\/669080134_18522036793072544_9120289268498079832_n.jpg?stp=dst-jpg_e35_tt6&amp;_nc_cat=111&amp;ccb=7-5&amp;_nc_sid=18de74&amp;efg=eyJlZmdfdGFnIjoiQ0xJUFMuYmVzdF9pbWFnZV91cmxnZW4uQzMifQ%3D%3D&amp;_nc_ohc=p0RLvWBvMagQ7kNvwFHIulo&amp;_nc_oc=Adopu-v9XB3fmHMG6eaP6pSttu63YEvkumWdhkYLE_89DmaS0di7-4DIZZmIMrqLwL8&amp;_nc_zt=23&amp;_nc_ht=scontent-fra3-2.cdninstagram.com&amp;edm=ANo9K5cEAAAA&amp;_nc_gid=3NKmIu1sm9s2NwqSj1L2JA&amp;_nc_tpa=Q5bMBQFtfEqEt2ThSfmLNyAkhi26f7pVFnb48GOsNVxOhb6Jkp0BJaRO_bgQzLH1MbBHKX94Syl9nwIrWQ&amp;oh=00_Af3VnPlF9PJygbRUjmGma5ApxH5xn_7fYYBU1HiteE7JMw&amp;oe=69F6F84D&quot;,&quot;150&quot;:&quot;https:\\\/\\\/scontent-fra3-2.cdninstagram.com\\\/v\\\/t51.82787-15\\\/669080134_18522036793072544_9120289268498079832_n.jpg?stp=dst-jpg_e35_tt6&amp;_nc_cat=111&amp;ccb=7-5&amp;_nc_sid=18de74&amp;efg=eyJlZmdfdGFnIjoiQ0xJUFMuYmVzdF9pbWFnZV91cmxnZW4uQzMifQ%3D%3D&amp;_nc_ohc=p0RLvWBvMagQ7kNvwFHIulo&amp;_nc_oc=Adopu-v9XB3fmHMG6eaP6pSttu63YEvkumWdhkYLE_89DmaS0di7-4DIZZmIMrqLwL8&amp;_nc_zt=23&amp;_nc_ht=scontent-fra3-2.cdninstagram.com&amp;edm=ANo9K5cEAAAA&amp;_nc_gid=3NKmIu1sm9s2NwqSj1L2JA&amp;_nc_tpa=Q5bMBQFtfEqEt2ThSfmLNyAkhi26f7pVFnb48GOsNVxOhb6Jkp0BJaRO_bgQzLH1MbBHKX94Syl9nwIrWQ&amp;oh=00_Af3VnPlF9PJygbRUjmGma5ApxH5xn_7fYYBU1HiteE7JMw&amp;oe=69F6F84D&quot;,&quot;320&quot;:&quot;https:\\\/\\\/scontent-fra3-2.cdninstagram.com\\\/v\\\/t51.82787-15\\\/669080134_18522036793072544_9120289268498079832_n.jpg?stp=dst-jpg_e35_tt6&amp;_nc_cat=111&amp;ccb=7-5&amp;_nc_sid=18de74&amp;efg=eyJlZmdfdGFnIjoiQ0xJUFMuYmVzdF9pbWFnZV91cmxnZW4uQzMifQ%3D%3D&amp;_nc_ohc=p0RLvWBvMagQ7kNvwFHIulo&amp;_nc_oc=Adopu-v9XB3fmHMG6eaP6pSttu63YEvkumWdhkYLE_89DmaS0di7-4DIZZmIMrqLwL8&amp;_nc_zt=23&amp;_nc_ht=scontent-fra3-2.cdninstagram.com&amp;edm=ANo9K5cEAAAA&amp;_nc_gid=3NKmIu1sm9s2NwqSj1L2JA&amp;_nc_tpa=Q5bMBQFtfEqEt2ThSfmLNyAkhi26f7pVFnb48GOsNVxOhb6Jkp0BJaRO_bgQzLH1MbBHKX94Syl9nwIrWQ&amp;oh=00_Af3VnPlF9PJygbRUjmGma5ApxH5xn_7fYYBU1HiteE7JMw&amp;oe=69F6F84D&quot;,&quot;640&quot;:&quot;https:\\\/\\\/scontent-fra3-2.cdninstagram.com\\\/v\\\/t51.82787-15\\\/669080134_18522036793072544_9120289268498079832_n.jpg?stp=dst-jpg_e35_tt6&amp;_nc_cat=111&amp;ccb=7-5&amp;_nc_sid=18de74&amp;efg=eyJlZmdfdGFnIjoiQ0xJUFMuYmVzdF9pbWFnZV91cmxnZW4uQzMifQ%3D%3D&amp;_nc_ohc=p0RLvWBvMagQ7kNvwFHIulo&amp;_nc_oc=Adopu-v9XB3fmHMG6eaP6pSttu63YEvkumWdhkYLE_89DmaS0di7-4DIZZmIMrqLwL8&amp;_nc_zt=23&amp;_nc_ht=scontent-fra3-2.cdninstagram.com&amp;edm=ANo9K5cEAAAA&amp;_nc_gid=3NKmIu1sm9s2NwqSj1L2JA&amp;_nc_tpa=Q5bMBQFtfEqEt2ThSfmLNyAkhi26f7pVFnb48GOsNVxOhb6Jkp0BJaRO_bgQzLH1MbBHKX94Syl9nwIrWQ&amp;oh=00_Af3VnPlF9PJygbRUjmGma5ApxH5xn_7fYYBU1HiteE7JMw&amp;oe=69F6F84D&quot;}\">\n\t\t\t<span class=\"sbi-screenreader\">From Milan Fashion Week to the streets of Malta.\n\n<\/span>\n\t\t\t\t\t\t<svg style=\"color: rgba(255,255,255,1)\" class=\"svg-inline--fa fa-play fa-w-14 sbi_playbtn\" aria-label=\"Play\" aria-hidden=\"true\" data-fa-processed=\"\" data-prefix=\"fa\" data-icon=\"play\" role=\"presentation\" xmlns=\"http:\/\/www.w3.org\/2000\/svg\" viewBox=\"0 0 448 512\"><path fill=\"currentColor\" d=\"M424.4 214.7L72.4 6.6C43.8-10.3 0 6.1 0 47.9V464c0 37.5 40.7 60.1 72.4 41.3l352-208c31.4-18.5 31.5-64.1 0-82.6z\"><\/path><\/svg>\t\t\t<img decoding=\"async\" src=\"https:\/\/www.vsveicolispeciali.com\/wp-content\/plugins\/instagram-feed\/img\/placeholder.png\" alt=\"From Milan Fashion Week to the streets of Malta.\n\nOne vehicle, two identities.\n\nOur Smart Ape, first wrapped for an exclusive fashion event, is now ready for its next chapter as a stylish mobile coffee bar.\n\nSame client, same vehicle, endless possibilities.\n\nVersatility that moves with the brand.#vsveicolispeciali truckbuilders #apesmart #milanfashionweek #customfoodvehicles\" aria-hidden=\"true\">\n\t\t<\/a>\n\t<\/div>\n<\/div><div class=\"sbi_item sbi_type_video sbi_new sbi_transition\"\n\tid=\"sbi_18094818323162304\" data-date=\"1775655875\">\n\t<div class=\"sbi_photo_wrap\">\n\t\t<a class=\"sbi_photo\" href=\"https:\/\/www.instagram.com\/reel\/DW327SxDE08\/\" target=\"_blank\" rel=\"noopener nofollow\"\n\t\t\tdata-full-res=\"https:\/\/scontent-fra5-2.cdninstagram.com\/v\/t51.82787-15\/661737625_18521715928072544_3802920869389323085_n.jpg?stp=dst-jpg_e35_tt6&#038;_nc_cat=106&#038;ccb=7-5&#038;_nc_sid=18de74&#038;efg=eyJlZmdfdGFnIjoiQ0xJUFMuYmVzdF9pbWFnZV91cmxnZW4uQzMifQ%3D%3D&#038;_nc_ohc=JQDEOMwetK0Q7kNvwEw5K2g&#038;_nc_oc=AdonLETZh2UGso9sTlH_0RJa6tLHaBKRvXuNYcSQs6ekKLVEbs48GnQwd-w0_IF1P4M&#038;_nc_zt=23&#038;_nc_ht=scontent-fra5-2.cdninstagram.com&#038;edm=ANo9K5cEAAAA&#038;_nc_gid=3NKmIu1sm9s2NwqSj1L2JA&#038;_nc_tpa=Q5bMBQGcPholNnSRQGJFphvGMWcRSZ6Tv_4s5o4zPNDpVhYIneucD0ULb_0WUl0gUrZurXpGt10SJiXwog&#038;oh=00_Af39Vn8CNvHZW2GImvRD_YcRBHJPXGSkC3eRx-Lf9qdgLg&#038;oe=69F6EAF9\"\n\t\t\tdata-img-src-set=\"{&quot;d&quot;:&quot;https:\\\/\\\/scontent-fra5-2.cdninstagram.com\\\/v\\\/t51.82787-15\\\/661737625_18521715928072544_3802920869389323085_n.jpg?stp=dst-jpg_e35_tt6&amp;_nc_cat=106&amp;ccb=7-5&amp;_nc_sid=18de74&amp;efg=eyJlZmdfdGFnIjoiQ0xJUFMuYmVzdF9pbWFnZV91cmxnZW4uQzMifQ%3D%3D&amp;_nc_ohc=JQDEOMwetK0Q7kNvwEw5K2g&amp;_nc_oc=AdonLETZh2UGso9sTlH_0RJa6tLHaBKRvXuNYcSQs6ekKLVEbs48GnQwd-w0_IF1P4M&amp;_nc_zt=23&amp;_nc_ht=scontent-fra5-2.cdninstagram.com&amp;edm=ANo9K5cEAAAA&amp;_nc_gid=3NKmIu1sm9s2NwqSj1L2JA&amp;_nc_tpa=Q5bMBQGcPholNnSRQGJFphvGMWcRSZ6Tv_4s5o4zPNDpVhYIneucD0ULb_0WUl0gUrZurXpGt10SJiXwog&amp;oh=00_Af39Vn8CNvHZW2GImvRD_YcRBHJPXGSkC3eRx-Lf9qdgLg&amp;oe=69F6EAF9&quot;,&quot;150&quot;:&quot;https:\\\/\\\/scontent-fra5-2.cdninstagram.com\\\/v\\\/t51.82787-15\\\/661737625_18521715928072544_3802920869389323085_n.jpg?stp=dst-jpg_e35_tt6&amp;_nc_cat=106&amp;ccb=7-5&amp;_nc_sid=18de74&amp;efg=eyJlZmdfdGFnIjoiQ0xJUFMuYmVzdF9pbWFnZV91cmxnZW4uQzMifQ%3D%3D&amp;_nc_ohc=JQDEOMwetK0Q7kNvwEw5K2g&amp;_nc_oc=AdonLETZh2UGso9sTlH_0RJa6tLHaBKRvXuNYcSQs6ekKLVEbs48GnQwd-w0_IF1P4M&amp;_nc_zt=23&amp;_nc_ht=scontent-fra5-2.cdninstagram.com&amp;edm=ANo9K5cEAAAA&amp;_nc_gid=3NKmIu1sm9s2NwqSj1L2JA&amp;_nc_tpa=Q5bMBQGcPholNnSRQGJFphvGMWcRSZ6Tv_4s5o4zPNDpVhYIneucD0ULb_0WUl0gUrZurXpGt10SJiXwog&amp;oh=00_Af39Vn8CNvHZW2GImvRD_YcRBHJPXGSkC3eRx-Lf9qdgLg&amp;oe=69F6EAF9&quot;,&quot;320&quot;:&quot;https:\\\/\\\/scontent-fra5-2.cdninstagram.com\\\/v\\\/t51.82787-15\\\/661737625_18521715928072544_3802920869389323085_n.jpg?stp=dst-jpg_e35_tt6&amp;_nc_cat=106&amp;ccb=7-5&amp;_nc_sid=18de74&amp;efg=eyJlZmdfdGFnIjoiQ0xJUFMuYmVzdF9pbWFnZV91cmxnZW4uQzMifQ%3D%3D&amp;_nc_ohc=JQDEOMwetK0Q7kNvwEw5K2g&amp;_nc_oc=AdonLETZh2UGso9sTlH_0RJa6tLHaBKRvXuNYcSQs6ekKLVEbs48GnQwd-w0_IF1P4M&amp;_nc_zt=23&amp;_nc_ht=scontent-fra5-2.cdninstagram.com&amp;edm=ANo9K5cEAAAA&amp;_nc_gid=3NKmIu1sm9s2NwqSj1L2JA&amp;_nc_tpa=Q5bMBQGcPholNnSRQGJFphvGMWcRSZ6Tv_4s5o4zPNDpVhYIneucD0ULb_0WUl0gUrZurXpGt10SJiXwog&amp;oh=00_Af39Vn8CNvHZW2GImvRD_YcRBHJPXGSkC3eRx-Lf9qdgLg&amp;oe=69F6EAF9&quot;,&quot;640&quot;:&quot;https:\\\/\\\/scontent-fra5-2.cdninstagram.com\\\/v\\\/t51.82787-15\\\/661737625_18521715928072544_3802920869389323085_n.jpg?stp=dst-jpg_e35_tt6&amp;_nc_cat=106&amp;ccb=7-5&amp;_nc_sid=18de74&amp;efg=eyJlZmdfdGFnIjoiQ0xJUFMuYmVzdF9pbWFnZV91cmxnZW4uQzMifQ%3D%3D&amp;_nc_ohc=JQDEOMwetK0Q7kNvwEw5K2g&amp;_nc_oc=AdonLETZh2UGso9sTlH_0RJa6tLHaBKRvXuNYcSQs6ekKLVEbs48GnQwd-w0_IF1P4M&amp;_nc_zt=23&amp;_nc_ht=scontent-fra5-2.cdninstagram.com&amp;edm=ANo9K5cEAAAA&amp;_nc_gid=3NKmIu1sm9s2NwqSj1L2JA&amp;_nc_tpa=Q5bMBQGcPholNnSRQGJFphvGMWcRSZ6Tv_4s5o4zPNDpVhYIneucD0ULb_0WUl0gUrZurXpGt10SJiXwog&amp;oh=00_Af39Vn8CNvHZW2GImvRD_YcRBHJPXGSkC3eRx-Lf9qdgLg&amp;oe=69F6EAF9&quot;}\">\n\t\t\t<span class=\"sbi-screenreader\">\ud83d\udea8 Innovation serving the community \ud83d\udea8\nVS Veic<\/span>\n\t\t\t\t\t\t<svg style=\"color: rgba(255,255,255,1)\" class=\"svg-inline--fa fa-play fa-w-14 sbi_playbtn\" aria-label=\"Play\" aria-hidden=\"true\" data-fa-processed=\"\" data-prefix=\"fa\" data-icon=\"play\" role=\"presentation\" xmlns=\"http:\/\/www.w3.org\/2000\/svg\" viewBox=\"0 0 448 512\"><path fill=\"currentColor\" d=\"M424.4 214.7L72.4 6.6C43.8-10.3 0 6.1 0 47.9V464c0 37.5 40.7 60.1 72.4 41.3l352-208c31.4-18.5 31.5-64.1 0-82.6z\"><\/path><\/svg>\t\t\t<img decoding=\"async\" src=\"https:\/\/www.vsveicolispeciali.com\/wp-content\/plugins\/instagram-feed\/img\/placeholder.png\" alt=\"\ud83d\udea8 Innovation serving the community \ud83d\udea8\nVS Veicoli Speciali presents a new vehicle designed for Civil Protection: a highly equipped, versatile truck ready to handle any operational scenario.\nBuilt to ensure efficiency, safety, and rapid response, this vehicle is also the perfect solution for municipalities looking for a practical, reliable, and adaptable unit.\nTechnology, functionality, and durability come together to support those who work every day to keep our communities safe.\n\ud83d\udc49 VS Veicoli Speciali: real solutions for real-world operations.\n\n#vsveicolispeciali #truckbuilders #protezionecivile\" aria-hidden=\"true\">\n\t\t<\/a>\n\t<\/div>\n<\/div><div class=\"sbi_item sbi_type_video sbi_new sbi_transition\"\n\tid=\"sbi_18190983853362177\" data-date=\"1774341146\">\n\t<div class=\"sbi_photo_wrap\">\n\t\t<a class=\"sbi_photo\" href=\"https:\/\/www.instagram.com\/reel\/DWQrIBFjLXX\/\" target=\"_blank\" rel=\"noopener nofollow\"\n\t\t\tdata-full-res=\"https:\/\/scontent-fra5-2.cdninstagram.com\/v\/t51.82787-15\/657405755_18518275189072544_2629229069781840264_n.jpg?stp=dst-jpg_e35_tt6&#038;_nc_cat=106&#038;ccb=7-5&#038;_nc_sid=18de74&#038;efg=eyJlZmdfdGFnIjoiQ0xJUFMuYmVzdF9pbWFnZV91cmxnZW4uQzMifQ%3D%3D&#038;_nc_ohc=Hr_FXl6ApC4Q7kNvwHt3aaI&#038;_nc_oc=AdpyxhBCp2DrbzPGQVsulkSG6q_nTYRUR-0F10TbkZzGr16RbBvbiKuVpCJyb5ndiYk&#038;_nc_zt=23&#038;_nc_ht=scontent-fra5-2.cdninstagram.com&#038;edm=ANo9K5cEAAAA&#038;_nc_gid=3NKmIu1sm9s2NwqSj1L2JA&#038;_nc_tpa=Q5bMBQF6iWNhJO_7UKvux8g90sJa_RguodDUBCIzrl1HgDkri2wTxPS25Z9SJ5P63WNdc6pGFXN2toqMkw&#038;oh=00_Af0NvXVVN_RZpTqLBGYqeTKWLbOhz8fzPS5SI3AI1E6wSg&#038;oe=69F6F4E1\"\n\t\t\tdata-img-src-set=\"{&quot;d&quot;:&quot;https:\\\/\\\/scontent-fra5-2.cdninstagram.com\\\/v\\\/t51.82787-15\\\/657405755_18518275189072544_2629229069781840264_n.jpg?stp=dst-jpg_e35_tt6&amp;_nc_cat=106&amp;ccb=7-5&amp;_nc_sid=18de74&amp;efg=eyJlZmdfdGFnIjoiQ0xJUFMuYmVzdF9pbWFnZV91cmxnZW4uQzMifQ%3D%3D&amp;_nc_ohc=Hr_FXl6ApC4Q7kNvwHt3aaI&amp;_nc_oc=AdpyxhBCp2DrbzPGQVsulkSG6q_nTYRUR-0F10TbkZzGr16RbBvbiKuVpCJyb5ndiYk&amp;_nc_zt=23&amp;_nc_ht=scontent-fra5-2.cdninstagram.com&amp;edm=ANo9K5cEAAAA&amp;_nc_gid=3NKmIu1sm9s2NwqSj1L2JA&amp;_nc_tpa=Q5bMBQF6iWNhJO_7UKvux8g90sJa_RguodDUBCIzrl1HgDkri2wTxPS25Z9SJ5P63WNdc6pGFXN2toqMkw&amp;oh=00_Af0NvXVVN_RZpTqLBGYqeTKWLbOhz8fzPS5SI3AI1E6wSg&amp;oe=69F6F4E1&quot;,&quot;150&quot;:&quot;https:\\\/\\\/scontent-fra5-2.cdninstagram.com\\\/v\\\/t51.82787-15\\\/657405755_18518275189072544_2629229069781840264_n.jpg?stp=dst-jpg_e35_tt6&amp;_nc_cat=106&amp;ccb=7-5&amp;_nc_sid=18de74&amp;efg=eyJlZmdfdGFnIjoiQ0xJUFMuYmVzdF9pbWFnZV91cmxnZW4uQzMifQ%3D%3D&amp;_nc_ohc=Hr_FXl6ApC4Q7kNvwHt3aaI&amp;_nc_oc=AdpyxhBCp2DrbzPGQVsulkSG6q_nTYRUR-0F10TbkZzGr16RbBvbiKuVpCJyb5ndiYk&amp;_nc_zt=23&amp;_nc_ht=scontent-fra5-2.cdninstagram.com&amp;edm=ANo9K5cEAAAA&amp;_nc_gid=3NKmIu1sm9s2NwqSj1L2JA&amp;_nc_tpa=Q5bMBQF6iWNhJO_7UKvux8g90sJa_RguodDUBCIzrl1HgDkri2wTxPS25Z9SJ5P63WNdc6pGFXN2toqMkw&amp;oh=00_Af0NvXVVN_RZpTqLBGYqeTKWLbOhz8fzPS5SI3AI1E6wSg&amp;oe=69F6F4E1&quot;,&quot;320&quot;:&quot;https:\\\/\\\/scontent-fra5-2.cdninstagram.com\\\/v\\\/t51.82787-15\\\/657405755_18518275189072544_2629229069781840264_n.jpg?stp=dst-jpg_e35_tt6&amp;_nc_cat=106&amp;ccb=7-5&amp;_nc_sid=18de74&amp;efg=eyJlZmdfdGFnIjoiQ0xJUFMuYmVzdF9pbWFnZV91cmxnZW4uQzMifQ%3D%3D&amp;_nc_ohc=Hr_FXl6ApC4Q7kNvwHt3aaI&amp;_nc_oc=AdpyxhBCp2DrbzPGQVsulkSG6q_nTYRUR-0F10TbkZzGr16RbBvbiKuVpCJyb5ndiYk&amp;_nc_zt=23&amp;_nc_ht=scontent-fra5-2.cdninstagram.com&amp;edm=ANo9K5cEAAAA&amp;_nc_gid=3NKmIu1sm9s2NwqSj1L2JA&amp;_nc_tpa=Q5bMBQF6iWNhJO_7UKvux8g90sJa_RguodDUBCIzrl1HgDkri2wTxPS25Z9SJ5P63WNdc6pGFXN2toqMkw&amp;oh=00_Af0NvXVVN_RZpTqLBGYqeTKWLbOhz8fzPS5SI3AI1E6wSg&amp;oe=69F6F4E1&quot;,&quot;640&quot;:&quot;https:\\\/\\\/scontent-fra5-2.cdninstagram.com\\\/v\\\/t51.82787-15\\\/657405755_18518275189072544_2629229069781840264_n.jpg?stp=dst-jpg_e35_tt6&amp;_nc_cat=106&amp;ccb=7-5&amp;_nc_sid=18de74&amp;efg=eyJlZmdfdGFnIjoiQ0xJUFMuYmVzdF9pbWFnZV91cmxnZW4uQzMifQ%3D%3D&amp;_nc_ohc=Hr_FXl6ApC4Q7kNvwHt3aaI&amp;_nc_oc=AdpyxhBCp2DrbzPGQVsulkSG6q_nTYRUR-0F10TbkZzGr16RbBvbiKuVpCJyb5ndiYk&amp;_nc_zt=23&amp;_nc_ht=scontent-fra5-2.cdninstagram.com&amp;edm=ANo9K5cEAAAA&amp;_nc_gid=3NKmIu1sm9s2NwqSj1L2JA&amp;_nc_tpa=Q5bMBQF6iWNhJO_7UKvux8g90sJa_RguodDUBCIzrl1HgDkri2wTxPS25Z9SJ5P63WNdc6pGFXN2toqMkw&amp;oh=00_Af0NvXVVN_RZpTqLBGYqeTKWLbOhz8fzPS5SI3AI1E6wSg&amp;oe=69F6F4E1&quot;}\">\n\t\t\t<span class=\"sbi-screenreader\">A new way to serve coffee in the heart of Paris \n\n<\/span>\n\t\t\t\t\t\t<svg style=\"color: rgba(255,255,255,1)\" class=\"svg-inline--fa fa-play fa-w-14 sbi_playbtn\" aria-label=\"Play\" aria-hidden=\"true\" data-fa-processed=\"\" data-prefix=\"fa\" data-icon=\"play\" role=\"presentation\" xmlns=\"http:\/\/www.w3.org\/2000\/svg\" viewBox=\"0 0 448 512\"><path fill=\"currentColor\" d=\"M424.4 214.7L72.4 6.6C43.8-10.3 0 6.1 0 47.9V464c0 37.5 40.7 60.1 72.4 41.3l352-208c31.4-18.5 31.5-64.1 0-82.6z\"><\/path><\/svg>\t\t\t<img decoding=\"async\" src=\"https:\/\/www.vsveicolispeciali.com\/wp-content\/plugins\/instagram-feed\/img\/placeholder.png\" alt=\"A new way to serve coffee in the heart of Paris \n\nWith Ape V-Curve, you can turn any space into an elegant, fully equipped coffee point.\nWorking on board is easy, comfortable, and optimized: every detail is designed to maximize efficiency throughout your day.\n\nNo compromise between aesthetics and functionality: a refined design that stands out, combined with a smart structure that significantly reduces fixed costs.\nLower expenses, more freedom, more opportunities.\n\nSpecial Design Srl delivers a solution for those who truly want to stand out.\n\n#vsveicolispeciali #streetfood #foodtruckbuilder  #apevcurve #paris\" aria-hidden=\"true\">\n\t\t<\/a>\n\t<\/div>\n<\/div>\t<\/div>\n\n\t<div id=\"sbi_load\" >\n\n\t\t\t<button class=\"sbi_load_btn\"\n\t\t\ttype=\"button\" >\n\t\t\t<span class=\"sbi_btn_text\" >Carica altro\u2026<\/span>\n\t\t\t<span class=\"sbi_loader sbi_hidden\" style=\"background-color: rgb(255, 255, 255);\" aria-hidden=\"true\"><\/span>\n\t\t<\/button>\n\t\n\t\t\t<span class=\"sbi_follow_btn\" >\n\t\t\t<a target=\"_blank\"\n\t\t\t\trel=\"nofollow noopener\"  href=\"https:\/\/www.instagram.com\/vs_veicolispeciali\/\">\n\t\t\t\t<svg class=\"svg-inline--fa fa-instagram fa-w-14\" aria-hidden=\"true\" data-fa-processed=\"\" aria-label=\"Instagram\" data-prefix=\"fab\" data-icon=\"instagram\" role=\"img\" viewBox=\"0 0 448 512\">\n                    <path fill=\"currentColor\" d=\"M224.1 141c-63.6 0-114.9 51.3-114.9 114.9s51.3 114.9 114.9 114.9S339 319.5 339 255.9 287.7 141 224.1 141zm0 189.6c-41.1 0-74.7-33.5-74.7-74.7s33.5-74.7 74.7-74.7 74.7 33.5 74.7 74.7-33.6 74.7-74.7 74.7zm146.4-194.3c0 14.9-12 26.8-26.8 26.8-14.9 0-26.8-12-26.8-26.8s12-26.8 26.8-26.8 26.8 12 26.8 26.8zm76.1 27.2c-1.7-35.9-9.9-67.7-36.2-93.9-26.2-26.2-58-34.4-93.9-36.2-37-2.1-147.9-2.1-184.9 0-35.8 1.7-67.6 9.9-93.9 36.1s-34.4 58-36.2 93.9c-2.1 37-2.1 147.9 0 184.9 1.7 35.9 9.9 67.7 36.2 93.9s58 34.4 93.9 36.2c37 2.1 147.9 2.1 184.9 0 35.9-1.7 67.7-9.9 93.9-36.2 26.2-26.2 34.4-58 36.2-93.9 2.1-37 2.1-147.8 0-184.8zM398.8 388c-7.8 19.6-22.9 34.7-42.6 42.6-29.5 11.7-99.5 9-132.1 9s-102.7 2.6-132.1-9c-19.6-7.8-34.7-22.9-42.6-42.6-11.7-29.5-9-99.5-9-132.1s-2.6-102.7 9-132.1c7.8-19.6 22.9-34.7 42.6-42.6 29.5-11.7 99.5-9 132.1-9s102.7-2.6 132.1 9c19.6 7.8 34.7 22.9 42.6 42.6 11.7 29.5 9 99.5 9 132.1s2.7 102.7-9 132.1z\"><\/path>\n                <\/svg>\t\t\t\t<span>Seguici su Instagram<\/span>\n\t\t\t<\/a>\n\t\t<\/span>\n\t\n<\/div>\n\t\t<span class=\"sbi_resized_image_data\" data-feed-id=\"*1\"\n\t\t  data-resized=\"{&quot;18190983853362177&quot;:{&quot;id&quot;:&quot;657405755_18518275189072544_2629229069781840264_n&quot;,&quot;ratio&quot;:&quot;0.56&quot;,&quot;sizes&quot;:{&quot;full&quot;:640,&quot;low&quot;:320,&quot;thumb&quot;:150},&quot;extension&quot;:&quot;.webp&quot;},&quot;18094818323162304&quot;:{&quot;id&quot;:&quot;661737625_18521715928072544_3802920869389323085_n&quot;,&quot;ratio&quot;:&quot;0.56&quot;,&quot;sizes&quot;:{&quot;full&quot;:640,&quot;low&quot;:320,&quot;thumb&quot;:150},&quot;extension&quot;:&quot;.webp&quot;},&quot;17992422236777768&quot;:{&quot;id&quot;:&quot;669080134_18522036793072544_9120289268498079832_n&quot;,&quot;ratio&quot;:&quot;0.56&quot;,&quot;sizes&quot;:{&quot;full&quot;:640,&quot;low&quot;:320,&quot;thumb&quot;:150},&quot;extension&quot;:&quot;.webp&quot;},&quot;17936273277213187&quot;:{&quot;id&quot;:&quot;670279903_18523081714072544_6648228734878469273_n&quot;,&quot;ratio&quot;:&quot;0.56&quot;,&quot;sizes&quot;:{&quot;full&quot;:640,&quot;low&quot;:320,&quot;thumb&quot;:150},&quot;extension&quot;:&quot;.webp&quot;},&quot;18092676550945886&quot;:{&quot;id&quot;:&quot;672392087_18524740336072544_4716382254436493390_n&quot;,&quot;ratio&quot;:&quot;0.56&quot;,&quot;sizes&quot;:{&quot;full&quot;:640,&quot;low&quot;:320,&quot;thumb&quot;:150},&quot;extension&quot;:&quot;.webp&quot;}}\">\n\t<\/span>\n\t<\/div>\n\n[\/vc_column_text][\/vc_column][\/vc_row]<\/p>\n<\/div>","protected":false},"excerpt":{"rendered":"<p>[vc_row css_animation=\u00a0\u00bb\u00a0\u00bb row_type=\u00a0\u00bbrow\u00a0\u00bb use_row_as_full_screen_section=\u00a0\u00bbno\u00a0\u00bb type=\u00a0\u00bbgrid\u00a0\u00bb angled_section=\u00a0\u00bbno\u00a0\u00bb text_align=\u00a0\u00bbleft\u00a0\u00bb background_image_as_pattern=\u00a0\u00bbwithout_pattern\u00a0\u00bb background_color=\u00a0\u00bb#006aa7&Prime; z_index=\u00a0\u00bb\u00a0\u00bb css=\u00a0\u00bb.vc_custom_1668437207248{padding-top: 45px !important;padding-bottom: 25px !important;background-image: url(http:\/\/www.vsveicolispeciali.com\/wp-content\/uploads\/2022\/11\/1_immagine-di-testata.jpg?id=19238) !important;background-position: center !important;background-repeat: no-repeat !important;background-size: cover !important;}\u00a0\u00bb el_class=\u00a0\u00bbrigaprincipale\u00a0\u00bb][vc_column width=\u00a0\u00bb1\/3&Prime;][vc_column_text el_class=\u00a0\u00bbsfondop\u00a0\u00bb] LES AM\u00c9NAGEMENTS VS SONT: [\/vc_column_text][vc_column_text][\/vc_column_text][vc_column_text el_class=\u00a0\u00bbsfondop\u00a0\u00bb]\u201cPour minimiser leur impact sur l\u2019environnement!\u201d[\/vc_column_text][vc_column_text][\/vc_column_text][vc_column_text el_class=\u00a0\u00bbsfondop\u00a0\u00bb]\u201cPour pouvoir les g\u00e9rer de mani\u00e8re pratique via&#8230;<\/p>\n","protected":false},"author":1001012,"featured_media":0,"parent":0,"menu_order":1,"comment_status":"closed","ping_status":"closed","template":"full_width.php","meta":{"footnotes":""},"class_list":["post-18992","page","type-page","status-publish","hentry"],"yoast_head":"<!-- This site is optimized with the Yoast SEO plugin v25.4 - https:\/\/yoast.com\/wordpress\/plugins\/seo\/ -->\n<title>Constructeur de Food Trucks et Camions Street Food sur mesure | VS<\/title>\n<meta name=\"description\" content=\"Fabricant sp\u00e9cialis\u00e9 dans la conception et l&#039;am\u00e9nagement de food truck et remorque cuisine pour le street food, camion magasin et boutique nomade pour vente ambulante et promotion &gt;\" \/>\n<meta name=\"robots\" content=\"index, follow, max-snippet:-1, max-image-preview:large, max-video-preview:-1\" \/>\n<link rel=\"canonical\" href=\"https:\/\/www.vsveicolispeciali.com\/fr\/\" \/>\n<meta property=\"og:locale\" content=\"fr_FR\" \/>\n<meta property=\"og:type\" content=\"article\" \/>\n<meta property=\"og:title\" content=\"Constructeur de Food Trucks et Camions Street Food sur mesure | VS\" \/>\n<meta property=\"og:description\" content=\"Fabricant sp\u00e9cialis\u00e9 dans la conception et l&#039;am\u00e9nagement de food truck et remorque cuisine pour le street food, camion magasin et boutique nomade pour vente ambulante et promotion &gt;\" \/>\n<meta property=\"og:url\" content=\"https:\/\/www.vsveicolispeciali.com\/fr\/\" \/>\n<meta property=\"og:site_name\" content=\"VS Veicoli Speciali\" \/>\n<meta property=\"article:publisher\" content=\"https:\/\/www.facebook.com\/VSVeicoliSpeciali.Food.Trucks\/\" \/>\n<meta property=\"article:modified_time\" content=\"2026-01-11T21:24:27+00:00\" \/>\n<meta property=\"og:image\" content=\"https:\/\/www.vsveicolispeciali.com\/wp-content\/uploads\/2022\/11\/2_icona-e-rettangolo-ECOLOGICI-testata-.png\" \/>\n\t<meta property=\"og:image:width\" content=\"300\" \/>\n\t<meta property=\"og:image:height\" content=\"176\" \/>\n\t<meta property=\"og:image:type\" content=\"image\/png\" \/>\n<meta name=\"twitter:card\" content=\"summary_large_image\" \/>\n<meta name=\"twitter:site\" content=\"@veicolispeciali\" \/>\n<meta name=\"twitter:label1\" content=\"Dur\u00e9e de lecture estim\u00e9e\" \/>\n\t<meta name=\"twitter:data1\" content=\"17 minutes\" \/>\n<script type=\"application\/ld+json\" class=\"yoast-schema-graph\">{\"@context\":\"https:\/\/schema.org\",\"@graph\":[{\"@type\":\"WebPage\",\"@id\":\"https:\/\/www.vsveicolispeciali.com\/fr\/\",\"url\":\"https:\/\/www.vsveicolispeciali.com\/fr\/\",\"name\":\"Constructeur de Food Trucks et Camions Street Food sur mesure | VS\",\"isPartOf\":{\"@id\":\"https:\/\/www.vsveicolispeciali.com\/fr\/#website\"},\"primaryImageOfPage\":{\"@id\":\"https:\/\/www.vsveicolispeciali.com\/fr\/#primaryimage\"},\"image\":{\"@id\":\"https:\/\/www.vsveicolispeciali.com\/fr\/#primaryimage\"},\"thumbnailUrl\":\"https:\/\/www.vsveicolispeciali.com\/wp-content\/uploads\/2022\/11\/ecologiques.png\",\"datePublished\":\"2022-11-21T13:27:07+00:00\",\"dateModified\":\"2026-01-11T21:24:27+00:00\",\"description\":\"Fabricant sp\u00e9cialis\u00e9 dans la conception et l'am\u00e9nagement de food truck et remorque cuisine pour le street food, camion magasin et boutique nomade pour vente ambulante et promotion >\",\"breadcrumb\":{\"@id\":\"https:\/\/www.vsveicolispeciali.com\/fr\/#breadcrumb\"},\"inLanguage\":\"fr-FR\",\"potentialAction\":[{\"@type\":\"ReadAction\",\"target\":[\"https:\/\/www.vsveicolispeciali.com\/fr\/\"]}]},{\"@type\":\"ImageObject\",\"inLanguage\":\"fr-FR\",\"@id\":\"https:\/\/www.vsveicolispeciali.com\/fr\/#primaryimage\",\"url\":\"https:\/\/www.vsveicolispeciali.com\/wp-content\/uploads\/2022\/11\/ecologiques.png\",\"contentUrl\":\"https:\/\/www.vsveicolispeciali.com\/wp-content\/uploads\/2022\/11\/ecologiques.png\"},{\"@type\":\"BreadcrumbList\",\"@id\":\"https:\/\/www.vsveicolispeciali.com\/fr\/#breadcrumb\",\"itemListElement\":[{\"@type\":\"ListItem\",\"position\":1,\"name\":\"Home\",\"item\":\"https:\/\/www.vsveicolispeciali.com\/fr\/\"},{\"@type\":\"ListItem\",\"position\":2,\"name\":\"Home\"}]},{\"@type\":\"WebSite\",\"@id\":\"https:\/\/www.vsveicolispeciali.com\/fr\/#website\",\"url\":\"https:\/\/www.vsveicolispeciali.com\/fr\/\",\"name\":\"VS Veicoli Speciali\",\"description\":\"\",\"publisher\":{\"@id\":\"https:\/\/www.vsveicolispeciali.com\/fr\/#organization\"},\"potentialAction\":[{\"@type\":\"SearchAction\",\"target\":{\"@type\":\"EntryPoint\",\"urlTemplate\":\"https:\/\/www.vsveicolispeciali.com\/fr\/?s={search_term_string}\"},\"query-input\":{\"@type\":\"PropertyValueSpecification\",\"valueRequired\":true,\"valueName\":\"search_term_string\"}}],\"inLanguage\":\"fr-FR\"},{\"@type\":\"Organization\",\"@id\":\"https:\/\/www.vsveicolispeciali.com\/fr\/#organization\",\"name\":\"VS Veicoli Speciali\",\"url\":\"https:\/\/www.vsveicolispeciali.com\/fr\/\",\"logo\":{\"@type\":\"ImageObject\",\"inLanguage\":\"fr-FR\",\"@id\":\"https:\/\/www.vsveicolispeciali.com\/fr\/#\/schema\/logo\/image\/\",\"url\":\"http:\/\/www.vsveicolispeciali.com\/wp-content\/uploads\/2015\/05\/vs_veicoli_speciali-logo.png\",\"contentUrl\":\"http:\/\/www.vsveicolispeciali.com\/wp-content\/uploads\/2015\/05\/vs_veicoli_speciali-logo.png\",\"width\":252,\"height\":134,\"caption\":\"VS Veicoli Speciali\"},\"image\":{\"@id\":\"https:\/\/www.vsveicolispeciali.com\/fr\/#\/schema\/logo\/image\/\"},\"sameAs\":[\"https:\/\/www.facebook.com\/VSVeicoliSpeciali.Food.Trucks\/\",\"https:\/\/x.com\/veicolispeciali\",\"https:\/\/www.instagram.com\/vs_veicolispeciali\/\",\"https:\/\/www.linkedin.com\/company\/2811960\/\",\"https:\/\/www.pinterest.com\/streetfoodtruck\/\",\"https:\/\/www.youtube.com\/user\/veicolispeciali\"]}]}<\/script>\n<!-- \/ Yoast SEO plugin. -->","yoast_head_json":{"title":"Constructeur de Food Trucks et Camions Street Food sur mesure | VS","description":"Fabricant sp\u00e9cialis\u00e9 dans la conception et l'am\u00e9nagement de food truck et remorque cuisine pour le street food, camion magasin et boutique nomade pour vente ambulante et promotion >","robots":{"index":"index","follow":"follow","max-snippet":"max-snippet:-1","max-image-preview":"max-image-preview:large","max-video-preview":"max-video-preview:-1"},"canonical":"https:\/\/www.vsveicolispeciali.com\/fr\/","og_locale":"fr_FR","og_type":"article","og_title":"Constructeur de Food Trucks et Camions Street Food sur mesure | VS","og_description":"Fabricant sp\u00e9cialis\u00e9 dans la conception et l'am\u00e9nagement de food truck et remorque cuisine pour le street food, camion magasin et boutique nomade pour vente ambulante et promotion >","og_url":"https:\/\/www.vsveicolispeciali.com\/fr\/","og_site_name":"VS Veicoli Speciali","article_publisher":"https:\/\/www.facebook.com\/VSVeicoliSpeciali.Food.Trucks\/","article_modified_time":"2026-01-11T21:24:27+00:00","og_image":[{"width":300,"height":176,"url":"https:\/\/www.vsveicolispeciali.com\/wp-content\/uploads\/2022\/11\/2_icona-e-rettangolo-ECOLOGICI-testata-.png","type":"image\/png"}],"twitter_card":"summary_large_image","twitter_site":"@veicolispeciali","twitter_misc":{"Dur\u00e9e de lecture estim\u00e9e":"17 minutes"},"schema":{"@context":"https:\/\/schema.org","@graph":[{"@type":"WebPage","@id":"https:\/\/www.vsveicolispeciali.com\/fr\/","url":"https:\/\/www.vsveicolispeciali.com\/fr\/","name":"Constructeur de Food Trucks et Camions Street Food sur mesure | VS","isPartOf":{"@id":"https:\/\/www.vsveicolispeciali.com\/fr\/#website"},"primaryImageOfPage":{"@id":"https:\/\/www.vsveicolispeciali.com\/fr\/#primaryimage"},"image":{"@id":"https:\/\/www.vsveicolispeciali.com\/fr\/#primaryimage"},"thumbnailUrl":"https:\/\/www.vsveicolispeciali.com\/wp-content\/uploads\/2022\/11\/ecologiques.png","datePublished":"2022-11-21T13:27:07+00:00","dateModified":"2026-01-11T21:24:27+00:00","description":"Fabricant sp\u00e9cialis\u00e9 dans la conception et l'am\u00e9nagement de food truck et remorque cuisine pour le street food, camion magasin et boutique nomade pour vente ambulante et promotion >","breadcrumb":{"@id":"https:\/\/www.vsveicolispeciali.com\/fr\/#breadcrumb"},"inLanguage":"fr-FR","potentialAction":[{"@type":"ReadAction","target":["https:\/\/www.vsveicolispeciali.com\/fr\/"]}]},{"@type":"ImageObject","inLanguage":"fr-FR","@id":"https:\/\/www.vsveicolispeciali.com\/fr\/#primaryimage","url":"https:\/\/www.vsveicolispeciali.com\/wp-content\/uploads\/2022\/11\/ecologiques.png","contentUrl":"https:\/\/www.vsveicolispeciali.com\/wp-content\/uploads\/2022\/11\/ecologiques.png"},{"@type":"BreadcrumbList","@id":"https:\/\/www.vsveicolispeciali.com\/fr\/#breadcrumb","itemListElement":[{"@type":"ListItem","position":1,"name":"Home","item":"https:\/\/www.vsveicolispeciali.com\/fr\/"},{"@type":"ListItem","position":2,"name":"Home"}]},{"@type":"WebSite","@id":"https:\/\/www.vsveicolispeciali.com\/fr\/#website","url":"https:\/\/www.vsveicolispeciali.com\/fr\/","name":"VS Veicoli Speciali","description":"","publisher":{"@id":"https:\/\/www.vsveicolispeciali.com\/fr\/#organization"},"potentialAction":[{"@type":"SearchAction","target":{"@type":"EntryPoint","urlTemplate":"https:\/\/www.vsveicolispeciali.com\/fr\/?s={search_term_string}"},"query-input":{"@type":"PropertyValueSpecification","valueRequired":true,"valueName":"search_term_string"}}],"inLanguage":"fr-FR"},{"@type":"Organization","@id":"https:\/\/www.vsveicolispeciali.com\/fr\/#organization","name":"VS Veicoli Speciali","url":"https:\/\/www.vsveicolispeciali.com\/fr\/","logo":{"@type":"ImageObject","inLanguage":"fr-FR","@id":"https:\/\/www.vsveicolispeciali.com\/fr\/#\/schema\/logo\/image\/","url":"http:\/\/www.vsveicolispeciali.com\/wp-content\/uploads\/2015\/05\/vs_veicoli_speciali-logo.png","contentUrl":"http:\/\/www.vsveicolispeciali.com\/wp-content\/uploads\/2015\/05\/vs_veicoli_speciali-logo.png","width":252,"height":134,"caption":"VS Veicoli Speciali"},"image":{"@id":"https:\/\/www.vsveicolispeciali.com\/fr\/#\/schema\/logo\/image\/"},"sameAs":["https:\/\/www.facebook.com\/VSVeicoliSpeciali.Food.Trucks\/","https:\/\/x.com\/veicolispeciali","https:\/\/www.instagram.com\/vs_veicolispeciali\/","https:\/\/www.linkedin.com\/company\/2811960\/","https:\/\/www.pinterest.com\/streetfoodtruck\/","https:\/\/www.youtube.com\/user\/veicolispeciali"]}]}},"_links":{"self":[{"href":"https:\/\/www.vsveicolispeciali.com\/fr\/wp-json\/wp\/v2\/pages\/18992"}],"collection":[{"href":"https:\/\/www.vsveicolispeciali.com\/fr\/wp-json\/wp\/v2\/pages"}],"about":[{"href":"https:\/\/www.vsveicolispeciali.com\/fr\/wp-json\/wp\/v2\/types\/page"}],"author":[{"embeddable":true,"href":"https:\/\/www.vsveicolispeciali.com\/fr\/wp-json\/wp\/v2\/users\/1001012"}],"replies":[{"embeddable":true,"href":"https:\/\/www.vsveicolispeciali.com\/fr\/wp-json\/wp\/v2\/comments?post=18992"}],"version-history":[{"count":38,"href":"https:\/\/www.vsveicolispeciali.com\/fr\/wp-json\/wp\/v2\/pages\/18992\/revisions"}],"predecessor-version":[{"id":29330,"href":"https:\/\/www.vsveicolispeciali.com\/fr\/wp-json\/wp\/v2\/pages\/18992\/revisions\/29330"}],"wp:attachment":[{"href":"https:\/\/www.vsveicolispeciali.com\/fr\/wp-json\/wp\/v2\/media?parent=18992"}],"curies":[{"name":"wp","href":"https:\/\/api.w.org\/{rel}","templated":true}]}}