{"id":18969,"date":"2022-11-22T14:32:43","date_gmt":"2022-11-22T13:32:43","guid":{"rendered":"http:\/\/www.vsveicolispeciali.com\/?page_id=18969"},"modified":"2023-02-23T16:19:33","modified_gmt":"2023-02-23T15:19:33","slug":"piaggio-porter-craft-x","status":"publish","type":"page","link":"https:\/\/www.vsveicolispeciali.com\/fr\/amenagement-vehicules-magasin-commerce-ambulant\/food-truck-camion-magasin-pour-vente-ambulante\/piaggio-porter-craft-x\/","title":{"rendered":"Food Truck Piaggio Porter"},"content":{"rendered":"<div class=\"wpb-content-wrapper\"><p>[vc_row css_animation=\u00a0\u00bb\u00a0\u00bb row_type=\u00a0\u00bbrow\u00a0\u00bb use_row_as_full_screen_section=\u00a0\u00bbno\u00a0\u00bb type=\u00a0\u00bbgrid\u00a0\u00bb angled_section=\u00a0\u00bbno\u00a0\u00bb text_align=\u00a0\u00bbleft\u00a0\u00bb background_image_as_pattern=\u00a0\u00bbwithout_pattern\u00a0\u00bb][vc_column][vc_separator type=\u00a0\u00bbtransparent\u00a0\u00bb thickness=\u00a0\u00bb90&Prime; up=\u00a0\u00bb0&Prime; down=\u00a0\u00bb0&Prime;][vc_column_text]<\/p>\n<h2 style=\"text-align: center;\">Am\u00e9nagement Piaggio Porter Craft X<\/h2>\n<p>[\/vc_column_text][vc_separator type=\u00a0\u00bbsmall\u00a0\u00bb position=\u00a0\u00bbcenter\u00a0\u00bb][vc_row_inner row_type=\u00a0\u00bbrow\u00a0\u00bb type=\u00a0\u00bbfull_width\u00a0\u00bb text_align=\u00a0\u00bbcenter\u00a0\u00bb css_animation=\u00a0\u00bb\u00a0\u00bb][vc_column_inner width=\u00a0\u00bb1\/2&Prime;][vc_column_text]<\/p>\n<p style=\"text-align: left;\">\u00c0 la crois\u00e9e des chemins entre l\u2019embl\u00e9matique triporteur Ape et un grand <a href=\"http:\/\/www.vsveicolispeciali.com\/fr\/amenagement-vehicules-magasin-commerce-ambulant\/food-truck-camion-magasin-pour-vente-ambulante\/\">food truck<\/a>, l\u2019<strong>am\u00e9nagement Piaggio Porter Craft X<\/strong>\u00a0est la solution id\u00e9ale pour ceux d\u2019entre vous qui recherchent le meilleur rapport entre espace de travail interne et dimensions compactes lors de leurs d\u00e9placements.<\/p>\n<p style=\"text-align: left;\">Sa petite taille\u00a0<strong>r\u00e9duit votre consommation de carburant<\/strong>\u00a0et vous permet de parcourir de longues distances, m\u00eame \u00e0 pleine charge. En effet,\u00a0<strong>l\u2019am\u00e9nagement optimise l\u2019espace<\/strong>\u00a0pour mieux travailler et stocker de plus grands volumes de marchandises.<\/p>\n<p>[\/vc_column_text][\/vc_column_inner][vc_column_inner width=\u00a0\u00bb1\/2&Prime;][vc_column_text]<\/p>\n<p style=\"text-align: left;\">Jusqu\u2019\u00e0 trois employ\u00e9s peuvent travailler dans le plus grand confort sur le Food Truck Porter au sein d\u2019une\u00a0<strong>cuisine configur\u00e9e en fonction de leurs besoins<\/strong>. Ce v\u00e9hicule est con\u00e7u pour se d\u00e9placer avec agilit\u00e9 en milieu urbain et entrer dans n\u2019importe quel parking public ou priv\u00e9.<\/p>\n<p style=\"text-align: left;\">Les entreprises qui recherchent un\u00a0am\u00e9nagement Piaggio Porter\u00a0non destin\u00e9 \u00e0 la <a href=\"http:\/\/www.vsveicolispeciali.com\/fr\/street-food\/\" target=\"_blank\" rel=\"noopener\">street food<\/a>, dans des secteurs tels que le textile, les accessoires et les cosm\u00e9tiques, b\u00e9n\u00e9ficieront \u00e9galement de la\u00a0<strong>polyvalence de ce v\u00e9hicule<\/strong>.<\/p>\n<p>[\/vc_column_text][\/vc_column_inner][\/vc_row_inner][\/vc_column][\/vc_row][vc_row css_animation=\u00a0\u00bb\u00a0\u00bb row_type=\u00a0\u00bbrow\u00a0\u00bb use_row_as_full_screen_section=\u00a0\u00bbno\u00a0\u00bb type=\u00a0\u00bbfull_width\u00a0\u00bb angled_section=\u00a0\u00bbno\u00a0\u00bb text_align=\u00a0\u00bbleft\u00a0\u00bb background_image_as_pattern=\u00a0\u00bbwithout_pattern\u00a0\u00bb z_index=\u00a0\u00bb\u00a0\u00bb][vc_column][vc_separator type=\u00a0\u00bbtransparent\u00a0\u00bb thickness=\u00a0\u00bb90&Prime; up=\u00a0\u00bb0&Prime; down=\u00a0\u00bb0&Prime;]<div class='projects_holder_outer v5 portfolio_with_space portfolio_with_hover_text'><div class='projects_holder portfolio_main_holder clearfix v5 hover_text portfolio_full_image portfolio_one_by_one'>\n<article class='mix portfolio_category_34 portfolio_category_36 portfolio_category_202 ' style=''><div class='image_holder'><a itemprop='url' class='portfolio_link_for_touch' href='https:\/\/www.vsveicolispeciali.com\/fr\/street-food-truck\/camion-epicerie-latteria-san-pietro\/' target='_self'><span class='image'><img loading=\"lazy\" decoding=\"async\" width=\"800\" height=\"602\" src=\"https:\/\/www.vsveicolispeciali.com\/wp-content\/uploads\/2026\/04\/autonegozio-salumi-formaggi-latteria-san-pietro.jpg\" class=\"attachment-full size-full wp-post-image\" alt=\"Camion \u00e9picerie Latteria San Pietro sur \u00e9lectrique Piaggio Porter\" srcset=\"https:\/\/www.vsveicolispeciali.com\/wp-content\/uploads\/2026\/04\/autonegozio-salumi-formaggi-latteria-san-pietro.jpg 800w, https:\/\/www.vsveicolispeciali.com\/wp-content\/uploads\/2026\/04\/autonegozio-salumi-formaggi-latteria-san-pietro-300x226.jpg 300w, https:\/\/www.vsveicolispeciali.com\/wp-content\/uploads\/2026\/04\/autonegozio-salumi-formaggi-latteria-san-pietro-768x578.jpg 768w, https:\/\/www.vsveicolispeciali.com\/wp-content\/uploads\/2026\/04\/autonegozio-salumi-formaggi-latteria-san-pietro-700x527.jpg 700w\" sizes=\"(max-width: 800px) 100vw, 800px\" \/><\/span><\/a><span class='text_holder'><span class='text_outer'><span class='text_inner'><div class=\"hover_feature_holder_title\"><div class=\"hover_feature_holder_title_inner\"><h5 itemprop=\"name\" class=\"portfolio_title entry_title\"><a itemprop=\"url\" href=\"https:\/\/www.vsveicolispeciali.com\/fr\/street-food-truck\/camion-epicerie-latteria-san-pietro\/\"  target=\"_self\">Camion \u00e9picerie Latteria San Pietro<\/a><\/h5><div  class=\"portfolio_separator separator  small center\"><\/div><span class=\"project_category\" >Food trucks, V\u00e9hicules \u00e9lectriques, Porter Craft X<\/span><\/div><\/div><span class='feature_holder'><span class=\"feature_holder_icons\"><a itemprop='url' class='preview qbutton small white' href='https:\/\/www.vsveicolispeciali.com\/fr\/street-food-truck\/camion-epicerie-latteria-san-pietro\/' target='_self'>view<\/a><span class='portfolio_like qbutton small white'><a  href=\"#\" class=\"qode-like\" id=\"qode-like-29562\" title=\"Like this\">1<span>  Like<\/span><\/a><\/span><\/span><\/span><\/span><\/span><\/span><\/div><\/article>\n<article class='mix portfolio_category_34 portfolio_category_202 ' style=''><div class='image_holder'><a itemprop='url' class='portfolio_link_for_touch' href='https:\/\/www.vsveicolispeciali.com\/fr\/street-food-truck\/camion-restaurant-picasso\/' target='_self'><span class='image'><img loading=\"lazy\" decoding=\"async\" width=\"1000\" height=\"800\" src=\"https:\/\/www.vsveicolispeciali.com\/wp-content\/uploads\/2025\/12\/food-catering-truck-picasso.jpg\" class=\"attachment-full size-full wp-post-image\" alt=\"Camion Restaurant PICASSO\" srcset=\"https:\/\/www.vsveicolispeciali.com\/wp-content\/uploads\/2025\/12\/food-catering-truck-picasso.jpg 1000w, https:\/\/www.vsveicolispeciali.com\/wp-content\/uploads\/2025\/12\/food-catering-truck-picasso-300x240.jpg 300w, https:\/\/www.vsveicolispeciali.com\/wp-content\/uploads\/2025\/12\/food-catering-truck-picasso-768x614.jpg 768w, https:\/\/www.vsveicolispeciali.com\/wp-content\/uploads\/2025\/12\/food-catering-truck-picasso-700x560.jpg 700w\" sizes=\"(max-width: 1000px) 100vw, 1000px\" \/><\/span><\/a><span class='text_holder'><span class='text_outer'><span class='text_inner'><div class=\"hover_feature_holder_title\"><div class=\"hover_feature_holder_title_inner\"><h5 itemprop=\"name\" class=\"portfolio_title entry_title\"><a itemprop=\"url\" href=\"https:\/\/www.vsveicolispeciali.com\/fr\/street-food-truck\/camion-restaurant-picasso\/\"  target=\"_self\">Camion Restaurant PICASSO<\/a><\/h5><div  class=\"portfolio_separator separator  small center\"><\/div><span class=\"project_category\" >Food trucks, Porter Craft X<\/span><\/div><\/div><span class='feature_holder'><span class=\"feature_holder_icons\"><a itemprop='url' class='preview qbutton small white' href='https:\/\/www.vsveicolispeciali.com\/fr\/street-food-truck\/camion-restaurant-picasso\/' target='_self'>view<\/a><span class='portfolio_like qbutton small white'><a  href=\"#\" class=\"qode-like\" id=\"qode-like-29161\" title=\"Like this\">2<span>  Likes<\/span><\/a><\/span><\/span><\/span><\/span><\/span><\/span><\/div><\/article>\n<article class='mix portfolio_category_34 portfolio_category_124 portfolio_category_126 portfolio_category_202 ' style=''><div class='image_holder'><a itemprop='url' class='portfolio_link_for_touch' href='https:\/\/www.vsveicolispeciali.com\/fr\/street-food-truck\/hamburger-truck-rock-burger\/' target='_self'><span class='image'><img loading=\"lazy\" decoding=\"async\" width=\"1000\" height=\"800\" src=\"https:\/\/www.vsveicolispeciali.com\/wp-content\/uploads\/2025\/10\/hamburger-truck-piaggio-porter-rock-burger.jpg\" class=\"attachment-full size-full wp-post-image\" alt=\"hamburger truck piaggio porter rock burger\" srcset=\"https:\/\/www.vsveicolispeciali.com\/wp-content\/uploads\/2025\/10\/hamburger-truck-piaggio-porter-rock-burger.jpg 1000w, https:\/\/www.vsveicolispeciali.com\/wp-content\/uploads\/2025\/10\/hamburger-truck-piaggio-porter-rock-burger-300x240.jpg 300w, https:\/\/www.vsveicolispeciali.com\/wp-content\/uploads\/2025\/10\/hamburger-truck-piaggio-porter-rock-burger-768x614.jpg 768w, https:\/\/www.vsveicolispeciali.com\/wp-content\/uploads\/2025\/10\/hamburger-truck-piaggio-porter-rock-burger-700x560.jpg 700w\" sizes=\"(max-width: 1000px) 100vw, 1000px\" \/><\/span><\/a><span class='text_holder'><span class='text_outer'><span class='text_inner'><div class=\"hover_feature_holder_title\"><div class=\"hover_feature_holder_title_inner\"><h5 itemprop=\"name\" class=\"portfolio_title entry_title\"><a itemprop=\"url\" href=\"https:\/\/www.vsveicolispeciali.com\/fr\/street-food-truck\/hamburger-truck-rock-burger\/\"  target=\"_self\">HAMBURGER TRUCK ROCK BURGER<\/a><\/h5><div  class=\"portfolio_separator separator  small center\"><\/div><span class=\"project_category\" >Food trucks, Street Food, Burger \/ Hamburger, Porter Craft X<\/span><\/div><\/div><span class='feature_holder'><span class=\"feature_holder_icons\"><a itemprop='url' class='preview qbutton small white' href='https:\/\/www.vsveicolispeciali.com\/fr\/street-food-truck\/hamburger-truck-rock-burger\/' target='_self'>view<\/a><span class='portfolio_like qbutton small white'><a  href=\"#\" class=\"qode-like\" id=\"qode-like-28909\" title=\"Like this\">2<span>  Likes<\/span><\/a><\/span><\/span><\/span><\/span><\/span><\/span><\/div><\/article>\n<article class='mix portfolio_category_34 portfolio_category_124 portfolio_category_126 portfolio_category_202 ' style=''><div class='image_holder'><a itemprop='url' class='portfolio_link_for_touch' href='https:\/\/www.vsveicolispeciali.com\/fr\/street-food-truck\/camion-burger-shiso-burger\/' target='_self'><span class='image'><img loading=\"lazy\" decoding=\"async\" width=\"1000\" height=\"800\" src=\"https:\/\/www.vsveicolispeciali.com\/wp-content\/uploads\/2025\/10\/hamburger-truck-shiso-burger.jpg\" class=\"attachment-full size-full wp-post-image\" alt=\"camion burger shiso burger\" srcset=\"https:\/\/www.vsveicolispeciali.com\/wp-content\/uploads\/2025\/10\/hamburger-truck-shiso-burger.jpg 1000w, https:\/\/www.vsveicolispeciali.com\/wp-content\/uploads\/2025\/10\/hamburger-truck-shiso-burger-300x240.jpg 300w, https:\/\/www.vsveicolispeciali.com\/wp-content\/uploads\/2025\/10\/hamburger-truck-shiso-burger-768x614.jpg 768w, https:\/\/www.vsveicolispeciali.com\/wp-content\/uploads\/2025\/10\/hamburger-truck-shiso-burger-700x560.jpg 700w\" sizes=\"(max-width: 1000px) 100vw, 1000px\" \/><\/span><\/a><span class='text_holder'><span class='text_outer'><span class='text_inner'><div class=\"hover_feature_holder_title\"><div class=\"hover_feature_holder_title_inner\"><h5 itemprop=\"name\" class=\"portfolio_title entry_title\"><a itemprop=\"url\" href=\"https:\/\/www.vsveicolispeciali.com\/fr\/street-food-truck\/camion-burger-shiso-burger\/\"  target=\"_self\">CAMION BURGER SHISO BURGER<\/a><\/h5><div  class=\"portfolio_separator separator  small center\"><\/div><span class=\"project_category\" >Food trucks, Street Food, Burger \/ Hamburger, Porter Craft X<\/span><\/div><\/div><span class='feature_holder'><span class=\"feature_holder_icons\"><a itemprop='url' class='preview qbutton small white' href='https:\/\/www.vsveicolispeciali.com\/fr\/street-food-truck\/camion-burger-shiso-burger\/' target='_self'>view<\/a><span class='portfolio_like qbutton small white'><a  href=\"#\" class=\"qode-like\" id=\"qode-like-28807\" title=\"Like this\">3<span>  Likes<\/span><\/a><\/span><\/span><\/span><\/span><\/span><\/span><\/div><\/article>\n<article class='mix portfolio_category_34 portfolio_category_124 portfolio_category_127 portfolio_category_202 ' style=''><div class='image_holder'><a itemprop='url' class='portfolio_link_for_touch' href='https:\/\/www.vsveicolispeciali.com\/fr\/street-food-truck\/food-truck-glaces-eiswerkstatt\/' target='_self'><span class='image'><img loading=\"lazy\" decoding=\"async\" width=\"1000\" height=\"800\" src=\"https:\/\/www.vsveicolispeciali.com\/wp-content\/uploads\/2024\/10\/gelateria-mobile-eiswerkstatt.jpg\" class=\"attachment-full size-full wp-post-image\" alt=\"Food Truck Glaces Eiswerkstatt Piaggio Porter Craft X\" srcset=\"https:\/\/www.vsveicolispeciali.com\/wp-content\/uploads\/2024\/10\/gelateria-mobile-eiswerkstatt.jpg 1000w, https:\/\/www.vsveicolispeciali.com\/wp-content\/uploads\/2024\/10\/gelateria-mobile-eiswerkstatt-300x240.jpg 300w, https:\/\/www.vsveicolispeciali.com\/wp-content\/uploads\/2024\/10\/gelateria-mobile-eiswerkstatt-768x614.jpg 768w, https:\/\/www.vsveicolispeciali.com\/wp-content\/uploads\/2024\/10\/gelateria-mobile-eiswerkstatt-700x560.jpg 700w\" sizes=\"(max-width: 1000px) 100vw, 1000px\" \/><\/span><\/a><span class='text_holder'><span class='text_outer'><span class='text_inner'><div class=\"hover_feature_holder_title\"><div class=\"hover_feature_holder_title_inner\"><h5 itemprop=\"name\" class=\"portfolio_title entry_title\"><a itemprop=\"url\" href=\"https:\/\/www.vsveicolispeciali.com\/fr\/street-food-truck\/food-truck-glaces-eiswerkstatt\/\"  target=\"_self\">Food Truck Glaces EISWERKSTATT<\/a><\/h5><div  class=\"portfolio_separator separator  small center\"><\/div><span class=\"project_category\" >Food trucks, Street Food, Glac\u00e9, Porter Craft X<\/span><\/div><\/div><span class='feature_holder'><span class=\"feature_holder_icons\"><a itemprop='url' class='preview qbutton small white' href='https:\/\/www.vsveicolispeciali.com\/fr\/street-food-truck\/food-truck-glaces-eiswerkstatt\/' target='_self'>view<\/a><span class='portfolio_like qbutton small white'><a  href=\"#\" class=\"qode-like\" id=\"qode-like-26785\" title=\"Like this\">3<span>  Likes<\/span><\/a><\/span><\/span><\/span><\/span><\/span><\/span><\/div><\/article>\n<article class='mix portfolio_category_34 portfolio_category_202 ' style=''><div class='image_holder'><a itemprop='url' class='portfolio_link_for_touch' href='https:\/\/www.vsveicolispeciali.com\/fr\/street-food-truck\/food-truck-traiteur-haut-metsghane\/' target='_self'><span class='image'><img loading=\"lazy\" decoding=\"async\" width=\"1000\" height=\"800\" src=\"https:\/\/www.vsveicolispeciali.com\/wp-content\/uploads\/2024\/07\/gastronomia-ambulante-food-truck.jpg\" class=\"attachment-full size-full wp-post-image\" alt=\"Food Truck traiteur et epicerie - Haut Mets&#039;Ghane\" srcset=\"https:\/\/www.vsveicolispeciali.com\/wp-content\/uploads\/2024\/07\/gastronomia-ambulante-food-truck.jpg 1000w, https:\/\/www.vsveicolispeciali.com\/wp-content\/uploads\/2024\/07\/gastronomia-ambulante-food-truck-300x240.jpg 300w, https:\/\/www.vsveicolispeciali.com\/wp-content\/uploads\/2024\/07\/gastronomia-ambulante-food-truck-768x614.jpg 768w, https:\/\/www.vsveicolispeciali.com\/wp-content\/uploads\/2024\/07\/gastronomia-ambulante-food-truck-700x560.jpg 700w\" sizes=\"(max-width: 1000px) 100vw, 1000px\" \/><\/span><\/a><span class='text_holder'><span class='text_outer'><span class='text_inner'><div class=\"hover_feature_holder_title\"><div class=\"hover_feature_holder_title_inner\"><h5 itemprop=\"name\" class=\"portfolio_title entry_title\"><a itemprop=\"url\" href=\"https:\/\/www.vsveicolispeciali.com\/fr\/street-food-truck\/food-truck-traiteur-haut-metsghane\/\"  target=\"_self\">Food Truck Traiteur &#8211; Haut Mets&rsquo;Ghane<\/a><\/h5><div  class=\"portfolio_separator separator  small center\"><\/div><span class=\"project_category\" >Food trucks, Porter Craft X<\/span><\/div><\/div><span class='feature_holder'><span class=\"feature_holder_icons\"><a itemprop='url' class='preview qbutton small white' href='https:\/\/www.vsveicolispeciali.com\/fr\/street-food-truck\/food-truck-traiteur-haut-metsghane\/' target='_self'>view<\/a><span class='portfolio_like qbutton small white'><a  href=\"#\" class=\"qode-like\" id=\"qode-like-26006\" title=\"Like this\">6<span>  Likes<\/span><\/a><\/span><\/span><\/span><\/span><\/span><\/span><\/div><\/article>\n<article class='mix portfolio_category_34 portfolio_category_202 ' style=''><div class='image_holder'><a itemprop='url' class='portfolio_link_for_touch' href='https:\/\/www.vsveicolispeciali.com\/fr\/street-food-truck\/bagel-truck-porter-piaggio-np6-ghost-bagel\/' target='_self'><span class='image'><img loading=\"lazy\" decoding=\"async\" width=\"1000\" height=\"800\" src=\"https:\/\/www.vsveicolispeciali.com\/wp-content\/uploads\/2024\/02\/bagel-truck-ghost-bagel.jpg\" class=\"attachment-full size-full wp-post-image\" alt=\"food truck ghost bagel petit-d\u00e9jeuner a Lugano\" srcset=\"https:\/\/www.vsveicolispeciali.com\/wp-content\/uploads\/2024\/02\/bagel-truck-ghost-bagel.jpg 1000w, https:\/\/www.vsveicolispeciali.com\/wp-content\/uploads\/2024\/02\/bagel-truck-ghost-bagel-300x240.jpg 300w, https:\/\/www.vsveicolispeciali.com\/wp-content\/uploads\/2024\/02\/bagel-truck-ghost-bagel-768x614.jpg 768w, https:\/\/www.vsveicolispeciali.com\/wp-content\/uploads\/2024\/02\/bagel-truck-ghost-bagel-700x560.jpg 700w\" sizes=\"(max-width: 1000px) 100vw, 1000px\" \/><\/span><\/a><span class='text_holder'><span class='text_outer'><span class='text_inner'><div class=\"hover_feature_holder_title\"><div class=\"hover_feature_holder_title_inner\"><h5 itemprop=\"name\" class=\"portfolio_title entry_title\"><a itemprop=\"url\" href=\"https:\/\/www.vsveicolispeciali.com\/fr\/street-food-truck\/bagel-truck-porter-piaggio-np6-ghost-bagel\/\"  target=\"_self\">Bagel Truck &#8211; Ghost Bagel<\/a><\/h5><div  class=\"portfolio_separator separator  small center\"><\/div><span class=\"project_category\" >Food trucks, Porter Craft X<\/span><\/div><\/div><span class='feature_holder'><span class=\"feature_holder_icons\"><a itemprop='url' class='preview qbutton small white' href='https:\/\/www.vsveicolispeciali.com\/fr\/street-food-truck\/bagel-truck-porter-piaggio-np6-ghost-bagel\/' target='_self'>view<\/a><span class='portfolio_like qbutton small white'><a  href=\"#\" class=\"qode-like\" id=\"qode-like-25209\" title=\"Like this\">4<span>  Likes<\/span><\/a><\/span><\/span><\/span><\/span><\/span><\/span><\/div><\/article>\n<article class='mix portfolio_category_34 portfolio_category_202 portfolio_category_617 ' style=''><div class='image_holder'><a itemprop='url' class='portfolio_link_for_touch' href='https:\/\/www.vsveicolispeciali.com\/fr\/street-food-truck\/food-truck-gourmet-latelier-harmonie\/' target='_self'><span class='image'><img loading=\"lazy\" decoding=\"async\" width=\"1000\" height=\"800\" src=\"https:\/\/www.vsveicolispeciali.com\/wp-content\/uploads\/2024\/02\/food-truck-gourmet-atelier-harmonie.jpg\" class=\"attachment-full size-full wp-post-image\" alt=\"food truck gourmet L&#039;atelier Harmonie\" srcset=\"https:\/\/www.vsveicolispeciali.com\/wp-content\/uploads\/2024\/02\/food-truck-gourmet-atelier-harmonie.jpg 1000w, https:\/\/www.vsveicolispeciali.com\/wp-content\/uploads\/2024\/02\/food-truck-gourmet-atelier-harmonie-300x240.jpg 300w, https:\/\/www.vsveicolispeciali.com\/wp-content\/uploads\/2024\/02\/food-truck-gourmet-atelier-harmonie-768x614.jpg 768w, https:\/\/www.vsveicolispeciali.com\/wp-content\/uploads\/2024\/02\/food-truck-gourmet-atelier-harmonie-700x560.jpg 700w\" sizes=\"(max-width: 1000px) 100vw, 1000px\" \/><\/span><\/a><span class='text_holder'><span class='text_outer'><span class='text_inner'><div class=\"hover_feature_holder_title\"><div class=\"hover_feature_holder_title_inner\"><h5 itemprop=\"name\" class=\"portfolio_title entry_title\"><a itemprop=\"url\" href=\"https:\/\/www.vsveicolispeciali.com\/fr\/street-food-truck\/food-truck-gourmet-latelier-harmonie\/\"  target=\"_self\">Food Truck Gourmet &#8211; L\u2019Atelier Harmonie<\/a><\/h5><div  class=\"portfolio_separator separator  small center\"><\/div><span class=\"project_category\" >Food trucks, Porter Craft X, Chef<\/span><\/div><\/div><span class='feature_holder'><span class=\"feature_holder_icons\"><a itemprop='url' class='preview qbutton small white' href='https:\/\/www.vsveicolispeciali.com\/fr\/street-food-truck\/food-truck-gourmet-latelier-harmonie\/' target='_self'>view<\/a><span class='portfolio_like qbutton small white'><a  href=\"#\" class=\"qode-like\" id=\"qode-like-25192\" title=\"Like this\">3<span>  Likes<\/span><\/a><\/span><\/span><\/span><\/span><\/span><\/span><\/div><\/article>\n<article class='mix portfolio_category_34 portfolio_category_124 portfolio_category_127 portfolio_category_202 portfolio_category_415 portfolio_category_617 ' style=''><div class='image_holder'><a itemprop='url' class='portfolio_link_for_touch' href='https:\/\/www.vsveicolispeciali.com\/fr\/street-food-truck\/patisserie-ambulante-cheffes\/' target='_self'><span class='image'><img loading=\"lazy\" decoding=\"async\" width=\"1000\" height=\"800\" src=\"https:\/\/www.vsveicolispeciali.com\/wp-content\/uploads\/2023\/10\/food-truck-pasticceria-cheffes.jpg\" class=\"attachment-full size-full wp-post-image\" alt=\"food truck pasticceria cheffes\" srcset=\"https:\/\/www.vsveicolispeciali.com\/wp-content\/uploads\/2023\/10\/food-truck-pasticceria-cheffes.jpg 1000w, https:\/\/www.vsveicolispeciali.com\/wp-content\/uploads\/2023\/10\/food-truck-pasticceria-cheffes-300x240.jpg 300w, https:\/\/www.vsveicolispeciali.com\/wp-content\/uploads\/2023\/10\/food-truck-pasticceria-cheffes-768x614.jpg 768w, https:\/\/www.vsveicolispeciali.com\/wp-content\/uploads\/2023\/10\/food-truck-pasticceria-cheffes-700x560.jpg 700w\" sizes=\"(max-width: 1000px) 100vw, 1000px\" \/><\/span><\/a><span class='text_holder'><span class='text_outer'><span class='text_inner'><div class=\"hover_feature_holder_title\"><div class=\"hover_feature_holder_title_inner\"><h5 itemprop=\"name\" class=\"portfolio_title entry_title\"><a itemprop=\"url\" href=\"https:\/\/www.vsveicolispeciali.com\/fr\/street-food-truck\/patisserie-ambulante-cheffes\/\"  target=\"_self\">P\u00e2tisserie Ambulante Cheffes<\/a><\/h5><div  class=\"portfolio_separator separator  small center\"><\/div><span class=\"project_category\" >Food trucks, Street Food, Glac\u00e9, Porter Craft X, P\u00e2tisserie, Chef<\/span><\/div><\/div><span class='feature_holder'><span class=\"feature_holder_icons\"><a itemprop='url' class='preview qbutton small white' href='https:\/\/www.vsveicolispeciali.com\/fr\/street-food-truck\/patisserie-ambulante-cheffes\/' target='_self'>view<\/a><span class='portfolio_like qbutton small white'><a  href=\"#\" class=\"qode-like\" id=\"qode-like-24643\" title=\"Like this\">5<span>  Likes<\/span><\/a><\/span><\/span><\/span><\/span><\/span><\/span><\/div><\/article>\n<article class='mix portfolio_category_34 portfolio_category_124 portfolio_category_202 portfolio_category_396 ' style=''><div class='image_holder'><a itemprop='url' class='portfolio_link_for_touch' href='https:\/\/www.vsveicolispeciali.com\/fr\/street-food-truck\/cocktail-truck-aperol-spritz\/' target='_self'><span class='image'><img loading=\"lazy\" decoding=\"async\" width=\"1000\" height=\"800\" src=\"https:\/\/www.vsveicolispeciali.com\/wp-content\/uploads\/2023\/07\/cocktail-truck-aperol-spritz.jpg\" class=\"attachment-full size-full wp-post-image\" alt=\"cocktail truck aperol spritz pour servir des ap\u00e9ritifs \u00e0 base d&#039;Aperol\" srcset=\"https:\/\/www.vsveicolispeciali.com\/wp-content\/uploads\/2023\/07\/cocktail-truck-aperol-spritz.jpg 1000w, https:\/\/www.vsveicolispeciali.com\/wp-content\/uploads\/2023\/07\/cocktail-truck-aperol-spritz-300x240.jpg 300w, https:\/\/www.vsveicolispeciali.com\/wp-content\/uploads\/2023\/07\/cocktail-truck-aperol-spritz-768x614.jpg 768w, https:\/\/www.vsveicolispeciali.com\/wp-content\/uploads\/2023\/07\/cocktail-truck-aperol-spritz-700x560.jpg 700w\" sizes=\"(max-width: 1000px) 100vw, 1000px\" \/><\/span><\/a><span class='text_holder'><span class='text_outer'><span class='text_inner'><div class=\"hover_feature_holder_title\"><div class=\"hover_feature_holder_title_inner\"><h5 itemprop=\"name\" class=\"portfolio_title entry_title\"><a itemprop=\"url\" href=\"https:\/\/www.vsveicolispeciali.com\/fr\/street-food-truck\/cocktail-truck-aperol-spritz\/\"  target=\"_self\">Cocktail Truck Aperol Spritz<\/a><\/h5><div  class=\"portfolio_separator separator  small center\"><\/div><span class=\"project_category\" >Food trucks, Street Food, Porter Craft X, Cocktail-Bar<\/span><\/div><\/div><span class='feature_holder'><span class=\"feature_holder_icons\"><a itemprop='url' class='preview qbutton small white' href='https:\/\/www.vsveicolispeciali.com\/fr\/street-food-truck\/cocktail-truck-aperol-spritz\/' target='_self'>view<\/a><span class='portfolio_like qbutton small white'><a  href=\"#\" class=\"qode-like\" id=\"qode-like-23699\" title=\"Like this\">6<span>  Likes<\/span><\/a><\/span><\/span><\/span><\/span><\/span><\/span><\/div><\/article>\n<article class='mix portfolio_category_34 portfolio_category_124 portfolio_category_127 portfolio_category_202 ' style=''><div class='image_holder'><a itemprop='url' class='portfolio_link_for_touch' href='https:\/\/www.vsveicolispeciali.com\/fr\/street-food-truck\/camion-de-glace-pistacchio-gelateria\/' target='_self'><span class='image'><img loading=\"lazy\" decoding=\"async\" width=\"1000\" height=\"800\" src=\"https:\/\/www.vsveicolispeciali.com\/wp-content\/uploads\/2023\/06\/food-truck-gelateria-sciacca.jpg\" class=\"attachment-full size-full wp-post-image\" alt=\"camion de glac\u00e9 Piaggio Porter Sciacca\" srcset=\"https:\/\/www.vsveicolispeciali.com\/wp-content\/uploads\/2023\/06\/food-truck-gelateria-sciacca.jpg 1000w, https:\/\/www.vsveicolispeciali.com\/wp-content\/uploads\/2023\/06\/food-truck-gelateria-sciacca-300x240.jpg 300w, https:\/\/www.vsveicolispeciali.com\/wp-content\/uploads\/2023\/06\/food-truck-gelateria-sciacca-768x614.jpg 768w, https:\/\/www.vsveicolispeciali.com\/wp-content\/uploads\/2023\/06\/food-truck-gelateria-sciacca-700x560.jpg 700w\" sizes=\"(max-width: 1000px) 100vw, 1000px\" \/><\/span><\/a><span class='text_holder'><span class='text_outer'><span class='text_inner'><div class=\"hover_feature_holder_title\"><div class=\"hover_feature_holder_title_inner\"><h5 itemprop=\"name\" class=\"portfolio_title entry_title\"><a itemprop=\"url\" href=\"https:\/\/www.vsveicolispeciali.com\/fr\/street-food-truck\/camion-de-glace-pistacchio-gelateria\/\"  target=\"_self\">Camion de Glac\u00e9 Pistacchio Gelateria<\/a><\/h5><div  class=\"portfolio_separator separator  small center\"><\/div><span class=\"project_category\" >Food trucks, Street Food, Glac\u00e9, Porter Craft X<\/span><\/div><\/div><span class='feature_holder'><span class=\"feature_holder_icons\"><a itemprop='url' class='preview qbutton small white' href='https:\/\/www.vsveicolispeciali.com\/fr\/street-food-truck\/camion-de-glace-pistacchio-gelateria\/' target='_self'>view<\/a><span class='portfolio_like qbutton small white'><a  href=\"#\" class=\"qode-like\" id=\"qode-like-23517\" title=\"Like this\">4<span>  Likes<\/span><\/a><\/span><\/span><\/span><\/span><\/span><\/span><\/div><\/article>\n<article class='mix portfolio_category_34 portfolio_category_124 portfolio_category_127 portfolio_category_202 ' style=''><div class='image_holder'><a itemprop='url' class='portfolio_link_for_touch' href='https:\/\/www.vsveicolispeciali.com\/fr\/street-food-truck\/food-truck-glaces-kalle\/' target='_self'><span class='image'><img loading=\"lazy\" decoding=\"async\" width=\"1000\" height=\"800\" src=\"https:\/\/www.vsveicolispeciali.com\/wp-content\/uploads\/2023\/06\/porter-gelateria-ambulante-kalle.jpg\" class=\"attachment-full size-full wp-post-image\" alt=\"porter Food Truck Glaces KALLE\" srcset=\"https:\/\/www.vsveicolispeciali.com\/wp-content\/uploads\/2023\/06\/porter-gelateria-ambulante-kalle.jpg 1000w, https:\/\/www.vsveicolispeciali.com\/wp-content\/uploads\/2023\/06\/porter-gelateria-ambulante-kalle-300x240.jpg 300w, https:\/\/www.vsveicolispeciali.com\/wp-content\/uploads\/2023\/06\/porter-gelateria-ambulante-kalle-768x614.jpg 768w, https:\/\/www.vsveicolispeciali.com\/wp-content\/uploads\/2023\/06\/porter-gelateria-ambulante-kalle-700x560.jpg 700w\" sizes=\"(max-width: 1000px) 100vw, 1000px\" \/><\/span><\/a><span class='text_holder'><span class='text_outer'><span class='text_inner'><div class=\"hover_feature_holder_title\"><div class=\"hover_feature_holder_title_inner\"><h5 itemprop=\"name\" class=\"portfolio_title entry_title\"><a itemprop=\"url\" href=\"https:\/\/www.vsveicolispeciali.com\/fr\/street-food-truck\/food-truck-glaces-kalle\/\"  target=\"_self\">Food Truck Glaces KALLE<\/a><\/h5><div  class=\"portfolio_separator separator  small center\"><\/div><span class=\"project_category\" >Food trucks, Street Food, Glac\u00e9, Porter Craft X<\/span><\/div><\/div><span class='feature_holder'><span class=\"feature_holder_icons\"><a itemprop='url' class='preview qbutton small white' href='https:\/\/www.vsveicolispeciali.com\/fr\/street-food-truck\/food-truck-glaces-kalle\/' target='_self'>view<\/a><span class='portfolio_like qbutton small white'><a  href=\"#\" class=\"qode-like\" id=\"qode-like-23495\" title=\"Like this\">5<span>  Likes<\/span><\/a><\/span><\/span><\/span><\/span><\/span><\/span><\/div><\/article>\n<article class='mix portfolio_category_34 portfolio_category_124 portfolio_category_127 portfolio_category_202 ' style=''><div class='image_holder'><a itemprop='url' class='portfolio_link_for_touch' href='https:\/\/www.vsveicolispeciali.com\/fr\/street-food-truck\/piaggio-porter-gelateria-tesserete-sagl\/' target='_self'><span class='image'><img loading=\"lazy\" decoding=\"async\" width=\"1000\" height=\"800\" src=\"https:\/\/www.vsveicolispeciali.com\/wp-content\/uploads\/2023\/03\/piaggio-porter-gelateria-tesserete-sagl.jpeg\" class=\"attachment-full size-full wp-post-image\" alt=\"piaggio porter gelateria tesserete sagl swiss\" srcset=\"https:\/\/www.vsveicolispeciali.com\/wp-content\/uploads\/2023\/03\/piaggio-porter-gelateria-tesserete-sagl.jpeg 1000w, https:\/\/www.vsveicolispeciali.com\/wp-content\/uploads\/2023\/03\/piaggio-porter-gelateria-tesserete-sagl-300x240.jpeg 300w, https:\/\/www.vsveicolispeciali.com\/wp-content\/uploads\/2023\/03\/piaggio-porter-gelateria-tesserete-sagl-768x614.jpeg 768w, https:\/\/www.vsveicolispeciali.com\/wp-content\/uploads\/2023\/03\/piaggio-porter-gelateria-tesserete-sagl-700x560.jpeg 700w\" sizes=\"(max-width: 1000px) 100vw, 1000px\" \/><\/span><\/a><span class='text_holder'><span class='text_outer'><span class='text_inner'><div class=\"hover_feature_holder_title\"><div class=\"hover_feature_holder_title_inner\"><h5 itemprop=\"name\" class=\"portfolio_title entry_title\"><a itemprop=\"url\" href=\"https:\/\/www.vsveicolispeciali.com\/fr\/street-food-truck\/piaggio-porter-gelateria-tesserete-sagl\/\"  target=\"_self\">Piaggio Porter Gelateria Tesserete Sagl<\/a><\/h5><div  class=\"portfolio_separator separator  small center\"><\/div><span class=\"project_category\" >Food trucks, Street Food, Glac\u00e9, Porter Craft X<\/span><\/div><\/div><span class='feature_holder'><span class=\"feature_holder_icons\"><a itemprop='url' class='preview qbutton small white' href='https:\/\/www.vsveicolispeciali.com\/fr\/street-food-truck\/piaggio-porter-gelateria-tesserete-sagl\/' target='_self'>view<\/a><span class='portfolio_like qbutton small white'><a  href=\"#\" class=\"qode-like\" id=\"qode-like-22475\" title=\"Like this\">8<span>  Likes<\/span><\/a><\/span><\/span><\/span><\/span><\/span><\/span><\/div><\/article>\n<article class='mix portfolio_category_34 portfolio_category_124 portfolio_category_202 portfolio_category_415 ' style=''><div class='image_holder'><a itemprop='url' class='portfolio_link_for_touch' href='https:\/\/www.vsveicolispeciali.com\/fr\/street-food-truck\/food-truck-patisserie-monchausse\/' target='_self'><span class='image'><img loading=\"lazy\" decoding=\"async\" width=\"1000\" height=\"800\" src=\"https:\/\/www.vsveicolispeciali.com\/wp-content\/uploads\/2023\/03\/Food-Truck-Pasticceria-Monchausse.jpeg\" class=\"attachment-full size-full wp-post-image\" alt=\"Food Truck Patisserie Boulangerie Monchausse\" srcset=\"https:\/\/www.vsveicolispeciali.com\/wp-content\/uploads\/2023\/03\/Food-Truck-Pasticceria-Monchausse.jpeg 1000w, https:\/\/www.vsveicolispeciali.com\/wp-content\/uploads\/2023\/03\/Food-Truck-Pasticceria-Monchausse-300x240.jpeg 300w, https:\/\/www.vsveicolispeciali.com\/wp-content\/uploads\/2023\/03\/Food-Truck-Pasticceria-Monchausse-768x614.jpeg 768w, https:\/\/www.vsveicolispeciali.com\/wp-content\/uploads\/2023\/03\/Food-Truck-Pasticceria-Monchausse-700x560.jpeg 700w\" sizes=\"(max-width: 1000px) 100vw, 1000px\" \/><\/span><\/a><span class='text_holder'><span class='text_outer'><span class='text_inner'><div class=\"hover_feature_holder_title\"><div class=\"hover_feature_holder_title_inner\"><h5 itemprop=\"name\" class=\"portfolio_title entry_title\"><a itemprop=\"url\" href=\"https:\/\/www.vsveicolispeciali.com\/fr\/street-food-truck\/food-truck-patisserie-monchausse\/\"  target=\"_self\">Food Truck P\u00e2tisserie &#8211; Monchauss\u00e9<\/a><\/h5><div  class=\"portfolio_separator separator  small center\"><\/div><span class=\"project_category\" >Food trucks, Street Food, Porter Craft X, P\u00e2tisserie<\/span><\/div><\/div><span class='feature_holder'><span class=\"feature_holder_icons\"><a itemprop='url' class='preview qbutton small white' href='https:\/\/www.vsveicolispeciali.com\/fr\/street-food-truck\/food-truck-patisserie-monchausse\/' target='_self'>view<\/a><span class='portfolio_like qbutton small white'><a  href=\"#\" class=\"qode-like\" id=\"qode-like-22480\" title=\"Like this\">4<span>  Likes<\/span><\/a><\/span><\/span><\/span><\/span><\/span><\/span><\/div><\/article>\n<article class='mix portfolio_category_34 portfolio_category_202 ' style=''><div class='image_holder'><a itemprop='url' class='portfolio_link_for_touch' href='https:\/\/www.vsveicolispeciali.com\/fr\/street-food-truck\/food-truck-porter-craft-x-loeuforie\/' target='_self'><span class='image'><img loading=\"lazy\" decoding=\"async\" width=\"1000\" height=\"800\" src=\"https:\/\/www.vsveicolispeciali.com\/wp-content\/uploads\/2022\/11\/food-truck-porter-craft-x-LOeuforie.jpg\" class=\"attachment-full size-full wp-post-image\" alt=\"food truck porter craft x L\u2019Oeuforie\" srcset=\"https:\/\/www.vsveicolispeciali.com\/wp-content\/uploads\/2022\/11\/food-truck-porter-craft-x-LOeuforie.jpg 1000w, https:\/\/www.vsveicolispeciali.com\/wp-content\/uploads\/2022\/11\/food-truck-porter-craft-x-LOeuforie-300x240.jpg 300w, https:\/\/www.vsveicolispeciali.com\/wp-content\/uploads\/2022\/11\/food-truck-porter-craft-x-LOeuforie-768x614.jpg 768w, https:\/\/www.vsveicolispeciali.com\/wp-content\/uploads\/2022\/11\/food-truck-porter-craft-x-LOeuforie-700x560.jpg 700w\" sizes=\"(max-width: 1000px) 100vw, 1000px\" \/><\/span><\/a><span class='text_holder'><span class='text_outer'><span class='text_inner'><div class=\"hover_feature_holder_title\"><div class=\"hover_feature_holder_title_inner\"><h5 itemprop=\"name\" class=\"portfolio_title entry_title\"><a itemprop=\"url\" href=\"https:\/\/www.vsveicolispeciali.com\/fr\/street-food-truck\/food-truck-porter-craft-x-loeuforie\/\"  target=\"_self\">Food Truck Porter Craft X L\u2019Oeuforie<\/a><\/h5><div  class=\"portfolio_separator separator  small center\"><\/div><span class=\"project_category\" >Food trucks, Porter Craft X<\/span><\/div><\/div><span class='feature_holder'><span class=\"feature_holder_icons\"><a itemprop='url' class='preview qbutton small white' href='https:\/\/www.vsveicolispeciali.com\/fr\/street-food-truck\/food-truck-porter-craft-x-loeuforie\/' target='_self'>view<\/a><span class='portfolio_like qbutton small white'><a  href=\"#\" class=\"qode-like\" id=\"qode-like-19682\" title=\"Like this\">9<span>  Likes<\/span><\/a><\/span><\/span><\/span><\/span><\/span><\/span><\/div><\/article>\n<div class='filler'><\/div>\n<div class='filler'><\/div>\n<div class='filler'><\/div>\n<div class='filler'><\/div>\n<div class='filler'><\/div>\n<\/div><\/div>[vc_separator type=\u00a0\u00bbtransparent\u00a0\u00bb thickness=\u00a0\u00bb120&Prime;][\/vc_column][\/vc_row][vc_row css_animation=\u00a0\u00bb\u00a0\u00bb row_type=\u00a0\u00bbrow\u00a0\u00bb use_row_as_full_screen_section=\u00a0\u00bbno\u00a0\u00bb type=\u00a0\u00bbfull_width\u00a0\u00bb angled_section=\u00a0\u00bbno\u00a0\u00bb text_align=\u00a0\u00bbleft\u00a0\u00bb background_image_as_pattern=\u00a0\u00bbwithout_pattern\u00a0\u00bb z_index=\u00a0\u00bb\u00a0\u00bb padding_bottom=\u00a0\u00bb120&Prime;][vc_column]<div class=\"container_inner\"><div class=\"call_to_action simple\" style=\"\"><div class=\"text_wrapper column1\"><div class=\"call_to_action_text  font_weight_inherit letter_spacing_inherit\" style=\"font-weight: 300;letter-spacing: 1px;\">D\u00e9couvrez toutes les caract\u00e9ristiques du Porter Craft X<\/div><a itemprop=\"url\" href=\"http:\/\/www.vsveicolispeciali.com\/fr\/vs-innovation-lab\/porter-craft-x\/\" class=\"qbutton white big_large\" target=\"\" style=\"\">Cliquez ICI<\/a><\/div><\/div><\/div>[\/vc_column][\/vc_row]<\/p>\n<\/div>","protected":false},"excerpt":{"rendered":"<p>[vc_row css_animation=\u00a0\u00bb\u00a0\u00bb row_type=\u00a0\u00bbrow\u00a0\u00bb use_row_as_full_screen_section=\u00a0\u00bbno\u00a0\u00bb type=\u00a0\u00bbgrid\u00a0\u00bb angled_section=\u00a0\u00bbno\u00a0\u00bb text_align=\u00a0\u00bbleft\u00a0\u00bb background_image_as_pattern=\u00a0\u00bbwithout_pattern\u00a0\u00bb][vc_column][vc_separator type=\u00a0\u00bbtransparent\u00a0\u00bb thickness=\u00a0\u00bb90&Prime; up=\u00a0\u00bb0&Prime; down=\u00a0\u00bb0&Prime;][vc_column_text] Am\u00e9nagement Piaggio Porter Craft X [\/vc_column_text][vc_separator type=\u00a0\u00bbsmall\u00a0\u00bb position=\u00a0\u00bbcenter\u00a0\u00bb][vc_row_inner row_type=\u00a0\u00bbrow\u00a0\u00bb type=\u00a0\u00bbfull_width\u00a0\u00bb text_align=\u00a0\u00bbcenter\u00a0\u00bb css_animation=\u00a0\u00bb\u00a0\u00bb][vc_column_inner width=\u00a0\u00bb1\/2&Prime;][vc_column_text] \u00c0 la crois\u00e9e des chemins entre l\u2019embl\u00e9matique triporteur Ape et un grand food truck, l\u2019am\u00e9nagement Piaggio Porter Craft X\u00a0est la&#8230;<\/p>\n","protected":false},"author":1001012,"featured_media":0,"parent":3714,"menu_order":4,"comment_status":"closed","ping_status":"closed","template":"full_width.php","meta":{"footnotes":""},"class_list":["post-18969","page","type-page","status-publish","hentry"],"yoast_head":"<!-- This site is optimized with the Yoast SEO plugin v25.4 - https:\/\/yoast.com\/wordpress\/plugins\/seo\/ -->\n<title>Food Truck Piaggio Porter Craft X | Restauration Mobile et Promotion<\/title>\n<meta name=\"description\" content=\"Le nouvel am\u00e9nagement Piaggio Porter Craft X r\u00e9duit la consommation et optimise l&#039;espace pour la cuisine de rue et les \u00e9v\u00e9nements &gt;\" \/>\n<meta name=\"robots\" content=\"index, follow, max-snippet:-1, max-image-preview:large, max-video-preview:-1\" \/>\n<link rel=\"canonical\" href=\"https:\/\/www.vsveicolispeciali.com\/fr\/amenagement-vehicules-magasin-commerce-ambulant\/food-truck-camion-magasin-pour-vente-ambulante\/piaggio-porter-craft-x\/\" \/>\n<meta property=\"og:locale\" content=\"fr_FR\" \/>\n<meta property=\"og:type\" content=\"article\" \/>\n<meta property=\"og:title\" content=\"Food Truck Piaggio Porter Craft X | Restauration Mobile et Promotion\" \/>\n<meta property=\"og:description\" content=\"Le nouvel am\u00e9nagement Piaggio Porter Craft X r\u00e9duit la consommation et optimise l&#039;espace pour la cuisine de rue et les \u00e9v\u00e9nements &gt;\" \/>\n<meta property=\"og:url\" content=\"https:\/\/www.vsveicolispeciali.com\/fr\/amenagement-vehicules-magasin-commerce-ambulant\/food-truck-camion-magasin-pour-vente-ambulante\/piaggio-porter-craft-x\/\" \/>\n<meta property=\"og:site_name\" content=\"VS Veicoli Speciali\" \/>\n<meta property=\"article:publisher\" content=\"https:\/\/www.facebook.com\/VSVeicoliSpeciali.Food.Trucks\/\" \/>\n<meta property=\"article:modified_time\" content=\"2023-02-23T15:19:33+00:00\" \/>\n<meta name=\"twitter:card\" content=\"summary_large_image\" \/>\n<meta name=\"twitter:site\" content=\"@veicolispeciali\" \/>\n<meta name=\"twitter:label1\" content=\"Dur\u00e9e de lecture estim\u00e9e\" \/>\n\t<meta name=\"twitter:data1\" content=\"2 minutes\" \/>\n<script type=\"application\/ld+json\" class=\"yoast-schema-graph\">{\"@context\":\"https:\/\/schema.org\",\"@graph\":[{\"@type\":\"WebPage\",\"@id\":\"https:\/\/www.vsveicolispeciali.com\/fr\/amenagement-vehicules-magasin-commerce-ambulant\/food-truck-camion-magasin-pour-vente-ambulante\/piaggio-porter-craft-x\/\",\"url\":\"https:\/\/www.vsveicolispeciali.com\/fr\/amenagement-vehicules-magasin-commerce-ambulant\/food-truck-camion-magasin-pour-vente-ambulante\/piaggio-porter-craft-x\/\",\"name\":\"Food Truck Piaggio Porter Craft X | Restauration Mobile et Promotion\",\"isPartOf\":{\"@id\":\"https:\/\/www.vsveicolispeciali.com\/fr\/#website\"},\"datePublished\":\"2022-11-22T13:32:43+00:00\",\"dateModified\":\"2023-02-23T15:19:33+00:00\",\"description\":\"Le nouvel am\u00e9nagement Piaggio Porter Craft X r\u00e9duit la consommation et optimise l'espace pour la cuisine de rue et les \u00e9v\u00e9nements >\",\"breadcrumb\":{\"@id\":\"https:\/\/www.vsveicolispeciali.com\/fr\/amenagement-vehicules-magasin-commerce-ambulant\/food-truck-camion-magasin-pour-vente-ambulante\/piaggio-porter-craft-x\/#breadcrumb\"},\"inLanguage\":\"fr-FR\",\"potentialAction\":[{\"@type\":\"ReadAction\",\"target\":[\"https:\/\/www.vsveicolispeciali.com\/fr\/amenagement-vehicules-magasin-commerce-ambulant\/food-truck-camion-magasin-pour-vente-ambulante\/piaggio-porter-craft-x\/\"]}]},{\"@type\":\"BreadcrumbList\",\"@id\":\"https:\/\/www.vsveicolispeciali.com\/fr\/amenagement-vehicules-magasin-commerce-ambulant\/food-truck-camion-magasin-pour-vente-ambulante\/piaggio-porter-craft-x\/#breadcrumb\",\"itemListElement\":[{\"@type\":\"ListItem\",\"position\":1,\"name\":\"Home\",\"item\":\"https:\/\/www.vsveicolispeciali.com\/fr\/\"},{\"@type\":\"ListItem\",\"position\":2,\"name\":\"Camions magasins pour commerce ambulant\",\"item\":\"https:\/\/www.vsveicolispeciali.com\/fr\/amenagement-vehicules-magasin-commerce-ambulant\/\"},{\"@type\":\"ListItem\",\"position\":3,\"name\":\"Food trucks pour restaurantion, vente ambulante et \u00e9v\u00e9nements\",\"item\":\"https:\/\/www.vsveicolispeciali.com\/fr\/amenagement-vehicules-magasin-commerce-ambulant\/food-truck-camion-magasin-pour-vente-ambulante\/\"},{\"@type\":\"ListItem\",\"position\":4,\"name\":\"Food Truck Piaggio Porter\"}]},{\"@type\":\"WebSite\",\"@id\":\"https:\/\/www.vsveicolispeciali.com\/fr\/#website\",\"url\":\"https:\/\/www.vsveicolispeciali.com\/fr\/\",\"name\":\"VS Veicoli Speciali\",\"description\":\"\",\"publisher\":{\"@id\":\"https:\/\/www.vsveicolispeciali.com\/fr\/#organization\"},\"potentialAction\":[{\"@type\":\"SearchAction\",\"target\":{\"@type\":\"EntryPoint\",\"urlTemplate\":\"https:\/\/www.vsveicolispeciali.com\/fr\/?s={search_term_string}\"},\"query-input\":{\"@type\":\"PropertyValueSpecification\",\"valueRequired\":true,\"valueName\":\"search_term_string\"}}],\"inLanguage\":\"fr-FR\"},{\"@type\":\"Organization\",\"@id\":\"https:\/\/www.vsveicolispeciali.com\/fr\/#organization\",\"name\":\"VS Veicoli Speciali\",\"url\":\"https:\/\/www.vsveicolispeciali.com\/fr\/\",\"logo\":{\"@type\":\"ImageObject\",\"inLanguage\":\"fr-FR\",\"@id\":\"https:\/\/www.vsveicolispeciali.com\/fr\/#\/schema\/logo\/image\/\",\"url\":\"http:\/\/www.vsveicolispeciali.com\/wp-content\/uploads\/2015\/05\/vs_veicoli_speciali-logo.png\",\"contentUrl\":\"http:\/\/www.vsveicolispeciali.com\/wp-content\/uploads\/2015\/05\/vs_veicoli_speciali-logo.png\",\"width\":252,\"height\":134,\"caption\":\"VS Veicoli Speciali\"},\"image\":{\"@id\":\"https:\/\/www.vsveicolispeciali.com\/fr\/#\/schema\/logo\/image\/\"},\"sameAs\":[\"https:\/\/www.facebook.com\/VSVeicoliSpeciali.Food.Trucks\/\",\"https:\/\/x.com\/veicolispeciali\",\"https:\/\/www.instagram.com\/vs_veicolispeciali\/\",\"https:\/\/www.linkedin.com\/company\/2811960\/\",\"https:\/\/www.pinterest.com\/streetfoodtruck\/\",\"https:\/\/www.youtube.com\/user\/veicolispeciali\"]}]}<\/script>\n<!-- \/ Yoast SEO plugin. -->","yoast_head_json":{"title":"Food Truck Piaggio Porter Craft X | Restauration Mobile et Promotion","description":"Le nouvel am\u00e9nagement Piaggio Porter Craft X r\u00e9duit la consommation et optimise l'espace pour la cuisine de rue et les \u00e9v\u00e9nements >","robots":{"index":"index","follow":"follow","max-snippet":"max-snippet:-1","max-image-preview":"max-image-preview:large","max-video-preview":"max-video-preview:-1"},"canonical":"https:\/\/www.vsveicolispeciali.com\/fr\/amenagement-vehicules-magasin-commerce-ambulant\/food-truck-camion-magasin-pour-vente-ambulante\/piaggio-porter-craft-x\/","og_locale":"fr_FR","og_type":"article","og_title":"Food Truck Piaggio Porter Craft X | Restauration Mobile et Promotion","og_description":"Le nouvel am\u00e9nagement Piaggio Porter Craft X r\u00e9duit la consommation et optimise l'espace pour la cuisine de rue et les \u00e9v\u00e9nements >","og_url":"https:\/\/www.vsveicolispeciali.com\/fr\/amenagement-vehicules-magasin-commerce-ambulant\/food-truck-camion-magasin-pour-vente-ambulante\/piaggio-porter-craft-x\/","og_site_name":"VS Veicoli Speciali","article_publisher":"https:\/\/www.facebook.com\/VSVeicoliSpeciali.Food.Trucks\/","article_modified_time":"2023-02-23T15:19:33+00:00","twitter_card":"summary_large_image","twitter_site":"@veicolispeciali","twitter_misc":{"Dur\u00e9e de lecture estim\u00e9e":"2 minutes"},"schema":{"@context":"https:\/\/schema.org","@graph":[{"@type":"WebPage","@id":"https:\/\/www.vsveicolispeciali.com\/fr\/amenagement-vehicules-magasin-commerce-ambulant\/food-truck-camion-magasin-pour-vente-ambulante\/piaggio-porter-craft-x\/","url":"https:\/\/www.vsveicolispeciali.com\/fr\/amenagement-vehicules-magasin-commerce-ambulant\/food-truck-camion-magasin-pour-vente-ambulante\/piaggio-porter-craft-x\/","name":"Food Truck Piaggio Porter Craft X | Restauration Mobile et Promotion","isPartOf":{"@id":"https:\/\/www.vsveicolispeciali.com\/fr\/#website"},"datePublished":"2022-11-22T13:32:43+00:00","dateModified":"2023-02-23T15:19:33+00:00","description":"Le nouvel am\u00e9nagement Piaggio Porter Craft X r\u00e9duit la consommation et optimise l'espace pour la cuisine de rue et les \u00e9v\u00e9nements >","breadcrumb":{"@id":"https:\/\/www.vsveicolispeciali.com\/fr\/amenagement-vehicules-magasin-commerce-ambulant\/food-truck-camion-magasin-pour-vente-ambulante\/piaggio-porter-craft-x\/#breadcrumb"},"inLanguage":"fr-FR","potentialAction":[{"@type":"ReadAction","target":["https:\/\/www.vsveicolispeciali.com\/fr\/amenagement-vehicules-magasin-commerce-ambulant\/food-truck-camion-magasin-pour-vente-ambulante\/piaggio-porter-craft-x\/"]}]},{"@type":"BreadcrumbList","@id":"https:\/\/www.vsveicolispeciali.com\/fr\/amenagement-vehicules-magasin-commerce-ambulant\/food-truck-camion-magasin-pour-vente-ambulante\/piaggio-porter-craft-x\/#breadcrumb","itemListElement":[{"@type":"ListItem","position":1,"name":"Home","item":"https:\/\/www.vsveicolispeciali.com\/fr\/"},{"@type":"ListItem","position":2,"name":"Camions magasins pour commerce ambulant","item":"https:\/\/www.vsveicolispeciali.com\/fr\/amenagement-vehicules-magasin-commerce-ambulant\/"},{"@type":"ListItem","position":3,"name":"Food trucks pour restaurantion, vente ambulante et \u00e9v\u00e9nements","item":"https:\/\/www.vsveicolispeciali.com\/fr\/amenagement-vehicules-magasin-commerce-ambulant\/food-truck-camion-magasin-pour-vente-ambulante\/"},{"@type":"ListItem","position":4,"name":"Food Truck Piaggio Porter"}]},{"@type":"WebSite","@id":"https:\/\/www.vsveicolispeciali.com\/fr\/#website","url":"https:\/\/www.vsveicolispeciali.com\/fr\/","name":"VS Veicoli Speciali","description":"","publisher":{"@id":"https:\/\/www.vsveicolispeciali.com\/fr\/#organization"},"potentialAction":[{"@type":"SearchAction","target":{"@type":"EntryPoint","urlTemplate":"https:\/\/www.vsveicolispeciali.com\/fr\/?s={search_term_string}"},"query-input":{"@type":"PropertyValueSpecification","valueRequired":true,"valueName":"search_term_string"}}],"inLanguage":"fr-FR"},{"@type":"Organization","@id":"https:\/\/www.vsveicolispeciali.com\/fr\/#organization","name":"VS Veicoli Speciali","url":"https:\/\/www.vsveicolispeciali.com\/fr\/","logo":{"@type":"ImageObject","inLanguage":"fr-FR","@id":"https:\/\/www.vsveicolispeciali.com\/fr\/#\/schema\/logo\/image\/","url":"http:\/\/www.vsveicolispeciali.com\/wp-content\/uploads\/2015\/05\/vs_veicoli_speciali-logo.png","contentUrl":"http:\/\/www.vsveicolispeciali.com\/wp-content\/uploads\/2015\/05\/vs_veicoli_speciali-logo.png","width":252,"height":134,"caption":"VS Veicoli Speciali"},"image":{"@id":"https:\/\/www.vsveicolispeciali.com\/fr\/#\/schema\/logo\/image\/"},"sameAs":["https:\/\/www.facebook.com\/VSVeicoliSpeciali.Food.Trucks\/","https:\/\/x.com\/veicolispeciali","https:\/\/www.instagram.com\/vs_veicolispeciali\/","https:\/\/www.linkedin.com\/company\/2811960\/","https:\/\/www.pinterest.com\/streetfoodtruck\/","https:\/\/www.youtube.com\/user\/veicolispeciali"]}]}},"_links":{"self":[{"href":"https:\/\/www.vsveicolispeciali.com\/fr\/wp-json\/wp\/v2\/pages\/18969"}],"collection":[{"href":"https:\/\/www.vsveicolispeciali.com\/fr\/wp-json\/wp\/v2\/pages"}],"about":[{"href":"https:\/\/www.vsveicolispeciali.com\/fr\/wp-json\/wp\/v2\/types\/page"}],"author":[{"embeddable":true,"href":"https:\/\/www.vsveicolispeciali.com\/fr\/wp-json\/wp\/v2\/users\/1001012"}],"replies":[{"embeddable":true,"href":"https:\/\/www.vsveicolispeciali.com\/fr\/wp-json\/wp\/v2\/comments?post=18969"}],"version-history":[{"count":8,"href":"https:\/\/www.vsveicolispeciali.com\/fr\/wp-json\/wp\/v2\/pages\/18969\/revisions"}],"predecessor-version":[{"id":21747,"href":"https:\/\/www.vsveicolispeciali.com\/fr\/wp-json\/wp\/v2\/pages\/18969\/revisions\/21747"}],"up":[{"embeddable":true,"href":"https:\/\/www.vsveicolispeciali.com\/fr\/wp-json\/wp\/v2\/pages\/3714"}],"wp:attachment":[{"href":"https:\/\/www.vsveicolispeciali.com\/fr\/wp-json\/wp\/v2\/media?parent=18969"}],"curies":[{"name":"wp","href":"https:\/\/api.w.org\/{rel}","templated":true}]}}