{"id":18736,"date":"2022-11-18T16:15:30","date_gmt":"2022-11-18T15:15:30","guid":{"rendered":"http:\/\/www.vsveicolispeciali.com\/?page_id=18736"},"modified":"2025-09-30T12:38:37","modified_gmt":"2025-09-30T10:38:37","slug":"societe-fabricant-de-vehicules-magasins","status":"publish","type":"page","link":"https:\/\/www.vsveicolispeciali.com\/fr\/societe-fabricant-de-vehicules-magasins\/","title":{"rendered":"Soci\u00e9t\u00e9"},"content":{"rendered":"<div class=\"wpb-content-wrapper\"><p>[vc_row css_animation=\u00a0\u00bb\u00a0\u00bb row_type=\u00a0\u00bbrow\u00a0\u00bb use_row_as_full_screen_section=\u00a0\u00bbno\u00a0\u00bb type=\u00a0\u00bbfull_width\u00a0\u00bb angled_section=\u00a0\u00bbno\u00a0\u00bb text_align=\u00a0\u00bbleft\u00a0\u00bb background_image_as_pattern=\u00a0\u00bbwithout_pattern\u00a0\u00bb][vc_column][vc_empty_space height=\u00a0\u00bb90px\u00a0\u00bb][vc_row_inner row_type=\u00a0\u00bbrow\u00a0\u00bb type=\u00a0\u00bbgrid\u00a0\u00bb text_align=\u00a0\u00bbleft\u00a0\u00bb row_negative_margin=\u00a0\u00bbdisable_negative_margin\u00a0\u00bb css_animation=\u00a0\u00bb\u00a0\u00bb][vc_column_inner]<div class=\"custom_font_holder\" style=\" font-size: 26px; line-height: 44px; font-style: normal; font-weight: 300; color: #006aa7; text-decoration: none; text-align: center;\">NOTRE HISTOIRE, NOTRE \u00c9VOLUTION CONTINUE<\/div>[vc_separator type=\u00a0\u00bbsmall\u00a0\u00bb position=\u00a0\u00bbcenter\u00a0\u00bb]<div class=\"custom_font_holder\" style=\" font-size: 20px; line-height: 34px; font-style: normal; font-weight: 300; text-decoration: none; text-align: center;\">VS Veicoli Speciali na\u00eet en 2007 de l\u2019id\u00e9e de cr\u00e9er des outils utiles aux entreprises et aux professionnels de la restauration. Au fil du temps, cette id\u00e9e se renforce et se d\u00e9veloppe en VS Streetfood\u00ae, o\u00f9 innovation, conception, attention aux d\u00e9tails et fonctionnalit\u00e9 se m\u00e9langent pour cr\u00e9er des <a href=\"http:\/\/www.vsveicolispeciali.com\/fr\/amenagement-vehicules-magasin-commerce-ambulant\/\">am\u00e9nagements<\/a> uniques, \u00e0 l\u2019identit\u00e9 personnalis\u00e9e et originale.<br \/>\nFood trucks, porters et triporteurs Piaggio, remorques cuisine, v\u00e9hicules \u00e9lectriques, camions-magasins d\u2019\u00e9poque : quel que soit le v\u00e9hicule choisi, il sera personnalis\u00e9 pour finaliser le projet de chaque client.<\/div>[\/vc_column_inner][\/vc_row_inner][vc_empty_space height=\u00a0\u00bb90px\u00a0\u00bb][\/vc_column][\/vc_row][vc_row css_animation=\u00a0\u00bb\u00a0\u00bb row_type=\u00a0\u00bbrow\u00a0\u00bb use_row_as_full_screen_section=\u00a0\u00bbno\u00a0\u00bb type=\u00a0\u00bbgrid\u00a0\u00bb angled_section=\u00a0\u00bbno\u00a0\u00bb text_align=\u00a0\u00bbleft\u00a0\u00bb background_image_as_pattern=\u00a0\u00bbwithout_pattern\u00a0\u00bb z_index=\u00a0\u00bb\u00a0\u00bb el_class=\u00a0\u00bbbloccorigas\u00a0\u00bb][vc_column]<div class=\"qode_video_box\">\n\t<a itemprop=\"image\" class=\"qode_video_image\" href=\"https:\/\/www.youtube.com\/watch?v=YdktC459vkU\" data-rel=\"prettyPhoto\">\n\t\t\t\n\t\t\t<img decoding=\"async\" src=\"https:\/\/www.vsveicolispeciali.com\/wp-content\/uploads\/2020\/07\/preview-video.jpg\" \/>\n\t\t\t<span class=\"qode_video_box_button_holder\">\n\t\t\t\t<span class=\"qode_video_box_button\">\n\t\t\t\t\t<span class=\"qode_video_box_button_arrow\">\n\t\t\t\t\t<\/span>\n\t\t\t\t<\/span>\n\t\t\t<\/span>\n\t\t\t<\/a>\n<\/div>[vc_empty_space height=\u00a0\u00bb90px\u00a0\u00bb][vc_column_text]<\/p>\n<p style=\"text-align: center;\">Aujourd\u2019hui VS Veicoli Speciali continue de faire vivre la tradition et le go\u00fbt pour le travail artisanal, avec la possibilit\u00e9 de r\u00e9aliser n\u2019importe quel projet, tout en gardant des objectifs de qualit\u00e9 \u00e9lev\u00e9s.<\/p>\n<p style=\"text-align: center;\">Les v\u00e9hicules r\u00e9alis\u00e9s sont personnalis\u00e9s en fonction des exigences du client.<\/p>\n<p style=\"text-align: center;\">La collaboration entre clients et techniciens <em>VS Veicoli Speciali<\/em> est fondamentale : nous \u00e9coutons d\u2019abord vos besoins et questions \u00e0 approfondir et ensuite nos techniciens, forts de leur exp\u00e9rience et de leur passion, vous donneront des conseils pour vous orienter vers la solution \u00ab <a href=\"http:\/\/www.vsveicolispeciali.com\/fr\/amenagement-vehicules-magasin-commerce-ambulant\/food-truck-camion-magasin-pour-vente-ambulante\/\">food truck<\/a> \u00bb la meilleure et la plus efficace, selon les crit\u00e8res ergonomiques aptes \u00e0 garantir une utilisation optimale des \u00e9quipements install\u00e9s.<\/p>\n<p>[\/vc_column_text][vc_empty_space]<a  itemprop=\"url\" href=\"http:\/\/www.vsveicolispeciali.com\/fr\/amenagement-vehicules-magasin-commerce-ambulant\/\" target=\"_self\"  class=\"qbutton  medium center default\" style=\"font-weight: 400; margin: 0px 0px 30px 0px; \">Nos r\u00e9alisations<\/a>[vc_empty_space height=\u00a0\u00bb50px\u00a0\u00bb][\/vc_column][\/vc_row][vc_row row_type=\u00a0\u00bbparallax\u00a0\u00bb parallax_content_width=\u00a0\u00bbfull_width\u00a0\u00bb text_align=\u00a0\u00bbleft\u00a0\u00bb full_screen_section_height=\u00a0\u00bbno\u00a0\u00bb background_image=\u00a0\u00bb645&Prime;][vc_column][vc_row_inner row_type=\u00a0\u00bbrow\u00a0\u00bb type=\u00a0\u00bbgrid\u00a0\u00bb text_align=\u00a0\u00bbleft\u00a0\u00bb css_animation=\u00a0\u00bb\u00a0\u00bb][vc_column_inner][vc_empty_space height=\u00a0\u00bb50px\u00a0\u00bb]<div class=\"custom_font_holder\" style=\" font-size: 26px; line-height: 44px; font-style: normal; font-weight: 300; color: #ffffff; text-decoration: none; text-align: center;\">NOS BREVETS<\/div>[vc_separator type=\u00a0\u00bbsmall\u00a0\u00bb position=\u00a0\u00bbcenter\u00a0\u00bb color=\u00a0\u00bb#ffffff\u00a0\u00bb]<div class=\"custom_font_holder\" style=\" font-size: 18px; line-height: 34px; font-style: normal; font-weight: 300; color: #ffffff; text-decoration: none; text-align: center;\">LA RECHERCHE ET LE D\u00c9VELOPPEMENT DE NOUVELLES ID\u00c9ES ONT CONDUIT \u00c0 LA CR\u00c9ATION DE SOLUTIONS BREVET\u00c9ES<\/div>[vc_empty_space height=\u00a0\u00bb50px\u00a0\u00bb][\/vc_column_inner][\/vc_row_inner][vc_row_inner row_type=\u00a0\u00bbrow\u00a0\u00bb type=\u00a0\u00bbgrid\u00a0\u00bb text_align=\u00a0\u00bbleft\u00a0\u00bb css_animation=\u00a0\u00bb\u00a0\u00bb][vc_column_inner width=\u00a0\u00bb1\/3&Prime;]<div class=\"image_with_text\"><img decoding=\"async\" itemprop=\"image\" src=\"https:\/\/www.vsveicolispeciali.com\/wp-content\/uploads\/2022\/08\/brevet_Ape_VCurve.png\" alt=\"\" \/><h3 ><\/h3><span style=\"margin: 6px 0px;\" class=\"separator transparent\"><\/span><\/p>\n<h3 style=\"text-align: center;\"><a href=\"http:\/\/www.vsveicolispeciali.com\/fr\/amenagement-vehicules-magasin-commerce-ambulant\/triporteur-ape-piaggio-food-truck-et-vespacar-a-vendre\/piaggio-triporteur-street-food\/\"><span style=\"color: #ffffff;\">BREVET V-CURVE\u00ae<\/span><\/a><\/h3>\n<p><\/div>[\/vc_column_inner][vc_column_inner width=\u00a0\u00bb1\/3&Prime;]<div class=\"image_with_text\"><img decoding=\"async\" itemprop=\"image\" src=\"https:\/\/www.vsveicolispeciali.com\/wp-content\/uploads\/2022\/08\/brevet_Ape_TR.png\" alt=\"\" \/><h3 ><\/h3><span style=\"margin: 6px 0px;\" class=\"separator transparent\"><\/span><\/p>\n<h3 style=\"text-align: center; font-color: white;\"><a href=\"http:\/\/www.vsveicolispeciali.com\/fr\/amenagement-vehicules-magasin-commerce-ambulant\/triporteur-ape-piaggio-food-truck-et-vespacar-a-vendre\/piaggio-triporteur-street-food\/\"><span style=\"color: #ffffff;\">BREVET TR\u00ae<\/span><\/a><\/h3>\n<p><\/div>[\/vc_column_inner][vc_column_inner width=\u00a0\u00bb1\/3&Prime;]<div class=\"image_with_text\"><img decoding=\"async\" itemprop=\"image\" src=\"https:\/\/www.vsveicolispeciali.com\/wp-content\/uploads\/2022\/08\/brevet_Pro_X.png\" alt=\"\" \/><h3 ><\/h3><span style=\"margin: 6px 0px;\" class=\"separator transparent\"><\/span><\/p>\n<h3 style=\"text-align: center; font-color: white;\"><a href=\"http:\/\/www.vsveicolispeciali.com\/fr\/amenagement-vehicules-magasin-commerce-ambulant\/food-truck-camion-magasin-pour-vente-ambulante\/pro-x-food-truck\/\"><span style=\"color: #ffffff;\">BREVET PRO X\u00ae<\/span><\/a><\/h3>\n<p><\/div>[\/vc_column_inner][\/vc_row_inner][vc_empty_space height=\u00a0\u00bb50px\u00a0\u00bb][\/vc_column][\/vc_row][vc_row css_animation=\u00a0\u00bb\u00a0\u00bb row_type=\u00a0\u00bbrow\u00a0\u00bb use_row_as_full_screen_section=\u00a0\u00bbno\u00a0\u00bb type=\u00a0\u00bbgrid\u00a0\u00bb angled_section=\u00a0\u00bbno\u00a0\u00bb text_align=\u00a0\u00bbcenter\u00a0\u00bb background_image_as_pattern=\u00a0\u00bbwithout_pattern\u00a0\u00bb z_index=\u00a0\u00bb\u00a0\u00bb padding_top=\u00a0\u00bb30&Prime; padding_bottom=\u00a0\u00bb30&Prime;][vc_column][vc_empty_space height=\u00a0\u00bb50px\u00a0\u00bb]<div class=\"custom_font_holder\" style=\" font-size: 26px; line-height: 44px; font-style: normal; font-weight: 300; color: #006aa7; text-decoration: none; text-align: center;\">L\u2019APPLICATION MOBILE<\/div>[vc_separator type=\u00a0\u00bbsmall\u00a0\u00bb position=\u00a0\u00bbcenter\u00a0\u00bb][vc_column_text]<\/p>\n<p style=\"text-align: center;\"><strong>e<span style=\"color: #006aa7;\">X<\/span>tra\u00ae<\/strong> est le syst\u00e8me num\u00e9rique de contr\u00f4le<br \/>\ndes food trucks d\u00e9velopp\u00e9 par VS Veicoli Speciali!<\/p>\n<p>[\/vc_column_text][vc_empty_space height=\u00a0\u00bb50px\u00a0\u00bb][vc_row_inner row_type=\u00a0\u00bbrow\u00a0\u00bb use_as_box=\u00a0\u00bbuse_row_as_box\u00a0\u00bb type=\u00a0\u00bbgrid\u00a0\u00bb text_align=\u00a0\u00bbcenter\u00a0\u00bb css_animation=\u00a0\u00bb\u00a0\u00bb css=\u00a0\u00bb.vc_custom_1667830424360{padding-top: 50px !important;padding-bottom: 50px !important;background-image: url(http:\/\/www.vsveicolispeciali.com\/wp-content\/uploads\/2022\/11\/1_Applicazione-mobile-sfondo.jpg?id=18917) !important;background-position: center !important;background-repeat: no-repeat !important;background-size: cover !important;}\u00a0\u00bb][vc_column_inner width=\u00a0\u00bb1\/12&Prime;][\/vc_column_inner][vc_column_inner width=\u00a0\u00bb6\/12&Prime;][vc_empty_space height=\u00a0\u00bb100px\u00a0\u00bb el_class=\u00a0\u00bbnomobile\u00a0\u00bb][vc_empty_space height=\u00a0\u00bb50px\u00a0\u00bb el_class=\u00a0\u00bbnodesktop\u00a0\u00bb][vc_column_text el_class=\u00a0\u00bbtext-color-light\u00a0\u00bb]<\/p>\n<p style=\"text-align: center;\">1. Faites installer <strong>e<span style=\"color: #006aa7;\">X<\/span>tra\u00ae<\/strong> sur votre nouveau food truck<\/p>\n<p>[\/vc_column_text][vc_column_text el_class=\u00a0\u00bbtext-color-light\u00a0\u00bb]<\/p>\n<p style=\"text-align: center;\">2. T\u00e9l\u00e9chargez l\u2019application sur votre portable<\/p>\n<p>[\/vc_column_text][vc_column_text el_class=\u00a0\u00bbtext-color-light\u00a0\u00bb]<\/p>\n<p style=\"text-align: center;\">3. Connectez-vous au food truck gr\u00e2ce au code QR<\/p>\n<p>[\/vc_column_text][vc_column_text el_class=\u00a0\u00bbtext-color-light\u00a0\u00bb]<\/p>\n<p style=\"text-align: center;\">4. G\u00e9rer votre v\u00e9hicule via l\u2019application<\/p>\n<p>[\/vc_column_text][vc_empty_space height=\u00a0\u00bb50px\u00a0\u00bb]<a  itemprop=\"url\" href=\"http:\/\/www.vsveicolispeciali.com\/fr\/vs-innovation-lab\/extra-pour-votre-food-truck\/\" target=\"_self\" data-hover-background-color=#006aa7 data-hover-border-color=#006aa7 data-hover-color=#ffffff class=\"qbutton  medium center default\" style=\"color: #006aa7; border-color: #006aa7; font-weight: 400; margin: 0px 0px 30px 0px; background-color: #ffffff;\">Pour plus d'information<\/a>[\/vc_column_inner][vc_column_inner width=\u00a0\u00bb4\/12&Prime;][vc_single_image image=\u00a0\u00bb18923&Prime; img_size=\u00a0\u00bbfull\u00a0\u00bb alignment=\u00a0\u00bbcenter\u00a0\u00bb qode_css_animation=\u00a0\u00bb\u00a0\u00bb][\/vc_column_inner][vc_column_inner width=\u00a0\u00bb1\/12&Prime;][\/vc_column_inner][\/vc_row_inner][\/vc_column][\/vc_row][vc_row css_animation=\u00a0\u00bb\u00a0\u00bb row_type=\u00a0\u00bbrow\u00a0\u00bb use_row_as_full_screen_section=\u00a0\u00bbno\u00a0\u00bb type=\u00a0\u00bbfull_width\u00a0\u00bb angled_section=\u00a0\u00bbno\u00a0\u00bb text_align=\u00a0\u00bbleft\u00a0\u00bb background_image_as_pattern=\u00a0\u00bbwithout_pattern\u00a0\u00bb][vc_column][vc_empty_space height=\u00a0\u00bb50px\u00a0\u00bb][vc_row_inner row_type=\u00a0\u00bbrow\u00a0\u00bb type=\u00a0\u00bbgrid\u00a0\u00bb text_align=\u00a0\u00bbleft\u00a0\u00bb row_negative_margin=\u00a0\u00bbdisable_negative_margin\u00a0\u00bb css_animation=\u00a0\u00bb\u00a0\u00bb][vc_column_inner]<div class=\"custom_font_holder\" style=\" font-size: 26px; line-height: 44px; font-style: normal; font-weight: 300; color: #006aa7; text-decoration: none; text-align: center;\">NOS SERVICES<\/div>[vc_separator type=\u00a0\u00bbsmall\u00a0\u00bb position=\u00a0\u00bbcenter\u00a0\u00bb down=\u00a0\u00bb50&Prime;][\/vc_column_inner][\/vc_row_inner][vc_row_inner row_type=\u00a0\u00bbrow\u00a0\u00bb type=\u00a0\u00bbgrid\u00a0\u00bb text_align=\u00a0\u00bbleft\u00a0\u00bb css_animation=\u00a0\u00bb\u00a0\u00bb][vc_column_inner][animated_icons_with_text columns=\u00a0\u00bbtwo_columns\u00a0\u00bb][animated_icon_with_text icon=\u00a0\u00bbfa-info-circle\u00a0\u00bb title=\u00a0\u00bbCONSEIL ET DEVIS GRATUITS SUR PLACE\u00a0\u00bb text=\u00a0\u00bbNos consultants suivent votre projet de pr\u00e8s, en commen\u00e7ant par un devis gratuit accompagn\u00e9 de la fiche technique et de cr\u00e9ation du v\u00e9hicule envisag\u00e9.\u00a0\u00bb size=\u00a0\u00bb25px\u00a0\u00bb][animated_icon_with_text icon=\u00a0\u00bbfa-life-ring\u00a0\u00bb title=\u00a0\u00bbASSISTANCE ET REPARATION\u00a0\u00bb text=\u00a0\u00bbLa garantie de solidit\u00e9 de nos r\u00e9alisations est le r\u00e9sultat de trois essais internes effectu\u00e9s par nos techniciens sp\u00e9cialis\u00e9s qui restent \u00e0 votre disposition pour tout besoin.\u00a0\u00bb size=\u00a0\u00bb25px\u00a0\u00bb][\/animated_icons_with_text][animated_icons_with_text columns=\u00a0\u00bbtwo_columns\u00a0\u00bb][animated_icon_with_text icon=\u00a0\u00bbfa-exchange\u00a0\u00bb title=\u00a0\u00bbENTREPOSAGE ET ECHANGE DE VEHICULE\u00a0\u00bb text=\u00a0\u00bbDe plus, vous aurez \u00e0 votre disposition (et \u00e0 petit prix) nos espaces pour vos v\u00e9hicules inutilis\u00e9s ou temporairement \u00e0 l\u2019arr\u00eat. Nous vous offrons \u00e9galement la possibilit\u00e9 d\u2019\u00e9changer votre v\u00e9hicule.\u00a0\u00bb size=\u00a0\u00bb25px\u00a0\u00bb][animated_icon_with_text icon=\u00a0\u00bbfa-calculator\u00a0\u00bb title=\u00a0\u00bbCR\u00c9DIT-BAIL\u00a0\u00bb text=\u00a0\u00bbIl est possible de financer le projet par une op\u00e9ration de cr\u00e9dit-bail ; chez VS Veicoli Speciali, vous trouverez toutes les informations concernant la formule la plus adapt\u00e9e \u00e0 vos besoins.\u00a0\u00bb size=\u00a0\u00bb25px\u00a0\u00bb][\/animated_icons_with_text][\/vc_column_inner][\/vc_row_inner][vc_empty_space height=\u00a0\u00bb60px\u00a0\u00bb][\/vc_column][\/vc_row][vc_row css_animation=\u00a0\u00bb\u00a0\u00bb row_type=\u00a0\u00bbrow\u00a0\u00bb use_row_as_full_screen_section=\u00a0\u00bbno\u00a0\u00bb type=\u00a0\u00bbgrid\u00a0\u00bb angled_section=\u00a0\u00bbno\u00a0\u00bb text_align=\u00a0\u00bbleft\u00a0\u00bb background_image_as_pattern=\u00a0\u00bbwithout_pattern\u00a0\u00bb z_index=\u00a0\u00bb\u00a0\u00bb el_class=\u00a0\u00bbbloccorigas\u00a0\u00bb][vc_column]<a  itemprop=\"url\" href=\"https:\/\/www.vsveicolispeciali.com\/wp-content\/uploads\/2025\/09\/comme-immatriculer-un-food-truck-en-france.pdf\" target=\"_blank\"  class=\"qbutton  medium center default\" style=\"font-weight: 400; margin: 0px 0px 30px 0px; \">VASP - Comment immatriculer un food truck en France<\/a>[vc_empty_space height=\u00a0\u00bb50px\u00a0\u00bb][\/vc_column][\/vc_row][vc_row css_animation=\u00a0\u00bb\u00a0\u00bb row_type=\u00a0\u00bbrow\u00a0\u00bb use_row_as_full_screen_section=\u00a0\u00bbno\u00a0\u00bb type=\u00a0\u00bbfull_width\u00a0\u00bb angled_section=\u00a0\u00bbno\u00a0\u00bb text_align=\u00a0\u00bbleft\u00a0\u00bb background_image_as_pattern=\u00a0\u00bbwithout_pattern\u00a0\u00bb z_index=\u00a0\u00bb\u00a0\u00bb][vc_column][vc_single_image image=\u00a0\u00bb17061&Prime; img_size=\u00a0\u00bbfull\u00a0\u00bb alignment=\u00a0\u00bbcenter\u00a0\u00bb qode_css_animation=\u00a0\u00bb\u00a0\u00bb][\/vc_column][\/vc_row][vc_row css_animation=\u00a0\u00bb\u00a0\u00bb row_type=\u00a0\u00bbrow\u00a0\u00bb use_row_as_full_screen_section=\u00a0\u00bbno\u00a0\u00bb type=\u00a0\u00bbfull_width\u00a0\u00bb angled_section=\u00a0\u00bbno\u00a0\u00bb text_align=\u00a0\u00bbleft\u00a0\u00bb background_image_as_pattern=\u00a0\u00bbwithout_pattern\u00a0\u00bb][vc_column][vc_column_text]<\/p>\n<p>[\/vc_column_text][\/vc_column][\/vc_row]<\/p>\n<\/div>","protected":false},"excerpt":{"rendered":"<p>[vc_row css_animation=\u00a0\u00bb\u00a0\u00bb row_type=\u00a0\u00bbrow\u00a0\u00bb use_row_as_full_screen_section=\u00a0\u00bbno\u00a0\u00bb type=\u00a0\u00bbfull_width\u00a0\u00bb angled_section=\u00a0\u00bbno\u00a0\u00bb text_align=\u00a0\u00bbleft\u00a0\u00bb background_image_as_pattern=\u00a0\u00bbwithout_pattern\u00a0\u00bb][vc_column][vc_empty_space height=\u00a0\u00bb90px\u00a0\u00bb][vc_row_inner row_type=\u00a0\u00bbrow\u00a0\u00bb type=\u00a0\u00bbgrid\u00a0\u00bb text_align=\u00a0\u00bbleft\u00a0\u00bb row_negative_margin=\u00a0\u00bbdisable_negative_margin\u00a0\u00bb css_animation=\u00a0\u00bb\u00a0\u00bb][vc_column_inner][vc_separator type=\u00a0\u00bbsmall\u00a0\u00bb position=\u00a0\u00bbcenter\u00a0\u00bb][\/vc_column_inner][\/vc_row_inner][vc_empty_space height=\u00a0\u00bb90px\u00a0\u00bb][\/vc_column][\/vc_row][vc_row css_animation=\u00a0\u00bb\u00a0\u00bb row_type=\u00a0\u00bbrow\u00a0\u00bb use_row_as_full_screen_section=\u00a0\u00bbno\u00a0\u00bb type=\u00a0\u00bbgrid\u00a0\u00bb angled_section=\u00a0\u00bbno\u00a0\u00bb text_align=\u00a0\u00bbleft\u00a0\u00bb background_image_as_pattern=\u00a0\u00bbwithout_pattern\u00a0\u00bb z_index=\u00a0\u00bb\u00a0\u00bb el_class=\u00a0\u00bbbloccorigas\u00a0\u00bb][vc_column][vc_empty_space height=\u00a0\u00bb90px\u00a0\u00bb][vc_column_text] Aujourd\u2019hui VS Veicoli Speciali continue de faire vivre la tradition et le go\u00fbt pour le travail artisanal, avec&#8230;<\/p>\n","protected":false},"author":1001012,"featured_media":0,"parent":0,"menu_order":2,"comment_status":"closed","ping_status":"closed","template":"full_width.php","meta":{"footnotes":""},"class_list":["post-18736","page","type-page","status-publish","hentry"],"yoast_head":"<!-- This site is optimized with the Yoast SEO plugin v25.4 - https:\/\/yoast.com\/wordpress\/plugins\/seo\/ -->\n<title>Fabricant de Vehicules Magasins | VS Veicoli Speciali<\/title>\n<meta name=\"description\" content=\"VS est un constructeur sp\u00e9cialiste de camions-magasins et food trucks personnalis\u00e9s en fonction des exigences du client &gt;\" \/>\n<meta name=\"robots\" content=\"index, follow, max-snippet:-1, max-image-preview:large, max-video-preview:-1\" \/>\n<link rel=\"canonical\" href=\"https:\/\/www.vsveicolispeciali.com\/fr\/societe-fabricant-de-vehicules-magasins\/\" \/>\n<meta property=\"og:locale\" content=\"fr_FR\" \/>\n<meta property=\"og:type\" content=\"article\" \/>\n<meta property=\"og:title\" content=\"Fabricant de Vehicules Magasins | VS Veicoli Speciali\" \/>\n<meta property=\"og:description\" content=\"VS est un constructeur sp\u00e9cialiste de camions-magasins et food trucks personnalis\u00e9s en fonction des exigences du client &gt;\" \/>\n<meta property=\"og:url\" content=\"https:\/\/www.vsveicolispeciali.com\/fr\/societe-fabricant-de-vehicules-magasins\/\" \/>\n<meta property=\"og:site_name\" content=\"VS Veicoli Speciali\" \/>\n<meta property=\"article:publisher\" content=\"https:\/\/www.facebook.com\/VSVeicoliSpeciali.Food.Trucks\/\" \/>\n<meta property=\"article:modified_time\" content=\"2025-09-30T10:38:37+00:00\" \/>\n<meta name=\"twitter:card\" content=\"summary_large_image\" \/>\n<meta name=\"twitter:site\" content=\"@veicolispeciali\" \/>\n<meta name=\"twitter:label1\" content=\"Dur\u00e9e de lecture estim\u00e9e\" \/>\n\t<meta name=\"twitter:data1\" content=\"4 minutes\" \/>\n<script type=\"application\/ld+json\" class=\"yoast-schema-graph\">{\"@context\":\"https:\/\/schema.org\",\"@graph\":[{\"@type\":\"WebPage\",\"@id\":\"https:\/\/www.vsveicolispeciali.com\/fr\/societe-fabricant-de-vehicules-magasins\/\",\"url\":\"https:\/\/www.vsveicolispeciali.com\/fr\/societe-fabricant-de-vehicules-magasins\/\",\"name\":\"Fabricant de Vehicules Magasins | VS Veicoli Speciali\",\"isPartOf\":{\"@id\":\"https:\/\/www.vsveicolispeciali.com\/fr\/#website\"},\"datePublished\":\"2022-11-18T15:15:30+00:00\",\"dateModified\":\"2025-09-30T10:38:37+00:00\",\"description\":\"VS est un constructeur sp\u00e9cialiste de camions-magasins et food trucks personnalis\u00e9s en fonction des exigences du client >\",\"breadcrumb\":{\"@id\":\"https:\/\/www.vsveicolispeciali.com\/fr\/societe-fabricant-de-vehicules-magasins\/#breadcrumb\"},\"inLanguage\":\"fr-FR\",\"potentialAction\":[{\"@type\":\"ReadAction\",\"target\":[\"https:\/\/www.vsveicolispeciali.com\/fr\/societe-fabricant-de-vehicules-magasins\/\"]}]},{\"@type\":\"BreadcrumbList\",\"@id\":\"https:\/\/www.vsveicolispeciali.com\/fr\/societe-fabricant-de-vehicules-magasins\/#breadcrumb\",\"itemListElement\":[{\"@type\":\"ListItem\",\"position\":1,\"name\":\"Home\",\"item\":\"https:\/\/www.vsveicolispeciali.com\/fr\/\"},{\"@type\":\"ListItem\",\"position\":2,\"name\":\"Soci\u00e9t\u00e9\"}]},{\"@type\":\"WebSite\",\"@id\":\"https:\/\/www.vsveicolispeciali.com\/fr\/#website\",\"url\":\"https:\/\/www.vsveicolispeciali.com\/fr\/\",\"name\":\"VS Veicoli Speciali\",\"description\":\"\",\"publisher\":{\"@id\":\"https:\/\/www.vsveicolispeciali.com\/fr\/#organization\"},\"potentialAction\":[{\"@type\":\"SearchAction\",\"target\":{\"@type\":\"EntryPoint\",\"urlTemplate\":\"https:\/\/www.vsveicolispeciali.com\/fr\/?s={search_term_string}\"},\"query-input\":{\"@type\":\"PropertyValueSpecification\",\"valueRequired\":true,\"valueName\":\"search_term_string\"}}],\"inLanguage\":\"fr-FR\"},{\"@type\":\"Organization\",\"@id\":\"https:\/\/www.vsveicolispeciali.com\/fr\/#organization\",\"name\":\"VS Veicoli Speciali\",\"url\":\"https:\/\/www.vsveicolispeciali.com\/fr\/\",\"logo\":{\"@type\":\"ImageObject\",\"inLanguage\":\"fr-FR\",\"@id\":\"https:\/\/www.vsveicolispeciali.com\/fr\/#\/schema\/logo\/image\/\",\"url\":\"http:\/\/www.vsveicolispeciali.com\/wp-content\/uploads\/2015\/05\/vs_veicoli_speciali-logo.png\",\"contentUrl\":\"http:\/\/www.vsveicolispeciali.com\/wp-content\/uploads\/2015\/05\/vs_veicoli_speciali-logo.png\",\"width\":252,\"height\":134,\"caption\":\"VS Veicoli Speciali\"},\"image\":{\"@id\":\"https:\/\/www.vsveicolispeciali.com\/fr\/#\/schema\/logo\/image\/\"},\"sameAs\":[\"https:\/\/www.facebook.com\/VSVeicoliSpeciali.Food.Trucks\/\",\"https:\/\/x.com\/veicolispeciali\",\"https:\/\/www.instagram.com\/vs_veicolispeciali\/\",\"https:\/\/www.linkedin.com\/company\/2811960\/\",\"https:\/\/www.pinterest.com\/streetfoodtruck\/\",\"https:\/\/www.youtube.com\/user\/veicolispeciali\"]}]}<\/script>\n<!-- \/ Yoast SEO plugin. -->","yoast_head_json":{"title":"Fabricant de Vehicules Magasins | VS Veicoli Speciali","description":"VS est un constructeur sp\u00e9cialiste de camions-magasins et food trucks personnalis\u00e9s en fonction des exigences du client >","robots":{"index":"index","follow":"follow","max-snippet":"max-snippet:-1","max-image-preview":"max-image-preview:large","max-video-preview":"max-video-preview:-1"},"canonical":"https:\/\/www.vsveicolispeciali.com\/fr\/societe-fabricant-de-vehicules-magasins\/","og_locale":"fr_FR","og_type":"article","og_title":"Fabricant de Vehicules Magasins | VS Veicoli Speciali","og_description":"VS est un constructeur sp\u00e9cialiste de camions-magasins et food trucks personnalis\u00e9s en fonction des exigences du client >","og_url":"https:\/\/www.vsveicolispeciali.com\/fr\/societe-fabricant-de-vehicules-magasins\/","og_site_name":"VS Veicoli Speciali","article_publisher":"https:\/\/www.facebook.com\/VSVeicoliSpeciali.Food.Trucks\/","article_modified_time":"2025-09-30T10:38:37+00:00","twitter_card":"summary_large_image","twitter_site":"@veicolispeciali","twitter_misc":{"Dur\u00e9e de lecture estim\u00e9e":"4 minutes"},"schema":{"@context":"https:\/\/schema.org","@graph":[{"@type":"WebPage","@id":"https:\/\/www.vsveicolispeciali.com\/fr\/societe-fabricant-de-vehicules-magasins\/","url":"https:\/\/www.vsveicolispeciali.com\/fr\/societe-fabricant-de-vehicules-magasins\/","name":"Fabricant de Vehicules Magasins | VS Veicoli Speciali","isPartOf":{"@id":"https:\/\/www.vsveicolispeciali.com\/fr\/#website"},"datePublished":"2022-11-18T15:15:30+00:00","dateModified":"2025-09-30T10:38:37+00:00","description":"VS est un constructeur sp\u00e9cialiste de camions-magasins et food trucks personnalis\u00e9s en fonction des exigences du client >","breadcrumb":{"@id":"https:\/\/www.vsveicolispeciali.com\/fr\/societe-fabricant-de-vehicules-magasins\/#breadcrumb"},"inLanguage":"fr-FR","potentialAction":[{"@type":"ReadAction","target":["https:\/\/www.vsveicolispeciali.com\/fr\/societe-fabricant-de-vehicules-magasins\/"]}]},{"@type":"BreadcrumbList","@id":"https:\/\/www.vsveicolispeciali.com\/fr\/societe-fabricant-de-vehicules-magasins\/#breadcrumb","itemListElement":[{"@type":"ListItem","position":1,"name":"Home","item":"https:\/\/www.vsveicolispeciali.com\/fr\/"},{"@type":"ListItem","position":2,"name":"Soci\u00e9t\u00e9"}]},{"@type":"WebSite","@id":"https:\/\/www.vsveicolispeciali.com\/fr\/#website","url":"https:\/\/www.vsveicolispeciali.com\/fr\/","name":"VS Veicoli Speciali","description":"","publisher":{"@id":"https:\/\/www.vsveicolispeciali.com\/fr\/#organization"},"potentialAction":[{"@type":"SearchAction","target":{"@type":"EntryPoint","urlTemplate":"https:\/\/www.vsveicolispeciali.com\/fr\/?s={search_term_string}"},"query-input":{"@type":"PropertyValueSpecification","valueRequired":true,"valueName":"search_term_string"}}],"inLanguage":"fr-FR"},{"@type":"Organization","@id":"https:\/\/www.vsveicolispeciali.com\/fr\/#organization","name":"VS Veicoli Speciali","url":"https:\/\/www.vsveicolispeciali.com\/fr\/","logo":{"@type":"ImageObject","inLanguage":"fr-FR","@id":"https:\/\/www.vsveicolispeciali.com\/fr\/#\/schema\/logo\/image\/","url":"http:\/\/www.vsveicolispeciali.com\/wp-content\/uploads\/2015\/05\/vs_veicoli_speciali-logo.png","contentUrl":"http:\/\/www.vsveicolispeciali.com\/wp-content\/uploads\/2015\/05\/vs_veicoli_speciali-logo.png","width":252,"height":134,"caption":"VS Veicoli Speciali"},"image":{"@id":"https:\/\/www.vsveicolispeciali.com\/fr\/#\/schema\/logo\/image\/"},"sameAs":["https:\/\/www.facebook.com\/VSVeicoliSpeciali.Food.Trucks\/","https:\/\/x.com\/veicolispeciali","https:\/\/www.instagram.com\/vs_veicolispeciali\/","https:\/\/www.linkedin.com\/company\/2811960\/","https:\/\/www.pinterest.com\/streetfoodtruck\/","https:\/\/www.youtube.com\/user\/veicolispeciali"]}]}},"_links":{"self":[{"href":"https:\/\/www.vsveicolispeciali.com\/fr\/wp-json\/wp\/v2\/pages\/18736"}],"collection":[{"href":"https:\/\/www.vsveicolispeciali.com\/fr\/wp-json\/wp\/v2\/pages"}],"about":[{"href":"https:\/\/www.vsveicolispeciali.com\/fr\/wp-json\/wp\/v2\/types\/page"}],"author":[{"embeddable":true,"href":"https:\/\/www.vsveicolispeciali.com\/fr\/wp-json\/wp\/v2\/users\/1001012"}],"replies":[{"embeddable":true,"href":"https:\/\/www.vsveicolispeciali.com\/fr\/wp-json\/wp\/v2\/comments?post=18736"}],"version-history":[{"count":11,"href":"https:\/\/www.vsveicolispeciali.com\/fr\/wp-json\/wp\/v2\/pages\/18736\/revisions"}],"predecessor-version":[{"id":28720,"href":"https:\/\/www.vsveicolispeciali.com\/fr\/wp-json\/wp\/v2\/pages\/18736\/revisions\/28720"}],"wp:attachment":[{"href":"https:\/\/www.vsveicolispeciali.com\/fr\/wp-json\/wp\/v2\/media?parent=18736"}],"curies":[{"name":"wp","href":"https:\/\/api.w.org\/{rel}","templated":true}]}}