{"id":16006,"date":"2022-05-03T15:45:11","date_gmt":"2022-05-03T13:45:11","guid":{"rendered":"http:\/\/www.vsveicolispeciali.com\/?page_id=16006"},"modified":"2023-02-22T16:32:06","modified_gmt":"2023-02-22T15:32:06","slug":"pro-x-food-truck","status":"publish","type":"page","link":"https:\/\/www.vsveicolispeciali.com\/fr\/amenagement-vehicules-magasin-commerce-ambulant\/food-truck-camion-magasin-pour-vente-ambulante\/pro-x-food-truck\/","title":{"rendered":"Food Truck Pro X"},"content":{"rendered":"<div class=\"wpb-content-wrapper\"><p>[vc_row css_animation=\u00a0\u00bb\u00a0\u00bb row_type=\u00a0\u00bbrow\u00a0\u00bb use_row_as_full_screen_section=\u00a0\u00bbno\u00a0\u00bb type=\u00a0\u00bbgrid\u00a0\u00bb angled_section=\u00a0\u00bbno\u00a0\u00bb text_align=\u00a0\u00bbleft\u00a0\u00bb background_image_as_pattern=\u00a0\u00bbwithout_pattern\u00a0\u00bb][vc_column][vc_separator type=\u00a0\u00bbtransparent\u00a0\u00bb thickness=\u00a0\u00bb90&Prime; up=\u00a0\u00bb0&Prime; down=\u00a0\u00bb0&Prime;][vc_column_text]<\/p>\n<h2 style=\"text-align: center;\">EXTRA : L\u2019APPli MOBILE QUI FACILITE LA GESTION DE VOTRE FOOD TRUCK<\/h2>\n<p>[\/vc_column_text][vc_separator type=\u00a0\u00bbsmall\u00a0\u00bb position=\u00a0\u00bbcenter\u00a0\u00bb][vc_row_inner row_type=\u00a0\u00bbrow\u00a0\u00bb type=\u00a0\u00bbfull_width\u00a0\u00bb text_align=\u00a0\u00bbcenter\u00a0\u00bb css_animation=\u00a0\u00bb\u00a0\u00bb][vc_column_inner width=\u00a0\u00bb1\/2&Prime;][vc_column_text]<\/p>\n<p style=\"text-align: left;\">Les grandes marques et les entreprises du secteur de la restauration peuvent enfin compter sur un <a href=\"http:\/\/www.vsveicolispeciali.com\/fr\/amenagement-vehicules-magasin-commerce-ambulant\/food-truck-camion-magasin-pour-vente-ambulante\/\">food truck<\/a> \u00e0 la hauteur de leur prestige et de leurs aspirations. Le <strong>Pro X<\/strong> est un <a href=\"http:\/\/www.vsveicolispeciali.com\/fr\/vs-innovation-lab\/fabricant-pro-x-food-truck-italien\/\">am\u00e9nagement innovant<\/a> con\u00e7u dans le but\u00a0d\u2019augmenter les marges b\u00e9n\u00e9ficiaires\u00a0des entreprises en am\u00e9liorant le rendement \u00e9nerg\u00e9tique, ainsi que les processus de production alimentaire et de gestion du v\u00e9hicule. Gr\u00e2ce \u00e0\u00a0<strong>eXtra<\/strong>, son\u00a0<strong>syst\u00e8me num\u00e9rique int\u00e9gr\u00e9<\/strong>, vous aurez sous contr\u00f4le tous les appareils et les \u00e9quipements embarqu\u00e9s via une\u00a0application mobile et vous aurez la possibilit\u00e9 de les optimiser, le cas \u00e9ch\u00e9ant.<\/p>\n<p>&nbsp;<\/p>\n<p style=\"text-align: left;\">Depuis votre t\u00e9l\u00e9phone, vous pourrez\u00a0<strong>r\u00e9gler et suivre<\/strong>\u00a0:<\/p>\n<ul class=\"lista\">\n<li style=\"text-align: left;\">La temp\u00e9rature des r\u00e9frig\u00e9rateurs\u00a0;<\/li>\n<li style=\"text-align: left;\">Les niveaux d\u2019humidit\u00e9 de l\u2019environnement\u00a0;<\/li>\n<li style=\"text-align: left;\">Les niveaux de GPL et de CO2\u00a0;<\/li>\n<li style=\"text-align: left;\">L\u2019\u00e9clairage\u00a0;<\/li>\n<li style=\"text-align: left;\">L\u2019\u00e9tat de charge des batteries\u00a0;<\/li>\n<li style=\"text-align: left;\">Les portes et les pieds de stationnement\u00a0;<\/li>\n<li style=\"text-align: left;\">La mise en marche et hors tension des \u00e9quipements ;<\/li>\n<li style=\"text-align: left;\">La climatisation et les ventilateurs.<\/li>\n<\/ul>\n<p>[\/vc_column_text][\/vc_column_inner][vc_column_inner width=\u00a0\u00bb1\/2&Prime;][vc_column_text]<\/p>\n<p style=\"text-align: left;\">Le Pro X food truck peut \u00eatre <strong>aliment\u00e9 de trois fa\u00e7ons<\/strong>\u00a0:<\/p>\n<ul class=\"lista\" style=\"text-align: left;\">\n<li>Via les batteries au lithium charg\u00e9es par des panneaux solaires\u00a0;<\/li>\n<li>Via la prise de courant ext\u00e9rieure\u00a0;<\/li>\n<li>Via l\u2019alternateur du v\u00e9hicule (pendant qu\u2019il est en \u00e9tat de marche).<\/li>\n<\/ul>\n<p>&nbsp;<\/p>\n<p style=\"text-align: left;\">Dans des conditions environnementales optimales, le Pro X est un\u00a0<strong>syst\u00e8me 100% autonome<\/strong>, un outil de travail \u00e9co-responsable et compatible avec une approche \u00e9thique de la production.<\/p>\n<p>&nbsp;<\/p>\n<p style=\"text-align: left;\">Celle-ci est \u00e0 son tour facilit\u00e9e par un\u00a0<strong>int\u00e9rieur ergonomique<\/strong> o\u00f9 les espaces, les surfaces de travail et l\u2019\u00e9clairage favorisent la productivit\u00e9 du personnel \u00e0 bord.<\/p>\n<p>&nbsp;<\/p>\n<p style=\"text-align: left;\">Le\u00a0<strong>design brevet\u00e9<\/strong>\u00a0garantit l\u2019originalit\u00e9 des lignes et donne de la personnalit\u00e9 \u00e0 un food truck dont vous pouvez personnaliser toutes les caract\u00e9ristiques.<\/p>\n<p>[\/vc_column_text][\/vc_column_inner][\/vc_row_inner][\/vc_column][\/vc_row][vc_row css_animation=\u00a0\u00bb\u00a0\u00bb row_type=\u00a0\u00bbrow\u00a0\u00bb use_row_as_full_screen_section=\u00a0\u00bbno\u00a0\u00bb type=\u00a0\u00bbfull_width\u00a0\u00bb angled_section=\u00a0\u00bbno\u00a0\u00bb text_align=\u00a0\u00bbleft\u00a0\u00bb background_image_as_pattern=\u00a0\u00bbwithout_pattern\u00a0\u00bb z_index=\u00a0\u00bb\u00a0\u00bb][vc_column][vc_separator type=\u00a0\u00bbtransparent\u00a0\u00bb thickness=\u00a0\u00bb90&Prime; up=\u00a0\u00bb0&Prime; down=\u00a0\u00bb0&Prime;]<div class='projects_holder_outer v5 portfolio_with_space portfolio_with_hover_text'><div class='projects_holder portfolio_main_holder clearfix v5 hover_text portfolio_full_image portfolio_one_by_one'>\n<article class='mix portfolio_category_34 portfolio_category_36 portfolio_category_108 ' style=''><div class='image_holder'><a itemprop='url' class='portfolio_link_for_touch' href='https:\/\/www.vsveicolispeciali.com\/fr\/street-food-truck\/pro-x-food-truck-toscana-food\/' target='_self'><span class='image'><img loading=\"lazy\" decoding=\"async\" width=\"1000\" height=\"800\" src=\"https:\/\/www.vsveicolispeciali.com\/wp-content\/uploads\/2024\/10\/pro-x-food-truck-toscana-food.jpg\" class=\"attachment-full size-full wp-post-image\" alt=\"pro x food truck toscana food assure le service catering\" srcset=\"https:\/\/www.vsveicolispeciali.com\/wp-content\/uploads\/2024\/10\/pro-x-food-truck-toscana-food.jpg 1000w, https:\/\/www.vsveicolispeciali.com\/wp-content\/uploads\/2024\/10\/pro-x-food-truck-toscana-food-300x240.jpg 300w, https:\/\/www.vsveicolispeciali.com\/wp-content\/uploads\/2024\/10\/pro-x-food-truck-toscana-food-768x614.jpg 768w, https:\/\/www.vsveicolispeciali.com\/wp-content\/uploads\/2024\/10\/pro-x-food-truck-toscana-food-700x560.jpg 700w\" sizes=\"(max-width: 1000px) 100vw, 1000px\" \/><\/span><\/a><span class='text_holder'><span class='text_outer'><span class='text_inner'><div class=\"hover_feature_holder_title\"><div class=\"hover_feature_holder_title_inner\"><h5 itemprop=\"name\" class=\"portfolio_title entry_title\"><a itemprop=\"url\" href=\"https:\/\/www.vsveicolispeciali.com\/fr\/street-food-truck\/pro-x-food-truck-toscana-food\/\"  target=\"_self\">Pro X Food Truck Toscana Food<\/a><\/h5><div  class=\"portfolio_separator separator  small center\"><\/div><span class=\"project_category\" >Food trucks, V\u00e9hicules \u00e9lectriques, Pro X Food Truck<\/span><\/div><\/div><span class='feature_holder'><span class=\"feature_holder_icons\"><a itemprop='url' class='preview qbutton small white' href='https:\/\/www.vsveicolispeciali.com\/fr\/street-food-truck\/pro-x-food-truck-toscana-food\/' target='_self'>view<\/a><span class='portfolio_like qbutton small white'><a  href=\"#\" class=\"qode-like\" id=\"qode-like-26783\" title=\"Like this\">9<span>  Likes<\/span><\/a><\/span><\/span><\/span><\/span><\/span><\/span><\/div><\/article>\n<article class='mix portfolio_category_34 portfolio_category_36 portfolio_category_108 portfolio_category_124 portfolio_category_617 ' style=''><div class='image_holder'><a itemprop='url' class='portfolio_link_for_touch' href='https:\/\/www.vsveicolispeciali.com\/fr\/street-food-truck\/pro-x-food-truck-dolomiti-street-food-gourmet-cuisine\/' target='_self'><span class='image'><img loading=\"lazy\" decoding=\"async\" width=\"1000\" height=\"800\" src=\"https:\/\/www.vsveicolispeciali.com\/wp-content\/uploads\/2022\/05\/dolomiti-street-food-cucina-di-strada-pro-x-food-truck.jpg\" class=\"attachment-full size-full wp-post-image\" alt=\"dolomiti street food cucina di strada pro x food truck giallo\" srcset=\"https:\/\/www.vsveicolispeciali.com\/wp-content\/uploads\/2022\/05\/dolomiti-street-food-cucina-di-strada-pro-x-food-truck.jpg 1000w, https:\/\/www.vsveicolispeciali.com\/wp-content\/uploads\/2022\/05\/dolomiti-street-food-cucina-di-strada-pro-x-food-truck-300x240.jpg 300w, https:\/\/www.vsveicolispeciali.com\/wp-content\/uploads\/2022\/05\/dolomiti-street-food-cucina-di-strada-pro-x-food-truck-768x614.jpg 768w, https:\/\/www.vsveicolispeciali.com\/wp-content\/uploads\/2022\/05\/dolomiti-street-food-cucina-di-strada-pro-x-food-truck-700x560.jpg 700w\" sizes=\"(max-width: 1000px) 100vw, 1000px\" \/><\/span><\/a><span class='text_holder'><span class='text_outer'><span class='text_inner'><div class=\"hover_feature_holder_title\"><div class=\"hover_feature_holder_title_inner\"><h5 itemprop=\"name\" class=\"portfolio_title entry_title\"><a itemprop=\"url\" href=\"https:\/\/www.vsveicolispeciali.com\/fr\/street-food-truck\/pro-x-food-truck-dolomiti-street-food-gourmet-cuisine\/\"  target=\"_self\">Dolomiti Street Food Gourmet Cuisine<\/a><\/h5><div  class=\"portfolio_separator separator  small center\"><\/div><span class=\"project_category\" >Food trucks, V\u00e9hicules \u00e9lectriques, Pro X Food Truck, Street Food, Chef<\/span><\/div><\/div><span class='feature_holder'><span class=\"feature_holder_icons\"><a itemprop='url' class='preview qbutton small white' href='https:\/\/www.vsveicolispeciali.com\/fr\/street-food-truck\/pro-x-food-truck-dolomiti-street-food-gourmet-cuisine\/' target='_self'>view<\/a><span class='portfolio_like qbutton small white'><a  href=\"#\" class=\"qode-like\" id=\"qode-like-16229\" title=\"Like this\">27<span>  Likes<\/span><\/a><\/span><\/span><\/span><\/span><\/span><\/span><\/div><\/article>\n<div class='filler'><\/div>\n<div class='filler'><\/div>\n<div class='filler'><\/div>\n<div class='filler'><\/div>\n<div class='filler'><\/div>\n<\/div><\/div>[vc_separator type=\u00a0\u00bbtransparent\u00a0\u00bb thickness=\u00a0\u00bb120&Prime;][\/vc_column][\/vc_row][vc_row css_animation=\u00a0\u00bb\u00a0\u00bb row_type=\u00a0\u00bbrow\u00a0\u00bb use_row_as_full_screen_section=\u00a0\u00bbno\u00a0\u00bb type=\u00a0\u00bbfull_width\u00a0\u00bb angled_section=\u00a0\u00bbno\u00a0\u00bb text_align=\u00a0\u00bbleft\u00a0\u00bb background_image_as_pattern=\u00a0\u00bbwithout_pattern\u00a0\u00bb z_index=\u00a0\u00bb\u00a0\u00bb padding_bottom=\u00a0\u00bb120&Prime;][vc_column]<div class=\"container_inner\"><div class=\"call_to_action simple\" style=\"\"><div class=\"text_wrapper column1\"><div class=\"call_to_action_text  font_weight_inherit letter_spacing_inherit\" style=\"font-weight: 300;letter-spacing: 1px;\">D\u00e9couvrez toutes les caract\u00e9ristiques du Pro X Food Truck<\/div><a itemprop=\"url\" href=\"http:\/\/www.vsveicolispeciali.com\/fr\/vs-innovation-lab\/fabricant-pro-x-food-truck-italien\/\" class=\"qbutton white big_large\" target=\"\" style=\"\">Cliquez ICI<\/a><\/div><\/div><\/div>[\/vc_column][\/vc_row]<\/p>\n<\/div>","protected":false},"excerpt":{"rendered":"<p>[vc_row css_animation=\u00a0\u00bb\u00a0\u00bb row_type=\u00a0\u00bbrow\u00a0\u00bb use_row_as_full_screen_section=\u00a0\u00bbno\u00a0\u00bb type=\u00a0\u00bbgrid\u00a0\u00bb angled_section=\u00a0\u00bbno\u00a0\u00bb text_align=\u00a0\u00bbleft\u00a0\u00bb background_image_as_pattern=\u00a0\u00bbwithout_pattern\u00a0\u00bb][vc_column][vc_separator type=\u00a0\u00bbtransparent\u00a0\u00bb thickness=\u00a0\u00bb90&Prime; up=\u00a0\u00bb0&Prime; down=\u00a0\u00bb0&Prime;][vc_column_text] EXTRA : L\u2019APPli MOBILE QUI FACILITE LA GESTION DE VOTRE FOOD TRUCK [\/vc_column_text][vc_separator type=\u00a0\u00bbsmall\u00a0\u00bb position=\u00a0\u00bbcenter\u00a0\u00bb][vc_row_inner row_type=\u00a0\u00bbrow\u00a0\u00bb type=\u00a0\u00bbfull_width\u00a0\u00bb text_align=\u00a0\u00bbcenter\u00a0\u00bb css_animation=\u00a0\u00bb\u00a0\u00bb][vc_column_inner width=\u00a0\u00bb1\/2&Prime;][vc_column_text] Les grandes marques et les entreprises du secteur de la restauration peuvent enfin&#8230;<\/p>\n","protected":false},"author":1001012,"featured_media":0,"parent":3714,"menu_order":4,"comment_status":"closed","ping_status":"closed","template":"full_width.php","meta":{"footnotes":""},"class_list":["post-16006","page","type-page","status-publish","hentry"],"yoast_head":"<!-- This site is optimized with the Yoast SEO plugin v25.4 - https:\/\/yoast.com\/wordpress\/plugins\/seo\/ -->\n<title>Food Truck Pro X + eXtra, l\u2019Appli Mobile pour la gestion de votre food truck<\/title>\n<meta name=\"description\" content=\"Le Pro X est un foodtruck innovant con\u00e7u dans le but d\u2019augmenter les marges b\u00e9n\u00e9ficiaires des entreprises en am\u00e9liorant le rendement \u00e9nerg\u00e9tique\" \/>\n<meta name=\"robots\" content=\"index, follow, max-snippet:-1, max-image-preview:large, max-video-preview:-1\" \/>\n<link rel=\"canonical\" href=\"https:\/\/www.vsveicolispeciali.com\/fr\/amenagement-vehicules-magasin-commerce-ambulant\/food-truck-camion-magasin-pour-vente-ambulante\/pro-x-food-truck\/\" \/>\n<meta property=\"og:locale\" content=\"fr_FR\" \/>\n<meta property=\"og:type\" content=\"article\" \/>\n<meta property=\"og:title\" content=\"Food Truck Pro X + eXtra, l\u2019Appli Mobile pour la gestion de votre food truck\" \/>\n<meta property=\"og:description\" content=\"Le Pro X est un foodtruck innovant con\u00e7u dans le but d\u2019augmenter les marges b\u00e9n\u00e9ficiaires des entreprises en am\u00e9liorant le rendement \u00e9nerg\u00e9tique\" \/>\n<meta property=\"og:url\" content=\"https:\/\/www.vsveicolispeciali.com\/fr\/amenagement-vehicules-magasin-commerce-ambulant\/food-truck-camion-magasin-pour-vente-ambulante\/pro-x-food-truck\/\" \/>\n<meta property=\"og:site_name\" content=\"VS Veicoli Speciali\" \/>\n<meta property=\"article:publisher\" content=\"https:\/\/www.facebook.com\/VSVeicoliSpeciali.Food.Trucks\/\" \/>\n<meta property=\"article:modified_time\" content=\"2023-02-22T15:32:06+00:00\" \/>\n<meta name=\"twitter:card\" content=\"summary_large_image\" \/>\n<meta name=\"twitter:site\" content=\"@veicolispeciali\" \/>\n<meta name=\"twitter:label1\" content=\"Dur\u00e9e de lecture estim\u00e9e\" \/>\n\t<meta name=\"twitter:data1\" content=\"2 minutes\" \/>\n<script type=\"application\/ld+json\" class=\"yoast-schema-graph\">{\"@context\":\"https:\/\/schema.org\",\"@graph\":[{\"@type\":\"WebPage\",\"@id\":\"https:\/\/www.vsveicolispeciali.com\/fr\/amenagement-vehicules-magasin-commerce-ambulant\/food-truck-camion-magasin-pour-vente-ambulante\/pro-x-food-truck\/\",\"url\":\"https:\/\/www.vsveicolispeciali.com\/fr\/amenagement-vehicules-magasin-commerce-ambulant\/food-truck-camion-magasin-pour-vente-ambulante\/pro-x-food-truck\/\",\"name\":\"Food Truck Pro X + eXtra, l\u2019Appli Mobile pour la gestion de votre food truck\",\"isPartOf\":{\"@id\":\"https:\/\/www.vsveicolispeciali.com\/fr\/#website\"},\"datePublished\":\"2022-05-03T13:45:11+00:00\",\"dateModified\":\"2023-02-22T15:32:06+00:00\",\"description\":\"Le Pro X est un foodtruck innovant con\u00e7u dans le but d\u2019augmenter les marges b\u00e9n\u00e9ficiaires des entreprises en am\u00e9liorant le rendement \u00e9nerg\u00e9tique\",\"breadcrumb\":{\"@id\":\"https:\/\/www.vsveicolispeciali.com\/fr\/amenagement-vehicules-magasin-commerce-ambulant\/food-truck-camion-magasin-pour-vente-ambulante\/pro-x-food-truck\/#breadcrumb\"},\"inLanguage\":\"fr-FR\",\"potentialAction\":[{\"@type\":\"ReadAction\",\"target\":[\"https:\/\/www.vsveicolispeciali.com\/fr\/amenagement-vehicules-magasin-commerce-ambulant\/food-truck-camion-magasin-pour-vente-ambulante\/pro-x-food-truck\/\"]}]},{\"@type\":\"BreadcrumbList\",\"@id\":\"https:\/\/www.vsveicolispeciali.com\/fr\/amenagement-vehicules-magasin-commerce-ambulant\/food-truck-camion-magasin-pour-vente-ambulante\/pro-x-food-truck\/#breadcrumb\",\"itemListElement\":[{\"@type\":\"ListItem\",\"position\":1,\"name\":\"Home\",\"item\":\"https:\/\/www.vsveicolispeciali.com\/fr\/\"},{\"@type\":\"ListItem\",\"position\":2,\"name\":\"Camions magasins pour commerce ambulant\",\"item\":\"https:\/\/www.vsveicolispeciali.com\/fr\/amenagement-vehicules-magasin-commerce-ambulant\/\"},{\"@type\":\"ListItem\",\"position\":3,\"name\":\"Food trucks pour restaurantion, vente ambulante et \u00e9v\u00e9nements\",\"item\":\"https:\/\/www.vsveicolispeciali.com\/fr\/amenagement-vehicules-magasin-commerce-ambulant\/food-truck-camion-magasin-pour-vente-ambulante\/\"},{\"@type\":\"ListItem\",\"position\":4,\"name\":\"Food Truck Pro X\"}]},{\"@type\":\"WebSite\",\"@id\":\"https:\/\/www.vsveicolispeciali.com\/fr\/#website\",\"url\":\"https:\/\/www.vsveicolispeciali.com\/fr\/\",\"name\":\"VS Veicoli Speciali\",\"description\":\"\",\"publisher\":{\"@id\":\"https:\/\/www.vsveicolispeciali.com\/fr\/#organization\"},\"potentialAction\":[{\"@type\":\"SearchAction\",\"target\":{\"@type\":\"EntryPoint\",\"urlTemplate\":\"https:\/\/www.vsveicolispeciali.com\/fr\/?s={search_term_string}\"},\"query-input\":{\"@type\":\"PropertyValueSpecification\",\"valueRequired\":true,\"valueName\":\"search_term_string\"}}],\"inLanguage\":\"fr-FR\"},{\"@type\":\"Organization\",\"@id\":\"https:\/\/www.vsveicolispeciali.com\/fr\/#organization\",\"name\":\"VS Veicoli Speciali\",\"url\":\"https:\/\/www.vsveicolispeciali.com\/fr\/\",\"logo\":{\"@type\":\"ImageObject\",\"inLanguage\":\"fr-FR\",\"@id\":\"https:\/\/www.vsveicolispeciali.com\/fr\/#\/schema\/logo\/image\/\",\"url\":\"http:\/\/www.vsveicolispeciali.com\/wp-content\/uploads\/2015\/05\/vs_veicoli_speciali-logo.png\",\"contentUrl\":\"http:\/\/www.vsveicolispeciali.com\/wp-content\/uploads\/2015\/05\/vs_veicoli_speciali-logo.png\",\"width\":252,\"height\":134,\"caption\":\"VS Veicoli Speciali\"},\"image\":{\"@id\":\"https:\/\/www.vsveicolispeciali.com\/fr\/#\/schema\/logo\/image\/\"},\"sameAs\":[\"https:\/\/www.facebook.com\/VSVeicoliSpeciali.Food.Trucks\/\",\"https:\/\/x.com\/veicolispeciali\",\"https:\/\/www.instagram.com\/vs_veicolispeciali\/\",\"https:\/\/www.linkedin.com\/company\/2811960\/\",\"https:\/\/www.pinterest.com\/streetfoodtruck\/\",\"https:\/\/www.youtube.com\/user\/veicolispeciali\"]}]}<\/script>\n<!-- \/ Yoast SEO plugin. -->","yoast_head_json":{"title":"Food Truck Pro X + eXtra, l\u2019Appli Mobile pour la gestion de votre food truck","description":"Le Pro X est un foodtruck innovant con\u00e7u dans le but d\u2019augmenter les marges b\u00e9n\u00e9ficiaires des entreprises en am\u00e9liorant le rendement \u00e9nerg\u00e9tique","robots":{"index":"index","follow":"follow","max-snippet":"max-snippet:-1","max-image-preview":"max-image-preview:large","max-video-preview":"max-video-preview:-1"},"canonical":"https:\/\/www.vsveicolispeciali.com\/fr\/amenagement-vehicules-magasin-commerce-ambulant\/food-truck-camion-magasin-pour-vente-ambulante\/pro-x-food-truck\/","og_locale":"fr_FR","og_type":"article","og_title":"Food Truck Pro X + eXtra, l\u2019Appli Mobile pour la gestion de votre food truck","og_description":"Le Pro X est un foodtruck innovant con\u00e7u dans le but d\u2019augmenter les marges b\u00e9n\u00e9ficiaires des entreprises en am\u00e9liorant le rendement \u00e9nerg\u00e9tique","og_url":"https:\/\/www.vsveicolispeciali.com\/fr\/amenagement-vehicules-magasin-commerce-ambulant\/food-truck-camion-magasin-pour-vente-ambulante\/pro-x-food-truck\/","og_site_name":"VS Veicoli Speciali","article_publisher":"https:\/\/www.facebook.com\/VSVeicoliSpeciali.Food.Trucks\/","article_modified_time":"2023-02-22T15:32:06+00:00","twitter_card":"summary_large_image","twitter_site":"@veicolispeciali","twitter_misc":{"Dur\u00e9e de lecture estim\u00e9e":"2 minutes"},"schema":{"@context":"https:\/\/schema.org","@graph":[{"@type":"WebPage","@id":"https:\/\/www.vsveicolispeciali.com\/fr\/amenagement-vehicules-magasin-commerce-ambulant\/food-truck-camion-magasin-pour-vente-ambulante\/pro-x-food-truck\/","url":"https:\/\/www.vsveicolispeciali.com\/fr\/amenagement-vehicules-magasin-commerce-ambulant\/food-truck-camion-magasin-pour-vente-ambulante\/pro-x-food-truck\/","name":"Food Truck Pro X + eXtra, l\u2019Appli Mobile pour la gestion de votre food truck","isPartOf":{"@id":"https:\/\/www.vsveicolispeciali.com\/fr\/#website"},"datePublished":"2022-05-03T13:45:11+00:00","dateModified":"2023-02-22T15:32:06+00:00","description":"Le Pro X est un foodtruck innovant con\u00e7u dans le but d\u2019augmenter les marges b\u00e9n\u00e9ficiaires des entreprises en am\u00e9liorant le rendement \u00e9nerg\u00e9tique","breadcrumb":{"@id":"https:\/\/www.vsveicolispeciali.com\/fr\/amenagement-vehicules-magasin-commerce-ambulant\/food-truck-camion-magasin-pour-vente-ambulante\/pro-x-food-truck\/#breadcrumb"},"inLanguage":"fr-FR","potentialAction":[{"@type":"ReadAction","target":["https:\/\/www.vsveicolispeciali.com\/fr\/amenagement-vehicules-magasin-commerce-ambulant\/food-truck-camion-magasin-pour-vente-ambulante\/pro-x-food-truck\/"]}]},{"@type":"BreadcrumbList","@id":"https:\/\/www.vsveicolispeciali.com\/fr\/amenagement-vehicules-magasin-commerce-ambulant\/food-truck-camion-magasin-pour-vente-ambulante\/pro-x-food-truck\/#breadcrumb","itemListElement":[{"@type":"ListItem","position":1,"name":"Home","item":"https:\/\/www.vsveicolispeciali.com\/fr\/"},{"@type":"ListItem","position":2,"name":"Camions magasins pour commerce ambulant","item":"https:\/\/www.vsveicolispeciali.com\/fr\/amenagement-vehicules-magasin-commerce-ambulant\/"},{"@type":"ListItem","position":3,"name":"Food trucks pour restaurantion, vente ambulante et \u00e9v\u00e9nements","item":"https:\/\/www.vsveicolispeciali.com\/fr\/amenagement-vehicules-magasin-commerce-ambulant\/food-truck-camion-magasin-pour-vente-ambulante\/"},{"@type":"ListItem","position":4,"name":"Food Truck Pro X"}]},{"@type":"WebSite","@id":"https:\/\/www.vsveicolispeciali.com\/fr\/#website","url":"https:\/\/www.vsveicolispeciali.com\/fr\/","name":"VS Veicoli Speciali","description":"","publisher":{"@id":"https:\/\/www.vsveicolispeciali.com\/fr\/#organization"},"potentialAction":[{"@type":"SearchAction","target":{"@type":"EntryPoint","urlTemplate":"https:\/\/www.vsveicolispeciali.com\/fr\/?s={search_term_string}"},"query-input":{"@type":"PropertyValueSpecification","valueRequired":true,"valueName":"search_term_string"}}],"inLanguage":"fr-FR"},{"@type":"Organization","@id":"https:\/\/www.vsveicolispeciali.com\/fr\/#organization","name":"VS Veicoli Speciali","url":"https:\/\/www.vsveicolispeciali.com\/fr\/","logo":{"@type":"ImageObject","inLanguage":"fr-FR","@id":"https:\/\/www.vsveicolispeciali.com\/fr\/#\/schema\/logo\/image\/","url":"http:\/\/www.vsveicolispeciali.com\/wp-content\/uploads\/2015\/05\/vs_veicoli_speciali-logo.png","contentUrl":"http:\/\/www.vsveicolispeciali.com\/wp-content\/uploads\/2015\/05\/vs_veicoli_speciali-logo.png","width":252,"height":134,"caption":"VS Veicoli Speciali"},"image":{"@id":"https:\/\/www.vsveicolispeciali.com\/fr\/#\/schema\/logo\/image\/"},"sameAs":["https:\/\/www.facebook.com\/VSVeicoliSpeciali.Food.Trucks\/","https:\/\/x.com\/veicolispeciali","https:\/\/www.instagram.com\/vs_veicolispeciali\/","https:\/\/www.linkedin.com\/company\/2811960\/","https:\/\/www.pinterest.com\/streetfoodtruck\/","https:\/\/www.youtube.com\/user\/veicolispeciali"]}]}},"_links":{"self":[{"href":"https:\/\/www.vsveicolispeciali.com\/fr\/wp-json\/wp\/v2\/pages\/16006"}],"collection":[{"href":"https:\/\/www.vsveicolispeciali.com\/fr\/wp-json\/wp\/v2\/pages"}],"about":[{"href":"https:\/\/www.vsveicolispeciali.com\/fr\/wp-json\/wp\/v2\/types\/page"}],"author":[{"embeddable":true,"href":"https:\/\/www.vsveicolispeciali.com\/fr\/wp-json\/wp\/v2\/users\/1001012"}],"replies":[{"embeddable":true,"href":"https:\/\/www.vsveicolispeciali.com\/fr\/wp-json\/wp\/v2\/comments?post=16006"}],"version-history":[{"count":8,"href":"https:\/\/www.vsveicolispeciali.com\/fr\/wp-json\/wp\/v2\/pages\/16006\/revisions"}],"predecessor-version":[{"id":21725,"href":"https:\/\/www.vsveicolispeciali.com\/fr\/wp-json\/wp\/v2\/pages\/16006\/revisions\/21725"}],"up":[{"embeddable":true,"href":"https:\/\/www.vsveicolispeciali.com\/fr\/wp-json\/wp\/v2\/pages\/3714"}],"wp:attachment":[{"href":"https:\/\/www.vsveicolispeciali.com\/fr\/wp-json\/wp\/v2\/media?parent=16006"}],"curies":[{"name":"wp","href":"https:\/\/api.w.org\/{rel}","templated":true}]}}