{"id":15955,"date":"2022-04-28T12:34:14","date_gmt":"2022-04-28T10:34:14","guid":{"rendered":"http:\/\/www.vsveicolispeciali.com\/?page_id=15955"},"modified":"2025-05-06T11:44:26","modified_gmt":"2025-05-06T09:44:26","slug":"fabricant-pro-x-food-truck-italien","status":"publish","type":"page","link":"https:\/\/www.vsveicolispeciali.com\/fr\/vs-innovation-lab\/fabricant-pro-x-food-truck-italien\/","title":{"rendered":"Pro X &#8211; Food Truck \u00c9cologique"},"content":{"rendered":"<div class=\"wpb-content-wrapper\"><p>[vc_row css_animation=\u00a0\u00bb\u00a0\u00bb row_type=\u00a0\u00bbrow\u00a0\u00bb use_row_as_full_screen_section=\u00a0\u00bbno\u00a0\u00bb type=\u00a0\u00bbgrid\u00a0\u00bb angled_section=\u00a0\u00bbno\u00a0\u00bb text_align=\u00a0\u00bbleft\u00a0\u00bb background_image_as_pattern=\u00a0\u00bbwithout_pattern\u00a0\u00bb][vc_column][vc_separator type=\u00a0\u00bbtransparent\u00a0\u00bb thickness=\u00a0\u00bb50&Prime; up=\u00a0\u00bb0&Prime; down=\u00a0\u00bb0&Prime;][vc_column_text]<\/p>\n<h2>FoodTruck + Appli pour l\u2019augmentation de votre productivit\u00e9 et de vos ventes<\/h2>\n<p>[\/vc_column_text][vc_separator type=\u00a0\u00bbsmall\u00a0\u00bb position=\u00a0\u00bbcenter\u00a0\u00bb][vc_row_inner row_type=\u00a0\u00bbrow\u00a0\u00bb type=\u00a0\u00bbfull_width\u00a0\u00bb text_align=\u00a0\u00bbleft\u00a0\u00bb css_animation=\u00a0\u00bb\u00a0\u00bb][vc_column_inner width=\u00a0\u00bb1\/2&Prime;][vc_column_text][\/vc_column_text][vc_column_text]Le\u00a0<strong>Pro X<\/strong>\u00a0est un\u00a0<a href=\"https:\/\/vs-foodtruck.fr\/pro-x-food-truck\" target=\"_blank\" rel=\"noopener\">food truck \u00e9co-responsable<\/a>\u00a0de nouvelle g\u00e9n\u00e9ration, con\u00e7u pour offrir aux entreprises un outil de travail mobile et performant, qui\u00a0se d\u00e9marque v\u00e9ritablement\u00a0de la concurrence.<\/p>\n<p>&nbsp;<\/p>\n<p>Avec son\u00a0DESIGN BREVET\u00c9\u00a0aux lignes innovantes, nous l\u2019avons con\u00e7u pour \u00eatre unique et reconnaissable\u00a0!<\/p>\n<p>&nbsp;<\/p>\n<p>Vous pouvez l\u2019\u00e9quiper de\u00a0<strong>panneaux photovolta\u00efques<\/strong>\u00a0et de\u00a0<strong>batteries au lithium<\/strong> \u00e0 haute performance, ce qui repr\u00e9sente une solution parfaitement conforme \u00e0 la nouvelle d\u00e9marche \u00e9coresponsable qui s\u2019impose dans le monde entier.<\/p>\n<p>&nbsp;<\/p>\n<p>Son alimentation \u00e0 batteries lithium renforc\u00e9e par un syst\u00e8me photovolta\u00efque\u00a0<strong>r\u00e9duit vos co\u00fbts d\u2019exploitation et simplifie la gestion de l\u2019\u00e9nergie \u00e0 bord<\/strong>.[\/vc_column_text][\/vc_column_inner][vc_column_inner width=\u00a0\u00bb1\/2&Prime;][vc_column_text]Le Pro X supporte jusqu\u2019\u00e0 <strong>trois modes de charge<\/strong> :<\/p>\n<ul class=\"lista\">\n<li>Par prise de courant ext\u00e9rieure (incluse dans la borne de charge) ;<\/li>\n<li>Par panneaux photovolta\u00efques sur le toit ;<\/li>\n<li>Par l\u2019alternateur du v\u00e9hicule (pendant que le v\u00e9hicule est en marche).<\/li>\n<\/ul>\n<p>&nbsp;<\/p>\n<p>Dans des conditions id\u00e9ales, les 3 formes d\u2019alimentation vous permettront d\u2019atteindre l\u2019<strong>autosuffisance \u00e9nerg\u00e9tique<\/strong>\u00a0!<\/p>\n<p>&nbsp;<\/p>\n<p>Vous pouvez\u00a0<strong>facilement contr\u00f4ler sur un \u00e9cran<\/strong>\u00a0l\u2019ensemble du syst\u00e8me et de l\u2019\u00e9lectronique, y compris l\u2019\u00e9tat de charge et la consommation de courant.<\/p>\n<p>&nbsp;<\/p>\n<p>Si nous employons le terme d\u2019<strong>\u00e9lectronique<\/strong>, ce n\u2019est pas un hasard. En effet, le <a href=\"http:\/\/www.vsveicolispeciali.com\/fr\/amenagement-vehicules-magasin-commerce-ambulant\/food-truck-camion-magasin-pour-vente-ambulante\/pro-x-food-truck\/\">Pro X Food Truck<\/a> int\u00e8gre <strong>eXtra<\/strong>, int\u00e8gre\u00a0eXtra, un syst\u00e8me innovant de\u00a0contr\u00f4le num\u00e9rique \u00e0 distance\u00a0des principales fonctionnalit\u00e9s embarqu\u00e9es.[\/vc_column_text][\/vc_column_inner][\/vc_row_inner][\/vc_column][\/vc_row][vc_row css_animation=\u00a0\u00bb\u00a0\u00bb row_type=\u00a0\u00bbrow\u00a0\u00bb use_row_as_full_screen_section=\u00a0\u00bbno\u00a0\u00bb type=\u00a0\u00bbfull_width\u00a0\u00bb angled_section=\u00a0\u00bbno\u00a0\u00bb text_align=\u00a0\u00bbleft\u00a0\u00bb background_image_as_pattern=\u00a0\u00bbwithout_pattern\u00a0\u00bb z_index=\u00a0\u00bb\u00a0\u00bb css=\u00a0\u00bb.vc_custom_1662992004078{margin-top: 5% !important;margin-bottom: 5% !important;}\u00a0\u00bb el_class=\u00a0\u00bbriga-slide\u00a0\u00bb][vc_column][qode_elements_holder number_of_columns=\u00a0\u00bbtwo_columns\u00a0\u00bb columns_proportion=\u00a0\u00bb66_33&Prime; switch_to_one_column=\u00a0\u00bb1000&Prime;][qode_elements_holder_item vertical_alignment=\u00a0\u00bbmiddle\u00a0\u00bb advanced_animations=\u00a0\u00bbno\u00a0\u00bb background_color=\u00a0\u00bb#0d3d66&Prime;][vc_gallery type=\u00a0\u00bbflexslider_slide\u00a0\u00bb interval=\u00a0\u00bb5&Prime; images=\u00a0\u00bb17653,17657,17661&Prime; img_size=\u00a0\u00bbfull\u00a0\u00bb][\/qode_elements_holder_item][qode_elements_holder_item advanced_animations=\u00a0\u00bbyes\u00a0\u00bb start_position=\u00a0\u00bbbottom\u00a0\u00bb end_position=\u00a0\u00bbcenter\u00a0\u00bb background_color=\u00a0\u00bb#000000&Prime; item_padding=\u00a0\u00bb3% 6%\u00a0\u00bb item_padding_1280_1440=\u00a0\u00bb0% 15%\u00a0\u00bb item_padding_1024_1280=\u00a0\u00bb3% 6%\u00a0\u00bb custom_class=\u00a0\u00bbcar-tecniche\u00a0\u00bb item_padding_768_1024=\u00a0\u00bb3% 6%\u00a0\u00bb item_padding_600_768=\u00a0\u00bb3% 6%\u00a0\u00bb item_padding_480_600=\u00a0\u00bb3% 6%\u00a0\u00bb item_padding_480=\u00a0\u00bb3% 6%\u00a0\u00bb]<div class=\"qode-specification-list\">\n\t\t<div class=\"qode-specification-list-text-holder\">\n\t\t<h3 class=\"qode-specification-list-title\">\n\t\t\t\u00c9cologique et connect\u00e9\t\t<\/h3>\n\t\t<div class=\"qode-specification-list-items\">\n\t\t\t\t\t\t\t<div class=\"qode-specification-list-item\">\n\t\t\t\t\t<span class=\"qode-specification-list-item-label\">\n\t\t\t\t\t\t&quot;L&#039;\u00c9nergie en totale autonomie&quot;\t\t\t\t\t<\/span>\n\t\t\t\t\t<span class=\"qode-specification-list-item-value\">\n\t\t\t\t\t\tCapable de produire de l&#039;\u00e9nergie et de la r\u00e9utiliser gr\u00e2ce \u00e0 trois sources d&#039;\u00e9nergie (photovolta\u00efque, r\u00e9seau \u00e9lectrique et alternateur), sa structure est totalement autonome et pour une longtemps.\t\t\t\t\t<\/span>\n\t\t\t\t<\/div>\n\t\t\t\t\t\t\t<div class=\"qode-specification-list-item\">\n\t\t\t\t\t<span class=\"qode-specification-list-item-label\">\n\t\t\t\t\t\t&quot;Se recharger en marchant&quot;\t\t\t\t\t<\/span>\n\t\t\t\t\t<span class=\"qode-specification-list-item-value\">\n\t\t\t\t\t\tVous rechargez sur votre lieu de travail gr\u00e2ce \u00e0 l&#039;alternateur du moteur qui recharge les batteries et aux panneaux solaires install\u00e9s sur le toit.\t\t\t\t\t<\/span>\n\t\t\t\t<\/div>\n\t\t\t\t\t\t\t<div class=\"qode-specification-list-item\">\n\t\t\t\t\t<span class=\"qode-specification-list-item-label\">\n\t\t\t\t\t\t&quot;G\u00e9rable avec l&#039;application extra&quot;\t\t\t\t\t<\/span>\n\t\t\t\t\t<span class=\"qode-specification-list-item-value\">\n\t\t\t\t\t\tVous pouvez g\u00e9rer votre \u00e9quipement en t\u00e9l\u00e9chargeant l&#039;application eXtra sur votre portable, avec laquelle vous pouvez activer et d\u00e9sactiver l\u2019\u00e9clairage, r\u00e9gler la temp\u00e9rature.\t\t\t\t\t<\/span>\n\t\t\t\t<\/div>\n\t\t\t\t\t<\/div>\n\t<\/div>\n\t<\/div>[\/qode_elements_holder_item][\/qode_elements_holder][\/vc_column][\/vc_row][vc_row css_animation=\u00a0\u00bb\u00a0\u00bb row_type=\u00a0\u00bbrow\u00a0\u00bb use_row_as_full_screen_section=\u00a0\u00bbno\u00a0\u00bb type=\u00a0\u00bbgrid\u00a0\u00bb angled_section=\u00a0\u00bbno\u00a0\u00bb text_align=\u00a0\u00bbleft\u00a0\u00bb background_image_as_pattern=\u00a0\u00bbwithout_pattern\u00a0\u00bb][vc_column][vc_row_inner row_type=\u00a0\u00bbrow\u00a0\u00bb type=\u00a0\u00bbfull_width\u00a0\u00bb text_align=\u00a0\u00bbleft\u00a0\u00bb css_animation=\u00a0\u00bb\u00a0\u00bb][vc_column_inner width=\u00a0\u00bb1\/2&Prime;][vc_column_text]Gr\u00e2ce \u00e0\u00a0l\u2019APPLICATION qui s\u2019installe facilement sur votre t\u00e9l\u00e9phone portable, vous pouvez g\u00e9rer \u00e0 distance chaque composante du Pro X, vous pourrez ainsi\u00a0:<\/p>\n<ul class=\"lista\">\n<li>Contr\u00f4ler les param\u00e8tres environnementaux (temp\u00e9rature, humidit\u00e9),<\/li>\n<li>V\u00e9rifier l\u2019absence de fuites de gaz ou de dysfonctionnement des appareils de cuisson,<\/li>\n<li>R\u00e9gler l\u2019a\u00e9ration et la climatisation,<\/li>\n<li>R\u00e9gler la temp\u00e9rature du r\u00e9frig\u00e9rateur et du cong\u00e9lateur,<\/li>\n<li>V\u00e9rifier que tout fonctionne selon les param\u00e8tres que vous avez d\u00e9finis,<\/li>\n<li>R\u00e9gler les syst\u00e8mes d\u2019alarme,<\/li>\n<li>V\u00e9rifier l\u2019\u00e9tat des portes et des pieds de stationnement,<\/li>\n<li>Activer et d\u00e9sactiver l\u2019\u00e9clairage.<\/li>\n<\/ul>\n<p>[\/vc_column_text][\/vc_column_inner][vc_column_inner width=\u00a0\u00bb1\/2&Prime;][vc_column_text]Le\u00a0<strong>Pro X<\/strong>\u00a0et l\u2019<strong>Appli eXtra<\/strong>\u00a0sont\u00a0parfaitement int\u00e9gr\u00e9s et leur utilisation combin\u00e9e vous assure une AUGMENTATION significative de votre <strong>s\u00e9curit\u00e9<\/strong> et de la <strong>rentabilit\u00e9<\/strong> de votre activit\u00e9.<\/p>\n<p>&nbsp;<\/p>\n<p>L\u2019<strong>\u00e9quipement<\/strong> et l\u2019<strong>\u00e9clairage<\/strong>\u00a0sont enti\u00e8rement personnalisables en fonction de vos produits \u00e0 vendre et de vos exigences de production.<\/p>\n<p>Nous avons \u00e9tudi\u00e9 son\u00a0<strong>ergonomie<\/strong>\u00a0et son\u00a0<strong>design<\/strong>\u00a0avec soin pour faciliter le travail du personnel \u00e0 bord et am\u00e9liorer votre productivit\u00e9.<\/p>\n<p>&nbsp;<\/p>\n<p>Le Pro X est sans aucun doute le <a href=\"http:\/\/www.vsveicolispeciali.com\/fr\/amenagement-vehicules-magasin-commerce-ambulant\/food-truck-camion-magasin-pour-vente-ambulante\/\" target=\"_blank\" rel=\"noopener\">food truck<\/a> <strong>le plus innovant et le plus avanc\u00e9<\/strong>, le plus innovant et le plus avanc\u00e9 technologiquement du march\u00e9. Un v\u00e9hicule qui r\u00e9interpr\u00e8te le concept traditionnel du <a href=\"http:\/\/www.vsveicolispeciali.com\/fr\/amenagement-vehicules-magasin-commerce-ambulant\/\" target=\"_blank\" rel=\"noopener\">camion-magasin<\/a>, en le modernisant et en le projetant dans le monde de demain.[\/vc_column_text][\/vc_column_inner][\/vc_row_inner][vc_separator type=\u00a0\u00bbtransparent\u00a0\u00bb thickness=\u00a0\u00bb40&Prime; up=\u00a0\u00bb0&Prime; down=\u00a0\u00bb0&Prime;][\/vc_column][\/vc_row][vc_row css_animation=\u00a0\u00bb\u00a0\u00bb row_type=\u00a0\u00bbrow\u00a0\u00bb use_row_as_full_screen_section=\u00a0\u00bbno\u00a0\u00bb type=\u00a0\u00bbfull_width\u00a0\u00bb angled_section=\u00a0\u00bbno\u00a0\u00bb text_align=\u00a0\u00bbleft\u00a0\u00bb background_image_as_pattern=\u00a0\u00bbwithout_pattern\u00a0\u00bb z_index=\u00a0\u00bb\u00a0\u00bb][vc_column][vc_separator type=\u00a0\u00bbtransparent\u00a0\u00bb thickness=\u00a0\u00bb40&Prime; up=\u00a0\u00bb0&Prime; down=\u00a0\u00bb0&Prime;][vc_column_text]<div class=\"epyt-video-wrapper\"><iframe loading=\"lazy\"  id=\"_ytid_52658\"  width=\"1060\" height=\"596\"  data-origwidth=\"1060\" data-origheight=\"596\"  data-relstop=\"1\" src=\"https:\/\/www.youtube.com\/embed\/qkDNrazfNfo?enablejsapi=1&autoplay=0&cc_load_policy=0&cc_lang_pref=&iv_load_policy=1&loop=0&rel=0&fs=1&playsinline=0&autohide=2&theme=dark&color=red&controls=1&\" class=\"__youtube_prefs__  no-lazyload\" title=\"YouTube player\"  allow=\"fullscreen; accelerometer; autoplay; clipboard-write; encrypted-media; gyroscope; picture-in-picture\" allowfullscreen data-no-lazy=\"1\" data-skipgform_ajax_framebjll=\"\"><\/iframe><\/div><br \/>\n[\/vc_column_text][\/vc_column][\/vc_row][vc_row css_animation=\u00a0\u00bb\u00a0\u00bb row_type=\u00a0\u00bbrow\u00a0\u00bb use_row_as_full_screen_section=\u00a0\u00bbno\u00a0\u00bb type=\u00a0\u00bbfull_width\u00a0\u00bb angled_section=\u00a0\u00bbno\u00a0\u00bb text_align=\u00a0\u00bbleft\u00a0\u00bb background_image_as_pattern=\u00a0\u00bbwithout_pattern\u00a0\u00bb][vc_column]<a  itemprop=\"url\" href=\"http:\/\/www.vsveicolispeciali.com\/fr\/contacts_vs\/\" target=\"_self\"  class=\"qbutton  big_large_full_width center enlarge\" style=\"\">CONTACTEZ-NOUS<i class=\"qode_icon_font_awesome fa fa-envelope qode_button_icon_element\" style=\"\" ><\/i><\/a>[\/vc_column][\/vc_row]<\/p>\n<\/div>","protected":false},"excerpt":{"rendered":"<p>[vc_row css_animation=\u00a0\u00bb\u00a0\u00bb row_type=\u00a0\u00bbrow\u00a0\u00bb use_row_as_full_screen_section=\u00a0\u00bbno\u00a0\u00bb type=\u00a0\u00bbgrid\u00a0\u00bb angled_section=\u00a0\u00bbno\u00a0\u00bb text_align=\u00a0\u00bbleft\u00a0\u00bb background_image_as_pattern=\u00a0\u00bbwithout_pattern\u00a0\u00bb][vc_column][vc_separator type=\u00a0\u00bbtransparent\u00a0\u00bb thickness=\u00a0\u00bb50&Prime; up=\u00a0\u00bb0&Prime; down=\u00a0\u00bb0&Prime;][vc_column_text] FoodTruck + Appli pour l\u2019augmentation de votre productivit\u00e9 et de vos ventes [\/vc_column_text][vc_separator type=\u00a0\u00bbsmall\u00a0\u00bb position=\u00a0\u00bbcenter\u00a0\u00bb][vc_row_inner row_type=\u00a0\u00bbrow\u00a0\u00bb type=\u00a0\u00bbfull_width\u00a0\u00bb text_align=\u00a0\u00bbleft\u00a0\u00bb css_animation=\u00a0\u00bb\u00a0\u00bb][vc_column_inner width=\u00a0\u00bb1\/2&Prime;][vc_column_text][\/vc_column_text][vc_column_text]Le\u00a0Pro X\u00a0est un\u00a0food truck \u00e9co-responsable\u00a0de nouvelle g\u00e9n\u00e9ration, con\u00e7u pour offrir aux entreprises un outil&#8230;<\/p>\n","protected":false},"author":1001012,"featured_media":0,"parent":15186,"menu_order":3,"comment_status":"closed","ping_status":"closed","template":"full_width.php","meta":{"footnotes":""},"class_list":["post-15955","page","type-page","status-publish","hentry"],"yoast_head":"<!-- This site is optimized with the Yoast SEO plugin v25.4 - https:\/\/yoast.com\/wordpress\/plugins\/seo\/ -->\n<title>Food Truck \u00c9cologique + Appli Mobile | Vendre Plus et Mieux Travailler<\/title>\n<meta name=\"description\" content=\"Le Pro X est un food truck \u00e9co-responsable de nouvelle g\u00e9n\u00e9ration, con\u00e7u pour augmenter la productivit\u00e9 et les profits de votre entreprise\" \/>\n<meta name=\"robots\" content=\"index, follow, max-snippet:-1, max-image-preview:large, max-video-preview:-1\" \/>\n<link rel=\"canonical\" href=\"https:\/\/www.vsveicolispeciali.com\/fr\/vs-innovation-lab\/fabricant-pro-x-food-truck-italien\/\" \/>\n<meta property=\"og:locale\" content=\"fr_FR\" \/>\n<meta property=\"og:type\" content=\"article\" \/>\n<meta property=\"og:title\" content=\"Food Truck \u00c9cologique + Appli Mobile | Vendre Plus et Mieux Travailler\" \/>\n<meta property=\"og:description\" content=\"Le Pro X est un food truck \u00e9co-responsable de nouvelle g\u00e9n\u00e9ration, con\u00e7u pour augmenter la productivit\u00e9 et les profits de votre entreprise\" \/>\n<meta property=\"og:url\" content=\"https:\/\/www.vsveicolispeciali.com\/fr\/vs-innovation-lab\/fabricant-pro-x-food-truck-italien\/\" \/>\n<meta property=\"og:site_name\" content=\"VS Veicoli Speciali\" \/>\n<meta property=\"article:publisher\" content=\"https:\/\/www.facebook.com\/VSVeicoliSpeciali.Food.Trucks\/\" \/>\n<meta property=\"article:modified_time\" content=\"2025-05-06T09:44:26+00:00\" \/>\n<meta name=\"twitter:card\" content=\"summary_large_image\" \/>\n<meta name=\"twitter:site\" content=\"@veicolispeciali\" \/>\n<meta name=\"twitter:label1\" content=\"Dur\u00e9e de lecture estim\u00e9e\" \/>\n\t<meta name=\"twitter:data1\" content=\"3 minutes\" \/>\n<script type=\"application\/ld+json\" class=\"yoast-schema-graph\">{\"@context\":\"https:\/\/schema.org\",\"@graph\":[{\"@type\":\"WebPage\",\"@id\":\"https:\/\/www.vsveicolispeciali.com\/fr\/vs-innovation-lab\/fabricant-pro-x-food-truck-italien\/\",\"url\":\"https:\/\/www.vsveicolispeciali.com\/fr\/vs-innovation-lab\/fabricant-pro-x-food-truck-italien\/\",\"name\":\"Food Truck \u00c9cologique + Appli Mobile | Vendre Plus et Mieux Travailler\",\"isPartOf\":{\"@id\":\"https:\/\/www.vsveicolispeciali.com\/fr\/#website\"},\"datePublished\":\"2022-04-28T10:34:14+00:00\",\"dateModified\":\"2025-05-06T09:44:26+00:00\",\"description\":\"Le Pro X est un food truck \u00e9co-responsable de nouvelle g\u00e9n\u00e9ration, con\u00e7u pour augmenter la productivit\u00e9 et les profits de votre entreprise\",\"breadcrumb\":{\"@id\":\"https:\/\/www.vsveicolispeciali.com\/fr\/vs-innovation-lab\/fabricant-pro-x-food-truck-italien\/#breadcrumb\"},\"inLanguage\":\"fr-FR\",\"potentialAction\":[{\"@type\":\"ReadAction\",\"target\":[\"https:\/\/www.vsveicolispeciali.com\/fr\/vs-innovation-lab\/fabricant-pro-x-food-truck-italien\/\"]}]},{\"@type\":\"BreadcrumbList\",\"@id\":\"https:\/\/www.vsveicolispeciali.com\/fr\/vs-innovation-lab\/fabricant-pro-x-food-truck-italien\/#breadcrumb\",\"itemListElement\":[{\"@type\":\"ListItem\",\"position\":1,\"name\":\"Home\",\"item\":\"https:\/\/www.vsveicolispeciali.com\/fr\/\"},{\"@type\":\"ListItem\",\"position\":2,\"name\":\"VS Innovation Lab\",\"item\":\"https:\/\/www.vsveicolispeciali.com\/fr\/vs-innovation-lab\/\"},{\"@type\":\"ListItem\",\"position\":3,\"name\":\"Pro X &#8211; Food Truck \u00c9cologique\"}]},{\"@type\":\"WebSite\",\"@id\":\"https:\/\/www.vsveicolispeciali.com\/fr\/#website\",\"url\":\"https:\/\/www.vsveicolispeciali.com\/fr\/\",\"name\":\"VS Veicoli Speciali\",\"description\":\"\",\"publisher\":{\"@id\":\"https:\/\/www.vsveicolispeciali.com\/fr\/#organization\"},\"potentialAction\":[{\"@type\":\"SearchAction\",\"target\":{\"@type\":\"EntryPoint\",\"urlTemplate\":\"https:\/\/www.vsveicolispeciali.com\/fr\/?s={search_term_string}\"},\"query-input\":{\"@type\":\"PropertyValueSpecification\",\"valueRequired\":true,\"valueName\":\"search_term_string\"}}],\"inLanguage\":\"fr-FR\"},{\"@type\":\"Organization\",\"@id\":\"https:\/\/www.vsveicolispeciali.com\/fr\/#organization\",\"name\":\"VS Veicoli Speciali\",\"url\":\"https:\/\/www.vsveicolispeciali.com\/fr\/\",\"logo\":{\"@type\":\"ImageObject\",\"inLanguage\":\"fr-FR\",\"@id\":\"https:\/\/www.vsveicolispeciali.com\/fr\/#\/schema\/logo\/image\/\",\"url\":\"http:\/\/www.vsveicolispeciali.com\/wp-content\/uploads\/2015\/05\/vs_veicoli_speciali-logo.png\",\"contentUrl\":\"http:\/\/www.vsveicolispeciali.com\/wp-content\/uploads\/2015\/05\/vs_veicoli_speciali-logo.png\",\"width\":252,\"height\":134,\"caption\":\"VS Veicoli Speciali\"},\"image\":{\"@id\":\"https:\/\/www.vsveicolispeciali.com\/fr\/#\/schema\/logo\/image\/\"},\"sameAs\":[\"https:\/\/www.facebook.com\/VSVeicoliSpeciali.Food.Trucks\/\",\"https:\/\/x.com\/veicolispeciali\",\"https:\/\/www.instagram.com\/vs_veicolispeciali\/\",\"https:\/\/www.linkedin.com\/company\/2811960\/\",\"https:\/\/www.pinterest.com\/streetfoodtruck\/\",\"https:\/\/www.youtube.com\/user\/veicolispeciali\"]}]}<\/script>\n<!-- \/ Yoast SEO plugin. -->","yoast_head_json":{"title":"Food Truck \u00c9cologique + Appli Mobile | Vendre Plus et Mieux Travailler","description":"Le Pro X est un food truck \u00e9co-responsable de nouvelle g\u00e9n\u00e9ration, con\u00e7u pour augmenter la productivit\u00e9 et les profits de votre entreprise","robots":{"index":"index","follow":"follow","max-snippet":"max-snippet:-1","max-image-preview":"max-image-preview:large","max-video-preview":"max-video-preview:-1"},"canonical":"https:\/\/www.vsveicolispeciali.com\/fr\/vs-innovation-lab\/fabricant-pro-x-food-truck-italien\/","og_locale":"fr_FR","og_type":"article","og_title":"Food Truck \u00c9cologique + Appli Mobile | Vendre Plus et Mieux Travailler","og_description":"Le Pro X est un food truck \u00e9co-responsable de nouvelle g\u00e9n\u00e9ration, con\u00e7u pour augmenter la productivit\u00e9 et les profits de votre entreprise","og_url":"https:\/\/www.vsveicolispeciali.com\/fr\/vs-innovation-lab\/fabricant-pro-x-food-truck-italien\/","og_site_name":"VS Veicoli Speciali","article_publisher":"https:\/\/www.facebook.com\/VSVeicoliSpeciali.Food.Trucks\/","article_modified_time":"2025-05-06T09:44:26+00:00","twitter_card":"summary_large_image","twitter_site":"@veicolispeciali","twitter_misc":{"Dur\u00e9e de lecture estim\u00e9e":"3 minutes"},"schema":{"@context":"https:\/\/schema.org","@graph":[{"@type":"WebPage","@id":"https:\/\/www.vsveicolispeciali.com\/fr\/vs-innovation-lab\/fabricant-pro-x-food-truck-italien\/","url":"https:\/\/www.vsveicolispeciali.com\/fr\/vs-innovation-lab\/fabricant-pro-x-food-truck-italien\/","name":"Food Truck \u00c9cologique + Appli Mobile | Vendre Plus et Mieux Travailler","isPartOf":{"@id":"https:\/\/www.vsveicolispeciali.com\/fr\/#website"},"datePublished":"2022-04-28T10:34:14+00:00","dateModified":"2025-05-06T09:44:26+00:00","description":"Le Pro X est un food truck \u00e9co-responsable de nouvelle g\u00e9n\u00e9ration, con\u00e7u pour augmenter la productivit\u00e9 et les profits de votre entreprise","breadcrumb":{"@id":"https:\/\/www.vsveicolispeciali.com\/fr\/vs-innovation-lab\/fabricant-pro-x-food-truck-italien\/#breadcrumb"},"inLanguage":"fr-FR","potentialAction":[{"@type":"ReadAction","target":["https:\/\/www.vsveicolispeciali.com\/fr\/vs-innovation-lab\/fabricant-pro-x-food-truck-italien\/"]}]},{"@type":"BreadcrumbList","@id":"https:\/\/www.vsveicolispeciali.com\/fr\/vs-innovation-lab\/fabricant-pro-x-food-truck-italien\/#breadcrumb","itemListElement":[{"@type":"ListItem","position":1,"name":"Home","item":"https:\/\/www.vsveicolispeciali.com\/fr\/"},{"@type":"ListItem","position":2,"name":"VS Innovation Lab","item":"https:\/\/www.vsveicolispeciali.com\/fr\/vs-innovation-lab\/"},{"@type":"ListItem","position":3,"name":"Pro X &#8211; Food Truck \u00c9cologique"}]},{"@type":"WebSite","@id":"https:\/\/www.vsveicolispeciali.com\/fr\/#website","url":"https:\/\/www.vsveicolispeciali.com\/fr\/","name":"VS Veicoli Speciali","description":"","publisher":{"@id":"https:\/\/www.vsveicolispeciali.com\/fr\/#organization"},"potentialAction":[{"@type":"SearchAction","target":{"@type":"EntryPoint","urlTemplate":"https:\/\/www.vsveicolispeciali.com\/fr\/?s={search_term_string}"},"query-input":{"@type":"PropertyValueSpecification","valueRequired":true,"valueName":"search_term_string"}}],"inLanguage":"fr-FR"},{"@type":"Organization","@id":"https:\/\/www.vsveicolispeciali.com\/fr\/#organization","name":"VS Veicoli Speciali","url":"https:\/\/www.vsveicolispeciali.com\/fr\/","logo":{"@type":"ImageObject","inLanguage":"fr-FR","@id":"https:\/\/www.vsveicolispeciali.com\/fr\/#\/schema\/logo\/image\/","url":"http:\/\/www.vsveicolispeciali.com\/wp-content\/uploads\/2015\/05\/vs_veicoli_speciali-logo.png","contentUrl":"http:\/\/www.vsveicolispeciali.com\/wp-content\/uploads\/2015\/05\/vs_veicoli_speciali-logo.png","width":252,"height":134,"caption":"VS Veicoli Speciali"},"image":{"@id":"https:\/\/www.vsveicolispeciali.com\/fr\/#\/schema\/logo\/image\/"},"sameAs":["https:\/\/www.facebook.com\/VSVeicoliSpeciali.Food.Trucks\/","https:\/\/x.com\/veicolispeciali","https:\/\/www.instagram.com\/vs_veicolispeciali\/","https:\/\/www.linkedin.com\/company\/2811960\/","https:\/\/www.pinterest.com\/streetfoodtruck\/","https:\/\/www.youtube.com\/user\/veicolispeciali"]}]}},"_links":{"self":[{"href":"https:\/\/www.vsveicolispeciali.com\/fr\/wp-json\/wp\/v2\/pages\/15955"}],"collection":[{"href":"https:\/\/www.vsveicolispeciali.com\/fr\/wp-json\/wp\/v2\/pages"}],"about":[{"href":"https:\/\/www.vsveicolispeciali.com\/fr\/wp-json\/wp\/v2\/types\/page"}],"author":[{"embeddable":true,"href":"https:\/\/www.vsveicolispeciali.com\/fr\/wp-json\/wp\/v2\/users\/1001012"}],"replies":[{"embeddable":true,"href":"https:\/\/www.vsveicolispeciali.com\/fr\/wp-json\/wp\/v2\/comments?post=15955"}],"version-history":[{"count":26,"href":"https:\/\/www.vsveicolispeciali.com\/fr\/wp-json\/wp\/v2\/pages\/15955\/revisions"}],"predecessor-version":[{"id":24394,"href":"https:\/\/www.vsveicolispeciali.com\/fr\/wp-json\/wp\/v2\/pages\/15955\/revisions\/24394"}],"up":[{"embeddable":true,"href":"https:\/\/www.vsveicolispeciali.com\/fr\/wp-json\/wp\/v2\/pages\/15186"}],"wp:attachment":[{"href":"https:\/\/www.vsveicolispeciali.com\/fr\/wp-json\/wp\/v2\/media?parent=15955"}],"curies":[{"name":"wp","href":"https:\/\/api.w.org\/{rel}","templated":true}]}}