{"id":14224,"date":"2021-11-25T16:19:53","date_gmt":"2021-11-25T15:19:53","guid":{"rendered":"http:\/\/vsveicolispeciali.com\/?page_id=14224"},"modified":"2023-04-07T19:44:11","modified_gmt":"2023-04-07T17:44:11","slug":"food-truck-economique","status":"publish","type":"page","link":"https:\/\/www.vsveicolispeciali.com\/fr\/amenagement-vehicules-magasin-commerce-ambulant\/food-truck-camion-magasin-pour-vente-ambulante\/food-truck-economique\/","title":{"rendered":"Eco Food Truck"},"content":{"rendered":"<div class=\"wpb-content-wrapper\"><p>[vc_row css_animation=\u00a0\u00bb\u00a0\u00bb row_type=\u00a0\u00bbrow\u00a0\u00bb use_row_as_full_screen_section=\u00a0\u00bbno\u00a0\u00bb type=\u00a0\u00bbgrid\u00a0\u00bb angled_section=\u00a0\u00bbno\u00a0\u00bb text_align=\u00a0\u00bbleft\u00a0\u00bb background_image_as_pattern=\u00a0\u00bbwithout_pattern\u00a0\u00bb][vc_column][vc_separator type=\u00a0\u00bbtransparent\u00a0\u00bb thickness=\u00a0\u00bb90&Prime; up=\u00a0\u00bb0&Prime; down=\u00a0\u00bb0&Prime;][vc_column_text]<\/p>\n<h2 style=\"text-align: center;\">Un Food Truck pas cher et fonctionnel pour vendre vos produits<\/h2>\n<p>[\/vc_column_text][vc_separator type=\u00a0\u00bbsmall\u00a0\u00bb position=\u00a0\u00bbcenter\u00a0\u00bb][vc_row_inner row_type=\u00a0\u00bbrow\u00a0\u00bb type=\u00a0\u00bbfull_width\u00a0\u00bb text_align=\u00a0\u00bbcenter\u00a0\u00bb css_animation=\u00a0\u00bb\u00a0\u00bb][vc_column_inner width=\u00a0\u00bb1\/2&Prime;][vc_column_text]<\/p>\n<p style=\"text-align: left;\">Eco Food Truck\u00a0est <strong>la solution la plus \u00c9COnomique<\/strong> du parc automobile de la cat\u00e9gorie \u00ab food truck \u00bb, un am\u00e9nagement \u00e9pur\u00e9 qui ne renonce pas aux normes de fabrication les plus exigeantes des <a href=\"https:\/\/vsveicolispeciali.com\/fr\/amenagement-vehicules-magasin-commerce-ambulant\/\" target=\"_blank\" rel=\"noopener\">camions-magasins<\/a> haut de gamme de <em>VS Veicoli Speciali<\/em>.<\/p>\n<p>&nbsp;<\/p>\n<p style=\"text-align: left;\">Disponible avec <strong>deux types d\u2019ouverture<\/strong>, avec <em>porte \u00e0 battant complet<\/em> ou <em>porte \u00e0 battant court<\/em>, vous pouvez personnaliser ce v\u00e9hicule en fonction de vos besoins, conform\u00e9ment \u00e0 un concept de construction minimaliste bas\u00e9 sur l\u2019efficacit\u00e9.<\/p>\n<p>&nbsp;<\/p>\n<p style=\"text-align: left;\">L\u2019Eco Food Truck conserve les \u00e9quipements professionnels des am\u00e9nagements haut de gamme, ainsi que les installations et mat\u00e9riaux conformes aux normes, vous laissant la\u00a0<strong>possibilit\u00e9 d\u2019une mise \u00e0 niveau future<\/strong>. Vous pouvez d\u2019ailleurs renouveler rapidement la personnalisation graphique et les \u00e9quipements dans un second temps.<\/p>\n<p>[\/vc_column_text][\/vc_column_inner][vc_column_inner width=\u00a0\u00bb1\/2&Prime;][vc_column_text]<\/p>\n<p style=\"text-align: left;\">Vous pouvez <a href=\"https:\/\/vsveicolispeciali.com\/fr\/amenagement-vehicules-magasin-commerce-ambulant\/food-truck-camion-magasin-pour-vente-ambulante\/\" target=\"_blank\" rel=\"noopener\">concevoir<\/a> un Eco Food Truck pour\u00a0diff\u00e9rents types de produits\u00a0: des pizzas, des hamburgers, des poke bowls, du sushis, des p\u00e2tes, des glaces, vous pouvez \u00e9galement adapter un am\u00e9nagement bar \u00e0 vins ou friterie&#8230; La disposition est <strong>configur\u00e9e en fonction du secteur commercial<\/strong>, les \u00e9quipements sont s\u00e9lectionn\u00e9s et install\u00e9s en fonction des produits que vous devez vendre.<\/p>\n<p style=\"text-align: left;\">Composition de l\u2019\u00e9quipement de base\u00a0:<\/p>\n<ul class=\"lista\">\n<li style=\"text-align: left;\">Installation d\u2019eau autonome int\u00e9gr\u00e9e conforme<\/li>\n<li style=\"text-align: left;\">Installation \u00e9lectrique conforme<\/li>\n<li style=\"text-align: left;\">Installation gaz aux normes (en option)<\/li>\n<li style=\"text-align: left;\">\u00c9clairage LED<\/li>\n<li style=\"text-align: left;\">Serrures de s\u00e9curit\u00e9<\/li>\n<li style=\"text-align: left;\">Marche antid\u00e9rapante<\/li>\n<li style=\"text-align: left;\">Pieds de stationnement<\/li>\n<li style=\"text-align: left;\">\u00c9tag\u00e8res en acier inoxydable<\/li>\n<\/ul>\n<p>[\/vc_column_text][\/vc_column_inner][\/vc_row_inner][\/vc_column][\/vc_row][vc_row css_animation=\u00a0\u00bb\u00a0\u00bb row_type=\u00a0\u00bbrow\u00a0\u00bb use_row_as_full_screen_section=\u00a0\u00bbno\u00a0\u00bb type=\u00a0\u00bbfull_width\u00a0\u00bb angled_section=\u00a0\u00bbno\u00a0\u00bb text_align=\u00a0\u00bbleft\u00a0\u00bb background_image_as_pattern=\u00a0\u00bbwithout_pattern\u00a0\u00bb z_index=\u00a0\u00bb\u00a0\u00bb][vc_column][vc_separator type=\u00a0\u00bbtransparent\u00a0\u00bb thickness=\u00a0\u00bb90&Prime; up=\u00a0\u00bb0&Prime; down=\u00a0\u00bb0&Prime;]<div class='projects_holder_outer v5 portfolio_with_space portfolio_with_hover_text'><div class='projects_holder portfolio_main_holder clearfix v5 hover_text portfolio_full_image portfolio_one_by_one'>\n<article class='mix portfolio_category_103 portfolio_category_124 portfolio_category_125 ' style=''><div class='image_holder'><a itemprop='url' class='portfolio_link_for_touch' href='https:\/\/www.vsveicolispeciali.com\/fr\/street-food-truck\/eco-food-truck-pizza-pz1\/' target='_self'><span class='image'><img loading=\"lazy\" decoding=\"async\" width=\"1000\" height=\"800\" src=\"https:\/\/www.vsveicolispeciali.com\/wp-content\/uploads\/2024\/10\/eco-food-truck-pizzeria-pz1.jpg\" class=\"attachment-full size-full wp-post-image\" alt=\"Eco Food Truck Pizza PZ1 vendu \u00e0 Gen\u00e8ve, Suisse\" srcset=\"https:\/\/www.vsveicolispeciali.com\/wp-content\/uploads\/2024\/10\/eco-food-truck-pizzeria-pz1.jpg 1000w, https:\/\/www.vsveicolispeciali.com\/wp-content\/uploads\/2024\/10\/eco-food-truck-pizzeria-pz1-300x240.jpg 300w, https:\/\/www.vsveicolispeciali.com\/wp-content\/uploads\/2024\/10\/eco-food-truck-pizzeria-pz1-768x614.jpg 768w, https:\/\/www.vsveicolispeciali.com\/wp-content\/uploads\/2024\/10\/eco-food-truck-pizzeria-pz1-700x560.jpg 700w\" sizes=\"(max-width: 1000px) 100vw, 1000px\" \/><\/span><\/a><span class='text_holder'><span class='text_outer'><span class='text_inner'><div class=\"hover_feature_holder_title\"><div class=\"hover_feature_holder_title_inner\"><h5 itemprop=\"name\" class=\"portfolio_title entry_title\"><a itemprop=\"url\" href=\"https:\/\/www.vsveicolispeciali.com\/fr\/street-food-truck\/eco-food-truck-pizza-pz1\/\"  target=\"_self\">Eco Food Truck Pizza PZ1<\/a><\/h5><div  class=\"portfolio_separator separator  small center\"><\/div><span class=\"project_category\" >Eco Food Truck, Street Food, Pizza<\/span><\/div><\/div><span class='feature_holder'><span class=\"feature_holder_icons\"><a itemprop='url' class='preview qbutton small white' href='https:\/\/www.vsveicolispeciali.com\/fr\/street-food-truck\/eco-food-truck-pizza-pz1\/' target='_self'>view<\/a><span class='portfolio_like qbutton small white'><a  href=\"#\" class=\"qode-like\" id=\"qode-like-26857\" title=\"Like this\">6<span>  Likes<\/span><\/a><\/span><\/span><\/span><\/span><\/span><\/span><\/div><\/article>\n<article class='mix portfolio_category_34 portfolio_category_103 portfolio_category_124 ' style=''><div class='image_holder'><a itemprop='url' class='portfolio_link_for_touch' href='https:\/\/www.vsveicolispeciali.com\/fr\/street-food-truck\/camion-friterie-misses-fries\/' target='_self'><span class='image'><img loading=\"lazy\" decoding=\"async\" width=\"1000\" height=\"800\" src=\"https:\/\/www.vsveicolispeciali.com\/wp-content\/uploads\/2024\/10\/friggitoria-ambulante-misses-fries.jpg\" class=\"attachment-full size-full wp-post-image\" alt=\"camion friterie misses fries offre service traiteur pour f\u00eates, anniversaires et \u00e9v\u00e9nements priv\u00e9s\" srcset=\"https:\/\/www.vsveicolispeciali.com\/wp-content\/uploads\/2024\/10\/friggitoria-ambulante-misses-fries.jpg 1000w, https:\/\/www.vsveicolispeciali.com\/wp-content\/uploads\/2024\/10\/friggitoria-ambulante-misses-fries-300x240.jpg 300w, https:\/\/www.vsveicolispeciali.com\/wp-content\/uploads\/2024\/10\/friggitoria-ambulante-misses-fries-768x614.jpg 768w, https:\/\/www.vsveicolispeciali.com\/wp-content\/uploads\/2024\/10\/friggitoria-ambulante-misses-fries-700x560.jpg 700w\" sizes=\"(max-width: 1000px) 100vw, 1000px\" \/><\/span><\/a><span class='text_holder'><span class='text_outer'><span class='text_inner'><div class=\"hover_feature_holder_title\"><div class=\"hover_feature_holder_title_inner\"><h5 itemprop=\"name\" class=\"portfolio_title entry_title\"><a itemprop=\"url\" href=\"https:\/\/www.vsveicolispeciali.com\/fr\/street-food-truck\/camion-friterie-misses-fries\/\"  target=\"_self\">Camion Friterie MISSES FRIES<\/a><\/h5><div  class=\"portfolio_separator separator  small center\"><\/div><span class=\"project_category\" >Food trucks, Eco Food Truck, Street Food<\/span><\/div><\/div><span class='feature_holder'><span class=\"feature_holder_icons\"><a itemprop='url' class='preview qbutton small white' href='https:\/\/www.vsveicolispeciali.com\/fr\/street-food-truck\/camion-friterie-misses-fries\/' target='_self'>view<\/a><span class='portfolio_like qbutton small white'><a  href=\"#\" class=\"qode-like\" id=\"qode-like-26780\" title=\"Like this\">7<span>  Likes<\/span><\/a><\/span><\/span><\/span><\/span><\/span><\/span><\/div><\/article>\n<article class='mix portfolio_category_34 portfolio_category_35 portfolio_category_103 ' style=''><div class='image_holder'><a itemprop='url' class='portfolio_link_for_touch' href='https:\/\/www.vsveicolispeciali.com\/fr\/street-food-truck\/camion-restaurant-rulli-food\/' target='_self'><span class='image'><img loading=\"lazy\" decoding=\"async\" width=\"1000\" height=\"800\" src=\"https:\/\/www.vsveicolispeciali.com\/wp-content\/uploads\/2024\/07\/Food-Truck-Bar-Cucina-Rulli-Food.jpg\" class=\"attachment-full size-full wp-post-image\" alt=\"Camion Restaurant et Bar Rulli Food\" srcset=\"https:\/\/www.vsveicolispeciali.com\/wp-content\/uploads\/2024\/07\/Food-Truck-Bar-Cucina-Rulli-Food.jpg 1000w, https:\/\/www.vsveicolispeciali.com\/wp-content\/uploads\/2024\/07\/Food-Truck-Bar-Cucina-Rulli-Food-300x240.jpg 300w, https:\/\/www.vsveicolispeciali.com\/wp-content\/uploads\/2024\/07\/Food-Truck-Bar-Cucina-Rulli-Food-768x614.jpg 768w, https:\/\/www.vsveicolispeciali.com\/wp-content\/uploads\/2024\/07\/Food-Truck-Bar-Cucina-Rulli-Food-700x560.jpg 700w\" sizes=\"(max-width: 1000px) 100vw, 1000px\" \/><\/span><\/a><span class='text_holder'><span class='text_outer'><span class='text_inner'><div class=\"hover_feature_holder_title\"><div class=\"hover_feature_holder_title_inner\"><h5 itemprop=\"name\" class=\"portfolio_title entry_title\"><a itemprop=\"url\" href=\"https:\/\/www.vsveicolispeciali.com\/fr\/street-food-truck\/camion-restaurant-rulli-food\/\"  target=\"_self\">Camion Restaurant &#8211; Rulli Food<\/a><\/h5><div  class=\"portfolio_separator separator  small center\"><\/div><span class=\"project_category\" >Food trucks, Camions Boutique et Promo, Eco Food Truck<\/span><\/div><\/div><span class='feature_holder'><span class=\"feature_holder_icons\"><a itemprop='url' class='preview qbutton small white' href='https:\/\/www.vsveicolispeciali.com\/fr\/street-food-truck\/camion-restaurant-rulli-food\/' target='_self'>view<\/a><span class='portfolio_like qbutton small white'><a  href=\"#\" class=\"qode-like\" id=\"qode-like-26008\" title=\"Like this\">8<span>  Likes<\/span><\/a><\/span><\/span><\/span><\/span><\/span><\/span><\/div><\/article>\n<article class='mix portfolio_category_34 portfolio_category_103 ' style=''><div class='image_holder'><a itemprop='url' class='portfolio_link_for_touch' href='https:\/\/www.vsveicolispeciali.com\/fr\/street-food-truck\/food-truck-poisson-sardaigne\/' target='_self'><span class='image'><img loading=\"lazy\" decoding=\"async\" width=\"1000\" height=\"800\" src=\"https:\/\/www.vsveicolispeciali.com\/wp-content\/uploads\/2023\/07\/food-truck-pesce-nieddittas.jpg\" class=\"attachment-full size-full wp-post-image\" alt=\"Eco Food Truck Poisson NIEDDITTAS\" srcset=\"https:\/\/www.vsveicolispeciali.com\/wp-content\/uploads\/2023\/07\/food-truck-pesce-nieddittas.jpg 1000w, https:\/\/www.vsveicolispeciali.com\/wp-content\/uploads\/2023\/07\/food-truck-pesce-nieddittas-300x240.jpg 300w, https:\/\/www.vsveicolispeciali.com\/wp-content\/uploads\/2023\/07\/food-truck-pesce-nieddittas-768x614.jpg 768w, https:\/\/www.vsveicolispeciali.com\/wp-content\/uploads\/2023\/07\/food-truck-pesce-nieddittas-700x560.jpg 700w\" sizes=\"(max-width: 1000px) 100vw, 1000px\" \/><\/span><\/a><span class='text_holder'><span class='text_outer'><span class='text_inner'><div class=\"hover_feature_holder_title\"><div class=\"hover_feature_holder_title_inner\"><h5 itemprop=\"name\" class=\"portfolio_title entry_title\"><a itemprop=\"url\" href=\"https:\/\/www.vsveicolispeciali.com\/fr\/street-food-truck\/food-truck-poisson-sardaigne\/\"  target=\"_self\">Food Truck Poisson NIEDDITTAS<\/a><\/h5><div  class=\"portfolio_separator separator  small center\"><\/div><span class=\"project_category\" >Food trucks, Eco Food Truck<\/span><\/div><\/div><span class='feature_holder'><span class=\"feature_holder_icons\"><a itemprop='url' class='preview qbutton small white' href='https:\/\/www.vsveicolispeciali.com\/fr\/street-food-truck\/food-truck-poisson-sardaigne\/' target='_self'>view<\/a><span class='portfolio_like qbutton small white'><a  href=\"#\" class=\"qode-like\" id=\"qode-like-23663\" title=\"Like this\">4<span>  Likes<\/span><\/a><\/span><\/span><\/span><\/span><\/span><\/span><\/div><\/article>\n<article class='mix portfolio_category_34 portfolio_category_103 portfolio_category_124 portfolio_category_128 ' style=''><div class='image_holder'><a itemprop='url' class='portfolio_link_for_touch' href='https:\/\/www.vsveicolispeciali.com\/fr\/street-food-truck\/food-truck-cafe-de-la-collegiale\/' target='_self'><span class='image'><img loading=\"lazy\" decoding=\"async\" width=\"1200\" height=\"800\" src=\"https:\/\/www.vsveicolispeciali.com\/wp-content\/uploads\/2022\/03\/eco-food-truck-cafe-svizzera-francese.jpg\" class=\"attachment-full size-full wp-post-image\" alt=\"eco food truck caf\u00e9 Ch\u00e2teau Neuch\u00e2tel Swiss utilis\u00e9 comme point de ravitaillement pour les visiteurs du ch\u00e2teau\" srcset=\"https:\/\/www.vsveicolispeciali.com\/wp-content\/uploads\/2022\/03\/eco-food-truck-cafe-svizzera-francese.jpg 1200w, https:\/\/www.vsveicolispeciali.com\/wp-content\/uploads\/2022\/03\/eco-food-truck-cafe-svizzera-francese-300x200.jpg 300w, https:\/\/www.vsveicolispeciali.com\/wp-content\/uploads\/2022\/03\/eco-food-truck-cafe-svizzera-francese-1024x683.jpg 1024w, https:\/\/www.vsveicolispeciali.com\/wp-content\/uploads\/2022\/03\/eco-food-truck-cafe-svizzera-francese-768x512.jpg 768w, https:\/\/www.vsveicolispeciali.com\/wp-content\/uploads\/2022\/03\/eco-food-truck-cafe-svizzera-francese-700x467.jpg 700w\" sizes=\"(max-width: 1200px) 100vw, 1200px\" \/><\/span><\/a><span class='text_holder'><span class='text_outer'><span class='text_inner'><div class=\"hover_feature_holder_title\"><div class=\"hover_feature_holder_title_inner\"><h5 itemprop=\"name\" class=\"portfolio_title entry_title\"><a itemprop=\"url\" href=\"https:\/\/www.vsveicolispeciali.com\/fr\/street-food-truck\/food-truck-cafe-de-la-collegiale\/\"  target=\"_self\">Eco Food Truck Caf\u00e9 de la Collegiale<\/a><\/h5><div  class=\"portfolio_separator separator  small center\"><\/div><span class=\"project_category\" >Food trucks, Eco Food Truck, Street Food, Caf\u00e9<\/span><\/div><\/div><span class='feature_holder'><span class=\"feature_holder_icons\"><a itemprop='url' class='preview qbutton small white' href='https:\/\/www.vsveicolispeciali.com\/fr\/street-food-truck\/food-truck-cafe-de-la-collegiale\/' target='_self'>view<\/a><span class='portfolio_like qbutton small white'><a  href=\"#\" class=\"qode-like\" id=\"qode-like-15917\" title=\"Like this\">13<span>  Likes<\/span><\/a><\/span><\/span><\/span><\/span><\/span><\/span><\/div><\/article>\n<article class='mix portfolio_category_34 portfolio_category_103 portfolio_category_124 ' style=''><div class='image_holder'><a itemprop='url' class='portfolio_link_for_touch' href='https:\/\/www.vsveicolispeciali.com\/fr\/street-food-truck\/food-truck-sushi-maki-poke-bao\/' target='_self'><span class='image'><img loading=\"lazy\" decoding=\"async\" width=\"1000\" height=\"800\" src=\"https:\/\/www.vsveicolispeciali.com\/wp-content\/uploads\/2021\/11\/food-truck-sushi-bagong-maracaibo.jpg\" class=\"attachment-full size-full wp-post-image\" alt=\"food truck sushi bagong maracaibo service de vente \u00e0 emporter et au street food\" srcset=\"https:\/\/www.vsveicolispeciali.com\/wp-content\/uploads\/2021\/11\/food-truck-sushi-bagong-maracaibo.jpg 1000w, https:\/\/www.vsveicolispeciali.com\/wp-content\/uploads\/2021\/11\/food-truck-sushi-bagong-maracaibo-300x240.jpg 300w, https:\/\/www.vsveicolispeciali.com\/wp-content\/uploads\/2021\/11\/food-truck-sushi-bagong-maracaibo-768x614.jpg 768w, https:\/\/www.vsveicolispeciali.com\/wp-content\/uploads\/2021\/11\/food-truck-sushi-bagong-maracaibo-700x560.jpg 700w\" sizes=\"(max-width: 1000px) 100vw, 1000px\" \/><\/span><\/a><span class='text_holder'><span class='text_outer'><span class='text_inner'><div class=\"hover_feature_holder_title\"><div class=\"hover_feature_holder_title_inner\"><h5 itemprop=\"name\" class=\"portfolio_title entry_title\"><a itemprop=\"url\" href=\"https:\/\/www.vsveicolispeciali.com\/fr\/street-food-truck\/food-truck-sushi-maki-poke-bao\/\"  target=\"_self\">Food Truck Sushi, Poke, Bao &#8211; Maracaiba<\/a><\/h5><div  class=\"portfolio_separator separator  small center\"><\/div><span class=\"project_category\" >Food trucks, Eco Food Truck, Street Food<\/span><\/div><\/div><span class='feature_holder'><span class=\"feature_holder_icons\"><a itemprop='url' class='preview qbutton small white' href='https:\/\/www.vsveicolispeciali.com\/fr\/street-food-truck\/food-truck-sushi-maki-poke-bao\/' target='_self'>view<\/a><span class='portfolio_like qbutton small white'><a  href=\"#\" class=\"qode-like\" id=\"qode-like-15507\" title=\"Like this\">13<span>  Likes<\/span><\/a><\/span><\/span><\/span><\/span><\/span><\/span><\/div><\/article>\n<article class='mix portfolio_category_34 portfolio_category_103 portfolio_category_125 ' style=''><div class='image_holder'><a itemprop='url' class='portfolio_link_for_touch' href='https:\/\/www.vsveicolispeciali.com\/fr\/street-food-truck\/camion-pizza-maquenne-tutti-pizzeria-bruxelles\/' target='_self'><span class='image'><img loading=\"lazy\" decoding=\"async\" width=\"1000\" height=\"800\" src=\"https:\/\/www.vsveicolispeciali.com\/wp-content\/uploads\/2021\/11\/pizza-truck-pizzeria-tutti-bruxelles.jpg\" class=\"attachment-full size-full wp-post-image\" alt=\"camion pizza construit sur eco food truck citroen jumper\" srcset=\"https:\/\/www.vsveicolispeciali.com\/wp-content\/uploads\/2021\/11\/pizza-truck-pizzeria-tutti-bruxelles.jpg 1000w, https:\/\/www.vsveicolispeciali.com\/wp-content\/uploads\/2021\/11\/pizza-truck-pizzeria-tutti-bruxelles-300x240.jpg 300w, https:\/\/www.vsveicolispeciali.com\/wp-content\/uploads\/2021\/11\/pizza-truck-pizzeria-tutti-bruxelles-768x614.jpg 768w, https:\/\/www.vsveicolispeciali.com\/wp-content\/uploads\/2021\/11\/pizza-truck-pizzeria-tutti-bruxelles-700x560.jpg 700w\" sizes=\"(max-width: 1000px) 100vw, 1000px\" \/><\/span><\/a><span class='text_holder'><span class='text_outer'><span class='text_inner'><div class=\"hover_feature_holder_title\"><div class=\"hover_feature_holder_title_inner\"><h5 itemprop=\"name\" class=\"portfolio_title entry_title\"><a itemprop=\"url\" href=\"https:\/\/www.vsveicolispeciali.com\/fr\/street-food-truck\/camion-pizza-maquenne-tutti-pizzeria-bruxelles\/\"  target=\"_self\">Camion Pizzeria Tutti<\/a><\/h5><div  class=\"portfolio_separator separator  small center\"><\/div><span class=\"project_category\" >Food trucks, Eco Food Truck, Pizza<\/span><\/div><\/div><span class='feature_holder'><span class=\"feature_holder_icons\"><a itemprop='url' class='preview qbutton small white' href='https:\/\/www.vsveicolispeciali.com\/fr\/street-food-truck\/camion-pizza-maquenne-tutti-pizzeria-bruxelles\/' target='_self'>view<\/a><span class='portfolio_like qbutton small white'><a  href=\"#\" class=\"qode-like\" id=\"qode-like-15488\" title=\"Like this\">17<span>  Likes<\/span><\/a><\/span><\/span><\/span><\/span><\/span><\/span><\/div><\/article>\n<article class='mix portfolio_category_34 portfolio_category_103 portfolio_category_124 portfolio_category_125 ' style=''><div class='image_holder'><a itemprop='url' class='portfolio_link_for_touch' href='https:\/\/www.vsveicolispeciali.com\/fr\/street-food-truck\/camion-pizza-da-salvo-economique-food-truck\/' target='_self'><span class='image'><img loading=\"lazy\" decoding=\"async\" width=\"1000\" height=\"800\" src=\"https:\/\/www.vsveicolispeciali.com\/wp-content\/uploads\/2021\/11\/eco-food-truck-pizza-da-salvo.jpg\" class=\"attachment-full size-full wp-post-image\" alt=\"food truck \u00e9conomique fait pour la pizza par salvo entreprise familiale suisse\" srcset=\"https:\/\/www.vsveicolispeciali.com\/wp-content\/uploads\/2021\/11\/eco-food-truck-pizza-da-salvo.jpg 1000w, https:\/\/www.vsveicolispeciali.com\/wp-content\/uploads\/2021\/11\/eco-food-truck-pizza-da-salvo-300x240.jpg 300w, https:\/\/www.vsveicolispeciali.com\/wp-content\/uploads\/2021\/11\/eco-food-truck-pizza-da-salvo-768x614.jpg 768w, https:\/\/www.vsveicolispeciali.com\/wp-content\/uploads\/2021\/11\/eco-food-truck-pizza-da-salvo-700x560.jpg 700w\" sizes=\"(max-width: 1000px) 100vw, 1000px\" \/><\/span><\/a><span class='text_holder'><span class='text_outer'><span class='text_inner'><div class=\"hover_feature_holder_title\"><div class=\"hover_feature_holder_title_inner\"><h5 itemprop=\"name\" class=\"portfolio_title entry_title\"><a itemprop=\"url\" href=\"https:\/\/www.vsveicolispeciali.com\/fr\/street-food-truck\/camion-pizza-da-salvo-economique-food-truck\/\"  target=\"_self\">Camion Pizza da Salvo<\/a><\/h5><div  class=\"portfolio_separator separator  small center\"><\/div><span class=\"project_category\" >Food trucks, Eco Food Truck, Street Food, Pizza<\/span><\/div><\/div><span class='feature_holder'><span class=\"feature_holder_icons\"><a itemprop='url' class='preview qbutton small white' href='https:\/\/www.vsveicolispeciali.com\/fr\/street-food-truck\/camion-pizza-da-salvo-economique-food-truck\/' target='_self'>view<\/a><span class='portfolio_like qbutton small white'><a  href=\"#\" class=\"qode-like\" id=\"qode-like-15442\" title=\"Like this\">7<span>  Likes<\/span><\/a><\/span><\/span><\/span><\/span><\/span><\/span><\/div><\/article>\n<div class='filler'><\/div>\n<div class='filler'><\/div>\n<div class='filler'><\/div>\n<div class='filler'><\/div>\n<div class='filler'><\/div>\n<\/div><\/div>[vc_separator type=\u00a0\u00bbtransparent\u00a0\u00bb thickness=\u00a0\u00bb120&Prime;][\/vc_column][\/vc_row]<\/p>\n<\/div>","protected":false},"excerpt":{"rendered":"<p>[vc_row css_animation=\u00a0\u00bb\u00a0\u00bb row_type=\u00a0\u00bbrow\u00a0\u00bb use_row_as_full_screen_section=\u00a0\u00bbno\u00a0\u00bb type=\u00a0\u00bbgrid\u00a0\u00bb angled_section=\u00a0\u00bbno\u00a0\u00bb text_align=\u00a0\u00bbleft\u00a0\u00bb background_image_as_pattern=\u00a0\u00bbwithout_pattern\u00a0\u00bb][vc_column][vc_separator type=\u00a0\u00bbtransparent\u00a0\u00bb thickness=\u00a0\u00bb90&Prime; up=\u00a0\u00bb0&Prime; down=\u00a0\u00bb0&Prime;][vc_column_text] Un Food Truck pas cher et fonctionnel pour vendre vos produits [\/vc_column_text][vc_separator type=\u00a0\u00bbsmall\u00a0\u00bb position=\u00a0\u00bbcenter\u00a0\u00bb][vc_row_inner row_type=\u00a0\u00bbrow\u00a0\u00bb type=\u00a0\u00bbfull_width\u00a0\u00bb text_align=\u00a0\u00bbcenter\u00a0\u00bb css_animation=\u00a0\u00bb\u00a0\u00bb][vc_column_inner width=\u00a0\u00bb1\/2&Prime;][vc_column_text] Eco Food Truck\u00a0est la solution la plus \u00c9COnomique du parc automobile de la cat\u00e9gorie&#8230;<\/p>\n","protected":false},"author":1001012,"featured_media":0,"parent":3714,"menu_order":4,"comment_status":"closed","ping_status":"closed","template":"full_width.php","meta":{"footnotes":""},"class_list":["post-14224","page","type-page","status-publish","hentry"],"yoast_head":"<!-- This site is optimized with the Yoast SEO plugin v25.4 - https:\/\/yoast.com\/wordpress\/plugins\/seo\/ -->\n<title>Un Food Truck Pas Cher enti\u00e8rement \u00c9quip\u00e9 pour Vendre vos Produits<\/title>\n<meta name=\"description\" content=\"Vous pouvez personnaliser ce food truck en fonction de vos besoins, conform\u00e9ment \u00e0 un concept de construction minimaliste et fonctionnel &gt;\" \/>\n<meta name=\"robots\" content=\"index, follow, max-snippet:-1, max-image-preview:large, max-video-preview:-1\" \/>\n<link rel=\"canonical\" href=\"https:\/\/www.vsveicolispeciali.com\/fr\/amenagement-vehicules-magasin-commerce-ambulant\/food-truck-camion-magasin-pour-vente-ambulante\/food-truck-economique\/\" \/>\n<meta property=\"og:locale\" content=\"fr_FR\" \/>\n<meta property=\"og:type\" content=\"article\" \/>\n<meta property=\"og:title\" content=\"Un Food Truck Pas Cher enti\u00e8rement \u00c9quip\u00e9 pour Vendre vos Produits\" \/>\n<meta property=\"og:description\" content=\"Vous pouvez personnaliser ce food truck en fonction de vos besoins, conform\u00e9ment \u00e0 un concept de construction minimaliste et fonctionnel &gt;\" \/>\n<meta property=\"og:url\" content=\"https:\/\/www.vsveicolispeciali.com\/fr\/amenagement-vehicules-magasin-commerce-ambulant\/food-truck-camion-magasin-pour-vente-ambulante\/food-truck-economique\/\" \/>\n<meta property=\"og:site_name\" content=\"VS Veicoli Speciali\" \/>\n<meta property=\"article:publisher\" content=\"https:\/\/www.facebook.com\/VSVeicoliSpeciali.Food.Trucks\/\" \/>\n<meta property=\"article:modified_time\" content=\"2023-04-07T17:44:11+00:00\" \/>\n<meta name=\"twitter:card\" content=\"summary_large_image\" \/>\n<meta name=\"twitter:site\" content=\"@veicolispeciali\" \/>\n<meta name=\"twitter:label1\" content=\"Dur\u00e9e de lecture estim\u00e9e\" \/>\n\t<meta name=\"twitter:data1\" content=\"2 minutes\" \/>\n<script type=\"application\/ld+json\" class=\"yoast-schema-graph\">{\"@context\":\"https:\/\/schema.org\",\"@graph\":[{\"@type\":\"WebPage\",\"@id\":\"https:\/\/www.vsveicolispeciali.com\/fr\/amenagement-vehicules-magasin-commerce-ambulant\/food-truck-camion-magasin-pour-vente-ambulante\/food-truck-economique\/\",\"url\":\"https:\/\/www.vsveicolispeciali.com\/fr\/amenagement-vehicules-magasin-commerce-ambulant\/food-truck-camion-magasin-pour-vente-ambulante\/food-truck-economique\/\",\"name\":\"Un Food Truck Pas Cher enti\u00e8rement \u00c9quip\u00e9 pour Vendre vos Produits\",\"isPartOf\":{\"@id\":\"https:\/\/www.vsveicolispeciali.com\/fr\/#website\"},\"datePublished\":\"2021-11-25T15:19:53+00:00\",\"dateModified\":\"2023-04-07T17:44:11+00:00\",\"description\":\"Vous pouvez personnaliser ce food truck en fonction de vos besoins, conform\u00e9ment \u00e0 un concept de construction minimaliste et fonctionnel >\",\"breadcrumb\":{\"@id\":\"https:\/\/www.vsveicolispeciali.com\/fr\/amenagement-vehicules-magasin-commerce-ambulant\/food-truck-camion-magasin-pour-vente-ambulante\/food-truck-economique\/#breadcrumb\"},\"inLanguage\":\"fr-FR\",\"potentialAction\":[{\"@type\":\"ReadAction\",\"target\":[\"https:\/\/www.vsveicolispeciali.com\/fr\/amenagement-vehicules-magasin-commerce-ambulant\/food-truck-camion-magasin-pour-vente-ambulante\/food-truck-economique\/\"]}]},{\"@type\":\"BreadcrumbList\",\"@id\":\"https:\/\/www.vsveicolispeciali.com\/fr\/amenagement-vehicules-magasin-commerce-ambulant\/food-truck-camion-magasin-pour-vente-ambulante\/food-truck-economique\/#breadcrumb\",\"itemListElement\":[{\"@type\":\"ListItem\",\"position\":1,\"name\":\"Home\",\"item\":\"https:\/\/www.vsveicolispeciali.com\/fr\/\"},{\"@type\":\"ListItem\",\"position\":2,\"name\":\"Camions magasins pour commerce ambulant\",\"item\":\"https:\/\/www.vsveicolispeciali.com\/fr\/amenagement-vehicules-magasin-commerce-ambulant\/\"},{\"@type\":\"ListItem\",\"position\":3,\"name\":\"Food trucks pour restaurantion, vente ambulante et \u00e9v\u00e9nements\",\"item\":\"https:\/\/www.vsveicolispeciali.com\/fr\/amenagement-vehicules-magasin-commerce-ambulant\/food-truck-camion-magasin-pour-vente-ambulante\/\"},{\"@type\":\"ListItem\",\"position\":4,\"name\":\"Eco Food Truck\"}]},{\"@type\":\"WebSite\",\"@id\":\"https:\/\/www.vsveicolispeciali.com\/fr\/#website\",\"url\":\"https:\/\/www.vsveicolispeciali.com\/fr\/\",\"name\":\"VS Veicoli Speciali\",\"description\":\"\",\"publisher\":{\"@id\":\"https:\/\/www.vsveicolispeciali.com\/fr\/#organization\"},\"potentialAction\":[{\"@type\":\"SearchAction\",\"target\":{\"@type\":\"EntryPoint\",\"urlTemplate\":\"https:\/\/www.vsveicolispeciali.com\/fr\/?s={search_term_string}\"},\"query-input\":{\"@type\":\"PropertyValueSpecification\",\"valueRequired\":true,\"valueName\":\"search_term_string\"}}],\"inLanguage\":\"fr-FR\"},{\"@type\":\"Organization\",\"@id\":\"https:\/\/www.vsveicolispeciali.com\/fr\/#organization\",\"name\":\"VS Veicoli Speciali\",\"url\":\"https:\/\/www.vsveicolispeciali.com\/fr\/\",\"logo\":{\"@type\":\"ImageObject\",\"inLanguage\":\"fr-FR\",\"@id\":\"https:\/\/www.vsveicolispeciali.com\/fr\/#\/schema\/logo\/image\/\",\"url\":\"http:\/\/www.vsveicolispeciali.com\/wp-content\/uploads\/2015\/05\/vs_veicoli_speciali-logo.png\",\"contentUrl\":\"http:\/\/www.vsveicolispeciali.com\/wp-content\/uploads\/2015\/05\/vs_veicoli_speciali-logo.png\",\"width\":252,\"height\":134,\"caption\":\"VS Veicoli Speciali\"},\"image\":{\"@id\":\"https:\/\/www.vsveicolispeciali.com\/fr\/#\/schema\/logo\/image\/\"},\"sameAs\":[\"https:\/\/www.facebook.com\/VSVeicoliSpeciali.Food.Trucks\/\",\"https:\/\/x.com\/veicolispeciali\",\"https:\/\/www.instagram.com\/vs_veicolispeciali\/\",\"https:\/\/www.linkedin.com\/company\/2811960\/\",\"https:\/\/www.pinterest.com\/streetfoodtruck\/\",\"https:\/\/www.youtube.com\/user\/veicolispeciali\"]}]}<\/script>\n<!-- \/ Yoast SEO plugin. -->","yoast_head_json":{"title":"Un Food Truck Pas Cher enti\u00e8rement \u00c9quip\u00e9 pour Vendre vos Produits","description":"Vous pouvez personnaliser ce food truck en fonction de vos besoins, conform\u00e9ment \u00e0 un concept de construction minimaliste et fonctionnel >","robots":{"index":"index","follow":"follow","max-snippet":"max-snippet:-1","max-image-preview":"max-image-preview:large","max-video-preview":"max-video-preview:-1"},"canonical":"https:\/\/www.vsveicolispeciali.com\/fr\/amenagement-vehicules-magasin-commerce-ambulant\/food-truck-camion-magasin-pour-vente-ambulante\/food-truck-economique\/","og_locale":"fr_FR","og_type":"article","og_title":"Un Food Truck Pas Cher enti\u00e8rement \u00c9quip\u00e9 pour Vendre vos Produits","og_description":"Vous pouvez personnaliser ce food truck en fonction de vos besoins, conform\u00e9ment \u00e0 un concept de construction minimaliste et fonctionnel >","og_url":"https:\/\/www.vsveicolispeciali.com\/fr\/amenagement-vehicules-magasin-commerce-ambulant\/food-truck-camion-magasin-pour-vente-ambulante\/food-truck-economique\/","og_site_name":"VS Veicoli Speciali","article_publisher":"https:\/\/www.facebook.com\/VSVeicoliSpeciali.Food.Trucks\/","article_modified_time":"2023-04-07T17:44:11+00:00","twitter_card":"summary_large_image","twitter_site":"@veicolispeciali","twitter_misc":{"Dur\u00e9e de lecture estim\u00e9e":"2 minutes"},"schema":{"@context":"https:\/\/schema.org","@graph":[{"@type":"WebPage","@id":"https:\/\/www.vsveicolispeciali.com\/fr\/amenagement-vehicules-magasin-commerce-ambulant\/food-truck-camion-magasin-pour-vente-ambulante\/food-truck-economique\/","url":"https:\/\/www.vsveicolispeciali.com\/fr\/amenagement-vehicules-magasin-commerce-ambulant\/food-truck-camion-magasin-pour-vente-ambulante\/food-truck-economique\/","name":"Un Food Truck Pas Cher enti\u00e8rement \u00c9quip\u00e9 pour Vendre vos Produits","isPartOf":{"@id":"https:\/\/www.vsveicolispeciali.com\/fr\/#website"},"datePublished":"2021-11-25T15:19:53+00:00","dateModified":"2023-04-07T17:44:11+00:00","description":"Vous pouvez personnaliser ce food truck en fonction de vos besoins, conform\u00e9ment \u00e0 un concept de construction minimaliste et fonctionnel >","breadcrumb":{"@id":"https:\/\/www.vsveicolispeciali.com\/fr\/amenagement-vehicules-magasin-commerce-ambulant\/food-truck-camion-magasin-pour-vente-ambulante\/food-truck-economique\/#breadcrumb"},"inLanguage":"fr-FR","potentialAction":[{"@type":"ReadAction","target":["https:\/\/www.vsveicolispeciali.com\/fr\/amenagement-vehicules-magasin-commerce-ambulant\/food-truck-camion-magasin-pour-vente-ambulante\/food-truck-economique\/"]}]},{"@type":"BreadcrumbList","@id":"https:\/\/www.vsveicolispeciali.com\/fr\/amenagement-vehicules-magasin-commerce-ambulant\/food-truck-camion-magasin-pour-vente-ambulante\/food-truck-economique\/#breadcrumb","itemListElement":[{"@type":"ListItem","position":1,"name":"Home","item":"https:\/\/www.vsveicolispeciali.com\/fr\/"},{"@type":"ListItem","position":2,"name":"Camions magasins pour commerce ambulant","item":"https:\/\/www.vsveicolispeciali.com\/fr\/amenagement-vehicules-magasin-commerce-ambulant\/"},{"@type":"ListItem","position":3,"name":"Food trucks pour restaurantion, vente ambulante et \u00e9v\u00e9nements","item":"https:\/\/www.vsveicolispeciali.com\/fr\/amenagement-vehicules-magasin-commerce-ambulant\/food-truck-camion-magasin-pour-vente-ambulante\/"},{"@type":"ListItem","position":4,"name":"Eco Food Truck"}]},{"@type":"WebSite","@id":"https:\/\/www.vsveicolispeciali.com\/fr\/#website","url":"https:\/\/www.vsveicolispeciali.com\/fr\/","name":"VS Veicoli Speciali","description":"","publisher":{"@id":"https:\/\/www.vsveicolispeciali.com\/fr\/#organization"},"potentialAction":[{"@type":"SearchAction","target":{"@type":"EntryPoint","urlTemplate":"https:\/\/www.vsveicolispeciali.com\/fr\/?s={search_term_string}"},"query-input":{"@type":"PropertyValueSpecification","valueRequired":true,"valueName":"search_term_string"}}],"inLanguage":"fr-FR"},{"@type":"Organization","@id":"https:\/\/www.vsveicolispeciali.com\/fr\/#organization","name":"VS Veicoli Speciali","url":"https:\/\/www.vsveicolispeciali.com\/fr\/","logo":{"@type":"ImageObject","inLanguage":"fr-FR","@id":"https:\/\/www.vsveicolispeciali.com\/fr\/#\/schema\/logo\/image\/","url":"http:\/\/www.vsveicolispeciali.com\/wp-content\/uploads\/2015\/05\/vs_veicoli_speciali-logo.png","contentUrl":"http:\/\/www.vsveicolispeciali.com\/wp-content\/uploads\/2015\/05\/vs_veicoli_speciali-logo.png","width":252,"height":134,"caption":"VS Veicoli Speciali"},"image":{"@id":"https:\/\/www.vsveicolispeciali.com\/fr\/#\/schema\/logo\/image\/"},"sameAs":["https:\/\/www.facebook.com\/VSVeicoliSpeciali.Food.Trucks\/","https:\/\/x.com\/veicolispeciali","https:\/\/www.instagram.com\/vs_veicolispeciali\/","https:\/\/www.linkedin.com\/company\/2811960\/","https:\/\/www.pinterest.com\/streetfoodtruck\/","https:\/\/www.youtube.com\/user\/veicolispeciali"]}]}},"_links":{"self":[{"href":"https:\/\/www.vsveicolispeciali.com\/fr\/wp-json\/wp\/v2\/pages\/14224"}],"collection":[{"href":"https:\/\/www.vsveicolispeciali.com\/fr\/wp-json\/wp\/v2\/pages"}],"about":[{"href":"https:\/\/www.vsveicolispeciali.com\/fr\/wp-json\/wp\/v2\/types\/page"}],"author":[{"embeddable":true,"href":"https:\/\/www.vsveicolispeciali.com\/fr\/wp-json\/wp\/v2\/users\/1001012"}],"replies":[{"embeddable":true,"href":"https:\/\/www.vsveicolispeciali.com\/fr\/wp-json\/wp\/v2\/comments?post=14224"}],"version-history":[{"count":8,"href":"https:\/\/www.vsveicolispeciali.com\/fr\/wp-json\/wp\/v2\/pages\/14224\/revisions"}],"predecessor-version":[{"id":22485,"href":"https:\/\/www.vsveicolispeciali.com\/fr\/wp-json\/wp\/v2\/pages\/14224\/revisions\/22485"}],"up":[{"embeddable":true,"href":"https:\/\/www.vsveicolispeciali.com\/fr\/wp-json\/wp\/v2\/pages\/3714"}],"wp:attachment":[{"href":"https:\/\/www.vsveicolispeciali.com\/fr\/wp-json\/wp\/v2\/media?parent=14224"}],"curies":[{"name":"wp","href":"https:\/\/api.w.org\/{rel}","templated":true}]}}