{"id":11761,"date":"2019-10-31T17:54:53","date_gmt":"2019-10-31T16:54:53","guid":{"rendered":"http:\/\/vsveicolispeciali.com\/allestimento-professional-food-truck-prezzi\/"},"modified":"2021-08-04T21:47:36","modified_gmt":"2021-08-04T19:47:36","slug":"camion-restaurant-food-truck-professionnel","status":"publish","type":"page","link":"https:\/\/www.vsveicolispeciali.com\/fr\/camion-restaurant-food-truck-professionnel\/","title":{"rendered":"Food Truck Professionnel | Camion Restaurant haut de gamme"},"content":{"rendered":"<div class=\"wpb-content-wrapper\"><p>[vc_row css_animation=\u00a0\u00bb\u00a0\u00bb row_type=\u00a0\u00bbrow\u00a0\u00bb use_row_as_full_screen_section=\u00a0\u00bbno\u00a0\u00bb type=\u00a0\u00bbfull_width\u00a0\u00bb angled_section=\u00a0\u00bbno\u00a0\u00bb text_align=\u00a0\u00bbleft\u00a0\u00bb background_image_as_pattern=\u00a0\u00bbwithout_pattern\u00a0\u00bb z_index=\u00a0\u00bb\u00a0\u00bb][vc_column][vc_single_image image=\u00a0\u00bb10929&Prime; img_size=\u00a0\u00bbfull\u00a0\u00bb alignment=\u00a0\u00bbcenter\u00a0\u00bb qode_css_animation=\u00a0\u00bb\u00a0\u00bb][\/vc_column][\/vc_row][vc_row css_animation=\u00a0\u00bb\u00a0\u00bb row_type=\u00a0\u00bbrow\u00a0\u00bb use_row_as_full_screen_section=\u00a0\u00bbno\u00a0\u00bb type=\u00a0\u00bbfull_width\u00a0\u00bb angled_section=\u00a0\u00bbno\u00a0\u00bb text_align=\u00a0\u00bbleft\u00a0\u00bb background_image_as_pattern=\u00a0\u00bbwithout_pattern\u00a0\u00bb z_index=\u00a0\u00bb\u00a0\u00bb][vc_column][qode_elements_holder number_of_columns=\u00a0\u00bbtwo_columns\u00a0\u00bb switch_to_one_column=\u00a0\u00bb1000&Prime;][qode_elements_holder_item vertical_alignment=\u00a0\u00bbmiddle\u00a0\u00bb advanced_animations=\u00a0\u00bbno\u00a0\u00bb][vc_single_image image=\u00a0\u00bb10934&Prime; img_size=\u00a0\u00bbfull\u00a0\u00bb alignment=\u00a0\u00bbcenter\u00a0\u00bb qode_css_animation=\u00a0\u00bb\u00a0\u00bb][\/qode_elements_holder_item][qode_elements_holder_item horizontal_alignment=\u00a0\u00bbcenter\u00a0\u00bb advanced_animations=\u00a0\u00bbyes\u00a0\u00bb start_position=\u00a0\u00bbbottom\u00a0\u00bb end_position=\u00a0\u00bbcenter\u00a0\u00bb background_color=\u00a0\u00bb#f1f1f1&Prime; item_padding=\u00a0\u00bb5% 23%\u00a0\u00bb item_padding_1280_1440=\u00a0\u00bb0% 15%\u00a0\u00bb item_padding_1024_1280=\u00a0\u00bb0% 10%\u00a0\u00bb item_padding_768_1024=\u00a0\u00bb5% 10%\u00a0\u00bb item_padding_600_768=\u00a0\u00bb5% 10%\u00a0\u00bb item_padding_480_600=\u00a0\u00bb5% 10%\u00a0\u00bb item_padding_480=\u00a0\u00bb5% 10%\u00a0\u00bb][vc_column_text]<\/p>\n<h1>PROFESSIONAL FOOD TRUCK<br \/>\n<span style=\"font-size: 23px;\">VOTRE CAMION RESTAURANT HAUT DE GAMME<\/span><\/h1>\n<p>[\/vc_column_text][vc_separator type=\u00a0\u00bbnormal\u00a0\u00bb color=\u00a0\u00bb#d3d3d3&Prime; up=\u00a0\u00bb20&Prime; down=\u00a0\u00bb25&Prime;][vc_column_text]<\/p>\n<p class=\"p1\" style=\"text-align: left;\"><span style=\"font-size: 18px;\">Le VS Food Truck est con\u00e7u pour \u00eatre autonome, certifi\u00e9, s\u00fbr, ergonomique et fonctionnel. Cet am\u00e9nagement garantit une productivit\u00e9 sup\u00e9rieure par rapport \u00e0 celle de n\u2019importe quel autre camion food truck sur le march\u00e9.<\/span><\/p>\n<p>&nbsp;<\/p>\n<p class=\"p1\" style=\"text-align: left;\"><span style=\"font-size: 18px;\">Gr\u00e2ce \u00e0 la vente directe, c\u2019est un multiplicateur de profit, r\u00e9duisant, de plus, les co\u00fbts d\u2019exploitation \u00e0 z\u00e9ro par rapport aux locaux fixes.<\/span><\/p>\n<p>&nbsp;<\/p>\n<p class=\"p1\" style=\"text-align: left;\"><span style=\"font-size: 18px;\">Avec ce v\u00e9hicule, vous avez la possibilit\u00e9 de parcourir de grandes distances et une fois le v\u00e9hicule positionn\u00e9, la facilit\u00e9 d\u2019utilisation et la rapidit\u00e9 de mise en service permettent un haut niveau de confort dans la gestion de l\u2019am\u00e9nagement et de l\u2019\u00e9quipement.<\/span><\/p>\n<p>&nbsp;<\/p>\n<p class=\"p1\" style=\"text-align: left;\"><span style=\"font-size: 18px;\">Il est \u00e9quip\u00e9 d\u2019un ch\u00e2ssis bas sp\u00e9cial permettant d\u2019effectuer le service tout en gardant \u00e0 peu pr\u00e8s la m\u00eame hauteur des clients; ainsi, une relation \u00e9gale entre l\u2019op\u00e9rateur et le client est cr\u00e9\u00e9e.<\/span><\/p>\n<p>&nbsp;<\/p>\n<p class=\"p1\" style=\"text-align: left;\"><span style=\"font-size: 18px;\">L\u2019am\u00e9nagement int\u00e9rieur est d\u00e9fini avec vous en fonction de vos besoins.<\/span><\/p>\n<p>[\/vc_column_text]<a  itemprop=\"url\" href=\"http:\/\/vsveicolispeciali.com\/wp-content\/uploads\/2020\/03\/FOOD-TRUCK_FR-compressed.pdf\" target=\"_blank\"  class=\"qbutton  large default\" style=\"margin: 30px 0px 0px 0px; \">T\u00e9l\u00e9charger le PDF<\/a>[\/qode_elements_holder_item][\/qode_elements_holder][\/vc_column][\/vc_row][vc_row css_animation=\u00a0\u00bb\u00a0\u00bb row_type=\u00a0\u00bbrow\u00a0\u00bb use_row_as_full_screen_section=\u00a0\u00bbno\u00a0\u00bb type=\u00a0\u00bbgrid\u00a0\u00bb angled_section=\u00a0\u00bbno\u00a0\u00bb text_align=\u00a0\u00bbleft\u00a0\u00bb background_image_as_pattern=\u00a0\u00bbwithout_pattern\u00a0\u00bb padding_top=\u00a0\u00bb60&Prime; padding_bottom=\u00a0\u00bb90&Prime; z_index=\u00a0\u00bb\u00a0\u00bb][vc_column]<div class=\"custom_font_holder\" style=\" font-size: 26px; line-height: 44px; font-style: normal; font-weight: 300; color: #006aa7; text-decoration: none; text-align: center;\">\n<h2><span style=\"font-size: 32px;\">UNE IC\u00d4NE QUI REPR\u00c9SENTE LA CUISINE DE RUE<br \/>\nAU TROISI\u00c8ME MILL\u00c9NAIRE<\/span><\/h2>\n<\/div>[vc_separator type=\u00a0\u00bbsmall\u00a0\u00bb position=\u00a0\u00bbcenter\u00a0\u00bb color=\u00a0\u00bbIL PRIMO VIAGGIO SULLA RETE TESLA ALLA SCOPERTA DELLE ECCELLENZE DEL NOSTRO PAESE\u00a0\u00bb]<div class=\"custom_font_holder\" style=\" font-size: 20px; line-height: 34px; font-style: normal; font-weight: 300; text-decoration: none; text-align: center;\">\n<p class=\"p1\">Un v\u00e9ritable restaurant mobile par son ampleur et sa capacit\u00e9 d\u2019accueil, mettant le trucker au service direct du client, en \u00e9tablissant, de plus, une relation de confiance mutuelle. Un <a title=\"acheter un food truck pour votre entreprise\" href=\"http:\/\/vsveicolispeciali.com\/fr\/amenagement-vehicules-magasin-commerce-ambulant\/food-truck-camion-magasin-pour-vente-ambulante\/acheter-un-food-truck-personnalise\/\" target=\"_blank\" rel=\"noopener noreferrer\">fourgon food truck personnalis\u00e9<\/a> et bien plus encore, un utilitaire pratique, rapide, percutant, \u00e0 m\u00eame de v\u00e9hiculer imm\u00e9diatement l\u2019identit\u00e9 d\u2019une marque.<\/p>\n<\/div>[vc_empty_space][animated_icons_with_text columns=\u00a0\u00bbfour_columns\u00a0\u00bb][animated_icon_with_text icon=\u00a0\u00bbfa-eye\u00a0\u00bb title=\u00a0\u00bbBREVET\u00c9\u00a0\u00bb text=\u00a0\u00bbFood truck professionnel, unique et brevet\u00e9.\u00a0\u00bb][animated_icon_with_text icon=\u00a0\u00bbfa-address-card\u00a0\u00bb title=\u00a0\u00bbPERMIS DE CONDUIRE DE TYPE B\u00a0\u00bb text=\u00a0\u00bbVous pouvez le conduire avec votre permis de conduire pour voiture.\u00a0\u00bb][animated_icon_with_text icon=\u00a0\u00bbfa-get-pocket\u00a0\u00bb title=\u00a0\u00bbERGONOMIQUE\u00a0\u00bb text=\u00a0\u00bbC\u2019est un camion restaurant professionnel, il poss\u00e8de la plus grande ergonomie.\u00a0\u00bb][animated_icon_with_text icon=\u00a0\u00bbfa-paint-brush\u00a0\u00bb title=\u00a0\u00bbPERSONNALISABLE\u00a0\u00bb text=\u00a0\u00bbIl peut \u00eatre personnalis\u00e9 dans les moindres d\u00e9tails: couleur, \u00e9clairage, mat\u00e9riaux, \u00e9l\u00e9ments graphiques et accessoires.\u00a0\u00bb][animated_icon_with_text icon=\u00a0\u00bbfa-battery-full\u00a0\u00bb title=\u00a0\u00bbAUTONOME ET AVEC AUCUN ENTRETIEN N\u00c9CESSAIRE\u00a0\u00bb text=\u00a0\u00bb100% autonome et entretien facilit\u00e9.\u00a0\u00bb][animated_icon_with_text icon=\u00a0\u00bbfa-arrows-v\u00a0\u00bb title=\u00a0\u00bbLOW CHASSIS\u00a0\u00bb text=\u00a0\u00bbSurface de marche interne \u00e0 environ 40cm du sol.\u00a0\u00bb][animated_icon_with_text icon=\u00a0\u00bbfa-truck\u00a0\u00bb title=\u00a0\u00bbL\u00c9GER ET R\u00c9SISTANT\u00a0\u00bb text=\u00a0\u00bbR\u00e9sistant et l\u00e9ger \u00e0 la fois, au point d\u2019avoir une capacit\u00e9 de 500 \u00e0 700 kg.\u00a0\u00bb][animated_icon_with_text icon=\u00a0\u00bbfa-road\u00a0\u00bb title=\u00a0\u00bbLOGISTIQUE\u00a0\u00bb text=\u00a0\u00bb\u00c9tant donn\u00e9 que c\u2019est un camion restaurant neuf, il peut m\u00eame voyager sur de longues distances.\u00a0\u00bb][\/animated_icons_with_text][\/vc_column][\/vc_row][vc_row css_animation=\u00a0\u00bb\u00a0\u00bb row_type=\u00a0\u00bbrow\u00a0\u00bb use_row_as_full_screen_section=\u00a0\u00bbno\u00a0\u00bb type=\u00a0\u00bbfull_width\u00a0\u00bb angled_section=\u00a0\u00bbno\u00a0\u00bb text_align=\u00a0\u00bbleft\u00a0\u00bb background_image_as_pattern=\u00a0\u00bbwithout_pattern\u00a0\u00bb z_index=\u00a0\u00bb\u00a0\u00bb][vc_column][qode_elements_holder number_of_columns=\u00a0\u00bbtwo_columns\u00a0\u00bb columns_proportion=\u00a0\u00bb66_33&Prime; switch_to_one_column=\u00a0\u00bb1000&Prime;][qode_elements_holder_item vertical_alignment=\u00a0\u00bbmiddle\u00a0\u00bb advanced_animations=\u00a0\u00bbno\u00a0\u00bb item_padding=\u00a0\u00bb0 0px 0 0&Prime;][vc_single_image image=\u00a0\u00bb11434&Prime; img_size=\u00a0\u00bbfull\u00a0\u00bb alignment=\u00a0\u00bbcenter\u00a0\u00bb qode_css_animation=\u00a0\u00bb\u00a0\u00bb][\/qode_elements_holder_item][qode_elements_holder_item advanced_animations=\u00a0\u00bbyes\u00a0\u00bb start_position=\u00a0\u00bbbottom\u00a0\u00bb end_position=\u00a0\u00bbcenter\u00a0\u00bb background_color=\u00a0\u00bb#741e29&Prime; item_padding=\u00a0\u00bb5% 25%\u00a0\u00bb item_padding_1280_1440=\u00a0\u00bb0% 15%\u00a0\u00bb item_padding_1024_1280=\u00a0\u00bb0% 10%\u00a0\u00bb custom_class=\u00a0\u00bbcar-tecniche\u00a0\u00bb item_padding_768_1024=\u00a0\u00bb5% 10%\u00a0\u00bb item_padding_600_768=\u00a0\u00bb5% 10%\u00a0\u00bb item_padding_480_600=\u00a0\u00bb5% 10%\u00a0\u00bb item_padding_480=\u00a0\u00bb5% 10%\u00a0\u00bb]<div class=\"qode-specification-list\">\n\t\t<div class=\"qode-specification-list-text-holder\">\n\t\t<h3 class=\"qode-specification-list-title\">\n\t\t\tCaract\u00e9ristiques techniques\t\t<\/h3>\n\t\t<div class=\"qode-specification-list-items\">\n\t\t\t\t\t\t\t<div class=\"qode-specification-list-item\">\n\t\t\t\t\t<span class=\"qode-specification-list-item-label\">\n\t\t\t\t\t\tAm\u00e9nagement avec certification de sant\u00e9 et d\u2019hygi\u00e8ne\t\t\t\t\t<\/span>\n\t\t\t\t\t<span class=\"qode-specification-list-item-value\">\n\t\t\t\t\t\t\t\t\t\t\t<\/span>\n\t\t\t\t<\/div>\n\t\t\t\t\t\t\t<div class=\"qode-specification-list-item\">\n\t\t\t\t\t<span class=\"qode-specification-list-item-label\">\n\t\t\t\t\t\tDimensions: L 5945 x P 2100+1225 x H 2660\t\t\t\t\t<\/span>\n\t\t\t\t\t<span class=\"qode-specification-list-item-value\">\n\t\t\t\t\t\t\t\t\t\t\t<\/span>\n\t\t\t\t<\/div>\n\t\t\t\t\t\t\t<div class=\"qode-specification-list-item\">\n\t\t\t\t\t<span class=\"qode-specification-list-item-label\">\n\t\t\t\t\t\tPoids: 2900-3100 kg\t\t\t\t\t<\/span>\n\t\t\t\t\t<span class=\"qode-specification-list-item-value\">\n\t\t\t\t\t\t\t\t\t\t\t<\/span>\n\t\t\t\t<\/div>\n\t\t\t\t\t\t\t<div class=\"qode-specification-list-item\">\n\t\t\t\t\t<span class=\"qode-specification-list-item-label\">\n\t\t\t\t\t\tStructure en fibre de verre avec peinture d\u00e9di\u00e9e\t\t\t\t\t\t<\/span>\n\t\t\t\t\t<span class=\"qode-specification-list-item-value\">\n\t\t\t\t\t\t\t\t\t\t\t<\/span>\n\t\t\t\t<\/div>\n\t\t\t\t\t\t\t<div class=\"qode-specification-list-item\">\n\t\t\t\t\t<span class=\"qode-specification-list-item-label\">\n\t\t\t\t\t\tPieds de stationnement x 4\t\t\t\t\t<\/span>\n\t\t\t\t\t<span class=\"qode-specification-list-item-value\">\n\t\t\t\t\t\t\t\t\t\t\t<\/span>\n\t\t\t\t<\/div>\n\t\t\t\t\t\t\t<div class=\"qode-specification-list-item\">\n\t\t\t\t\t<span class=\"qode-specification-list-item-label\">\n\t\t\t\t\t\tSol antibact\u00e9rien et antid\u00e9rapant\t\t\t\t\t<\/span>\n\t\t\t\t\t<span class=\"qode-specification-list-item-value\">\n\t\t\t\t\t\t\t\t\t\t\t<\/span>\n\t\t\t\t<\/div>\n\t\t\t\t\t\t\t<div class=\"qode-specification-list-item\">\n\t\t\t\t\t<span class=\"qode-specification-list-item-label\">\n\t\t\t\t\t\tFermeture de porte lat\u00e9rale avec syst\u00e8me easy lock, sans serrure ext\u00e9rieure\t\t\t\t\t<\/span>\n\t\t\t\t\t<span class=\"qode-specification-list-item-value\">\n\t\t\t\t\t\t\t\t\t\t\t<\/span>\n\t\t\t\t<\/div>\n\t\t\t\t\t\t\t<div class=\"qode-specification-list-item\">\n\t\t\t\t\t<span class=\"qode-specification-list-item-label\">\n\t\t\t\t\t\tInstallation d\u2019eau autonome avec eau chaude et r\u00e9servoir de chargement et d\u00e9chargement int\u00e9gr\u00e9s\t\t\t\t\t<\/span>\n\t\t\t\t\t<span class=\"qode-specification-list-item-value\">\n\t\t\t\t\t\t\t\t\t\t\t<\/span>\n\t\t\t\t<\/div>\n\t\t\t\t\t\t\t<div class=\"qode-specification-list-item\">\n\t\t\t\t\t<span class=\"qode-specification-list-item-label\">\n\t\t\t\t\t\t\u00c9clairage int\u00e9rieur full LED\t\t\t\t\t<\/span>\n\t\t\t\t\t<span class=\"qode-specification-list-item-value\">\n\t\t\t\t\t\t\t\t\t\t\t<\/span>\n\t\t\t\t<\/div>\n\t\t\t\t\t\t\t<div class=\"qode-specification-list-item\">\n\t\t\t\t\t<span class=\"qode-specification-list-item-label\">\n\t\t\t\t\t\tInstallation \u00e9lectrique prot\u00e9g\u00e9e par un disjoncteur\t\t\t\t\t<\/span>\n\t\t\t\t\t<span class=\"qode-specification-list-item-value\">\n\t\t\t\t\t\t\t\t\t\t\t<\/span>\n\t\t\t\t<\/div>\n\t\t\t\t\t\t\t<div class=\"qode-specification-list-item\">\n\t\t\t\t\t<span class=\"qode-specification-list-item-label\">\n\t\t\t\t\t\tCam\u00e9ra de stationnement\t\t\t\t\t<\/span>\n\t\t\t\t\t<span class=\"qode-specification-list-item-value\">\n\t\t\t\t\t\t\t\t\t\t\t<\/span>\n\t\t\t\t<\/div>\n\t\t\t\t\t<\/div>\n\t<\/div>\n\t<\/div>[\/qode_elements_holder_item][\/qode_elements_holder][\/vc_column][\/vc_row][vc_row css_animation=\u00a0\u00bb\u00a0\u00bb row_type=\u00a0\u00bbrow\u00a0\u00bb use_row_as_full_screen_section=\u00a0\u00bbno\u00a0\u00bb type=\u00a0\u00bbfull_width\u00a0\u00bb angled_section=\u00a0\u00bbno\u00a0\u00bb text_align=\u00a0\u00bbleft\u00a0\u00bb background_image_as_pattern=\u00a0\u00bbwithout_pattern\u00a0\u00bb z_index=\u00a0\u00bb\u00a0\u00bb el_class=\u00a0\u00bbsfondo-sfumato\u00a0\u00bb][vc_column][qode_elements_holder number_of_columns=\u00a0\u00bbtwo_columns\u00a0\u00bb columns_proportion=\u00a0\u00bb66_33&Prime; switch_to_one_column=\u00a0\u00bb1000&Prime;][qode_elements_holder_item vertical_alignment=\u00a0\u00bbmiddle\u00a0\u00bb advanced_animations=\u00a0\u00bbno\u00a0\u00bb item_padding=\u00a0\u00bb0 0px 0 0&Prime;][vc_column_text css=\u00a0\u00bb.vc_custom_1572643746809{margin-top: 3% !important;margin-left: 5% !important;}\u00a0\u00bb]<\/p>\n<h2>Professional Food Truck<\/h2>\n<p>[\/vc_column_text][vc_single_image image=\u00a0\u00bb10961&Prime; img_size=\u00a0\u00bbfull\u00a0\u00bb alignment=\u00a0\u00bbcenter\u00a0\u00bb qode_css_animation=\u00a0\u00bb\u00a0\u00bb css=\u00a0\u00bb.vc_custom_1572707270460{margin-top: -5% !important;}\u00a0\u00bb][\/qode_elements_holder_item][qode_elements_holder_item advanced_animations=\u00a0\u00bbyes\u00a0\u00bb start_position=\u00a0\u00bbbottom\u00a0\u00bb end_position=\u00a0\u00bbcenter\u00a0\u00bb item_padding=\u00a0\u00bb5% 10%\u00a0\u00bb custom_class=\u00a0\u00bbelenco-car-render\u00a0\u00bb]<div class='q_list circle'><\/p>\n<ul>\n<li>\n<h5>TEMPS DE MISE EN SERVICE<\/h5>\n<p>3&prime;<\/li>\n<li>\n<h5>ALIMENTATION<\/h5>\n<p>Un raccordement de 220 V est n\u00e9cessaire. Alternativement, il est possible d\u2019ins\u00e9rer un groupe \u00e9lectrog\u00e8ne et d\u2019obtenir ainsi une autonomie pouvant aller jusqu\u2019\u00e0 20h.<\/li>\n<li>\n<h5>ESPACE R\u00c9FRIG\u00c9R\u00c9<\/h5>\n<p>Jasqu\u2019\u00e0 600 litres.<\/li>\n<li>\n<h5>EN MOUVEMENT<\/h5>\n<p>Possibilit\u00e9 de maintenir la cha\u00eene du froid.<\/li>\n<\/ul>\n<p><\/div><div class=ordered><\/p>\n<ol>\n<li>\n<h5>CAM\u00c9RA<\/h5>\n<p>Vue arri\u00e8re pour le stationnement.<\/li>\n<li>\n<h5>ZONE CUISINE<\/h5>\n<p>Jasqu\u2019\u00e0 2m en version autonome. Possibilit\u00e9 de changer l\u2019\u00e9quipement.<\/li>\n<li>\n<h5>LOW FLOOR<\/h5>\n<p>Surface de marche interne \u00e0 environ 40cm du sol.<\/li>\n<li>\n<h5>GESTION DE LA QUEUE<\/h5>\n<p>Ouvert d\u2019un seul c\u00f4t\u00e9, le v\u00e9hicule dessert les clients en une queue unique, ce qui facilite la gestion de la file d\u2019attente.<\/li>\n<li>\n<h5>ESPACE INT\u00c9RIEUR<\/h5>\n<p>4 zones de travail pour un maximum de 4 op\u00e9rateurs.<\/li>\n<\/ol>\n<p><\/div>[\/qode_elements_holder_item][\/qode_elements_holder][\/vc_column][\/vc_row][vc_row css_animation=\u00a0\u00bb\u00a0\u00bb row_type=\u00a0\u00bbrow\u00a0\u00bb use_row_as_full_screen_section=\u00a0\u00bbno\u00a0\u00bb type=\u00a0\u00bbgrid\u00a0\u00bb angled_section=\u00a0\u00bbno\u00a0\u00bb text_align=\u00a0\u00bbcenter\u00a0\u00bb background_image_as_pattern=\u00a0\u00bbwithout_pattern\u00a0\u00bb padding_bottom=\u00a0\u00bb60&Prime; z_index=\u00a0\u00bb\u00a0\u00bb padding_top=\u00a0\u00bb60&Prime;][vc_column]<div class=\"custom_font_holder\" style=\" font-size: 26px; line-height: 44px; font-style: normal; font-weight: 300; color: #006aa7; text-decoration: none; text-align: center;\">\n<h2>FAITES EN SORTE QUE VOTRE FIRME SOIT UNIQUE AVEC UN CAMION FOOD TRUCK PROFESSIONNEL LE PLUS ORIGINAL SUR LE MARCH\u00c9<\/h2>\n<\/div>[vc_separator type=\u00a0\u00bbsmall\u00a0\u00bb position=\u00a0\u00bbcenter\u00a0\u00bb color=\u00a0\u00bbIL PRIMO VIAGGIO SULLA RETE TESLA ALLA SCOPERTA DELLE ECCELLENZE DEL NOSTRO PAESE\u00a0\u00bb]<div class=\"custom_font_holder\" style=\" font-size: 20px; line-height: 34px; font-style: normal; font-weight: 300; text-decoration: none; text-align: center;\">\n<p class=\"p1\"><span class=\"s1\">La personnalisation de votre camion restaurant ou de votre promo truck est incontournable pour vous d\u00e9marquer et communiquer correctement votre firme et votre produit, nous le savons bien. C\u2019est pourquoi nous suivrons votre projet avec vous, en parcourant ce chemin qui m\u00e8ne \u00e0 la cr\u00e9ation ensemble, avec vous, m\u00eame une fois que nous vous aurons livr\u00e9 le v\u00e9hicule.<br \/>\n<\/span><\/p>\n<\/div>[\/vc_column][\/vc_row][vc_row css_animation=\u00a0\u00bb\u00a0\u00bb row_type=\u00a0\u00bbrow\u00a0\u00bb use_row_as_full_screen_section=\u00a0\u00bbno\u00a0\u00bb type=\u00a0\u00bbfull_width\u00a0\u00bb angled_section=\u00a0\u00bbno\u00a0\u00bb text_align=\u00a0\u00bbleft\u00a0\u00bb background_image_as_pattern=\u00a0\u00bbwithout_pattern\u00a0\u00bb side_padding=\u00a0\u00bb4&Prime; padding_bottom=\u00a0\u00bb90&Prime; z_index=\u00a0\u00bb\u00a0\u00bb][vc_column css=\u00a0\u00bb.vc_custom_1628106442138{background-color: #741e29 !important;}\u00a0\u00bb][qode_elements_holder number_of_columns=\u00a0\u00bbthree_columns\u00a0\u00bb custom_class=\u00a0\u00bbdettagli\u00a0\u00bb][qode_elements_holder_item vertical_alignment=\u00a0\u00bbtop\u00a0\u00bb advanced_animations=\u00a0\u00bbno\u00a0\u00bb item_padding=\u00a0\u00bb0 10px 0 10px\u00a0\u00bb][vc_single_image image=\u00a0\u00bb10965&Prime; img_size=\u00a0\u00bbfull\u00a0\u00bb alignment=\u00a0\u00bbcenter\u00a0\u00bb qode_css_animation=\u00a0\u00bb\u00a0\u00bb][vc_column_text css=\u00a0\u00bb.vc_custom_1581185635968{padding-top: 5% !important;padding-right: 5% !important;padding-bottom: 5% !important;padding-left: 5% !important;background-color: #741e29 !important;}\u00a0\u00bb]<\/p>\n<p style=\"font-size: 18px;\">IINT\u00c9RIEURS<\/p>\n<p>&nbsp;<\/p>\n<ul style=\"list-style-type: disc;\">\n<li>Ergonomie des espaces et des \u00e9quipements<\/li>\n<li>Int\u00e9rieurs solides<\/li>\n<li>Int\u00e9gration des installations<\/li>\n<li>Nettoyage et entretien simpli\u00e9s<\/li>\n<li>4 postes de travail<br \/>\n<span style=\"color: #741e29;\">i<br \/>\ni<br \/>\n<\/span><\/li>\n<\/ul>\n<p>[\/vc_column_text][\/qode_elements_holder_item][qode_elements_holder_item vertical_alignment=\u00a0\u00bbtop\u00a0\u00bb advanced_animations=\u00a0\u00bbno\u00a0\u00bb item_padding=\u00a0\u00bb0 10px 0 10px\u00a0\u00bb][vc_single_image image=\u00a0\u00bb10973&Prime; img_size=\u00a0\u00bbfull\u00a0\u00bb alignment=\u00a0\u00bbcenter\u00a0\u00bb qode_css_animation=\u00a0\u00bb\u00a0\u00bb][vc_column_text css=\u00a0\u00bb.vc_custom_1581185768654{padding-top: 5% !important;padding-right: 5% !important;padding-bottom: 5% !important;padding-left: 5% !important;background-color: #741e29 !important;}\u00a0\u00bb]<\/p>\n<p style=\"font-size: 18px;\">D\u00c9TAILS<\/p>\n<p>&nbsp;<\/p>\n<ul>\n<li>Spots encastr\u00e9s<\/li>\n<li>Carrosserie avec prol\u00e9s et coque de passages de roue de la m\u00eame couleur<\/li>\n<li>Plinthe de protection en acier inoxydable dans couloir int\u00e9rieur<\/li>\n<li>Tableau \u00e9lectrique encastr\u00e9<\/li>\n<li>Thermostats des r\u00e9frig\u00e9rateurs encastr\u00e9s<br \/>\n<span style=\"color: #741e29;\">i<br \/>\ni<br \/>\n<\/span><\/li>\n<\/ul>\n<p>[\/vc_column_text][\/qode_elements_holder_item][qode_elements_holder_item vertical_alignment=\u00a0\u00bbtop\u00a0\u00bb advanced_animations=\u00a0\u00bbno\u00a0\u00bb item_padding=\u00a0\u00bb0 10px 0 10px\u00a0\u00bb][vc_single_image image=\u00a0\u00bb10969&Prime; img_size=\u00a0\u00bbfull\u00a0\u00bb alignment=\u00a0\u00bbcenter\u00a0\u00bb qode_css_animation=\u00a0\u00bb\u00a0\u00bb][vc_column_text css=\u00a0\u00bb.vc_custom_1581185854770{padding-top: 5% !important;padding-right: 5% !important;padding-bottom: 5% !important;padding-left: 5% !important;background-color: #741e29 !important;}\u00a0\u00bb]<\/p>\n<p style=\"font-size: 18px;\">EN OPTION<\/p>\n<p>&nbsp;<\/p>\n<ul>\n<li>Cam\u00e9ra<\/li>\n<li>Fraisage du logo<\/li>\n<li>Enseignes<\/li>\n<li>\u00c9tag\u00e8res<\/li>\n<li>Lavagne<\/li>\n<li>Tableaux noirs<\/li>\n<li>\u00c9l\u00e9ments graphiques adh\u00e9sifs personnalis\u00e9s<\/li>\n<\/ul>\n<p>[\/vc_column_text][\/qode_elements_holder_item][\/qode_elements_holder][\/vc_column][\/vc_row][vc_row css_animation=\u00a0\u00bb\u00a0\u00bb row_type=\u00a0\u00bbrow\u00a0\u00bb use_row_as_full_screen_section=\u00a0\u00bbno\u00a0\u00bb type=\u00a0\u00bbgrid\u00a0\u00bb angled_section=\u00a0\u00bbno\u00a0\u00bb text_align=\u00a0\u00bbleft\u00a0\u00bb background_image_as_pattern=\u00a0\u00bbwithout_pattern\u00a0\u00bb padding_bottom=\u00a0\u00bb90&Prime; z_index=\u00a0\u00bb\u00a0\u00bb el_class=\u00a0\u00bbnascondi\u00a0\u00bb][vc_column]<div class=\"custom_font_holder\" style=\" font-size: 26px; line-height: 44px; font-style: normal; font-weight: 300; color: #006aa7; text-decoration: none; text-align: center;\">\n<h2>FAQ<\/h2>\n<\/div>[vc_separator type=\u00a0\u00bbsmall\u00a0\u00bb position=\u00a0\u00bbcenter\u00a0\u00bb color=\u00a0\u00bbIL PRIMO VIAGGIO SULLA RETE TESLA ALLA SCOPERTA DELLE ECCELLENZE DEL NOSTRO PAESE\u00a0\u00bb]<div class=\"qode-accordion-holder clearfix qode-toggle qode-initial \">\n\t<h3 class=\"clearfix qode-title-holder\">\n<span class=\"qode-tab-title\">\n\t    <span class=\"qode-tab-title-inner\">\n        Ma se la volessi col motore?    <\/span>\n<\/span>\n<span class=\"qode-accordion-mark\">\n    <span class=\"qode-accordion-mark-icon\">\n        <span class=\"icon_plus\"><\/span>\n        <span class=\"icon_minus-06\"><\/span>\n    <\/span>\n<\/span>\n<\/h3>\n<div  class=\"qode-accordion-content \" >\n    <div class=\"qode-accordion-content-inner\">\n        [vc_column_text]<\/p>\n<p class=\"p1\">Il modello TR \u00e8 stato brevettato esclusivamente con l\u2019assenza di motore. Se hai bisogno di un\u2019Ape da guidare controlla il modello dell\u2019<a href=\"http:\/\/vsveicolispeciali.com\/allestimenti-street-food\/ape-car-per-street-food-costo\/piaggio-ape-v-curve\/\">Ape V-Curve.<\/a><\/p>\n<p>[\/vc_column_text]    <\/div>\n<\/div><h3 class=\"clearfix qode-title-holder\">\n<span class=\"qode-tab-title\">\n\t    <span class=\"qode-tab-title-inner\">\n        Come la metto in movimento?    <\/span>\n<\/span>\n<span class=\"qode-accordion-mark\">\n    <span class=\"qode-accordion-mark-icon\">\n        <span class=\"icon_plus\"><\/span>\n        <span class=\"icon_minus-06\"><\/span>\n    <\/span>\n<\/span>\n<\/h3>\n<div  class=\"qode-accordion-content \" >\n    <div class=\"qode-accordion-content-inner\">\n        [vc_column_text]<\/p>\n<p class=\"p1\">Per brevi distanze, basta una piccola spinta a mano. Se hai necessit\u00e0 di spostarla per lunghe distanze ti servirai di un carrello o un carroattrezzi.<\/p>\n<p>[\/vc_column_text]    <\/div>\n<\/div><h3 class=\"clearfix qode-title-holder\">\n<span class=\"qode-tab-title\">\n\t    <span class=\"qode-tab-title-inner\">\n        Passa proprio da tutte le porte?    <\/span>\n<\/span>\n<span class=\"qode-accordion-mark\">\n    <span class=\"qode-accordion-mark-icon\">\n        <span class=\"icon_plus\"><\/span>\n        <span class=\"icon_minus-06\"><\/span>\n    <\/span>\n<\/span>\n<\/h3>\n<div  class=\"qode-accordion-content \" >\n    <div class=\"qode-accordion-content-inner\">\n        [vc_column_text]<\/p>\n<p class=\"p1\">Si! \u00c8 stata studiata per poter accedere a qualsiasi superficie commerciale e bypassare le eventuali barriere architettoniche.<\/p>\n<p>[\/vc_column_text]    <\/div>\n<\/div><h3 class=\"clearfix qode-title-holder\">\n<span class=\"qode-tab-title\">\n\t    <span class=\"qode-tab-title-inner\">\n        Posso aprire la parete posteriore?    <\/span>\n<\/span>\n<span class=\"qode-accordion-mark\">\n    <span class=\"qode-accordion-mark-icon\">\n        <span class=\"icon_plus\"><\/span>\n        <span class=\"icon_minus-06\"><\/span>\n    <\/span>\n<\/span>\n<\/h3>\n<div  class=\"qode-accordion-content \" >\n    <div class=\"qode-accordion-content-inner\">\n        [vc_column_text]<\/p>\n<p class=\"p1\">Non \u00e8 necessario. La struttura \u00e8 stata creata apposta per gestire il flusso dei clienti solo su un lato in modo da facilitare il lavoro degli operatori.<\/p>\n<p>[\/vc_column_text]    <\/div>\n<\/div><h3 class=\"clearfix qode-title-holder\">\n<span class=\"qode-tab-title\">\n\t    <span class=\"qode-tab-title-inner\">\n        E come posso utilizzare la terza parete?    <\/span>\n<\/span>\n<span class=\"qode-accordion-mark\">\n    <span class=\"qode-accordion-mark-icon\">\n        <span class=\"icon_plus\"><\/span>\n        <span class=\"icon_minus-06\"><\/span>\n    <\/span>\n<\/span>\n<\/h3>\n<div  class=\"qode-accordion-content \" >\n    <div class=\"qode-accordion-content-inner\">\n        [vc_column_text]<\/p>\n<p class=\"p1\">Puoi usarla in altri modi. Per esempio comunicando il tuo brand e il tuo prodotto, applicando degli accessori utili per i tuoi clienti o affittando la superficie della parete posteriore come spazio pubblicitario per altri brand.<br \/>\nPer scoprire tutti i possibili accessori inseribili, contattaci: <a href=\"mailto:info@vsveicolispeciali.com\">info@vsveicolispeciali.com<\/a><\/p>\n<p>[\/vc_column_text]    <\/div>\n<\/div><\/div>[\/vc_column][\/vc_row][vc_row css_animation=\u00a0\u00bb\u00a0\u00bb row_type=\u00a0\u00bbrow\u00a0\u00bb use_row_as_full_screen_section=\u00a0\u00bbno\u00a0\u00bb type=\u00a0\u00bbgrid\u00a0\u00bb angled_section=\u00a0\u00bbno\u00a0\u00bb text_align=\u00a0\u00bbcenter\u00a0\u00bb background_image_as_pattern=\u00a0\u00bbwithout_pattern\u00a0\u00bb background_color=\u00a0\u00bb#f1f1f1&Prime; padding_top=\u00a0\u00bb60&Prime; padding_bottom=\u00a0\u00bb60&Prime; z_index=\u00a0\u00bb\u00a0\u00bb][vc_column]<a  itemprop=\"url\" href=\"http:\/\/vsveicolispeciali.com\/fr\/contacts_vs\/\" target=\"_self\"  class=\"qbutton  big_large_full_width center enlarge\" style=\"\">Contactez-nous<i class=\"qode_icon_font_awesome fa fa-envelope qode_button_icon_element\" style=\"\" ><\/i><\/a>[\/vc_column][\/vc_row][vc_row css_animation=\u00a0\u00bb\u00a0\u00bb row_type=\u00a0\u00bbrow\u00a0\u00bb use_row_as_full_screen_section=\u00a0\u00bbno\u00a0\u00bb type=\u00a0\u00bbgrid\u00a0\u00bb angled_section=\u00a0\u00bbno\u00a0\u00bb text_align=\u00a0\u00bbcenter\u00a0\u00bb background_image_as_pattern=\u00a0\u00bbwithout_pattern\u00a0\u00bb background_color=\u00a0\u00bb#f1f1f1&Prime; padding_top=\u00a0\u00bb60&Prime; padding_bottom=\u00a0\u00bb60&Prime; z_index=\u00a0\u00bb\u00a0\u00bb el_class=\u00a0\u00bbnascondi\u00a0\u00bb][vc_column]<div class=\"custom_font_holder\" style=\" font-size: 26px; line-height: 44px; font-style: normal; font-weight: 300; color: #006aa7; text-decoration: none; text-align: center;\">\n<h2>PERSONALIZZA IL TUO FOOD TRUCK VINTAGE E CHIEDI UN PREVENTIVO<\/h2>\n<\/div>[vc_separator type=\u00a0\u00bbsmall\u00a0\u00bb position=\u00a0\u00bbcenter\u00a0\u00bb color=\u00a0\u00bbIL PRIMO VIAGGIO SULLA RETE TESLA ALLA SCOPERTA DELLE ECCELLENZE DEL NOSTRO PAESE\u00a0\u00bb]<div class=\"custom_font_holder\" style=\" font-size: 20px; line-height: 34px; font-style: normal; font-weight: 300; text-decoration: none; text-align: center;\">Il new vintage food truck pu\u00f2 essere personalizzato in ogni dettaglio per comunicare al meglio i tratti distintivi e le qualit\u00e0 della tua impresa. Alcune delle caratteristiche che si possono scegliere sono: colore, materiali, illuminazione, grafica, accessori. Tu ci spieghi di cosa hai bisogno e cosa ti piace, noi lo realizziamo.<\/div>[vc_empty_space height=\u00a0\u00bb40px\u00a0\u00bb]<a  itemprop=\"url\" href=\"http:\/\/vsveicolispeciali.com\/fr\/contacts_vs\/\" target=\"_self\"  class=\"qbutton  big_large default\" style=\"\">Mettiti in contatto con noi<\/a>[\/vc_column][\/vc_row][vc_row css_animation=\u00a0\u00bb\u00a0\u00bb row_type=\u00a0\u00bbrow\u00a0\u00bb use_row_as_full_screen_section=\u00a0\u00bbno\u00a0\u00bb type=\u00a0\u00bbfull_width\u00a0\u00bb angled_section=\u00a0\u00bbno\u00a0\u00bb text_align=\u00a0\u00bbleft\u00a0\u00bb background_image_as_pattern=\u00a0\u00bbwithout_pattern\u00a0\u00bb z_index=\u00a0\u00bb\u00a0\u00bb el_class=\u00a0\u00bbnascondi\u00a0\u00bb][vc_column][vc_single_image image=\u00a0\u00bb5672&Prime; img_size=\u00a0\u00bbfull\u00a0\u00bb alignment=\u00a0\u00bbcenter\u00a0\u00bb qode_css_animation=\u00a0\u00bb\u00a0\u00bb][\/vc_column][\/vc_row]<\/p>\n<\/div>","protected":false},"excerpt":{"rendered":"<p>[vc_row css_animation=\u00a0\u00bb\u00a0\u00bb row_type=\u00a0\u00bbrow\u00a0\u00bb use_row_as_full_screen_section=\u00a0\u00bbno\u00a0\u00bb type=\u00a0\u00bbfull_width\u00a0\u00bb angled_section=\u00a0\u00bbno\u00a0\u00bb text_align=\u00a0\u00bbleft\u00a0\u00bb background_image_as_pattern=\u00a0\u00bbwithout_pattern\u00a0\u00bb z_index=\u00a0\u00bb\u00a0\u00bb][vc_column][vc_single_image image=\u00a0\u00bb10929&Prime; img_size=\u00a0\u00bbfull\u00a0\u00bb alignment=\u00a0\u00bbcenter\u00a0\u00bb qode_css_animation=\u00a0\u00bb\u00a0\u00bb][\/vc_column][\/vc_row][vc_row css_animation=\u00a0\u00bb\u00a0\u00bb row_type=\u00a0\u00bbrow\u00a0\u00bb use_row_as_full_screen_section=\u00a0\u00bbno\u00a0\u00bb type=\u00a0\u00bbfull_width\u00a0\u00bb angled_section=\u00a0\u00bbno\u00a0\u00bb text_align=\u00a0\u00bbleft\u00a0\u00bb background_image_as_pattern=\u00a0\u00bbwithout_pattern\u00a0\u00bb z_index=\u00a0\u00bb\u00a0\u00bb][vc_column][qode_elements_holder number_of_columns=\u00a0\u00bbtwo_columns\u00a0\u00bb switch_to_one_column=\u00a0\u00bb1000&Prime;][qode_elements_holder_item vertical_alignment=\u00a0\u00bbmiddle\u00a0\u00bb advanced_animations=\u00a0\u00bbno\u00a0\u00bb][vc_single_image image=\u00a0\u00bb10934&Prime; img_size=\u00a0\u00bbfull\u00a0\u00bb alignment=\u00a0\u00bbcenter\u00a0\u00bb qode_css_animation=\u00a0\u00bb\u00a0\u00bb][\/qode_elements_holder_item][qode_elements_holder_item horizontal_alignment=\u00a0\u00bbcenter\u00a0\u00bb advanced_animations=\u00a0\u00bbyes\u00a0\u00bb start_position=\u00a0\u00bbbottom\u00a0\u00bb end_position=\u00a0\u00bbcenter\u00a0\u00bb background_color=\u00a0\u00bb#f1f1f1&Prime; item_padding=\u00a0\u00bb5% 23%\u00a0\u00bb item_padding_1280_1440=\u00a0\u00bb0% 15%\u00a0\u00bb item_padding_1024_1280=\u00a0\u00bb0% 10%\u00a0\u00bb item_padding_768_1024=\u00a0\u00bb5% 10%\u00a0\u00bb item_padding_600_768=\u00a0\u00bb5% 10%\u00a0\u00bb item_padding_480_600=\u00a0\u00bb5%&#8230;<\/p>\n","protected":false},"author":1001012,"featured_media":0,"parent":0,"menu_order":0,"comment_status":"closed","ping_status":"closed","template":"full_width.php","meta":{"footnotes":""},"class_list":["post-11761","page","type-page","status-publish","hentry"],"yoast_head":"<!-- This site is optimized with the Yoast SEO plugin v25.4 - https:\/\/yoast.com\/wordpress\/plugins\/seo\/ -->\n<title>Food Truck Professionnel | Camion Restaurant haut de gamme<\/title>\n<meta name=\"description\" content=\"Camion food trucks sur mesure pour les traiteurs et les entreprises qui souhaitent promouvoir la marque. Restauration mobile et cuisine de rue (street food) &gt;\" \/>\n<meta name=\"robots\" content=\"index, follow, max-snippet:-1, max-image-preview:large, max-video-preview:-1\" \/>\n<link rel=\"canonical\" href=\"https:\/\/www.vsveicolispeciali.com\/fr\/camion-restaurant-food-truck-professionnel\/\" \/>\n<meta property=\"og:locale\" content=\"fr_FR\" \/>\n<meta property=\"og:type\" content=\"article\" \/>\n<meta property=\"og:title\" content=\"Food Truck Professionnel | Camion Restaurant haut de gamme\" \/>\n<meta property=\"og:description\" content=\"Camion food trucks sur mesure pour les traiteurs et les entreprises qui souhaitent promouvoir la marque. Restauration mobile et cuisine de rue (street food) &gt;\" \/>\n<meta property=\"og:url\" content=\"https:\/\/www.vsveicolispeciali.com\/fr\/camion-restaurant-food-truck-professionnel\/\" \/>\n<meta property=\"og:site_name\" content=\"VS Veicoli Speciali\" \/>\n<meta property=\"article:publisher\" content=\"https:\/\/www.facebook.com\/VSVeicoliSpeciali.Food.Trucks\/\" \/>\n<meta property=\"article:modified_time\" content=\"2021-08-04T19:47:36+00:00\" \/>\n<meta name=\"twitter:card\" content=\"summary_large_image\" \/>\n<meta name=\"twitter:site\" content=\"@veicolispeciali\" \/>\n<meta name=\"twitter:label1\" content=\"Dur\u00e9e de lecture estim\u00e9e\" \/>\n\t<meta name=\"twitter:data1\" content=\"6 minutes\" \/>\n<script type=\"application\/ld+json\" class=\"yoast-schema-graph\">{\"@context\":\"https:\/\/schema.org\",\"@graph\":[{\"@type\":\"WebPage\",\"@id\":\"https:\/\/www.vsveicolispeciali.com\/fr\/camion-restaurant-food-truck-professionnel\/\",\"url\":\"https:\/\/www.vsveicolispeciali.com\/fr\/camion-restaurant-food-truck-professionnel\/\",\"name\":\"Food Truck Professionnel | Camion Restaurant haut de gamme\",\"isPartOf\":{\"@id\":\"https:\/\/www.vsveicolispeciali.com\/fr\/#website\"},\"datePublished\":\"2019-10-31T16:54:53+00:00\",\"dateModified\":\"2021-08-04T19:47:36+00:00\",\"description\":\"Camion food trucks sur mesure pour les traiteurs et les entreprises qui souhaitent promouvoir la marque. Restauration mobile et cuisine de rue (street food) >\",\"breadcrumb\":{\"@id\":\"https:\/\/www.vsveicolispeciali.com\/fr\/camion-restaurant-food-truck-professionnel\/#breadcrumb\"},\"inLanguage\":\"fr-FR\",\"potentialAction\":[{\"@type\":\"ReadAction\",\"target\":[\"https:\/\/www.vsveicolispeciali.com\/fr\/camion-restaurant-food-truck-professionnel\/\"]}]},{\"@type\":\"BreadcrumbList\",\"@id\":\"https:\/\/www.vsveicolispeciali.com\/fr\/camion-restaurant-food-truck-professionnel\/#breadcrumb\",\"itemListElement\":[{\"@type\":\"ListItem\",\"position\":1,\"name\":\"Home\",\"item\":\"https:\/\/www.vsveicolispeciali.com\/fr\/\"},{\"@type\":\"ListItem\",\"position\":2,\"name\":\"Food Truck Professionnel | Camion Restaurant haut de gamme\"}]},{\"@type\":\"WebSite\",\"@id\":\"https:\/\/www.vsveicolispeciali.com\/fr\/#website\",\"url\":\"https:\/\/www.vsveicolispeciali.com\/fr\/\",\"name\":\"VS Veicoli Speciali\",\"description\":\"\",\"publisher\":{\"@id\":\"https:\/\/www.vsveicolispeciali.com\/fr\/#organization\"},\"potentialAction\":[{\"@type\":\"SearchAction\",\"target\":{\"@type\":\"EntryPoint\",\"urlTemplate\":\"https:\/\/www.vsveicolispeciali.com\/fr\/?s={search_term_string}\"},\"query-input\":{\"@type\":\"PropertyValueSpecification\",\"valueRequired\":true,\"valueName\":\"search_term_string\"}}],\"inLanguage\":\"fr-FR\"},{\"@type\":\"Organization\",\"@id\":\"https:\/\/www.vsveicolispeciali.com\/fr\/#organization\",\"name\":\"VS Veicoli Speciali\",\"url\":\"https:\/\/www.vsveicolispeciali.com\/fr\/\",\"logo\":{\"@type\":\"ImageObject\",\"inLanguage\":\"fr-FR\",\"@id\":\"https:\/\/www.vsveicolispeciali.com\/fr\/#\/schema\/logo\/image\/\",\"url\":\"http:\/\/www.vsveicolispeciali.com\/wp-content\/uploads\/2015\/05\/vs_veicoli_speciali-logo.png\",\"contentUrl\":\"http:\/\/www.vsveicolispeciali.com\/wp-content\/uploads\/2015\/05\/vs_veicoli_speciali-logo.png\",\"width\":252,\"height\":134,\"caption\":\"VS Veicoli Speciali\"},\"image\":{\"@id\":\"https:\/\/www.vsveicolispeciali.com\/fr\/#\/schema\/logo\/image\/\"},\"sameAs\":[\"https:\/\/www.facebook.com\/VSVeicoliSpeciali.Food.Trucks\/\",\"https:\/\/x.com\/veicolispeciali\",\"https:\/\/www.instagram.com\/vs_veicolispeciali\/\",\"https:\/\/www.linkedin.com\/company\/2811960\/\",\"https:\/\/www.pinterest.com\/streetfoodtruck\/\",\"https:\/\/www.youtube.com\/user\/veicolispeciali\"]}]}<\/script>\n<!-- \/ Yoast SEO plugin. -->","yoast_head_json":{"title":"Food Truck Professionnel | Camion Restaurant haut de gamme","description":"Camion food trucks sur mesure pour les traiteurs et les entreprises qui souhaitent promouvoir la marque. Restauration mobile et cuisine de rue (street food) >","robots":{"index":"index","follow":"follow","max-snippet":"max-snippet:-1","max-image-preview":"max-image-preview:large","max-video-preview":"max-video-preview:-1"},"canonical":"https:\/\/www.vsveicolispeciali.com\/fr\/camion-restaurant-food-truck-professionnel\/","og_locale":"fr_FR","og_type":"article","og_title":"Food Truck Professionnel | Camion Restaurant haut de gamme","og_description":"Camion food trucks sur mesure pour les traiteurs et les entreprises qui souhaitent promouvoir la marque. Restauration mobile et cuisine de rue (street food) >","og_url":"https:\/\/www.vsveicolispeciali.com\/fr\/camion-restaurant-food-truck-professionnel\/","og_site_name":"VS Veicoli Speciali","article_publisher":"https:\/\/www.facebook.com\/VSVeicoliSpeciali.Food.Trucks\/","article_modified_time":"2021-08-04T19:47:36+00:00","twitter_card":"summary_large_image","twitter_site":"@veicolispeciali","twitter_misc":{"Dur\u00e9e de lecture estim\u00e9e":"6 minutes"},"schema":{"@context":"https:\/\/schema.org","@graph":[{"@type":"WebPage","@id":"https:\/\/www.vsveicolispeciali.com\/fr\/camion-restaurant-food-truck-professionnel\/","url":"https:\/\/www.vsveicolispeciali.com\/fr\/camion-restaurant-food-truck-professionnel\/","name":"Food Truck Professionnel | Camion Restaurant haut de gamme","isPartOf":{"@id":"https:\/\/www.vsveicolispeciali.com\/fr\/#website"},"datePublished":"2019-10-31T16:54:53+00:00","dateModified":"2021-08-04T19:47:36+00:00","description":"Camion food trucks sur mesure pour les traiteurs et les entreprises qui souhaitent promouvoir la marque. Restauration mobile et cuisine de rue (street food) >","breadcrumb":{"@id":"https:\/\/www.vsveicolispeciali.com\/fr\/camion-restaurant-food-truck-professionnel\/#breadcrumb"},"inLanguage":"fr-FR","potentialAction":[{"@type":"ReadAction","target":["https:\/\/www.vsveicolispeciali.com\/fr\/camion-restaurant-food-truck-professionnel\/"]}]},{"@type":"BreadcrumbList","@id":"https:\/\/www.vsveicolispeciali.com\/fr\/camion-restaurant-food-truck-professionnel\/#breadcrumb","itemListElement":[{"@type":"ListItem","position":1,"name":"Home","item":"https:\/\/www.vsveicolispeciali.com\/fr\/"},{"@type":"ListItem","position":2,"name":"Food Truck Professionnel | Camion Restaurant haut de gamme"}]},{"@type":"WebSite","@id":"https:\/\/www.vsveicolispeciali.com\/fr\/#website","url":"https:\/\/www.vsveicolispeciali.com\/fr\/","name":"VS Veicoli Speciali","description":"","publisher":{"@id":"https:\/\/www.vsveicolispeciali.com\/fr\/#organization"},"potentialAction":[{"@type":"SearchAction","target":{"@type":"EntryPoint","urlTemplate":"https:\/\/www.vsveicolispeciali.com\/fr\/?s={search_term_string}"},"query-input":{"@type":"PropertyValueSpecification","valueRequired":true,"valueName":"search_term_string"}}],"inLanguage":"fr-FR"},{"@type":"Organization","@id":"https:\/\/www.vsveicolispeciali.com\/fr\/#organization","name":"VS Veicoli Speciali","url":"https:\/\/www.vsveicolispeciali.com\/fr\/","logo":{"@type":"ImageObject","inLanguage":"fr-FR","@id":"https:\/\/www.vsveicolispeciali.com\/fr\/#\/schema\/logo\/image\/","url":"http:\/\/www.vsveicolispeciali.com\/wp-content\/uploads\/2015\/05\/vs_veicoli_speciali-logo.png","contentUrl":"http:\/\/www.vsveicolispeciali.com\/wp-content\/uploads\/2015\/05\/vs_veicoli_speciali-logo.png","width":252,"height":134,"caption":"VS Veicoli Speciali"},"image":{"@id":"https:\/\/www.vsveicolispeciali.com\/fr\/#\/schema\/logo\/image\/"},"sameAs":["https:\/\/www.facebook.com\/VSVeicoliSpeciali.Food.Trucks\/","https:\/\/x.com\/veicolispeciali","https:\/\/www.instagram.com\/vs_veicolispeciali\/","https:\/\/www.linkedin.com\/company\/2811960\/","https:\/\/www.pinterest.com\/streetfoodtruck\/","https:\/\/www.youtube.com\/user\/veicolispeciali"]}]}},"_links":{"self":[{"href":"https:\/\/www.vsveicolispeciali.com\/fr\/wp-json\/wp\/v2\/pages\/11761"}],"collection":[{"href":"https:\/\/www.vsveicolispeciali.com\/fr\/wp-json\/wp\/v2\/pages"}],"about":[{"href":"https:\/\/www.vsveicolispeciali.com\/fr\/wp-json\/wp\/v2\/types\/page"}],"author":[{"embeddable":true,"href":"https:\/\/www.vsveicolispeciali.com\/fr\/wp-json\/wp\/v2\/users\/1001012"}],"replies":[{"embeddable":true,"href":"https:\/\/www.vsveicolispeciali.com\/fr\/wp-json\/wp\/v2\/comments?post=11761"}],"version-history":[{"count":14,"href":"https:\/\/www.vsveicolispeciali.com\/fr\/wp-json\/wp\/v2\/pages\/11761\/revisions"}],"predecessor-version":[{"id":14964,"href":"https:\/\/www.vsveicolispeciali.com\/fr\/wp-json\/wp\/v2\/pages\/11761\/revisions\/14964"}],"wp:attachment":[{"href":"https:\/\/www.vsveicolispeciali.com\/fr\/wp-json\/wp\/v2\/media?parent=11761"}],"curies":[{"name":"wp","href":"https:\/\/api.w.org\/{rel}","templated":true}]}}