{"id":7695,"date":"2015-11-20T01:13:17","date_gmt":"2015-11-20T00:13:17","guid":{"rendered":"http:\/\/www.vsveicolispeciali.com\/verkaufswagen-kaufen\/veicoli-pubblicitari-promozionali-e-commerciali\/"},"modified":"2026-08-09T22:28:43","modified_gmt":"2026-08-09T20:28:43","slug":"werbefahrzeuge-promotion-truck-verkaufsmobil","status":"publish","type":"page","link":"https:\/\/www.vsveicolispeciali.com\/de\/verkaufswagen-kaufen\/werbefahrzeuge-promotion-truck-verkaufsmobil\/","title":{"rendered":"Verkaufswagen f\u00fcr Markenf\u00f6rderung und Veranstaltungen"},"content":{"rendered":"<div class=\"wpb-content-wrapper\"><div class=\"vc_row wpb_row section vc_row-fluid  grid_section\" style=' text-align:left;'><div class=\" section_inner clearfix\"><div class='section_inner_margin clearfix'><div class=\"wpb_column vc_column_container vc_col-sm-12\"><div class=\"vc_column-inner\"><div class=\"wpb_wrapper\"><div class=\"separator  transparent   \" style=\"margin-top: 0px;margin-bottom: 0px;height: 90px;\"><\/div>\n\n\t<div class=\"wpb_text_column wpb_content_element \">\n\t\t<div class=\"wpb_wrapper\">\n\t\t\t<h2 style=\"text-align: center;\">PROMOTIONSFAHRZEUGE | EVENT-TRUCKS | WERBEFAHRZEUGE<\/h2>\n\n\t\t<\/div> \n\t<\/div> <div class=\"separator  small center  \" style=\"\"><\/div>\n<div      class=\"vc_row wpb_row section vc_row-fluid vc_inner \" style=' text-align:left;'><div class=\" full_section_inner clearfix\"><div class=\"wpb_column vc_column_container vc_col-sm-6\"><div class=\"vc_column-inner\"><div class=\"wpb_wrapper\">\n\t<div class=\"wpb_text_column wpb_content_element \">\n\t\t<div class=\"wpb_wrapper\">\n\t\t\t<p>Der Bereich der <strong>Promotionsfahrzeuge<\/strong> und der Wagen f\u00fcr den Wanderverkauf treffen beim PROMO-TRUCK aufeinander: ein Fahrzeug, das entwickelt wurde, um die Marke eines Unternehmens zusammen mit Produkten und Dienstleistungen zu f\u00f6rdern. Es gibt immer mehr <strong>Unternehmen<\/strong> und <strong>Ladengesch\u00e4fte<\/strong>, die sich aufgrund seines mobilen Charakters f\u00fcr ihn entscheiden, um ihrem Business das gewisse Extra zu verleihen. Unternehmen, die nicht zum Lebensmittelsektor geh\u00f6ren, entscheiden sich f\u00fcr einen <a href=\"https:\/\/www.vsveicolispeciali.com\/de\/verkaufswagen-kaufen\/food-truck-imbisswagen-kosten\/\">Food-Truck<\/a> f\u00fcr Promotouren und Veranstaltungen.<\/p>\n\n\t\t<\/div> \n\t<\/div> <\/div><\/div><\/div><div class=\"wpb_column vc_column_container vc_col-sm-6\"><div class=\"vc_column-inner\"><div class=\"wpb_wrapper\">\n\t<div class=\"wpb_text_column wpb_content_element \">\n\t\t<div class=\"wpb_wrapper\">\n\t\t\t<p>Andere, die in der Lebensmittelbranche arbeiten, entscheiden sich je nach ihren Marketingzielen f\u00fcr ein Ausstellungswerbefahrzeug. Zu diesem Zweck m\u00fcssen <a href=\"https:\/\/www.vsveicolispeciali.com\/de\/verkaufswagen-kaufen\/\">Verkaufswagen<\/a> und Event-Trucks bequem, funktional und sch\u00f6n sein. Kommerzielle und Werbeeigenschaften m\u00fcssen bestenfalls analysiert und integriert werden, um <strong>maximale \u00e4sthetisch-kommunikative Wirksamkeit<\/strong> zu erreichen, ohne den praktischen Nutzen aus den Augen zu verlieren. Beschreiben Sie Ihre Gesch\u00e4ftsziele und was Sie kommunizieren m\u00f6chten. Fordern Sie jetzt einen <strong>Kostenvoranschlag<\/strong> an.<\/p>\n\n\t\t<\/div> \n\t<\/div> <\/div><\/div><\/div><\/div><\/div><\/div><\/div><\/div><\/div><\/div><\/div><div      class=\"vc_row wpb_row section vc_row-fluid  grid_section\" style=' text-align:left;'><div class=\" section_inner clearfix\"><div class='section_inner_margin clearfix'><div class=\"wpb_column vc_column_container vc_col-sm-12\"><div class=\"vc_column-inner\"><div class=\"wpb_wrapper\"><div class=\"separator  transparent   \" style=\"margin-top: 0px;margin-bottom: 0px;height: 40px;\"><\/div>\n\n\t<div class=\"wpb_text_column wpb_content_element \">\n\t\t<div class=\"wpb_wrapper\">\n\t\t\t<h3 style=\"text-align: center;\">Kommerzielle Informationen<\/h3>\n\n\t\t<\/div> \n\t<\/div> <div class=\"separator  transparent   \" style=\"margin-top: 0px;margin-bottom: 0px;height: 30px;\"><\/div>\n\n\t<div class=\"wpb_text_column wpb_content_element \">\n\t\t<div class=\"wpb_wrapper\">\n\t\t\t<div id=\"dati-schede\">\n<table class=\"vehicle-specifications\">\n<tbody>\n<tr>\n<th scope=\"row\">Vertriebsgebiet<\/th>\n<td>Europa, Schweiz<\/td>\n<\/tr>\n<tr>\n<th scope=\"row\">Preisspanne<\/th>\n<td>40.000 \u2013 130.000 \u20ac<\/td>\n<\/tr>\n<tr>\n<th scope=\"row\">Typgenehmigung<\/th>\n<td>Europ\u00e4isch<\/td>\n<\/tr>\n<\/tbody>\n<\/table>\n<\/div>\n\n\t\t<\/div> \n\t<\/div> <\/div><\/div><\/div><\/div><\/div><\/div><div      class=\"vc_row wpb_row section vc_row-fluid \" style=' text-align:left;'><div class=\" full_section_inner clearfix\"><div class=\"wpb_column vc_column_container vc_col-sm-12\"><div class=\"vc_column-inner\"><div class=\"wpb_wrapper\"><div class=\"separator  transparent   \" style=\"margin-top: 0px;margin-bottom: 0px;height: 90px;\"><\/div>\n<\/div><\/div><\/div><\/div><\/div><div      class=\"vc_row wpb_row section vc_row-fluid \" style=' text-align:left;'><div class=\" full_section_inner clearfix\"><div class=\"wpb_column vc_column_container vc_col-sm-12\"><div class=\"vc_column-inner\"><div class=\"wpb_wrapper\"><div class='projects_holder_outer v5 portfolio_with_space portfolio_with_hover_text'><div class='projects_holder portfolio_main_holder clearfix v5 hover_text portfolio_full_image portfolio_one_by_one'>\n<article class='mix portfolio_category_57 portfolio_category_131 portfolio_category_203 portfolio_category_56 ' style=''><div class='image_holder'><a itemprop='url' class='portfolio_link_for_touch' href='https:\/\/www.vsveicolispeciali.com\/de\/street-food-truck\/drink-truck-lemonica\/' target='_self'><span class='image'><img loading=\"lazy\" decoding=\"async\" width=\"1100\" height=\"880\" src=\"https:\/\/www.vsveicolispeciali.com\/wp-content\/uploads\/2026\/07\/drink-truck-lemonica.jpg\" class=\"attachment-full size-full wp-post-image\" alt=\"Lemonica Drink Truck auf Piaggio Porter realisiert\" srcset=\"https:\/\/www.vsveicolispeciali.com\/wp-content\/uploads\/2026\/07\/drink-truck-lemonica.jpg 1100w, https:\/\/www.vsveicolispeciali.com\/wp-content\/uploads\/2026\/07\/drink-truck-lemonica-300x240.jpg 300w, https:\/\/www.vsveicolispeciali.com\/wp-content\/uploads\/2026\/07\/drink-truck-lemonica-1024x819.jpg 1024w, https:\/\/www.vsveicolispeciali.com\/wp-content\/uploads\/2026\/07\/drink-truck-lemonica-768x614.jpg 768w, https:\/\/www.vsveicolispeciali.com\/wp-content\/uploads\/2026\/07\/drink-truck-lemonica-700x560.jpg 700w\" sizes=\"auto, (max-width: 1100px) 100vw, 1100px\" \/><\/span><\/a><span class='text_holder'><span class='text_outer'><span class='text_inner'><div class=\"hover_feature_holder_title\"><div class=\"hover_feature_holder_title_inner\"><h5 itemprop=\"name\" class=\"portfolio_title entry_title\"><a itemprop=\"url\" href=\"https:\/\/www.vsveicolispeciali.com\/de\/street-food-truck\/drink-truck-lemonica\/\"  target=\"_self\">Drink Truck Lemonica<\/a><\/h5><div  class=\"portfolio_separator separator  small center\"><\/div><span class=\"project_category\" >Promotruck, Street Food, Porter Craft X, Food Truck<\/span><\/div><\/div><span class='feature_holder'><span class=\"feature_holder_icons\"><a itemprop='url' class='preview qbutton small white' href='https:\/\/www.vsveicolispeciali.com\/de\/street-food-truck\/drink-truck-lemonica\/' target='_self'>view<\/a><span class='portfolio_like qbutton small white'><a  href=\"#\" class=\"qode-like\" id=\"qode-like-30098\" title=\"Like this\">1<span>  Like<\/span><\/a><\/span><\/span><\/span><\/span><\/span><\/span><\/div><\/article>\n<article class='mix portfolio_category_87 portfolio_category_131 portfolio_category_397 portfolio_category_57 ' style=''><div class='image_holder'><a itemprop='url' class='portfolio_link_for_touch' href='https:\/\/www.vsveicolispeciali.com\/de\/street-food-truck\/cocktailtruck-lillet\/' target='_self'><span class='image'><img loading=\"lazy\" decoding=\"async\" width=\"1100\" height=\"880\" src=\"https:\/\/www.vsveicolispeciali.com\/wp-content\/uploads\/2026\/07\/food-truck-cocktail-bar-lillet.jpg\" class=\"attachment-full size-full wp-post-image\" alt=\"Lillet, ein bekannter Aperitif auf Basis von Weinen aus der Region Bordeaux, entscheidet sich f\u00fcr zwei luxuri\u00f6se Cocktailtrucks zur Markenpromotion\" srcset=\"https:\/\/www.vsveicolispeciali.com\/wp-content\/uploads\/2026\/07\/food-truck-cocktail-bar-lillet.jpg 1100w, https:\/\/www.vsveicolispeciali.com\/wp-content\/uploads\/2026\/07\/food-truck-cocktail-bar-lillet-300x240.jpg 300w, https:\/\/www.vsveicolispeciali.com\/wp-content\/uploads\/2026\/07\/food-truck-cocktail-bar-lillet-1024x819.jpg 1024w, https:\/\/www.vsveicolispeciali.com\/wp-content\/uploads\/2026\/07\/food-truck-cocktail-bar-lillet-768x614.jpg 768w, https:\/\/www.vsveicolispeciali.com\/wp-content\/uploads\/2026\/07\/food-truck-cocktail-bar-lillet-700x560.jpg 700w\" sizes=\"auto, (max-width: 1100px) 100vw, 1100px\" \/><\/span><\/a><span class='text_holder'><span class='text_outer'><span class='text_inner'><div class=\"hover_feature_holder_title\"><div class=\"hover_feature_holder_title_inner\"><h5 itemprop=\"name\" class=\"portfolio_title entry_title\"><a itemprop=\"url\" href=\"https:\/\/www.vsveicolispeciali.com\/de\/street-food-truck\/cocktailtruck-lillet\/\"  target=\"_self\">Cocktailtruck LILLET<\/a><\/h5><div  class=\"portfolio_separator separator  small center\"><\/div><span class=\"project_category\" >NV Food Truck, Street Food, Cocktail-Bar, Promotruck<\/span><\/div><\/div><span class='feature_holder'><span class=\"feature_holder_icons\"><a itemprop='url' class='preview qbutton small white' href='https:\/\/www.vsveicolispeciali.com\/de\/street-food-truck\/cocktailtruck-lillet\/' target='_self'>view<\/a><span class='portfolio_like qbutton small white'><a  href=\"#\" class=\"qode-like\" id=\"qode-like-30143\" title=\"Like this\">1<span>  Like<\/span><\/a><\/span><\/span><\/span><\/span><\/span><\/span><\/div><\/article>\n<article class='mix portfolio_category_57 ' style=''><div class='image_holder'><a itemprop='url' class='portfolio_link_for_touch' href='https:\/\/www.vsveicolispeciali.com\/de\/street-food-truck\/mobile-showroom-photovoltaique-83\/' target='_self'><span class='image'><img loading=\"lazy\" decoding=\"async\" width=\"1000\" height=\"800\" src=\"https:\/\/www.vsveicolispeciali.com\/wp-content\/uploads\/2026\/07\/showroom-mobile-photovoltaique-83.jpg\" class=\"attachment-full size-full wp-post-image\" alt=\"Der mobile Showroom Photovoltaique 83 dient als mobiler Beratungspunkt sowie als technische und kommerzielle Pr\u00e4sentationsfl\u00e4che zur Vermarktung von Photovoltaikmodulen.\" srcset=\"https:\/\/www.vsveicolispeciali.com\/wp-content\/uploads\/2026\/07\/showroom-mobile-photovoltaique-83.jpg 1000w, https:\/\/www.vsveicolispeciali.com\/wp-content\/uploads\/2026\/07\/showroom-mobile-photovoltaique-83-300x240.jpg 300w, https:\/\/www.vsveicolispeciali.com\/wp-content\/uploads\/2026\/07\/showroom-mobile-photovoltaique-83-768x614.jpg 768w, https:\/\/www.vsveicolispeciali.com\/wp-content\/uploads\/2026\/07\/showroom-mobile-photovoltaique-83-700x560.jpg 700w\" sizes=\"auto, (max-width: 1000px) 100vw, 1000px\" \/><\/span><\/a><span class='text_holder'><span class='text_outer'><span class='text_inner'><div class=\"hover_feature_holder_title\"><div class=\"hover_feature_holder_title_inner\"><h5 itemprop=\"name\" class=\"portfolio_title entry_title\"><a itemprop=\"url\" href=\"https:\/\/www.vsveicolispeciali.com\/de\/street-food-truck\/mobile-showroom-photovoltaique-83\/\"  target=\"_self\">SHOWROOM MOBILE PHOTOVOLTA\u00cfQUE 83<\/a><\/h5><div  class=\"portfolio_separator separator  small center\"><\/div><span class=\"project_category\" >Promotruck<\/span><\/div><\/div><span class='feature_holder'><span class=\"feature_holder_icons\"><a itemprop='url' class='preview qbutton small white' href='https:\/\/www.vsveicolispeciali.com\/de\/street-food-truck\/mobile-showroom-photovoltaique-83\/' target='_self'>view<\/a><span class='portfolio_like qbutton small white'><a  href=\"#\" class=\"qode-like\" id=\"qode-like-29869\" title=\"Like this\">4<span>  Likes<\/span><\/a><\/span><\/span><\/span><\/span><\/span><\/span><\/div><\/article>\n<article class='mix portfolio_category_57 ' style=''><div class='image_holder'><a itemprop='url' class='portfolio_link_for_touch' href='https:\/\/www.vsveicolispeciali.com\/de\/street-food-truck\/mobiles-buerofahrzeug-blois-chambord\/' target='_self'><span class='image'><img loading=\"lazy\" decoding=\"async\" width=\"1000\" height=\"800\" src=\"https:\/\/www.vsveicolispeciali.com\/wp-content\/uploads\/2025\/05\/veicolo-promozionale-blois-chambord.jpg\" class=\"attachment-full size-full wp-post-image\" alt=\"Mobiles B\u00fcrofahrzeug Blois Chambord Schl\u00f6sser der Loire\" srcset=\"https:\/\/www.vsveicolispeciali.com\/wp-content\/uploads\/2025\/05\/veicolo-promozionale-blois-chambord.jpg 1000w, https:\/\/www.vsveicolispeciali.com\/wp-content\/uploads\/2025\/05\/veicolo-promozionale-blois-chambord-300x240.jpg 300w, https:\/\/www.vsveicolispeciali.com\/wp-content\/uploads\/2025\/05\/veicolo-promozionale-blois-chambord-768x614.jpg 768w, https:\/\/www.vsveicolispeciali.com\/wp-content\/uploads\/2025\/05\/veicolo-promozionale-blois-chambord-700x560.jpg 700w\" sizes=\"auto, (max-width: 1000px) 100vw, 1000px\" \/><\/span><\/a><span class='text_holder'><span class='text_outer'><span class='text_inner'><div class=\"hover_feature_holder_title\"><div class=\"hover_feature_holder_title_inner\"><h5 itemprop=\"name\" class=\"portfolio_title entry_title\"><a itemprop=\"url\" href=\"https:\/\/www.vsveicolispeciali.com\/de\/street-food-truck\/mobiles-buerofahrzeug-blois-chambord\/\"  target=\"_self\">Mobiles B\u00fcrofahrzeug Blois Chambord<\/a><\/h5><div  class=\"portfolio_separator separator  small center\"><\/div><span class=\"project_category\" >Promotruck<\/span><\/div><\/div><span class='feature_holder'><span class=\"feature_holder_icons\"><a itemprop='url' class='preview qbutton small white' href='https:\/\/www.vsveicolispeciali.com\/de\/street-food-truck\/mobiles-buerofahrzeug-blois-chambord\/' target='_self'>view<\/a><span class='portfolio_like qbutton small white'><a  href=\"#\" class=\"qode-like\" id=\"qode-like-27973\" title=\"Like this\">2<span>  Likes<\/span><\/a><\/span><\/span><\/span><\/span><\/span><\/span><\/div><\/article>\n<article class='mix portfolio_category_57 ' style=''><div class='image_holder'><a itemprop='url' class='portfolio_link_for_touch' href='https:\/\/www.vsveicolispeciali.com\/de\/street-food-truck\/event-truck-dolce-e-gabbana\/' target='_self'><span class='image'><img loading=\"lazy\" decoding=\"async\" width=\"1000\" height=\"800\" src=\"https:\/\/www.vsveicolispeciali.com\/wp-content\/uploads\/2024\/10\/Event-Truck-Dolce-e-Gabbana.jpg\" class=\"attachment-full size-full wp-post-image\" alt=\"Event-Truck Dolce e Gabbana ein Luxus-Setup\" srcset=\"https:\/\/www.vsveicolispeciali.com\/wp-content\/uploads\/2024\/10\/Event-Truck-Dolce-e-Gabbana.jpg 1000w, https:\/\/www.vsveicolispeciali.com\/wp-content\/uploads\/2024\/10\/Event-Truck-Dolce-e-Gabbana-300x240.jpg 300w, https:\/\/www.vsveicolispeciali.com\/wp-content\/uploads\/2024\/10\/Event-Truck-Dolce-e-Gabbana-768x614.jpg 768w, https:\/\/www.vsveicolispeciali.com\/wp-content\/uploads\/2024\/10\/Event-Truck-Dolce-e-Gabbana-700x560.jpg 700w\" sizes=\"auto, (max-width: 1000px) 100vw, 1000px\" \/><\/span><\/a><span class='text_holder'><span class='text_outer'><span class='text_inner'><div class=\"hover_feature_holder_title\"><div class=\"hover_feature_holder_title_inner\"><h5 itemprop=\"name\" class=\"portfolio_title entry_title\"><a itemprop=\"url\" href=\"https:\/\/www.vsveicolispeciali.com\/de\/street-food-truck\/event-truck-dolce-e-gabbana\/\"  target=\"_self\">Event-Truck Dolce e Gabbana<\/a><\/h5><div  class=\"portfolio_separator separator  small center\"><\/div><span class=\"project_category\" >Promotruck<\/span><\/div><\/div><span class='feature_holder'><span class=\"feature_holder_icons\"><a itemprop='url' class='preview qbutton small white' href='https:\/\/www.vsveicolispeciali.com\/de\/street-food-truck\/event-truck-dolce-e-gabbana\/' target='_self'>view<\/a><span class='portfolio_like qbutton small white'><a  href=\"#\" class=\"qode-like\" id=\"qode-like-26869\" title=\"Like this\">4<span>  Likes<\/span><\/a><\/span><\/span><\/span><\/span><\/span><\/span><\/div><\/article>\n<article class='mix portfolio_category_57 portfolio_category_84 portfolio_category_55 ' style=''><div class='image_holder'><a itemprop='url' class='portfolio_link_for_touch' href='https:\/\/www.vsveicolispeciali.com\/de\/street-food-truck\/event-truck-grohe\/' target='_self'><span class='image'><img loading=\"lazy\" decoding=\"async\" width=\"1000\" height=\"800\" src=\"https:\/\/www.vsveicolispeciali.com\/wp-content\/uploads\/2024\/08\/veicolo-espositivo-pubblicitario-grohe.jpg\" class=\"attachment-full size-full wp-post-image\" alt=\"\" srcset=\"https:\/\/www.vsveicolispeciali.com\/wp-content\/uploads\/2024\/08\/veicolo-espositivo-pubblicitario-grohe.jpg 1000w, https:\/\/www.vsveicolispeciali.com\/wp-content\/uploads\/2024\/08\/veicolo-espositivo-pubblicitario-grohe-300x240.jpg 300w, https:\/\/www.vsveicolispeciali.com\/wp-content\/uploads\/2024\/08\/veicolo-espositivo-pubblicitario-grohe-768x614.jpg 768w, https:\/\/www.vsveicolispeciali.com\/wp-content\/uploads\/2024\/08\/veicolo-espositivo-pubblicitario-grohe-700x560.jpg 700w\" sizes=\"auto, (max-width: 1000px) 100vw, 1000px\" \/><\/span><\/a><span class='text_holder'><span class='text_outer'><span class='text_inner'><div class=\"hover_feature_holder_title\"><div class=\"hover_feature_holder_title_inner\"><h5 itemprop=\"name\" class=\"portfolio_title entry_title\"><a itemprop=\"url\" href=\"https:\/\/www.vsveicolispeciali.com\/de\/street-food-truck\/event-truck-grohe\/\"  target=\"_self\">Event-Truck GROHE<\/a><\/h5><div  class=\"portfolio_separator separator  small center\"><\/div><span class=\"project_category\" >Promotruck, Ape Smart &amp; V-Smart\u00ae, Ape<\/span><\/div><\/div><span class='feature_holder'><span class=\"feature_holder_icons\"><a itemprop='url' class='preview qbutton small white' href='https:\/\/www.vsveicolispeciali.com\/de\/street-food-truck\/event-truck-grohe\/' target='_self'>view<\/a><span class='portfolio_like qbutton small white'><a  href=\"#\" class=\"qode-like\" id=\"qode-like-26227\" title=\"Like this\">3<span>  Likes<\/span><\/a><\/span><\/span><\/span><\/span><\/span><\/span><\/div><\/article>\n<article class='mix portfolio_category_57 portfolio_category_84 portfolio_category_55 ' style=''><div class='image_holder'><a itemprop='url' class='portfolio_link_for_touch' href='https:\/\/www.vsveicolispeciali.com\/de\/street-food-truck\/laden-auf-raedern-la-motocyclette\/' target='_self'><span class='image'><img loading=\"lazy\" decoding=\"async\" width=\"1000\" height=\"800\" src=\"https:\/\/www.vsveicolispeciali.com\/wp-content\/uploads\/2024\/07\/ape-negozio-triporteur-la-motocyclette.jpg\" class=\"attachment-full size-full wp-post-image\" alt=\"Laden auf R\u00e4dern La Motocyclette | Freizeitpark Puy Du Fou\" srcset=\"https:\/\/www.vsveicolispeciali.com\/wp-content\/uploads\/2024\/07\/ape-negozio-triporteur-la-motocyclette.jpg 1000w, https:\/\/www.vsveicolispeciali.com\/wp-content\/uploads\/2024\/07\/ape-negozio-triporteur-la-motocyclette-300x240.jpg 300w, https:\/\/www.vsveicolispeciali.com\/wp-content\/uploads\/2024\/07\/ape-negozio-triporteur-la-motocyclette-768x614.jpg 768w, https:\/\/www.vsveicolispeciali.com\/wp-content\/uploads\/2024\/07\/ape-negozio-triporteur-la-motocyclette-700x560.jpg 700w\" sizes=\"auto, (max-width: 1000px) 100vw, 1000px\" \/><\/span><\/a><span class='text_holder'><span class='text_outer'><span class='text_inner'><div class=\"hover_feature_holder_title\"><div class=\"hover_feature_holder_title_inner\"><h5 itemprop=\"name\" class=\"portfolio_title entry_title\"><a itemprop=\"url\" href=\"https:\/\/www.vsveicolispeciali.com\/de\/street-food-truck\/laden-auf-raedern-la-motocyclette\/\"  target=\"_self\">Laden auf R\u00e4dern &#8211; La Motocyclette<\/a><\/h5><div  class=\"portfolio_separator separator  small center\"><\/div><span class=\"project_category\" >Promotruck, Ape Smart &amp; V-Smart\u00ae, Ape<\/span><\/div><\/div><span class='feature_holder'><span class=\"feature_holder_icons\"><a itemprop='url' class='preview qbutton small white' href='https:\/\/www.vsveicolispeciali.com\/de\/street-food-truck\/laden-auf-raedern-la-motocyclette\/' target='_self'>view<\/a><span class='portfolio_like qbutton small white'><a  href=\"#\" class=\"qode-like\" id=\"qode-like-26024\" title=\"Like this\">5<span>  Likes<\/span><\/a><\/span><\/span><\/span><\/span><\/span><\/span><\/div><\/article>\n<article class='mix portfolio_category_57 portfolio_category_104 portfolio_category_56 ' style=''><div class='image_holder'><a itemprop='url' class='portfolio_link_for_touch' href='https:\/\/www.vsveicolispeciali.com\/de\/street-food-truck\/food-truck-bar-gastronomie-rulli-food\/' target='_self'><span class='image'><img loading=\"lazy\" decoding=\"async\" width=\"1000\" height=\"800\" src=\"https:\/\/www.vsveicolispeciali.com\/wp-content\/uploads\/2024\/07\/Food-Truck-Bar-Cucina-Rulli-Food.jpg\" class=\"attachment-full size-full wp-post-image\" alt=\"Food Truck Bar &amp; Gastronomie | Rulli Food | Promotionsfahrzeug\" srcset=\"https:\/\/www.vsveicolispeciali.com\/wp-content\/uploads\/2024\/07\/Food-Truck-Bar-Cucina-Rulli-Food.jpg 1000w, https:\/\/www.vsveicolispeciali.com\/wp-content\/uploads\/2024\/07\/Food-Truck-Bar-Cucina-Rulli-Food-300x240.jpg 300w, https:\/\/www.vsveicolispeciali.com\/wp-content\/uploads\/2024\/07\/Food-Truck-Bar-Cucina-Rulli-Food-768x614.jpg 768w, https:\/\/www.vsveicolispeciali.com\/wp-content\/uploads\/2024\/07\/Food-Truck-Bar-Cucina-Rulli-Food-700x560.jpg 700w\" sizes=\"auto, (max-width: 1000px) 100vw, 1000px\" \/><\/span><\/a><span class='text_holder'><span class='text_outer'><span class='text_inner'><div class=\"hover_feature_holder_title\"><div class=\"hover_feature_holder_title_inner\"><h5 itemprop=\"name\" class=\"portfolio_title entry_title\"><a itemprop=\"url\" href=\"https:\/\/www.vsveicolispeciali.com\/de\/street-food-truck\/food-truck-bar-gastronomie-rulli-food\/\"  target=\"_self\">Food Truck Bar &#038; Gastronomie &#8211; Rulli FOOD<\/a><\/h5><div  class=\"portfolio_separator separator  small center\"><\/div><span class=\"project_category\" >Promotruck, Eco Food Truck, Food Truck<\/span><\/div><\/div><span class='feature_holder'><span class=\"feature_holder_icons\"><a itemprop='url' class='preview qbutton small white' href='https:\/\/www.vsveicolispeciali.com\/de\/street-food-truck\/food-truck-bar-gastronomie-rulli-food\/' target='_self'>view<\/a><span class='portfolio_like qbutton small white'><a  href=\"#\" class=\"qode-like\" id=\"qode-like-26017\" title=\"Like this\">5<span>  Likes<\/span><\/a><\/span><\/span><\/span><\/span><\/span><\/span><\/div><\/article>\n<article class='mix portfolio_category_57 ' style=''><div class='image_holder'><a itemprop='url' class='portfolio_link_for_touch' href='https:\/\/www.vsveicolispeciali.com\/de\/street-food-truck\/werbefahrzeug-piaggio-ape-jugenddienst-bozen-land\/' target='_self'><span class='image'><img loading=\"lazy\" decoding=\"async\" width=\"1000\" height=\"800\" src=\"https:\/\/www.vsveicolispeciali.com\/wp-content\/uploads\/2023\/10\/Ape-Pubblicitaria-Jugenddienst-Bozen-Land.jpg\" class=\"attachment-full size-full wp-post-image\" alt=\"Werbefahrzeug Piaggio Ape Jugenddienst Bozen-Land\" srcset=\"https:\/\/www.vsveicolispeciali.com\/wp-content\/uploads\/2023\/10\/Ape-Pubblicitaria-Jugenddienst-Bozen-Land.jpg 1000w, https:\/\/www.vsveicolispeciali.com\/wp-content\/uploads\/2023\/10\/Ape-Pubblicitaria-Jugenddienst-Bozen-Land-300x240.jpg 300w, https:\/\/www.vsveicolispeciali.com\/wp-content\/uploads\/2023\/10\/Ape-Pubblicitaria-Jugenddienst-Bozen-Land-768x614.jpg 768w, https:\/\/www.vsveicolispeciali.com\/wp-content\/uploads\/2023\/10\/Ape-Pubblicitaria-Jugenddienst-Bozen-Land-700x560.jpg 700w\" sizes=\"auto, (max-width: 1000px) 100vw, 1000px\" \/><\/span><\/a><span class='text_holder'><span class='text_outer'><span class='text_inner'><div class=\"hover_feature_holder_title\"><div class=\"hover_feature_holder_title_inner\"><h5 itemprop=\"name\" class=\"portfolio_title entry_title\"><a itemprop=\"url\" href=\"https:\/\/www.vsveicolispeciali.com\/de\/street-food-truck\/werbefahrzeug-piaggio-ape-jugenddienst-bozen-land\/\"  target=\"_self\">Werbefahrzeug Piaggio Ape JUGENDDIENST BOZEN-LAND<\/a><\/h5><div  class=\"portfolio_separator separator  small center\"><\/div><span class=\"project_category\" >Promotruck<\/span><\/div><\/div><span class='feature_holder'><span class=\"feature_holder_icons\"><a itemprop='url' class='preview qbutton small white' href='https:\/\/www.vsveicolispeciali.com\/de\/street-food-truck\/werbefahrzeug-piaggio-ape-jugenddienst-bozen-land\/' target='_self'>view<\/a><span class='portfolio_like qbutton small white'><a  href=\"#\" class=\"qode-like\" id=\"qode-like-24592\" title=\"Like this\">2<span>  Likes<\/span><\/a><\/span><\/span><\/span><\/span><\/span><\/span><\/div><\/article>\n<article class='mix portfolio_category_57 ' style=''><div class='image_holder'><a itemprop='url' class='portfolio_link_for_touch' href='https:\/\/www.vsveicolispeciali.com\/de\/street-food-truck\/fashion-truck-vintage-christian-dior\/' target='_self'><span class='image'><img loading=\"lazy\" decoding=\"async\" width=\"1000\" height=\"800\" src=\"https:\/\/www.vsveicolispeciali.com\/wp-content\/uploads\/2023\/10\/fashion-truck-vintage-christian-dior.jpg\" class=\"attachment-full size-full wp-post-image\" alt=\"Fashion Truck Vintage Christian Dior Fiat 508C Pickup\" srcset=\"https:\/\/www.vsveicolispeciali.com\/wp-content\/uploads\/2023\/10\/fashion-truck-vintage-christian-dior.jpg 1000w, https:\/\/www.vsveicolispeciali.com\/wp-content\/uploads\/2023\/10\/fashion-truck-vintage-christian-dior-300x240.jpg 300w, https:\/\/www.vsveicolispeciali.com\/wp-content\/uploads\/2023\/10\/fashion-truck-vintage-christian-dior-768x614.jpg 768w, https:\/\/www.vsveicolispeciali.com\/wp-content\/uploads\/2023\/10\/fashion-truck-vintage-christian-dior-700x560.jpg 700w\" sizes=\"auto, (max-width: 1000px) 100vw, 1000px\" \/><\/span><\/a><span class='text_holder'><span class='text_outer'><span class='text_inner'><div class=\"hover_feature_holder_title\"><div class=\"hover_feature_holder_title_inner\"><h5 itemprop=\"name\" class=\"portfolio_title entry_title\"><a itemprop=\"url\" href=\"https:\/\/www.vsveicolispeciali.com\/de\/street-food-truck\/fashion-truck-vintage-christian-dior\/\"  target=\"_self\">Fashion Truck Vintage Christian Dior<\/a><\/h5><div  class=\"portfolio_separator separator  small center\"><\/div><span class=\"project_category\" >Promotruck<\/span><\/div><\/div><span class='feature_holder'><span class=\"feature_holder_icons\"><a itemprop='url' class='preview qbutton small white' href='https:\/\/www.vsveicolispeciali.com\/de\/street-food-truck\/fashion-truck-vintage-christian-dior\/' target='_self'>view<\/a><span class='portfolio_like qbutton small white'><a  href=\"#\" class=\"qode-like\" id=\"qode-like-24556\" title=\"Like this\">5<span>  Likes<\/span><\/a><\/span><\/span><\/span><\/span><\/span><\/span><\/div><\/article>\n<article class='mix portfolio_category_57 portfolio_category_59 portfolio_category_68 portfolio_category_131 portfolio_category_55 ' style=''><div class='image_holder'><a itemprop='url' class='portfolio_link_for_touch' href='https:\/\/www.vsveicolispeciali.com\/de\/street-food-truck\/event-catering-wagen-armani\/' target='_self'><span class='image'><img loading=\"lazy\" decoding=\"async\" width=\"1000\" height=\"800\" src=\"https:\/\/www.vsveicolispeciali.com\/wp-content\/uploads\/2023\/10\/ape-catering-armani.jpg\" class=\"attachment-full size-full wp-post-image\" alt=\"Event-Catering-Wagen Armani\" srcset=\"https:\/\/www.vsveicolispeciali.com\/wp-content\/uploads\/2023\/10\/ape-catering-armani.jpg 1000w, https:\/\/www.vsveicolispeciali.com\/wp-content\/uploads\/2023\/10\/ape-catering-armani-300x240.jpg 300w, https:\/\/www.vsveicolispeciali.com\/wp-content\/uploads\/2023\/10\/ape-catering-armani-768x614.jpg 768w, https:\/\/www.vsveicolispeciali.com\/wp-content\/uploads\/2023\/10\/ape-catering-armani-700x560.jpg 700w\" sizes=\"auto, (max-width: 1000px) 100vw, 1000px\" \/><\/span><\/a><span class='text_holder'><span class='text_outer'><span class='text_inner'><div class=\"hover_feature_holder_title\"><div class=\"hover_feature_holder_title_inner\"><h5 itemprop=\"name\" class=\"portfolio_title entry_title\"><a itemprop=\"url\" href=\"https:\/\/www.vsveicolispeciali.com\/de\/street-food-truck\/event-catering-wagen-armani\/\"  target=\"_self\">Event-Catering-Wagen Armani<\/a><\/h5><div  class=\"portfolio_separator separator  small center\"><\/div><span class=\"project_category\" >Promotruck, Elektrofahrzeuge, Ape V-Curve\u00ae, Street Food, Ape<\/span><\/div><\/div><span class='feature_holder'><span class=\"feature_holder_icons\"><a itemprop='url' class='preview qbutton small white' href='https:\/\/www.vsveicolispeciali.com\/de\/street-food-truck\/event-catering-wagen-armani\/' target='_self'>view<\/a><span class='portfolio_like qbutton small white'><a  href=\"#\" class=\"qode-like\" id=\"qode-like-24527\" title=\"Like this\">10<span>  Likes<\/span><\/a><\/span><\/span><\/span><\/span><\/span><\/span><\/div><\/article>\n<article class='mix portfolio_category_58 portfolio_category_57 ' style=''><div class='image_holder'><a itemprop='url' class='portfolio_link_for_touch' href='https:\/\/www.vsveicolispeciali.com\/de\/street-food-truck\/verkaufsanhaenger-kleidung-robe-di-kappa\/' target='_self'><span class='image'><img loading=\"lazy\" decoding=\"async\" width=\"1000\" height=\"800\" src=\"https:\/\/www.vsveicolispeciali.com\/wp-content\/uploads\/2023\/07\/rimorchio-autonegozio-abbigliamento-robe-di-kappa.jpg\" class=\"attachment-full size-full wp-post-image\" alt=\"Verkaufsanh\u00e4nger Bekleidung Robe di Kappa\" srcset=\"https:\/\/www.vsveicolispeciali.com\/wp-content\/uploads\/2023\/07\/rimorchio-autonegozio-abbigliamento-robe-di-kappa.jpg 1000w, https:\/\/www.vsveicolispeciali.com\/wp-content\/uploads\/2023\/07\/rimorchio-autonegozio-abbigliamento-robe-di-kappa-300x240.jpg 300w, https:\/\/www.vsveicolispeciali.com\/wp-content\/uploads\/2023\/07\/rimorchio-autonegozio-abbigliamento-robe-di-kappa-768x614.jpg 768w, https:\/\/www.vsveicolispeciali.com\/wp-content\/uploads\/2023\/07\/rimorchio-autonegozio-abbigliamento-robe-di-kappa-700x560.jpg 700w\" sizes=\"auto, (max-width: 1000px) 100vw, 1000px\" \/><\/span><\/a><span class='text_holder'><span class='text_outer'><span class='text_inner'><div class=\"hover_feature_holder_title\"><div class=\"hover_feature_holder_title_inner\"><h5 itemprop=\"name\" class=\"portfolio_title entry_title\"><a itemprop=\"url\" href=\"https:\/\/www.vsveicolispeciali.com\/de\/street-food-truck\/verkaufsanhaenger-kleidung-robe-di-kappa\/\"  target=\"_self\">Verkaufsanh\u00e4nger Bekleidung Robe di Kappa<\/a><\/h5><div  class=\"portfolio_separator separator  small center\"><\/div><span class=\"project_category\" >Anh\u00e4nger, Promotruck<\/span><\/div><\/div><span class='feature_holder'><span class=\"feature_holder_icons\"><a itemprop='url' class='preview qbutton small white' href='https:\/\/www.vsveicolispeciali.com\/de\/street-food-truck\/verkaufsanhaenger-kleidung-robe-di-kappa\/' target='_self'>view<\/a><span class='portfolio_like qbutton small white'><a  href=\"#\" class=\"qode-like\" id=\"qode-like-23723\" title=\"Like this\">8<span>  Likes<\/span><\/a><\/span><\/span><\/span><\/span><\/span><\/span><\/div><\/article>\n<article class='mix portfolio_category_57 portfolio_category_84 portfolio_category_55 ' style=''><div class='image_holder'><a itemprop='url' class='portfolio_link_for_touch' href='https:\/\/www.vsveicolispeciali.com\/de\/street-food-truck\/fashion-truck-modemarke-caramelo-kleidung-verkaufswagen\/' target='_self'><span class='image'><img loading=\"lazy\" decoding=\"async\" width=\"1000\" height=\"800\" src=\"https:\/\/www.vsveicolispeciali.com\/wp-content\/uploads\/2019\/11\/fashion-truck-promozionale-caramelo-milano.jpg\" class=\"attachment-full size-full wp-post-image\" alt=\"\" srcset=\"https:\/\/www.vsveicolispeciali.com\/wp-content\/uploads\/2019\/11\/fashion-truck-promozionale-caramelo-milano.jpg 1000w, https:\/\/www.vsveicolispeciali.com\/wp-content\/uploads\/2019\/11\/fashion-truck-promozionale-caramelo-milano-300x240.jpg 300w, https:\/\/www.vsveicolispeciali.com\/wp-content\/uploads\/2019\/11\/fashion-truck-promozionale-caramelo-milano-768x614.jpg 768w, https:\/\/www.vsveicolispeciali.com\/wp-content\/uploads\/2019\/11\/fashion-truck-promozionale-caramelo-milano-700x560.jpg 700w\" sizes=\"auto, (max-width: 1000px) 100vw, 1000px\" \/><\/span><\/a><span class='text_holder'><span class='text_outer'><span class='text_inner'><div class=\"hover_feature_holder_title\"><div class=\"hover_feature_holder_title_inner\"><h5 itemprop=\"name\" class=\"portfolio_title entry_title\"><a itemprop=\"url\" href=\"https:\/\/www.vsveicolispeciali.com\/de\/street-food-truck\/fashion-truck-modemarke-caramelo-kleidung-verkaufswagen\/\"  target=\"_self\">Fashion Truck CARAMELO<\/a><\/h5><div  class=\"portfolio_separator separator  small center\"><\/div><span class=\"project_category\" >Promotruck, Ape Smart &amp; V-Smart\u00ae, Ape<\/span><\/div><\/div><span class='feature_holder'><span class=\"feature_holder_icons\"><a itemprop='url' class='preview qbutton small white' href='https:\/\/www.vsveicolispeciali.com\/de\/street-food-truck\/fashion-truck-modemarke-caramelo-kleidung-verkaufswagen\/' target='_self'>view<\/a><span class='portfolio_like qbutton small white'><a  href=\"#\" class=\"qode-like\" id=\"qode-like-11257\" title=\"Like this\">10<span>  Likes<\/span><\/a><\/span><\/span><\/span><\/span><\/span><\/span><\/div><\/article>\n<article class='mix portfolio_category_57 portfolio_category_89 portfolio_category_134 portfolio_category_56 ' style=''><div class='image_holder'><a itemprop='url' class='portfolio_link_for_touch' href='https:\/\/www.vsveicolispeciali.com\/de\/street-food-truck\/piaggio-kaffeemobil-selle-royal-promo-food-truck\/' target='_self'><span class='image'><img loading=\"lazy\" decoding=\"async\" width=\"1000\" height=\"800\" src=\"https:\/\/www.vsveicolispeciali.com\/wp-content\/uploads\/2019\/01\/porter-piaggio-convertito-in-caffetteria-mobile.jpg\" class=\"attachment-full size-full wp-post-image\" alt=\"porter piaggio kaffeemobil zur Markenf\u00f6rderung und an Veranstaltungen\" srcset=\"https:\/\/www.vsveicolispeciali.com\/wp-content\/uploads\/2019\/01\/porter-piaggio-convertito-in-caffetteria-mobile.jpg 1000w, https:\/\/www.vsveicolispeciali.com\/wp-content\/uploads\/2019\/01\/porter-piaggio-convertito-in-caffetteria-mobile-300x240.jpg 300w, https:\/\/www.vsveicolispeciali.com\/wp-content\/uploads\/2019\/01\/porter-piaggio-convertito-in-caffetteria-mobile-768x614.jpg 768w, https:\/\/www.vsveicolispeciali.com\/wp-content\/uploads\/2019\/01\/porter-piaggio-convertito-in-caffetteria-mobile-700x560.jpg 700w\" sizes=\"auto, (max-width: 1000px) 100vw, 1000px\" \/><\/span><\/a><span class='text_holder'><span class='text_outer'><span class='text_inner'><div class=\"hover_feature_holder_title\"><div class=\"hover_feature_holder_title_inner\"><h5 itemprop=\"name\" class=\"portfolio_title entry_title\"><a itemprop=\"url\" href=\"https:\/\/www.vsveicolispeciali.com\/de\/street-food-truck\/piaggio-kaffeemobil-selle-royal-promo-food-truck\/\"  target=\"_self\">Event Truck Selle Royal<\/a><\/h5><div  class=\"portfolio_separator separator  small center\"><\/div><span class=\"project_category\" >Promotruck, Professional Food Truck, Kaffee, Food Truck<\/span><\/div><\/div><span class='feature_holder'><span class=\"feature_holder_icons\"><a itemprop='url' class='preview qbutton small white' href='https:\/\/www.vsveicolispeciali.com\/de\/street-food-truck\/piaggio-kaffeemobil-selle-royal-promo-food-truck\/' target='_self'>view<\/a><span class='portfolio_like qbutton small white'><a  href=\"#\" class=\"qode-like\" id=\"qode-like-12337\" title=\"Like this\">26<span>  Likes<\/span><\/a><\/span><\/span><\/span><\/span><\/span><\/span><\/div><\/article>\n<article class='mix portfolio_category_57 ' style=''><div class='image_holder'><a itemprop='url' class='portfolio_link_for_touch' href='https:\/\/www.vsveicolispeciali.com\/de\/street-food-truck\/piaggio-promo-truck-mobiles-geschaft\/' target='_self'><span class='image'><img loading=\"lazy\" decoding=\"async\" width=\"1000\" height=\"800\" src=\"https:\/\/www.vsveicolispeciali.com\/wp-content\/uploads\/2018\/05\/promo-truck-boutique-mobile-cosmetica.jpg\" class=\"attachment-full size-full wp-post-image\" alt=\"\" srcset=\"https:\/\/www.vsveicolispeciali.com\/wp-content\/uploads\/2018\/05\/promo-truck-boutique-mobile-cosmetica.jpg 1000w, https:\/\/www.vsveicolispeciali.com\/wp-content\/uploads\/2018\/05\/promo-truck-boutique-mobile-cosmetica-300x240.jpg 300w, https:\/\/www.vsveicolispeciali.com\/wp-content\/uploads\/2018\/05\/promo-truck-boutique-mobile-cosmetica-768x614.jpg 768w, https:\/\/www.vsveicolispeciali.com\/wp-content\/uploads\/2018\/05\/promo-truck-boutique-mobile-cosmetica-700x560.jpg 700w\" sizes=\"auto, (max-width: 1000px) 100vw, 1000px\" \/><\/span><\/a><span class='text_holder'><span class='text_outer'><span class='text_inner'><div class=\"hover_feature_holder_title\"><div class=\"hover_feature_holder_title_inner\"><h5 itemprop=\"name\" class=\"portfolio_title entry_title\"><a itemprop=\"url\" href=\"https:\/\/www.vsveicolispeciali.com\/de\/street-food-truck\/piaggio-promo-truck-mobiles-geschaft\/\"  target=\"_self\">Promotruck OFFICINA COSMETICA<\/a><\/h5><div  class=\"portfolio_separator separator  small center\"><\/div><span class=\"project_category\" >Promotruck<\/span><\/div><\/div><span class='feature_holder'><span class=\"feature_holder_icons\"><a itemprop='url' class='preview qbutton small white' href='https:\/\/www.vsveicolispeciali.com\/de\/street-food-truck\/piaggio-promo-truck-mobiles-geschaft\/' target='_self'>view<\/a><span class='portfolio_like qbutton small white'><a  href=\"#\" class=\"qode-like\" id=\"qode-like-7561\" title=\"Like this\">4<span>  Likes<\/span><\/a><\/span><\/span><\/span><\/span><\/span><\/span><\/div><\/article>\n<article class='mix portfolio_category_57 ' style=''><div class='image_holder'><a itemprop='url' class='portfolio_link_for_touch' href='https:\/\/www.vsveicolispeciali.com\/de\/street-food-truck\/event-truck-cinema-ape-wander-kino-schweiz\/' target='_self'><span class='image'><img loading=\"lazy\" decoding=\"async\" width=\"1000\" height=\"800\" src=\"https:\/\/www.vsveicolispeciali.com\/wp-content\/uploads\/2018\/04\/promo-truck-ape-piaggio-cinema-itinerante.jpg\" class=\"attachment-full size-full wp-post-image\" alt=\"\" srcset=\"https:\/\/www.vsveicolispeciali.com\/wp-content\/uploads\/2018\/04\/promo-truck-ape-piaggio-cinema-itinerante.jpg 1000w, https:\/\/www.vsveicolispeciali.com\/wp-content\/uploads\/2018\/04\/promo-truck-ape-piaggio-cinema-itinerante-300x240.jpg 300w, https:\/\/www.vsveicolispeciali.com\/wp-content\/uploads\/2018\/04\/promo-truck-ape-piaggio-cinema-itinerante-768x614.jpg 768w, https:\/\/www.vsveicolispeciali.com\/wp-content\/uploads\/2018\/04\/promo-truck-ape-piaggio-cinema-itinerante-700x560.jpg 700w\" sizes=\"auto, (max-width: 1000px) 100vw, 1000px\" \/><\/span><\/a><span class='text_holder'><span class='text_outer'><span class='text_inner'><div class=\"hover_feature_holder_title\"><div class=\"hover_feature_holder_title_inner\"><h5 itemprop=\"name\" class=\"portfolio_title entry_title\"><a itemprop=\"url\" href=\"https:\/\/www.vsveicolispeciali.com\/de\/street-food-truck\/event-truck-cinema-ape-wander-kino-schweiz\/\"  target=\"_self\">Event Truck Cineape<\/a><\/h5><div  class=\"portfolio_separator separator  small center\"><\/div><span class=\"project_category\" >Promotruck<\/span><\/div><\/div><span class='feature_holder'><span class=\"feature_holder_icons\"><a itemprop='url' class='preview qbutton small white' href='https:\/\/www.vsveicolispeciali.com\/de\/street-food-truck\/event-truck-cinema-ape-wander-kino-schweiz\/' target='_self'>view<\/a><span class='portfolio_like qbutton small white'><a  href=\"#\" class=\"qode-like\" id=\"qode-like-9044\" title=\"Like this\">9<span>  Likes<\/span><\/a><\/span><\/span><\/span><\/span><\/span><\/span><\/div><\/article>\n<article class='mix portfolio_category_57 portfolio_category_89 portfolio_category_56 ' style=''><div class='image_holder'><a itemprop='url' class='portfolio_link_for_touch' href='https:\/\/www.vsveicolispeciali.com\/de\/street-food-truck\/promotionfahrzeug-truckshop-mit-kuehltheke-renault-master-biraghi\/' target='_self'><span class='image'><img loading=\"lazy\" decoding=\"async\" width=\"1000\" height=\"680\" src=\"https:\/\/www.vsveicolispeciali.com\/wp-content\/uploads\/2017\/12\/Food-Truck-Renault-Biraghi.jpg\" class=\"attachment-full size-full wp-post-image\" alt=\"\" srcset=\"https:\/\/www.vsveicolispeciali.com\/wp-content\/uploads\/2017\/12\/Food-Truck-Renault-Biraghi.jpg 1000w, https:\/\/www.vsveicolispeciali.com\/wp-content\/uploads\/2017\/12\/Food-Truck-Renault-Biraghi-300x204.jpg 300w, https:\/\/www.vsveicolispeciali.com\/wp-content\/uploads\/2017\/12\/Food-Truck-Renault-Biraghi-768x522.jpg 768w, https:\/\/www.vsveicolispeciali.com\/wp-content\/uploads\/2017\/12\/Food-Truck-Renault-Biraghi-700x476.jpg 700w\" sizes=\"auto, (max-width: 1000px) 100vw, 1000px\" \/><\/span><\/a><span class='text_holder'><span class='text_outer'><span class='text_inner'><div class=\"hover_feature_holder_title\"><div class=\"hover_feature_holder_title_inner\"><h5 itemprop=\"name\" class=\"portfolio_title entry_title\"><a itemprop=\"url\" href=\"https:\/\/www.vsveicolispeciali.com\/de\/street-food-truck\/promotionfahrzeug-truckshop-mit-kuehltheke-renault-master-biraghi\/\"  target=\"_self\">Promotionfahrzeug Biraghi<\/a><\/h5><div  class=\"portfolio_separator separator  small center\"><\/div><span class=\"project_category\" >Promotruck, Professional Food Truck, Food Truck<\/span><\/div><\/div><span class='feature_holder'><span class=\"feature_holder_icons\"><a itemprop='url' class='preview qbutton small white' href='https:\/\/www.vsveicolispeciali.com\/de\/street-food-truck\/promotionfahrzeug-truckshop-mit-kuehltheke-renault-master-biraghi\/' target='_self'>view<\/a><span class='portfolio_like qbutton small white'><a  href=\"#\" class=\"qode-like\" id=\"qode-like-9047\" title=\"Like this\">10<span>  Likes<\/span><\/a><\/span><\/span><\/span><\/span><\/span><\/span><\/div><\/article>\n<article class='mix portfolio_category_57 portfolio_category_89 portfolio_category_56 ' style=''><div class='image_holder'><a itemprop='url' class='portfolio_link_for_touch' href='https:\/\/www.vsveicolispeciali.com\/de\/street-food-truck\/werbefahrzeug-promo-truck-fuer-promotion-und-verkostung-produkte-hugo-reitzel\/' target='_self'><span class='image'><img loading=\"lazy\" decoding=\"async\" width=\"1000\" height=\"800\" src=\"https:\/\/www.vsveicolispeciali.com\/wp-content\/uploads\/2016\/08\/Food_Truck_Street_Food_Hugo_Reitzel_01.jpg\" class=\"attachment-full size-full wp-post-image\" alt=\"\" srcset=\"https:\/\/www.vsveicolispeciali.com\/wp-content\/uploads\/2016\/08\/Food_Truck_Street_Food_Hugo_Reitzel_01.jpg 1000w, https:\/\/www.vsveicolispeciali.com\/wp-content\/uploads\/2016\/08\/Food_Truck_Street_Food_Hugo_Reitzel_01-300x240.jpg 300w, https:\/\/www.vsveicolispeciali.com\/wp-content\/uploads\/2016\/08\/Food_Truck_Street_Food_Hugo_Reitzel_01-768x614.jpg 768w, https:\/\/www.vsveicolispeciali.com\/wp-content\/uploads\/2016\/08\/Food_Truck_Street_Food_Hugo_Reitzel_01-700x560.jpg 700w\" sizes=\"auto, (max-width: 1000px) 100vw, 1000px\" \/><\/span><\/a><span class='text_holder'><span class='text_outer'><span class='text_inner'><div class=\"hover_feature_holder_title\"><div class=\"hover_feature_holder_title_inner\"><h5 itemprop=\"name\" class=\"portfolio_title entry_title\"><a itemprop=\"url\" href=\"https:\/\/www.vsveicolispeciali.com\/de\/street-food-truck\/werbefahrzeug-promo-truck-fuer-promotion-und-verkostung-produkte-hugo-reitzel\/\"  target=\"_self\">Event Truck Hugo Reitzel<\/a><\/h5><div  class=\"portfolio_separator separator  small center\"><\/div><span class=\"project_category\" >Promotruck, Professional Food Truck, Food Truck<\/span><\/div><\/div><span class='feature_holder'><span class=\"feature_holder_icons\"><a itemprop='url' class='preview qbutton small white' href='https:\/\/www.vsveicolispeciali.com\/de\/street-food-truck\/werbefahrzeug-promo-truck-fuer-promotion-und-verkostung-produkte-hugo-reitzel\/' target='_self'>view<\/a><span class='portfolio_like qbutton small white'><a  href=\"#\" class=\"qode-like\" id=\"qode-like-9051\" title=\"Like this\">64<span>  Likes<\/span><\/a><\/span><\/span><\/span><\/span><\/span><\/span><\/div><\/article>\n<article class='mix portfolio_category_57 ' style=''><div class='image_holder'><a itemprop='url' class='portfolio_link_for_touch' href='https:\/\/www.vsveicolispeciali.com\/de\/street-food-truck\/promotruck-piaggio-ape-fuer-sensibilisierungskampagne-human-milk-link\/' target='_self'><span class='image'><img loading=\"lazy\" decoding=\"async\" width=\"1000\" height=\"800\" src=\"https:\/\/www.vsveicolispeciali.com\/wp-content\/uploads\/2015\/11\/RetailPromo_Street_Food_Mamige_1.jpg\" class=\"attachment-full size-full wp-post-image\" alt=\"\" srcset=\"https:\/\/www.vsveicolispeciali.com\/wp-content\/uploads\/2015\/11\/RetailPromo_Street_Food_Mamige_1.jpg 1000w, https:\/\/www.vsveicolispeciali.com\/wp-content\/uploads\/2015\/11\/RetailPromo_Street_Food_Mamige_1-300x240.jpg 300w, https:\/\/www.vsveicolispeciali.com\/wp-content\/uploads\/2015\/11\/RetailPromo_Street_Food_Mamige_1-768x614.jpg 768w, https:\/\/www.vsveicolispeciali.com\/wp-content\/uploads\/2015\/11\/RetailPromo_Street_Food_Mamige_1-700x560.jpg 700w\" sizes=\"auto, (max-width: 1000px) 100vw, 1000px\" \/><\/span><\/a><span class='text_holder'><span class='text_outer'><span class='text_inner'><div class=\"hover_feature_holder_title\"><div class=\"hover_feature_holder_title_inner\"><h5 itemprop=\"name\" class=\"portfolio_title entry_title\"><a itemprop=\"url\" href=\"https:\/\/www.vsveicolispeciali.com\/de\/street-food-truck\/promotruck-piaggio-ape-fuer-sensibilisierungskampagne-human-milk-link\/\"  target=\"_self\">Promotionfahrzeug Mamige<\/a><\/h5><div  class=\"portfolio_separator separator  small center\"><\/div><span class=\"project_category\" >Promotruck<\/span><\/div><\/div><span class='feature_holder'><span class=\"feature_holder_icons\"><a itemprop='url' class='preview qbutton small white' href='https:\/\/www.vsveicolispeciali.com\/de\/street-food-truck\/promotruck-piaggio-ape-fuer-sensibilisierungskampagne-human-milk-link\/' target='_self'>view<\/a><span class='portfolio_like qbutton small white'><a  href=\"#\" class=\"qode-like\" id=\"qode-like-9057\" title=\"Like this\">16<span>  Likes<\/span><\/a><\/span><\/span><\/span><\/span><\/span><\/span><\/div><\/article>\n<article class='mix portfolio_category_134 portfolio_category_57 ' style=''><div class='image_holder'><a itemprop='url' class='portfolio_link_for_touch' href='https:\/\/www.vsveicolispeciali.com\/de\/street-food-truck\/promo-truck-espressomobil-piaggio-ape-dorhouse\/' target='_self'><span class='image'><img loading=\"lazy\" decoding=\"async\" width=\"1000\" height=\"800\" src=\"https:\/\/www.vsveicolispeciali.com\/wp-content\/uploads\/2015\/11\/veicolo-promozionale-ape-dorhouse.jpg\" class=\"attachment-full size-full wp-post-image\" alt=\"\" srcset=\"https:\/\/www.vsveicolispeciali.com\/wp-content\/uploads\/2015\/11\/veicolo-promozionale-ape-dorhouse.jpg 1000w, https:\/\/www.vsveicolispeciali.com\/wp-content\/uploads\/2015\/11\/veicolo-promozionale-ape-dorhouse-300x240.jpg 300w, https:\/\/www.vsveicolispeciali.com\/wp-content\/uploads\/2015\/11\/veicolo-promozionale-ape-dorhouse-768x614.jpg 768w, https:\/\/www.vsveicolispeciali.com\/wp-content\/uploads\/2015\/11\/veicolo-promozionale-ape-dorhouse-700x560.jpg 700w\" sizes=\"auto, (max-width: 1000px) 100vw, 1000px\" \/><\/span><\/a><span class='text_holder'><span class='text_outer'><span class='text_inner'><div class=\"hover_feature_holder_title\"><div class=\"hover_feature_holder_title_inner\"><h5 itemprop=\"name\" class=\"portfolio_title entry_title\"><a itemprop=\"url\" href=\"https:\/\/www.vsveicolispeciali.com\/de\/street-food-truck\/promo-truck-espressomobil-piaggio-ape-dorhouse\/\"  target=\"_self\">Espressomobil Dorhouse<\/a><\/h5><div  class=\"portfolio_separator separator  small center\"><\/div><span class=\"project_category\" >Kaffee, Promotruck<\/span><\/div><\/div><span class='feature_holder'><span class=\"feature_holder_icons\"><a itemprop='url' class='preview qbutton small white' href='https:\/\/www.vsveicolispeciali.com\/de\/street-food-truck\/promo-truck-espressomobil-piaggio-ape-dorhouse\/' target='_self'>view<\/a><span class='portfolio_like qbutton small white'><a  href=\"#\" class=\"qode-like\" id=\"qode-like-9070\" title=\"Like this\">18<span>  Likes<\/span><\/a><\/span><\/span><\/span><\/span><\/span><\/span><\/div><\/article>\n<article class='mix portfolio_category_57 ' style=''><div class='image_holder'><a itemprop='url' class='portfolio_link_for_touch' href='https:\/\/www.vsveicolispeciali.com\/de\/street-food-truck\/promotion-truck-promotiontour-kosmetikunternehmen-douglas-makeup\/' target='_self'><span class='image'><img loading=\"lazy\" decoding=\"async\" width=\"1000\" height=\"800\" src=\"https:\/\/www.vsveicolispeciali.com\/wp-content\/uploads\/2015\/11\/allestimenti-veicoli-pubblicitari-douglas-make-up.jpg\" class=\"attachment-full size-full wp-post-image\" alt=\"\" srcset=\"https:\/\/www.vsveicolispeciali.com\/wp-content\/uploads\/2015\/11\/allestimenti-veicoli-pubblicitari-douglas-make-up.jpg 1000w, https:\/\/www.vsveicolispeciali.com\/wp-content\/uploads\/2015\/11\/allestimenti-veicoli-pubblicitari-douglas-make-up-300x240.jpg 300w, https:\/\/www.vsveicolispeciali.com\/wp-content\/uploads\/2015\/11\/allestimenti-veicoli-pubblicitari-douglas-make-up-768x614.jpg 768w, https:\/\/www.vsveicolispeciali.com\/wp-content\/uploads\/2015\/11\/allestimenti-veicoli-pubblicitari-douglas-make-up-700x560.jpg 700w\" sizes=\"auto, (max-width: 1000px) 100vw, 1000px\" \/><\/span><\/a><span class='text_holder'><span class='text_outer'><span class='text_inner'><div class=\"hover_feature_holder_title\"><div class=\"hover_feature_holder_title_inner\"><h5 itemprop=\"name\" class=\"portfolio_title entry_title\"><a itemprop=\"url\" href=\"https:\/\/www.vsveicolispeciali.com\/de\/street-food-truck\/promotion-truck-promotiontour-kosmetikunternehmen-douglas-makeup\/\"  target=\"_self\">Kosmetik Promotion Truck Douglas<\/a><\/h5><div  class=\"portfolio_separator separator  small center\"><\/div><span class=\"project_category\" >Promotruck<\/span><\/div><\/div><span class='feature_holder'><span class=\"feature_holder_icons\"><a itemprop='url' class='preview qbutton small white' href='https:\/\/www.vsveicolispeciali.com\/de\/street-food-truck\/promotion-truck-promotiontour-kosmetikunternehmen-douglas-makeup\/' target='_self'>view<\/a><span class='portfolio_like qbutton small white'><a  href=\"#\" class=\"qode-like\" id=\"qode-like-9076\" title=\"Like this\">23<span>  Likes<\/span><\/a><\/span><\/span><\/span><\/span><\/span><\/span><\/div><\/article>\n<article class='mix portfolio_category_57 ' style=''><div class='image_holder'><a itemprop='url' class='portfolio_link_for_touch' href='https:\/\/www.vsveicolispeciali.com\/de\/street-food-truck\/umgebaute-ape-fuer-verkauf-und-promotion-taschen-zip-and-zip-truckshop\/' target='_self'><span class='image'><img loading=\"lazy\" decoding=\"async\" width=\"1000\" height=\"800\" src=\"https:\/\/www.vsveicolispeciali.com\/wp-content\/uploads\/2015\/11\/ape-shop-zip-and-zip.jpg\" class=\"attachment-full size-full wp-post-image\" alt=\"\" srcset=\"https:\/\/www.vsveicolispeciali.com\/wp-content\/uploads\/2015\/11\/ape-shop-zip-and-zip.jpg 1000w, https:\/\/www.vsveicolispeciali.com\/wp-content\/uploads\/2015\/11\/ape-shop-zip-and-zip-300x240.jpg 300w, https:\/\/www.vsveicolispeciali.com\/wp-content\/uploads\/2015\/11\/ape-shop-zip-and-zip-768x614.jpg 768w, https:\/\/www.vsveicolispeciali.com\/wp-content\/uploads\/2015\/11\/ape-shop-zip-and-zip-700x560.jpg 700w\" sizes=\"auto, (max-width: 1000px) 100vw, 1000px\" \/><\/span><\/a><span class='text_holder'><span class='text_outer'><span class='text_inner'><div class=\"hover_feature_holder_title\"><div class=\"hover_feature_holder_title_inner\"><h5 itemprop=\"name\" class=\"portfolio_title entry_title\"><a itemprop=\"url\" href=\"https:\/\/www.vsveicolispeciali.com\/de\/street-food-truck\/umgebaute-ape-fuer-verkauf-und-promotion-taschen-zip-and-zip-truckshop\/\"  target=\"_self\">Kleidung Verkaufswagen Zip And Zip<\/a><\/h5><div  class=\"portfolio_separator separator  small center\"><\/div><span class=\"project_category\" >Promotruck<\/span><\/div><\/div><span class='feature_holder'><span class=\"feature_holder_icons\"><a itemprop='url' class='preview qbutton small white' href='https:\/\/www.vsveicolispeciali.com\/de\/street-food-truck\/umgebaute-ape-fuer-verkauf-und-promotion-taschen-zip-and-zip-truckshop\/' target='_self'>view<\/a><span class='portfolio_like qbutton small white'><a  href=\"#\" class=\"qode-like\" id=\"qode-like-9081\" title=\"Like this\">6<span>  Likes<\/span><\/a><\/span><\/span><\/span><\/span><\/span><\/span><\/div><\/article>\n<article class='mix portfolio_category_57 ' style=''><div class='image_holder'><a itemprop='url' class='portfolio_link_for_touch' href='https:\/\/www.vsveicolispeciali.com\/de\/street-food-truck\/promotion-truckshop-fuer-verkauf-von-bekleidungsstuecken-rosa-clandestino\/' target='_self'><span class='image'><img loading=\"lazy\" decoding=\"async\" width=\"1000\" height=\"800\" src=\"https:\/\/www.vsveicolispeciali.com\/wp-content\/uploads\/2015\/11\/ape-negozio-abbigliamento-rosa-clandestino.jpg\" class=\"attachment-full size-full wp-post-image\" alt=\"\" srcset=\"https:\/\/www.vsveicolispeciali.com\/wp-content\/uploads\/2015\/11\/ape-negozio-abbigliamento-rosa-clandestino.jpg 1000w, https:\/\/www.vsveicolispeciali.com\/wp-content\/uploads\/2015\/11\/ape-negozio-abbigliamento-rosa-clandestino-300x240.jpg 300w, https:\/\/www.vsveicolispeciali.com\/wp-content\/uploads\/2015\/11\/ape-negozio-abbigliamento-rosa-clandestino-768x614.jpg 768w, https:\/\/www.vsveicolispeciali.com\/wp-content\/uploads\/2015\/11\/ape-negozio-abbigliamento-rosa-clandestino-700x560.jpg 700w\" sizes=\"auto, (max-width: 1000px) 100vw, 1000px\" \/><\/span><\/a><span class='text_holder'><span class='text_outer'><span class='text_inner'><div class=\"hover_feature_holder_title\"><div class=\"hover_feature_holder_title_inner\"><h5 itemprop=\"name\" class=\"portfolio_title entry_title\"><a itemprop=\"url\" href=\"https:\/\/www.vsveicolispeciali.com\/de\/street-food-truck\/promotion-truckshop-fuer-verkauf-von-bekleidungsstuecken-rosa-clandestino\/\"  target=\"_self\">Fashion Truck Rosa Clandestino<\/a><\/h5><div  class=\"portfolio_separator separator  small center\"><\/div><span class=\"project_category\" >Promotruck<\/span><\/div><\/div><span class='feature_holder'><span class=\"feature_holder_icons\"><a itemprop='url' class='preview qbutton small white' href='https:\/\/www.vsveicolispeciali.com\/de\/street-food-truck\/promotion-truckshop-fuer-verkauf-von-bekleidungsstuecken-rosa-clandestino\/' target='_self'>view<\/a><span class='portfolio_like qbutton small white'><a  href=\"#\" class=\"qode-like\" id=\"qode-like-9087\" title=\"Like this\">22<span>  Likes<\/span><\/a><\/span><\/span><\/span><\/span><\/span><\/span><\/div><\/article>\n<article class='mix portfolio_category_57 ' style=''><div class='image_holder'><a itemprop='url' class='portfolio_link_for_touch' href='https:\/\/www.vsveicolispeciali.com\/de\/street-food-truck\/werbefahrzeug-piaggio-ape-verkaufsmobil-brille\/' target='_self'><span class='image'><img loading=\"lazy\" decoding=\"async\" width=\"1000\" height=\"800\" src=\"https:\/\/www.vsveicolispeciali.com\/wp-content\/uploads\/2015\/11\/ape-negozio-lottica-a-padova.jpg\" class=\"attachment-full size-full wp-post-image\" alt=\"\" srcset=\"https:\/\/www.vsveicolispeciali.com\/wp-content\/uploads\/2015\/11\/ape-negozio-lottica-a-padova.jpg 1000w, https:\/\/www.vsveicolispeciali.com\/wp-content\/uploads\/2015\/11\/ape-negozio-lottica-a-padova-300x240.jpg 300w, https:\/\/www.vsveicolispeciali.com\/wp-content\/uploads\/2015\/11\/ape-negozio-lottica-a-padova-768x614.jpg 768w, https:\/\/www.vsveicolispeciali.com\/wp-content\/uploads\/2015\/11\/ape-negozio-lottica-a-padova-700x560.jpg 700w\" sizes=\"auto, (max-width: 1000px) 100vw, 1000px\" \/><\/span><\/a><span class='text_holder'><span class='text_outer'><span class='text_inner'><div class=\"hover_feature_holder_title\"><div class=\"hover_feature_holder_title_inner\"><h5 itemprop=\"name\" class=\"portfolio_title entry_title\"><a itemprop=\"url\" href=\"https:\/\/www.vsveicolispeciali.com\/de\/street-food-truck\/werbefahrzeug-piaggio-ape-verkaufsmobil-brille\/\"  target=\"_self\">Promotion Truck L&#8217;Ottica Martignon<\/a><\/h5><div  class=\"portfolio_separator separator  small center\"><\/div><span class=\"project_category\" >Promotruck<\/span><\/div><\/div><span class='feature_holder'><span class=\"feature_holder_icons\"><a itemprop='url' class='preview qbutton small white' href='https:\/\/www.vsveicolispeciali.com\/de\/street-food-truck\/werbefahrzeug-piaggio-ape-verkaufsmobil-brille\/' target='_self'>view<\/a><span class='portfolio_like qbutton small white'><a  href=\"#\" class=\"qode-like\" id=\"qode-like-9093\" title=\"Like this\">21<span>  Likes<\/span><\/a><\/span><\/span><\/span><\/span><\/span><\/span><\/div><\/article>\n<article class='mix portfolio_category_57 portfolio_category_68 portfolio_category_55 ' style=''><div class='image_holder'><a itemprop='url' class='portfolio_link_for_touch' href='https:\/\/www.vsveicolispeciali.com\/de\/street-food-truck\/promotiontruck-foodtruck-fuer-veranstaltungen-und-show-cooking\/' target='_self'><span class='image'><img loading=\"lazy\" decoding=\"async\" width=\"1000\" height=\"800\" src=\"https:\/\/www.vsveicolispeciali.com\/wp-content\/uploads\/2015\/11\/veicolo-promozionale-pentole-agnelli.jpg\" class=\"attachment-full size-full wp-post-image\" alt=\"\" srcset=\"https:\/\/www.vsveicolispeciali.com\/wp-content\/uploads\/2015\/11\/veicolo-promozionale-pentole-agnelli.jpg 1000w, https:\/\/www.vsveicolispeciali.com\/wp-content\/uploads\/2015\/11\/veicolo-promozionale-pentole-agnelli-300x240.jpg 300w, https:\/\/www.vsveicolispeciali.com\/wp-content\/uploads\/2015\/11\/veicolo-promozionale-pentole-agnelli-768x614.jpg 768w, https:\/\/www.vsveicolispeciali.com\/wp-content\/uploads\/2015\/11\/veicolo-promozionale-pentole-agnelli-700x560.jpg 700w\" sizes=\"auto, (max-width: 1000px) 100vw, 1000px\" \/><\/span><\/a><span class='text_holder'><span class='text_outer'><span class='text_inner'><div class=\"hover_feature_holder_title\"><div class=\"hover_feature_holder_title_inner\"><h5 itemprop=\"name\" class=\"portfolio_title entry_title\"><a itemprop=\"url\" href=\"https:\/\/www.vsveicolispeciali.com\/de\/street-food-truck\/promotiontruck-foodtruck-fuer-veranstaltungen-und-show-cooking\/\"  target=\"_self\">Promotiontruck Pentole Agnelli<\/a><\/h5><div  class=\"portfolio_separator separator  small center\"><\/div><span class=\"project_category\" >Promotruck, Ape V-Curve\u00ae, Ape<\/span><\/div><\/div><span class='feature_holder'><span class=\"feature_holder_icons\"><a itemprop='url' class='preview qbutton small white' href='https:\/\/www.vsveicolispeciali.com\/de\/street-food-truck\/promotiontruck-foodtruck-fuer-veranstaltungen-und-show-cooking\/' target='_self'>view<\/a><span class='portfolio_like qbutton small white'><a  href=\"#\" class=\"qode-like\" id=\"qode-like-9099\" title=\"Like this\">20<span>  Likes<\/span><\/a><\/span><\/span><\/span><\/span><\/span><\/span><\/div><\/article>\n<div class='filler'><\/div>\n<div class='filler'><\/div>\n<div class='filler'><\/div>\n<div class='filler'><\/div>\n<div class='filler'><\/div>\n<\/div><\/div><div class=\"separator  transparent   \" style=\"height: 120px;\"><\/div>\n<\/div><\/div><\/div><\/div><\/div><div      class=\"vc_row wpb_row section vc_row-fluid \" style=' text-align:left;'><div class=\" full_section_inner clearfix\"><div class=\"wpb_column vc_column_container vc_col-sm-12\"><div class=\"vc_column-inner\"><div class=\"wpb_wrapper\">\n\t<div class=\"wpb_single_image wpb_content_element vc_align_center\">\n\t\t<div class=\"wpb_wrapper\">\n\t\t\t\n\t\t\t<div class=\"vc_single_image-wrapper   vc_box_border_grey\"><img loading=\"lazy\" decoding=\"async\" width=\"1920\" height=\"354\" src=\"https:\/\/www.vsveicolispeciali.com\/wp-content\/uploads\/2022\/06\/1920x354-Banner-raccolta-veicoli.jpg\" class=\"vc_single_image-img attachment-full\" alt=\"\" title=\"1920x354-Banner-raccolta-veicoli\" srcset=\"https:\/\/www.vsveicolispeciali.com\/wp-content\/uploads\/2022\/06\/1920x354-Banner-raccolta-veicoli.jpg 1920w, https:\/\/www.vsveicolispeciali.com\/wp-content\/uploads\/2022\/06\/1920x354-Banner-raccolta-veicoli-300x55.jpg 300w, https:\/\/www.vsveicolispeciali.com\/wp-content\/uploads\/2022\/06\/1920x354-Banner-raccolta-veicoli-1024x189.jpg 1024w, https:\/\/www.vsveicolispeciali.com\/wp-content\/uploads\/2022\/06\/1920x354-Banner-raccolta-veicoli-768x142.jpg 768w, https:\/\/www.vsveicolispeciali.com\/wp-content\/uploads\/2022\/06\/1920x354-Banner-raccolta-veicoli-1536x283.jpg 1536w, https:\/\/www.vsveicolispeciali.com\/wp-content\/uploads\/2022\/06\/1920x354-Banner-raccolta-veicoli-700x129.jpg 700w\" sizes=\"auto, (max-width: 1920px) 100vw, 1920px\" \/><\/div>\n\t\t<\/div>\n\t<\/div>\n<\/div><\/div><\/div><\/div><\/div>\n<\/div>","protected":false},"excerpt":{"rendered":"Dieser Piaggio Ape ist zusammen ein Foodtruck und ein Promotiontruck f\u00fcr den Topf, ein Verb\u00fcndeter der Exzellenz in der K\u00fcche, Synthese von M\u00fcdigkeit, Technik, Wissenschaft, die F\u00e4higkeit, Nahrung zu verwandeln und Geschmack f\u00fcr das Leben zu geben. &nbsp; Technische Merkmale des \u201cPentole Agnelli\u201d Promotiontrucks: V-Curve\u00ae...","protected":false},"author":1001012,"featured_media":0,"parent":7552,"menu_order":3,"comment_status":"closed","ping_status":"closed","template":"full_width.php","meta":{"_acf_changed":false,"rs_blank_template":"","rs_page_bg_color":"","slide_template_v7":"","footnotes":""},"class_list":["post-7695","page","type-page","status-publish","hentry"],"acf":[],"yoast_head":"<!-- This site is optimized with the Yoast SEO plugin v28.2 - https:\/\/yoast.com\/product\/yoast-seo-wordpress\/ -->\n<title>Verkaufswagen f\u00fcr Markenf\u00f6rderung und Veranstaltungen<\/title>\n<meta name=\"description\" content=\"Wir bauen Verkaufswagen und Event-Trucks f\u00fcr Unternehmen, die ihre Marke und ihre Produkte auf originelle Weise promoten m\u00f6chten &gt;\" \/>\n<meta name=\"robots\" content=\"index, follow, max-snippet:-1, max-image-preview:large, max-video-preview:-1\" \/>\n<link rel=\"canonical\" href=\"https:\/\/www.vsveicolispeciali.com\/de\/verkaufswagen-kaufen\/werbefahrzeuge-promotion-truck-verkaufsmobil\/\" \/>\n<meta property=\"og:locale\" content=\"de_DE\" \/>\n<meta property=\"og:type\" content=\"article\" \/>\n<meta property=\"og:title\" content=\"Verkaufswagen f\u00fcr Markenf\u00f6rderung und Veranstaltungen\" \/>\n<meta property=\"og:description\" content=\"Wir bauen Verkaufswagen und Event-Trucks f\u00fcr Unternehmen, die ihre Marke und ihre Produkte auf originelle Weise promoten m\u00f6chten &gt;\" \/>\n<meta property=\"og:url\" content=\"https:\/\/www.vsveicolispeciali.com\/de\/verkaufswagen-kaufen\/werbefahrzeuge-promotion-truck-verkaufsmobil\/\" \/>\n<meta property=\"og:site_name\" content=\"VS Veicoli Speciali\" \/>\n<meta property=\"article:publisher\" content=\"https:\/\/www.facebook.com\/VSVeicoliSpeciali.Food.Trucks\/\" \/>\n<meta property=\"article:modified_time\" content=\"2026-08-09T20:28:43+00:00\" \/>\n<meta name=\"twitter:card\" content=\"summary_large_image\" \/>\n<meta name=\"twitter:site\" content=\"@veicolispeciali\" \/>\n<meta name=\"twitter:label1\" content=\"Gesch\u00e4tzte Lesezeit\" \/>\n\t<meta name=\"twitter:data1\" content=\"2\u00a0Minuten\" \/>\n<!-- \/ Yoast SEO plugin. -->","yoast_head_json":{"title":"Verkaufswagen f\u00fcr Markenf\u00f6rderung und Veranstaltungen","description":"Wir bauen Verkaufswagen und Event-Trucks f\u00fcr Unternehmen, die ihre Marke und ihre Produkte auf originelle Weise promoten m\u00f6chten >","robots":{"index":"index","follow":"follow","max-snippet":"max-snippet:-1","max-image-preview":"max-image-preview:large","max-video-preview":"max-video-preview:-1"},"canonical":"https:\/\/www.vsveicolispeciali.com\/de\/verkaufswagen-kaufen\/werbefahrzeuge-promotion-truck-verkaufsmobil\/","og_locale":"de_DE","og_type":"article","og_title":"Verkaufswagen f\u00fcr Markenf\u00f6rderung und Veranstaltungen","og_description":"Wir bauen Verkaufswagen und Event-Trucks f\u00fcr Unternehmen, die ihre Marke und ihre Produkte auf originelle Weise promoten m\u00f6chten >","og_url":"https:\/\/www.vsveicolispeciali.com\/de\/verkaufswagen-kaufen\/werbefahrzeuge-promotion-truck-verkaufsmobil\/","og_site_name":"VS Veicoli Speciali","article_publisher":"https:\/\/www.facebook.com\/VSVeicoliSpeciali.Food.Trucks\/","article_modified_time":"2026-08-09T20:28:43+00:00","twitter_card":"summary_large_image","twitter_site":"@veicolispeciali","twitter_misc":{"Gesch\u00e4tzte Lesezeit":"2\u00a0Minuten"},"schema":{"@context":"https:\/\/schema.org","@graph":[{"@type":"WebPage","@id":"https:\/\/www.vsveicolispeciali.com\/de\/verkaufswagen-kaufen\/werbefahrzeuge-promotion-truck-verkaufsmobil\/","url":"https:\/\/www.vsveicolispeciali.com\/de\/verkaufswagen-kaufen\/werbefahrzeuge-promotion-truck-verkaufsmobil\/","name":"Verkaufswagen f\u00fcr Markenf\u00f6rderung und Veranstaltungen","isPartOf":{"@id":"https:\/\/www.vsveicolispeciali.com\/de\/#website"},"datePublished":"2015-11-20T00:13:17+00:00","dateModified":"2026-08-09T20:28:43+00:00","description":"Wir bauen Verkaufswagen und Event-Trucks f\u00fcr Unternehmen, die ihre Marke und ihre Produkte auf originelle Weise promoten m\u00f6chten >","breadcrumb":{"@id":"https:\/\/www.vsveicolispeciali.com\/de\/verkaufswagen-kaufen\/werbefahrzeuge-promotion-truck-verkaufsmobil\/#breadcrumb"},"inLanguage":"de","potentialAction":[{"@type":"ReadAction","target":["https:\/\/www.vsveicolispeciali.com\/de\/verkaufswagen-kaufen\/werbefahrzeuge-promotion-truck-verkaufsmobil\/"]}]},{"@type":"BreadcrumbList","@id":"https:\/\/www.vsveicolispeciali.com\/de\/verkaufswagen-kaufen\/werbefahrzeuge-promotion-truck-verkaufsmobil\/#breadcrumb","itemListElement":[{"@type":"ListItem","position":1,"name":"Home","item":"https:\/\/www.vsveicolispeciali.com\/de\/"},{"@type":"ListItem","position":2,"name":"Verkaufswagen und Streetfood-Wagen kaufen","item":"https:\/\/www.vsveicolispeciali.com\/de\/verkaufswagen-kaufen\/"},{"@type":"ListItem","position":3,"name":"Verkaufswagen f\u00fcr Markenf\u00f6rderung und Veranstaltungen"}]},{"@type":"WebSite","@id":"https:\/\/www.vsveicolispeciali.com\/de\/#website","url":"https:\/\/www.vsveicolispeciali.com\/de\/","name":"VS Veicoli Speciali","description":"","potentialAction":[{"@type":"SearchAction","target":{"@type":"EntryPoint","urlTemplate":"https:\/\/www.vsveicolispeciali.com\/de\/?s={search_term_string}"},"query-input":{"@type":"PropertyValueSpecification","valueRequired":true,"valueName":"search_term_string"}}],"inLanguage":"de"}]}},"_links":{"self":[{"href":"https:\/\/www.vsveicolispeciali.com\/de\/wp-json\/wp\/v2\/pages\/7695","targetHints":{"allow":["GET"]}}],"collection":[{"href":"https:\/\/www.vsveicolispeciali.com\/de\/wp-json\/wp\/v2\/pages"}],"about":[{"href":"https:\/\/www.vsveicolispeciali.com\/de\/wp-json\/wp\/v2\/types\/page"}],"author":[{"embeddable":true,"href":"https:\/\/www.vsveicolispeciali.com\/de\/wp-json\/wp\/v2\/users\/1001012"}],"replies":[{"embeddable":true,"href":"https:\/\/www.vsveicolispeciali.com\/de\/wp-json\/wp\/v2\/comments?post=7695"}],"version-history":[{"count":8,"href":"https:\/\/www.vsveicolispeciali.com\/de\/wp-json\/wp\/v2\/pages\/7695\/revisions"}],"predecessor-version":[{"id":30246,"href":"https:\/\/www.vsveicolispeciali.com\/de\/wp-json\/wp\/v2\/pages\/7695\/revisions\/30246"}],"up":[{"embeddable":true,"href":"https:\/\/www.vsveicolispeciali.com\/de\/wp-json\/wp\/v2\/pages\/7552"}],"wp:attachment":[{"href":"https:\/\/www.vsveicolispeciali.com\/de\/wp-json\/wp\/v2\/media?parent=7695"}],"curies":[{"name":"wp","href":"https:\/\/api.w.org\/{rel}","templated":true}]}}