{"id":7689,"date":"2015-11-20T01:15:28","date_gmt":"2015-11-20T00:15:28","guid":{"rendered":"http:\/\/www.vsveicolispeciali.com\/verkaufswagen-kaufen\/carrello-autonegozio-rimorchio-per-ambulanti\/"},"modified":"2025-01-15T11:05:15","modified_gmt":"2025-01-15T10:05:15","slug":"imbiss-verkaufsanhanger","status":"publish","type":"page","link":"https:\/\/www.vsveicolispeciali.com\/de\/verkaufswagen-kaufen\/imbiss-verkaufsanhanger\/","title":{"rendered":"Imbiss- und Verkaufsanh\u00e4nger"},"content":{"rendered":"<div class=\"wpb-content-wrapper\"><p>[vc_row css_animation=&#8220;&#8220; row_type=&#8220;row&#8220; use_row_as_full_screen_section=&#8220;no&#8220; type=&#8220;grid&#8220; angled_section=&#8220;no&#8220; text_align=&#8220;left&#8220; background_image_as_pattern=&#8220;without_pattern&#8220;][vc_column][vc_separator type=&#8220;transparent&#8220; thickness=&#8220;90&#8243; up=&#8220;0&#8243; down=&#8220;0&#8243;][vc_column_text css=&#8220;&#8220;]<\/p>\n<h2 style=\"text-align: center;\"><a href=\"https:\/\/www.vsveicolispeciali.com\/de\/der-aircrome-der-neue-food-truck-anhaenger-im-stil-des-airstream\/\" target=\"_blank\" rel=\"noopener\">Food Truck-Anh\u00e4nger kaufen<\/a><\/h2>\n<p>[\/vc_column_text][vc_separator type=&#8220;small&#8220; position=&#8220;center&#8220;][vc_row_inner row_type=&#8220;row&#8220; type=&#8220;full_width&#8220; text_align=&#8220;left&#8220; css_animation=&#8220;&#8220;][vc_column_inner width=&#8220;1\/2&#8243;][vc_column_text css=&#8220;&#8220;]Der klassische <strong>Marktanh\u00e4nger oder Verkaufsanh\u00e4nger<\/strong> hat eine lange und ruhmreiche Geschichte, die <strong>Stra\u00dfenh\u00e4ndler<\/strong> seit Generationen weiterf\u00fchren. Der Einsatz eines Imbissanh\u00e4ngers ist eine ausgezeichnete Alternative zum <a href=\"https:\/\/www.vsveicolispeciali.com\/de\/verkaufswagen-kaufen\/food-truck-imbisswagen-kosten\/\">Food-Truck<\/a> und \u00fcberzeugt in vielen Situationen. <strong>Einige Beispiele<\/strong>?\u00a0Foodtruck-Anh\u00e4nger zum Verkauf von Pizza, Kaffee und Snacks, Imbissanh\u00e4nger f\u00fcr Festivals und Events sowie Anh\u00e4nger f\u00fcr den Verkauf von Kleidung.[\/vc_column_text][\/vc_column_inner][vc_column_inner width=&#8220;1\/2&#8243;][vc_column_text css=&#8220;&#8220;]Wie stellen Streetfood-Anh\u00e4nger und <a title=\"street food Verkaufswagen\" href=\"https:\/\/www.vsveicolispeciali.com\/de\/verkaufswagen-kaufen\/\" target=\"_blank\" rel=\"noopener\">Verkaufswagen<\/a> Anh\u00e4nger der oberen Preisklasse her, wie den f\u00fcr Tesla entworfenen <a href=\"https:\/\/www.vsveicolispeciali.com\/de\/street-food-truck\/prototyp-imbissanhanger-tesla-promotion-tour\/\" target=\"_blank\" rel=\"noopener\">K\u00fcchenanh\u00e4nger<\/a>, und passen sie an den Geschmack und die Bed\u00fcrfnisse des Kunden an. Die Imbisswagen sind eine weitere interessante Option f\u00fcr alle reisenden Unternehmen und H\u00e4ndler, die nicht an Foodtrucks interessiert sind. Kontaktieren Sie uns jetzt, um einen <strong>Kostenvoranschlag<\/strong> zu erhalten. Sollten Sie noch weitere Fragen zur Ausstattung haben, sind wir gern f\u00fcr Sie da![\/vc_column_text][\/vc_column_inner][\/vc_row_inner][vc_separator type=&#8220;transparent&#8220; thickness=&#8220;90&#8243; up=&#8220;0&#8243; down=&#8220;0&#8243;][\/vc_column][\/vc_row][vc_row css_animation=&#8220;&#8220; row_type=&#8220;row&#8220; use_row_as_full_screen_section=&#8220;no&#8220; type=&#8220;full_width&#8220; angled_section=&#8220;no&#8220; text_align=&#8220;left&#8220; background_image_as_pattern=&#8220;without_pattern&#8220;][vc_column]<div class='projects_holder_outer v5 portfolio_with_space portfolio_with_hover_text'><div class='projects_holder portfolio_main_holder clearfix v5 hover_text portfolio_full_image portfolio_one_by_one'>\n<article class='mix portfolio_category_58 portfolio_category_59 portfolio_category_131 portfolio_category_408 ' style=''><div class='image_holder'><a itemprop='url' class='portfolio_link_for_touch' href='https:\/\/www.vsveicolispeciali.com\/de\/street-food-truck\/foodtruck-anhaenger-klein-hibou\/' target='_self'><span class='image'><img loading=\"lazy\" decoding=\"async\" width=\"1000\" height=\"800\" src=\"https:\/\/www.vsveicolispeciali.com\/wp-content\/uploads\/2024\/02\/Rimorchio-Street-Food-HIBOU-1.jpg\" class=\"attachment-full size-full wp-post-image\" alt=\"Foodtruck Anh\u00e4nger HIBOU\" srcset=\"https:\/\/www.vsveicolispeciali.com\/wp-content\/uploads\/2024\/02\/Rimorchio-Street-Food-HIBOU-1.jpg 1000w, https:\/\/www.vsveicolispeciali.com\/wp-content\/uploads\/2024\/02\/Rimorchio-Street-Food-HIBOU-1-300x240.jpg 300w, https:\/\/www.vsveicolispeciali.com\/wp-content\/uploads\/2024\/02\/Rimorchio-Street-Food-HIBOU-1-768x614.jpg 768w, https:\/\/www.vsveicolispeciali.com\/wp-content\/uploads\/2024\/02\/Rimorchio-Street-Food-HIBOU-1-700x560.jpg 700w\" sizes=\"(max-width: 1000px) 100vw, 1000px\" \/><\/span><\/a><span class='text_holder'><span class='text_outer'><span class='text_inner'><div class=\"hover_feature_holder_title\"><div class=\"hover_feature_holder_title_inner\"><h5 itemprop=\"name\" class=\"portfolio_title entry_title\"><a itemprop=\"url\" href=\"https:\/\/www.vsveicolispeciali.com\/de\/street-food-truck\/foodtruck-anhaenger-klein-hibou\/\"  target=\"_self\">Foodtruck Anh\u00e4nger HIBOU<\/a><\/h5><div  class=\"portfolio_separator separator  small center\"><\/div><span class=\"project_category\" >Anh\u00e4nger, Elektrofahrzeuge, Street Food, Sandwich<\/span><\/div><\/div><span class='feature_holder'><span class=\"feature_holder_icons\"><a itemprop='url' class='preview qbutton small white' href='https:\/\/www.vsveicolispeciali.com\/de\/street-food-truck\/foodtruck-anhaenger-klein-hibou\/' target='_self'>view<\/a><span class='portfolio_like qbutton small white'><a  href=\"#\" class=\"qode-like\" id=\"qode-like-25170\" title=\"Like this\">13<span>  Likes<\/span><\/a><\/span><\/span><\/span><\/span><\/span><\/span><\/div><\/article>\n<article class='mix portfolio_category_57 portfolio_category_58 ' style=''><div class='image_holder'><a itemprop='url' class='portfolio_link_for_touch' href='https:\/\/www.vsveicolispeciali.com\/de\/street-food-truck\/verkaufsanhaenger-kleidung-robe-di-kappa\/' target='_self'><span class='image'><img loading=\"lazy\" decoding=\"async\" width=\"1000\" height=\"800\" src=\"https:\/\/www.vsveicolispeciali.com\/wp-content\/uploads\/2023\/07\/rimorchio-autonegozio-abbigliamento-robe-di-kappa.jpg\" class=\"attachment-full size-full wp-post-image\" alt=\"Verkaufsanh\u00e4nger Bekleidung Robe di Kappa\" srcset=\"https:\/\/www.vsveicolispeciali.com\/wp-content\/uploads\/2023\/07\/rimorchio-autonegozio-abbigliamento-robe-di-kappa.jpg 1000w, https:\/\/www.vsveicolispeciali.com\/wp-content\/uploads\/2023\/07\/rimorchio-autonegozio-abbigliamento-robe-di-kappa-300x240.jpg 300w, https:\/\/www.vsveicolispeciali.com\/wp-content\/uploads\/2023\/07\/rimorchio-autonegozio-abbigliamento-robe-di-kappa-768x614.jpg 768w, https:\/\/www.vsveicolispeciali.com\/wp-content\/uploads\/2023\/07\/rimorchio-autonegozio-abbigliamento-robe-di-kappa-700x560.jpg 700w\" sizes=\"(max-width: 1000px) 100vw, 1000px\" \/><\/span><\/a><span class='text_holder'><span class='text_outer'><span class='text_inner'><div class=\"hover_feature_holder_title\"><div class=\"hover_feature_holder_title_inner\"><h5 itemprop=\"name\" class=\"portfolio_title entry_title\"><a itemprop=\"url\" href=\"https:\/\/www.vsveicolispeciali.com\/de\/street-food-truck\/verkaufsanhaenger-kleidung-robe-di-kappa\/\"  target=\"_self\">Verkaufsanh\u00e4nger Bekleidung Robe di Kappa<\/a><\/h5><div  class=\"portfolio_separator separator  small center\"><\/div><span class=\"project_category\" >Promotruck, Anh\u00e4nger<\/span><\/div><\/div><span class='feature_holder'><span class=\"feature_holder_icons\"><a itemprop='url' class='preview qbutton small white' href='https:\/\/www.vsveicolispeciali.com\/de\/street-food-truck\/verkaufsanhaenger-kleidung-robe-di-kappa\/' target='_self'>view<\/a><span class='portfolio_like qbutton small white'><a  href=\"#\" class=\"qode-like\" id=\"qode-like-23723\" title=\"Like this\">8<span>  Likes<\/span><\/a><\/span><\/span><\/span><\/span><\/span><\/span><\/div><\/article>\n<article class='mix portfolio_category_58 ' style=''><div class='image_holder'><a itemprop='url' class='portfolio_link_for_touch' href='https:\/\/www.vsveicolispeciali.com\/de\/street-food-truck\/imbiss-anhaenger-delikatessen-rapelli\/' target='_self'><span class='image'><img loading=\"lazy\" decoding=\"async\" width=\"1200\" height=\"800\" src=\"https:\/\/www.vsveicolispeciali.com\/wp-content\/uploads\/2022\/03\/rimorchio-food-truck-rapelli.jpg\" class=\"attachment-full size-full wp-post-image\" alt=\"Gek\u00fchlter Imbiss Anh\u00e4nger Delikatessen Rapelli\" srcset=\"https:\/\/www.vsveicolispeciali.com\/wp-content\/uploads\/2022\/03\/rimorchio-food-truck-rapelli.jpg 1200w, https:\/\/www.vsveicolispeciali.com\/wp-content\/uploads\/2022\/03\/rimorchio-food-truck-rapelli-300x200.jpg 300w, https:\/\/www.vsveicolispeciali.com\/wp-content\/uploads\/2022\/03\/rimorchio-food-truck-rapelli-1024x683.jpg 1024w, https:\/\/www.vsveicolispeciali.com\/wp-content\/uploads\/2022\/03\/rimorchio-food-truck-rapelli-768x512.jpg 768w, https:\/\/www.vsveicolispeciali.com\/wp-content\/uploads\/2022\/03\/rimorchio-food-truck-rapelli-700x467.jpg 700w\" sizes=\"(max-width: 1200px) 100vw, 1200px\" \/><\/span><\/a><span class='text_holder'><span class='text_outer'><span class='text_inner'><div class=\"hover_feature_holder_title\"><div class=\"hover_feature_holder_title_inner\"><h5 itemprop=\"name\" class=\"portfolio_title entry_title\"><a itemprop=\"url\" href=\"https:\/\/www.vsveicolispeciali.com\/de\/street-food-truck\/imbiss-anhaenger-delikatessen-rapelli\/\"  target=\"_self\">Imbiss Anh\u00e4nger Delikatessen Rapelli<\/a><\/h5><div  class=\"portfolio_separator separator  small center\"><\/div><span class=\"project_category\" >Anh\u00e4nger<\/span><\/div><\/div><span class='feature_holder'><span class=\"feature_holder_icons\"><a itemprop='url' class='preview qbutton small white' href='https:\/\/www.vsveicolispeciali.com\/de\/street-food-truck\/imbiss-anhaenger-delikatessen-rapelli\/' target='_self'>view<\/a><span class='portfolio_like qbutton small white'><a  href=\"#\" class=\"qode-like\" id=\"qode-like-15925\" title=\"Like this\">10<span>  Likes<\/span><\/a><\/span><\/span><\/span><\/span><\/span><\/span><\/div><\/article>\n<article class='mix portfolio_category_58 portfolio_category_131 portfolio_category_132 portfolio_category_133 ' style=''><div class='image_holder'><a itemprop='url' class='portfolio_link_for_touch' href='https:\/\/www.vsveicolispeciali.com\/de\/street-food-truck\/bieranhaenger-lowengrube\/' target='_self'><span class='image'><img loading=\"lazy\" decoding=\"async\" width=\"1000\" height=\"800\" src=\"https:\/\/www.vsveicolispeciali.com\/wp-content\/uploads\/2021\/07\/rimorchio-birreria-mobile-lowengrube.jpg\" class=\"attachment-full size-full wp-post-image\" alt=\"Bieranh\u00e4nger Bierbrauerei Lowengrube\" srcset=\"https:\/\/www.vsveicolispeciali.com\/wp-content\/uploads\/2021\/07\/rimorchio-birreria-mobile-lowengrube.jpg 1000w, https:\/\/www.vsveicolispeciali.com\/wp-content\/uploads\/2021\/07\/rimorchio-birreria-mobile-lowengrube-300x240.jpg 300w, https:\/\/www.vsveicolispeciali.com\/wp-content\/uploads\/2021\/07\/rimorchio-birreria-mobile-lowengrube-768x614.jpg 768w, https:\/\/www.vsveicolispeciali.com\/wp-content\/uploads\/2021\/07\/rimorchio-birreria-mobile-lowengrube-700x560.jpg 700w\" sizes=\"(max-width: 1000px) 100vw, 1000px\" \/><\/span><\/a><span class='text_holder'><span class='text_outer'><span class='text_inner'><div class=\"hover_feature_holder_title\"><div class=\"hover_feature_holder_title_inner\"><h5 itemprop=\"name\" class=\"portfolio_title entry_title\"><a itemprop=\"url\" href=\"https:\/\/www.vsveicolispeciali.com\/de\/street-food-truck\/bieranhaenger-lowengrube\/\"  target=\"_self\">Bieranh\u00e4nger L\u00f6wengrube<\/a><\/h5><div  class=\"portfolio_separator separator  small center\"><\/div><span class=\"project_category\" >Anh\u00e4nger, Street Food, BBQ \/ GRILL, Bier<\/span><\/div><\/div><span class='feature_holder'><span class=\"feature_holder_icons\"><a itemprop='url' class='preview qbutton small white' href='https:\/\/www.vsveicolispeciali.com\/de\/street-food-truck\/bieranhaenger-lowengrube\/' target='_self'>view<\/a><span class='portfolio_like qbutton small white'><a  href=\"#\" class=\"qode-like\" id=\"qode-like-14855\" title=\"Like this\">15<span>  Likes<\/span><\/a><\/span><\/span><\/span><\/span><\/span><\/span><\/div><\/article>\n<article class='mix portfolio_category_58 portfolio_category_131 ' style=''><div class='image_holder'><a itemprop='url' class='portfolio_link_for_touch' href='https:\/\/www.vsveicolispeciali.com\/de\/street-food-truck\/imbissanhaenger-mit-friteuse-godfish\/' target='_self'><span class='image'><img loading=\"lazy\" decoding=\"async\" width=\"1000\" height=\"800\" src=\"https:\/\/www.vsveicolispeciali.com\/wp-content\/uploads\/2018\/10\/godfish-carrello-street-food.jpg\" class=\"attachment-full size-full wp-post-image\" alt=\"Imbissanh\u00e4nger f\u00fcr den fahrenden Handel - Godfish\" srcset=\"https:\/\/www.vsveicolispeciali.com\/wp-content\/uploads\/2018\/10\/godfish-carrello-street-food.jpg 1000w, https:\/\/www.vsveicolispeciali.com\/wp-content\/uploads\/2018\/10\/godfish-carrello-street-food-300x240.jpg 300w, https:\/\/www.vsveicolispeciali.com\/wp-content\/uploads\/2018\/10\/godfish-carrello-street-food-768x614.jpg 768w, https:\/\/www.vsveicolispeciali.com\/wp-content\/uploads\/2018\/10\/godfish-carrello-street-food-700x560.jpg 700w\" sizes=\"(max-width: 1000px) 100vw, 1000px\" \/><\/span><\/a><span class='text_holder'><span class='text_outer'><span class='text_inner'><div class=\"hover_feature_holder_title\"><div class=\"hover_feature_holder_title_inner\"><h5 itemprop=\"name\" class=\"portfolio_title entry_title\"><a itemprop=\"url\" href=\"https:\/\/www.vsveicolispeciali.com\/de\/street-food-truck\/imbissanhaenger-mit-friteuse-godfish\/\"  target=\"_self\">Grill Anh\u00e4nger GODFISH<\/a><\/h5><div  class=\"portfolio_separator separator  small center\"><\/div><span class=\"project_category\" >Anh\u00e4nger, Street Food<\/span><\/div><\/div><span class='feature_holder'><span class=\"feature_holder_icons\"><a itemprop='url' class='preview qbutton small white' href='https:\/\/www.vsveicolispeciali.com\/de\/street-food-truck\/imbissanhaenger-mit-friteuse-godfish\/' target='_self'>view<\/a><span class='portfolio_like qbutton small white'><a  href=\"#\" class=\"qode-like\" id=\"qode-like-12343\" title=\"Like this\">81<span>  Likes<\/span><\/a><\/span><\/span><\/span><\/span><\/span><\/span><\/div><\/article>\n<article class='mix portfolio_category_58 portfolio_category_134 ' style=''><div class='image_holder'><a itemprop='url' class='portfolio_link_for_touch' href='https:\/\/www.vsveicolispeciali.com\/de\/street-food-truck\/kaffee-anhaenger-airstream-lavazza\/' target='_self'><span class='image'><img loading=\"lazy\" decoding=\"async\" width=\"1000\" height=\"800\" src=\"https:\/\/www.vsveicolispeciali.com\/wp-content\/uploads\/2018\/09\/carrello-rimorchio-food-airstream-lavazza.jpg\" class=\"attachment-full size-full wp-post-image\" alt=\"Kaffee Anh\u00e4nger Umbau - Airstream Lavazza\" srcset=\"https:\/\/www.vsveicolispeciali.com\/wp-content\/uploads\/2018\/09\/carrello-rimorchio-food-airstream-lavazza.jpg 1000w, https:\/\/www.vsveicolispeciali.com\/wp-content\/uploads\/2018\/09\/carrello-rimorchio-food-airstream-lavazza-300x240.jpg 300w, https:\/\/www.vsveicolispeciali.com\/wp-content\/uploads\/2018\/09\/carrello-rimorchio-food-airstream-lavazza-768x614.jpg 768w, https:\/\/www.vsveicolispeciali.com\/wp-content\/uploads\/2018\/09\/carrello-rimorchio-food-airstream-lavazza-700x560.jpg 700w\" sizes=\"(max-width: 1000px) 100vw, 1000px\" \/><\/span><\/a><span class='text_holder'><span class='text_outer'><span class='text_inner'><div class=\"hover_feature_holder_title\"><div class=\"hover_feature_holder_title_inner\"><h5 itemprop=\"name\" class=\"portfolio_title entry_title\"><a itemprop=\"url\" href=\"https:\/\/www.vsveicolispeciali.com\/de\/street-food-truck\/kaffee-anhaenger-airstream-lavazza\/\"  target=\"_self\">Kaffee Anh\u00e4nger Airstream LAVAZZA<\/a><\/h5><div  class=\"portfolio_separator separator  small center\"><\/div><span class=\"project_category\" >Anh\u00e4nger, Kaffee<\/span><\/div><\/div><span class='feature_holder'><span class=\"feature_holder_icons\"><a itemprop='url' class='preview qbutton small white' href='https:\/\/www.vsveicolispeciali.com\/de\/street-food-truck\/kaffee-anhaenger-airstream-lavazza\/' target='_self'>view<\/a><span class='portfolio_like qbutton small white'><a  href=\"#\" class=\"qode-like\" id=\"qode-like-12339\" title=\"Like this\">103<span>  Likes<\/span><\/a><\/span><\/span><\/span><\/span><\/span><\/span><\/div><\/article>\n<article class='mix portfolio_category_58 portfolio_category_131 ' style=''><div class='image_holder'><a itemprop='url' class='portfolio_link_for_touch' href='https:\/\/www.vsveicolispeciali.com\/de\/street-food-truck\/prototyp-imbissanhanger-tesla-promotion-tour\/' target='_self'><span class='image'><img loading=\"lazy\" decoding=\"async\" width=\"1000\" height=\"800\" src=\"https:\/\/www.vsveicolispeciali.com\/wp-content\/uploads\/2018\/04\/carrello-street-food-f-trailer.jpg\" class=\"attachment-full size-full wp-post-image\" alt=\"\" srcset=\"https:\/\/www.vsveicolispeciali.com\/wp-content\/uploads\/2018\/04\/carrello-street-food-f-trailer.jpg 1000w, https:\/\/www.vsveicolispeciali.com\/wp-content\/uploads\/2018\/04\/carrello-street-food-f-trailer-300x240.jpg 300w, https:\/\/www.vsveicolispeciali.com\/wp-content\/uploads\/2018\/04\/carrello-street-food-f-trailer-768x614.jpg 768w, https:\/\/www.vsveicolispeciali.com\/wp-content\/uploads\/2018\/04\/carrello-street-food-f-trailer-700x560.jpg 700w\" sizes=\"(max-width: 1000px) 100vw, 1000px\" \/><\/span><\/a><span class='text_holder'><span class='text_outer'><span class='text_inner'><div class=\"hover_feature_holder_title\"><div class=\"hover_feature_holder_title_inner\"><h5 itemprop=\"name\" class=\"portfolio_title entry_title\"><a itemprop=\"url\" href=\"https:\/\/www.vsveicolispeciali.com\/de\/street-food-truck\/prototyp-imbissanhanger-tesla-promotion-tour\/\"  target=\"_self\">K\u00fcchenanh\u00e4nger TESLA OWNERS (PROTOTYP)<\/a><\/h5><div  class=\"portfolio_separator separator  small center\"><\/div><span class=\"project_category\" >Anh\u00e4nger, Street Food<\/span><\/div><\/div><span class='feature_holder'><span class=\"feature_holder_icons\"><a itemprop='url' class='preview qbutton small white' href='https:\/\/www.vsveicolispeciali.com\/de\/street-food-truck\/prototyp-imbissanhanger-tesla-promotion-tour\/' target='_self'>view<\/a><span class='portfolio_like qbutton small white'><a  href=\"#\" class=\"qode-like\" id=\"qode-like-7563\" title=\"Like this\">21<span>  Likes<\/span><\/a><\/span><\/span><\/span><\/span><\/span><\/span><\/div><\/article>\n<article class='mix portfolio_category_58 portfolio_category_131 ' style=''><div class='image_holder'><a itemprop='url' class='portfolio_link_for_touch' href='https:\/\/www.vsveicolispeciali.com\/de\/street-food-truck\/gastro-anhaenger-mit-professioneller-kueche-icr\/' target='_self'><span class='image'><img loading=\"lazy\" decoding=\"async\" width=\"1000\" height=\"800\" src=\"https:\/\/www.vsveicolispeciali.com\/wp-content\/uploads\/2017\/06\/Rimorchio_Street_Food_ICR_01.jpg\" class=\"attachment-full size-full wp-post-image\" alt=\"\" srcset=\"https:\/\/www.vsveicolispeciali.com\/wp-content\/uploads\/2017\/06\/Rimorchio_Street_Food_ICR_01.jpg 1000w, https:\/\/www.vsveicolispeciali.com\/wp-content\/uploads\/2017\/06\/Rimorchio_Street_Food_ICR_01-300x240.jpg 300w, https:\/\/www.vsveicolispeciali.com\/wp-content\/uploads\/2017\/06\/Rimorchio_Street_Food_ICR_01-768x614.jpg 768w, https:\/\/www.vsveicolispeciali.com\/wp-content\/uploads\/2017\/06\/Rimorchio_Street_Food_ICR_01-700x560.jpg 700w\" sizes=\"(max-width: 1000px) 100vw, 1000px\" \/><\/span><\/a><span class='text_holder'><span class='text_outer'><span class='text_inner'><div class=\"hover_feature_holder_title\"><div class=\"hover_feature_holder_title_inner\"><h5 itemprop=\"name\" class=\"portfolio_title entry_title\"><a itemprop=\"url\" href=\"https:\/\/www.vsveicolispeciali.com\/de\/street-food-truck\/gastro-anhaenger-mit-professioneller-kueche-icr\/\"  target=\"_self\">Gastro Anh\u00e4nger ICR<\/a><\/h5><div  class=\"portfolio_separator separator  small center\"><\/div><span class=\"project_category\" >Anh\u00e4nger, Street Food<\/span><\/div><\/div><span class='feature_holder'><span class=\"feature_holder_icons\"><a itemprop='url' class='preview qbutton small white' href='https:\/\/www.vsveicolispeciali.com\/de\/street-food-truck\/gastro-anhaenger-mit-professioneller-kueche-icr\/' target='_self'>view<\/a><span class='portfolio_like qbutton small white'><a  href=\"#\" class=\"qode-like\" id=\"qode-like-9003\" title=\"Like this\">59<span>  Likes<\/span><\/a><\/span><\/span><\/span><\/span><\/span><\/span><\/div><\/article>\n<article class='mix portfolio_category_58 portfolio_category_131 portfolio_category_135 ' style=''><div class='image_holder'><a itemprop='url' class='portfolio_link_for_touch' href='https:\/\/www.vsveicolispeciali.com\/de\/street-food-truck\/eis-verkaufsanhaenger-neu-softeis-cremeria\/' target='_self'><span class='image'><img loading=\"lazy\" decoding=\"async\" width=\"1000\" height=\"800\" src=\"https:\/\/www.vsveicolispeciali.com\/wp-content\/uploads\/2017\/01\/Rimorchio_LaCremeria_01.jpg\" class=\"attachment-full size-full wp-post-image\" alt=\"\" srcset=\"https:\/\/www.vsveicolispeciali.com\/wp-content\/uploads\/2017\/01\/Rimorchio_LaCremeria_01.jpg 1000w, https:\/\/www.vsveicolispeciali.com\/wp-content\/uploads\/2017\/01\/Rimorchio_LaCremeria_01-300x240.jpg 300w, https:\/\/www.vsveicolispeciali.com\/wp-content\/uploads\/2017\/01\/Rimorchio_LaCremeria_01-768x614.jpg 768w, https:\/\/www.vsveicolispeciali.com\/wp-content\/uploads\/2017\/01\/Rimorchio_LaCremeria_01-700x560.jpg 700w\" sizes=\"(max-width: 1000px) 100vw, 1000px\" \/><\/span><\/a><span class='text_holder'><span class='text_outer'><span class='text_inner'><div class=\"hover_feature_holder_title\"><div class=\"hover_feature_holder_title_inner\"><h5 itemprop=\"name\" class=\"portfolio_title entry_title\"><a itemprop=\"url\" href=\"https:\/\/www.vsveicolispeciali.com\/de\/street-food-truck\/eis-verkaufsanhaenger-neu-softeis-cremeria\/\"  target=\"_self\">Eisanh\u00e4nger La Cremeria<\/a><\/h5><div  class=\"portfolio_separator separator  small center\"><\/div><span class=\"project_category\" >Anh\u00e4nger, Street Food, Eis<\/span><\/div><\/div><span class='feature_holder'><span class=\"feature_holder_icons\"><a itemprop='url' class='preview qbutton small white' href='https:\/\/www.vsveicolispeciali.com\/de\/street-food-truck\/eis-verkaufsanhaenger-neu-softeis-cremeria\/' target='_self'>view<\/a><span class='portfolio_like qbutton small white'><a  href=\"#\" class=\"qode-like\" id=\"qode-like-9008\" title=\"Like this\">62<span>  Likes<\/span><\/a><\/span><\/span><\/span><\/span><\/span><\/span><\/div><\/article>\n<article class='mix portfolio_category_58 portfolio_category_131 ' style=''><div class='image_holder'><a itemprop='url' class='portfolio_link_for_touch' href='https:\/\/www.vsveicolispeciali.com\/de\/street-food-truck\/wohnwagen-food-truck-mobile-restaurant-zoe\/' target='_self'><span class='image'><img loading=\"lazy\" decoding=\"async\" width=\"1000\" height=\"800\" src=\"https:\/\/www.vsveicolispeciali.com\/wp-content\/uploads\/2016\/09\/Trailer_StreetFood_Lander_ZOE_03-1.jpg\" class=\"attachment-full size-full wp-post-image\" alt=\"\" srcset=\"https:\/\/www.vsveicolispeciali.com\/wp-content\/uploads\/2016\/09\/Trailer_StreetFood_Lander_ZOE_03-1.jpg 1000w, https:\/\/www.vsveicolispeciali.com\/wp-content\/uploads\/2016\/09\/Trailer_StreetFood_Lander_ZOE_03-1-300x240.jpg 300w, https:\/\/www.vsveicolispeciali.com\/wp-content\/uploads\/2016\/09\/Trailer_StreetFood_Lander_ZOE_03-1-768x614.jpg 768w, https:\/\/www.vsveicolispeciali.com\/wp-content\/uploads\/2016\/09\/Trailer_StreetFood_Lander_ZOE_03-1-700x560.jpg 700w\" sizes=\"(max-width: 1000px) 100vw, 1000px\" \/><\/span><\/a><span class='text_holder'><span class='text_outer'><span class='text_inner'><div class=\"hover_feature_holder_title\"><div class=\"hover_feature_holder_title_inner\"><h5 itemprop=\"name\" class=\"portfolio_title entry_title\"><a itemprop=\"url\" href=\"https:\/\/www.vsveicolispeciali.com\/de\/street-food-truck\/wohnwagen-food-truck-mobile-restaurant-zoe\/\"  target=\"_self\">Imbiss Wohnwagen ZOE<\/a><\/h5><div  class=\"portfolio_separator separator  small center\"><\/div><span class=\"project_category\" >Anh\u00e4nger, Street Food<\/span><\/div><\/div><span class='feature_holder'><span class=\"feature_holder_icons\"><a itemprop='url' class='preview qbutton small white' href='https:\/\/www.vsveicolispeciali.com\/de\/street-food-truck\/wohnwagen-food-truck-mobile-restaurant-zoe\/' target='_self'>view<\/a><span class='portfolio_like qbutton small white'><a  href=\"#\" class=\"qode-like\" id=\"qode-like-9014\" title=\"Like this\">32<span>  Likes<\/span><\/a><\/span><\/span><\/span><\/span><\/span><\/span><\/div><\/article>\n<article class='mix portfolio_category_58 portfolio_category_136 ' style=''><div class='image_holder'><a itemprop='url' class='portfolio_link_for_touch' href='https:\/\/www.vsveicolispeciali.com\/de\/street-food-truck\/verkaufsfahrzeug-anhaenger-the-hamburger-foundation\/' target='_self'><span class='image'><img loading=\"lazy\" decoding=\"async\" width=\"1000\" height=\"800\" src=\"https:\/\/www.vsveicolispeciali.com\/wp-content\/uploads\/2015\/11\/allestimento-autonegozio-rimorchio-thf.jpg\" class=\"attachment-full size-full wp-post-image\" alt=\"\" srcset=\"https:\/\/www.vsveicolispeciali.com\/wp-content\/uploads\/2015\/11\/allestimento-autonegozio-rimorchio-thf.jpg 1000w, https:\/\/www.vsveicolispeciali.com\/wp-content\/uploads\/2015\/11\/allestimento-autonegozio-rimorchio-thf-300x240.jpg 300w, https:\/\/www.vsveicolispeciali.com\/wp-content\/uploads\/2015\/11\/allestimento-autonegozio-rimorchio-thf-768x614.jpg 768w, https:\/\/www.vsveicolispeciali.com\/wp-content\/uploads\/2015\/11\/allestimento-autonegozio-rimorchio-thf-700x560.jpg 700w\" sizes=\"(max-width: 1000px) 100vw, 1000px\" \/><\/span><\/a><span class='text_holder'><span class='text_outer'><span class='text_inner'><div class=\"hover_feature_holder_title\"><div class=\"hover_feature_holder_title_inner\"><h5 itemprop=\"name\" class=\"portfolio_title entry_title\"><a itemprop=\"url\" href=\"https:\/\/www.vsveicolispeciali.com\/de\/street-food-truck\/verkaufsfahrzeug-anhaenger-the-hamburger-foundation\/\"  target=\"_self\">Hamburger Anh\u00e4nger THF<\/a><\/h5><div  class=\"portfolio_separator separator  small center\"><\/div><span class=\"project_category\" >Anh\u00e4nger, Burger<\/span><\/div><\/div><span class='feature_holder'><span class=\"feature_holder_icons\"><a itemprop='url' class='preview qbutton small white' href='https:\/\/www.vsveicolispeciali.com\/de\/street-food-truck\/verkaufsfahrzeug-anhaenger-the-hamburger-foundation\/' target='_self'>view<\/a><span class='portfolio_like qbutton small white'><a  href=\"#\" class=\"qode-like\" id=\"qode-like-9027\" title=\"Like this\">143<span>  Likes<\/span><\/a><\/span><\/span><\/span><\/span><\/span><\/span><\/div><\/article>\n<article class='mix portfolio_category_58 portfolio_category_618 ' style=''><div class='image_holder'><a itemprop='url' class='portfolio_link_for_touch' href='https:\/\/www.vsveicolispeciali.com\/de\/street-food-truck\/imbiss-catering-anhaenger-mobile-restaurant-lucitta\/' target='_self'><span class='image'><img loading=\"lazy\" decoding=\"async\" width=\"1000\" height=\"800\" src=\"https:\/\/www.vsveicolispeciali.com\/wp-content\/uploads\/2015\/11\/autonegozio-rimorchio-lucitta.jpg\" class=\"attachment-full size-full wp-post-image\" alt=\"\" srcset=\"https:\/\/www.vsveicolispeciali.com\/wp-content\/uploads\/2015\/11\/autonegozio-rimorchio-lucitta.jpg 1000w, https:\/\/www.vsveicolispeciali.com\/wp-content\/uploads\/2015\/11\/autonegozio-rimorchio-lucitta-300x240.jpg 300w, https:\/\/www.vsveicolispeciali.com\/wp-content\/uploads\/2015\/11\/autonegozio-rimorchio-lucitta-768x614.jpg 768w, https:\/\/www.vsveicolispeciali.com\/wp-content\/uploads\/2015\/11\/autonegozio-rimorchio-lucitta-700x560.jpg 700w\" sizes=\"(max-width: 1000px) 100vw, 1000px\" \/><\/span><\/a><span class='text_holder'><span class='text_outer'><span class='text_inner'><div class=\"hover_feature_holder_title\"><div class=\"hover_feature_holder_title_inner\"><h5 itemprop=\"name\" class=\"portfolio_title entry_title\"><a itemprop=\"url\" href=\"https:\/\/www.vsveicolispeciali.com\/de\/street-food-truck\/imbiss-catering-anhaenger-mobile-restaurant-lucitta\/\"  target=\"_self\">Catering Anh\u00e4nger Lucitta<\/a><\/h5><div  class=\"portfolio_separator separator  small center\"><\/div><span class=\"project_category\" >Anh\u00e4nger, Chef<\/span><\/div><\/div><span class='feature_holder'><span class=\"feature_holder_icons\"><a itemprop='url' class='preview qbutton small white' href='https:\/\/www.vsveicolispeciali.com\/de\/street-food-truck\/imbiss-catering-anhaenger-mobile-restaurant-lucitta\/' target='_self'>view<\/a><span class='portfolio_like qbutton small white'><a  href=\"#\" class=\"qode-like\" id=\"qode-like-9033\" title=\"Like this\">198<span>  Likes<\/span><\/a><\/span><\/span><\/span><\/span><\/span><\/span><\/div><\/article>\n<article class='mix portfolio_category_58 ' style=''><div class='image_holder'><a itemprop='url' class='portfolio_link_for_touch' href='https:\/\/www.vsveicolispeciali.com\/de\/street-food-truck\/food-truck-anhaenger-imbiss-be-typical\/' target='_self'><span class='image'><img loading=\"lazy\" decoding=\"async\" width=\"1000\" height=\"800\" src=\"https:\/\/www.vsveicolispeciali.com\/wp-content\/uploads\/2015\/11\/rimorchio-autonegozio-be-typical.jpg\" class=\"attachment-full size-full wp-post-image\" alt=\"\" srcset=\"https:\/\/www.vsveicolispeciali.com\/wp-content\/uploads\/2015\/11\/rimorchio-autonegozio-be-typical.jpg 1000w, https:\/\/www.vsveicolispeciali.com\/wp-content\/uploads\/2015\/11\/rimorchio-autonegozio-be-typical-300x240.jpg 300w, https:\/\/www.vsveicolispeciali.com\/wp-content\/uploads\/2015\/11\/rimorchio-autonegozio-be-typical-768x614.jpg 768w, https:\/\/www.vsveicolispeciali.com\/wp-content\/uploads\/2015\/11\/rimorchio-autonegozio-be-typical-700x560.jpg 700w\" sizes=\"(max-width: 1000px) 100vw, 1000px\" \/><\/span><\/a><span class='text_holder'><span class='text_outer'><span class='text_inner'><div class=\"hover_feature_holder_title\"><div class=\"hover_feature_holder_title_inner\"><h5 itemprop=\"name\" class=\"portfolio_title entry_title\"><a itemprop=\"url\" href=\"https:\/\/www.vsveicolispeciali.com\/de\/street-food-truck\/food-truck-anhaenger-imbiss-be-typical\/\"  target=\"_self\">Imbissanh\u00e4nger Be Typical<\/a><\/h5><div  class=\"portfolio_separator separator  small center\"><\/div><span class=\"project_category\" >Anh\u00e4nger<\/span><\/div><\/div><span class='feature_holder'><span class=\"feature_holder_icons\"><a itemprop='url' class='preview qbutton small white' href='https:\/\/www.vsveicolispeciali.com\/de\/street-food-truck\/food-truck-anhaenger-imbiss-be-typical\/' target='_self'>view<\/a><span class='portfolio_like qbutton small white'><a  href=\"#\" class=\"qode-like\" id=\"qode-like-9039\" title=\"Like this\">90<span>  Likes<\/span><\/a><\/span><\/span><\/span><\/span><\/span><\/span><\/div><\/article>\n<div class='filler'><\/div>\n<div class='filler'><\/div>\n<div class='filler'><\/div>\n<div class='filler'><\/div>\n<div class='filler'><\/div>\n<\/div><\/div>[vc_separator type=&#8220;transparent&#8220; thickness=&#8220;70&#8243;][\/vc_column][\/vc_row][vc_row css_animation=&#8220;&#8220; row_type=&#8220;row&#8220; use_row_as_full_screen_section=&#8220;no&#8220; type=&#8220;full_width&#8220; angled_section=&#8220;no&#8220; text_align=&#8220;left&#8220; background_image_as_pattern=&#8220;without_pattern&#8220; el_id=&#8220;modelli-aircrome&#8220; z_index=&#8220;&#8220;][vc_column][vc_separator type=&#8220;transparent&#8220; thickness=&#8220;70&#8243;][\/vc_column][\/vc_row][vc_row css_animation=&#8220;&#8220; row_type=&#8220;row&#8220; use_row_as_full_screen_section=&#8220;no&#8220; type=&#8220;grid&#8220; angled_section=&#8220;no&#8220; text_align=&#8220;left&#8220; background_image_as_pattern=&#8220;without_pattern&#8220; z_index=&#8220;&#8220;][vc_column][vc_column_text css=&#8220;&#8220;]<\/p>\n<h2 style=\"text-align: center;\">Anh\u00e4nger Aircrome<\/h2>\n<p>[\/vc_column_text][vc_separator type=&#8220;small&#8220; position=&#8220;center&#8220;][vc_row_inner row_type=&#8220;row&#8220; type=&#8220;full_width&#8220; text_align=&#8220;left&#8220; css_animation=&#8220;&#8220;][vc_column_inner][vc_column_text css=&#8220;&#8220;]Er ist vom kultigen <a href=\"https:\/\/www.vsveicolispeciali.com\/de\/street-food-truck\/kaffee-anhaenger-airstream-lavazza\/\" target=\"_blank\" rel=\"noopener\">Airstream<\/a> inspiriert, einem <strong>Anh\u00e4nger<\/strong>, der in den 30er-Jahren in Ohio (USA) entwickelt wurde und sich durch eine gl\u00e4nzende und abgerundete Alu-Karosserie auszeichnet.<\/p>\n<p>Der Aircrome-Anh\u00e4nger verf\u00fcgt \u00fcber eine K\u00fcche, die mit all dem ausgestattet ist, was f\u00fcr einen effizienten <strong>Restaurant- und Barbetrieb<\/strong> ben\u00f6tigt wird. Auf Anfrage kann hierf\u00fcr weiteres Equipment eingebaut werden, das den spezifischen Anforderungen des jeweiligen Unternehmens gerecht wird.[\/vc_column_text][\/vc_column_inner][\/vc_row_inner][vc_separator type=&#8220;transparent&#8220; thickness=&#8220;20&#8243;][vc_separator type=&#8220;small&#8220; position=&#8220;center&#8220;][vc_row_inner row_type=&#8220;row&#8220; type=&#8220;full_width&#8220; text_align=&#8220;left&#8220; css_animation=&#8220;&#8220;][vc_column_inner][vc_column_text css=&#8220;&#8220;]<\/p>\n<p style=\"text-align: center;\">Der Aircrome ist in drei Gr\u00f6\u00dfen erh\u00e4ltlich: 3,5 m, 4 m, 5 m, 6 m, 7 m<\/p>\n<p>[\/vc_column_text][\/vc_column_inner][\/vc_row_inner][vc_row_inner row_type=&#8220;row&#8220; type=&#8220;full_width&#8220; text_align=&#8220;left&#8220; css_animation=&#8220;&#8220;][vc_column_inner width=&#8220;1\/5&#8243;][vc_single_image image=&#8220;26703&#8243; img_size=&#8220;640&#215;480&#8243; css=&#8220;&#8220; qode_css_animation=&#8220;&#8220;][\/vc_column_inner][vc_column_inner width=&#8220;1\/5&#8243;][vc_single_image image=&#8220;26707&#8243; img_size=&#8220;640&#215;480&#8243; css=&#8220;&#8220; qode_css_animation=&#8220;&#8220;][\/vc_column_inner][vc_column_inner width=&#8220;1\/5&#8243;][vc_single_image image=&#8220;26711&#8243; img_size=&#8220;640&#215;480&#8243; css=&#8220;&#8220; qode_css_animation=&#8220;&#8220;][\/vc_column_inner][vc_column_inner width=&#8220;1\/5&#8243;][vc_single_image image=&#8220;26715&#8243; img_size=&#8220;640&#215;480&#8243; css=&#8220;&#8220; qode_css_animation=&#8220;&#8220;][\/vc_column_inner][vc_column_inner width=&#8220;1\/5&#8243;][vc_single_image image=&#8220;26719&#8243; img_size=&#8220;640&#215;480&#8243; css=&#8220;&#8220; qode_css_animation=&#8220;&#8220;][\/vc_column_inner][\/vc_row_inner][vc_row_inner row_type=&#8220;row&#8220; type=&#8220;full_width&#8220; text_align=&#8220;left&#8220; css_animation=&#8220;&#8220;][vc_column_inner][vc_column_text css=&#8220;&#8220;]Die Ausstattung des Aircrome verwandelt einen <strong>Anh\u00e4nger in einen Foodtruck<\/strong>, der einsatzbereit ist, um Speisen und Getr\u00e4nke als Streetfood\/im Wanderhandel anzubieten, z. B. auf der Stra\u00dfe, vor Einkaufszentren, in der N\u00e4he von Parks, bei Messen, Festivals, Veranstaltungen und Kongressen sowie in Innenh\u00f6fen und privaten R\u00e4umlichkeiten.<\/p>\n<p>Der <strong>Aircrome<\/strong> eignet sich perfekt f\u00fcr den Verkauf von <a href=\"https:\/\/www.vsveicolispeciali.com\/de\/street-food\/\" target=\"_blank\" rel=\"noopener\">Streetfood<\/a> im nomadischen, abenteuerlichen und unkonventionellen Stil.[\/vc_column_text][\/vc_column_inner][\/vc_row_inner][vc_separator type=&#8220;transparent&#8220; thickness=&#8220;120&#8243;][\/vc_column][\/vc_row][vc_row css_animation=&#8220;&#8220; row_type=&#8220;row&#8220; use_row_as_full_screen_section=&#8220;no&#8220; type=&#8220;full_width&#8220; angled_section=&#8220;no&#8220; text_align=&#8220;left&#8220; background_image_as_pattern=&#8220;without_pattern&#8220; z_index=&#8220;&#8220;][vc_column]<div class='projects_holder_outer v5 portfolio_with_space portfolio_with_hover_text'><div class='projects_holder portfolio_main_holder clearfix v5 hover_text portfolio_full_image portfolio_one_by_one'>\n<article class='mix portfolio_category_498 ' style=''><div class='image_holder'><a itemprop='url' class='portfolio_link_for_touch' href='https:\/\/www.vsveicolispeciali.com\/de\/street-food-truck\/imbissanhaenger-galbusera\/' target='_self'><span class='image'><img loading=\"lazy\" decoding=\"async\" width=\"800\" height=\"600\" src=\"https:\/\/www.vsveicolispeciali.com\/wp-content\/uploads\/2026\/04\/rimorchio-autonegozio-galbusera.jpg\" class=\"attachment-full size-full wp-post-image\" alt=\"Individuell ausgebauter Imbissanh\u00e4nger f\u00fcr Produktpromotion und mobile Markenpr\u00e4senz - Galbusera\" srcset=\"https:\/\/www.vsveicolispeciali.com\/wp-content\/uploads\/2026\/04\/rimorchio-autonegozio-galbusera.jpg 800w, https:\/\/www.vsveicolispeciali.com\/wp-content\/uploads\/2026\/04\/rimorchio-autonegozio-galbusera-300x225.jpg 300w, https:\/\/www.vsveicolispeciali.com\/wp-content\/uploads\/2026\/04\/rimorchio-autonegozio-galbusera-768x576.jpg 768w, https:\/\/www.vsveicolispeciali.com\/wp-content\/uploads\/2026\/04\/rimorchio-autonegozio-galbusera-700x525.jpg 700w\" sizes=\"(max-width: 800px) 100vw, 800px\" \/><\/span><\/a><span class='text_holder'><span class='text_outer'><span class='text_inner'><div class=\"hover_feature_holder_title\"><div class=\"hover_feature_holder_title_inner\"><h5 itemprop=\"name\" class=\"portfolio_title entry_title\"><a itemprop=\"url\" href=\"https:\/\/www.vsveicolispeciali.com\/de\/street-food-truck\/imbissanhaenger-galbusera\/\"  target=\"_self\">Imbissanh\u00e4nger Galbusera<\/a><\/h5><div  class=\"portfolio_separator separator  small center\"><\/div><span class=\"project_category\" >Aircrome<\/span><\/div><\/div><span class='feature_holder'><span class=\"feature_holder_icons\"><a itemprop='url' class='preview qbutton small white' href='https:\/\/www.vsveicolispeciali.com\/de\/street-food-truck\/imbissanhaenger-galbusera\/' target='_self'>view<\/a><span class='portfolio_like qbutton small white'><a  href=\"#\" class=\"qode-like\" id=\"qode-like-29584\" title=\"Like this\">2<span>  Likes<\/span><\/a><\/span><\/span><\/span><\/span><\/span><\/span><\/div><\/article>\n<article class='mix portfolio_category_397 portfolio_category_498 ' style=''><div class='image_holder'><a itemprop='url' class='portfolio_link_for_touch' href='https:\/\/www.vsveicolispeciali.com\/de\/street-food-truck\/kuechenanhaenger-nomad-ba-bar\/' target='_self'><span class='image'><img loading=\"lazy\" decoding=\"async\" width=\"1000\" height=\"800\" src=\"https:\/\/www.vsveicolispeciali.com\/wp-content\/uploads\/2024\/10\/rimorchio-cucina-nomad-ba-bar.jpg\" class=\"attachment-full size-full wp-post-image\" alt=\"K\u00fcchenanh\u00e4nger Aircrome Nomad-Ba-Bar ist ein ausgestatteter Anh\u00e4nger mit einer sehr effizienten K\u00fcche, die die Zubereitung zahlreicher K\u00f6stlichkeiten w\u00e4hrend Veranstaltungen erm\u00f6glicht\" srcset=\"https:\/\/www.vsveicolispeciali.com\/wp-content\/uploads\/2024\/10\/rimorchio-cucina-nomad-ba-bar.jpg 1000w, https:\/\/www.vsveicolispeciali.com\/wp-content\/uploads\/2024\/10\/rimorchio-cucina-nomad-ba-bar-300x240.jpg 300w, https:\/\/www.vsveicolispeciali.com\/wp-content\/uploads\/2024\/10\/rimorchio-cucina-nomad-ba-bar-768x614.jpg 768w, https:\/\/www.vsveicolispeciali.com\/wp-content\/uploads\/2024\/10\/rimorchio-cucina-nomad-ba-bar-700x560.jpg 700w\" sizes=\"(max-width: 1000px) 100vw, 1000px\" \/><\/span><\/a><span class='text_holder'><span class='text_outer'><span class='text_inner'><div class=\"hover_feature_holder_title\"><div class=\"hover_feature_holder_title_inner\"><h5 itemprop=\"name\" class=\"portfolio_title entry_title\"><a itemprop=\"url\" href=\"https:\/\/www.vsveicolispeciali.com\/de\/street-food-truck\/kuechenanhaenger-nomad-ba-bar\/\"  target=\"_self\">K\u00fcchenanh\u00e4nger Nomad Ba-Bar<\/a><\/h5><div  class=\"portfolio_separator separator  small center\"><\/div><span class=\"project_category\" >Cocktail-Bar, Aircrome<\/span><\/div><\/div><span class='feature_holder'><span class=\"feature_holder_icons\"><a itemprop='url' class='preview qbutton small white' href='https:\/\/www.vsveicolispeciali.com\/de\/street-food-truck\/kuechenanhaenger-nomad-ba-bar\/' target='_self'>view<\/a><span class='portfolio_like qbutton small white'><a  href=\"#\" class=\"qode-like\" id=\"qode-like-26759\" title=\"Like this\">3<span>  Likes<\/span><\/a><\/span><\/span><\/span><\/span><\/span><\/span><\/div><\/article>\n<article class='mix portfolio_category_133 portfolio_category_397 portfolio_category_498 ' style=''><div class='image_holder'><a itemprop='url' class='portfolio_link_for_touch' href='https:\/\/www.vsveicolispeciali.com\/de\/street-food-truck\/anhaenger-bar-bivio\/' target='_self'><span class='image'><img loading=\"lazy\" decoding=\"async\" width=\"1000\" height=\"800\" src=\"https:\/\/www.vsveicolispeciali.com\/wp-content\/uploads\/2024\/10\/rimorchio-bar-bivio-1.jpg\" class=\"attachment-full size-full wp-post-image\" alt=\"Die Hotelanlage Bivio nutzt die Anh\u00e4nger Bar, um ihren G\u00e4sten Getr\u00e4nke und Aperitifs anzubieten. Baraufbau auf Aircrome-Anh\u00e4nger\" srcset=\"https:\/\/www.vsveicolispeciali.com\/wp-content\/uploads\/2024\/10\/rimorchio-bar-bivio-1.jpg 1000w, https:\/\/www.vsveicolispeciali.com\/wp-content\/uploads\/2024\/10\/rimorchio-bar-bivio-1-300x240.jpg 300w, https:\/\/www.vsveicolispeciali.com\/wp-content\/uploads\/2024\/10\/rimorchio-bar-bivio-1-768x614.jpg 768w, https:\/\/www.vsveicolispeciali.com\/wp-content\/uploads\/2024\/10\/rimorchio-bar-bivio-1-700x560.jpg 700w\" sizes=\"(max-width: 1000px) 100vw, 1000px\" \/><\/span><\/a><span class='text_holder'><span class='text_outer'><span class='text_inner'><div class=\"hover_feature_holder_title\"><div class=\"hover_feature_holder_title_inner\"><h5 itemprop=\"name\" class=\"portfolio_title entry_title\"><a itemprop=\"url\" href=\"https:\/\/www.vsveicolispeciali.com\/de\/street-food-truck\/anhaenger-bar-bivio\/\"  target=\"_self\">Anh\u00e4nger Bar Bivio<\/a><\/h5><div  class=\"portfolio_separator separator  small center\"><\/div><span class=\"project_category\" >Bier, Cocktail-Bar, Aircrome<\/span><\/div><\/div><span class='feature_holder'><span class=\"feature_holder_icons\"><a itemprop='url' class='preview qbutton small white' href='https:\/\/www.vsveicolispeciali.com\/de\/street-food-truck\/anhaenger-bar-bivio\/' target='_self'>view<\/a><span class='portfolio_like qbutton small white'><a  href=\"#\" class=\"qode-like\" id=\"qode-like-26757\" title=\"Like this\">3<span>  Likes<\/span><\/a><\/span><\/span><\/span><\/span><\/span><\/span><\/div><\/article>\n<article class='mix portfolio_category_131 portfolio_category_408 portfolio_category_498 ' style=''><div class='image_holder'><a itemprop='url' class='portfolio_link_for_touch' href='https:\/\/www.vsveicolispeciali.com\/de\/street-food-truck\/food-trailer-fancytoast\/' target='_self'><span class='image'><img loading=\"lazy\" decoding=\"async\" width=\"1000\" height=\"800\" src=\"https:\/\/www.vsveicolispeciali.com\/wp-content\/uploads\/2024\/10\/Food-Trailer-FancyToast.jpg\" class=\"attachment-full size-full wp-post-image\" alt=\"Food Trailer FancyToast Kalifornische Toasts f\u00fcr einen Brunch in Mailand\" srcset=\"https:\/\/www.vsveicolispeciali.com\/wp-content\/uploads\/2024\/10\/Food-Trailer-FancyToast.jpg 1000w, https:\/\/www.vsveicolispeciali.com\/wp-content\/uploads\/2024\/10\/Food-Trailer-FancyToast-300x240.jpg 300w, https:\/\/www.vsveicolispeciali.com\/wp-content\/uploads\/2024\/10\/Food-Trailer-FancyToast-768x614.jpg 768w, https:\/\/www.vsveicolispeciali.com\/wp-content\/uploads\/2024\/10\/Food-Trailer-FancyToast-700x560.jpg 700w\" sizes=\"(max-width: 1000px) 100vw, 1000px\" \/><\/span><\/a><span class='text_holder'><span class='text_outer'><span class='text_inner'><div class=\"hover_feature_holder_title\"><div class=\"hover_feature_holder_title_inner\"><h5 itemprop=\"name\" class=\"portfolio_title entry_title\"><a itemprop=\"url\" href=\"https:\/\/www.vsveicolispeciali.com\/de\/street-food-truck\/food-trailer-fancytoast\/\"  target=\"_self\">Food Trailer FancyToast<\/a><\/h5><div  class=\"portfolio_separator separator  small center\"><\/div><span class=\"project_category\" >Street Food, Sandwich, Aircrome<\/span><\/div><\/div><span class='feature_holder'><span class=\"feature_holder_icons\"><a itemprop='url' class='preview qbutton small white' href='https:\/\/www.vsveicolispeciali.com\/de\/street-food-truck\/food-trailer-fancytoast\/' target='_self'>view<\/a><span class='portfolio_like qbutton small white'><a  href=\"#\" class=\"qode-like\" id=\"qode-like-26755\" title=\"Like this\">3<span>  Likes<\/span><\/a><\/span><\/span><\/span><\/span><\/span><\/span><\/div><\/article>\n<article class='mix portfolio_category_131 portfolio_category_498 ' style=''><div class='image_holder'><a itemprop='url' class='portfolio_link_for_touch' href='https:\/\/www.vsveicolispeciali.com\/de\/street-food-truck\/foodtruck-anhaenger-hnh\/' target='_self'><span class='image'><img loading=\"lazy\" decoding=\"async\" width=\"1000\" height=\"800\" src=\"https:\/\/www.vsveicolispeciali.com\/wp-content\/uploads\/2024\/10\/rimorchio-street-food-hotel-hnh.jpg\" class=\"attachment-full size-full wp-post-image\" alt=\"Foodtruck-Anh\u00e4nger HNH Ausstattung zur Zubereitung von Streetfood\" srcset=\"https:\/\/www.vsveicolispeciali.com\/wp-content\/uploads\/2024\/10\/rimorchio-street-food-hotel-hnh.jpg 1000w, https:\/\/www.vsveicolispeciali.com\/wp-content\/uploads\/2024\/10\/rimorchio-street-food-hotel-hnh-300x240.jpg 300w, https:\/\/www.vsveicolispeciali.com\/wp-content\/uploads\/2024\/10\/rimorchio-street-food-hotel-hnh-768x614.jpg 768w, https:\/\/www.vsveicolispeciali.com\/wp-content\/uploads\/2024\/10\/rimorchio-street-food-hotel-hnh-700x560.jpg 700w\" sizes=\"(max-width: 1000px) 100vw, 1000px\" \/><\/span><\/a><span class='text_holder'><span class='text_outer'><span class='text_inner'><div class=\"hover_feature_holder_title\"><div class=\"hover_feature_holder_title_inner\"><h5 itemprop=\"name\" class=\"portfolio_title entry_title\"><a itemprop=\"url\" href=\"https:\/\/www.vsveicolispeciali.com\/de\/street-food-truck\/foodtruck-anhaenger-hnh\/\"  target=\"_self\">Foodtruck-Anh\u00e4nger HNH<\/a><\/h5><div  class=\"portfolio_separator separator  small center\"><\/div><span class=\"project_category\" >Street Food, Aircrome<\/span><\/div><\/div><span class='feature_holder'><span class=\"feature_holder_icons\"><a itemprop='url' class='preview qbutton small white' href='https:\/\/www.vsveicolispeciali.com\/de\/street-food-truck\/foodtruck-anhaenger-hnh\/' target='_self'>view<\/a><span class='portfolio_like qbutton small white'><a  href=\"#\" class=\"qode-like\" id=\"qode-like-26753\" title=\"Like this\">3<span>  Likes<\/span><\/a><\/span><\/span><\/span><\/span><\/span><\/span><\/div><\/article>\n<article class='mix portfolio_category_131 portfolio_category_397 portfolio_category_498 ' style=''><div class='image_holder'><a itemprop='url' class='portfolio_link_for_touch' href='https:\/\/www.vsveicolispeciali.com\/de\/street-food-truck\/airstream-bar-martini\/' target='_self'><span class='image'><img loading=\"lazy\" decoding=\"async\" width=\"1000\" height=\"800\" src=\"https:\/\/www.vsveicolispeciali.com\/wp-content\/uploads\/2023\/07\/airstream-cocktail-bar-martini.jpg\" class=\"attachment-full size-full wp-post-image\" alt=\"Airstream Bar MARTINI mit 2 Cocktailstationen f\u00fcr 2 Bartender\" srcset=\"https:\/\/www.vsveicolispeciali.com\/wp-content\/uploads\/2023\/07\/airstream-cocktail-bar-martini.jpg 1000w, https:\/\/www.vsveicolispeciali.com\/wp-content\/uploads\/2023\/07\/airstream-cocktail-bar-martini-300x240.jpg 300w, https:\/\/www.vsveicolispeciali.com\/wp-content\/uploads\/2023\/07\/airstream-cocktail-bar-martini-768x614.jpg 768w, https:\/\/www.vsveicolispeciali.com\/wp-content\/uploads\/2023\/07\/airstream-cocktail-bar-martini-700x560.jpg 700w\" sizes=\"(max-width: 1000px) 100vw, 1000px\" \/><\/span><\/a><span class='text_holder'><span class='text_outer'><span class='text_inner'><div class=\"hover_feature_holder_title\"><div class=\"hover_feature_holder_title_inner\"><h5 itemprop=\"name\" class=\"portfolio_title entry_title\"><a itemprop=\"url\" href=\"https:\/\/www.vsveicolispeciali.com\/de\/street-food-truck\/airstream-bar-martini\/\"  target=\"_self\">Cocktail Bar Anh\u00e4nger MARTINI<\/a><\/h5><div  class=\"portfolio_separator separator  small center\"><\/div><span class=\"project_category\" >Street Food, Cocktail-Bar, Aircrome<\/span><\/div><\/div><span class='feature_holder'><span class=\"feature_holder_icons\"><a itemprop='url' class='preview qbutton small white' href='https:\/\/www.vsveicolispeciali.com\/de\/street-food-truck\/airstream-bar-martini\/' target='_self'>view<\/a><span class='portfolio_like qbutton small white'><a  href=\"#\" class=\"qode-like\" id=\"qode-like-23937\" title=\"Like this\">11<span>  Likes<\/span><\/a><\/span><\/span><\/span><\/span><\/span><\/span><\/div><\/article>\n<div class='filler'><\/div>\n<div class='filler'><\/div>\n<div class='filler'><\/div>\n<div class='filler'><\/div>\n<div class='filler'><\/div>\n<\/div><\/div>[vc_separator type=&#8220;transparent&#8220; thickness=&#8220;120&#8243;][\/vc_column][\/vc_row][vc_row css_animation=&#8220;&#8220; row_type=&#8220;row&#8220; use_row_as_full_screen_section=&#8220;no&#8220; type=&#8220;full_width&#8220; angled_section=&#8220;no&#8220; text_align=&#8220;left&#8220; background_image_as_pattern=&#8220;without_pattern&#8220; z_index=&#8220;&#8220;][vc_column][vc_single_image image=&#8220;17062&#8243; img_size=&#8220;full&#8220; alignment=&#8220;center&#8220; qode_css_animation=&#8220;&#8220;][\/vc_column][\/vc_row]<\/p>\n<\/div>","protected":false},"excerpt":{"rendered":"<p>[vc_row css_animation=&#8220;&#8220; row_type=&#8220;row&#8220; use_row_as_full_screen_section=&#8220;no&#8220; type=&#8220;grid&#8220; angled_section=&#8220;no&#8220; text_align=&#8220;left&#8220; background_image_as_pattern=&#8220;without_pattern&#8220;][vc_column][vc_separator type=&#8220;transparent&#8220; thickness=&#8220;90&#8243; up=&#8220;0&#8243; down=&#8220;0&#8243;][vc_column_text css=&#8220;&#8220;] Food Truck-Anh\u00e4nger kaufen [\/vc_column_text][vc_separator type=&#8220;small&#8220; position=&#8220;center&#8220;][vc_row_inner row_type=&#8220;row&#8220; type=&#8220;full_width&#8220; text_align=&#8220;left&#8220; css_animation=&#8220;&#8220;][vc_column_inner width=&#8220;1\/2&#8243;][vc_column_text css=&#8220;&#8220;]Der klassische Marktanh\u00e4nger oder Verkaufsanh\u00e4nger hat eine lange und ruhmreiche Geschichte, die Stra\u00dfenh\u00e4ndler seit Generationen weiterf\u00fchren. Der Einsatz eines Imbissanh\u00e4ngers ist&#8230;<\/p>\n","protected":false},"author":1001012,"featured_media":0,"parent":7552,"menu_order":3,"comment_status":"closed","ping_status":"closed","template":"full_width.php","meta":{"footnotes":""},"class_list":["post-7689","page","type-page","status-publish","hentry"],"yoast_head":"<!-- This site is optimized with the Yoast SEO plugin v25.4 - https:\/\/yoast.com\/wordpress\/plugins\/seo\/ -->\n<title>Imbiss- und Verkaufsanh\u00e4ngers kaufen<\/title>\n<meta name=\"description\" content=\"Wie stellen Food Truck-Anh\u00e4nger und Verkaufsanh\u00e4nger der oberen Preisklasse her und passen sie an die Bed\u00fcrfnisse des Kunden an &gt;\" \/>\n<meta name=\"robots\" content=\"index, follow, max-snippet:-1, max-image-preview:large, max-video-preview:-1\" \/>\n<link rel=\"canonical\" href=\"https:\/\/www.vsveicolispeciali.com\/de\/verkaufswagen-kaufen\/imbiss-verkaufsanhanger\/\" \/>\n<meta property=\"og:locale\" content=\"de_DE\" \/>\n<meta property=\"og:type\" content=\"article\" \/>\n<meta property=\"og:title\" content=\"Imbiss- und Verkaufsanh\u00e4ngers kaufen\" \/>\n<meta property=\"og:description\" content=\"Wie stellen Food Truck-Anh\u00e4nger und Verkaufsanh\u00e4nger der oberen Preisklasse her und passen sie an die Bed\u00fcrfnisse des Kunden an &gt;\" \/>\n<meta property=\"og:url\" content=\"https:\/\/www.vsveicolispeciali.com\/de\/verkaufswagen-kaufen\/imbiss-verkaufsanhanger\/\" \/>\n<meta property=\"og:site_name\" content=\"VS Veicoli Speciali\" \/>\n<meta property=\"article:publisher\" content=\"https:\/\/www.facebook.com\/VSVeicoliSpeciali.Food.Trucks\/\" \/>\n<meta property=\"article:modified_time\" content=\"2025-01-15T10:05:15+00:00\" \/>\n<meta name=\"twitter:card\" content=\"summary_large_image\" \/>\n<meta name=\"twitter:site\" content=\"@veicolispeciali\" \/>\n<meta name=\"twitter:label1\" content=\"Gesch\u00e4tzte Lesezeit\" \/>\n\t<meta name=\"twitter:data1\" content=\"3\u00a0Minuten\" \/>\n<script type=\"application\/ld+json\" class=\"yoast-schema-graph\">{\"@context\":\"https:\/\/schema.org\",\"@graph\":[{\"@type\":\"WebPage\",\"@id\":\"https:\/\/www.vsveicolispeciali.com\/de\/verkaufswagen-kaufen\/imbiss-verkaufsanhanger\/\",\"url\":\"https:\/\/www.vsveicolispeciali.com\/de\/verkaufswagen-kaufen\/imbiss-verkaufsanhanger\/\",\"name\":\"Imbiss- und Verkaufsanh\u00e4ngers kaufen\",\"isPartOf\":{\"@id\":\"https:\/\/www.vsveicolispeciali.com\/de\/#website\"},\"datePublished\":\"2015-11-20T00:15:28+00:00\",\"dateModified\":\"2025-01-15T10:05:15+00:00\",\"description\":\"Wie stellen Food Truck-Anh\u00e4nger und Verkaufsanh\u00e4nger der oberen Preisklasse her und passen sie an die Bed\u00fcrfnisse des Kunden an >\",\"breadcrumb\":{\"@id\":\"https:\/\/www.vsveicolispeciali.com\/de\/verkaufswagen-kaufen\/imbiss-verkaufsanhanger\/#breadcrumb\"},\"inLanguage\":\"de\",\"potentialAction\":[{\"@type\":\"ReadAction\",\"target\":[\"https:\/\/www.vsveicolispeciali.com\/de\/verkaufswagen-kaufen\/imbiss-verkaufsanhanger\/\"]}]},{\"@type\":\"BreadcrumbList\",\"@id\":\"https:\/\/www.vsveicolispeciali.com\/de\/verkaufswagen-kaufen\/imbiss-verkaufsanhanger\/#breadcrumb\",\"itemListElement\":[{\"@type\":\"ListItem\",\"position\":1,\"name\":\"Home\",\"item\":\"https:\/\/www.vsveicolispeciali.com\/de\/\"},{\"@type\":\"ListItem\",\"position\":2,\"name\":\"Verkaufswagen und Streetfood-Wagen kaufen\",\"item\":\"https:\/\/www.vsveicolispeciali.com\/de\/verkaufswagen-kaufen\/\"},{\"@type\":\"ListItem\",\"position\":3,\"name\":\"Imbiss- und Verkaufsanh\u00e4nger\"}]},{\"@type\":\"WebSite\",\"@id\":\"https:\/\/www.vsveicolispeciali.com\/de\/#website\",\"url\":\"https:\/\/www.vsveicolispeciali.com\/de\/\",\"name\":\"VS Veicoli Speciali\",\"description\":\"\",\"publisher\":{\"@id\":\"https:\/\/www.vsveicolispeciali.com\/de\/#organization\"},\"potentialAction\":[{\"@type\":\"SearchAction\",\"target\":{\"@type\":\"EntryPoint\",\"urlTemplate\":\"https:\/\/www.vsveicolispeciali.com\/de\/?s={search_term_string}\"},\"query-input\":{\"@type\":\"PropertyValueSpecification\",\"valueRequired\":true,\"valueName\":\"search_term_string\"}}],\"inLanguage\":\"de\"},{\"@type\":\"Organization\",\"@id\":\"https:\/\/www.vsveicolispeciali.com\/de\/#organization\",\"name\":\"VS Veicoli Speciali\",\"url\":\"https:\/\/www.vsveicolispeciali.com\/de\/\",\"logo\":{\"@type\":\"ImageObject\",\"inLanguage\":\"de\",\"@id\":\"https:\/\/www.vsveicolispeciali.com\/de\/#\/schema\/logo\/image\/\",\"url\":\"http:\/\/www.vsveicolispeciali.com\/wp-content\/uploads\/2015\/05\/vs_veicoli_speciali-logo.png\",\"contentUrl\":\"http:\/\/www.vsveicolispeciali.com\/wp-content\/uploads\/2015\/05\/vs_veicoli_speciali-logo.png\",\"width\":252,\"height\":134,\"caption\":\"VS Veicoli Speciali\"},\"image\":{\"@id\":\"https:\/\/www.vsveicolispeciali.com\/de\/#\/schema\/logo\/image\/\"},\"sameAs\":[\"https:\/\/www.facebook.com\/VSVeicoliSpeciali.Food.Trucks\/\",\"https:\/\/x.com\/veicolispeciali\",\"https:\/\/www.instagram.com\/vs_veicolispeciali\/\",\"https:\/\/www.linkedin.com\/company\/2811960\/\",\"https:\/\/www.pinterest.com\/streetfoodtruck\/\",\"https:\/\/www.youtube.com\/user\/veicolispeciali\"]}]}<\/script>\n<!-- \/ Yoast SEO plugin. -->","yoast_head_json":{"title":"Imbiss- und Verkaufsanh\u00e4ngers kaufen","description":"Wie stellen Food Truck-Anh\u00e4nger und Verkaufsanh\u00e4nger der oberen Preisklasse her und passen sie an die Bed\u00fcrfnisse des Kunden an >","robots":{"index":"index","follow":"follow","max-snippet":"max-snippet:-1","max-image-preview":"max-image-preview:large","max-video-preview":"max-video-preview:-1"},"canonical":"https:\/\/www.vsveicolispeciali.com\/de\/verkaufswagen-kaufen\/imbiss-verkaufsanhanger\/","og_locale":"de_DE","og_type":"article","og_title":"Imbiss- und Verkaufsanh\u00e4ngers kaufen","og_description":"Wie stellen Food Truck-Anh\u00e4nger und Verkaufsanh\u00e4nger der oberen Preisklasse her und passen sie an die Bed\u00fcrfnisse des Kunden an >","og_url":"https:\/\/www.vsveicolispeciali.com\/de\/verkaufswagen-kaufen\/imbiss-verkaufsanhanger\/","og_site_name":"VS Veicoli Speciali","article_publisher":"https:\/\/www.facebook.com\/VSVeicoliSpeciali.Food.Trucks\/","article_modified_time":"2025-01-15T10:05:15+00:00","twitter_card":"summary_large_image","twitter_site":"@veicolispeciali","twitter_misc":{"Gesch\u00e4tzte Lesezeit":"3\u00a0Minuten"},"schema":{"@context":"https:\/\/schema.org","@graph":[{"@type":"WebPage","@id":"https:\/\/www.vsveicolispeciali.com\/de\/verkaufswagen-kaufen\/imbiss-verkaufsanhanger\/","url":"https:\/\/www.vsveicolispeciali.com\/de\/verkaufswagen-kaufen\/imbiss-verkaufsanhanger\/","name":"Imbiss- und Verkaufsanh\u00e4ngers kaufen","isPartOf":{"@id":"https:\/\/www.vsveicolispeciali.com\/de\/#website"},"datePublished":"2015-11-20T00:15:28+00:00","dateModified":"2025-01-15T10:05:15+00:00","description":"Wie stellen Food Truck-Anh\u00e4nger und Verkaufsanh\u00e4nger der oberen Preisklasse her und passen sie an die Bed\u00fcrfnisse des Kunden an >","breadcrumb":{"@id":"https:\/\/www.vsveicolispeciali.com\/de\/verkaufswagen-kaufen\/imbiss-verkaufsanhanger\/#breadcrumb"},"inLanguage":"de","potentialAction":[{"@type":"ReadAction","target":["https:\/\/www.vsveicolispeciali.com\/de\/verkaufswagen-kaufen\/imbiss-verkaufsanhanger\/"]}]},{"@type":"BreadcrumbList","@id":"https:\/\/www.vsveicolispeciali.com\/de\/verkaufswagen-kaufen\/imbiss-verkaufsanhanger\/#breadcrumb","itemListElement":[{"@type":"ListItem","position":1,"name":"Home","item":"https:\/\/www.vsveicolispeciali.com\/de\/"},{"@type":"ListItem","position":2,"name":"Verkaufswagen und Streetfood-Wagen kaufen","item":"https:\/\/www.vsveicolispeciali.com\/de\/verkaufswagen-kaufen\/"},{"@type":"ListItem","position":3,"name":"Imbiss- und Verkaufsanh\u00e4nger"}]},{"@type":"WebSite","@id":"https:\/\/www.vsveicolispeciali.com\/de\/#website","url":"https:\/\/www.vsveicolispeciali.com\/de\/","name":"VS Veicoli Speciali","description":"","publisher":{"@id":"https:\/\/www.vsveicolispeciali.com\/de\/#organization"},"potentialAction":[{"@type":"SearchAction","target":{"@type":"EntryPoint","urlTemplate":"https:\/\/www.vsveicolispeciali.com\/de\/?s={search_term_string}"},"query-input":{"@type":"PropertyValueSpecification","valueRequired":true,"valueName":"search_term_string"}}],"inLanguage":"de"},{"@type":"Organization","@id":"https:\/\/www.vsveicolispeciali.com\/de\/#organization","name":"VS Veicoli Speciali","url":"https:\/\/www.vsveicolispeciali.com\/de\/","logo":{"@type":"ImageObject","inLanguage":"de","@id":"https:\/\/www.vsveicolispeciali.com\/de\/#\/schema\/logo\/image\/","url":"http:\/\/www.vsveicolispeciali.com\/wp-content\/uploads\/2015\/05\/vs_veicoli_speciali-logo.png","contentUrl":"http:\/\/www.vsveicolispeciali.com\/wp-content\/uploads\/2015\/05\/vs_veicoli_speciali-logo.png","width":252,"height":134,"caption":"VS Veicoli Speciali"},"image":{"@id":"https:\/\/www.vsveicolispeciali.com\/de\/#\/schema\/logo\/image\/"},"sameAs":["https:\/\/www.facebook.com\/VSVeicoliSpeciali.Food.Trucks\/","https:\/\/x.com\/veicolispeciali","https:\/\/www.instagram.com\/vs_veicolispeciali\/","https:\/\/www.linkedin.com\/company\/2811960\/","https:\/\/www.pinterest.com\/streetfoodtruck\/","https:\/\/www.youtube.com\/user\/veicolispeciali"]}]}},"_links":{"self":[{"href":"https:\/\/www.vsveicolispeciali.com\/de\/wp-json\/wp\/v2\/pages\/7689"}],"collection":[{"href":"https:\/\/www.vsveicolispeciali.com\/de\/wp-json\/wp\/v2\/pages"}],"about":[{"href":"https:\/\/www.vsveicolispeciali.com\/de\/wp-json\/wp\/v2\/types\/page"}],"author":[{"embeddable":true,"href":"https:\/\/www.vsveicolispeciali.com\/de\/wp-json\/wp\/v2\/users\/1001012"}],"replies":[{"embeddable":true,"href":"https:\/\/www.vsveicolispeciali.com\/de\/wp-json\/wp\/v2\/comments?post=7689"}],"version-history":[{"count":11,"href":"https:\/\/www.vsveicolispeciali.com\/de\/wp-json\/wp\/v2\/pages\/7689\/revisions"}],"predecessor-version":[{"id":27528,"href":"https:\/\/www.vsveicolispeciali.com\/de\/wp-json\/wp\/v2\/pages\/7689\/revisions\/27528"}],"up":[{"embeddable":true,"href":"https:\/\/www.vsveicolispeciali.com\/de\/wp-json\/wp\/v2\/pages\/7552"}],"wp:attachment":[{"href":"https:\/\/www.vsveicolispeciali.com\/de\/wp-json\/wp\/v2\/media?parent=7689"}],"curies":[{"name":"wp","href":"https:\/\/api.w.org\/{rel}","templated":true}]}}