{"id":7686,"date":"2015-11-20T01:09:36","date_gmt":"2015-11-20T00:09:36","guid":{"rendered":"http:\/\/www.vsveicolispeciali.com\/verkaufswagen-kaufen\/vendita-furgoni-food-truck-italia\/"},"modified":"2024-11-11T18:21:11","modified_gmt":"2024-11-11T17:21:11","slug":"food-truck-imbisswagen-kosten","status":"publish","type":"page","link":"https:\/\/www.vsveicolispeciali.com\/de\/verkaufswagen-kaufen\/food-truck-imbisswagen-kosten\/","title":{"rendered":"FOODTRUCKS KAUFEN"},"content":{"rendered":"<div class=\"wpb-content-wrapper\"><p>[vc_row css_animation=&#8220;&#8220; row_type=&#8220;row&#8220; use_row_as_full_screen_section=&#8220;no&#8220; type=&#8220;grid&#8220; angled_section=&#8220;no&#8220; text_align=&#8220;left&#8220; background_image_as_pattern=&#8220;without_pattern&#8220;][vc_column][vc_separator type=&#8220;transparent&#8220; thickness=&#8220;90&#8243; up=&#8220;0&#8243; down=&#8220;0&#8243;][vc_column_text css=&#8220;&#8220;]<\/p>\n<h2 style=\"text-align: center;\">Foodtruck-Spezialist bietet ma\u00dfgeschneiderte L\u00f6sungen<\/h2>\n<p>[\/vc_column_text][vc_separator type=&#8220;small&#8220; position=&#8220;center&#8220;][vc_row_inner row_type=&#8220;row&#8220; type=&#8220;full_width&#8220; text_align=&#8220;left&#8220; css_animation=&#8220;&#8220;][vc_column_inner width=&#8220;1\/2&#8243;][vc_column_text css=&#8220;&#8220;]<strong>Food-Trucks<\/strong> sind Fahrzeuge f\u00fcr den <a href=\"https:\/\/www.vsveicolispeciali.com\/de\/street-food\/\" target=\"_blank\" rel=\"noopener\">Verkauf von Streetfood<\/a> und dienen der Markenf\u00f6rderung auf den Stra\u00dfen Deutschlands, <span class=\"HwtZe\" lang=\"de\"><span class=\"jCAhz ChMk0b\"><span class=\"ryNqvb\">\u00d6sterreichs und der Schweiz<\/span><\/span><\/span>. Die <strong>Imbisswagen-Ausstattung<\/strong> muss Mobilit\u00e4t gew\u00e4hrleisten und best\u00e4ndig gegen die nicht immer optimalen Stra\u00dfenbedingungen sein. Um die Ausstattung einbauen zu k\u00f6nnen, bauen wir Fahrzeuge jeder Art um: Van, Anh\u00e4nger, VW T2, <a href=\"http:\/\/vsveicolispeciali.com\/de\/verkaufswagen-kaufen\/piaggio-ape-food-truck\/\">Piaggio Ape<\/a> und Oldtimer-Fahrzeuge. Die Food Trucks f\u00fcr die <strong>Markenf\u00f6rderung und den Verkauf auf R\u00e4dern<\/strong> umgewandelt werden.[\/vc_column_text][\/vc_column_inner][vc_column_inner width=&#8220;1\/2&#8243;][vc_column_text css=&#8220;&#8220;]<strong>Wir planen langlebige Imbisswagen<\/strong>. Materialien, Beleuchtung, Grafiken und Ausr\u00fcstung: jedes Detail ist durchdacht, um die Arbeit an Bord zu erleichtern. <strong>Jedes Element des Fahrzeugs wird individuell angepasst<\/strong>: Ausr\u00fcstungen h\u00f6chster Qualit\u00e4t und optimierte R\u00e4ume f\u00fcr ein einfaches Kochen und Servieren von Streetfood. Fordern Sie einen Kostenvoranschlag f\u00fcr die Ausstattung Ihres neuen Foodtrucks an und erfahren Sie, warum unsere <a href=\"https:\/\/www.vsveicolispeciali.com\/de\/verkaufswagen-kaufen\/\" target=\"_blank\" rel=\"noopener\">Verkaufswagen<\/a> auf der ganzen Welt so hoch gesch\u00e4tzt sind.[\/vc_column_text][\/vc_column_inner][\/vc_row_inner][\/vc_column][\/vc_row][vc_row css_animation=&#8220;&#8220; row_type=&#8220;row&#8220; use_row_as_full_screen_section=&#8220;no&#8220; type=&#8220;grid&#8220; angled_section=&#8220;no&#8220; text_align=&#8220;left&#8220; background_image_as_pattern=&#8220;without_pattern&#8220;][vc_column][vc_separator type=&#8220;transparent&#8220; thickness=&#8220;90&#8243; up=&#8220;0&#8243; down=&#8220;0&#8243;][vc_row_inner row_type=&#8220;row&#8220; type=&#8220;full_width&#8220; text_align=&#8220;left&#8220; css_animation=&#8220;&#8220;][vc_column_inner width=&#8220;1\/2&#8243;][vc_column_text]<a href=\"http:\/\/www.vsveicolispeciali.com\/de\/verkaufswagen-kaufen\/food-truck-imbisswagen-kosten\/pro-x-food-truck\/\"><img loading=\"lazy\" decoding=\"async\" class=\"size-full wp-image-11181 aligncenter\" src=\"https:\/\/www.vsveicolispeciali.com\/wp-content\/uploads\/2022\/04\/pro-x-food-truck-prezzi.jpg\" alt=\"Pro X Food Truck\" width=\"900\" height=\"600\" \/><\/a>[\/vc_column_text][\/vc_column_inner][vc_column_inner width=&#8220;1\/2&#8243;][vc_column_text css=&#8220;&#8220;]<\/p>\n<h3 class=\"qbutton titolos\"><a style=\"color: #006aa7;\" href=\"https:\/\/www.vsveicolispeciali.com\/de\/verkaufswagen-kaufen\/food-truck-imbisswagen-kosten\/pro-x-food-truck\/\">\u00bb Pro X Food Truck<\/a><\/h3>\n<p>[\/vc_column_text][vc_column_text]<\/p>\n<h6 class=\"stileh6s\">EIN FOOD TRUCK, DER \u00dcBER EINE APP GESTEUERT WERDEN KANN<\/h6>\n<p>[\/vc_column_text][vc_column_text]<\/p>\n<p class=\"stileps\">Das digitale Steuerungssystem f\u00fcr die wichtigsten Funktionen des Pro X Food Truck hei\u00dft eXtra: Es erm\u00f6glicht die Kontrolle verschiedener Parameter, von der Klimatisierung bis hin zur K\u00fchlschranktemperatur \u00fcber die Beleuchtung und die \u00dcberwachung des Energieverbrauchs. Alle Funktionen k\u00f6nnen einfach \u00fcber eine mobile Anwendung eingestellt werden: Die Arbeit im Wagen wird dadurch extrem erleichtert und Sie sparen viel Zeit. Die gesamte Ausr\u00fcstung des Food-Truck kann mit Solarenergie betrieben werden, die zur Aufladung effizienter Lithiumbatterien genutzt wird. Der Pro X vereint au\u00dfergew\u00f6hnliche Produktionsmengen mit der Umweltvertr\u00e4glichkeit und Sicherheit einer Anlage, die st\u00e4ndig alles unter Kontrolle hat.<\/p>\n<p>[\/vc_column_text]<a  itemprop=\"url\" href=\"https:\/\/www.vsveicolispeciali.com\/de\/verkaufswagen-kaufen\/food-truck-imbisswagen-kosten\/pro-x-food-truck\/\" target=\"_blank\"  class=\"qbutton  medium center default qbuttonscopri\" style=\"font-style: normal; font-weight: 400; text-transform: uppercase; font-size: 16px; margin: 30px 0px 0px 0px; \">FINDE MEHR<\/a>[\/vc_column_inner][\/vc_row_inner][vc_separator type=&#8220;normal&#8220; thickness=&#8220;1&#8243; up=&#8220;40&#8243; down=&#8220;20&#8243; color=&#8220;#006aa7&#8243;][vc_row_inner row_type=&#8220;row&#8220; type=&#8220;full_width&#8220; text_align=&#8220;left&#8220; css_animation=&#8220;&#8220;][vc_column_inner width=&#8220;1\/2&#8243;][vc_column_text]<a href=\"https:\/\/vsveicolispeciali.com\/de\/verkaufswagen-kaufen\/food-truck-imbisswagen-kosten\/transporter-food-truck-bauen-mobiler-kueche\/\"><img loading=\"lazy\" decoding=\"async\" class=\"size-full wp-image-11181 aligncenter\" src=\"https:\/\/vsveicolispeciali.com\/wp-content\/uploads\/2019\/11\/FoodTruck-Trevor_A.jpg\" alt=\"Professional Food Truck\" width=\"900\" height=\"600\" srcset=\"https:\/\/www.vsveicolispeciali.com\/wp-content\/uploads\/2019\/11\/FoodTruck-Trevor_A.jpg 900w, https:\/\/www.vsveicolispeciali.com\/wp-content\/uploads\/2019\/11\/FoodTruck-Trevor_A-300x200.jpg 300w, https:\/\/www.vsveicolispeciali.com\/wp-content\/uploads\/2019\/11\/FoodTruck-Trevor_A-768x512.jpg 768w, https:\/\/www.vsveicolispeciali.com\/wp-content\/uploads\/2019\/11\/FoodTruck-Trevor_A-700x467.jpg 700w\" sizes=\"(max-width: 900px) 100vw, 900px\" \/><\/a>[\/vc_column_text][\/vc_column_inner][vc_column_inner width=&#8220;1\/2&#8243;][vc_column_text css=&#8220;&#8220;]<\/p>\n<h3 class=\"qbutton titolos\"><a style=\"color: #006aa7;\" href=\"https:\/\/www.vsveicolispeciali.com\/de\/verkaufswagen-kaufen\/food-truck-imbisswagen-kosten\/transporter-food-truck-bauen-mobiler-kueche\/\">\u00bb Professional Food Truck<\/a><\/h3>\n<p>[\/vc_column_text][vc_column_text]<\/p>\n<h6 class=\"stileh6s\">IHR RESTAURANT AUF R\u00c4DERN<\/h6>\n<p>[\/vc_column_text][vc_column_text]<\/p>\n<p class=\"stileps\">Der Ausbau eines VS Food Truck gew\u00e4hrleistet Autonomie, Ergonomie und Funktionalit\u00e4t. Im Verh\u00e4ltnis zu allen anderen Imbisswagen auf dem Markt erh\u00f6ht eine solche Ausstattung die Produktivit\u00e4t. Restaurants, Pizzerien, Burgerrestaurants, Cafeterien, Eisdielen, Fast-Food-Ketten \u2013 dies sind nur einige Beispiele der Gastst\u00e4ttengewerbe, die einen bis ins letzte Detail personalisierten Professional Food Truck kaufen.<\/p>\n<p>[\/vc_column_text]<a  itemprop=\"url\" href=\"https:\/\/www.vsveicolispeciali.com\/de\/verkaufswagen-kaufen\/food-truck-imbisswagen-kosten\/transporter-food-truck-bauen-mobiler-kueche\/\" target=\"_blank\"  class=\"qbutton  medium center default qbuttonscopri\" style=\"font-style: normal; font-weight: 400; text-transform: uppercase; font-size: 16px; margin: 30px 0px 0px 0px; \">FINDE MEHR<\/a>[\/vc_column_inner][\/vc_row_inner][vc_separator type=&#8220;normal&#8220; thickness=&#8220;1&#8243; up=&#8220;40&#8243; down=&#8220;20&#8243; color=&#8220;#006aa7&#8243;][vc_row_inner row_type=&#8220;row&#8220; type=&#8220;full_width&#8220; text_align=&#8220;left&#8220; css_animation=&#8220;&#8220;][vc_column_inner width=&#8220;1\/2&#8243;][vc_column_text]<a href=\"https:\/\/vsveicolispeciali.com\/de\/verkaufswagen-kaufen\/food-truck-imbisswagen-kosten\/citroen-jumper-retro-food-truck-umbau\/\"><img loading=\"lazy\" decoding=\"async\" class=\"size-full wp-image-11185 aligncenter\" src=\"https:\/\/vsveicolispeciali.com\/wp-content\/uploads\/2019\/11\/Food-Truck-NV-Kostina_A.jpg\" alt=\"Food Truck NV\" width=\"900\" height=\"600\" srcset=\"https:\/\/www.vsveicolispeciali.com\/wp-content\/uploads\/2019\/11\/Food-Truck-NV-Kostina_A.jpg 900w, https:\/\/www.vsveicolispeciali.com\/wp-content\/uploads\/2019\/11\/Food-Truck-NV-Kostina_A-300x200.jpg 300w, https:\/\/www.vsveicolispeciali.com\/wp-content\/uploads\/2019\/11\/Food-Truck-NV-Kostina_A-768x512.jpg 768w, https:\/\/www.vsveicolispeciali.com\/wp-content\/uploads\/2019\/11\/Food-Truck-NV-Kostina_A-700x467.jpg 700w\" sizes=\"(max-width: 900px) 100vw, 900px\" \/><\/a>[\/vc_column_text][\/vc_column_inner][vc_column_inner width=&#8220;1\/2&#8243;][vc_column_text css=&#8220;&#8220;]<\/p>\n<h3 class=\"qbutton titolos\"><a style=\"color: #006aa7;\" href=\"https:\/\/www.vsveicolispeciali.com\/de\/verkaufswagen-kaufen\/food-truck-imbisswagen-kosten\/citroen-jumper-retro-food-truck-umbau\/\">\u00bb NV Food Truck<\/a><\/h3>\n<p>[\/vc_column_text][vc_column_text]<\/p>\n<h6 class=\"stileh6s\">CITRO\u00cbN JUMPER, AUSGESTATTET ALS VERKAUFSWAGEN F\u00dcR STREETFOOD<\/h6>\n<p>[\/vc_column_text][vc_column_text]<\/p>\n<p class=\"stileps\">Stilm\u00e4\u00dfig erinnert er mit seinem einzigartigen Design an den Oldtimer Citroen Type H aus den Sechzigern und Siebzigern, auf technischer Ebene ist das Fahrzeug allerdings hochmodern und eignet sich besonders f\u00fcr den Verkauf von Streetfood. Nach der Umwandlung in einen NVFT ist dieser Imbisswagen auf Veranstaltungen, Festivals und allen m\u00f6glichen Events der Superstar. Die Arbeit im New Vintage Food Truck ist dank der professionell ausgestatteten K\u00fcche, die in der Lage ist, gro\u00dfe Verkaufsvolumen zu meistern, ein Kinderspiel.<\/p>\n<p>[\/vc_column_text]<a  itemprop=\"url\" href=\"https:\/\/vsveicolispeciali.com\/de\/verkaufswagen-kaufen\/food-truck-imbisswagen-kosten\/citroen-jumper-retro-food-truck-umbau\/\" target=\"_blank\"  class=\"qbutton  medium center default qbuttonscopri\" style=\"font-style: normal; font-weight: 400; text-transform: uppercase; font-size: 16px; margin: 30px 0px 0px 0px; \">FINDE MEHR<\/a>[\/vc_column_inner][\/vc_row_inner][vc_separator type=&#8220;normal&#8220; thickness=&#8220;1&#8243; up=&#8220;40&#8243; down=&#8220;20&#8243; color=&#8220;#006aa7&#8243;][vc_row_inner row_type=&#8220;row&#8220; type=&#8220;full_width&#8220; text_align=&#8220;left&#8220; css_animation=&#8220;&#8220;][vc_column_inner width=&#8220;1\/2&#8243;][vc_column_text]<a href=\"https:\/\/www.vsveicolispeciali.com\/wp-content\/uploads\/2022\/06\/ECO-Food-Truck-economico-300x200.jpg\"><img loading=\"lazy\" decoding=\"async\" class=\"alignnone size-medium wp-image-17119\" src=\"https:\/\/www.vsveicolispeciali.com\/wp-content\/uploads\/2022\/06\/ECO-Food-Truck-economico-300x200.jpg\" alt=\"G\u00fcnstige Foodtrucks f\u00fcr Unternehmen, die f\u00fcr Catering und Lieferung ausgestattet sind\" width=\"900\" height=\"600\" srcset=\"https:\/\/www.vsveicolispeciali.com\/wp-content\/uploads\/2022\/06\/ECO-Food-Truck-economico-300x200.jpg 300w, https:\/\/www.vsveicolispeciali.com\/wp-content\/uploads\/2022\/06\/ECO-Food-Truck-economico-768x512.jpg 768w, https:\/\/www.vsveicolispeciali.com\/wp-content\/uploads\/2022\/06\/ECO-Food-Truck-economico-700x467.jpg 700w, https:\/\/www.vsveicolispeciali.com\/wp-content\/uploads\/2022\/06\/ECO-Food-Truck-economico.jpg 900w\" sizes=\"(max-width: 900px) 100vw, 900px\" \/><\/a>[\/vc_column_text][\/vc_column_inner][vc_column_inner width=&#8220;1\/2&#8243;][vc_column_text css=&#8220;&#8220;]<\/p>\n<h3 class=\"qbutton titolos\"><a style=\"color: #006aa7;\" href=\"https:\/\/www.vsveicolispeciali.com\/de\/verkaufswagen-kaufen\/food-truck-imbisswagen-kosten\/guenstige-imbisswagen\/\">\u00bb Eco Food Truck<\/a><\/h3>\n<p>[\/vc_column_text][vc_column_text]<\/p>\n<h6 class=\"stileh6s\">EIN G\u00dcNSTIGER UND UNVERZICHTBARER IMBISSWAGEN F\u00dcR IHR BUSINESS<\/h6>\n<p>[\/vc_column_text][vc_column_text]<\/p>\n<p class=\"stileps\">In bestimmten Situationen kommt es bei einem Food Truck nicht auf die besondere Lackierung oder Oberfl\u00e4chenausf\u00fchrungen an, sondern darauf, hohen Arbeits- und Verkaufsmengen standzuhalten. Der Eco Food Truck ist wie ein Premium-Modell mit professionellen Ger\u00e4ten ausgestattet. Er ist wei\u00df lackiert und praktisch und funktional eingerichtet, damit gro\u00dfe Mengen von Pizza, Pasta, Hamburger, Eiscreme, Sushi, Bier, Wein usw. verkauft und geliefert werden k\u00f6nnen. Sp\u00e4tere Anpassungen sind m\u00f6glich.<\/p>\n<p>[\/vc_column_text]<a  itemprop=\"url\" href=\"https:\/\/www.vsveicolispeciali.com\/de\/verkaufswagen-kaufen\/food-truck-imbisswagen-kosten\/guenstige-imbisswagen\/\" target=\"_blank\"  class=\"qbutton  medium center default qbuttonscopri\" style=\"font-style: normal; font-weight: 400; text-transform: uppercase; font-size: 16px; margin: 30px 0px 0px 0px; \">FINDE MEHR<\/a>[\/vc_column_inner][\/vc_row_inner][vc_separator type=&#8220;normal&#8220; thickness=&#8220;1&#8243; up=&#8220;40&#8243; down=&#8220;20&#8243; color=&#8220;#006aa7&#8243;][vc_row_inner row_type=&#8220;row&#8220; type=&#8220;full_width&#8220; text_align=&#8220;left&#8220; css_animation=&#8220;&#8220;][vc_column_inner width=&#8220;1\/2&#8243;][vc_column_text]<a href=\"http:\/\/www.vsveicolispeciali.com\/de\/verkaufswagen-kaufen\/food-truck-imbisswagen-kosten\/piaggio-porter-craft-x\/\"><img loading=\"lazy\" decoding=\"async\" class=\"alignnone size-full wp-image-19981\" src=\"https:\/\/www.vsveicolispeciali.com\/wp-content\/uploads\/2022\/11\/costo-food-truck-Porter-Craft-X.jpg\" alt=\"preis food truck Porter Craft X\" width=\"900\" height=\"600\" srcset=\"https:\/\/www.vsveicolispeciali.com\/wp-content\/uploads\/2022\/11\/costo-food-truck-Porter-Craft-X.jpg 900w, https:\/\/www.vsveicolispeciali.com\/wp-content\/uploads\/2022\/11\/costo-food-truck-Porter-Craft-X-300x200.jpg 300w, https:\/\/www.vsveicolispeciali.com\/wp-content\/uploads\/2022\/11\/costo-food-truck-Porter-Craft-X-768x512.jpg 768w, https:\/\/www.vsveicolispeciali.com\/wp-content\/uploads\/2022\/11\/costo-food-truck-Porter-Craft-X-700x467.jpg 700w\" sizes=\"(max-width: 900px) 100vw, 900px\" \/><\/a>[\/vc_column_text][\/vc_column_inner][vc_column_inner width=&#8220;1\/2&#8243;][vc_column_text css=&#8220;&#8220;]<\/p>\n<h3 class=\"qbutton titolos\"><a style=\"color: #006aa7;\" href=\"https:\/\/www.vsveicolispeciali.com\/de\/verkaufswagen-kaufen\/food-truck-imbisswagen-kosten\/piaggio-porter-craft-x\/\">\u00bb Piaggio Porter Craft X<\/a><\/h3>\n<p>[\/vc_column_text][vc_column_text]<\/p>\n<h6 class=\"stileh6s\">EIN KOMPAKTER UND GER\u00c4UMIGER FOOD-TRUCK, DER SICH IHREN BED\u00dcRFNISSEN ANPASST<\/h6>\n<p>[\/vc_column_text][vc_column_text]<\/p>\n<p class=\"stileps\">Die Ausstattung des Porter Craft X macht den neuen Piaggio Porter dank der f\u00fcr die einfache und schnelle Arbeit im Wagen optimierten und umfunktionierten Innenr\u00e4ume noch vielseitiger. Der Transporter bewegt sich flink durch die Stadt und stellt dabei sein attraktives \u00c4u\u00dferes zur Schau. Gro\u00dfe Entfernungen werden mit geringem Kraftstoffverbrauch zur\u00fcckgelegt und er kann an eine Vielzahl von Sektoren angepasst werden, z. B. f\u00fcr den Verkauf von Streetfood. Auf Wunsch kann das digitale Steuerungssystem eXtra integriert werden.<\/p>\n<p>[\/vc_column_text]<a  itemprop=\"url\" href=\"https:\/\/www.vsveicolispeciali.com\/de\/verkaufswagen-kaufen\/food-truck-imbisswagen-kosten\/piaggio-porter-craft-x\/\" target=\"_blank\"  class=\"qbutton  medium center default qbuttonscopri\" style=\"font-style: normal; font-weight: 400; text-transform: uppercase; font-size: 16px; margin: 30px 0px 0px 0px; \">FINDE MEHR<\/a>[\/vc_column_inner][\/vc_row_inner][vc_separator type=&#8220;normal&#8220; thickness=&#8220;1&#8243; up=&#8220;40&#8243; down=&#8220;20&#8243; color=&#8220;#006aa7&#8243;][vc_row_inner row_type=&#8220;row&#8220; type=&#8220;full_width&#8220; text_align=&#8220;left&#8220; css_animation=&#8220;&#8220;][vc_column_inner width=&#8220;1\/2&#8243;][vc_column_text]<a href=\"https:\/\/vsveicolispeciali.com\/de\/verkaufswagen-kaufen\/food-truck-imbisswagen-kosten\/oldtimer-food-truck-mobiler-verkaufstand-verpflegung\/\"><img loading=\"lazy\" decoding=\"async\" class=\"size-full wp-image-11323 aligncenter\" src=\"https:\/\/vsveicolispeciali.com\/wp-content\/uploads\/2019\/11\/FoodTruck-OV-Lavazza-616.jpg\" alt=\"Food Truck Vintage OV\" width=\"900\" height=\"600\" srcset=\"https:\/\/www.vsveicolispeciali.com\/wp-content\/uploads\/2019\/11\/FoodTruck-OV-Lavazza-616.jpg 900w, https:\/\/www.vsveicolispeciali.com\/wp-content\/uploads\/2019\/11\/FoodTruck-OV-Lavazza-616-300x200.jpg 300w, https:\/\/www.vsveicolispeciali.com\/wp-content\/uploads\/2019\/11\/FoodTruck-OV-Lavazza-616-768x512.jpg 768w, https:\/\/www.vsveicolispeciali.com\/wp-content\/uploads\/2019\/11\/FoodTruck-OV-Lavazza-616-700x467.jpg 700w\" sizes=\"(max-width: 900px) 100vw, 900px\" \/><\/a>[\/vc_column_text][\/vc_column_inner][vc_column_inner width=&#8220;1\/2&#8243;][vc_column_text css=&#8220;&#8220;]<\/p>\n<h3 class=\"qbutton titolos\"><a style=\"color: #006aa7;\" href=\"https:\/\/www.vsveicolispeciali.com\/de\/verkaufswagen-kaufen\/food-truck-imbisswagen-kosten\/oldtimer-food-truck-mobiler-verkaufstand-verpflegung\/\">\u00bb Food Truck Vintage<\/a><\/h3>\n<p>[\/vc_column_text][vc_column_text]<\/p>\n<h6 class=\"stileh6s\">RESTAURIERTE OLDTIMER F\u00dcR DEN VERKAUF AUF R\u00c4DERN<\/h6>\n<p>[\/vc_column_text][vc_column_text]<\/p>\n<p class=\"stileps\">Vintage-Food-Trucks sind Designerst\u00fccke, die der Markenf\u00f6rderung dienen. Als Imbisswagen f\u00fcr den mobilen Verkauf von Pizza, Snacks und Getr\u00e4nken, als Bierwagen oder Food-Trucks f\u00fcr Veranstaltungen oder als mobile Restaurants f\u00fcr Catering werden sie zu au\u00dferordentlichen Instrumenten der Markenf\u00f6rderung. Ihr Einsatz ist f\u00fcr Werbezwecke sehr lukrativ und gew\u00e4hrleistet eine sofortige Umsatzsteigerung. Ein Oldtimer-Food-Truck ist daher das Kronjuwel Ihres Unternehmens.<\/p>\n<p>[\/vc_column_text]<a  itemprop=\"url\" href=\"https:\/\/www.vsveicolispeciali.com\/de\/verkaufswagen-kaufen\/food-truck-imbisswagen-kosten\/oldtimer-food-truck-mobiler-verkaufstand-verpflegung\/\" target=\"_blank\"  class=\"qbutton  medium center default qbuttonscopri\" style=\"font-style: normal; font-weight: 400; text-transform: uppercase; font-size: 16px; margin: 30px 0px 0px 0px; \">FINDE MEHR<\/a>[\/vc_column_inner][\/vc_row_inner][vc_separator type=&#8220;normal&#8220; thickness=&#8220;1&#8243; up=&#8220;40&#8243; down=&#8220;20&#8243; color=&#8220;#006aa7&#8243;][vc_separator type=&#8220;transparent&#8220; thickness=&#8220;90&#8243; up=&#8220;0&#8243; down=&#8220;0&#8243;][vc_column_text css=&#8220;&#8220;]<\/p>\n<h2 style=\"text-align: center;\">Kontaktieren Sie uns f\u00fcr einen Kostenvoranschlag<\/h2>\n<p>[\/vc_column_text]\n<div class=\"wpcf7 no-js\" id=\"wpcf7-f7632-o1\" lang=\"it-IT\" dir=\"ltr\">\n<div class=\"screen-reader-response\"><p role=\"status\" aria-live=\"polite\" aria-atomic=\"true\"><\/p> <ul><\/ul><\/div>\n<form action=\"\/de\/wp-json\/wp\/v2\/pages\/7686#wpcf7-f7632-o1\" method=\"post\" class=\"wpcf7-form init default\" aria-label=\"Modulo di contatto\" novalidate=\"novalidate\" data-status=\"init\">\n<div style=\"display: none;\">\n<input type=\"hidden\" name=\"_wpcf7\" value=\"7632\" \/>\n<input type=\"hidden\" name=\"_wpcf7_version\" value=\"5.9.8\" \/>\n<input type=\"hidden\" name=\"_wpcf7_locale\" value=\"it_IT\" \/>\n<input type=\"hidden\" name=\"_wpcf7_unit_tag\" value=\"wpcf7-f7632-o1\" \/>\n<input type=\"hidden\" name=\"_wpcf7_container_post\" value=\"0\" \/>\n<input type=\"hidden\" name=\"_wpcf7_posted_data_hash\" value=\"\" \/>\n<input type=\"hidden\" name=\"_wpcf7_recaptcha_response\" value=\"\" \/>\n<\/div>\n<p class=\"input-p\"><span class=\"wpcf7-form-control-wrap\" data-name=\"your-name\"><input size=\"40\" maxlength=\"400\" class=\"wpcf7-form-control wpcf7-text wpcf7-validates-as-required input-vs\" aria-required=\"true\" aria-invalid=\"false\" placeholder=\"Vorname und Name*\" value=\"\" type=\"text\" name=\"your-name\" \/><\/span>\n<\/p>\n<p class=\"input-p\"><span class=\"wpcf7-form-control-wrap\" data-name=\"your-email\"><input size=\"40\" maxlength=\"400\" class=\"wpcf7-form-control wpcf7-email wpcf7-validates-as-required wpcf7-text wpcf7-validates-as-email input-vs\" aria-required=\"true\" aria-invalid=\"false\" placeholder=\"E-Mail-Adresse*\" value=\"\" type=\"email\" name=\"your-email\" \/><\/span>\n<\/p>\n<p class=\"input-p\"><span class=\"wpcf7-form-control-wrap\" data-name=\"your-business\"><input size=\"40\" maxlength=\"400\" class=\"wpcf7-form-control wpcf7-text wpcf7-validates-as-required input-vs\" aria-required=\"true\" aria-invalid=\"false\" placeholder=\"Name des Unternehmens*\" value=\"\" type=\"text\" name=\"your-business\" \/><\/span>\n<\/p>\n<p class=\"input-p\"><span class=\"wpcf7-form-control-wrap\" data-name=\"tel-430\"><input size=\"40\" maxlength=\"400\" class=\"wpcf7-form-control wpcf7-tel wpcf7-validates-as-required wpcf7-text wpcf7-validates-as-tel input-vs\" aria-required=\"true\" aria-invalid=\"false\" placeholder=\"Telefon*\" value=\"\" type=\"tel\" name=\"tel-430\" \/><\/span>\n<\/p>\n<p><span class=\"wpcf7-form-control-wrap\" data-name=\"your-message\"><textarea cols=\"40\" rows=\"10\" maxlength=\"2000\" class=\"wpcf7-form-control wpcf7-textarea textarea-vs\" aria-invalid=\"false\" placeholder=\"Ihre Nachricht\" name=\"your-message\"><\/textarea><\/span>\n<\/p>\n<p>\n<span class=\"wpcf7-form-control-wrap recaptcha\" data-name=\"recaptcha\"><span data-sitekey=\"6LeIiZwiAAAAACd2pPtYD2wU4T4tbozMDQosefFn\" class=\"wpcf7-form-control wpcf7-recaptcha g-recaptcha\"><\/span>\r\n<noscript>\r\n\t<div class=\"grecaptcha-noscript\">\r\n\t\t<iframe loading=\"lazy\" src=\"https:\/\/www.google.com\/recaptcha\/api\/fallback?k=6LeIiZwiAAAAACd2pPtYD2wU4T4tbozMDQosefFn\" frameborder=\"0\" scrolling=\"no\" width=\"310\" height=\"430\">\r\n\t\t<\/iframe>\r\n\t\t<textarea name=\"g-recaptcha-response\" rows=\"3\" cols=\"40\" placeholder=\"reCaptcha Response Here\">\r\n\t\t<\/textarea>\r\n\t<\/div>\r\n<\/noscript>\r\n<\/span>\n<\/p>\n<p><span class=\"wpcf7-form-control-wrap\" data-name=\"trattamentodati\"><span class=\"wpcf7-form-control wpcf7-acceptance\"><span class=\"wpcf7-list-item\"><label><input type=\"checkbox\" name=\"trattamentodati\" value=\"1\" class=\"privacy-p\" aria-invalid=\"false\" \/><span class=\"wpcf7-list-item-label\">Ich stimme der Verarbeitung meiner personenbezogenen Daten gem\u00e4\u00df der <a href=\"\/de\/datenschutzerklaerung\/\" target=\"_blank\" rel=\"noopener\">Datenschutzrichtlinie<\/a> angegeben zu.<\/span><\/label><\/span><\/span><\/span>\n<\/p>\n<p><input class=\"wpcf7-form-control wpcf7-submit has-spinner submit-invia\" type=\"submit\" value=\"Senden\" \/>\n<\/p><div class=\"wpcf7-response-output\" aria-hidden=\"true\"><\/div>\n<\/form>\n<\/div>\n[vc_separator type=&#8220;transparent&#8220; thickness=&#8220;90&#8243; up=&#8220;0&#8243; down=&#8220;0&#8243;][\/vc_column][\/vc_row][vc_row css_animation=&#8220;&#8220; row_type=&#8220;row&#8220; use_row_as_full_screen_section=&#8220;no&#8220; type=&#8220;full_width&#8220; angled_section=&#8220;no&#8220; text_align=&#8220;left&#8220; background_image_as_pattern=&#8220;without_pattern&#8220; z_index=&#8220;&#8220;][vc_column][vc_single_image image=&#8220;17062&#8243; img_size=&#8220;full&#8220; alignment=&#8220;center&#8220; qode_css_animation=&#8220;&#8220;][\/vc_column][\/vc_row]<\/p>\n<\/div>","protected":false},"excerpt":{"rendered":"<p>[vc_row css_animation=&#8220;&#8220; row_type=&#8220;row&#8220; use_row_as_full_screen_section=&#8220;no&#8220; type=&#8220;grid&#8220; angled_section=&#8220;no&#8220; text_align=&#8220;left&#8220; background_image_as_pattern=&#8220;without_pattern&#8220;][vc_column][vc_separator type=&#8220;transparent&#8220; thickness=&#8220;90&#8243; up=&#8220;0&#8243; down=&#8220;0&#8243;][vc_column_text css=&#8220;&#8220;] Foodtruck-Spezialist bietet ma\u00dfgeschneiderte L\u00f6sungen [\/vc_column_text][vc_separator type=&#8220;small&#8220; position=&#8220;center&#8220;][vc_row_inner row_type=&#8220;row&#8220; type=&#8220;full_width&#8220; text_align=&#8220;left&#8220; css_animation=&#8220;&#8220;][vc_column_inner width=&#8220;1\/2&#8243;][vc_column_text css=&#8220;&#8220;]Food-Trucks sind Fahrzeuge f\u00fcr den Verkauf von Streetfood und dienen der Markenf\u00f6rderung auf den Stra\u00dfen Deutschlands, \u00d6sterreichs und der Schweiz&#8230;.<\/p>\n","protected":false},"author":1001012,"featured_media":0,"parent":7552,"menu_order":3,"comment_status":"closed","ping_status":"closed","template":"full_width.php","meta":{"footnotes":""},"class_list":["post-7686","page","type-page","status-publish","hentry"],"yoast_head":"<!-- This site is optimized with the Yoast SEO plugin v25.4 - https:\/\/yoast.com\/wordpress\/plugins\/seo\/ -->\n<title>Foodtrucks kaufen<\/title>\n<meta name=\"description\" content=\"Foodtruck-Spezialist bietet ma\u00dfgeschneiderte L\u00f6sungen. Fordern Sie einen Kostenvoranschlag f\u00fcr die Ausstattung Ihres neuen Foodtrucks an &gt;\" \/>\n<meta name=\"robots\" content=\"index, follow, max-snippet:-1, max-image-preview:large, max-video-preview:-1\" \/>\n<link rel=\"canonical\" href=\"https:\/\/www.vsveicolispeciali.com\/de\/verkaufswagen-kaufen\/food-truck-imbisswagen-kosten\/\" \/>\n<meta property=\"og:locale\" content=\"de_DE\" \/>\n<meta property=\"og:type\" content=\"article\" \/>\n<meta property=\"og:title\" content=\"Foodtrucks kaufen\" \/>\n<meta property=\"og:description\" content=\"Foodtruck-Spezialist bietet ma\u00dfgeschneiderte L\u00f6sungen. Fordern Sie einen Kostenvoranschlag f\u00fcr die Ausstattung Ihres neuen Foodtrucks an &gt;\" \/>\n<meta property=\"og:url\" content=\"https:\/\/www.vsveicolispeciali.com\/de\/verkaufswagen-kaufen\/food-truck-imbisswagen-kosten\/\" \/>\n<meta property=\"og:site_name\" content=\"VS Veicoli Speciali\" \/>\n<meta property=\"article:publisher\" content=\"https:\/\/www.facebook.com\/VSVeicoliSpeciali.Food.Trucks\/\" \/>\n<meta property=\"article:modified_time\" content=\"2024-11-11T17:21:11+00:00\" \/>\n<meta property=\"og:image\" content=\"https:\/\/www.vsveicolispeciali.com\/wp-content\/uploads\/2019\/11\/FoodTruck-Trevor_A.jpg\" \/>\n\t<meta property=\"og:image:width\" content=\"900\" \/>\n\t<meta property=\"og:image:height\" content=\"600\" \/>\n\t<meta property=\"og:image:type\" content=\"image\/jpeg\" \/>\n<meta name=\"twitter:card\" content=\"summary_large_image\" \/>\n<meta name=\"twitter:site\" content=\"@veicolispeciali\" \/>\n<meta name=\"twitter:label1\" content=\"Gesch\u00e4tzte Lesezeit\" \/>\n\t<meta name=\"twitter:data1\" content=\"7\u00a0Minuten\" \/>\n<script type=\"application\/ld+json\" class=\"yoast-schema-graph\">{\"@context\":\"https:\/\/schema.org\",\"@graph\":[{\"@type\":\"WebPage\",\"@id\":\"https:\/\/www.vsveicolispeciali.com\/de\/verkaufswagen-kaufen\/food-truck-imbisswagen-kosten\/\",\"url\":\"https:\/\/www.vsveicolispeciali.com\/de\/verkaufswagen-kaufen\/food-truck-imbisswagen-kosten\/\",\"name\":\"Foodtrucks kaufen\",\"isPartOf\":{\"@id\":\"https:\/\/www.vsveicolispeciali.com\/de\/#website\"},\"primaryImageOfPage\":{\"@id\":\"https:\/\/www.vsveicolispeciali.com\/de\/verkaufswagen-kaufen\/food-truck-imbisswagen-kosten\/#primaryimage\"},\"image\":{\"@id\":\"https:\/\/www.vsveicolispeciali.com\/de\/verkaufswagen-kaufen\/food-truck-imbisswagen-kosten\/#primaryimage\"},\"thumbnailUrl\":\"https:\/\/www.vsveicolispeciali.com\/wp-content\/uploads\/2022\/04\/pro-x-food-truck-prezzi.jpg\",\"datePublished\":\"2015-11-20T00:09:36+00:00\",\"dateModified\":\"2024-11-11T17:21:11+00:00\",\"description\":\"Foodtruck-Spezialist bietet ma\u00dfgeschneiderte L\u00f6sungen. Fordern Sie einen Kostenvoranschlag f\u00fcr die Ausstattung Ihres neuen Foodtrucks an >\",\"breadcrumb\":{\"@id\":\"https:\/\/www.vsveicolispeciali.com\/de\/verkaufswagen-kaufen\/food-truck-imbisswagen-kosten\/#breadcrumb\"},\"inLanguage\":\"de\",\"potentialAction\":[{\"@type\":\"ReadAction\",\"target\":[\"https:\/\/www.vsveicolispeciali.com\/de\/verkaufswagen-kaufen\/food-truck-imbisswagen-kosten\/\"]}]},{\"@type\":\"ImageObject\",\"inLanguage\":\"de\",\"@id\":\"https:\/\/www.vsveicolispeciali.com\/de\/verkaufswagen-kaufen\/food-truck-imbisswagen-kosten\/#primaryimage\",\"url\":\"https:\/\/www.vsveicolispeciali.com\/wp-content\/uploads\/2022\/04\/pro-x-food-truck-prezzi.jpg\",\"contentUrl\":\"https:\/\/www.vsveicolispeciali.com\/wp-content\/uploads\/2022\/04\/pro-x-food-truck-prezzi.jpg\"},{\"@type\":\"BreadcrumbList\",\"@id\":\"https:\/\/www.vsveicolispeciali.com\/de\/verkaufswagen-kaufen\/food-truck-imbisswagen-kosten\/#breadcrumb\",\"itemListElement\":[{\"@type\":\"ListItem\",\"position\":1,\"name\":\"Home\",\"item\":\"https:\/\/www.vsveicolispeciali.com\/de\/\"},{\"@type\":\"ListItem\",\"position\":2,\"name\":\"Verkaufswagen und Streetfood-Wagen kaufen\",\"item\":\"https:\/\/www.vsveicolispeciali.com\/de\/verkaufswagen-kaufen\/\"},{\"@type\":\"ListItem\",\"position\":3,\"name\":\"FOODTRUCKS KAUFEN\"}]},{\"@type\":\"WebSite\",\"@id\":\"https:\/\/www.vsveicolispeciali.com\/de\/#website\",\"url\":\"https:\/\/www.vsveicolispeciali.com\/de\/\",\"name\":\"VS Veicoli Speciali\",\"description\":\"\",\"publisher\":{\"@id\":\"https:\/\/www.vsveicolispeciali.com\/de\/#organization\"},\"potentialAction\":[{\"@type\":\"SearchAction\",\"target\":{\"@type\":\"EntryPoint\",\"urlTemplate\":\"https:\/\/www.vsveicolispeciali.com\/de\/?s={search_term_string}\"},\"query-input\":{\"@type\":\"PropertyValueSpecification\",\"valueRequired\":true,\"valueName\":\"search_term_string\"}}],\"inLanguage\":\"de\"},{\"@type\":\"Organization\",\"@id\":\"https:\/\/www.vsveicolispeciali.com\/de\/#organization\",\"name\":\"VS Veicoli Speciali\",\"url\":\"https:\/\/www.vsveicolispeciali.com\/de\/\",\"logo\":{\"@type\":\"ImageObject\",\"inLanguage\":\"de\",\"@id\":\"https:\/\/www.vsveicolispeciali.com\/de\/#\/schema\/logo\/image\/\",\"url\":\"http:\/\/www.vsveicolispeciali.com\/wp-content\/uploads\/2015\/05\/vs_veicoli_speciali-logo.png\",\"contentUrl\":\"http:\/\/www.vsveicolispeciali.com\/wp-content\/uploads\/2015\/05\/vs_veicoli_speciali-logo.png\",\"width\":252,\"height\":134,\"caption\":\"VS Veicoli Speciali\"},\"image\":{\"@id\":\"https:\/\/www.vsveicolispeciali.com\/de\/#\/schema\/logo\/image\/\"},\"sameAs\":[\"https:\/\/www.facebook.com\/VSVeicoliSpeciali.Food.Trucks\/\",\"https:\/\/x.com\/veicolispeciali\",\"https:\/\/www.instagram.com\/vs_veicolispeciali\/\",\"https:\/\/www.linkedin.com\/company\/2811960\/\",\"https:\/\/www.pinterest.com\/streetfoodtruck\/\",\"https:\/\/www.youtube.com\/user\/veicolispeciali\"]}]}<\/script>\n<!-- \/ Yoast SEO plugin. -->","yoast_head_json":{"title":"Foodtrucks kaufen","description":"Foodtruck-Spezialist bietet ma\u00dfgeschneiderte L\u00f6sungen. Fordern Sie einen Kostenvoranschlag f\u00fcr die Ausstattung Ihres neuen Foodtrucks an >","robots":{"index":"index","follow":"follow","max-snippet":"max-snippet:-1","max-image-preview":"max-image-preview:large","max-video-preview":"max-video-preview:-1"},"canonical":"https:\/\/www.vsveicolispeciali.com\/de\/verkaufswagen-kaufen\/food-truck-imbisswagen-kosten\/","og_locale":"de_DE","og_type":"article","og_title":"Foodtrucks kaufen","og_description":"Foodtruck-Spezialist bietet ma\u00dfgeschneiderte L\u00f6sungen. Fordern Sie einen Kostenvoranschlag f\u00fcr die Ausstattung Ihres neuen Foodtrucks an >","og_url":"https:\/\/www.vsveicolispeciali.com\/de\/verkaufswagen-kaufen\/food-truck-imbisswagen-kosten\/","og_site_name":"VS Veicoli Speciali","article_publisher":"https:\/\/www.facebook.com\/VSVeicoliSpeciali.Food.Trucks\/","article_modified_time":"2024-11-11T17:21:11+00:00","og_image":[{"width":900,"height":600,"url":"https:\/\/www.vsveicolispeciali.com\/wp-content\/uploads\/2019\/11\/FoodTruck-Trevor_A.jpg","type":"image\/jpeg"}],"twitter_card":"summary_large_image","twitter_site":"@veicolispeciali","twitter_misc":{"Gesch\u00e4tzte Lesezeit":"7\u00a0Minuten"},"schema":{"@context":"https:\/\/schema.org","@graph":[{"@type":"WebPage","@id":"https:\/\/www.vsveicolispeciali.com\/de\/verkaufswagen-kaufen\/food-truck-imbisswagen-kosten\/","url":"https:\/\/www.vsveicolispeciali.com\/de\/verkaufswagen-kaufen\/food-truck-imbisswagen-kosten\/","name":"Foodtrucks kaufen","isPartOf":{"@id":"https:\/\/www.vsveicolispeciali.com\/de\/#website"},"primaryImageOfPage":{"@id":"https:\/\/www.vsveicolispeciali.com\/de\/verkaufswagen-kaufen\/food-truck-imbisswagen-kosten\/#primaryimage"},"image":{"@id":"https:\/\/www.vsveicolispeciali.com\/de\/verkaufswagen-kaufen\/food-truck-imbisswagen-kosten\/#primaryimage"},"thumbnailUrl":"https:\/\/www.vsveicolispeciali.com\/wp-content\/uploads\/2022\/04\/pro-x-food-truck-prezzi.jpg","datePublished":"2015-11-20T00:09:36+00:00","dateModified":"2024-11-11T17:21:11+00:00","description":"Foodtruck-Spezialist bietet ma\u00dfgeschneiderte L\u00f6sungen. Fordern Sie einen Kostenvoranschlag f\u00fcr die Ausstattung Ihres neuen Foodtrucks an >","breadcrumb":{"@id":"https:\/\/www.vsveicolispeciali.com\/de\/verkaufswagen-kaufen\/food-truck-imbisswagen-kosten\/#breadcrumb"},"inLanguage":"de","potentialAction":[{"@type":"ReadAction","target":["https:\/\/www.vsveicolispeciali.com\/de\/verkaufswagen-kaufen\/food-truck-imbisswagen-kosten\/"]}]},{"@type":"ImageObject","inLanguage":"de","@id":"https:\/\/www.vsveicolispeciali.com\/de\/verkaufswagen-kaufen\/food-truck-imbisswagen-kosten\/#primaryimage","url":"https:\/\/www.vsveicolispeciali.com\/wp-content\/uploads\/2022\/04\/pro-x-food-truck-prezzi.jpg","contentUrl":"https:\/\/www.vsveicolispeciali.com\/wp-content\/uploads\/2022\/04\/pro-x-food-truck-prezzi.jpg"},{"@type":"BreadcrumbList","@id":"https:\/\/www.vsveicolispeciali.com\/de\/verkaufswagen-kaufen\/food-truck-imbisswagen-kosten\/#breadcrumb","itemListElement":[{"@type":"ListItem","position":1,"name":"Home","item":"https:\/\/www.vsveicolispeciali.com\/de\/"},{"@type":"ListItem","position":2,"name":"Verkaufswagen und Streetfood-Wagen kaufen","item":"https:\/\/www.vsveicolispeciali.com\/de\/verkaufswagen-kaufen\/"},{"@type":"ListItem","position":3,"name":"FOODTRUCKS KAUFEN"}]},{"@type":"WebSite","@id":"https:\/\/www.vsveicolispeciali.com\/de\/#website","url":"https:\/\/www.vsveicolispeciali.com\/de\/","name":"VS Veicoli Speciali","description":"","publisher":{"@id":"https:\/\/www.vsveicolispeciali.com\/de\/#organization"},"potentialAction":[{"@type":"SearchAction","target":{"@type":"EntryPoint","urlTemplate":"https:\/\/www.vsveicolispeciali.com\/de\/?s={search_term_string}"},"query-input":{"@type":"PropertyValueSpecification","valueRequired":true,"valueName":"search_term_string"}}],"inLanguage":"de"},{"@type":"Organization","@id":"https:\/\/www.vsveicolispeciali.com\/de\/#organization","name":"VS Veicoli Speciali","url":"https:\/\/www.vsveicolispeciali.com\/de\/","logo":{"@type":"ImageObject","inLanguage":"de","@id":"https:\/\/www.vsveicolispeciali.com\/de\/#\/schema\/logo\/image\/","url":"http:\/\/www.vsveicolispeciali.com\/wp-content\/uploads\/2015\/05\/vs_veicoli_speciali-logo.png","contentUrl":"http:\/\/www.vsveicolispeciali.com\/wp-content\/uploads\/2015\/05\/vs_veicoli_speciali-logo.png","width":252,"height":134,"caption":"VS Veicoli Speciali"},"image":{"@id":"https:\/\/www.vsveicolispeciali.com\/de\/#\/schema\/logo\/image\/"},"sameAs":["https:\/\/www.facebook.com\/VSVeicoliSpeciali.Food.Trucks\/","https:\/\/x.com\/veicolispeciali","https:\/\/www.instagram.com\/vs_veicolispeciali\/","https:\/\/www.linkedin.com\/company\/2811960\/","https:\/\/www.pinterest.com\/streetfoodtruck\/","https:\/\/www.youtube.com\/user\/veicolispeciali"]}]}},"_links":{"self":[{"href":"https:\/\/www.vsveicolispeciali.com\/de\/wp-json\/wp\/v2\/pages\/7686"}],"collection":[{"href":"https:\/\/www.vsveicolispeciali.com\/de\/wp-json\/wp\/v2\/pages"}],"about":[{"href":"https:\/\/www.vsveicolispeciali.com\/de\/wp-json\/wp\/v2\/types\/page"}],"author":[{"embeddable":true,"href":"https:\/\/www.vsveicolispeciali.com\/de\/wp-json\/wp\/v2\/users\/1001012"}],"replies":[{"embeddable":true,"href":"https:\/\/www.vsveicolispeciali.com\/de\/wp-json\/wp\/v2\/comments?post=7686"}],"version-history":[{"count":23,"href":"https:\/\/www.vsveicolispeciali.com\/de\/wp-json\/wp\/v2\/pages\/7686\/revisions"}],"predecessor-version":[{"id":27010,"href":"https:\/\/www.vsveicolispeciali.com\/de\/wp-json\/wp\/v2\/pages\/7686\/revisions\/27010"}],"up":[{"embeddable":true,"href":"https:\/\/www.vsveicolispeciali.com\/de\/wp-json\/wp\/v2\/pages\/7552"}],"wp:attachment":[{"href":"https:\/\/www.vsveicolispeciali.com\/de\/wp-json\/wp\/v2\/media?parent=7686"}],"curies":[{"name":"wp","href":"https:\/\/api.w.org\/{rel}","templated":true}]}}