{"id":7599,"date":"2017-11-03T12:02:14","date_gmt":"2017-11-03T11:02:14","guid":{"rendered":"http:\/\/www.vsveicolispeciali.com\/noleggio-food-truck-affitto-autonegozio\/"},"modified":"2024-09-27T11:23:52","modified_gmt":"2024-09-27T09:23:52","slug":"vermietung-piaggio-food-truck-mieten","status":"publish","type":"page","link":"https:\/\/www.vsveicolispeciali.com\/de\/vermietung-piaggio-food-truck-mieten\/","title":{"rendered":"Vermietung von Piaggio Food Trucks und Imbissanh\u00e4ngers"},"content":{"rendered":"<div class=\"wpb-content-wrapper\"><p>[vc_row css_animation=&#8220;&#8220; row_type=&#8220;row&#8220; use_row_as_full_screen_section=&#8220;no&#8220; type=&#8220;grid&#8220; angled_section=&#8220;no&#8220; text_align=&#8220;left&#8220; background_image_as_pattern=&#8220;without_pattern&#8220;][vc_column][vc_empty_space height=&#8220;90px&#8220;][vc_row_inner row_type=&#8220;row&#8220; type=&#8220;grid&#8220; text_align=&#8220;left&#8220; row_negative_margin=&#8220;disable_negative_margin&#8220; css_animation=&#8220;&#8220;][vc_column_inner]<div class=\"custom_font_holder\" style=\" font-size: 26px; line-height: 44px; font-style: normal; font-weight: 300; color: #006aa7; text-decoration: none; text-align: center;\">\n<h2>MIETEN SIE EINEN FOOD TRUCK ODER EINE GANZE FLOTTE<\/h2>\n<\/div>[vc_separator type=&#8220;small&#8220; position=&#8220;center&#8220;]<div class=\"custom_font_holder\" style=\" font-size: 20px; line-height: 34px; font-style: normal; font-weight: 300; text-decoration: none; text-align: center;\">VS Veicoli Speciali bietet die M\u00f6glichkeit zu <strong>mieten Piaggio Ape und Aircrome Anh\u00e4nger<\/strong> f\u00fcr <a href=\"https:\/\/www.vsveicolispeciali.com\/de\/street-food\/\" target=\"_blank\" rel=\"noopener\">Street-Food<\/a>, Catering, Messen, Werbeaktivit\u00e4ten und Veranstaltungen. Sie k\u00f6nnen einen oder mehrere Imbisswagen und Verkaufswagen f\u00fcr den gew\u00fcnschten Zeitraum.<\/div>[\/vc_column_inner][\/vc_row_inner][vc_empty_space height=&#8220;60px&#8220;][vc_text_separator title=&#8220;W\u00c4HLE WELCHE AUS&#8220; i_icon_monosocial=&#8220;vc-mono vc-mono-heart&#8220; css_animation=&#8220;bounceInDown&#8220; border=&#8220;yes&#8220; border_color=&#8220;#ececec&#8220; title_color=&#8220;#006aa7&#8243; background_color=&#8220;#ffffff&#8220;][vc_empty_space height=&#8220;20px&#8220;][vc_row_inner row_type=&#8220;row&#8220; type=&#8220;grid&#8220; text_align=&#8220;center&#8220; css_animation=&#8220;&#8220; el_class=&#8220;nascondi&#8220;][vc_column_inner width=&#8220;1\/3&#8243;]<div class='q_icon_with_title large normal_icon center '><div class=\"icon_holder q_icon_animation\" style=\" \"><span data-icon-type=\"normal\"   style=\"\" class=\"qode_iwt_icon_holder q_font_awsome_icon fa-4x  \"><i class=\"qode_icon_font_awesome fa fa-clock-o qode_iwt_icon_element\" style=\"\" ><\/i><\/span><\/div><div class=\"icon_text_holder\" style=\"\"><div class=\"icon_text_inner\" style=\"\"><h5 class=\"icon_title\" style=\"color: #818181;\">t\u00e4gliche Miete<\/h5><p style=''><\/p><\/div><\/div><\/div>[vc_empty_space height=&#8220;40px&#8220;][\/vc_column_inner][vc_column_inner width=&#8220;1\/3&#8243;]<div class='q_icon_with_title large normal_icon center '><div class=\"icon_holder q_icon_animation\" style=\" \"><span data-icon-type=\"normal\"   style=\"\" class=\"qode_iwt_icon_holder q_font_awsome_icon fa-4x  \"><i class=\"qode_icon_font_awesome fa fa-calendar-o qode_iwt_icon_element\" style=\"\" ><\/i><\/span><\/div><div class=\"icon_text_holder\" style=\"\"><div class=\"icon_text_inner\" style=\"\"><h5 class=\"icon_title\" style=\"color: #818181;\">w\u00f6chentliche Miete<\/h5><p style=''><\/p><\/div><\/div><\/div>[vc_empty_space height=&#8220;40px&#8220;][\/vc_column_inner][vc_column_inner width=&#8220;1\/3&#8243;]<div class='q_icon_with_title large normal_icon center '><div class=\"icon_holder q_icon_animation\" style=\" \"><span data-icon-type=\"normal\"   style=\"\" class=\"qode_iwt_icon_holder q_font_awsome_icon fa-4x  \"><i class=\"qode_icon_font_awesome fa fa-calendar qode_iwt_icon_element\" style=\"\" ><\/i><\/span><\/div><div class=\"icon_text_holder\" style=\"\"><div class=\"icon_text_inner\" style=\"\"><h5 class=\"icon_title\" style=\"color: #818181;\">monatliche Miete<\/h5><p style=''><\/p><\/div><\/div><\/div>[vc_empty_space height=&#8220;40px&#8220;][\/vc_column_inner][\/vc_row_inner][\/vc_column][\/vc_row][vc_row css_animation=&#8220;&#8220; row_type=&#8220;row&#8220; use_row_as_full_screen_section=&#8220;no&#8220; type=&#8220;grid&#8220; angled_section=&#8220;no&#8220; text_align=&#8220;left&#8220; background_image_as_pattern=&#8220;without_pattern&#8220; row_negative_margin=&#8220;disable_negative_margin&#8220;][vc_column width=&#8220;1\/2&#8243;][vc_gallery type=&#8220;flexslider_slide&#8220; interval=&#8220;0&#8243; images=&#8220;7600,7606,7605&#8243; img_size=&#8220;full&#8220; css_animation=&#8220;none&#8220; direction_nav=&#8220;no&#8220; control_nav=&#8220;yes&#8220;]<div class=\"custom_font_holder\" style=\" font-size: 26px; line-height: 44px; font-style: normal; font-weight: 300; color: #006aa7; text-decoration: none; text-align: left;\">APE V-CURVE<\/div>[vc_column_text]Das <strong>V-Curve Piaggio Ape<\/strong> in Verkaufswagen f\u00fcr Street-Food umgewandelt ist ein Fahrzeug von gro\u00dfem Charme mit einem Vintage-Geschmack. Es ist nicht nur wegen seiner \u00e4sthetischen Qualit\u00e4ten, sondern auch wegen seiner technischen Ausstattung und seiner Flexibilit\u00e4t <strong>sehr gefragt<\/strong>. Es kann in den verschiedensten Kontexten verwendet werden: Feste von Street-Food, \u00f6ffentliche Veranstaltungen, private Veranstaltungen, Catering und Werbetouren.[\/vc_column_text][vc_separator type=&#8220;transparent&#8220; up=&#8220;20&#8243; down=&#8220;20&#8243;]<div class=\"qode-accordion-holder clearfix qode-toggle qode-initial \">\n\t<h3 class=\"clearfix qode-title-holder\">\n<span class=\"qode-tab-title\">\n\t\t\t<span class=\"qode-tab-title-icon\">\n\t\t\t<i class=\"qode_icon_font_awesome fa fa-cogs \" ><\/i>\t\t<\/span>\n\t    <span class=\"qode-tab-title-inner\">\n        TECHNISCHE MERKMALE    <\/span>\n<\/span>\n<span class=\"qode-accordion-mark\">\n    <span class=\"qode-accordion-mark-icon\">\n        <span class=\"icon_plus\"><\/span>\n        <span class=\"icon_minus-06\"><\/span>\n    <\/span>\n<\/span>\n<\/h3>\n<div  class=\"qode-accordion-content qode-acc-title-with-icon\" style=\"background-image: url(https:\/\/www.vsveicolispeciali.com\/wp-content\/uploads\/2015\/05\/vs_veicoli-speciali_brevetto_t-curve.png)\">\n    <div class=\"qode-accordion-content-inner\">\n        [vc_column_text][vc_separator type=&#8217;normal&#8216; position=&#8217;center&#8216; color=&#8220; thickness=&#8217;1&#8242; up=&#8217;0&#8242; down=&#8217;0&#8242;]<\/p>\n<p>Wei\u00dfe Farbe<\/p>\n<p>[vc_separator type=&#8217;normal&#8216; position=&#8217;center&#8216; color=&#8220; thickness=&#8217;1&#8242; up=&#8217;0&#8242; down=&#8217;0&#8242;]<\/p>\n<p>K\u00fcchenbereiche mit Dunstabzugshaube<\/p>\n<p>[vc_separator type=&#8217;normal&#8216; position=&#8217;center&#8216; color=&#8220; thickness=&#8217;1&#8242; up=&#8217;0&#8242; down=&#8217;0&#8242;]<\/p>\n<p>n\u00b02 K\u00fchlschr\u00e4nke 1 T\u00fcr von ca. 150lt jeder<\/p>\n<p>[vc_separator type=&#8217;normal&#8216; position=&#8217;center&#8216; color=&#8220; thickness=&#8217;1&#8242; up=&#8217;0&#8242; down=&#8217;0&#8242;]<\/p>\n<p>Einbausp\u00fcle mit autonomen Wassersystem mit hei\u00dfem Wasser<\/p>\n<p>[vc_separator type=&#8217;normal&#8216; position=&#8217;center&#8216; color=&#8220; thickness=&#8217;1&#8242; up=&#8217;0&#8242; down=&#8217;0&#8242;]<\/p>\n<p>Elektrisches System 220V 32A mit Lebensretter<\/p>\n<p>[vc_separator type=&#8217;normal&#8216; position=&#8217;center&#8216; color=&#8220; thickness=&#8217;1&#8242; up=&#8217;0&#8242; down=&#8217;0&#8242;]<\/p>\n<p>LED-Beleuchtung<\/p>\n<p>[vc_separator type=&#8217;normal&#8216; position=&#8217;center&#8216; color=&#8220; thickness=&#8217;1&#8242; up=&#8217;0&#8242; down=&#8217;0&#8242;][\/vc_column_text]    <\/div>\n<\/div><\/div>[\/vc_column][vc_column width=&#8220;1\/2&#8243;][vc_gallery type=&#8220;flexslider_slide&#8220; interval=&#8220;0&#8243; images=&#8220;26444,26440&#8243; img_size=&#8220;full&#8220; css_animation=&#8220;none&#8220; direction_nav=&#8220;no&#8220; control_nav=&#8220;yes&#8220;]<div class=\"custom_font_holder\" style=\" font-size: 26px; line-height: 44px; font-style: normal; font-weight: 300; color: #006aa7; text-decoration: none; text-align: left;\">AIRCROME ANH\u00c4NGER<\/div>[vc_column_text]Der <strong>Aircrome<\/strong>\u00a0ist ein Anh\u00e4nger, der in eine mobile K\u00fcche umgebaut wurde. Sein Design ist vom Airstream inspiriert, dem kultigen amerikanischen Wohnwagen aus den 30ern. Ausgestattet mit einer K\u00fcche, die \u00fcber alles verf\u00fcgt, kann er von herk\u00f6mmlichen Autos gezogen werden, um einen Bar- und Restaurantservice im privaten Rahmen ebenso wie an Festivals und \u00f6ffentlichen Veranstaltungen anzubieten.[\/vc_column_text][vc_separator type=&#8220;transparent&#8220; up=&#8220;20&#8243; down=&#8220;20&#8243;]<div class=\"qode-accordion-holder clearfix qode-toggle qode-initial \">\n\t<h3 class=\"clearfix qode-title-holder\">\n<span class=\"qode-tab-title\">\n\t\t\t<span class=\"qode-tab-title-icon\">\n\t\t\t<i class=\"qode_icon_font_awesome fa fa-cogs \" ><\/i>\t\t<\/span>\n\t    <span class=\"qode-tab-title-inner\">\n        TECHNISCHE MERKMALE    <\/span>\n<\/span>\n<span class=\"qode-accordion-mark\">\n    <span class=\"qode-accordion-mark-icon\">\n        <span class=\"icon_plus\"><\/span>\n        <span class=\"icon_minus-06\"><\/span>\n    <\/span>\n<\/span>\n<\/h3>\n<div  class=\"qode-accordion-content qode-acc-title-with-icon\" >\n    <div class=\"qode-accordion-content-inner\">\n        [vc_column_text][vc_separator type=&#8217;normal&#8216; position=&#8217;center&#8216; color=&#8220; thickness=&#8217;1&#8242; up=&#8217;0&#8242; down=&#8217;0&#8242;]<\/p>\n<p>Aircrome-Doppelachse<\/p>\n<p>[vc_separator type=&#8217;normal&#8216; position=&#8217;center&#8216; color=&#8220; thickness=&#8217;1&#8242; up=&#8217;0&#8242; down=&#8217;0&#8242;]<\/p>\n<p>Doppelwaschbecken mit unabh\u00e4ngiger Wasserversorgung mit Warmwasser<\/p>\n<p>[vc_separator type=&#8217;normal&#8216; position=&#8217;center&#8216; color=&#8220; thickness=&#8217;1&#8242; up=&#8217;0&#8242; down=&#8217;0&#8242;]<\/p>\n<p>dreit\u00fcriger K\u00fchlschrank<\/p>\n<p>[vc_separator type=&#8217;normal&#8216; position=&#8217;center&#8216; color=&#8220; thickness=&#8217;1&#8242; up=&#8217;0&#8242; down=&#8217;0&#8242;]<\/p>\n<p>elektrische Anlage mit Sicherung 220 V 32 A<\/p>\n<p>[vc_separator type=&#8217;normal&#8216; position=&#8217;center&#8216; color=&#8220; thickness=&#8217;1&#8242; up=&#8217;0&#8242; down=&#8217;0&#8242;]<\/p>\n<p>LED-Beleuchtung mit 4 Leisten<\/p>\n<p>[vc_separator type=&#8217;normal&#8216; position=&#8217;center&#8216; color=&#8220; thickness=&#8217;1&#8242; up=&#8217;0&#8242; down=&#8217;0&#8242;]<\/p>\n<p>Kochbereich mit einer 1,8 Meter langen Dunstabzugshaube<\/p>\n<p>[vc_separator type=&#8217;normal&#8216; position=&#8217;center&#8216; color=&#8220; thickness=&#8217;1&#8242; up=&#8217;0&#8242; down=&#8217;0&#8242;]<\/p>\n<p>Gasanlage<\/p>\n<p>[vc_separator type=&#8217;normal&#8216; position=&#8217;center&#8216; color=&#8220; thickness=&#8217;1&#8242; up=&#8217;0&#8242; down=&#8217;0&#8242;][\/vc_column_text]    <\/div>\n<\/div><\/div>[\/vc_column][\/vc_row][vc_row css_animation=&#8220;&#8220; row_type=&#8220;row&#8220; use_row_as_full_screen_section=&#8220;no&#8220; type=&#8220;grid&#8220; angled_section=&#8220;no&#8220; text_align=&#8220;center&#8220; background_image_as_pattern=&#8220;without_pattern&#8220; row_negative_margin=&#8220;disable_negative_margin&#8220;][vc_column][vc_empty_space height=&#8220;100px&#8220;][vc_text_separator title=&#8220;WIE MAN EINEN FOOD TRUCK MIETET&#8220; i_icon_monosocial=&#8220;vc-mono vc-mono-heart&#8220; css_animation=&#8220;bounceInDown&#8220; border=&#8220;yes&#8220; border_color=&#8220;#ececec&#8220; title_color=&#8220;#006aa7&#8243; background_color=&#8220;#ffffff&#8220;][vc_empty_space height=&#8220;20px&#8220;]<div class=\"custom_font_holder\" style=\" font-size: 20px; line-height: 34px; font-style: normal; font-weight: 300; text-decoration: none; text-align: center;\"><strong>Das Mieten Ihres Food Truck<\/strong> ist sehr einfach und schnell. F\u00fcllen Sie das <strong>Formular<\/strong> aus, geben Sie die Anzahl der gew\u00fcnschten <a href=\"https:\/\/www.vsveicolispeciali.com\/de\/verkaufswagen-kaufen\/\" target=\"_blank\" rel=\"noopener\">Streefood-Wagen<\/a> und die genaue Frist der Anfrage an. Wir werden Ihnen in k\u00fcrzester Zeit antworten und Ihnen <strong>Verf\u00fcgbarkeit<\/strong> und <strong>Kostenvoranschlag<\/strong> mitteilen.<\/div>[vc_empty_space height=&#8220;60px&#8220;][vc_row_inner row_type=&#8220;row&#8220; type=&#8220;full_width&#8220; text_align=&#8220;left&#8220; css_animation=&#8220;&#8220;][vc_column_inner offset=&#8220;vc_col-lg-offset-2 vc_col-lg-8&#8243;]\n<div class=\"wpcf7 no-js\" id=\"wpcf7-f7646-o1\" lang=\"it-IT\" dir=\"ltr\">\n<div class=\"screen-reader-response\"><p role=\"status\" aria-live=\"polite\" aria-atomic=\"true\"><\/p> <ul><\/ul><\/div>\n<form action=\"\/de\/wp-json\/wp\/v2\/pages\/7599#wpcf7-f7646-o1\" method=\"post\" class=\"wpcf7-form init cf7_custom_style_1\" aria-label=\"Modulo di contatto\" novalidate=\"novalidate\" data-status=\"init\">\n<div style=\"display: none;\">\n<input type=\"hidden\" name=\"_wpcf7\" value=\"7646\" \/>\n<input type=\"hidden\" name=\"_wpcf7_version\" value=\"5.9.8\" \/>\n<input type=\"hidden\" name=\"_wpcf7_locale\" value=\"it_IT\" \/>\n<input type=\"hidden\" name=\"_wpcf7_unit_tag\" value=\"wpcf7-f7646-o1\" \/>\n<input type=\"hidden\" name=\"_wpcf7_container_post\" value=\"0\" \/>\n<input type=\"hidden\" name=\"_wpcf7_posted_data_hash\" value=\"\" \/>\n<input type=\"hidden\" name=\"_wpcf7_recaptcha_response\" value=\"\" \/>\n<\/div>\n<p class=\"input-p\"><span class=\"wpcf7-form-control-wrap\" data-name=\"your-name\"><input size=\"40\" maxlength=\"400\" class=\"wpcf7-form-control wpcf7-text wpcf7-validates-as-required input-vs\" aria-required=\"true\" aria-invalid=\"false\" placeholder=\"Vor- und Nachname*\" value=\"\" type=\"text\" name=\"your-name\" \/><\/span>\n<\/p>\n<p class=\"input-p\"><span class=\"wpcf7-form-control-wrap\" data-name=\"your-email\"><input size=\"40\" maxlength=\"400\" class=\"wpcf7-form-control wpcf7-email wpcf7-validates-as-required wpcf7-text wpcf7-validates-as-email input-vs\" aria-required=\"true\" aria-invalid=\"false\" placeholder=\"E-mail*\" value=\"\" type=\"email\" name=\"your-email\" \/><\/span>\n<\/p>\n<p class=\"input-p\"><span class=\"wpcf7-form-control-wrap\" data-name=\"your-vat\"><input size=\"40\" maxlength=\"400\" class=\"wpcf7-form-control wpcf7-text wpcf7-validates-as-required input-vs\" aria-required=\"true\" aria-invalid=\"false\" placeholder=\"VAT \/ F.C.*\" value=\"\" type=\"text\" name=\"your-vat\" \/><\/span>\n<\/p>\n<p class=\"input-p\"><span class=\"wpcf7-form-control-wrap\" data-name=\"your-location\"><input size=\"40\" maxlength=\"400\" class=\"wpcf7-form-control wpcf7-text wpcf7-validates-as-required input-vs\" aria-required=\"true\" aria-invalid=\"false\" placeholder=\"Stadt und \/ oder Veranstaltung*\" value=\"\" type=\"text\" name=\"your-location\" \/><\/span>\n<\/p>\n<p class=\"input-p\"><span class=\"wpcf7-form-control-wrap\" data-name=\"date-690\"><input class=\"wpcf7-form-control wpcf7-date wpcf7-validates-as-required wpcf7-validates-as-date input-vs\" aria-required=\"true\" aria-invalid=\"false\" placeholder=\"Von*\" value=\"\" type=\"date\" name=\"date-690\" \/><\/span>\n<\/p>\n<p class=\"input-p\"><span class=\"wpcf7-form-control-wrap\" data-name=\"date-691\"><input class=\"wpcf7-form-control wpcf7-date wpcf7-validates-as-required wpcf7-validates-as-date input-vs\" aria-required=\"true\" aria-invalid=\"false\" placeholder=\"Beim*\" value=\"\" type=\"date\" name=\"date-691\" \/><\/span>\n<\/p>\n<p class=\"input-p\"><span class=\"wpcf7-form-control-wrap\" data-name=\"menu-746\"><select class=\"wpcf7-form-control wpcf7-select wpcf7-validates-as-required input-vs\" aria-required=\"true\" aria-invalid=\"false\" name=\"menu-746\"><option value=\"W\u00e4hlen Sie den Typ aus*\">W\u00e4hlen Sie den Typ aus*<\/option><option value=\"Ape V-Curve\">Ape V-Curve<\/option><option value=\"Ape Calessino\">Ape Calessino<\/option><\/select><\/span>\n<\/p>\n<p class=\"input-p\"><span class=\"wpcf7-form-control-wrap\" data-name=\"number-25\"><input class=\"wpcf7-form-control wpcf7-number wpcf7-validates-as-required wpcf7-validates-as-number input-vs\" min=\"1\" aria-required=\"true\" aria-invalid=\"false\" placeholder=\"Anzahl der Ape\" value=\"\" type=\"number\" name=\"number-25\" \/><\/span>\n<\/p>\n<p class=\"input-p\" style=\"width: 100% !important;\"><span class=\"wpcf7-form-control-wrap\" data-name=\"menu-747\"><select class=\"wpcf7-form-control wpcf7-select wpcf7-validates-as-required input-vs\" aria-required=\"true\" aria-invalid=\"false\" name=\"menu-747\"><option value=\"Transport inbegriffen?*\">Transport inbegriffen?*<\/option><option value=\"JA\">JA<\/option><option value=\"NEIN\">NEIN<\/option><\/select><\/span>\n<\/p>\n<p><span class=\"wpcf7-form-control-wrap\" data-name=\"your-message\"><textarea cols=\"40\" rows=\"10\" maxlength=\"2000\" class=\"wpcf7-form-control wpcf7-textarea textarea-vs\" aria-invalid=\"false\" placeholder=\"Botschaft\" name=\"your-message\"><\/textarea><\/span>\n<\/p>\n<p>\n<span class=\"wpcf7-form-control-wrap recaptcha\" data-name=\"recaptcha\"><span data-sitekey=\"6LeIiZwiAAAAACd2pPtYD2wU4T4tbozMDQosefFn\" class=\"wpcf7-form-control wpcf7-recaptcha g-recaptcha\"><\/span>\r\n<noscript>\r\n\t<div class=\"grecaptcha-noscript\">\r\n\t\t<iframe loading=\"lazy\" src=\"https:\/\/www.google.com\/recaptcha\/api\/fallback?k=6LeIiZwiAAAAACd2pPtYD2wU4T4tbozMDQosefFn\" frameborder=\"0\" scrolling=\"no\" width=\"310\" height=\"430\">\r\n\t\t<\/iframe>\r\n\t\t<textarea name=\"g-recaptcha-response\" rows=\"3\" cols=\"40\" placeholder=\"reCaptcha Response Here\">\r\n\t\t<\/textarea>\r\n\t<\/div>\r\n<\/noscript>\r\n<\/span>\n<\/p>\n<p><span class=\"wpcf7-form-control-wrap\" data-name=\"trattamentodati\"><span class=\"wpcf7-form-control wpcf7-acceptance\"><span class=\"wpcf7-list-item\"><label><input type=\"checkbox\" name=\"trattamentodati\" value=\"1\" class=\"privacy-p\" aria-invalid=\"false\" \/><span class=\"wpcf7-list-item-label\">Ich stimme der Verarbeitung meiner personenbezogenen Daten gem\u00e4\u00df der Datenschutzrichtlinie angegeben zu. Um mehr zu erfahren, <a href=\"\/de\/datenschutzerklaerung\/\" target=\"_blank\" rel=\"noopener\">klicken Sie bitte hier<\/a>.<\/span><\/label><\/span><\/span><\/span>\n<\/p>\n<p><input class=\"wpcf7-form-control wpcf7-submit has-spinner submit-invia\" type=\"submit\" value=\"Senden\" \/>\n<\/p><div class=\"wpcf7-response-output\" aria-hidden=\"true\"><\/div>\n<\/form>\n<\/div>\n[\/vc_column_inner][\/vc_row_inner]<a  itemprop=\"url\" href=\"http:\/\/www.vsveicolispeciali.com\/wp-content\/uploads\/2017\/11\/Condizioni-noleggio-VS-Veicoli-Speciali_.pdf\" target=\"_blank\"  class=\"qbutton  center default\" style=\"margin: 50px 0 0 0; \">F\u00dcR INFORMATIONEN ZU DEN MIETBEDINGUNGEN KLICKEN SIE HIER<i class=\"qode_icon_font_awesome fa fa-download qode_button_icon_element\" style=\"\" ><\/i><\/a>[vc_empty_space height=&#8220;120px&#8220;][\/vc_column][\/vc_row][vc_row css_animation=&#8220;&#8220; row_type=&#8220;row&#8220; use_row_as_full_screen_section=&#8220;no&#8220; type=&#8220;full_width&#8220; angled_section=&#8220;no&#8220; text_align=&#8220;left&#8220; background_image_as_pattern=&#8220;without_pattern&#8220; el_class=&#8220;nascondi&#8220;][vc_column]<div class=\"call_to_action normal\" style=\"padding-top: 40px;padding-bottom: 40px;\"><div class=\"container_inner\"><div class=\"two_columns_75_25 clearfix\"><div class=\"text_wrapper column1\"><div class=\"call_to_action_text  font_size_inherit font_weight_inherit\" style=\"font-size:18px;font-weight: 300;\">F\u00fcr Informationen zu den Mietbedingungen klicken Sie hier <a style=\"color: #ffffff; text-decoration: none;\" href=\"mailto:noleggio@vsveicolispeciali.com\">noleggio@vsveicolispeciali.com<\/a><\/div><\/div><div class=\"button_wrapper column2\"><a itemprop=\"url\" href=\"mailto:noleggio@vsveicolispeciali.com\" class=\"qbutton white \" target=\"\" style=\"\">Contattaci<\/a><\/div><\/div><\/div><\/div>[\/vc_column][\/vc_row]<\/p>\n<\/div>","protected":false},"excerpt":{"rendered":"<p>[vc_row css_animation=&#8220;&#8220; row_type=&#8220;row&#8220; use_row_as_full_screen_section=&#8220;no&#8220; type=&#8220;grid&#8220; angled_section=&#8220;no&#8220; text_align=&#8220;left&#8220; background_image_as_pattern=&#8220;without_pattern&#8220;][vc_column][vc_empty_space height=&#8220;90px&#8220;][vc_row_inner row_type=&#8220;row&#8220; type=&#8220;grid&#8220; text_align=&#8220;left&#8220; row_negative_margin=&#8220;disable_negative_margin&#8220; css_animation=&#8220;&#8220;][vc_column_inner][vc_separator type=&#8220;small&#8220; position=&#8220;center&#8220;][\/vc_column_inner][\/vc_row_inner][vc_empty_space height=&#8220;60px&#8220;][vc_text_separator title=&#8220;W\u00c4HLE WELCHE AUS&#8220; i_icon_monosocial=&#8220;vc-mono vc-mono-heart&#8220; css_animation=&#8220;bounceInDown&#8220; border=&#8220;yes&#8220; border_color=&#8220;#ececec&#8220; title_color=&#8220;#006aa7&#8243; background_color=&#8220;#ffffff&#8220;][vc_empty_space height=&#8220;20px&#8220;][vc_row_inner row_type=&#8220;row&#8220; type=&#8220;grid&#8220; text_align=&#8220;center&#8220; css_animation=&#8220;&#8220; el_class=&#8220;nascondi&#8220;][vc_column_inner width=&#8220;1\/3&#8243;][vc_empty_space height=&#8220;40px&#8220;][\/vc_column_inner][vc_column_inner width=&#8220;1\/3&#8243;][vc_empty_space height=&#8220;40px&#8220;][\/vc_column_inner][vc_column_inner width=&#8220;1\/3&#8243;][vc_empty_space height=&#8220;40px&#8220;][\/vc_column_inner][\/vc_row_inner][\/vc_column][\/vc_row][vc_row css_animation=&#8220;&#8220; row_type=&#8220;row&#8220; use_row_as_full_screen_section=&#8220;no&#8220; type=&#8220;grid&#8220; angled_section=&#8220;no&#8220; text_align=&#8220;left&#8220;&#8230;<\/p>\n","protected":false},"author":1001012,"featured_media":0,"parent":0,"menu_order":4,"comment_status":"closed","ping_status":"closed","template":"full_width.php","meta":{"footnotes":""},"class_list":["post-7599","page","type-page","status-publish","hentry"],"yoast_head":"<!-- This site is optimized with the Yoast SEO plugin v25.4 - https:\/\/yoast.com\/wordpress\/plugins\/seo\/ -->\n<title>Vermietung von Piaggio Foodtrucks und Imbissanh\u00e4ngers<\/title>\n<meta name=\"description\" content=\"Einfach Mieten Sie Ihren Foodtruck f\u00fcr Street-Food Aktivit\u00e4t, Catering, \u00f6ffentliche und private Veranstaltungen, Werbetouren-Werbekampagnen &gt;\" \/>\n<meta name=\"robots\" content=\"index, follow, max-snippet:-1, max-image-preview:large, max-video-preview:-1\" \/>\n<link rel=\"canonical\" href=\"https:\/\/www.vsveicolispeciali.com\/de\/vermietung-piaggio-food-truck-mieten\/\" \/>\n<meta property=\"og:locale\" content=\"de_DE\" \/>\n<meta property=\"og:type\" content=\"article\" \/>\n<meta property=\"og:title\" content=\"Vermietung von Piaggio Foodtrucks und Imbissanh\u00e4ngers\" \/>\n<meta property=\"og:description\" content=\"Einfach Mieten Sie Ihren Foodtruck f\u00fcr Street-Food Aktivit\u00e4t, Catering, \u00f6ffentliche und private Veranstaltungen, Werbetouren-Werbekampagnen &gt;\" \/>\n<meta property=\"og:url\" content=\"https:\/\/www.vsveicolispeciali.com\/de\/vermietung-piaggio-food-truck-mieten\/\" \/>\n<meta property=\"og:site_name\" content=\"VS Veicoli Speciali\" \/>\n<meta property=\"article:publisher\" content=\"https:\/\/www.facebook.com\/VSVeicoliSpeciali.Food.Trucks\/\" \/>\n<meta property=\"article:modified_time\" content=\"2024-09-27T09:23:52+00:00\" \/>\n<meta name=\"twitter:card\" content=\"summary_large_image\" \/>\n<meta name=\"twitter:site\" content=\"@veicolispeciali\" \/>\n<meta name=\"twitter:label1\" content=\"Gesch\u00e4tzte Lesezeit\" \/>\n\t<meta name=\"twitter:data1\" content=\"5\u00a0Minuten\" \/>\n<script type=\"application\/ld+json\" class=\"yoast-schema-graph\">{\"@context\":\"https:\/\/schema.org\",\"@graph\":[{\"@type\":\"WebPage\",\"@id\":\"https:\/\/www.vsveicolispeciali.com\/de\/vermietung-piaggio-food-truck-mieten\/\",\"url\":\"https:\/\/www.vsveicolispeciali.com\/de\/vermietung-piaggio-food-truck-mieten\/\",\"name\":\"Vermietung von Piaggio Foodtrucks und Imbissanh\u00e4ngers\",\"isPartOf\":{\"@id\":\"https:\/\/www.vsveicolispeciali.com\/de\/#website\"},\"datePublished\":\"2017-11-03T11:02:14+00:00\",\"dateModified\":\"2024-09-27T09:23:52+00:00\",\"description\":\"Einfach Mieten Sie Ihren Foodtruck f\u00fcr Street-Food Aktivit\u00e4t, Catering, \u00f6ffentliche und private Veranstaltungen, Werbetouren-Werbekampagnen >\",\"breadcrumb\":{\"@id\":\"https:\/\/www.vsveicolispeciali.com\/de\/vermietung-piaggio-food-truck-mieten\/#breadcrumb\"},\"inLanguage\":\"de\",\"potentialAction\":[{\"@type\":\"ReadAction\",\"target\":[\"https:\/\/www.vsveicolispeciali.com\/de\/vermietung-piaggio-food-truck-mieten\/\"]}]},{\"@type\":\"BreadcrumbList\",\"@id\":\"https:\/\/www.vsveicolispeciali.com\/de\/vermietung-piaggio-food-truck-mieten\/#breadcrumb\",\"itemListElement\":[{\"@type\":\"ListItem\",\"position\":1,\"name\":\"Home\",\"item\":\"https:\/\/www.vsveicolispeciali.com\/de\/\"},{\"@type\":\"ListItem\",\"position\":2,\"name\":\"Vermietung von Piaggio Food Trucks und Imbissanh\u00e4ngers\"}]},{\"@type\":\"WebSite\",\"@id\":\"https:\/\/www.vsveicolispeciali.com\/de\/#website\",\"url\":\"https:\/\/www.vsveicolispeciali.com\/de\/\",\"name\":\"VS Veicoli Speciali\",\"description\":\"\",\"publisher\":{\"@id\":\"https:\/\/www.vsveicolispeciali.com\/de\/#organization\"},\"potentialAction\":[{\"@type\":\"SearchAction\",\"target\":{\"@type\":\"EntryPoint\",\"urlTemplate\":\"https:\/\/www.vsveicolispeciali.com\/de\/?s={search_term_string}\"},\"query-input\":{\"@type\":\"PropertyValueSpecification\",\"valueRequired\":true,\"valueName\":\"search_term_string\"}}],\"inLanguage\":\"de\"},{\"@type\":\"Organization\",\"@id\":\"https:\/\/www.vsveicolispeciali.com\/de\/#organization\",\"name\":\"VS Veicoli Speciali\",\"url\":\"https:\/\/www.vsveicolispeciali.com\/de\/\",\"logo\":{\"@type\":\"ImageObject\",\"inLanguage\":\"de\",\"@id\":\"https:\/\/www.vsveicolispeciali.com\/de\/#\/schema\/logo\/image\/\",\"url\":\"http:\/\/www.vsveicolispeciali.com\/wp-content\/uploads\/2015\/05\/vs_veicoli_speciali-logo.png\",\"contentUrl\":\"http:\/\/www.vsveicolispeciali.com\/wp-content\/uploads\/2015\/05\/vs_veicoli_speciali-logo.png\",\"width\":252,\"height\":134,\"caption\":\"VS Veicoli Speciali\"},\"image\":{\"@id\":\"https:\/\/www.vsveicolispeciali.com\/de\/#\/schema\/logo\/image\/\"},\"sameAs\":[\"https:\/\/www.facebook.com\/VSVeicoliSpeciali.Food.Trucks\/\",\"https:\/\/x.com\/veicolispeciali\",\"https:\/\/www.instagram.com\/vs_veicolispeciali\/\",\"https:\/\/www.linkedin.com\/company\/2811960\/\",\"https:\/\/www.pinterest.com\/streetfoodtruck\/\",\"https:\/\/www.youtube.com\/user\/veicolispeciali\"]}]}<\/script>\n<!-- \/ Yoast SEO plugin. -->","yoast_head_json":{"title":"Vermietung von Piaggio Foodtrucks und Imbissanh\u00e4ngers","description":"Einfach Mieten Sie Ihren Foodtruck f\u00fcr Street-Food Aktivit\u00e4t, Catering, \u00f6ffentliche und private Veranstaltungen, Werbetouren-Werbekampagnen >","robots":{"index":"index","follow":"follow","max-snippet":"max-snippet:-1","max-image-preview":"max-image-preview:large","max-video-preview":"max-video-preview:-1"},"canonical":"https:\/\/www.vsveicolispeciali.com\/de\/vermietung-piaggio-food-truck-mieten\/","og_locale":"de_DE","og_type":"article","og_title":"Vermietung von Piaggio Foodtrucks und Imbissanh\u00e4ngers","og_description":"Einfach Mieten Sie Ihren Foodtruck f\u00fcr Street-Food Aktivit\u00e4t, Catering, \u00f6ffentliche und private Veranstaltungen, Werbetouren-Werbekampagnen >","og_url":"https:\/\/www.vsveicolispeciali.com\/de\/vermietung-piaggio-food-truck-mieten\/","og_site_name":"VS Veicoli Speciali","article_publisher":"https:\/\/www.facebook.com\/VSVeicoliSpeciali.Food.Trucks\/","article_modified_time":"2024-09-27T09:23:52+00:00","twitter_card":"summary_large_image","twitter_site":"@veicolispeciali","twitter_misc":{"Gesch\u00e4tzte Lesezeit":"5\u00a0Minuten"},"schema":{"@context":"https:\/\/schema.org","@graph":[{"@type":"WebPage","@id":"https:\/\/www.vsveicolispeciali.com\/de\/vermietung-piaggio-food-truck-mieten\/","url":"https:\/\/www.vsveicolispeciali.com\/de\/vermietung-piaggio-food-truck-mieten\/","name":"Vermietung von Piaggio Foodtrucks und Imbissanh\u00e4ngers","isPartOf":{"@id":"https:\/\/www.vsveicolispeciali.com\/de\/#website"},"datePublished":"2017-11-03T11:02:14+00:00","dateModified":"2024-09-27T09:23:52+00:00","description":"Einfach Mieten Sie Ihren Foodtruck f\u00fcr Street-Food Aktivit\u00e4t, Catering, \u00f6ffentliche und private Veranstaltungen, Werbetouren-Werbekampagnen >","breadcrumb":{"@id":"https:\/\/www.vsveicolispeciali.com\/de\/vermietung-piaggio-food-truck-mieten\/#breadcrumb"},"inLanguage":"de","potentialAction":[{"@type":"ReadAction","target":["https:\/\/www.vsveicolispeciali.com\/de\/vermietung-piaggio-food-truck-mieten\/"]}]},{"@type":"BreadcrumbList","@id":"https:\/\/www.vsveicolispeciali.com\/de\/vermietung-piaggio-food-truck-mieten\/#breadcrumb","itemListElement":[{"@type":"ListItem","position":1,"name":"Home","item":"https:\/\/www.vsveicolispeciali.com\/de\/"},{"@type":"ListItem","position":2,"name":"Vermietung von Piaggio Food Trucks und Imbissanh\u00e4ngers"}]},{"@type":"WebSite","@id":"https:\/\/www.vsveicolispeciali.com\/de\/#website","url":"https:\/\/www.vsveicolispeciali.com\/de\/","name":"VS Veicoli Speciali","description":"","publisher":{"@id":"https:\/\/www.vsveicolispeciali.com\/de\/#organization"},"potentialAction":[{"@type":"SearchAction","target":{"@type":"EntryPoint","urlTemplate":"https:\/\/www.vsveicolispeciali.com\/de\/?s={search_term_string}"},"query-input":{"@type":"PropertyValueSpecification","valueRequired":true,"valueName":"search_term_string"}}],"inLanguage":"de"},{"@type":"Organization","@id":"https:\/\/www.vsveicolispeciali.com\/de\/#organization","name":"VS Veicoli Speciali","url":"https:\/\/www.vsveicolispeciali.com\/de\/","logo":{"@type":"ImageObject","inLanguage":"de","@id":"https:\/\/www.vsveicolispeciali.com\/de\/#\/schema\/logo\/image\/","url":"http:\/\/www.vsveicolispeciali.com\/wp-content\/uploads\/2015\/05\/vs_veicoli_speciali-logo.png","contentUrl":"http:\/\/www.vsveicolispeciali.com\/wp-content\/uploads\/2015\/05\/vs_veicoli_speciali-logo.png","width":252,"height":134,"caption":"VS Veicoli Speciali"},"image":{"@id":"https:\/\/www.vsveicolispeciali.com\/de\/#\/schema\/logo\/image\/"},"sameAs":["https:\/\/www.facebook.com\/VSVeicoliSpeciali.Food.Trucks\/","https:\/\/x.com\/veicolispeciali","https:\/\/www.instagram.com\/vs_veicolispeciali\/","https:\/\/www.linkedin.com\/company\/2811960\/","https:\/\/www.pinterest.com\/streetfoodtruck\/","https:\/\/www.youtube.com\/user\/veicolispeciali"]}]}},"_links":{"self":[{"href":"https:\/\/www.vsveicolispeciali.com\/de\/wp-json\/wp\/v2\/pages\/7599"}],"collection":[{"href":"https:\/\/www.vsveicolispeciali.com\/de\/wp-json\/wp\/v2\/pages"}],"about":[{"href":"https:\/\/www.vsveicolispeciali.com\/de\/wp-json\/wp\/v2\/types\/page"}],"author":[{"embeddable":true,"href":"https:\/\/www.vsveicolispeciali.com\/de\/wp-json\/wp\/v2\/users\/1001012"}],"replies":[{"embeddable":true,"href":"https:\/\/www.vsveicolispeciali.com\/de\/wp-json\/wp\/v2\/comments?post=7599"}],"version-history":[{"count":6,"href":"https:\/\/www.vsveicolispeciali.com\/de\/wp-json\/wp\/v2\/pages\/7599\/revisions"}],"predecessor-version":[{"id":26493,"href":"https:\/\/www.vsveicolispeciali.com\/de\/wp-json\/wp\/v2\/pages\/7599\/revisions\/26493"}],"wp:attachment":[{"href":"https:\/\/www.vsveicolispeciali.com\/de\/wp-json\/wp\/v2\/media?parent=7599"}],"curies":[{"name":"wp","href":"https:\/\/api.w.org\/{rel}","templated":true}]}}