{"id":29174,"date":"2026-01-11T17:05:25","date_gmt":"2026-01-11T16:05:25","guid":{"rendered":"https:\/\/www.vsveicolispeciali.com\/?page_id=29174"},"modified":"2026-01-11T22:14:24","modified_gmt":"2026-01-11T21:14:24","slug":"foodtruck-chef-edition","status":"publish","type":"page","link":"https:\/\/www.vsveicolispeciali.com\/de\/foodtruck-chef-edition\/","title":{"rendered":"Foodtruck Chef Edition"},"content":{"rendered":"<div class=\"wpb-content-wrapper\"><div class=\"vc_row wpb_row section vc_row-fluid  grid_section\" style=' text-align:left;'><div class=\" section_inner clearfix\"><div class='section_inner_margin clearfix'><div class=\"wpb_column vc_column_container vc_col-sm-12\"><div class=\"vc_column-inner\"><div class=\"wpb_wrapper\"><div class=\"separator  transparent   \" style=\"margin-top: 0px;margin-bottom: 0px;height: 90px;\"><\/div>\n\n\t<div class=\"wpb_text_column wpb_content_element \">\n\t\t<div class=\"wpb_wrapper\">\n\t\t\t<h2 style=\"text-align: center;\">In der K\u00fcche wird Exzellenz nicht improvisiert, sie wird gebaut.<\/h2>\n\n\t\t<\/div> \n\t<\/div> <div class=\"separator  small center  \" style=\"\"><\/div>\n<div      class=\"vc_row wpb_row section vc_row-fluid vc_inner \" style=' text-align:center;'><div class=\" full_section_inner clearfix\"><div class=\"wpb_column vc_column_container vc_col-sm-6\"><div class=\"vc_column-inner\"><div class=\"wpb_wrapper\">\n\t<div class=\"wpb_text_column wpb_content_element \">\n\t\t<div class=\"wpb_wrapper\">\n\t\t\t<p style=\"text-align: left;\">Wir konzipieren und realisieren Food Trucks f\u00fcr <strong>Sternek\u00f6che und renommierte K\u00fcchenchefs<\/strong>: Technik, Ausstattung und Design werden sorgf\u00e4ltig entwickelt, um mobile Gastronomie auf Fine-Dining-Niveau zu bringen.<\/p>\n<p>&nbsp;<\/p>\n<p style=\"text-align: left;\">Vom ersten Konzept bis zur Abnahme bieten wir K\u00f6chen <strong>einen strukturierten Weg<\/strong>, um ihre Ideen in effiziente Food Trucks mit starker visueller Wirkung zu verwandeln.<\/p>\n<p>&nbsp;<\/p>\n<p style=\"text-align: left;\">Chef-Edition-Ausbaupakete sind <strong>homologiert<\/strong> und erf\u00fcllen vollst\u00e4ndig die europ\u00e4ischen Stra\u00dfen- und Hygienevorschriften.<\/p>\n\n\t\t<\/div> \n\t<\/div> <\/div><\/div><\/div><div class=\"wpb_column vc_column_container vc_col-sm-6\"><div class=\"vc_column-inner\"><div class=\"wpb_wrapper\">\n\t<div class=\"wpb_text_column wpb_content_element \">\n\t\t<div class=\"wpb_wrapper\">\n\t\t\t<p style=\"text-align: left;\">Die vier Schritte zur Realisierung eines <strong>CHEF-EDITION-Foodtrucks<\/strong> :<\/p>\n<ol class=\"lista\" style=\"text-align: left;\">\n<li><strong>Konzeptdefinition<\/strong>: Men\u00fcanalyse, Mengen\/Volumen, Servicerhythmus, Ziel-Events und Anforderungen an das Erscheinungsbild;<\/li>\n<li><strong>Planung + Technik-Layout<\/strong>: Zeichnungen, Ergonomie, Positionierung der Ger\u00e4te, W\u00e4rmeabf\u00fchrung, Sicherheit;<\/li>\n<li><strong>Ger\u00e4teauswahl<\/strong>: abgestimmt auf Bed\u00fcrfnisse und Arbeitsgewohnheiten des K\u00fcchenchefs;<\/li>\n<li><strong>Fertigung, Abnahme und Auslieferung<\/strong>: inklusive Support und After-Sales-Services.<\/li>\n<\/ol>\n\n\t\t<\/div> \n\t<\/div> <\/div><\/div><\/div><\/div><\/div><\/div><\/div><\/div><\/div><\/div><\/div><div      class=\"vc_row wpb_row section vc_row-fluid \" style=' text-align:left;'><div class=\" full_section_inner clearfix\"><div class=\"wpb_column vc_column_container vc_col-sm-12\"><div class=\"vc_column-inner\"><div class=\"wpb_wrapper\"><div class=\"separator  transparent   \" style=\"height: 60px;\"><\/div>\n<div class=\"vc_text_separator wpb_content_element full separator_align_center\"><div style=''><span>3 STERNEK\u00d6CHE<\/span><\/div><\/div>\n<div class=\"separator  transparent   \" style=\"height: 60px;\"><\/div>\n<\/div><\/div><\/div><\/div><\/div><div      class=\"vc_row wpb_row section vc_row-fluid  grid_section\" style=' padding-bottom:120px; text-align:left;'><div class=\" section_inner clearfix\"><div class='section_inner_margin clearfix'><div class=\"wpb_column vc_column_container vc_col-sm-12\"><div class=\"vc_column-inner\"><div class=\"wpb_wrapper\"><div      class=\"vc_row wpb_row section vc_row-fluid vc_inner \" style=' text-align:left;'><div class=\" full_section_inner clearfix\"><div class=\"wpb_column vc_column_container vc_col-sm-4\"><div class=\"vc_column-inner\"><div class=\"wpb_wrapper\">\n\t<div class=\"wpb_text_column wpb_content_element  vc_custom_1768146692269\">\n\t\t<div class=\"wpb_wrapper\">\n\t\t\t<h3 style=\"text-align: center;\"><strong>Yorann Vandriessche<\/strong><\/h3>\n\n\t\t<\/div> \n\t<\/div> <div class=\"image_with_text\"><img decoding=\"async\" itemprop=\"image\" src=\"https:\/\/www.vsveicolispeciali.com\/wp-content\/uploads\/2026\/01\/yorann-van-driessche-chef-michelin.jpg\" alt=\"\" \/><h3 ><\/h3><span style=\"margin: 6px 0px;\" class=\"separator transparent\"><\/span>Yorann Vandriessche ist ein franz\u00f6sischer Koch, der 1 Michelin-Stern mit dem Restaurant L\u2019Arbre au Soleil in Le Lavandou (C\u00f4te d\u2019Azur) erhalten hat \u2013 bekannt f\u00fcr eine sehr pers\u00f6nliche, raffinierte K\u00fcche zwischen Meer und Land.<br \/>\nNeben der Restaurantarbeit hat er auch ein Gourmet-Street-Food-Projekt, <em>Street ArBre<\/em>, entwickelt und seinen Stil mit <a href=\"https:\/\/www.vsveicolispeciali.com\/de\/yorann-vandriessche-franzoesischer-koch-michelin-stern-restaurant-2-food-trucks\/\" target=\"_blank\" rel=\"noopener\">2 Chef-Edition-Foodtrucks<\/a> auf die Stra\u00dfe gebracht \u2013 konzipiert f\u00fcr Events und lokales Catering.<\/div><\/div><\/div><\/div><div class=\"wpb_column vc_column_container vc_col-sm-4\"><div class=\"vc_column-inner\"><div class=\"wpb_wrapper\">\n\t<div class=\"wpb_text_column wpb_content_element  vc_custom_1768146703399\">\n\t\t<div class=\"wpb_wrapper\">\n\t\t\t<h3 style=\"text-align: center;\"><strong>Damien Carlen<\/strong><\/h3>\n\n\t\t<\/div> \n\t<\/div> <div class=\"image_with_text\"><img decoding=\"async\" itemprop=\"image\" src=\"https:\/\/www.vsveicolispeciali.com\/wp-content\/uploads\/2026\/01\/damien-carlen-chef-ed-traiteur.jpg\" alt=\"\" \/><h3 ><\/h3><span style=\"margin: 6px 0px;\" class=\"separator transparent\"><\/span>Damien Carlen ist ein els\u00e4ssischer Sternek\u00f6ch (Weitbruch, Bas-Rhin), verbunden mit dem Gastronomieprojekt L\u2019Atelier d\u2019E&amp;D und Mitgr\u00fcnder von E&amp;D Traiteur, einem auf Events ausgerichteten Konzept mobiler K\u00fcche.<br \/>\nUm seine Leidenschaft im Street-Food-Bereich umzusetzen, nutzt er einen von VS Veicoli Speciali realisierten Chef-Edition-Foodtruck, der als <a href=\"https:\/\/www.vsveicolispeciali.com\/de\/street-food-truck\/mobile-restaurant-ed-traiteur\/\" target=\"_blank\" rel=\"noopener\">mobiles Restaurant<\/a> f\u00fcr Eins\u00e4tze auf der Stra\u00dfe und bei Veranstaltungen dient.<\/div><\/div><\/div><\/div><div class=\"wpb_column vc_column_container vc_col-sm-4\"><div class=\"vc_column-inner\"><div class=\"wpb_wrapper\">\n\t<div class=\"wpb_text_column wpb_content_element  vc_custom_1768146715245\">\n\t\t<div class=\"wpb_wrapper\">\n\t\t\t<h3 style=\"text-align: center;\"><strong>Eric Girardin<\/strong><\/h3>\n\n\t\t<\/div> \n\t<\/div> <div class=\"image_with_text\"><img decoding=\"async\" itemprop=\"image\" src=\"https:\/\/www.vsveicolispeciali.com\/wp-content\/uploads\/2026\/01\/eric-girardin-chef-etoile-michelin.jpg\" alt=\"\" \/><h3 ><\/h3><span style=\"margin: 6px 0px;\" class=\"separator transparent\"><\/span>\u00c9ric Girardin ist ein franz\u00f6sischer Koch und leitet das Restaurant Girardin \u2013 La Maison des T\u00eates in Colmar (Elsass), ausgezeichnet mit 1 Michelin-Stern: eine elegante, anspruchsvolle K\u00fcche, stark mit Region und Saisonalit\u00e4t verbunden.<br \/>\nSeit einigen Jahren ist er zudem im Gourmet-Street-Food aktiv \u2013 mit dem Projekt \u201eMa Fabrique du Burger\u201c, einem itineranten Konzept f\u00fcr Signature-Burger, umgesetzt auf einem <a href=\"https:\/\/www.vsveicolispeciali.com\/de\/street-food-truck\/burger-truck-ma-fabrique-du-burger\/\" target=\"_blank\" rel=\"noopener\">Chef-Edition-Burger-Truck<\/a> in Zusammenarbeit mit VS.<\/div><\/div><\/div><\/div><\/div><\/div><\/div><\/div><\/div><\/div><\/div><\/div><div      class=\"vc_row wpb_row section vc_row-fluid \" style='background-color:#006AA7; text-align:left;'><div class=\" full_section_inner clearfix\"><div class=\"wpb_column vc_column_container vc_col-sm-12\"><div class=\"vc_column-inner\"><div class=\"wpb_wrapper\"><div class=\"call_to_action normal\" style=\"padding-top: 20px;padding-bottom: 20px;\"><div class=\"container_inner\"><div class=\"two_columns_75_25 clearfix\"><div class=\"text_wrapper column1\"><div class=\"call_to_action_text  font_size_inherit font_weight_inherit letter_spacing_inherit\" style=\"font-size:22px;font-weight: 500;letter-spacing: 0px;\"><em>Haute Cuisine, ganz frei: Wie stellen Sie sich Ihren Chef-Edition-Foodtruck vor?<\/em><\/div><\/div><div class=\"button_wrapper column2\"><a itemprop=\"url\" href=\"https:\/\/www.vsveicolispeciali.com\/de\/kontakte\/\" class=\"qbutton white large\" target=\"_self\" style=\"color: #006AA7;border-color: #006AA7;background-color: #FFFFFF;\"data-hover-background-color=#006AA7 data-hover-border-color=#FFFFFF data-hover-color=#FFFFFF>Kontaktieren Sie uns<\/a><\/div><\/div><\/div><\/div><\/div><\/div><\/div><\/div><\/div><div      class=\"vc_row wpb_row section vc_row-fluid \" style=' text-align:left;'><div class=\" full_section_inner clearfix\"><div class=\"wpb_column vc_column_container vc_col-sm-12\"><div class=\"vc_column-inner\"><div class=\"wpb_wrapper\"><div class=\"separator  transparent   \" style=\"margin-top: 0px;margin-bottom: 0px;height: 90px;\"><\/div>\n<\/div><\/div><\/div><\/div><\/div><div      class=\"vc_row wpb_row section vc_row-fluid \" style=' text-align:left;'><div class=\" full_section_inner clearfix\"><div class=\"wpb_column vc_column_container vc_col-sm-12\"><div class=\"vc_column-inner\"><div class=\"wpb_wrapper\">\t<div class=\"vc_empty_space\"  style=\"height: 50px\" ><span\n\t\t\tclass=\"vc_empty_space_inner\">\n\t\t\t<span class=\"empty_space_image\"  ><\/span>\n\t\t<\/span><\/div>\n\n<div      class=\"vc_row wpb_row section vc_row-fluid vc_inner  grid_section disable_negative_margin\" style=' text-align:left;'><div class=\" section_inner clearfix\"><div class='section_inner_margin clearfix'><div class=\"wpb_column vc_column_container vc_col-sm-12\"><div class=\"vc_column-inner\"><div class=\"wpb_wrapper\"><div class=\"custom_font_holder\" style=\" font-size: 26px; line-height: 44px; font-style: normal; font-weight: 300; color: #006aa7; text-decoration: none; text-align: center;\">VON DER IDEE AUF DIE STRASSE<\/div><div class=\"separator  small center  \" style=\"margin-bottom: 50px;\"><\/div>\n<\/div><\/div><\/div><\/div><\/div><\/div><div      class=\"vc_row wpb_row section vc_row-fluid vc_inner  grid_section\" style=' text-align:left;'><div class=\" section_inner clearfix\"><div class='section_inner_margin clearfix'><div class=\"wpb_column vc_column_container vc_col-sm-12\"><div class=\"vc_column-inner\"><div class=\"wpb_wrapper\"><div class=\"animated_icons_with_text clearfix two_columns\"><div class=\"animated_icon_with_text_holder\"><div class=\"animated_icon_with_text_inner\"><div class=\"animated_icon_holder\"><div class=\"animated_icon\"><div class=\"animated_icon_inner\"><span class=\"animated_icon_front\"><i class='fa fa-info-circle' style=\"font-size:25pxpx;\";><\/i><\/span><span class=\"animated_icon_back\"><i class='fa fa-info-circle' style=\"font-size:25pxpx;\";><\/i><\/span><\/div><\/div><\/div><div class=\"animated_text_holder\"><div class=\"animated_text_holder_wrap\"><div class=\"animated_text_holder_wrap_inner\"><div class=\"animated_text_holder_inner\"><div class=\"animated_title\"><div class=\"animated_title_inner\"><h5>Analyse der Anforderungen und Konzeptdefinition<\/h5><\/div><\/div><div class=\"animated_text\"><p><span>Gesch\u00e4ftsmodell, Men\u00fcanalyse, erwartete Auslastung, Anforderungen an die Au\u00dfenwirkung: Der Food Truck wird wie ein ma\u00dfgeschneiderter Anzug konzipiert.<\/span><\/p><\/div><\/div><\/div><\/div><\/div><\/div><\/div><div class=\"animated_icon_with_text_holder\"><div class=\"animated_icon_with_text_inner\"><div class=\"animated_icon_holder\"><div class=\"animated_icon\"><div class=\"animated_icon_inner\"><span class=\"animated_icon_front\"><i class='fa fa-plug' style=\"font-size:25pxpx;\";><\/i><\/span><span class=\"animated_icon_back\"><i class='fa fa-plug' style=\"font-size:25pxpx;\";><\/i><\/span><\/div><\/div><\/div><div class=\"animated_text_holder\"><div class=\"animated_text_holder_wrap\"><div class=\"animated_text_holder_wrap_inner\"><div class=\"animated_text_holder_inner\"><div class=\"animated_title\"><div class=\"animated_title_inner\"><h5>Konfiguration der Technik<\/h5><\/div><\/div><div class=\"animated_text\"><p><span>S\u00e4mtliche Anlagen (Elektrik, Gas, L\u00fcftung, Abluft) sind f\u00fcr reale Lasten und intensiven Betrieb ausgelegt. In der K\u00fcche braucht es stabile, verl\u00e4ssliche Abl\u00e4ufe.<\/span><\/p><\/div><\/div><\/div><\/div><\/div><\/div><\/div><\/div><div class=\"animated_icons_with_text clearfix two_columns\"><div class=\"animated_icon_with_text_holder\"><div class=\"animated_icon_with_text_inner\"><div class=\"animated_icon_holder\"><div class=\"animated_icon\"><div class=\"animated_icon_inner\"><span class=\"animated_icon_front\"><i class='fa fa-star' style=\"font-size:25pxpx;\";><\/i><\/span><span class=\"animated_icon_back\"><i class='fa fa-star' style=\"font-size:25pxpx;\";><\/i><\/span><\/div><\/div><\/div><div class=\"animated_text_holder\"><div class=\"animated_text_holder_wrap\"><div class=\"animated_text_holder_wrap_inner\"><div class=\"animated_text_holder_inner\"><div class=\"animated_title\"><div class=\"animated_title_inner\"><h5>Auswahl des Ausbaus<\/h5><\/div><\/div><div class=\"animated_text\"><p><span>Ger\u00e4teauswahl, Materialien und Oberfl\u00e4chen werden mit dem K\u00fcchenchef abgestimmt, um das bestm\u00f6gliche Ergebnis in Effizienz und Design zu erzielen.<\/span><\/p><\/div><\/div><\/div><\/div><\/div><\/div><\/div><div class=\"animated_icon_with_text_holder\"><div class=\"animated_icon_with_text_inner\"><div class=\"animated_icon_holder\"><div class=\"animated_icon\"><div class=\"animated_icon_inner\"><span class=\"animated_icon_front\"><i class='fa fa-pencil-square' style=\"font-size:25pxpx;\";><\/i><\/span><span class=\"animated_icon_back\"><i class='fa fa-pencil-square' style=\"font-size:25pxpx;\";><\/i><\/span><\/div><\/div><\/div><div class=\"animated_text_holder\"><div class=\"animated_text_holder_wrap\"><div class=\"animated_text_holder_wrap_inner\"><div class=\"animated_text_holder_inner\"><div class=\"animated_title\"><div class=\"animated_title_inner\"><h5>Konformit\u00e4t und Zuverl\u00e4ssigkeit des Food Trucks<\/h5><\/div><\/div><div class=\"animated_text\"><p><span>Ein Chef-Edition-Ausbau ist wartungsfreundlich, auf Langlebigkeit ausgelegt und entspricht vollst\u00e4ndig den geltenden Vorschriften.<\/span><\/p><\/div><\/div><\/div><\/div><\/div><\/div><\/div><\/div><\/div><\/div><\/div><\/div><\/div><\/div>\t<div class=\"vc_empty_space\"  style=\"height: 120px\" ><span\n\t\t\tclass=\"vc_empty_space_inner\">\n\t\t\t<span class=\"empty_space_image\"  ><\/span>\n\t\t<\/span><\/div>\n\n<\/div><\/div><\/div><\/div><\/div><div      class=\"vc_row wpb_row section vc_row-fluid \" style=' text-align:left;'><div class=\" full_section_inner clearfix\"><div class=\"wpb_column vc_column_container vc_col-sm-12\"><div class=\"vc_column-inner\"><div class=\"wpb_wrapper\"><div class=\"vc_text_separator wpb_content_element full separator_align_center\"><div style=''><span>LASSEN SIE SICH VON UNSEREN CHEF-EDITION-FOODTRUCKS INSPIRIEREN<\/span><\/div><\/div>\n<\/div><\/div><\/div><\/div><\/div><div      class=\"vc_row wpb_row section vc_row-fluid \" style=' text-align:left;'><div class=\" full_section_inner clearfix\"><div class=\"wpb_column vc_column_container vc_col-sm-12\"><div class=\"vc_column-inner\"><div class=\"wpb_wrapper\"><div class=\"separator  transparent   \" style=\"margin-top: 0px;margin-bottom: 0px;height: 90px;\"><\/div>\n<div class='projects_holder_outer v4 portfolio_with_space portfolio_with_hover_text'><div class='projects_holder portfolio_main_holder clearfix v4 hover_text portfolio_full_image portfolio_one_by_one'>\n<article class='mix portfolio_category_56 portfolio_category_87 portfolio_category_131 portfolio_category_618 ' style=''><div class='image_holder'><a itemprop='url' class='portfolio_link_for_touch' href='https:\/\/www.vsveicolispeciali.com\/de\/street-food-truck\/mobile-restaurant-ed-traiteur\/' target='_self'><span class='image'><img loading=\"lazy\" decoding=\"async\" width=\"1000\" height=\"800\" src=\"https:\/\/www.vsveicolispeciali.com\/wp-content\/uploads\/2025\/10\/food-truck-traiteur-ed.jpg\" class=\"attachment-full size-full wp-post-image\" alt=\"\" srcset=\"https:\/\/www.vsveicolispeciali.com\/wp-content\/uploads\/2025\/10\/food-truck-traiteur-ed.jpg 1000w, https:\/\/www.vsveicolispeciali.com\/wp-content\/uploads\/2025\/10\/food-truck-traiteur-ed-300x240.jpg 300w, https:\/\/www.vsveicolispeciali.com\/wp-content\/uploads\/2025\/10\/food-truck-traiteur-ed-768x614.jpg 768w, https:\/\/www.vsveicolispeciali.com\/wp-content\/uploads\/2025\/10\/food-truck-traiteur-ed-700x560.jpg 700w\" sizes=\"auto, (max-width: 1000px) 100vw, 1000px\" \/><\/span><\/a><span class='text_holder'><span class='text_outer'><span class='text_inner'><div class=\"hover_feature_holder_title\"><div class=\"hover_feature_holder_title_inner\"><h5 itemprop=\"name\" class=\"portfolio_title entry_title\"><a itemprop=\"url\" href=\"https:\/\/www.vsveicolispeciali.com\/de\/street-food-truck\/mobile-restaurant-ed-traiteur\/\"  target=\"_self\">MOBILE RESTAURANT ED TRAITEUR<\/a><\/h5><div  class=\"portfolio_separator separator  small center\"><\/div><span class=\"project_category\" >Food Truck, NV Food Truck, Street Food, Chef<\/span><\/div><\/div><span class='feature_holder'><span class=\"feature_holder_icons\"><a itemprop='url' class='preview qbutton small white' href='https:\/\/www.vsveicolispeciali.com\/de\/street-food-truck\/mobile-restaurant-ed-traiteur\/' target='_self'>view<\/a><span class='portfolio_like qbutton small white'><a  href=\"#\" class=\"qode-like\" id=\"qode-like-28892\" title=\"Like this\">3<span>  Likes<\/span><\/a><\/span><\/span><\/span><\/span><\/span><\/span><\/div><\/article>\n<article class='mix portfolio_category_56 portfolio_category_87 portfolio_category_618 ' style=''><div class='image_holder'><a itemprop='url' class='portfolio_link_for_touch' href='https:\/\/www.vsveicolispeciali.com\/de\/street-food-truck\/fastfood-truck-pescaria\/' target='_self'><span class='image'><img loading=\"lazy\" decoding=\"async\" width=\"1000\" height=\"800\" src=\"https:\/\/www.vsveicolispeciali.com\/wp-content\/uploads\/2024\/08\/fast-food-truck-pescaria.jpg\" class=\"attachment-full size-full wp-post-image\" alt=\"Fastfood-Truck PESCARIA\" srcset=\"https:\/\/www.vsveicolispeciali.com\/wp-content\/uploads\/2024\/08\/fast-food-truck-pescaria.jpg 1000w, https:\/\/www.vsveicolispeciali.com\/wp-content\/uploads\/2024\/08\/fast-food-truck-pescaria-300x240.jpg 300w, https:\/\/www.vsveicolispeciali.com\/wp-content\/uploads\/2024\/08\/fast-food-truck-pescaria-768x614.jpg 768w, https:\/\/www.vsveicolispeciali.com\/wp-content\/uploads\/2024\/08\/fast-food-truck-pescaria-700x560.jpg 700w\" sizes=\"auto, (max-width: 1000px) 100vw, 1000px\" \/><\/span><\/a><span class='text_holder'><span class='text_outer'><span class='text_inner'><div class=\"hover_feature_holder_title\"><div class=\"hover_feature_holder_title_inner\"><h5 itemprop=\"name\" class=\"portfolio_title entry_title\"><a itemprop=\"url\" href=\"https:\/\/www.vsveicolispeciali.com\/de\/street-food-truck\/fastfood-truck-pescaria\/\"  target=\"_self\">Fastfood-Truck PESCARIA<\/a><\/h5><div  class=\"portfolio_separator separator  small center\"><\/div><span class=\"project_category\" >Food Truck, NV Food Truck, Chef<\/span><\/div><\/div><span class='feature_holder'><span class=\"feature_holder_icons\"><a itemprop='url' class='preview qbutton small white' href='https:\/\/www.vsveicolispeciali.com\/de\/street-food-truck\/fastfood-truck-pescaria\/' target='_self'>view<\/a><span class='portfolio_like qbutton small white'><a  href=\"#\" class=\"qode-like\" id=\"qode-like-26204\" title=\"Like this\">3<span>  Likes<\/span><\/a><\/span><\/span><\/span><\/span><\/span><\/span><\/div><\/article>\n<article class='mix portfolio_category_56 portfolio_category_203 portfolio_category_618 ' style=''><div class='image_holder'><a itemprop='url' class='portfolio_link_for_touch' href='https:\/\/www.vsveicolispeciali.com\/de\/street-food-truck\/gourmet-foodtruck-latelier-harmonie\/' target='_self'><span class='image'><img loading=\"lazy\" decoding=\"async\" width=\"1000\" height=\"800\" src=\"https:\/\/www.vsveicolispeciali.com\/wp-content\/uploads\/2024\/02\/food-truck-gourmet-atelier-harmonie.jpg\" class=\"attachment-full size-full wp-post-image\" alt=\"Gourmet Foodtruck auf Piaggio Porter, konfiguriert als mobiles Restaurant, um Home-Catering und Event-Catering anzubieten\" srcset=\"https:\/\/www.vsveicolispeciali.com\/wp-content\/uploads\/2024\/02\/food-truck-gourmet-atelier-harmonie.jpg 1000w, https:\/\/www.vsveicolispeciali.com\/wp-content\/uploads\/2024\/02\/food-truck-gourmet-atelier-harmonie-300x240.jpg 300w, https:\/\/www.vsveicolispeciali.com\/wp-content\/uploads\/2024\/02\/food-truck-gourmet-atelier-harmonie-768x614.jpg 768w, https:\/\/www.vsveicolispeciali.com\/wp-content\/uploads\/2024\/02\/food-truck-gourmet-atelier-harmonie-700x560.jpg 700w\" sizes=\"auto, (max-width: 1000px) 100vw, 1000px\" \/><\/span><\/a><span class='text_holder'><span class='text_outer'><span class='text_inner'><div class=\"hover_feature_holder_title\"><div class=\"hover_feature_holder_title_inner\"><h5 itemprop=\"name\" class=\"portfolio_title entry_title\"><a itemprop=\"url\" href=\"https:\/\/www.vsveicolispeciali.com\/de\/street-food-truck\/gourmet-foodtruck-latelier-harmonie\/\"  target=\"_self\">Gourmet Foodtruck  &#8211; L\u2019Atelier Harmonie<\/a><\/h5><div  class=\"portfolio_separator separator  small center\"><\/div><span class=\"project_category\" >Food Truck, Porter Craft X, Chef<\/span><\/div><\/div><span class='feature_holder'><span class=\"feature_holder_icons\"><a itemprop='url' class='preview qbutton small white' href='https:\/\/www.vsveicolispeciali.com\/de\/street-food-truck\/gourmet-foodtruck-latelier-harmonie\/' target='_self'>view<\/a><span class='portfolio_like qbutton small white'><a  href=\"#\" class=\"qode-like\" id=\"qode-like-25211\" title=\"Like this\">3<span>  Likes<\/span><\/a><\/span><\/span><\/span><\/span><\/span><\/span><\/div><\/article>\n<article class='mix portfolio_category_56 portfolio_category_131 portfolio_category_135 portfolio_category_203 portfolio_category_416 portfolio_category_618 ' style=''><div class='image_holder'><a itemprop='url' class='portfolio_link_for_touch' href='https:\/\/www.vsveicolispeciali.com\/de\/street-food-truck\/baeckerei-verkaufswagen-cheffes\/' target='_self'><span class='image'><img loading=\"lazy\" decoding=\"async\" width=\"1000\" height=\"800\" src=\"https:\/\/www.vsveicolispeciali.com\/wp-content\/uploads\/2023\/10\/food-truck-pasticceria-cheffes.jpg\" class=\"attachment-full size-full wp-post-image\" alt=\"B\u00e4ckerei Foodtruck cheffes\" srcset=\"https:\/\/www.vsveicolispeciali.com\/wp-content\/uploads\/2023\/10\/food-truck-pasticceria-cheffes.jpg 1000w, https:\/\/www.vsveicolispeciali.com\/wp-content\/uploads\/2023\/10\/food-truck-pasticceria-cheffes-300x240.jpg 300w, https:\/\/www.vsveicolispeciali.com\/wp-content\/uploads\/2023\/10\/food-truck-pasticceria-cheffes-768x614.jpg 768w, https:\/\/www.vsveicolispeciali.com\/wp-content\/uploads\/2023\/10\/food-truck-pasticceria-cheffes-700x560.jpg 700w\" sizes=\"auto, (max-width: 1000px) 100vw, 1000px\" \/><\/span><\/a><span class='text_holder'><span class='text_outer'><span class='text_inner'><div class=\"hover_feature_holder_title\"><div class=\"hover_feature_holder_title_inner\"><h5 itemprop=\"name\" class=\"portfolio_title entry_title\"><a itemprop=\"url\" href=\"https:\/\/www.vsveicolispeciali.com\/de\/street-food-truck\/baeckerei-verkaufswagen-cheffes\/\"  target=\"_self\">B\u00e4ckerei Verkaufswagen Cheffes<\/a><\/h5><div  class=\"portfolio_separator separator  small center\"><\/div><span class=\"project_category\" >Food Truck, Street Food, Eis, Porter Craft X, Konditorei, Chef<\/span><\/div><\/div><span class='feature_holder'><span class=\"feature_holder_icons\"><a itemprop='url' class='preview qbutton small white' href='https:\/\/www.vsveicolispeciali.com\/de\/street-food-truck\/baeckerei-verkaufswagen-cheffes\/' target='_self'>view<\/a><span class='portfolio_like qbutton small white'><a  href=\"#\" class=\"qode-like\" id=\"qode-like-24626\" title=\"Like this\">7<span>  Likes<\/span><\/a><\/span><\/span><\/span><\/span><\/span><\/span><\/div><\/article>\n<article class='mix portfolio_category_136 portfolio_category_618 portfolio_category_56 portfolio_category_89 portfolio_category_131 ' style=''><div class='image_holder'><a itemprop='url' class='portfolio_link_for_touch' href='https:\/\/www.vsveicolispeciali.com\/de\/street-food-truck\/burger-truck-ma-fabrique-du-burger\/' target='_self'><span class='image'><img loading=\"lazy\" decoding=\"async\" width=\"1000\" height=\"800\" src=\"https:\/\/www.vsveicolispeciali.com\/wp-content\/uploads\/2022\/11\/burger-truck-ma-fabrique-du-burger.jpg\" class=\"attachment-full size-full wp-post-image\" alt=\"burger truck ma fabrique du burger\" srcset=\"https:\/\/www.vsveicolispeciali.com\/wp-content\/uploads\/2022\/11\/burger-truck-ma-fabrique-du-burger.jpg 1000w, https:\/\/www.vsveicolispeciali.com\/wp-content\/uploads\/2022\/11\/burger-truck-ma-fabrique-du-burger-300x240.jpg 300w, https:\/\/www.vsveicolispeciali.com\/wp-content\/uploads\/2022\/11\/burger-truck-ma-fabrique-du-burger-768x614.jpg 768w, https:\/\/www.vsveicolispeciali.com\/wp-content\/uploads\/2022\/11\/burger-truck-ma-fabrique-du-burger-700x560.jpg 700w\" sizes=\"auto, (max-width: 1000px) 100vw, 1000px\" \/><\/span><\/a><span class='text_holder'><span class='text_outer'><span class='text_inner'><div class=\"hover_feature_holder_title\"><div class=\"hover_feature_holder_title_inner\"><h5 itemprop=\"name\" class=\"portfolio_title entry_title\"><a itemprop=\"url\" href=\"https:\/\/www.vsveicolispeciali.com\/de\/street-food-truck\/burger-truck-ma-fabrique-du-burger\/\"  target=\"_self\">Burger Truck Ma fabrique du burger<\/a><\/h5><div  class=\"portfolio_separator separator  small center\"><\/div><span class=\"project_category\" >Burger, Chef, Food Truck, Professional Food Truck, Street Food<\/span><\/div><\/div><span class='feature_holder'><span class=\"feature_holder_icons\"><a itemprop='url' class='preview qbutton small white' href='https:\/\/www.vsveicolispeciali.com\/de\/street-food-truck\/burger-truck-ma-fabrique-du-burger\/' target='_self'>view<\/a><span class='portfolio_like qbutton small white'><a  href=\"#\" class=\"qode-like\" id=\"qode-like-20022\" title=\"Like this\">10<span>  Likes<\/span><\/a><\/span><\/span><\/span><\/span><\/span><\/span><\/div><\/article>\n<article class='mix portfolio_category_56 portfolio_category_59 portfolio_category_109 portfolio_category_131 portfolio_category_618 ' style=''><div class='image_holder'><a itemprop='url' class='portfolio_link_for_touch' href='https:\/\/www.vsveicolispeciali.com\/de\/street-food-truck\/pro-x-food-truck-dolomiti-street-food-chefkoch\/' target='_self'><span class='image'><img loading=\"lazy\" decoding=\"async\" width=\"1000\" height=\"800\" src=\"https:\/\/www.vsveicolispeciali.com\/wp-content\/uploads\/2022\/05\/dolomiti-street-food-cucina-di-strada-pro-x-food-truck.jpg\" class=\"attachment-full size-full wp-post-image\" alt=\"dolomiti street food cucina di strada pro x food truck giallo\" srcset=\"https:\/\/www.vsveicolispeciali.com\/wp-content\/uploads\/2022\/05\/dolomiti-street-food-cucina-di-strada-pro-x-food-truck.jpg 1000w, https:\/\/www.vsveicolispeciali.com\/wp-content\/uploads\/2022\/05\/dolomiti-street-food-cucina-di-strada-pro-x-food-truck-300x240.jpg 300w, https:\/\/www.vsveicolispeciali.com\/wp-content\/uploads\/2022\/05\/dolomiti-street-food-cucina-di-strada-pro-x-food-truck-768x614.jpg 768w, https:\/\/www.vsveicolispeciali.com\/wp-content\/uploads\/2022\/05\/dolomiti-street-food-cucina-di-strada-pro-x-food-truck-700x560.jpg 700w\" sizes=\"auto, (max-width: 1000px) 100vw, 1000px\" \/><\/span><\/a><span class='text_holder'><span class='text_outer'><span class='text_inner'><div class=\"hover_feature_holder_title\"><div class=\"hover_feature_holder_title_inner\"><h5 itemprop=\"name\" class=\"portfolio_title entry_title\"><a itemprop=\"url\" href=\"https:\/\/www.vsveicolispeciali.com\/de\/street-food-truck\/pro-x-food-truck-dolomiti-street-food-chefkoch\/\"  target=\"_self\">Dolomiti Street Food &#8211; Goldmedaille Koch<\/a><\/h5><div  class=\"portfolio_separator separator  small center\"><\/div><span class=\"project_category\" >Food Truck, Elektrofahrzeuge, Pro X Food Truck, Street Food, Chef<\/span><\/div><\/div><span class='feature_holder'><span class=\"feature_holder_icons\"><a itemprop='url' class='preview qbutton small white' href='https:\/\/www.vsveicolispeciali.com\/de\/street-food-truck\/pro-x-food-truck-dolomiti-street-food-chefkoch\/' target='_self'>view<\/a><span class='portfolio_like qbutton small white'><a  href=\"#\" class=\"qode-like\" id=\"qode-like-16231\" title=\"Like this\">20<span>  Likes<\/span><\/a><\/span><\/span><\/span><\/span><\/span><\/span><\/div><\/article>\n<article class='mix portfolio_category_56 portfolio_category_89 portfolio_category_618 ' style=''><div class='image_holder'><a itemprop='url' class='portfolio_link_for_touch' href='https:\/\/www.vsveicolispeciali.com\/de\/street-food-truck\/lieferwagen-food-truck-fiat-ducato-tr3vor-schweiz\/' target='_self'><span class='image'><img loading=\"lazy\" decoding=\"async\" width=\"1000\" height=\"800\" src=\"https:\/\/www.vsveicolispeciali.com\/wp-content\/uploads\/2016\/03\/Food_Truck_Street_Food_Trevor_2.jpg\" class=\"attachment-full size-full wp-post-image\" alt=\"Food Truck Tr3vor Svizzera\" srcset=\"https:\/\/www.vsveicolispeciali.com\/wp-content\/uploads\/2016\/03\/Food_Truck_Street_Food_Trevor_2.jpg 1000w, https:\/\/www.vsveicolispeciali.com\/wp-content\/uploads\/2016\/03\/Food_Truck_Street_Food_Trevor_2-300x240.jpg 300w, https:\/\/www.vsveicolispeciali.com\/wp-content\/uploads\/2016\/03\/Food_Truck_Street_Food_Trevor_2-768x614.jpg 768w, https:\/\/www.vsveicolispeciali.com\/wp-content\/uploads\/2016\/03\/Food_Truck_Street_Food_Trevor_2-700x560.jpg 700w\" sizes=\"auto, (max-width: 1000px) 100vw, 1000px\" \/><\/span><\/a><span class='text_holder'><span class='text_outer'><span class='text_inner'><div class=\"hover_feature_holder_title\"><div class=\"hover_feature_holder_title_inner\"><h5 itemprop=\"name\" class=\"portfolio_title entry_title\"><a itemprop=\"url\" href=\"https:\/\/www.vsveicolispeciali.com\/de\/street-food-truck\/lieferwagen-food-truck-fiat-ducato-tr3vor-schweiz\/\"  target=\"_self\">Michelin Food Truck TR3VOR<\/a><\/h5><div  class=\"portfolio_separator separator  small center\"><\/div><span class=\"project_category\" >Food Truck, Professional Food Truck, Chef<\/span><\/div><\/div><span class='feature_holder'><span class=\"feature_holder_icons\"><a itemprop='url' class='preview qbutton small white' href='https:\/\/www.vsveicolispeciali.com\/de\/street-food-truck\/lieferwagen-food-truck-fiat-ducato-tr3vor-schweiz\/' target='_self'>view<\/a><span class='portfolio_like qbutton small white'><a  href=\"#\" class=\"qode-like\" id=\"qode-like-8941\" title=\"Like this\">74<span>  Likes<\/span><\/a><\/span><\/span><\/span><\/span><\/span><\/span><\/div><\/article>\n<article class='mix portfolio_category_56 portfolio_category_89 portfolio_category_131 portfolio_category_412 portfolio_category_618 ' style=''><div class='image_holder'><a itemprop='url' class='portfolio_link_for_touch' href='https:\/\/www.vsveicolispeciali.com\/de\/street-food-truck\/transporter-fiat-ducato-zu-einem-food-truck-umgebauten-grano-mobile-restaurant\/' target='_self'><span class='image'><img loading=\"lazy\" decoding=\"async\" width=\"1000\" height=\"800\" src=\"https:\/\/www.vsveicolispeciali.com\/wp-content\/uploads\/2016\/03\/FoodTruck_Street_Food_Grano_1.jpg\" class=\"attachment-full size-full wp-post-image\" alt=\"\" srcset=\"https:\/\/www.vsveicolispeciali.com\/wp-content\/uploads\/2016\/03\/FoodTruck_Street_Food_Grano_1.jpg 1000w, https:\/\/www.vsveicolispeciali.com\/wp-content\/uploads\/2016\/03\/FoodTruck_Street_Food_Grano_1-300x240.jpg 300w, https:\/\/www.vsveicolispeciali.com\/wp-content\/uploads\/2016\/03\/FoodTruck_Street_Food_Grano_1-768x614.jpg 768w, https:\/\/www.vsveicolispeciali.com\/wp-content\/uploads\/2016\/03\/FoodTruck_Street_Food_Grano_1-700x560.jpg 700w\" sizes=\"auto, (max-width: 1000px) 100vw, 1000px\" \/><\/span><\/a><span class='text_holder'><span class='text_outer'><span class='text_inner'><div class=\"hover_feature_holder_title\"><div class=\"hover_feature_holder_title_inner\"><h5 itemprop=\"name\" class=\"portfolio_title entry_title\"><a itemprop=\"url\" href=\"https:\/\/www.vsveicolispeciali.com\/de\/street-food-truck\/transporter-fiat-ducato-zu-einem-food-truck-umgebauten-grano-mobile-restaurant\/\"  target=\"_self\">Mobile Restaurant Grano<\/a><\/h5><div  class=\"portfolio_separator separator  small center\"><\/div><span class=\"project_category\" >Food Truck, Professional Food Truck, Street Food, Pasta, Chef<\/span><\/div><\/div><span class='feature_holder'><span class=\"feature_holder_icons\"><a itemprop='url' class='preview qbutton small white' href='https:\/\/www.vsveicolispeciali.com\/de\/street-food-truck\/transporter-fiat-ducato-zu-einem-food-truck-umgebauten-grano-mobile-restaurant\/' target='_self'>view<\/a><span class='portfolio_like qbutton small white'><a  href=\"#\" class=\"qode-like\" id=\"qode-like-9113\" title=\"Like this\">67<span>  Likes<\/span><\/a><\/span><\/span><\/span><\/span><\/span><\/span><\/div><\/article>\n<article class='mix portfolio_category_56 portfolio_category_89 portfolio_category_618 ' style=''><div class='image_holder'><a itemprop='url' class='portfolio_link_for_touch' href='https:\/\/www.vsveicolispeciali.com\/de\/street-food-truck\/ducato-transporter-food-truck-catering-gastronomie\/' target='_self'><span class='image'><img loading=\"lazy\" decoding=\"async\" width=\"1000\" height=\"800\" src=\"https:\/\/www.vsveicolispeciali.com\/wp-content\/uploads\/2015\/11\/FoodTruck_Street_Food_StarsInTheStreet_1.jpg\" class=\"attachment-full size-full wp-post-image\" alt=\"\" srcset=\"https:\/\/www.vsveicolispeciali.com\/wp-content\/uploads\/2015\/11\/FoodTruck_Street_Food_StarsInTheStreet_1.jpg 1000w, https:\/\/www.vsveicolispeciali.com\/wp-content\/uploads\/2015\/11\/FoodTruck_Street_Food_StarsInTheStreet_1-300x240.jpg 300w, https:\/\/www.vsveicolispeciali.com\/wp-content\/uploads\/2015\/11\/FoodTruck_Street_Food_StarsInTheStreet_1-768x614.jpg 768w, https:\/\/www.vsveicolispeciali.com\/wp-content\/uploads\/2015\/11\/FoodTruck_Street_Food_StarsInTheStreet_1-700x560.jpg 700w\" sizes=\"auto, (max-width: 1000px) 100vw, 1000px\" \/><\/span><\/a><span class='text_holder'><span class='text_outer'><span class='text_inner'><div class=\"hover_feature_holder_title\"><div class=\"hover_feature_holder_title_inner\"><h5 itemprop=\"name\" class=\"portfolio_title entry_title\"><a itemprop=\"url\" href=\"https:\/\/www.vsveicolispeciali.com\/de\/street-food-truck\/ducato-transporter-food-truck-catering-gastronomie\/\"  target=\"_self\">Gourmet Foodtruck Stars in the Street<\/a><\/h5><div  class=\"portfolio_separator separator  small center\"><\/div><span class=\"project_category\" >Food Truck, Professional Food Truck, Chef<\/span><\/div><\/div><span class='feature_holder'><span class=\"feature_holder_icons\"><a itemprop='url' class='preview qbutton small white' href='https:\/\/www.vsveicolispeciali.com\/de\/street-food-truck\/ducato-transporter-food-truck-catering-gastronomie\/' target='_self'>view<\/a><span class='portfolio_like qbutton small white'><a  href=\"#\" class=\"qode-like\" id=\"qode-like-9184\" title=\"Like this\">77<span>  Likes<\/span><\/a><\/span><\/span><\/span><\/span><\/span><\/span><\/div><\/article>\n<article class='mix portfolio_category_55 portfolio_category_68 portfolio_category_618 ' style=''><div class='image_holder'><a itemprop='url' class='portfolio_link_for_touch' href='https:\/\/www.vsveicolispeciali.com\/de\/street-food-truck\/gastro-ape-v-curve-street-arbre-franzoesischer-sternekoch\/' target='_self'><span class='image'><img loading=\"lazy\" decoding=\"async\" width=\"1000\" height=\"800\" src=\"https:\/\/www.vsveicolispeciali.com\/wp-content\/uploads\/2021\/10\/street-arbre-mini-food-truck-catering-delivery.jpg\" class=\"attachment-full size-full wp-post-image\" alt=\"Gastronomische Piaggio Ape von der Koch Yorann Vandriessche f\u00fcr den Catering-Service verwendet\" srcset=\"https:\/\/www.vsveicolispeciali.com\/wp-content\/uploads\/2021\/10\/street-arbre-mini-food-truck-catering-delivery.jpg 1000w, https:\/\/www.vsveicolispeciali.com\/wp-content\/uploads\/2021\/10\/street-arbre-mini-food-truck-catering-delivery-300x240.jpg 300w, https:\/\/www.vsveicolispeciali.com\/wp-content\/uploads\/2021\/10\/street-arbre-mini-food-truck-catering-delivery-768x614.jpg 768w, https:\/\/www.vsveicolispeciali.com\/wp-content\/uploads\/2021\/10\/street-arbre-mini-food-truck-catering-delivery-700x560.jpg 700w\" sizes=\"auto, (max-width: 1000px) 100vw, 1000px\" \/><\/span><\/a><span class='text_holder'><span class='text_outer'><span class='text_inner'><div class=\"hover_feature_holder_title\"><div class=\"hover_feature_holder_title_inner\"><h5 itemprop=\"name\" class=\"portfolio_title entry_title\"><a itemprop=\"url\" href=\"https:\/\/www.vsveicolispeciali.com\/de\/street-food-truck\/gastro-ape-v-curve-street-arbre-franzoesischer-sternekoch\/\"  target=\"_self\">Gastro Ape V-Curve\u00ae &#8211; Street ArBre<\/a><\/h5><div  class=\"portfolio_separator separator  small center\"><\/div><span class=\"project_category\" >Ape, Ape V-Curve\u00ae, Chef<\/span><\/div><\/div><span class='feature_holder'><span class=\"feature_holder_icons\"><a itemprop='url' class='preview qbutton small white' href='https:\/\/www.vsveicolispeciali.com\/de\/street-food-truck\/gastro-ape-v-curve-street-arbre-franzoesischer-sternekoch\/' target='_self'>view<\/a><span class='portfolio_like qbutton small white'><a  href=\"#\" class=\"qode-like\" id=\"qode-like-15090\" title=\"Like this\">7<span>  Likes<\/span><\/a><\/span><\/span><\/span><\/span><\/span><\/span><\/div><\/article>\n<article class='mix portfolio_category_56 portfolio_category_87 portfolio_category_618 ' style=''><div class='image_holder'><a itemprop='url' class='portfolio_link_for_touch' href='https:\/\/www.vsveicolispeciali.com\/de\/street-food-truck\/gourmet-imbisswagen-koch-mit-michelin-stern-nv-food-truck\/' target='_self'><span class='image'><img loading=\"lazy\" decoding=\"async\" width=\"1000\" height=\"800\" src=\"https:\/\/www.vsveicolispeciali.com\/wp-content\/uploads\/2021\/10\/nv-food-truck-gastronomia-nomade-street-arbre.jpg\" class=\"attachment-full size-full wp-post-image\" alt=\"Gourmet imbisswagen | Yorann Vandriessche Koch mit Michelin-Stern | NV Food Truck\" srcset=\"https:\/\/www.vsveicolispeciali.com\/wp-content\/uploads\/2021\/10\/nv-food-truck-gastronomia-nomade-street-arbre.jpg 1000w, https:\/\/www.vsveicolispeciali.com\/wp-content\/uploads\/2021\/10\/nv-food-truck-gastronomia-nomade-street-arbre-300x240.jpg 300w, https:\/\/www.vsveicolispeciali.com\/wp-content\/uploads\/2021\/10\/nv-food-truck-gastronomia-nomade-street-arbre-768x614.jpg 768w, https:\/\/www.vsveicolispeciali.com\/wp-content\/uploads\/2021\/10\/nv-food-truck-gastronomia-nomade-street-arbre-700x560.jpg 700w\" sizes=\"auto, (max-width: 1000px) 100vw, 1000px\" \/><\/span><\/a><span class='text_holder'><span class='text_outer'><span class='text_inner'><div class=\"hover_feature_holder_title\"><div class=\"hover_feature_holder_title_inner\"><h5 itemprop=\"name\" class=\"portfolio_title entry_title\"><a itemprop=\"url\" href=\"https:\/\/www.vsveicolispeciali.com\/de\/street-food-truck\/gourmet-imbisswagen-koch-mit-michelin-stern-nv-food-truck\/\"  target=\"_self\">Gourmet Imbisswagen Street ArBre<\/a><\/h5><div  class=\"portfolio_separator separator  small center\"><\/div><span class=\"project_category\" >Food Truck, NV Food Truck, Chef<\/span><\/div><\/div><span class='feature_holder'><span class=\"feature_holder_icons\"><a itemprop='url' class='preview qbutton small white' href='https:\/\/www.vsveicolispeciali.com\/de\/street-food-truck\/gourmet-imbisswagen-koch-mit-michelin-stern-nv-food-truck\/' target='_self'>view<\/a><span class='portfolio_like qbutton small white'><a  href=\"#\" class=\"qode-like\" id=\"qode-like-15145\" title=\"Like this\">10<span>  Likes<\/span><\/a><\/span><\/span><\/span><\/span><\/span><\/span><\/div><\/article>\n<article class='mix portfolio_category_56 portfolio_category_87 portfolio_category_132 portfolio_category_618 ' style=''><div class='image_holder'><a itemprop='url' class='portfolio_link_for_touch' href='https:\/\/www.vsveicolispeciali.com\/de\/street-food-truck\/citroen-nv-food-truck-catering-veranstaltungen-kostina\/' target='_self'><span class='image'><img loading=\"lazy\" decoding=\"async\" width=\"1000\" height=\"800\" src=\"https:\/\/www.vsveicolispeciali.com\/wp-content\/uploads\/2019\/12\/Food-Truck-Citroen-Jumper-ristorazione-mobile.jpg\" class=\"attachment-full size-full wp-post-image\" alt=\"NV Food Truck Citroen Jumper Imbisswagen f\u00fcr mobiles Catering und Gourmet-Gerichten\" srcset=\"https:\/\/www.vsveicolispeciali.com\/wp-content\/uploads\/2019\/12\/Food-Truck-Citroen-Jumper-ristorazione-mobile.jpg 1000w, https:\/\/www.vsveicolispeciali.com\/wp-content\/uploads\/2019\/12\/Food-Truck-Citroen-Jumper-ristorazione-mobile-300x240.jpg 300w, https:\/\/www.vsveicolispeciali.com\/wp-content\/uploads\/2019\/12\/Food-Truck-Citroen-Jumper-ristorazione-mobile-768x614.jpg 768w, https:\/\/www.vsveicolispeciali.com\/wp-content\/uploads\/2019\/12\/Food-Truck-Citroen-Jumper-ristorazione-mobile-700x560.jpg 700w\" sizes=\"auto, (max-width: 1000px) 100vw, 1000px\" \/><\/span><\/a><span class='text_holder'><span class='text_outer'><span class='text_inner'><div class=\"hover_feature_holder_title\"><div class=\"hover_feature_holder_title_inner\"><h5 itemprop=\"name\" class=\"portfolio_title entry_title\"><a itemprop=\"url\" href=\"https:\/\/www.vsveicolispeciali.com\/de\/street-food-truck\/citroen-nv-food-truck-catering-veranstaltungen-kostina\/\"  target=\"_self\">Grill Imbisswagen Kostina<\/a><\/h5><div  class=\"portfolio_separator separator  small center\"><\/div><span class=\"project_category\" >Food Truck, NV Food Truck, BBQ \/ GRILL, Chef<\/span><\/div><\/div><span class='feature_holder'><span class=\"feature_holder_icons\"><a itemprop='url' class='preview qbutton small white' href='https:\/\/www.vsveicolispeciali.com\/de\/street-food-truck\/citroen-nv-food-truck-catering-veranstaltungen-kostina\/' target='_self'>view<\/a><span class='portfolio_like qbutton small white'><a  href=\"#\" class=\"qode-like\" id=\"qode-like-12146\" title=\"Like this\">15<span>  Likes<\/span><\/a><\/span><\/span><\/span><\/span><\/span><\/span><\/div><\/article>\n<article class='mix portfolio_category_55 portfolio_category_68 portfolio_category_618 ' style=''><div class='image_holder'><a itemprop='url' class='portfolio_link_for_touch' href='https:\/\/www.vsveicolispeciali.com\/de\/street-food-truck\/ape-vcurve-mini-food-truck-piaggio-fuer-die-fahrende-restauration-tr3vor\/' target='_self'><span class='image'><img loading=\"lazy\" decoding=\"async\" width=\"1000\" height=\"800\" src=\"https:\/\/www.vsveicolispeciali.com\/wp-content\/uploads\/2019\/08\/mini-food-truck-piaggio-tr3vor.jpg\" class=\"attachment-full size-full wp-post-image\" alt=\"Mini Food Truck f\u00fcr die fahrende Restauration | Ape VCurve\u00ae | Tr3vor\" srcset=\"https:\/\/www.vsveicolispeciali.com\/wp-content\/uploads\/2019\/08\/mini-food-truck-piaggio-tr3vor.jpg 1000w, https:\/\/www.vsveicolispeciali.com\/wp-content\/uploads\/2019\/08\/mini-food-truck-piaggio-tr3vor-300x240.jpg 300w, https:\/\/www.vsveicolispeciali.com\/wp-content\/uploads\/2019\/08\/mini-food-truck-piaggio-tr3vor-768x614.jpg 768w, https:\/\/www.vsveicolispeciali.com\/wp-content\/uploads\/2019\/08\/mini-food-truck-piaggio-tr3vor-700x560.jpg 700w\" sizes=\"auto, (max-width: 1000px) 100vw, 1000px\" \/><\/span><\/a><span class='text_holder'><span class='text_outer'><span class='text_inner'><div class=\"hover_feature_holder_title\"><div class=\"hover_feature_holder_title_inner\"><h5 itemprop=\"name\" class=\"portfolio_title entry_title\"><a itemprop=\"url\" href=\"https:\/\/www.vsveicolispeciali.com\/de\/street-food-truck\/ape-vcurve-mini-food-truck-piaggio-fuer-die-fahrende-restauration-tr3vor\/\"  target=\"_self\">Mini Food Truck TR3VOR<\/a><\/h5><div  class=\"portfolio_separator separator  small center\"><\/div><span class=\"project_category\" >Ape, Ape V-Curve\u00ae, Chef<\/span><\/div><\/div><span class='feature_holder'><span class=\"feature_holder_icons\"><a itemprop='url' class='preview qbutton small white' href='https:\/\/www.vsveicolispeciali.com\/de\/street-food-truck\/ape-vcurve-mini-food-truck-piaggio-fuer-die-fahrende-restauration-tr3vor\/' target='_self'>view<\/a><span class='portfolio_like qbutton small white'><a  href=\"#\" class=\"qode-like\" id=\"qode-like-11962\" title=\"Like this\">15<span>  Likes<\/span><\/a><\/span><\/span><\/span><\/span><\/span><\/span><\/div><\/article>\n<article class='mix portfolio_category_55 portfolio_category_618 ' style=''><div class='image_holder'><a itemprop='url' class='portfolio_link_for_touch' href='https:\/\/www.vsveicolispeciali.com\/de\/street-food-truck\/bistrot-ape-catering-food-truck-vintage-mailand\/' target='_self'><span class='image'><img loading=\"lazy\" decoding=\"async\" width=\"1000\" height=\"800\" src=\"https:\/\/www.vsveicolispeciali.com\/wp-content\/uploads\/2015\/11\/Ape_Street_Food_Bistrot1776_1.jpg\" class=\"attachment-full size-full wp-post-image\" alt=\"\" srcset=\"https:\/\/www.vsveicolispeciali.com\/wp-content\/uploads\/2015\/11\/Ape_Street_Food_Bistrot1776_1.jpg 1000w, https:\/\/www.vsveicolispeciali.com\/wp-content\/uploads\/2015\/11\/Ape_Street_Food_Bistrot1776_1-300x240.jpg 300w, https:\/\/www.vsveicolispeciali.com\/wp-content\/uploads\/2015\/11\/Ape_Street_Food_Bistrot1776_1-768x614.jpg 768w, https:\/\/www.vsveicolispeciali.com\/wp-content\/uploads\/2015\/11\/Ape_Street_Food_Bistrot1776_1-700x560.jpg 700w\" sizes=\"auto, (max-width: 1000px) 100vw, 1000px\" \/><\/span><\/a><span class='text_holder'><span class='text_outer'><span class='text_inner'><div class=\"hover_feature_holder_title\"><div class=\"hover_feature_holder_title_inner\"><h5 itemprop=\"name\" class=\"portfolio_title entry_title\"><a itemprop=\"url\" href=\"https:\/\/www.vsveicolispeciali.com\/de\/street-food-truck\/bistrot-ape-catering-food-truck-vintage-mailand\/\"  target=\"_self\">Piaggio Ape Catering Bistrot 1799<\/a><\/h5><div  class=\"portfolio_separator separator  small center\"><\/div><span class=\"project_category\" >Ape, Chef<\/span><\/div><\/div><span class='feature_holder'><span class=\"feature_holder_icons\"><a itemprop='url' class='preview qbutton small white' href='https:\/\/www.vsveicolispeciali.com\/de\/street-food-truck\/bistrot-ape-catering-food-truck-vintage-mailand\/' target='_self'>view<\/a><span class='portfolio_like qbutton small white'><a  href=\"#\" class=\"qode-like\" id=\"qode-like-8569\" title=\"Like this\">60<span>  Likes<\/span><\/a><\/span><\/span><\/span><\/span><\/span><\/span><\/div><\/article>\n<article class='mix portfolio_category_58 portfolio_category_618 ' style=''><div class='image_holder'><a itemprop='url' class='portfolio_link_for_touch' href='https:\/\/www.vsveicolispeciali.com\/de\/street-food-truck\/imbiss-catering-anhaenger-mobile-restaurant-lucitta\/' target='_self'><span class='image'><img loading=\"lazy\" decoding=\"async\" width=\"1000\" height=\"800\" src=\"https:\/\/www.vsveicolispeciali.com\/wp-content\/uploads\/2015\/11\/autonegozio-rimorchio-lucitta.jpg\" class=\"attachment-full size-full wp-post-image\" alt=\"\" srcset=\"https:\/\/www.vsveicolispeciali.com\/wp-content\/uploads\/2015\/11\/autonegozio-rimorchio-lucitta.jpg 1000w, https:\/\/www.vsveicolispeciali.com\/wp-content\/uploads\/2015\/11\/autonegozio-rimorchio-lucitta-300x240.jpg 300w, https:\/\/www.vsveicolispeciali.com\/wp-content\/uploads\/2015\/11\/autonegozio-rimorchio-lucitta-768x614.jpg 768w, https:\/\/www.vsveicolispeciali.com\/wp-content\/uploads\/2015\/11\/autonegozio-rimorchio-lucitta-700x560.jpg 700w\" sizes=\"auto, (max-width: 1000px) 100vw, 1000px\" \/><\/span><\/a><span class='text_holder'><span class='text_outer'><span class='text_inner'><div class=\"hover_feature_holder_title\"><div class=\"hover_feature_holder_title_inner\"><h5 itemprop=\"name\" class=\"portfolio_title entry_title\"><a itemprop=\"url\" href=\"https:\/\/www.vsveicolispeciali.com\/de\/street-food-truck\/imbiss-catering-anhaenger-mobile-restaurant-lucitta\/\"  target=\"_self\">Catering Anh\u00e4nger Lucitta<\/a><\/h5><div  class=\"portfolio_separator separator  small center\"><\/div><span class=\"project_category\" >Anh\u00e4nger, Chef<\/span><\/div><\/div><span class='feature_holder'><span class=\"feature_holder_icons\"><a itemprop='url' class='preview qbutton small white' href='https:\/\/www.vsveicolispeciali.com\/de\/street-food-truck\/imbiss-catering-anhaenger-mobile-restaurant-lucitta\/' target='_self'>view<\/a><span class='portfolio_like qbutton small white'><a  href=\"#\" class=\"qode-like\" id=\"qode-like-9033\" title=\"Like this\">198<span>  Likes<\/span><\/a><\/span><\/span><\/span><\/span><\/span><\/span><\/div><\/article>\n<div class='filler'><\/div>\n<div class='filler'><\/div>\n<div class='filler'><\/div>\n<div class='filler'><\/div>\n<\/div><\/div><div class=\"separator  transparent   \" style=\"height: 120px;\"><\/div>\n<\/div><\/div><\/div><\/div><\/div><div      class=\"vc_row wpb_row section vc_row-fluid  grid_section\" style=' text-align:left;'><div class=\" section_inner clearfix\"><div class='section_inner_margin clearfix'><div class=\"wpb_column vc_column_container vc_col-sm-12\"><div class=\"vc_column-inner\"><div class=\"wpb_wrapper\">\n\t<div class=\"wpb_text_column wpb_content_element \">\n\t\t<div class=\"wpb_wrapper\">\n\t\t\t<h2 style=\"text-align: center;\">F\u00fcr jeden Chef: ein einzigartiger, au\u00dfergew\u00f6hnlicher Foodtruck<\/h2>\n\n\t\t<\/div> \n\t<\/div> <div class=\"separator  small center  \" style=\"\"><\/div>\n<\/div><\/div><\/div><\/div><\/div><\/div><div      class=\"vc_row wpb_row section vc_row-fluid \" style=' text-align:left;'><div class=\" full_section_inner clearfix\"><div class=\"wpb_column vc_column_container vc_col-sm-12\"><div class=\"vc_column-inner\"><div class=\"wpb_wrapper\"><div class=\"vc_text_separator wpb_content_element full separator_align_center\"><div style=''><span>BERATUNG ANFRAGEN<\/span><\/div><\/div>\n<div class=\"separator  transparent   \" style=\"height: 60px;\"><\/div>\n<\/div><\/div><\/div><\/div><\/div><div      class=\"vc_row wpb_row section vc_row-fluid  grid_section\" style=' padding-bottom:120px; text-align:left;'><div class=\" section_inner clearfix\"><div class='section_inner_margin clearfix'><div class=\"wpb_column vc_column_container vc_col-sm-12\"><div class=\"vc_column-inner\"><div class=\"wpb_wrapper\">\n<div class=\"wpcf7 no-js\" id=\"wpcf7-f7632-o1\" lang=\"it-IT\" dir=\"ltr\" data-wpcf7-id=\"7632\">\n<div class=\"screen-reader-response\"><p role=\"status\" aria-live=\"polite\" aria-atomic=\"true\"><\/p> <ul><\/ul><\/div>\n<form action=\"\/de\/wp-json\/wp\/v2\/pages\/29174#wpcf7-f7632-o1\" method=\"post\" class=\"wpcf7-form init default\" aria-label=\"Modulo di contatto\" novalidate=\"novalidate\" data-status=\"init\">\n<fieldset class=\"hidden-fields-container\"><input type=\"hidden\" name=\"_wpcf7\" value=\"7632\" \/><input type=\"hidden\" name=\"_wpcf7_version\" value=\"6.1.6\" \/><input type=\"hidden\" name=\"_wpcf7_locale\" value=\"it_IT\" \/><input type=\"hidden\" name=\"_wpcf7_unit_tag\" value=\"wpcf7-f7632-o1\" \/><input type=\"hidden\" name=\"_wpcf7_container_post\" value=\"0\" \/><input type=\"hidden\" name=\"_wpcf7_posted_data_hash\" value=\"\" \/><input type=\"hidden\" name=\"_wpcf7_recaptcha_response\" value=\"\" \/>\n<\/fieldset>\n<p class=\"input-p\"><span class=\"wpcf7-form-control-wrap\" data-name=\"your-name\"><input size=\"40\" maxlength=\"400\" class=\"wpcf7-form-control wpcf7-text wpcf7-validates-as-required input-vs\" aria-required=\"true\" aria-invalid=\"false\" placeholder=\"Vorname und Name*\" value=\"\" type=\"text\" name=\"your-name\" \/><\/span>\n<\/p>\n<p class=\"input-p\"><span class=\"wpcf7-form-control-wrap\" data-name=\"your-email\"><input size=\"40\" maxlength=\"400\" class=\"wpcf7-form-control wpcf7-email wpcf7-validates-as-required wpcf7-text wpcf7-validates-as-email input-vs\" aria-required=\"true\" aria-invalid=\"false\" placeholder=\"E-Mail-Adresse*\" value=\"\" type=\"email\" name=\"your-email\" \/><\/span>\n<\/p>\n<p class=\"input-p\"><span class=\"wpcf7-form-control-wrap\" data-name=\"your-business\"><input size=\"40\" maxlength=\"400\" class=\"wpcf7-form-control wpcf7-text wpcf7-validates-as-required input-vs\" aria-required=\"true\" aria-invalid=\"false\" placeholder=\"Name des Unternehmens*\" value=\"\" type=\"text\" name=\"your-business\" \/><\/span>\n<\/p>\n<p class=\"input-p\"><span class=\"wpcf7-form-control-wrap\" data-name=\"tel-430\"><input size=\"40\" maxlength=\"400\" class=\"wpcf7-form-control wpcf7-tel wpcf7-validates-as-required wpcf7-text wpcf7-validates-as-tel input-vs\" aria-required=\"true\" aria-invalid=\"false\" placeholder=\"Telefon*\" value=\"\" type=\"tel\" name=\"tel-430\" \/><\/span>\n<\/p>\n<p><span class=\"wpcf7-form-control-wrap\" data-name=\"your-message\"><textarea cols=\"40\" rows=\"10\" maxlength=\"2000\" minlength=\"20\" class=\"wpcf7-form-control wpcf7-textarea wpcf7-validates-as-required textarea-vs\" aria-required=\"true\" aria-invalid=\"false\" placeholder=\"Ihre Nachricht*\" name=\"your-message\"><\/textarea><\/span>\n<\/p>\n<p>\n<span class=\"wpcf7-form-control-wrap recaptcha\" data-name=\"recaptcha\"><span data-sitekey=\"6LeIiZwiAAAAACd2pPtYD2wU4T4tbozMDQosefFn\" class=\"wpcf7-form-control wpcf7-recaptcha g-recaptcha\"><\/span>\r\n<noscript>\r\n\t<div class=\"grecaptcha-noscript\">\r\n\t\t<iframe loading=\"lazy\" src=\"https:\/\/www.google.com\/recaptcha\/api\/fallback?k=6LeIiZwiAAAAACd2pPtYD2wU4T4tbozMDQosefFn\" frameborder=\"0\" scrolling=\"no\" width=\"310\" height=\"430\">\r\n\t\t<\/iframe>\r\n\t\t<textarea name=\"g-recaptcha-response\" rows=\"3\" cols=\"40\" placeholder=\"reCaptcha Response Here\">\r\n\t\t<\/textarea>\r\n\t<\/div>\r\n<\/noscript>\r\n<\/span>\n<\/p>\n<p><span class=\"wpcf7-form-control-wrap\" data-name=\"trattamentodati\"><span class=\"wpcf7-form-control wpcf7-acceptance\"><span class=\"wpcf7-list-item\"><label><input type=\"checkbox\" name=\"trattamentodati\" value=\"1\" class=\"privacy-p\" aria-invalid=\"false\" \/><span class=\"wpcf7-list-item-label\">Ich stimme der Verarbeitung meiner personenbezogenen Daten gem\u00e4\u00df der <a href=\"\/de\/datenschutzerklaerung\/\" target=\"_blank\" rel=\"noopener\">Datenschutzrichtlinie<\/a> angegeben zu.<\/span><\/label><\/span><\/span><\/span>\n<\/p>\n<p><input class=\"wpcf7-form-control wpcf7-submit has-spinner submit-invia\" type=\"submit\" value=\"Senden\" \/>\n<\/p><div class=\"wpcf7-response-output\" aria-hidden=\"true\"><\/div>\n<\/form>\n<\/div>\n<\/div><\/div><\/div><\/div><\/div><\/div>\n<\/div>","protected":false},"excerpt":{"rendered":"Wenn Lucitta Restaurant entscheidet, die Stra\u00dfe hinunter zu gehen, kann es nur mit einem Catering Anh\u00e4nger von VS Veicoli Speciali tun. &nbsp; Lucitta bietet Qualit\u00e4tscatering auf den Stra\u00dfen, und sie benutzt einen Food Truck, um ihre Sandwiches, die gebratenen, den Fang von Arbatax und andere...","protected":false},"author":1001012,"featured_media":0,"parent":0,"menu_order":4,"comment_status":"closed","ping_status":"closed","template":"full_width.php","meta":{"_acf_changed":false,"rs_blank_template":"","rs_page_bg_color":"","slide_template_v7":"","footnotes":""},"class_list":["post-29174","page","type-page","status-publish","hentry"],"acf":[],"yoast_head":"<!-- This site is optimized with the Yoast SEO plugin v28.2 - https:\/\/yoast.com\/product\/yoast-seo-wordpress\/ -->\n<title>Foodtruck Chef Edition \u2013 Mobile K\u00fcchen f\u00fcr perfektionistische K\u00f6che<\/title>\n<meta name=\"description\" content=\"Wir konzipieren und realisieren hochwertige Foodtrucks f\u00fcr Sternek\u00f6che und renommierte K\u00fcchenchefs. W\u00e4hlen Sie ein Fahrzeug, das Ihrer Reputation gerecht wird\" \/>\n<meta name=\"robots\" content=\"index, follow, max-snippet:-1, max-image-preview:large, max-video-preview:-1\" \/>\n<link rel=\"canonical\" href=\"https:\/\/www.vsveicolispeciali.com\/de\/foodtruck-chef-edition\/\" \/>\n<meta property=\"og:locale\" content=\"de_DE\" \/>\n<meta property=\"og:type\" content=\"article\" \/>\n<meta property=\"og:title\" content=\"Foodtruck Chef Edition \u2013 Mobile K\u00fcchen f\u00fcr perfektionistische K\u00f6che\" \/>\n<meta property=\"og:description\" content=\"Wir konzipieren und realisieren hochwertige Foodtrucks f\u00fcr Sternek\u00f6che und renommierte K\u00fcchenchefs. W\u00e4hlen Sie ein Fahrzeug, das Ihrer Reputation gerecht wird\" \/>\n<meta property=\"og:url\" content=\"https:\/\/www.vsveicolispeciali.com\/de\/foodtruck-chef-edition\/\" \/>\n<meta property=\"og:site_name\" content=\"VS Veicoli Speciali\" \/>\n<meta property=\"article:publisher\" content=\"https:\/\/www.facebook.com\/VSVeicoliSpeciali.Food.Trucks\/\" \/>\n<meta property=\"article:modified_time\" content=\"2026-01-11T21:14:24+00:00\" \/>\n<meta name=\"twitter:card\" content=\"summary_large_image\" \/>\n<meta name=\"twitter:site\" content=\"@veicolispeciali\" \/>\n<meta name=\"twitter:label1\" content=\"Gesch\u00e4tzte Lesezeit\" \/>\n\t<meta name=\"twitter:data1\" content=\"4\u00a0Minuten\" \/>\n<!-- \/ Yoast SEO plugin. -->","yoast_head_json":{"title":"Foodtruck Chef Edition \u2013 Mobile K\u00fcchen f\u00fcr perfektionistische K\u00f6che","description":"Wir konzipieren und realisieren hochwertige Foodtrucks f\u00fcr Sternek\u00f6che und renommierte K\u00fcchenchefs. W\u00e4hlen Sie ein Fahrzeug, das Ihrer Reputation gerecht wird","robots":{"index":"index","follow":"follow","max-snippet":"max-snippet:-1","max-image-preview":"max-image-preview:large","max-video-preview":"max-video-preview:-1"},"canonical":"https:\/\/www.vsveicolispeciali.com\/de\/foodtruck-chef-edition\/","og_locale":"de_DE","og_type":"article","og_title":"Foodtruck Chef Edition \u2013 Mobile K\u00fcchen f\u00fcr perfektionistische K\u00f6che","og_description":"Wir konzipieren und realisieren hochwertige Foodtrucks f\u00fcr Sternek\u00f6che und renommierte K\u00fcchenchefs. W\u00e4hlen Sie ein Fahrzeug, das Ihrer Reputation gerecht wird","og_url":"https:\/\/www.vsveicolispeciali.com\/de\/foodtruck-chef-edition\/","og_site_name":"VS Veicoli Speciali","article_publisher":"https:\/\/www.facebook.com\/VSVeicoliSpeciali.Food.Trucks\/","article_modified_time":"2026-01-11T21:14:24+00:00","twitter_card":"summary_large_image","twitter_site":"@veicolispeciali","twitter_misc":{"Gesch\u00e4tzte Lesezeit":"4\u00a0Minuten"},"schema":{"@context":"https:\/\/schema.org","@graph":[{"@type":"WebPage","@id":"https:\/\/www.vsveicolispeciali.com\/de\/foodtruck-chef-edition\/","url":"https:\/\/www.vsveicolispeciali.com\/de\/foodtruck-chef-edition\/","name":"Foodtruck Chef Edition \u2013 Mobile K\u00fcchen f\u00fcr perfektionistische K\u00f6che","isPartOf":{"@id":"https:\/\/www.vsveicolispeciali.com\/de\/#website"},"datePublished":"2026-01-11T16:05:25+00:00","dateModified":"2026-01-11T21:14:24+00:00","description":"Wir konzipieren und realisieren hochwertige Foodtrucks f\u00fcr Sternek\u00f6che und renommierte K\u00fcchenchefs. W\u00e4hlen Sie ein Fahrzeug, das Ihrer Reputation gerecht wird","breadcrumb":{"@id":"https:\/\/www.vsveicolispeciali.com\/de\/foodtruck-chef-edition\/#breadcrumb"},"inLanguage":"de","potentialAction":[{"@type":"ReadAction","target":["https:\/\/www.vsveicolispeciali.com\/de\/foodtruck-chef-edition\/"]}]},{"@type":"BreadcrumbList","@id":"https:\/\/www.vsveicolispeciali.com\/de\/foodtruck-chef-edition\/#breadcrumb","itemListElement":[{"@type":"ListItem","position":1,"name":"Home","item":"https:\/\/www.vsveicolispeciali.com\/de\/"},{"@type":"ListItem","position":2,"name":"Foodtruck Chef Edition"}]},{"@type":"WebSite","@id":"https:\/\/www.vsveicolispeciali.com\/de\/#website","url":"https:\/\/www.vsveicolispeciali.com\/de\/","name":"VS Veicoli Speciali","description":"","potentialAction":[{"@type":"SearchAction","target":{"@type":"EntryPoint","urlTemplate":"https:\/\/www.vsveicolispeciali.com\/de\/?s={search_term_string}"},"query-input":{"@type":"PropertyValueSpecification","valueRequired":true,"valueName":"search_term_string"}}],"inLanguage":"de"}]}},"_links":{"self":[{"href":"https:\/\/www.vsveicolispeciali.com\/de\/wp-json\/wp\/v2\/pages\/29174","targetHints":{"allow":["GET"]}}],"collection":[{"href":"https:\/\/www.vsveicolispeciali.com\/de\/wp-json\/wp\/v2\/pages"}],"about":[{"href":"https:\/\/www.vsveicolispeciali.com\/de\/wp-json\/wp\/v2\/types\/page"}],"author":[{"embeddable":true,"href":"https:\/\/www.vsveicolispeciali.com\/de\/wp-json\/wp\/v2\/users\/1001012"}],"replies":[{"embeddable":true,"href":"https:\/\/www.vsveicolispeciali.com\/de\/wp-json\/wp\/v2\/comments?post=29174"}],"version-history":[{"count":4,"href":"https:\/\/www.vsveicolispeciali.com\/de\/wp-json\/wp\/v2\/pages\/29174\/revisions"}],"predecessor-version":[{"id":29310,"href":"https:\/\/www.vsveicolispeciali.com\/de\/wp-json\/wp\/v2\/pages\/29174\/revisions\/29310"}],"wp:attachment":[{"href":"https:\/\/www.vsveicolispeciali.com\/de\/wp-json\/wp\/v2\/media?parent=29174"}],"curies":[{"name":"wp","href":"https:\/\/api.w.org\/{rel}","templated":true}]}}