{"id":18990,"date":"2022-11-21T14:28:03","date_gmt":"2022-11-21T13:28:03","guid":{"rendered":"http:\/\/www.vsveicolispeciali.com\/?page_id=18990"},"modified":"2026-07-24T22:36:58","modified_gmt":"2026-07-24T20:36:58","slug":"home","status":"publish","type":"page","link":"https:\/\/www.vsveicolispeciali.com\/de\/","title":{"rendered":"Home"},"content":{"rendered":"<div class=\"wpb-content-wrapper\"><div class=\"vc_row wpb_row section vc_row-fluid  rigaprincipale vc_custom_1668437207248 grid_section\" style='background-color:#006aa7; text-align:left;'><div class=\" section_inner clearfix\"><div class='section_inner_margin clearfix'><div class=\"wpb_column vc_column_container vc_col-sm-4\"><div class=\"vc_column-inner\"><div class=\"wpb_wrapper\">\n\t<div class=\"wpb_text_column wpb_content_element  sfondop\">\n\t\t<div class=\"wpb_wrapper\">\n\t\t\t<p style=\"font-size: 16px !important;\"><strong>UNSERE AUSSTATTUNGEN SIND:<\/strong><\/p>\n\n\t\t<\/div> \n\t<\/div> \n\t<div class=\"wpb_text_column wpb_content_element \">\n\t\t<div class=\"wpb_wrapper\">\n\t\t\t<p><a href=\"https:\/\/www.vsveicolispeciali.com\/wp-content\/uploads\/2023\/01\/Foodtruck-Ausstattung-UMWELTFREUNDLICH.png\"><img loading=\"lazy\" decoding=\"async\" class=\"alignnone size-full wp-image-21144\" src=\"https:\/\/www.vsveicolispeciali.com\/wp-content\/uploads\/2023\/01\/Foodtruck-Ausstattung-UMWELTFREUNDLICH.png\" alt=\"Foodtruck Ausstattung UMWELTFREUNDLICH\" width=\"300\" height=\"193\" \/><\/a><\/p>\n\n\t\t<\/div> \n\t<\/div> \n\t<div class=\"wpb_text_column wpb_content_element  sfondop\">\n\t\t<div class=\"wpb_wrapper\">\n\t\t\t<p><em>\u201cWir wollen die Umwelt so wenig wie m\u00f6glich belasten!&#8221;<\/em><\/p>\n\n\t\t<\/div> \n\t<\/div> \n\t<div class=\"wpb_text_column wpb_content_element \">\n\t\t<div class=\"wpb_wrapper\">\n\t\t\t<p><a href=\"https:\/\/www.vsveicolispeciali.com\/wp-content\/uploads\/2023\/01\/Foodtruck-Ausstattung-VERNETZT.png\"><img loading=\"lazy\" decoding=\"async\" class=\"alignnone size-full wp-image-21134\" src=\"https:\/\/www.vsveicolispeciali.com\/wp-content\/uploads\/2023\/01\/Foodtruck-Ausstattung-VERNETZT.png\" alt=\"Foodtruck Ausstattung VERNETZT\" width=\"300\" height=\"193\" \/><\/a><\/p>\n\n\t\t<\/div> \n\t<\/div> \n\t<div class=\"wpb_text_column wpb_content_element  sfondop\">\n\t\t<div class=\"wpb_wrapper\">\n\t\t\t<p><em>\u201cBequeme Verwaltung via App!&#8221;<\/em><\/p>\n\n\t\t<\/div> \n\t<\/div> \n\t<div class=\"wpb_text_column wpb_content_element \">\n\t\t<div class=\"wpb_wrapper\">\n\t\t\t<p><a href=\"https:\/\/www.vsveicolispeciali.com\/wp-content\/uploads\/2023\/01\/Foodtruck-Ausstattung-MASSGESCHNEIDERT.png\"><img loading=\"lazy\" decoding=\"async\" class=\"alignnone size-full wp-image-21140\" src=\"https:\/\/www.vsveicolispeciali.com\/wp-content\/uploads\/2023\/01\/Foodtruck-Ausstattung-MASSGESCHNEIDERT.png\" alt=\"Foodtruck Ausstattung MASSGESCHNEIDERT\" width=\"300\" height=\"193\" \/><\/a><\/p>\n\n\t\t<\/div> \n\t<\/div> \n\t<div class=\"wpb_text_column wpb_content_element  sfondop\">\n\t\t<div class=\"wpb_wrapper\">\n\t\t\t<p><em>\u201cEine starke Identit\u00e4t, die den Zielen entspricht!&#8221;<\/em><\/p>\n\n\t\t<\/div> \n\t<\/div> \n\t<div class=\"wpb_text_column wpb_content_element \">\n\t\t<div class=\"wpb_wrapper\">\n\t\t\t<p><a href=\"https:\/\/www.vsveicolispeciali.com\/wp-content\/uploads\/2023\/01\/Foodtruck-Ausstattung-ERGONOMISCH.png\"><img loading=\"lazy\" decoding=\"async\" class=\"alignnone size-full wp-image-21136\" src=\"https:\/\/www.vsveicolispeciali.com\/wp-content\/uploads\/2023\/01\/Foodtruck-Ausstattung-ERGONOMISCH.png\" alt=\"Foodtruck Ausstattung ERGONOMISCH\" width=\"300\" height=\"193\" \/><\/a><\/p>\n\n\t\t<\/div> \n\t<\/div> \n\t<div class=\"wpb_text_column wpb_content_element  sfondop\">\n\t\t<div class=\"wpb_wrapper\">\n\t\t\t<p><em>\u201cLeichter arbeiten und mehr produzieren!&#8221;<\/em><\/p>\n\n\t\t<\/div> \n\t<\/div> <\/div><\/div><\/div><div class=\"wpb_column vc_column_container vc_col-sm-8\"><div class=\"vc_column-inner\"><div class=\"wpb_wrapper\"><\/div><\/div><\/div><\/div><\/div><\/div><div      class=\"vc_row wpb_row section vc_row-fluid \" style='background-color:#006aa7; text-align:left;'><div class=\" full_section_inner clearfix\"><div class=\"wpb_column vc_column_container vc_col-sm-12\"><div class=\"vc_column-inner\"><div class=\"wpb_wrapper\"><div class=\"call_to_action normal\" style=\"padding-top: 20px;padding-bottom: 20px;\"><div class=\"container_inner\"><div class=\"two_columns_75_25 clearfix\"><div class=\"text_wrapper column1\"><div class=\"call_to_action_text  font_size_inherit font_weight_inherit letter_spacing_inherit\" style=\"font-size:22px;font-weight: 700;letter-spacing: 0px;\">\n<p style=\"text-align: center;\"><em>&#8220;Jedes Unternehmen hat eine Geschichte zu erz\u00e4hlen. Wir bieten das richtige Fahrzeug dazu!&#8221;<\/em><\/p>\n<\/div><\/div><div class=\"button_wrapper column2\"><a itemprop=\"url\" href=\"https:\/\/www.vsveicolispeciali.com\/de\/kontakte\/\" class=\"qbutton white large\" target=\"_self\" style=\"color: #006aa7;border-color: #006aa7;background-color: #ffffff;\"data-hover-background-color=#006aa7 data-hover-border-color=#ffffff data-hover-color=#ffffff>KONTAKTIEREN SIE UNS<\/a><\/div><\/div><\/div><\/div><\/div><\/div><\/div><\/div><\/div><div      class=\"vc_row wpb_row section vc_row-fluid  vc_custom_1668591254956 grid_section\" style=' text-align:left;'><div class=\" section_inner clearfix\"><div class='section_inner_margin clearfix'><div class=\"wpb_column vc_column_container vc_col-sm-12\"><div class=\"vc_column-inner\"><div class=\"wpb_wrapper\">\t<div class=\"vc_empty_space\"  style=\"height: 70px\" ><span\n\t\t\tclass=\"vc_empty_space_inner\">\n\t\t\t<span class=\"empty_space_image\"  ><\/span>\n\t\t<\/span><\/div>\n\n<div class=\"custom_font_holder\" style=\" font-size: 24px; line-height: 34px; font-style: normal; font-weight: 400; color: #006aa7; text-decoration: none; text-align: center;\">\n<h1>Wir bauen food-trucks, verkaufswagen und promotionfahrzeuge<\/h1>\n<\/div><div class=\"separator  small center  \" style=\"background-color: #006aa7;\"><\/div>\n\n\t<div class=\"wpb_text_column wpb_content_element \">\n\t\t<div class=\"wpb_wrapper\">\n\t\t\t<p style=\"text-align: center;\">Ihr Projekt in <strong>4 einfachen Schritten.<\/strong><\/p>\n\n\t\t<\/div> \n\t<\/div> <div      class=\"vc_row wpb_row section vc_row-fluid vc_inner  riga4block\" style=' text-align:center;'><div class=\" full_section_inner clearfix\"><div class=\"riqblushadowsoluzione wpb_column vc_column_container vc_col-sm-3\"><div class=\"vc_column-inner\"><div class=\"wpb_wrapper\"><div class=\"custom_font_holder\" style=\" font-size: 20px; line-height: 34px; font-style: normal; font-weight: 400; color: #006aa7; text-decoration: none; text-align: center;\">1. BERATUNG<\/div>\n\t<div class=\"wpb_text_column wpb_content_element  riqblushadow\">\n\t\t<div class=\"wpb_wrapper\">\n\t\t\t<p style=\"text-align: center;\">Wir analysieren Ihre Bed\u00fcrfnisse und schlagen Ihnen eine ma\u00dfgeschneiderte L\u00f6sung vor.<\/p>\n<p><img loading=\"lazy\" decoding=\"async\" class=\"size-full icona4block aligncenter iconaitalia\" src=\"https:\/\/www.vsveicolispeciali.com\/wp-content\/uploads\/2022\/11\/6_realizziamo-food-truck-CONSULENZA.png\" alt=\"\" width=\"300\" height=\"300\" \/><\/p>\n<p style=\"text-align: center;\"><strong> Besuchen Sie uns!<\/strong><\/p>\n\n\t\t<\/div> \n\t<\/div> <\/div><\/div><\/div><div class=\"riqblushadowsoluzione wpb_column vc_column_container vc_col-sm-3\"><div class=\"vc_column-inner\"><div class=\"wpb_wrapper\"><div class=\"custom_font_holder\" style=\" font-size: 20px; line-height: 34px; font-style: normal; font-weight: 400; color: #006aa7; text-decoration: none; text-align: center;\">2. KOSTENVORANSCHLAG<\/div>\n\t<div class=\"wpb_text_column wpb_content_element  riqblushadow\">\n\t\t<div class=\"wpb_wrapper\">\n\t\t\t<p style=\"text-align: center;\">Wir stellen einen transparenten und detaillierten Kostenvoranschlag in der Sprache Ihrer Wahl zusammen.<\/p>\n<p><img loading=\"lazy\" decoding=\"async\" class=\"size-full icona4block aligncenter\" src=\"https:\/\/www.vsveicolispeciali.com\/wp-content\/uploads\/2022\/11\/7_realizzazione-fod-truck-PREVENTIVO.png\" alt=\"\" width=\"300\" height=\"300\" \/><\/p>\n<p style=\"text-align: center;\"><strong> Z\u00f6gern Sie nicht, uns bei Fragen zu stellen!<\/strong><\/p>\n\n\t\t<\/div> \n\t<\/div> <\/div><\/div><\/div><div class=\"riqblushadowsoluzione wpb_column vc_column_container vc_col-sm-3\"><div class=\"vc_column-inner\"><div class=\"wpb_wrapper\"><div class=\"custom_font_holder\" style=\" font-size: 20px; line-height: 34px; font-style: normal; font-weight: 400; color: #006aa7; text-decoration: none; text-align: center;\">3. PLANUNG<\/div>\n\t<div class=\"wpb_text_column wpb_content_element  riqblushadow\">\n\t\t<div class=\"wpb_wrapper\">\n\t\t\t<p style=\"text-align: center;\">Wir entwickeln Ihr Projekt und zeigen Ihnen, welche L\u00f6sungen eingesetzt werden, um Ihre W\u00fcnsche zu erf\u00fcllen.<\/p>\n<p><img loading=\"lazy\" decoding=\"async\" class=\"size-full icona4block aligncenter\" src=\"https:\/\/www.vsveicolispeciali.com\/wp-content\/uploads\/2022\/11\/8_realizzazione-fod-truck-PROGETTAZIONE-1.png\" alt=\"\" width=\"300\" height=\"300\" \/><\/p>\n<p style=\"text-align: center;\"><strong>Helfen Sie uns, diese richtig zu verstehen!<\/strong><\/p>\n\n\t\t<\/div> \n\t<\/div> <\/div><\/div><\/div><div class=\"riqblushadow4soluzione wpb_column vc_column_container vc_col-sm-3\"><div class=\"vc_column-inner vc_custom_1668174266843\"><div class=\"wpb_wrapper\"><div class=\"custom_font_holder\" style=\" font-size: 20px; line-height: 34px; font-style: normal; font-weight: 400; color: #006aa7; text-decoration: none; text-align: center;\">4. LIEFERUNG<\/div>\n\t<div class=\"wpb_text_column wpb_content_element  riqblushadow\">\n\t\t<div class=\"wpb_wrapper\">\n\t\t\t<p style=\"text-align: center;\">Wir stellen den Auftrag p\u00fcnktlich fertig und k\u00fcmmern uns um jedes Detail, damit die Abholung des Fahrzeugs reibungslos verl\u00e4uft.<\/p>\n<p><img loading=\"lazy\" decoding=\"async\" class=\"size-full icona4block aligncenter\" src=\"https:\/\/www.vsveicolispeciali.com\/wp-content\/uploads\/2022\/11\/9_realizzazione-food-truck-CONSEGNA-1-1.png\" alt=\"\" width=\"300\" height=\"300\" \/><\/p>\n<p style=\"text-align: center;\"><strong>Sie erhalten alle n\u00f6tigen Zertifizierungen!<\/strong><\/p>\n\n\t\t<\/div> \n\t<\/div> <\/div><\/div><\/div><\/div><\/div>\t<div class=\"vc_empty_space\"  style=\"height: 20px\" ><span\n\t\t\tclass=\"vc_empty_space_inner\">\n\t\t\t<span class=\"empty_space_image\"  ><\/span>\n\t\t<\/span><\/div>\n\n<\/div><\/div><\/div><\/div><\/div><\/div><div      class=\"vc_row wpb_row section vc_row-fluid  vc_custom_1668167288502 grid_section\" style=' text-align:left;'><div class=\" section_inner clearfix\"><div class='section_inner_margin clearfix'><div class=\"wpb_column vc_column_container vc_col-sm-12\"><div class=\"vc_column-inner\"><div class=\"wpb_wrapper\">\t<div class=\"vc_empty_space\"  style=\"height: 70px\" ><span\n\t\t\tclass=\"vc_empty_space_inner\">\n\t\t\t<span class=\"empty_space_image\"  ><\/span>\n\t\t<\/span><\/div>\n\n<div class=\"custom_font_holder\" style=\" font-size: 24px; line-height: 34px; font-style: normal; font-weight: 400; color: #006aa7; text-decoration: none; text-align: center;\">\n<h2>W\u00e4hlen sie die beste l\u00f6sung f\u00fcr ihr unternehmen<\/h2>\n<\/div><div class=\"separator  small center  \" style=\"background-color: #006aa7;\"><\/div>\n\n\t<div class=\"wpb_text_column wpb_content_element \">\n\t\t<div class=\"wpb_wrapper\">\n\t\t\t<p style=\"text-align: center;\">Mittelgro\u00dfe bis gro\u00dfe Foodtrucks f\u00fcr gro\u00dfe Produktionsmengen;<br \/>\nWendige und kompakte Piaggio Ape-Fahrzeuge, um jeden Ort zu erreichen;<br \/>\nAnh\u00e4nger, um Ihr Handels- oder Gastronomieunternehmen \u00fcberall hin zu transportieren;<br \/>\nPromotionsfahrzeuge f\u00fcr Werbe- und Verkaufsaktivit\u00e4ten in speziellen Umgebungen.<\/p>\n\n\t\t<\/div> \n\t<\/div> <div      class=\"vc_row wpb_row section vc_row-fluid vc_inner  rigasoluz\" style=' text-align:center;'><div class=\" full_section_inner clearfix\"><div class=\"riqblushadowsoluzione wpb_column vc_column_container vc_col-sm-3\"><div class=\"vc_column-inner\"><div class=\"wpb_wrapper\">\n\t<div class=\"wpb_text_column wpb_content_element \">\n\t\t<div class=\"wpb_wrapper\">\n\t\t\t<h3 style=\"text-align: center;\">FOOD-TRUCK<\/h3>\n<p><a href=\"http:\/\/www.vsveicolispeciali.com\/de\/verkaufswagen-kaufen\/food-truck-imbisswagen-kosten\/\"><img loading=\"lazy\" decoding=\"async\" class=\"alignnone size-full wp-image-19748\" src=\"https:\/\/www.vsveicolispeciali.com\/wp-content\/uploads\/2022\/11\/10_scegli-la-soluzione-piu-funzionale-FOOD-TRUCK-de.jpg\" alt=\"\" width=\"1000\" height=\"711\" srcset=\"https:\/\/www.vsveicolispeciali.com\/wp-content\/uploads\/2022\/11\/10_scegli-la-soluzione-piu-funzionale-FOOD-TRUCK-de.jpg 1000w, https:\/\/www.vsveicolispeciali.com\/wp-content\/uploads\/2022\/11\/10_scegli-la-soluzione-piu-funzionale-FOOD-TRUCK-de-300x213.jpg 300w, https:\/\/www.vsveicolispeciali.com\/wp-content\/uploads\/2022\/11\/10_scegli-la-soluzione-piu-funzionale-FOOD-TRUCK-de-768x546.jpg 768w, https:\/\/www.vsveicolispeciali.com\/wp-content\/uploads\/2022\/11\/10_scegli-la-soluzione-piu-funzionale-FOOD-TRUCK-de-700x498.jpg 700w\" sizes=\"auto, (max-width: 1000px) 100vw, 1000px\" \/><\/a><\/p>\n<p style=\"text-align: center;\">Wir bauen Ausstattungen f\u00fcr Streetfood-Verkaufswagen und den fahrenden Verkauf unter Einhaltung der Stra\u00dfen- und Gesundheitsvorschriften der Ziell\u00e4nder. Jeder Imbisswagen ist einzigartig und wird mit einer starken Marken- und Produktidentit\u00e4t hergestellt.<br \/>\nDas Design wird unter Ber\u00fccksichtigung der Anforderungen und W\u00fcnsche des Kunden entwickelt.<\/p>\n\n\t\t<\/div> \n\t<\/div> <a  itemprop=\"url\" href=\"http:\/\/www.vsveicolispeciali.com\/de\/verkaufswagen-kaufen\/food-truck-imbisswagen-kosten\/\" target=\"_self\"  class=\"qbutton  center default buttons buttonuno\" style=\"margin: 15px; \">MEHR ERFAHREN<\/a><\/div><\/div><\/div><div class=\"riqblushadowsoluzione wpb_column vc_column_container vc_col-sm-3\"><div class=\"vc_column-inner\"><div class=\"wpb_wrapper\">\n\t<div class=\"wpb_text_column wpb_content_element \">\n\t\t<div class=\"wpb_wrapper\">\n\t\t\t<h3 style=\"text-align: center;\">PIAGGIO APE<\/h3>\n<p><a href=\"http:\/\/www.vsveicolispeciali.com\/de\/verkaufswagen-kaufen\/piaggio-ape-food-truck\/\"><img loading=\"lazy\" decoding=\"async\" class=\"alignnone size-full wp-image-19752\" src=\"https:\/\/www.vsveicolispeciali.com\/wp-content\/uploads\/2022\/11\/11_scegli-la-soluzione-piu-funzionale-APE-PIAGGIO-de.jpg\" alt=\"\" width=\"1000\" height=\"711\" srcset=\"https:\/\/www.vsveicolispeciali.com\/wp-content\/uploads\/2022\/11\/11_scegli-la-soluzione-piu-funzionale-APE-PIAGGIO-de.jpg 1000w, https:\/\/www.vsveicolispeciali.com\/wp-content\/uploads\/2022\/11\/11_scegli-la-soluzione-piu-funzionale-APE-PIAGGIO-de-300x213.jpg 300w, https:\/\/www.vsveicolispeciali.com\/wp-content\/uploads\/2022\/11\/11_scegli-la-soluzione-piu-funzionale-APE-PIAGGIO-de-768x546.jpg 768w, https:\/\/www.vsveicolispeciali.com\/wp-content\/uploads\/2022\/11\/11_scegli-la-soluzione-piu-funzionale-APE-PIAGGIO-de-700x498.jpg 700w\" sizes=\"auto, (max-width: 1000px) 100vw, 1000px\" \/><\/a><\/p>\n<p style=\"text-align: center;\">Ein ikonisches Fahrzeug in verschiedenen Ausf\u00fchrungen, einige davon mit patentiertem Design. Der Elektromotor und die leistungsstarken wiederaufladbaren Batterien erm\u00f6glichen es der Piaggio Ape, \u00fcberall hinzufahren und nachhaltig zu arbeiten. Das kompakte, ger\u00e4umige und extrem vielseitige Dreirad passt sich an jedes Produkt an. Ein ausgezeichneter Wagen f\u00fcr Street-Marketing!<\/p>\n\n\t\t<\/div> \n\t<\/div> <a  itemprop=\"url\" href=\"http:\/\/www.vsveicolispeciali.com\/de\/verkaufswagen-kaufen\/piaggio-ape-food-truck\/\" target=\"_self\"  class=\"qbutton  center default buttons\" style=\"margin: 15px; \">MEHR ERFAHREN<\/a><\/div><\/div><\/div><div class=\"riqblushadowsoluzione wpb_column vc_column_container vc_col-sm-3\"><div class=\"vc_column-inner\"><div class=\"wpb_wrapper\">\n\t<div class=\"wpb_text_column wpb_content_element \">\n\t\t<div class=\"wpb_wrapper\">\n\t\t\t<h3 style=\"text-align: center;\">ANH\u00c4NGER<\/h3>\n<p><a href=\"http:\/\/www.vsveicolispeciali.com\/de\/verkaufswagen-kaufen\/imbiss-verkaufsanhanger\/\"><img loading=\"lazy\" decoding=\"async\" class=\"alignnone size-full wp-image-19756\" src=\"https:\/\/www.vsveicolispeciali.com\/wp-content\/uploads\/2022\/11\/12_scegli-la-soluzione-piu-funzionale-RIMORCHI-de.jpg\" alt=\"\" width=\"1000\" height=\"711\" srcset=\"https:\/\/www.vsveicolispeciali.com\/wp-content\/uploads\/2022\/11\/12_scegli-la-soluzione-piu-funzionale-RIMORCHI-de.jpg 1000w, https:\/\/www.vsveicolispeciali.com\/wp-content\/uploads\/2022\/11\/12_scegli-la-soluzione-piu-funzionale-RIMORCHI-de-300x213.jpg 300w, https:\/\/www.vsveicolispeciali.com\/wp-content\/uploads\/2022\/11\/12_scegli-la-soluzione-piu-funzionale-RIMORCHI-de-768x546.jpg 768w, https:\/\/www.vsveicolispeciali.com\/wp-content\/uploads\/2022\/11\/12_scegli-la-soluzione-piu-funzionale-RIMORCHI-de-700x498.jpg 700w\" sizes=\"auto, (max-width: 1000px) 100vw, 1000px\" \/><\/a><\/p>\n<p style=\"text-align: center;\">Das Angebot reicht von Anh\u00e4ngern f\u00fcr den Verkauf von Streetfood mit professioneller K\u00fcche bis hin zu Wagen, die zu fahrenden Gesch\u00e4ften umfunktioniert werden, in denen Kleidung, Accessoires und andere Waren ausgestellt und verkauft werden k\u00f6nnen. Sie k\u00f6nnen sich auch f\u00fcr den Yield Trailer entscheiden, den ersten solarbetriebenen Anh\u00e4nger, der dank Batteriesystem und Solarzellen autonom ist.<\/p>\n\n\t\t<\/div> \n\t<\/div> <a  itemprop=\"url\" href=\"http:\/\/www.vsveicolispeciali.com\/de\/verkaufswagen-kaufen\/imbiss-verkaufsanhanger\/\" target=\"_self\"  class=\"qbutton  center default buttons\" style=\"margin: 15px; \">MEHR ERFAHREN<\/a><\/div><\/div><\/div><div class=\"riqblushadow4soluzione wpb_column vc_column_container vc_col-sm-3\"><div class=\"vc_column-inner vc_custom_1668174266843\"><div class=\"wpb_wrapper\">\n\t<div class=\"wpb_text_column wpb_content_element \">\n\t\t<div class=\"wpb_wrapper\">\n\t\t\t<h3 style=\"text-align: center;\">PROMO-TRUCK<\/h3>\n<p><a href=\"http:\/\/www.vsveicolispeciali.com\/de\/verkaufswagen-kaufen\/werbefahrzeuge-promotion-truck-verkaufsmobil\/\"><img loading=\"lazy\" decoding=\"async\" class=\"alignnone size-full wp-image-19760\" src=\"https:\/\/www.vsveicolispeciali.com\/wp-content\/uploads\/2022\/11\/13_scegli-la-soluzione-piu-funzionale-PROMO-TRUCK-de.jpg\" alt=\"\" width=\"1000\" height=\"711\" srcset=\"https:\/\/www.vsveicolispeciali.com\/wp-content\/uploads\/2022\/11\/13_scegli-la-soluzione-piu-funzionale-PROMO-TRUCK-de.jpg 1000w, https:\/\/www.vsveicolispeciali.com\/wp-content\/uploads\/2022\/11\/13_scegli-la-soluzione-piu-funzionale-PROMO-TRUCK-de-300x213.jpg 300w, https:\/\/www.vsveicolispeciali.com\/wp-content\/uploads\/2022\/11\/13_scegli-la-soluzione-piu-funzionale-PROMO-TRUCK-de-768x546.jpg 768w, https:\/\/www.vsveicolispeciali.com\/wp-content\/uploads\/2022\/11\/13_scegli-la-soluzione-piu-funzionale-PROMO-TRUCK-de-700x498.jpg 700w\" sizes=\"auto, (max-width: 1000px) 100vw, 1000px\" \/><\/a><\/p>\n<p style=\"text-align: center;\">Promotionsfahrzeuge sind Werbefahrzeuge f\u00fcr Marken und Produkte. Sie k\u00f6nnen in jedes beliebige Modell (auch Oldtimer) eingebaut und mit den gew\u00fcnschten Funktionen ausgestattet werden. Mit dem Promo-Truck k\u00f6nnen Sie Catering anbieten, Produkte ausstellen und verkaufen und auf Werbetouren, Messen und Veranstaltungen f\u00fcr Ihre Dienstleistungen werben.<\/p>\n\n\t\t<\/div> \n\t<\/div> <a  itemprop=\"url\" href=\"http:\/\/www.vsveicolispeciali.com\/de\/verkaufswagen-kaufen\/werbefahrzeuge-promotion-truck-verkaufsmobil\/\" target=\"_self\"  class=\"qbutton  center default buttons buttonquattro\" style=\"margin: 15px; \">MEHR ERFAHREN<\/a><\/div><\/div><\/div><\/div><\/div><\/div><\/div><\/div><\/div><\/div><\/div><div id=\"quality\"     class=\"vc_row wpb_row section vc_row-fluid \" style='background-color:#006aa7; text-align:left;'><div class=\" full_section_inner clearfix\"><div class=\"wpb_column vc_column_container vc_col-sm-12\"><div class=\"vc_column-inner\"><div class=\"wpb_wrapper\"><div class=\"call_to_action normal\" style=\"padding-top: 20px;padding-bottom: 20px;\"><div class=\"container_inner\"><div class=\"two_columns_75_25 clearfix\"><div class=\"text_wrapper column1\"><div class=\"call_to_action_text  font_size_inherit font_weight_inherit letter_spacing_inherit\" style=\"font-size:22px;font-weight: 700;letter-spacing: 0px;\">\n<p style=\"text-align: center;\"><em>&#8220;Einen Food-Truck kauft man nicht jeden Tag &#8211; w\u00e4hlen Sie Veicoli Speciali!&#8221;<\/em><\/p>\n<\/div><\/div><div class=\"button_wrapper column2\"><a itemprop=\"url\" href=\"https:\/\/www.vsveicolispeciali.com\/de\/kontakte\/\" class=\"qbutton white large\" target=\"_self\" style=\"color: #006aa7;border-color: #006aa7;background-color: #ffffff;\"data-hover-background-color=#006aa7 data-hover-border-color=#ffffff data-hover-color=#ffffff>KONTAKTIEREN SIE UNS<\/a><\/div><\/div><\/div><\/div><\/div><\/div><\/div><\/div><\/div><div      class=\"vc_row wpb_row section vc_row-fluid  vc_custom_1668605989007 grid_section\" style=' text-align:left;'><div class=\" section_inner clearfix\"><div class='section_inner_margin clearfix'><div class=\"wpb_column vc_column_container vc_col-sm-12\"><div class=\"vc_column-inner\"><div class=\"wpb_wrapper\">\t<div class=\"vc_empty_space\"  style=\"height: 70px\" ><span\n\t\t\tclass=\"vc_empty_space_inner\">\n\t\t\t<span class=\"empty_space_image\"  ><\/span>\n\t\t<\/span><\/div>\n\n<div class=\"custom_font_holder\" style=\" font-size: 24px; line-height: 34px; font-style: normal; font-weight: 400; color: #006aa7; text-decoration: none; text-align: center;\">\n<h2>Die besonderen eigenschaften unserer ausstattungen<\/h2>\n<\/div><div class=\"separator  small center  \" style=\"background-color: #006aa7;\"><\/div>\n\n\t<div class=\"wpb_text_column wpb_content_element \">\n\t\t<div class=\"wpb_wrapper\">\n\t\t\t<p style=\"text-align: center;\">Die 4 wichtigsten Merkmale, an denen sich die Produktion von Food-Trucks und anderen Spezialfahrzeugen orientiert:<\/p>\n\n\t\t<\/div> \n\t<\/div> <div      class=\"vc_row wpb_row section vc_row-fluid vc_inner  rigariqsfondoblushadow\" style=' text-align:center;'><div class=\" full_section_inner clearfix\"><div class=\"riqsfondoblushadow wpb_column vc_column_container vc_col-sm-3\"><div class=\"vc_column-inner\"><div class=\"wpb_wrapper\"><div class=\"custom_font_holder\" style=\" font-size: 17px; line-height: 34px; font-style: normal; font-weight: 400; color: #ffffff; text-decoration: none; text-align: center;\">UMWELTFREUNDLICHKEIT<\/div>\n\t<div class=\"wpb_text_column wpb_content_element \">\n\t\t<div class=\"wpb_wrapper\">\n\t\t\t<p><img loading=\"lazy\" decoding=\"async\" class=\"size-full icona4block aligncenter\" src=\"https:\/\/www.vsveicolispeciali.com\/wp-content\/uploads\/2022\/11\/14_le-qualita-distintivie-Ecologici-de.png\" alt=\"\" width=\"300\" height=\"300\" \/><\/p>\n<p style=\"text-align: center;\">Unsere Projekte schonen die Umwelt, weil wir verbrauchsarme L\u00f6sungen w\u00e4hlen und Solarenergie in die Energiequellen integrieren.<\/p>\n\n\t\t<\/div> \n\t<\/div> <\/div><\/div><\/div><div class=\"riqsfondoblushadow wpb_column vc_column_container vc_col-sm-3\"><div class=\"vc_column-inner\"><div class=\"wpb_wrapper\"><div class=\"custom_font_holder\" style=\" font-size: 17px; line-height: 34px; font-style: normal; font-weight: 400; color: #ffffff; text-decoration: none; text-align: center;\">VERBINDUNG<\/div>\n\t<div class=\"wpb_text_column wpb_content_element \">\n\t\t<div class=\"wpb_wrapper\">\n\t\t\t<p><img loading=\"lazy\" decoding=\"async\" class=\"size-full icona4block aligncenter\" src=\"https:\/\/www.vsveicolispeciali.com\/wp-content\/uploads\/2022\/11\/15_le-qualita-distintivie-Connessi-de.png\" alt=\"\" width=\"300\" height=\"300\" \/><\/p>\n<p style=\"text-align: center;\">Mit unserer App eXtra\u00ae ist es m\u00f6glich, direkt mit allen Anlagen in unseren Fahrzeugen zu kommunizieren.<\/p>\n\n\t\t<\/div> \n\t<\/div> <\/div><\/div><\/div><div class=\"riqsfondoblushadow wpb_column vc_column_container vc_col-sm-3\"><div class=\"vc_column-inner\"><div class=\"wpb_wrapper\"><div class=\"custom_font_holder\" style=\" font-size: 16px; line-height: 34px; font-style: normal; font-weight: 400; color: #ffffff; text-decoration: none; text-align: center;\">INDIVIDUELLE GESTALTUNG<\/div>\n\t<div class=\"wpb_text_column wpb_content_element \">\n\t\t<div class=\"wpb_wrapper\">\n\t\t\t<p><img loading=\"lazy\" decoding=\"async\" class=\"size-full icona4block aligncenter\" src=\"https:\/\/www.vsveicolispeciali.com\/wp-content\/uploads\/2022\/11\/16_le-qualita-distintivie-Personalizzati-de.png\" alt=\"\" width=\"300\" height=\"300\" \/><\/p>\n<p style=\"text-align: center;\">Wir entwerfen ma\u00dfgeschneiderte Ausstattungen. Jedes Element des Fahrzeugs wird angepasst und nach Bedarf ver\u00e4ndert.<\/p>\n\n\t\t<\/div> \n\t<\/div> <\/div><\/div><\/div><div class=\"riq4sfondoblushadow wpb_column vc_column_container vc_col-sm-3\"><div class=\"vc_column-inner\"><div class=\"wpb_wrapper\"><div class=\"custom_font_holder\" style=\" font-size: 17px; line-height: 34px; font-style: normal; font-weight: 400; color: #ffffff; text-decoration: none; text-align: center;\">ERGONOMIE<\/div>\n\t<div class=\"wpb_text_column wpb_content_element \">\n\t\t<div class=\"wpb_wrapper\">\n\t\t\t<p><img loading=\"lazy\" decoding=\"async\" class=\"size-full icona4block aligncenter\" src=\"https:\/\/www.vsveicolispeciali.com\/wp-content\/uploads\/2022\/11\/17_le-qualita-distintivie-Ergonomici-de.png\" alt=\"\" width=\"300\" height=\"300\" \/><\/p>\n<p style=\"text-align: center;\">Der Arbeitsbereich, die Ausr\u00fcstung und jeder Aspekt des Designs werden im Detail untersucht, um die Arbeit leichter zu machen und die Produktivit\u00e4t zu steigern.<\/p>\n\n\t\t<\/div> \n\t<\/div> <\/div><\/div><\/div><\/div><\/div><\/div><\/div><\/div><\/div><\/div><\/div><div      class=\"vc_row wpb_row section vc_row-fluid  rigaprofessionisti vc_custom_1668415546081 grid_section\" style=' text-align:left;'><div class=\" section_inner clearfix\"><div class='section_inner_margin clearfix'><div class=\"wpb_column vc_column_container vc_col-sm-12\"><div class=\"vc_column-inner\"><div class=\"wpb_wrapper\">\t<div class=\"vc_empty_space\"  style=\"height: 70px\" ><span\n\t\t\tclass=\"vc_empty_space_inner\">\n\t\t\t<span class=\"empty_space_image\"  ><\/span>\n\t\t<\/span><\/div>\n\n<div class=\"custom_font_holder\" style=\" font-size: 24px; line-height: 34px; font-style: normal; font-weight: 400; color: #006aa7; text-decoration: none; text-align: center;\">\n<h2>Wir sind auf den bau von food-trucks spezialisiert<\/h2>\n<\/div><div class=\"separator  small center  \" style=\"background-color: #006aa7;\"><\/div>\n<div      class=\"vc_row wpb_row section vc_row-fluid vc_inner \" style=' text-align:left;'><div class=\" full_section_inner clearfix\"><div class=\"wpb_column vc_column_container vc_col-sm-3\"><div class=\"vc_column-inner\"><div class=\"wpb_wrapper\"><\/div><\/div><\/div><div class=\"wpb_column vc_column_container vc_col-sm-6\"><div class=\"vc_column-inner\"><div class=\"wpb_wrapper\">\n\t<div class=\"wpb_text_column wpb_content_element \">\n\t\t<div class=\"wpb_wrapper\">\n\t\t\t<p style=\"text-align: center;\">Wir sind bestrebt, Ihre Bed\u00fcrfnisse zu verstehen, um <strong>funktionelle Fahrzeuge auszustatten, die Ihren Gesch\u00e4ftszielen entsprechen.<\/strong><\/p>\n\n\t\t<\/div> \n\t<\/div> <\/div><\/div><\/div><div class=\"wpb_column vc_column_container vc_col-sm-3\"><div class=\"vc_column-inner\"><div class=\"wpb_wrapper\"><\/div><\/div><\/div><\/div><\/div><div      class=\"vc_row wpb_row section vc_row-fluid vc_inner  riga5blockprof\" style=' text-align:center;'><div class=\" full_section_inner clearfix\"><div class=\"riqblushadowrigaprof wpb_column vc_column_container vc_col-sm-1\/5\"><div class=\"vc_column-inner\"><div class=\"wpb_wrapper\">\n\t<div class=\"wpb_text_column wpb_content_element \">\n\t\t<div class=\"wpb_wrapper\">\n\t\t\t<h3 style=\"text-align: center;\">PRO X FOOD TRUCK<\/h3>\n<p><a href=\"http:\/\/www.vsveicolispeciali.com\/de\/verkaufswagen-kaufen\/food-truck-imbisswagen-kosten\/pro-x-food-truck\/\"><img loading=\"lazy\" decoding=\"async\" class=\"size-medium icona5block aligncenter\" src=\"https:\/\/www.vsveicolispeciali.com\/wp-content\/uploads\/2022\/11\/18_professionisti-specializzati-pro-x-food-truck.jpg\" width=\"300\" height=\"240\" \/><\/a><\/p>\n<p style=\"text-align: center;\">Dieser innovative Imbisswagen wurde mit dem Ziel entwickelt, den Gewinn zu erh\u00f6hen, indem Verbrauchs- und Produktionsprozesse effizienter gestaltet werden.<\/p>\n\n\t\t<\/div> \n\t<\/div> <a  itemprop=\"url\" href=\"http:\/\/www.vsveicolispeciali.com\/de\/verkaufswagen-kaufen\/food-truck-imbisswagen-kosten\/pro-x-food-truck\/\" target=\"_self\"  class=\"qbutton  center default buttons buttonpro\" style=\"margin: 15px; \">MEHR ERFAHREN<\/a><\/div><\/div><\/div><div class=\"riqblushadowrigaprof wpb_column vc_column_container vc_col-sm-1\/5\"><div class=\"vc_column-inner\"><div class=\"wpb_wrapper\">\n\t<div class=\"wpb_text_column wpb_content_element \">\n\t\t<div class=\"wpb_wrapper\">\n\t\t\t<h3 style=\"text-align: center;\">PROFESSIONAL FOOD TRUCK<\/h3>\n<p><a href=\"http:\/\/www.vsveicolispeciali.com\/de\/verkaufswagen-kaufen\/food-truck-imbisswagen-kosten\/transporter-food-truck-bauen-mobiler-kueche\/\"><img decoding=\"async\" class=\"aligncenter icona5block size-full\" src=\"https:\/\/www.vsveicolispeciali.com\/wp-content\/uploads\/2022\/11\/19_professionisti-specializzati-professional-food-truck.jpg\" \/><\/a><\/p>\n<p style=\"text-align: center;\">Extrem anpassungsf\u00e4higer, solider und ergonomischer Food-Truck mit gro\u00dfz\u00fcgiger Arbeitsfl\u00e4che im Inneren. Ideal f\u00fcr Catering, Messen und Veranstaltungen.<\/p>\n\n\t\t<\/div> \n\t<\/div> <a  itemprop=\"url\" href=\"http:\/\/www.vsveicolispeciali.com\/de\/verkaufswagen-kaufen\/food-truck-imbisswagen-kosten\/transporter-food-truck-bauen-mobiler-kueche\/\" target=\"_self\"  class=\"qbutton  center default buttons\" style=\"margin: 15px; \">MEHR ERFAHREN<\/a><\/div><\/div><\/div><div class=\"riqblushadowrigaprof wpb_column vc_column_container vc_col-sm-1\/5\"><div class=\"vc_column-inner\"><div class=\"wpb_wrapper\">\n\t<div class=\"wpb_text_column wpb_content_element \">\n\t\t<div class=\"wpb_wrapper\">\n\t\t\t<h3 style=\"text-align: center;\">NV FOOD TRUCK<\/h3>\n<p><a href=\"http:\/\/www.vsveicolispeciali.com\/de\/verkaufswagen-kaufen\/food-truck-imbisswagen-kosten\/citroen-jumper-retro-food-truck-umbau\/\"><img loading=\"lazy\" decoding=\"async\" class=\"aligncenter size-medium icona5block\" src=\"https:\/\/www.vsveicolispeciali.com\/wp-content\/uploads\/2022\/11\/20_professionisti-specializzati-nv-food-truck.jpg\" width=\"300\" height=\"240\" \/><\/a><\/p>\n<p style=\"text-align: center;\">Der Retro-Stil, der an den Citro\u00ebn Typ H der 1960er\/70er Jahre erinnert, verleiht diesem Fahrzeug einen au\u00dfergew\u00f6hnlichen Touch.<\/p>\n\n\t\t<\/div> \n\t<\/div> <a  itemprop=\"url\" href=\"http:\/\/www.vsveicolispeciali.com\/de\/verkaufswagen-kaufen\/food-truck-imbisswagen-kosten\/citroen-jumper-retro-food-truck-umbau\/\" target=\"_self\"  class=\"qbutton  center default buttons buttonnv\" style=\"margin: 15px; \">MEHR ERFAHREN<\/a><\/div><\/div><\/div><div class=\"riqblushadowrigaprof wpb_column vc_column_container vc_col-sm-1\/5\"><div class=\"vc_column-inner vc_custom_1668176608903\"><div class=\"wpb_wrapper\">\n\t<div class=\"wpb_text_column wpb_content_element \">\n\t\t<div class=\"wpb_wrapper\">\n\t\t\t<h3 style=\"text-align: center;\">ECO FOOD TRUCK<\/h3>\n<p><a href=\"http:\/\/www.vsveicolispeciali.com\/de\/verkaufswagen-kaufen\/food-truck-imbisswagen-kosten\/guenstige-imbisswagen\/\"><img decoding=\"async\" class=\"aligncenter size-medium icona5block\" src=\"https:\/\/www.vsveicolispeciali.com\/wp-content\/uploads\/2022\/11\/21_professionisti-specializzati-eco-food-truck.jpg\" \/><\/a><\/p>\n<p style=\"text-align: center;\">Dies ist die kosteng\u00fcnstigste L\u00f6sung im Bereich der &#8220;Foodtrucks&#8221;: In Bezug auf hohe Konstruktionsstandards geht die schlichte Ausstattung keine Kompromisse ein.<\/p>\n\n\t\t<\/div> \n\t<\/div> <a  itemprop=\"url\" href=\"http:\/\/www.vsveicolispeciali.com\/de\/verkaufswagen-kaufen\/food-truck-imbisswagen-kosten\/guenstige-imbisswagen\/\" target=\"_self\"  class=\"qbutton  center default buttons\" style=\"margin: 15px; \">MEHR ERFAHREN<\/a><\/div><\/div><\/div><div class=\"riqblu5shadowrigaprof wpb_column vc_column_container vc_col-sm-1\/5\"><div class=\"vc_column-inner\"><div class=\"wpb_wrapper\">\n\t<div class=\"wpb_text_column wpb_content_element \">\n\t\t<div class=\"wpb_wrapper\">\n\t\t\t<h3 style=\"text-align: center;\">PORTER CRAFT X<\/h3>\n<p><a href=\"http:\/\/www.vsveicolispeciali.com\/de\/verkaufswagen-kaufen\/food-truck-imbisswagen-kosten\/piaggio-porter-craft-x\/\"><img decoding=\"async\" class=\"aligncenter size-medium icona5block\" src=\"https:\/\/www.vsveicolispeciali.com\/wp-content\/uploads\/2022\/11\/22_professionisti-specializzati-porter-craft-x.jpg\" \/><\/a><\/p>\n<p style=\"text-align: center;\">Der klassische Porter Piaggio wird auf moderne Art und Weise erneuert und in einen wendigen Imbisswagen mit optimalem Ladevolumen und extremer Wendigkeit f\u00fcr die Stadt umgebaut.<\/p>\n\n\t\t<\/div> \n\t<\/div> <a  itemprop=\"url\" href=\"http:\/\/www.vsveicolispeciali.com\/de\/verkaufswagen-kaufen\/food-truck-imbisswagen-kosten\/piaggio-porter-craft-x\/\" target=\"_self\"  class=\"qbutton  center default buttons buttonporter\" style=\"margin: 15px; \">MEHR ERFAHREN<\/a><\/div><\/div><\/div><\/div><\/div><\/div><\/div><\/div><\/div><\/div><\/div><div      class=\"vc_row wpb_row section vc_row-fluid \" style='background-color:#006aa7; text-align:left;'><div class=\" full_section_inner clearfix\"><div class=\"wpb_column vc_column_container vc_col-sm-12\"><div class=\"vc_column-inner\"><div class=\"wpb_wrapper\"><div class=\"call_to_action normal\" style=\"padding-top: 20px;padding-bottom: 20px;\"><div class=\"container_inner\"><div class=\"two_columns_75_25 clearfix\"><div class=\"text_wrapper column1\"><div class=\"call_to_action_text  font_size_inherit font_weight_inherit letter_spacing_inherit\" style=\"font-size:22px;font-weight: 700;letter-spacing: 0px;\">\n<p style=\"text-align: center;\"><em>&#8220;Wir arbeiten f\u00fcr Sie und mit Ihnen, indem wir Ihnen unsere Erfahrung zur Verf\u00fcgung stellen!&#8221;<\/em><\/p>\n<\/div><\/div><div class=\"button_wrapper column2\"><a itemprop=\"url\" href=\"https:\/\/www.vsveicolispeciali.com\/de\/kontakte\/\" class=\"qbutton white large\" target=\"_self\" style=\"color: #006aa7;border-color: #006aa7;background-color: #ffffff;\"data-hover-background-color=#006aa7 data-hover-border-color=#ffffff data-hover-color=#ffffff>KONTAKTIEREN SIE UNS<\/a><\/div><\/div><\/div><\/div><\/div><\/div><\/div><\/div><\/div><div      class=\"vc_row wpb_row section vc_row-fluid  vc_custom_1668417950273 grid_section\" style=' text-align:left;'><div class=\" section_inner clearfix\"><div class='section_inner_margin clearfix'><div class=\"wpb_column vc_column_container vc_col-sm-12\"><div class=\"vc_column-inner\"><div class=\"wpb_wrapper\">\t<div class=\"vc_empty_space\"  style=\"height: 70px\" ><span\n\t\t\tclass=\"vc_empty_space_inner\">\n\t\t\t<span class=\"empty_space_image\"  ><\/span>\n\t\t<\/span><\/div>\n\n<div class=\"custom_font_holder\" style=\" font-size: 24px; line-height: 34px; font-style: normal; font-weight: 400; color: #006aa7; text-decoration: none; text-align: center;\">\n<h2>Vom streetfood zum ihrem food-truck<\/h2>\n<\/div><div class=\"separator  small center  \" style=\"background-color: #006aa7;\"><\/div>\n\n\t<div class=\"wpb_text_column wpb_content_element \">\n\t\t<div class=\"wpb_wrapper\">\n\t\t\t<p style=\"text-align: center;\">Wir bauen Essens-Food-Trucks f\u00fcr Unternehmen aller Gr\u00f6\u00dfenordnungen.<br \/>\nKlicken Sie sich durch unsere Produktkategorien und entdecken Sie unsere <strong><a href=\"http:\/\/www.vsveicolispeciali.com\/de\/street-food\/\"><span style=\"color: #006aa7; font-weight: 600;\">STREETFOOD-WAGEN<\/span><\/a><\/strong>.<\/p>\n\n\t\t<\/div> \n\t<\/div> <div      class=\"vc_row wpb_row section vc_row-fluid vc_inner  rigafood\" style=' text-align:center;'><div class=\" full_section_inner clearfix\"><div class=\"wpb_column vc_column_container vc_col-sm-2\"><div class=\"vc_column-inner\"><div class=\"wpb_wrapper\"><div class=\"custom_font_holder\" style=\" font-size: 19px; line-height: 24px; font-style: normal; font-weight: 400; color: #006aa7; text-decoration: none; text-align: center;\"><a href=\"https:\/\/www.vsveicolispeciali.com\/de\/street-food\/pizzawagen-pizza-trucks\/\">PIZZA<\/a><\/div><div class=\"separator sepfood small center  \" style=\"background-color: #006aa7;\"><\/div>\n\n\t<div class=\"wpb_text_column wpb_content_element \">\n\t\t<div class=\"wpb_wrapper\">\n\t\t\t<p><a href=\"http:\/\/www.vsveicolispeciali.com\/de\/street-food\/pizzawagen-pizza-trucks\/\"><img loading=\"lazy\" decoding=\"async\" class=\"aligncenter wp-image-19176 size-full\" src=\"https:\/\/www.vsveicolispeciali.com\/wp-content\/uploads\/2022\/11\/23_dallo-street-fod_pizza.jpg\" alt=\"\" width=\"300\" height=\"300\" srcset=\"https:\/\/www.vsveicolispeciali.com\/wp-content\/uploads\/2022\/11\/23_dallo-street-fod_pizza.jpg 300w, https:\/\/www.vsveicolispeciali.com\/wp-content\/uploads\/2022\/11\/23_dallo-street-fod_pizza-150x150.jpg 150w\" sizes=\"auto, (max-width: 300px) 100vw, 300px\" \/><\/a><\/p>\n\n\t\t<\/div> \n\t<\/div> <\/div><\/div><\/div><div class=\"wpb_column vc_column_container vc_col-sm-2\"><div class=\"vc_column-inner\"><div class=\"wpb_wrapper\"><div class=\"custom_font_holder\" style=\" font-size: 19px; line-height: 24px; font-style: normal; font-weight: 400; color: #006aa7; text-decoration: none; text-align: center;\"><a href=\"https:\/\/www.vsveicolispeciali.com\/de\/street-food\/eiswagen-eismobil\/\">EISCREME<\/a><\/div><div class=\"separator sepfood small center  \" style=\"background-color: #006aa7;\"><\/div>\n\n\t<div class=\"wpb_text_column wpb_content_element \">\n\t\t<div class=\"wpb_wrapper\">\n\t\t\t<p><a href=\"http:\/\/www.vsveicolispeciali.com\/de\/street-food\/eiswagen-eismobil\/\"><img loading=\"lazy\" decoding=\"async\" class=\"aligncenter wp-image-19180 size-full\" src=\"https:\/\/www.vsveicolispeciali.com\/wp-content\/uploads\/2022\/11\/24_dallo-street-fod_gelato.jpg\" alt=\"\" width=\"300\" height=\"300\" srcset=\"https:\/\/www.vsveicolispeciali.com\/wp-content\/uploads\/2022\/11\/24_dallo-street-fod_gelato.jpg 300w, https:\/\/www.vsveicolispeciali.com\/wp-content\/uploads\/2022\/11\/24_dallo-street-fod_gelato-150x150.jpg 150w\" sizes=\"auto, (max-width: 300px) 100vw, 300px\" \/><\/a><\/p>\n\n\t\t<\/div> \n\t<\/div> <\/div><\/div><\/div><div class=\"wpb_column vc_column_container vc_col-sm-2\"><div class=\"vc_column-inner\"><div class=\"wpb_wrapper\"><div class=\"custom_font_holder\" style=\" font-size: 19px; line-height: 24px; font-style: normal; font-weight: 400; color: #006aa7; text-decoration: none; text-align: center;\"><a href=\"https:\/\/www.vsveicolispeciali.com\/de\/street-food\/bierwagen-bier-truck\/\">BIER<\/a><\/div><div class=\"separator sepfood small center  \" style=\"background-color: #006aa7;\"><\/div>\n\n\t<div class=\"wpb_text_column wpb_content_element \">\n\t\t<div class=\"wpb_wrapper\">\n\t\t\t<p><a href=\"http:\/\/www.vsveicolispeciali.com\/de\/street-food\/bierwagen-bier-truck\/\"><img loading=\"lazy\" decoding=\"async\" class=\"aligncenter wp-image-19184 size-full\" src=\"https:\/\/www.vsveicolispeciali.com\/wp-content\/uploads\/2022\/11\/25_dallo-street-fod_birra.jpg\" alt=\"\" width=\"300\" height=\"300\" srcset=\"https:\/\/www.vsveicolispeciali.com\/wp-content\/uploads\/2022\/11\/25_dallo-street-fod_birra.jpg 300w, https:\/\/www.vsveicolispeciali.com\/wp-content\/uploads\/2022\/11\/25_dallo-street-fod_birra-150x150.jpg 150w\" sizes=\"auto, (max-width: 300px) 100vw, 300px\" \/><\/a><\/p>\n\n\t\t<\/div> \n\t<\/div> <\/div><\/div><\/div><div class=\"wpb_column vc_column_container vc_col-sm-2\"><div class=\"vc_column-inner\"><div class=\"wpb_wrapper\"><div class=\"custom_font_holder\" style=\" font-size: 19px; line-height: 24px; font-style: normal; font-weight: 400; color: #006aa7; text-decoration: none; text-align: center;\"><a href=\"https:\/\/www.vsveicolispeciali.com\/de\/street-food\/kaffeewagen-kaffee-foodtruck\/\">KAFFEE<\/a><\/div><div class=\"separator sepfood small center  \" style=\"background-color: #006aa7;\"><\/div>\n\n\t<div class=\"wpb_text_column wpb_content_element \">\n\t\t<div class=\"wpb_wrapper\">\n\t\t\t<p><a href=\"http:\/\/www.vsveicolispeciali.com\/de\/street-food\/kaffeewagen-kaffee-foodtruck\/\"><img loading=\"lazy\" decoding=\"async\" class=\"aligncenter wp-image-19188 size-full\" src=\"https:\/\/www.vsveicolispeciali.com\/wp-content\/uploads\/2022\/11\/26_dallo-street-fod_caffe.jpg\" alt=\"\" width=\"300\" height=\"300\" srcset=\"https:\/\/www.vsveicolispeciali.com\/wp-content\/uploads\/2022\/11\/26_dallo-street-fod_caffe.jpg 300w, https:\/\/www.vsveicolispeciali.com\/wp-content\/uploads\/2022\/11\/26_dallo-street-fod_caffe-150x150.jpg 150w\" sizes=\"auto, (max-width: 300px) 100vw, 300px\" \/><\/a><\/p>\n\n\t\t<\/div> \n\t<\/div> <\/div><\/div><\/div><div class=\"wpb_column vc_column_container vc_col-sm-2\"><div class=\"vc_column-inner\"><div class=\"wpb_wrapper\"><div class=\"custom_font_holder\" style=\" font-size: 19px; line-height: 24px; font-style: normal; font-weight: 400; color: #006aa7; text-decoration: none; text-align: center;\"><a href=\"https:\/\/www.vsveicolispeciali.com\/de\/street-food\/bbq-food-truck-grill\/\">BBQ\/GRILLEN<\/a><\/div><div class=\"separator sepfood small center  \" style=\"background-color: #006aa7;\"><\/div>\n\n\t<div class=\"wpb_text_column wpb_content_element \">\n\t\t<div class=\"wpb_wrapper\">\n\t\t\t<p><a href=\"http:\/\/www.vsveicolispeciali.com\/de\/street-food\/bbq-food-truck-grill\/\"><img loading=\"lazy\" decoding=\"async\" class=\"aligncenter wp-image-19192 size-full\" src=\"https:\/\/www.vsveicolispeciali.com\/wp-content\/uploads\/2022\/11\/27_dallo-street-fod_bbq_grill.jpg\" alt=\"\" width=\"300\" height=\"300\" srcset=\"https:\/\/www.vsveicolispeciali.com\/wp-content\/uploads\/2022\/11\/27_dallo-street-fod_bbq_grill.jpg 300w, https:\/\/www.vsveicolispeciali.com\/wp-content\/uploads\/2022\/11\/27_dallo-street-fod_bbq_grill-150x150.jpg 150w\" sizes=\"auto, (max-width: 300px) 100vw, 300px\" \/><\/a><\/p>\n\n\t\t<\/div> \n\t<\/div> <\/div><\/div><\/div><div class=\"wpb_column vc_column_container vc_col-sm-2\"><div class=\"vc_column-inner\"><div class=\"wpb_wrapper\"><div class=\"custom_font_holder\" style=\" font-size: 19px; line-height: 24px; font-style: normal; font-weight: 400; color: #006aa7; text-decoration: none; text-align: center;\"><a href=\"https:\/\/www.vsveicolispeciali.com\/de\/street-food\/burger-food-truck\/\">HAMBURGER<\/a><\/div><div class=\"separator sepfood small center  \" style=\"background-color: #006aa7;\"><\/div>\n\n\t<div class=\"wpb_text_column wpb_content_element \">\n\t\t<div class=\"wpb_wrapper\">\n\t\t\t<p><a href=\"http:\/\/www.vsveicolispeciali.com\/de\/street-food\/burger-food-truck\/\"><img loading=\"lazy\" decoding=\"async\" class=\"aligncenter wp-image-19196 size-full\" src=\"https:\/\/www.vsveicolispeciali.com\/wp-content\/uploads\/2022\/11\/28_dallo-street-fod_burger_hamburger.jpg\" alt=\"\" width=\"300\" height=\"300\" srcset=\"https:\/\/www.vsveicolispeciali.com\/wp-content\/uploads\/2022\/11\/28_dallo-street-fod_burger_hamburger.jpg 300w, https:\/\/www.vsveicolispeciali.com\/wp-content\/uploads\/2022\/11\/28_dallo-street-fod_burger_hamburger-150x150.jpg 150w\" sizes=\"auto, (max-width: 300px) 100vw, 300px\" \/><\/a><\/p>\n\n\t\t<\/div> \n\t<\/div> <\/div><\/div><\/div><\/div><\/div><\/div><\/div><\/div><\/div><\/div><\/div><div      class=\"vc_row wpb_row section vc_row-fluid \" style=' text-align:left;'><div class=\" full_section_inner clearfix\"><div class=\"wpb_column vc_column_container vc_col-sm-12\"><div class=\"vc_column-inner\"><div class=\"wpb_wrapper\">\n\t<div class=\"wpb_text_column wpb_content_element \">\n\t\t<div class=\"wpb_wrapper\">\n\t\t\t\n\t\t<\/div> \n\t<\/div> <\/div><\/div><\/div><\/div><\/div><div      class=\"vc_row wpb_row section vc_row-fluid  rigagestisci vc_custom_1767957444124 grid_section\" style=' text-align:left;'><div class=\" section_inner clearfix\"><div class='section_inner_margin clearfix'><div class=\"wpb_column vc_column_container vc_col-sm-12\"><div class=\"vc_column-inner\"><div class=\"wpb_wrapper\">\t<div class=\"vc_empty_space\"  style=\"height: 70px\" ><span\n\t\t\tclass=\"vc_empty_space_inner\">\n\t\t\t<span class=\"empty_space_image\"  ><\/span>\n\t\t<\/span><\/div>\n\n<div class=\"custom_font_holder\" style=\" font-size: 24px; line-height: 34px; font-style: normal; font-weight: 400; color: #006aa7; text-decoration: none; text-align: center;\">\n<h2>Food Truck Chef Edition<\/h2>\n<\/div><div class=\"separator  small center  \" style=\"background-color: #006aa7;\"><\/div>\n<div      class=\"vc_row wpb_row section vc_row-fluid vc_inner \" style=' text-align:left;'><div class=\" full_section_inner clearfix\"><div class=\"wpb_column vc_column_container vc_col-sm-12\"><div class=\"vc_column-inner\"><div class=\"wpb_wrapper\">\n\t<div class=\"wpb_text_column wpb_content_element \">\n\t\t<div class=\"wpb_wrapper\">\n\t\t\t<p style=\"text-align: center;\">Deine K\u00fcche, au\u00dferhalb des Restaurants. Ohne Kompromisse.<\/p>\n\n\t\t<\/div> \n\t<\/div> <\/div><\/div><\/div><\/div><\/div><div      class=\"vc_row wpb_row section vc_row-fluid vc_inner  riga3blockgestisci\" style=' text-align:center;'><div class=\" full_section_inner clearfix\"><div class=\"wpb_column vc_column_container vc_col-sm-6\"><div class=\"vc_column-inner\"><div class=\"wpb_wrapper\">\n\t<div class=\"wpb_text_column wpb_content_element \">\n\t\t<div class=\"wpb_wrapper\">\n\t\t\t<p><img loading=\"lazy\" decoding=\"async\" class=\"size-full riqblugestisci aligncenter\" src=\"https:\/\/www.vsveicolispeciali.com\/wp-content\/uploads\/2026\/01\/vs-food-truck-chef-michelin.jpg\" alt=\"food truck chef michelin, programma di vendita per chef stellati e famosi che vogliono entrare nello street food\" width=\"1000\" height=\"572\" \/><\/p>\n\n\t\t<\/div> \n\t<\/div> <\/div><\/div><\/div><div class=\"riqblugestiscibot wpb_column vc_column_container vc_col-sm-6\"><div class=\"vc_column-inner\"><div class=\"wpb_wrapper\">\n\t<div class=\"wpb_text_column wpb_content_element  vc_custom_1768166137866\">\n\t\t<div class=\"wpb_wrapper\">\n\t\t\t<p>Wenn du ein etablierter K\u00fcchenchef bist und dar\u00fcber nachdenkst, in die Street-Food-Welt einzusteigen, brauchst du eine mobile K\u00fcche, die wie ein ma\u00dfgeschneiderter Anzug geplant ist, und daf\u00fcr gebaut wurde, den Standards der Spitzengastronomie gerecht zu werden.<\/p>\n\n\t\t<\/div> \n\t<\/div> <div class=\"custom_font_holder\" style=\" font-size: 18px; line-height: 23px; font-style: italic; font-weight: 600; color: #afb0af; text-decoration: none; padding: 10px; text-align: center;\">Mit dem Programm Chef Edition begleiten wir dich vom Konzept bis zur Abnahme: Layout, Technik, Ausstattung und Design werden auf Basis deiner Arbeitsweise und des Service, den du anbieten m\u00f6chtest, definiert.<\/div><a  itemprop=\"url\" href=\"https:\/\/www.vsveicolispeciali.com\/de\/foodtruck-chef-edition\/\" target=\"_self\"  class=\"qbutton  center default buttons\" style=\"margin: 6px; \">ZUR CHEF EDITION<\/a><\/div><\/div><\/div><\/div><\/div><\/div><\/div><\/div><\/div><\/div><\/div><div      class=\"vc_row wpb_row section vc_row-fluid \" style=' text-align:left;'><div class=\" full_section_inner clearfix\"><div class=\"wpb_column vc_column_container vc_col-sm-12\"><div class=\"vc_column-inner\"><div class=\"wpb_wrapper\">\n\t<div class=\"wpb_text_column wpb_content_element \">\n\t\t<div class=\"wpb_wrapper\">\n\t\t\t\n\t\t<\/div> \n\t<\/div> <\/div><\/div><\/div><\/div><\/div><div      class=\"vc_row wpb_row section vc_row-fluid  rigagestisci vc_custom_1668421380228 grid_section\" style=' text-align:left;'><div class=\" section_inner clearfix\"><div class='section_inner_margin clearfix'><div class=\"wpb_column vc_column_container vc_col-sm-12\"><div class=\"vc_column-inner\"><div class=\"wpb_wrapper\">\t<div class=\"vc_empty_space\"  style=\"height: 70px\" ><span\n\t\t\tclass=\"vc_empty_space_inner\">\n\t\t\t<span class=\"empty_space_image\"  ><\/span>\n\t\t<\/span><\/div>\n\n<div class=\"custom_font_holder\" style=\" font-size: 24px; line-height: 34px; font-style: normal; font-weight: 400; color: #006aa7; text-decoration: none; text-align: center;\">\n<h2>Verwalten sie ihr fahrzeug via app<\/h2>\n<\/div><div class=\"separator  small center  \" style=\"background-color: #006aa7;\"><\/div>\n<div      class=\"vc_row wpb_row section vc_row-fluid vc_inner \" style=' text-align:left;'><div class=\" full_section_inner clearfix\"><div class=\"wpb_column vc_column_container vc_col-sm-12\"><div class=\"vc_column-inner\"><div class=\"wpb_wrapper\">\n\t<div class=\"wpb_text_column wpb_content_element \">\n\t\t<div class=\"wpb_wrapper\">\n\t\t\t<p style=\"text-align: center;\">eXtra\u00ae ist die mobile App, mit der Sie alle Komponenten Ihrer Ausstattung aus der Ferne verwalten k\u00f6nnen.<\/p>\n\n\t\t<\/div> \n\t<\/div> <\/div><\/div><\/div><\/div><\/div><div      class=\"vc_row wpb_row section vc_row-fluid vc_inner  riga3blockgestisci\" style=' text-align:center;'><div class=\" full_section_inner clearfix\"><div class=\"wpb_column vc_column_container vc_col-sm-3\"><div class=\"vc_column-inner\"><div class=\"wpb_wrapper\">\n\t<div class=\"wpb_text_column wpb_content_element  vc_custom_1668434051704\">\n\t\t<div class=\"wpb_wrapper\">\n\t\t\t<p><img decoding=\"async\" class=\"alignnone size-full riqblugestisci\" src=\"https:\/\/www.vsveicolispeciali.com\/wp-content\/uploads\/2022\/11\/29_extra_verticale-1.jpg\" alt=\"\" \/><\/p>\n\n\t\t<\/div> \n\t<\/div> <\/div><\/div><\/div><div class=\"riqblugestiscibot wpb_column vc_column_container vc_col-sm-3\"><div class=\"vc_column-inner\"><div class=\"wpb_wrapper\"><div class=\"custom_font_holder\" style=\" font-size: 18px; line-height: 23px; font-style: italic; font-weight: 600; color: #afb0af; text-decoration: none; padding: 6px 0 14px 0; text-align: center;\">eXtra\u00ae verbindet Sie mit Ihrem Food-Truck und h\u00e4lt alles unter Kontrolle!<\/div>\n\t<div class=\"wpb_text_column wpb_content_element  vc_custom_1784925407679\">\n\t\t<div class=\"wpb_wrapper\">\n\t\t\t<p style=\"text-align: center;\">Mit dem integrierten digitalen System k\u00f6nnen Sie die Ausr\u00fcstung anpassen, um besser zu arbeiten.<\/p>\n\n\t\t<\/div> \n\t<\/div> <a  itemprop=\"url\" href=\"http:\/\/www.vsveicolispeciali.com\/de\/vs-innovation-lab\/extra-fuer-ihren-food-truck\/\" target=\"_self\"  class=\"qbutton  center default buttons\" style=\"margin: 4px; \">MEHR ERFAHREN<\/a><\/div><\/div><\/div><div class=\"wpb_column vc_column_container vc_col-sm-6\"><div class=\"vc_column-inner\"><div class=\"wpb_wrapper\">\n\t<div class=\"wpb_text_column wpb_content_element \">\n\t\t<div class=\"wpb_wrapper\">\n\t\t\t<p><img loading=\"lazy\" decoding=\"async\" class=\"size-full riqblugestisci aligncenter\" src=\"https:\/\/www.vsveicolispeciali.com\/wp-content\/uploads\/2022\/11\/31_food-truck-extra.jpg\" alt=\"\" width=\"1000\" height=\"572\" \/><\/p>\n\n\t\t<\/div> \n\t<\/div> <\/div><\/div><\/div><\/div><\/div><\/div><\/div><\/div><\/div><\/div><\/div><div      class=\"vc_row wpb_row section vc_row-fluid \" style='background-color:#006aa7; text-align:left;'><div class=\" full_section_inner clearfix\"><div class=\"wpb_column vc_column_container vc_col-sm-12\"><div class=\"vc_column-inner\"><div class=\"wpb_wrapper\"><div class=\"call_to_action normal\" style=\"padding-top: 20px;padding-bottom: 20px;\"><div class=\"container_inner\"><div class=\"two_columns_75_25 clearfix\"><div class=\"text_wrapper column1\"><div class=\"call_to_action_text  font_size_inherit font_weight_inherit letter_spacing_inherit\" style=\"font-size:22px;font-weight: 700;letter-spacing: 0px;\">\n<p style=\"text-align: center;\"><em> &#8220;Wir helfen Ihnen, Ihr Projekt zu realisieren und passen uns an Ihre Bed\u00fcrfnisse an!&#8221; <\/em><\/p>\n<\/div><\/div><div class=\"button_wrapper column2\"><a itemprop=\"url\" href=\"https:\/\/www.vsveicolispeciali.com\/de\/kontakte\/\" class=\"qbutton white large\" target=\"_self\" style=\"color: #006aa7;border-color: #006aa7;background-color: #ffffff;\"data-hover-background-color=#006aa7 data-hover-border-color=#ffffff data-hover-color=#ffffff>KONTAKTIEREN SIE UNS<\/a><\/div><\/div><\/div><\/div><\/div><\/div><\/div><\/div><\/div><div      class=\"vc_row wpb_row section vc_row-fluid  vc_custom_1668428373272 grid_section\" style=' text-align:left;'><div class=\" section_inner clearfix\"><div class='section_inner_margin clearfix'><div class=\"wpb_column vc_column_container vc_col-sm-12\"><div class=\"vc_column-inner\"><div class=\"wpb_wrapper\">\t<div class=\"vc_empty_space\"  style=\"height: 70px\" ><span\n\t\t\tclass=\"vc_empty_space_inner\">\n\t\t\t<span class=\"empty_space_image\"  ><\/span>\n\t\t<\/span><\/div>\n\n<div class=\"custom_font_holder\" style=\" font-size: 24px; line-height: 34px; font-style: normal; font-weight: 400; color: #006aa7; text-decoration: none; text-align: center;\">\n<h3>WAS UNSERE KUNDEN SAGEN<\/h3>\n<\/div><div class=\"separator  small center  \" style=\"background-color: #006aa7;\"><\/div>\n\n\t<div class=\"wpb_text_column wpb_content_element \">\n\t\t<div class=\"wpb_wrapper\">\n\t\t\t<p style=\"text-align: center;\">Alle Kommentare werden mit der Genehmigung der jeweiligen Autoren ver\u00f6ffentlicht.<\/p>\n\n\t\t<\/div> \n\t<\/div> \n\t<div class=\"wpb_text_column wpb_content_element \">\n\t\t<div class=\"wpb_wrapper\">\n\t\t\t<p style=\"text-align: center;\">Nachfolgend finden Sie einige der Kommentare, die unsere Kunden <a href=\"https:\/\/www.google.com\/search?q=vs+veicoli+speciali&amp;rlz=1C1CHBF_itIT917IT917&amp;oq=VS&amp;aqs=chrome.0.69i59j69i57j0i131i433i512l4j0i433i512j0i512j0i433i512j0i131i433.1688j0j15&amp;sourceid=chrome&amp;ie=UTF-8#lrd=0x47886ffe1836c587:0xd0ae06a889634c6b,1\" target=\"_blank\" rel=\"noopener\"><span style=\"color: ##006aa7; font-weight: 600;\">online<\/span><\/a> hinterlassen haben.<\/p>\n\n\t\t<\/div> \n\t<\/div> <div      class=\"vc_row wpb_row section vc_row-fluid vc_inner  rigarecensioni\" style=' text-align:center;'><div class=\" full_section_inner clearfix\"><div class=\"wpb_column vc_column_container vc_col-sm-12\"><div class=\"vc_column-inner\"><div class=\"wpb_wrapper\"><div class='testimonials_c_holder clearfix dark'><div class=\"testimonials_c testimonials_c_carousel\" data-show-navigation=\"yes\" data-animation-speed=\"\" data-auto-rotate-slides=\"15\" data-number-per-slide=\"4\"><ul class=\"slides\"><li id=\"testimonials-c-19583\" class=\"testimonial_content\"><div class=\"testimonial_content_inner\"><div class=\"testimonial_title_holder\"><h4>Kate O&#8217;Riordan<\/h4><\/div><div class=\"testimonial_text_holder\"><div class=\"testimonial_text_inner\" style=\"\"><p>Abbiamo acquistato il nostro Ape car friggitoria Small Fry ormai 10 anni fa. \u00c8 ancora operativo e perfettamente funzionante. L'allestimento ha retto ad ogni tipo di sollecitazione ed intemperia essendo sempre stato parcheggiato all'aperto.<\/p><p class=\"testimonial_author\" style=\"\">Kate O'Riordan<\/p><\/div><\/div><\/div><\/li><li id=\"testimonials-c-19578\" class=\"testimonial_content\"><div class=\"testimonial_content_inner\"><div class=\"testimonial_title_holder\"><h4>Anna Zawilinska<\/h4><\/div><div class=\"testimonial_text_holder\"><div class=\"testimonial_text_inner\" style=\"\"><p>Very beautiful and stylish food trucks. Thank you!<\/p><p class=\"testimonial_author\" style=\"\">Anna Zawilinska<\/p><\/div><\/div><\/div><\/li><li id=\"testimonials-c-19576\" class=\"testimonial_content\"><div class=\"testimonial_content_inner\"><div class=\"testimonial_title_holder\"><h4>Mickael Kania<\/h4><\/div><div class=\"testimonial_text_holder\"><div class=\"testimonial_text_inner\" style=\"\"><p>Une super \u00e9quipe tr\u00e8s dynamique, \u00e0 l\u2019\u00e9coute, qui r\u00e9pond rapidement \u00e0 toutes les demandes! Malgr\u00e9 la complexit\u00e9 d\u2019un achat \u00e0 distance et post COVID, nous avons \u00e9t\u00e9 conseill\u00e9 et accompagn\u00e9 par VS de la meilleure des fa\u00e7ons ! Merci. Nous recommandons sans h\u00e9siter cette entreprise Micka\u00ebl et Aur\u00e9lie, le concoctable.<\/p><p class=\"testimonial_author\" style=\"\">Mickael Kania<\/p><\/div><\/div><\/div><\/li><li id=\"testimonials-c-19574\" class=\"testimonial_content\"><div class=\"testimonial_content_inner\"><div class=\"testimonial_title_holder\"><h4>NH<\/h4><\/div><div class=\"testimonial_text_holder\"><div class=\"testimonial_text_inner\" style=\"\"><p>Der APE SMART wurde f\u00fcr uns gebaut und die die Schweiz geliefert. Es hat alles wunderbar funktioniert und wir sind sehr zufrieden.  Gerne wieder!<\/p><p class=\"testimonial_author\" style=\"\">NH<\/p><\/div><\/div><\/div><\/li><li id=\"testimonials-c-19571\" class=\"testimonial_content\"><div class=\"testimonial_content_inner\"><div class=\"testimonial_title_holder\"><h4>Chiara Capello<\/h4><\/div><div class=\"testimonial_text_holder\"><div class=\"testimonial_text_inner\" style=\"\"><p>Ho scelto la VS per il mio nuovo food truck perch\u00e9 sapevo che avrei avuto il top di gamma. La qualit\u00e0 \u00e8 eccellente, le rifiniture perfette e le attrezzature anche. La disponibilit\u00e0 del personale, nel mio caso FILIPPO, non \u00e8 mai mancata e la gentilezza \u00e8 stata una costante in ogni passaggio. Dalle trattative fino alla consegna del mezzo. Ovviamente consiglio.<\/p><p class=\"testimonial_author\" style=\"\">Chiara Capello<\/p><\/div><\/div><\/div><\/li><li id=\"testimonials-c-19567\" class=\"testimonial_content\"><div class=\"testimonial_content_inner\"><div class=\"testimonial_title_holder\"><h4>Marina Maric<\/h4><\/div><div class=\"testimonial_text_holder\"><div class=\"testimonial_text_inner\" style=\"\"><p>Big thanks to team Veicoli Speciali to made my dream come true. Especially to Elisabetta!!! She was very helpfull, responsive on email, patient, she anwered on my 1001 questions, she guided me from the begining to the end so my Porter looks like from a dream. And Porter is done perfectly, no one single mistake. I made my choise right when i decided to buy a foodtruck from this firm.<\/p><p class=\"testimonial_author\" style=\"\">Marina Maric<\/p><\/div><\/div><\/div><\/li><li id=\"testimonials-c-19562\" class=\"testimonial_content\"><div class=\"testimonial_content_inner\"><div class=\"testimonial_title_holder\"><h4>Histoire De Famille<\/h4><\/div><div class=\"testimonial_text_holder\"><div class=\"testimonial_text_inner\" style=\"\"><p>C\u2019est Parfait. Tr\u00e8s bon mat\u00e9riel, bel am\u00e9nagement. Magnifique foodtruck et de haute qualit\u00e9. Tr\u00e8s beau travail \u00e0 toute l\u2019\u00e9quipe VS. Excellente communication et r\u00e9actif. Merci beaucoup. Nous recommandons vivement cette soci\u00e9t\u00e9. Stella et Pascal<\/p><p class=\"testimonial_author\" style=\"\">Histoire De Famille<\/p><\/div><\/div><\/div><\/li><li id=\"testimonials-c-19559\" class=\"testimonial_content\"><div class=\"testimonial_content_inner\"><div class=\"testimonial_title_holder\"><h4>S. Z\u00fcrcher<\/h4><\/div><div class=\"testimonial_text_holder\"><div class=\"testimonial_text_inner\" style=\"\"><p>Wir haben unsere PIAGGIO APE von VS bauen lassen und sind sehr zufrieden. Elisabetta hat uns freundlich und kompetent beraten und sich auch um Verzollung und Lieferung in die Schweiz gek\u00fcmmert. Kosten und Termine wurden eingehalten, die Qualit\u00e4t stimmt soweit auch. Ich kann VS auf jeden Fall empfehlen.<\/p><p class=\"testimonial_author\" style=\"\">S. Z\u00fcrcher<\/p><\/div><\/div><\/div><\/li><\/ul><\/div><\/div><\/div><\/div><\/div><\/div><\/div><\/div><\/div><\/div><\/div><\/div><\/div><div      class=\"vc_row wpb_row section vc_row-fluid  vc_custom_1668167288502 grid_section\" style=' text-align:left;'><div class=\" section_inner clearfix\"><div class='section_inner_margin clearfix'><div class=\"wpb_column vc_column_container vc_col-sm-12\"><div class=\"vc_column-inner\"><div class=\"wpb_wrapper\">\t<div class=\"vc_empty_space\"  style=\"height: 70px\" ><span\n\t\t\tclass=\"vc_empty_space_inner\">\n\t\t\t<span class=\"empty_space_image\"  ><\/span>\n\t\t<\/span><\/div>\n\n<\/div><\/div><\/div><\/div><\/div><\/div><div      class=\"vc_row wpb_row section vc_row-fluid  vc_custom_1778586824897 grid_section\" style=' text-align:left;'><div class=\" section_inner clearfix\"><div class='section_inner_margin clearfix'><div class=\"wpb_column vc_column_container vc_col-sm-12\"><div class=\"vc_column-inner\"><div class=\"wpb_wrapper\">\t<div class=\"vc_empty_space\"  style=\"height: 50px\" ><span\n\t\t\tclass=\"vc_empty_space_inner\">\n\t\t\t<span class=\"empty_space_image\"  ><\/span>\n\t\t<\/span><\/div>\n\n<div class=\"custom_font_holder\" style=\" font-size: 24px; line-height: 34px; font-style: normal; font-weight: 400; color: #006aa7; text-decoration: none; text-align: center;\">\n<h2>Die 10 meistgestellten Fragen unserer Kunden<\/h2>\n<\/div>\t<div class=\"vc_empty_space\"  style=\"height: 50px\" ><span\n\t\t\tclass=\"vc_empty_space_inner\">\n\t\t\t<span class=\"empty_space_image\"  ><\/span>\n\t\t<\/span><\/div>\n\n<div class=\"qode-accordion-holder clearfix qode-toggle qode-initial \">\n\t<h4 class=\"clearfix qode-title-holder\">\n<span class=\"qode-tab-title\">\n\t    <span class=\"qode-tab-title-inner\">\n        1. Was ist der wichtigste Unterschied zwischen den Modellen Ape V-Curve und Ape Smart \/ V-Smart?    <\/span>\n<\/span>\n<span class=\"qode-accordion-mark\">\n    <span class=\"qode-accordion-mark-icon\">\n        <span class=\"icon_plus\"><\/span>\n        <span class=\"icon_minus-06\"><\/span>\n    <\/span>\n<\/span>\n<\/h4>\n<div  class=\"qode-accordion-content \" >\n    <div class=\"qode-accordion-content-inner\">\n        \n\t<div class=\"wpb_text_column wpb_content_element \">\n\t\t<div class=\"wpb_wrapper\">\n\t\t\t<p><span style=\"font-size: 20px;\">Der grundlegende Unterschied liegt in der Arbeitsweise:<\/span><\/p>\n<ul class=\"lista\">\n<li><span style=\"font-size: 20px;\">Ape V-Curve: Dieses Modell erm\u00f6glicht das Arbeiten an Bord, das hei\u00dft, der Bediener befindet sich im Inneren des Fahrzeugs. Au\u00dferdem verf\u00fcgt es \u00fcber ein anhebbares Dach;<\/span><\/li>\n<li><span style=\"font-size: 20px;\">Ape Smart \/ V-Smart: Dieses Modell ist f\u00fcr das Arbeiten vom Boden aus konzipiert. Der Bediener bedient die Kunden von au\u00dfen. Das Fahrzeug l\u00e4sst sich an drei Seiten \u00f6ffnen.<\/span><\/li>\n<\/ul>\n\n\t\t<\/div> \n\t<\/div>     <\/div>\n<\/div><h4 class=\"clearfix qode-title-holder\">\n<span class=\"qode-tab-title\">\n\t    <span class=\"qode-tab-title-inner\">\n        2. K\u00f6nnen Sie ein Fahrzeug umbauen, das ich bereits besitze?    <\/span>\n<\/span>\n<span class=\"qode-accordion-mark\">\n    <span class=\"qode-accordion-mark-icon\">\n        <span class=\"icon_plus\"><\/span>\n        <span class=\"icon_minus-06\"><\/span>\n    <\/span>\n<\/span>\n<\/h4>\n<div  class=\"qode-accordion-content \" >\n    <div class=\"qode-accordion-content-inner\">\n        \n\t<div class=\"wpb_text_column wpb_content_element \">\n\t\t<div class=\"wpb_wrapper\">\n\t\t\t<p><span style=\"font-size: 20px;\">Um zu pr\u00fcfen, ob ein Fahrzeug umgebaut werden kann, sind drei Schritte erforderlich:<\/span><\/p>\n<ul class=\"lista\">\n<li><span style=\"font-size: 20px;\">Senden Sie uns Fotos und\/oder Videos des Fahrzeugs in seinem aktuellen Zustand;<\/span><\/li>\n<li><span style=\"font-size: 20px;\">Schicken Sie uns eine Kopie der Zulassungsbescheinigung;<\/span><\/li>\n<li><span style=\"font-size: 20px;\">Beschreiben Sie die gew\u00fcnschte Innen- und Au\u00dfenausstattung sowie die Art der T\u00e4tigkeit, die Sie aufnehmen m\u00f6chten.<\/span><\/li>\n<\/ul>\n<p>&nbsp;<\/p>\n<p><span style=\"font-size: 20px;\">Anschlie\u00dfend pr\u00fcfen unsere Techniker die Machbarkeit des Umbaus. Wenn das Fahrzeug geeignet ist, erstellen wir Ihnen ein individuelles Angebot.<\/span><\/p>\n\n\t\t<\/div> \n\t<\/div>     <\/div>\n<\/div><h4 class=\"clearfix qode-title-holder\">\n<span class=\"qode-tab-title\">\n\t    <span class=\"qode-tab-title-inner\">\n        3. Wie positioniert sich der Piaggio Porter im Vergleich zur Ape in Bezug auf Funktionalit\u00e4t und Abmessungen?    <\/span>\n<\/span>\n<span class=\"qode-accordion-mark\">\n    <span class=\"qode-accordion-mark-icon\">\n        <span class=\"icon_plus\"><\/span>\n        <span class=\"icon_minus-06\"><\/span>\n    <\/span>\n<\/span>\n<\/h4>\n<div  class=\"qode-accordion-content \" >\n    <div class=\"qode-accordion-content-inner\">\n        \n\t<div class=\"wpb_text_column wpb_content_element \">\n\t\t<div class=\"wpb_wrapper\">\n\t\t\t<p><span style=\"font-size: 20px;\">Der Piaggio Porter ist ein gr\u00f6\u00dferes und funktionaleres Fahrzeug als die Ape.<\/span><\/p>\n<p>&nbsp;<\/p>\n<p><span style=\"font-size: 20px;\">In Bezug auf Abmessungen und Kapazit\u00e4t ist er nur etwa 40 cm l\u00e4nger als die Ape, bietet jedoch Platz f\u00fcr zwei bis drei Personen, die im Inneren arbeiten k\u00f6nnen. Die Ape hingegen kann nur von einer Person gefahren werden; in der V-Curve-Version finden h\u00f6chstens zwei Personen Platz.<\/span><\/p>\n<p>&nbsp;<\/p>\n<p><span style=\"font-size: 20px;\">Der Porter bietet au\u00dferdem eine zus\u00e4tzliche Funktion: Im Unterschied zu den Ape Classic-Modellen kann er einen kleinen Anh\u00e4nger ziehen.<\/span><\/p>\n\n\t\t<\/div> \n\t<\/div>     <\/div>\n<\/div><h4 class=\"clearfix qode-title-holder\">\n<span class=\"qode-tab-title\">\n\t    <span class=\"qode-tab-title-inner\">\n        4. Verkauft das Unternehmen gebrauchte Fahrzeuge und Foodtrucks?    <\/span>\n<\/span>\n<span class=\"qode-accordion-mark\">\n    <span class=\"qode-accordion-mark-icon\">\n        <span class=\"icon_plus\"><\/span>\n        <span class=\"icon_minus-06\"><\/span>\n    <\/span>\n<\/span>\n<\/h4>\n<div  class=\"qode-accordion-content \" >\n    <div class=\"qode-accordion-content-inner\">\n        \n\t<div class=\"wpb_text_column wpb_content_element \">\n\t\t<div class=\"wpb_wrapper\">\n\t\t\t<p class=\"Normal\"><span class=\"tm5\" style=\"font-size: 20px;\">Das Unternehmen baut haupts\u00e4chlich neue, vollst\u00e4ndig individuell gestaltbare Fahrzeuge. Gelegentlich sind auch gebrauchte Fahrzeuge auf Lager verf\u00fcgbar. Der Bereich der Website f\u00fcr Gebrauchtfahrzeuge ist nicht immer auf dem neuesten Stand, da diese Fahrzeuge oft schnell verkauft werden. Wir empfehlen daher, uns per E-Mail zu kontaktieren, um die aktuelle Verf\u00fcgbarkeit zuverl\u00e4ssig zu pr\u00fcfen.<\/span><\/p>\n\n\t\t<\/div> \n\t<\/div>     <\/div>\n<\/div><h4 class=\"clearfix qode-title-holder\">\n<span class=\"qode-tab-title\">\n\t    <span class=\"qode-tab-title-inner\">\n        5. Wie lange dauert die Produktion eines neuen Foodtrucks?    <\/span>\n<\/span>\n<span class=\"qode-accordion-mark\">\n    <span class=\"qode-accordion-mark-icon\">\n        <span class=\"icon_plus\"><\/span>\n        <span class=\"icon_minus-06\"><\/span>\n    <\/span>\n<\/span>\n<\/h4>\n<div  class=\"qode-accordion-content \" >\n    <div class=\"qode-accordion-content-inner\">\n        \n\t<div class=\"wpb_text_column wpb_content_element \">\n\t\t<div class=\"wpb_wrapper\">\n\t\t\t<p class=\"Normal\"><span class=\"tm5\" style=\"font-size: 20px;\">Die Produktionszeit betr\u00e4gt f\u00fcr Ape-, Porter- und Truck-Modelle in der Regel etwa 4 bis 5 Monate ab dem Bestelldatum. Bei Anh\u00e4ngern kann die Fertigungszeit bis zu etwa 6 Monate betragen.<\/span><\/p>\n\n\t\t<\/div> \n\t<\/div>     <\/div>\n<\/div><h4 class=\"clearfix qode-title-holder\">\n<span class=\"qode-tab-title\">\n\t    <span class=\"qode-tab-title-inner\">\n        6. Sind die Fahrzeuge individuell anpassbar? Gibt es eine Standardpreisliste?    <\/span>\n<\/span>\n<span class=\"qode-accordion-mark\">\n    <span class=\"qode-accordion-mark-icon\">\n        <span class=\"icon_plus\"><\/span>\n        <span class=\"icon_minus-06\"><\/span>\n    <\/span>\n<\/span>\n<\/h4>\n<div  class=\"qode-accordion-content \" >\n    <div class=\"qode-accordion-content-inner\">\n        \n\t<div class=\"wpb_text_column wpb_content_element \">\n\t\t<div class=\"wpb_wrapper\">\n\t\t\t<p class=\"Normal\"><span class=\"tm5\" style=\"font-size: 20px;\">Alle Fahrzeuge sind vollst\u00e4ndig individuell anpassbar. Es gibt keinen Katalog mit einer Standardpreisliste, da jedes Fahrzeug nach Ma\u00df gefertigt wird \u2014 entsprechend den Anforderungen des Kunden und der gew\u00fcnschten Ausstattung.<\/span><\/p>\n\n\t\t<\/div> \n\t<\/div>     <\/div>\n<\/div><h4 class=\"clearfix qode-title-holder\">\n<span class=\"qode-tab-title\">\n\t    <span class=\"qode-tab-title-inner\">\n        7. Bieten Sie Foodtrucks und Fahrzeuge zur Miete an?    <\/span>\n<\/span>\n<span class=\"qode-accordion-mark\">\n    <span class=\"qode-accordion-mark-icon\">\n        <span class=\"icon_plus\"><\/span>\n        <span class=\"icon_minus-06\"><\/span>\n    <\/span>\n<\/span>\n<\/h4>\n<div  class=\"qode-accordion-content \" >\n    <div class=\"qode-accordion-content-inner\">\n        \n\t<div class=\"wpb_text_column wpb_content_element \">\n\t\t<div class=\"wpb_wrapper\">\n\t\t\t<p class=\"Normal\"><span class=\"tm5\" style=\"font-size: 20px;\">VS verf\u00fcgt \u00fcber einen automatisierten Mietservice mit einer Mindestmietdauer von einer Woche und einer H\u00f6chstdauer von sechs Monaten. Die Verf\u00fcgbarkeit und die Mietpreise der Fahrzeuge k\u00f6nnen im entsprechenden Mietbereich der Website gepr\u00fcft werden.<\/span><\/p>\n\n\t\t<\/div> \n\t<\/div>     <\/div>\n<\/div><h4 class=\"clearfix qode-title-holder\">\n<span class=\"qode-tab-title\">\n\t    <span class=\"qode-tab-title-inner\">\n        8. Welche Motorisierungen sind f\u00fcr die Ape-Modelle erh\u00e4ltlich?    <\/span>\n<\/span>\n<span class=\"qode-accordion-mark\">\n    <span class=\"qode-accordion-mark-icon\">\n        <span class=\"icon_plus\"><\/span>\n        <span class=\"icon_minus-06\"><\/span>\n    <\/span>\n<\/span>\n<\/h4>\n<div  class=\"qode-accordion-content \" >\n    <div class=\"qode-accordion-content-inner\">\n        \n\t<div class=\"wpb_text_column wpb_content_element \">\n\t\t<div class=\"wpb_wrapper\">\n\t\t\t<p class=\"Normal\"><span class=\"tm5\" style=\"font-size: 20px;\">Die Ape-Modelle (V-Curve und Smart \/ V-Smart) werden in Diesel- und Elektroversionen angeboten. Aktuell gibt es jedoch Hinweise darauf, dass die elektrische Ape m\u00f6glicherweise nicht verf\u00fcgbar ist und das Unternehmen derzeit nur Diesel-Ape-Modelle bauen kann. Bitte kontaktieren Sie uns zur genauen \u00dcberpr\u00fcfung.<\/span><\/p>\n\n\t\t<\/div> \n\t<\/div>     <\/div>\n<\/div><h4 class=\"clearfix qode-title-holder\">\n<span class=\"qode-tab-title\">\n\t    <span class=\"qode-tab-title-inner\">\n        9. Was ist das Modell Ape TR und wof\u00fcr wird es verwendet?    <\/span>\n<\/span>\n<span class=\"qode-accordion-mark\">\n    <span class=\"qode-accordion-mark-icon\">\n        <span class=\"icon_plus\"><\/span>\n        <span class=\"icon_minus-06\"><\/span>\n    <\/span>\n<\/span>\n<\/h4>\n<div  class=\"qode-accordion-content \" >\n    <div class=\"qode-accordion-content-inner\">\n        \n\t<div class=\"wpb_text_column wpb_content_element \">\n\t\t<div class=\"wpb_wrapper\">\n\t\t\t<p class=\"Normal\"><span class=\"tm5\" style=\"font-size: 20px;\">Die Ape TR ist ein von VS Veicoli Speciali patentiertes Ape-Modell ohne Motor. Sie wurde speziell daf\u00fcr entwickelt, als feste Verkaufs- oder Arbeitsstation in \u00f6ffentlichen oder privaten Bereichen eingesetzt zu werden, zum Beispiel in Einkaufszentren, Flugh\u00e4fen, Hotels oder Museen. Dort bietet ihre motorlose Ausf\u00fchrung klare Vorteile bei der Aufstellung. \u00dcber l\u00e4ngere Strecken kann sie transportiert werden, wenn sie auf einen Anh\u00e4nger geladen wird.<\/span><\/p>\n\n\t\t<\/div> \n\t<\/div>     <\/div>\n<\/div><h4 class=\"clearfix qode-title-holder\">\n<span class=\"qode-tab-title\">\n\t    <span class=\"qode-tab-title-inner\">\n        10. Ist die Piaggio Ape f\u00fcr das Ziehen von Anh\u00e4ngern zugelassen?    <\/span>\n<\/span>\n<span class=\"qode-accordion-mark\">\n    <span class=\"qode-accordion-mark-icon\">\n        <span class=\"icon_plus\"><\/span>\n        <span class=\"icon_minus-06\"><\/span>\n    <\/span>\n<\/span>\n<\/h4>\n<div  class=\"qode-accordion-content \" >\n    <div class=\"qode-accordion-content-inner\">\n        \n\t<div class=\"wpb_text_column wpb_content_element \">\n\t\t<div class=\"wpb_wrapper\">\n\t\t\t<p class=\"Normal\"><span class=\"tm5\" style=\"font-size: 20px;\">Nein, das Modell Ape Classic ist offiziell nicht f\u00fcr das Ziehen von Anh\u00e4ngern zugelassen. Das Unternehmen liefert die Ape nicht mit Anh\u00e4ngerkupplung, da dies offiziell nicht erlaubt ist. Als Alternative empfehlen wir den Piaggio Porter, wenn eine Anh\u00e4ngelast ben\u00f6tigt wird.<\/span><\/p>\n\n\t\t<\/div> \n\t<\/div>     <\/div>\n<\/div><\/div><\/div><\/div><\/div><\/div><\/div><\/div><div      class=\"vc_row wpb_row section vc_row-fluid  vc_custom_1668167288502 grid_section\" style=' text-align:left;'><div class=\" section_inner clearfix\"><div class='section_inner_margin clearfix'><div class=\"wpb_column vc_column_container vc_col-sm-12\"><div class=\"vc_column-inner\"><div class=\"wpb_wrapper\">\t<div class=\"vc_empty_space\"  style=\"height: 70px\" ><span\n\t\t\tclass=\"vc_empty_space_inner\">\n\t\t\t<span class=\"empty_space_image\"  ><\/span>\n\t\t<\/span><\/div>\n\n<\/div><\/div><\/div><\/div><\/div><\/div><div      class=\"vc_row wpb_row section vc_row-fluid  vc_custom_1668167288502 grid_section\" style=' text-align:left;'><div class=\" section_inner clearfix\"><div class='section_inner_margin clearfix'><div class=\"wpb_column vc_column_container vc_col-sm-5\"><div class=\"vc_column-inner\"><div class=\"wpb_wrapper\"><div class=\"custom_font_holder\" style=\" font-size: 24px; line-height: 34px; font-style: normal; font-weight: 400; color: #006aa7; text-decoration: none; text-align: center;\">\n<h3>M\u00d6CHTEN SIE IHREN PLAN VERWIRKLICHEN? KONTAKTIEREN SIE UNS JETZT<\/h3>\n<\/div><div class=\"separator  small center  \" style=\"background-color: #006aa7;\"><\/div>\n\n\t<div class=\"wpb_text_column wpb_content_element \">\n\t\t<div class=\"wpb_wrapper\">\n\t\t\t<p style=\"text-align: center;\">Haben Sie eine neue Idee oder ein bereits angefangenes Projekt? Z\u00f6gern Sie nicht, uns mehr dar\u00fcber zu erz\u00e4hlen und fordern Sie einen Kostenvoranschlag an.<\/p>\n\n\t\t<\/div> \n\t<\/div> \n\t<div class=\"wpb_text_column wpb_content_element \">\n\t\t<div class=\"wpb_wrapper\">\n\t\t\t<p style=\"text-align: center; margin-top: 30px; margin-bottom: 20px;\"><strong>VS Veicoli Speciali wird Sie auf verschiedene Weise unterst\u00fctzen:<\/strong><\/p>\n\n\t\t<\/div> \n\t<\/div> \n\t<div class=\"wpb_text_column wpb_content_element \">\n\t\t<div class=\"wpb_wrapper\">\n\t\t\t<p style=\"text-align: center;\"><strong>1.<\/strong> Wir kommunizieren mit Ihnen in der von Ihnen bevorzugten Sprache (Italienisch, Englisch, Franz\u00f6sisch oder Deutsch)<\/p>\n<p>&nbsp;<\/p>\n<p style=\"text-align: center;\"><strong>2.<\/strong> Wir teilen unsere Kenntnisse und Informationen mit Ihnen<\/p>\n<p>&nbsp;<\/p>\n<p style=\"text-align: center;\"><strong>3.<\/strong> Wir beraten Sie w\u00e4hrend des gesamten Prozesses<\/p>\n<p>&nbsp;<\/p>\n<p style=\"text-align: center;\"><strong>4.<\/strong> Wir zeigen Ihnen, wie wir arbeiten, und kl\u00e4ren eventuelle Zweifel<\/p>\n<p>&nbsp;<\/p>\n<p style=\"text-align: center;\"><strong>5.<\/strong> Wir halten den vereinbarten Zeitplan ein<\/p>\n<p>&nbsp;<\/p>\n<p style=\"text-align: center;\"><strong>6.<\/strong> Beratung und Unterst\u00fctzung durch unseren Kundendienst<\/p>\n\n\t\t<\/div> \n\t<\/div> \t<div class=\"vc_empty_space\"  style=\"height: 30px\" ><span\n\t\t\tclass=\"vc_empty_space_inner\">\n\t\t\t<span class=\"empty_space_image\"  ><\/span>\n\t\t<\/span><\/div>\n\n<\/div><\/div><\/div><div class=\"wpb_column vc_column_container vc_col-sm-1\"><div class=\"vc_column-inner\"><div class=\"wpb_wrapper\"><\/div><\/div><\/div><div class=\"wpb_column vc_column_container vc_col-sm-6\"><div class=\"vc_column-inner\"><div class=\"wpb_wrapper\">\n<div class=\"wpcf7 no-js\" id=\"wpcf7-f7632-o1\" lang=\"it-IT\" dir=\"ltr\" data-wpcf7-id=\"7632\">\n<div class=\"screen-reader-response\"><p role=\"status\" aria-live=\"polite\" aria-atomic=\"true\"><\/p> <ul><\/ul><\/div>\n<form action=\"\/de\/wp-json\/wp\/v2\/pages\/18990#wpcf7-f7632-o1\" method=\"post\" class=\"wpcf7-form init default\" aria-label=\"Modulo di contatto\" novalidate=\"novalidate\" data-status=\"init\">\n<fieldset class=\"hidden-fields-container\"><input type=\"hidden\" name=\"_wpcf7\" value=\"7632\" \/><input type=\"hidden\" name=\"_wpcf7_version\" value=\"6.1.6\" \/><input type=\"hidden\" name=\"_wpcf7_locale\" value=\"it_IT\" \/><input type=\"hidden\" name=\"_wpcf7_unit_tag\" value=\"wpcf7-f7632-o1\" \/><input type=\"hidden\" name=\"_wpcf7_container_post\" value=\"0\" \/><input type=\"hidden\" name=\"_wpcf7_posted_data_hash\" value=\"\" \/><input type=\"hidden\" name=\"_wpcf7_recaptcha_response\" value=\"\" \/>\n<\/fieldset>\n<p class=\"input-p\"><span class=\"wpcf7-form-control-wrap\" data-name=\"your-name\"><input size=\"40\" maxlength=\"400\" class=\"wpcf7-form-control wpcf7-text wpcf7-validates-as-required input-vs\" aria-required=\"true\" aria-invalid=\"false\" placeholder=\"Vorname und Name*\" value=\"\" type=\"text\" name=\"your-name\" \/><\/span>\n<\/p>\n<p class=\"input-p\"><span class=\"wpcf7-form-control-wrap\" data-name=\"your-email\"><input size=\"40\" maxlength=\"400\" class=\"wpcf7-form-control wpcf7-email wpcf7-validates-as-required wpcf7-text wpcf7-validates-as-email input-vs\" aria-required=\"true\" aria-invalid=\"false\" placeholder=\"E-Mail-Adresse*\" value=\"\" type=\"email\" name=\"your-email\" \/><\/span>\n<\/p>\n<p class=\"input-p\"><span class=\"wpcf7-form-control-wrap\" data-name=\"your-business\"><input size=\"40\" maxlength=\"400\" class=\"wpcf7-form-control wpcf7-text wpcf7-validates-as-required input-vs\" aria-required=\"true\" aria-invalid=\"false\" placeholder=\"Name des Unternehmens*\" value=\"\" type=\"text\" name=\"your-business\" \/><\/span>\n<\/p>\n<p class=\"input-p\"><span class=\"wpcf7-form-control-wrap\" data-name=\"tel-430\"><input size=\"40\" maxlength=\"400\" class=\"wpcf7-form-control wpcf7-tel wpcf7-validates-as-required wpcf7-text wpcf7-validates-as-tel input-vs\" aria-required=\"true\" aria-invalid=\"false\" placeholder=\"Telefon*\" value=\"\" type=\"tel\" name=\"tel-430\" \/><\/span>\n<\/p>\n<p><span class=\"wpcf7-form-control-wrap\" data-name=\"your-message\"><textarea cols=\"40\" rows=\"10\" maxlength=\"2000\" minlength=\"20\" class=\"wpcf7-form-control wpcf7-textarea wpcf7-validates-as-required textarea-vs\" aria-required=\"true\" aria-invalid=\"false\" placeholder=\"Ihre Nachricht*\" name=\"your-message\"><\/textarea><\/span>\n<\/p>\n<p>\n<span class=\"wpcf7-form-control-wrap recaptcha\" data-name=\"recaptcha\"><span data-sitekey=\"6LeIiZwiAAAAACd2pPtYD2wU4T4tbozMDQosefFn\" class=\"wpcf7-form-control wpcf7-recaptcha g-recaptcha\"><\/span>\r\n<noscript>\r\n\t<div class=\"grecaptcha-noscript\">\r\n\t\t<iframe loading=\"lazy\" src=\"https:\/\/www.google.com\/recaptcha\/api\/fallback?k=6LeIiZwiAAAAACd2pPtYD2wU4T4tbozMDQosefFn\" frameborder=\"0\" scrolling=\"no\" width=\"310\" height=\"430\">\r\n\t\t<\/iframe>\r\n\t\t<textarea name=\"g-recaptcha-response\" rows=\"3\" cols=\"40\" placeholder=\"reCaptcha Response Here\">\r\n\t\t<\/textarea>\r\n\t<\/div>\r\n<\/noscript>\r\n<\/span>\n<\/p>\n<p><span class=\"wpcf7-form-control-wrap\" data-name=\"trattamentodati\"><span class=\"wpcf7-form-control wpcf7-acceptance\"><span class=\"wpcf7-list-item\"><label><input type=\"checkbox\" name=\"trattamentodati\" value=\"1\" class=\"privacy-p\" aria-invalid=\"false\" \/><span class=\"wpcf7-list-item-label\">Ich stimme der Verarbeitung meiner personenbezogenen Daten gem\u00e4\u00df der <a href=\"\/de\/datenschutzerklaerung\/\" target=\"_blank\" rel=\"noopener\">Datenschutzrichtlinie<\/a> angegeben zu.<\/span><\/label><\/span><\/span><\/span>\n<\/p>\n<p><input class=\"wpcf7-form-control wpcf7-submit has-spinner submit-invia\" type=\"submit\" value=\"Senden\" \/>\n<\/p><div class=\"wpcf7-response-output\" aria-hidden=\"true\"><\/div>\n<\/form>\n<\/div>\n\t<div class=\"vc_empty_space\"  style=\"height: 30px\" ><span\n\t\t\tclass=\"vc_empty_space_inner\">\n\t\t\t<span class=\"empty_space_image\"  ><\/span>\n\t\t<\/span><\/div>\n\n<\/div><\/div><\/div><\/div><\/div><\/div><div      class=\"vc_row wpb_row section vc_row-fluid \" style='background-color:#006aa7; text-align:left;'><div class=\" full_section_inner clearfix\"><div class=\"wpb_column vc_column_container vc_col-sm-12\"><div class=\"vc_column-inner\"><div class=\"wpb_wrapper\"><div class=\"call_to_action normal\" style=\"padding-top: 20px;padding-bottom: 20px;\"><div class=\"container_inner\"><div class=\"two_columns_75_25 clearfix\"><div class=\"text_wrapper column1\"><div class=\"call_to_action_text  font_size_inherit font_weight_inherit letter_spacing_inherit\" style=\"font-size:22px;font-weight: 700;letter-spacing: 0px;\">\n<p style=\"text-align: center;\"><em>&#8220;Wir stehen Ihnen von der Planung bis zum After-Sales zur Seite!&#8221;<\/em><\/p>\n<\/div><\/div><div class=\"button_wrapper column2\"><a itemprop=\"url\" href=\"https:\/\/www.vsveicolispeciali.com\/de\/kontakte\/\" class=\"qbutton white large\" target=\"_self\" style=\"color: #006aa7;border-color: #006aa7;background-color: #ffffff;\"data-hover-background-color=#006aa7 data-hover-border-color=#ffffff data-hover-color=#ffffff>KONTAKTIEREN SIE UNS<\/a><\/div><\/div><\/div><\/div><\/div><\/div><\/div><\/div><\/div><div      class=\"vc_row wpb_row section vc_row-fluid  vc_custom_1589804264935\" style=' text-align:left;'><div class=\" full_section_inner clearfix\"><div class=\"wpb_column vc_column_container vc_col-sm-12\"><div class=\"vc_column-inner\"><div class=\"wpb_wrapper\">\n\t<div class=\"wpb_text_column wpb_content_element \">\n\t\t<div class=\"wpb_wrapper\">\n\t\t\t<h4 style=\"text-align: center; font-size: 26px;\">FOLGEN SIE UNS AUF INSTAGRAM<\/h4>\n<p><a name=\"news\"><\/a><br \/>\n\n<div id=\"sb_instagram\"  class=\"sbi sbi_mob_col_1 sbi_tab_col_2 sbi_col_5\" style=\"padding-bottom: 10px; width: 100%;\"\t data-feedid=\"*1\"  data-res=\"auto\" data-cols=\"5\" data-colsmobile=\"1\" data-colstablet=\"2\" data-num=\"5\" data-nummobile=\"2\" data-item-padding=\"5\"\t data-shortcode-atts=\"{&quot;feed&quot;:&quot;1&quot;}\"  data-postid=\"19559\" data-locatornonce=\"c6ae7be0ea\" data-imageaspectratio=\"1:1\" data-sbi-flags=\"favorLocal\">\n\t\n\t<div id=\"sbi_images\"  style=\"gap: 10px;\">\n\t\t<div class=\"sbi_item sbi_type_video sbi_new sbi_transition\"\n\tid=\"sbi_18064406183725105\" data-date=\"1787904007\">\n\t<div class=\"sbi_photo_wrap\">\n\t\t<a class=\"sbi_photo\" href=\"https:\/\/www.instagram.com\/reel\/Dck4lFJO973\/\" target=\"_blank\" rel=\"noopener nofollow\"\n\t\t\tdata-full-res=\"https:\/\/scontent-fra3-1.cdninstagram.com\/v\/t51.71878-15\/767945303_1078985138116893_3176253797962031033_n.jpg?stp=dst-jpg_e35_tt6&#038;_nc_cat=108&#038;ccb=7-5&#038;_nc_sid=18de74&#038;efg=eyJlZmdfdGFnIjoiQ0xJUFMuYmVzdF9pbWFnZV91cmxnZW4uQzMifQ%3D%3D&#038;_nc_ohc=1rG-wnLUbvEQ7kNvwEdA575&#038;_nc_oc=AdqLRKvBRY9hJOmYPPpgB9jDaIhhbXolU953ueiCWnztEeTDWZCWZr-ekPb62jChT5w&#038;_nc_zt=23&#038;_nc_ht=scontent-fra3-1.cdninstagram.com&#038;edm=ANo9K5cEAAAA&#038;_nc_gid=wr9AYoix8amaW1mM0MmObw&#038;_nc_tpa=Q5bMBQKXYs5ULJXpyq9PbC0UEI5S0g2gceUB6TU3MxqLr22vwl51-nYqddyyp1z2M-3sRmXKZvdWb08HHA&#038;oh=00_AQJF5zNs5_FxpKvD3cfx-6eC9woBpm-TxCmkOWkgdzoCvg&#038;oe=6AA07E9D\"\n\t\t\tdata-img-src-set=\"{&quot;d&quot;:&quot;https:\\\/\\\/scontent-fra3-1.cdninstagram.com\\\/v\\\/t51.71878-15\\\/767945303_1078985138116893_3176253797962031033_n.jpg?stp=dst-jpg_e35_tt6&amp;_nc_cat=108&amp;ccb=7-5&amp;_nc_sid=18de74&amp;efg=eyJlZmdfdGFnIjoiQ0xJUFMuYmVzdF9pbWFnZV91cmxnZW4uQzMifQ%3D%3D&amp;_nc_ohc=1rG-wnLUbvEQ7kNvwEdA575&amp;_nc_oc=AdqLRKvBRY9hJOmYPPpgB9jDaIhhbXolU953ueiCWnztEeTDWZCWZr-ekPb62jChT5w&amp;_nc_zt=23&amp;_nc_ht=scontent-fra3-1.cdninstagram.com&amp;edm=ANo9K5cEAAAA&amp;_nc_gid=wr9AYoix8amaW1mM0MmObw&amp;_nc_tpa=Q5bMBQKXYs5ULJXpyq9PbC0UEI5S0g2gceUB6TU3MxqLr22vwl51-nYqddyyp1z2M-3sRmXKZvdWb08HHA&amp;oh=00_AQJF5zNs5_FxpKvD3cfx-6eC9woBpm-TxCmkOWkgdzoCvg&amp;oe=6AA07E9D&quot;,&quot;150&quot;:&quot;https:\\\/\\\/scontent-fra3-1.cdninstagram.com\\\/v\\\/t51.71878-15\\\/767945303_1078985138116893_3176253797962031033_n.jpg?stp=dst-jpg_e35_tt6&amp;_nc_cat=108&amp;ccb=7-5&amp;_nc_sid=18de74&amp;efg=eyJlZmdfdGFnIjoiQ0xJUFMuYmVzdF9pbWFnZV91cmxnZW4uQzMifQ%3D%3D&amp;_nc_ohc=1rG-wnLUbvEQ7kNvwEdA575&amp;_nc_oc=AdqLRKvBRY9hJOmYPPpgB9jDaIhhbXolU953ueiCWnztEeTDWZCWZr-ekPb62jChT5w&amp;_nc_zt=23&amp;_nc_ht=scontent-fra3-1.cdninstagram.com&amp;edm=ANo9K5cEAAAA&amp;_nc_gid=wr9AYoix8amaW1mM0MmObw&amp;_nc_tpa=Q5bMBQKXYs5ULJXpyq9PbC0UEI5S0g2gceUB6TU3MxqLr22vwl51-nYqddyyp1z2M-3sRmXKZvdWb08HHA&amp;oh=00_AQJF5zNs5_FxpKvD3cfx-6eC9woBpm-TxCmkOWkgdzoCvg&amp;oe=6AA07E9D&quot;,&quot;320&quot;:&quot;https:\\\/\\\/scontent-fra3-1.cdninstagram.com\\\/v\\\/t51.71878-15\\\/767945303_1078985138116893_3176253797962031033_n.jpg?stp=dst-jpg_e35_tt6&amp;_nc_cat=108&amp;ccb=7-5&amp;_nc_sid=18de74&amp;efg=eyJlZmdfdGFnIjoiQ0xJUFMuYmVzdF9pbWFnZV91cmxnZW4uQzMifQ%3D%3D&amp;_nc_ohc=1rG-wnLUbvEQ7kNvwEdA575&amp;_nc_oc=AdqLRKvBRY9hJOmYPPpgB9jDaIhhbXolU953ueiCWnztEeTDWZCWZr-ekPb62jChT5w&amp;_nc_zt=23&amp;_nc_ht=scontent-fra3-1.cdninstagram.com&amp;edm=ANo9K5cEAAAA&amp;_nc_gid=wr9AYoix8amaW1mM0MmObw&amp;_nc_tpa=Q5bMBQKXYs5ULJXpyq9PbC0UEI5S0g2gceUB6TU3MxqLr22vwl51-nYqddyyp1z2M-3sRmXKZvdWb08HHA&amp;oh=00_AQJF5zNs5_FxpKvD3cfx-6eC9woBpm-TxCmkOWkgdzoCvg&amp;oe=6AA07E9D&quot;,&quot;640&quot;:&quot;https:\\\/\\\/scontent-fra3-1.cdninstagram.com\\\/v\\\/t51.71878-15\\\/767945303_1078985138116893_3176253797962031033_n.jpg?stp=dst-jpg_e35_tt6&amp;_nc_cat=108&amp;ccb=7-5&amp;_nc_sid=18de74&amp;efg=eyJlZmdfdGFnIjoiQ0xJUFMuYmVzdF9pbWFnZV91cmxnZW4uQzMifQ%3D%3D&amp;_nc_ohc=1rG-wnLUbvEQ7kNvwEdA575&amp;_nc_oc=AdqLRKvBRY9hJOmYPPpgB9jDaIhhbXolU953ueiCWnztEeTDWZCWZr-ekPb62jChT5w&amp;_nc_zt=23&amp;_nc_ht=scontent-fra3-1.cdninstagram.com&amp;edm=ANo9K5cEAAAA&amp;_nc_gid=wr9AYoix8amaW1mM0MmObw&amp;_nc_tpa=Q5bMBQKXYs5ULJXpyq9PbC0UEI5S0g2gceUB6TU3MxqLr22vwl51-nYqddyyp1z2M-3sRmXKZvdWb08HHA&amp;oh=00_AQJF5zNs5_FxpKvD3cfx-6eC9woBpm-TxCmkOWkgdzoCvg&amp;oe=6AA07E9D&quot;}\">\n\t\t\t<span class=\"sbi-screenreader\">Halfway through 2026, we&#039;re proud to look back at<\/span>\n\t\t\t\t\t\t<svg style=\"color: rgba(255,255,255,1)\" class=\"svg-inline--fa fa-play fa-w-14 sbi_playbtn\" aria-label=\"Play\" aria-hidden=\"true\" data-fa-processed=\"\" data-prefix=\"fa\" data-icon=\"play\" role=\"presentation\" xmlns=\"http:\/\/www.w3.org\/2000\/svg\" viewBox=\"0 0 448 512\"><path fill=\"currentColor\" d=\"M424.4 214.7L72.4 6.6C43.8-10.3 0 6.1 0 47.9V464c0 37.5 40.7 60.1 72.4 41.3l352-208c31.4-18.5 31.5-64.1 0-82.6z\"><\/path><\/svg>\t\t\t<img decoding=\"async\" src=\"https:\/\/www.vsveicolispeciali.com\/wp-content\/plugins\/instagram-feed\/img\/placeholder.png\" alt=\"Halfway through 2026, we&#039;re proud to look back at the projects we&#039;ve brought to life around the world.\n\nEvery vehicle tells a different story, built around our clients&#039; ideas, passion, and ambition. Here&#039;s to an even stronger second half of the year.\n\nThanks you all for choosing us \ud83d\ude4f\" aria-hidden=\"true\">\n\t\t<\/a>\n\t<\/div>\n<\/div><div class=\"sbi_item sbi_type_image sbi_new sbi_transition\"\n\tid=\"sbi_18366935242241815\" data-date=\"1787558404\">\n\t<div class=\"sbi_photo_wrap\">\n\t\t<a class=\"sbi_photo\" href=\"https:\/\/www.instagram.com\/p\/DbuwQjUsJ23\/\" target=\"_blank\" rel=\"noopener nofollow\"\n\t\t\tdata-full-res=\"https:\/\/scontent-fra3-1.cdninstagram.com\/v\/t51.82787-15\/769182482_18549627871072544_2975320148188698681_n.webp?stp=dst-jpg_e35_tt6&#038;_nc_cat=103&#038;ccb=7-5&#038;_nc_sid=18de74&#038;efg=eyJlZmdfdGFnIjoiRkVFRC5iZXN0X2ltYWdlX3VybGdlbi5DMyJ9&#038;_nc_ohc=35WBVtzqbMkQ7kNvwF7r9-Y&#038;_nc_oc=Ador1jWT1hEgDjrnCvauCW1PXF_hjKqGZoRGnRXNvI6aPvgnUIa7RN1068B-yhvBgxg&#038;_nc_zt=23&#038;_nc_ht=scontent-fra3-1.cdninstagram.com&#038;edm=ANo9K5cEAAAA&#038;_nc_gid=wr9AYoix8amaW1mM0MmObw&#038;_nc_tpa=Q5bMBQI1Pgg6TZoUsXZzD5bzwEMH7BIPsLI2LSFvtzwfa8FW2YncEf7TcfQIC73norJ75uuzYovAhZBzdA&#038;oh=00_AQKDpzzjIyqaczCb33exq3Qk_xEHxOsJ6jOIptgmQWU2fw&#038;oe=6AA069D1\"\n\t\t\tdata-img-src-set=\"{&quot;d&quot;:&quot;https:\\\/\\\/scontent-fra3-1.cdninstagram.com\\\/v\\\/t51.82787-15\\\/769182482_18549627871072544_2975320148188698681_n.webp?stp=dst-jpg_e35_tt6&amp;_nc_cat=103&amp;ccb=7-5&amp;_nc_sid=18de74&amp;efg=eyJlZmdfdGFnIjoiRkVFRC5iZXN0X2ltYWdlX3VybGdlbi5DMyJ9&amp;_nc_ohc=35WBVtzqbMkQ7kNvwF7r9-Y&amp;_nc_oc=Ador1jWT1hEgDjrnCvauCW1PXF_hjKqGZoRGnRXNvI6aPvgnUIa7RN1068B-yhvBgxg&amp;_nc_zt=23&amp;_nc_ht=scontent-fra3-1.cdninstagram.com&amp;edm=ANo9K5cEAAAA&amp;_nc_gid=wr9AYoix8amaW1mM0MmObw&amp;_nc_tpa=Q5bMBQI1Pgg6TZoUsXZzD5bzwEMH7BIPsLI2LSFvtzwfa8FW2YncEf7TcfQIC73norJ75uuzYovAhZBzdA&amp;oh=00_AQKDpzzjIyqaczCb33exq3Qk_xEHxOsJ6jOIptgmQWU2fw&amp;oe=6AA069D1&quot;,&quot;150&quot;:&quot;https:\\\/\\\/scontent-fra3-1.cdninstagram.com\\\/v\\\/t51.82787-15\\\/769182482_18549627871072544_2975320148188698681_n.webp?stp=dst-jpg_e35_tt6&amp;_nc_cat=103&amp;ccb=7-5&amp;_nc_sid=18de74&amp;efg=eyJlZmdfdGFnIjoiRkVFRC5iZXN0X2ltYWdlX3VybGdlbi5DMyJ9&amp;_nc_ohc=35WBVtzqbMkQ7kNvwF7r9-Y&amp;_nc_oc=Ador1jWT1hEgDjrnCvauCW1PXF_hjKqGZoRGnRXNvI6aPvgnUIa7RN1068B-yhvBgxg&amp;_nc_zt=23&amp;_nc_ht=scontent-fra3-1.cdninstagram.com&amp;edm=ANo9K5cEAAAA&amp;_nc_gid=wr9AYoix8amaW1mM0MmObw&amp;_nc_tpa=Q5bMBQI1Pgg6TZoUsXZzD5bzwEMH7BIPsLI2LSFvtzwfa8FW2YncEf7TcfQIC73norJ75uuzYovAhZBzdA&amp;oh=00_AQKDpzzjIyqaczCb33exq3Qk_xEHxOsJ6jOIptgmQWU2fw&amp;oe=6AA069D1&quot;,&quot;320&quot;:&quot;https:\\\/\\\/scontent-fra3-1.cdninstagram.com\\\/v\\\/t51.82787-15\\\/769182482_18549627871072544_2975320148188698681_n.webp?stp=dst-jpg_e35_tt6&amp;_nc_cat=103&amp;ccb=7-5&amp;_nc_sid=18de74&amp;efg=eyJlZmdfdGFnIjoiRkVFRC5iZXN0X2ltYWdlX3VybGdlbi5DMyJ9&amp;_nc_ohc=35WBVtzqbMkQ7kNvwF7r9-Y&amp;_nc_oc=Ador1jWT1hEgDjrnCvauCW1PXF_hjKqGZoRGnRXNvI6aPvgnUIa7RN1068B-yhvBgxg&amp;_nc_zt=23&amp;_nc_ht=scontent-fra3-1.cdninstagram.com&amp;edm=ANo9K5cEAAAA&amp;_nc_gid=wr9AYoix8amaW1mM0MmObw&amp;_nc_tpa=Q5bMBQI1Pgg6TZoUsXZzD5bzwEMH7BIPsLI2LSFvtzwfa8FW2YncEf7TcfQIC73norJ75uuzYovAhZBzdA&amp;oh=00_AQKDpzzjIyqaczCb33exq3Qk_xEHxOsJ6jOIptgmQWU2fw&amp;oe=6AA069D1&quot;,&quot;640&quot;:&quot;https:\\\/\\\/scontent-fra3-1.cdninstagram.com\\\/v\\\/t51.82787-15\\\/769182482_18549627871072544_2975320148188698681_n.webp?stp=dst-jpg_e35_tt6&amp;_nc_cat=103&amp;ccb=7-5&amp;_nc_sid=18de74&amp;efg=eyJlZmdfdGFnIjoiRkVFRC5iZXN0X2ltYWdlX3VybGdlbi5DMyJ9&amp;_nc_ohc=35WBVtzqbMkQ7kNvwF7r9-Y&amp;_nc_oc=Ador1jWT1hEgDjrnCvauCW1PXF_hjKqGZoRGnRXNvI6aPvgnUIa7RN1068B-yhvBgxg&amp;_nc_zt=23&amp;_nc_ht=scontent-fra3-1.cdninstagram.com&amp;edm=ANo9K5cEAAAA&amp;_nc_gid=wr9AYoix8amaW1mM0MmObw&amp;_nc_tpa=Q5bMBQI1Pgg6TZoUsXZzD5bzwEMH7BIPsLI2LSFvtzwfa8FW2YncEf7TcfQIC73norJ75uuzYovAhZBzdA&amp;oh=00_AQKDpzzjIyqaczCb33exq3Qk_xEHxOsJ6jOIptgmQWU2fw&amp;oe=6AA069D1&quot;}\">\n\t\t\t<span class=\"sbi-screenreader\">With Porter CRAFT-X, every detail is custom-built:<\/span>\n\t\t\t\t\t\t\t\t\t<img decoding=\"async\" src=\"https:\/\/www.vsveicolispeciali.com\/wp-content\/plugins\/instagram-feed\/img\/placeholder.png\" alt=\"With Porter CRAFT-X, every detail is custom-built: from the pop-up roof to fully personalized colors, graphics, and interior layout. A vehicle designed to stand out and turn every location into a memorable brand experience.\nBecause first impressions begin long before the first customer arrives.\" aria-hidden=\"true\">\n\t\t<\/a>\n\t<\/div>\n<\/div><div class=\"sbi_item sbi_type_video sbi_new sbi_transition\"\n\tid=\"sbi_18108402356009829\" data-date=\"1787299506\">\n\t<div class=\"sbi_photo_wrap\">\n\t\t<a class=\"sbi_photo\" href=\"https:\/\/www.instagram.com\/reel\/DcS3m_eugv_\/\" target=\"_blank\" rel=\"noopener nofollow\"\n\t\t\tdata-full-res=\"https:\/\/scontent-fra3-1.cdninstagram.com\/v\/t51.71878-15\/765188726_1398209695568667_1379303516612645182_n.jpg?stp=dst-jpg_e35_tt6&#038;_nc_cat=108&#038;ccb=7-5&#038;_nc_sid=18de74&#038;efg=eyJlZmdfdGFnIjoiQ0xJUFMuYmVzdF9pbWFnZV91cmxnZW4uQzMifQ%3D%3D&#038;_nc_ohc=a2mb5Q3gn-gQ7kNvwFEeum3&#038;_nc_oc=AdqtGnRLW8kxAdNQck1Ht55AfhhDgkwCmLzcOQjnbmjd-vn7zoaduDTNYID3WgwVjEc&#038;_nc_zt=23&#038;_nc_ht=scontent-fra3-1.cdninstagram.com&#038;edm=ANo9K5cEAAAA&#038;_nc_gid=wr9AYoix8amaW1mM0MmObw&#038;_nc_tpa=Q5bMBQKmv6rTWMK0bwsROz8uskhTh6Gri6gqcRHBJz6w3VhqRX5LAs6ifewu7wxku0Ohkgzu754LGqnT6Q&#038;oh=00_AQKNT8iQt4YTiBzSQcb9L1k9_efQOZqeJihEitwWm_Ermg&#038;oe=6AA095BD\"\n\t\t\tdata-img-src-set=\"{&quot;d&quot;:&quot;https:\\\/\\\/scontent-fra3-1.cdninstagram.com\\\/v\\\/t51.71878-15\\\/765188726_1398209695568667_1379303516612645182_n.jpg?stp=dst-jpg_e35_tt6&amp;_nc_cat=108&amp;ccb=7-5&amp;_nc_sid=18de74&amp;efg=eyJlZmdfdGFnIjoiQ0xJUFMuYmVzdF9pbWFnZV91cmxnZW4uQzMifQ%3D%3D&amp;_nc_ohc=a2mb5Q3gn-gQ7kNvwFEeum3&amp;_nc_oc=AdqtGnRLW8kxAdNQck1Ht55AfhhDgkwCmLzcOQjnbmjd-vn7zoaduDTNYID3WgwVjEc&amp;_nc_zt=23&amp;_nc_ht=scontent-fra3-1.cdninstagram.com&amp;edm=ANo9K5cEAAAA&amp;_nc_gid=wr9AYoix8amaW1mM0MmObw&amp;_nc_tpa=Q5bMBQKmv6rTWMK0bwsROz8uskhTh6Gri6gqcRHBJz6w3VhqRX5LAs6ifewu7wxku0Ohkgzu754LGqnT6Q&amp;oh=00_AQKNT8iQt4YTiBzSQcb9L1k9_efQOZqeJihEitwWm_Ermg&amp;oe=6AA095BD&quot;,&quot;150&quot;:&quot;https:\\\/\\\/scontent-fra3-1.cdninstagram.com\\\/v\\\/t51.71878-15\\\/765188726_1398209695568667_1379303516612645182_n.jpg?stp=dst-jpg_e35_tt6&amp;_nc_cat=108&amp;ccb=7-5&amp;_nc_sid=18de74&amp;efg=eyJlZmdfdGFnIjoiQ0xJUFMuYmVzdF9pbWFnZV91cmxnZW4uQzMifQ%3D%3D&amp;_nc_ohc=a2mb5Q3gn-gQ7kNvwFEeum3&amp;_nc_oc=AdqtGnRLW8kxAdNQck1Ht55AfhhDgkwCmLzcOQjnbmjd-vn7zoaduDTNYID3WgwVjEc&amp;_nc_zt=23&amp;_nc_ht=scontent-fra3-1.cdninstagram.com&amp;edm=ANo9K5cEAAAA&amp;_nc_gid=wr9AYoix8amaW1mM0MmObw&amp;_nc_tpa=Q5bMBQKmv6rTWMK0bwsROz8uskhTh6Gri6gqcRHBJz6w3VhqRX5LAs6ifewu7wxku0Ohkgzu754LGqnT6Q&amp;oh=00_AQKNT8iQt4YTiBzSQcb9L1k9_efQOZqeJihEitwWm_Ermg&amp;oe=6AA095BD&quot;,&quot;320&quot;:&quot;https:\\\/\\\/scontent-fra3-1.cdninstagram.com\\\/v\\\/t51.71878-15\\\/765188726_1398209695568667_1379303516612645182_n.jpg?stp=dst-jpg_e35_tt6&amp;_nc_cat=108&amp;ccb=7-5&amp;_nc_sid=18de74&amp;efg=eyJlZmdfdGFnIjoiQ0xJUFMuYmVzdF9pbWFnZV91cmxnZW4uQzMifQ%3D%3D&amp;_nc_ohc=a2mb5Q3gn-gQ7kNvwFEeum3&amp;_nc_oc=AdqtGnRLW8kxAdNQck1Ht55AfhhDgkwCmLzcOQjnbmjd-vn7zoaduDTNYID3WgwVjEc&amp;_nc_zt=23&amp;_nc_ht=scontent-fra3-1.cdninstagram.com&amp;edm=ANo9K5cEAAAA&amp;_nc_gid=wr9AYoix8amaW1mM0MmObw&amp;_nc_tpa=Q5bMBQKmv6rTWMK0bwsROz8uskhTh6Gri6gqcRHBJz6w3VhqRX5LAs6ifewu7wxku0Ohkgzu754LGqnT6Q&amp;oh=00_AQKNT8iQt4YTiBzSQcb9L1k9_efQOZqeJihEitwWm_Ermg&amp;oe=6AA095BD&quot;,&quot;640&quot;:&quot;https:\\\/\\\/scontent-fra3-1.cdninstagram.com\\\/v\\\/t51.71878-15\\\/765188726_1398209695568667_1379303516612645182_n.jpg?stp=dst-jpg_e35_tt6&amp;_nc_cat=108&amp;ccb=7-5&amp;_nc_sid=18de74&amp;efg=eyJlZmdfdGFnIjoiQ0xJUFMuYmVzdF9pbWFnZV91cmxnZW4uQzMifQ%3D%3D&amp;_nc_ohc=a2mb5Q3gn-gQ7kNvwFEeum3&amp;_nc_oc=AdqtGnRLW8kxAdNQck1Ht55AfhhDgkwCmLzcOQjnbmjd-vn7zoaduDTNYID3WgwVjEc&amp;_nc_zt=23&amp;_nc_ht=scontent-fra3-1.cdninstagram.com&amp;edm=ANo9K5cEAAAA&amp;_nc_gid=wr9AYoix8amaW1mM0MmObw&amp;_nc_tpa=Q5bMBQKmv6rTWMK0bwsROz8uskhTh6Gri6gqcRHBJz6w3VhqRX5LAs6ifewu7wxku0Ohkgzu754LGqnT6Q&amp;oh=00_AQKNT8iQt4YTiBzSQcb9L1k9_efQOZqeJihEitwWm_Ermg&amp;oe=6AA095BD&quot;}\">\n\t\t\t<span class=\"sbi-screenreader\">Elegance is taking shape, one detail at a time.<\/span>\n\t\t\t\t\t\t<svg style=\"color: rgba(255,255,255,1)\" class=\"svg-inline--fa fa-play fa-w-14 sbi_playbtn\" aria-label=\"Play\" aria-hidden=\"true\" data-fa-processed=\"\" data-prefix=\"fa\" data-icon=\"play\" role=\"presentation\" xmlns=\"http:\/\/www.w3.org\/2000\/svg\" viewBox=\"0 0 448 512\"><path fill=\"currentColor\" d=\"M424.4 214.7L72.4 6.6C43.8-10.3 0 6.1 0 47.9V464c0 37.5 40.7 60.1 72.4 41.3l352-208c31.4-18.5 31.5-64.1 0-82.6z\"><\/path><\/svg>\t\t\t<img decoding=\"async\" src=\"https:\/\/www.vsveicolispeciali.com\/wp-content\/plugins\/instagram-feed\/img\/placeholder.png\" alt=\"Elegance is taking shape, one detail at a time. \n\nA new New Vintage Truck is coming: timeless design, premium finishes, and a coffee setup created for those who expect nothing but excellence.\n\nThis is just a sneak peek. The best is yet to come.\n\nStay tuned.\" aria-hidden=\"true\">\n\t\t<\/a>\n\t<\/div>\n<\/div><div class=\"sbi_item sbi_type_video sbi_new sbi_transition\"\n\tid=\"sbi_18571751128070829\" data-date=\"1786694404\">\n\t<div class=\"sbi_photo_wrap\">\n\t\t<a class=\"sbi_photo\" href=\"https:\/\/www.instagram.com\/reel\/DcA1YA6OuHh\/\" target=\"_blank\" rel=\"noopener nofollow\"\n\t\t\tdata-full-res=\"https:\/\/scontent-fra3-1.cdninstagram.com\/v\/t51.71878-15\/765229527_1807828743711010_5257572622533574011_n.jpg?stp=dst-jpg_e35_tt6&#038;_nc_cat=101&#038;ccb=7-5&#038;_nc_sid=18de74&#038;efg=eyJlZmdfdGFnIjoiQ0xJUFMuYmVzdF9pbWFnZV91cmxnZW4uQzMifQ%3D%3D&#038;_nc_ohc=EMuptdmJRqQQ7kNvwH6bDFt&#038;_nc_oc=AdpCLfaw6G771DPGTZhYC4SJXDUb2iKocAauo5AjD-IF6MCUGB-K3Iy7z-VmAVEQCTM&#038;_nc_zt=23&#038;_nc_ht=scontent-fra3-1.cdninstagram.com&#038;edm=ANo9K5cEAAAA&#038;_nc_gid=wr9AYoix8amaW1mM0MmObw&#038;_nc_tpa=Q5bMBQJaNaalEc2aBJwJn9AZR4xxG0JS2IP92t9pkErV_xCKk91ygbTnbWH9eLPLyhaHfNuHawGI4PgSPw&#038;oh=00_AQKJIzeLbswpjvJ5uTAnIzEhjnqN5LbVkwfZrnwee69xKw&#038;oe=6AA07FE3\"\n\t\t\tdata-img-src-set=\"{&quot;d&quot;:&quot;https:\\\/\\\/scontent-fra3-1.cdninstagram.com\\\/v\\\/t51.71878-15\\\/765229527_1807828743711010_5257572622533574011_n.jpg?stp=dst-jpg_e35_tt6&amp;_nc_cat=101&amp;ccb=7-5&amp;_nc_sid=18de74&amp;efg=eyJlZmdfdGFnIjoiQ0xJUFMuYmVzdF9pbWFnZV91cmxnZW4uQzMifQ%3D%3D&amp;_nc_ohc=EMuptdmJRqQQ7kNvwH6bDFt&amp;_nc_oc=AdpCLfaw6G771DPGTZhYC4SJXDUb2iKocAauo5AjD-IF6MCUGB-K3Iy7z-VmAVEQCTM&amp;_nc_zt=23&amp;_nc_ht=scontent-fra3-1.cdninstagram.com&amp;edm=ANo9K5cEAAAA&amp;_nc_gid=wr9AYoix8amaW1mM0MmObw&amp;_nc_tpa=Q5bMBQJaNaalEc2aBJwJn9AZR4xxG0JS2IP92t9pkErV_xCKk91ygbTnbWH9eLPLyhaHfNuHawGI4PgSPw&amp;oh=00_AQKJIzeLbswpjvJ5uTAnIzEhjnqN5LbVkwfZrnwee69xKw&amp;oe=6AA07FE3&quot;,&quot;150&quot;:&quot;https:\\\/\\\/scontent-fra3-1.cdninstagram.com\\\/v\\\/t51.71878-15\\\/765229527_1807828743711010_5257572622533574011_n.jpg?stp=dst-jpg_e35_tt6&amp;_nc_cat=101&amp;ccb=7-5&amp;_nc_sid=18de74&amp;efg=eyJlZmdfdGFnIjoiQ0xJUFMuYmVzdF9pbWFnZV91cmxnZW4uQzMifQ%3D%3D&amp;_nc_ohc=EMuptdmJRqQQ7kNvwH6bDFt&amp;_nc_oc=AdpCLfaw6G771DPGTZhYC4SJXDUb2iKocAauo5AjD-IF6MCUGB-K3Iy7z-VmAVEQCTM&amp;_nc_zt=23&amp;_nc_ht=scontent-fra3-1.cdninstagram.com&amp;edm=ANo9K5cEAAAA&amp;_nc_gid=wr9AYoix8amaW1mM0MmObw&amp;_nc_tpa=Q5bMBQJaNaalEc2aBJwJn9AZR4xxG0JS2IP92t9pkErV_xCKk91ygbTnbWH9eLPLyhaHfNuHawGI4PgSPw&amp;oh=00_AQKJIzeLbswpjvJ5uTAnIzEhjnqN5LbVkwfZrnwee69xKw&amp;oe=6AA07FE3&quot;,&quot;320&quot;:&quot;https:\\\/\\\/scontent-fra3-1.cdninstagram.com\\\/v\\\/t51.71878-15\\\/765229527_1807828743711010_5257572622533574011_n.jpg?stp=dst-jpg_e35_tt6&amp;_nc_cat=101&amp;ccb=7-5&amp;_nc_sid=18de74&amp;efg=eyJlZmdfdGFnIjoiQ0xJUFMuYmVzdF9pbWFnZV91cmxnZW4uQzMifQ%3D%3D&amp;_nc_ohc=EMuptdmJRqQQ7kNvwH6bDFt&amp;_nc_oc=AdpCLfaw6G771DPGTZhYC4SJXDUb2iKocAauo5AjD-IF6MCUGB-K3Iy7z-VmAVEQCTM&amp;_nc_zt=23&amp;_nc_ht=scontent-fra3-1.cdninstagram.com&amp;edm=ANo9K5cEAAAA&amp;_nc_gid=wr9AYoix8amaW1mM0MmObw&amp;_nc_tpa=Q5bMBQJaNaalEc2aBJwJn9AZR4xxG0JS2IP92t9pkErV_xCKk91ygbTnbWH9eLPLyhaHfNuHawGI4PgSPw&amp;oh=00_AQKJIzeLbswpjvJ5uTAnIzEhjnqN5LbVkwfZrnwee69xKw&amp;oe=6AA07FE3&quot;,&quot;640&quot;:&quot;https:\\\/\\\/scontent-fra3-1.cdninstagram.com\\\/v\\\/t51.71878-15\\\/765229527_1807828743711010_5257572622533574011_n.jpg?stp=dst-jpg_e35_tt6&amp;_nc_cat=101&amp;ccb=7-5&amp;_nc_sid=18de74&amp;efg=eyJlZmdfdGFnIjoiQ0xJUFMuYmVzdF9pbWFnZV91cmxnZW4uQzMifQ%3D%3D&amp;_nc_ohc=EMuptdmJRqQQ7kNvwH6bDFt&amp;_nc_oc=AdpCLfaw6G771DPGTZhYC4SJXDUb2iKocAauo5AjD-IF6MCUGB-K3Iy7z-VmAVEQCTM&amp;_nc_zt=23&amp;_nc_ht=scontent-fra3-1.cdninstagram.com&amp;edm=ANo9K5cEAAAA&amp;_nc_gid=wr9AYoix8amaW1mM0MmObw&amp;_nc_tpa=Q5bMBQJaNaalEc2aBJwJn9AZR4xxG0JS2IP92t9pkErV_xCKk91ygbTnbWH9eLPLyhaHfNuHawGI4PgSPw&amp;oh=00_AQKJIzeLbswpjvJ5uTAnIzEhjnqN5LbVkwfZrnwee69xKw&amp;oe=6AA07FE3&quot;}\">\n\t\t\t<span class=\"sbi-screenreader\">More than just an Ape V-Curve, it\u2019s a compact and<\/span>\n\t\t\t\t\t\t<svg style=\"color: rgba(255,255,255,1)\" class=\"svg-inline--fa fa-play fa-w-14 sbi_playbtn\" aria-label=\"Play\" aria-hidden=\"true\" data-fa-processed=\"\" data-prefix=\"fa\" data-icon=\"play\" role=\"presentation\" xmlns=\"http:\/\/www.w3.org\/2000\/svg\" viewBox=\"0 0 448 512\"><path fill=\"currentColor\" d=\"M424.4 214.7L72.4 6.6C43.8-10.3 0 6.1 0 47.9V464c0 37.5 40.7 60.1 72.4 41.3l352-208c31.4-18.5 31.5-64.1 0-82.6z\"><\/path><\/svg>\t\t\t<img decoding=\"async\" src=\"https:\/\/www.vsveicolispeciali.com\/wp-content\/plugins\/instagram-feed\/img\/placeholder.png\" alt=\"More than just an Ape V-Curve, it\u2019s a compact and versatile space designed to bring your business anywhere.\n\nWith its lift-up roof, the working area becomes larger and more comfortable, while the built-in battery allows you to serve cocktails and coffee independently, without the need for a generator.\n\nA unique combination of Italian design, functionality, and freedom \u2014 ready to turn any location into your next point of sale.\" aria-hidden=\"true\">\n\t\t<\/a>\n\t<\/div>\n<\/div><div class=\"sbi_item sbi_type_carousel sbi_new sbi_transition\"\n\tid=\"sbi_18144831007493761\" data-date=\"1786341902\">\n\t<div class=\"sbi_photo_wrap\">\n\t\t<a class=\"sbi_photo\" href=\"https:\/\/www.instagram.com\/p\/Db2VBgbjGCf\/\" target=\"_blank\" rel=\"noopener nofollow\"\n\t\t\tdata-full-res=\"https:\/\/scontent-fra5-1.cdninstagram.com\/v\/t51.82787-15\/765262373_18549394108072544_1049113882978257523_n.webp?stp=dst-jpg_e35_tt6&#038;_nc_cat=110&#038;ccb=7-5&#038;_nc_sid=18de74&#038;efg=eyJlZmdfdGFnIjoiQ0FST1VTRUxfSVRFTS5iZXN0X2ltYWdlX3VybGdlbi5DMyJ9&#038;_nc_ohc=o-V9ysRqL_0Q7kNvwGwNwT2&#038;_nc_oc=AdqNsazIgwuFk9UbfPeGP28gF_aFxXwVTSMGW6LGUPiOA9W1xajM-7lvrK7ovoKOVh0&#038;_nc_zt=23&#038;_nc_ht=scontent-fra5-1.cdninstagram.com&#038;edm=ANo9K5cEAAAA&#038;_nc_gid=wr9AYoix8amaW1mM0MmObw&#038;_nc_tpa=Q5bMBQL-pjPzB31idjfBcs6PFbanWWtBS5dKMAniuvOvbwN9JlyoeA4VWQbwzGq-eRvBdZsZwK_6wA8uPA&#038;oh=00_AQLzIHVks8m3A0j13XO5zNvVKs_Py7KzEyTTbdL787aNwA&#038;oe=6AA08545\"\n\t\t\tdata-img-src-set=\"{&quot;d&quot;:&quot;https:\\\/\\\/scontent-fra5-1.cdninstagram.com\\\/v\\\/t51.82787-15\\\/765262373_18549394108072544_1049113882978257523_n.webp?stp=dst-jpg_e35_tt6&amp;_nc_cat=110&amp;ccb=7-5&amp;_nc_sid=18de74&amp;efg=eyJlZmdfdGFnIjoiQ0FST1VTRUxfSVRFTS5iZXN0X2ltYWdlX3VybGdlbi5DMyJ9&amp;_nc_ohc=o-V9ysRqL_0Q7kNvwGwNwT2&amp;_nc_oc=AdqNsazIgwuFk9UbfPeGP28gF_aFxXwVTSMGW6LGUPiOA9W1xajM-7lvrK7ovoKOVh0&amp;_nc_zt=23&amp;_nc_ht=scontent-fra5-1.cdninstagram.com&amp;edm=ANo9K5cEAAAA&amp;_nc_gid=wr9AYoix8amaW1mM0MmObw&amp;_nc_tpa=Q5bMBQL-pjPzB31idjfBcs6PFbanWWtBS5dKMAniuvOvbwN9JlyoeA4VWQbwzGq-eRvBdZsZwK_6wA8uPA&amp;oh=00_AQLzIHVks8m3A0j13XO5zNvVKs_Py7KzEyTTbdL787aNwA&amp;oe=6AA08545&quot;,&quot;150&quot;:&quot;https:\\\/\\\/scontent-fra5-1.cdninstagram.com\\\/v\\\/t51.82787-15\\\/765262373_18549394108072544_1049113882978257523_n.webp?stp=dst-jpg_e35_tt6&amp;_nc_cat=110&amp;ccb=7-5&amp;_nc_sid=18de74&amp;efg=eyJlZmdfdGFnIjoiQ0FST1VTRUxfSVRFTS5iZXN0X2ltYWdlX3VybGdlbi5DMyJ9&amp;_nc_ohc=o-V9ysRqL_0Q7kNvwGwNwT2&amp;_nc_oc=AdqNsazIgwuFk9UbfPeGP28gF_aFxXwVTSMGW6LGUPiOA9W1xajM-7lvrK7ovoKOVh0&amp;_nc_zt=23&amp;_nc_ht=scontent-fra5-1.cdninstagram.com&amp;edm=ANo9K5cEAAAA&amp;_nc_gid=wr9AYoix8amaW1mM0MmObw&amp;_nc_tpa=Q5bMBQL-pjPzB31idjfBcs6PFbanWWtBS5dKMAniuvOvbwN9JlyoeA4VWQbwzGq-eRvBdZsZwK_6wA8uPA&amp;oh=00_AQLzIHVks8m3A0j13XO5zNvVKs_Py7KzEyTTbdL787aNwA&amp;oe=6AA08545&quot;,&quot;320&quot;:&quot;https:\\\/\\\/scontent-fra5-1.cdninstagram.com\\\/v\\\/t51.82787-15\\\/765262373_18549394108072544_1049113882978257523_n.webp?stp=dst-jpg_e35_tt6&amp;_nc_cat=110&amp;ccb=7-5&amp;_nc_sid=18de74&amp;efg=eyJlZmdfdGFnIjoiQ0FST1VTRUxfSVRFTS5iZXN0X2ltYWdlX3VybGdlbi5DMyJ9&amp;_nc_ohc=o-V9ysRqL_0Q7kNvwGwNwT2&amp;_nc_oc=AdqNsazIgwuFk9UbfPeGP28gF_aFxXwVTSMGW6LGUPiOA9W1xajM-7lvrK7ovoKOVh0&amp;_nc_zt=23&amp;_nc_ht=scontent-fra5-1.cdninstagram.com&amp;edm=ANo9K5cEAAAA&amp;_nc_gid=wr9AYoix8amaW1mM0MmObw&amp;_nc_tpa=Q5bMBQL-pjPzB31idjfBcs6PFbanWWtBS5dKMAniuvOvbwN9JlyoeA4VWQbwzGq-eRvBdZsZwK_6wA8uPA&amp;oh=00_AQLzIHVks8m3A0j13XO5zNvVKs_Py7KzEyTTbdL787aNwA&amp;oe=6AA08545&quot;,&quot;640&quot;:&quot;https:\\\/\\\/scontent-fra5-1.cdninstagram.com\\\/v\\\/t51.82787-15\\\/765262373_18549394108072544_1049113882978257523_n.webp?stp=dst-jpg_e35_tt6&amp;_nc_cat=110&amp;ccb=7-5&amp;_nc_sid=18de74&amp;efg=eyJlZmdfdGFnIjoiQ0FST1VTRUxfSVRFTS5iZXN0X2ltYWdlX3VybGdlbi5DMyJ9&amp;_nc_ohc=o-V9ysRqL_0Q7kNvwGwNwT2&amp;_nc_oc=AdqNsazIgwuFk9UbfPeGP28gF_aFxXwVTSMGW6LGUPiOA9W1xajM-7lvrK7ovoKOVh0&amp;_nc_zt=23&amp;_nc_ht=scontent-fra5-1.cdninstagram.com&amp;edm=ANo9K5cEAAAA&amp;_nc_gid=wr9AYoix8amaW1mM0MmObw&amp;_nc_tpa=Q5bMBQL-pjPzB31idjfBcs6PFbanWWtBS5dKMAniuvOvbwN9JlyoeA4VWQbwzGq-eRvBdZsZwK_6wA8uPA&amp;oh=00_AQLzIHVks8m3A0j13XO5zNvVKs_Py7KzEyTTbdL787aNwA&amp;oe=6AA08545&quot;}\">\n\t\t\t<span class=\"sbi-screenreader\">All the brands deserve more than a standard setup.<\/span>\n\t\t\t<svg class=\"svg-inline--fa fa-clone fa-w-16 sbi_lightbox_carousel_icon\" aria-hidden=\"true\" aria-label=\"Clone\" data-fa-pro\u0192cessed=\"\" data-prefix=\"far\" data-icon=\"clone\" role=\"img\" xmlns=\"http:\/\/www.w3.org\/2000\/svg\" viewBox=\"0 0 512 512\">\n                    <path fill=\"currentColor\" d=\"M464 0H144c-26.51 0-48 21.49-48 48v48H48c-26.51 0-48 21.49-48 48v320c0 26.51 21.49 48 48 48h320c26.51 0 48-21.49 48-48v-48h48c26.51 0 48-21.49 48-48V48c0-26.51-21.49-48-48-48zM362 464H54a6 6 0 0 1-6-6V150a6 6 0 0 1 6-6h42v224c0 26.51 21.49 48 48 48h224v42a6 6 0 0 1-6 6zm96-96H150a6 6 0 0 1-6-6V54a6 6 0 0 1 6-6h308a6 6 0 0 1 6 6v308a6 6 0 0 1-6 6z\"><\/path>\n                <\/svg>\t\t\t\t\t\t<img decoding=\"async\" src=\"https:\/\/www.vsveicolispeciali.com\/wp-content\/plugins\/instagram-feed\/img\/placeholder.png\" alt=\"All the brands deserve more than a standard setup.\n\nFor Lillet, we created a New Vintage Truck that blends timeless design with modern functionality, turning every event into a memorable brand experience.\n\nElegant, welcoming, and fully customized, it&#039;s more than a mobile bar\u2014it&#039;s a space where people gather, discover, and enjoy every moment, one perfectly served drink at a time.\" aria-hidden=\"true\">\n\t\t<\/a>\n\t<\/div>\n<\/div>\t<\/div>\n\n\t<div id=\"sbi_load\" >\n\n\t\t\t<button class=\"sbi_load_btn\"\n\t\t\ttype=\"button\" >\n\t\t\t<span class=\"sbi_btn_text\" >Carica altro\u2026<\/span>\n\t\t\t<span class=\"sbi_loader sbi_hidden\" style=\"background-color: rgb(255, 255, 255);\" aria-hidden=\"true\"><\/span>\n\t\t<\/button>\n\t\n\t\t\t<span class=\"sbi_follow_btn\" >\n\t\t\t<a target=\"_blank\"\n\t\t\t\trel=\"nofollow noopener\"  href=\"https:\/\/www.instagram.com\/vs_veicolispeciali\/\">\n\t\t\t\t<svg class=\"svg-inline--fa fa-instagram fa-w-14\" aria-hidden=\"true\" data-fa-processed=\"\" aria-label=\"Instagram\" data-prefix=\"fab\" data-icon=\"instagram\" role=\"img\" viewBox=\"0 0 448 512\">\n                    <path fill=\"currentColor\" d=\"M224.1 141c-63.6 0-114.9 51.3-114.9 114.9s51.3 114.9 114.9 114.9S339 319.5 339 255.9 287.7 141 224.1 141zm0 189.6c-41.1 0-74.7-33.5-74.7-74.7s33.5-74.7 74.7-74.7 74.7 33.5 74.7 74.7-33.6 74.7-74.7 74.7zm146.4-194.3c0 14.9-12 26.8-26.8 26.8-14.9 0-26.8-12-26.8-26.8s12-26.8 26.8-26.8 26.8 12 26.8 26.8zm76.1 27.2c-1.7-35.9-9.9-67.7-36.2-93.9-26.2-26.2-58-34.4-93.9-36.2-37-2.1-147.9-2.1-184.9 0-35.8 1.7-67.6 9.9-93.9 36.1s-34.4 58-36.2 93.9c-2.1 37-2.1 147.9 0 184.9 1.7 35.9 9.9 67.7 36.2 93.9s58 34.4 93.9 36.2c37 2.1 147.9 2.1 184.9 0 35.9-1.7 67.7-9.9 93.9-36.2 26.2-26.2 34.4-58 36.2-93.9 2.1-37 2.1-147.8 0-184.8zM398.8 388c-7.8 19.6-22.9 34.7-42.6 42.6-29.5 11.7-99.5 9-132.1 9s-102.7 2.6-132.1-9c-19.6-7.8-34.7-22.9-42.6-42.6-11.7-29.5-9-99.5-9-132.1s-2.6-102.7 9-132.1c7.8-19.6 22.9-34.7 42.6-42.6 29.5-11.7 99.5-9 132.1-9s102.7-2.6 132.1 9c19.6 7.8 34.7 22.9 42.6 42.6 11.7 29.5 9 99.5 9 132.1s2.7 102.7-9 132.1z\"><\/path>\n                <\/svg>\t\t\t\t<span>Seguici su Instagram<\/span>\n\t\t\t<\/a>\n\t\t<\/span>\n\t\n<\/div>\n\t\t<span class=\"sbi_resized_image_data\" data-feed-id=\"*1\"\n\t\t  data-resized=\"{&quot;18144831007493761&quot;:{&quot;id&quot;:&quot;765262373_18549394108072544_1049113882978257523_n&quot;,&quot;ratio&quot;:&quot;1.00&quot;,&quot;sizes&quot;:{&quot;full&quot;:640,&quot;low&quot;:320,&quot;thumb&quot;:150},&quot;extension&quot;:&quot;.webp&quot;},&quot;18571751128070829&quot;:{&quot;id&quot;:&quot;765229527_1807828743711010_5257572622533574011_n&quot;,&quot;ratio&quot;:&quot;0.56&quot;,&quot;sizes&quot;:{&quot;full&quot;:640,&quot;low&quot;:320,&quot;thumb&quot;:150},&quot;extension&quot;:&quot;.webp&quot;},&quot;18108402356009829&quot;:{&quot;id&quot;:&quot;765188726_1398209695568667_1379303516612645182_n&quot;,&quot;ratio&quot;:&quot;0.56&quot;,&quot;sizes&quot;:{&quot;full&quot;:640,&quot;low&quot;:320,&quot;thumb&quot;:150},&quot;extension&quot;:&quot;.webp&quot;},&quot;18366935242241815&quot;:{&quot;id&quot;:&quot;769182482_18549627871072544_2975320148188698681_n&quot;,&quot;ratio&quot;:&quot;1.00&quot;,&quot;sizes&quot;:{&quot;full&quot;:640,&quot;low&quot;:320,&quot;thumb&quot;:150},&quot;extension&quot;:&quot;.webp&quot;},&quot;18064406183725105&quot;:{&quot;id&quot;:&quot;767945303_1078985138116893_3176253797962031033_n&quot;,&quot;ratio&quot;:&quot;0.56&quot;,&quot;sizes&quot;:{&quot;full&quot;:640,&quot;low&quot;:320,&quot;thumb&quot;:150},&quot;extension&quot;:&quot;.webp&quot;}}\">\n\t<\/span>\n\t<\/div>\n\n\t\t<\/div> \n\t<\/div> <\/div><\/div><\/div><\/div><\/div>\n<\/div>","protected":false},"excerpt":{"rendered":"","protected":false},"author":1001012,"featured_media":0,"parent":0,"menu_order":1,"comment_status":"closed","ping_status":"closed","template":"full_width.php","meta":{"_acf_changed":false,"rs_blank_template":"","rs_page_bg_color":"","slide_template_v7":"","footnotes":""},"class_list":["post-18990","page","type-page","status-publish","hentry"],"acf":[],"yoast_head":"<!-- This site is optimized with the Yoast SEO plugin v28.2 - https:\/\/yoast.com\/product\/yoast-seo-wordpress\/ -->\n<title>Wir bauen Food-Trucks, Verkaufswagen und Promotionfahrzeuge<\/title>\n<meta name=\"description\" content=\"W\u00e4hlen Sie die beste L\u00f6sung f\u00fcr ihr Unternehmen: Ausstattung und Design f\u00fcr Foodtrucks, Streetfood-Verkaufswagen und Werbefahrzeuge &gt;\" \/>\n<meta name=\"robots\" content=\"index, follow, max-snippet:-1, max-image-preview:large, max-video-preview:-1\" \/>\n<link rel=\"canonical\" href=\"https:\/\/www.vsveicolispeciali.com\/de\/\" \/>\n<meta property=\"og:locale\" content=\"de_DE\" \/>\n<meta property=\"og:type\" content=\"article\" \/>\n<meta property=\"og:title\" content=\"Wir bauen Food-Trucks, Verkaufswagen und Promotionfahrzeuge\" \/>\n<meta property=\"og:description\" content=\"W\u00e4hlen Sie die beste L\u00f6sung f\u00fcr ihr Unternehmen: Ausstattung und Design f\u00fcr Foodtrucks, Streetfood-Verkaufswagen und Werbefahrzeuge &gt;\" \/>\n<meta property=\"og:url\" content=\"https:\/\/www.vsveicolispeciali.com\/de\/\" \/>\n<meta property=\"og:site_name\" content=\"VS Veicoli Speciali\" \/>\n<meta property=\"article:publisher\" content=\"https:\/\/www.facebook.com\/VSVeicoliSpeciali.Food.Trucks\/\" \/>\n<meta property=\"article:modified_time\" content=\"2026-07-24T20:36:58+00:00\" \/>\n<meta property=\"og:image\" content=\"https:\/\/www.vsveicolispeciali.com\/wp-content\/uploads\/2023\/01\/Foodtruck-Ausstattung-UMWELTFREUNDLICH.png\" \/>\n\t<meta property=\"og:image:width\" content=\"300\" \/>\n\t<meta property=\"og:image:height\" content=\"193\" \/>\n\t<meta property=\"og:image:type\" content=\"image\/png\" \/>\n<meta name=\"twitter:card\" content=\"summary_large_image\" \/>\n<meta name=\"twitter:site\" content=\"@veicolispeciali\" \/>\n<meta name=\"twitter:label1\" content=\"Gesch\u00e4tzte Lesezeit\" \/>\n\t<meta name=\"twitter:data1\" content=\"20\u00a0Minuten\" \/>\n<!-- \/ Yoast SEO plugin. -->","yoast_head_json":{"title":"Wir bauen Food-Trucks, Verkaufswagen und Promotionfahrzeuge","description":"W\u00e4hlen Sie die beste L\u00f6sung f\u00fcr ihr Unternehmen: Ausstattung und Design f\u00fcr Foodtrucks, Streetfood-Verkaufswagen und Werbefahrzeuge >","robots":{"index":"index","follow":"follow","max-snippet":"max-snippet:-1","max-image-preview":"max-image-preview:large","max-video-preview":"max-video-preview:-1"},"canonical":"https:\/\/www.vsveicolispeciali.com\/de\/","og_locale":"de_DE","og_type":"article","og_title":"Wir bauen Food-Trucks, Verkaufswagen und Promotionfahrzeuge","og_description":"W\u00e4hlen Sie die beste L\u00f6sung f\u00fcr ihr Unternehmen: Ausstattung und Design f\u00fcr Foodtrucks, Streetfood-Verkaufswagen und Werbefahrzeuge >","og_url":"https:\/\/www.vsveicolispeciali.com\/de\/","og_site_name":"VS Veicoli Speciali","article_publisher":"https:\/\/www.facebook.com\/VSVeicoliSpeciali.Food.Trucks\/","article_modified_time":"2026-07-24T20:36:58+00:00","og_image":[{"width":300,"height":193,"url":"https:\/\/www.vsveicolispeciali.com\/wp-content\/uploads\/2023\/01\/Foodtruck-Ausstattung-UMWELTFREUNDLICH.png","type":"image\/png"}],"twitter_card":"summary_large_image","twitter_site":"@veicolispeciali","twitter_misc":{"Gesch\u00e4tzte Lesezeit":"20\u00a0Minuten"},"schema":{"@context":"https:\/\/schema.org","@graph":[{"@type":"WebPage","@id":"https:\/\/www.vsveicolispeciali.com\/de\/","url":"https:\/\/www.vsveicolispeciali.com\/de\/","name":"Wir bauen Food-Trucks, Verkaufswagen und Promotionfahrzeuge","isPartOf":{"@id":"https:\/\/www.vsveicolispeciali.com\/de\/#website"},"primaryImageOfPage":{"@id":"https:\/\/www.vsveicolispeciali.com\/de\/#primaryimage"},"image":{"@id":"https:\/\/www.vsveicolispeciali.com\/de\/#primaryimage"},"thumbnailUrl":"https:\/\/www.vsveicolispeciali.com\/wp-content\/uploads\/2023\/01\/Foodtruck-Ausstattung-UMWELTFREUNDLICH.png","datePublished":"2022-11-21T13:28:03+00:00","dateModified":"2026-07-24T20:36:58+00:00","description":"W\u00e4hlen Sie die beste L\u00f6sung f\u00fcr ihr Unternehmen: Ausstattung und Design f\u00fcr Foodtrucks, Streetfood-Verkaufswagen und Werbefahrzeuge >","breadcrumb":{"@id":"https:\/\/www.vsveicolispeciali.com\/de\/#breadcrumb"},"inLanguage":"de","potentialAction":[{"@type":"ReadAction","target":["https:\/\/www.vsveicolispeciali.com\/de\/"]}]},{"@type":"ImageObject","inLanguage":"de","@id":"https:\/\/www.vsveicolispeciali.com\/de\/#primaryimage","url":"https:\/\/www.vsveicolispeciali.com\/wp-content\/uploads\/2023\/01\/Foodtruck-Ausstattung-UMWELTFREUNDLICH.png","contentUrl":"https:\/\/www.vsveicolispeciali.com\/wp-content\/uploads\/2023\/01\/Foodtruck-Ausstattung-UMWELTFREUNDLICH.png"},{"@type":"BreadcrumbList","@id":"https:\/\/www.vsveicolispeciali.com\/de\/#breadcrumb","itemListElement":[{"@type":"ListItem","position":1,"name":"Home","item":"https:\/\/www.vsveicolispeciali.com\/de\/"},{"@type":"ListItem","position":2,"name":"Home"}]},{"@type":"WebSite","@id":"https:\/\/www.vsveicolispeciali.com\/de\/#website","url":"https:\/\/www.vsveicolispeciali.com\/de\/","name":"VS Veicoli Speciali","description":"","potentialAction":[{"@type":"SearchAction","target":{"@type":"EntryPoint","urlTemplate":"https:\/\/www.vsveicolispeciali.com\/de\/?s={search_term_string}"},"query-input":{"@type":"PropertyValueSpecification","valueRequired":true,"valueName":"search_term_string"}}],"inLanguage":"de"}]}},"_links":{"self":[{"href":"https:\/\/www.vsveicolispeciali.com\/de\/wp-json\/wp\/v2\/pages\/18990","targetHints":{"allow":["GET"]}}],"collection":[{"href":"https:\/\/www.vsveicolispeciali.com\/de\/wp-json\/wp\/v2\/pages"}],"about":[{"href":"https:\/\/www.vsveicolispeciali.com\/de\/wp-json\/wp\/v2\/types\/page"}],"author":[{"embeddable":true,"href":"https:\/\/www.vsveicolispeciali.com\/de\/wp-json\/wp\/v2\/users\/1001012"}],"replies":[{"embeddable":true,"href":"https:\/\/www.vsveicolispeciali.com\/de\/wp-json\/wp\/v2\/comments?post=18990"}],"version-history":[{"count":35,"href":"https:\/\/www.vsveicolispeciali.com\/de\/wp-json\/wp\/v2\/pages\/18990\/revisions"}],"predecessor-version":[{"id":29985,"href":"https:\/\/www.vsveicolispeciali.com\/de\/wp-json\/wp\/v2\/pages\/18990\/revisions\/29985"}],"wp:attachment":[{"href":"https:\/\/www.vsveicolispeciali.com\/de\/wp-json\/wp\/v2\/media?parent=18990"}],"curies":[{"name":"wp","href":"https:\/\/api.w.org\/{rel}","templated":true}]}}