{"id":18734,"date":"2022-11-18T16:21:13","date_gmt":"2022-11-18T15:21:13","guid":{"rendered":"http:\/\/www.vsveicolispeciali.com\/?page_id=18734"},"modified":"2026-07-11T12:51:07","modified_gmt":"2026-07-11T10:51:07","slug":"unternehmen","status":"publish","type":"page","link":"https:\/\/www.vsveicolispeciali.com\/de\/unternehmen\/","title":{"rendered":"UNSER UNTERNEHMEN"},"content":{"rendered":"<div class=\"wpb-content-wrapper\"><div class=\"vc_row wpb_row section vc_row-fluid \" style=' text-align:left;'><div class=\" full_section_inner clearfix\"><div class=\"wpb_column vc_column_container vc_col-sm-12\"><div class=\"vc_column-inner\"><div class=\"wpb_wrapper\">\t<div class=\"vc_empty_space\"  style=\"height: 90px\" ><span\n\t\t\tclass=\"vc_empty_space_inner\">\n\t\t\t<span class=\"empty_space_image\"  ><\/span>\n\t\t<\/span><\/div>\n\n<div      class=\"vc_row wpb_row section vc_row-fluid vc_inner  grid_section disable_negative_margin\" style=' text-align:left;'><div class=\" section_inner clearfix\"><div class='section_inner_margin clearfix'><div class=\"wpb_column vc_column_container vc_col-sm-12\"><div class=\"vc_column-inner\"><div class=\"wpb_wrapper\"><div class=\"custom_font_holder\" style=\" font-size: 26px; line-height: 44px; font-style: normal; font-weight: 300; color: #006aa7; text-decoration: none; text-align: center;\">DIE GESCHICHTE UNSERES KONTINUIERLICHEN FORTSCHRITTS<\/div><div class=\"separator  small center  \" style=\"\"><\/div>\n<div class=\"custom_font_holder\" style=\" font-size: 20px; line-height: 34px; font-style: normal; font-weight: 300; text-decoration: none; text-align: center;\">VS Veicoli Speciali wurde 2007 aus der Idee heraus gegr\u00fcndet, n\u00fctzliche Fahrzeuge f\u00fcr Unternehmen und Gastronomieprofis zu schaffen. Mit der Zeit wuchs und entwickelte sich diese Idee in VS STREETFOOD<span style=\"font-size: 8pt;\">\u00ae<\/span>, wo Innovation, Design, Liebe zum Detail und Funktionalit\u00e4t zusammenkommen, um einzigartige Fahrzeuge zu schaffen, die ihre eigene Identit\u00e4t haben.<\/div><\/div><\/div><\/div><\/div><\/div><\/div>\t<div class=\"vc_empty_space\"  style=\"height: 90px\" ><span\n\t\t\tclass=\"vc_empty_space_inner\">\n\t\t\t<span class=\"empty_space_image\"  ><\/span>\n\t\t<\/span><\/div>\n\n<\/div><\/div><\/div><\/div><\/div><div      class=\"vc_row wpb_row section vc_row-fluid  bloccorigas grid_section\" style=' text-align:left;'><div class=\" section_inner clearfix\"><div class='section_inner_margin clearfix'><div class=\"wpb_column vc_column_container vc_col-sm-12\"><div class=\"vc_column-inner\"><div class=\"wpb_wrapper\"><div class=\"qode_video_box\">\n\t<a itemprop=\"image\" class=\"qode_video_image\" href=\"https:\/\/www.youtube.com\/watch?v=xNH39qaF_a0\" data-rel=\"prettyPhoto\">\n\t\t\t\n\t\t\t<img decoding=\"async\" src=\"https:\/\/www.vsveicolispeciali.com\/wp-content\/uploads\/2020\/07\/preview-video.jpg\" \/>\n\t\t\t<span class=\"qode_video_box_button_holder\">\n\t\t\t\t<span class=\"qode_video_box_button\">\n\t\t\t\t\t<span class=\"qode_video_box_button_arrow\">\n\t\t\t\t\t<\/span>\n\t\t\t\t<\/span>\n\t\t\t<\/span>\n\t\t\t<\/a>\n<\/div>\t<div class=\"vc_empty_space\"  style=\"height: 90px\" ><span\n\t\t\tclass=\"vc_empty_space_inner\">\n\t\t\t<span class=\"empty_space_image\"  ><\/span>\n\t\t<\/span><\/div>\n\n\n\t<div class=\"wpb_text_column wpb_content_element \">\n\t\t<div class=\"wpb_wrapper\">\n\t\t\t<p style=\"text-align: center;\">Heute setzt VS Veicoli Speciali die Tradition mit Leidenschaft f\u00fcr handwerkliche Arbeit fort und stellt Fahrzeuge f\u00fcr den Verkauf von Streetfood her, die hohe Qualit\u00e4tsstandards erf\u00fcllen.<br \/>\n<strong>Alle produzierten Food-Trucks werden auf die Bed\u00fcrfnisse des Kunden zugeschnitten<\/strong>, um einen einzigartigen Verkaufswagen mit starker Markenidentit\u00e4t zu produzieren.<br \/>\nDie Zusammenarbeit zwischen dem Kunden und den Technikern von VS Veicoli Speciali ist von zentraler Bedeutung. <strong>Erl\u00e4utern Sie uns Ihre Bed\u00fcrfnisse und Probleme, die Sie gerne l\u00f6sen w\u00fcrden<\/strong>. Unsere Techniker erledigen den Rest und beraten Sie mit Erfahrung und Leidenschaft, um die beste L\u00f6sung f\u00fcr einen sch\u00f6nen und effizienten Food-Truck zu finden, der bestimmte ergonomische Kriterien erf\u00fcllt, die eine optimale Nutzung der montierten Ausr\u00fcstung garantieren.<\/p>\n\n\t\t<\/div> \n\t<\/div> \t<div class=\"vc_empty_space\"  style=\"height: 32px\" ><span\n\t\t\tclass=\"vc_empty_space_inner\">\n\t\t\t<span class=\"empty_space_image\"  ><\/span>\n\t\t<\/span><\/div>\n\n<a  itemprop=\"url\" href=\"http:\/\/www.vsveicolispeciali.com\/de\/verkaufswagen-kaufen\/\" target=\"_self\"  class=\"qbutton  medium center default\" style=\"font-weight: 400; margin: 0px 0px 30px 0px; \">UNSERE LEISTUNGEN<\/a>\t<div class=\"vc_empty_space\"  style=\"height: 50px\" ><span\n\t\t\tclass=\"vc_empty_space_inner\">\n\t\t\t<span class=\"empty_space_image\"  ><\/span>\n\t\t<\/span><\/div>\n\n<\/div><\/div><\/div><\/div><\/div><\/div><section      data-speed=\"1\" class=\"parallax_section_holder  \" style = \" height:px; background-image:url('https:\/\/www.vsveicolispeciali.com\/wp-content\/uploads\/2015\/05\/vs_veicoli_speciali_azienda_2.jpg');\"><div class=\"parallax_content_full_width left\" ><div class='parallax_section_inner_margin clearfix'><div class=\"wpb_column vc_column_container vc_col-sm-12\"><div class=\"vc_column-inner\"><div class=\"wpb_wrapper\"><div      class=\"vc_row wpb_row section vc_row-fluid vc_inner  grid_section\" style=' text-align:left;'><div class=\" section_inner clearfix\"><div class='section_inner_margin clearfix'><div class=\"wpb_column vc_column_container vc_col-sm-12\"><div class=\"vc_column-inner\"><div class=\"wpb_wrapper\">\t<div class=\"vc_empty_space\"  style=\"height: 50px\" ><span\n\t\t\tclass=\"vc_empty_space_inner\">\n\t\t\t<span class=\"empty_space_image\"  ><\/span>\n\t\t<\/span><\/div>\n\n<div class=\"custom_font_holder\" style=\" font-size: 26px; line-height: 44px; font-style: normal; font-weight: 300; color: #ffffff; text-decoration: none; text-align: center;\">UNSERE PATENTE<\/div><div class=\"separator  small center  \" style=\"background-color: #ffffff;\"><\/div>\n<div class=\"custom_font_holder\" style=\" font-size: 18px; line-height: 34px; font-style: normal; font-weight: 300; color: #ffffff; text-decoration: none; text-align: center;\">DIE KONTINUIERLICHE FORSCHUNG UND ENTWICKLUNG NEUER IDEEN HAT ZUR SCHAFFUNG VON PATENTIERTEN L\u00d6SUNGEN GEF\u00dcHRT<\/div>\t<div class=\"vc_empty_space\"  style=\"height: 50px\" ><span\n\t\t\tclass=\"vc_empty_space_inner\">\n\t\t\t<span class=\"empty_space_image\"  ><\/span>\n\t\t<\/span><\/div>\n\n<\/div><\/div><\/div><\/div><\/div><\/div><div      class=\"vc_row wpb_row section vc_row-fluid vc_inner  grid_section\" style=' text-align:left;'><div class=\" section_inner clearfix\"><div class='section_inner_margin clearfix'><div class=\"wpb_column vc_column_container vc_col-sm-4\"><div class=\"vc_column-inner\"><div class=\"wpb_wrapper\"><div class=\"image_with_text\"><img decoding=\"async\" itemprop=\"image\" src=\"https:\/\/www.vsveicolispeciali.com\/wp-content\/uploads\/2022\/08\/de-patent_Ape_VCurve.png\" alt=\"\" \/><h3 ><\/h3><span style=\"margin: 6px 0px;\" class=\"separator transparent\"><\/span><\/p>\n<h3 style=\"text-align: center;\"><a href=\"http:\/\/www.vsveicolispeciali.com\/de\/verkaufswagen-kaufen\/piaggio-ape-food-truck\/umbau-ape-verkaufswagen-umbauten\/\"><span style=\"color: #ffffff;\">PATENT V-CURVE\u00ae<\/span><\/a><\/h3>\n<p><\/div><\/div><\/div><\/div><div class=\"wpb_column vc_column_container vc_col-sm-4\"><div class=\"vc_column-inner\"><div class=\"wpb_wrapper\"><div class=\"image_with_text\"><img decoding=\"async\" itemprop=\"image\" src=\"https:\/\/www.vsveicolispeciali.com\/wp-content\/uploads\/2022\/08\/de-patent_Ape_TR.png\" alt=\"\" \/><h3 ><\/h3><span style=\"margin: 6px 0px;\" class=\"separator transparent\"><\/span><\/p>\n<h3 style=\"text-align: center; font-color: white;\"><a href=\"http:\/\/www.vsveicolispeciali.com\/de\/verkaufswagen-kaufen\/piaggio-ape-food-truck\/gastro-ape-tr-food-truck-verkaufsflaechen-mobiler-kioskwagen\/\"><span style=\"color: #ffffff;\">PATENT TR\u00ae<\/span><\/a><\/h3>\n<p><\/div><\/div><\/div><\/div><div class=\"wpb_column vc_column_container vc_col-sm-4\"><div class=\"vc_column-inner\"><div class=\"wpb_wrapper\"><div class=\"image_with_text\"><img decoding=\"async\" itemprop=\"image\" src=\"https:\/\/www.vsveicolispeciali.com\/wp-content\/uploads\/2022\/08\/de-patent_food_truck_Pro_X.png\" alt=\"\" \/><h3 ><\/h3><span style=\"margin: 6px 0px;\" class=\"separator transparent\"><\/span><\/p>\n<h3 style=\"text-align: center; font-color: white;\"><a href=\"http:\/\/www.vsveicolispeciali.com\/de\/verkaufswagen-kaufen\/food-truck-imbisswagen-kosten\/pro-x-food-truck\/\"><span style=\"color: #ffffff;\">PATENT PRO X\u00ae<\/span><\/a><\/h3>\n<p><\/div><\/div><\/div><\/div><\/div><\/div><\/div>\t<div class=\"vc_empty_space\"  style=\"height: 50px\" ><span\n\t\t\tclass=\"vc_empty_space_inner\">\n\t\t\t<span class=\"empty_space_image\"  ><\/span>\n\t\t<\/span><\/div>\n\n<\/div><\/div><\/div><\/div><\/div><\/section><div      class=\"vc_row wpb_row section vc_row-fluid  grid_section\" style=' padding-top:30px; padding-bottom:30px; text-align:center;'><div class=\" section_inner clearfix\"><div class='section_inner_margin clearfix'><div class=\"wpb_column vc_column_container vc_col-sm-12\"><div class=\"vc_column-inner\"><div class=\"wpb_wrapper\">\t<div class=\"vc_empty_space\"  style=\"height: 50px\" ><span\n\t\t\tclass=\"vc_empty_space_inner\">\n\t\t\t<span class=\"empty_space_image\"  ><\/span>\n\t\t<\/span><\/div>\n\n<div class=\"custom_font_holder\" style=\" font-size: 26px; line-height: 44px; font-style: normal; font-weight: 300; color: #006aa7; text-decoration: none; text-align: center;\">MOBILE APP<\/div><div class=\"separator  small center  \" style=\"\"><\/div>\n\n\t<div class=\"wpb_text_column wpb_content_element \">\n\t\t<div class=\"wpb_wrapper\">\n\t\t\t<p style=\"text-align: center;\"><strong>e<span style=\"color: #006aa7;\">X<\/span>tra\u00ae<\/strong> ist das von VS Veicoli Speciali entwickelte<br \/>\ndigitale Steuerungssystem f\u00fcr Food-Trucks!<\/p>\n\n\t\t<\/div> \n\t<\/div> \t<div class=\"vc_empty_space\"  style=\"height: 50px\" ><span\n\t\t\tclass=\"vc_empty_space_inner\">\n\t\t\t<span class=\"empty_space_image\"  ><\/span>\n\t\t<\/span><\/div>\n\n<div      class=\"vc_row wpb_row section vc_row-fluid vc_inner  vc_custom_1667830424360 grid_section use_row_as_box\" style=' text-align:center;'><div class=\" section_inner clearfix\"><div class='section_inner_margin clearfix'><div class=\"wpb_column vc_column_container vc_col-sm-1\"><div class=\"vc_column-inner\"><div class=\"wpb_wrapper\"><\/div><\/div><\/div><div class=\"wpb_column vc_column_container vc_col-sm-6\"><div class=\"vc_column-inner\"><div class=\"wpb_wrapper\">\t<div class=\"vc_empty_space  nomobile\"  style=\"height: 100px\" ><span\n\t\t\tclass=\"vc_empty_space_inner\">\n\t\t\t<span class=\"empty_space_image\"  ><\/span>\n\t\t<\/span><\/div>\n\n\t<div class=\"vc_empty_space  nodesktop\"  style=\"height: 50px\" ><span\n\t\t\tclass=\"vc_empty_space_inner\">\n\t\t\t<span class=\"empty_space_image\"  ><\/span>\n\t\t<\/span><\/div>\n\n\n\t<div class=\"wpb_text_column wpb_content_element  text-color-light\">\n\t\t<div class=\"wpb_wrapper\">\n\t\t\t<p style=\"text-align: center;\">1. Installieren Sie <strong>e<span style=\"color: #006aa7;\">X<\/span>tra\u00ae<\/strong> auf Ihrem neuen Food-Truck.<\/p>\n\n\t\t<\/div> \n\t<\/div> \n\t<div class=\"wpb_text_column wpb_content_element  text-color-light\">\n\t\t<div class=\"wpb_wrapper\">\n\t\t\t<p style=\"text-align: center;\">2. Laden Sie die App auf Ihr Mobiltelefon herunter.<\/p>\n\n\t\t<\/div> \n\t<\/div> \n\t<div class=\"wpb_text_column wpb_content_element  text-color-light\">\n\t\t<div class=\"wpb_wrapper\">\n\t\t\t<p style=\"text-align: center;\">3. Scannen Sie den QR-Code, um sich mit dem Food-Truck zu verbinden.<\/p>\n\n\t\t<\/div> \n\t<\/div> \n\t<div class=\"wpb_text_column wpb_content_element  text-color-light\">\n\t\t<div class=\"wpb_wrapper\">\n\t\t\t<p style=\"text-align: center;\">4. Verwalten Sie das Fahrzeug via App.<\/p>\n\n\t\t<\/div> \n\t<\/div> \t<div class=\"vc_empty_space\"  style=\"height: 50px\" ><span\n\t\t\tclass=\"vc_empty_space_inner\">\n\t\t\t<span class=\"empty_space_image\"  ><\/span>\n\t\t<\/span><\/div>\n\n<a  itemprop=\"url\" href=\"http:\/\/www.vsveicolispeciali.com\/de\/vs-innovation-lab\/extra-fuer-ihren-food-truck\/\" target=\"_self\" data-hover-background-color=#006aa7 data-hover-border-color=#006aa7 data-hover-color=#ffffff class=\"qbutton  medium center default\" style=\"color: #006aa7; border-color: #006aa7; font-weight: 400; margin: 0px 0px 30px 0px; background-color: #ffffff;\">MEHR ERFAHREN<\/a><\/div><\/div><\/div><div class=\"wpb_column vc_column_container vc_col-sm-4\"><div class=\"vc_column-inner\"><div class=\"wpb_wrapper\">\n\t<div class=\"wpb_single_image wpb_content_element vc_align_center\">\n\t\t<div class=\"wpb_wrapper\">\n\t\t\t\n\t\t\t<div class=\"vc_single_image-wrapper   vc_box_border_grey\"><img loading=\"lazy\" decoding=\"async\" width=\"577\" height=\"1000\" src=\"https:\/\/www.vsveicolispeciali.com\/wp-content\/uploads\/2022\/11\/2_Applicazione-mobile-cellulare.png\" class=\"vc_single_image-img attachment-full\" alt=\"\" title=\"2_Applicazione-mobile-cellulare\" srcset=\"https:\/\/www.vsveicolispeciali.com\/wp-content\/uploads\/2022\/11\/2_Applicazione-mobile-cellulare.png 577w, https:\/\/www.vsveicolispeciali.com\/wp-content\/uploads\/2022\/11\/2_Applicazione-mobile-cellulare-173x300.png 173w\" sizes=\"auto, (max-width: 577px) 100vw, 577px\" \/><\/div>\n\t\t<\/div>\n\t<\/div>\n<\/div><\/div><\/div><div class=\"wpb_column vc_column_container vc_col-sm-1\"><div class=\"vc_column-inner\"><div class=\"wpb_wrapper\"><\/div><\/div><\/div><\/div><\/div><\/div><\/div><\/div><\/div><\/div><\/div><\/div><div      class=\"vc_row wpb_row section vc_row-fluid \" style=' text-align:left;'><div class=\" full_section_inner clearfix\"><div class=\"wpb_column vc_column_container vc_col-sm-12\"><div class=\"vc_column-inner\"><div class=\"wpb_wrapper\">\t<div class=\"vc_empty_space\"  style=\"height: 50px\" ><span\n\t\t\tclass=\"vc_empty_space_inner\">\n\t\t\t<span class=\"empty_space_image\"  ><\/span>\n\t\t<\/span><\/div>\n\n<div      class=\"vc_row wpb_row section vc_row-fluid vc_inner  grid_section disable_negative_margin\" style=' text-align:left;'><div class=\" section_inner clearfix\"><div class='section_inner_margin clearfix'><div class=\"wpb_column vc_column_container vc_col-sm-12\"><div class=\"vc_column-inner\"><div class=\"wpb_wrapper\"><div class=\"custom_font_holder\" style=\" font-size: 26px; line-height: 44px; font-style: normal; font-weight: 300; color: #006aa7; text-decoration: none; text-align: center;\">UNSER LEISTUNGSANGEBOT<\/div><div class=\"separator  small center  \" style=\"margin-bottom: 50px;\"><\/div>\n<\/div><\/div><\/div><\/div><\/div><\/div><div      class=\"vc_row wpb_row section vc_row-fluid vc_inner  grid_section\" style=' text-align:left;'><div class=\" section_inner clearfix\"><div class='section_inner_margin clearfix'><div class=\"wpb_column vc_column_container vc_col-sm-12\"><div class=\"vc_column-inner\"><div class=\"wpb_wrapper\"><div class=\"animated_icons_with_text clearfix two_columns\"><div class=\"animated_icon_with_text_holder\"><div class=\"animated_icon_with_text_inner\"><div class=\"animated_icon_holder\"><div class=\"animated_icon\"><div class=\"animated_icon_inner\"><span class=\"animated_icon_front\"><i class='fa fa-info-circle' style=\"font-size:25pxpx;\";><\/i><\/span><span class=\"animated_icon_back\"><i class='fa fa-info-circle' style=\"font-size:25pxpx;\";><\/i><\/span><\/div><\/div><\/div><div class=\"animated_text_holder\"><div class=\"animated_text_holder_wrap\"><div class=\"animated_text_holder_wrap_inner\"><div class=\"animated_text_holder_inner\"><div class=\"animated_title\"><div class=\"animated_title_inner\"><h5>KOSTENLOSE BERATUNG UND UNVERBINDLICHER KOSTENVORANSCHLAG<\/h5><\/div><\/div><div class=\"animated_text\"><p><span>Unsere Berater werden Sie Schritt f\u00fcr Schritt beraten und einen unverbindlichen Kostenvoranschlag und ein Datenblatt, das alle technischen und kreativen Details des Projekts enth\u00e4lt, f\u00fcr Sie erstellen.<\/span><\/p><\/div><\/div><\/div><\/div><\/div><\/div><\/div><div class=\"animated_icon_with_text_holder\"><div class=\"animated_icon_with_text_inner\"><div class=\"animated_icon_holder\"><div class=\"animated_icon\"><div class=\"animated_icon_inner\"><span class=\"animated_icon_front\"><i class='fa fa-life-ring' style=\"font-size:25pxpx;\";><\/i><\/span><span class=\"animated_icon_back\"><i class='fa fa-life-ring' style=\"font-size:25pxpx;\";><\/i><\/span><\/div><\/div><\/div><div class=\"animated_text_holder\"><div class=\"animated_text_holder_wrap\"><div class=\"animated_text_holder_wrap_inner\"><div class=\"animated_text_holder_inner\"><div class=\"animated_title\"><div class=\"animated_title_inner\"><h5>GARANTIERTE HILFE UND REPARATUR<\/h5><\/div><\/div><div class=\"animated_text\"><p><span>Die Best\u00e4ndigkeit unserer Fahrzeuge wird durch drei interne Tests best\u00e4tigt. Dennoch stehen Ihnen unsere Techniker f\u00fcr alle F\u00e4lle zur Verf\u00fcgung.<\/span><\/p><\/div><\/div><\/div><\/div><\/div><\/div><\/div><\/div><div class=\"animated_icons_with_text clearfix two_columns\"><div class=\"animated_icon_with_text_holder\"><div class=\"animated_icon_with_text_inner\"><div class=\"animated_icon_holder\"><div class=\"animated_icon\"><div class=\"animated_icon_inner\"><span class=\"animated_icon_front\"><i class='fa fa-exchange' style=\"font-size:25pxpx;\";><\/i><\/span><span class=\"animated_icon_back\"><i class='fa fa-exchange' style=\"font-size:25pxpx;\";><\/i><\/span><\/div><\/div><\/div><div class=\"animated_text_holder\"><div class=\"animated_text_holder_wrap\"><div class=\"animated_text_holder_wrap_inner\"><div class=\"animated_text_holder_inner\"><div class=\"animated_title\"><div class=\"animated_title_inner\"><h5>LAGERUNG UND INZAHLUNGNAHME IHRES FAHRZEUGS<\/h5><\/div><\/div><div class=\"animated_text\"><p><span>Wir stellen Ihnen unsere R\u00e4ume f\u00fcr ungenutzte oder vor\u00fcbergehend stillgelegte Fahrzeuge zu wettbewerbsf\u00e4higen Preisen zur Verf\u00fcgung. Wir bewerten auch die Inzahlungnahme Ihres Fahrzeugs.<\/span><\/p><\/div><\/div><\/div><\/div><\/div><\/div><\/div><div class=\"animated_icon_with_text_holder\"><div class=\"animated_icon_with_text_inner\"><div class=\"animated_icon_holder\"><div class=\"animated_icon\"><div class=\"animated_icon_inner\"><span class=\"animated_icon_front\"><i class='fa fa-calculator' style=\"font-size:25pxpx;\";><\/i><\/span><span class=\"animated_icon_back\"><i class='fa fa-calculator' style=\"font-size:25pxpx;\";><\/i><\/span><\/div><\/div><\/div><div class=\"animated_text_holder\"><div class=\"animated_text_holder_wrap\"><div class=\"animated_text_holder_wrap_inner\"><div class=\"animated_text_holder_inner\"><div class=\"animated_title\"><div class=\"animated_title_inner\"><h5>FINANZIERUNG DURCH LEASING<\/h5><\/div><\/div><div class=\"animated_text\"><p><span>Es ist m\u00f6glich, Ihr Projekt mit einem Leasingvertrag zu finanzieren. VS Veicoli Speciali stellt alle Informationen bereit, damit Sie das finden, was am besten zu Ihnen passt.<\/span><\/p><\/div><\/div><\/div><\/div><\/div><\/div><\/div><\/div><\/div><\/div><\/div><\/div><\/div><\/div>\t<div class=\"vc_empty_space\"  style=\"height: 120px\" ><span\n\t\t\tclass=\"vc_empty_space_inner\">\n\t\t\t<span class=\"empty_space_image\"  ><\/span>\n\t\t<\/span><\/div>\n\n<\/div><\/div><\/div><\/div><\/div><div      class=\"vc_row wpb_row section vc_row-fluid \" style=' text-align:left;'><div class=\" full_section_inner clearfix\"><div class=\"wpb_column vc_column_container vc_col-sm-12\"><div class=\"vc_column-inner\"><div class=\"wpb_wrapper\">\n\t<div class=\"wpb_single_image wpb_content_element vc_align_center\">\n\t\t<div class=\"wpb_wrapper\">\n\t\t\t\n\t\t\t<div class=\"vc_single_image-wrapper   vc_box_border_grey\"><img loading=\"lazy\" decoding=\"async\" width=\"1920\" height=\"354\" src=\"https:\/\/www.vsveicolispeciali.com\/wp-content\/uploads\/2022\/06\/1920x354-Banner-raccolta-veicoli.jpg\" class=\"vc_single_image-img attachment-full\" alt=\"\" title=\"1920x354-Banner-raccolta-veicoli\" srcset=\"https:\/\/www.vsveicolispeciali.com\/wp-content\/uploads\/2022\/06\/1920x354-Banner-raccolta-veicoli.jpg 1920w, https:\/\/www.vsveicolispeciali.com\/wp-content\/uploads\/2022\/06\/1920x354-Banner-raccolta-veicoli-300x55.jpg 300w, https:\/\/www.vsveicolispeciali.com\/wp-content\/uploads\/2022\/06\/1920x354-Banner-raccolta-veicoli-1024x189.jpg 1024w, https:\/\/www.vsveicolispeciali.com\/wp-content\/uploads\/2022\/06\/1920x354-Banner-raccolta-veicoli-768x142.jpg 768w, https:\/\/www.vsveicolispeciali.com\/wp-content\/uploads\/2022\/06\/1920x354-Banner-raccolta-veicoli-1536x283.jpg 1536w, https:\/\/www.vsveicolispeciali.com\/wp-content\/uploads\/2022\/06\/1920x354-Banner-raccolta-veicoli-700x129.jpg 700w\" sizes=\"auto, (max-width: 1920px) 100vw, 1920px\" \/><\/div>\n\t\t<\/div>\n\t<\/div>\n<\/div><\/div><\/div><\/div><\/div>\n<\/div>","protected":false},"excerpt":{"rendered":"DIE GESCHICHTE UNSERES KONTINUIERLICHEN FORTSCHRITTS VS Veicoli Speciali wurde 2007 aus der Idee heraus gegr\u00fcndet, n\u00fctzliche Fahrzeuge f\u00fcr Unternehmen und Gastronomieprofis zu schaffen. Mit der Zeit wuchs und entwickelte sich diese Idee in VS STREETFOOD\u00ae, wo Innovation, Design, Liebe zum Detail und Funktionalit\u00e4t zusammenkommen, um...","protected":false},"author":1001012,"featured_media":0,"parent":0,"menu_order":2,"comment_status":"closed","ping_status":"closed","template":"full_width.php","meta":{"_acf_changed":false,"rs_blank_template":"","rs_page_bg_color":"","slide_template_v7":"","footnotes":""},"class_list":["post-18734","page","type-page","status-publish","hentry"],"acf":[],"yoast_head":"<!-- This site is optimized with the Yoast SEO plugin v28.2 - https:\/\/yoast.com\/product\/yoast-seo-wordpress\/ -->\n<title>Unser Unternehmen - VS Veicoli Speciali<\/title>\n<meta name=\"description\" content=\"Die Zusammenarbeit zwischen dem Kunden und den Technikern von VS Veicoli Speciali ist von zentraler Bedeutung. Erl\u00e4utern Sie uns Ihre Bed\u00fcrfnisse und Probleme\" \/>\n<meta name=\"robots\" content=\"index, follow, max-snippet:-1, max-image-preview:large, max-video-preview:-1\" \/>\n<link rel=\"canonical\" href=\"https:\/\/www.vsveicolispeciali.com\/de\/unternehmen\/\" \/>\n<meta property=\"og:locale\" content=\"de_DE\" \/>\n<meta property=\"og:type\" content=\"article\" \/>\n<meta property=\"og:title\" content=\"Unser Unternehmen - VS Veicoli Speciali\" \/>\n<meta property=\"og:description\" content=\"Die Zusammenarbeit zwischen dem Kunden und den Technikern von VS Veicoli Speciali ist von zentraler Bedeutung. Erl\u00e4utern Sie uns Ihre Bed\u00fcrfnisse und Probleme\" \/>\n<meta property=\"og:url\" content=\"https:\/\/www.vsveicolispeciali.com\/de\/unternehmen\/\" \/>\n<meta property=\"og:site_name\" content=\"VS Veicoli Speciali\" \/>\n<meta property=\"article:publisher\" content=\"https:\/\/www.facebook.com\/VSVeicoliSpeciali.Food.Trucks\/\" \/>\n<meta property=\"article:modified_time\" content=\"2026-07-11T10:51:07+00:00\" \/>\n<meta name=\"twitter:card\" content=\"summary_large_image\" \/>\n<meta name=\"twitter:site\" content=\"@veicolispeciali\" \/>\n<meta name=\"twitter:label1\" content=\"Gesch\u00e4tzte Lesezeit\" \/>\n\t<meta name=\"twitter:data1\" content=\"5\u00a0Minuten\" \/>\n<!-- \/ Yoast SEO plugin. -->","yoast_head_json":{"title":"Unser Unternehmen - VS Veicoli Speciali","description":"Die Zusammenarbeit zwischen dem Kunden und den Technikern von VS Veicoli Speciali ist von zentraler Bedeutung. Erl\u00e4utern Sie uns Ihre Bed\u00fcrfnisse und Probleme","robots":{"index":"index","follow":"follow","max-snippet":"max-snippet:-1","max-image-preview":"max-image-preview:large","max-video-preview":"max-video-preview:-1"},"canonical":"https:\/\/www.vsveicolispeciali.com\/de\/unternehmen\/","og_locale":"de_DE","og_type":"article","og_title":"Unser Unternehmen - VS Veicoli Speciali","og_description":"Die Zusammenarbeit zwischen dem Kunden und den Technikern von VS Veicoli Speciali ist von zentraler Bedeutung. Erl\u00e4utern Sie uns Ihre Bed\u00fcrfnisse und Probleme","og_url":"https:\/\/www.vsveicolispeciali.com\/de\/unternehmen\/","og_site_name":"VS Veicoli Speciali","article_publisher":"https:\/\/www.facebook.com\/VSVeicoliSpeciali.Food.Trucks\/","article_modified_time":"2026-07-11T10:51:07+00:00","twitter_card":"summary_large_image","twitter_site":"@veicolispeciali","twitter_misc":{"Gesch\u00e4tzte Lesezeit":"5\u00a0Minuten"},"schema":{"@context":"https:\/\/schema.org","@graph":[{"@type":"WebPage","@id":"https:\/\/www.vsveicolispeciali.com\/de\/unternehmen\/","url":"https:\/\/www.vsveicolispeciali.com\/de\/unternehmen\/","name":"Unser Unternehmen - VS Veicoli Speciali","isPartOf":{"@id":"https:\/\/www.vsveicolispeciali.com\/de\/#website"},"datePublished":"2022-11-18T15:21:13+00:00","dateModified":"2026-07-11T10:51:07+00:00","description":"Die Zusammenarbeit zwischen dem Kunden und den Technikern von VS Veicoli Speciali ist von zentraler Bedeutung. Erl\u00e4utern Sie uns Ihre Bed\u00fcrfnisse und Probleme","breadcrumb":{"@id":"https:\/\/www.vsveicolispeciali.com\/de\/unternehmen\/#breadcrumb"},"inLanguage":"de","potentialAction":[{"@type":"ReadAction","target":["https:\/\/www.vsveicolispeciali.com\/de\/unternehmen\/"]}]},{"@type":"BreadcrumbList","@id":"https:\/\/www.vsveicolispeciali.com\/de\/unternehmen\/#breadcrumb","itemListElement":[{"@type":"ListItem","position":1,"name":"Home","item":"https:\/\/www.vsveicolispeciali.com\/de\/"},{"@type":"ListItem","position":2,"name":"UNSER UNTERNEHMEN"}]},{"@type":"WebSite","@id":"https:\/\/www.vsveicolispeciali.com\/de\/#website","url":"https:\/\/www.vsveicolispeciali.com\/de\/","name":"VS Veicoli Speciali","description":"","potentialAction":[{"@type":"SearchAction","target":{"@type":"EntryPoint","urlTemplate":"https:\/\/www.vsveicolispeciali.com\/de\/?s={search_term_string}"},"query-input":{"@type":"PropertyValueSpecification","valueRequired":true,"valueName":"search_term_string"}}],"inLanguage":"de"}]}},"_links":{"self":[{"href":"https:\/\/www.vsveicolispeciali.com\/de\/wp-json\/wp\/v2\/pages\/18734","targetHints":{"allow":["GET"]}}],"collection":[{"href":"https:\/\/www.vsveicolispeciali.com\/de\/wp-json\/wp\/v2\/pages"}],"about":[{"href":"https:\/\/www.vsveicolispeciali.com\/de\/wp-json\/wp\/v2\/types\/page"}],"author":[{"embeddable":true,"href":"https:\/\/www.vsveicolispeciali.com\/de\/wp-json\/wp\/v2\/users\/1001012"}],"replies":[{"embeddable":true,"href":"https:\/\/www.vsveicolispeciali.com\/de\/wp-json\/wp\/v2\/comments?post=18734"}],"version-history":[{"count":7,"href":"https:\/\/www.vsveicolispeciali.com\/de\/wp-json\/wp\/v2\/pages\/18734\/revisions"}],"predecessor-version":[{"id":29802,"href":"https:\/\/www.vsveicolispeciali.com\/de\/wp-json\/wp\/v2\/pages\/18734\/revisions\/29802"}],"wp:attachment":[{"href":"https:\/\/www.vsveicolispeciali.com\/de\/wp-json\/wp\/v2\/media?parent=18734"}],"curies":[{"name":"wp","href":"https:\/\/api.w.org\/{rel}","templated":true}]}}