{"id":17847,"date":"2022-09-13T12:24:38","date_gmt":"2022-09-13T10:24:38","guid":{"rendered":"http:\/\/www.vsveicolispeciali.com\/?page_id=17847"},"modified":"2023-08-30T11:22:44","modified_gmt":"2023-08-30T09:22:44","slug":"porter-craft-x","status":"publish","type":"page","link":"https:\/\/www.vsveicolispeciali.com\/de\/vs-innovation-lab\/porter-craft-x\/","title":{"rendered":"Porter Craft X"},"content":{"rendered":"<div class=\"wpb-content-wrapper\"><div class=\"vc_row wpb_row section vc_row-fluid \" style=' text-align:left;'><div class=\" full_section_inner clearfix\"><div class=\"wpb_column vc_column_container vc_col-sm-12\"><div class=\"vc_column-inner\"><div class=\"wpb_wrapper\">\n\t<div class=\"wpb_video_widget wpb_content_element vc_clearfix   vc_video-aspect-ratio-169 vc_video-el-width-100 vc_video-align-center\" >\n\t\t<div class=\"wpb_wrapper\">\n\t\t\t\n\t\t\t<div class=\"wpb_video_wrapper\"><iframe loading=\"lazy\" title=\"Food Truck Piaggio Porter Craft X\" width=\"500\" height=\"281\" src=\"https:\/\/www.youtube.com\/embed\/llaYcel4coA?feature=oembed\" frameborder=\"0\" allow=\"accelerometer; autoplay; clipboard-write; encrypted-media; gyroscope; picture-in-picture; web-share\" allowfullscreen><\/iframe><\/div>\n\t\t<\/div>\n\t<\/div>\n<\/div><\/div><\/div><\/div><\/div><div      class=\"vc_row wpb_row section vc_row-fluid  grid_section\" style=' padding-top:60px; padding-bottom:35px; text-align:left;'><div class=\" section_inner clearfix\"><div class='section_inner_margin clearfix'><div class=\"wpb_column vc_column_container vc_col-sm-12\"><div class=\"vc_column-inner\"><div class=\"wpb_wrapper\"><div class=\"custom_font_holder\" style=\" font-size: 26px; line-height: 44px; font-style: normal; font-weight: 300; color: #006aa7; text-decoration: none; text-align: center;\">\n<h1><span style=\"font-size: 32px;\">PORTER CRAFT X<\/span><\/h1>\n<\/div><div class=\"separator  small center  \" style=\"\"><\/div>\n<div class=\"custom_font_holder\" style=\" font-size: 16px; line-height: 26px; font-style: normal; font-weight: 300; text-decoration: none; padding: 50; margin: 50; text-align: center;\">\n<p class=\"CorpoA\"><span lang=\"DE\">Ein Fahrzeug, das die typische Funktionalit\u00e4t des Piaggio Porter auf moderne Art und Weise neu definiert. <\/span><\/p>\n<p class=\"CorpoA\"><span lang=\"DE\">Es bewegt sich flink im st\u00e4dtischen Raum, gew\u00e4hrleistet einfache Logistik und bietet gro\u00dfen Stauraum.<\/span><\/p>\n<\/div>\t<div class=\"vc_empty_space\"  style=\"height: 32px\" ><span\n\t\t\tclass=\"vc_empty_space_inner\">\n\t\t\t<span class=\"empty_space_image\"  ><\/span>\n\t\t<\/span><\/div>\n\n<div class=\"animated_icons_with_text clearfix four_columns\"><div class=\"animated_icon_with_text_holder\"><div class=\"animated_icon_with_text_inner\"><div class=\"animated_icon_holder\"><div class=\"animated_icon\"><div class=\"animated_icon_inner\"><span class=\"animated_icon_front\"><i class='fa fa-eye'><\/i><\/span><span class=\"animated_icon_back\"><i class='fa fa-eye'><\/i><\/span><\/div><\/div><\/div><div class=\"animated_text_holder\"><div class=\"animated_text_holder_wrap\"><div class=\"animated_text_holder_wrap_inner\"><div class=\"animated_text_holder_inner\"><div class=\"animated_title\"><div class=\"animated_title_inner\"><h5>Technologie<\/h5><\/div><\/div><div class=\"animated_text\"><p><span>Das Dach wird f\u00fcr maximalen Komfort elektrisch hochgefahren.<\/span><\/p><\/div><\/div><\/div><\/div><\/div><\/div><\/div><div class=\"animated_icon_with_text_holder\"><div class=\"animated_icon_with_text_inner\"><div class=\"animated_icon_holder\"><div class=\"animated_icon\"><div class=\"animated_icon_inner\"><span class=\"animated_icon_front\"><i class='fa fa-address-card'><\/i><\/span><span class=\"animated_icon_back\"><i class='fa fa-address-card'><\/i><\/span><\/div><\/div><\/div><div class=\"animated_text_holder\"><div class=\"animated_text_holder_wrap\"><div class=\"animated_text_holder_wrap_inner\"><div class=\"animated_text_holder_inner\"><div class=\"animated_title\"><div class=\"animated_title_inner\"><h5>Umweltvertr\u00e4glichkeit und autonomie<\/h5><\/div><\/div><div class=\"animated_text\"><p><span>Lithiumbatterien gew\u00e4hrleisten 100 % umweltfreundliche Autonomie bis zu 10 Stunden.<\/span><\/p><\/div><\/div><\/div><\/div><\/div><\/div><\/div><div class=\"animated_icon_with_text_holder\"><div class=\"animated_icon_with_text_inner\"><div class=\"animated_icon_holder\"><div class=\"animated_icon\"><div class=\"animated_icon_inner\"><span class=\"animated_icon_front\"><i class='fa fa-get-pocket'><\/i><\/span><span class=\"animated_icon_back\"><i class='fa fa-get-pocket'><\/i><\/span><\/div><\/div><\/div><div class=\"animated_text_holder\"><div class=\"animated_text_holder_wrap\"><div class=\"animated_text_holder_wrap_inner\"><div class=\"animated_text_holder_inner\"><div class=\"animated_title\"><div class=\"animated_title_inner\"><h5>Komfort<\/h5><\/div><\/div><div class=\"animated_text\"><p><span>Mit einer Breite von 1,6 m und der verschiebbaren Theke ist der Arbeitsraum ideal, sogar f\u00fcr 3 Bediener.<\/span><\/p><\/div><\/div><\/div><\/div><\/div><\/div><\/div><div class=\"animated_icon_with_text_holder\"><div class=\"animated_icon_with_text_inner\"><div class=\"animated_icon_holder\"><div class=\"animated_icon\"><div class=\"animated_icon_inner\"><span class=\"animated_icon_front\"><i class='fa fa-paint-brush'><\/i><\/span><span class=\"animated_icon_back\"><i class='fa fa-paint-brush'><\/i><\/span><\/div><\/div><\/div><div class=\"animated_text_holder\"><div class=\"animated_text_holder_wrap\"><div class=\"animated_text_holder_wrap_inner\"><div class=\"animated_text_holder_inner\"><div class=\"animated_title\"><div class=\"animated_title_inner\"><h5>Kompaktheit<\/h5><\/div><\/div><div class=\"animated_text\"><p><span>In geschlossenem Zustand nur 2,05 m H\u00f6he ab Boden.<\/span><\/p><\/div><\/div><\/div><\/div><\/div><\/div><\/div><div class=\"animated_icon_with_text_holder\"><div class=\"animated_icon_with_text_inner\"><div class=\"animated_icon_holder\"><div class=\"animated_icon\"><div class=\"animated_icon_inner\"><span class=\"animated_icon_front\"><i class='fa fa-battery-full'><\/i><\/span><span class=\"animated_icon_back\"><i class='fa fa-battery-full'><\/i><\/span><\/div><\/div><\/div><div class=\"animated_text_holder\"><div class=\"animated_text_holder_wrap\"><div class=\"animated_text_holder_wrap_inner\"><div class=\"animated_text_holder_inner\"><div class=\"animated_title\"><div class=\"animated_title_inner\"><h5>Individuelle gestaltung<\/h5><\/div><\/div><div class=\"animated_text\"><p><span>Farben, Beleuchtung, Material, Grafiken und Zubeh\u00f6r sind bis ins Detail anpassbar.<\/span><\/p><\/div><\/div><\/div><\/div><\/div><\/div><\/div><div class=\"animated_icon_with_text_holder\"><div class=\"animated_icon_with_text_inner\"><div class=\"animated_icon_holder\"><div class=\"animated_icon\"><div class=\"animated_icon_inner\"><span class=\"animated_icon_front\"><i class='fa fa-arrows-v'><\/i><\/span><span class=\"animated_icon_back\"><i class='fa fa-arrows-v'><\/i><\/span><\/div><\/div><\/div><div class=\"animated_text_holder\"><div class=\"animated_text_holder_wrap\"><div class=\"animated_text_holder_wrap_inner\"><div class=\"animated_text_holder_inner\"><div class=\"animated_title\"><div class=\"animated_title_inner\"><h5>Ladef\u00e4higkeit<\/h5><\/div><\/div><div class=\"animated_text\"><p><span>Der neue Rahmen bietet gro\u00dfe Ladef\u00e4higkeit und viel Platz zur Unterbringung der Anlagen.<\/span><\/p><\/div><\/div><\/div><\/div><\/div><\/div><\/div><div class=\"animated_icon_with_text_holder\"><div class=\"animated_icon_with_text_inner\"><div class=\"animated_icon_holder\"><div class=\"animated_icon\"><div class=\"animated_icon_inner\"><span class=\"animated_icon_front\"><i class='fa fa-truck'><\/i><\/span><span class=\"animated_icon_back\"><i class='fa fa-truck'><\/i><\/span><\/div><\/div><\/div><div class=\"animated_text_holder\"><div class=\"animated_text_holder_wrap\"><div class=\"animated_text_holder_wrap_inner\"><div class=\"animated_text_holder_inner\"><div class=\"animated_title\"><div class=\"animated_title_inner\"><h5>Funktionalit\u00e4t<\/h5><\/div><\/div><div class=\"animated_text\"><p><span>Bis zu 1,4 m K\u00fcchenfl\u00e4che und 600 l K\u00fchlraum.<\/span><\/p><\/div><\/div><\/div><\/div><\/div><\/div><\/div><div class=\"animated_icon_with_text_holder\"><div class=\"animated_icon_with_text_inner\"><div class=\"animated_icon_holder\"><div class=\"animated_icon\"><div class=\"animated_icon_inner\"><span class=\"animated_icon_front\"><i class='fa fa-road'><\/i><\/span><span class=\"animated_icon_back\"><i class='fa fa-road'><\/i><\/span><\/div><\/div><\/div><div class=\"animated_text_holder\"><div class=\"animated_text_holder_wrap\"><div class=\"animated_text_holder_wrap_inner\"><div class=\"animated_text_holder_inner\"><div class=\"animated_title\"><div class=\"animated_title_inner\"><h5>Logistik<\/h5><\/div><\/div><div class=\"animated_text\"><p><span>Keine Verkehrsblockaden in der Stadt und daf\u00fcr weite Strecken auf der Autobahn, dank \u00fcbergro\u00dfem Bi-Fuel-Kraftstofftank (LPG-Benzin).<\/span><\/p><\/div><\/div><\/div><\/div><\/div><\/div><\/div><\/div><\/div><\/div><\/div><\/div><\/div><\/div><div      class=\"vc_row wpb_row section vc_row-fluid  vc_custom_1663054040545\" style=' text-align:left;'><div class=\" full_section_inner clearfix\"><div class=\"wpb_column vc_column_container vc_col-sm-12\"><div class=\"vc_column-inner\"><div class=\"wpb_wrapper\"><div class='q_elements_holder two_columns eh_two_columns_66_33 responsive_mode_from_1000' ><div class='q_elements_item ' data-animation='no' data-item-class='q_elements_holder_custom_456834' style='background-color:#0d3d66;vertical-align:middle;'><div class='q_elements_item_inner'><div class='q_elements_item_content q_elements_holder_custom_456834'><div class=\"wpb_gallery wpb_content_element vc_clearfix\"><div class=\"wpb_wrapper\"><div class=\"wpb_gallery_slides wpb_flexslider flexslider_slide flexslider\" data-interval=\"3\" data-flex_fx=\"slide\"><ul class=\"slides\"><li><a itemprop=\"image\" class=\"qode-prettyphoto\" href=\"https:\/\/www.vsveicolispeciali.com\/wp-content\/uploads\/2022\/09\/Tre1_de_Immagine-1600x900-1-1024x576.jpg\" data-rel=\"prettyPhoto[rel-17847-1849094859]\"><img loading=\"lazy\" decoding=\"async\" width=\"1600\" height=\"900\" src=\"https:\/\/www.vsveicolispeciali.com\/wp-content\/uploads\/2022\/09\/Tre1_de_Immagine-1600x900-1.jpg\" class=\"attachment-full\" alt=\"\" title=\"Tre1_de_Immagine-1600x900\" srcset=\"https:\/\/www.vsveicolispeciali.com\/wp-content\/uploads\/2022\/09\/Tre1_de_Immagine-1600x900-1.jpg 1600w, https:\/\/www.vsveicolispeciali.com\/wp-content\/uploads\/2022\/09\/Tre1_de_Immagine-1600x900-1-300x169.jpg 300w, https:\/\/www.vsveicolispeciali.com\/wp-content\/uploads\/2022\/09\/Tre1_de_Immagine-1600x900-1-1024x576.jpg 1024w, https:\/\/www.vsveicolispeciali.com\/wp-content\/uploads\/2022\/09\/Tre1_de_Immagine-1600x900-1-768x432.jpg 768w, https:\/\/www.vsveicolispeciali.com\/wp-content\/uploads\/2022\/09\/Tre1_de_Immagine-1600x900-1-1536x864.jpg 1536w, https:\/\/www.vsveicolispeciali.com\/wp-content\/uploads\/2022\/09\/Tre1_de_Immagine-1600x900-1-700x394.jpg 700w, https:\/\/www.vsveicolispeciali.com\/wp-content\/uploads\/2022\/09\/Tre1_de_Immagine-1600x900-1-539x303.jpg 539w\" sizes=\"auto, (max-width: 1600px) 100vw, 1600px\" \/><\/a><\/li><li><a itemprop=\"image\" class=\"qode-prettyphoto\" href=\"https:\/\/www.vsveicolispeciali.com\/wp-content\/uploads\/2022\/09\/Tre2_de_Immagine-1600x900-1-1024x576.jpg\" data-rel=\"prettyPhoto[rel-17847-1849094859]\"><img loading=\"lazy\" decoding=\"async\" width=\"1600\" height=\"900\" src=\"https:\/\/www.vsveicolispeciali.com\/wp-content\/uploads\/2022\/09\/Tre2_de_Immagine-1600x900-1.jpg\" class=\"attachment-full\" alt=\"\" title=\"Tre2_de_Immagine-1600x900\" srcset=\"https:\/\/www.vsveicolispeciali.com\/wp-content\/uploads\/2022\/09\/Tre2_de_Immagine-1600x900-1.jpg 1600w, https:\/\/www.vsveicolispeciali.com\/wp-content\/uploads\/2022\/09\/Tre2_de_Immagine-1600x900-1-300x169.jpg 300w, https:\/\/www.vsveicolispeciali.com\/wp-content\/uploads\/2022\/09\/Tre2_de_Immagine-1600x900-1-1024x576.jpg 1024w, https:\/\/www.vsveicolispeciali.com\/wp-content\/uploads\/2022\/09\/Tre2_de_Immagine-1600x900-1-768x432.jpg 768w, https:\/\/www.vsveicolispeciali.com\/wp-content\/uploads\/2022\/09\/Tre2_de_Immagine-1600x900-1-1536x864.jpg 1536w, https:\/\/www.vsveicolispeciali.com\/wp-content\/uploads\/2022\/09\/Tre2_de_Immagine-1600x900-1-700x394.jpg 700w, https:\/\/www.vsveicolispeciali.com\/wp-content\/uploads\/2022\/09\/Tre2_de_Immagine-1600x900-1-539x303.jpg 539w\" sizes=\"auto, (max-width: 1600px) 100vw, 1600px\" \/><\/a><\/li><li><a itemprop=\"image\" class=\"qode-prettyphoto\" href=\"https:\/\/www.vsveicolispeciali.com\/wp-content\/uploads\/2022\/09\/Tre3_de_Immagine-1600x900-1-1024x576.jpg\" data-rel=\"prettyPhoto[rel-17847-1849094859]\"><img loading=\"lazy\" decoding=\"async\" width=\"1600\" height=\"900\" src=\"https:\/\/www.vsveicolispeciali.com\/wp-content\/uploads\/2022\/09\/Tre3_de_Immagine-1600x900-1.jpg\" class=\"attachment-full\" alt=\"\" title=\"Tre3_de_Immagine-1600x900\" srcset=\"https:\/\/www.vsveicolispeciali.com\/wp-content\/uploads\/2022\/09\/Tre3_de_Immagine-1600x900-1.jpg 1600w, https:\/\/www.vsveicolispeciali.com\/wp-content\/uploads\/2022\/09\/Tre3_de_Immagine-1600x900-1-300x169.jpg 300w, https:\/\/www.vsveicolispeciali.com\/wp-content\/uploads\/2022\/09\/Tre3_de_Immagine-1600x900-1-1024x576.jpg 1024w, https:\/\/www.vsveicolispeciali.com\/wp-content\/uploads\/2022\/09\/Tre3_de_Immagine-1600x900-1-768x432.jpg 768w, https:\/\/www.vsveicolispeciali.com\/wp-content\/uploads\/2022\/09\/Tre3_de_Immagine-1600x900-1-1536x864.jpg 1536w, https:\/\/www.vsveicolispeciali.com\/wp-content\/uploads\/2022\/09\/Tre3_de_Immagine-1600x900-1-700x394.jpg 700w, https:\/\/www.vsveicolispeciali.com\/wp-content\/uploads\/2022\/09\/Tre3_de_Immagine-1600x900-1-539x303.jpg 539w\" sizes=\"auto, (max-width: 1600px) 100vw, 1600px\" \/><\/a><\/li><\/ul><\/div><\/div><\/div><\/div><\/div><\/div><div class='q_elements_item car-tecniche' data-1280-1440='0% 15%' data-1024-1280='3% 6%' data-768-1024='3% 6%' data-600-768='3% 6%' data-480-600='3% 6%' data-480='3% 6%' data-animation='yes' data-item-class='q_elements_holder_custom_763447' data-bottom='' data-center='' style='background-color:#000000;'><div class='q_elements_item_inner'><div class='q_elements_item_content q_elements_holder_custom_763447' style='padding:3% 6%'><div class=\"qode-specification-list\">\n\t\t<div class=\"qode-specification-list-text-holder\">\n\t\t<h3 class=\"qode-specification-list-title\">\n\t\t\tSeine drei wichtigsten merkmale\t\t<\/h3>\n\t\t<div class=\"qode-specification-list-items\">\n\t\t\t\t\t\t\t<div class=\"qode-specification-list-item\">\n\t\t\t\t\t<span class=\"qode-specification-list-item-label\">\n\t\t\t\t\t\t&quot;Geringer verbrauch&quot;\t\t\t\t\t<\/span>\n\t\t\t\t\t<span class=\"qode-specification-list-item-value\">\n\t\t\t\t\t\tDank seiner kompakten Gr\u00f6\u00dfe kann das Fahrzeug weite Strecken zur\u00fccklegen und den Kraftstoffverbrauch und die Umweltbelastung gering halten.\t\t\t\t\t<\/span>\n\t\t\t\t<\/div>\n\t\t\t\t\t\t\t<div class=\"qode-specification-list-item\">\n\t\t\t\t\t<span class=\"qode-specification-list-item-label\">\n\t\t\t\t\t\t&quot;Kompakte abmessungen&quot;\t\t\t\t\t<\/span>\n\t\t\t\t\t<span class=\"qode-specification-list-item-value\">\n\t\t\t\t\t\tSicherlich das niedrigste Fahrzeug seiner Klasse. Es passt problemlos in Garagen und Parkh\u00e4user wie ein normales Auto.\t\t\t\t\t<\/span>\n\t\t\t\t<\/div>\n\t\t\t\t\t\t\t<div class=\"qode-specification-list-item\">\n\t\t\t\t\t<span class=\"qode-specification-list-item-label\">\n\t\t\t\t\t\t&quot;Grosser innenraum&quot;\t\t\t\t\t<\/span>\n\t\t\t\t\t<span class=\"qode-specification-list-item-value\">\n\t\t\t\t\t\tDrei Bediener k\u00f6nnen mit gr\u00f6\u00dftm\u00f6glichem Komfort zusammen arbeiten.\t\t\t\t\t<\/span>\n\t\t\t\t<\/div>\n\t\t\t\t\t<\/div>\n\t<\/div>\n\t<\/div><\/div><\/div><\/div><\/div><\/div><\/div><\/div><\/div><\/div><div      class=\"vc_row wpb_row section vc_row-fluid  grid_section\" style=' padding-top:60px; padding-bottom:60px; text-align:center;'><div class=\" section_inner clearfix\"><div class='section_inner_margin clearfix'><div class=\"wpb_column vc_column_container vc_col-sm-12\"><div class=\"vc_column-inner\"><div class=\"wpb_wrapper\"><div class=\"custom_font_holder\" style=\" font-size: 26px; line-height: 44px; font-style: normal; font-weight: 300; color: #006aa7; text-decoration: none; text-align: center;\">\n<h2 class=\"CorpoA\"><span lang=\"DE\">EIN FOODTRUCK, WEDER ZU GROSS NOCH ZU KLEIN, PERFEKT F\u00dcR IHR BUSINESS<\/span><\/h2>\n<\/div><div class=\"separator  small center  \" style=\"\"><\/div>\n<div class=\"custom_font_holder\" style=\" font-size: 16px; line-height: 26px; font-style: normal; font-weight: 300; text-decoration: none; padding: 50; margin: 50; text-align: center;\">\n<p class=\"p1\"><span class=\"s1\">Der Porter Craft X verbindet den Appeal der Ape V-Curve von Piaggio mit der funktionalen Zweckm\u00e4\u00dfigkeit eines professionellen <a href=\"http:\/\/www.vsveicolispeciali.com\/de\/verkaufswagen-kaufen\/food-truck-imbisswagen-kosten\/piaggio-porter-craft-x\/\">Food-Trucks<\/a>. Dank seiner hohen Lagerkapazit\u00e4t und seiner gro\u00dfen energetischen Autonomie kann der Foodtruck Porter Craft X \u00fcberall eingesetzt werden. Er bietet einen effizienten Catering-Service und wird so zum Symbol Ihrer Marke.<\/span><\/p>\n<\/div>\t<div class=\"vc_empty_space\"  style=\"height: 32px\" ><span\n\t\t\tclass=\"vc_empty_space_inner\">\n\t\t\t<span class=\"empty_space_image\"  ><\/span>\n\t\t<\/span><\/div>\n\n<a  itemprop=\"url\" href=\"http:\/\/www.vsveicolispeciali.com\/pdf\/DE_food_truck_piaggio_Porter_Craft_X.pdf\" target=\"_self\"  class=\"qbutton  center enlarge\" style=\"\">PDF-DATEI HERUNTERLADEN<\/a><\/div><\/div><\/div><\/div><\/div><\/div><div      class=\"vc_row wpb_row section vc_row-fluid \" style=' text-align:left;'><div class=\" full_section_inner clearfix\"><div class=\"wpb_column vc_column_container vc_col-sm-12\"><div class=\"vc_column-inner\"><div class=\"wpb_wrapper\"><div class='q_elements_holder two_columns eh_two_columns_66_33 responsive_mode_from_1000' ><div class='q_elements_item ' data-animation='no' data-item-class='q_elements_holder_custom_515983' style='background-color:#0d3d66;vertical-align:middle;'><div class='q_elements_item_inner'><div class='q_elements_item_content q_elements_holder_custom_515983'><div class=\"wpb_gallery wpb_content_element vc_clearfix\"><div class=\"wpb_wrapper\"><div class=\"wpb_gallery_slides wpb_flexslider flexslider_slide flexslider\" data-interval=\"3\" data-flex_fx=\"slide\"><ul class=\"slides\"><li><a itemprop=\"image\" class=\"qode-prettyphoto\" href=\"https:\/\/www.vsveicolispeciali.com\/wp-content\/uploads\/2022\/09\/1_de_Immagine-1600x900-1-1024x576.jpg\" data-rel=\"prettyPhoto[rel-17847-320364609]\"><img loading=\"lazy\" decoding=\"async\" width=\"1600\" height=\"900\" src=\"https:\/\/www.vsveicolispeciali.com\/wp-content\/uploads\/2022\/09\/1_de_Immagine-1600x900-1.jpg\" class=\"attachment-full\" alt=\"\" title=\"1_de_Immagine-1600x900\" srcset=\"https:\/\/www.vsveicolispeciali.com\/wp-content\/uploads\/2022\/09\/1_de_Immagine-1600x900-1.jpg 1600w, https:\/\/www.vsveicolispeciali.com\/wp-content\/uploads\/2022\/09\/1_de_Immagine-1600x900-1-300x169.jpg 300w, https:\/\/www.vsveicolispeciali.com\/wp-content\/uploads\/2022\/09\/1_de_Immagine-1600x900-1-1024x576.jpg 1024w, https:\/\/www.vsveicolispeciali.com\/wp-content\/uploads\/2022\/09\/1_de_Immagine-1600x900-1-768x432.jpg 768w, https:\/\/www.vsveicolispeciali.com\/wp-content\/uploads\/2022\/09\/1_de_Immagine-1600x900-1-1536x864.jpg 1536w, https:\/\/www.vsveicolispeciali.com\/wp-content\/uploads\/2022\/09\/1_de_Immagine-1600x900-1-700x394.jpg 700w, https:\/\/www.vsveicolispeciali.com\/wp-content\/uploads\/2022\/09\/1_de_Immagine-1600x900-1-539x303.jpg 539w\" sizes=\"auto, (max-width: 1600px) 100vw, 1600px\" \/><\/a><\/li><li><a itemprop=\"image\" class=\"qode-prettyphoto\" href=\"https:\/\/www.vsveicolispeciali.com\/wp-content\/uploads\/2022\/09\/2_de_Immagine-1600x900-1-1024x576.jpg\" data-rel=\"prettyPhoto[rel-17847-320364609]\"><img loading=\"lazy\" decoding=\"async\" width=\"1600\" height=\"900\" src=\"https:\/\/www.vsveicolispeciali.com\/wp-content\/uploads\/2022\/09\/2_de_Immagine-1600x900-1.jpg\" class=\"attachment-full\" alt=\"\" title=\"2_de_Immagine-1600x900\" srcset=\"https:\/\/www.vsveicolispeciali.com\/wp-content\/uploads\/2022\/09\/2_de_Immagine-1600x900-1.jpg 1600w, https:\/\/www.vsveicolispeciali.com\/wp-content\/uploads\/2022\/09\/2_de_Immagine-1600x900-1-300x169.jpg 300w, https:\/\/www.vsveicolispeciali.com\/wp-content\/uploads\/2022\/09\/2_de_Immagine-1600x900-1-1024x576.jpg 1024w, https:\/\/www.vsveicolispeciali.com\/wp-content\/uploads\/2022\/09\/2_de_Immagine-1600x900-1-768x432.jpg 768w, https:\/\/www.vsveicolispeciali.com\/wp-content\/uploads\/2022\/09\/2_de_Immagine-1600x900-1-1536x864.jpg 1536w, https:\/\/www.vsveicolispeciali.com\/wp-content\/uploads\/2022\/09\/2_de_Immagine-1600x900-1-700x394.jpg 700w, https:\/\/www.vsveicolispeciali.com\/wp-content\/uploads\/2022\/09\/2_de_Immagine-1600x900-1-539x303.jpg 539w\" sizes=\"auto, (max-width: 1600px) 100vw, 1600px\" \/><\/a><\/li><li><a itemprop=\"image\" class=\"qode-prettyphoto\" href=\"https:\/\/www.vsveicolispeciali.com\/wp-content\/uploads\/2022\/09\/3_de_Immagine-1600x900-1-1024x576.jpg\" data-rel=\"prettyPhoto[rel-17847-320364609]\"><img loading=\"lazy\" decoding=\"async\" width=\"1600\" height=\"900\" src=\"https:\/\/www.vsveicolispeciali.com\/wp-content\/uploads\/2022\/09\/3_de_Immagine-1600x900-1.jpg\" class=\"attachment-full\" alt=\"\" title=\"3_de_Immagine-1600x900\" srcset=\"https:\/\/www.vsveicolispeciali.com\/wp-content\/uploads\/2022\/09\/3_de_Immagine-1600x900-1.jpg 1600w, https:\/\/www.vsveicolispeciali.com\/wp-content\/uploads\/2022\/09\/3_de_Immagine-1600x900-1-300x169.jpg 300w, https:\/\/www.vsveicolispeciali.com\/wp-content\/uploads\/2022\/09\/3_de_Immagine-1600x900-1-1024x576.jpg 1024w, https:\/\/www.vsveicolispeciali.com\/wp-content\/uploads\/2022\/09\/3_de_Immagine-1600x900-1-768x432.jpg 768w, https:\/\/www.vsveicolispeciali.com\/wp-content\/uploads\/2022\/09\/3_de_Immagine-1600x900-1-1536x864.jpg 1536w, https:\/\/www.vsveicolispeciali.com\/wp-content\/uploads\/2022\/09\/3_de_Immagine-1600x900-1-700x394.jpg 700w, https:\/\/www.vsveicolispeciali.com\/wp-content\/uploads\/2022\/09\/3_de_Immagine-1600x900-1-539x303.jpg 539w\" sizes=\"auto, (max-width: 1600px) 100vw, 1600px\" \/><\/a><\/li><\/ul><\/div><\/div><\/div><\/div><\/div><\/div><div class='q_elements_item car-tecniche' data-1280-1440='0% 15%' data-1024-1280='5% 10%' data-768-1024='5% 10%' data-600-768='5% 10%' data-480-600='5% 10%' data-480='5% 10%' data-animation='yes' data-item-class='q_elements_holder_custom_341677' data-bottom='' data-center='' style='background-color:#000000;'><div class='q_elements_item_inner'><div class='q_elements_item_content q_elements_holder_custom_341677' style='padding:5% 15%'><div class=\"qode-specification-list\">\n\t\t<div class=\"qode-specification-list-text-holder\">\n\t\t<h3 class=\"qode-specification-list-title\">\n\t\t\tAllgemeine technische merkmale\t\t<\/h3>\n\t\t<div class=\"qode-specification-list-items\">\n\t\t\t\t\t\t\t<div class=\"qode-specification-list-item\">\n\t\t\t\t\t<span class=\"qode-specification-list-item-label\">\n\t\t\t\t\t\tAbmessungen des Fahrzeugs: L 4435 x T 1680 x H 2022 mm\t\t\t\t\t<\/span>\n\t\t\t\t\t<span class=\"qode-specification-list-item-value\">\n\t\t\t\t\t\t\t\t\t\t\t<\/span>\n\t\t\t\t<\/div>\n\t\t\t\t\t\t\t<div class=\"qode-specification-list-item\">\n\t\t\t\t\t<span class=\"qode-specification-list-item-label\">\n\t\t\t\t\t\tElektrisch hochfahrbares Dach\t\t\t\t\t<\/span>\n\t\t\t\t\t<span class=\"qode-specification-list-item-value\">\n\t\t\t\t\t\t\t\t\t\t\t<\/span>\n\t\t\t\t<\/div>\n\t\t\t\t\t\t\t<div class=\"qode-specification-list-item\">\n\t\t\t\t\t<span class=\"qode-specification-list-item-label\">\n\t\t\t\t\t\t2 Stellf\u00fc\u00dfe\t\t\t\t\t<\/span>\n\t\t\t\t\t<span class=\"qode-specification-list-item-value\">\n\t\t\t\t\t\t\t\t\t\t\t<\/span>\n\t\t\t\t<\/div>\n\t\t\t\t\t\t\t<div class=\"qode-specification-list-item\">\n\t\t\t\t\t<span class=\"qode-specification-list-item-label\">\n\t\t\t\t\t\tEinklappbare Stufe\t\t\t\t\t<\/span>\n\t\t\t\t\t<span class=\"qode-specification-list-item-value\">\n\t\t\t\t\t\t\t\t\t\t\t<\/span>\n\t\t\t\t<\/div>\n\t\t\t\t\t\t\t<div class=\"qode-specification-list-item\">\n\t\t\t\t\t<span class=\"qode-specification-list-item-label\">\n\t\t\t\t\t\tFach f\u00fcr den K\u00fchlschrankmotor unter dem Rahmen\t\t\t\t\t<\/span>\n\t\t\t\t\t<span class=\"qode-specification-list-item-value\">\n\t\t\t\t\t\t\t\t\t\t\t<\/span>\n\t\t\t\t<\/div>\n\t\t\t\t\t\t\t<div class=\"qode-specification-list-item\">\n\t\t\t\t\t<span class=\"qode-specification-list-item-label\">\n\t\t\t\t\t\tLED-Beleuchtung\t\t\t\t\t<\/span>\n\t\t\t\t\t<span class=\"qode-specification-list-item-value\">\n\t\t\t\t\t\t\t\t\t\t\t<\/span>\n\t\t\t\t<\/div>\n\t\t\t\t\t\t\t<div class=\"qode-specification-list-item\">\n\t\t\t\t\t<span class=\"qode-specification-list-item-label\">\n\t\t\t\t\t\tBis zu 4 K\u00fchlschrankt\u00fcren und 600 Liter K\u00fchlraum\t\t\t\t\t<\/span>\n\t\t\t\t\t<span class=\"qode-specification-list-item-value\">\n\t\t\t\t\t\t\t\t\t\t\t<\/span>\n\t\t\t\t<\/div>\n\t\t\t\t\t\t\t<div class=\"qode-specification-list-item\">\n\t\t\t\t\t<span class=\"qode-specification-list-item-label\">\n\t\t\t\t\t\tAutonome Wasserversorgung mit Hei\u00dfwasser\t\t\t\t\t<\/span>\n\t\t\t\t\t<span class=\"qode-specification-list-item-value\">\n\t\t\t\t\t\t\t\t\t\t\t<\/span>\n\t\t\t\t<\/div>\n\t\t\t\t\t\t\t<div class=\"qode-specification-list-item\">\n\t\t\t\t\t<span class=\"qode-specification-list-item-label\">\n\t\t\t\t\t\tKonforme Gasversorgung mit internem Absperrhahn\t\t\t\t\t<\/span>\n\t\t\t\t\t<span class=\"qode-specification-list-item-value\">\n\t\t\t\t\t\t\t\t\t\t\t<\/span>\n\t\t\t\t<\/div>\n\t\t\t\t\t\t\t<div class=\"qode-specification-list-item\">\n\t\t\t\t\t<span class=\"qode-specification-list-item-label\">\n\t\t\t\t\t\tSTROMERZEUGUNG DURCH LITHIUMBATTERIEN ODER STROMGENERATOR\t\t\t\t\t<\/span>\n\t\t\t\t\t<span class=\"qode-specification-list-item-value\">\n\t\t\t\t\t\t\t\t\t\t\t<\/span>\n\t\t\t\t<\/div>\n\t\t\t\t\t\t\t<div class=\"qode-specification-list-item\">\n\t\t\t\t\t<span class=\"qode-specification-list-item-label\">\n\t\t\t\t\t\tBis zu 1,8 m K\u00fcchenfl\u00e4che mit Abzugshaube\t\t\t\t\t<\/span>\n\t\t\t\t\t<span class=\"qode-specification-list-item-value\">\n\t\t\t\t\t\t\t\t\t\t\t<\/span>\n\t\t\t\t<\/div>\n\t\t\t\t\t\t\t<div class=\"qode-specification-list-item\">\n\t\t\t\t\t<span class=\"qode-specification-list-item-label\">\n\t\t\t\t\t\tAntibakterieller und rutschfester Boden\t\t\t\t\t<\/span>\n\t\t\t\t\t<span class=\"qode-specification-list-item-value\">\n\t\t\t\t\t\t\t\t\t\t\t<\/span>\n\t\t\t\t<\/div>\n\t\t\t\t\t<\/div>\n\t<\/div>\n\t<\/div><\/div><\/div><\/div><\/div><\/div><\/div><\/div><\/div><\/div><div      class=\"vc_row wpb_row section vc_row-fluid  vc_custom_1663052916792\" style=' padding-bottom:90px; text-align:left;'><div class=\" full_section_inner clearfix\" style='padding: 0% 4%'><div class=\"wpb_column vc_column_container vc_col-sm-12\"><div class=\"vc_column-inner\"><div class=\"wpb_wrapper\"><div class='q_elements_holder three_columns responsive_mode_from_768 dettagli' ><div class='q_elements_item ' data-animation='no' data-item-class='q_elements_holder_custom_279723' style='vertical-align:top;'><div class='q_elements_item_inner'><div class='q_elements_item_content q_elements_holder_custom_279723' style='padding:0 10px 0 10px'>\n\t<div class=\"wpb_single_image wpb_content_element vc_align_center\">\n\t\t<div class=\"wpb_wrapper\">\n\t\t\t\n\t\t\t<div class=\"vc_single_image-wrapper   vc_box_border_grey\"><img loading=\"lazy\" decoding=\"async\" width=\"1000\" height=\"1000\" src=\"https:\/\/www.vsveicolispeciali.com\/wp-content\/uploads\/2022\/06\/3a-Immagine-1000X1000.jpg\" class=\"vc_single_image-img attachment-full\" alt=\"\" title=\"3a-Immagine-1000X1000\" srcset=\"https:\/\/www.vsveicolispeciali.com\/wp-content\/uploads\/2022\/06\/3a-Immagine-1000X1000.jpg 1000w, https:\/\/www.vsveicolispeciali.com\/wp-content\/uploads\/2022\/06\/3a-Immagine-1000X1000-300x300.jpg 300w, https:\/\/www.vsveicolispeciali.com\/wp-content\/uploads\/2022\/06\/3a-Immagine-1000X1000-150x150.jpg 150w, https:\/\/www.vsveicolispeciali.com\/wp-content\/uploads\/2022\/06\/3a-Immagine-1000X1000-768x768.jpg 768w, https:\/\/www.vsveicolispeciali.com\/wp-content\/uploads\/2022\/06\/3a-Immagine-1000X1000-570x570.jpg 570w, https:\/\/www.vsveicolispeciali.com\/wp-content\/uploads\/2022\/06\/3a-Immagine-1000X1000-500x500.jpg 500w, https:\/\/www.vsveicolispeciali.com\/wp-content\/uploads\/2022\/06\/3a-Immagine-1000X1000-700x700.jpg 700w\" sizes=\"auto, (max-width: 1000px) 100vw, 1000px\" \/><\/div>\n\t\t<\/div>\n\t<\/div>\n<\/div><\/div><\/div><div class='q_elements_item ' data-animation='no' data-item-class='q_elements_holder_custom_484313' style='vertical-align:top;'><div class='q_elements_item_inner'><div class='q_elements_item_content q_elements_holder_custom_484313' style='padding:0 10px 0 10px'>\n\t<div class=\"wpb_single_image wpb_content_element vc_align_center\">\n\t\t<div class=\"wpb_wrapper\">\n\t\t\t\n\t\t\t<div class=\"vc_single_image-wrapper   vc_box_border_grey\"><img loading=\"lazy\" decoding=\"async\" width=\"1000\" height=\"1000\" src=\"https:\/\/www.vsveicolispeciali.com\/wp-content\/uploads\/2022\/06\/3b-Immagine-1000X1000.jpg\" class=\"vc_single_image-img attachment-full\" alt=\"\" title=\"3b-Immagine-1000X1000\" srcset=\"https:\/\/www.vsveicolispeciali.com\/wp-content\/uploads\/2022\/06\/3b-Immagine-1000X1000.jpg 1000w, https:\/\/www.vsveicolispeciali.com\/wp-content\/uploads\/2022\/06\/3b-Immagine-1000X1000-300x300.jpg 300w, https:\/\/www.vsveicolispeciali.com\/wp-content\/uploads\/2022\/06\/3b-Immagine-1000X1000-150x150.jpg 150w, https:\/\/www.vsveicolispeciali.com\/wp-content\/uploads\/2022\/06\/3b-Immagine-1000X1000-768x768.jpg 768w, https:\/\/www.vsveicolispeciali.com\/wp-content\/uploads\/2022\/06\/3b-Immagine-1000X1000-570x570.jpg 570w, https:\/\/www.vsveicolispeciali.com\/wp-content\/uploads\/2022\/06\/3b-Immagine-1000X1000-500x500.jpg 500w, https:\/\/www.vsveicolispeciali.com\/wp-content\/uploads\/2022\/06\/3b-Immagine-1000X1000-700x700.jpg 700w\" sizes=\"auto, (max-width: 1000px) 100vw, 1000px\" \/><\/div>\n\t\t<\/div>\n\t<\/div>\n<\/div><\/div><\/div><div class='q_elements_item ' data-animation='no' data-item-class='q_elements_holder_custom_489016' style='vertical-align:top;'><div class='q_elements_item_inner'><div class='q_elements_item_content q_elements_holder_custom_489016' style='padding:0 10px 0 10px'>\n\t<div class=\"wpb_single_image wpb_content_element vc_align_center\">\n\t\t<div class=\"wpb_wrapper\">\n\t\t\t\n\t\t\t<div class=\"vc_single_image-wrapper   vc_box_border_grey\"><img loading=\"lazy\" decoding=\"async\" width=\"1000\" height=\"1000\" src=\"https:\/\/www.vsveicolispeciali.com\/wp-content\/uploads\/2022\/06\/3c-Immagine-1000X1000.jpg\" class=\"vc_single_image-img attachment-full\" alt=\"\" title=\"3c-Immagine-1000X1000\" srcset=\"https:\/\/www.vsveicolispeciali.com\/wp-content\/uploads\/2022\/06\/3c-Immagine-1000X1000.jpg 1000w, https:\/\/www.vsveicolispeciali.com\/wp-content\/uploads\/2022\/06\/3c-Immagine-1000X1000-300x300.jpg 300w, https:\/\/www.vsveicolispeciali.com\/wp-content\/uploads\/2022\/06\/3c-Immagine-1000X1000-150x150.jpg 150w, https:\/\/www.vsveicolispeciali.com\/wp-content\/uploads\/2022\/06\/3c-Immagine-1000X1000-768x768.jpg 768w, https:\/\/www.vsveicolispeciali.com\/wp-content\/uploads\/2022\/06\/3c-Immagine-1000X1000-570x570.jpg 570w, https:\/\/www.vsveicolispeciali.com\/wp-content\/uploads\/2022\/06\/3c-Immagine-1000X1000-500x500.jpg 500w, https:\/\/www.vsveicolispeciali.com\/wp-content\/uploads\/2022\/06\/3c-Immagine-1000X1000-700x700.jpg 700w\" sizes=\"auto, (max-width: 1000px) 100vw, 1000px\" \/><\/div>\n\t\t<\/div>\n\t<\/div>\n<\/div><\/div><\/div><\/div><\/div><\/div><\/div><\/div><\/div><div      class=\"vc_row wpb_row section vc_row-fluid  vc_custom_1656488152160 grid_section\" style='background-color:#f1f1f1; padding-top:60px; padding-bottom:60px; text-align:center;'><div class=\" section_inner clearfix\"><div class='section_inner_margin clearfix'><div class=\"wpb_column vc_column_container vc_col-sm-12\"><div class=\"vc_column-inner\"><div class=\"wpb_wrapper\"><div class=\"custom_font_holder\" style=\" font-size: 26px; line-height: 44px; font-style: normal; font-weight: 300; color: #006aa7; text-decoration: none; text-align: center;\">\n<h2 class=\"CorpoA\"><span lang=\"DE\">KONFIGURIEREN SIE IHREN PORTER CRAFT X UND HOLEN SIE JETZT EIN ANGEBOT EIN<\/span><\/h2>\n<\/div><div class=\"separator  small center  \" style=\"\"><\/div>\n<div class=\"custom_font_holder\" style=\" font-size: 16px; line-height: 26px; font-style: normal; font-weight: 300; text-decoration: none; padding: 50; margin: 50; text-align: center;\">\n<p class=\"CorpoA\"><span lang=\"DE\">Jedes Element des <a href=\"https:\/\/vs-foodtruck.de\/porter-craft-x-food-truck\" target=\"_blank\" rel=\"noopener\">Food-Truck Porter Craft X<\/a> kann individuell angepasst werden: Ausstattung, Materialien, Beleuchtung, Grafik, Oberfl\u00e4chenausf\u00fchrungen und Zubeh\u00f6r. Mit diesem au\u00dferordentlich praktischen und effizienten Fahrzeug k\u00f6nnen Sie Ihren Kunden unwiderstehliche Produkte wie Pizza, Pasta, Hamburger, Sushi, Fischgerichte, frittierte Speisen, Eiscreme, Aperitifs und Cocktails, Cr\u00eapes usw. anbieten. Erz\u00e4hlen Sie uns, was Sie brauchen, damit wir zusammen die ideale L\u00f6sung finden.<\/span><\/p>\n<\/div>\t<div class=\"vc_empty_space\"  style=\"height: 32px\" ><span\n\t\t\tclass=\"vc_empty_space_inner\">\n\t\t\t<span class=\"empty_space_image\"  ><\/span>\n\t\t<\/span><\/div>\n\n<a  itemprop=\"url\" href=\"http:\/\/www.vsveicolispeciali.com\/de\/kontakte\/\" target=\"_self\"  class=\"qbutton  center enlarge\" style=\"\">Kontaktieren sie uns<\/a><\/div><\/div><\/div><\/div><\/div><\/div><div      class=\"vc_row wpb_row section vc_row-fluid \" style=' text-align:left;'><div class=\" full_section_inner clearfix\"><div class=\"wpb_column vc_column_container vc_col-sm-12\"><div class=\"vc_column-inner\"><div class=\"wpb_wrapper\">\n\t<div class=\"wpb_single_image wpb_content_element vc_align_center\">\n\t\t<div class=\"wpb_wrapper\">\n\t\t\t\n\t\t\t<div class=\"vc_single_image-wrapper   vc_box_border_grey\"><img loading=\"lazy\" decoding=\"async\" width=\"1920\" height=\"354\" src=\"https:\/\/www.vsveicolispeciali.com\/wp-content\/uploads\/2022\/06\/1920x354-Banner-raccolta-veicoli.jpg\" class=\"vc_single_image-img attachment-full\" alt=\"\" title=\"1920x354-Banner-raccolta-veicoli\" srcset=\"https:\/\/www.vsveicolispeciali.com\/wp-content\/uploads\/2022\/06\/1920x354-Banner-raccolta-veicoli.jpg 1920w, https:\/\/www.vsveicolispeciali.com\/wp-content\/uploads\/2022\/06\/1920x354-Banner-raccolta-veicoli-300x55.jpg 300w, https:\/\/www.vsveicolispeciali.com\/wp-content\/uploads\/2022\/06\/1920x354-Banner-raccolta-veicoli-1024x189.jpg 1024w, https:\/\/www.vsveicolispeciali.com\/wp-content\/uploads\/2022\/06\/1920x354-Banner-raccolta-veicoli-768x142.jpg 768w, https:\/\/www.vsveicolispeciali.com\/wp-content\/uploads\/2022\/06\/1920x354-Banner-raccolta-veicoli-1536x283.jpg 1536w, https:\/\/www.vsveicolispeciali.com\/wp-content\/uploads\/2022\/06\/1920x354-Banner-raccolta-veicoli-700x129.jpg 700w\" sizes=\"auto, (max-width: 1920px) 100vw, 1920px\" \/><\/div>\n\t\t<\/div>\n\t<\/div>\n<\/div><\/div><\/div><\/div><\/div>\n<\/div>","protected":false},"excerpt":{"rendered":"PORTER CRAFT X Ein Fahrzeug, das die typische Funktionalit\u00e4t des Piaggio Porter auf moderne Art und Weise neu definiert. Es bewegt sich flink im st\u00e4dtischen Raum, gew\u00e4hrleistet einfache Logistik und bietet gro\u00dfen Stauraum. TechnologieDas Dach wird f\u00fcr maximalen Komfort elektrisch hochgefahren.Umweltvertr\u00e4glichkeit und autonomieLithiumbatterien gew\u00e4hrleisten 100...","protected":false},"author":1001012,"featured_media":0,"parent":15184,"menu_order":0,"comment_status":"closed","ping_status":"closed","template":"full_width.php","meta":{"_acf_changed":false,"rs_blank_template":"","rs_page_bg_color":"","slide_template_v7":"","footnotes":""},"class_list":["post-17847","page","type-page","status-publish","hentry"],"acf":[],"yoast_head":"<!-- This site is optimized with the Yoast SEO plugin v28.2 - https:\/\/yoast.com\/product\/yoast-seo-wordpress\/ -->\n<title>Piaggio Porter als Verkaufswagen und Imbisswagen | Craft X Ausstattung<\/title>\n<meta name=\"description\" content=\"Eine Ausstattung, weder zu Gross noch zu Klein, perfekt f\u00fcr Ihr Business. Konfigurieren Sie Ihren Porter Craft X und holen Sie jetzt ein Angebot\" \/>\n<meta name=\"robots\" content=\"index, follow, max-snippet:-1, max-image-preview:large, max-video-preview:-1\" \/>\n<link rel=\"canonical\" href=\"https:\/\/www.vsveicolispeciali.com\/de\/vs-innovation-lab\/porter-craft-x\/\" \/>\n<meta property=\"og:locale\" content=\"de_DE\" \/>\n<meta property=\"og:type\" content=\"article\" \/>\n<meta property=\"og:title\" content=\"Piaggio Porter als Verkaufswagen und Imbisswagen | Craft X Ausstattung\" \/>\n<meta property=\"og:description\" content=\"Eine Ausstattung, weder zu Gross noch zu Klein, perfekt f\u00fcr Ihr Business. Konfigurieren Sie Ihren Porter Craft X und holen Sie jetzt ein Angebot\" \/>\n<meta property=\"og:url\" content=\"https:\/\/www.vsveicolispeciali.com\/de\/vs-innovation-lab\/porter-craft-x\/\" \/>\n<meta property=\"og:site_name\" content=\"VS Veicoli Speciali\" \/>\n<meta property=\"article:publisher\" content=\"https:\/\/www.facebook.com\/VSVeicoliSpeciali.Food.Trucks\/\" \/>\n<meta property=\"article:modified_time\" content=\"2023-08-30T09:22:44+00:00\" \/>\n<meta name=\"twitter:card\" content=\"summary_large_image\" \/>\n<meta name=\"twitter:site\" content=\"@veicolispeciali\" \/>\n<meta name=\"twitter:label1\" content=\"Gesch\u00e4tzte Lesezeit\" \/>\n\t<meta name=\"twitter:data1\" content=\"3\u00a0Minuten\" \/>\n<!-- \/ Yoast SEO plugin. -->","yoast_head_json":{"title":"Piaggio Porter als Verkaufswagen und Imbisswagen | Craft X Ausstattung","description":"Eine Ausstattung, weder zu Gross noch zu Klein, perfekt f\u00fcr Ihr Business. Konfigurieren Sie Ihren Porter Craft X und holen Sie jetzt ein Angebot","robots":{"index":"index","follow":"follow","max-snippet":"max-snippet:-1","max-image-preview":"max-image-preview:large","max-video-preview":"max-video-preview:-1"},"canonical":"https:\/\/www.vsveicolispeciali.com\/de\/vs-innovation-lab\/porter-craft-x\/","og_locale":"de_DE","og_type":"article","og_title":"Piaggio Porter als Verkaufswagen und Imbisswagen | Craft X Ausstattung","og_description":"Eine Ausstattung, weder zu Gross noch zu Klein, perfekt f\u00fcr Ihr Business. Konfigurieren Sie Ihren Porter Craft X und holen Sie jetzt ein Angebot","og_url":"https:\/\/www.vsveicolispeciali.com\/de\/vs-innovation-lab\/porter-craft-x\/","og_site_name":"VS Veicoli Speciali","article_publisher":"https:\/\/www.facebook.com\/VSVeicoliSpeciali.Food.Trucks\/","article_modified_time":"2023-08-30T09:22:44+00:00","twitter_card":"summary_large_image","twitter_site":"@veicolispeciali","twitter_misc":{"Gesch\u00e4tzte Lesezeit":"3\u00a0Minuten"},"schema":{"@context":"https:\/\/schema.org","@graph":[{"@type":"WebPage","@id":"https:\/\/www.vsveicolispeciali.com\/de\/vs-innovation-lab\/porter-craft-x\/","url":"https:\/\/www.vsveicolispeciali.com\/de\/vs-innovation-lab\/porter-craft-x\/","name":"Piaggio Porter als Verkaufswagen und Imbisswagen | Craft X Ausstattung","isPartOf":{"@id":"https:\/\/www.vsveicolispeciali.com\/de\/#website"},"datePublished":"2022-09-13T10:24:38+00:00","dateModified":"2023-08-30T09:22:44+00:00","description":"Eine Ausstattung, weder zu Gross noch zu Klein, perfekt f\u00fcr Ihr Business. Konfigurieren Sie Ihren Porter Craft X und holen Sie jetzt ein Angebot","breadcrumb":{"@id":"https:\/\/www.vsveicolispeciali.com\/de\/vs-innovation-lab\/porter-craft-x\/#breadcrumb"},"inLanguage":"de","potentialAction":[{"@type":"ReadAction","target":["https:\/\/www.vsveicolispeciali.com\/de\/vs-innovation-lab\/porter-craft-x\/"]}]},{"@type":"BreadcrumbList","@id":"https:\/\/www.vsveicolispeciali.com\/de\/vs-innovation-lab\/porter-craft-x\/#breadcrumb","itemListElement":[{"@type":"ListItem","position":1,"name":"Home","item":"https:\/\/www.vsveicolispeciali.com\/de\/"},{"@type":"ListItem","position":2,"name":"VS Innovation Lab","item":"https:\/\/www.vsveicolispeciali.com\/de\/vs-innovation-lab\/"},{"@type":"ListItem","position":3,"name":"Porter Craft X"}]},{"@type":"WebSite","@id":"https:\/\/www.vsveicolispeciali.com\/de\/#website","url":"https:\/\/www.vsveicolispeciali.com\/de\/","name":"VS Veicoli Speciali","description":"","potentialAction":[{"@type":"SearchAction","target":{"@type":"EntryPoint","urlTemplate":"https:\/\/www.vsveicolispeciali.com\/de\/?s={search_term_string}"},"query-input":{"@type":"PropertyValueSpecification","valueRequired":true,"valueName":"search_term_string"}}],"inLanguage":"de"}]}},"_links":{"self":[{"href":"https:\/\/www.vsveicolispeciali.com\/de\/wp-json\/wp\/v2\/pages\/17847","targetHints":{"allow":["GET"]}}],"collection":[{"href":"https:\/\/www.vsveicolispeciali.com\/de\/wp-json\/wp\/v2\/pages"}],"about":[{"href":"https:\/\/www.vsveicolispeciali.com\/de\/wp-json\/wp\/v2\/types\/page"}],"author":[{"embeddable":true,"href":"https:\/\/www.vsveicolispeciali.com\/de\/wp-json\/wp\/v2\/users\/1001012"}],"replies":[{"embeddable":true,"href":"https:\/\/www.vsveicolispeciali.com\/de\/wp-json\/wp\/v2\/comments?post=17847"}],"version-history":[{"count":11,"href":"https:\/\/www.vsveicolispeciali.com\/de\/wp-json\/wp\/v2\/pages\/17847\/revisions"}],"predecessor-version":[{"id":24399,"href":"https:\/\/www.vsveicolispeciali.com\/de\/wp-json\/wp\/v2\/pages\/17847\/revisions\/24399"}],"up":[{"embeddable":true,"href":"https:\/\/www.vsveicolispeciali.com\/de\/wp-json\/wp\/v2\/pages\/15184"}],"wp:attachment":[{"href":"https:\/\/www.vsveicolispeciali.com\/de\/wp-json\/wp\/v2\/media?parent=17847"}],"curies":[{"name":"wp","href":"https:\/\/api.w.org\/{rel}","templated":true}]}}