{"id":15953,"date":"2022-04-28T12:34:59","date_gmt":"2022-04-28T10:34:59","guid":{"rendered":"http:\/\/www.vsveicolispeciali.com\/?page_id=15953"},"modified":"2025-05-06T11:44:29","modified_gmt":"2025-05-06T09:44:29","slug":"pro-x-food-truck-strassen-essen","status":"publish","type":"page","link":"https:\/\/www.vsveicolispeciali.com\/de\/vs-innovation-lab\/pro-x-food-truck-strassen-essen\/","title":{"rendered":"Pro X &#8211; Nachhaltiger Foodtruck"},"content":{"rendered":"<div class=\"wpb-content-wrapper\"><div class=\"vc_row wpb_row section vc_row-fluid  grid_section\" style=' text-align:left;'><div class=\" section_inner clearfix\"><div class='section_inner_margin clearfix'><div class=\"wpb_column vc_column_container vc_col-sm-12\"><div class=\"vc_column-inner\"><div class=\"wpb_wrapper\"><div class=\"separator  transparent   \" style=\"margin-top: 0px;margin-bottom: 0px;height: 50px;\"><\/div>\n\n\t<div class=\"wpb_text_column wpb_content_element \">\n\t\t<div class=\"wpb_wrapper\">\n\t\t\t<h2 style=\"text-align: center;\">Foodtruck und App zur Steigerung von Produktivit\u00e4t und Umsatz<\/h2>\n\n\t\t<\/div> \n\t<\/div> <div class=\"separator  small center  \" style=\"\"><\/div>\n<div      class=\"vc_row wpb_row section vc_row-fluid vc_inner \" style=' text-align:left;'><div class=\" full_section_inner clearfix\"><div class=\"wpb_column vc_column_container vc_col-sm-6\"><div class=\"vc_column-inner\"><div class=\"wpb_wrapper\">\n\t<div class=\"wpb_text_column wpb_content_element \">\n\t\t<div class=\"wpb_wrapper\">\n\t\t\t\n\t\t<\/div> \n\t<\/div> \n\t<div class=\"wpb_text_column wpb_content_element \">\n\t\t<div class=\"wpb_wrapper\">\n\t\t\t<p>Der <strong>Pro X<\/strong> ist ein <a href=\"https:\/\/vs-foodtruck.de\/pro-x-food-truck\" target=\"_blank\" rel=\"noopener\">Foodtruck<\/a> der neuen Generation, der den Unternehmern ein mobiles und effizientes Arbeitsger\u00e4t bietet, das <strong>einen echten Unterschied macht<\/strong>.<\/p>\n<p>Mit seinem <strong>patentierten und innovativen Design<\/strong> ist der X Pro unverkennbar!<\/p>\n<p>&nbsp;<\/p>\n<p>Er kann mit <strong>Fotovoltaikmodulen<\/strong> und leistungsstarken <strong>Lithiumbatterien<\/strong> ausgestattet werden und entspricht somit voll und ganz dem neuen Paradigma der Nachhaltigkeit, das sich weltweit durchgesetzt hat.<\/p>\n<p>&nbsp;<\/p>\n<p>Der mit Lithiumbatterien betriebene und von einer Photovoltaikanlage unterst\u00fctzte Truck <strong>senkt die Betriebskosten und vereinfacht das Energiemanagement im Wagen<\/strong>.<\/p>\n\n\t\t<\/div> \n\t<\/div> <\/div><\/div><\/div><div class=\"wpb_column vc_column_container vc_col-sm-6\"><div class=\"vc_column-inner\"><div class=\"wpb_wrapper\">\n\t<div class=\"wpb_text_column wpb_content_element \">\n\t\t<div class=\"wpb_wrapper\">\n\t\t\t<p>Der Pro X kann auf <strong>drei Arten aufgeladen<\/strong> werden:<\/p>\n<ul>\n<li>Mit einer externen Steckdose (einschlie\u00dflich Ladestation)<\/li>\n<li>Mit den Fotovoltaikmodulen auf dem Dach<\/li>\n<li>Mit der Lichtmaschine (w\u00e4hrend der Fahrt)<\/li>\n<\/ul>\n<p>Unter idealen Bedingungen ist das Fahrzeug mit diesen drei Versorgungsmodalit\u00e4ten sogar <strong>energetisch unabh\u00e4ngig<\/strong>!<\/p>\n<p>&nbsp;<\/p>\n<p>Das gesamte System und die Elektronik, einschlie\u00dflich des Ladezustands und der Stromaufnahme, lassen sich leicht <strong>\u00fcber einen Monitor \u00fcberwachen<\/strong>.<\/p>\n<p><em>Elektronik<\/em> ist hier nicht nur ein Wort: Der <a href=\"http:\/\/www.vsveicolispeciali.com\/de\/verkaufswagen-kaufen\/food-truck-imbisswagen-kosten\/pro-x-food-truck\/\" target=\"_blank\" rel=\"noopener\"><em>Pro X Food-Truck<\/em><\/a> verf\u00fcgt \u00fcber <em>eXtra<\/em>, ein innovatives <strong>digitales Fernsteuerungssystem<\/strong> f\u00fcr die wichtigsten Bordfunktionen.<\/p>\n\n\t\t<\/div> \n\t<\/div> <\/div><\/div><\/div><\/div><\/div><\/div><\/div><\/div><\/div><\/div><\/div><div      class=\"vc_row wpb_row section vc_row-fluid  riga-slide vc_custom_1662992026902\" style=' text-align:left;'><div class=\" full_section_inner clearfix\"><div class=\"wpb_column vc_column_container vc_col-sm-12\"><div class=\"vc_column-inner\"><div class=\"wpb_wrapper\"><div class='q_elements_holder two_columns eh_two_columns_66_33 responsive_mode_from_1000' ><div class='q_elements_item ' data-animation='no' data-item-class='q_elements_holder_custom_912121' style='background-color:#0d3d66;vertical-align:middle;'><div class='q_elements_item_inner'><div class='q_elements_item_content q_elements_holder_custom_912121'><div class=\"wpb_gallery wpb_content_element vc_clearfix\"><div class=\"wpb_wrapper\"><div class=\"wpb_gallery_slides wpb_flexslider flexslider_slide flexslider\" data-interval=\"5\" data-flex_fx=\"slide\"><ul class=\"slides\"><li><a itemprop=\"image\" class=\"qode-prettyphoto\" href=\"https:\/\/www.vsveicolispeciali.com\/wp-content\/uploads\/2022\/09\/1.1_de_Immagine-1600x900-1-1024x576.jpg\" data-rel=\"prettyPhoto[rel-15953-724589977]\"><img loading=\"lazy\" decoding=\"async\" width=\"1600\" height=\"900\" src=\"https:\/\/www.vsveicolispeciali.com\/wp-content\/uploads\/2022\/09\/1.1_de_Immagine-1600x900-1.jpg\" class=\"attachment-full\" alt=\"\" title=\"1.1_de_Immagine-1600x900\" srcset=\"https:\/\/www.vsveicolispeciali.com\/wp-content\/uploads\/2022\/09\/1.1_de_Immagine-1600x900-1.jpg 1600w, https:\/\/www.vsveicolispeciali.com\/wp-content\/uploads\/2022\/09\/1.1_de_Immagine-1600x900-1-300x169.jpg 300w, https:\/\/www.vsveicolispeciali.com\/wp-content\/uploads\/2022\/09\/1.1_de_Immagine-1600x900-1-1024x576.jpg 1024w, https:\/\/www.vsveicolispeciali.com\/wp-content\/uploads\/2022\/09\/1.1_de_Immagine-1600x900-1-768x432.jpg 768w, https:\/\/www.vsveicolispeciali.com\/wp-content\/uploads\/2022\/09\/1.1_de_Immagine-1600x900-1-1536x864.jpg 1536w, https:\/\/www.vsveicolispeciali.com\/wp-content\/uploads\/2022\/09\/1.1_de_Immagine-1600x900-1-700x394.jpg 700w, https:\/\/www.vsveicolispeciali.com\/wp-content\/uploads\/2022\/09\/1.1_de_Immagine-1600x900-1-539x303.jpg 539w\" sizes=\"auto, (max-width: 1600px) 100vw, 1600px\" \/><\/a><\/li><li><a itemprop=\"image\" class=\"qode-prettyphoto\" href=\"https:\/\/www.vsveicolispeciali.com\/wp-content\/uploads\/2022\/09\/2.1_DE_ProX_Immagine-1600x900-2-1024x576.jpg\" data-rel=\"prettyPhoto[rel-15953-724589977]\"><img loading=\"lazy\" decoding=\"async\" width=\"1600\" height=\"900\" src=\"https:\/\/www.vsveicolispeciali.com\/wp-content\/uploads\/2022\/09\/2.1_DE_ProX_Immagine-1600x900-2.jpg\" class=\"attachment-full\" alt=\"\" title=\"2.1_DE_ProX_Immagine-1600x900\" srcset=\"https:\/\/www.vsveicolispeciali.com\/wp-content\/uploads\/2022\/09\/2.1_DE_ProX_Immagine-1600x900-2.jpg 1600w, https:\/\/www.vsveicolispeciali.com\/wp-content\/uploads\/2022\/09\/2.1_DE_ProX_Immagine-1600x900-2-300x169.jpg 300w, https:\/\/www.vsveicolispeciali.com\/wp-content\/uploads\/2022\/09\/2.1_DE_ProX_Immagine-1600x900-2-1024x576.jpg 1024w, https:\/\/www.vsveicolispeciali.com\/wp-content\/uploads\/2022\/09\/2.1_DE_ProX_Immagine-1600x900-2-768x432.jpg 768w, https:\/\/www.vsveicolispeciali.com\/wp-content\/uploads\/2022\/09\/2.1_DE_ProX_Immagine-1600x900-2-1536x864.jpg 1536w, https:\/\/www.vsveicolispeciali.com\/wp-content\/uploads\/2022\/09\/2.1_DE_ProX_Immagine-1600x900-2-700x394.jpg 700w, https:\/\/www.vsveicolispeciali.com\/wp-content\/uploads\/2022\/09\/2.1_DE_ProX_Immagine-1600x900-2-539x303.jpg 539w\" sizes=\"auto, (max-width: 1600px) 100vw, 1600px\" \/><\/a><\/li><li><a itemprop=\"image\" class=\"qode-prettyphoto\" href=\"https:\/\/www.vsveicolispeciali.com\/wp-content\/uploads\/2022\/09\/3.1_DE_ProX_Immagine-1600x900-2-1024x576.jpg\" data-rel=\"prettyPhoto[rel-15953-724589977]\"><img loading=\"lazy\" decoding=\"async\" width=\"1600\" height=\"900\" src=\"https:\/\/www.vsveicolispeciali.com\/wp-content\/uploads\/2022\/09\/3.1_DE_ProX_Immagine-1600x900-2.jpg\" class=\"attachment-full\" alt=\"\" title=\"3.1_DE_ProX_Immagine-1600x900\" srcset=\"https:\/\/www.vsveicolispeciali.com\/wp-content\/uploads\/2022\/09\/3.1_DE_ProX_Immagine-1600x900-2.jpg 1600w, https:\/\/www.vsveicolispeciali.com\/wp-content\/uploads\/2022\/09\/3.1_DE_ProX_Immagine-1600x900-2-300x169.jpg 300w, https:\/\/www.vsveicolispeciali.com\/wp-content\/uploads\/2022\/09\/3.1_DE_ProX_Immagine-1600x900-2-1024x576.jpg 1024w, https:\/\/www.vsveicolispeciali.com\/wp-content\/uploads\/2022\/09\/3.1_DE_ProX_Immagine-1600x900-2-768x432.jpg 768w, https:\/\/www.vsveicolispeciali.com\/wp-content\/uploads\/2022\/09\/3.1_DE_ProX_Immagine-1600x900-2-1536x864.jpg 1536w, https:\/\/www.vsveicolispeciali.com\/wp-content\/uploads\/2022\/09\/3.1_DE_ProX_Immagine-1600x900-2-700x394.jpg 700w, https:\/\/www.vsveicolispeciali.com\/wp-content\/uploads\/2022\/09\/3.1_DE_ProX_Immagine-1600x900-2-539x303.jpg 539w\" sizes=\"auto, (max-width: 1600px) 100vw, 1600px\" \/><\/a><\/li><\/ul><\/div><\/div><\/div><\/div><\/div><\/div><div class='q_elements_item car-tecniche' data-1280-1440='0% 15%' data-1024-1280='3% 6%' data-768-1024='3% 6%' data-600-768='3% 6%' data-480-600='3% 6%' data-480='3% 6%' data-animation='yes' data-item-class='q_elements_holder_custom_328636' data-bottom='' data-center='' style='background-color:#000000;'><div class='q_elements_item_inner'><div class='q_elements_item_content q_elements_holder_custom_328636' style='padding:3% 6%'><div class=\"qode-specification-list\">\n\t\t<div class=\"qode-specification-list-text-holder\">\n\t\t<h3 class=\"qode-specification-list-title\">\n\t\t\tumweltfreundlich und verbunden\t\t<\/h3>\n\t\t<div class=\"qode-specification-list-items\">\n\t\t\t\t\t\t\t<div class=\"qode-specification-list-item\">\n\t\t\t\t\t<span class=\"qode-specification-list-item-label\">\n\t\t\t\t\t\t&quot;V\u00f6llige energieautonomie&quot;\t\t\t\t\t<\/span>\n\t\t\t\t\t<span class=\"qode-specification-list-item-value\">\n\t\t\t\t\t\tF\u00e4higkeit zur Stromerzeugung und -wiederverwendung dank drei Energiequellen (Solar, Stromnetz und Generator), die das System \u00fcber lange Zeit v\u00f6llig autonom machen.\t\t\t\t\t<\/span>\n\t\t\t\t<\/div>\n\t\t\t\t\t\t\t<div class=\"qode-specification-list-item\">\n\t\t\t\t\t<span class=\"qode-specification-list-item-label\">\n\t\t\t\t\t\t&quot;aufladung w\u00e4hrend der fahrt&quot;\t\t\t\t\t<\/span>\n\t\t\t\t\t<span class=\"qode-specification-list-item-value\">\n\t\t\t\t\t\tAuf dem Weg zur Arbeit wird das Fahrzeug dank der Lichtmaschine des Motors, die die Batterien aufl\u00e4dt, und der auf dem Dach installierten Solarzellen wieder aufgeladen.\t\t\t\t\t<\/span>\n\t\t\t\t<\/div>\n\t\t\t\t\t\t\t<div class=\"qode-specification-list-item\">\n\t\t\t\t\t<span class=\"qode-specification-list-item-label\">\n\t\t\t\t\t\t&quot;Steuerung \u00fcber extra-app&quot;\t\t\t\t\t<\/span>\n\t\t\t\t\t<span class=\"qode-specification-list-item-value\">\n\t\t\t\t\t\tSteuern Sie Ihr Fahrzeug, indem Sie die eXtra-App auf Ihr Mobiltelefon herunterladen: Sie k\u00f6nnen das Licht ein- und ausschalten und die Temperatur einstellen.\t\t\t\t\t<\/span>\n\t\t\t\t<\/div>\n\t\t\t\t\t<\/div>\n\t<\/div>\n\t<\/div><\/div><\/div><\/div><\/div><\/div><\/div><\/div><\/div><\/div><div      class=\"vc_row wpb_row section vc_row-fluid  grid_section\" style=' text-align:left;'><div class=\" section_inner clearfix\"><div class='section_inner_margin clearfix'><div class=\"wpb_column vc_column_container vc_col-sm-12\"><div class=\"vc_column-inner\"><div class=\"wpb_wrapper\"><div      class=\"vc_row wpb_row section vc_row-fluid vc_inner \" style=' text-align:left;'><div class=\" full_section_inner clearfix\"><div class=\"wpb_column vc_column_container vc_col-sm-6\"><div class=\"vc_column-inner\"><div class=\"wpb_wrapper\">\n\t<div class=\"wpb_text_column wpb_content_element \">\n\t\t<div class=\"wpb_wrapper\">\n\t\t\t<p>Mit dieser <strong>App f\u00fcr das Mobiltelefon<\/strong> k\u00f6nnen Sie alle Komponenten des Pro X einfach aus der Ferne steuern:<\/p>\n<ul>\n<li>Kontrolle der Umgebungsparameter (Temperatur, Feuchtigkeit)<\/li>\n<li>Kontrolle von Gasleckagen oder Funktionsst\u00f6rungen der Ausstattungen<\/li>\n<li>Einstellung von Klimaanlage und Gebl\u00e4se<\/li>\n<li>Einstellung der Temperatur von K\u00fchlschrank und Tiefk\u00fchler<\/li>\n<li>Betriebskontrolle der eingestellten Parameter<\/li>\n<li>Einstellung von Alarmen und Warnmeldungen<\/li>\n<li>Zustandskontrolle der T\u00fcr und der Standf\u00fc\u00dfe<\/li>\n<li>Ein- und Ausschalten der Beleuchtung<\/li>\n<\/ul>\n\n\t\t<\/div> \n\t<\/div> <\/div><\/div><\/div><div class=\"wpb_column vc_column_container vc_col-sm-6\"><div class=\"vc_column-inner\"><div class=\"wpb_wrapper\">\n\t<div class=\"wpb_text_column wpb_content_element \">\n\t\t<div class=\"wpb_wrapper\">\n\t\t\t<p>Der <em>Pro X<\/em> und die <em>eXtra App<\/em> <strong>sind perfekt aufeinander abgestimmt<\/strong> und ihr gemeinsamer Einsatz sorgt f\u00fcr eine bedeutend gesteigerte Sicherheit und Rentabilit\u00e4t.<\/p>\n<p>Die <strong>Ausstattung<\/strong> und die <strong>Beleuchtung<\/strong> sind vollst\u00e4ndig an die zu verkaufenden Produkte und die Produktionsanforderungen anpassbar.<\/p>\n<p><strong>Ergonomie<\/strong> und <strong>Design<\/strong> sind sorgf\u00e4ltig durchdacht, um die Arbeit des Bedienpersonals im Wagen zu erleichtern und die Produktivit\u00e4t zu steigern.<\/p>\n<p>&nbsp;<\/p>\n<p>Der Pro X ist zweifellos <strong>der innovativste und technologisch fortschrittlichste<\/strong> <a href=\"http:\/\/www.vsveicolispeciali.com\/de\/verkaufswagen-kaufen\/food-truck-imbisswagen-kosten\/\" target=\"_blank\" rel=\"noopener\">Food-Truck<\/a> auf dem Markt. Das Fahrzeug interpretiert den traditionellen fahrenden Laden neu und bringt ihn in die Zukunft.<\/p>\n\n\t\t<\/div> \n\t<\/div> <\/div><\/div><\/div><\/div><\/div><div class=\"separator  transparent   \" style=\"margin-top: 0px;margin-bottom: 0px;height: 40px;\"><\/div>\n<\/div><\/div><\/div><\/div><\/div><\/div><div      class=\"vc_row wpb_row section vc_row-fluid \" style=' text-align:left;'><div class=\" full_section_inner clearfix\"><div class=\"wpb_column vc_column_container vc_col-sm-12\"><div class=\"vc_column-inner\"><div class=\"wpb_wrapper\"><div class=\"separator  transparent   \" style=\"margin-top: 0px;margin-bottom: 0px;height: 40px;\"><\/div>\n\n\t<div class=\"wpb_text_column wpb_content_element \">\n\t\t<div class=\"wpb_wrapper\">\n\t\t\t<div class=\"epyt-video-wrapper\"><iframe loading=\"lazy\"  id=\"_ytid_66697\"  width=\"1060\" height=\"596\"  data-origwidth=\"1060\" data-origheight=\"596\"  data-relstop=\"1\" src=\"https:\/\/www.youtube.com\/embed\/qkDNrazfNfo?enablejsapi=1&autoplay=0&cc_load_policy=0&cc_lang_pref=&iv_load_policy=1&loop=0&rel=0&fs=1&playsinline=0&autohide=2&theme=dark&color=red&controls=1&disablekb=0&\" class=\"__youtube_prefs__  no-lazyload\" title=\"YouTube player\"  allow=\"fullscreen; accelerometer; autoplay; clipboard-write; encrypted-media; gyroscope; picture-in-picture; web-share\" referrerpolicy=\"strict-origin-when-cross-origin\" allowfullscreen data-no-lazy=\"1\" data-skipgform_ajax_framebjll=\"\"><\/iframe><\/div>\n\n\t\t<\/div> \n\t<\/div> <\/div><\/div><\/div><\/div><\/div><div      class=\"vc_row wpb_row section vc_row-fluid \" style=' text-align:left;'><div class=\" full_section_inner clearfix\"><div class=\"wpb_column vc_column_container vc_col-sm-12\"><div class=\"vc_column-inner\"><div class=\"wpb_wrapper\"><a  itemprop=\"url\" href=\"http:\/\/www.vsveicolispeciali.com\/de\/kontakte\/\" target=\"_self\"  class=\"qbutton  big_large_full_width center enlarge\" style=\"\">KONTAKTIERE SIE UNS<i class=\"qode_icon_font_awesome fa fa-envelope qode_button_icon_element\" style=\"\" ><\/i><\/a><\/div><\/div><\/div><\/div><\/div>\n<\/div>","protected":false},"excerpt":{"rendered":"Foodtruck und App zur Steigerung von Produktivit\u00e4t und Umsatz Der Pro X ist ein Foodtruck der neuen Generation, der den Unternehmern ein mobiles und effizientes Arbeitsger\u00e4t bietet, das einen echten Unterschied macht. Mit seinem patentierten und innovativen Design ist der X Pro unverkennbar! &nbsp; Er...","protected":false},"author":1001012,"featured_media":0,"parent":15184,"menu_order":3,"comment_status":"closed","ping_status":"closed","template":"full_width.php","meta":{"_acf_changed":false,"rs_blank_template":"","rs_page_bg_color":"","slide_template_v7":"","footnotes":""},"class_list":["post-15953","page","type-page","status-publish","hentry"],"acf":[],"yoast_head":"<!-- This site is optimized with the Yoast SEO plugin v28.2 - https:\/\/yoast.com\/product\/yoast-seo-wordpress\/ -->\n<title>Pro X - Nachhaltiger Foodtruck mit Fotovoltaikmodulen-Lithiumbatterien<\/title>\n<meta name=\"description\" content=\"Der Pro X Food-Truck verf\u00fcgt \u00fcber eXtra, ein innovatives digitales Fernsteuerungssystem (APP) f\u00fcr die wichtigsten Bordfunktionen &gt;\" \/>\n<meta name=\"robots\" content=\"index, follow, max-snippet:-1, max-image-preview:large, max-video-preview:-1\" \/>\n<link rel=\"canonical\" href=\"https:\/\/www.vsveicolispeciali.com\/de\/vs-innovation-lab\/pro-x-food-truck-strassen-essen\/\" \/>\n<meta property=\"og:locale\" content=\"de_DE\" \/>\n<meta property=\"og:type\" content=\"article\" \/>\n<meta property=\"og:title\" content=\"Pro X - Nachhaltiger Foodtruck mit Fotovoltaikmodulen-Lithiumbatterien\" \/>\n<meta property=\"og:description\" content=\"Der Pro X Food-Truck verf\u00fcgt \u00fcber eXtra, ein innovatives digitales Fernsteuerungssystem (APP) f\u00fcr die wichtigsten Bordfunktionen &gt;\" \/>\n<meta property=\"og:url\" content=\"https:\/\/www.vsveicolispeciali.com\/de\/vs-innovation-lab\/pro-x-food-truck-strassen-essen\/\" \/>\n<meta property=\"og:site_name\" content=\"VS Veicoli Speciali\" \/>\n<meta property=\"article:publisher\" content=\"https:\/\/www.facebook.com\/VSVeicoliSpeciali.Food.Trucks\/\" \/>\n<meta property=\"article:modified_time\" content=\"2025-05-06T09:44:29+00:00\" \/>\n<meta name=\"twitter:card\" content=\"summary_large_image\" \/>\n<meta name=\"twitter:site\" content=\"@veicolispeciali\" \/>\n<meta name=\"twitter:label1\" content=\"Gesch\u00e4tzte Lesezeit\" \/>\n\t<meta name=\"twitter:data1\" content=\"3\u00a0Minuten\" \/>\n<!-- \/ Yoast SEO plugin. -->","yoast_head_json":{"title":"Pro X - Nachhaltiger Foodtruck mit Fotovoltaikmodulen-Lithiumbatterien","description":"Der Pro X Food-Truck verf\u00fcgt \u00fcber eXtra, ein innovatives digitales Fernsteuerungssystem (APP) f\u00fcr die wichtigsten Bordfunktionen >","robots":{"index":"index","follow":"follow","max-snippet":"max-snippet:-1","max-image-preview":"max-image-preview:large","max-video-preview":"max-video-preview:-1"},"canonical":"https:\/\/www.vsveicolispeciali.com\/de\/vs-innovation-lab\/pro-x-food-truck-strassen-essen\/","og_locale":"de_DE","og_type":"article","og_title":"Pro X - Nachhaltiger Foodtruck mit Fotovoltaikmodulen-Lithiumbatterien","og_description":"Der Pro X Food-Truck verf\u00fcgt \u00fcber eXtra, ein innovatives digitales Fernsteuerungssystem (APP) f\u00fcr die wichtigsten Bordfunktionen >","og_url":"https:\/\/www.vsveicolispeciali.com\/de\/vs-innovation-lab\/pro-x-food-truck-strassen-essen\/","og_site_name":"VS Veicoli Speciali","article_publisher":"https:\/\/www.facebook.com\/VSVeicoliSpeciali.Food.Trucks\/","article_modified_time":"2025-05-06T09:44:29+00:00","twitter_card":"summary_large_image","twitter_site":"@veicolispeciali","twitter_misc":{"Gesch\u00e4tzte Lesezeit":"3\u00a0Minuten"},"schema":{"@context":"https:\/\/schema.org","@graph":[{"@type":"WebPage","@id":"https:\/\/www.vsveicolispeciali.com\/de\/vs-innovation-lab\/pro-x-food-truck-strassen-essen\/","url":"https:\/\/www.vsveicolispeciali.com\/de\/vs-innovation-lab\/pro-x-food-truck-strassen-essen\/","name":"Pro X - Nachhaltiger Foodtruck mit Fotovoltaikmodulen-Lithiumbatterien","isPartOf":{"@id":"https:\/\/www.vsveicolispeciali.com\/de\/#website"},"datePublished":"2022-04-28T10:34:59+00:00","dateModified":"2025-05-06T09:44:29+00:00","description":"Der Pro X Food-Truck verf\u00fcgt \u00fcber eXtra, ein innovatives digitales Fernsteuerungssystem (APP) f\u00fcr die wichtigsten Bordfunktionen >","breadcrumb":{"@id":"https:\/\/www.vsveicolispeciali.com\/de\/vs-innovation-lab\/pro-x-food-truck-strassen-essen\/#breadcrumb"},"inLanguage":"de","potentialAction":[{"@type":"ReadAction","target":["https:\/\/www.vsveicolispeciali.com\/de\/vs-innovation-lab\/pro-x-food-truck-strassen-essen\/"]}]},{"@type":"BreadcrumbList","@id":"https:\/\/www.vsveicolispeciali.com\/de\/vs-innovation-lab\/pro-x-food-truck-strassen-essen\/#breadcrumb","itemListElement":[{"@type":"ListItem","position":1,"name":"Home","item":"https:\/\/www.vsveicolispeciali.com\/de\/"},{"@type":"ListItem","position":2,"name":"VS Innovation Lab","item":"https:\/\/www.vsveicolispeciali.com\/de\/vs-innovation-lab\/"},{"@type":"ListItem","position":3,"name":"Pro X &#8211; Nachhaltiger Foodtruck"}]},{"@type":"WebSite","@id":"https:\/\/www.vsveicolispeciali.com\/de\/#website","url":"https:\/\/www.vsveicolispeciali.com\/de\/","name":"VS Veicoli Speciali","description":"","potentialAction":[{"@type":"SearchAction","target":{"@type":"EntryPoint","urlTemplate":"https:\/\/www.vsveicolispeciali.com\/de\/?s={search_term_string}"},"query-input":{"@type":"PropertyValueSpecification","valueRequired":true,"valueName":"search_term_string"}}],"inLanguage":"de"}]}},"_links":{"self":[{"href":"https:\/\/www.vsveicolispeciali.com\/de\/wp-json\/wp\/v2\/pages\/15953","targetHints":{"allow":["GET"]}}],"collection":[{"href":"https:\/\/www.vsveicolispeciali.com\/de\/wp-json\/wp\/v2\/pages"}],"about":[{"href":"https:\/\/www.vsveicolispeciali.com\/de\/wp-json\/wp\/v2\/types\/page"}],"author":[{"embeddable":true,"href":"https:\/\/www.vsveicolispeciali.com\/de\/wp-json\/wp\/v2\/users\/1001012"}],"replies":[{"embeddable":true,"href":"https:\/\/www.vsveicolispeciali.com\/de\/wp-json\/wp\/v2\/comments?post=15953"}],"version-history":[{"count":26,"href":"https:\/\/www.vsveicolispeciali.com\/de\/wp-json\/wp\/v2\/pages\/15953\/revisions"}],"predecessor-version":[{"id":24396,"href":"https:\/\/www.vsveicolispeciali.com\/de\/wp-json\/wp\/v2\/pages\/15953\/revisions\/24396"}],"up":[{"embeddable":true,"href":"https:\/\/www.vsveicolispeciali.com\/de\/wp-json\/wp\/v2\/pages\/15184"}],"wp:attachment":[{"href":"https:\/\/www.vsveicolispeciali.com\/de\/wp-json\/wp\/v2\/media?parent=15953"}],"curies":[{"name":"wp","href":"https:\/\/api.w.org\/{rel}","templated":true}]}}