{"id":14222,"date":"2021-11-25T21:28:12","date_gmt":"2021-11-25T20:28:12","guid":{"rendered":"http:\/\/vsveicolispeciali.com\/?page_id=14222"},"modified":"2026-08-10T16:18:54","modified_gmt":"2026-08-10T14:18:54","slug":"guenstige-imbisswagen","status":"publish","type":"page","link":"https:\/\/www.vsveicolispeciali.com\/de\/verkaufswagen-kaufen\/food-truck-imbisswagen-kosten\/guenstige-imbisswagen\/","title":{"rendered":"Eco Food-Truck"},"content":{"rendered":"<div class=\"wpb-content-wrapper\"><div class=\"vc_row wpb_row section vc_row-fluid  grid_section\" style=' text-align:left;'><div class=\" section_inner clearfix\"><div class='section_inner_margin clearfix'><div class=\"wpb_column vc_column_container vc_col-sm-12\"><div class=\"vc_column-inner\"><div class=\"wpb_wrapper\"><div class=\"separator  transparent   \" style=\"margin-top: 0px;margin-bottom: 0px;height: 90px;\"><\/div>\n\n\t<div class=\"wpb_text_column wpb_content_element \">\n\t\t<div class=\"wpb_wrapper\">\n\t\t\t<h2 style=\"text-align: center;\">Ein g\u00fcnstiger und funktionaler Imbisswagen f\u00fcr Ihren gewerblichen Gewerbe<\/h2>\n\n\t\t<\/div> \n\t<\/div> <div class=\"separator  small center  \" style=\"\"><\/div>\n<div      class=\"vc_row wpb_row section vc_row-fluid vc_inner \" style=' text-align:left;'><div class=\" full_section_inner clearfix\"><div class=\"wpb_column vc_column_container vc_col-sm-6\"><div class=\"vc_column-inner\"><div class=\"wpb_wrapper\">\n\t<div class=\"wpb_text_column wpb_content_element \">\n\t\t<div class=\"wpb_wrapper\">\n\t\t\t<p style=\"text-align: left;\">Der ECO Food-Truck ist die \u00f6konomischste L\u00f6sung in der Kategorie der <a href=\"https:\/\/www.vsveicolispeciali.com\/de\/verkaufswagen-kaufen\/food-truck-imbisswagen-kosten\/\">Food-Trucks<\/a>. Er bietet eine einfache Ausstattung, die jedoch nicht auf die hohen Konstruktionsstandards der Premium-Imbisswagen von VS Veicoli Speciali verzichtet.<\/p>\n<p>&nbsp;<\/p>\n<p style=\"text-align: left;\">Mit <strong>zwei \u00d6ffnungsm\u00f6glichkeiten<\/strong>, mit einer gro\u00dfen oder einer kleinen T\u00fcr, kann der Truck auf Wunsch des Kunden individuell ausgestattet werden.<\/p>\n<p>&nbsp;<\/p>\n<p style=\"text-align: left;\">Der Eco Food-Truck ist mit professionellen Premium-Einrichtungen sowie mit normgerechten Anlagen und Materialien ausgestattet und <strong>kann zu einem sp\u00e4teren Zeitpunkt aktualisiert werden<\/strong>, da Grafiken und Ausstattung schnell erneuert und angepasst werden k\u00f6nnen.<\/p>\n\n\t\t<\/div> \n\t<\/div> <\/div><\/div><\/div><div class=\"wpb_column vc_column_container vc_col-sm-6\"><div class=\"vc_column-inner\"><div class=\"wpb_wrapper\">\n\t<div class=\"wpb_text_column wpb_content_element \">\n\t\t<div class=\"wpb_wrapper\">\n\t\t\t<p style=\"text-align: left;\">Der Eco Food-Truck kann f\u00fcr den <strong>Verkauf verschiedene Produkttypen<\/strong> eingerichtet werden: Pizza, Hamburger, Poke, Sushi, Pasta, Eiscreme, Wein, Pommes usw. Das Layout wird an den Gewerbesektor angepasst, die Ausr\u00fcstung sorgf\u00e4ltig ausgew\u00e4hlt und entsprechend den zu verkaufenden Produkten zusammengestellt.<\/p>\n<p style=\"text-align: left;\">Die <strong>Grundausstattung umfasst<\/strong> Folgendes:<\/p>\n<ul>\n<li style=\"text-align: left;\">Unabh\u00e4ngige, normgerechte eingebaute Wasserversorgung<\/li>\n<li style=\"text-align: left;\">normgerechte Stromanlage<\/li>\n<li style=\"text-align: left;\">normgerechte Gasanlage (optional)<\/li>\n<li style=\"text-align: left;\">LED-Beleuchtung<\/li>\n<li style=\"text-align: left;\">Sicherheitssperrvorrichtungen<\/li>\n<li style=\"text-align: left;\">rutschfester Aufstieg<\/li>\n<li style=\"text-align: left;\">Stellf\u00fc\u00dfe<\/li>\n<li style=\"text-align: left;\">Arbeitsfl\u00e4chen aus Edelstahl<\/li>\n<\/ul>\n\n\t\t<\/div> \n\t<\/div> <\/div><\/div><\/div><\/div><\/div><\/div><\/div><\/div><\/div><\/div><\/div><div      class=\"vc_row wpb_row section vc_row-fluid  grid_section\" style=' text-align:left;'><div class=\" section_inner clearfix\"><div class='section_inner_margin clearfix'><div class=\"wpb_column vc_column_container vc_col-sm-12\"><div class=\"vc_column-inner\"><div class=\"wpb_wrapper\"><div class=\"separator  transparent   \" style=\"margin-top: 0px;margin-bottom: 0px;height: 40px;\"><\/div>\n\n\t<div class=\"wpb_text_column wpb_content_element \">\n\t\t<div class=\"wpb_wrapper\">\n\t\t\t<h3 style=\"text-align: center;\">Kommerzielle Informationen<\/h3>\n\n\t\t<\/div> \n\t<\/div> <div class=\"separator  transparent   \" style=\"margin-top: 0px;margin-bottom: 0px;height: 30px;\"><\/div>\n\n\t<div class=\"wpb_text_column wpb_content_element \">\n\t\t<div class=\"wpb_wrapper\">\n\t\t\t<div id=\"dati-schede\">\n<table class=\"vehicle-specifications\">\n<tbody>\n<tr>\n<th scope=\"row\">Vertriebsgebiet<\/th>\n<td>Europa, Schweiz<\/td>\n<\/tr>\n<tr>\n<th scope=\"row\">Preisspanne<\/th>\n<td>70.000 \u2013 100.000 \u20ac zzgl. MwSt.<\/td>\n<\/tr>\n<tr>\n<th scope=\"row\">F\u00fchrerschein<\/th>\n<td>B<\/td>\n<\/tr>\n<tr>\n<th scope=\"row\">Typgenehmigung<\/th>\n<td>Europ\u00e4isch<\/td>\n<\/tr>\n<tr>\n<th scope=\"row\">Lieferzeit<\/th>\n<td>3-5 Monate<\/td>\n<\/tr>\n<tr>\n<th scope=\"row\">Anzahl der Bedienpersonen<\/th>\n<td>3-4<\/td>\n<\/tr>\n<tr class=\"specification-section\">\n<th colspan=\"2\" scope=\"colgroup\">Abmessungen<\/th>\n<\/tr>\n<tr>\n<th scope=\"row\">Breite<\/th>\n<td>2,1 m<\/td>\n<\/tr>\n<tr>\n<th scope=\"row\">L\u00e4nge<\/th>\n<td>5,8 m<\/td>\n<\/tr>\n<tr>\n<th scope=\"row\">Innenh\u00f6he<\/th>\n<td>2,1 m<\/td>\n<\/tr>\n<tr class=\"specification-section\">\n<th colspan=\"2\" scope=\"colgroup\">Energiequellen<\/th>\n<\/tr>\n<tr>\n<th scope=\"row\">Optionen f\u00fcr die Stromversorgung<\/th>\n<td>\n<ul>\n<li>Lithiumbatterien<\/li>\n<li>externes Stromnetz<\/li>\n<\/ul>\n<\/td>\n<\/tr>\n<\/tbody>\n<\/table>\n<\/div>\n\n\t\t<\/div> \n\t<\/div> <\/div><\/div><\/div><\/div><\/div><\/div><div      class=\"vc_row wpb_row section vc_row-fluid \" style=' text-align:left;'><div class=\" full_section_inner clearfix\"><div class=\"wpb_column vc_column_container vc_col-sm-12\"><div class=\"vc_column-inner\"><div class=\"wpb_wrapper\"><div class=\"separator  transparent   \" style=\"margin-top: 0px;margin-bottom: 0px;height: 90px;\"><\/div>\n<div class='projects_holder_outer v5 portfolio_with_space portfolio_with_hover_text'><div class='projects_holder portfolio_main_holder clearfix v5 hover_text portfolio_full_image portfolio_one_by_one'>\n<article class='mix portfolio_category_104 portfolio_category_131 portfolio_category_137 ' style=''><div class='image_holder'><a itemprop='url' class='portfolio_link_for_touch' href='https:\/\/www.vsveicolispeciali.com\/de\/street-food-truck\/food-truck-pizzeria-pz1\/' target='_self'><span class='image'><img loading=\"lazy\" decoding=\"async\" width=\"1000\" height=\"800\" src=\"https:\/\/www.vsveicolispeciali.com\/wp-content\/uploads\/2024\/10\/eco-food-truck-pizzeria-pz1.jpg\" class=\"attachment-full size-full wp-post-image\" alt=\"Food-Truck Pizzeria PZ1 verkauft in Genf, Schweiz\" srcset=\"https:\/\/www.vsveicolispeciali.com\/wp-content\/uploads\/2024\/10\/eco-food-truck-pizzeria-pz1.jpg 1000w, https:\/\/www.vsveicolispeciali.com\/wp-content\/uploads\/2024\/10\/eco-food-truck-pizzeria-pz1-300x240.jpg 300w, https:\/\/www.vsveicolispeciali.com\/wp-content\/uploads\/2024\/10\/eco-food-truck-pizzeria-pz1-768x614.jpg 768w, https:\/\/www.vsveicolispeciali.com\/wp-content\/uploads\/2024\/10\/eco-food-truck-pizzeria-pz1-700x560.jpg 700w\" sizes=\"auto, (max-width: 1000px) 100vw, 1000px\" \/><\/span><\/a><span class='text_holder'><span class='text_outer'><span class='text_inner'><div class=\"hover_feature_holder_title\"><div class=\"hover_feature_holder_title_inner\"><h5 itemprop=\"name\" class=\"portfolio_title entry_title\"><a itemprop=\"url\" href=\"https:\/\/www.vsveicolispeciali.com\/de\/street-food-truck\/food-truck-pizzeria-pz1\/\"  target=\"_self\">Food-Truck Pizzeria PZ1<\/a><\/h5><div  class=\"portfolio_separator separator  small center\"><\/div><span class=\"project_category\" >Eco Food Truck, Street Food, Pizza<\/span><\/div><\/div><span class='feature_holder'><span class=\"feature_holder_icons\"><a itemprop='url' class='preview qbutton small white' href='https:\/\/www.vsveicolispeciali.com\/de\/street-food-truck\/food-truck-pizzeria-pz1\/' target='_self'>view<\/a><span class='portfolio_like qbutton small white'><a  href=\"#\" class=\"qode-like\" id=\"qode-like-26865\" title=\"Like this\">3<span>  Likes<\/span><\/a><\/span><\/span><\/span><\/span><\/span><\/span><\/div><\/article>\n<article class='mix portfolio_category_56 portfolio_category_104 portfolio_category_131 ' style=''><div class='image_holder'><a itemprop='url' class='portfolio_link_for_touch' href='https:\/\/www.vsveicolispeciali.com\/de\/street-food-truck\/frittenwagen-misses-fries\/' target='_self'><span class='image'><img loading=\"lazy\" decoding=\"async\" width=\"1000\" height=\"800\" src=\"https:\/\/www.vsveicolispeciali.com\/wp-content\/uploads\/2024\/10\/friggitoria-ambulante-misses-fries.jpg\" class=\"attachment-full size-full wp-post-image\" alt=\"Frittenwagen MISSES FRIES Fritten und Pommes frites\" srcset=\"https:\/\/www.vsveicolispeciali.com\/wp-content\/uploads\/2024\/10\/friggitoria-ambulante-misses-fries.jpg 1000w, https:\/\/www.vsveicolispeciali.com\/wp-content\/uploads\/2024\/10\/friggitoria-ambulante-misses-fries-300x240.jpg 300w, https:\/\/www.vsveicolispeciali.com\/wp-content\/uploads\/2024\/10\/friggitoria-ambulante-misses-fries-768x614.jpg 768w, https:\/\/www.vsveicolispeciali.com\/wp-content\/uploads\/2024\/10\/friggitoria-ambulante-misses-fries-700x560.jpg 700w\" sizes=\"auto, (max-width: 1000px) 100vw, 1000px\" \/><\/span><\/a><span class='text_holder'><span class='text_outer'><span class='text_inner'><div class=\"hover_feature_holder_title\"><div class=\"hover_feature_holder_title_inner\"><h5 itemprop=\"name\" class=\"portfolio_title entry_title\"><a itemprop=\"url\" href=\"https:\/\/www.vsveicolispeciali.com\/de\/street-food-truck\/frittenwagen-misses-fries\/\"  target=\"_self\">Frittenwagen MISSES FRIES<\/a><\/h5><div  class=\"portfolio_separator separator  small center\"><\/div><span class=\"project_category\" >Food Truck, Eco Food Truck, Street Food<\/span><\/div><\/div><span class='feature_holder'><span class=\"feature_holder_icons\"><a itemprop='url' class='preview qbutton small white' href='https:\/\/www.vsveicolispeciali.com\/de\/street-food-truck\/frittenwagen-misses-fries\/' target='_self'>view<\/a><span class='portfolio_like qbutton small white'><a  href=\"#\" class=\"qode-like\" id=\"qode-like-26787\" title=\"Like this\">5<span>  Likes<\/span><\/a><\/span><\/span><\/span><\/span><\/span><\/span><\/div><\/article>\n<article class='mix portfolio_category_56 portfolio_category_57 portfolio_category_104 ' style=''><div class='image_holder'><a itemprop='url' class='portfolio_link_for_touch' href='https:\/\/www.vsveicolispeciali.com\/de\/street-food-truck\/food-truck-bar-gastronomie-rulli-food\/' target='_self'><span class='image'><img loading=\"lazy\" decoding=\"async\" width=\"1000\" height=\"800\" src=\"https:\/\/www.vsveicolispeciali.com\/wp-content\/uploads\/2024\/07\/Food-Truck-Bar-Cucina-Rulli-Food.jpg\" class=\"attachment-full size-full wp-post-image\" alt=\"Food Truck Bar &amp; Gastronomie | Rulli Food | Promotionsfahrzeug\" srcset=\"https:\/\/www.vsveicolispeciali.com\/wp-content\/uploads\/2024\/07\/Food-Truck-Bar-Cucina-Rulli-Food.jpg 1000w, https:\/\/www.vsveicolispeciali.com\/wp-content\/uploads\/2024\/07\/Food-Truck-Bar-Cucina-Rulli-Food-300x240.jpg 300w, https:\/\/www.vsveicolispeciali.com\/wp-content\/uploads\/2024\/07\/Food-Truck-Bar-Cucina-Rulli-Food-768x614.jpg 768w, https:\/\/www.vsveicolispeciali.com\/wp-content\/uploads\/2024\/07\/Food-Truck-Bar-Cucina-Rulli-Food-700x560.jpg 700w\" sizes=\"auto, (max-width: 1000px) 100vw, 1000px\" \/><\/span><\/a><span class='text_holder'><span class='text_outer'><span class='text_inner'><div class=\"hover_feature_holder_title\"><div class=\"hover_feature_holder_title_inner\"><h5 itemprop=\"name\" class=\"portfolio_title entry_title\"><a itemprop=\"url\" href=\"https:\/\/www.vsveicolispeciali.com\/de\/street-food-truck\/food-truck-bar-gastronomie-rulli-food\/\"  target=\"_self\">Food Truck Bar &#038; Gastronomie &#8211; Rulli FOOD<\/a><\/h5><div  class=\"portfolio_separator separator  small center\"><\/div><span class=\"project_category\" >Food Truck, Promotruck, Eco Food Truck<\/span><\/div><\/div><span class='feature_holder'><span class=\"feature_holder_icons\"><a itemprop='url' class='preview qbutton small white' href='https:\/\/www.vsveicolispeciali.com\/de\/street-food-truck\/food-truck-bar-gastronomie-rulli-food\/' target='_self'>view<\/a><span class='portfolio_like qbutton small white'><a  href=\"#\" class=\"qode-like\" id=\"qode-like-26017\" title=\"Like this\">5<span>  Likes<\/span><\/a><\/span><\/span><\/span><\/span><\/span><\/span><\/div><\/article>\n<article class='mix portfolio_category_56 portfolio_category_104 ' style=''><div class='image_holder'><a itemprop='url' class='portfolio_link_for_touch' href='https:\/\/www.vsveicolispeciali.com\/de\/street-food-truck\/food-truck-fisch-nieddittas\/' target='_self'><span class='image'><img loading=\"lazy\" decoding=\"async\" width=\"1000\" height=\"800\" src=\"https:\/\/www.vsveicolispeciali.com\/wp-content\/uploads\/2023\/07\/food-truck-pesce-nieddittas.jpg\" class=\"attachment-full size-full wp-post-image\" alt=\"Food Truck Fisch Nieddittas\" srcset=\"https:\/\/www.vsveicolispeciali.com\/wp-content\/uploads\/2023\/07\/food-truck-pesce-nieddittas.jpg 1000w, https:\/\/www.vsveicolispeciali.com\/wp-content\/uploads\/2023\/07\/food-truck-pesce-nieddittas-300x240.jpg 300w, https:\/\/www.vsveicolispeciali.com\/wp-content\/uploads\/2023\/07\/food-truck-pesce-nieddittas-768x614.jpg 768w, https:\/\/www.vsveicolispeciali.com\/wp-content\/uploads\/2023\/07\/food-truck-pesce-nieddittas-700x560.jpg 700w\" sizes=\"auto, (max-width: 1000px) 100vw, 1000px\" \/><\/span><\/a><span class='text_holder'><span class='text_outer'><span class='text_inner'><div class=\"hover_feature_holder_title\"><div class=\"hover_feature_holder_title_inner\"><h5 itemprop=\"name\" class=\"portfolio_title entry_title\"><a itemprop=\"url\" href=\"https:\/\/www.vsveicolispeciali.com\/de\/street-food-truck\/food-truck-fisch-nieddittas\/\"  target=\"_self\">Food Truck Fisch NIEDDITTAS<\/a><\/h5><div  class=\"portfolio_separator separator  small center\"><\/div><span class=\"project_category\" >Food Truck, Eco Food Truck<\/span><\/div><\/div><span class='feature_holder'><span class=\"feature_holder_icons\"><a itemprop='url' class='preview qbutton small white' href='https:\/\/www.vsveicolispeciali.com\/de\/street-food-truck\/food-truck-fisch-nieddittas\/' target='_self'>view<\/a><span class='portfolio_like qbutton small white'><a  href=\"#\" class=\"qode-like\" id=\"qode-like-23665\" title=\"Like this\">3<span>  Likes<\/span><\/a><\/span><\/span><\/span><\/span><\/span><\/span><\/div><\/article>\n<article class='mix portfolio_category_56 portfolio_category_104 portfolio_category_131 portfolio_category_134 ' style=''><div class='image_holder'><a itemprop='url' class='portfolio_link_for_touch' href='https:\/\/www.vsveicolispeciali.com\/de\/street-food-truck\/food-truck-kaffee-cafe-de-la-collegiale\/' target='_self'><span class='image'><img loading=\"lazy\" decoding=\"async\" width=\"1200\" height=\"800\" src=\"https:\/\/www.vsveicolispeciali.com\/wp-content\/uploads\/2022\/03\/eco-food-truck-cafe-svizzera-francese.jpg\" class=\"attachment-full size-full wp-post-image\" alt=\"eco food truck kaffee Neuch\u00e2tel dient als Erfrischungspunkt f\u00fcr Besucher des Schlosses\" srcset=\"https:\/\/www.vsveicolispeciali.com\/wp-content\/uploads\/2022\/03\/eco-food-truck-cafe-svizzera-francese.jpg 1200w, https:\/\/www.vsveicolispeciali.com\/wp-content\/uploads\/2022\/03\/eco-food-truck-cafe-svizzera-francese-300x200.jpg 300w, https:\/\/www.vsveicolispeciali.com\/wp-content\/uploads\/2022\/03\/eco-food-truck-cafe-svizzera-francese-1024x683.jpg 1024w, https:\/\/www.vsveicolispeciali.com\/wp-content\/uploads\/2022\/03\/eco-food-truck-cafe-svizzera-francese-768x512.jpg 768w, https:\/\/www.vsveicolispeciali.com\/wp-content\/uploads\/2022\/03\/eco-food-truck-cafe-svizzera-francese-700x467.jpg 700w\" sizes=\"auto, (max-width: 1200px) 100vw, 1200px\" \/><\/span><\/a><span class='text_holder'><span class='text_outer'><span class='text_inner'><div class=\"hover_feature_holder_title\"><div class=\"hover_feature_holder_title_inner\"><h5 itemprop=\"name\" class=\"portfolio_title entry_title\"><a itemprop=\"url\" href=\"https:\/\/www.vsveicolispeciali.com\/de\/street-food-truck\/food-truck-kaffee-cafe-de-la-collegiale\/\"  target=\"_self\">Food Truck Caf\u00e9 de la Collegiale<\/a><\/h5><div  class=\"portfolio_separator separator  small center\"><\/div><span class=\"project_category\" >Food Truck, Eco Food Truck, Street Food, Kaffee<\/span><\/div><\/div><span class='feature_holder'><span class=\"feature_holder_icons\"><a itemprop='url' class='preview qbutton small white' href='https:\/\/www.vsveicolispeciali.com\/de\/street-food-truck\/food-truck-kaffee-cafe-de-la-collegiale\/' target='_self'>view<\/a><span class='portfolio_like qbutton small white'><a  href=\"#\" class=\"qode-like\" id=\"qode-like-15919\" title=\"Like this\">14<span>  Likes<\/span><\/a><\/span><\/span><\/span><\/span><\/span><\/span><\/div><\/article>\n<article class='mix portfolio_category_56 portfolio_category_104 portfolio_category_131 ' style=''><div class='image_holder'><a itemprop='url' class='portfolio_link_for_touch' href='https:\/\/www.vsveicolispeciali.com\/de\/street-food-truck\/sushi-truck-maki-poke-bao\/' target='_self'><span class='image'><img loading=\"lazy\" decoding=\"async\" width=\"1000\" height=\"800\" src=\"https:\/\/www.vsveicolispeciali.com\/wp-content\/uploads\/2021\/11\/food-truck-sushi-bagong-maracaibo.jpg\" class=\"attachment-full size-full wp-post-image\" alt=\"Sushi truck praktische und effiziente Fahrzeug zu einem vern\u00fcnftigen Preis\" srcset=\"https:\/\/www.vsveicolispeciali.com\/wp-content\/uploads\/2021\/11\/food-truck-sushi-bagong-maracaibo.jpg 1000w, https:\/\/www.vsveicolispeciali.com\/wp-content\/uploads\/2021\/11\/food-truck-sushi-bagong-maracaibo-300x240.jpg 300w, https:\/\/www.vsveicolispeciali.com\/wp-content\/uploads\/2021\/11\/food-truck-sushi-bagong-maracaibo-768x614.jpg 768w, https:\/\/www.vsveicolispeciali.com\/wp-content\/uploads\/2021\/11\/food-truck-sushi-bagong-maracaibo-700x560.jpg 700w\" sizes=\"auto, (max-width: 1000px) 100vw, 1000px\" \/><\/span><\/a><span class='text_holder'><span class='text_outer'><span class='text_inner'><div class=\"hover_feature_holder_title\"><div class=\"hover_feature_holder_title_inner\"><h5 itemprop=\"name\" class=\"portfolio_title entry_title\"><a itemprop=\"url\" href=\"https:\/\/www.vsveicolispeciali.com\/de\/street-food-truck\/sushi-truck-maki-poke-bao\/\"  target=\"_self\">Sushi Truck Maracaiba<\/a><\/h5><div  class=\"portfolio_separator separator  small center\"><\/div><span class=\"project_category\" >Food Truck, Eco Food Truck, Street Food<\/span><\/div><\/div><span class='feature_holder'><span class=\"feature_holder_icons\"><a itemprop='url' class='preview qbutton small white' href='https:\/\/www.vsveicolispeciali.com\/de\/street-food-truck\/sushi-truck-maki-poke-bao\/' target='_self'>view<\/a><span class='portfolio_like qbutton small white'><a  href=\"#\" class=\"qode-like\" id=\"qode-like-15509\" title=\"Like this\">8<span>  Likes<\/span><\/a><\/span><\/span><\/span><\/span><\/span><\/span><\/div><\/article>\n<article class='mix portfolio_category_56 portfolio_category_104 portfolio_category_137 ' style=''><div class='image_holder'><a itemprop='url' class='portfolio_link_for_touch' href='https:\/\/www.vsveicolispeciali.com\/de\/street-food-truck\/pizza-verkaufswagen-maquenne-tutti-pizzeria-bruessel\/' target='_self'><span class='image'><img loading=\"lazy\" decoding=\"async\" width=\"1000\" height=\"800\" src=\"https:\/\/www.vsveicolispeciali.com\/wp-content\/uploads\/2021\/11\/pizza-truck-pizzeria-tutti-bruxelles.jpg\" class=\"attachment-full size-full wp-post-image\" alt=\"Pizza Verkaufswagen Maquenne Tutti Pizzeria Br\u00fcssel Eco Food Truck\" srcset=\"https:\/\/www.vsveicolispeciali.com\/wp-content\/uploads\/2021\/11\/pizza-truck-pizzeria-tutti-bruxelles.jpg 1000w, https:\/\/www.vsveicolispeciali.com\/wp-content\/uploads\/2021\/11\/pizza-truck-pizzeria-tutti-bruxelles-300x240.jpg 300w, https:\/\/www.vsveicolispeciali.com\/wp-content\/uploads\/2021\/11\/pizza-truck-pizzeria-tutti-bruxelles-768x614.jpg 768w, https:\/\/www.vsveicolispeciali.com\/wp-content\/uploads\/2021\/11\/pizza-truck-pizzeria-tutti-bruxelles-700x560.jpg 700w\" sizes=\"auto, (max-width: 1000px) 100vw, 1000px\" \/><\/span><\/a><span class='text_holder'><span class='text_outer'><span class='text_inner'><div class=\"hover_feature_holder_title\"><div class=\"hover_feature_holder_title_inner\"><h5 itemprop=\"name\" class=\"portfolio_title entry_title\"><a itemprop=\"url\" href=\"https:\/\/www.vsveicolispeciali.com\/de\/street-food-truck\/pizza-verkaufswagen-maquenne-tutti-pizzeria-bruessel\/\"  target=\"_self\">Pizza Verkaufswagen Maquenne<\/a><\/h5><div  class=\"portfolio_separator separator  small center\"><\/div><span class=\"project_category\" >Food Truck, Eco Food Truck, Pizza<\/span><\/div><\/div><span class='feature_holder'><span class=\"feature_holder_icons\"><a itemprop='url' class='preview qbutton small white' href='https:\/\/www.vsveicolispeciali.com\/de\/street-food-truck\/pizza-verkaufswagen-maquenne-tutti-pizzeria-bruessel\/' target='_self'>view<\/a><span class='portfolio_like qbutton small white'><a  href=\"#\" class=\"qode-like\" id=\"qode-like-15490\" title=\"Like this\">19<span>  Likes<\/span><\/a><\/span><\/span><\/span><\/span><\/span><\/span><\/div><\/article>\n<article class='mix portfolio_category_56 portfolio_category_104 portfolio_category_131 portfolio_category_137 ' style=''><div class='image_holder'><a itemprop='url' class='portfolio_link_for_touch' href='https:\/\/www.vsveicolispeciali.com\/de\/street-food-truck\/pizzawagen-pizza-da-salvo\/' target='_self'><span class='image'><img loading=\"lazy\" decoding=\"async\" width=\"1000\" height=\"800\" src=\"https:\/\/www.vsveicolispeciali.com\/wp-content\/uploads\/2021\/11\/eco-food-truck-pizza-da-salvo.jpg\" class=\"attachment-full size-full wp-post-image\" alt=\"Pizzawagen g\u00fcnstige Food Truck f\u00fcr ein Familienunternehmen\" srcset=\"https:\/\/www.vsveicolispeciali.com\/wp-content\/uploads\/2021\/11\/eco-food-truck-pizza-da-salvo.jpg 1000w, https:\/\/www.vsveicolispeciali.com\/wp-content\/uploads\/2021\/11\/eco-food-truck-pizza-da-salvo-300x240.jpg 300w, https:\/\/www.vsveicolispeciali.com\/wp-content\/uploads\/2021\/11\/eco-food-truck-pizza-da-salvo-768x614.jpg 768w, https:\/\/www.vsveicolispeciali.com\/wp-content\/uploads\/2021\/11\/eco-food-truck-pizza-da-salvo-700x560.jpg 700w\" sizes=\"auto, (max-width: 1000px) 100vw, 1000px\" \/><\/span><\/a><span class='text_holder'><span class='text_outer'><span class='text_inner'><div class=\"hover_feature_holder_title\"><div class=\"hover_feature_holder_title_inner\"><h5 itemprop=\"name\" class=\"portfolio_title entry_title\"><a itemprop=\"url\" href=\"https:\/\/www.vsveicolispeciali.com\/de\/street-food-truck\/pizzawagen-pizza-da-salvo\/\"  target=\"_self\">Pizzawagen Pizza da Salvo<\/a><\/h5><div  class=\"portfolio_separator separator  small center\"><\/div><span class=\"project_category\" >Food Truck, Eco Food Truck, Street Food, Pizza<\/span><\/div><\/div><span class='feature_holder'><span class=\"feature_holder_icons\"><a itemprop='url' class='preview qbutton small white' href='https:\/\/www.vsveicolispeciali.com\/de\/street-food-truck\/pizzawagen-pizza-da-salvo\/' target='_self'>view<\/a><span class='portfolio_like qbutton small white'><a  href=\"#\" class=\"qode-like\" id=\"qode-like-15444\" title=\"Like this\">16<span>  Likes<\/span><\/a><\/span><\/span><\/span><\/span><\/span><\/span><\/div><\/article>\n<div class='filler'><\/div>\n<div class='filler'><\/div>\n<div class='filler'><\/div>\n<div class='filler'><\/div>\n<div class='filler'><\/div>\n<\/div><\/div><div class=\"separator  transparent   \" style=\"height: 120px;\"><\/div>\n<\/div><\/div><\/div><\/div><\/div>\n<\/div>","protected":false},"excerpt":{"rendered":"Ein \u00d6ko Food Truck f\u00fcr ein Familienunternehmen, das in der Schweizer Gemeinde Kirchberg leckere hausgemachte Pizza verkauft. F\u00fcr das italienische Rezept werden frische Produkte und eine gro\u00dfe Auswahl an Zutaten sorgf\u00e4ltig ausgew\u00e4hlt. \"Pizza da Salvo\" begleitet und erfreut seine Kundschaft an privaten Anl\u00e4ssen wie Geburtstage,...","protected":false},"author":1001012,"featured_media":0,"parent":7686,"menu_order":4,"comment_status":"closed","ping_status":"closed","template":"full_width.php","meta":{"_acf_changed":false,"rs_blank_template":"","rs_page_bg_color":"","slide_template_v7":"","footnotes":""},"class_list":["post-14222","page","type-page","status-publish","hentry"],"acf":[],"yoast_head":"<!-- This site is optimized with the Yoast SEO plugin v28.2 - https:\/\/yoast.com\/product\/yoast-seo-wordpress\/ -->\n<title>Ein g\u00fcnstiger und funktionaler Imbisswagen f\u00fcr Ihren Gewerbe<\/title>\n<meta name=\"description\" content=\"Der ECO Food-Truck ist die \u00f6konomischste L\u00f6sung in der Kategorie der Imbiss-Trucks. Er bietet eine einfache Ausstattung mit professionellen Einrichtungen\" \/>\n<meta name=\"robots\" content=\"index, follow, max-snippet:-1, max-image-preview:large, max-video-preview:-1\" \/>\n<link rel=\"canonical\" href=\"https:\/\/www.vsveicolispeciali.com\/de\/verkaufswagen-kaufen\/food-truck-imbisswagen-kosten\/guenstige-imbisswagen\/\" \/>\n<meta property=\"og:locale\" content=\"de_DE\" \/>\n<meta property=\"og:type\" content=\"article\" \/>\n<meta property=\"og:title\" content=\"Ein g\u00fcnstiger und funktionaler Imbisswagen f\u00fcr Ihren Gewerbe\" \/>\n<meta property=\"og:description\" content=\"Der ECO Food-Truck ist die \u00f6konomischste L\u00f6sung in der Kategorie der Imbiss-Trucks. Er bietet eine einfache Ausstattung mit professionellen Einrichtungen\" \/>\n<meta property=\"og:url\" content=\"https:\/\/www.vsveicolispeciali.com\/de\/verkaufswagen-kaufen\/food-truck-imbisswagen-kosten\/guenstige-imbisswagen\/\" \/>\n<meta property=\"og:site_name\" content=\"VS Veicoli Speciali\" \/>\n<meta property=\"article:publisher\" content=\"https:\/\/www.facebook.com\/VSVeicoliSpeciali.Food.Trucks\/\" \/>\n<meta property=\"article:modified_time\" content=\"2026-08-10T14:18:54+00:00\" \/>\n<meta name=\"twitter:card\" content=\"summary_large_image\" \/>\n<meta name=\"twitter:site\" content=\"@veicolispeciali\" \/>\n<meta name=\"twitter:label1\" content=\"Gesch\u00e4tzte Lesezeit\" \/>\n\t<meta name=\"twitter:data1\" content=\"2\u00a0Minuten\" \/>\n<!-- \/ Yoast SEO plugin. -->","yoast_head_json":{"title":"Ein g\u00fcnstiger und funktionaler Imbisswagen f\u00fcr Ihren Gewerbe","description":"Der ECO Food-Truck ist die \u00f6konomischste L\u00f6sung in der Kategorie der Imbiss-Trucks. Er bietet eine einfache Ausstattung mit professionellen Einrichtungen","robots":{"index":"index","follow":"follow","max-snippet":"max-snippet:-1","max-image-preview":"max-image-preview:large","max-video-preview":"max-video-preview:-1"},"canonical":"https:\/\/www.vsveicolispeciali.com\/de\/verkaufswagen-kaufen\/food-truck-imbisswagen-kosten\/guenstige-imbisswagen\/","og_locale":"de_DE","og_type":"article","og_title":"Ein g\u00fcnstiger und funktionaler Imbisswagen f\u00fcr Ihren Gewerbe","og_description":"Der ECO Food-Truck ist die \u00f6konomischste L\u00f6sung in der Kategorie der Imbiss-Trucks. Er bietet eine einfache Ausstattung mit professionellen Einrichtungen","og_url":"https:\/\/www.vsveicolispeciali.com\/de\/verkaufswagen-kaufen\/food-truck-imbisswagen-kosten\/guenstige-imbisswagen\/","og_site_name":"VS Veicoli Speciali","article_publisher":"https:\/\/www.facebook.com\/VSVeicoliSpeciali.Food.Trucks\/","article_modified_time":"2026-08-10T14:18:54+00:00","twitter_card":"summary_large_image","twitter_site":"@veicolispeciali","twitter_misc":{"Gesch\u00e4tzte Lesezeit":"2\u00a0Minuten"},"schema":{"@context":"https:\/\/schema.org","@graph":[{"@type":"WebPage","@id":"https:\/\/www.vsveicolispeciali.com\/de\/verkaufswagen-kaufen\/food-truck-imbisswagen-kosten\/guenstige-imbisswagen\/","url":"https:\/\/www.vsveicolispeciali.com\/de\/verkaufswagen-kaufen\/food-truck-imbisswagen-kosten\/guenstige-imbisswagen\/","name":"Ein g\u00fcnstiger und funktionaler Imbisswagen f\u00fcr Ihren Gewerbe","isPartOf":{"@id":"https:\/\/www.vsveicolispeciali.com\/de\/#website"},"datePublished":"2021-11-25T20:28:12+00:00","dateModified":"2026-08-10T14:18:54+00:00","description":"Der ECO Food-Truck ist die \u00f6konomischste L\u00f6sung in der Kategorie der Imbiss-Trucks. Er bietet eine einfache Ausstattung mit professionellen Einrichtungen","breadcrumb":{"@id":"https:\/\/www.vsveicolispeciali.com\/de\/verkaufswagen-kaufen\/food-truck-imbisswagen-kosten\/guenstige-imbisswagen\/#breadcrumb"},"inLanguage":"de","potentialAction":[{"@type":"ReadAction","target":["https:\/\/www.vsveicolispeciali.com\/de\/verkaufswagen-kaufen\/food-truck-imbisswagen-kosten\/guenstige-imbisswagen\/"]}]},{"@type":"BreadcrumbList","@id":"https:\/\/www.vsveicolispeciali.com\/de\/verkaufswagen-kaufen\/food-truck-imbisswagen-kosten\/guenstige-imbisswagen\/#breadcrumb","itemListElement":[{"@type":"ListItem","position":1,"name":"Home","item":"https:\/\/www.vsveicolispeciali.com\/de\/"},{"@type":"ListItem","position":2,"name":"Verkaufswagen und Streetfood-Wagen kaufen","item":"https:\/\/www.vsveicolispeciali.com\/de\/verkaufswagen-kaufen\/"},{"@type":"ListItem","position":3,"name":"FOODTRUCKS KAUFEN","item":"https:\/\/www.vsveicolispeciali.com\/de\/verkaufswagen-kaufen\/food-truck-imbisswagen-kosten\/"},{"@type":"ListItem","position":4,"name":"Eco Food-Truck"}]},{"@type":"WebSite","@id":"https:\/\/www.vsveicolispeciali.com\/de\/#website","url":"https:\/\/www.vsveicolispeciali.com\/de\/","name":"VS Veicoli Speciali","description":"","potentialAction":[{"@type":"SearchAction","target":{"@type":"EntryPoint","urlTemplate":"https:\/\/www.vsveicolispeciali.com\/de\/?s={search_term_string}"},"query-input":{"@type":"PropertyValueSpecification","valueRequired":true,"valueName":"search_term_string"}}],"inLanguage":"de"}]}},"_links":{"self":[{"href":"https:\/\/www.vsveicolispeciali.com\/de\/wp-json\/wp\/v2\/pages\/14222","targetHints":{"allow":["GET"]}}],"collection":[{"href":"https:\/\/www.vsveicolispeciali.com\/de\/wp-json\/wp\/v2\/pages"}],"about":[{"href":"https:\/\/www.vsveicolispeciali.com\/de\/wp-json\/wp\/v2\/types\/page"}],"author":[{"embeddable":true,"href":"https:\/\/www.vsveicolispeciali.com\/de\/wp-json\/wp\/v2\/users\/1001012"}],"replies":[{"embeddable":true,"href":"https:\/\/www.vsveicolispeciali.com\/de\/wp-json\/wp\/v2\/comments?post=14222"}],"version-history":[{"count":11,"href":"https:\/\/www.vsveicolispeciali.com\/de\/wp-json\/wp\/v2\/pages\/14222\/revisions"}],"predecessor-version":[{"id":30273,"href":"https:\/\/www.vsveicolispeciali.com\/de\/wp-json\/wp\/v2\/pages\/14222\/revisions\/30273"}],"up":[{"embeddable":true,"href":"https:\/\/www.vsveicolispeciali.com\/de\/wp-json\/wp\/v2\/pages\/7686"}],"wp:attachment":[{"href":"https:\/\/www.vsveicolispeciali.com\/de\/wp-json\/wp\/v2\/media?parent=14222"}],"curies":[{"name":"wp","href":"https:\/\/api.w.org\/{rel}","templated":true}]}}