{"id":11816,"date":"2019-11-22T18:28:24","date_gmt":"2019-11-22T17:28:24","guid":{"rendered":"http:\/\/vsveicolispeciali.com\/verkaufswagen-kaufen\/food-truck-imbisswagen-kosten\/citroen-jumper-food-truck\/"},"modified":"2023-08-30T11:43:00","modified_gmt":"2023-08-30T09:43:00","slug":"citroen-jumper-retro-food-truck-umbau","status":"publish","type":"page","link":"https:\/\/www.vsveicolispeciali.com\/de\/verkaufswagen-kaufen\/food-truck-imbisswagen-kosten\/citroen-jumper-retro-food-truck-umbau\/","title":{"rendered":"Citro\u00ebn Jumper, in Retro-Foodtruck umgewandelt"},"content":{"rendered":"<div class=\"wpb-content-wrapper\"><p>[vc_row css_animation=&#8220;&#8220; row_type=&#8220;row&#8220; use_row_as_full_screen_section=&#8220;no&#8220; type=&#8220;grid&#8220; angled_section=&#8220;no&#8220; text_align=&#8220;left&#8220; background_image_as_pattern=&#8220;without_pattern&#8220;][vc_column][vc_separator type=&#8220;transparent&#8220; thickness=&#8220;90&#8243; up=&#8220;0&#8243; down=&#8220;0&#8243;][vc_column_text]<\/p>\n<h2 style=\"text-align: center;\"><span style=\"font-size: 20px;\">NV Food Truck<\/span><br \/>\nProfessioneller Umbau<\/h2>\n<p>[\/vc_column_text][vc_separator type=&#8220;small&#8220; position=&#8220;center&#8220;][vc_row_inner row_type=&#8220;row&#8220; type=&#8220;full_width&#8220; text_align=&#8220;center&#8220; css_animation=&#8220;&#8220;][vc_column_inner offset=&#8220;vc_col-lg-offset-2 vc_col-lg-8&#8243;][vc_column_text]Der <strong>neue Citroen Jumper<\/strong>, umgebaut in einen <a href=\"https:\/\/vsveicolispeciali.com\/de\/verkaufswagen-kaufen\/food-truck-imbisswagen-kosten\/\">Food-Truck<\/a>, darf sich einer au\u00dferordentlichen \u00e4sthetischen Qualit\u00e4t r\u00fchmen: Der Vintage-Stil erinnert an den Citro\u00ebn Type H der 60er- und 70er-Jahre. Die technischen Eigenschaften machen den NV Food-Truck zum <strong>idealen Verkaufswagen f\u00fcr das Streetfood-Gesch\u00e4ft<\/strong>, der viel Platz zum Arbeiten bietet. Innenausstattung, Materialien, Beleuchtung, Grafik und Zubeh\u00f6r sind vollst\u00e4ndig personalisierbar. Im Folgenden finden Sie einige Ausstattungen, die wir f\u00fcr Unternehmen aus dem Gastgewerbe u. a. gebaut haben. <a href=\"https:\/\/vs-foodtruck.de\/nv-food-truck\" target=\"_blank\" rel=\"noopener\">Der zum Foodtruck umgebaute Citroen Jumper<\/a> wird zu einem echten <strong>fahrenden Restaurant<\/strong> f\u00fcr <strong>mobile Gastronomie<\/strong> und <strong>professionelle Catering-Service<\/strong>, das in der Lage ist, auch w\u00e4hrend gro\u00dfer Veranstaltungen eine erstaunlich gro\u00dfe Zahl an Kunden zu bedienen.[\/vc_column_text][\/vc_column_inner][\/vc_row_inner][\/vc_column][\/vc_row][vc_row css_animation=&#8220;&#8220; row_type=&#8220;row&#8220; use_row_as_full_screen_section=&#8220;no&#8220; type=&#8220;full_width&#8220; angled_section=&#8220;no&#8220; text_align=&#8220;left&#8220; background_image_as_pattern=&#8220;without_pattern&#8220; z_index=&#8220;&#8220;][vc_column][vc_separator type=&#8220;transparent&#8220; thickness=&#8220;90&#8243; up=&#8220;0&#8243; down=&#8220;0&#8243;]<div class='projects_holder_outer v5 portfolio_with_space portfolio_with_hover_text'><div class='projects_holder portfolio_main_holder clearfix v5 hover_text portfolio_full_image portfolio_one_by_one'>\n<article class='mix portfolio_category_56 portfolio_category_87 ' style=''><div class='image_holder'><a itemprop='url' class='portfolio_link_for_touch' href='https:\/\/www.vsveicolispeciali.com\/de\/street-food-truck\/bubble-tea-drink-truck-bobabubble\/' target='_self'><span class='image'><img loading=\"lazy\" decoding=\"async\" width=\"1000\" height=\"800\" src=\"https:\/\/www.vsveicolispeciali.com\/wp-content\/uploads\/2026\/02\/bubble-tea-drink-truck-bobabubble.jpg\" class=\"attachment-full size-full wp-post-image\" alt=\"bubble tea drink-truck bobabubble\" srcset=\"https:\/\/www.vsveicolispeciali.com\/wp-content\/uploads\/2026\/02\/bubble-tea-drink-truck-bobabubble.jpg 1000w, https:\/\/www.vsveicolispeciali.com\/wp-content\/uploads\/2026\/02\/bubble-tea-drink-truck-bobabubble-300x240.jpg 300w, https:\/\/www.vsveicolispeciali.com\/wp-content\/uploads\/2026\/02\/bubble-tea-drink-truck-bobabubble-768x614.jpg 768w, https:\/\/www.vsveicolispeciali.com\/wp-content\/uploads\/2026\/02\/bubble-tea-drink-truck-bobabubble-700x560.jpg 700w\" sizes=\"(max-width: 1000px) 100vw, 1000px\" \/><\/span><\/a><span class='text_holder'><span class='text_outer'><span class='text_inner'><div class=\"hover_feature_holder_title\"><div class=\"hover_feature_holder_title_inner\"><h5 itemprop=\"name\" class=\"portfolio_title entry_title\"><a itemprop=\"url\" href=\"https:\/\/www.vsveicolispeciali.com\/de\/street-food-truck\/bubble-tea-drink-truck-bobabubble\/\"  target=\"_self\">Drink-Truck BobaBubble<\/a><\/h5><div  class=\"portfolio_separator separator  small center\"><\/div><span class=\"project_category\" >Food Truck, NV Food Truck<\/span><\/div><\/div><span class='feature_holder'><span class=\"feature_holder_icons\"><a itemprop='url' class='preview qbutton small white' href='https:\/\/www.vsveicolispeciali.com\/de\/street-food-truck\/bubble-tea-drink-truck-bobabubble\/' target='_self'>view<\/a><span class='portfolio_like qbutton small white'><a  href=\"#\" class=\"qode-like\" id=\"qode-like-29411\" title=\"Like this\">2<span>  Likes<\/span><\/a><\/span><\/span><\/span><\/span><\/span><\/span><\/div><\/article>\n<article class='mix portfolio_category_56 portfolio_category_87 portfolio_category_131 portfolio_category_618 ' style=''><div class='image_holder'><a itemprop='url' class='portfolio_link_for_touch' href='https:\/\/www.vsveicolispeciali.com\/de\/street-food-truck\/mobile-restaurant-ed-traiteur\/' target='_self'><span class='image'><img loading=\"lazy\" decoding=\"async\" width=\"1000\" height=\"800\" src=\"https:\/\/www.vsveicolispeciali.com\/wp-content\/uploads\/2025\/10\/food-truck-traiteur-ed.jpg\" class=\"attachment-full size-full wp-post-image\" alt=\"\" srcset=\"https:\/\/www.vsveicolispeciali.com\/wp-content\/uploads\/2025\/10\/food-truck-traiteur-ed.jpg 1000w, https:\/\/www.vsveicolispeciali.com\/wp-content\/uploads\/2025\/10\/food-truck-traiteur-ed-300x240.jpg 300w, https:\/\/www.vsveicolispeciali.com\/wp-content\/uploads\/2025\/10\/food-truck-traiteur-ed-768x614.jpg 768w, https:\/\/www.vsveicolispeciali.com\/wp-content\/uploads\/2025\/10\/food-truck-traiteur-ed-700x560.jpg 700w\" sizes=\"(max-width: 1000px) 100vw, 1000px\" \/><\/span><\/a><span class='text_holder'><span class='text_outer'><span class='text_inner'><div class=\"hover_feature_holder_title\"><div class=\"hover_feature_holder_title_inner\"><h5 itemprop=\"name\" class=\"portfolio_title entry_title\"><a itemprop=\"url\" href=\"https:\/\/www.vsveicolispeciali.com\/de\/street-food-truck\/mobile-restaurant-ed-traiteur\/\"  target=\"_self\">MOBILE RESTAURANT ED TRAITEUR<\/a><\/h5><div  class=\"portfolio_separator separator  small center\"><\/div><span class=\"project_category\" >Food Truck, NV Food Truck, Street Food, Chef<\/span><\/div><\/div><span class='feature_holder'><span class=\"feature_holder_icons\"><a itemprop='url' class='preview qbutton small white' href='https:\/\/www.vsveicolispeciali.com\/de\/street-food-truck\/mobile-restaurant-ed-traiteur\/' target='_self'>view<\/a><span class='portfolio_like qbutton small white'><a  href=\"#\" class=\"qode-like\" id=\"qode-like-28892\" title=\"Like this\">3<span>  Likes<\/span><\/a><\/span><\/span><\/span><\/span><\/span><\/span><\/div><\/article>\n<article class='mix portfolio_category_56 portfolio_category_87 portfolio_category_131 portfolio_category_408 ' style=''><div class='image_holder'><a itemprop='url' class='portfolio_link_for_touch' href='https:\/\/www.vsveicolispeciali.com\/de\/street-food-truck\/sandwich-foodtruck-rio-mare\/' target='_self'><span class='image'><img loading=\"lazy\" decoding=\"async\" width=\"1000\" height=\"800\" src=\"https:\/\/www.vsveicolispeciali.com\/wp-content\/uploads\/2025\/10\/sandwich-food-truck-rio-mare.jpg\" class=\"attachment-full size-full wp-post-image\" alt=\"sandwich foodtruck rio mare auf einem Citro\u00ebn Jumper Typ H aufgebaut\" srcset=\"https:\/\/www.vsveicolispeciali.com\/wp-content\/uploads\/2025\/10\/sandwich-food-truck-rio-mare.jpg 1000w, https:\/\/www.vsveicolispeciali.com\/wp-content\/uploads\/2025\/10\/sandwich-food-truck-rio-mare-300x240.jpg 300w, https:\/\/www.vsveicolispeciali.com\/wp-content\/uploads\/2025\/10\/sandwich-food-truck-rio-mare-768x614.jpg 768w, https:\/\/www.vsveicolispeciali.com\/wp-content\/uploads\/2025\/10\/sandwich-food-truck-rio-mare-700x560.jpg 700w\" sizes=\"(max-width: 1000px) 100vw, 1000px\" \/><\/span><\/a><span class='text_holder'><span class='text_outer'><span class='text_inner'><div class=\"hover_feature_holder_title\"><div class=\"hover_feature_holder_title_inner\"><h5 itemprop=\"name\" class=\"portfolio_title entry_title\"><a itemprop=\"url\" href=\"https:\/\/www.vsveicolispeciali.com\/de\/street-food-truck\/sandwich-foodtruck-rio-mare\/\"  target=\"_self\">SANDWICH FOODTRUCK RIO MARE<\/a><\/h5><div  class=\"portfolio_separator separator  small center\"><\/div><span class=\"project_category\" >Food Truck, NV Food Truck, Street Food, Sandwich<\/span><\/div><\/div><span class='feature_holder'><span class=\"feature_holder_icons\"><a itemprop='url' class='preview qbutton small white' href='https:\/\/www.vsveicolispeciali.com\/de\/street-food-truck\/sandwich-foodtruck-rio-mare\/' target='_self'>view<\/a><span class='portfolio_like qbutton small white'><a  href=\"#\" class=\"qode-like\" id=\"qode-like-28872\" title=\"Like this\">2<span>  Likes<\/span><\/a><\/span><\/span><\/span><\/span><\/span><\/span><\/div><\/article>\n<article class='mix portfolio_category_56 portfolio_category_87 ' style=''><div class='image_holder'><a itemprop='url' class='portfolio_link_for_touch' href='https:\/\/www.vsveicolispeciali.com\/de\/street-food-truck\/mobile-kueche-dispensa-emilia\/' target='_self'><span class='image'><img loading=\"lazy\" decoding=\"async\" width=\"1000\" height=\"800\" src=\"https:\/\/www.vsveicolispeciali.com\/wp-content\/uploads\/2025\/05\/food-truck-ristorante-dispensa-emilia.jpg\" class=\"attachment-full size-full wp-post-image\" alt=\"Mobile K\u00fcche Dispensa Emilia Restaurant auf R\u00e4dern\" srcset=\"https:\/\/www.vsveicolispeciali.com\/wp-content\/uploads\/2025\/05\/food-truck-ristorante-dispensa-emilia.jpg 1000w, https:\/\/www.vsveicolispeciali.com\/wp-content\/uploads\/2025\/05\/food-truck-ristorante-dispensa-emilia-300x240.jpg 300w, https:\/\/www.vsveicolispeciali.com\/wp-content\/uploads\/2025\/05\/food-truck-ristorante-dispensa-emilia-768x614.jpg 768w, https:\/\/www.vsveicolispeciali.com\/wp-content\/uploads\/2025\/05\/food-truck-ristorante-dispensa-emilia-700x560.jpg 700w\" sizes=\"(max-width: 1000px) 100vw, 1000px\" \/><\/span><\/a><span class='text_holder'><span class='text_outer'><span class='text_inner'><div class=\"hover_feature_holder_title\"><div class=\"hover_feature_holder_title_inner\"><h5 itemprop=\"name\" class=\"portfolio_title entry_title\"><a itemprop=\"url\" href=\"https:\/\/www.vsveicolispeciali.com\/de\/street-food-truck\/mobile-kueche-dispensa-emilia\/\"  target=\"_self\">Mobile K\u00fcche Dispensa Emilia<\/a><\/h5><div  class=\"portfolio_separator separator  small center\"><\/div><span class=\"project_category\" >Food Truck, NV Food Truck<\/span><\/div><\/div><span class='feature_holder'><span class=\"feature_holder_icons\"><a itemprop='url' class='preview qbutton small white' href='https:\/\/www.vsveicolispeciali.com\/de\/street-food-truck\/mobile-kueche-dispensa-emilia\/' target='_self'>view<\/a><span class='portfolio_like qbutton small white'><a  href=\"#\" class=\"qode-like\" id=\"qode-like-27954\" title=\"Like this\">5<span>  Likes<\/span><\/a><\/span><\/span><\/span><\/span><\/span><\/span><\/div><\/article>\n<article class='mix portfolio_category_87 portfolio_category_131 portfolio_category_397 ' style=''><div class='image_holder'><a itemprop='url' class='portfolio_link_for_touch' href='https:\/\/www.vsveicolispeciali.com\/de\/street-food-truck\/food-truck-cocktail-bar-der-bar\/' target='_self'><span class='image'><img loading=\"lazy\" decoding=\"async\" width=\"1000\" height=\"800\" src=\"https:\/\/www.vsveicolispeciali.com\/wp-content\/uploads\/2025\/05\/cocktail-bar-truck-der-bar.jpg\" class=\"attachment-full size-full wp-post-image\" alt=\"food-truck-cocktail-bar Der Bar, Die Kunst des Barista\" srcset=\"https:\/\/www.vsveicolispeciali.com\/wp-content\/uploads\/2025\/05\/cocktail-bar-truck-der-bar.jpg 1000w, https:\/\/www.vsveicolispeciali.com\/wp-content\/uploads\/2025\/05\/cocktail-bar-truck-der-bar-300x240.jpg 300w, https:\/\/www.vsveicolispeciali.com\/wp-content\/uploads\/2025\/05\/cocktail-bar-truck-der-bar-768x614.jpg 768w, https:\/\/www.vsveicolispeciali.com\/wp-content\/uploads\/2025\/05\/cocktail-bar-truck-der-bar-700x560.jpg 700w\" sizes=\"(max-width: 1000px) 100vw, 1000px\" \/><\/span><\/a><span class='text_holder'><span class='text_outer'><span class='text_inner'><div class=\"hover_feature_holder_title\"><div class=\"hover_feature_holder_title_inner\"><h5 itemprop=\"name\" class=\"portfolio_title entry_title\"><a itemprop=\"url\" href=\"https:\/\/www.vsveicolispeciali.com\/de\/street-food-truck\/food-truck-cocktail-bar-der-bar\/\"  target=\"_self\">Food-Truck-Cocktail-Bar Der Bar<\/a><\/h5><div  class=\"portfolio_separator separator  small center\"><\/div><span class=\"project_category\" >NV Food Truck, Street Food, Cocktail-Bar<\/span><\/div><\/div><span class='feature_holder'><span class=\"feature_holder_icons\"><a itemprop='url' class='preview qbutton small white' href='https:\/\/www.vsveicolispeciali.com\/de\/street-food-truck\/food-truck-cocktail-bar-der-bar\/' target='_self'>view<\/a><span class='portfolio_like qbutton small white'><a  href=\"#\" class=\"qode-like\" id=\"qode-like-27935\" title=\"Like this\">4<span>  Likes<\/span><\/a><\/span><\/span><\/span><\/span><\/span><\/span><\/div><\/article>\n<article class='mix portfolio_category_56 portfolio_category_87 portfolio_category_131 portfolio_category_137 ' style=''><div class='image_holder'><a itemprop='url' class='portfolio_link_for_touch' href='https:\/\/www.vsveicolispeciali.com\/de\/street-food-truck\/pizzawagen-360-street-food\/' target='_self'><span class='image'><img loading=\"lazy\" decoding=\"async\" width=\"1000\" height=\"800\" src=\"https:\/\/www.vsveicolispeciali.com\/wp-content\/uploads\/2025\/02\/pizzeria-mobile-360-street-food.jpg\" class=\"attachment-full size-full wp-post-image\" alt=\"Pizzawagen 360\u00ba Street Food\" srcset=\"https:\/\/www.vsveicolispeciali.com\/wp-content\/uploads\/2025\/02\/pizzeria-mobile-360-street-food.jpg 1000w, https:\/\/www.vsveicolispeciali.com\/wp-content\/uploads\/2025\/02\/pizzeria-mobile-360-street-food-300x240.jpg 300w, https:\/\/www.vsveicolispeciali.com\/wp-content\/uploads\/2025\/02\/pizzeria-mobile-360-street-food-768x614.jpg 768w, https:\/\/www.vsveicolispeciali.com\/wp-content\/uploads\/2025\/02\/pizzeria-mobile-360-street-food-700x560.jpg 700w\" sizes=\"(max-width: 1000px) 100vw, 1000px\" \/><\/span><\/a><span class='text_holder'><span class='text_outer'><span class='text_inner'><div class=\"hover_feature_holder_title\"><div class=\"hover_feature_holder_title_inner\"><h5 itemprop=\"name\" class=\"portfolio_title entry_title\"><a itemprop=\"url\" href=\"https:\/\/www.vsveicolispeciali.com\/de\/street-food-truck\/pizzawagen-360-street-food\/\"  target=\"_self\">Pizzawagen 360\u00ba Street Food<\/a><\/h5><div  class=\"portfolio_separator separator  small center\"><\/div><span class=\"project_category\" >Food Truck, NV Food Truck, Street Food, Pizza<\/span><\/div><\/div><span class='feature_holder'><span class=\"feature_holder_icons\"><a itemprop='url' class='preview qbutton small white' href='https:\/\/www.vsveicolispeciali.com\/de\/street-food-truck\/pizzawagen-360-street-food\/' target='_self'>view<\/a><span class='portfolio_like qbutton small white'><a  href=\"#\" class=\"qode-like\" id=\"qode-like-27645\" title=\"Like this\">7<span>  Likes<\/span><\/a><\/span><\/span><\/span><\/span><\/span><\/span><\/div><\/article>\n<article class='mix portfolio_category_56 portfolio_category_87 portfolio_category_131 portfolio_category_136 ' style=''><div class='image_holder'><a itemprop='url' class='portfolio_link_for_touch' href='https:\/\/www.vsveicolispeciali.com\/de\/street-food-truck\/burger-foodtruck-sando\/' target='_self'><span class='image'><img loading=\"lazy\" decoding=\"async\" width=\"1000\" height=\"800\" src=\"https:\/\/www.vsveicolispeciali.com\/wp-content\/uploads\/2024\/11\/burger-truck-sando-hamburger-giapponesi.jpg\" class=\"attachment-full size-full wp-post-image\" alt=\"Burger Foodtruck Sando japanische Burger in der Schweiz\" srcset=\"https:\/\/www.vsveicolispeciali.com\/wp-content\/uploads\/2024\/11\/burger-truck-sando-hamburger-giapponesi.jpg 1000w, https:\/\/www.vsveicolispeciali.com\/wp-content\/uploads\/2024\/11\/burger-truck-sando-hamburger-giapponesi-300x240.jpg 300w, https:\/\/www.vsveicolispeciali.com\/wp-content\/uploads\/2024\/11\/burger-truck-sando-hamburger-giapponesi-768x614.jpg 768w, https:\/\/www.vsveicolispeciali.com\/wp-content\/uploads\/2024\/11\/burger-truck-sando-hamburger-giapponesi-700x560.jpg 700w\" sizes=\"(max-width: 1000px) 100vw, 1000px\" \/><\/span><\/a><span class='text_holder'><span class='text_outer'><span class='text_inner'><div class=\"hover_feature_holder_title\"><div class=\"hover_feature_holder_title_inner\"><h5 itemprop=\"name\" class=\"portfolio_title entry_title\"><a itemprop=\"url\" href=\"https:\/\/www.vsveicolispeciali.com\/de\/street-food-truck\/burger-foodtruck-sando\/\"  target=\"_self\">Burger Foodtruck Sando<\/a><\/h5><div  class=\"portfolio_separator separator  small center\"><\/div><span class=\"project_category\" >Food Truck, NV Food Truck, Street Food, Burger<\/span><\/div><\/div><span class='feature_holder'><span class=\"feature_holder_icons\"><a itemprop='url' class='preview qbutton small white' href='https:\/\/www.vsveicolispeciali.com\/de\/street-food-truck\/burger-foodtruck-sando\/' target='_self'>view<\/a><span class='portfolio_like qbutton small white'><a  href=\"#\" class=\"qode-like\" id=\"qode-like-26891\" title=\"Like this\">8<span>  Likes<\/span><\/a><\/span><\/span><\/span><\/span><\/span><\/span><\/div><\/article>\n<article class='mix portfolio_category_87 portfolio_category_131 portfolio_category_135 portfolio_category_416 ' style=''><div class='image_holder'><a itemprop='url' class='portfolio_link_for_touch' href='https:\/\/www.vsveicolispeciali.com\/de\/street-food-truck\/foodtruck-eis-patisserie\/' target='_self'><span class='image'><img loading=\"lazy\" decoding=\"async\" width=\"1000\" height=\"800\" src=\"https:\/\/www.vsveicolispeciali.com\/wp-content\/uploads\/2024\/10\/gelateria-pasticceria-ambulante-ivima.jpg\" class=\"attachment-full size-full wp-post-image\" alt=\"Foodtruck Eis-Patisserie IVIMA\" srcset=\"https:\/\/www.vsveicolispeciali.com\/wp-content\/uploads\/2024\/10\/gelateria-pasticceria-ambulante-ivima.jpg 1000w, https:\/\/www.vsveicolispeciali.com\/wp-content\/uploads\/2024\/10\/gelateria-pasticceria-ambulante-ivima-300x240.jpg 300w, https:\/\/www.vsveicolispeciali.com\/wp-content\/uploads\/2024\/10\/gelateria-pasticceria-ambulante-ivima-768x614.jpg 768w, https:\/\/www.vsveicolispeciali.com\/wp-content\/uploads\/2024\/10\/gelateria-pasticceria-ambulante-ivima-700x560.jpg 700w\" sizes=\"(max-width: 1000px) 100vw, 1000px\" \/><\/span><\/a><span class='text_holder'><span class='text_outer'><span class='text_inner'><div class=\"hover_feature_holder_title\"><div class=\"hover_feature_holder_title_inner\"><h5 itemprop=\"name\" class=\"portfolio_title entry_title\"><a itemprop=\"url\" href=\"https:\/\/www.vsveicolispeciali.com\/de\/street-food-truck\/foodtruck-eis-patisserie\/\"  target=\"_self\">Foodtruck Eis-Patisserie IVIMA<\/a><\/h5><div  class=\"portfolio_separator separator  small center\"><\/div><span class=\"project_category\" >NV Food Truck, Street Food, Eis, Konditorei<\/span><\/div><\/div><span class='feature_holder'><span class=\"feature_holder_icons\"><a itemprop='url' class='preview qbutton small white' href='https:\/\/www.vsveicolispeciali.com\/de\/street-food-truck\/foodtruck-eis-patisserie\/' target='_self'>view<\/a><span class='portfolio_like qbutton small white'><a  href=\"#\" class=\"qode-like\" id=\"qode-like-26871\" title=\"Like this\">5<span>  Likes<\/span><\/a><\/span><\/span><\/span><\/span><\/span><\/span><\/div><\/article>\n<article class='mix portfolio_category_56 portfolio_category_87 portfolio_category_618 ' style=''><div class='image_holder'><a itemprop='url' class='portfolio_link_for_touch' href='https:\/\/www.vsveicolispeciali.com\/de\/street-food-truck\/fastfood-truck-pescaria\/' target='_self'><span class='image'><img loading=\"lazy\" decoding=\"async\" width=\"1000\" height=\"800\" src=\"https:\/\/www.vsveicolispeciali.com\/wp-content\/uploads\/2024\/08\/fast-food-truck-pescaria.jpg\" class=\"attachment-full size-full wp-post-image\" alt=\"Fastfood-Truck PESCARIA\" srcset=\"https:\/\/www.vsveicolispeciali.com\/wp-content\/uploads\/2024\/08\/fast-food-truck-pescaria.jpg 1000w, https:\/\/www.vsveicolispeciali.com\/wp-content\/uploads\/2024\/08\/fast-food-truck-pescaria-300x240.jpg 300w, https:\/\/www.vsveicolispeciali.com\/wp-content\/uploads\/2024\/08\/fast-food-truck-pescaria-768x614.jpg 768w, https:\/\/www.vsveicolispeciali.com\/wp-content\/uploads\/2024\/08\/fast-food-truck-pescaria-700x560.jpg 700w\" sizes=\"(max-width: 1000px) 100vw, 1000px\" \/><\/span><\/a><span class='text_holder'><span class='text_outer'><span class='text_inner'><div class=\"hover_feature_holder_title\"><div class=\"hover_feature_holder_title_inner\"><h5 itemprop=\"name\" class=\"portfolio_title entry_title\"><a itemprop=\"url\" href=\"https:\/\/www.vsveicolispeciali.com\/de\/street-food-truck\/fastfood-truck-pescaria\/\"  target=\"_self\">Fastfood-Truck PESCARIA<\/a><\/h5><div  class=\"portfolio_separator separator  small center\"><\/div><span class=\"project_category\" >Food Truck, NV Food Truck, Chef<\/span><\/div><\/div><span class='feature_holder'><span class=\"feature_holder_icons\"><a itemprop='url' class='preview qbutton small white' href='https:\/\/www.vsveicolispeciali.com\/de\/street-food-truck\/fastfood-truck-pescaria\/' target='_self'>view<\/a><span class='portfolio_like qbutton small white'><a  href=\"#\" class=\"qode-like\" id=\"qode-like-26204\" title=\"Like this\">3<span>  Likes<\/span><\/a><\/span><\/span><\/span><\/span><\/span><\/span><\/div><\/article>\n<article class='mix portfolio_category_56 portfolio_category_87 ' style=''><div class='image_holder'><a itemprop='url' class='portfolio_link_for_touch' href='https:\/\/www.vsveicolispeciali.com\/de\/street-food-truck\/indian-food-truck-chez-bilia\/' target='_self'><span class='image'><img loading=\"lazy\" decoding=\"async\" width=\"1000\" height=\"800\" src=\"https:\/\/www.vsveicolispeciali.com\/wp-content\/uploads\/2023\/10\/indian-food-truck-chez-bilia.jpg\" class=\"attachment-full size-full wp-post-image\" alt=\"indian foodtruck chez bilia switzerland\" srcset=\"https:\/\/www.vsveicolispeciali.com\/wp-content\/uploads\/2023\/10\/indian-food-truck-chez-bilia.jpg 1000w, https:\/\/www.vsveicolispeciali.com\/wp-content\/uploads\/2023\/10\/indian-food-truck-chez-bilia-300x240.jpg 300w, https:\/\/www.vsveicolispeciali.com\/wp-content\/uploads\/2023\/10\/indian-food-truck-chez-bilia-768x614.jpg 768w, https:\/\/www.vsveicolispeciali.com\/wp-content\/uploads\/2023\/10\/indian-food-truck-chez-bilia-700x560.jpg 700w\" sizes=\"(max-width: 1000px) 100vw, 1000px\" \/><\/span><\/a><span class='text_holder'><span class='text_outer'><span class='text_inner'><div class=\"hover_feature_holder_title\"><div class=\"hover_feature_holder_title_inner\"><h5 itemprop=\"name\" class=\"portfolio_title entry_title\"><a itemprop=\"url\" href=\"https:\/\/www.vsveicolispeciali.com\/de\/street-food-truck\/indian-food-truck-chez-bilia\/\"  target=\"_self\">Indian Food Truck Chez Bilia<\/a><\/h5><div  class=\"portfolio_separator separator  small center\"><\/div><span class=\"project_category\" >Food Truck, NV Food Truck<\/span><\/div><\/div><span class='feature_holder'><span class=\"feature_holder_icons\"><a itemprop='url' class='preview qbutton small white' href='https:\/\/www.vsveicolispeciali.com\/de\/street-food-truck\/indian-food-truck-chez-bilia\/' target='_self'>view<\/a><span class='portfolio_like qbutton small white'><a  href=\"#\" class=\"qode-like\" id=\"qode-like-24608\" title=\"Like this\">4<span>  Likes<\/span><\/a><\/span><\/span><\/span><\/span><\/span><\/span><\/div><\/article>\n<article class='mix portfolio_category_56 portfolio_category_87 ' style=''><div class='image_holder'><a itemprop='url' class='portfolio_link_for_touch' href='https:\/\/www.vsveicolispeciali.com\/de\/street-food-truck\/mexikanischer-foodtruck-eden-parc\/' target='_self'><span class='image'><img loading=\"lazy\" decoding=\"async\" width=\"1000\" height=\"800\" src=\"https:\/\/www.vsveicolispeciali.com\/wp-content\/uploads\/2023\/10\/food-truck-messicano-eden-parc.jpg\" class=\"attachment-full size-full wp-post-image\" alt=\"Mexikanischer Foodtruck eden parc\" srcset=\"https:\/\/www.vsveicolispeciali.com\/wp-content\/uploads\/2023\/10\/food-truck-messicano-eden-parc.jpg 1000w, https:\/\/www.vsveicolispeciali.com\/wp-content\/uploads\/2023\/10\/food-truck-messicano-eden-parc-300x240.jpg 300w, https:\/\/www.vsveicolispeciali.com\/wp-content\/uploads\/2023\/10\/food-truck-messicano-eden-parc-768x614.jpg 768w, https:\/\/www.vsveicolispeciali.com\/wp-content\/uploads\/2023\/10\/food-truck-messicano-eden-parc-700x560.jpg 700w\" sizes=\"(max-width: 1000px) 100vw, 1000px\" \/><\/span><\/a><span class='text_holder'><span class='text_outer'><span class='text_inner'><div class=\"hover_feature_holder_title\"><div class=\"hover_feature_holder_title_inner\"><h5 itemprop=\"name\" class=\"portfolio_title entry_title\"><a itemprop=\"url\" href=\"https:\/\/www.vsveicolispeciali.com\/de\/street-food-truck\/mexikanischer-foodtruck-eden-parc\/\"  target=\"_self\">Mexikanischer Foodtruck\u00a0Eden Parc<\/a><\/h5><div  class=\"portfolio_separator separator  small center\"><\/div><span class=\"project_category\" >Food Truck, NV Food Truck<\/span><\/div><\/div><span class='feature_holder'><span class=\"feature_holder_icons\"><a itemprop='url' class='preview qbutton small white' href='https:\/\/www.vsveicolispeciali.com\/de\/street-food-truck\/mexikanischer-foodtruck-eden-parc\/' target='_self'>view<\/a><span class='portfolio_like qbutton small white'><a  href=\"#\" class=\"qode-like\" id=\"qode-like-24509\" title=\"Like this\">5<span>  Likes<\/span><\/a><\/span><\/span><\/span><\/span><\/span><\/span><\/div><\/article>\n<article class='mix portfolio_category_56 portfolio_category_87 portfolio_category_136 ' style=''><div class='image_holder'><a itemprop='url' class='portfolio_link_for_touch' href='https:\/\/www.vsveicolispeciali.com\/de\/street-food-truck\/vegan-food-truck-77foods\/' target='_self'><span class='image'><img loading=\"lazy\" decoding=\"async\" width=\"1000\" height=\"800\" src=\"https:\/\/www.vsveicolispeciali.com\/wp-content\/uploads\/2022\/09\/food-truck-vegano-77foods.jpg\" class=\"attachment-full size-full wp-post-image\" alt=\"Vegan Food Truck 77foods\" srcset=\"https:\/\/www.vsveicolispeciali.com\/wp-content\/uploads\/2022\/09\/food-truck-vegano-77foods.jpg 1000w, https:\/\/www.vsveicolispeciali.com\/wp-content\/uploads\/2022\/09\/food-truck-vegano-77foods-300x240.jpg 300w, https:\/\/www.vsveicolispeciali.com\/wp-content\/uploads\/2022\/09\/food-truck-vegano-77foods-768x614.jpg 768w, https:\/\/www.vsveicolispeciali.com\/wp-content\/uploads\/2022\/09\/food-truck-vegano-77foods-700x560.jpg 700w\" sizes=\"(max-width: 1000px) 100vw, 1000px\" \/><\/span><\/a><span class='text_holder'><span class='text_outer'><span class='text_inner'><div class=\"hover_feature_holder_title\"><div class=\"hover_feature_holder_title_inner\"><h5 itemprop=\"name\" class=\"portfolio_title entry_title\"><a itemprop=\"url\" href=\"https:\/\/www.vsveicolispeciali.com\/de\/street-food-truck\/vegan-food-truck-77foods\/\"  target=\"_self\">Vegan Food Truck 77FOODS<\/a><\/h5><div  class=\"portfolio_separator separator  small center\"><\/div><span class=\"project_category\" >Food Truck, NV Food Truck, Burger<\/span><\/div><\/div><span class='feature_holder'><span class=\"feature_holder_icons\"><a itemprop='url' class='preview qbutton small white' href='https:\/\/www.vsveicolispeciali.com\/de\/street-food-truck\/vegan-food-truck-77foods\/' target='_self'>view<\/a><span class='portfolio_like qbutton small white'><a  href=\"#\" class=\"qode-like\" id=\"qode-like-18257\" title=\"Like this\">5<span>  Likes<\/span><\/a><\/span><\/span><\/span><\/span><\/span><\/span><\/div><\/article>\n<article class='mix portfolio_category_56 portfolio_category_87 portfolio_category_131 portfolio_category_133 portfolio_category_397 portfolio_category_401 ' style=''><div class='image_holder'><a itemprop='url' class='portfolio_link_for_touch' href='https:\/\/www.vsveicolispeciali.com\/de\/street-food-truck\/wein-truck-pastot\/' target='_self'><span class='image'><img loading=\"lazy\" decoding=\"async\" width=\"1000\" height=\"800\" src=\"https:\/\/www.vsveicolispeciali.com\/wp-content\/uploads\/2022\/09\/wine-truck-pastot-francia.jpg\" class=\"attachment-full size-full wp-post-image\" alt=\"wine truck auf citroen jumper nv food truck\" srcset=\"https:\/\/www.vsveicolispeciali.com\/wp-content\/uploads\/2022\/09\/wine-truck-pastot-francia.jpg 1000w, https:\/\/www.vsveicolispeciali.com\/wp-content\/uploads\/2022\/09\/wine-truck-pastot-francia-300x240.jpg 300w, https:\/\/www.vsveicolispeciali.com\/wp-content\/uploads\/2022\/09\/wine-truck-pastot-francia-768x614.jpg 768w, https:\/\/www.vsveicolispeciali.com\/wp-content\/uploads\/2022\/09\/wine-truck-pastot-francia-700x560.jpg 700w\" sizes=\"(max-width: 1000px) 100vw, 1000px\" \/><\/span><\/a><span class='text_holder'><span class='text_outer'><span class='text_inner'><div class=\"hover_feature_holder_title\"><div class=\"hover_feature_holder_title_inner\"><h5 itemprop=\"name\" class=\"portfolio_title entry_title\"><a itemprop=\"url\" href=\"https:\/\/www.vsveicolispeciali.com\/de\/street-food-truck\/wein-truck-pastot\/\"  target=\"_self\">Wein Truck Events CHEZ FILOU<\/a><\/h5><div  class=\"portfolio_separator separator  small center\"><\/div><span class=\"project_category\" >Food Truck, NV Food Truck, Street Food, Bier, Cocktail-Bar, Wein<\/span><\/div><\/div><span class='feature_holder'><span class=\"feature_holder_icons\"><a itemprop='url' class='preview qbutton small white' href='https:\/\/www.vsveicolispeciali.com\/de\/street-food-truck\/wein-truck-pastot\/' target='_self'>view<\/a><span class='portfolio_like qbutton small white'><a  href=\"#\" class=\"qode-like\" id=\"qode-like-18246\" title=\"Like this\">10<span>  Likes<\/span><\/a><\/span><\/span><\/span><\/span><\/span><\/span><\/div><\/article>\n<article class='mix portfolio_category_56 portfolio_category_87 portfolio_category_416 ' style=''><div class='image_holder'><a itemprop='url' class='portfolio_link_for_touch' href='https:\/\/www.vsveicolispeciali.com\/de\/street-food-truck\/tee-verkaufswagen-reisende-teesalon-histoire-de-famille\/' target='_self'><span class='image'><img loading=\"lazy\" decoding=\"async\" width=\"1200\" height=\"800\" src=\"https:\/\/www.vsveicolispeciali.com\/wp-content\/uploads\/2022\/04\/tea-food-truck-histoire-de-famille.jpg\" class=\"attachment-full size-full wp-post-image\" alt=\"Tee Verkaufswagen histoire de famille\" srcset=\"https:\/\/www.vsveicolispeciali.com\/wp-content\/uploads\/2022\/04\/tea-food-truck-histoire-de-famille.jpg 1200w, https:\/\/www.vsveicolispeciali.com\/wp-content\/uploads\/2022\/04\/tea-food-truck-histoire-de-famille-300x200.jpg 300w, https:\/\/www.vsveicolispeciali.com\/wp-content\/uploads\/2022\/04\/tea-food-truck-histoire-de-famille-1024x683.jpg 1024w, https:\/\/www.vsveicolispeciali.com\/wp-content\/uploads\/2022\/04\/tea-food-truck-histoire-de-famille-768x512.jpg 768w, https:\/\/www.vsveicolispeciali.com\/wp-content\/uploads\/2022\/04\/tea-food-truck-histoire-de-famille-700x467.jpg 700w\" sizes=\"(max-width: 1200px) 100vw, 1200px\" \/><\/span><\/a><span class='text_holder'><span class='text_outer'><span class='text_inner'><div class=\"hover_feature_holder_title\"><div class=\"hover_feature_holder_title_inner\"><h5 itemprop=\"name\" class=\"portfolio_title entry_title\"><a itemprop=\"url\" href=\"https:\/\/www.vsveicolispeciali.com\/de\/street-food-truck\/tee-verkaufswagen-reisende-teesalon-histoire-de-famille\/\"  target=\"_self\">Tee Verkaufswagen HISTOIRE DE FAMILLE<\/a><\/h5><div  class=\"portfolio_separator separator  small center\"><\/div><span class=\"project_category\" >Food Truck, NV Food Truck, Konditorei<\/span><\/div><\/div><span class='feature_holder'><span class=\"feature_holder_icons\"><a itemprop='url' class='preview qbutton small white' href='https:\/\/www.vsveicolispeciali.com\/de\/street-food-truck\/tee-verkaufswagen-reisende-teesalon-histoire-de-famille\/' target='_self'>view<\/a><span class='portfolio_like qbutton small white'><a  href=\"#\" class=\"qode-like\" id=\"qode-like-16269\" title=\"Like this\">3<span>  Likes<\/span><\/a><\/span><\/span><\/span><\/span><\/span><\/span><\/div><\/article>\n<article class='mix portfolio_category_56 portfolio_category_87 portfolio_category_132 ' style=''><div class='image_holder'><a itemprop='url' class='portfolio_link_for_touch' href='https:\/\/www.vsveicolispeciali.com\/de\/street-food-truck\/bbq-food-truck-barbecue-bbq-texan\/' target='_self'><span class='image'><img loading=\"lazy\" decoding=\"async\" width=\"1000\" height=\"800\" src=\"https:\/\/www.vsveicolispeciali.com\/wp-content\/uploads\/2022\/05\/bbq-food-truck-texan.jpg\" class=\"attachment-full size-full wp-post-image\" alt=\"bbq food truck texan costruito su Citroen nero\" srcset=\"https:\/\/www.vsveicolispeciali.com\/wp-content\/uploads\/2022\/05\/bbq-food-truck-texan.jpg 1000w, https:\/\/www.vsveicolispeciali.com\/wp-content\/uploads\/2022\/05\/bbq-food-truck-texan-300x240.jpg 300w, https:\/\/www.vsveicolispeciali.com\/wp-content\/uploads\/2022\/05\/bbq-food-truck-texan-768x614.jpg 768w, https:\/\/www.vsveicolispeciali.com\/wp-content\/uploads\/2022\/05\/bbq-food-truck-texan-700x560.jpg 700w\" sizes=\"(max-width: 1000px) 100vw, 1000px\" \/><\/span><\/a><span class='text_holder'><span class='text_outer'><span class='text_inner'><div class=\"hover_feature_holder_title\"><div class=\"hover_feature_holder_title_inner\"><h5 itemprop=\"name\" class=\"portfolio_title entry_title\"><a itemprop=\"url\" href=\"https:\/\/www.vsveicolispeciali.com\/de\/street-food-truck\/bbq-food-truck-barbecue-bbq-texan\/\"  target=\"_self\">BBQ Food Truck BBQ Texan<\/a><\/h5><div  class=\"portfolio_separator separator  small center\"><\/div><span class=\"project_category\" >Food Truck, NV Food Truck, BBQ \/ GRILL<\/span><\/div><\/div><span class='feature_holder'><span class=\"feature_holder_icons\"><a itemprop='url' class='preview qbutton small white' href='https:\/\/www.vsveicolispeciali.com\/de\/street-food-truck\/bbq-food-truck-barbecue-bbq-texan\/' target='_self'>view<\/a><span class='portfolio_like qbutton small white'><a  href=\"#\" class=\"qode-like\" id=\"qode-like-15906\" title=\"Like this\">12<span>  Likes<\/span><\/a><\/span><\/span><\/span><\/span><\/span><\/span><\/div><\/article>\n<article class='mix portfolio_category_56 portfolio_category_87 portfolio_category_618 ' style=''><div class='image_holder'><a itemprop='url' class='portfolio_link_for_touch' href='https:\/\/www.vsveicolispeciali.com\/de\/street-food-truck\/gourmet-imbisswagen-koch-mit-michelin-stern-nv-food-truck\/' target='_self'><span class='image'><img loading=\"lazy\" decoding=\"async\" width=\"1000\" height=\"800\" src=\"https:\/\/www.vsveicolispeciali.com\/wp-content\/uploads\/2021\/10\/nv-food-truck-gastronomia-nomade-street-arbre.jpg\" class=\"attachment-full size-full wp-post-image\" alt=\"Gourmet imbisswagen | Yorann Vandriessche Koch mit Michelin-Stern | NV Food Truck\" srcset=\"https:\/\/www.vsveicolispeciali.com\/wp-content\/uploads\/2021\/10\/nv-food-truck-gastronomia-nomade-street-arbre.jpg 1000w, https:\/\/www.vsveicolispeciali.com\/wp-content\/uploads\/2021\/10\/nv-food-truck-gastronomia-nomade-street-arbre-300x240.jpg 300w, https:\/\/www.vsveicolispeciali.com\/wp-content\/uploads\/2021\/10\/nv-food-truck-gastronomia-nomade-street-arbre-768x614.jpg 768w, https:\/\/www.vsveicolispeciali.com\/wp-content\/uploads\/2021\/10\/nv-food-truck-gastronomia-nomade-street-arbre-700x560.jpg 700w\" sizes=\"(max-width: 1000px) 100vw, 1000px\" \/><\/span><\/a><span class='text_holder'><span class='text_outer'><span class='text_inner'><div class=\"hover_feature_holder_title\"><div class=\"hover_feature_holder_title_inner\"><h5 itemprop=\"name\" class=\"portfolio_title entry_title\"><a itemprop=\"url\" href=\"https:\/\/www.vsveicolispeciali.com\/de\/street-food-truck\/gourmet-imbisswagen-koch-mit-michelin-stern-nv-food-truck\/\"  target=\"_self\">Gourmet Imbisswagen Street ArBre<\/a><\/h5><div  class=\"portfolio_separator separator  small center\"><\/div><span class=\"project_category\" >Food Truck, NV Food Truck, Chef<\/span><\/div><\/div><span class='feature_holder'><span class=\"feature_holder_icons\"><a itemprop='url' class='preview qbutton small white' href='https:\/\/www.vsveicolispeciali.com\/de\/street-food-truck\/gourmet-imbisswagen-koch-mit-michelin-stern-nv-food-truck\/' target='_self'>view<\/a><span class='portfolio_like qbutton small white'><a  href=\"#\" class=\"qode-like\" id=\"qode-like-15145\" title=\"Like this\">10<span>  Likes<\/span><\/a><\/span><\/span><\/span><\/span><\/span><\/span><\/div><\/article>\n<article class='mix portfolio_category_56 portfolio_category_87 portfolio_category_131 ' style=''><div class='image_holder'><a itemprop='url' class='portfolio_link_for_touch' href='https:\/\/www.vsveicolispeciali.com\/de\/street-food-truck\/wurstwaren-verkaufswagen-rapelli-nv-food-truck\/' target='_self'><span class='image'><img loading=\"lazy\" decoding=\"async\" width=\"1000\" height=\"800\" src=\"https:\/\/www.vsveicolispeciali.com\/wp-content\/uploads\/2021\/09\/food-truck-salumeria-rapelli.jpg\" class=\"attachment-full size-full wp-post-image\" alt=\"Citro\u00ebn Jumper in Wurstwaren Verkaufswagen verwandelt, der von der ber\u00fchmten italienisch-schweizerischen Firma Rapelli als Werbefahrzeug verwendet wird\" srcset=\"https:\/\/www.vsveicolispeciali.com\/wp-content\/uploads\/2021\/09\/food-truck-salumeria-rapelli.jpg 1000w, https:\/\/www.vsveicolispeciali.com\/wp-content\/uploads\/2021\/09\/food-truck-salumeria-rapelli-300x240.jpg 300w, https:\/\/www.vsveicolispeciali.com\/wp-content\/uploads\/2021\/09\/food-truck-salumeria-rapelli-768x614.jpg 768w, https:\/\/www.vsveicolispeciali.com\/wp-content\/uploads\/2021\/09\/food-truck-salumeria-rapelli-700x560.jpg 700w\" sizes=\"(max-width: 1000px) 100vw, 1000px\" \/><\/span><\/a><span class='text_holder'><span class='text_outer'><span class='text_inner'><div class=\"hover_feature_holder_title\"><div class=\"hover_feature_holder_title_inner\"><h5 itemprop=\"name\" class=\"portfolio_title entry_title\"><a itemprop=\"url\" href=\"https:\/\/www.vsveicolispeciali.com\/de\/street-food-truck\/wurstwaren-verkaufswagen-rapelli-nv-food-truck\/\"  target=\"_self\">Wurstwaren Verkaufswagen Rapelli<\/a><\/h5><div  class=\"portfolio_separator separator  small center\"><\/div><span class=\"project_category\" >Food Truck, NV Food Truck, Street Food<\/span><\/div><\/div><span class='feature_holder'><span class=\"feature_holder_icons\"><a itemprop='url' class='preview qbutton small white' href='https:\/\/www.vsveicolispeciali.com\/de\/street-food-truck\/wurstwaren-verkaufswagen-rapelli-nv-food-truck\/' target='_self'>view<\/a><span class='portfolio_like qbutton small white'><a  href=\"#\" class=\"qode-like\" id=\"qode-like-15139\" title=\"Like this\">11<span>  Likes<\/span><\/a><\/span><\/span><\/span><\/span><\/span><\/span><\/div><\/article>\n<article class='mix portfolio_category_56 portfolio_category_87 ' style=''><div class='image_holder'><a itemprop='url' class='portfolio_link_for_touch' href='https:\/\/www.vsveicolispeciali.com\/de\/street-food-truck\/kaese-food-truck-milchprodukten-brazzale-gran-moravia\/' target='_self'><span class='image'><img loading=\"lazy\" decoding=\"async\" width=\"1000\" height=\"800\" src=\"https:\/\/www.vsveicolispeciali.com\/wp-content\/uploads\/2021\/07\/food-truck-formaggio-brazzale-gran-moravia.jpg\" class=\"attachment-full size-full wp-post-image\" alt=\"kase food truck brazzale gran moravia\" srcset=\"https:\/\/www.vsveicolispeciali.com\/wp-content\/uploads\/2021\/07\/food-truck-formaggio-brazzale-gran-moravia.jpg 1000w, https:\/\/www.vsveicolispeciali.com\/wp-content\/uploads\/2021\/07\/food-truck-formaggio-brazzale-gran-moravia-300x240.jpg 300w, https:\/\/www.vsveicolispeciali.com\/wp-content\/uploads\/2021\/07\/food-truck-formaggio-brazzale-gran-moravia-768x614.jpg 768w, https:\/\/www.vsveicolispeciali.com\/wp-content\/uploads\/2021\/07\/food-truck-formaggio-brazzale-gran-moravia-700x560.jpg 700w\" sizes=\"(max-width: 1000px) 100vw, 1000px\" \/><\/span><\/a><span class='text_holder'><span class='text_outer'><span class='text_inner'><div class=\"hover_feature_holder_title\"><div class=\"hover_feature_holder_title_inner\"><h5 itemprop=\"name\" class=\"portfolio_title entry_title\"><a itemprop=\"url\" href=\"https:\/\/www.vsveicolispeciali.com\/de\/street-food-truck\/kaese-food-truck-milchprodukten-brazzale-gran-moravia\/\"  target=\"_self\">Gastro Food Truck Gran Moravia<\/a><\/h5><div  class=\"portfolio_separator separator  small center\"><\/div><span class=\"project_category\" >Food Truck, NV Food Truck<\/span><\/div><\/div><span class='feature_holder'><span class=\"feature_holder_icons\"><a itemprop='url' class='preview qbutton small white' href='https:\/\/www.vsveicolispeciali.com\/de\/street-food-truck\/kaese-food-truck-milchprodukten-brazzale-gran-moravia\/' target='_self'>view<\/a><span class='portfolio_like qbutton small white'><a  href=\"#\" class=\"qode-like\" id=\"qode-like-14901\" title=\"Like this\">5<span>  Likes<\/span><\/a><\/span><\/span><\/span><\/span><\/span><\/span><\/div><\/article>\n<article class='mix portfolio_category_56 portfolio_category_87 ' style=''><div class='image_holder'><a itemprop='url' class='portfolio_link_for_touch' href='https:\/\/www.vsveicolispeciali.com\/de\/street-food-truck\/nv-food-truck-butterwagen-molkereiunternehmen-brazzale\/' target='_self'><span class='image'><img loading=\"lazy\" decoding=\"async\" width=\"1000\" height=\"800\" src=\"https:\/\/www.vsveicolispeciali.com\/wp-content\/uploads\/2021\/07\/nv-food-truck-tour-promozionale-brazzale.jpg\" class=\"attachment-full size-full wp-post-image\" alt=\"nv food truck Werbetour Brazzale\" srcset=\"https:\/\/www.vsveicolispeciali.com\/wp-content\/uploads\/2021\/07\/nv-food-truck-tour-promozionale-brazzale.jpg 1000w, https:\/\/www.vsveicolispeciali.com\/wp-content\/uploads\/2021\/07\/nv-food-truck-tour-promozionale-brazzale-300x240.jpg 300w, https:\/\/www.vsveicolispeciali.com\/wp-content\/uploads\/2021\/07\/nv-food-truck-tour-promozionale-brazzale-768x614.jpg 768w, https:\/\/www.vsveicolispeciali.com\/wp-content\/uploads\/2021\/07\/nv-food-truck-tour-promozionale-brazzale-700x560.jpg 700w\" sizes=\"(max-width: 1000px) 100vw, 1000px\" \/><\/span><\/a><span class='text_holder'><span class='text_outer'><span class='text_inner'><div class=\"hover_feature_holder_title\"><div class=\"hover_feature_holder_title_inner\"><h5 itemprop=\"name\" class=\"portfolio_title entry_title\"><a itemprop=\"url\" href=\"https:\/\/www.vsveicolispeciali.com\/de\/street-food-truck\/nv-food-truck-butterwagen-molkereiunternehmen-brazzale\/\"  target=\"_self\">Butterwagen Brazzale<\/a><\/h5><div  class=\"portfolio_separator separator  small center\"><\/div><span class=\"project_category\" >Food Truck, NV Food Truck<\/span><\/div><\/div><span class='feature_holder'><span class=\"feature_holder_icons\"><a itemprop='url' class='preview qbutton small white' href='https:\/\/www.vsveicolispeciali.com\/de\/street-food-truck\/nv-food-truck-butterwagen-molkereiunternehmen-brazzale\/' target='_self'>view<\/a><span class='portfolio_like qbutton small white'><a  href=\"#\" class=\"qode-like\" id=\"qode-like-14888\" title=\"Like this\">4<span>  Likes<\/span><\/a><\/span><\/span><\/span><\/span><\/span><\/span><\/div><\/article>\n<article class='mix portfolio_category_56 portfolio_category_87 portfolio_category_131 portfolio_category_408 ' style=''><div class='image_holder'><a itemprop='url' class='portfolio_link_for_touch' href='https:\/\/www.vsveicolispeciali.com\/de\/street-food-truck\/mobile-restaurant-club-sandwich-truck\/' target='_self'><span class='image'><img loading=\"lazy\" decoding=\"async\" width=\"1000\" height=\"800\" src=\"https:\/\/www.vsveicolispeciali.com\/wp-content\/uploads\/2020\/10\/furgone-ristorante-club-sandwich-truck.jpg\" class=\"attachment-full size-full wp-post-image\" alt=\"Mobile Restaurant | Club Sandwich Truck | NV Food Truck\" srcset=\"https:\/\/www.vsveicolispeciali.com\/wp-content\/uploads\/2020\/10\/furgone-ristorante-club-sandwich-truck.jpg 1000w, https:\/\/www.vsveicolispeciali.com\/wp-content\/uploads\/2020\/10\/furgone-ristorante-club-sandwich-truck-300x240.jpg 300w, https:\/\/www.vsveicolispeciali.com\/wp-content\/uploads\/2020\/10\/furgone-ristorante-club-sandwich-truck-768x614.jpg 768w, https:\/\/www.vsveicolispeciali.com\/wp-content\/uploads\/2020\/10\/furgone-ristorante-club-sandwich-truck-700x560.jpg 700w\" sizes=\"(max-width: 1000px) 100vw, 1000px\" \/><\/span><\/a><span class='text_holder'><span class='text_outer'><span class='text_inner'><div class=\"hover_feature_holder_title\"><div class=\"hover_feature_holder_title_inner\"><h5 itemprop=\"name\" class=\"portfolio_title entry_title\"><a itemprop=\"url\" href=\"https:\/\/www.vsveicolispeciali.com\/de\/street-food-truck\/mobile-restaurant-club-sandwich-truck\/\"  target=\"_self\">Sandwich Food Truck CLUB SANDWICH<\/a><\/h5><div  class=\"portfolio_separator separator  small center\"><\/div><span class=\"project_category\" >Food Truck, NV Food Truck, Street Food, Sandwich<\/span><\/div><\/div><span class='feature_holder'><span class=\"feature_holder_icons\"><a itemprop='url' class='preview qbutton small white' href='https:\/\/www.vsveicolispeciali.com\/de\/street-food-truck\/mobile-restaurant-club-sandwich-truck\/' target='_self'>view<\/a><span class='portfolio_like qbutton small white'><a  href=\"#\" class=\"qode-like\" id=\"qode-like-13727\" title=\"Like this\">16<span>  Likes<\/span><\/a><\/span><\/span><\/span><\/span><\/span><\/span><\/div><\/article>\n<article class='mix portfolio_category_56 portfolio_category_87 portfolio_category_134 ' style=''><div class='image_holder'><a itemprop='url' class='portfolio_link_for_touch' href='https:\/\/www.vsveicolispeciali.com\/de\/street-food-truck\/kaffeewagen-mobil-nespresso-citroen-jumper\/' target='_self'><span class='image'><img loading=\"lazy\" decoding=\"async\" width=\"1000\" height=\"800\" src=\"https:\/\/www.vsveicolispeciali.com\/wp-content\/uploads\/2020\/03\/caffetteria-ambulante-nespresso-food-truck.jpg\" class=\"attachment-full size-full wp-post-image\" alt=\"Kaffeewagen Mobil Nespresso | Citro\u00ebn Jumper | NV Food Truck\" srcset=\"https:\/\/www.vsveicolispeciali.com\/wp-content\/uploads\/2020\/03\/caffetteria-ambulante-nespresso-food-truck.jpg 1000w, https:\/\/www.vsveicolispeciali.com\/wp-content\/uploads\/2020\/03\/caffetteria-ambulante-nespresso-food-truck-300x240.jpg 300w, https:\/\/www.vsveicolispeciali.com\/wp-content\/uploads\/2020\/03\/caffetteria-ambulante-nespresso-food-truck-768x614.jpg 768w, https:\/\/www.vsveicolispeciali.com\/wp-content\/uploads\/2020\/03\/caffetteria-ambulante-nespresso-food-truck-700x560.jpg 700w\" sizes=\"(max-width: 1000px) 100vw, 1000px\" \/><\/span><\/a><span class='text_holder'><span class='text_outer'><span class='text_inner'><div class=\"hover_feature_holder_title\"><div class=\"hover_feature_holder_title_inner\"><h5 itemprop=\"name\" class=\"portfolio_title entry_title\"><a itemprop=\"url\" href=\"https:\/\/www.vsveicolispeciali.com\/de\/street-food-truck\/kaffeewagen-mobil-nespresso-citroen-jumper\/\"  target=\"_self\">Kaffeewagen NESPRESSO<\/a><\/h5><div  class=\"portfolio_separator separator  small center\"><\/div><span class=\"project_category\" >Food Truck, NV Food Truck, Kaffee<\/span><\/div><\/div><span class='feature_holder'><span class=\"feature_holder_icons\"><a itemprop='url' class='preview qbutton small white' href='https:\/\/www.vsveicolispeciali.com\/de\/street-food-truck\/kaffeewagen-mobil-nespresso-citroen-jumper\/' target='_self'>view<\/a><span class='portfolio_like qbutton small white'><a  href=\"#\" class=\"qode-like\" id=\"qode-like-12348\" title=\"Like this\">40<span>  Likes<\/span><\/a><\/span><\/span><\/span><\/span><\/span><\/span><\/div><\/article>\n<article class='mix portfolio_category_56 portfolio_category_87 portfolio_category_137 ' style=''><div class='image_holder'><a itemprop='url' class='portfolio_link_for_touch' href='https:\/\/www.vsveicolispeciali.com\/de\/street-food-truck\/pizza-food-truck-verkauf-roemischer-focaccia-orsini\/' target='_self'><span class='image'><img loading=\"lazy\" decoding=\"async\" width=\"1000\" height=\"800\" src=\"https:\/\/www.vsveicolispeciali.com\/wp-content\/uploads\/2020\/03\/pizza-food-truck-focaccia-orsini.jpg\" class=\"attachment-full size-full wp-post-image\" alt=\"Pizza Food Truck ORSINI - Verkauf von r\u00f6mischer Focaccia\" srcset=\"https:\/\/www.vsveicolispeciali.com\/wp-content\/uploads\/2020\/03\/pizza-food-truck-focaccia-orsini.jpg 1000w, https:\/\/www.vsveicolispeciali.com\/wp-content\/uploads\/2020\/03\/pizza-food-truck-focaccia-orsini-300x240.jpg 300w, https:\/\/www.vsveicolispeciali.com\/wp-content\/uploads\/2020\/03\/pizza-food-truck-focaccia-orsini-768x614.jpg 768w, https:\/\/www.vsveicolispeciali.com\/wp-content\/uploads\/2020\/03\/pizza-food-truck-focaccia-orsini-700x560.jpg 700w\" sizes=\"(max-width: 1000px) 100vw, 1000px\" \/><\/span><\/a><span class='text_holder'><span class='text_outer'><span class='text_inner'><div class=\"hover_feature_holder_title\"><div class=\"hover_feature_holder_title_inner\"><h5 itemprop=\"name\" class=\"portfolio_title entry_title\"><a itemprop=\"url\" href=\"https:\/\/www.vsveicolispeciali.com\/de\/street-food-truck\/pizza-food-truck-verkauf-roemischer-focaccia-orsini\/\"  target=\"_self\">Pizza Food Truck ORSINI<\/a><\/h5><div  class=\"portfolio_separator separator  small center\"><\/div><span class=\"project_category\" >Food Truck, NV Food Truck, Pizza<\/span><\/div><\/div><span class='feature_holder'><span class=\"feature_holder_icons\"><a itemprop='url' class='preview qbutton small white' href='https:\/\/www.vsveicolispeciali.com\/de\/street-food-truck\/pizza-food-truck-verkauf-roemischer-focaccia-orsini\/' target='_self'>view<\/a><span class='portfolio_like qbutton small white'><a  href=\"#\" class=\"qode-like\" id=\"qode-like-12346\" title=\"Like this\">28<span>  Likes<\/span><\/a><\/span><\/span><\/span><\/span><\/span><\/span><\/div><\/article>\n<article class='mix portfolio_category_56 portfolio_category_87 ' style=''><div class='image_holder'><a itemprop='url' class='portfolio_link_for_touch' href='https:\/\/www.vsveicolispeciali.com\/de\/street-food-truck\/promo-food-truck-retro-fahrzeug-markenfoerderung\/' target='_self'><span class='image'><img loading=\"lazy\" decoding=\"async\" width=\"1000\" height=\"800\" src=\"https:\/\/www.vsveicolispeciali.com\/wp-content\/uploads\/2019\/12\/acqua-sant-anna-nv-promo-food-truck.jpg\" class=\"attachment-full size-full wp-post-image\" alt=\"Promo Truck umgewandelter neuer Citro\u00ebn Jumper Type H zur F\u00f6rderung des bekanntesten italienischen Wassers &quot;Acqua Sant&#039;Anna&quot;\" srcset=\"https:\/\/www.vsveicolispeciali.com\/wp-content\/uploads\/2019\/12\/acqua-sant-anna-nv-promo-food-truck.jpg 1000w, https:\/\/www.vsveicolispeciali.com\/wp-content\/uploads\/2019\/12\/acqua-sant-anna-nv-promo-food-truck-300x240.jpg 300w, https:\/\/www.vsveicolispeciali.com\/wp-content\/uploads\/2019\/12\/acqua-sant-anna-nv-promo-food-truck-768x614.jpg 768w, https:\/\/www.vsveicolispeciali.com\/wp-content\/uploads\/2019\/12\/acqua-sant-anna-nv-promo-food-truck-700x560.jpg 700w\" sizes=\"(max-width: 1000px) 100vw, 1000px\" \/><\/span><\/a><span class='text_holder'><span class='text_outer'><span class='text_inner'><div class=\"hover_feature_holder_title\"><div class=\"hover_feature_holder_title_inner\"><h5 itemprop=\"name\" class=\"portfolio_title entry_title\"><a itemprop=\"url\" href=\"https:\/\/www.vsveicolispeciali.com\/de\/street-food-truck\/promo-food-truck-retro-fahrzeug-markenfoerderung\/\"  target=\"_self\">Event Truck Sant&#8217;Anna<\/a><\/h5><div  class=\"portfolio_separator separator  small center\"><\/div><span class=\"project_category\" >Food Truck, NV Food Truck<\/span><\/div><\/div><span class='feature_holder'><span class=\"feature_holder_icons\"><a itemprop='url' class='preview qbutton small white' href='https:\/\/www.vsveicolispeciali.com\/de\/street-food-truck\/promo-food-truck-retro-fahrzeug-markenfoerderung\/' target='_self'>view<\/a><span class='portfolio_like qbutton small white'><a  href=\"#\" class=\"qode-like\" id=\"qode-like-12142\" title=\"Like this\">14<span>  Likes<\/span><\/a><\/span><\/span><\/span><\/span><\/span><\/span><\/div><\/article>\n<article class='mix portfolio_category_56 portfolio_category_87 portfolio_category_131 portfolio_category_416 ' style=''><div class='image_holder'><a itemprop='url' class='portfolio_link_for_touch' href='https:\/\/www.vsveicolispeciali.com\/de\/street-food-truck\/mobile-konditorei-baeckerei-citroen-nv-food-truck-chouquette\/' target='_self'><span class='image'><img loading=\"lazy\" decoding=\"async\" width=\"1000\" height=\"800\" src=\"https:\/\/www.vsveicolispeciali.com\/wp-content\/uploads\/2019\/12\/pasticceria-itinerante-dolci-paste-chouquette.jpg\" class=\"attachment-full size-full wp-post-image\" alt=\"Retro-Food Truck Gourmetprodukte auf den Stra\u00dfen von Paris - Chouquette\" srcset=\"https:\/\/www.vsveicolispeciali.com\/wp-content\/uploads\/2019\/12\/pasticceria-itinerante-dolci-paste-chouquette.jpg 1000w, https:\/\/www.vsveicolispeciali.com\/wp-content\/uploads\/2019\/12\/pasticceria-itinerante-dolci-paste-chouquette-300x240.jpg 300w, https:\/\/www.vsveicolispeciali.com\/wp-content\/uploads\/2019\/12\/pasticceria-itinerante-dolci-paste-chouquette-768x614.jpg 768w, https:\/\/www.vsveicolispeciali.com\/wp-content\/uploads\/2019\/12\/pasticceria-itinerante-dolci-paste-chouquette-700x560.jpg 700w\" sizes=\"(max-width: 1000px) 100vw, 1000px\" \/><\/span><\/a><span class='text_holder'><span class='text_outer'><span class='text_inner'><div class=\"hover_feature_holder_title\"><div class=\"hover_feature_holder_title_inner\"><h5 itemprop=\"name\" class=\"portfolio_title entry_title\"><a itemprop=\"url\" href=\"https:\/\/www.vsveicolispeciali.com\/de\/street-food-truck\/mobile-konditorei-baeckerei-citroen-nv-food-truck-chouquette\/\"  target=\"_self\">Mobile B\u00e4ckerei-Konditorei Chouquette<\/a><\/h5><div  class=\"portfolio_separator separator  small center\"><\/div><span class=\"project_category\" >Food Truck, NV Food Truck, Street Food, Konditorei<\/span><\/div><\/div><span class='feature_holder'><span class=\"feature_holder_icons\"><a itemprop='url' class='preview qbutton small white' href='https:\/\/www.vsveicolispeciali.com\/de\/street-food-truck\/mobile-konditorei-baeckerei-citroen-nv-food-truck-chouquette\/' target='_self'>view<\/a><span class='portfolio_like qbutton small white'><a  href=\"#\" class=\"qode-like\" id=\"qode-like-12144\" title=\"Like this\">27<span>  Likes<\/span><\/a><\/span><\/span><\/span><\/span><\/span><\/span><\/div><\/article>\n<article class='mix portfolio_category_56 portfolio_category_87 portfolio_category_132 portfolio_category_618 ' style=''><div class='image_holder'><a itemprop='url' class='portfolio_link_for_touch' href='https:\/\/www.vsveicolispeciali.com\/de\/street-food-truck\/citroen-nv-food-truck-catering-veranstaltungen-kostina\/' target='_self'><span class='image'><img loading=\"lazy\" decoding=\"async\" width=\"1000\" height=\"800\" src=\"https:\/\/www.vsveicolispeciali.com\/wp-content\/uploads\/2019\/12\/Food-Truck-Citroen-Jumper-ristorazione-mobile.jpg\" class=\"attachment-full size-full wp-post-image\" alt=\"NV Food Truck Citroen Jumper Imbisswagen f\u00fcr mobiles Catering und Gourmet-Gerichten\" srcset=\"https:\/\/www.vsveicolispeciali.com\/wp-content\/uploads\/2019\/12\/Food-Truck-Citroen-Jumper-ristorazione-mobile.jpg 1000w, https:\/\/www.vsveicolispeciali.com\/wp-content\/uploads\/2019\/12\/Food-Truck-Citroen-Jumper-ristorazione-mobile-300x240.jpg 300w, https:\/\/www.vsveicolispeciali.com\/wp-content\/uploads\/2019\/12\/Food-Truck-Citroen-Jumper-ristorazione-mobile-768x614.jpg 768w, https:\/\/www.vsveicolispeciali.com\/wp-content\/uploads\/2019\/12\/Food-Truck-Citroen-Jumper-ristorazione-mobile-700x560.jpg 700w\" sizes=\"(max-width: 1000px) 100vw, 1000px\" \/><\/span><\/a><span class='text_holder'><span class='text_outer'><span class='text_inner'><div class=\"hover_feature_holder_title\"><div class=\"hover_feature_holder_title_inner\"><h5 itemprop=\"name\" class=\"portfolio_title entry_title\"><a itemprop=\"url\" href=\"https:\/\/www.vsveicolispeciali.com\/de\/street-food-truck\/citroen-nv-food-truck-catering-veranstaltungen-kostina\/\"  target=\"_self\">Grill Imbisswagen Kostina<\/a><\/h5><div  class=\"portfolio_separator separator  small center\"><\/div><span class=\"project_category\" >Food Truck, NV Food Truck, BBQ \/ GRILL, Chef<\/span><\/div><\/div><span class='feature_holder'><span class=\"feature_holder_icons\"><a itemprop='url' class='preview qbutton small white' href='https:\/\/www.vsveicolispeciali.com\/de\/street-food-truck\/citroen-nv-food-truck-catering-veranstaltungen-kostina\/' target='_self'>view<\/a><span class='portfolio_like qbutton small white'><a  href=\"#\" class=\"qode-like\" id=\"qode-like-12146\" title=\"Like this\">14<span>  Likes<\/span><\/a><\/span><\/span><\/span><\/span><\/span><\/span><\/div><\/article>\n<div class='filler'><\/div>\n<div class='filler'><\/div>\n<div class='filler'><\/div>\n<div class='filler'><\/div>\n<div class='filler'><\/div>\n<\/div><\/div>[vc_separator type=&#8220;transparent&#8220; thickness=&#8220;120&#8243;][\/vc_column][\/vc_row][vc_row css_animation=&#8220;&#8220; row_type=&#8220;row&#8220; use_row_as_full_screen_section=&#8220;no&#8220; type=&#8220;full_width&#8220; angled_section=&#8220;no&#8220; text_align=&#8220;left&#8220; background_image_as_pattern=&#8220;without_pattern&#8220; z_index=&#8220;&#8220; padding_bottom=&#8220;120&#8243;][vc_column]<div class=\"container_inner\"><div class=\"call_to_action simple\" style=\"\"><div class=\"text_wrapper column1\"><div class=\"call_to_action_text  font_weight_inherit letter_spacing_inherit\" style=\"font-weight: 300;letter-spacing: 1px;\">Entdecken Sie alle Eigenschaften des New Vintage Food Truck<\/div><a itemprop=\"url\" href=\"https:\/\/www.vsveicolispeciali.com\/de\/neuer-vintage-food-truck-das-ideale-fahrzeug-fuer-firmen-oder-eventagenturen-2\/\" class=\"qbutton white big_large\" target=\"\" style=\"\">Klicken Sie hier<\/a><\/div><\/div><\/div>[\/vc_column][\/vc_row]<\/p>\n<\/div>","protected":false},"excerpt":{"rendered":"<p>[vc_row css_animation=&#8220;&#8220; row_type=&#8220;row&#8220; use_row_as_full_screen_section=&#8220;no&#8220; type=&#8220;grid&#8220; angled_section=&#8220;no&#8220; text_align=&#8220;left&#8220; background_image_as_pattern=&#8220;without_pattern&#8220;][vc_column][vc_separator type=&#8220;transparent&#8220; thickness=&#8220;90&#8243; up=&#8220;0&#8243; down=&#8220;0&#8243;][vc_column_text] NV Food Truck Professioneller Umbau [\/vc_column_text][vc_separator type=&#8220;small&#8220; position=&#8220;center&#8220;][vc_row_inner row_type=&#8220;row&#8220; type=&#8220;full_width&#8220; text_align=&#8220;center&#8220; css_animation=&#8220;&#8220;][vc_column_inner offset=&#8220;vc_col-lg-offset-2 vc_col-lg-8&#8243;][vc_column_text]Der neue Citroen Jumper, umgebaut in einen Food-Truck, darf sich einer au\u00dferordentlichen \u00e4sthetischen Qualit\u00e4t r\u00fchmen: Der Vintage-Stil erinnert an den&#8230;<\/p>\n","protected":false},"author":1001012,"featured_media":0,"parent":7686,"menu_order":3,"comment_status":"closed","ping_status":"closed","template":"full_width.php","meta":{"footnotes":""},"class_list":["post-11816","page","type-page","status-publish","hentry"],"yoast_head":"<!-- This site is optimized with the Yoast SEO plugin v25.4 - https:\/\/yoast.com\/wordpress\/plugins\/seo\/ -->\n<title>Citro\u00ebn Jumper, in Retro-Foodtruck umgewandelt | Professioneller Umbau<\/title>\n<meta name=\"description\" content=\"Der zum Food-Truck umgebaute Citroen Jumper wird zu einem echten fahrenden Restaurant f\u00fcr mobile Gastronomie und professionelle Catering &gt;\" \/>\n<meta name=\"robots\" content=\"index, follow, max-snippet:-1, max-image-preview:large, max-video-preview:-1\" \/>\n<link rel=\"canonical\" href=\"https:\/\/www.vsveicolispeciali.com\/de\/verkaufswagen-kaufen\/food-truck-imbisswagen-kosten\/citroen-jumper-retro-food-truck-umbau\/\" \/>\n<meta property=\"og:locale\" content=\"de_DE\" \/>\n<meta property=\"og:type\" content=\"article\" \/>\n<meta property=\"og:title\" content=\"Citro\u00ebn Jumper, in Retro-Foodtruck umgewandelt | Professioneller Umbau\" \/>\n<meta property=\"og:description\" content=\"Der zum Food-Truck umgebaute Citroen Jumper wird zu einem echten fahrenden Restaurant f\u00fcr mobile Gastronomie und professionelle Catering &gt;\" \/>\n<meta property=\"og:url\" content=\"https:\/\/www.vsveicolispeciali.com\/de\/verkaufswagen-kaufen\/food-truck-imbisswagen-kosten\/citroen-jumper-retro-food-truck-umbau\/\" \/>\n<meta property=\"og:site_name\" content=\"VS Veicoli Speciali\" \/>\n<meta property=\"article:publisher\" content=\"https:\/\/www.facebook.com\/VSVeicoliSpeciali.Food.Trucks\/\" \/>\n<meta property=\"article:modified_time\" content=\"2023-08-30T09:43:00+00:00\" \/>\n<meta name=\"twitter:card\" content=\"summary_large_image\" \/>\n<meta name=\"twitter:site\" content=\"@veicolispeciali\" \/>\n<meta name=\"twitter:label1\" content=\"Gesch\u00e4tzte Lesezeit\" \/>\n\t<meta name=\"twitter:data1\" content=\"1\u00a0Minute\" \/>\n<script type=\"application\/ld+json\" class=\"yoast-schema-graph\">{\"@context\":\"https:\/\/schema.org\",\"@graph\":[{\"@type\":\"WebPage\",\"@id\":\"https:\/\/www.vsveicolispeciali.com\/de\/verkaufswagen-kaufen\/food-truck-imbisswagen-kosten\/citroen-jumper-retro-food-truck-umbau\/\",\"url\":\"https:\/\/www.vsveicolispeciali.com\/de\/verkaufswagen-kaufen\/food-truck-imbisswagen-kosten\/citroen-jumper-retro-food-truck-umbau\/\",\"name\":\"Citro\u00ebn Jumper, in Retro-Foodtruck umgewandelt | Professioneller Umbau\",\"isPartOf\":{\"@id\":\"https:\/\/www.vsveicolispeciali.com\/de\/#website\"},\"datePublished\":\"2019-11-22T17:28:24+00:00\",\"dateModified\":\"2023-08-30T09:43:00+00:00\",\"description\":\"Der zum Food-Truck umgebaute Citroen Jumper wird zu einem echten fahrenden Restaurant f\u00fcr mobile Gastronomie und professionelle Catering >\",\"breadcrumb\":{\"@id\":\"https:\/\/www.vsveicolispeciali.com\/de\/verkaufswagen-kaufen\/food-truck-imbisswagen-kosten\/citroen-jumper-retro-food-truck-umbau\/#breadcrumb\"},\"inLanguage\":\"de\",\"potentialAction\":[{\"@type\":\"ReadAction\",\"target\":[\"https:\/\/www.vsveicolispeciali.com\/de\/verkaufswagen-kaufen\/food-truck-imbisswagen-kosten\/citroen-jumper-retro-food-truck-umbau\/\"]}]},{\"@type\":\"BreadcrumbList\",\"@id\":\"https:\/\/www.vsveicolispeciali.com\/de\/verkaufswagen-kaufen\/food-truck-imbisswagen-kosten\/citroen-jumper-retro-food-truck-umbau\/#breadcrumb\",\"itemListElement\":[{\"@type\":\"ListItem\",\"position\":1,\"name\":\"Home\",\"item\":\"https:\/\/www.vsveicolispeciali.com\/de\/\"},{\"@type\":\"ListItem\",\"position\":2,\"name\":\"Verkaufswagen und Streetfood-Wagen kaufen\",\"item\":\"https:\/\/www.vsveicolispeciali.com\/de\/verkaufswagen-kaufen\/\"},{\"@type\":\"ListItem\",\"position\":3,\"name\":\"FOODTRUCKS KAUFEN\",\"item\":\"https:\/\/www.vsveicolispeciali.com\/de\/verkaufswagen-kaufen\/food-truck-imbisswagen-kosten\/\"},{\"@type\":\"ListItem\",\"position\":4,\"name\":\"Citro\u00ebn Jumper, in Retro-Foodtruck umgewandelt\"}]},{\"@type\":\"WebSite\",\"@id\":\"https:\/\/www.vsveicolispeciali.com\/de\/#website\",\"url\":\"https:\/\/www.vsveicolispeciali.com\/de\/\",\"name\":\"VS Veicoli Speciali\",\"description\":\"\",\"publisher\":{\"@id\":\"https:\/\/www.vsveicolispeciali.com\/de\/#organization\"},\"potentialAction\":[{\"@type\":\"SearchAction\",\"target\":{\"@type\":\"EntryPoint\",\"urlTemplate\":\"https:\/\/www.vsveicolispeciali.com\/de\/?s={search_term_string}\"},\"query-input\":{\"@type\":\"PropertyValueSpecification\",\"valueRequired\":true,\"valueName\":\"search_term_string\"}}],\"inLanguage\":\"de\"},{\"@type\":\"Organization\",\"@id\":\"https:\/\/www.vsveicolispeciali.com\/de\/#organization\",\"name\":\"VS Veicoli Speciali\",\"url\":\"https:\/\/www.vsveicolispeciali.com\/de\/\",\"logo\":{\"@type\":\"ImageObject\",\"inLanguage\":\"de\",\"@id\":\"https:\/\/www.vsveicolispeciali.com\/de\/#\/schema\/logo\/image\/\",\"url\":\"http:\/\/www.vsveicolispeciali.com\/wp-content\/uploads\/2015\/05\/vs_veicoli_speciali-logo.png\",\"contentUrl\":\"http:\/\/www.vsveicolispeciali.com\/wp-content\/uploads\/2015\/05\/vs_veicoli_speciali-logo.png\",\"width\":252,\"height\":134,\"caption\":\"VS Veicoli Speciali\"},\"image\":{\"@id\":\"https:\/\/www.vsveicolispeciali.com\/de\/#\/schema\/logo\/image\/\"},\"sameAs\":[\"https:\/\/www.facebook.com\/VSVeicoliSpeciali.Food.Trucks\/\",\"https:\/\/x.com\/veicolispeciali\",\"https:\/\/www.instagram.com\/vs_veicolispeciali\/\",\"https:\/\/www.linkedin.com\/company\/2811960\/\",\"https:\/\/www.pinterest.com\/streetfoodtruck\/\",\"https:\/\/www.youtube.com\/user\/veicolispeciali\"]}]}<\/script>\n<!-- \/ Yoast SEO plugin. -->","yoast_head_json":{"title":"Citro\u00ebn Jumper, in Retro-Foodtruck umgewandelt | Professioneller Umbau","description":"Der zum Food-Truck umgebaute Citroen Jumper wird zu einem echten fahrenden Restaurant f\u00fcr mobile Gastronomie und professionelle Catering >","robots":{"index":"index","follow":"follow","max-snippet":"max-snippet:-1","max-image-preview":"max-image-preview:large","max-video-preview":"max-video-preview:-1"},"canonical":"https:\/\/www.vsveicolispeciali.com\/de\/verkaufswagen-kaufen\/food-truck-imbisswagen-kosten\/citroen-jumper-retro-food-truck-umbau\/","og_locale":"de_DE","og_type":"article","og_title":"Citro\u00ebn Jumper, in Retro-Foodtruck umgewandelt | Professioneller Umbau","og_description":"Der zum Food-Truck umgebaute Citroen Jumper wird zu einem echten fahrenden Restaurant f\u00fcr mobile Gastronomie und professionelle Catering >","og_url":"https:\/\/www.vsveicolispeciali.com\/de\/verkaufswagen-kaufen\/food-truck-imbisswagen-kosten\/citroen-jumper-retro-food-truck-umbau\/","og_site_name":"VS Veicoli Speciali","article_publisher":"https:\/\/www.facebook.com\/VSVeicoliSpeciali.Food.Trucks\/","article_modified_time":"2023-08-30T09:43:00+00:00","twitter_card":"summary_large_image","twitter_site":"@veicolispeciali","twitter_misc":{"Gesch\u00e4tzte Lesezeit":"1\u00a0Minute"},"schema":{"@context":"https:\/\/schema.org","@graph":[{"@type":"WebPage","@id":"https:\/\/www.vsveicolispeciali.com\/de\/verkaufswagen-kaufen\/food-truck-imbisswagen-kosten\/citroen-jumper-retro-food-truck-umbau\/","url":"https:\/\/www.vsveicolispeciali.com\/de\/verkaufswagen-kaufen\/food-truck-imbisswagen-kosten\/citroen-jumper-retro-food-truck-umbau\/","name":"Citro\u00ebn Jumper, in Retro-Foodtruck umgewandelt | Professioneller Umbau","isPartOf":{"@id":"https:\/\/www.vsveicolispeciali.com\/de\/#website"},"datePublished":"2019-11-22T17:28:24+00:00","dateModified":"2023-08-30T09:43:00+00:00","description":"Der zum Food-Truck umgebaute Citroen Jumper wird zu einem echten fahrenden Restaurant f\u00fcr mobile Gastronomie und professionelle Catering >","breadcrumb":{"@id":"https:\/\/www.vsveicolispeciali.com\/de\/verkaufswagen-kaufen\/food-truck-imbisswagen-kosten\/citroen-jumper-retro-food-truck-umbau\/#breadcrumb"},"inLanguage":"de","potentialAction":[{"@type":"ReadAction","target":["https:\/\/www.vsveicolispeciali.com\/de\/verkaufswagen-kaufen\/food-truck-imbisswagen-kosten\/citroen-jumper-retro-food-truck-umbau\/"]}]},{"@type":"BreadcrumbList","@id":"https:\/\/www.vsveicolispeciali.com\/de\/verkaufswagen-kaufen\/food-truck-imbisswagen-kosten\/citroen-jumper-retro-food-truck-umbau\/#breadcrumb","itemListElement":[{"@type":"ListItem","position":1,"name":"Home","item":"https:\/\/www.vsveicolispeciali.com\/de\/"},{"@type":"ListItem","position":2,"name":"Verkaufswagen und Streetfood-Wagen kaufen","item":"https:\/\/www.vsveicolispeciali.com\/de\/verkaufswagen-kaufen\/"},{"@type":"ListItem","position":3,"name":"FOODTRUCKS KAUFEN","item":"https:\/\/www.vsveicolispeciali.com\/de\/verkaufswagen-kaufen\/food-truck-imbisswagen-kosten\/"},{"@type":"ListItem","position":4,"name":"Citro\u00ebn Jumper, in Retro-Foodtruck umgewandelt"}]},{"@type":"WebSite","@id":"https:\/\/www.vsveicolispeciali.com\/de\/#website","url":"https:\/\/www.vsveicolispeciali.com\/de\/","name":"VS Veicoli Speciali","description":"","publisher":{"@id":"https:\/\/www.vsveicolispeciali.com\/de\/#organization"},"potentialAction":[{"@type":"SearchAction","target":{"@type":"EntryPoint","urlTemplate":"https:\/\/www.vsveicolispeciali.com\/de\/?s={search_term_string}"},"query-input":{"@type":"PropertyValueSpecification","valueRequired":true,"valueName":"search_term_string"}}],"inLanguage":"de"},{"@type":"Organization","@id":"https:\/\/www.vsveicolispeciali.com\/de\/#organization","name":"VS Veicoli Speciali","url":"https:\/\/www.vsveicolispeciali.com\/de\/","logo":{"@type":"ImageObject","inLanguage":"de","@id":"https:\/\/www.vsveicolispeciali.com\/de\/#\/schema\/logo\/image\/","url":"http:\/\/www.vsveicolispeciali.com\/wp-content\/uploads\/2015\/05\/vs_veicoli_speciali-logo.png","contentUrl":"http:\/\/www.vsveicolispeciali.com\/wp-content\/uploads\/2015\/05\/vs_veicoli_speciali-logo.png","width":252,"height":134,"caption":"VS Veicoli Speciali"},"image":{"@id":"https:\/\/www.vsveicolispeciali.com\/de\/#\/schema\/logo\/image\/"},"sameAs":["https:\/\/www.facebook.com\/VSVeicoliSpeciali.Food.Trucks\/","https:\/\/x.com\/veicolispeciali","https:\/\/www.instagram.com\/vs_veicolispeciali\/","https:\/\/www.linkedin.com\/company\/2811960\/","https:\/\/www.pinterest.com\/streetfoodtruck\/","https:\/\/www.youtube.com\/user\/veicolispeciali"]}]}},"_links":{"self":[{"href":"https:\/\/www.vsveicolispeciali.com\/de\/wp-json\/wp\/v2\/pages\/11816"}],"collection":[{"href":"https:\/\/www.vsveicolispeciali.com\/de\/wp-json\/wp\/v2\/pages"}],"about":[{"href":"https:\/\/www.vsveicolispeciali.com\/de\/wp-json\/wp\/v2\/types\/page"}],"author":[{"embeddable":true,"href":"https:\/\/www.vsveicolispeciali.com\/de\/wp-json\/wp\/v2\/users\/1001012"}],"replies":[{"embeddable":true,"href":"https:\/\/www.vsveicolispeciali.com\/de\/wp-json\/wp\/v2\/comments?post=11816"}],"version-history":[{"count":11,"href":"https:\/\/www.vsveicolispeciali.com\/de\/wp-json\/wp\/v2\/pages\/11816\/revisions"}],"predecessor-version":[{"id":24403,"href":"https:\/\/www.vsveicolispeciali.com\/de\/wp-json\/wp\/v2\/pages\/11816\/revisions\/24403"}],"up":[{"embeddable":true,"href":"https:\/\/www.vsveicolispeciali.com\/de\/wp-json\/wp\/v2\/pages\/7686"}],"wp:attachment":[{"href":"https:\/\/www.vsveicolispeciali.com\/de\/wp-json\/wp\/v2\/media?parent=11816"}],"curies":[{"name":"wp","href":"https:\/\/api.w.org\/{rel}","templated":true}]}}