{"id":11812,"date":"2019-11-22T17:26:14","date_gmt":"2019-11-22T16:26:14","guid":{"rendered":"http:\/\/vsveicolispeciali.com\/verkaufswagen-kaufen\/food-truck-imbisswagen-kosten\/professional-food-truck\/"},"modified":"2026-08-10T15:42:08","modified_gmt":"2026-08-10T13:42:08","slug":"transporter-food-truck-bauen-mobiler-kueche","status":"publish","type":"page","link":"https:\/\/www.vsveicolispeciali.com\/de\/verkaufswagen-kaufen\/food-truck-imbisswagen-kosten\/transporter-food-truck-bauen-mobiler-kueche\/","title":{"rendered":"Professioneller Foodtruck &#8211; BAU EINER MOBILE K\u00dcCHE"},"content":{"rendered":"<div class=\"wpb-content-wrapper\"><div class=\"vc_row wpb_row section vc_row-fluid  grid_section\" style=' text-align:left;'><div class=\" section_inner clearfix\"><div class='section_inner_margin clearfix'><div class=\"wpb_column vc_column_container vc_col-sm-12\"><div class=\"vc_column-inner\"><div class=\"wpb_wrapper\"><div class=\"separator  transparent   \" style=\"margin-top: 0px;margin-bottom: 0px;height: 90px;\"><\/div>\n\n\t<div class=\"wpb_text_column wpb_content_element \">\n\t\t<div class=\"wpb_wrapper\">\n\t\t\t<h2 style=\"text-align: center;\">Erweitern Sie Ihr Business mit einem individuellen Foodtruck<\/h2>\n\n\t\t<\/div> \n\t<\/div> <div class=\"separator  small center  \" style=\"\"><\/div>\n<div      class=\"vc_row wpb_row section vc_row-fluid vc_inner \" style=' text-align:center;'><div class=\" full_section_inner clearfix\"><div class=\"wpb_column vc_column_container vc_col-sm-12 vc_col-lg-offset-2 vc_col-lg-8\"><div class=\"vc_column-inner\"><div class=\"wpb_wrapper\">\n\t<div class=\"wpb_text_column wpb_content_element \">\n\t\t<div class=\"wpb_wrapper\">\n\t\t\t<p>Wenn Sie ein Unternehmen im Gastst\u00e4ttengewerbe besitzen, ist ein Foodtruck eine sinnvolle Erweiterung Ihrer T\u00e4tigkeit: Das Fahrzeug vergr\u00f6\u00dfert den Aktionsradius Ihres Gesch\u00e4fts, indem es Zugang zu R\u00e4umlichkeiten oder wirtschaftlichen Umfeldern verschafft, die sonst unerreichbar sind. <strong>Ein <a href=\"https:\/\/www.vsveicolispeciali.com\/de\/verkaufswagen-kaufen\/food-truck-imbisswagen-kosten\/\">Foodtruck<\/a> h\u00f6chster Qualit\u00e4t bietet einen Vorteil<\/strong>: Er steigert das Ansehen Ihrer Marke und verst\u00e4rkt das Image auf unternehmerischen und \u00f6ffentlichen Veranstaltungen, dank einer wirksamen Produktf\u00f6rderung, die kaum mit anderen Marketinginstrumenten zu vergleichen ist. Mit einem <a href=\"https:\/\/www.vsveicolispeciali.com\/de\/verkaufswagen-kaufen\/\">Streetfood-Truck<\/a> verkauft Ihr Unternehmen mehr und besser. Die <strong>Ausstattungen<\/strong> f\u00fcr die verschiedensten Unternehmensbranchen und jeden Warensektor sowie das wachsende Interesse auf allen Ebenen best\u00e4tigen es einmal mehr: <a href=\"https:\/\/vs-foodtruck.de\/professional-food-truck\" target=\"_blank\" rel=\"noopener\">Der Kauf eines professionellen Foodtrucks<\/a> ist eine Investition, die sich lohnt.<\/p>\n\n\t\t<\/div> \n\t<\/div> <\/div><\/div><\/div><\/div><\/div><\/div><\/div><\/div><\/div><\/div><\/div><div      class=\"vc_row wpb_row section vc_row-fluid  grid_section\" style=' text-align:left;'><div class=\" section_inner clearfix\"><div class='section_inner_margin clearfix'><div class=\"wpb_column vc_column_container vc_col-sm-12\"><div class=\"vc_column-inner\"><div class=\"wpb_wrapper\"><div class=\"separator  transparent   \" style=\"margin-top: 0px;margin-bottom: 0px;height: 40px;\"><\/div>\n\n\t<div class=\"wpb_text_column wpb_content_element \">\n\t\t<div class=\"wpb_wrapper\">\n\t\t\t<h3 style=\"text-align: center;\">Kommerzielle Informationen<\/h3>\n\n\t\t<\/div> \n\t<\/div> <div class=\"separator  transparent   \" style=\"margin-top: 0px;margin-bottom: 0px;height: 30px;\"><\/div>\n\n\t<div class=\"wpb_text_column wpb_content_element \">\n\t\t<div class=\"wpb_wrapper\">\n\t\t\t<div id=\"dati-schede\">\n<table class=\"vehicle-specifications\">\n<tbody>\n<tr>\n<th scope=\"row\">Vertriebsgebiet<\/th>\n<td>Europa, Schweiz<\/td>\n<\/tr>\n<tr>\n<th scope=\"row\">Preisspanne<\/th>\n<td>80.000 \u2013 130.000 \u20ac zzgl. MwSt.<\/td>\n<\/tr>\n<tr>\n<th scope=\"row\">F\u00fchrerschein<\/th>\n<td>B<\/td>\n<\/tr>\n<tr>\n<th scope=\"row\">Typgenehmigung<\/th>\n<td>Europ\u00e4isch<\/td>\n<\/tr>\n<tr>\n<th scope=\"row\">Lieferzeit<\/th>\n<td>2-6 Monate<\/td>\n<\/tr>\n<tr>\n<th scope=\"row\">Anzahl der Bedienpersonen<\/th>\n<td>3-4<\/td>\n<\/tr>\n<tr class=\"specification-section\">\n<th colspan=\"2\" scope=\"colgroup\">Abmessungen<\/th>\n<\/tr>\n<tr>\n<th scope=\"row\">Breite<\/th>\n<td>2,1 m<\/td>\n<\/tr>\n<tr>\n<th scope=\"row\">L\u00e4nge<\/th>\n<td>5,8 m<\/td>\n<\/tr>\n<tr>\n<th scope=\"row\">Innenh\u00f6he<\/th>\n<td>2,1 m<\/td>\n<\/tr>\n<tr class=\"specification-section\">\n<th colspan=\"2\" scope=\"colgroup\">Energiequellen<\/th>\n<\/tr>\n<tr>\n<th scope=\"row\">Optionen f\u00fcr die Stromversorgung<\/th>\n<td>\n<ul>\n<li>Lithiumbatterien<\/li>\n<li>Photovoltaikmodule<\/li>\n<li>Fahrzeugmotor<\/li>\n<li>externes Stromnetz<\/li>\n<\/ul>\n<\/td>\n<\/tr>\n<\/tbody>\n<\/table>\n<\/div>\n\n\t\t<\/div> \n\t<\/div> <\/div><\/div><\/div><\/div><\/div><\/div><div      class=\"vc_row wpb_row section vc_row-fluid \" style=' text-align:left;'><div class=\" full_section_inner clearfix\"><div class=\"wpb_column vc_column_container vc_col-sm-12\"><div class=\"vc_column-inner\"><div class=\"wpb_wrapper\"><div class=\"separator  transparent   \" style=\"margin-top: 0px;margin-bottom: 0px;height: 90px;\"><\/div>\n<div class='projects_holder_outer v5 portfolio_with_space portfolio_with_hover_text'><div class='projects_holder portfolio_main_holder clearfix v5 hover_text portfolio_full_image portfolio_one_by_one'>\n<article class='mix portfolio_category_56 portfolio_category_89 portfolio_category_752 ' style=''><div class='image_holder'><a itemprop='url' class='portfolio_link_for_touch' href='https:\/\/www.vsveicolispeciali.com\/de\/street-food-truck\/food-truck-protezione-civile-como\/' target='_self'><span class='image'><img loading=\"lazy\" decoding=\"async\" width=\"1100\" height=\"880\" src=\"https:\/\/www.vsveicolispeciali.com\/wp-content\/uploads\/2026\/08\/food-truck-protezione-civile-como.jpg\" class=\"attachment-full size-full wp-post-image\" alt=\"Food Truck des Zivilschutzes von Como, ein Spezialfahrzeug f\u00fcr Notfalleins\u00e4tze\" srcset=\"https:\/\/www.vsveicolispeciali.com\/wp-content\/uploads\/2026\/08\/food-truck-protezione-civile-como.jpg 1100w, https:\/\/www.vsveicolispeciali.com\/wp-content\/uploads\/2026\/08\/food-truck-protezione-civile-como-300x240.jpg 300w, https:\/\/www.vsveicolispeciali.com\/wp-content\/uploads\/2026\/08\/food-truck-protezione-civile-como-1024x819.jpg 1024w, https:\/\/www.vsveicolispeciali.com\/wp-content\/uploads\/2026\/08\/food-truck-protezione-civile-como-768x614.jpg 768w, https:\/\/www.vsveicolispeciali.com\/wp-content\/uploads\/2026\/08\/food-truck-protezione-civile-como-700x560.jpg 700w\" sizes=\"auto, (max-width: 1100px) 100vw, 1100px\" \/><\/span><\/a><span class='text_holder'><span class='text_outer'><span class='text_inner'><div class=\"hover_feature_holder_title\"><div class=\"hover_feature_holder_title_inner\"><h5 itemprop=\"name\" class=\"portfolio_title entry_title\"><a itemprop=\"url\" href=\"https:\/\/www.vsveicolispeciali.com\/de\/street-food-truck\/food-truck-protezione-civile-como\/\"  target=\"_self\">Food Truck PROTEZIONE CIVILE COMO<\/a><\/h5><div  class=\"portfolio_separator separator  small center\"><\/div><span class=\"project_category\" >Food Truck, Professional Food Truck, Sonderfahrzeuge<\/span><\/div><\/div><span class='feature_holder'><span class=\"feature_holder_icons\"><a itemprop='url' class='preview qbutton small white' href='https:\/\/www.vsveicolispeciali.com\/de\/street-food-truck\/food-truck-protezione-civile-como\/' target='_self'>view<\/a><span class='portfolio_like qbutton small white'><a  href=\"#\" class=\"qode-like\" id=\"qode-like-30207\" title=\"Like this\">1<span>  Like<\/span><\/a><\/span><\/span><\/span><\/span><\/span><\/span><\/div><\/article>\n<article class='mix portfolio_category_56 portfolio_category_89 portfolio_category_131 portfolio_category_137 ' style=''><div class='image_holder'><a itemprop='url' class='portfolio_link_for_touch' href='https:\/\/www.vsveicolispeciali.com\/de\/street-food-truck\/pizzatruck-focaccia-del-ponte\/' target='_self'><span class='image'><img loading=\"lazy\" decoding=\"async\" width=\"1000\" height=\"800\" src=\"https:\/\/www.vsveicolispeciali.com\/wp-content\/uploads\/2025\/01\/food-truck-pizzeria-focacceria-del-ponte.jpg\" class=\"attachment-full size-full wp-post-image\" alt=\"Pizzatruck Del Ponte verkauf von Pizza und Focaccia\" srcset=\"https:\/\/www.vsveicolispeciali.com\/wp-content\/uploads\/2025\/01\/food-truck-pizzeria-focacceria-del-ponte.jpg 1000w, https:\/\/www.vsveicolispeciali.com\/wp-content\/uploads\/2025\/01\/food-truck-pizzeria-focacceria-del-ponte-300x240.jpg 300w, https:\/\/www.vsveicolispeciali.com\/wp-content\/uploads\/2025\/01\/food-truck-pizzeria-focacceria-del-ponte-768x614.jpg 768w, https:\/\/www.vsveicolispeciali.com\/wp-content\/uploads\/2025\/01\/food-truck-pizzeria-focacceria-del-ponte-700x560.jpg 700w\" sizes=\"auto, (max-width: 1000px) 100vw, 1000px\" \/><\/span><\/a><span class='text_holder'><span class='text_outer'><span class='text_inner'><div class=\"hover_feature_holder_title\"><div class=\"hover_feature_holder_title_inner\"><h5 itemprop=\"name\" class=\"portfolio_title entry_title\"><a itemprop=\"url\" href=\"https:\/\/www.vsveicolispeciali.com\/de\/street-food-truck\/pizzatruck-focaccia-del-ponte\/\"  target=\"_self\">Pizzatruck Focacceria Del Ponte<\/a><\/h5><div  class=\"portfolio_separator separator  small center\"><\/div><span class=\"project_category\" >Food Truck, Professional Food Truck, Street Food, Pizza<\/span><\/div><\/div><span class='feature_holder'><span class=\"feature_holder_icons\"><a itemprop='url' class='preview qbutton small white' href='https:\/\/www.vsveicolispeciali.com\/de\/street-food-truck\/pizzatruck-focaccia-del-ponte\/' target='_self'>view<\/a><span class='portfolio_like qbutton small white'><a  href=\"#\" class=\"qode-like\" id=\"qode-like-27571\" title=\"Like this\">8<span>  Likes<\/span><\/a><\/span><\/span><\/span><\/span><\/span><\/span><\/div><\/article>\n<article class='mix portfolio_category_56 portfolio_category_89 ' style=''><div class='image_holder'><a itemprop='url' class='portfolio_link_for_touch' href='https:\/\/www.vsveicolispeciali.com\/de\/street-food-truck\/frittenwagen-lhelvete\/' target='_self'><span class='image'><img loading=\"lazy\" decoding=\"async\" width=\"1000\" height=\"800\" src=\"https:\/\/www.vsveicolispeciali.com\/wp-content\/uploads\/2025\/01\/food-truck-friggitoria-lhelvete.jpg\" class=\"attachment-full size-full wp-post-image\" alt=\"Frittenwagen L&#039;Helvete mit Gasfritteuse ausgestattet\" srcset=\"https:\/\/www.vsveicolispeciali.com\/wp-content\/uploads\/2025\/01\/food-truck-friggitoria-lhelvete.jpg 1000w, https:\/\/www.vsveicolispeciali.com\/wp-content\/uploads\/2025\/01\/food-truck-friggitoria-lhelvete-300x240.jpg 300w, https:\/\/www.vsveicolispeciali.com\/wp-content\/uploads\/2025\/01\/food-truck-friggitoria-lhelvete-768x614.jpg 768w, https:\/\/www.vsveicolispeciali.com\/wp-content\/uploads\/2025\/01\/food-truck-friggitoria-lhelvete-700x560.jpg 700w\" sizes=\"auto, (max-width: 1000px) 100vw, 1000px\" \/><\/span><\/a><span class='text_holder'><span class='text_outer'><span class='text_inner'><div class=\"hover_feature_holder_title\"><div class=\"hover_feature_holder_title_inner\"><h5 itemprop=\"name\" class=\"portfolio_title entry_title\"><a itemprop=\"url\" href=\"https:\/\/www.vsveicolispeciali.com\/de\/street-food-truck\/frittenwagen-lhelvete\/\"  target=\"_self\">Frittenwagen L&#8217;Helvete<\/a><\/h5><div  class=\"portfolio_separator separator  small center\"><\/div><span class=\"project_category\" >Food Truck, Professional Food Truck<\/span><\/div><\/div><span class='feature_holder'><span class=\"feature_holder_icons\"><a itemprop='url' class='preview qbutton small white' href='https:\/\/www.vsveicolispeciali.com\/de\/street-food-truck\/frittenwagen-lhelvete\/' target='_self'>view<\/a><span class='portfolio_like qbutton small white'><a  href=\"#\" class=\"qode-like\" id=\"qode-like-27569\" title=\"Like this\">6<span>  Likes<\/span><\/a><\/span><\/span><\/span><\/span><\/span><\/span><\/div><\/article>\n<article class='mix portfolio_category_136 portfolio_category_618 portfolio_category_56 portfolio_category_89 portfolio_category_131 ' style=''><div class='image_holder'><a itemprop='url' class='portfolio_link_for_touch' href='https:\/\/www.vsveicolispeciali.com\/de\/street-food-truck\/burger-truck-ma-fabrique-du-burger\/' target='_self'><span class='image'><img loading=\"lazy\" decoding=\"async\" width=\"1000\" height=\"800\" src=\"https:\/\/www.vsveicolispeciali.com\/wp-content\/uploads\/2022\/11\/burger-truck-ma-fabrique-du-burger.jpg\" class=\"attachment-full size-full wp-post-image\" alt=\"burger truck ma fabrique du burger\" srcset=\"https:\/\/www.vsveicolispeciali.com\/wp-content\/uploads\/2022\/11\/burger-truck-ma-fabrique-du-burger.jpg 1000w, https:\/\/www.vsveicolispeciali.com\/wp-content\/uploads\/2022\/11\/burger-truck-ma-fabrique-du-burger-300x240.jpg 300w, https:\/\/www.vsveicolispeciali.com\/wp-content\/uploads\/2022\/11\/burger-truck-ma-fabrique-du-burger-768x614.jpg 768w, https:\/\/www.vsveicolispeciali.com\/wp-content\/uploads\/2022\/11\/burger-truck-ma-fabrique-du-burger-700x560.jpg 700w\" sizes=\"auto, (max-width: 1000px) 100vw, 1000px\" \/><\/span><\/a><span class='text_holder'><span class='text_outer'><span class='text_inner'><div class=\"hover_feature_holder_title\"><div class=\"hover_feature_holder_title_inner\"><h5 itemprop=\"name\" class=\"portfolio_title entry_title\"><a itemprop=\"url\" href=\"https:\/\/www.vsveicolispeciali.com\/de\/street-food-truck\/burger-truck-ma-fabrique-du-burger\/\"  target=\"_self\">Burger Truck Ma fabrique du burger<\/a><\/h5><div  class=\"portfolio_separator separator  small center\"><\/div><span class=\"project_category\" >Burger, Chef, Food Truck, Professional Food Truck, Street Food<\/span><\/div><\/div><span class='feature_holder'><span class=\"feature_holder_icons\"><a itemprop='url' class='preview qbutton small white' href='https:\/\/www.vsveicolispeciali.com\/de\/street-food-truck\/burger-truck-ma-fabrique-du-burger\/' target='_self'>view<\/a><span class='portfolio_like qbutton small white'><a  href=\"#\" class=\"qode-like\" id=\"qode-like-20022\" title=\"Like this\">10<span>  Likes<\/span><\/a><\/span><\/span><\/span><\/span><\/span><\/span><\/div><\/article>\n<article class='mix portfolio_category_56 portfolio_category_89 portfolio_category_136 ' style=''><div class='image_holder'><a itemprop='url' class='portfolio_link_for_touch' href='https:\/\/www.vsveicolispeciali.com\/de\/street-food-truck\/food-truck-burger-bunburgers\/' target='_self'><span class='image'><img loading=\"lazy\" decoding=\"async\" width=\"1000\" height=\"800\" src=\"https:\/\/www.vsveicolispeciali.com\/wp-content\/uploads\/2022\/03\/food-truck-hamburger-bunburgers.jpg\" class=\"attachment-full size-full wp-post-image\" alt=\"burger truck bunburgers\" srcset=\"https:\/\/www.vsveicolispeciali.com\/wp-content\/uploads\/2022\/03\/food-truck-hamburger-bunburgers.jpg 1000w, https:\/\/www.vsveicolispeciali.com\/wp-content\/uploads\/2022\/03\/food-truck-hamburger-bunburgers-300x240.jpg 300w, https:\/\/www.vsveicolispeciali.com\/wp-content\/uploads\/2022\/03\/food-truck-hamburger-bunburgers-768x614.jpg 768w, https:\/\/www.vsveicolispeciali.com\/wp-content\/uploads\/2022\/03\/food-truck-hamburger-bunburgers-700x560.jpg 700w\" sizes=\"auto, (max-width: 1000px) 100vw, 1000px\" \/><\/span><\/a><span class='text_holder'><span class='text_outer'><span class='text_inner'><div class=\"hover_feature_holder_title\"><div class=\"hover_feature_holder_title_inner\"><h5 itemprop=\"name\" class=\"portfolio_title entry_title\"><a itemprop=\"url\" href=\"https:\/\/www.vsveicolispeciali.com\/de\/street-food-truck\/food-truck-burger-bunburgers\/\"  target=\"_self\">Burger Truck Bun Burgers<\/a><\/h5><div  class=\"portfolio_separator separator  small center\"><\/div><span class=\"project_category\" >Food Truck, Professional Food Truck, Burger<\/span><\/div><\/div><span class='feature_holder'><span class=\"feature_holder_icons\"><a itemprop='url' class='preview qbutton small white' href='https:\/\/www.vsveicolispeciali.com\/de\/street-food-truck\/food-truck-burger-bunburgers\/' target='_self'>view<\/a><span class='portfolio_like qbutton small white'><a  href=\"#\" class=\"qode-like\" id=\"qode-like-15913\" title=\"Like this\">6<span>  Likes<\/span><\/a><\/span><\/span><\/span><\/span><\/span><\/span><\/div><\/article>\n<article class='mix portfolio_category_56 portfolio_category_89 portfolio_category_131 ' style=''><div class='image_holder'><a itemprop='url' class='portfolio_link_for_touch' href='https:\/\/www.vsveicolispeciali.com\/de\/street-food-truck\/transporter-fiat-ducato-zu-food-truck-mobile-restaurant-umgebauten\/' target='_self'><span class='image'><img loading=\"lazy\" decoding=\"async\" width=\"1000\" height=\"800\" src=\"https:\/\/www.vsveicolispeciali.com\/wp-content\/uploads\/2018\/05\/food-truck-ducato-parco-natura-viva.jpg\" class=\"attachment-full size-full wp-post-image\" alt=\"\" srcset=\"https:\/\/www.vsveicolispeciali.com\/wp-content\/uploads\/2018\/05\/food-truck-ducato-parco-natura-viva.jpg 1000w, https:\/\/www.vsveicolispeciali.com\/wp-content\/uploads\/2018\/05\/food-truck-ducato-parco-natura-viva-300x240.jpg 300w, https:\/\/www.vsveicolispeciali.com\/wp-content\/uploads\/2018\/05\/food-truck-ducato-parco-natura-viva-768x614.jpg 768w, https:\/\/www.vsveicolispeciali.com\/wp-content\/uploads\/2018\/05\/food-truck-ducato-parco-natura-viva-700x560.jpg 700w\" sizes=\"auto, (max-width: 1000px) 100vw, 1000px\" \/><\/span><\/a><span class='text_holder'><span class='text_outer'><span class='text_inner'><div class=\"hover_feature_holder_title\"><div class=\"hover_feature_holder_title_inner\"><h5 itemprop=\"name\" class=\"portfolio_title entry_title\"><a itemprop=\"url\" href=\"https:\/\/www.vsveicolispeciali.com\/de\/street-food-truck\/transporter-fiat-ducato-zu-food-truck-mobile-restaurant-umgebauten\/\"  target=\"_self\">Food Truck Imbisswagen PARCO NATURA VIVA<\/a><\/h5><div  class=\"portfolio_separator separator  small center\"><\/div><span class=\"project_category\" >Food Truck, Professional Food Truck, Street Food<\/span><\/div><\/div><span class='feature_holder'><span class=\"feature_holder_icons\"><a itemprop='url' class='preview qbutton small white' href='https:\/\/www.vsveicolispeciali.com\/de\/street-food-truck\/transporter-fiat-ducato-zu-food-truck-mobile-restaurant-umgebauten\/' target='_self'>view<\/a><span class='portfolio_like qbutton small white'><a  href=\"#\" class=\"qode-like\" id=\"qode-like-8885\" title=\"Like this\">13<span>  Likes<\/span><\/a><\/span><\/span><\/span><\/span><\/span><\/span><\/div><\/article>\n<article class='mix portfolio_category_56 portfolio_category_89 portfolio_category_136 ' style=''><div class='image_holder'><a itemprop='url' class='portfolio_link_for_touch' href='https:\/\/www.vsveicolispeciali.com\/de\/street-food-truck\/fiat-ducato-food-truck-rockburger\/' target='_self'><span class='image'><img loading=\"lazy\" decoding=\"async\" width=\"1000\" height=\"800\" src=\"https:\/\/www.vsveicolispeciali.com\/wp-content\/uploads\/2016\/12\/Food_Truck_Ducato_Benecos\u00ec_01.jpg\" class=\"attachment-full size-full wp-post-image\" alt=\"\" srcset=\"https:\/\/www.vsveicolispeciali.com\/wp-content\/uploads\/2016\/12\/Food_Truck_Ducato_Benecos\u00ec_01.jpg 1000w, https:\/\/www.vsveicolispeciali.com\/wp-content\/uploads\/2016\/12\/Food_Truck_Ducato_Benecos\u00ec_01-300x240.jpg 300w, https:\/\/www.vsveicolispeciali.com\/wp-content\/uploads\/2016\/12\/Food_Truck_Ducato_Benecos\u00ec_01-768x614.jpg 768w, https:\/\/www.vsveicolispeciali.com\/wp-content\/uploads\/2016\/12\/Food_Truck_Ducato_Benecos\u00ec_01-700x560.jpg 700w\" sizes=\"auto, (max-width: 1000px) 100vw, 1000px\" \/><\/span><\/a><span class='text_holder'><span class='text_outer'><span class='text_inner'><div class=\"hover_feature_holder_title\"><div class=\"hover_feature_holder_title_inner\"><h5 itemprop=\"name\" class=\"portfolio_title entry_title\"><a itemprop=\"url\" href=\"https:\/\/www.vsveicolispeciali.com\/de\/street-food-truck\/fiat-ducato-food-truck-rockburger\/\"  target=\"_self\">Burger Foodtruck RockBurger<\/a><\/h5><div  class=\"portfolio_separator separator  small center\"><\/div><span class=\"project_category\" >Food Truck, Professional Food Truck, Burger<\/span><\/div><\/div><span class='feature_holder'><span class=\"feature_holder_icons\"><a itemprop='url' class='preview qbutton small white' href='https:\/\/www.vsveicolispeciali.com\/de\/street-food-truck\/fiat-ducato-food-truck-rockburger\/' target='_self'>view<\/a><span class='portfolio_like qbutton small white'><a  href=\"#\" class=\"qode-like\" id=\"qode-like-8919\" title=\"Like this\">61<span>  Likes<\/span><\/a><\/span><\/span><\/span><\/span><\/span><\/span><\/div><\/article>\n<article class='mix portfolio_category_56 portfolio_category_89 portfolio_category_131 portfolio_category_408 ' style=''><div class='image_holder'><a itemprop='url' class='portfolio_link_for_touch' href='https:\/\/www.vsveicolispeciali.com\/de\/street-food-truck\/transporter-ducato-food-truck-fiat-mobile-kueche-turin\/' target='_self'><span class='image'><img loading=\"lazy\" decoding=\"async\" width=\"1000\" height=\"800\" src=\"https:\/\/www.vsveicolispeciali.com\/wp-content\/uploads\/2016\/12\/Food_Truck_Street_Food_DontFeedtheBear_02.jpg\" class=\"attachment-full size-full wp-post-image\" alt=\"\" srcset=\"https:\/\/www.vsveicolispeciali.com\/wp-content\/uploads\/2016\/12\/Food_Truck_Street_Food_DontFeedtheBear_02.jpg 1000w, https:\/\/www.vsveicolispeciali.com\/wp-content\/uploads\/2016\/12\/Food_Truck_Street_Food_DontFeedtheBear_02-300x240.jpg 300w, https:\/\/www.vsveicolispeciali.com\/wp-content\/uploads\/2016\/12\/Food_Truck_Street_Food_DontFeedtheBear_02-768x614.jpg 768w, https:\/\/www.vsveicolispeciali.com\/wp-content\/uploads\/2016\/12\/Food_Truck_Street_Food_DontFeedtheBear_02-700x560.jpg 700w\" sizes=\"auto, (max-width: 1000px) 100vw, 1000px\" \/><\/span><\/a><span class='text_holder'><span class='text_outer'><span class='text_inner'><div class=\"hover_feature_holder_title\"><div class=\"hover_feature_holder_title_inner\"><h5 itemprop=\"name\" class=\"portfolio_title entry_title\"><a itemprop=\"url\" href=\"https:\/\/www.vsveicolispeciali.com\/de\/street-food-truck\/transporter-ducato-food-truck-fiat-mobile-kueche-turin\/\"  target=\"_self\">Sandwich Foodtruck Don&#8217;t Feed the Bear<\/a><\/h5><div  class=\"portfolio_separator separator  small center\"><\/div><span class=\"project_category\" >Food Truck, Professional Food Truck, Street Food, Sandwich<\/span><\/div><\/div><span class='feature_holder'><span class=\"feature_holder_icons\"><a itemprop='url' class='preview qbutton small white' href='https:\/\/www.vsveicolispeciali.com\/de\/street-food-truck\/transporter-ducato-food-truck-fiat-mobile-kueche-turin\/' target='_self'>view<\/a><span class='portfolio_like qbutton small white'><a  href=\"#\" class=\"qode-like\" id=\"qode-like-8924\" title=\"Like this\">46<span>  Likes<\/span><\/a><\/span><\/span><\/span><\/span><\/span><\/span><\/div><\/article>\n<article class='mix portfolio_category_56 portfolio_category_89 ' style=''><div class='image_holder'><a itemprop='url' class='portfolio_link_for_touch' href='https:\/\/www.vsveicolispeciali.com\/de\/street-food-truck\/neue-food-truck-fiat-ducato-gebratenen-fisch\/' target='_self'><span class='image'><img loading=\"lazy\" decoding=\"async\" width=\"1000\" height=\"800\" src=\"https:\/\/www.vsveicolispeciali.com\/wp-content\/uploads\/2016\/11\/Food_Truck_Street_Food_FishChic_01.jpg\" class=\"attachment-full size-full wp-post-image\" alt=\"\" srcset=\"https:\/\/www.vsveicolispeciali.com\/wp-content\/uploads\/2016\/11\/Food_Truck_Street_Food_FishChic_01.jpg 1000w, https:\/\/www.vsveicolispeciali.com\/wp-content\/uploads\/2016\/11\/Food_Truck_Street_Food_FishChic_01-300x240.jpg 300w, https:\/\/www.vsveicolispeciali.com\/wp-content\/uploads\/2016\/11\/Food_Truck_Street_Food_FishChic_01-768x614.jpg 768w, https:\/\/www.vsveicolispeciali.com\/wp-content\/uploads\/2016\/11\/Food_Truck_Street_Food_FishChic_01-700x560.jpg 700w\" sizes=\"auto, (max-width: 1000px) 100vw, 1000px\" \/><\/span><\/a><span class='text_holder'><span class='text_outer'><span class='text_inner'><div class=\"hover_feature_holder_title\"><div class=\"hover_feature_holder_title_inner\"><h5 itemprop=\"name\" class=\"portfolio_title entry_title\"><a itemprop=\"url\" href=\"https:\/\/www.vsveicolispeciali.com\/de\/street-food-truck\/neue-food-truck-fiat-ducato-gebratenen-fisch\/\"  target=\"_self\">Fisch Foodtruck Fish &#038; Chic<\/a><\/h5><div  class=\"portfolio_separator separator  small center\"><\/div><span class=\"project_category\" >Food Truck, Professional Food Truck<\/span><\/div><\/div><span class='feature_holder'><span class=\"feature_holder_icons\"><a itemprop='url' class='preview qbutton small white' href='https:\/\/www.vsveicolispeciali.com\/de\/street-food-truck\/neue-food-truck-fiat-ducato-gebratenen-fisch\/' target='_self'>view<\/a><span class='portfolio_like qbutton small white'><a  href=\"#\" class=\"qode-like\" id=\"qode-like-8927\" title=\"Like this\">41<span>  Likes<\/span><\/a><\/span><\/span><\/span><\/span><\/span><\/span><\/div><\/article>\n<article class='mix portfolio_category_56 portfolio_category_89 portfolio_category_618 ' style=''><div class='image_holder'><a itemprop='url' class='portfolio_link_for_touch' href='https:\/\/www.vsveicolispeciali.com\/de\/street-food-truck\/lieferwagen-food-truck-fiat-ducato-tr3vor-schweiz\/' target='_self'><span class='image'><img loading=\"lazy\" decoding=\"async\" width=\"1000\" height=\"800\" src=\"https:\/\/www.vsveicolispeciali.com\/wp-content\/uploads\/2016\/03\/Food_Truck_Street_Food_Trevor_2.jpg\" class=\"attachment-full size-full wp-post-image\" alt=\"Food Truck Tr3vor Svizzera\" srcset=\"https:\/\/www.vsveicolispeciali.com\/wp-content\/uploads\/2016\/03\/Food_Truck_Street_Food_Trevor_2.jpg 1000w, https:\/\/www.vsveicolispeciali.com\/wp-content\/uploads\/2016\/03\/Food_Truck_Street_Food_Trevor_2-300x240.jpg 300w, https:\/\/www.vsveicolispeciali.com\/wp-content\/uploads\/2016\/03\/Food_Truck_Street_Food_Trevor_2-768x614.jpg 768w, https:\/\/www.vsveicolispeciali.com\/wp-content\/uploads\/2016\/03\/Food_Truck_Street_Food_Trevor_2-700x560.jpg 700w\" sizes=\"auto, (max-width: 1000px) 100vw, 1000px\" \/><\/span><\/a><span class='text_holder'><span class='text_outer'><span class='text_inner'><div class=\"hover_feature_holder_title\"><div class=\"hover_feature_holder_title_inner\"><h5 itemprop=\"name\" class=\"portfolio_title entry_title\"><a itemprop=\"url\" href=\"https:\/\/www.vsveicolispeciali.com\/de\/street-food-truck\/lieferwagen-food-truck-fiat-ducato-tr3vor-schweiz\/\"  target=\"_self\">Michelin Food Truck TR3VOR<\/a><\/h5><div  class=\"portfolio_separator separator  small center\"><\/div><span class=\"project_category\" >Food Truck, Professional Food Truck, Chef<\/span><\/div><\/div><span class='feature_holder'><span class=\"feature_holder_icons\"><a itemprop='url' class='preview qbutton small white' href='https:\/\/www.vsveicolispeciali.com\/de\/street-food-truck\/lieferwagen-food-truck-fiat-ducato-tr3vor-schweiz\/' target='_self'>view<\/a><span class='portfolio_like qbutton small white'><a  href=\"#\" class=\"qode-like\" id=\"qode-like-8941\" title=\"Like this\">74<span>  Likes<\/span><\/a><\/span><\/span><\/span><\/span><\/span><\/span><\/div><\/article>\n<article class='mix portfolio_category_56 portfolio_category_89 portfolio_category_131 portfolio_category_412 portfolio_category_618 ' style=''><div class='image_holder'><a itemprop='url' class='portfolio_link_for_touch' href='https:\/\/www.vsveicolispeciali.com\/de\/street-food-truck\/transporter-fiat-ducato-zu-einem-food-truck-umgebauten-grano-mobile-restaurant\/' target='_self'><span class='image'><img loading=\"lazy\" decoding=\"async\" width=\"1000\" height=\"800\" src=\"https:\/\/www.vsveicolispeciali.com\/wp-content\/uploads\/2016\/03\/FoodTruck_Street_Food_Grano_1.jpg\" class=\"attachment-full size-full wp-post-image\" alt=\"\" srcset=\"https:\/\/www.vsveicolispeciali.com\/wp-content\/uploads\/2016\/03\/FoodTruck_Street_Food_Grano_1.jpg 1000w, https:\/\/www.vsveicolispeciali.com\/wp-content\/uploads\/2016\/03\/FoodTruck_Street_Food_Grano_1-300x240.jpg 300w, https:\/\/www.vsveicolispeciali.com\/wp-content\/uploads\/2016\/03\/FoodTruck_Street_Food_Grano_1-768x614.jpg 768w, https:\/\/www.vsveicolispeciali.com\/wp-content\/uploads\/2016\/03\/FoodTruck_Street_Food_Grano_1-700x560.jpg 700w\" sizes=\"auto, (max-width: 1000px) 100vw, 1000px\" \/><\/span><\/a><span class='text_holder'><span class='text_outer'><span class='text_inner'><div class=\"hover_feature_holder_title\"><div class=\"hover_feature_holder_title_inner\"><h5 itemprop=\"name\" class=\"portfolio_title entry_title\"><a itemprop=\"url\" href=\"https:\/\/www.vsveicolispeciali.com\/de\/street-food-truck\/transporter-fiat-ducato-zu-einem-food-truck-umgebauten-grano-mobile-restaurant\/\"  target=\"_self\">Mobile Restaurant Grano<\/a><\/h5><div  class=\"portfolio_separator separator  small center\"><\/div><span class=\"project_category\" >Food Truck, Professional Food Truck, Street Food, Pasta, Chef<\/span><\/div><\/div><span class='feature_holder'><span class=\"feature_holder_icons\"><a itemprop='url' class='preview qbutton small white' href='https:\/\/www.vsveicolispeciali.com\/de\/street-food-truck\/transporter-fiat-ducato-zu-einem-food-truck-umgebauten-grano-mobile-restaurant\/' target='_self'>view<\/a><span class='portfolio_like qbutton small white'><a  href=\"#\" class=\"qode-like\" id=\"qode-like-9113\" title=\"Like this\">67<span>  Likes<\/span><\/a><\/span><\/span><\/span><\/span><\/span><\/span><\/div><\/article>\n<article class='mix portfolio_category_56 portfolio_category_89 portfolio_category_131 portfolio_category_408 portfolio_category_412 ' style=''><div class='image_holder'><a itemprop='url' class='portfolio_link_for_touch' href='https:\/\/www.vsveicolispeciali.com\/de\/street-food-truck\/transporter-food-truck-fiat-ducato-fuer-ambulanten-verkauf-bobson\/' target='_self'><span class='image'><img loading=\"lazy\" decoding=\"async\" width=\"1000\" height=\"800\" src=\"https:\/\/www.vsveicolispeciali.com\/wp-content\/uploads\/2016\/01\/FoodTruck_Street_Food_Bobson_1.jpg\" class=\"attachment-full size-full wp-post-image\" alt=\"\" srcset=\"https:\/\/www.vsveicolispeciali.com\/wp-content\/uploads\/2016\/01\/FoodTruck_Street_Food_Bobson_1.jpg 1000w, https:\/\/www.vsveicolispeciali.com\/wp-content\/uploads\/2016\/01\/FoodTruck_Street_Food_Bobson_1-300x240.jpg 300w, https:\/\/www.vsveicolispeciali.com\/wp-content\/uploads\/2016\/01\/FoodTruck_Street_Food_Bobson_1-768x614.jpg 768w, https:\/\/www.vsveicolispeciali.com\/wp-content\/uploads\/2016\/01\/FoodTruck_Street_Food_Bobson_1-700x560.jpg 700w\" sizes=\"auto, (max-width: 1000px) 100vw, 1000px\" \/><\/span><\/a><span class='text_holder'><span class='text_outer'><span class='text_inner'><div class=\"hover_feature_holder_title\"><div class=\"hover_feature_holder_title_inner\"><h5 itemprop=\"name\" class=\"portfolio_title entry_title\"><a itemprop=\"url\" href=\"https:\/\/www.vsveicolispeciali.com\/de\/street-food-truck\/transporter-food-truck-fiat-ducato-fuer-ambulanten-verkauf-bobson\/\"  target=\"_self\">Food Truck Essen und Trinken BOBSON<\/a><\/h5><div  class=\"portfolio_separator separator  small center\"><\/div><span class=\"project_category\" >Food Truck, Professional Food Truck, Street Food, Sandwich, Pasta<\/span><\/div><\/div><span class='feature_holder'><span class=\"feature_holder_icons\"><a itemprop='url' class='preview qbutton small white' href='https:\/\/www.vsveicolispeciali.com\/de\/street-food-truck\/transporter-food-truck-fiat-ducato-fuer-ambulanten-verkauf-bobson\/' target='_self'>view<\/a><span class='portfolio_like qbutton small white'><a  href=\"#\" class=\"qode-like\" id=\"qode-like-9129\" title=\"Like this\">81<span>  Likes<\/span><\/a><\/span><\/span><\/span><\/span><\/span><\/span><\/div><\/article>\n<article class='mix portfolio_category_56 portfolio_category_89 portfolio_category_618 ' style=''><div class='image_holder'><a itemprop='url' class='portfolio_link_for_touch' href='https:\/\/www.vsveicolispeciali.com\/de\/street-food-truck\/ducato-transporter-food-truck-catering-gastronomie\/' target='_self'><span class='image'><img loading=\"lazy\" decoding=\"async\" width=\"1000\" height=\"800\" src=\"https:\/\/www.vsveicolispeciali.com\/wp-content\/uploads\/2015\/11\/FoodTruck_Street_Food_StarsInTheStreet_1.jpg\" class=\"attachment-full size-full wp-post-image\" alt=\"\" srcset=\"https:\/\/www.vsveicolispeciali.com\/wp-content\/uploads\/2015\/11\/FoodTruck_Street_Food_StarsInTheStreet_1.jpg 1000w, https:\/\/www.vsveicolispeciali.com\/wp-content\/uploads\/2015\/11\/FoodTruck_Street_Food_StarsInTheStreet_1-300x240.jpg 300w, https:\/\/www.vsveicolispeciali.com\/wp-content\/uploads\/2015\/11\/FoodTruck_Street_Food_StarsInTheStreet_1-768x614.jpg 768w, https:\/\/www.vsveicolispeciali.com\/wp-content\/uploads\/2015\/11\/FoodTruck_Street_Food_StarsInTheStreet_1-700x560.jpg 700w\" sizes=\"auto, (max-width: 1000px) 100vw, 1000px\" \/><\/span><\/a><span class='text_holder'><span class='text_outer'><span class='text_inner'><div class=\"hover_feature_holder_title\"><div class=\"hover_feature_holder_title_inner\"><h5 itemprop=\"name\" class=\"portfolio_title entry_title\"><a itemprop=\"url\" href=\"https:\/\/www.vsveicolispeciali.com\/de\/street-food-truck\/ducato-transporter-food-truck-catering-gastronomie\/\"  target=\"_self\">Gourmet Foodtruck Stars in the Street<\/a><\/h5><div  class=\"portfolio_separator separator  small center\"><\/div><span class=\"project_category\" >Food Truck, Professional Food Truck, Chef<\/span><\/div><\/div><span class='feature_holder'><span class=\"feature_holder_icons\"><a itemprop='url' class='preview qbutton small white' href='https:\/\/www.vsveicolispeciali.com\/de\/street-food-truck\/ducato-transporter-food-truck-catering-gastronomie\/' target='_self'>view<\/a><span class='portfolio_like qbutton small white'><a  href=\"#\" class=\"qode-like\" id=\"qode-like-9184\" title=\"Like this\">77<span>  Likes<\/span><\/a><\/span><\/span><\/span><\/span><\/span><\/span><\/div><\/article>\n<article class='mix portfolio_category_56 portfolio_category_89 portfolio_category_131 portfolio_category_412 ' style=''><div class='image_holder'><a itemprop='url' class='portfolio_link_for_touch' href='https:\/\/www.vsveicolispeciali.com\/de\/street-food-truck\/transporter-fiat-ducato-food-truck-gabriele-street-food-fahrzeug\/' target='_self'><span class='image'><img loading=\"lazy\" decoding=\"async\" width=\"1000\" height=\"800\" src=\"https:\/\/www.vsveicolispeciali.com\/wp-content\/uploads\/2015\/11\/FoodTruck_Street_Food_GabrieleStreetFood_1.jpg\" class=\"attachment-full size-full wp-post-image\" alt=\"\" srcset=\"https:\/\/www.vsveicolispeciali.com\/wp-content\/uploads\/2015\/11\/FoodTruck_Street_Food_GabrieleStreetFood_1.jpg 1000w, https:\/\/www.vsveicolispeciali.com\/wp-content\/uploads\/2015\/11\/FoodTruck_Street_Food_GabrieleStreetFood_1-300x240.jpg 300w, https:\/\/www.vsveicolispeciali.com\/wp-content\/uploads\/2015\/11\/FoodTruck_Street_Food_GabrieleStreetFood_1-768x614.jpg 768w, https:\/\/www.vsveicolispeciali.com\/wp-content\/uploads\/2015\/11\/FoodTruck_Street_Food_GabrieleStreetFood_1-700x560.jpg 700w\" sizes=\"auto, (max-width: 1000px) 100vw, 1000px\" \/><\/span><\/a><span class='text_holder'><span class='text_outer'><span class='text_inner'><div class=\"hover_feature_holder_title\"><div class=\"hover_feature_holder_title_inner\"><h5 itemprop=\"name\" class=\"portfolio_title entry_title\"><a itemprop=\"url\" href=\"https:\/\/www.vsveicolispeciali.com\/de\/street-food-truck\/transporter-fiat-ducato-food-truck-gabriele-street-food-fahrzeug\/\"  target=\"_self\">Pasta Food Truck Gabriele<\/a><\/h5><div  class=\"portfolio_separator separator  small center\"><\/div><span class=\"project_category\" >Food Truck, Professional Food Truck, Street Food, Pasta<\/span><\/div><\/div><span class='feature_holder'><span class=\"feature_holder_icons\"><a itemprop='url' class='preview qbutton small white' href='https:\/\/www.vsveicolispeciali.com\/de\/street-food-truck\/transporter-fiat-ducato-food-truck-gabriele-street-food-fahrzeug\/' target='_self'>view<\/a><span class='portfolio_like qbutton small white'><a  href=\"#\" class=\"qode-like\" id=\"qode-like-9223\" title=\"Like this\">22<span>  Likes<\/span><\/a><\/span><\/span><\/span><\/span><\/span><\/span><\/div><\/article>\n<article class='mix portfolio_category_56 portfolio_category_89 portfolio_category_131 portfolio_category_137 ' style=''><div class='image_holder'><a itemprop='url' class='portfolio_link_for_touch' href='https:\/\/www.vsveicolispeciali.com\/de\/street-food-truck\/pizza-food-truck-ducato-nero-s-pizza-verkaufswagen\/' target='_self'><span class='image'><img loading=\"lazy\" decoding=\"async\" width=\"1000\" height=\"800\" src=\"https:\/\/www.vsveicolispeciali.com\/wp-content\/uploads\/2015\/11\/FoodTruck_Street_Food_NerosPizza_1.jpg\" class=\"attachment-full size-full wp-post-image\" alt=\"\" srcset=\"https:\/\/www.vsveicolispeciali.com\/wp-content\/uploads\/2015\/11\/FoodTruck_Street_Food_NerosPizza_1.jpg 1000w, https:\/\/www.vsveicolispeciali.com\/wp-content\/uploads\/2015\/11\/FoodTruck_Street_Food_NerosPizza_1-300x240.jpg 300w, https:\/\/www.vsveicolispeciali.com\/wp-content\/uploads\/2015\/11\/FoodTruck_Street_Food_NerosPizza_1-768x614.jpg 768w, https:\/\/www.vsveicolispeciali.com\/wp-content\/uploads\/2015\/11\/FoodTruck_Street_Food_NerosPizza_1-700x560.jpg 700w\" sizes=\"auto, (max-width: 1000px) 100vw, 1000px\" \/><\/span><\/a><span class='text_holder'><span class='text_outer'><span class='text_inner'><div class=\"hover_feature_holder_title\"><div class=\"hover_feature_holder_title_inner\"><h5 itemprop=\"name\" class=\"portfolio_title entry_title\"><a itemprop=\"url\" href=\"https:\/\/www.vsveicolispeciali.com\/de\/street-food-truck\/pizza-food-truck-ducato-nero-s-pizza-verkaufswagen\/\"  target=\"_self\">Pizza Food Truck Nero&#8217;s Pizza<\/a><\/h5><div  class=\"portfolio_separator separator  small center\"><\/div><span class=\"project_category\" >Food Truck, Professional Food Truck, Street Food, Pizza<\/span><\/div><\/div><span class='feature_holder'><span class=\"feature_holder_icons\"><a itemprop='url' class='preview qbutton small white' href='https:\/\/www.vsveicolispeciali.com\/de\/street-food-truck\/pizza-food-truck-ducato-nero-s-pizza-verkaufswagen\/' target='_self'>view<\/a><span class='portfolio_like qbutton small white'><a  href=\"#\" class=\"qode-like\" id=\"qode-like-9232\" title=\"Like this\">70<span>  Likes<\/span><\/a><\/span><\/span><\/span><\/span><\/span><\/span><\/div><\/article>\n<article class='mix portfolio_category_56 portfolio_category_89 portfolio_category_136 ' style=''><div class='image_holder'><a itemprop='url' class='portfolio_link_for_touch' href='https:\/\/www.vsveicolispeciali.com\/de\/street-food-truck\/ducato-food-truck-mobile-restaurant-the-hamburger-foundation\/' target='_self'><span class='image'><img loading=\"lazy\" decoding=\"async\" width=\"1000\" height=\"800\" src=\"https:\/\/www.vsveicolispeciali.com\/wp-content\/uploads\/2015\/11\/FoodTruck_Street_Food_THFDucato_3.jpg\" class=\"attachment-full size-full wp-post-image\" alt=\"\" srcset=\"https:\/\/www.vsveicolispeciali.com\/wp-content\/uploads\/2015\/11\/FoodTruck_Street_Food_THFDucato_3.jpg 1000w, https:\/\/www.vsveicolispeciali.com\/wp-content\/uploads\/2015\/11\/FoodTruck_Street_Food_THFDucato_3-300x240.jpg 300w, https:\/\/www.vsveicolispeciali.com\/wp-content\/uploads\/2015\/11\/FoodTruck_Street_Food_THFDucato_3-768x614.jpg 768w, https:\/\/www.vsveicolispeciali.com\/wp-content\/uploads\/2015\/11\/FoodTruck_Street_Food_THFDucato_3-700x560.jpg 700w\" sizes=\"auto, (max-width: 1000px) 100vw, 1000px\" \/><\/span><\/a><span class='text_holder'><span class='text_outer'><span class='text_inner'><div class=\"hover_feature_holder_title\"><div class=\"hover_feature_holder_title_inner\"><h5 itemprop=\"name\" class=\"portfolio_title entry_title\"><a itemprop=\"url\" href=\"https:\/\/www.vsveicolispeciali.com\/de\/street-food-truck\/ducato-food-truck-mobile-restaurant-the-hamburger-foundation\/\"  target=\"_self\">Burger Food Truck THF<\/a><\/h5><div  class=\"portfolio_separator separator  small center\"><\/div><span class=\"project_category\" >Food Truck, Professional Food Truck, Burger<\/span><\/div><\/div><span class='feature_holder'><span class=\"feature_holder_icons\"><a itemprop='url' class='preview qbutton small white' href='https:\/\/www.vsveicolispeciali.com\/de\/street-food-truck\/ducato-food-truck-mobile-restaurant-the-hamburger-foundation\/' target='_self'>view<\/a><span class='portfolio_like qbutton small white'><a  href=\"#\" class=\"qode-like\" id=\"qode-like-9241\" title=\"Like this\">110<span>  Likes<\/span><\/a><\/span><\/span><\/span><\/span><\/span><\/span><\/div><\/article>\n<article class='mix portfolio_category_56 portfolio_category_89 ' style=''><div class='image_holder'><a itemprop='url' class='portfolio_link_for_touch' href='https:\/\/www.vsveicolispeciali.com\/de\/street-food-truck\/transporter-food-truck-peugeot-boxer-sanfish-oesterreich\/' target='_self'><span class='image'><img loading=\"lazy\" decoding=\"async\" width=\"1000\" height=\"800\" src=\"https:\/\/www.vsveicolispeciali.com\/wp-content\/uploads\/2017\/10\/Food_Truck_Sanfish_001.jpg\" class=\"attachment-full size-full wp-post-image\" alt=\"\" srcset=\"https:\/\/www.vsveicolispeciali.com\/wp-content\/uploads\/2017\/10\/Food_Truck_Sanfish_001.jpg 1000w, https:\/\/www.vsveicolispeciali.com\/wp-content\/uploads\/2017\/10\/Food_Truck_Sanfish_001-300x240.jpg 300w, https:\/\/www.vsveicolispeciali.com\/wp-content\/uploads\/2017\/10\/Food_Truck_Sanfish_001-768x614.jpg 768w, https:\/\/www.vsveicolispeciali.com\/wp-content\/uploads\/2017\/10\/Food_Truck_Sanfish_001-700x560.jpg 700w\" sizes=\"auto, (max-width: 1000px) 100vw, 1000px\" \/><\/span><\/a><span class='text_holder'><span class='text_outer'><span class='text_inner'><div class=\"hover_feature_holder_title\"><div class=\"hover_feature_holder_title_inner\"><h5 itemprop=\"name\" class=\"portfolio_title entry_title\"><a itemprop=\"url\" href=\"https:\/\/www.vsveicolispeciali.com\/de\/street-food-truck\/transporter-food-truck-peugeot-boxer-sanfish-oesterreich\/\"  target=\"_self\">Fisch Imbisswagen SanFish<\/a><\/h5><div  class=\"portfolio_separator separator  small center\"><\/div><span class=\"project_category\" >Food Truck, Professional Food Truck<\/span><\/div><\/div><span class='feature_holder'><span class=\"feature_holder_icons\"><a itemprop='url' class='preview qbutton small white' href='https:\/\/www.vsveicolispeciali.com\/de\/street-food-truck\/transporter-food-truck-peugeot-boxer-sanfish-oesterreich\/' target='_self'>view<\/a><span class='portfolio_like qbutton small white'><a  href=\"#\" class=\"qode-like\" id=\"qode-like-8900\" title=\"Like this\">30<span>  Likes<\/span><\/a><\/span><\/span><\/span><\/span><\/span><\/span><\/div><\/article>\n<article class='mix portfolio_category_56 portfolio_category_89 ' style=''><div class='image_holder'><a itemprop='url' class='portfolio_link_for_touch' href='https:\/\/www.vsveicolispeciali.com\/de\/street-food-truck\/food-truck-an-veranstaltungen-zum-thema-manga-und-orient-karenokuruma\/' target='_self'><span class='image'><img loading=\"lazy\" decoding=\"async\" width=\"1000\" height=\"800\" src=\"https:\/\/www.vsveicolispeciali.com\/wp-content\/uploads\/2019\/01\/foodtruck-cucina-mobile-karenokuruma.jpg\" class=\"attachment-full size-full wp-post-image\" alt=\"foodtruck cucina mobile karenokuruma\" srcset=\"https:\/\/www.vsveicolispeciali.com\/wp-content\/uploads\/2019\/01\/foodtruck-cucina-mobile-karenokuruma.jpg 1000w, https:\/\/www.vsveicolispeciali.com\/wp-content\/uploads\/2019\/01\/foodtruck-cucina-mobile-karenokuruma-300x240.jpg 300w, https:\/\/www.vsveicolispeciali.com\/wp-content\/uploads\/2019\/01\/foodtruck-cucina-mobile-karenokuruma-768x614.jpg 768w, https:\/\/www.vsveicolispeciali.com\/wp-content\/uploads\/2019\/01\/foodtruck-cucina-mobile-karenokuruma-700x560.jpg 700w\" sizes=\"auto, (max-width: 1000px) 100vw, 1000px\" \/><\/span><\/a><span class='text_holder'><span class='text_outer'><span class='text_inner'><div class=\"hover_feature_holder_title\"><div class=\"hover_feature_holder_title_inner\"><h5 itemprop=\"name\" class=\"portfolio_title entry_title\"><a itemprop=\"url\" href=\"https:\/\/www.vsveicolispeciali.com\/de\/street-food-truck\/food-truck-an-veranstaltungen-zum-thema-manga-und-orient-karenokuruma\/\"  target=\"_self\">Curry Foodtruck Karenokuruma<\/a><\/h5><div  class=\"portfolio_separator separator  small center\"><\/div><span class=\"project_category\" >Food Truck, Professional Food Truck<\/span><\/div><\/div><span class='feature_holder'><span class=\"feature_holder_icons\"><a itemprop='url' class='preview qbutton small white' href='https:\/\/www.vsveicolispeciali.com\/de\/street-food-truck\/food-truck-an-veranstaltungen-zum-thema-manga-und-orient-karenokuruma\/' target='_self'>view<\/a><span class='portfolio_like qbutton small white'><a  href=\"#\" class=\"qode-like\" id=\"qode-like-11956\" title=\"Like this\">57<span>  Likes<\/span><\/a><\/span><\/span><\/span><\/span><\/span><\/span><\/div><\/article>\n<article class='mix portfolio_category_56 portfolio_category_89 ' style=''><div class='image_holder'><a itemprop='url' class='portfolio_link_for_touch' href='https:\/\/www.vsveicolispeciali.com\/de\/street-food-truck\/renault-food-truck-restaurant-auf-raedern\/' target='_self'><span class='image'><img loading=\"lazy\" decoding=\"async\" width=\"1000\" height=\"800\" src=\"https:\/\/www.vsveicolispeciali.com\/wp-content\/uploads\/2018\/09\/ristorante-ambulante-bistrottino.jpg\" class=\"attachment-full size-full wp-post-image\" alt=\"Street Food Restaurant\" srcset=\"https:\/\/www.vsveicolispeciali.com\/wp-content\/uploads\/2018\/09\/ristorante-ambulante-bistrottino.jpg 1000w, https:\/\/www.vsveicolispeciali.com\/wp-content\/uploads\/2018\/09\/ristorante-ambulante-bistrottino-300x240.jpg 300w, https:\/\/www.vsveicolispeciali.com\/wp-content\/uploads\/2018\/09\/ristorante-ambulante-bistrottino-768x614.jpg 768w, https:\/\/www.vsveicolispeciali.com\/wp-content\/uploads\/2018\/09\/ristorante-ambulante-bistrottino-700x560.jpg 700w\" sizes=\"auto, (max-width: 1000px) 100vw, 1000px\" \/><\/span><\/a><span class='text_holder'><span class='text_outer'><span class='text_inner'><div class=\"hover_feature_holder_title\"><div class=\"hover_feature_holder_title_inner\"><h5 itemprop=\"name\" class=\"portfolio_title entry_title\"><a itemprop=\"url\" href=\"https:\/\/www.vsveicolispeciali.com\/de\/street-food-truck\/renault-food-truck-restaurant-auf-raedern\/\"  target=\"_self\">Restaurant auf R\u00e4dern Bistrottino<\/a><\/h5><div  class=\"portfolio_separator separator  small center\"><\/div><span class=\"project_category\" >Food Truck, Professional Food Truck<\/span><\/div><\/div><span class='feature_holder'><span class=\"feature_holder_icons\"><a itemprop='url' class='preview qbutton small white' href='https:\/\/www.vsveicolispeciali.com\/de\/street-food-truck\/renault-food-truck-restaurant-auf-raedern\/' target='_self'>view<\/a><span class='portfolio_like qbutton small white'><a  href=\"#\" class=\"qode-like\" id=\"qode-like-11950\" title=\"Like this\">57<span>  Likes<\/span><\/a><\/span><\/span><\/span><\/span><\/span><\/span><\/div><\/article>\n<article class='mix portfolio_category_56 portfolio_category_89 portfolio_category_131 portfolio_category_408 ' style=''><div class='image_holder'><a itemprop='url' class='portfolio_link_for_touch' href='https:\/\/www.vsveicolispeciali.com\/de\/street-food-truck\/renault-master-food-truck-guadalupe-kueche\/' target='_self'><span class='image'><img loading=\"lazy\" decoding=\"async\" width=\"1000\" height=\"800\" src=\"https:\/\/www.vsveicolispeciali.com\/wp-content\/uploads\/2018\/02\/Renault-Master-Food-Truck-lor-bokit.jpg\" class=\"attachment-full size-full wp-post-image\" alt=\"\" srcset=\"https:\/\/www.vsveicolispeciali.com\/wp-content\/uploads\/2018\/02\/Renault-Master-Food-Truck-lor-bokit.jpg 1000w, https:\/\/www.vsveicolispeciali.com\/wp-content\/uploads\/2018\/02\/Renault-Master-Food-Truck-lor-bokit-300x240.jpg 300w, https:\/\/www.vsveicolispeciali.com\/wp-content\/uploads\/2018\/02\/Renault-Master-Food-Truck-lor-bokit-768x614.jpg 768w, https:\/\/www.vsveicolispeciali.com\/wp-content\/uploads\/2018\/02\/Renault-Master-Food-Truck-lor-bokit-700x560.jpg 700w\" sizes=\"auto, (max-width: 1000px) 100vw, 1000px\" \/><\/span><\/a><span class='text_holder'><span class='text_outer'><span class='text_inner'><div class=\"hover_feature_holder_title\"><div class=\"hover_feature_holder_title_inner\"><h5 itemprop=\"name\" class=\"portfolio_title entry_title\"><a itemprop=\"url\" href=\"https:\/\/www.vsveicolispeciali.com\/de\/street-food-truck\/renault-master-food-truck-guadalupe-kueche\/\"  target=\"_self\">Sandwich Food Truck L&#8217;Or Bokit<\/a><\/h5><div  class=\"portfolio_separator separator  small center\"><\/div><span class=\"project_category\" >Food Truck, Professional Food Truck, Street Food, Sandwich<\/span><\/div><\/div><span class='feature_holder'><span class=\"feature_holder_icons\"><a itemprop='url' class='preview qbutton small white' href='https:\/\/www.vsveicolispeciali.com\/de\/street-food-truck\/renault-master-food-truck-guadalupe-kueche\/' target='_self'>view<\/a><span class='portfolio_like qbutton small white'><a  href=\"#\" class=\"qode-like\" id=\"qode-like-8888\" title=\"Like this\">22<span>  Likes<\/span><\/a><\/span><\/span><\/span><\/span><\/span><\/span><\/div><\/article>\n<article class='mix portfolio_category_56 portfolio_category_89 ' style=''><div class='image_holder'><a itemprop='url' class='portfolio_link_for_touch' href='https:\/\/www.vsveicolispeciali.com\/de\/street-food-truck\/transporter-food-truck-renault-master-bop-mailand\/' target='_self'><span class='image'><img loading=\"lazy\" decoding=\"async\" width=\"1000\" height=\"800\" src=\"https:\/\/www.vsveicolispeciali.com\/wp-content\/uploads\/2017\/09\/Food_Truck_Master_BopAlimentorio_01.jpg\" class=\"attachment-full size-full wp-post-image\" alt=\"\" srcset=\"https:\/\/www.vsveicolispeciali.com\/wp-content\/uploads\/2017\/09\/Food_Truck_Master_BopAlimentorio_01.jpg 1000w, https:\/\/www.vsveicolispeciali.com\/wp-content\/uploads\/2017\/09\/Food_Truck_Master_BopAlimentorio_01-300x240.jpg 300w, https:\/\/www.vsveicolispeciali.com\/wp-content\/uploads\/2017\/09\/Food_Truck_Master_BopAlimentorio_01-768x614.jpg 768w, https:\/\/www.vsveicolispeciali.com\/wp-content\/uploads\/2017\/09\/Food_Truck_Master_BopAlimentorio_01-700x560.jpg 700w\" sizes=\"auto, (max-width: 1000px) 100vw, 1000px\" \/><\/span><\/a><span class='text_holder'><span class='text_outer'><span class='text_inner'><div class=\"hover_feature_holder_title\"><div class=\"hover_feature_holder_title_inner\"><h5 itemprop=\"name\" class=\"portfolio_title entry_title\"><a itemprop=\"url\" href=\"https:\/\/www.vsveicolispeciali.com\/de\/street-food-truck\/transporter-food-truck-renault-master-bop-mailand\/\"  target=\"_self\">Fast Food Truck BOP<\/a><\/h5><div  class=\"portfolio_separator separator  small center\"><\/div><span class=\"project_category\" >Food Truck, Professional Food Truck<\/span><\/div><\/div><span class='feature_holder'><span class=\"feature_holder_icons\"><a itemprop='url' class='preview qbutton small white' href='https:\/\/www.vsveicolispeciali.com\/de\/street-food-truck\/transporter-food-truck-renault-master-bop-mailand\/' target='_self'>view<\/a><span class='portfolio_like qbutton small white'><a  href=\"#\" class=\"qode-like\" id=\"qode-like-8905\" title=\"Like this\">13<span>  Likes<\/span><\/a><\/span><\/span><\/span><\/span><\/span><\/span><\/div><\/article>\n<article class='mix portfolio_category_56 portfolio_category_89 portfolio_category_131 portfolio_category_412 ' style=''><div class='image_holder'><a itemprop='url' class='portfolio_link_for_touch' href='https:\/\/www.vsveicolispeciali.com\/de\/street-food-truck\/renault-food-truck-mit-professioneller-kueche-marnico\/' target='_self'><span class='image'><img loading=\"lazy\" decoding=\"async\" width=\"1000\" height=\"800\" src=\"https:\/\/www.vsveicolispeciali.com\/wp-content\/uploads\/2017\/06\/Food-Truck_Street-Food_Marnico_01.jpg\" class=\"attachment-full size-full wp-post-image\" alt=\"Renault Food Truck \u00e0 p\u00e2tes italiennes | MARNICO\" srcset=\"https:\/\/www.vsveicolispeciali.com\/wp-content\/uploads\/2017\/06\/Food-Truck_Street-Food_Marnico_01.jpg 1000w, https:\/\/www.vsveicolispeciali.com\/wp-content\/uploads\/2017\/06\/Food-Truck_Street-Food_Marnico_01-300x240.jpg 300w, https:\/\/www.vsveicolispeciali.com\/wp-content\/uploads\/2017\/06\/Food-Truck_Street-Food_Marnico_01-768x614.jpg 768w, https:\/\/www.vsveicolispeciali.com\/wp-content\/uploads\/2017\/06\/Food-Truck_Street-Food_Marnico_01-700x560.jpg 700w\" sizes=\"auto, (max-width: 1000px) 100vw, 1000px\" \/><\/span><\/a><span class='text_holder'><span class='text_outer'><span class='text_inner'><div class=\"hover_feature_holder_title\"><div class=\"hover_feature_holder_title_inner\"><h5 itemprop=\"name\" class=\"portfolio_title entry_title\"><a itemprop=\"url\" href=\"https:\/\/www.vsveicolispeciali.com\/de\/street-food-truck\/renault-food-truck-mit-professioneller-kueche-marnico\/\"  target=\"_self\">Pasta Truck Marnico<\/a><\/h5><div  class=\"portfolio_separator separator  small center\"><\/div><span class=\"project_category\" >Food Truck, Professional Food Truck, Street Food, Pasta<\/span><\/div><\/div><span class='feature_holder'><span class=\"feature_holder_icons\"><a itemprop='url' class='preview qbutton small white' href='https:\/\/www.vsveicolispeciali.com\/de\/street-food-truck\/renault-food-truck-mit-professioneller-kueche-marnico\/' target='_self'>view<\/a><span class='portfolio_like qbutton small white'><a  href=\"#\" class=\"qode-like\" id=\"qode-like-8910\" title=\"Like this\">22<span>  Likes<\/span><\/a><\/span><\/span><\/span><\/span><\/span><\/span><\/div><\/article>\n<article class='mix portfolio_category_56 portfolio_category_89 portfolio_category_131 portfolio_category_135 portfolio_category_416 ' style=''><div class='image_holder'><a itemprop='url' class='portfolio_link_for_touch' href='https:\/\/www.vsveicolispeciali.com\/de\/street-food-truck\/transporter-renault-food-truck-mobile-konditorei-dolcelavita\/' target='_self'><span class='image'><img loading=\"lazy\" decoding=\"async\" width=\"1000\" height=\"800\" src=\"https:\/\/www.vsveicolispeciali.com\/wp-content\/uploads\/2016\/03\/Foodtruck_Street_Food_Dolcevita_3.jpg\" class=\"attachment-full size-full wp-post-image\" alt=\"\" srcset=\"https:\/\/www.vsveicolispeciali.com\/wp-content\/uploads\/2016\/03\/Foodtruck_Street_Food_Dolcevita_3.jpg 1000w, https:\/\/www.vsveicolispeciali.com\/wp-content\/uploads\/2016\/03\/Foodtruck_Street_Food_Dolcevita_3-300x240.jpg 300w, https:\/\/www.vsveicolispeciali.com\/wp-content\/uploads\/2016\/03\/Foodtruck_Street_Food_Dolcevita_3-768x614.jpg 768w, https:\/\/www.vsveicolispeciali.com\/wp-content\/uploads\/2016\/03\/Foodtruck_Street_Food_Dolcevita_3-700x560.jpg 700w\" sizes=\"auto, (max-width: 1000px) 100vw, 1000px\" \/><\/span><\/a><span class='text_holder'><span class='text_outer'><span class='text_inner'><div class=\"hover_feature_holder_title\"><div class=\"hover_feature_holder_title_inner\"><h5 itemprop=\"name\" class=\"portfolio_title entry_title\"><a itemprop=\"url\" href=\"https:\/\/www.vsveicolispeciali.com\/de\/street-food-truck\/transporter-renault-food-truck-mobile-konditorei-dolcelavita\/\"  target=\"_self\">Mobile Konditorei Dolcelavita<\/a><\/h5><div  class=\"portfolio_separator separator  small center\"><\/div><span class=\"project_category\" >Food Truck, Professional Food Truck, Street Food, Eis, Konditorei<\/span><\/div><\/div><span class='feature_holder'><span class=\"feature_holder_icons\"><a itemprop='url' class='preview qbutton small white' href='https:\/\/www.vsveicolispeciali.com\/de\/street-food-truck\/transporter-renault-food-truck-mobile-konditorei-dolcelavita\/' target='_self'>view<\/a><span class='portfolio_like qbutton small white'><a  href=\"#\" class=\"qode-like\" id=\"qode-like-8947\" title=\"Like this\">45<span>  Likes<\/span><\/a><\/span><\/span><\/span><\/span><\/span><\/span><\/div><\/article>\n<article class='mix portfolio_category_56 portfolio_category_89 portfolio_category_131 ' style=''><div class='image_holder'><a itemprop='url' class='portfolio_link_for_touch' href='https:\/\/www.vsveicolispeciali.com\/de\/street-food-truck\/food-truck-opel-movano-ambulante-verkauf-der-romagnolischen-piadina\/' target='_self'><span class='image'><img loading=\"lazy\" decoding=\"async\" width=\"1000\" height=\"800\" src=\"https:\/\/www.vsveicolispeciali.com\/wp-content\/uploads\/2017\/11\/Food_Truck_IPiadinari_001.jpg\" class=\"attachment-full size-full wp-post-image\" alt=\"\" srcset=\"https:\/\/www.vsveicolispeciali.com\/wp-content\/uploads\/2017\/11\/Food_Truck_IPiadinari_001.jpg 1000w, https:\/\/www.vsveicolispeciali.com\/wp-content\/uploads\/2017\/11\/Food_Truck_IPiadinari_001-300x240.jpg 300w, https:\/\/www.vsveicolispeciali.com\/wp-content\/uploads\/2017\/11\/Food_Truck_IPiadinari_001-768x614.jpg 768w, https:\/\/www.vsveicolispeciali.com\/wp-content\/uploads\/2017\/11\/Food_Truck_IPiadinari_001-700x560.jpg 700w\" sizes=\"auto, (max-width: 1000px) 100vw, 1000px\" \/><\/span><\/a><span class='text_holder'><span class='text_outer'><span class='text_inner'><div class=\"hover_feature_holder_title\"><div class=\"hover_feature_holder_title_inner\"><h5 itemprop=\"name\" class=\"portfolio_title entry_title\"><a itemprop=\"url\" href=\"https:\/\/www.vsveicolispeciali.com\/de\/street-food-truck\/food-truck-opel-movano-ambulante-verkauf-der-romagnolischen-piadina\/\"  target=\"_self\">Piadina Food Truck TPOH<\/a><\/h5><div  class=\"portfolio_separator separator  small center\"><\/div><span class=\"project_category\" >Food Truck, Professional Food Truck, Street Food<\/span><\/div><\/div><span class='feature_holder'><span class=\"feature_holder_icons\"><a itemprop='url' class='preview qbutton small white' href='https:\/\/www.vsveicolispeciali.com\/de\/street-food-truck\/food-truck-opel-movano-ambulante-verkauf-der-romagnolischen-piadina\/' target='_self'>view<\/a><span class='portfolio_like qbutton small white'><a  href=\"#\" class=\"qode-like\" id=\"qode-like-8891\" title=\"Like this\">42<span>  Likes<\/span><\/a><\/span><\/span><\/span><\/span><\/span><\/span><\/div><\/article>\n<article class='mix portfolio_category_56 portfolio_category_89 portfolio_category_131 portfolio_category_408 ' style=''><div class='image_holder'><a itemprop='url' class='portfolio_link_for_touch' href='https:\/\/www.vsveicolispeciali.com\/de\/street-food-truck\/transporter-food-truck-mercedes-sprinter-sandwiches\/' target='_self'><span class='image'><img loading=\"lazy\" decoding=\"async\" width=\"1000\" height=\"800\" src=\"https:\/\/www.vsveicolispeciali.com\/wp-content\/uploads\/2015\/11\/FoodTruck_Street_Food_GO_1.jpg\" class=\"attachment-full size-full wp-post-image\" alt=\"\" srcset=\"https:\/\/www.vsveicolispeciali.com\/wp-content\/uploads\/2015\/11\/FoodTruck_Street_Food_GO_1.jpg 1000w, https:\/\/www.vsveicolispeciali.com\/wp-content\/uploads\/2015\/11\/FoodTruck_Street_Food_GO_1-300x240.jpg 300w, https:\/\/www.vsveicolispeciali.com\/wp-content\/uploads\/2015\/11\/FoodTruck_Street_Food_GO_1-768x614.jpg 768w, https:\/\/www.vsveicolispeciali.com\/wp-content\/uploads\/2015\/11\/FoodTruck_Street_Food_GO_1-700x560.jpg 700w\" sizes=\"auto, (max-width: 1000px) 100vw, 1000px\" \/><\/span><\/a><span class='text_holder'><span class='text_outer'><span class='text_inner'><div class=\"hover_feature_holder_title\"><div class=\"hover_feature_holder_title_inner\"><h5 itemprop=\"name\" class=\"portfolio_title entry_title\"><a itemprop=\"url\" href=\"https:\/\/www.vsveicolispeciali.com\/de\/street-food-truck\/transporter-food-truck-mercedes-sprinter-sandwiches\/\"  target=\"_self\">Mercedes Sprinter Verkaufswagen God Save The Food<\/a><\/h5><div  class=\"portfolio_separator separator  small center\"><\/div><span class=\"project_category\" >Food Truck, Professional Food Truck, Street Food, Sandwich<\/span><\/div><\/div><span class='feature_holder'><span class=\"feature_holder_icons\"><a itemprop='url' class='preview qbutton small white' href='https:\/\/www.vsveicolispeciali.com\/de\/street-food-truck\/transporter-food-truck-mercedes-sprinter-sandwiches\/' target='_self'>view<\/a><span class='portfolio_like qbutton small white'><a  href=\"#\" class=\"qode-like\" id=\"qode-like-9166\" title=\"Like this\">61<span>  Likes<\/span><\/a><\/span><\/span><\/span><\/span><\/span><\/span><\/div><\/article>\n<article class='mix portfolio_category_56 portfolio_category_57 portfolio_category_89 portfolio_category_134 ' style=''><div class='image_holder'><a itemprop='url' class='portfolio_link_for_touch' href='https:\/\/www.vsveicolispeciali.com\/de\/street-food-truck\/piaggio-kaffeemobil-selle-royal-promo-food-truck\/' target='_self'><span class='image'><img loading=\"lazy\" decoding=\"async\" width=\"1000\" height=\"800\" src=\"https:\/\/www.vsveicolispeciali.com\/wp-content\/uploads\/2019\/01\/porter-piaggio-convertito-in-caffetteria-mobile.jpg\" class=\"attachment-full size-full wp-post-image\" alt=\"porter piaggio kaffeemobil zur Markenf\u00f6rderung und an Veranstaltungen\" srcset=\"https:\/\/www.vsveicolispeciali.com\/wp-content\/uploads\/2019\/01\/porter-piaggio-convertito-in-caffetteria-mobile.jpg 1000w, https:\/\/www.vsveicolispeciali.com\/wp-content\/uploads\/2019\/01\/porter-piaggio-convertito-in-caffetteria-mobile-300x240.jpg 300w, https:\/\/www.vsveicolispeciali.com\/wp-content\/uploads\/2019\/01\/porter-piaggio-convertito-in-caffetteria-mobile-768x614.jpg 768w, https:\/\/www.vsveicolispeciali.com\/wp-content\/uploads\/2019\/01\/porter-piaggio-convertito-in-caffetteria-mobile-700x560.jpg 700w\" sizes=\"auto, (max-width: 1000px) 100vw, 1000px\" \/><\/span><\/a><span class='text_holder'><span class='text_outer'><span class='text_inner'><div class=\"hover_feature_holder_title\"><div class=\"hover_feature_holder_title_inner\"><h5 itemprop=\"name\" class=\"portfolio_title entry_title\"><a itemprop=\"url\" href=\"https:\/\/www.vsveicolispeciali.com\/de\/street-food-truck\/piaggio-kaffeemobil-selle-royal-promo-food-truck\/\"  target=\"_self\">Event Truck Selle Royal<\/a><\/h5><div  class=\"portfolio_separator separator  small center\"><\/div><span class=\"project_category\" >Food Truck, Promotruck, Professional Food Truck, Kaffee<\/span><\/div><\/div><span class='feature_holder'><span class=\"feature_holder_icons\"><a itemprop='url' class='preview qbutton small white' href='https:\/\/www.vsveicolispeciali.com\/de\/street-food-truck\/piaggio-kaffeemobil-selle-royal-promo-food-truck\/' target='_self'>view<\/a><span class='portfolio_like qbutton small white'><a  href=\"#\" class=\"qode-like\" id=\"qode-like-12337\" title=\"Like this\">26<span>  Likes<\/span><\/a><\/span><\/span><\/span><\/span><\/span><\/span><\/div><\/article>\n<article class='mix portfolio_category_56 portfolio_category_89 portfolio_category_131 portfolio_category_408 ' style=''><div class='image_holder'><a itemprop='url' class='portfolio_link_for_touch' href='https:\/\/www.vsveicolispeciali.com\/de\/street-food-truck\/sandwich-truck-piaggio-porter-fahrende-kueche\/' target='_self'><span class='image'><img loading=\"lazy\" decoding=\"async\" width=\"1000\" height=\"800\" src=\"https:\/\/www.vsveicolispeciali.com\/wp-content\/uploads\/2018\/11\/porter-piaggio-food-truck-fregno.jpg\" class=\"attachment-full size-full wp-post-image\" alt=\"Sandwich Truck mobile K\u00fcche f\u00fcr den Verkauf von abruzzesischen Gerichten\" srcset=\"https:\/\/www.vsveicolispeciali.com\/wp-content\/uploads\/2018\/11\/porter-piaggio-food-truck-fregno.jpg 1000w, https:\/\/www.vsveicolispeciali.com\/wp-content\/uploads\/2018\/11\/porter-piaggio-food-truck-fregno-300x240.jpg 300w, https:\/\/www.vsveicolispeciali.com\/wp-content\/uploads\/2018\/11\/porter-piaggio-food-truck-fregno-768x614.jpg 768w, https:\/\/www.vsveicolispeciali.com\/wp-content\/uploads\/2018\/11\/porter-piaggio-food-truck-fregno-700x560.jpg 700w\" sizes=\"auto, (max-width: 1000px) 100vw, 1000px\" \/><\/span><\/a><span class='text_holder'><span class='text_outer'><span class='text_inner'><div class=\"hover_feature_holder_title\"><div class=\"hover_feature_holder_title_inner\"><h5 itemprop=\"name\" class=\"portfolio_title entry_title\"><a itemprop=\"url\" href=\"https:\/\/www.vsveicolispeciali.com\/de\/street-food-truck\/sandwich-truck-piaggio-porter-fahrende-kueche\/\"  target=\"_self\">Sandwich Van FREGNO<\/a><\/h5><div  class=\"portfolio_separator separator  small center\"><\/div><span class=\"project_category\" >Food Truck, Professional Food Truck, Street Food, Sandwich<\/span><\/div><\/div><span class='feature_holder'><span class=\"feature_holder_icons\"><a itemprop='url' class='preview qbutton small white' href='https:\/\/www.vsveicolispeciali.com\/de\/street-food-truck\/sandwich-truck-piaggio-porter-fahrende-kueche\/' target='_self'>view<\/a><span class='portfolio_like qbutton small white'><a  href=\"#\" class=\"qode-like\" id=\"qode-like-11954\" title=\"Like this\">30<span>  Likes<\/span><\/a><\/span><\/span><\/span><\/span><\/span><\/span><\/div><\/article>\n<article class='mix portfolio_category_56 portfolio_category_89 ' style=''><div class='image_holder'><a itemprop='url' class='portfolio_link_for_touch' href='https:\/\/www.vsveicolispeciali.com\/de\/street-food-truck\/food-truck-piaggio-porter-fischfrittuere-big-eyed-fish\/' target='_self'><span class='image'><img loading=\"lazy\" decoding=\"async\" width=\"1000\" height=\"800\" src=\"https:\/\/www.vsveicolispeciali.com\/wp-content\/uploads\/2018\/10\/food-truc-porter-piaggio-big-eyed-fish.jpg\" class=\"attachment-full size-full wp-post-image\" alt=\"food truck porter piaggio Die Fritt\u00fcre ist die K\u00f6nigin des Street Food\" srcset=\"https:\/\/www.vsveicolispeciali.com\/wp-content\/uploads\/2018\/10\/food-truc-porter-piaggio-big-eyed-fish.jpg 1000w, https:\/\/www.vsveicolispeciali.com\/wp-content\/uploads\/2018\/10\/food-truc-porter-piaggio-big-eyed-fish-300x240.jpg 300w, https:\/\/www.vsveicolispeciali.com\/wp-content\/uploads\/2018\/10\/food-truc-porter-piaggio-big-eyed-fish-768x614.jpg 768w, https:\/\/www.vsveicolispeciali.com\/wp-content\/uploads\/2018\/10\/food-truc-porter-piaggio-big-eyed-fish-700x560.jpg 700w\" sizes=\"auto, (max-width: 1000px) 100vw, 1000px\" \/><\/span><\/a><span class='text_holder'><span class='text_outer'><span class='text_inner'><div class=\"hover_feature_holder_title\"><div class=\"hover_feature_holder_title_inner\"><h5 itemprop=\"name\" class=\"portfolio_title entry_title\"><a itemprop=\"url\" href=\"https:\/\/www.vsveicolispeciali.com\/de\/street-food-truck\/food-truck-piaggio-porter-fischfrittuere-big-eyed-fish\/\"  target=\"_self\">Fisch Verkaufswagen BIG EYED FISH<\/a><\/h5><div  class=\"portfolio_separator separator  small center\"><\/div><span class=\"project_category\" >Food Truck, Professional Food Truck<\/span><\/div><\/div><span class='feature_holder'><span class=\"feature_holder_icons\"><a itemprop='url' class='preview qbutton small white' href='https:\/\/www.vsveicolispeciali.com\/de\/street-food-truck\/food-truck-piaggio-porter-fischfrittuere-big-eyed-fish\/' target='_self'>view<\/a><span class='portfolio_like qbutton small white'><a  href=\"#\" class=\"qode-like\" id=\"qode-like-11952\" title=\"Like this\">26<span>  Likes<\/span><\/a><\/span><\/span><\/span><\/span><\/span><\/span><\/div><\/article>\n<article class='mix portfolio_category_56 portfolio_category_57 portfolio_category_89 ' style=''><div class='image_holder'><a itemprop='url' class='portfolio_link_for_touch' href='https:\/\/www.vsveicolispeciali.com\/de\/street-food-truck\/promotionfahrzeug-truckshop-mit-kuehltheke-renault-master-biraghi\/' target='_self'><span class='image'><img loading=\"lazy\" decoding=\"async\" width=\"1000\" height=\"680\" src=\"https:\/\/www.vsveicolispeciali.com\/wp-content\/uploads\/2017\/12\/Food-Truck-Renault-Biraghi.jpg\" class=\"attachment-full size-full wp-post-image\" alt=\"\" srcset=\"https:\/\/www.vsveicolispeciali.com\/wp-content\/uploads\/2017\/12\/Food-Truck-Renault-Biraghi.jpg 1000w, https:\/\/www.vsveicolispeciali.com\/wp-content\/uploads\/2017\/12\/Food-Truck-Renault-Biraghi-300x204.jpg 300w, https:\/\/www.vsveicolispeciali.com\/wp-content\/uploads\/2017\/12\/Food-Truck-Renault-Biraghi-768x522.jpg 768w, https:\/\/www.vsveicolispeciali.com\/wp-content\/uploads\/2017\/12\/Food-Truck-Renault-Biraghi-700x476.jpg 700w\" sizes=\"auto, (max-width: 1000px) 100vw, 1000px\" \/><\/span><\/a><span class='text_holder'><span class='text_outer'><span class='text_inner'><div class=\"hover_feature_holder_title\"><div class=\"hover_feature_holder_title_inner\"><h5 itemprop=\"name\" class=\"portfolio_title entry_title\"><a itemprop=\"url\" href=\"https:\/\/www.vsveicolispeciali.com\/de\/street-food-truck\/promotionfahrzeug-truckshop-mit-kuehltheke-renault-master-biraghi\/\"  target=\"_self\">Promotionfahrzeug Biraghi<\/a><\/h5><div  class=\"portfolio_separator separator  small center\"><\/div><span class=\"project_category\" >Food Truck, Promotruck, Professional Food Truck<\/span><\/div><\/div><span class='feature_holder'><span class=\"feature_holder_icons\"><a itemprop='url' class='preview qbutton small white' href='https:\/\/www.vsveicolispeciali.com\/de\/street-food-truck\/promotionfahrzeug-truckshop-mit-kuehltheke-renault-master-biraghi\/' target='_self'>view<\/a><span class='portfolio_like qbutton small white'><a  href=\"#\" class=\"qode-like\" id=\"qode-like-9047\" title=\"Like this\">10<span>  Likes<\/span><\/a><\/span><\/span><\/span><\/span><\/span><\/span><\/div><\/article>\n<article class='mix portfolio_category_56 portfolio_category_89 ' style=''><div class='image_holder'><a itemprop='url' class='portfolio_link_for_touch' href='https:\/\/www.vsveicolispeciali.com\/de\/street-food-truck\/food-truck-piaggio-porter-haibin-sushi-milano\/' target='_self'><span class='image'><img loading=\"lazy\" decoding=\"async\" width=\"1000\" height=\"800\" src=\"https:\/\/www.vsveicolispeciali.com\/wp-content\/uploads\/2017\/03\/Food-Truck_Street-Food_Haibin_01.jpg\" class=\"attachment-full size-full wp-post-image\" alt=\"Food Truck sushi a Milano\" srcset=\"https:\/\/www.vsveicolispeciali.com\/wp-content\/uploads\/2017\/03\/Food-Truck_Street-Food_Haibin_01.jpg 1000w, https:\/\/www.vsveicolispeciali.com\/wp-content\/uploads\/2017\/03\/Food-Truck_Street-Food_Haibin_01-300x240.jpg 300w, https:\/\/www.vsveicolispeciali.com\/wp-content\/uploads\/2017\/03\/Food-Truck_Street-Food_Haibin_01-768x614.jpg 768w, https:\/\/www.vsveicolispeciali.com\/wp-content\/uploads\/2017\/03\/Food-Truck_Street-Food_Haibin_01-700x560.jpg 700w\" sizes=\"auto, (max-width: 1000px) 100vw, 1000px\" \/><\/span><\/a><span class='text_holder'><span class='text_outer'><span class='text_inner'><div class=\"hover_feature_holder_title\"><div class=\"hover_feature_holder_title_inner\"><h5 itemprop=\"name\" class=\"portfolio_title entry_title\"><a itemprop=\"url\" href=\"https:\/\/www.vsveicolispeciali.com\/de\/street-food-truck\/food-truck-piaggio-porter-haibin-sushi-milano\/\"  target=\"_self\">Food Truck Sushi TAKEBO<\/a><\/h5><div  class=\"portfolio_separator separator  small center\"><\/div><span class=\"project_category\" >Food Truck, Professional Food Truck<\/span><\/div><\/div><span class='feature_holder'><span class=\"feature_holder_icons\"><a itemprop='url' class='preview qbutton small white' href='https:\/\/www.vsveicolispeciali.com\/de\/street-food-truck\/food-truck-piaggio-porter-haibin-sushi-milano\/' target='_self'>view<\/a><span class='portfolio_like qbutton small white'><a  href=\"#\" class=\"qode-like\" id=\"qode-like-8915\" title=\"Like this\">20<span>  Likes<\/span><\/a><\/span><\/span><\/span><\/span><\/span><\/span><\/div><\/article>\n<article class='mix portfolio_category_56 portfolio_category_57 portfolio_category_89 ' style=''><div class='image_holder'><a itemprop='url' class='portfolio_link_for_touch' href='https:\/\/www.vsveicolispeciali.com\/de\/street-food-truck\/werbefahrzeug-promo-truck-fuer-promotion-und-verkostung-produkte-hugo-reitzel\/' target='_self'><span class='image'><img loading=\"lazy\" decoding=\"async\" width=\"1000\" height=\"800\" src=\"https:\/\/www.vsveicolispeciali.com\/wp-content\/uploads\/2016\/08\/Food_Truck_Street_Food_Hugo_Reitzel_01.jpg\" class=\"attachment-full size-full wp-post-image\" alt=\"\" srcset=\"https:\/\/www.vsveicolispeciali.com\/wp-content\/uploads\/2016\/08\/Food_Truck_Street_Food_Hugo_Reitzel_01.jpg 1000w, https:\/\/www.vsveicolispeciali.com\/wp-content\/uploads\/2016\/08\/Food_Truck_Street_Food_Hugo_Reitzel_01-300x240.jpg 300w, https:\/\/www.vsveicolispeciali.com\/wp-content\/uploads\/2016\/08\/Food_Truck_Street_Food_Hugo_Reitzel_01-768x614.jpg 768w, https:\/\/www.vsveicolispeciali.com\/wp-content\/uploads\/2016\/08\/Food_Truck_Street_Food_Hugo_Reitzel_01-700x560.jpg 700w\" sizes=\"auto, (max-width: 1000px) 100vw, 1000px\" \/><\/span><\/a><span class='text_holder'><span class='text_outer'><span class='text_inner'><div class=\"hover_feature_holder_title\"><div class=\"hover_feature_holder_title_inner\"><h5 itemprop=\"name\" class=\"portfolio_title entry_title\"><a itemprop=\"url\" href=\"https:\/\/www.vsveicolispeciali.com\/de\/street-food-truck\/werbefahrzeug-promo-truck-fuer-promotion-und-verkostung-produkte-hugo-reitzel\/\"  target=\"_self\">Event Truck Hugo Reitzel<\/a><\/h5><div  class=\"portfolio_separator separator  small center\"><\/div><span class=\"project_category\" >Food Truck, Promotruck, Professional Food Truck<\/span><\/div><\/div><span class='feature_holder'><span class=\"feature_holder_icons\"><a itemprop='url' class='preview qbutton small white' href='https:\/\/www.vsveicolispeciali.com\/de\/street-food-truck\/werbefahrzeug-promo-truck-fuer-promotion-und-verkostung-produkte-hugo-reitzel\/' target='_self'>view<\/a><span class='portfolio_like qbutton small white'><a  href=\"#\" class=\"qode-like\" id=\"qode-like-9051\" title=\"Like this\">64<span>  Likes<\/span><\/a><\/span><\/span><\/span><\/span><\/span><\/span><\/div><\/article>\n<article class='mix portfolio_category_56 portfolio_category_89 portfolio_category_131 portfolio_category_135 ' style=''><div class='image_holder'><a itemprop='url' class='portfolio_link_for_touch' href='https:\/\/www.vsveicolispeciali.com\/de\/street-food-truck\/food-truck-porter-piaggio-eis-truck-der-gelateria-la-cremeria\/' target='_self'><span class='image'><img loading=\"lazy\" decoding=\"async\" width=\"1000\" height=\"800\" src=\"https:\/\/www.vsveicolispeciali.com\/wp-content\/uploads\/2015\/11\/piaggio-food-truck-la-cremeria.jpg\" class=\"attachment-full size-full wp-post-image\" alt=\"\" srcset=\"https:\/\/www.vsveicolispeciali.com\/wp-content\/uploads\/2015\/11\/piaggio-food-truck-la-cremeria.jpg 1000w, https:\/\/www.vsveicolispeciali.com\/wp-content\/uploads\/2015\/11\/piaggio-food-truck-la-cremeria-300x240.jpg 300w, https:\/\/www.vsveicolispeciali.com\/wp-content\/uploads\/2015\/11\/piaggio-food-truck-la-cremeria-768x614.jpg 768w, https:\/\/www.vsveicolispeciali.com\/wp-content\/uploads\/2015\/11\/piaggio-food-truck-la-cremeria-700x560.jpg 700w\" sizes=\"auto, (max-width: 1000px) 100vw, 1000px\" \/><\/span><\/a><span class='text_holder'><span class='text_outer'><span class='text_inner'><div class=\"hover_feature_holder_title\"><div class=\"hover_feature_holder_title_inner\"><h5 itemprop=\"name\" class=\"portfolio_title entry_title\"><a itemprop=\"url\" href=\"https:\/\/www.vsveicolispeciali.com\/de\/street-food-truck\/food-truck-porter-piaggio-eis-truck-der-gelateria-la-cremeria\/\"  target=\"_self\">Food Truck Eiswagen La Cremeria<\/a><\/h5><div  class=\"portfolio_separator separator  small center\"><\/div><span class=\"project_category\" >Food Truck, Professional Food Truck, Street Food, Eis<\/span><\/div><\/div><span class='feature_holder'><span class=\"feature_holder_icons\"><a itemprop='url' class='preview qbutton small white' href='https:\/\/www.vsveicolispeciali.com\/de\/street-food-truck\/food-truck-porter-piaggio-eis-truck-der-gelateria-la-cremeria\/' target='_self'>view<\/a><span class='portfolio_like qbutton small white'><a  href=\"#\" class=\"qode-like\" id=\"qode-like-9138\" title=\"Like this\">29<span>  Likes<\/span><\/a><\/span><\/span><\/span><\/span><\/span><\/span><\/div><\/article>\n<article class='mix portfolio_category_56 portfolio_category_89 portfolio_category_131 portfolio_category_135 ' style=''><div class='image_holder'><a itemprop='url' class='portfolio_link_for_touch' href='https:\/\/www.vsveicolispeciali.com\/de\/street-food-truck\/rollende-eisdiele-porter-piaggio-eistruck-fuer-strassenverkauf\/' target='_self'><span class='image'><img loading=\"lazy\" decoding=\"async\" width=\"1000\" height=\"800\" src=\"https:\/\/www.vsveicolispeciali.com\/wp-content\/uploads\/2015\/11\/porter-piaggio-gelateria.jpg\" class=\"attachment-full size-full wp-post-image\" alt=\"\" srcset=\"https:\/\/www.vsveicolispeciali.com\/wp-content\/uploads\/2015\/11\/porter-piaggio-gelateria.jpg 1000w, https:\/\/www.vsveicolispeciali.com\/wp-content\/uploads\/2015\/11\/porter-piaggio-gelateria-300x240.jpg 300w, https:\/\/www.vsveicolispeciali.com\/wp-content\/uploads\/2015\/11\/porter-piaggio-gelateria-768x614.jpg 768w, https:\/\/www.vsveicolispeciali.com\/wp-content\/uploads\/2015\/11\/porter-piaggio-gelateria-700x560.jpg 700w\" sizes=\"auto, (max-width: 1000px) 100vw, 1000px\" \/><\/span><\/a><span class='text_holder'><span class='text_outer'><span class='text_inner'><div class=\"hover_feature_holder_title\"><div class=\"hover_feature_holder_title_inner\"><h5 itemprop=\"name\" class=\"portfolio_title entry_title\"><a itemprop=\"url\" href=\"https:\/\/www.vsveicolispeciali.com\/de\/street-food-truck\/rollende-eisdiele-porter-piaggio-eistruck-fuer-strassenverkauf\/\"  target=\"_self\">Eis Verkaufswagen A La Moda Veja<\/a><\/h5><div  class=\"portfolio_separator separator  small center\"><\/div><span class=\"project_category\" >Food Truck, Professional Food Truck, Street Food, Eis<\/span><\/div><\/div><span class='feature_holder'><span class=\"feature_holder_icons\"><a itemprop='url' class='preview qbutton small white' href='https:\/\/www.vsveicolispeciali.com\/de\/street-food-truck\/rollende-eisdiele-porter-piaggio-eistruck-fuer-strassenverkauf\/' target='_self'>view<\/a><span class='portfolio_like qbutton small white'><a  href=\"#\" class=\"qode-like\" id=\"qode-like-9151\" title=\"Like this\">25<span>  Likes<\/span><\/a><\/span><\/span><\/span><\/span><\/span><\/span><\/div><\/article>\n<article class='mix portfolio_category_56 portfolio_category_89 portfolio_category_131 portfolio_category_135 ' style=''><div class='image_holder'><a itemprop='url' class='portfolio_link_for_touch' href='https:\/\/www.vsveicolispeciali.com\/de\/street-food-truck\/mobile-eisdiele-auf-piaggio-porter-dalpian\/' target='_self'><span class='image'><img loading=\"lazy\" decoding=\"async\" width=\"1000\" height=\"800\" src=\"https:\/\/www.vsveicolispeciali.com\/wp-content\/uploads\/2015\/11\/agri-gelateria-itinerante-dalpian.jpg\" class=\"attachment-full size-full wp-post-image\" alt=\"\" srcset=\"https:\/\/www.vsveicolispeciali.com\/wp-content\/uploads\/2015\/11\/agri-gelateria-itinerante-dalpian.jpg 1000w, https:\/\/www.vsveicolispeciali.com\/wp-content\/uploads\/2015\/11\/agri-gelateria-itinerante-dalpian-300x240.jpg 300w, https:\/\/www.vsveicolispeciali.com\/wp-content\/uploads\/2015\/11\/agri-gelateria-itinerante-dalpian-768x614.jpg 768w, https:\/\/www.vsveicolispeciali.com\/wp-content\/uploads\/2015\/11\/agri-gelateria-itinerante-dalpian-700x560.jpg 700w\" sizes=\"auto, (max-width: 1000px) 100vw, 1000px\" \/><\/span><\/a><span class='text_holder'><span class='text_outer'><span class='text_inner'><div class=\"hover_feature_holder_title\"><div class=\"hover_feature_holder_title_inner\"><h5 itemprop=\"name\" class=\"portfolio_title entry_title\"><a itemprop=\"url\" href=\"https:\/\/www.vsveicolispeciali.com\/de\/street-food-truck\/mobile-eisdiele-auf-piaggio-porter-dalpian\/\"  target=\"_self\">Mobile Eiswagen Dalpian<\/a><\/h5><div  class=\"portfolio_separator separator  small center\"><\/div><span class=\"project_category\" >Food Truck, Professional Food Truck, Street Food, Eis<\/span><\/div><\/div><span class='feature_holder'><span class=\"feature_holder_icons\"><a itemprop='url' class='preview qbutton small white' href='https:\/\/www.vsveicolispeciali.com\/de\/street-food-truck\/mobile-eisdiele-auf-piaggio-porter-dalpian\/' target='_self'>view<\/a><span class='portfolio_like qbutton small white'><a  href=\"#\" class=\"qode-like\" id=\"qode-like-9194\" title=\"Like this\">44<span>  Likes<\/span><\/a><\/span><\/span><\/span><\/span><\/span><\/span><\/div><\/article>\n<article class='mix portfolio_category_56 portfolio_category_89 portfolio_category_131 portfolio_category_135 ' style=''><div class='image_holder'><a itemprop='url' class='portfolio_link_for_touch' href='https:\/\/www.vsveicolispeciali.com\/de\/street-food-truck\/porter-piaggio-eiswagen-fuer-den-umherziehenden-verkauf\/' target='_self'><span class='image'><img loading=\"lazy\" decoding=\"async\" width=\"1000\" height=\"800\" src=\"https:\/\/www.vsveicolispeciali.com\/wp-content\/uploads\/2015\/11\/porter-piaggio-il-carretto-dei-gelati.jpg\" class=\"attachment-full size-full wp-post-image\" alt=\"\" srcset=\"https:\/\/www.vsveicolispeciali.com\/wp-content\/uploads\/2015\/11\/porter-piaggio-il-carretto-dei-gelati.jpg 1000w, https:\/\/www.vsveicolispeciali.com\/wp-content\/uploads\/2015\/11\/porter-piaggio-il-carretto-dei-gelati-300x240.jpg 300w, https:\/\/www.vsveicolispeciali.com\/wp-content\/uploads\/2015\/11\/porter-piaggio-il-carretto-dei-gelati-768x614.jpg 768w, https:\/\/www.vsveicolispeciali.com\/wp-content\/uploads\/2015\/11\/porter-piaggio-il-carretto-dei-gelati-700x560.jpg 700w\" sizes=\"auto, (max-width: 1000px) 100vw, 1000px\" \/><\/span><\/a><span class='text_holder'><span class='text_outer'><span class='text_inner'><div class=\"hover_feature_holder_title\"><div class=\"hover_feature_holder_title_inner\"><h5 itemprop=\"name\" class=\"portfolio_title entry_title\"><a itemprop=\"url\" href=\"https:\/\/www.vsveicolispeciali.com\/de\/street-food-truck\/porter-piaggio-eiswagen-fuer-den-umherziehenden-verkauf\/\"  target=\"_self\">Eis Truck Piaggio Porter Il Carretto dei Gelati<\/a><\/h5><div  class=\"portfolio_separator separator  small center\"><\/div><span class=\"project_category\" >Food Truck, Professional Food Truck, Street Food, Eis<\/span><\/div><\/div><span class='feature_holder'><span class=\"feature_holder_icons\"><a itemprop='url' class='preview qbutton small white' href='https:\/\/www.vsveicolispeciali.com\/de\/street-food-truck\/porter-piaggio-eiswagen-fuer-den-umherziehenden-verkauf\/' target='_self'>view<\/a><span class='portfolio_like qbutton small white'><a  href=\"#\" class=\"qode-like\" id=\"qode-like-9212\" title=\"Like this\">34<span>  Likes<\/span><\/a><\/span><\/span><\/span><\/span><\/span><\/span><\/div><\/article>\n<div class='filler'><\/div>\n<div class='filler'><\/div>\n<div class='filler'><\/div>\n<div class='filler'><\/div>\n<div class='filler'><\/div>\n<\/div><\/div><div class=\"separator  transparent   \" style=\"height: 120px;\"><\/div>\n<\/div><\/div><\/div><\/div><\/div><div      class=\"vc_row wpb_row section vc_row-fluid \" style=' padding-bottom:120px; text-align:left;'><div class=\" full_section_inner clearfix\"><div class=\"wpb_column vc_column_container vc_col-sm-12\"><div class=\"vc_column-inner\"><div class=\"wpb_wrapper\"><div class=\"container_inner\"><div class=\"call_to_action simple\" style=\"\"><div class=\"text_wrapper column1\"><div class=\"call_to_action_text  font_weight_inherit letter_spacing_inherit\" style=\"font-weight: 300;letter-spacing: 1px;\">Entdecken Sie alle Eigenschaften des Professional Food Truck<\/div><a itemprop=\"url\" href=\"https:\/\/www.vsveicolispeciali.com\/de\/professional-food-truck-mobiles-restaurant-auf-raedern\/\" class=\"qbutton white big_large\" target=\"\" style=\"\">Klicken Sie hier<\/a><\/div><\/div><\/div><\/div><\/div><\/div><\/div><\/div>\n<\/div>","protected":false},"excerpt":{"rendered":"Dass er der K\u00f6nig der Eiscreme ist, sagt es nicht nur das Zeichen. Eine Eist\u00fcte oder einen Eisbecher des \"Carretto dei Gelati\" zu genie\u00dfen bringt dich mit deinen Gedanken zur\u00fcck zu diesen traditionellen Geschm\u00e4ckern, die selten wiederentdeckt werden. Es ist \u00fcberraschend, wenn es vor einem...","protected":false},"author":1001012,"featured_media":0,"parent":7686,"menu_order":3,"comment_status":"closed","ping_status":"closed","template":"full_width.php","meta":{"_acf_changed":false,"rs_blank_template":"","rs_page_bg_color":"","slide_template_v7":"","footnotes":""},"class_list":["post-11812","page","type-page","status-publish","hentry"],"acf":[],"yoast_head":"<!-- This site is optimized with the Yoast SEO plugin v28.2 - https:\/\/yoast.com\/product\/yoast-seo-wordpress\/ -->\n<title>Professioneller Foodtruck - Bau einer mobile K\u00fcche<\/title>\n<meta name=\"description\" content=\"Der Kauf eines Professional Foodtrucks ist eine Investition, die sich lohnt. Ein Foodtruck h\u00f6chster Qualit\u00e4t steigert Ihre Markenbekanntheit\" \/>\n<meta name=\"robots\" content=\"index, follow, max-snippet:-1, max-image-preview:large, max-video-preview:-1\" \/>\n<link rel=\"canonical\" href=\"https:\/\/www.vsveicolispeciali.com\/de\/verkaufswagen-kaufen\/food-truck-imbisswagen-kosten\/transporter-food-truck-bauen-mobiler-kueche\/\" \/>\n<meta property=\"og:locale\" content=\"de_DE\" \/>\n<meta property=\"og:type\" content=\"article\" \/>\n<meta property=\"og:title\" content=\"Professioneller Foodtruck - Bau einer mobile K\u00fcche\" \/>\n<meta property=\"og:description\" content=\"Der Kauf eines Professional Foodtrucks ist eine Investition, die sich lohnt. Ein Foodtruck h\u00f6chster Qualit\u00e4t steigert Ihre Markenbekanntheit\" \/>\n<meta property=\"og:url\" content=\"https:\/\/www.vsveicolispeciali.com\/de\/verkaufswagen-kaufen\/food-truck-imbisswagen-kosten\/transporter-food-truck-bauen-mobiler-kueche\/\" \/>\n<meta property=\"og:site_name\" content=\"VS Veicoli Speciali\" \/>\n<meta property=\"article:publisher\" content=\"https:\/\/www.facebook.com\/VSVeicoliSpeciali.Food.Trucks\/\" \/>\n<meta property=\"article:modified_time\" content=\"2026-08-10T13:42:08+00:00\" \/>\n<meta name=\"twitter:card\" content=\"summary_large_image\" \/>\n<meta name=\"twitter:site\" content=\"@veicolispeciali\" \/>\n<meta name=\"twitter:label1\" content=\"Gesch\u00e4tzte Lesezeit\" \/>\n\t<meta name=\"twitter:data1\" content=\"1\u00a0Minute\" \/>\n<!-- \/ Yoast SEO plugin. -->","yoast_head_json":{"title":"Professioneller Foodtruck - Bau einer mobile K\u00fcche","description":"Der Kauf eines Professional Foodtrucks ist eine Investition, die sich lohnt. Ein Foodtruck h\u00f6chster Qualit\u00e4t steigert Ihre Markenbekanntheit","robots":{"index":"index","follow":"follow","max-snippet":"max-snippet:-1","max-image-preview":"max-image-preview:large","max-video-preview":"max-video-preview:-1"},"canonical":"https:\/\/www.vsveicolispeciali.com\/de\/verkaufswagen-kaufen\/food-truck-imbisswagen-kosten\/transporter-food-truck-bauen-mobiler-kueche\/","og_locale":"de_DE","og_type":"article","og_title":"Professioneller Foodtruck - Bau einer mobile K\u00fcche","og_description":"Der Kauf eines Professional Foodtrucks ist eine Investition, die sich lohnt. Ein Foodtruck h\u00f6chster Qualit\u00e4t steigert Ihre Markenbekanntheit","og_url":"https:\/\/www.vsveicolispeciali.com\/de\/verkaufswagen-kaufen\/food-truck-imbisswagen-kosten\/transporter-food-truck-bauen-mobiler-kueche\/","og_site_name":"VS Veicoli Speciali","article_publisher":"https:\/\/www.facebook.com\/VSVeicoliSpeciali.Food.Trucks\/","article_modified_time":"2026-08-10T13:42:08+00:00","twitter_card":"summary_large_image","twitter_site":"@veicolispeciali","twitter_misc":{"Gesch\u00e4tzte Lesezeit":"1\u00a0Minute"},"schema":{"@context":"https:\/\/schema.org","@graph":[{"@type":"WebPage","@id":"https:\/\/www.vsveicolispeciali.com\/de\/verkaufswagen-kaufen\/food-truck-imbisswagen-kosten\/transporter-food-truck-bauen-mobiler-kueche\/","url":"https:\/\/www.vsveicolispeciali.com\/de\/verkaufswagen-kaufen\/food-truck-imbisswagen-kosten\/transporter-food-truck-bauen-mobiler-kueche\/","name":"Professioneller Foodtruck - Bau einer mobile K\u00fcche","isPartOf":{"@id":"https:\/\/www.vsveicolispeciali.com\/de\/#website"},"datePublished":"2019-11-22T16:26:14+00:00","dateModified":"2026-08-10T13:42:08+00:00","description":"Der Kauf eines Professional Foodtrucks ist eine Investition, die sich lohnt. Ein Foodtruck h\u00f6chster Qualit\u00e4t steigert Ihre Markenbekanntheit","breadcrumb":{"@id":"https:\/\/www.vsveicolispeciali.com\/de\/verkaufswagen-kaufen\/food-truck-imbisswagen-kosten\/transporter-food-truck-bauen-mobiler-kueche\/#breadcrumb"},"inLanguage":"de","potentialAction":[{"@type":"ReadAction","target":["https:\/\/www.vsveicolispeciali.com\/de\/verkaufswagen-kaufen\/food-truck-imbisswagen-kosten\/transporter-food-truck-bauen-mobiler-kueche\/"]}]},{"@type":"BreadcrumbList","@id":"https:\/\/www.vsveicolispeciali.com\/de\/verkaufswagen-kaufen\/food-truck-imbisswagen-kosten\/transporter-food-truck-bauen-mobiler-kueche\/#breadcrumb","itemListElement":[{"@type":"ListItem","position":1,"name":"Home","item":"https:\/\/www.vsveicolispeciali.com\/de\/"},{"@type":"ListItem","position":2,"name":"Verkaufswagen und Streetfood-Wagen kaufen","item":"https:\/\/www.vsveicolispeciali.com\/de\/verkaufswagen-kaufen\/"},{"@type":"ListItem","position":3,"name":"FOODTRUCKS KAUFEN","item":"https:\/\/www.vsveicolispeciali.com\/de\/verkaufswagen-kaufen\/food-truck-imbisswagen-kosten\/"},{"@type":"ListItem","position":4,"name":"Professioneller Foodtruck &#8211; BAU EINER MOBILE K\u00dcCHE"}]},{"@type":"WebSite","@id":"https:\/\/www.vsveicolispeciali.com\/de\/#website","url":"https:\/\/www.vsveicolispeciali.com\/de\/","name":"VS Veicoli Speciali","description":"","potentialAction":[{"@type":"SearchAction","target":{"@type":"EntryPoint","urlTemplate":"https:\/\/www.vsveicolispeciali.com\/de\/?s={search_term_string}"},"query-input":{"@type":"PropertyValueSpecification","valueRequired":true,"valueName":"search_term_string"}}],"inLanguage":"de"}]}},"_links":{"self":[{"href":"https:\/\/www.vsveicolispeciali.com\/de\/wp-json\/wp\/v2\/pages\/11812","targetHints":{"allow":["GET"]}}],"collection":[{"href":"https:\/\/www.vsveicolispeciali.com\/de\/wp-json\/wp\/v2\/pages"}],"about":[{"href":"https:\/\/www.vsveicolispeciali.com\/de\/wp-json\/wp\/v2\/types\/page"}],"author":[{"embeddable":true,"href":"https:\/\/www.vsveicolispeciali.com\/de\/wp-json\/wp\/v2\/users\/1001012"}],"replies":[{"embeddable":true,"href":"https:\/\/www.vsveicolispeciali.com\/de\/wp-json\/wp\/v2\/comments?post=11812"}],"version-history":[{"count":12,"href":"https:\/\/www.vsveicolispeciali.com\/de\/wp-json\/wp\/v2\/pages\/11812\/revisions"}],"predecessor-version":[{"id":30265,"href":"https:\/\/www.vsveicolispeciali.com\/de\/wp-json\/wp\/v2\/pages\/11812\/revisions\/30265"}],"up":[{"embeddable":true,"href":"https:\/\/www.vsveicolispeciali.com\/de\/wp-json\/wp\/v2\/pages\/7686"}],"wp:attachment":[{"href":"https:\/\/www.vsveicolispeciali.com\/de\/wp-json\/wp\/v2\/media?parent=11812"}],"curies":[{"name":"wp","href":"https:\/\/api.w.org\/{rel}","templated":true}]}}