{"id":11753,"date":"2019-10-22T12:19:18","date_gmt":"2019-10-22T10:19:18","guid":{"rendered":"http:\/\/vsveicolispeciali.com\/piaggio-ape-v-curve-negozio-su-3-ruote\/"},"modified":"2021-11-19T15:02:03","modified_gmt":"2021-11-19T14:02:03","slug":"dreirad-piaggio-ape-v-curve-verkaufsladen-auf-drei-raedern","status":"publish","type":"page","link":"https:\/\/www.vsveicolispeciali.com\/de\/dreirad-piaggio-ape-v-curve-verkaufsladen-auf-drei-raedern\/","title":{"rendered":"Ape V-Curve \u00ae  &#8211; Landing"},"content":{"rendered":"<div class=\"wpb-content-wrapper\"><div class=\"vc_row wpb_row section vc_row-fluid \" style=' text-align:left;'><div class=\" full_section_inner clearfix\"><div class=\"wpb_column vc_column_container vc_col-sm-12\"><div class=\"vc_column-inner\"><div class=\"wpb_wrapper\">\n\t<div class=\"wpb_single_image wpb_content_element vc_align_center\">\n\t\t<div class=\"wpb_wrapper\">\n\t\t\t\n\t\t\t<div class=\"vc_single_image-wrapper   vc_box_border_grey\"><img loading=\"lazy\" decoding=\"async\" width=\"1920\" height=\"1023\" src=\"https:\/\/www.vsveicolispeciali.com\/wp-content\/uploads\/2019\/10\/ape_v-curve_head_1.jpg\" class=\"vc_single_image-img attachment-full\" alt=\"\" title=\"ape_v-curve_head_1\" srcset=\"https:\/\/www.vsveicolispeciali.com\/wp-content\/uploads\/2019\/10\/ape_v-curve_head_1.jpg 1920w, https:\/\/www.vsveicolispeciali.com\/wp-content\/uploads\/2019\/10\/ape_v-curve_head_1-300x160.jpg 300w, https:\/\/www.vsveicolispeciali.com\/wp-content\/uploads\/2019\/10\/ape_v-curve_head_1-768x409.jpg 768w, https:\/\/www.vsveicolispeciali.com\/wp-content\/uploads\/2019\/10\/ape_v-curve_head_1-1024x546.jpg 1024w, https:\/\/www.vsveicolispeciali.com\/wp-content\/uploads\/2019\/10\/ape_v-curve_head_1-700x373.jpg 700w\" sizes=\"auto, (max-width: 1920px) 100vw, 1920px\" \/><\/div>\n\t\t<\/div>\n\t<\/div>\n<\/div><\/div><\/div><\/div><\/div><div      class=\"vc_row wpb_row section vc_row-fluid \" style=' text-align:left;'><div class=\" full_section_inner clearfix\"><div class=\"wpb_column vc_column_container vc_col-sm-12\"><div class=\"vc_column-inner\"><div class=\"wpb_wrapper\"><div class='q_elements_holder two_columns responsive_mode_from_1000' ><div class='q_elements_item ' data-animation='no' data-item-class='q_elements_holder_custom_764242' style='vertical-align:middle;'><div class='q_elements_item_inner'><div class='q_elements_item_content q_elements_holder_custom_764242'>\n\t<div class=\"wpb_single_image wpb_content_element vc_align_center\">\n\t\t<div class=\"wpb_wrapper\">\n\t\t\t\n\t\t\t<div class=\"vc_single_image-wrapper   vc_box_border_grey\"><img loading=\"lazy\" decoding=\"async\" width=\"1600\" height=\"2000\" src=\"https:\/\/www.vsveicolispeciali.com\/wp-content\/uploads\/2019\/10\/Ape-V-Curve_Descrizione.jpg\" class=\"vc_single_image-img attachment-full\" alt=\"\" title=\"Ape-V-Curve_Descrizione\" srcset=\"https:\/\/www.vsveicolispeciali.com\/wp-content\/uploads\/2019\/10\/Ape-V-Curve_Descrizione.jpg 1600w, https:\/\/www.vsveicolispeciali.com\/wp-content\/uploads\/2019\/10\/Ape-V-Curve_Descrizione-240x300.jpg 240w, https:\/\/www.vsveicolispeciali.com\/wp-content\/uploads\/2019\/10\/Ape-V-Curve_Descrizione-768x960.jpg 768w, https:\/\/www.vsveicolispeciali.com\/wp-content\/uploads\/2019\/10\/Ape-V-Curve_Descrizione-819x1024.jpg 819w, https:\/\/www.vsveicolispeciali.com\/wp-content\/uploads\/2019\/10\/Ape-V-Curve_Descrizione-700x875.jpg 700w\" sizes=\"auto, (max-width: 1600px) 100vw, 1600px\" \/><\/div>\n\t\t<\/div>\n\t<\/div>\n<\/div><\/div><\/div><div class='q_elements_item ' data-1280-1440='0% 25%' data-1024-1280='0% 15%' data-768-1024='5% 10%' data-600-768='5% 10%' data-480-600='5% 10%' data-480='5% 10%' data-animation='yes' data-item-class='q_elements_holder_custom_855393' data-bottom='' data-center='' style='background-color:#f1f1f1;text-align:center;'><div class='q_elements_item_inner'><div class='q_elements_item_content q_elements_holder_custom_855393' style='padding:5% 25%'>\n\t<div class=\"wpb_text_column wpb_content_element \">\n\t\t<div class=\"wpb_wrapper\">\n\t\t\t<h1>Piaggio Ape V-Curve\u00ae<br \/>\n<span style=\"font-size: 24px;\">Ein Verkaufsladen auf drei R\u00e4dern<\/span><\/h1>\n\n\t\t<\/div> \n\t<\/div> <div class=\"separator  normal   \" style=\"margin-top: 20px;margin-bottom: 25px;background-color: #d3d3d3;\"><\/div>\n\n\t<div class=\"wpb_text_column wpb_content_element \">\n\t\t<div class=\"wpb_wrapper\">\n\t\t\t<p style=\"text-align: left;\"><span style=\"font-size: 20px;\">Die Ape V-Curve ist der kompakteste patentierte Verkaufsladen auf R\u00e4dern auf dem Markt. Das Design und die Technologie machen aus der Ape V-Curve ein einzigartiges und unwiderstehliches Gef\u00e4hrt.<\/span><\/p>\n<p>&nbsp;<\/p>\n<p style=\"text-align: left;\"><span style=\"font-size: 20px;\">Ihre Leichtigkeit und die reduzierten Abmessungen gew\u00e4hrleisten eine vielseitige und flexible Verwendung.<\/span><\/p>\n<p>&nbsp;<\/p>\n<p style=\"text-align: left;\"><span style=\"font-size: 20px;\">Das ausfahrbare Dach erweitert die Gr\u00f6\u00dfe des Verkaufswagens w\u00e4hrend der Arbeit und bietet einen komfortablen Arbeitsraum und eine ausdrucksstarke Wirkung.<\/span><\/p>\n<p>&nbsp;<\/p>\n<p style=\"text-align: left;\"><span style=\"font-size: 20px;\">Wenn Sie auf der Suche nach einem motorisierten Verkaufsladen auf R\u00e4dern sind, das Sie von den anderen Street Food-Einrichtungen unterscheidet, dann ist dieses Fahrzeug genau das Richtige f\u00fcr Sie!<\/span><\/p>\n\n\t\t<\/div> \n\t<\/div> <a  itemprop=\"url\" href=\"http:\/\/vsveicolispeciali.com\/wp-content\/uploads\/2020\/03\/APE-V-CURVE_DE-compressed.pdf\" target=\"_blank\"  class=\"qbutton  large default\" style=\"margin: 30px 0px 0px 0px; \">Laden Sie die PDF herunter<\/a><\/div><\/div><\/div><\/div><\/div><\/div><\/div><\/div><\/div><div      class=\"vc_row wpb_row section vc_row-fluid  grid_section\" style=' padding-top:60px; padding-bottom:90px; text-align:left;'><div class=\" section_inner clearfix\"><div class='section_inner_margin clearfix'><div class=\"wpb_column vc_column_container vc_col-sm-12\"><div class=\"vc_column-inner\"><div class=\"wpb_wrapper\"><div class=\"custom_font_holder\" style=\" font-size: 26px; line-height: 44px; font-style: normal; font-weight: 300; color: #006aa7; text-decoration: none; text-align: center;\">\n<h2><span style=\"font-size: 32px;\">EIN SYMBOL DER ITALIENISCHEN KULTUR<br \/>\n3 Rad Piaggio Ape<\/span><\/h2>\n<\/div><div class=\"separator  small center  \" style=\"background-color: IL PRIMO VIAGGIO SULLA RETE TESLA ALLA SCOPERTA DELLE ECCELLENZE DEL NOSTRO PAESE;\"><\/div>\n<div class=\"custom_font_holder\" style=\" font-size: 20px; line-height: 34px; font-style: normal; font-weight: 300; text-decoration: none; text-align: center;\">\n<p class=\"p1\"><span class=\"s1\">Eine Ikone, die sich erneuert und der Vergangenheit trotzdem treu bleibt. Unsere Modelle Ape V-Curve\u00ae sind mit gro\u00dfer Liebe zum Design entwickelt und so gebaut, dass sie die Arbeit unserer Kunden erleichtern.<br \/>\n<\/span><\/p>\n<p><a href=\"http:\/\/vsveicolispeciali.com\/de\/verkaufswagen-kaufen\/piaggio-ape-food-truck\/umbau-ape-verkaufswagen-umbauten\/\" target=\"_blank\" rel=\"noopener noreferrer\">Ape Umbau zum Food Truck<\/a><\/div>\t<div class=\"vc_empty_space\"  style=\"height: 32px\" ><span\n\t\t\tclass=\"vc_empty_space_inner\">\n\t\t\t<span class=\"empty_space_image\"  ><\/span>\n\t\t<\/span><\/div>\n\n<div class=\"animated_icons_with_text clearfix four_columns\"><div class=\"animated_icon_with_text_holder\"><div class=\"animated_icon_with_text_inner\"><div class=\"animated_icon_holder\"><div class=\"animated_icon\"><div class=\"animated_icon_inner\"><span class=\"animated_icon_front\"><i class='fa fa-eye'><\/i><\/span><span class=\"animated_icon_back\"><i class='fa fa-eye'><\/i><\/span><\/div><\/div><\/div><div class=\"animated_text_holder\"><div class=\"animated_text_holder_wrap\"><div class=\"animated_text_holder_wrap_inner\"><div class=\"animated_text_holder_inner\"><div class=\"animated_title\"><div class=\"animated_title_inner\"><h5>Top appeal<\/h5><\/div><\/div><div class=\"animated_text\"><p><span>Ein einzigartiges, originellesund patentiertes Verkaufsfahrzeug.<\/span><\/p><\/div><\/div><\/div><\/div><\/div><\/div><\/div><div class=\"animated_icon_with_text_holder\"><div class=\"animated_icon_with_text_inner\"><div class=\"animated_icon_holder\"><div class=\"animated_icon\"><div class=\"animated_icon_inner\"><span class=\"animated_icon_front\"><i class='fa fa-address-card'><\/i><\/span><span class=\"animated_icon_back\"><i class='fa fa-address-card'><\/i><\/span><\/div><\/div><\/div><div class=\"animated_text_holder\"><div class=\"animated_text_holder_wrap\"><div class=\"animated_text_holder_wrap_inner\"><div class=\"animated_text_holder_inner\"><div class=\"animated_title\"><div class=\"animated_title_inner\"><h5>F\u00dcHRERSCHEIN KLASSE B<\/h5><\/div><\/div><div class=\"animated_text\"><p><span>Mit dem Autof\u00fchrerschein fahrbar.<\/span><\/p><\/div><\/div><\/div><\/div><\/div><\/div><\/div><div class=\"animated_icon_with_text_holder\"><div class=\"animated_icon_with_text_inner\"><div class=\"animated_icon_holder\"><div class=\"animated_icon\"><div class=\"animated_icon_inner\"><span class=\"animated_icon_front\"><i class='fa fa-get-pocket'><\/i><\/span><span class=\"animated_icon_back\"><i class='fa fa-get-pocket'><\/i><\/span><\/div><\/div><\/div><div class=\"animated_text_holder\"><div class=\"animated_text_holder_wrap\"><div class=\"animated_text_holder_wrap_inner\"><div class=\"animated_text_holder_inner\"><div class=\"animated_title\"><div class=\"animated_title_inner\"><h5>ERGONOMIE<\/h5><\/div><\/div><div class=\"animated_text\"><p><span>Trotz Vintage-Appeal ist die Ergonomie optimal.<\/span><\/p><\/div><\/div><\/div><\/div><\/div><\/div><\/div><div class=\"animated_icon_with_text_holder\"><div class=\"animated_icon_with_text_inner\"><div class=\"animated_icon_holder\"><div class=\"animated_icon\"><div class=\"animated_icon_inner\"><span class=\"animated_icon_front\"><i class='fa fa-users'><\/i><\/span><span class=\"animated_icon_back\"><i class='fa fa-users'><\/i><\/span><\/div><\/div><\/div><div class=\"animated_text_holder\"><div class=\"animated_text_holder_wrap\"><div class=\"animated_text_holder_wrap_inner\"><div class=\"animated_text_holder_inner\"><div class=\"animated_title\"><div class=\"animated_title_inner\"><h5>FUNKTIONALIT\u00c4T<\/h5><\/div><\/div><div class=\"animated_text\"><p><span>Das Fahrzeug verf\u00fcgt \u00fcber zwei Arbeitspl\u00e4tze.<\/span><\/p><\/div><\/div><\/div><\/div><\/div><\/div><\/div><div class=\"animated_icon_with_text_holder\"><div class=\"animated_icon_with_text_inner\"><div class=\"animated_icon_holder\"><div class=\"animated_icon\"><div class=\"animated_icon_inner\"><span class=\"animated_icon_front\"><i class='fa fa-battery-full'><\/i><\/span><span class=\"animated_icon_back\"><i class='fa fa-battery-full'><\/i><\/span><\/div><\/div><\/div><div class=\"animated_text_holder\"><div class=\"animated_text_holder_wrap\"><div class=\"animated_text_holder_wrap_inner\"><div class=\"animated_text_holder_inner\"><div class=\"animated_title\"><div class=\"animated_title_inner\"><h5>AUTONOMIE UND WARTUNGSFREIHEIT<\/h5><\/div><\/div><div class=\"animated_text\"><p><span>100%-ige Autonomie und erleichterte Wartung.<\/span><\/p><\/div><\/div><\/div><\/div><\/div><\/div><\/div><div class=\"animated_icon_with_text_holder\"><div class=\"animated_icon_with_text_inner\"><div class=\"animated_icon_holder\"><div class=\"animated_icon\"><div class=\"animated_icon_inner\"><span class=\"animated_icon_front\"><i class='fa fa-arrows'><\/i><\/span><span class=\"animated_icon_back\"><i class='fa fa-arrows'><\/i><\/span><\/div><\/div><\/div><div class=\"animated_text_holder\"><div class=\"animated_text_holder_wrap\"><div class=\"animated_text_holder_wrap_inner\"><div class=\"animated_text_holder_inner\"><div class=\"animated_title\"><div class=\"animated_title_inner\"><h5>AUFKLAPPBARES DACH<\/h5><\/div><\/div><div class=\"animated_text\"><p><span>Ein manuell aufklappbares Dach vergr\u00f6\u00dfert den Raum des Fahrzeugs und erm\u00f6glicht zwei vorschriftsgem\u00e4\u00dfe Arbeitspl\u00e4tze.<\/span><\/p><\/div><\/div><\/div><\/div><\/div><\/div><\/div><div class=\"animated_icon_with_text_holder\"><div class=\"animated_icon_with_text_inner\"><div class=\"animated_icon_holder\"><div class=\"animated_icon\"><div class=\"animated_icon_inner\"><span class=\"animated_icon_front\"><i class='fa fa-truck'><\/i><\/span><span class=\"animated_icon_back\"><i class='fa fa-truck'><\/i><\/span><\/div><\/div><\/div><div class=\"animated_text_holder\"><div class=\"animated_text_holder_wrap\"><div class=\"animated_text_holder_wrap_inner\"><div class=\"animated_text_holder_inner\"><div class=\"animated_title\"><div class=\"animated_title_inner\"><h5>LEICHT UND WIDERSTANDSF\u00c4HIG<\/h5><\/div><\/div><div class=\"animated_text\"><p><span>Leichte und kompakte Ausstattung, ideal f\u00fcr jede Situation.<\/span><\/p><\/div><\/div><\/div><\/div><\/div><\/div><\/div><div class=\"animated_icon_with_text_holder\"><div class=\"animated_icon_with_text_inner\"><div class=\"animated_icon_holder\"><div class=\"animated_icon\"><div class=\"animated_icon_inner\"><span class=\"animated_icon_front\"><i class='fa fa-paint-brush'><\/i><\/span><span class=\"animated_icon_back\"><i class='fa fa-paint-brush'><\/i><\/span><\/div><\/div><\/div><div class=\"animated_text_holder\"><div class=\"animated_text_holder_wrap\"><div class=\"animated_text_holder_wrap_inner\"><div class=\"animated_text_holder_inner\"><div class=\"animated_title\"><div class=\"animated_title_inner\"><h5>INDIVIDUELLE GESTALTUNG<\/h5><\/div><\/div><div class=\"animated_text\"><p><span>Alle Details der Piaggio Dreirad wie Farben, Materialien, Beleuchtung, Graphik und Zubeh\u00f6r k\u00f6nnen individuell gestaltet werden.<\/span><\/p><\/div><\/div><\/div><\/div><\/div><\/div><\/div><\/div><\/div><\/div><\/div><\/div><\/div><\/div><div      class=\"vc_row wpb_row section vc_row-fluid \" style=' text-align:left;'><div class=\" full_section_inner clearfix\"><div class=\"wpb_column vc_column_container vc_col-sm-12\"><div class=\"vc_column-inner\"><div class=\"wpb_wrapper\"><div class='q_elements_holder two_columns eh_two_columns_66_33 responsive_mode_from_1000' ><div class='q_elements_item ' data-animation='no' data-item-class='q_elements_holder_custom_951029' style='vertical-align:middle;'><div class='q_elements_item_inner'><div class='q_elements_item_content q_elements_holder_custom_951029' style='padding:0 0px 0 0'>\n\t<div class=\"wpb_single_image wpb_content_element vc_align_center\">\n\t\t<div class=\"wpb_wrapper\">\n\t\t\t\n\t\t\t<div class=\"vc_single_image-wrapper   vc_box_border_grey\"><img loading=\"lazy\" decoding=\"async\" width=\"1600\" height=\"1544\" src=\"https:\/\/www.vsveicolispeciali.com\/wp-content\/uploads\/2020\/01\/ape_v-curve_dati_DE.jpg\" class=\"vc_single_image-img attachment-full\" alt=\"\" title=\"ape_v-curve_dati_DE\" srcset=\"https:\/\/www.vsveicolispeciali.com\/wp-content\/uploads\/2020\/01\/ape_v-curve_dati_DE.jpg 1600w, https:\/\/www.vsveicolispeciali.com\/wp-content\/uploads\/2020\/01\/ape_v-curve_dati_DE-300x290.jpg 300w, https:\/\/www.vsveicolispeciali.com\/wp-content\/uploads\/2020\/01\/ape_v-curve_dati_DE-1024x988.jpg 1024w, https:\/\/www.vsveicolispeciali.com\/wp-content\/uploads\/2020\/01\/ape_v-curve_dati_DE-768x741.jpg 768w, https:\/\/www.vsveicolispeciali.com\/wp-content\/uploads\/2020\/01\/ape_v-curve_dati_DE-1536x1482.jpg 1536w, https:\/\/www.vsveicolispeciali.com\/wp-content\/uploads\/2020\/01\/ape_v-curve_dati_DE-700x676.jpg 700w\" sizes=\"auto, (max-width: 1600px) 100vw, 1600px\" \/><\/div>\n\t\t<\/div>\n\t<\/div>\n<\/div><\/div><\/div><div class='q_elements_item car-tecniche' data-1280-1440='0% 15%' data-1024-1280='0% 10%' data-768-1024='5% 10%' data-600-768='5% 10%' data-480-600='5% 10%' data-480='5% 10%' data-animation='yes' data-item-class='q_elements_holder_custom_357446' data-bottom='' data-center='' style='background-color:#006aa7;'><div class='q_elements_item_inner'><div class='q_elements_item_content q_elements_holder_custom_357446' style='padding:5% 25%'><div class=\"qode-specification-list\">\n\t\t<div class=\"qode-specification-list-text-holder\">\n\t\t<h3 class=\"qode-specification-list-title\">\n\t\t\tTechnische Eigenschaften\t\t<\/h3>\n\t\t<div class=\"qode-specification-list-items\">\n\t\t\t\t\t\t\t<div class=\"qode-specification-list-item\">\n\t\t\t\t\t<span class=\"qode-specification-list-item-label\">\n\t\t\t\t\t\tApe Classic - Dieselmotor 435 cc \t\t\t\t\t<\/span>\n\t\t\t\t\t<span class=\"qode-specification-list-item-value\">\n\t\t\t\t\t\t\t\t\t\t\t<\/span>\n\t\t\t\t<\/div>\n\t\t\t\t\t\t\t<div class=\"qode-specification-list-item\">\n\t\t\t\t\t<span class=\"qode-specification-list-item-label\">\n\t\t\t\t\t\tAusstattung mit Gesundheitsbescheinigung\t\t\t\t\t<\/span>\n\t\t\t\t\t<span class=\"qode-specification-list-item-value\">\n\t\t\t\t\t\t\t\t\t\t\t<\/span>\n\t\t\t\t<\/div>\n\t\t\t\t\t\t\t<div class=\"qode-specification-list-item\">\n\t\t\t\t\t<span class=\"qode-specification-list-item-label\">\n\t\t\t\t\t\tAbmessungen geschlossen: L 3145 x T 1480 x H 2230\t\t\t\t\t<\/span>\n\t\t\t\t\t<span class=\"qode-specification-list-item-value\">\n\t\t\t\t\t\t\t\t\t\t\t<\/span>\n\t\t\t\t<\/div>\n\t\t\t\t\t\t\t<div class=\"qode-specification-list-item\">\n\t\t\t\t\t<span class=\"qode-specification-list-item-label\">\n\t\t\t\t\t\tAbmessungen ge\u00f6ffnet: L 3145+1200 x T 1480+1200 x H 3040\t\t\t\t\t<\/span>\n\t\t\t\t\t<span class=\"qode-specification-list-item-value\">\n\t\t\t\t\t\t\t\t\t\t\t<\/span>\n\t\t\t\t<\/div>\n\t\t\t\t\t\t\t<div class=\"qode-specification-list-item\">\n\t\t\t\t\t<span class=\"qode-specification-list-item-label\">\n\t\t\t\t\t\tGewicht: 900-1100 kg\t\t\t\t\t<\/span>\n\t\t\t\t\t<span class=\"qode-specification-list-item-value\">\n\t\t\t\t\t\t\t\t\t\t\t<\/span>\n\t\t\t\t<\/div>\n\t\t\t\t\t\t\t<div class=\"qode-specification-list-item\">\n\t\t\t\t\t<span class=\"qode-specification-list-item-label\">\n\t\t\t\t\t\tGlasfaserstruktur mit passender Lackierung\t\t\t\t\t<\/span>\n\t\t\t\t\t<span class=\"qode-specification-list-item-value\">\n\t\t\t\t\t\t\t\t\t\t\t<\/span>\n\t\t\t\t<\/div>\n\t\t\t\t\t\t\t<div class=\"qode-specification-list-item\">\n\t\t\t\t\t<span class=\"qode-specification-list-item-label\">\n\t\t\t\t\t\tKomplett manuelles \u00d6ffnungssystem\t\t\t\t\t<\/span>\n\t\t\t\t\t<span class=\"qode-specification-list-item-value\">\n\t\t\t\t\t\t\t\t\t\t\t<\/span>\n\t\t\t\t<\/div>\n\t\t\t\t\t\t\t<div class=\"qode-specification-list-item\">\n\t\t\t\t\t<span class=\"qode-specification-list-item-label\">\n\t\t\t\t\t\tZertifizierter Aufstiegstritt\t\t\t\t\t<\/span>\n\t\t\t\t\t<span class=\"qode-specification-list-item-value\">\n\t\t\t\t\t\t\t\t\t\t\t<\/span>\n\t\t\t\t<\/div>\n\t\t\t\t\t\t\t<div class=\"qode-specification-list-item\">\n\t\t\t\t\t<span class=\"qode-specification-list-item-label\">\n\t\t\t\t\t\tStellf\u00fc\u00dfe x2\t\t\t\t\t<\/span>\n\t\t\t\t\t<span class=\"qode-specification-list-item-value\">\n\t\t\t\t\t\t\t\t\t\t\t<\/span>\n\t\t\t\t<\/div>\n\t\t\t\t\t\t\t<div class=\"qode-specification-list-item\">\n\t\t\t\t\t<span class=\"qode-specification-list-item-label\">\n\t\t\t\t\t\tRutschfester, antibakterieller Fu\u00dfboden mit Zertifizierung\t\t\t\t\t<\/span>\n\t\t\t\t\t<span class=\"qode-specification-list-item-value\">\n\t\t\t\t\t\t\t\t\t\t\t<\/span>\n\t\t\t\t<\/div>\n\t\t\t\t\t\t\t<div class=\"qode-specification-list-item\">\n\t\t\t\t\t<span class=\"qode-specification-list-item-label\">\n\t\t\t\t\t\tUnabh\u00e4ngige Wasseranlage mit eingebautem Einlass-, Auslass- und Hei\u00dfwassertank\t\t\t\t\t<\/span>\n\t\t\t\t\t<span class=\"qode-specification-list-item-value\">\n\t\t\t\t\t\t\t\t\t\t\t<\/span>\n\t\t\t\t<\/div>\n\t\t\t\t\t\t\t<div class=\"qode-specification-list-item\">\n\t\t\t\t\t<span class=\"qode-specification-list-item-label\">\n\t\t\t\t\t\tFull-LED-Innenbeleuchtung\t\t\t\t\t<\/span>\n\t\t\t\t\t<span class=\"qode-specification-list-item-value\">\n\t\t\t\t\t\t\t\t\t\t\t<\/span>\n\t\t\t\t<\/div>\n\t\t\t\t\t\t\t<div class=\"qode-specification-list-item\">\n\t\t\t\t\t<span class=\"qode-specification-list-item-label\">\n\t\t\t\t\t\tElektrische Anlage mit Schutzschalter\t\t\t\t\t<\/span>\n\t\t\t\t\t<span class=\"qode-specification-list-item-value\">\n\t\t\t\t\t\t\t\t\t\t\t<\/span>\n\t\t\t\t<\/div>\n\t\t\t\t\t<\/div>\n\t<\/div>\n\t<\/div><\/div><\/div><\/div><\/div><\/div><\/div><\/div><\/div><\/div><div      class=\"vc_row wpb_row section vc_row-fluid  sfondo-sfumato\" style=' text-align:left;'><div class=\" full_section_inner clearfix\"><div class=\"wpb_column vc_column_container vc_col-sm-12\"><div class=\"vc_column-inner\"><div class=\"wpb_wrapper\"><div class='q_elements_holder two_columns eh_two_columns_66_33 responsive_mode_from_1000' ><div class='q_elements_item ' data-animation='no' data-item-class='q_elements_holder_custom_475358' style='vertical-align:middle;'><div class='q_elements_item_inner'><div class='q_elements_item_content q_elements_holder_custom_475358' style='padding:0 0px 0 0'>\n\t<div class=\"wpb_text_column wpb_content_element  vc_custom_1571567240882\">\n\t\t<div class=\"wpb_wrapper\">\n\t\t\t<h2>Ape V-Curve\u00ae<\/h2>\n\n\t\t<\/div> \n\t<\/div> \n\t<div class=\"wpb_single_image wpb_content_element vc_align_center  vc_custom_1571602987597\">\n\t\t<div class=\"wpb_wrapper\">\n\t\t\t\n\t\t\t<div class=\"vc_single_image-wrapper   vc_box_border_grey\"><img loading=\"lazy\" decoding=\"async\" width=\"1600\" height=\"1373\" src=\"https:\/\/www.vsveicolispeciali.com\/wp-content\/uploads\/2019\/10\/ape_v-curve_render_1.png\" class=\"vc_single_image-img attachment-full\" alt=\"\" title=\"ape_v-curve_render_1\" srcset=\"https:\/\/www.vsveicolispeciali.com\/wp-content\/uploads\/2019\/10\/ape_v-curve_render_1.png 1600w, https:\/\/www.vsveicolispeciali.com\/wp-content\/uploads\/2019\/10\/ape_v-curve_render_1-300x257.png 300w, https:\/\/www.vsveicolispeciali.com\/wp-content\/uploads\/2019\/10\/ape_v-curve_render_1-768x659.png 768w, https:\/\/www.vsveicolispeciali.com\/wp-content\/uploads\/2019\/10\/ape_v-curve_render_1-1024x879.png 1024w, https:\/\/www.vsveicolispeciali.com\/wp-content\/uploads\/2019\/10\/ape_v-curve_render_1-700x601.png 700w\" sizes=\"auto, (max-width: 1600px) 100vw, 1600px\" \/><\/div>\n\t\t<\/div>\n\t<\/div>\n<\/div><\/div><\/div><div class='q_elements_item elenco-car-render' data-animation='yes' data-item-class='q_elements_holder_custom_493975' data-bottom='' data-center=''><div class='q_elements_item_inner'><div class='q_elements_item_content q_elements_holder_custom_493975' style='padding:5% 10%'><div class='q_list circle'><\/p>\n<ul>\n<li>\n<h5>DAUER DER INBETRIEBNAHME<\/h5>\n<p>5&#8242;<\/li>\n<li>\n<h5>VERSORGUNG<\/h5>\n<p>Ein 220 V-Anschluss ist erforderlich. Andernfalls kann ein Stromgenerator eingebaut werden, mit einer Autonomie von bis zu 28 Stunden.<\/li>\n<\/ul>\n<p><\/div><div class=ordered><\/p>\n<ol>\n<li>\n<h5>AUS DER FERNE SICHTBAR<\/h5>\n<p>Dank des ausfahrbaren Dachs zieht das Vintage Fahrzeug die Aufmerksamkeit auch in der Ferne auf sich<\/li>\n<li>\n<h5>ZERTIFIZIERTER AUFSTIEGSTRITT<\/h5>\n<p>Normgem\u00e4\u00df<\/li>\n<li>\n<h5>KOMPLETT MANUELLES \u00d6FFNUNGSSYSTEM<\/h5>\n<p>Keine Wartung und kein Strom erforderlich<\/li>\n<li>\n<h5>LAGER<\/h5>\n<p>Zum Einlagern von Gegenst\u00e4nden ist im Dach ein umlaufendes H\u00e4ngefach vorhanden<\/li>\n<li>\n<h5>VERWALTUNG DER WARTESCHLANGE<\/h5>\n<p>Da nur eine Seite des Fahrzeugs offen ist, stehen die Leute automatisch in einer einzigen Schlange an, die einfach zu bew\u00e4ltigen ist<\/li>\n<li>\n<h5>ARBEITSBEREICHE<\/h5>\n<p>2 Arbeitsbereiche f\u00fcr maximal 2 Personen<\/li>\n<li>\n<h5>K\u00dcHLFACH<\/h5>\n<p>Bis zu 600 Liter<\/li>\n<\/ol>\n<p><\/div><\/div><\/div><\/div><\/div><\/div><\/div><\/div><\/div><\/div><div      class=\"vc_row wpb_row section vc_row-fluid  grid_section\" style=' padding-top:60px; padding-bottom:60px; text-align:center;'><div class=\" section_inner clearfix\"><div class='section_inner_margin clearfix'><div class=\"wpb_column vc_column_container vc_col-sm-12\"><div class=\"vc_column-inner\"><div class=\"wpb_wrapper\"><div class=\"custom_font_holder\" style=\" font-size: 26px; line-height: 44px; font-style: normal; font-weight: 300; color: #006aa7; text-decoration: none; text-align: center;\">\n<h2>MACHEN SIE IHRE MARKE EINZIGARTIG MIT DER ORIGINELLSTEN<br \/>\nVERKAUFSLADEN AUF R\u00c4DERN AUF DEM MARKT<\/h2>\n<\/div><div class=\"separator  small center  \" style=\"background-color: IL PRIMO VIAGGIO SULLA RETE TESLA ALLA SCOPERTA DELLE ECCELLENZE DEL NOSTRO PAESE;\"><\/div>\n<div class=\"custom_font_holder\" style=\" font-size: 20px; line-height: 34px; font-style: normal; font-weight: 300; text-decoration: none; text-align: center;\">\n<p class=\"p1\"><span class=\"s1\">Die individuelle Gestaltung Ihrer 3 Rad PIAGGIO APE V-CURVE\u00ae ist entscheidend, um Ihre Marke und Ihr Produkt auf die beste Weise bekannt zu machen. Das ist uns bewusst, genau deshalb betreuen wir Sie auch nach der Lieferung.<\/span><\/p>\n<\/div><\/div><\/div><\/div><\/div><\/div><\/div><div      class=\"vc_row wpb_row section vc_row-fluid \" style=' padding-bottom:90px; text-align:left;'><div class=\" full_section_inner clearfix\" style='padding: 0% 4%'><div class=\"wpb_column vc_column_container vc_col-sm-12\"><div class=\"vc_column-inner\"><div class=\"wpb_wrapper\"><div class='q_elements_holder three_columns responsive_mode_from_768 dettagli' ><div class='q_elements_item ' data-animation='no' data-item-class='q_elements_holder_custom_978300' style='vertical-align:top;'><div class='q_elements_item_inner'><div class='q_elements_item_content q_elements_holder_custom_978300' style='padding:0 10px 0 10px'>\n\t<div class=\"wpb_single_image wpb_content_element vc_align_center\">\n\t\t<div class=\"wpb_wrapper\">\n\t\t\t\n\t\t\t<div class=\"vc_single_image-wrapper   vc_box_border_grey\"><img loading=\"lazy\" decoding=\"async\" width=\"1000\" height=\"563\" src=\"https:\/\/www.vsveicolispeciali.com\/wp-content\/uploads\/2019\/10\/ape_v-curve_dettaglio_01.jpg\" class=\"vc_single_image-img attachment-full\" alt=\"\" title=\"ape_v-curve_dettaglio_01\" srcset=\"https:\/\/www.vsveicolispeciali.com\/wp-content\/uploads\/2019\/10\/ape_v-curve_dettaglio_01.jpg 1000w, https:\/\/www.vsveicolispeciali.com\/wp-content\/uploads\/2019\/10\/ape_v-curve_dettaglio_01-300x169.jpg 300w, https:\/\/www.vsveicolispeciali.com\/wp-content\/uploads\/2019\/10\/ape_v-curve_dettaglio_01-768x432.jpg 768w, https:\/\/www.vsveicolispeciali.com\/wp-content\/uploads\/2019\/10\/ape_v-curve_dettaglio_01-700x394.jpg 700w, https:\/\/www.vsveicolispeciali.com\/wp-content\/uploads\/2019\/10\/ape_v-curve_dettaglio_01-539x303.jpg 539w\" sizes=\"auto, (max-width: 1000px) 100vw, 1000px\" \/><\/div>\n\t\t<\/div>\n\t<\/div>\n\n\t<div class=\"wpb_text_column wpb_content_element  vc_custom_1577874510553\">\n\t\t<div class=\"wpb_wrapper\">\n\t\t\t<p style=\"font-size: 18px;\">INNENAUSSTATTUNG<\/p>\n<p>&nbsp;<\/p>\n<ul style=\"list-style-type: disc;\">\n<li>Ergonomische R\u00e4ume und Ausr\u00fcstungen<\/li>\n<li>Solide Innenausstattungen<\/li>\n<li>Eingebaute Anlagen<\/li>\n<li>Einfache Reinigung und Wartung<\/li>\n<li>2 Arbeitspl\u00e4tze<br \/>\n<span style=\"color: #006aa8;\">i<\/span><\/li>\n<\/ul>\n\n\t\t<\/div> \n\t<\/div> <\/div><\/div><\/div><div class='q_elements_item ' data-animation='no' data-item-class='q_elements_holder_custom_765064' style='vertical-align:top;'><div class='q_elements_item_inner'><div class='q_elements_item_content q_elements_holder_custom_765064' style='padding:0 10px 0 10px'>\n\t<div class=\"wpb_single_image wpb_content_element vc_align_center\">\n\t\t<div class=\"wpb_wrapper\">\n\t\t\t\n\t\t\t<div class=\"vc_single_image-wrapper   vc_box_border_grey\"><img loading=\"lazy\" decoding=\"async\" width=\"1000\" height=\"563\" src=\"https:\/\/www.vsveicolispeciali.com\/wp-content\/uploads\/2019\/10\/ape_v-curve_dettaglio_02.jpg\" class=\"vc_single_image-img attachment-full\" alt=\"\" title=\"ape_v-curve_dettaglio_02\" srcset=\"https:\/\/www.vsveicolispeciali.com\/wp-content\/uploads\/2019\/10\/ape_v-curve_dettaglio_02.jpg 1000w, https:\/\/www.vsveicolispeciali.com\/wp-content\/uploads\/2019\/10\/ape_v-curve_dettaglio_02-300x169.jpg 300w, https:\/\/www.vsveicolispeciali.com\/wp-content\/uploads\/2019\/10\/ape_v-curve_dettaglio_02-768x432.jpg 768w, https:\/\/www.vsveicolispeciali.com\/wp-content\/uploads\/2019\/10\/ape_v-curve_dettaglio_02-700x394.jpg 700w, https:\/\/www.vsveicolispeciali.com\/wp-content\/uploads\/2019\/10\/ape_v-curve_dettaglio_02-539x303.jpg 539w\" sizes=\"auto, (max-width: 1000px) 100vw, 1000px\" \/><\/div>\n\t\t<\/div>\n\t<\/div>\n\n\t<div class=\"wpb_text_column wpb_content_element  vc_custom_1577874582028\">\n\t\t<div class=\"wpb_wrapper\">\n\t\t\t<p style=\"font-size: 18px;\">DETAILS<\/p>\n<p>&nbsp;<\/p>\n<ul>\n<li>Klappe zur internen Motorinspektion<\/li>\n<li>Hintere Radabdeckungen in passender Farbe<\/li>\n<li>Eingebauter Schaltschrank<\/li>\n<li>Eingebaute K\u00fchlthermostate<\/li>\n<li>Umlaufendes h\u00e4ngendes Lagerfach<\/li>\n<li>Arbeitsfl\u00e4che aus Edelstahl<\/li>\n<\/ul>\n\n\t\t<\/div> \n\t<\/div> <\/div><\/div><\/div><div class='q_elements_item ' data-animation='no' data-item-class='q_elements_holder_custom_723683' style='vertical-align:top;'><div class='q_elements_item_inner'><div class='q_elements_item_content q_elements_holder_custom_723683' style='padding:0 10px 0 10px'>\n\t<div class=\"wpb_single_image wpb_content_element vc_align_center\">\n\t\t<div class=\"wpb_wrapper\">\n\t\t\t\n\t\t\t<div class=\"vc_single_image-wrapper   vc_box_border_grey\"><img loading=\"lazy\" decoding=\"async\" width=\"1000\" height=\"563\" src=\"https:\/\/www.vsveicolispeciali.com\/wp-content\/uploads\/2019\/10\/ape_v-curve_dettaglio_03.jpg\" class=\"vc_single_image-img attachment-full\" alt=\"\" title=\"ape_v-curve_dettaglio_03\" srcset=\"https:\/\/www.vsveicolispeciali.com\/wp-content\/uploads\/2019\/10\/ape_v-curve_dettaglio_03.jpg 1000w, https:\/\/www.vsveicolispeciali.com\/wp-content\/uploads\/2019\/10\/ape_v-curve_dettaglio_03-300x169.jpg 300w, https:\/\/www.vsveicolispeciali.com\/wp-content\/uploads\/2019\/10\/ape_v-curve_dettaglio_03-768x432.jpg 768w, https:\/\/www.vsveicolispeciali.com\/wp-content\/uploads\/2019\/10\/ape_v-curve_dettaglio_03-700x394.jpg 700w, https:\/\/www.vsveicolispeciali.com\/wp-content\/uploads\/2019\/10\/ape_v-curve_dettaglio_03-539x303.jpg 539w\" sizes=\"auto, (max-width: 1000px) 100vw, 1000px\" \/><\/div>\n\t\t<\/div>\n\t<\/div>\n\n\t<div class=\"wpb_text_column wpb_content_element  vc_custom_1577874637531\">\n\t\t<div class=\"wpb_wrapper\">\n\t\t\t<p style=\"font-size: 18px;\">OPTIONAL<\/p>\n<p>&nbsp;<\/p>\n<ul>\n<li>Eingefr\u00e4stes Logo<\/li>\n<li>Schilder<\/li>\n<li>Konsolen<\/li>\n<li>Anzeigetafeln<\/li>\n<li>Au\u00dfenbeleuchtung<\/li>\n<li>Individuell angepasste Graphik zum Aufkleben<\/li>\n<\/ul>\n\n\t\t<\/div> \n\t<\/div> <\/div><\/div><\/div><\/div><\/div><\/div><\/div><\/div><\/div><div      class=\"vc_row wpb_row section vc_row-fluid  grid_section\" style=' padding-bottom:90px; text-align:left;'><div class=\" section_inner clearfix\"><div class='section_inner_margin clearfix'><div class=\"wpb_column vc_column_container vc_col-sm-12\"><div class=\"vc_column-inner\"><div class=\"wpb_wrapper\"><div class=\"custom_font_holder\" style=\" font-size: 26px; line-height: 44px; font-style: normal; font-weight: 300; color: #006aa7; text-decoration: none; text-align: center;\">\n<h2>FAQ<\/h2>\n<\/div><div class=\"separator  small center  \" style=\"background-color: IL PRIMO VIAGGIO SULLA RETE TESLA ALLA SCOPERTA DELLE ECCELLENZE DEL NOSTRO PAESE;\"><\/div>\n<div class=\"qode-accordion-holder clearfix qode-toggle qode-initial \">\n\t<h4 class=\"clearfix qode-title-holder\">\n<span class=\"qode-tab-title\">\n\t    <span class=\"qode-tab-title-inner\">\n        Ich m\u00f6chte eine gr\u00f6\u00dfere Ape Verkaufswagen .    <\/span>\n<\/span>\n<span class=\"qode-accordion-mark\">\n    <span class=\"qode-accordion-mark-icon\">\n        <span class=\"icon_plus\"><\/span>\n        <span class=\"icon_minus-06\"><\/span>\n    <\/span>\n<\/span>\n<\/h4>\n<div  class=\"qode-accordion-content \" >\n    <div class=\"qode-accordion-content-inner\">\n        \n\t<div class=\"wpb_text_column wpb_content_element \">\n\t\t<div class=\"wpb_wrapper\">\n\t\t\t<p class=\"p1\">Das geht nicht! Die Struktur entspricht den maximalen zugelassenen Abmessungen f\u00fcr die Typgenehmigung. Dank dieser Merkmale ist das Fahrzeug sicher und entspricht den Vorschriften.<\/p>\n\n\t\t<\/div> \n\t<\/div>     <\/div>\n<\/div><h4 class=\"clearfix qode-title-holder\">\n<span class=\"qode-tab-title\">\n\t    <span class=\"qode-tab-title-inner\">\n        Ich m\u00f6chte eine dritte Wand \u00f6ffnen.    <\/span>\n<\/span>\n<span class=\"qode-accordion-mark\">\n    <span class=\"qode-accordion-mark-icon\">\n        <span class=\"icon_plus\"><\/span>\n        <span class=\"icon_minus-06\"><\/span>\n    <\/span>\n<\/span>\n<\/h4>\n<div  class=\"qode-accordion-content \" >\n    <div class=\"qode-accordion-content-inner\">\n        \n\t<div class=\"wpb_text_column wpb_content_element \">\n\t\t<div class=\"wpb_wrapper\">\n\t\t\t<p class=\"p1\">Das ist nicht n\u00f6tig. Die Struktur wurde dazu entwickelt, den Kundenstrom auf nur einer Seite zu bedienen, um die Arbeit der Bediener zu erleichtern. Au\u00dferdem w\u00e4re die Positionierung schwierig mit einer dritten Seite, das Fahrzeug w\u00e4re n\u00e4mlich 5 Meter tief! Die gesch\u00fctzte Seite dient als Schutz gegen Unwetter und erm\u00f6glicht den Bedienern die problemlose Durchf\u00fchrung ihrer Arbeit.<\/p>\n\n\t\t<\/div> \n\t<\/div>     <\/div>\n<\/div><h4 class=\"clearfix qode-title-holder\">\n<span class=\"qode-tab-title\">\n\t    <span class=\"qode-tab-title-inner\">\n        Ich m\u00f6chte die Wand wegen der K\u00e4lte schlie\u00dfen.    <\/span>\n<\/span>\n<span class=\"qode-accordion-mark\">\n    <span class=\"qode-accordion-mark-icon\">\n        <span class=\"icon_plus\"><\/span>\n        <span class=\"icon_minus-06\"><\/span>\n    <\/span>\n<\/span>\n<\/h4>\n<div  class=\"qode-accordion-content \" >\n    <div class=\"qode-accordion-content-inner\">\n        \n\t<div class=\"wpb_text_column wpb_content_element \">\n\t\t<div class=\"wpb_wrapper\">\n\t\t\t<p class=\"p1\">Die Struktur ist so gebaut, dass das Vintage Fahrzeug leicht zug\u00e4nglich ist. Es gibt verschiedene Methoden und Systeme, um das Verkaufsfahrzeug von innen zu heizen. Kontaktieren Sie uns, um m\u00f6gliche L\u00f6sungen zu entdecken: <a href=\"mailto:info@vsveicolispeciali.com\">info@vsveicolispeciali.com<\/a><\/p>\n\n\t\t<\/div> \n\t<\/div>     <\/div>\n<\/div><h4 class=\"clearfix qode-title-holder\">\n<span class=\"qode-tab-title\">\n\t    <span class=\"qode-tab-title-inner\">\n        Die Ape ist zu hoch!    <\/span>\n<\/span>\n<span class=\"qode-accordion-mark\">\n    <span class=\"qode-accordion-mark-icon\">\n        <span class=\"icon_plus\"><\/span>\n        <span class=\"icon_minus-06\"><\/span>\n    <\/span>\n<\/span>\n<\/h4>\n<div  class=\"qode-accordion-content \" >\n    <div class=\"qode-accordion-content-inner\">\n        \n\t<div class=\"wpb_text_column wpb_content_element \">\n\t\t<div class=\"wpb_wrapper\">\n\t\t\t<p class=\"p1\">Das Teleskopdach ist notwendig, damit der Imbisswagen im geschlossenen Zustand kompakt ist und den Bauvorschriften entspricht, im ge\u00f6ffneten Zustand aber genug Raum bietet und den hygienischen Normen entspricht.<\/p>\n\n\t\t<\/div> \n\t<\/div>     <\/div>\n<\/div><h4 class=\"clearfix qode-title-holder\">\n<span class=\"qode-tab-title\">\n\t    <span class=\"qode-tab-title-inner\">\n        Kann ich ohne Steckdose arbeiten?    <\/span>\n<\/span>\n<span class=\"qode-accordion-mark\">\n    <span class=\"qode-accordion-mark-icon\">\n        <span class=\"icon_plus\"><\/span>\n        <span class=\"icon_minus-06\"><\/span>\n    <\/span>\n<\/span>\n<\/h4>\n<div  class=\"qode-accordion-content \" >\n    <div class=\"qode-accordion-content-inner\">\n        \n\t<div class=\"wpb_text_column wpb_content_element \">\n\t\t<div class=\"wpb_wrapper\">\n\t\t\t<p class=\"p1\">Ja! Falls Sie ein autonomes Food Truck ben\u00f6tigen, k\u00f6nnen wir es mit einem Stromgenerator f\u00fcr die Versorgung der K\u00fchlschr\u00e4nke, der Beleuchtung und der Wasseranlage ausstatten und eine Gasanlage f\u00fcr die K\u00fcche installieren.<\/p>\n\n\t\t<\/div> \n\t<\/div>     <\/div>\n<\/div><h4 class=\"clearfix qode-title-holder\">\n<span class=\"qode-tab-title\">\n\t    <span class=\"qode-tab-title-inner\">\n        kann ich es mit elektromotor kaufen?    <\/span>\n<\/span>\n<span class=\"qode-accordion-mark\">\n    <span class=\"qode-accordion-mark-icon\">\n        <span class=\"icon_plus\"><\/span>\n        <span class=\"icon_minus-06\"><\/span>\n    <\/span>\n<\/span>\n<\/h4>\n<div  class=\"qode-accordion-content \" >\n    <div class=\"qode-accordion-content-inner\">\n        \n\t<div class=\"wpb_text_column wpb_content_element \">\n\t\t<div class=\"wpb_wrapper\">\n\t\t\t<p class=\"p1\">Ja! <a href=\"http:\/\/vsveicolispeciali.com\/de\/vs-innovation-lab\/elektro-ape-vcurve\/\">Elektromodell<\/a> ist verf\u00fcgbar.<\/p>\n\n\t\t<\/div> \n\t<\/div>     <\/div>\n<\/div><h4 class=\"clearfix qode-title-holder\">\n<span class=\"qode-tab-title\">\n\t    <span class=\"qode-tab-title-inner\">\n        Die Theke ist zu hoch. Die Kunden k\u00f6nnen meine Produkte nicht sehen!    <\/span>\n<\/span>\n<span class=\"qode-accordion-mark\">\n    <span class=\"qode-accordion-mark-icon\">\n        <span class=\"icon_plus\"><\/span>\n        <span class=\"icon_minus-06\"><\/span>\n    <\/span>\n<\/span>\n<\/h4>\n<div  class=\"qode-accordion-content \" >\n    <div class=\"qode-accordion-content-inner\">\n        \n\t<div class=\"wpb_text_column wpb_content_element \">\n\t\t<div class=\"wpb_wrapper\">\n\t\t\t<p class=\"p1\">Die personalisierte Graphik auf der Piaggio 3 Rad und die Anzeigetafeln sind dazu gedacht, Ihre Artikel wirksam zu bewerben.<br \/>\nDie Graphiken in der Ausstattung und das Zubeh\u00f6r dienen der Pr\u00e4sentation der angebotenen Dienstleistung und Produkte.<br \/>\nDer Kunde muss nicht sehen, was Sie zubereiten.<br \/>\nWichtig ist die Kommunikation Ihres Produkts!<\/p>\n\n\t\t<\/div> \n\t<\/div>     <\/div>\n<\/div><\/div><\/div><\/div><\/div><\/div><\/div><\/div><div      class=\"vc_row wpb_row section vc_row-fluid  grid_section\" style='background-color:#f1f1f1; padding-top:60px; padding-bottom:60px; text-align:center;'><div class=\" section_inner clearfix\"><div class='section_inner_margin clearfix'><div class=\"wpb_column vc_column_container vc_col-sm-12\"><div class=\"vc_column-inner\"><div class=\"wpb_wrapper\"><a  itemprop=\"url\" href=\"http:\/\/vsveicolispeciali.com\/de\/kontakte\/\" target=\"_self\"  class=\"qbutton  big_large_full_width center enlarge\" style=\"\">Nehmen Sie Kontakt mit uns auf<i class=\"qode_icon_font_awesome fa fa-envelope qode_button_icon_element\" style=\"\" ><\/i><\/a><\/div><\/div><\/div><\/div><\/div><\/div><div      class=\"vc_row wpb_row section vc_row-fluid  nascondi grid_section\" style='background-color:#f1f1f1; padding-top:60px; padding-bottom:60px; text-align:center;'><div class=\" section_inner clearfix\"><div class='section_inner_margin clearfix'><div class=\"wpb_column vc_column_container vc_col-sm-12\"><div class=\"vc_column-inner\"><div class=\"wpb_wrapper\"><div class=\"custom_font_holder\" style=\" font-size: 26px; line-height: 44px; font-style: normal; font-weight: 300; color: #006aa7; text-decoration: none; text-align: center;\">\n<h2>PERSONALIZZA IL TUO FOOD TRUCK VINTAGE E CHIEDI UN PREVENTIVO<\/h2>\n<\/div><div class=\"separator  small center  \" style=\"background-color: IL PRIMO VIAGGIO SULLA RETE TESLA ALLA SCOPERTA DELLE ECCELLENZE DEL NOSTRO PAESE;\"><\/div>\n<div class=\"custom_font_holder\" style=\" font-size: 20px; line-height: 34px; font-style: normal; font-weight: 300; text-decoration: none; text-align: center;\">Il new vintage food truck pu\u00f2 essere personalizzato in ogni dettaglio per comunicare al meglio i tratti distintivi e le qualit\u00e0 della tua impresa. Alcune delle caratteristiche che si possono scegliere sono: colore, materiali, illuminazione, grafica, accessori. Tu ci spieghi di cosa hai bisogno e cosa ti piace, noi lo realizziamo.<\/div>\t<div class=\"vc_empty_space\"  style=\"height: 40px\" ><span\n\t\t\tclass=\"vc_empty_space_inner\">\n\t\t\t<span class=\"empty_space_image\"  ><\/span>\n\t\t<\/span><\/div>\n\n<a  itemprop=\"url\" href=\"http:\/\/vsveicolispeciali.com\/de\/kontakte\/\" target=\"_self\"  class=\"qbutton  big_large default\" style=\"\">Mettiti in contatto con noi<\/a><\/div><\/div><\/div><\/div><\/div><\/div><div      class=\"vc_row wpb_row section vc_row-fluid  nascondi\" style=' text-align:left;'><div class=\" full_section_inner clearfix\"><div class=\"wpb_column vc_column_container vc_col-sm-12\"><div class=\"vc_column-inner\"><div class=\"wpb_wrapper\">\n\t<div class=\"wpb_single_image wpb_content_element vc_align_center\">\n\t\t<div class=\"wpb_wrapper\">\n\t\t\t\n\t\t\t<div class=\"vc_single_image-wrapper   vc_box_border_grey\"><img loading=\"lazy\" decoding=\"async\" width=\"1920\" height=\"354\" src=\"https:\/\/www.vsveicolispeciali.com\/wp-content\/uploads\/2017\/11\/vs-composit.jpg\" class=\"vc_single_image-img attachment-full\" alt=\"\" title=\"vs-composit\" srcset=\"https:\/\/www.vsveicolispeciali.com\/wp-content\/uploads\/2017\/11\/vs-composit.jpg 1920w, https:\/\/www.vsveicolispeciali.com\/wp-content\/uploads\/2017\/11\/vs-composit-300x55.jpg 300w, https:\/\/www.vsveicolispeciali.com\/wp-content\/uploads\/2017\/11\/vs-composit-768x142.jpg 768w, https:\/\/www.vsveicolispeciali.com\/wp-content\/uploads\/2017\/11\/vs-composit-1024x189.jpg 1024w, https:\/\/www.vsveicolispeciali.com\/wp-content\/uploads\/2017\/11\/vs-composit-700x129.jpg 700w\" sizes=\"auto, (max-width: 1920px) 100vw, 1920px\" \/><\/div>\n\t\t<\/div>\n\t<\/div>\n<\/div><\/div><\/div><\/div><\/div>\n<\/div>","protected":false},"excerpt":{"rendered":"Piaggio Ape V-Curve\u00ae Ein Verkaufsladen auf drei R\u00e4dern Die Ape V-Curve ist der kompakteste patentierte Verkaufsladen auf R\u00e4dern auf dem Markt. Das Design und die Technologie machen aus der Ape V-Curve ein einzigartiges und unwiderstehliches Gef\u00e4hrt. &nbsp; Ihre Leichtigkeit und die reduzierten Abmessungen gew\u00e4hrleisten eine...","protected":false},"author":1001012,"featured_media":0,"parent":0,"menu_order":0,"comment_status":"closed","ping_status":"closed","template":"full_width.php","meta":{"_acf_changed":false,"rs_blank_template":"","rs_page_bg_color":"","slide_template_v7":"","footnotes":""},"class_list":["post-11753","page","type-page","status-publish","hentry"],"acf":[],"yoast_head":"<!-- This site is optimized with the Yoast SEO plugin v28.2 - https:\/\/yoast.com\/product\/yoast-seo-wordpress\/ -->\n<title>Piaggio Ape V-Curve - Ein Verkaufsladen auf drei R\u00e4dern<\/title>\n<meta name=\"description\" content=\"3 Rad Piaggio Ape - Ein Symbol der italienischen Kultur. Ein personalisierter Vintage Verkaufsfahrzeug, der f\u00fcr Ihre Marke und Ihre Produkte wirbt &gt;\" \/>\n<meta name=\"robots\" content=\"index, follow, max-snippet:-1, max-image-preview:large, max-video-preview:-1\" \/>\n<link rel=\"canonical\" href=\"https:\/\/www.vsveicolispeciali.com\/de\/dreirad-piaggio-ape-v-curve-verkaufsladen-auf-drei-raedern\/\" \/>\n<meta property=\"og:locale\" content=\"de_DE\" \/>\n<meta property=\"og:type\" content=\"article\" \/>\n<meta property=\"og:title\" content=\"Piaggio Ape V-Curve - Ein Verkaufsladen auf drei R\u00e4dern\" \/>\n<meta property=\"og:description\" content=\"3 Rad Piaggio Ape - Ein Symbol der italienischen Kultur. Ein personalisierter Vintage Verkaufsfahrzeug, der f\u00fcr Ihre Marke und Ihre Produkte wirbt &gt;\" \/>\n<meta property=\"og:url\" content=\"https:\/\/www.vsveicolispeciali.com\/de\/dreirad-piaggio-ape-v-curve-verkaufsladen-auf-drei-raedern\/\" \/>\n<meta property=\"og:site_name\" content=\"VS Veicoli Speciali\" \/>\n<meta property=\"article:publisher\" content=\"https:\/\/www.facebook.com\/VSVeicoliSpeciali.Food.Trucks\/\" \/>\n<meta property=\"article:modified_time\" content=\"2021-11-19T14:02:03+00:00\" \/>\n<meta name=\"twitter:card\" content=\"summary_large_image\" \/>\n<meta name=\"twitter:site\" content=\"@veicolispeciali\" \/>\n<meta name=\"twitter:label1\" content=\"Gesch\u00e4tzte Lesezeit\" \/>\n\t<meta name=\"twitter:data1\" content=\"12\u00a0Minuten\" \/>\n<!-- \/ Yoast SEO plugin. -->","yoast_head_json":{"title":"Piaggio Ape V-Curve - Ein Verkaufsladen auf drei R\u00e4dern","description":"3 Rad Piaggio Ape - Ein Symbol der italienischen Kultur. Ein personalisierter Vintage Verkaufsfahrzeug, der f\u00fcr Ihre Marke und Ihre Produkte wirbt >","robots":{"index":"index","follow":"follow","max-snippet":"max-snippet:-1","max-image-preview":"max-image-preview:large","max-video-preview":"max-video-preview:-1"},"canonical":"https:\/\/www.vsveicolispeciali.com\/de\/dreirad-piaggio-ape-v-curve-verkaufsladen-auf-drei-raedern\/","og_locale":"de_DE","og_type":"article","og_title":"Piaggio Ape V-Curve - Ein Verkaufsladen auf drei R\u00e4dern","og_description":"3 Rad Piaggio Ape - Ein Symbol der italienischen Kultur. Ein personalisierter Vintage Verkaufsfahrzeug, der f\u00fcr Ihre Marke und Ihre Produkte wirbt >","og_url":"https:\/\/www.vsveicolispeciali.com\/de\/dreirad-piaggio-ape-v-curve-verkaufsladen-auf-drei-raedern\/","og_site_name":"VS Veicoli Speciali","article_publisher":"https:\/\/www.facebook.com\/VSVeicoliSpeciali.Food.Trucks\/","article_modified_time":"2021-11-19T14:02:03+00:00","twitter_card":"summary_large_image","twitter_site":"@veicolispeciali","twitter_misc":{"Gesch\u00e4tzte Lesezeit":"12\u00a0Minuten"},"schema":{"@context":"https:\/\/schema.org","@graph":[{"@type":"WebPage","@id":"https:\/\/www.vsveicolispeciali.com\/de\/dreirad-piaggio-ape-v-curve-verkaufsladen-auf-drei-raedern\/","url":"https:\/\/www.vsveicolispeciali.com\/de\/dreirad-piaggio-ape-v-curve-verkaufsladen-auf-drei-raedern\/","name":"Piaggio Ape V-Curve - Ein Verkaufsladen auf drei R\u00e4dern","isPartOf":{"@id":"https:\/\/www.vsveicolispeciali.com\/de\/#website"},"datePublished":"2019-10-22T10:19:18+00:00","dateModified":"2021-11-19T14:02:03+00:00","description":"3 Rad Piaggio Ape - Ein Symbol der italienischen Kultur. Ein personalisierter Vintage Verkaufsfahrzeug, der f\u00fcr Ihre Marke und Ihre Produkte wirbt >","breadcrumb":{"@id":"https:\/\/www.vsveicolispeciali.com\/de\/dreirad-piaggio-ape-v-curve-verkaufsladen-auf-drei-raedern\/#breadcrumb"},"inLanguage":"de","potentialAction":[{"@type":"ReadAction","target":["https:\/\/www.vsveicolispeciali.com\/de\/dreirad-piaggio-ape-v-curve-verkaufsladen-auf-drei-raedern\/"]}]},{"@type":"BreadcrumbList","@id":"https:\/\/www.vsveicolispeciali.com\/de\/dreirad-piaggio-ape-v-curve-verkaufsladen-auf-drei-raedern\/#breadcrumb","itemListElement":[{"@type":"ListItem","position":1,"name":"Home","item":"https:\/\/www.vsveicolispeciali.com\/de\/"},{"@type":"ListItem","position":2,"name":"Ape V-Curve \u00ae &#8211; Landing"}]},{"@type":"WebSite","@id":"https:\/\/www.vsveicolispeciali.com\/de\/#website","url":"https:\/\/www.vsveicolispeciali.com\/de\/","name":"VS Veicoli Speciali","description":"","potentialAction":[{"@type":"SearchAction","target":{"@type":"EntryPoint","urlTemplate":"https:\/\/www.vsveicolispeciali.com\/de\/?s={search_term_string}"},"query-input":{"@type":"PropertyValueSpecification","valueRequired":true,"valueName":"search_term_string"}}],"inLanguage":"de"}]}},"_links":{"self":[{"href":"https:\/\/www.vsveicolispeciali.com\/de\/wp-json\/wp\/v2\/pages\/11753","targetHints":{"allow":["GET"]}}],"collection":[{"href":"https:\/\/www.vsveicolispeciali.com\/de\/wp-json\/wp\/v2\/pages"}],"about":[{"href":"https:\/\/www.vsveicolispeciali.com\/de\/wp-json\/wp\/v2\/types\/page"}],"author":[{"embeddable":true,"href":"https:\/\/www.vsveicolispeciali.com\/de\/wp-json\/wp\/v2\/users\/1001012"}],"replies":[{"embeddable":true,"href":"https:\/\/www.vsveicolispeciali.com\/de\/wp-json\/wp\/v2\/comments?post=11753"}],"version-history":[{"count":18,"href":"https:\/\/www.vsveicolispeciali.com\/de\/wp-json\/wp\/v2\/pages\/11753\/revisions"}],"predecessor-version":[{"id":15346,"href":"https:\/\/www.vsveicolispeciali.com\/de\/wp-json\/wp\/v2\/pages\/11753\/revisions\/15346"}],"wp:attachment":[{"href":"https:\/\/www.vsveicolispeciali.com\/de\/wp-json\/wp\/v2\/media?parent=11753"}],"curies":[{"name":"wp","href":"https:\/\/api.w.org\/{rel}","templated":true}]}}