{"id":10261,"date":"2018-05-31T18:08:51","date_gmt":"2018-05-31T16:08:51","guid":{"rendered":"http:\/\/vsveicolispeciali.com\/new-vintage-food-truck\/"},"modified":"2020-03-13T02:20:17","modified_gmt":"2020-03-13T01:20:17","slug":"neuer-vintage-food-truck-das-ideale-fahrzeug-fuer-firmen-oder-eventagenturen-2","status":"publish","type":"page","link":"https:\/\/www.vsveicolispeciali.com\/de\/neuer-vintage-food-truck-das-ideale-fahrzeug-fuer-firmen-oder-eventagenturen-2\/","title":{"rendered":"New Vintage Food Truck"},"content":{"rendered":"<div class=\"wpb-content-wrapper\"><div class=\"vc_row wpb_row section vc_row-fluid \" style=' padding-bottom:30px; text-align:left;'><div class=\" full_section_inner clearfix\"><div class=\"wpb_column vc_column_container vc_col-sm-12\"><div class=\"vc_column-inner\"><div class=\"wpb_wrapper\">\n\t<div class=\"wpb_single_image wpb_content_element vc_align_center\">\n\t\t<div class=\"wpb_wrapper\">\n\t\t\t\n\t\t\t<div class=\"vc_single_image-wrapper   vc_box_border_grey\"><img loading=\"lazy\" decoding=\"async\" width=\"1920\" height=\"704\" src=\"https:\/\/www.vsveicolispeciali.com\/wp-content\/uploads\/2019\/07\/new_vintage_food_truck_top-banner_06_DE.jpg\" class=\"vc_single_image-img attachment-full\" alt=\"\" title=\"new_vintage_food_truck_top-banner_06_DE\" srcset=\"https:\/\/www.vsveicolispeciali.com\/wp-content\/uploads\/2019\/07\/new_vintage_food_truck_top-banner_06_DE.jpg 1920w, https:\/\/www.vsveicolispeciali.com\/wp-content\/uploads\/2019\/07\/new_vintage_food_truck_top-banner_06_DE-300x110.jpg 300w, https:\/\/www.vsveicolispeciali.com\/wp-content\/uploads\/2019\/07\/new_vintage_food_truck_top-banner_06_DE-768x282.jpg 768w, https:\/\/www.vsveicolispeciali.com\/wp-content\/uploads\/2019\/07\/new_vintage_food_truck_top-banner_06_DE-1024x375.jpg 1024w, https:\/\/www.vsveicolispeciali.com\/wp-content\/uploads\/2019\/07\/new_vintage_food_truck_top-banner_06_DE-700x257.jpg 700w\" sizes=\"auto, (max-width: 1920px) 100vw, 1920px\" \/><\/div>\n\t\t<\/div>\n\t<\/div>\n<\/div><\/div><\/div><\/div><\/div><div      class=\"vc_row wpb_row section vc_row-fluid  grid_section\" style=' padding-top:60px; padding-bottom:90px; text-align:left;'><div class=\" section_inner clearfix\"><div class='section_inner_margin clearfix'><div class=\"wpb_column vc_column_container vc_col-sm-12\"><div class=\"vc_column-inner\"><div class=\"wpb_wrapper\"><div class=\"custom_font_holder\" style=\" font-size: 26px; line-height: 44px; font-style: normal; font-weight: 300; color: #006aa7; text-decoration: none; text-align: center;\">\n<h1>DIE VERGANGENHEIT LEBT AUF<\/h1>\n<\/div><div class=\"separator  small center  \" style=\"background-color: IL PRIMO VIAGGIO SULLA RETE TESLA ALLA SCOPERTA DELLE ECCELLENZE DEL NOSTRO PAESE;\"><\/div>\n<div class=\"custom_font_holder\" style=\" font-size: 20px; line-height: 34px; font-style: normal; font-weight: 300; text-decoration: none; text-align: center;\">\n<p class=\"p1\"><span class=\"s1\">Der erste Vintage Food Truck, der nicht secondhand, sondern neu k\u00e4uflich ist! Kein Oldtimer, der Restaurationen ben\u00f6tigt. Der New Vintage Food Truck ist die moderne Version des ber\u00fchmten Citroen Type H aus den Siebziger Jahren. Vintage-Stil und aktuelle Zweckm\u00e4\u00dfigkeit.<\/span><\/p>\n<\/div>\t<div class=\"vc_empty_space\"  style=\"height: 32px\" ><span\n\t\t\tclass=\"vc_empty_space_inner\">\n\t\t\t<span class=\"empty_space_image\"  ><\/span>\n\t\t<\/span><\/div>\n\n<div class=\"animated_icons_with_text clearfix four_columns\"><div class=\"animated_icon_with_text_holder\"><div class=\"animated_icon_with_text_inner\"><div class=\"animated_icon_holder\"><div class=\"animated_icon\"><div class=\"animated_icon_inner\"><span class=\"animated_icon_front\"><i class='fa fa-eye'><\/i><\/span><span class=\"animated_icon_back\"><i class='fa fa-eye'><\/i><\/span><\/div><\/div><\/div><div class=\"animated_text_holder\"><div class=\"animated_text_holder_wrap\"><div class=\"animated_text_holder_wrap_inner\"><div class=\"animated_text_holder_inner\"><div class=\"animated_title\"><div class=\"animated_title_inner\"><h5>Top appeal<\/h5><\/div><\/div><div class=\"animated_text\"><p><span>Ein einzigartiges, originelles Fahrzeug<\/span><\/p><\/div><\/div><\/div><\/div><\/div><\/div><\/div><div class=\"animated_icon_with_text_holder\"><div class=\"animated_icon_with_text_inner\"><div class=\"animated_icon_holder\"><div class=\"animated_icon\"><div class=\"animated_icon_inner\"><span class=\"animated_icon_front\"><i class='fa fa-address-card'><\/i><\/span><span class=\"animated_icon_back\"><i class='fa fa-address-card'><\/i><\/span><\/div><\/div><\/div><div class=\"animated_text_holder\"><div class=\"animated_text_holder_wrap\"><div class=\"animated_text_holder_wrap_inner\"><div class=\"animated_text_holder_inner\"><div class=\"animated_title\"><div class=\"animated_title_inner\"><h5>F\u00dcHRERSCHEIN KLASSE B<\/h5><\/div><\/div><div class=\"animated_text\"><p><span>Mit dem Autof\u00fchrerschein fahrbar<\/span><\/p><\/div><\/div><\/div><\/div><\/div><\/div><\/div><div class=\"animated_icon_with_text_holder\"><div class=\"animated_icon_with_text_inner\"><div class=\"animated_icon_holder\"><div class=\"animated_icon\"><div class=\"animated_icon_inner\"><span class=\"animated_icon_front\"><i class='fa fa-get-pocket'><\/i><\/span><span class=\"animated_icon_back\"><i class='fa fa-get-pocket'><\/i><\/span><\/div><\/div><\/div><div class=\"animated_text_holder\"><div class=\"animated_text_holder_wrap\"><div class=\"animated_text_holder_wrap_inner\"><div class=\"animated_text_holder_inner\"><div class=\"animated_title\"><div class=\"animated_title_inner\"><h5>Ergonomics<\/h5><\/div><\/div><div class=\"animated_text\"><p><span>Vintage, klar, aber auch h\u00f6chst ergonomisch<\/span><\/p><\/div><\/div><\/div><\/div><\/div><\/div><\/div><div class=\"animated_icon_with_text_holder\"><div class=\"animated_icon_with_text_inner\"><div class=\"animated_icon_holder\"><div class=\"animated_icon\"><div class=\"animated_icon_inner\"><span class=\"animated_icon_front\"><i class='fa fa-paint-brush'><\/i><\/span><span class=\"animated_icon_back\"><i class='fa fa-paint-brush'><\/i><\/span><\/div><\/div><\/div><div class=\"animated_text_holder\"><div class=\"animated_text_holder_wrap\"><div class=\"animated_text_holder_wrap_inner\"><div class=\"animated_text_holder_inner\"><div class=\"animated_title\"><div class=\"animated_title_inner\"><h5>CUSTOMIZABLE<\/h5><\/div><\/div><div class=\"animated_text\"><p><span>Individuelle Gestaltung von Farben, Materialien, Beleuchtung, Zubeh\u00f6r usw.<\/span><\/p><\/div><\/div><\/div><\/div><\/div><\/div><\/div><div class=\"animated_icon_with_text_holder\"><div class=\"animated_icon_with_text_inner\"><div class=\"animated_icon_holder\"><div class=\"animated_icon\"><div class=\"animated_icon_inner\"><span class=\"animated_icon_front\"><i class='fa fa-battery-full'><\/i><\/span><span class=\"animated_icon_back\"><i class='fa fa-battery-full'><\/i><\/span><\/div><\/div><\/div><div class=\"animated_text_holder\"><div class=\"animated_text_holder_wrap\"><div class=\"animated_text_holder_wrap_inner\"><div class=\"animated_text_holder_inner\"><div class=\"animated_title\"><div class=\"animated_title_inner\"><h5>Autonomy and manteniance<\/h5><\/div><\/div><div class=\"animated_text\"><p><span>100 %-ige Autonomie, erleichterte Wartung<\/span><\/p><\/div><\/div><\/div><\/div><\/div><\/div><\/div><div class=\"animated_icon_with_text_holder\"><div class=\"animated_icon_with_text_inner\"><div class=\"animated_icon_holder\"><div class=\"animated_icon\"><div class=\"animated_icon_inner\"><span class=\"animated_icon_front\"><i class='fa fa-arrows-v'><\/i><\/span><span class=\"animated_icon_back\"><i class='fa fa-arrows-v'><\/i><\/span><\/div><\/div><\/div><div class=\"animated_text_holder\"><div class=\"animated_text_holder_wrap\"><div class=\"animated_text_holder_wrap_inner\"><div class=\"animated_text_holder_inner\"><div class=\"animated_title\"><div class=\"animated_title_inner\"><h5>LOW CHASSIS<\/h5><\/div><\/div><div class=\"animated_text\"><p><span>Interne begehbare Fl\u00e4che weniger als 40 cm ab Boden<\/span><\/p><\/div><\/div><\/div><\/div><\/div><\/div><\/div><div class=\"animated_icon_with_text_holder\"><div class=\"animated_icon_with_text_inner\"><div class=\"animated_icon_holder\"><div class=\"animated_icon\"><div class=\"animated_icon_inner\"><span class=\"animated_icon_front\"><i class='fa fa-truck'><\/i><\/span><span class=\"animated_icon_back\"><i class='fa fa-truck'><\/i><\/span><\/div><\/div><\/div><div class=\"animated_text_holder\"><div class=\"animated_text_holder_wrap\"><div class=\"animated_text_holder_wrap_inner\"><div class=\"animated_text_holder_inner\"><div class=\"animated_title\"><div class=\"animated_title_inner\"><h5>BIG LOAD<\/h5><\/div><\/div><div class=\"animated_text\"><p><span>Leicht, mit einer Tragf\u00e4higkeit von 500 bis 700 kg<\/span><\/p><\/div><\/div><\/div><\/div><\/div><\/div><\/div><div class=\"animated_icon_with_text_holder\"><div class=\"animated_icon_with_text_inner\"><div class=\"animated_icon_holder\"><div class=\"animated_icon\"><div class=\"animated_icon_inner\"><span class=\"animated_icon_front\"><i class='fa fa-road'><\/i><\/span><span class=\"animated_icon_back\"><i class='fa fa-road'><\/i><\/span><\/div><\/div><\/div><div class=\"animated_text_holder\"><div class=\"animated_text_holder_wrap\"><div class=\"animated_text_holder_wrap_inner\"><div class=\"animated_text_holder_inner\"><div class=\"animated_title\"><div class=\"animated_title_inner\"><h5>LOGISTIC<\/h5><\/div><\/div><div class=\"animated_text\"><p><span>Ein neues Fahrzeug, das gro\u00dfe Entfernungen zur\u00fccklegen kann<\/span><\/p><\/div><\/div><\/div><\/div><\/div><\/div><\/div><\/div><\/div><\/div><\/div><\/div><\/div><\/div><div      class=\"vc_row wpb_row section vc_row-fluid \" style=' padding-bottom:90px; text-align:left;'><div class=\" full_section_inner clearfix\"><div class=\"wpb_column vc_column_container vc_col-sm-12\"><div class=\"vc_column-inner\"><div class=\"wpb_wrapper\"><div class='q_elements_holder two_columns eh_two_columns_66_33 responsive_mode_from_1000' ><div class='q_elements_item ' data-animation='no' data-item-class='q_elements_holder_custom_781871' style='vertical-align:middle;'><div class='q_elements_item_inner'><div class='q_elements_item_content q_elements_holder_custom_781871' style='padding:0 5px 0 0'><div class=\"wpb_gallery wpb_content_element vc_clearfix\"><div class=\"wpb_wrapper\"><div class=\"wpb_gallery_slides drag_enabled wpb_flexslider flexslider_fade flexslider\" data-interval=\"3\" data-flex_fx=\"fade\"data-control=\"false\"data-direction=\"false\"data-pasue-on-hover=\"true\"data-drag=\"true\"><ul class=\"slides\"><li><img loading=\"lazy\" decoding=\"async\" width=\"1600\" height=\"900\" src=\"https:\/\/www.vsveicolispeciali.com\/wp-content\/uploads\/2019\/07\/new_vintage_food_truck_pers_01_DE.jpg\" class=\"attachment-full\" alt=\"\" title=\"new_vintage_food_truck_pers_01_DE\" srcset=\"https:\/\/www.vsveicolispeciali.com\/wp-content\/uploads\/2019\/07\/new_vintage_food_truck_pers_01_DE.jpg 1600w, https:\/\/www.vsveicolispeciali.com\/wp-content\/uploads\/2019\/07\/new_vintage_food_truck_pers_01_DE-300x169.jpg 300w, https:\/\/www.vsveicolispeciali.com\/wp-content\/uploads\/2019\/07\/new_vintage_food_truck_pers_01_DE-768x432.jpg 768w, https:\/\/www.vsveicolispeciali.com\/wp-content\/uploads\/2019\/07\/new_vintage_food_truck_pers_01_DE-1024x576.jpg 1024w, https:\/\/www.vsveicolispeciali.com\/wp-content\/uploads\/2019\/07\/new_vintage_food_truck_pers_01_DE-700x394.jpg 700w, https:\/\/www.vsveicolispeciali.com\/wp-content\/uploads\/2019\/07\/new_vintage_food_truck_pers_01_DE-539x303.jpg 539w\" sizes=\"auto, (max-width: 1600px) 100vw, 1600px\" \/><\/li><li><img loading=\"lazy\" decoding=\"async\" width=\"1600\" height=\"900\" src=\"https:\/\/www.vsveicolispeciali.com\/wp-content\/uploads\/2019\/07\/new_vintage_food_truck_pers_02_DE.jpg\" class=\"attachment-full\" alt=\"\" title=\"new_vintage_food_truck_pers_02_DE\" srcset=\"https:\/\/www.vsveicolispeciali.com\/wp-content\/uploads\/2019\/07\/new_vintage_food_truck_pers_02_DE.jpg 1600w, https:\/\/www.vsveicolispeciali.com\/wp-content\/uploads\/2019\/07\/new_vintage_food_truck_pers_02_DE-300x169.jpg 300w, https:\/\/www.vsveicolispeciali.com\/wp-content\/uploads\/2019\/07\/new_vintage_food_truck_pers_02_DE-768x432.jpg 768w, https:\/\/www.vsveicolispeciali.com\/wp-content\/uploads\/2019\/07\/new_vintage_food_truck_pers_02_DE-1024x576.jpg 1024w, https:\/\/www.vsveicolispeciali.com\/wp-content\/uploads\/2019\/07\/new_vintage_food_truck_pers_02_DE-700x394.jpg 700w, https:\/\/www.vsveicolispeciali.com\/wp-content\/uploads\/2019\/07\/new_vintage_food_truck_pers_02_DE-539x303.jpg 539w\" sizes=\"auto, (max-width: 1600px) 100vw, 1600px\" \/><\/li><li><img loading=\"lazy\" decoding=\"async\" width=\"1600\" height=\"900\" src=\"https:\/\/www.vsveicolispeciali.com\/wp-content\/uploads\/2019\/07\/new_vintage_food_truck_pers_03_DE.jpg\" class=\"attachment-full\" alt=\"\" title=\"new_vintage_food_truck_pers_03_DE\" srcset=\"https:\/\/www.vsveicolispeciali.com\/wp-content\/uploads\/2019\/07\/new_vintage_food_truck_pers_03_DE.jpg 1600w, https:\/\/www.vsveicolispeciali.com\/wp-content\/uploads\/2019\/07\/new_vintage_food_truck_pers_03_DE-300x169.jpg 300w, https:\/\/www.vsveicolispeciali.com\/wp-content\/uploads\/2019\/07\/new_vintage_food_truck_pers_03_DE-768x432.jpg 768w, https:\/\/www.vsveicolispeciali.com\/wp-content\/uploads\/2019\/07\/new_vintage_food_truck_pers_03_DE-1024x576.jpg 1024w, https:\/\/www.vsveicolispeciali.com\/wp-content\/uploads\/2019\/07\/new_vintage_food_truck_pers_03_DE-700x394.jpg 700w, https:\/\/www.vsveicolispeciali.com\/wp-content\/uploads\/2019\/07\/new_vintage_food_truck_pers_03_DE-539x303.jpg 539w\" sizes=\"auto, (max-width: 1600px) 100vw, 1600px\" \/><\/li><\/ul><\/div><\/div><\/div><\/div><\/div><\/div><div class='q_elements_item car-tecniche' data-animation='yes' data-item-class='q_elements_holder_custom_665024' data-bottom='' data-center='' style='background-color:#f1f1f1;background-image: url(https:\/\/www.vsveicolispeciali.com\/wp-content\/uploads\/2018\/06\/Dettagli-tecnici.jpg);background-position: center;background-size: cover;vertical-align:top;text-align:left;'><div class='q_elements_item_inner'><div class='q_elements_item_content q_elements_holder_custom_665024' style='padding:5% 10%'><div class=\"qode-specification-list\">\n\t\t<div class=\"qode-specification-list-text-holder\">\n\t\t<h3 class=\"qode-specification-list-title\">\n\t\t\tTECHNISCHE EIGENSCHAFTEN\t\t<\/h3>\n\t\t<div class=\"qode-specification-list-items\">\n\t\t\t\t\t\t\t<div class=\"qode-specification-list-item\">\n\t\t\t\t\t<span class=\"qode-specification-list-item-label\">\n\t\t\t\t\t\tABMESSUNGEN UND GEWICHT: 5,80 L\u00e4nge x 2,10 Breite x 2,55 H\u00f6he ab Boden\t\t\t\t\t<\/span>\n\t\t\t\t\t<span class=\"qode-specification-list-item-value\">\n\t\t\t\t\t\t\t\t\t\t\t<\/span>\n\t\t\t\t<\/div>\n\t\t\t\t\t\t\t<div class=\"qode-specification-list-item\">\n\t\t\t\t\t<span class=\"qode-specification-list-item-label\">\n\t\t\t\t\t\tSELBSTTRAGENDE STRUKTUR MIT ZWECKBESTIMMTER LACKIERUNG UND VERSENKTEN SCHEINWERFERN\t\t\t\t\t<\/span>\n\t\t\t\t\t<span class=\"qode-specification-list-item-value\">\n\t\t\t\t\t\t\t\t\t\t\t<\/span>\n\t\t\t\t<\/div>\n\t\t\t\t\t\t\t<div class=\"qode-specification-list-item\">\n\t\t\t\t\t<span class=\"qode-specification-list-item-label\">\n\t\t\t\t\t\t4 ST\u00dcTZF\u00dcSSE\t\t\t\t\t<\/span>\n\t\t\t\t\t<span class=\"qode-specification-list-item-value\">\n\t\t\t\t\t\t\t\t\t\t\t<\/span>\n\t\t\t\t<\/div>\n\t\t\t\t\t\t\t<div class=\"qode-specification-list-item\">\n\t\t\t\t\t<span class=\"qode-specification-list-item-label\">\n\t\t\t\t\t\tPARKSENSOREN\/KAMERA\t\t\t\t\t<\/span>\n\t\t\t\t\t<span class=\"qode-specification-list-item-value\">\n\t\t\t\t\t\t\t\t\t\t\t<\/span>\n\t\t\t\t<\/div>\n\t\t\t\t\t\t\t<div class=\"qode-specification-list-item\">\n\t\t\t\t\t<span class=\"qode-specification-list-item-label\">\n\t\t\t\t\t\tANTIBAKTERIELLER UND RUTSCHFESTER FUSSBODEN\t\t\t\t\t<\/span>\n\t\t\t\t\t<span class=\"qode-specification-list-item-value\">\n\t\t\t\t\t\t\t\t\t\t\t<\/span>\n\t\t\t\t<\/div>\n\t\t\t\t\t\t\t<div class=\"qode-specification-list-item\">\n\t\t\t\t\t<span class=\"qode-specification-list-item-label\">\n\t\t\t\t\t\tSCHLIESSUNG DER SEITENT\u00dcR MIT EASY-LOCK-SYSTEM, OHNE EXTERNES SCHLOSS\t\t\t\t\t<\/span>\n\t\t\t\t\t<span class=\"qode-specification-list-item-value\">\n\t\t\t\t\t\t\t\t\t\t\t<\/span>\n\t\t\t\t<\/div>\n\t\t\t\t\t\t\t<div class=\"qode-specification-list-item\">\n\t\t\t\t\t<span class=\"qode-specification-list-item-label\">\n\t\t\t\t\t\tAUTONOME WASSERANLAGE MIT EINF\u00dcLL- UND ABLASSTANK UND HEISSWASSER\t\t\t\t\t<\/span>\n\t\t\t\t\t<span class=\"qode-specification-list-item-value\">\n\t\t\t\t\t\t\t\t\t\t\t<\/span>\n\t\t\t\t<\/div>\n\t\t\t\t\t\t\t<div class=\"qode-specification-list-item\">\n\t\t\t\t\t<span class=\"qode-specification-list-item-label\">\n\t\t\t\t\t\tINTERNE FULL-LED-BELEUCHTUNG\t\t\t\t\t<\/span>\n\t\t\t\t\t<span class=\"qode-specification-list-item-value\">\n\t\t\t\t\t\t\t\t\t\t\t<\/span>\n\t\t\t\t<\/div>\n\t\t\t\t\t\t\t<div class=\"qode-specification-list-item\">\n\t\t\t\t\t<span class=\"qode-specification-list-item-label\">\n\t\t\t\t\t\tSTROMANLAGE MIT FEHLERSTROMSCHUTZSCHALTER\t\t\t\t\t<\/span>\n\t\t\t\t\t<span class=\"qode-specification-list-item-value\">\n\t\t\t\t\t\t\t\t\t\t\t<\/span>\n\t\t\t\t<\/div>\n\t\t\t\t\t<\/div>\n\t<\/div>\n\t<\/div><\/div><\/div><\/div><\/div><\/div><\/div><\/div><\/div><\/div><div      class=\"vc_row wpb_row section vc_row-fluid  grid_section\" style=' padding-bottom:60px; text-align:center;'><div class=\" section_inner clearfix\"><div class='section_inner_margin clearfix'><div class=\"wpb_column vc_column_container vc_col-sm-12\"><div class=\"vc_column-inner\"><div class=\"wpb_wrapper\"><div class=\"custom_font_holder\" style=\" font-size: 26px; line-height: 44px; font-style: normal; font-weight: 300; color: #006aa7; text-decoration: none; text-align: center;\">\n<h2>VERLEIHEN SIE IHRER MARKE EINEN EINZIGARTIGEN APPEAL MIT DEM ORIGINELLSTEN FOOD TRUCK AUF DEM MARKT<\/h2>\n<\/div><div class=\"separator  small center  \" style=\"background-color: IL PRIMO VIAGGIO SULLA RETE TESLA ALLA SCOPERTA DELLE ECCELLENZE DEL NOSTRO PAESE;\"><\/div>\n<div class=\"custom_font_holder\" style=\" font-size: 20px; line-height: 34px; font-style: normal; font-weight: 300; text-decoration: none; text-align: center;\">Die individuelle Gestaltung Ihres Food Trucks oder Promo Trucks ist ausschlaggebend, wenn Sie sich von anderen unterscheiden und Ihre Marke und Ihr Produkt richtig r\u00fcberbringen wollen. Wir haben Erfahrung und helfen Ihnen, Ihr Projekt aufzubauen und assistieren Sie auch nach der Lieferung.<\/p>\n<p class=\"p1\"><span class=\"s1\">\u00a0<\/span><\/p>\n<\/div><a  itemprop=\"url\" href=\"http:\/\/vsveicolispeciali.com\/wp-content\/uploads\/2020\/03\/NV-FOOD-TRUCK_DE-compressed.pdf\" target=\"_blank\"  class=\"qbutton  large default\" style=\"margin: 30px 0px 0px 0px; \">Laden Sie die PDF herunter<\/a><\/div><\/div><\/div><\/div><\/div><\/div><div      class=\"vc_row wpb_row section vc_row-fluid \" style=' padding-bottom:90px; text-align:left;'><div class=\" full_section_inner clearfix\" style='padding: 0% 4%'><div class=\"wpb_column vc_column_container vc_col-sm-12\"><div class=\"vc_column-inner\"><div class=\"wpb_wrapper\"><div class='q_elements_holder three_columns responsive_mode_from_768' ><div class='q_elements_item ' data-animation='no' data-item-class='q_elements_holder_custom_295024' style='vertical-align:top;'><div class='q_elements_item_inner'><div class='q_elements_item_content q_elements_holder_custom_295024' style='padding:0 3px 0 0'><div class=\"wpb_gallery wpb_content_element vc_clearfix\"><div class=\"wpb_wrapper\"><div class=\"wpb_gallery_slides has_control_nav drag_enabled wpb_flexslider flexslider_slide flexslider\" data-interval=\"0\" data-flex_fx=\"slide\"data-control=\"true\"data-direction=\"false\"data-pasue-on-hover=\"true\"data-drag=\"true\"><ul class=\"slides\"><li><img loading=\"lazy\" decoding=\"async\" width=\"1000\" height=\"563\" src=\"https:\/\/www.vsveicolispeciali.com\/wp-content\/uploads\/2018\/06\/Int001.jpg\" class=\"attachment-full\" alt=\"\" title=\"Int001\" srcset=\"https:\/\/www.vsveicolispeciali.com\/wp-content\/uploads\/2018\/06\/Int001.jpg 1000w, https:\/\/www.vsveicolispeciali.com\/wp-content\/uploads\/2018\/06\/Int001-300x169.jpg 300w, https:\/\/www.vsveicolispeciali.com\/wp-content\/uploads\/2018\/06\/Int001-768x432.jpg 768w, https:\/\/www.vsveicolispeciali.com\/wp-content\/uploads\/2018\/06\/Int001-700x394.jpg 700w, https:\/\/www.vsveicolispeciali.com\/wp-content\/uploads\/2018\/06\/Int001-539x303.jpg 539w\" sizes=\"auto, (max-width: 1000px) 100vw, 1000px\" \/><\/li><li><img loading=\"lazy\" decoding=\"async\" width=\"1000\" height=\"563\" src=\"https:\/\/www.vsveicolispeciali.com\/wp-content\/uploads\/2018\/06\/Int002.jpg\" class=\"attachment-full\" alt=\"\" title=\"Int002\" srcset=\"https:\/\/www.vsveicolispeciali.com\/wp-content\/uploads\/2018\/06\/Int002.jpg 1000w, https:\/\/www.vsveicolispeciali.com\/wp-content\/uploads\/2018\/06\/Int002-300x169.jpg 300w, https:\/\/www.vsveicolispeciali.com\/wp-content\/uploads\/2018\/06\/Int002-768x432.jpg 768w, https:\/\/www.vsveicolispeciali.com\/wp-content\/uploads\/2018\/06\/Int002-700x394.jpg 700w, https:\/\/www.vsveicolispeciali.com\/wp-content\/uploads\/2018\/06\/Int002-539x303.jpg 539w\" sizes=\"auto, (max-width: 1000px) 100vw, 1000px\" \/><\/li><\/ul><\/div><\/div><\/div>\n\t<div class=\"wpb_text_column wpb_content_element  vc_custom_1564055266623\">\n\t\t<div class=\"wpb_wrapper\">\n\t\t\t<h3>INNENAUSSTATTUNG<\/h3>\n<ul style=\"list-style-type: disc;\">\n<li>Ergonomisch gestaltete R\u00e4ume und Ausr\u00fcstungen<\/li>\n<li>Solide Innenausstattung<\/li>\n<li>Integrierte Anlagen<\/li>\n<li>Einfache Reinigung und wartung<\/li>\n<li>4 Arbeitspl\u00e4tze<\/li>\n<\/ul>\n\n\t\t<\/div> \n\t<\/div> <\/div><\/div><\/div><div class='q_elements_item ' data-animation='no' data-item-class='q_elements_holder_custom_315689' style='vertical-align:top;'><div class='q_elements_item_inner'><div class='q_elements_item_content q_elements_holder_custom_315689' style='padding:0 3px 0 3px'><div class=\"wpb_gallery wpb_content_element vc_clearfix\"><div class=\"wpb_wrapper\"><div class=\"wpb_gallery_slides has_control_nav drag_enabled wpb_flexslider flexslider_slide flexslider\" data-interval=\"0\" data-flex_fx=\"slide\"data-control=\"true\"data-direction=\"false\"data-pasue-on-hover=\"true\"data-drag=\"true\"><ul class=\"slides\"><li><img loading=\"lazy\" decoding=\"async\" width=\"1000\" height=\"563\" src=\"https:\/\/www.vsveicolispeciali.com\/wp-content\/uploads\/2018\/06\/new_vintage_food_truck_accessori_01.png\" class=\"attachment-full\" alt=\"\" title=\"new_vintage_food_truck_accessori_01\" srcset=\"https:\/\/www.vsveicolispeciali.com\/wp-content\/uploads\/2018\/06\/new_vintage_food_truck_accessori_01.png 1000w, https:\/\/www.vsveicolispeciali.com\/wp-content\/uploads\/2018\/06\/new_vintage_food_truck_accessori_01-300x169.png 300w, https:\/\/www.vsveicolispeciali.com\/wp-content\/uploads\/2018\/06\/new_vintage_food_truck_accessori_01-768x432.png 768w, https:\/\/www.vsveicolispeciali.com\/wp-content\/uploads\/2018\/06\/new_vintage_food_truck_accessori_01-700x394.png 700w, https:\/\/www.vsveicolispeciali.com\/wp-content\/uploads\/2018\/06\/new_vintage_food_truck_accessori_01-539x303.png 539w\" sizes=\"auto, (max-width: 1000px) 100vw, 1000px\" \/><\/li><li><img loading=\"lazy\" decoding=\"async\" width=\"1000\" height=\"563\" src=\"https:\/\/www.vsveicolispeciali.com\/wp-content\/uploads\/2018\/06\/new_vintage_food_truck_accessori_02.png\" class=\"attachment-full\" alt=\"\" title=\"new_vintage_food_truck_accessori_02\" srcset=\"https:\/\/www.vsveicolispeciali.com\/wp-content\/uploads\/2018\/06\/new_vintage_food_truck_accessori_02.png 1000w, https:\/\/www.vsveicolispeciali.com\/wp-content\/uploads\/2018\/06\/new_vintage_food_truck_accessori_02-300x169.png 300w, https:\/\/www.vsveicolispeciali.com\/wp-content\/uploads\/2018\/06\/new_vintage_food_truck_accessori_02-768x432.png 768w, https:\/\/www.vsveicolispeciali.com\/wp-content\/uploads\/2018\/06\/new_vintage_food_truck_accessori_02-700x394.png 700w, https:\/\/www.vsveicolispeciali.com\/wp-content\/uploads\/2018\/06\/new_vintage_food_truck_accessori_02-539x303.png 539w\" sizes=\"auto, (max-width: 1000px) 100vw, 1000px\" \/><\/li><li><img loading=\"lazy\" decoding=\"async\" width=\"1000\" height=\"563\" src=\"https:\/\/www.vsveicolispeciali.com\/wp-content\/uploads\/2018\/06\/new_vintage_food_truck_accessori_03.png\" class=\"attachment-full\" alt=\"\" title=\"new_vintage_food_truck_accessori_03\" srcset=\"https:\/\/www.vsveicolispeciali.com\/wp-content\/uploads\/2018\/06\/new_vintage_food_truck_accessori_03.png 1000w, https:\/\/www.vsveicolispeciali.com\/wp-content\/uploads\/2018\/06\/new_vintage_food_truck_accessori_03-300x169.png 300w, https:\/\/www.vsveicolispeciali.com\/wp-content\/uploads\/2018\/06\/new_vintage_food_truck_accessori_03-768x432.png 768w, https:\/\/www.vsveicolispeciali.com\/wp-content\/uploads\/2018\/06\/new_vintage_food_truck_accessori_03-700x394.png 700w, https:\/\/www.vsveicolispeciali.com\/wp-content\/uploads\/2018\/06\/new_vintage_food_truck_accessori_03-539x303.png 539w\" sizes=\"auto, (max-width: 1000px) 100vw, 1000px\" \/><\/li><li><img loading=\"lazy\" decoding=\"async\" width=\"1000\" height=\"563\" src=\"https:\/\/www.vsveicolispeciali.com\/wp-content\/uploads\/2018\/06\/Acc004-.jpg\" class=\"attachment-full\" alt=\"\" title=\"Acc004-\" srcset=\"https:\/\/www.vsveicolispeciali.com\/wp-content\/uploads\/2018\/06\/Acc004-.jpg 1000w, https:\/\/www.vsveicolispeciali.com\/wp-content\/uploads\/2018\/06\/Acc004--300x169.jpg 300w, https:\/\/www.vsveicolispeciali.com\/wp-content\/uploads\/2018\/06\/Acc004--768x432.jpg 768w, https:\/\/www.vsveicolispeciali.com\/wp-content\/uploads\/2018\/06\/Acc004--700x394.jpg 700w, https:\/\/www.vsveicolispeciali.com\/wp-content\/uploads\/2018\/06\/Acc004--539x303.jpg 539w\" sizes=\"auto, (max-width: 1000px) 100vw, 1000px\" \/><\/li><li><img loading=\"lazy\" decoding=\"async\" width=\"1000\" height=\"563\" src=\"https:\/\/www.vsveicolispeciali.com\/wp-content\/uploads\/2018\/06\/Acc005-.jpg\" class=\"attachment-full\" alt=\"\" title=\"Acc005-\" srcset=\"https:\/\/www.vsveicolispeciali.com\/wp-content\/uploads\/2018\/06\/Acc005-.jpg 1000w, https:\/\/www.vsveicolispeciali.com\/wp-content\/uploads\/2018\/06\/Acc005--300x169.jpg 300w, https:\/\/www.vsveicolispeciali.com\/wp-content\/uploads\/2018\/06\/Acc005--768x432.jpg 768w, https:\/\/www.vsveicolispeciali.com\/wp-content\/uploads\/2018\/06\/Acc005--700x394.jpg 700w, https:\/\/www.vsveicolispeciali.com\/wp-content\/uploads\/2018\/06\/Acc005--539x303.jpg 539w\" sizes=\"auto, (max-width: 1000px) 100vw, 1000px\" \/><\/li><li><img loading=\"lazy\" decoding=\"async\" width=\"1000\" height=\"563\" src=\"https:\/\/www.vsveicolispeciali.com\/wp-content\/uploads\/2018\/06\/Acc006-.jpg\" class=\"attachment-full\" alt=\"\" title=\"Acc006-\" srcset=\"https:\/\/www.vsveicolispeciali.com\/wp-content\/uploads\/2018\/06\/Acc006-.jpg 1000w, https:\/\/www.vsveicolispeciali.com\/wp-content\/uploads\/2018\/06\/Acc006--300x169.jpg 300w, https:\/\/www.vsveicolispeciali.com\/wp-content\/uploads\/2018\/06\/Acc006--768x432.jpg 768w, https:\/\/www.vsveicolispeciali.com\/wp-content\/uploads\/2018\/06\/Acc006--700x394.jpg 700w, https:\/\/www.vsveicolispeciali.com\/wp-content\/uploads\/2018\/06\/Acc006--539x303.jpg 539w\" sizes=\"auto, (max-width: 1000px) 100vw, 1000px\" \/><\/li><\/ul><\/div><\/div><\/div>\n\t<div class=\"wpb_text_column wpb_content_element  vc_custom_1564055579816\">\n\t\t<div class=\"wpb_wrapper\">\n\t\t\t<h3>ZUBEH\u00d6R<\/h3>\n<ul>\n<li>Videokamera<\/li>\n<li>Gefr\u00e4stes Logo<\/li>\n<li>Schilder<\/li>\n<li>Ablagen<\/li>\n<li>Wandtafeln<\/li>\n<li>Au\u00dfenbeleuchtung<\/li>\n<li>Personalisierte Aufklebe-Graphik<\/li>\n<\/ul>\n\n\t\t<\/div> \n\t<\/div> <\/div><\/div><\/div><div class='q_elements_item ' data-animation='no' data-item-class='q_elements_holder_custom_861970' style='vertical-align:top;'><div class='q_elements_item_inner'><div class='q_elements_item_content q_elements_holder_custom_861970' style='padding:0 0px 0 3px'><div class=\"wpb_gallery wpb_content_element vc_clearfix\"><div class=\"wpb_wrapper\"><div class=\"wpb_gallery_slides has_control_nav drag_enabled wpb_flexslider flexslider_slide flexslider\" data-interval=\"0\" data-flex_fx=\"slide\"data-control=\"true\"data-direction=\"false\"data-pasue-on-hover=\"true\"data-drag=\"true\"><ul class=\"slides\"><li><img loading=\"lazy\" decoding=\"async\" width=\"1000\" height=\"563\" src=\"https:\/\/www.vsveicolispeciali.com\/wp-content\/uploads\/2018\/06\/Dett001.jpg\" class=\"attachment-full\" alt=\"\" title=\"Dett001\" srcset=\"https:\/\/www.vsveicolispeciali.com\/wp-content\/uploads\/2018\/06\/Dett001.jpg 1000w, https:\/\/www.vsveicolispeciali.com\/wp-content\/uploads\/2018\/06\/Dett001-300x169.jpg 300w, https:\/\/www.vsveicolispeciali.com\/wp-content\/uploads\/2018\/06\/Dett001-768x432.jpg 768w, https:\/\/www.vsveicolispeciali.com\/wp-content\/uploads\/2018\/06\/Dett001-700x394.jpg 700w, https:\/\/www.vsveicolispeciali.com\/wp-content\/uploads\/2018\/06\/Dett001-539x303.jpg 539w\" sizes=\"auto, (max-width: 1000px) 100vw, 1000px\" \/><\/li><li><img loading=\"lazy\" decoding=\"async\" width=\"1000\" height=\"563\" src=\"https:\/\/www.vsveicolispeciali.com\/wp-content\/uploads\/2018\/06\/new_vintage_food_truck_dettagli_02.png\" class=\"attachment-full\" alt=\"\" title=\"new_vintage_food_truck_dettagli_02\" srcset=\"https:\/\/www.vsveicolispeciali.com\/wp-content\/uploads\/2018\/06\/new_vintage_food_truck_dettagli_02.png 1000w, https:\/\/www.vsveicolispeciali.com\/wp-content\/uploads\/2018\/06\/new_vintage_food_truck_dettagli_02-300x169.png 300w, https:\/\/www.vsveicolispeciali.com\/wp-content\/uploads\/2018\/06\/new_vintage_food_truck_dettagli_02-768x432.png 768w, https:\/\/www.vsveicolispeciali.com\/wp-content\/uploads\/2018\/06\/new_vintage_food_truck_dettagli_02-700x394.png 700w, https:\/\/www.vsveicolispeciali.com\/wp-content\/uploads\/2018\/06\/new_vintage_food_truck_dettagli_02-539x303.png 539w\" sizes=\"auto, (max-width: 1000px) 100vw, 1000px\" \/><\/li><li><img loading=\"lazy\" decoding=\"async\" width=\"1000\" height=\"563\" src=\"https:\/\/www.vsveicolispeciali.com\/wp-content\/uploads\/2018\/06\/Dett003.jpg\" class=\"attachment-full\" alt=\"\" title=\"Dett003\" srcset=\"https:\/\/www.vsveicolispeciali.com\/wp-content\/uploads\/2018\/06\/Dett003.jpg 1000w, https:\/\/www.vsveicolispeciali.com\/wp-content\/uploads\/2018\/06\/Dett003-300x169.jpg 300w, https:\/\/www.vsveicolispeciali.com\/wp-content\/uploads\/2018\/06\/Dett003-768x432.jpg 768w, https:\/\/www.vsveicolispeciali.com\/wp-content\/uploads\/2018\/06\/Dett003-700x394.jpg 700w, https:\/\/www.vsveicolispeciali.com\/wp-content\/uploads\/2018\/06\/Dett003-539x303.jpg 539w\" sizes=\"auto, (max-width: 1000px) 100vw, 1000px\" \/><\/li><\/ul><\/div><\/div><\/div>\n\t<div class=\"wpb_text_column wpb_content_element  vc_custom_1564055685681\">\n\t\t<div class=\"wpb_wrapper\">\n\t\t\t<h3>DETAILS<\/h3>\n<ul>\n<li>Spotlights<\/li>\n<li>Karosserie mit farblich abgestimmten Profilen und Radk\u00e4sten<\/li>\n<li>Schutzsockel aus Edelstahl im Innengang<\/li>\n<li>Eingebauter Schaltschrank<\/li>\n<li>Eingebaute K\u00fchlthermostate<\/li>\n<\/ul>\n\n\t\t<\/div> \n\t<\/div> <\/div><\/div><\/div><\/div><\/div><\/div><\/div><\/div><\/div><div      class=\"vc_row wpb_row section vc_row-fluid  grid_section\" style='background-color:#f1f1f1; padding-top:60px; padding-bottom:60px; text-align:center;'><div class=\" section_inner clearfix\"><div class='section_inner_margin clearfix'><div class=\"wpb_column vc_column_container vc_col-sm-12\"><div class=\"vc_column-inner\"><div class=\"wpb_wrapper\"><div class=\"custom_font_holder\" style=\" font-size: 26px; line-height: 44px; font-style: normal; font-weight: 300; color: #006aa7; text-decoration: none; text-align: center;\">\n<h2>PERSONALISIEREN SIE IHREN VINTAGE FOOD TRUCK UND VERLANGEN SIE EINEN KOSTENVORANSCHLAG<\/h2>\n<\/div><div class=\"separator  small center  \" style=\"background-color: IL PRIMO VIAGGIO SULLA RETE TESLA ALLA SCOPERTA DELLE ECCELLENZE DEL NOSTRO PAESE;\"><\/div>\n<div class=\"custom_font_holder\" style=\" font-size: 20px; line-height: 34px; font-style: normal; font-weight: 300; text-decoration: none; text-align: center;\">S\u00e4mtliche Details des New Vintage Food Truck k\u00f6nnen personalisiert werden, um die Kennzeichen und besonderen Eigenschaften Ihres Unternehmens auf optimale Weise zu betonen. Einige der ausw\u00e4hlbaren Merkmale sind: Farbe, Materialien, Beleuchtung, Graphik, Zubeh\u00f6r. Sie bringen Ideen und W\u00fcnsche, wir setzen sie um.<\/div>\t<div class=\"vc_empty_space\"  style=\"height: 40px\" ><span\n\t\t\tclass=\"vc_empty_space_inner\">\n\t\t\t<span class=\"empty_space_image\"  ><\/span>\n\t\t<\/span><\/div>\n\n<a  itemprop=\"url\" href=\"http:\/\/vsveicolispeciali.com\/de\/kontakte\/\" target=\"_self\"  class=\"qbutton  default\" style=\"\">Kontaktieren Sie uns<\/a><\/div><\/div><\/div><\/div><\/div><\/div><div      class=\"vc_row wpb_row section vc_row-fluid \" style=' text-align:left;'><div class=\" full_section_inner clearfix\"><div class=\"wpb_column vc_column_container vc_col-sm-12\"><div class=\"vc_column-inner\"><div class=\"wpb_wrapper\">\n\t<div class=\"wpb_single_image wpb_content_element vc_align_center\">\n\t\t<div class=\"wpb_wrapper\">\n\t\t\t\n\t\t\t<div class=\"vc_single_image-wrapper   vc_box_border_grey\"><img loading=\"lazy\" decoding=\"async\" width=\"1920\" height=\"354\" src=\"https:\/\/www.vsveicolispeciali.com\/wp-content\/uploads\/2017\/11\/vs-composit.jpg\" class=\"vc_single_image-img attachment-full\" alt=\"\" title=\"vs-composit\" srcset=\"https:\/\/www.vsveicolispeciali.com\/wp-content\/uploads\/2017\/11\/vs-composit.jpg 1920w, https:\/\/www.vsveicolispeciali.com\/wp-content\/uploads\/2017\/11\/vs-composit-300x55.jpg 300w, https:\/\/www.vsveicolispeciali.com\/wp-content\/uploads\/2017\/11\/vs-composit-768x142.jpg 768w, https:\/\/www.vsveicolispeciali.com\/wp-content\/uploads\/2017\/11\/vs-composit-1024x189.jpg 1024w, https:\/\/www.vsveicolispeciali.com\/wp-content\/uploads\/2017\/11\/vs-composit-700x129.jpg 700w\" sizes=\"auto, (max-width: 1920px) 100vw, 1920px\" \/><\/div>\n\t\t<\/div>\n\t<\/div>\n<\/div><\/div><\/div><\/div><\/div>\n<\/div>","protected":false},"excerpt":{"rendered":"DIE VERGANGENHEIT LEBT AUF Der erste Vintage Food Truck, der nicht secondhand, sondern neu k\u00e4uflich ist! Kein Oldtimer, der Restaurationen ben\u00f6tigt. Der New Vintage Food Truck ist die moderne Version des ber\u00fchmten Citroen Type H aus den Siebziger Jahren. Vintage-Stil und aktuelle Zweckm\u00e4\u00dfigkeit. Top appealEin...","protected":false},"author":1001012,"featured_media":0,"parent":0,"menu_order":0,"comment_status":"closed","ping_status":"closed","template":"full_width.php","meta":{"_acf_changed":false,"rs_blank_template":"","rs_page_bg_color":"","slide_template_v7":"","footnotes":""},"class_list":["post-10261","page","type-page","status-publish","hentry"],"acf":[],"yoast_head":"<!-- This site is optimized with the Yoast SEO plugin v28.2 - https:\/\/yoast.com\/product\/yoast-seo-wordpress\/ -->\n<title>New Vintage Food Truck - Das ideale Fahrzeug f\u00fcr Firmen oder Eventagenturen<\/title>\n<meta name=\"description\" content=\"Wenn Sie anstelle eines restaurierten Oldtimers einen neuen Food Truck Vintage kaufen, profitieren Sie von der R\u00fcckkehr des Vintage-Stils und der modernen Funktionalit\u00e4t. Sind Sie ein Unternehmen und m\u00f6chten Ihrer Marke Prestige verleihen? Sehen Sie sich online Fotos an und passen Sie den new vintage food truck an Ihre Bed\u00fcrfnisse an &gt;\" \/>\n<meta name=\"robots\" content=\"index, follow, max-snippet:-1, max-image-preview:large, max-video-preview:-1\" \/>\n<link rel=\"canonical\" href=\"https:\/\/www.vsveicolispeciali.com\/de\/neuer-vintage-food-truck-das-ideale-fahrzeug-fuer-firmen-oder-eventagenturen-2\/\" \/>\n<meta property=\"og:locale\" content=\"de_DE\" \/>\n<meta property=\"og:type\" content=\"article\" \/>\n<meta property=\"og:title\" content=\"New Vintage Food Truck - Das ideale Fahrzeug f\u00fcr Firmen oder Eventagenturen\" \/>\n<meta property=\"og:description\" content=\"Wenn Sie anstelle eines restaurierten Oldtimers einen neuen Food Truck Vintage kaufen, profitieren Sie von der R\u00fcckkehr des Vintage-Stils und der modernen Funktionalit\u00e4t. Sind Sie ein Unternehmen und m\u00f6chten Ihrer Marke Prestige verleihen? Sehen Sie sich online Fotos an und passen Sie den new vintage food truck an Ihre Bed\u00fcrfnisse an &gt;\" \/>\n<meta property=\"og:url\" content=\"https:\/\/www.vsveicolispeciali.com\/de\/neuer-vintage-food-truck-das-ideale-fahrzeug-fuer-firmen-oder-eventagenturen-2\/\" \/>\n<meta property=\"og:site_name\" content=\"VS Veicoli Speciali\" \/>\n<meta property=\"article:publisher\" content=\"https:\/\/www.facebook.com\/VSVeicoliSpeciali.Food.Trucks\/\" \/>\n<meta property=\"article:modified_time\" content=\"2020-03-13T01:20:17+00:00\" \/>\n<meta name=\"twitter:card\" content=\"summary_large_image\" \/>\n<meta name=\"twitter:site\" content=\"@veicolispeciali\" \/>\n<meta name=\"twitter:label1\" content=\"Gesch\u00e4tzte Lesezeit\" \/>\n\t<meta name=\"twitter:data1\" content=\"7\u00a0Minuten\" \/>\n<!-- \/ Yoast SEO plugin. -->","yoast_head_json":{"title":"New Vintage Food Truck - Das ideale Fahrzeug f\u00fcr Firmen oder Eventagenturen","description":"Wenn Sie anstelle eines restaurierten Oldtimers einen neuen Food Truck Vintage kaufen, profitieren Sie von der R\u00fcckkehr des Vintage-Stils und der modernen Funktionalit\u00e4t. Sind Sie ein Unternehmen und m\u00f6chten Ihrer Marke Prestige verleihen? Sehen Sie sich online Fotos an und passen Sie den new vintage food truck an Ihre Bed\u00fcrfnisse an >","robots":{"index":"index","follow":"follow","max-snippet":"max-snippet:-1","max-image-preview":"max-image-preview:large","max-video-preview":"max-video-preview:-1"},"canonical":"https:\/\/www.vsveicolispeciali.com\/de\/neuer-vintage-food-truck-das-ideale-fahrzeug-fuer-firmen-oder-eventagenturen-2\/","og_locale":"de_DE","og_type":"article","og_title":"New Vintage Food Truck - Das ideale Fahrzeug f\u00fcr Firmen oder Eventagenturen","og_description":"Wenn Sie anstelle eines restaurierten Oldtimers einen neuen Food Truck Vintage kaufen, profitieren Sie von der R\u00fcckkehr des Vintage-Stils und der modernen Funktionalit\u00e4t. Sind Sie ein Unternehmen und m\u00f6chten Ihrer Marke Prestige verleihen? Sehen Sie sich online Fotos an und passen Sie den new vintage food truck an Ihre Bed\u00fcrfnisse an >","og_url":"https:\/\/www.vsveicolispeciali.com\/de\/neuer-vintage-food-truck-das-ideale-fahrzeug-fuer-firmen-oder-eventagenturen-2\/","og_site_name":"VS Veicoli Speciali","article_publisher":"https:\/\/www.facebook.com\/VSVeicoliSpeciali.Food.Trucks\/","article_modified_time":"2020-03-13T01:20:17+00:00","twitter_card":"summary_large_image","twitter_site":"@veicolispeciali","twitter_misc":{"Gesch\u00e4tzte Lesezeit":"7\u00a0Minuten"},"schema":{"@context":"https:\/\/schema.org","@graph":[{"@type":"WebPage","@id":"https:\/\/www.vsveicolispeciali.com\/de\/neuer-vintage-food-truck-das-ideale-fahrzeug-fuer-firmen-oder-eventagenturen-2\/","url":"https:\/\/www.vsveicolispeciali.com\/de\/neuer-vintage-food-truck-das-ideale-fahrzeug-fuer-firmen-oder-eventagenturen-2\/","name":"New Vintage Food Truck - Das ideale Fahrzeug f\u00fcr Firmen oder Eventagenturen","isPartOf":{"@id":"https:\/\/www.vsveicolispeciali.com\/de\/#website"},"datePublished":"2018-05-31T16:08:51+00:00","dateModified":"2020-03-13T01:20:17+00:00","description":"Wenn Sie anstelle eines restaurierten Oldtimers einen neuen Food Truck Vintage kaufen, profitieren Sie von der R\u00fcckkehr des Vintage-Stils und der modernen Funktionalit\u00e4t. Sind Sie ein Unternehmen und m\u00f6chten Ihrer Marke Prestige verleihen? Sehen Sie sich online Fotos an und passen Sie den new vintage food truck an Ihre Bed\u00fcrfnisse an >","breadcrumb":{"@id":"https:\/\/www.vsveicolispeciali.com\/de\/neuer-vintage-food-truck-das-ideale-fahrzeug-fuer-firmen-oder-eventagenturen-2\/#breadcrumb"},"inLanguage":"de","potentialAction":[{"@type":"ReadAction","target":["https:\/\/www.vsveicolispeciali.com\/de\/neuer-vintage-food-truck-das-ideale-fahrzeug-fuer-firmen-oder-eventagenturen-2\/"]}]},{"@type":"BreadcrumbList","@id":"https:\/\/www.vsveicolispeciali.com\/de\/neuer-vintage-food-truck-das-ideale-fahrzeug-fuer-firmen-oder-eventagenturen-2\/#breadcrumb","itemListElement":[{"@type":"ListItem","position":1,"name":"Home","item":"https:\/\/www.vsveicolispeciali.com\/de\/"},{"@type":"ListItem","position":2,"name":"New Vintage Food Truck"}]},{"@type":"WebSite","@id":"https:\/\/www.vsveicolispeciali.com\/de\/#website","url":"https:\/\/www.vsveicolispeciali.com\/de\/","name":"VS Veicoli Speciali","description":"","potentialAction":[{"@type":"SearchAction","target":{"@type":"EntryPoint","urlTemplate":"https:\/\/www.vsveicolispeciali.com\/de\/?s={search_term_string}"},"query-input":{"@type":"PropertyValueSpecification","valueRequired":true,"valueName":"search_term_string"}}],"inLanguage":"de"}]}},"_links":{"self":[{"href":"https:\/\/www.vsveicolispeciali.com\/de\/wp-json\/wp\/v2\/pages\/10261","targetHints":{"allow":["GET"]}}],"collection":[{"href":"https:\/\/www.vsveicolispeciali.com\/de\/wp-json\/wp\/v2\/pages"}],"about":[{"href":"https:\/\/www.vsveicolispeciali.com\/de\/wp-json\/wp\/v2\/types\/page"}],"author":[{"embeddable":true,"href":"https:\/\/www.vsveicolispeciali.com\/de\/wp-json\/wp\/v2\/users\/1001012"}],"replies":[{"embeddable":true,"href":"https:\/\/www.vsveicolispeciali.com\/de\/wp-json\/wp\/v2\/comments?post=10261"}],"version-history":[{"count":2,"href":"https:\/\/www.vsveicolispeciali.com\/de\/wp-json\/wp\/v2\/pages\/10261\/revisions"}],"predecessor-version":[{"id":12290,"href":"https:\/\/www.vsveicolispeciali.com\/de\/wp-json\/wp\/v2\/pages\/10261\/revisions\/12290"}],"wp:attachment":[{"href":"https:\/\/www.vsveicolispeciali.com\/de\/wp-json\/wp\/v2\/media?parent=10261"}],"curies":[{"name":"wp","href":"https:\/\/api.w.org\/{rel}","templated":true}]}}